{"id":108,"date":"2021-02-04T14:11:56","date_gmt":"2021-02-04T16:11:56","guid":{"rendered":"http:\/\/portaleducacao.guarulhos.sp.gov.br\/wp_site\/saberesemcasa\/?page_id=108"},"modified":"2022-04-29T17:20:34","modified_gmt":"2022-04-29T20:20:34","slug":"desenvolvimento-da-autonomia","status":"publish","type":"page","link":"http:\/\/portaleducacao.guarulhos.sp.gov.br\/wp_site\/saberesemcasa\/desenvolvimento-da-autonomia\/","title":{"rendered":"DESENVOLVIMENTO DA AUTONOMIA (ATIVIDADES DA VIDA DI\u00c1RIA)"},"content":{"rendered":"\n<h2>Desenvolvimento da Autonomia<\/h2>\n\n\n\n<p class=\"has-medium-font-size\"><a rel=\"noreferrer noopener\" href=\"https:\/\/youtube.com\/playlist?list=PL9Afd2a5oM1PgPfDWIIrs5Yd62AfFtMya\" target=\"_blank\">Clique aqui<\/a>&nbsp;e acesse a playlist dos epis\u00f3dios com o quadro Desenvolvimento da Autonomia.<\/p>\n\n\n\n<p class=\"has-medium-font-size\">O&nbsp; quadro <strong>Desenvolvimento da Autonomia<\/strong> por meio do Programa Saberes em Casa est\u00e1&nbsp;voltado diretamente \u00e0 fam\u00edlia da crian\u00e7a, aos professores de AEE, PEE e estagi\u00e1rios&nbsp;em articula\u00e7\u00e3o com a equipe escolar.<\/p>\n\n\n\n<p class=\"has-medium-font-size\">Uma boa rela\u00e7\u00e3o entre a escola e a fam\u00edlia \u00e9 fundamental para o desenvolvimento destas atividades. Esta rela\u00e7\u00e3o dever\u00e1 transmitir \u00e0 crian\u00e7a n\u00e3o s\u00f3 uma maior seguran\u00e7a, mas tamb\u00e9m organiza\u00e7\u00e3o no trabalho desenvolvido, proporcionando-lhe uma maior qualidade de vida.<\/p>\n\n\n\n<p class=\"has-medium-font-size\">Assim, \u00e9 de grande import\u00e2ncia a realiza\u00e7\u00e3o de um trabalho cont\u00ednuo com os pais, paralelamente ao que \u00e9 feito com seus filhos na escola, dando-lhes a oportunidade de, em casa, darem continuidade \u00e0 pr\u00e1tica das <strong>Atividades de Vida Di\u00e1ria<\/strong>.<\/p>\n\n\n\n<p class=\"has-medium-font-size\">Estas atividades n\u00e3o se resumem apenas aos autocuidados como a alimenta\u00e7\u00e3o, a higiene pessoal, o vestir\/despir e a mobilidade, mas englobam tamb\u00e9m elementos pedag\u00f3gicos importantes para o processo de ensino e desenvolvimento do educando como concentra\u00e7\u00e3o, coordena\u00e7\u00e3o motora fina, ampla, visuomotora, segmento de instru\u00e7\u00e3o, encadeamento das atividades, generaliza\u00e7\u00e3o, discrimina\u00e7\u00e3o, toler\u00e2ncia e contagem. A ideia \u00e9 proporcionar &nbsp;a oportunidade de aprenderem \/ reaprenderem a desempenhar de forma adequada e adaptada as atividades que&nbsp;encontram no seu dia a dia, dando-lhes o m\u00e1ximo de funcionalidade&nbsp;e&nbsp;autonomia, para que consigam ser o mais independentes poss\u00edvel.<\/p>\n\n\n\n<blockquote class=\"wp-block-quote\"><p>De acordo com o QSN (p.18, reformulado em 2019)<\/p><p>Cada indiv\u00edduo \u00e9 um ser \u00fanico por suas caracter\u00edsticas e viv\u00eancias; cada pessoa possui uma trajet\u00f3ria de vida, experi\u00eancias e aprendizagens. A escola, como espa\u00e7o de diversidade, deve promover o respeito a todas as diferen\u00e7as representadas. A constru\u00e7\u00e3o de um curr\u00edculo que favore\u00e7a pr\u00e1ticas pedag\u00f3gicas inclusivas rompe as barreiras que negam ou restringem o desenvolvimento de crian\u00e7as, jovens e adultos em suas singularidades e diversidades. \u00c9 necess\u00e1rio ampliar as oportunidades de di\u00e1logo com liberdade, autonomia, consci\u00eancia cr\u00edtica e responsabilidade, possibilitando o protagonismo do educando em todo o processo de autoconhecimento e de valoriza\u00e7\u00e3o de si, do outro e do mundo, em que se articulam as experi\u00eancias de vida a novas aprendizagens, na amplia\u00e7\u00e3o de seu percurso formativo, tornando-o um ser de princ\u00edpios \u00e9ticos, democr\u00e1ticos, inclusivos, sustent\u00e1veis e solid\u00e1rios, na manuten\u00e7\u00e3o da paz e do respeito aos direitos humanos.<\/p><\/blockquote>\n","protected":false},"excerpt":{"rendered":"<p>Desenvolvimento da Autonomia Clique aqui&nbsp;e acesse a playlist dos epis\u00f3dios com o quadro Desenvolvimento da Autonomia. O&nbsp; quadro Desenvolvimento da Autonomia por meio do Programa Saberes em Casa est\u00e1&nbsp;voltado diretamente [&hellip;]<\/p>\n","protected":false},"author":1,"featured_media":0,"parent":0,"menu_order":0,"comment_status":"closed","ping_status":"closed","template":"","meta":{"_monsterinsights_skip_tracking":false,"_monsterinsights_sitenote_active":false,"_monsterinsights_sitenote_note":"","_monsterinsights_sitenote_category":0,"_expiration-date-status":"","_expiration-date":0,"_expiration-date-type":"","_expiration-date-categories":[],"_expiration-date-options":[]},"categories":[],"tags":[],"yoast_head":"<!-- This site is optimized with the Yoast SEO plugin v19.7.1 - https:\/\/yoast.com\/wordpress\/plugins\/seo\/ -->\r\n<title>DESENVOLVIMENTO DA AUTONOMIA (ATIVIDADES DA VIDA DI\u00c1RIA) - Programa Saberes em Casa<\/title>\r\n<meta name=\"robots\" content=\"index, follow, max-snippet:-1, max-image-preview:large, max-video-preview:-1\" \/>\r\n<link rel=\"canonical\" href=\"http:\/\/portaleducacao.guarulhos.sp.gov.br\/wp_site\/saberesemcasa\/desenvolvimento-da-autonomia\/\" \/>\r\n<meta property=\"og:locale\" content=\"pt_BR\" \/>\r\n<meta property=\"og:type\" content=\"article\" \/>\r\n<meta property=\"og:title\" content=\"DESENVOLVIMENTO DA AUTONOMIA (ATIVIDADES DA VIDA DI\u00c1RIA) - Programa Saberes em Casa\" \/>\r\n<meta property=\"og:description\" content=\"Desenvolvimento da Autonomia Clique aqui&nbsp;e acesse a playlist dos epis\u00f3dios com o quadro Desenvolvimento da Autonomia. O&nbsp; quadro Desenvolvimento da Autonomia por meio do Programa Saberes em Casa est\u00e1&nbsp;voltado diretamente [&hellip;]\" \/>\r\n<meta property=\"og:url\" content=\"http:\/\/portaleducacao.guarulhos.sp.gov.br\/wp_site\/saberesemcasa\/desenvolvimento-da-autonomia\/\" \/>\r\n<meta property=\"og:site_name\" content=\"Programa Saberes em Casa\" \/>\r\n<meta property=\"article:modified_time\" content=\"2022-04-29T20:20:34+00:00\" \/>\r\n<meta name=\"twitter:card\" content=\"summary_large_image\" \/>\r\n<meta name=\"twitter:label1\" content=\"Est. tempo de leitura\" \/>\n\t<meta name=\"twitter:data1\" content=\"2 minutos\" \/>\r\n<script type=\"application\/ld+json\" class=\"yoast-schema-graph\">{\"@context\":\"https:\/\/schema.org\",\"@graph\":[{\"@type\":\"WebPage\",\"@id\":\"http:\/\/portaleducacao.guarulhos.sp.gov.br\/wp_site\/saberesemcasa\/desenvolvimento-da-autonomia\/\",\"url\":\"http:\/\/portaleducacao.guarulhos.sp.gov.br\/wp_site\/saberesemcasa\/desenvolvimento-da-autonomia\/\",\"name\":\"DESENVOLVIMENTO DA AUTONOMIA (ATIVIDADES DA VIDA DI\u00c1RIA) - Programa Saberes em Casa\",\"isPartOf\":{\"@id\":\"http:\/\/portaleducacao.guarulhos.sp.gov.br\/wp_site\/saberesemcasa\/#website\"},\"datePublished\":\"2021-02-04T16:11:56+00:00\",\"dateModified\":\"2022-04-29T20:20:34+00:00\",\"breadcrumb\":{\"@id\":\"http:\/\/portaleducacao.guarulhos.sp.gov.br\/wp_site\/saberesemcasa\/desenvolvimento-da-autonomia\/#breadcrumb\"},\"inLanguage\":\"pt-BR\",\"potentialAction\":[{\"@type\":\"ReadAction\",\"target\":[\"http:\/\/portaleducacao.guarulhos.sp.gov.br\/wp_site\/saberesemcasa\/desenvolvimento-da-autonomia\/\"]}]},{\"@type\":\"BreadcrumbList\",\"@id\":\"http:\/\/portaleducacao.guarulhos.sp.gov.br\/wp_site\/saberesemcasa\/desenvolvimento-da-autonomia\/#breadcrumb\",\"itemListElement\":[{\"@type\":\"ListItem\",\"position\":1,\"name\":\"In\u00edcio\",\"item\":\"http:\/\/portaleducacao.guarulhos.sp.gov.br\/wp_site\/saberesemcasa\/\"},{\"@type\":\"ListItem\",\"position\":2,\"name\":\"DESENVOLVIMENTO DA AUTONOMIA (ATIVIDADES DA VIDA DI\u00c1RIA)\"}]},{\"@type\":\"WebSite\",\"@id\":\"http:\/\/portaleducacao.guarulhos.sp.gov.br\/wp_site\/saberesemcasa\/#website\",\"url\":\"http:\/\/portaleducacao.guarulhos.sp.gov.br\/wp_site\/saberesemcasa\/\",\"name\":\"Programa Saberes em Casa\",\"description\":\"Ferramenta complementar \u00e0s propostas educativas desenvolvidas nas unidades escolares\",\"publisher\":{\"@id\":\"http:\/\/portaleducacao.guarulhos.sp.gov.br\/wp_site\/saberesemcasa\/#organization\"},\"potentialAction\":[{\"@type\":\"SearchAction\",\"target\":{\"@type\":\"EntryPoint\",\"urlTemplate\":\"http:\/\/portaleducacao.guarulhos.sp.gov.br\/wp_site\/saberesemcasa\/?s={search_term_string}\"},\"query-input\":\"required name=search_term_string\"}],\"inLanguage\":\"pt-BR\"},{\"@type\":\"Organization\",\"@id\":\"http:\/\/portaleducacao.guarulhos.sp.gov.br\/wp_site\/saberesemcasa\/#organization\",\"name\":\"Programa Saberes em Casa\",\"url\":\"http:\/\/portaleducacao.guarulhos.sp.gov.br\/wp_site\/saberesemcasa\/\",\"sameAs\":[],\"logo\":{\"@type\":\"ImageObject\",\"inLanguage\":\"pt-BR\",\"@id\":\"http:\/\/portaleducacao.guarulhos.sp.gov.br\/wp_site\/saberesemcasa\/#\/schema\/logo\/image\/\",\"url\":\"http:\/\/portaleducacao.guarulhos.sp.gov.br\/wp_site\/saberesemcasa\/wp-content\/uploads\/sites\/6\/2021\/02\/cropped-logo_saberes_em_casa.png\",\"contentUrl\":\"http:\/\/portaleducacao.guarulhos.sp.gov.br\/wp_site\/saberesemcasa\/wp-content\/uploads\/sites\/6\/2021\/02\/cropped-logo_saberes_em_casa.png\",\"width\":200,\"height\":100,\"caption\":\"Programa Saberes em Casa\"},\"image\":{\"@id\":\"http:\/\/portaleducacao.guarulhos.sp.gov.br\/wp_site\/saberesemcasa\/#\/schema\/logo\/image\/\"}}]}<\/script>\r\n<!-- \/ Yoast SEO plugin. -->","yoast_head_json":{"title":"DESENVOLVIMENTO DA AUTONOMIA (ATIVIDADES DA VIDA DI\u00c1RIA) - Programa Saberes em Casa","robots":{"index":"index","follow":"follow","max-snippet":"max-snippet:-1","max-image-preview":"max-image-preview:large","max-video-preview":"max-video-preview:-1"},"canonical":"http:\/\/portaleducacao.guarulhos.sp.gov.br\/wp_site\/saberesemcasa\/desenvolvimento-da-autonomia\/","og_locale":"pt_BR","og_type":"article","og_title":"DESENVOLVIMENTO DA AUTONOMIA (ATIVIDADES DA VIDA DI\u00c1RIA) - Programa Saberes em Casa","og_description":"Desenvolvimento da Autonomia Clique aqui&nbsp;e acesse a playlist dos epis\u00f3dios com o quadro Desenvolvimento da Autonomia. O&nbsp; quadro Desenvolvimento da Autonomia por meio do Programa Saberes em Casa est\u00e1&nbsp;voltado diretamente [&hellip;]","og_url":"http:\/\/portaleducacao.guarulhos.sp.gov.br\/wp_site\/saberesemcasa\/desenvolvimento-da-autonomia\/","og_site_name":"Programa Saberes em Casa","article_modified_time":"2022-04-29T20:20:34+00:00","twitter_card":"summary_large_image","twitter_misc":{"Est. tempo de leitura":"2 minutos"},"schema":{"@context":"https:\/\/schema.org","@graph":[{"@type":"WebPage","@id":"http:\/\/portaleducacao.guarulhos.sp.gov.br\/wp_site\/saberesemcasa\/desenvolvimento-da-autonomia\/","url":"http:\/\/portaleducacao.guarulhos.sp.gov.br\/wp_site\/saberesemcasa\/desenvolvimento-da-autonomia\/","name":"DESENVOLVIMENTO DA AUTONOMIA (ATIVIDADES DA VIDA DI\u00c1RIA) - Programa Saberes em Casa","isPartOf":{"@id":"http:\/\/portaleducacao.guarulhos.sp.gov.br\/wp_site\/saberesemcasa\/#website"},"datePublished":"2021-02-04T16:11:56+00:00","dateModified":"2022-04-29T20:20:34+00:00","breadcrumb":{"@id":"http:\/\/portaleducacao.guarulhos.sp.gov.br\/wp_site\/saberesemcasa\/desenvolvimento-da-autonomia\/#breadcrumb"},"inLanguage":"pt-BR","potentialAction":[{"@type":"ReadAction","target":["http:\/\/portaleducacao.guarulhos.sp.gov.br\/wp_site\/saberesemcasa\/desenvolvimento-da-autonomia\/"]}]},{"@type":"BreadcrumbList","@id":"http:\/\/portaleducacao.guarulhos.sp.gov.br\/wp_site\/saberesemcasa\/desenvolvimento-da-autonomia\/#breadcrumb","itemListElement":[{"@type":"ListItem","position":1,"name":"In\u00edcio","item":"http:\/\/portaleducacao.guarulhos.sp.gov.br\/wp_site\/saberesemcasa\/"},{"@type":"ListItem","position":2,"name":"DESENVOLVIMENTO DA AUTONOMIA (ATIVIDADES DA VIDA DI\u00c1RIA)"}]},{"@type":"WebSite","@id":"http:\/\/portaleducacao.guarulhos.sp.gov.br\/wp_site\/saberesemcasa\/#website","url":"http:\/\/portaleducacao.guarulhos.sp.gov.br\/wp_site\/saberesemcasa\/","name":"Programa Saberes em Casa","description":"Ferramenta complementar \u00e0s propostas educativas desenvolvidas nas unidades escolares","publisher":{"@id":"http:\/\/portaleducacao.guarulhos.sp.gov.br\/wp_site\/saberesemcasa\/#organization"},"potentialAction":[{"@type":"SearchAction","target":{"@type":"EntryPoint","urlTemplate":"http:\/\/portaleducacao.guarulhos.sp.gov.br\/wp_site\/saberesemcasa\/?s={search_term_string}"},"query-input":"required name=search_term_string"}],"inLanguage":"pt-BR"},{"@type":"Organization","@id":"http:\/\/portaleducacao.guarulhos.sp.gov.br\/wp_site\/saberesemcasa\/#organization","name":"Programa Saberes em Casa","url":"http:\/\/portaleducacao.guarulhos.sp.gov.br\/wp_site\/saberesemcasa\/","sameAs":[],"logo":{"@type":"ImageObject","inLanguage":"pt-BR","@id":"http:\/\/portaleducacao.guarulhos.sp.gov.br\/wp_site\/saberesemcasa\/#\/schema\/logo\/image\/","url":"http:\/\/portaleducacao.guarulhos.sp.gov.br\/wp_site\/saberesemcasa\/wp-content\/uploads\/sites\/6\/2021\/02\/cropped-logo_saberes_em_casa.png","contentUrl":"http:\/\/portaleducacao.guarulhos.sp.gov.br\/wp_site\/saberesemcasa\/wp-content\/uploads\/sites\/6\/2021\/02\/cropped-logo_saberes_em_casa.png","width":200,"height":100,"caption":"Programa Saberes em Casa"},"image":{"@id":"http:\/\/portaleducacao.guarulhos.sp.gov.br\/wp_site\/saberesemcasa\/#\/schema\/logo\/image\/"}}]}},"_links":{"self":[{"href":"http:\/\/portaleducacao.guarulhos.sp.gov.br\/wp_site\/saberesemcasa\/wp-json\/wp\/v2\/pages\/108"}],"collection":[{"href":"http:\/\/portaleducacao.guarulhos.sp.gov.br\/wp_site\/saberesemcasa\/wp-json\/wp\/v2\/pages"}],"about":[{"href":"http:\/\/portaleducacao.guarulhos.sp.gov.br\/wp_site\/saberesemcasa\/wp-json\/wp\/v2\/types\/page"}],"author":[{"embeddable":true,"href":"http:\/\/portaleducacao.guarulhos.sp.gov.br\/wp_site\/saberesemcasa\/wp-json\/wp\/v2\/users\/1"}],"replies":[{"embeddable":true,"href":"http:\/\/portaleducacao.guarulhos.sp.gov.br\/wp_site\/saberesemcasa\/wp-json\/wp\/v2\/comments?post=108"}],"version-history":[{"count":7,"href":"http:\/\/portaleducacao.guarulhos.sp.gov.br\/wp_site\/saberesemcasa\/wp-json\/wp\/v2\/pages\/108\/revisions"}],"predecessor-version":[{"id":2000,"href":"http:\/\/portaleducacao.guarulhos.sp.gov.br\/wp_site\/saberesemcasa\/wp-json\/wp\/v2\/pages\/108\/revisions\/2000"}],"wp:attachment":[{"href":"http:\/\/portaleducacao.guarulhos.sp.gov.br\/wp_site\/saberesemcasa\/wp-json\/wp\/v2\/media?parent=108"}],"wp:term":[{"taxonomy":"category","embeddable":true,"href":"http:\/\/portaleducacao.guarulhos.sp.gov.br\/wp_site\/saberesemcasa\/wp-json\/wp\/v2\/categories?post=108"},{"taxonomy":"post_tag","embeddable":true,"href":"http:\/\/portaleducacao.guarulhos.sp.gov.br\/wp_site\/saberesemcasa\/wp-json\/wp\/v2\/tags?post=108"}],"curies":[{"name":"wp","href":"https:\/\/api.w.org\/{rel}","templated":true}]}}