{"id":113,"date":"2021-02-04T14:11:56","date_gmt":"2021-02-04T16:11:56","guid":{"rendered":"http:\/\/portaleducacao.guarulhos.sp.gov.br\/wp_site\/saberesemcasa\/?page_id=113"},"modified":"2022-03-15T10:36:47","modified_gmt":"2022-03-15T13:36:47","slug":"alem-das-letras","status":"publish","type":"page","link":"http:\/\/portaleducacao.guarulhos.sp.gov.br\/wp_site\/saberesemcasa\/alem-das-letras\/","title":{"rendered":"AL\u00c9M DAS LETRAS (ALFABETIZA\u00c7\u00c3O &#8211; 1\u00ba E 2\u00ba ANOS)"},"content":{"rendered":"\n<h2>Al\u00e9m das Letras<\/h2>\n\n\n\n<p class=\"has-medium-font-size\"><a href=\"https:\/\/youtube.com\/playlist?list=PL9Afd2a5oM1Mbbk28ocE6Ku32MLUrnONY\" target=\"_blank\" rel=\"noreferrer noopener\">Clique aqui<\/a>\u00a0e acesse a playlist dos epis\u00f3dios do Ensino Fundamental<\/p>\n\n\n\n<figure class=\"wp-block-image alignfull size-large is-style-default\"><img loading=\"lazy\" width=\"1024\" height=\"341\" src=\"http:\/\/portaleducacao.guarulhos.sp.gov.br\/wp_site\/saberesemcasa\/wp-content\/uploads\/sites\/6\/2021\/02\/alfabetizacao-1024x341.jpg\" alt=\"\" class=\"wp-image-330\" srcset=\"http:\/\/portaleducacao.guarulhos.sp.gov.br\/wp_site\/saberesemcasa\/wp-content\/uploads\/sites\/6\/2021\/02\/alfabetizacao-1024x341.jpg 1024w, http:\/\/portaleducacao.guarulhos.sp.gov.br\/wp_site\/saberesemcasa\/wp-content\/uploads\/sites\/6\/2021\/02\/alfabetizacao-300x100.jpg 300w, http:\/\/portaleducacao.guarulhos.sp.gov.br\/wp_site\/saberesemcasa\/wp-content\/uploads\/sites\/6\/2021\/02\/alfabetizacao-768x256.jpg 768w, http:\/\/portaleducacao.guarulhos.sp.gov.br\/wp_site\/saberesemcasa\/wp-content\/uploads\/sites\/6\/2021\/02\/alfabetizacao-1536x512.jpg 1536w, http:\/\/portaleducacao.guarulhos.sp.gov.br\/wp_site\/saberesemcasa\/wp-content\/uploads\/sites\/6\/2021\/02\/alfabetizacao.jpg 1920w\" sizes=\"(max-width: 1024px) 100vw, 1024px\" \/><\/figure>\n\n\n\n<p class=\"has-medium-font-size\">O bloco <strong>Al\u00e9m das Letras<\/strong> tem como principal objetivo auxiliar as crian\u00e7as dos 1\u00ba e 2\u00ba Anos, em processo de alfabetiza\u00e7\u00e3o, com seus respectivos Roteiros de Estudo e\/ou Aprendizagem de Alfabetiza\u00e7\u00e3o e complementar o planejamento das professoras e professores da Rede Municipal de Ensino.<\/p>\n\n\n\n<p class=\"has-medium-font-size\">A proposta \u00e9 que os educandos tenham o seu direito de aprendizagem garantido, partindo da ideia de que se apropriar dos g\u00eaneros textuais que est\u00e3o a sua volta \u00e9 uma forma de participar dos movimentos sociais, sejam eles liter\u00e1rios ou que estejam a servi\u00e7o da democracia. Tudo isso, levando em conta que esses educandos precisam experimentar o ato de escrever e, por isso, nem sempre escrevem de forma convencional. Fica a dica: isso \u00e9 natural!<\/p>\n\n\n\n<p class=\"has-medium-font-size\">O nome \u201cAl\u00e9m das letras\u201d revela que a alfabetiza\u00e7\u00e3o n\u00e3o depende apenas de conhecer as letras do alfabeto ou mesmo as s\u00edlabas, mas sim de atividades diversas que permitam que as crian\u00e7as pensem sobre como se escreve e assim, entendam a rela\u00e7\u00e3o entre as letras e os sons da nossa l\u00edngua. Por isso, cantigas, parlendas, jogos e brincadeiras s\u00e3o t\u00e3o importantes quanto ouvir hist\u00f3rias e escrever.<\/p>\n\n\n\n<p class=\"has-medium-font-size\">\u00c9 importante que as crian\u00e7as se sintam livres para fazer tentativas sem o medo de \u201cerrar\u201d. Nada de cr\u00edticas ou repreens\u00f5es quando escreverem ou lerem de um jeito diferente do esperado, pois ainda est\u00e3o no in\u00edcio da alfabetiza\u00e7\u00e3o. O excesso de cobran\u00e7as n\u00e3o favorece a aprendizagem. Vamos estimular o interesse, instigar as pesquisas e as descobertas e celebrar as conquistas, entendendo que as d\u00favidas e a curiosidade s\u00e3o excelentes ferramentas para o desenvolvimento da crian\u00e7a nesse processo.<\/p>\n\n\n\n<p class=\"has-medium-font-size\">\u00c9 poss\u00edvel ajudar a crian\u00e7a a aprender a ler e escrever de v\u00e1rias formas, como por exemplo:<\/p>\n\n\n\n<p class=\"has-medium-font-size\">\u2022 lendo hist\u00f3rias utilizando livros ou gibis;<br>\u2022 mostrando os r\u00f3tulos e embalagens dos produtos do dia a dia;<\/p>\n\n\n\n<p class=\"has-medium-font-size\">\u2022 mostrando o nome do produto; as letras que fazem parte do nome da crian\u00e7a; os s\u00edmbolos que aparecem na embalagem;<\/p>\n\n\n\n<p class=\"has-medium-font-size\">\u2022 mostrando os letreiros dispon\u00edveis nas ruas: nomes das lojas,&nbsp;<em>outdoors<\/em>, placas de tr\u00e2nsito, faixas, letreiros dos \u00f4nibus etc;<br>\u2022 apresentando os folhetos de propaganda distribu\u00eddos nas ruas: jornais dos supermercados, folhetos de lojas e outros;<br>\u2022 mostrando que a escrita aparece em diferentes situa\u00e7\u00f5es e objetos do dia a dia: lista de compras; receitas; documentos pessoais; roupas; aparelhos celulares etc.<\/p>\n\n\n\n<p class=\"has-medium-font-size\">Outra atividade importante nessa fase \u00e9&nbsp;<strong>desenhar<\/strong>. Permitam e estimulem que as crian\u00e7as desenhem com carv\u00e3o, com peda\u00e7o de tijolo, com pauzinho na areia, no ch\u00e3o, em caixas de papel\u00e3o e utilizando outros materiais que estiverem dispon\u00edveis.<\/p>\n\n\n\n<p class=\"has-medium-font-size\">Vivencie momentos\/eventos de letramento;<\/p>\n\n\n\n<p class=\"has-medium-font-size\">Oportunize momentos de reflex\u00e3o sobre o sistema de escrita e sobre os g\u00eaneros textuais;<\/p>\n\n\n\n<p class=\"has-medium-font-size\">Incentive o registro das novas descobertas;<\/p>\n","protected":false},"excerpt":{"rendered":"<p>Al\u00e9m das Letras Clique aqui\u00a0e acesse a playlist dos epis\u00f3dios do Ensino Fundamental O bloco Al\u00e9m das Letras tem como principal objetivo auxiliar as crian\u00e7as dos 1\u00ba e 2\u00ba Anos, [&hellip;]<\/p>\n","protected":false},"author":1,"featured_media":0,"parent":0,"menu_order":0,"comment_status":"closed","ping_status":"closed","template":"","meta":{"_monsterinsights_skip_tracking":false,"_monsterinsights_sitenote_active":false,"_monsterinsights_sitenote_note":"","_monsterinsights_sitenote_category":0,"_expiration-date-status":"","_expiration-date":0,"_expiration-date-type":"","_expiration-date-categories":[],"_expiration-date-options":[]},"categories":[],"tags":[],"yoast_head":"<!-- This site is optimized with the Yoast SEO plugin v19.7.1 - https:\/\/yoast.com\/wordpress\/plugins\/seo\/ -->\r\n<title>AL\u00c9M DAS LETRAS (ALFABETIZA\u00c7\u00c3O - 1\u00ba E 2\u00ba ANOS) - Programa Saberes em Casa<\/title>\r\n<meta name=\"robots\" content=\"index, follow, max-snippet:-1, max-image-preview:large, max-video-preview:-1\" \/>\r\n<link rel=\"canonical\" href=\"http:\/\/portaleducacao.guarulhos.sp.gov.br\/wp_site\/saberesemcasa\/alem-das-letras\/\" \/>\r\n<meta property=\"og:locale\" content=\"pt_BR\" \/>\r\n<meta property=\"og:type\" content=\"article\" \/>\r\n<meta property=\"og:title\" content=\"AL\u00c9M DAS LETRAS (ALFABETIZA\u00c7\u00c3O - 1\u00ba E 2\u00ba ANOS) - Programa Saberes em Casa\" \/>\r\n<meta property=\"og:description\" content=\"Al\u00e9m das Letras Clique aqui\u00a0e acesse a playlist dos epis\u00f3dios do Ensino Fundamental O bloco Al\u00e9m das Letras tem como principal objetivo auxiliar as crian\u00e7as dos 1\u00ba e 2\u00ba Anos, [&hellip;]\" \/>\r\n<meta property=\"og:url\" content=\"http:\/\/portaleducacao.guarulhos.sp.gov.br\/wp_site\/saberesemcasa\/alem-das-letras\/\" \/>\r\n<meta property=\"og:site_name\" content=\"Programa Saberes em Casa\" \/>\r\n<meta property=\"article:modified_time\" content=\"2022-03-15T13:36:47+00:00\" \/>\r\n<meta property=\"og:image\" content=\"http:\/\/portaleducacao.guarulhos.sp.gov.br\/wp_site\/saberesemcasa\/wp-content\/uploads\/sites\/6\/2021\/02\/alfabetizacao-1024x341.jpg\" \/>\r\n<meta name=\"twitter:card\" content=\"summary_large_image\" \/>\r\n<meta name=\"twitter:label1\" content=\"Est. tempo de leitura\" \/>\n\t<meta name=\"twitter:data1\" content=\"3 minutos\" \/>\r\n<script type=\"application\/ld+json\" class=\"yoast-schema-graph\">{\"@context\":\"https:\/\/schema.org\",\"@graph\":[{\"@type\":\"WebPage\",\"@id\":\"http:\/\/portaleducacao.guarulhos.sp.gov.br\/wp_site\/saberesemcasa\/alem-das-letras\/\",\"url\":\"http:\/\/portaleducacao.guarulhos.sp.gov.br\/wp_site\/saberesemcasa\/alem-das-letras\/\",\"name\":\"AL\u00c9M DAS LETRAS (ALFABETIZA\u00c7\u00c3O - 1\u00ba E 2\u00ba ANOS) - Programa Saberes em Casa\",\"isPartOf\":{\"@id\":\"http:\/\/portaleducacao.guarulhos.sp.gov.br\/wp_site\/saberesemcasa\/#website\"},\"datePublished\":\"2021-02-04T16:11:56+00:00\",\"dateModified\":\"2022-03-15T13:36:47+00:00\",\"breadcrumb\":{\"@id\":\"http:\/\/portaleducacao.guarulhos.sp.gov.br\/wp_site\/saberesemcasa\/alem-das-letras\/#breadcrumb\"},\"inLanguage\":\"pt-BR\",\"potentialAction\":[{\"@type\":\"ReadAction\",\"target\":[\"http:\/\/portaleducacao.guarulhos.sp.gov.br\/wp_site\/saberesemcasa\/alem-das-letras\/\"]}]},{\"@type\":\"BreadcrumbList\",\"@id\":\"http:\/\/portaleducacao.guarulhos.sp.gov.br\/wp_site\/saberesemcasa\/alem-das-letras\/#breadcrumb\",\"itemListElement\":[{\"@type\":\"ListItem\",\"position\":1,\"name\":\"In\u00edcio\",\"item\":\"http:\/\/portaleducacao.guarulhos.sp.gov.br\/wp_site\/saberesemcasa\/\"},{\"@type\":\"ListItem\",\"position\":2,\"name\":\"AL\u00c9M DAS LETRAS (ALFABETIZA\u00c7\u00c3O &#8211; 1\u00ba E 2\u00ba ANOS)\"}]},{\"@type\":\"WebSite\",\"@id\":\"http:\/\/portaleducacao.guarulhos.sp.gov.br\/wp_site\/saberesemcasa\/#website\",\"url\":\"http:\/\/portaleducacao.guarulhos.sp.gov.br\/wp_site\/saberesemcasa\/\",\"name\":\"Programa Saberes em Casa\",\"description\":\"Ferramenta complementar \u00e0s propostas educativas desenvolvidas nas unidades escolares\",\"publisher\":{\"@id\":\"http:\/\/portaleducacao.guarulhos.sp.gov.br\/wp_site\/saberesemcasa\/#organization\"},\"potentialAction\":[{\"@type\":\"SearchAction\",\"target\":{\"@type\":\"EntryPoint\",\"urlTemplate\":\"http:\/\/portaleducacao.guarulhos.sp.gov.br\/wp_site\/saberesemcasa\/?s={search_term_string}\"},\"query-input\":\"required name=search_term_string\"}],\"inLanguage\":\"pt-BR\"},{\"@type\":\"Organization\",\"@id\":\"http:\/\/portaleducacao.guarulhos.sp.gov.br\/wp_site\/saberesemcasa\/#organization\",\"name\":\"Programa Saberes em Casa\",\"url\":\"http:\/\/portaleducacao.guarulhos.sp.gov.br\/wp_site\/saberesemcasa\/\",\"sameAs\":[],\"logo\":{\"@type\":\"ImageObject\",\"inLanguage\":\"pt-BR\",\"@id\":\"http:\/\/portaleducacao.guarulhos.sp.gov.br\/wp_site\/saberesemcasa\/#\/schema\/logo\/image\/\",\"url\":\"http:\/\/portaleducacao.guarulhos.sp.gov.br\/wp_site\/saberesemcasa\/wp-content\/uploads\/sites\/6\/2021\/02\/cropped-logo_saberes_em_casa.png\",\"contentUrl\":\"http:\/\/portaleducacao.guarulhos.sp.gov.br\/wp_site\/saberesemcasa\/wp-content\/uploads\/sites\/6\/2021\/02\/cropped-logo_saberes_em_casa.png\",\"width\":200,\"height\":100,\"caption\":\"Programa Saberes em Casa\"},\"image\":{\"@id\":\"http:\/\/portaleducacao.guarulhos.sp.gov.br\/wp_site\/saberesemcasa\/#\/schema\/logo\/image\/\"}}]}<\/script>\r\n<!-- \/ Yoast SEO plugin. -->","yoast_head_json":{"title":"AL\u00c9M DAS LETRAS (ALFABETIZA\u00c7\u00c3O - 1\u00ba E 2\u00ba ANOS) - Programa Saberes em Casa","robots":{"index":"index","follow":"follow","max-snippet":"max-snippet:-1","max-image-preview":"max-image-preview:large","max-video-preview":"max-video-preview:-1"},"canonical":"http:\/\/portaleducacao.guarulhos.sp.gov.br\/wp_site\/saberesemcasa\/alem-das-letras\/","og_locale":"pt_BR","og_type":"article","og_title":"AL\u00c9M DAS LETRAS (ALFABETIZA\u00c7\u00c3O - 1\u00ba E 2\u00ba ANOS) - Programa Saberes em Casa","og_description":"Al\u00e9m das Letras Clique aqui\u00a0e acesse a playlist dos epis\u00f3dios do Ensino Fundamental O bloco Al\u00e9m das Letras tem como principal objetivo auxiliar as crian\u00e7as dos 1\u00ba e 2\u00ba Anos, [&hellip;]","og_url":"http:\/\/portaleducacao.guarulhos.sp.gov.br\/wp_site\/saberesemcasa\/alem-das-letras\/","og_site_name":"Programa Saberes em Casa","article_modified_time":"2022-03-15T13:36:47+00:00","og_image":[{"url":"http:\/\/portaleducacao.guarulhos.sp.gov.br\/wp_site\/saberesemcasa\/wp-content\/uploads\/sites\/6\/2021\/02\/alfabetizacao-1024x341.jpg"}],"twitter_card":"summary_large_image","twitter_misc":{"Est. tempo de leitura":"3 minutos"},"schema":{"@context":"https:\/\/schema.org","@graph":[{"@type":"WebPage","@id":"http:\/\/portaleducacao.guarulhos.sp.gov.br\/wp_site\/saberesemcasa\/alem-das-letras\/","url":"http:\/\/portaleducacao.guarulhos.sp.gov.br\/wp_site\/saberesemcasa\/alem-das-letras\/","name":"AL\u00c9M DAS LETRAS (ALFABETIZA\u00c7\u00c3O - 1\u00ba E 2\u00ba ANOS) - Programa Saberes em Casa","isPartOf":{"@id":"http:\/\/portaleducacao.guarulhos.sp.gov.br\/wp_site\/saberesemcasa\/#website"},"datePublished":"2021-02-04T16:11:56+00:00","dateModified":"2022-03-15T13:36:47+00:00","breadcrumb":{"@id":"http:\/\/portaleducacao.guarulhos.sp.gov.br\/wp_site\/saberesemcasa\/alem-das-letras\/#breadcrumb"},"inLanguage":"pt-BR","potentialAction":[{"@type":"ReadAction","target":["http:\/\/portaleducacao.guarulhos.sp.gov.br\/wp_site\/saberesemcasa\/alem-das-letras\/"]}]},{"@type":"BreadcrumbList","@id":"http:\/\/portaleducacao.guarulhos.sp.gov.br\/wp_site\/saberesemcasa\/alem-das-letras\/#breadcrumb","itemListElement":[{"@type":"ListItem","position":1,"name":"In\u00edcio","item":"http:\/\/portaleducacao.guarulhos.sp.gov.br\/wp_site\/saberesemcasa\/"},{"@type":"ListItem","position":2,"name":"AL\u00c9M DAS LETRAS (ALFABETIZA\u00c7\u00c3O &#8211; 1\u00ba E 2\u00ba ANOS)"}]},{"@type":"WebSite","@id":"http:\/\/portaleducacao.guarulhos.sp.gov.br\/wp_site\/saberesemcasa\/#website","url":"http:\/\/portaleducacao.guarulhos.sp.gov.br\/wp_site\/saberesemcasa\/","name":"Programa Saberes em Casa","description":"Ferramenta complementar \u00e0s propostas educativas desenvolvidas nas unidades escolares","publisher":{"@id":"http:\/\/portaleducacao.guarulhos.sp.gov.br\/wp_site\/saberesemcasa\/#organization"},"potentialAction":[{"@type":"SearchAction","target":{"@type":"EntryPoint","urlTemplate":"http:\/\/portaleducacao.guarulhos.sp.gov.br\/wp_site\/saberesemcasa\/?s={search_term_string}"},"query-input":"required name=search_term_string"}],"inLanguage":"pt-BR"},{"@type":"Organization","@id":"http:\/\/portaleducacao.guarulhos.sp.gov.br\/wp_site\/saberesemcasa\/#organization","name":"Programa Saberes em Casa","url":"http:\/\/portaleducacao.guarulhos.sp.gov.br\/wp_site\/saberesemcasa\/","sameAs":[],"logo":{"@type":"ImageObject","inLanguage":"pt-BR","@id":"http:\/\/portaleducacao.guarulhos.sp.gov.br\/wp_site\/saberesemcasa\/#\/schema\/logo\/image\/","url":"http:\/\/portaleducacao.guarulhos.sp.gov.br\/wp_site\/saberesemcasa\/wp-content\/uploads\/sites\/6\/2021\/02\/cropped-logo_saberes_em_casa.png","contentUrl":"http:\/\/portaleducacao.guarulhos.sp.gov.br\/wp_site\/saberesemcasa\/wp-content\/uploads\/sites\/6\/2021\/02\/cropped-logo_saberes_em_casa.png","width":200,"height":100,"caption":"Programa Saberes em Casa"},"image":{"@id":"http:\/\/portaleducacao.guarulhos.sp.gov.br\/wp_site\/saberesemcasa\/#\/schema\/logo\/image\/"}}]}},"_links":{"self":[{"href":"http:\/\/portaleducacao.guarulhos.sp.gov.br\/wp_site\/saberesemcasa\/wp-json\/wp\/v2\/pages\/113"}],"collection":[{"href":"http:\/\/portaleducacao.guarulhos.sp.gov.br\/wp_site\/saberesemcasa\/wp-json\/wp\/v2\/pages"}],"about":[{"href":"http:\/\/portaleducacao.guarulhos.sp.gov.br\/wp_site\/saberesemcasa\/wp-json\/wp\/v2\/types\/page"}],"author":[{"embeddable":true,"href":"http:\/\/portaleducacao.guarulhos.sp.gov.br\/wp_site\/saberesemcasa\/wp-json\/wp\/v2\/users\/1"}],"replies":[{"embeddable":true,"href":"http:\/\/portaleducacao.guarulhos.sp.gov.br\/wp_site\/saberesemcasa\/wp-json\/wp\/v2\/comments?post=113"}],"version-history":[{"count":28,"href":"http:\/\/portaleducacao.guarulhos.sp.gov.br\/wp_site\/saberesemcasa\/wp-json\/wp\/v2\/pages\/113\/revisions"}],"predecessor-version":[{"id":1965,"href":"http:\/\/portaleducacao.guarulhos.sp.gov.br\/wp_site\/saberesemcasa\/wp-json\/wp\/v2\/pages\/113\/revisions\/1965"}],"wp:attachment":[{"href":"http:\/\/portaleducacao.guarulhos.sp.gov.br\/wp_site\/saberesemcasa\/wp-json\/wp\/v2\/media?parent=113"}],"wp:term":[{"taxonomy":"category","embeddable":true,"href":"http:\/\/portaleducacao.guarulhos.sp.gov.br\/wp_site\/saberesemcasa\/wp-json\/wp\/v2\/categories?post=113"},{"taxonomy":"post_tag","embeddable":true,"href":"http:\/\/portaleducacao.guarulhos.sp.gov.br\/wp_site\/saberesemcasa\/wp-json\/wp\/v2\/tags?post=113"}],"curies":[{"name":"wp","href":"https:\/\/api.w.org\/{rel}","templated":true}]}}