{"id":114,"date":"2021-02-04T14:11:56","date_gmt":"2021-02-04T16:11:56","guid":{"rendered":"http:\/\/portaleducacao.guarulhos.sp.gov.br\/wp_site\/saberesemcasa\/?page_id=114"},"modified":"2022-05-02T16:21:19","modified_gmt":"2022-05-02T19:21:19","slug":"desafio-do-dia","status":"publish","type":"page","link":"http:\/\/portaleducacao.guarulhos.sp.gov.br\/wp_site\/saberesemcasa\/desafio-do-dia\/","title":{"rendered":"DESAFIO DO DIA (ANOS FINAIS &#8211; 3\u00ba, 4\u00ba E 5\u00ba ANOS)"},"content":{"rendered":"\n<h2>Desafio do Dia<\/h2>\n\n\n\n<p class=\"has-medium-font-size\"><a href=\"https:\/\/youtube.com\/playlist?list=PL9Afd2a5oM1OLKqKwTLb9mZfc_qGyXZwX\" target=\"_blank\" rel=\"noreferrer noopener\">Clique aqui<\/a>&nbsp;e acesse a playlist dos epis\u00f3dios do Ensino Fundamental<\/p>\n\n\n\n<figure class=\"wp-block-image alignfull size-large is-style-default\"><img loading=\"lazy\" width=\"1024\" height=\"341\" src=\"http:\/\/portaleducacao.guarulhos.sp.gov.br\/wp_site\/saberesemcasa\/wp-content\/uploads\/sites\/6\/2021\/02\/anos_finais-1024x341.jpg\" alt=\"\" class=\"wp-image-338\" srcset=\"http:\/\/portaleducacao.guarulhos.sp.gov.br\/wp_site\/saberesemcasa\/wp-content\/uploads\/sites\/6\/2021\/02\/anos_finais-1024x341.jpg 1024w, http:\/\/portaleducacao.guarulhos.sp.gov.br\/wp_site\/saberesemcasa\/wp-content\/uploads\/sites\/6\/2021\/02\/anos_finais-300x100.jpg 300w, http:\/\/portaleducacao.guarulhos.sp.gov.br\/wp_site\/saberesemcasa\/wp-content\/uploads\/sites\/6\/2021\/02\/anos_finais-768x256.jpg 768w, http:\/\/portaleducacao.guarulhos.sp.gov.br\/wp_site\/saberesemcasa\/wp-content\/uploads\/sites\/6\/2021\/02\/anos_finais-1536x512.jpg 1536w, http:\/\/portaleducacao.guarulhos.sp.gov.br\/wp_site\/saberesemcasa\/wp-content\/uploads\/sites\/6\/2021\/02\/anos_finais.jpg 1920w\" sizes=\"(max-width: 1024px) 100vw, 1024px\" \/><\/figure>\n\n\n\n<p class=\"has-medium-font-size\">As atividades propostas pelo Programa Saberes em Casa com o nome <strong>\u201cDesafio do Dia\u201d<\/strong> e os Roteiros de Estudo e\/ou Aprendizagem dos anos finais s\u00e3o direcionados aos educandos dos 3\u00ba, 4\u00ba e 5\u00ba anos. Este bloco j\u00e1 fazia parte da primeira temporada e por isso \u00e9 conhecido pelas crian\u00e7as.<\/p>\n\n\n\n<p class=\"has-medium-font-size\">Nesta etapa de escolariza\u00e7\u00e3o, a maioria das crian\u00e7as j\u00e1 sabem ler e escrever, mas \u00e9 preciso avan\u00e7ar nos conhecimentos relacionados a produ\u00e7\u00e3o textual e linguagem matem\u00e1tica, sem desconsiderar a interdisciplinaridade e a explora\u00e7\u00e3o das demais \u00e1reas do conhecimento, valorizando a curiosidade que as crian\u00e7as t\u00eam em conhecer o mundo que as cerca.<\/p>\n\n\n\n<p class=\"has-medium-font-size\">Desta forma, os desafios buscam evidenciar propostas investigativas, partindo de assuntos presentes no dia a dia das crian\u00e7as. Subsidiar pesquisas e experi\u00eancias por meio da explora\u00e7\u00e3o de materiais que favore\u00e7am essas descobertas, como revistas, encartes, livros dos anos anteriores e, se for poss\u00edvel, buscas pela internet uma vez que o uso desses recursos \u00e9 de grande import\u00e2ncia.<\/p>\n\n\n\n<p class=\"has-medium-font-size\">Para esse ano, os assuntos est\u00e3o organizados em sequ\u00eancias did\u00e1ticas que possibilitam o aprofundamento e a constru\u00e7\u00e3o das aprendizagens de forma progressiva.<\/p>\n\n\n\n<p class=\"has-medium-font-size\">O ponto de partida ser\u00e1 uma <strong>tempestade de ideias<\/strong>, para que as concep\u00e7\u00f5es pr\u00e9vias sobre o assunto possam ser diagnosticadas. Seguimos para um momento de <strong>mobilizar novos conhecimento<\/strong>s, depois a <strong>investiga\u00e7\u00e3o<\/strong> e finalizamos com a <strong>sistematiza\u00e7\u00e3o das aprendizagens<\/strong>.<\/p>\n\n\n\n<p class=\"has-medium-font-size\">Tudo planejado e organizado de acordo com a proposta curricular da nossa rede (QSN-2019)<\/p>\n\n\n\n<p class=\"has-medium-font-size\">Vamos juntos para mais um \u201cDesafio do Dia\u201d!<\/p>\n\n\n\n<h2 class=\"has-black-color has-text-color\"><\/h2>\n\n\n\n<p><\/p>\n","protected":false},"excerpt":{"rendered":"<p>Desafio do Dia Clique aqui&nbsp;e acesse a playlist dos epis\u00f3dios do Ensino Fundamental As atividades propostas pelo Programa Saberes em Casa com o nome \u201cDesafio do Dia\u201d e os Roteiros [&hellip;]<\/p>\n","protected":false},"author":1,"featured_media":0,"parent":0,"menu_order":0,"comment_status":"closed","ping_status":"closed","template":"","meta":{"_monsterinsights_skip_tracking":false,"_monsterinsights_sitenote_active":false,"_monsterinsights_sitenote_note":"","_monsterinsights_sitenote_category":0,"_expiration-date-status":"","_expiration-date":0,"_expiration-date-type":"","_expiration-date-categories":[],"_expiration-date-options":[]},"categories":[],"tags":[],"yoast_head":"<!-- This site is optimized with the Yoast SEO plugin v19.7.1 - https:\/\/yoast.com\/wordpress\/plugins\/seo\/ -->\r\n<title>DESAFIO DO DIA (ANOS FINAIS - 3\u00ba, 4\u00ba E 5\u00ba ANOS) - Programa Saberes em Casa<\/title>\r\n<meta name=\"robots\" content=\"index, follow, max-snippet:-1, max-image-preview:large, max-video-preview:-1\" \/>\r\n<link rel=\"canonical\" href=\"https:\/\/portaleducacao.guarulhos.sp.gov.br\/wp_site\/saberesemcasa\/desafio-do-dia\/\" \/>\r\n<meta property=\"og:locale\" content=\"pt_BR\" \/>\r\n<meta property=\"og:type\" content=\"article\" \/>\r\n<meta property=\"og:title\" content=\"DESAFIO DO DIA (ANOS FINAIS - 3\u00ba, 4\u00ba E 5\u00ba ANOS) - Programa Saberes em Casa\" \/>\r\n<meta property=\"og:description\" content=\"Desafio do Dia Clique aqui&nbsp;e acesse a playlist dos epis\u00f3dios do Ensino Fundamental As atividades propostas pelo Programa Saberes em Casa com o nome \u201cDesafio do Dia\u201d e os Roteiros [&hellip;]\" \/>\r\n<meta property=\"og:url\" content=\"https:\/\/portaleducacao.guarulhos.sp.gov.br\/wp_site\/saberesemcasa\/desafio-do-dia\/\" \/>\r\n<meta property=\"og:site_name\" content=\"Programa Saberes em Casa\" \/>\r\n<meta property=\"article:modified_time\" content=\"2022-05-02T19:21:19+00:00\" \/>\r\n<meta property=\"og:image\" content=\"http:\/\/portaleducacao.guarulhos.sp.gov.br\/wp_site\/saberesemcasa\/wp-content\/uploads\/sites\/6\/2021\/02\/anos_finais-1024x341.jpg\" \/>\r\n<meta name=\"twitter:card\" content=\"summary_large_image\" \/>\r\n<meta name=\"twitter:label1\" content=\"Est. tempo de leitura\" \/>\n\t<meta name=\"twitter:data1\" content=\"1 minuto\" \/>\r\n<script type=\"application\/ld+json\" class=\"yoast-schema-graph\">{\"@context\":\"https:\/\/schema.org\",\"@graph\":[{\"@type\":\"WebPage\",\"@id\":\"https:\/\/portaleducacao.guarulhos.sp.gov.br\/wp_site\/saberesemcasa\/desafio-do-dia\/\",\"url\":\"https:\/\/portaleducacao.guarulhos.sp.gov.br\/wp_site\/saberesemcasa\/desafio-do-dia\/\",\"name\":\"DESAFIO DO DIA (ANOS FINAIS - 3\u00ba, 4\u00ba E 5\u00ba ANOS) - Programa Saberes em Casa\",\"isPartOf\":{\"@id\":\"http:\/\/portaleducacao.guarulhos.sp.gov.br\/wp_site\/saberesemcasa\/#website\"},\"datePublished\":\"2021-02-04T16:11:56+00:00\",\"dateModified\":\"2022-05-02T19:21:19+00:00\",\"breadcrumb\":{\"@id\":\"https:\/\/portaleducacao.guarulhos.sp.gov.br\/wp_site\/saberesemcasa\/desafio-do-dia\/#breadcrumb\"},\"inLanguage\":\"pt-BR\",\"potentialAction\":[{\"@type\":\"ReadAction\",\"target\":[\"https:\/\/portaleducacao.guarulhos.sp.gov.br\/wp_site\/saberesemcasa\/desafio-do-dia\/\"]}]},{\"@type\":\"BreadcrumbList\",\"@id\":\"https:\/\/portaleducacao.guarulhos.sp.gov.br\/wp_site\/saberesemcasa\/desafio-do-dia\/#breadcrumb\",\"itemListElement\":[{\"@type\":\"ListItem\",\"position\":1,\"name\":\"In\u00edcio\",\"item\":\"http:\/\/portaleducacao.guarulhos.sp.gov.br\/wp_site\/saberesemcasa\/\"},{\"@type\":\"ListItem\",\"position\":2,\"name\":\"DESAFIO DO DIA (ANOS FINAIS &#8211; 3\u00ba, 4\u00ba E 5\u00ba ANOS)\"}]},{\"@type\":\"WebSite\",\"@id\":\"http:\/\/portaleducacao.guarulhos.sp.gov.br\/wp_site\/saberesemcasa\/#website\",\"url\":\"http:\/\/portaleducacao.guarulhos.sp.gov.br\/wp_site\/saberesemcasa\/\",\"name\":\"Programa Saberes em Casa\",\"description\":\"Ferramenta complementar \u00e0s propostas educativas desenvolvidas nas unidades escolares\",\"publisher\":{\"@id\":\"http:\/\/portaleducacao.guarulhos.sp.gov.br\/wp_site\/saberesemcasa\/#organization\"},\"potentialAction\":[{\"@type\":\"SearchAction\",\"target\":{\"@type\":\"EntryPoint\",\"urlTemplate\":\"http:\/\/portaleducacao.guarulhos.sp.gov.br\/wp_site\/saberesemcasa\/?s={search_term_string}\"},\"query-input\":\"required name=search_term_string\"}],\"inLanguage\":\"pt-BR\"},{\"@type\":\"Organization\",\"@id\":\"http:\/\/portaleducacao.guarulhos.sp.gov.br\/wp_site\/saberesemcasa\/#organization\",\"name\":\"Programa Saberes em Casa\",\"url\":\"http:\/\/portaleducacao.guarulhos.sp.gov.br\/wp_site\/saberesemcasa\/\",\"sameAs\":[],\"logo\":{\"@type\":\"ImageObject\",\"inLanguage\":\"pt-BR\",\"@id\":\"http:\/\/portaleducacao.guarulhos.sp.gov.br\/wp_site\/saberesemcasa\/#\/schema\/logo\/image\/\",\"url\":\"http:\/\/portaleducacao.guarulhos.sp.gov.br\/wp_site\/saberesemcasa\/wp-content\/uploads\/sites\/6\/2021\/02\/cropped-logo_saberes_em_casa.png\",\"contentUrl\":\"http:\/\/portaleducacao.guarulhos.sp.gov.br\/wp_site\/saberesemcasa\/wp-content\/uploads\/sites\/6\/2021\/02\/cropped-logo_saberes_em_casa.png\",\"width\":200,\"height\":100,\"caption\":\"Programa Saberes em Casa\"},\"image\":{\"@id\":\"http:\/\/portaleducacao.guarulhos.sp.gov.br\/wp_site\/saberesemcasa\/#\/schema\/logo\/image\/\"}}]}<\/script>\r\n<!-- \/ Yoast SEO plugin. -->","yoast_head_json":{"title":"DESAFIO DO DIA (ANOS FINAIS - 3\u00ba, 4\u00ba E 5\u00ba ANOS) - Programa Saberes em Casa","robots":{"index":"index","follow":"follow","max-snippet":"max-snippet:-1","max-image-preview":"max-image-preview:large","max-video-preview":"max-video-preview:-1"},"canonical":"https:\/\/portaleducacao.guarulhos.sp.gov.br\/wp_site\/saberesemcasa\/desafio-do-dia\/","og_locale":"pt_BR","og_type":"article","og_title":"DESAFIO DO DIA (ANOS FINAIS - 3\u00ba, 4\u00ba E 5\u00ba ANOS) - Programa Saberes em Casa","og_description":"Desafio do Dia Clique aqui&nbsp;e acesse a playlist dos epis\u00f3dios do Ensino Fundamental As atividades propostas pelo Programa Saberes em Casa com o nome \u201cDesafio do Dia\u201d e os Roteiros [&hellip;]","og_url":"https:\/\/portaleducacao.guarulhos.sp.gov.br\/wp_site\/saberesemcasa\/desafio-do-dia\/","og_site_name":"Programa Saberes em Casa","article_modified_time":"2022-05-02T19:21:19+00:00","og_image":[{"url":"http:\/\/portaleducacao.guarulhos.sp.gov.br\/wp_site\/saberesemcasa\/wp-content\/uploads\/sites\/6\/2021\/02\/anos_finais-1024x341.jpg"}],"twitter_card":"summary_large_image","twitter_misc":{"Est. tempo de leitura":"1 minuto"},"schema":{"@context":"https:\/\/schema.org","@graph":[{"@type":"WebPage","@id":"https:\/\/portaleducacao.guarulhos.sp.gov.br\/wp_site\/saberesemcasa\/desafio-do-dia\/","url":"https:\/\/portaleducacao.guarulhos.sp.gov.br\/wp_site\/saberesemcasa\/desafio-do-dia\/","name":"DESAFIO DO DIA (ANOS FINAIS - 3\u00ba, 4\u00ba E 5\u00ba ANOS) - Programa Saberes em Casa","isPartOf":{"@id":"http:\/\/portaleducacao.guarulhos.sp.gov.br\/wp_site\/saberesemcasa\/#website"},"datePublished":"2021-02-04T16:11:56+00:00","dateModified":"2022-05-02T19:21:19+00:00","breadcrumb":{"@id":"https:\/\/portaleducacao.guarulhos.sp.gov.br\/wp_site\/saberesemcasa\/desafio-do-dia\/#breadcrumb"},"inLanguage":"pt-BR","potentialAction":[{"@type":"ReadAction","target":["https:\/\/portaleducacao.guarulhos.sp.gov.br\/wp_site\/saberesemcasa\/desafio-do-dia\/"]}]},{"@type":"BreadcrumbList","@id":"https:\/\/portaleducacao.guarulhos.sp.gov.br\/wp_site\/saberesemcasa\/desafio-do-dia\/#breadcrumb","itemListElement":[{"@type":"ListItem","position":1,"name":"In\u00edcio","item":"http:\/\/portaleducacao.guarulhos.sp.gov.br\/wp_site\/saberesemcasa\/"},{"@type":"ListItem","position":2,"name":"DESAFIO DO DIA (ANOS FINAIS &#8211; 3\u00ba, 4\u00ba E 5\u00ba ANOS)"}]},{"@type":"WebSite","@id":"http:\/\/portaleducacao.guarulhos.sp.gov.br\/wp_site\/saberesemcasa\/#website","url":"http:\/\/portaleducacao.guarulhos.sp.gov.br\/wp_site\/saberesemcasa\/","name":"Programa Saberes em Casa","description":"Ferramenta complementar \u00e0s propostas educativas desenvolvidas nas unidades escolares","publisher":{"@id":"http:\/\/portaleducacao.guarulhos.sp.gov.br\/wp_site\/saberesemcasa\/#organization"},"potentialAction":[{"@type":"SearchAction","target":{"@type":"EntryPoint","urlTemplate":"http:\/\/portaleducacao.guarulhos.sp.gov.br\/wp_site\/saberesemcasa\/?s={search_term_string}"},"query-input":"required name=search_term_string"}],"inLanguage":"pt-BR"},{"@type":"Organization","@id":"http:\/\/portaleducacao.guarulhos.sp.gov.br\/wp_site\/saberesemcasa\/#organization","name":"Programa Saberes em Casa","url":"http:\/\/portaleducacao.guarulhos.sp.gov.br\/wp_site\/saberesemcasa\/","sameAs":[],"logo":{"@type":"ImageObject","inLanguage":"pt-BR","@id":"http:\/\/portaleducacao.guarulhos.sp.gov.br\/wp_site\/saberesemcasa\/#\/schema\/logo\/image\/","url":"http:\/\/portaleducacao.guarulhos.sp.gov.br\/wp_site\/saberesemcasa\/wp-content\/uploads\/sites\/6\/2021\/02\/cropped-logo_saberes_em_casa.png","contentUrl":"http:\/\/portaleducacao.guarulhos.sp.gov.br\/wp_site\/saberesemcasa\/wp-content\/uploads\/sites\/6\/2021\/02\/cropped-logo_saberes_em_casa.png","width":200,"height":100,"caption":"Programa Saberes em Casa"},"image":{"@id":"http:\/\/portaleducacao.guarulhos.sp.gov.br\/wp_site\/saberesemcasa\/#\/schema\/logo\/image\/"}}]}},"_links":{"self":[{"href":"http:\/\/portaleducacao.guarulhos.sp.gov.br\/wp_site\/saberesemcasa\/wp-json\/wp\/v2\/pages\/114"}],"collection":[{"href":"http:\/\/portaleducacao.guarulhos.sp.gov.br\/wp_site\/saberesemcasa\/wp-json\/wp\/v2\/pages"}],"about":[{"href":"http:\/\/portaleducacao.guarulhos.sp.gov.br\/wp_site\/saberesemcasa\/wp-json\/wp\/v2\/types\/page"}],"author":[{"embeddable":true,"href":"http:\/\/portaleducacao.guarulhos.sp.gov.br\/wp_site\/saberesemcasa\/wp-json\/wp\/v2\/users\/1"}],"replies":[{"embeddable":true,"href":"http:\/\/portaleducacao.guarulhos.sp.gov.br\/wp_site\/saberesemcasa\/wp-json\/wp\/v2\/comments?post=114"}],"version-history":[{"count":37,"href":"http:\/\/portaleducacao.guarulhos.sp.gov.br\/wp_site\/saberesemcasa\/wp-json\/wp\/v2\/pages\/114\/revisions"}],"predecessor-version":[{"id":2039,"href":"http:\/\/portaleducacao.guarulhos.sp.gov.br\/wp_site\/saberesemcasa\/wp-json\/wp\/v2\/pages\/114\/revisions\/2039"}],"wp:attachment":[{"href":"http:\/\/portaleducacao.guarulhos.sp.gov.br\/wp_site\/saberesemcasa\/wp-json\/wp\/v2\/media?parent=114"}],"wp:term":[{"taxonomy":"category","embeddable":true,"href":"http:\/\/portaleducacao.guarulhos.sp.gov.br\/wp_site\/saberesemcasa\/wp-json\/wp\/v2\/categories?post=114"},{"taxonomy":"post_tag","embeddable":true,"href":"http:\/\/portaleducacao.guarulhos.sp.gov.br\/wp_site\/saberesemcasa\/wp-json\/wp\/v2\/tags?post=114"}],"curies":[{"name":"wp","href":"https:\/\/api.w.org\/{rel}","templated":true}]}}