{"id":147,"date":"2021-02-05T10:02:48","date_gmt":"2021-02-05T12:02:48","guid":{"rendered":"http:\/\/portaleducacao.guarulhos.sp.gov.br\/wp_site\/saberesemcasa\/?page_id=147"},"modified":"2022-07-25T09:41:05","modified_gmt":"2022-07-25T12:41:05","slug":"da-um-play","status":"publish","type":"page","link":"http:\/\/portaleducacao.guarulhos.sp.gov.br\/wp_site\/saberesemcasa\/da-um-play\/","title":{"rendered":""},"content":{"rendered":"\n<div class=\"wp-container-3 wp-block-columns alignfull\">\n<div class=\"wp-container-1 wp-block-column\"><div class=\"wp-block-image\">\n<figure class=\"alignleft size-large is-resized\"><img loading=\"lazy\" src=\"http:\/\/portaleducacao.guarulhos.sp.gov.br\/wp_site\/saberesemcasa\/wp-content\/uploads\/sites\/6\/2021\/03\/da-um-play.jpg\" alt=\"\" class=\"wp-image-887\" width=\"389\" height=\"389\" srcset=\"http:\/\/portaleducacao.guarulhos.sp.gov.br\/wp_site\/saberesemcasa\/wp-content\/uploads\/sites\/6\/2021\/03\/da-um-play.jpg 500w, http:\/\/portaleducacao.guarulhos.sp.gov.br\/wp_site\/saberesemcasa\/wp-content\/uploads\/sites\/6\/2021\/03\/da-um-play-300x300.jpg 300w, http:\/\/portaleducacao.guarulhos.sp.gov.br\/wp_site\/saberesemcasa\/wp-content\/uploads\/sites\/6\/2021\/03\/da-um-play-150x150.jpg 150w, http:\/\/portaleducacao.guarulhos.sp.gov.br\/wp_site\/saberesemcasa\/wp-content\/uploads\/sites\/6\/2021\/03\/da-um-play-75x75.jpg 75w, http:\/\/portaleducacao.guarulhos.sp.gov.br\/wp_site\/saberesemcasa\/wp-content\/uploads\/sites\/6\/2021\/03\/da-um-play-444x444.jpg 444w\" sizes=\"(max-width: 389px) 100vw, 389px\" \/><\/figure><\/div>\n\n\n<p><\/p>\n<\/div>\n\n\n\n<div class=\"wp-container-2 wp-block-column is-vertically-aligned-center\" style=\"flex-basis:64.1%\">\n<h1>D\u00c1 UM PLAY!<\/h1>\n\n\n\n<h4><strong>Neste espa\u00e7o, poder\u00e3o ser encontrados links de acesso para canais do YouTube que poder\u00e3o acrescentar conte\u00fados e propostas para seus estudos.<\/strong><\/h4>\n\n\n\n<p><\/p>\n<\/div>\n<\/div>\n\n\n\n<figure class=\"wp-block-embed is-type-rich is-provider-spotify wp-block-embed-spotify wp-embed-aspect-21-9 wp-has-aspect-ratio\"><div class=\"wp-block-embed__wrapper\">\n<iframe loading=\"lazy\" title=\"Spotify Embed: Curiosidades da Amazo\u0302nia: Etnias Indi\u0301genas_Curtinho\" style=\"border-radius: 12px\" width=\"100%\" height=\"152\" frameborder=\"0\" allowfullscreen allow=\"autoplay; clipboard-write; encrypted-media; fullscreen; picture-in-picture\" src=\"https:\/\/open.spotify.com\/embed\/episode\/1n3tAEmgjQake3GhWwJh6y?si=ce7e69f6d00142ad&#038;nd=1&#038;utm_source=oembed\"><\/iframe>\n<\/div><\/figure>\n\n\n\n<div class=\"wp-container-5 wp-block-columns\">\n<div class=\"wp-container-4 wp-block-column\">\n<p class=\"has-text-align-center\"><strong>Museu de Arte Ind\u00edgena &#8211; Tour Virtual<\/strong><\/p>\n\n\n<div class=\"wp-block-image\">\n<figure class=\"aligncenter size-large\"><a href=\"https:\/\/www.tourvirtual360.com.br\/mai\/mai.html\"><img loading=\"lazy\" width=\"1024\" height=\"467\" src=\"http:\/\/portaleducacao.guarulhos.sp.gov.br\/wp_site\/saberesemcasa\/wp-content\/uploads\/sites\/6\/2022\/07\/museu_arte_indigena-2-1024x467.jpg\" alt=\"\" class=\"wp-image-2116\" srcset=\"http:\/\/portaleducacao.guarulhos.sp.gov.br\/wp_site\/saberesemcasa\/wp-content\/uploads\/sites\/6\/2022\/07\/museu_arte_indigena-2-1024x467.jpg 1024w, http:\/\/portaleducacao.guarulhos.sp.gov.br\/wp_site\/saberesemcasa\/wp-content\/uploads\/sites\/6\/2022\/07\/museu_arte_indigena-2-300x137.jpg 300w, http:\/\/portaleducacao.guarulhos.sp.gov.br\/wp_site\/saberesemcasa\/wp-content\/uploads\/sites\/6\/2022\/07\/museu_arte_indigena-2-768x350.jpg 768w, http:\/\/portaleducacao.guarulhos.sp.gov.br\/wp_site\/saberesemcasa\/wp-content\/uploads\/sites\/6\/2022\/07\/museu_arte_indigena-2-1536x700.jpg 1536w, http:\/\/portaleducacao.guarulhos.sp.gov.br\/wp_site\/saberesemcasa\/wp-content\/uploads\/sites\/6\/2022\/07\/museu_arte_indigena-2.jpg 1681w\" sizes=\"(max-width: 1024px) 100vw, 1024px\" \/><\/a><\/figure><\/div><\/div>\n<\/div>\n\n\n\n<div class=\"wp-container-9 wp-block-columns\">\n<div class=\"wp-container-6 wp-block-column\">\n<p class=\"has-text-align-center\"><strong>Poemas de Cec\u00edlia Meireles<\/strong><\/p>\n\n\n\n<figure class=\"wp-block-embed is-type-video is-provider-youtube wp-block-embed-youtube wp-embed-aspect-16-9 wp-has-aspect-ratio\"><div class=\"wp-block-embed__wrapper\">\n<iframe loading=\"lazy\" title=\"Criando Juntos 917 | Poemas de Cec\u00edlia Meireles\" width=\"870\" height=\"489\" src=\"https:\/\/www.youtube.com\/embed\/T8kdO5wHpTU?feature=oembed\" frameborder=\"0\" allow=\"accelerometer; autoplay; clipboard-write; encrypted-media; gyroscope; picture-in-picture\" allowfullscreen><\/iframe>\n<\/div><\/figure>\n<\/div>\n\n\n\n<div class=\"wp-container-7 wp-block-column\">\n<p class=\"has-text-align-center\"><strong>Pendurei Poesia: O conto animado<\/strong><br><strong>em cordel<\/strong><\/p>\n\n\n\n<figure class=\"wp-block-embed is-type-video is-provider-youtube wp-block-embed-youtube wp-embed-aspect-16-9 wp-has-aspect-ratio\"><div class=\"wp-block-embed__wrapper\">\n<iframe loading=\"lazy\" title=\"Pendurei Poesia: O conto animado em cordel\" width=\"870\" height=\"489\" src=\"https:\/\/www.youtube.com\/embed\/9cCVbcGud74?feature=oembed\" frameborder=\"0\" allow=\"accelerometer; autoplay; clipboard-write; encrypted-media; gyroscope; picture-in-picture\" allowfullscreen><\/iframe>\n<\/div><\/figure>\n<\/div>\n\n\n\n<div class=\"wp-container-8 wp-block-column\">\n<p class=\"has-text-align-center\"><strong>Entendendo os mapas<\/strong><\/p>\n\n\n\n<figure class=\"wp-block-embed is-type-video is-provider-youtube wp-block-embed-youtube wp-embed-aspect-16-9 wp-has-aspect-ratio\"><div class=\"wp-block-embed__wrapper\">\n<iframe loading=\"lazy\" title=\"ENTENDENDO OS MAPAS\" width=\"870\" height=\"489\" src=\"https:\/\/www.youtube.com\/embed\/-Tx-om4Cz88?feature=oembed\" frameborder=\"0\" allow=\"accelerometer; autoplay; clipboard-write; encrypted-media; gyroscope; picture-in-picture\" allowfullscreen><\/iframe>\n<\/div><\/figure>\n<\/div>\n<\/div>\n\n\n\n<div class=\"wp-container-13 wp-block-columns\">\n<div class=\"wp-container-10 wp-block-column\">\n<p class=\"has-text-align-center\"><strong>A lenda da Vit\u00f3ria R\u00e9gia<\/strong><\/p>\n\n\n\n<figure class=\"wp-block-embed is-type-video is-provider-youtube wp-block-embed-youtube wp-embed-aspect-16-9 wp-has-aspect-ratio\"><div class=\"wp-block-embed__wrapper\">\n<iframe loading=\"lazy\" title=\"A lenda da Vit\u00f3ria R\u00e9gia | Curiosidades de Charlotte\" width=\"870\" height=\"489\" src=\"https:\/\/www.youtube.com\/embed\/xh0Fh9RcwCk?feature=oembed\" frameborder=\"0\" allow=\"accelerometer; autoplay; clipboard-write; encrypted-media; gyroscope; picture-in-picture\" allowfullscreen><\/iframe>\n<\/div><\/figure>\n<\/div>\n\n\n\n<div class=\"wp-container-11 wp-block-column\">\n<p class=\"has-text-align-center\"><strong>O tupi que voc\u00ea fala<\/strong><\/p>\n\n\n\n<figure class=\"wp-block-embed is-type-video is-provider-youtube wp-block-embed-youtube wp-embed-aspect-16-9 wp-has-aspect-ratio\"><div class=\"wp-block-embed__wrapper\">\n<iframe loading=\"lazy\" title=\"O TUPI QUE VOC\u00ca FALA\" width=\"870\" height=\"489\" src=\"https:\/\/www.youtube.com\/embed\/jNSvTiZIXwY?feature=oembed\" frameborder=\"0\" allow=\"accelerometer; autoplay; clipboard-write; encrypted-media; gyroscope; picture-in-picture\" allowfullscreen><\/iframe>\n<\/div><\/figure>\n<\/div>\n\n\n\n<div class=\"wp-container-12 wp-block-column\">\n<p class=\"has-text-align-center\"><strong>Unidades, dezenas e centenas<\/strong><\/p>\n\n\n\n<figure class=\"wp-block-embed is-type-video is-provider-youtube wp-block-embed-youtube wp-embed-aspect-16-9 wp-has-aspect-ratio\"><div class=\"wp-block-embed__wrapper\">\n<iframe loading=\"lazy\" title=\"UNIDADES, DEZENAS E CENTENAS - O valor posicional dos n\u00fameros - Matem\u00e1tica para crian\u00e7as\" width=\"870\" height=\"489\" src=\"https:\/\/www.youtube.com\/embed\/XsIi97KEswg?feature=oembed\" frameborder=\"0\" allow=\"accelerometer; autoplay; clipboard-write; encrypted-media; gyroscope; picture-in-picture\" allowfullscreen><\/iframe>\n<\/div><\/figure>\n<\/div>\n<\/div>\n\n\n\n<div class=\"wp-container-16 wp-block-columns\">\n<div class=\"wp-container-14 wp-block-column\">\n<p class=\"has-text-align-center\"><strong>Charlotte em Parintins<\/strong><\/p>\n\n\n\n<figure class=\"wp-block-embed is-type-video is-provider-youtube wp-block-embed-youtube wp-embed-aspect-16-9 wp-has-aspect-ratio\"><div class=\"wp-block-embed__wrapper\">\n<iframe loading=\"lazy\" title=\"Charlotte em Parintins | Canal da Charlotte\" width=\"870\" height=\"489\" src=\"https:\/\/www.youtube.com\/embed\/P4lG9Y4TvWw?feature=oembed\" frameborder=\"0\" allow=\"accelerometer; autoplay; clipboard-write; encrypted-media; gyroscope; picture-in-picture\" allowfullscreen><\/iframe>\n<\/div><\/figure>\n<\/div>\n\n\n\n<div class=\"wp-container-15 wp-block-column\">\n<p class=\"has-text-align-center\"><strong>\u00d3leo na \u00e1gua<\/strong><\/p>\n\n\n\n<figure class=\"wp-block-embed is-type-video is-provider-youtube wp-block-embed-youtube wp-embed-aspect-16-9 wp-has-aspect-ratio\"><div class=\"wp-block-embed__wrapper\">\n<iframe loading=\"lazy\" title=\"#CataventoemCasa - EP21 - \u00d3leo na \u00e1gua\u2063\" width=\"870\" height=\"489\" src=\"https:\/\/www.youtube.com\/embed\/LSRM1VhUxOM?feature=oembed\" frameborder=\"0\" allow=\"accelerometer; autoplay; clipboard-write; encrypted-media; gyroscope; picture-in-picture\" allowfullscreen><\/iframe>\n<\/div><\/figure>\n<\/div>\n<\/div>\n\n\n\n<div class=\"wp-container-19 wp-block-columns\">\n<div class=\"wp-container-17 wp-block-column\">\n<p class=\"has-text-align-center\"><strong>BERNARDO- CRIANCEIRAS<\/strong><\/p>\n\n\n\n<figure class=\"wp-block-embed is-type-video is-provider-youtube wp-block-embed-youtube wp-embed-aspect-16-9 wp-has-aspect-ratio\"><div class=\"wp-block-embed__wrapper\">\n<iframe loading=\"lazy\" title=\"BERNARDO CRIANCEIRAS Manoel De Barros\" width=\"870\" height=\"489\" src=\"https:\/\/www.youtube.com\/embed\/PTG_TLyFQEg?feature=oembed\" frameborder=\"0\" allow=\"accelerometer; autoplay; clipboard-write; encrypted-media; gyroscope; picture-in-picture\" allowfullscreen><\/iframe>\n<\/div><\/figure>\n<\/div>\n\n\n\n<div class=\"wp-container-18 wp-block-column\">\n<p class=\"has-text-align-center\"><strong>Como a \u00c1gua Vira Chuva<\/strong><\/p>\n\n\n\n<figure class=\"wp-block-embed is-type-video is-provider-youtube wp-block-embed-youtube wp-embed-aspect-16-9 wp-has-aspect-ratio\"><div class=\"wp-block-embed__wrapper\">\n<iframe loading=\"lazy\" title=\"Como a \u00c1gua Vira Chuva - O Show da Luna! Epis\u00f3dio Completo 08 | Primeira Temporada | Kids\" width=\"870\" height=\"489\" src=\"https:\/\/www.youtube.com\/embed\/WpOkQ7ayUxQ?feature=oembed\" frameborder=\"0\" allow=\"accelerometer; autoplay; clipboard-write; encrypted-media; gyroscope; picture-in-picture\" allowfullscreen><\/iframe>\n<\/div><\/figure>\n<\/div>\n<\/div>\n\n\n\n<div class=\"wp-container-24 wp-block-columns\">\n<div class=\"wp-container-23 wp-block-column\">\n<div class=\"wp-container-22 wp-block-columns\">\n<div class=\"wp-container-20 wp-block-column\">\n<p class=\"has-text-align-center\"><strong>Por que o SOL FICA VERMELHO?<\/strong><\/p>\n\n\n\n<figure class=\"wp-block-embed is-type-video is-provider-youtube wp-block-embed-youtube wp-embed-aspect-16-9 wp-has-aspect-ratio\"><div class=\"wp-block-embed__wrapper\">\n<iframe loading=\"lazy\" title=\"Por que o SOL FICA VERMELHO? N\u00f3s testamos\" width=\"870\" height=\"489\" src=\"https:\/\/www.youtube.com\/embed\/EtqXWYSjCsQ?feature=oembed\" frameborder=\"0\" allow=\"accelerometer; autoplay; clipboard-write; encrypted-media; gyroscope; picture-in-picture\" allowfullscreen><\/iframe>\n<\/div><\/figure>\n<\/div>\n\n\n\n<div class=\"wp-container-21 wp-block-column\">\n<p class=\"has-text-align-center\"><strong>Onde est\u00e1 o gato?<\/strong><\/p>\n\n\n\n<figure class=\"wp-block-embed is-type-video is-provider-youtube wp-block-embed-youtube wp-embed-aspect-16-9 wp-has-aspect-ratio\"><div class=\"wp-block-embed__wrapper\">\n<iframe loading=\"lazy\" title=\"Preposi\u00e7\u00f5es de lugar - Conceito espacial para crian\u00e7as - Posi\u00e7\u00f5es - Onde est\u00e1 o gato?\" width=\"870\" height=\"489\" src=\"https:\/\/www.youtube.com\/embed\/CDkEHS54wXk?feature=oembed\" frameborder=\"0\" allow=\"accelerometer; autoplay; clipboard-write; encrypted-media; gyroscope; picture-in-picture\" allowfullscreen><\/iframe>\n<\/div><\/figure>\n<\/div>\n<\/div>\n\n\n\n<p><\/p>\n<\/div>\n<\/div>\n\n\n\n<div class=\"wp-container-27 wp-block-columns\">\n<div class=\"wp-container-25 wp-block-column\">\n<p class=\"has-text-align-center\"><strong>&nbsp;A Hist\u00f3ria de Guarulhos<\/strong>&nbsp;<\/p>\n\n\n\n<figure class=\"wp-block-embed is-type-video is-provider-youtube wp-block-embed-youtube wp-embed-aspect-4-3 wp-has-aspect-ratio\"><div class=\"wp-block-embed__wrapper\">\n<iframe loading=\"lazy\" title=\"A hist\u00f3ria de Guarulhos\" width=\"870\" height=\"653\" src=\"https:\/\/www.youtube.com\/embed\/0otFMCglQVk?feature=oembed\" frameborder=\"0\" allow=\"accelerometer; autoplay; clipboard-write; encrypted-media; gyroscope; picture-in-picture\" allowfullscreen><\/iframe>\n<\/div><\/figure>\n<\/div>\n\n\n\n<div class=\"wp-container-26 wp-block-column\">\n<p class=\"has-text-align-center\"><strong>Era assim Lavras<\/strong>&nbsp;<\/p>\n\n\n\n<figure class=\"wp-block-embed is-type-video is-provider-youtube wp-block-embed-youtube wp-embed-aspect-4-3 wp-has-aspect-ratio\"><div class=\"wp-block-embed__wrapper\">\n<iframe loading=\"lazy\" title=\"Era Assim Lavras\" width=\"870\" height=\"653\" src=\"https:\/\/www.youtube.com\/embed\/o1GxMZos6xU?feature=oembed\" frameborder=\"0\" allow=\"accelerometer; autoplay; clipboard-write; encrypted-media; gyroscope; picture-in-picture\" allowfullscreen><\/iframe>\n<\/div><\/figure>\n<\/div>\n<\/div>\n\n\n\n<div class=\"wp-container-30 wp-block-columns\">\n<div class=\"wp-container-28 wp-block-column\">\n<p class=\"has-text-align-center\"><strong>\u00c1BACO DE LEGO<\/strong><\/p>\n\n\n\n<figure class=\"wp-block-embed is-type-video is-provider-youtube wp-block-embed-youtube wp-embed-aspect-16-9 wp-has-aspect-ratio\"><div class=\"wp-block-embed__wrapper\">\n<iframe loading=\"lazy\" title=\"\u00c1BACO DE LEGO - #LabLEGO\u200b\u200b\u200b\u200b\u200b - EP17\" width=\"870\" height=\"489\" src=\"https:\/\/www.youtube.com\/embed\/xHEKMfyKJwM?feature=oembed\" frameborder=\"0\" allow=\"accelerometer; autoplay; clipboard-write; encrypted-media; gyroscope; picture-in-picture\" allowfullscreen><\/iframe>\n<\/div><\/figure>\n<\/div>\n\n\n\n<div class=\"wp-container-29 wp-block-column\">\n<p class=\"has-text-align-center\"><strong>F\u00e1bula dos 4 Bichos<\/strong><\/p>\n\n\n\n<figure class=\"wp-block-embed is-type-video is-provider-youtube wp-block-embed-youtube wp-embed-aspect-16-9 wp-has-aspect-ratio\"><div class=\"wp-block-embed__wrapper\">\n<iframe loading=\"lazy\" title=\"Palavra Cantada | F\u00e1bula dos 4 Bichos\" width=\"870\" height=\"489\" src=\"https:\/\/www.youtube.com\/embed\/_1NkYFzPKpQ?feature=oembed\" frameborder=\"0\" allow=\"accelerometer; autoplay; clipboard-write; encrypted-media; gyroscope; picture-in-picture\" allowfullscreen><\/iframe>\n<\/div><\/figure>\n<\/div>\n<\/div>\n\n\n\n<div class=\"wp-container-33 wp-block-columns\">\n<div class=\"wp-container-31 wp-block-column\">\n<p class=\"has-text-align-center\"><strong>Semana de Arte Moderna de 1922<\/strong><\/p>\n\n\n\n<figure class=\"wp-block-embed is-type-video is-provider-youtube wp-block-embed-youtube wp-embed-aspect-16-9 wp-has-aspect-ratio\"><div class=\"wp-block-embed__wrapper\">\n<iframe loading=\"lazy\" title=\"Criando Juntos 868 | Semana de Arte Moderna de 1922\" width=\"870\" height=\"489\" src=\"https:\/\/www.youtube.com\/embed\/i3NDqnKrMVw?feature=oembed\" frameborder=\"0\" allow=\"accelerometer; autoplay; clipboard-write; encrypted-media; gyroscope; picture-in-picture\" allowfullscreen><\/iframe>\n<\/div><\/figure>\n<\/div>\n\n\n\n<div class=\"wp-container-32 wp-block-column\">\n<p class=\"has-text-align-center\"><strong>Como a \u00c1gua vira Chuva?<\/strong><\/p>\n\n\n\n<figure class=\"wp-block-embed is-type-video is-provider-youtube wp-block-embed-youtube wp-embed-aspect-16-9 wp-has-aspect-ratio\"><div class=\"wp-block-embed__wrapper\">\nhttps:\/\/youtu.be\/pZ6uX_0B7Pk\n<\/div><\/figure>\n<\/div>\n<\/div>\n\n\n\n<div class=\"wp-container-36 wp-block-columns\">\n<div class=\"wp-container-34 wp-block-column\">\n<p class=\"has-text-align-center\"><strong>Dan\u00e7a da Imita\u00e7\u00e3o &#8211; Canin\u00f3polis<\/strong><\/p>\n\n\n\n<figure class=\"wp-block-embed is-type-video is-provider-youtube wp-block-embed-youtube wp-embed-aspect-16-9 wp-has-aspect-ratio\"><div class=\"wp-block-embed__wrapper\">\n<iframe loading=\"lazy\" title=\"DAN\u00c7A DA IMITA\u00c7\u00c3O - CANIN\u00d3POLIS\" width=\"870\" height=\"489\" src=\"https:\/\/www.youtube.com\/embed\/iIkk2hVajZQ?feature=oembed\" frameborder=\"0\" allow=\"accelerometer; autoplay; clipboard-write; encrypted-media; gyroscope; picture-in-picture\" allowfullscreen><\/iframe>\n<\/div><\/figure>\n<\/div>\n\n\n\n<div class=\"wp-container-35 wp-block-column\">\n<p class=\"has-text-align-center\"><strong>O que s\u00e3o as fake news?<\/strong><\/p>\n\n\n\n<figure class=\"wp-block-embed is-type-video is-provider-youtube wp-block-embed-youtube wp-embed-aspect-16-9 wp-has-aspect-ratio\"><div class=\"wp-block-embed__wrapper\">\n<iframe loading=\"lazy\" title=\"O que s\u00e3o as fake news? - Dicas para reconhec\u00ea-las - Fake news para crian\u00e7as\" width=\"870\" height=\"489\" src=\"https:\/\/www.youtube.com\/embed\/xRWcW0RtYjY?feature=oembed\" frameborder=\"0\" allow=\"accelerometer; autoplay; clipboard-write; encrypted-media; gyroscope; picture-in-picture\" allowfullscreen><\/iframe>\n<\/div><\/figure>\n<\/div>\n<\/div>\n\n\n\n<div class=\"wp-container-39 wp-block-columns\">\n<div class=\"wp-container-37 wp-block-column\">\n<p class=\"has-text-align-center\"><strong>Ozzie and Summer Sun<\/strong><\/p>\n\n\n\n<figure class=\"wp-block-embed is-type-video is-provider-youtube wp-block-embed-youtube wp-embed-aspect-16-9 wp-has-aspect-ratio\"><div class=\"wp-block-embed__wrapper\">\n<iframe loading=\"lazy\" title=\"Reading &quot;Ozzie and Summer Sun&quot;\" width=\"870\" height=\"489\" src=\"https:\/\/www.youtube.com\/embed\/jUYDz8XXyMA?feature=oembed\" frameborder=\"0\" allow=\"accelerometer; autoplay; clipboard-write; encrypted-media; gyroscope; picture-in-picture\" allowfullscreen title=\"Reading \"Ozzie and Summer Sun\"\"><\/iframe>\n<\/div><\/figure>\n<\/div>\n\n\n\n<div class=\"wp-container-38 wp-block-column\">\n<p class=\"has-text-align-center\"><strong>Meu p\u00e9 de laranja lima<\/strong><\/p>\n\n\n\n<figure class=\"wp-block-embed is-type-video is-provider-youtube wp-block-embed-youtube wp-embed-aspect-16-9 wp-has-aspect-ratio\"><div class=\"wp-block-embed__wrapper\">\n<iframe loading=\"lazy\" title=\"O Meu P\u00e9 de Laranja Lima \u2013 Jos\u00e9 Mauro de Vasconcelos - AudioLivro\" width=\"870\" height=\"489\" src=\"https:\/\/www.youtube.com\/embed\/VAiyFlRvudU?feature=oembed\" frameborder=\"0\" allow=\"accelerometer; autoplay; clipboard-write; encrypted-media; gyroscope; picture-in-picture\" allowfullscreen><\/iframe>\n<\/div><\/figure>\n<\/div>\n<\/div>\n\n\n\n<p><strong>Carolina Maria de Jesus<\/strong><\/p>\n\n\n\n<figure class=\"wp-block-embed is-type-rich is-provider-spotify wp-block-embed-spotify wp-embed-aspect-21-9 wp-has-aspect-ratio\"><div class=\"wp-block-embed__wrapper\">\n<iframe loading=\"lazy\" title=\"Spotify Embed: #10: carolina maria de jesus \u2014 quarto de despejo\" style=\"border-radius: 12px\" width=\"100%\" height=\"152\" frameborder=\"0\" allowfullscreen allow=\"autoplay; clipboard-write; encrypted-media; fullscreen; picture-in-picture\" src=\"https:\/\/open.spotify.com\/embed\/episode\/1Hdf5ohHt7MgrJSj5ptziD?si=gQf-iVU4Rd6i3cQFMKMzjw&#038;utm_source=oembed\"><\/iframe>\n<\/div><\/figure>\n\n\n\n<div class=\"wp-container-42 wp-block-columns\">\n<div class=\"wp-container-40 wp-block-column\">\n<p class=\"has-text-align-center\"><strong>Jacar\u00e9,n\u00e3o!<\/strong><\/p>\n\n\n\n<figure class=\"wp-block-embed is-type-rich is-provider-spotify wp-block-embed-spotify wp-embed-aspect-21-9 wp-has-aspect-ratio\"><div class=\"wp-block-embed__wrapper\">\n<iframe loading=\"lazy\" title=\"Spotify Embed: Jacar\u00e9, n\u00e3o!\" style=\"border-radius: 12px\" width=\"100%\" height=\"152\" frameborder=\"0\" allowfullscreen allow=\"autoplay; clipboard-write; encrypted-media; fullscreen; picture-in-picture\" src=\"https:\/\/open.spotify.com\/embed\/episode\/42TRlHv95GJaurjNyjyfvj?si=A8S88vfXQpa72Sg6Nd1MCA&#038;utm_source=oembed\"><\/iframe>\n<\/div><\/figure>\n<\/div>\n\n\n\n<div class=\"wp-container-41 wp-block-column\">\n<p class=\"has-text-align-center\"><strong>Margaret Hamilton<\/strong><\/p>\n\n\n\n<figure class=\"wp-block-embed is-type-rich is-provider-spotify wp-block-embed-spotify wp-embed-aspect-21-9 wp-has-aspect-ratio\"><div class=\"wp-block-embed__wrapper\">\n<iframe loading=\"lazy\" title=\"Spotify Embed: Margaret Hamilton, lido por Sarah Oliveira\" style=\"border-radius: 12px\" width=\"100%\" height=\"152\" frameborder=\"0\" allowfullscreen allow=\"autoplay; clipboard-write; encrypted-media; fullscreen; picture-in-picture\" src=\"https:\/\/open.spotify.com\/embed\/episode\/7rZupmHHQFc6R2lOdKn999?si=gm_vdHiBR5q9i5a1cUV1mg&#038;utm_source=oembed\"><\/iframe>\n<\/div><\/figure>\n<\/div>\n<\/div>\n\n\n\n<div class=\"wp-container-46 wp-block-columns\">\n<div class=\"wp-container-43 wp-block-column\">\n<p class=\"has-text-align-center\"><strong>A \u00c1FRICA E SUAS INFLU\u00caNCIAS NO BRASIL &#8211;&nbsp; CONSCI\u00caNCIA NEGRA NA EDUCA\u00c7\u00c3O INFANTIL &#8211; AULA GLOBINHO<\/strong><\/p>\n\n\n\n<figure class=\"wp-block-embed is-type-video is-provider-youtube wp-block-embed-youtube wp-embed-aspect-16-9 wp-has-aspect-ratio\"><div class=\"wp-block-embed__wrapper\">\n<iframe loading=\"lazy\" title=\"A \u00c1FRICA E SUAS INFLU\u00caNCIAS NO BRASIL | CONSCI\u00caNCIA NEGRA NA EDUCA\u00c7\u00c3O INFANTIL |AULA GLOBINHO.\" width=\"870\" height=\"489\" src=\"https:\/\/www.youtube.com\/embed\/G1QOWwCP4po?feature=oembed\" frameborder=\"0\" allow=\"accelerometer; autoplay; clipboard-write; encrypted-media; gyroscope; picture-in-picture\" allowfullscreen><\/iframe>\n<\/div><\/figure>\n<\/div>\n\n\n\n<div class=\"wp-container-44 wp-block-column\">\n<p class=\"has-text-align-center\"><strong>\u00c1frica &#8211; Palavra Cantada.<br><\/strong><br><\/p>\n\n\n\n<figure class=\"wp-block-embed is-type-video is-provider-youtube wp-block-embed-youtube wp-embed-aspect-16-9 wp-has-aspect-ratio\"><div class=\"wp-block-embed__wrapper\">\n<iframe loading=\"lazy\" title=\"Palavra Cantada | \u00c1frica\" width=\"870\" height=\"489\" src=\"https:\/\/www.youtube.com\/embed\/iChn3xdaPIQ?feature=oembed\" frameborder=\"0\" allow=\"accelerometer; autoplay; clipboard-write; encrypted-media; gyroscope; picture-in-picture\" allowfullscreen><\/iframe>\n<\/div><\/figure>\n<\/div>\n\n\n\n<div class=\"wp-container-45 wp-block-column\">\n<p class=\"has-text-align-center\"><strong>Resumo &#8211; \u00c1frica &#8211; Geografia<br><\/strong><br><\/p>\n\n\n\n<figure class=\"wp-block-embed is-type-video is-provider-youtube wp-block-embed-youtube wp-embed-aspect-16-9 wp-has-aspect-ratio\"><div class=\"wp-block-embed__wrapper\">\n<iframe loading=\"lazy\" title=\"Resumo - \u00c1frica\" width=\"870\" height=\"489\" src=\"https:\/\/www.youtube.com\/embed\/WDL1fCKHJiA?feature=oembed\" frameborder=\"0\" allow=\"accelerometer; autoplay; clipboard-write; encrypted-media; gyroscope; picture-in-picture\" allowfullscreen><\/iframe>\n<\/div><\/figure>\n<\/div>\n<\/div>\n\n\n\n<div class=\"wp-container-50 wp-block-columns\">\n<div class=\"wp-container-47 wp-block-column\">\n<p class=\"has-text-align-center\"><strong>QUEM FOI ZUMBI DOS PALMARES? O QUE FOI O QUILOMBO DOS PALMARES?&nbsp;<\/strong><\/p>\n\n\n\n<figure class=\"wp-block-embed is-type-video is-provider-youtube wp-block-embed-youtube wp-embed-aspect-16-9 wp-has-aspect-ratio\"><div class=\"wp-block-embed__wrapper\">\n<iframe loading=\"lazy\" title=\"DIA DA CONSCI\u00caNCIA NEGRA - explica\u00e7\u00e3o animada\" width=\"870\" height=\"489\" src=\"https:\/\/www.youtube.com\/embed\/YGTZBYxPgt4?feature=oembed\" frameborder=\"0\" allow=\"accelerometer; autoplay; clipboard-write; encrypted-media; gyroscope; picture-in-picture\" allowfullscreen><\/iframe>\n<\/div><\/figure>\n<\/div>\n\n\n\n<div class=\"wp-container-48 wp-block-column\">\n<p class=\"has-text-align-center\"><strong>As cores de cada um. Consci\u00eancia Negra<br><\/strong><\/p>\n\n\n\n<figure class=\"wp-block-embed is-type-video is-provider-youtube wp-block-embed-youtube wp-embed-aspect-16-9 wp-has-aspect-ratio\"><div class=\"wp-block-embed__wrapper\">\n<iframe loading=\"lazy\" title=\"Consci\u00eancia Negra - Educa\u00e7\u00e3o Infantil\" width=\"870\" height=\"489\" src=\"https:\/\/www.youtube.com\/embed\/pxG5WP4GctU?feature=oembed\" frameborder=\"0\" allow=\"accelerometer; autoplay; clipboard-write; encrypted-media; gyroscope; picture-in-picture\" allowfullscreen><\/iframe>\n<\/div><\/figure>\n<\/div>\n\n\n\n<div class=\"wp-container-49 wp-block-column\">\n<p class=\"has-text-align-center\"><strong>CONTO AFRICANO: As duas mulheres e o c\u00e9u<br><\/strong><\/p>\n\n\n\n<figure class=\"wp-block-embed is-type-video is-provider-youtube wp-block-embed-youtube wp-embed-aspect-16-9 wp-has-aspect-ratio\"><div class=\"wp-block-embed__wrapper\">\n<iframe loading=\"lazy\" title=\"CONTO AFRICANO: As duas mulheres e o c\u00e9u\" width=\"870\" height=\"489\" src=\"https:\/\/www.youtube.com\/embed\/LP2qN3Pw434?feature=oembed\" frameborder=\"0\" allow=\"accelerometer; autoplay; clipboard-write; encrypted-media; gyroscope; picture-in-picture\" allowfullscreen><\/iframe>\n<\/div><\/figure>\n<\/div>\n<\/div>\n\n\n\n<div class=\"wp-container-53 wp-block-columns\">\n<div class=\"wp-container-51 wp-block-column\" style=\"flex-basis:33.33%\">\n<figure class=\"wp-block-image size-large\"><a href=\"https:\/\/artsandculture.google.com\/partner\/museu-afro-brasil\"><img loading=\"lazy\" width=\"802\" height=\"597\" src=\"http:\/\/portaleducacao.guarulhos.sp.gov.br\/wp_site\/saberesemcasa\/wp-content\/uploads\/sites\/6\/2021\/11\/museu_afro_brasil.png\" alt=\"\" class=\"wp-image-1828\" srcset=\"http:\/\/portaleducacao.guarulhos.sp.gov.br\/wp_site\/saberesemcasa\/wp-content\/uploads\/sites\/6\/2021\/11\/museu_afro_brasil.png 802w, http:\/\/portaleducacao.guarulhos.sp.gov.br\/wp_site\/saberesemcasa\/wp-content\/uploads\/sites\/6\/2021\/11\/museu_afro_brasil-300x223.png 300w, http:\/\/portaleducacao.guarulhos.sp.gov.br\/wp_site\/saberesemcasa\/wp-content\/uploads\/sites\/6\/2021\/11\/museu_afro_brasil-768x572.png 768w\" sizes=\"(max-width: 802px) 100vw, 802px\" \/><\/a><\/figure>\n<\/div>\n\n\n\n<div class=\"wp-container-52 wp-block-column\" style=\"flex-basis:66.66%\">\n<p><a href=\"https:\/\/artsandculture.google.com\/partner\/museu-afro-brasil\"><strong>Museu Afro Brasil<\/strong><br><\/a><br>\u00c9 um museu hist\u00f3rico, art\u00edstico e etnol\u00f3gico, voltado \u00e0 pesquisa, conserva\u00e7\u00e3o e exposi\u00e7\u00e3o de objetos relacionados ao universo cultural do negro no Brasil. Conserva um acervo de aproximadamente 6 mil obras, entre pinturas, esculturas, gravuras, fotografias, documentos e pe\u00e7as etnol\u00f3gicas, de autores brasileiros e estrangeiros, produzidos entre o s\u00e9culo XV e os dias de hoje. O acervo abarca diversas facetas dos universos culturais africano e afro-brasileiro, abordando temas como a religi\u00e3o, o trabalho, a arte, a di\u00e1spora africana e a escravid\u00e3o, e registrando a trajet\u00f3ria hist\u00f3rica e as influ\u00eancias africanas na constru\u00e7\u00e3o da sociedade brasileira.<\/p>\n<\/div>\n<\/div>\n\n\n\n<div class=\"wp-container-56 wp-block-columns\">\n<div class=\"wp-container-54 wp-block-column\"><div class=\"wp-block-image\">\n<figure class=\"aligncenter size-large is-resized\"><a href=\"https:\/\/anchor.fm\/eraumavezumpodcast\/episodes\/A-rvore-Generosa-e123s3l\/a-a5p5brg\"><img loading=\"lazy\" src=\"http:\/\/portaleducacao.guarulhos.sp.gov.br\/wp_site\/saberesemcasa\/wp-content\/uploads\/sites\/6\/2021\/10\/era_uma_vez.png\" alt=\"\" class=\"wp-image-1771\" width=\"338\" height=\"340\" srcset=\"http:\/\/portaleducacao.guarulhos.sp.gov.br\/wp_site\/saberesemcasa\/wp-content\/uploads\/sites\/6\/2021\/10\/era_uma_vez.png 338w, http:\/\/portaleducacao.guarulhos.sp.gov.br\/wp_site\/saberesemcasa\/wp-content\/uploads\/sites\/6\/2021\/10\/era_uma_vez-298x300.png 298w, http:\/\/portaleducacao.guarulhos.sp.gov.br\/wp_site\/saberesemcasa\/wp-content\/uploads\/sites\/6\/2021\/10\/era_uma_vez-150x150.png 150w, http:\/\/portaleducacao.guarulhos.sp.gov.br\/wp_site\/saberesemcasa\/wp-content\/uploads\/sites\/6\/2021\/10\/era_uma_vez-75x75.png 75w\" sizes=\"(max-width: 338px) 100vw, 338px\" \/><\/a><\/figure><\/div>\n\n\n<p class=\"has-text-align-center\"><strong><a href=\"https:\/\/anchor.fm\/eraumavezumpodcast\/episodes\/A-rvore-Generosa-e123s3l\/a-a5p5brg\">Epis\u00f3dio: A \u00c1rvore Generosa<\/a><\/strong><\/p>\n<\/div>\n\n\n\n<div class=\"wp-container-55 wp-block-column\">\n<figure class=\"wp-block-image alignwide size-large\"><a href=\"https:\/\/artsandculture.google.com\/partner\/inhotim?hl=pt-br\"><img loading=\"lazy\" width=\"486\" height=\"299\" src=\"http:\/\/portaleducacao.guarulhos.sp.gov.br\/wp_site\/saberesemcasa\/wp-content\/uploads\/sites\/6\/2021\/10\/Inhotim.png\" alt=\"\" class=\"wp-image-1772\" srcset=\"http:\/\/portaleducacao.guarulhos.sp.gov.br\/wp_site\/saberesemcasa\/wp-content\/uploads\/sites\/6\/2021\/10\/Inhotim.png 486w, http:\/\/portaleducacao.guarulhos.sp.gov.br\/wp_site\/saberesemcasa\/wp-content\/uploads\/sites\/6\/2021\/10\/Inhotim-300x185.png 300w\" sizes=\"(max-width: 486px) 100vw, 486px\" \/><\/a><\/figure>\n\n\n\n<p><strong><a href=\"https:\/\/artsandculture.google.com\/partner\/inhotim?hl=pt-br\">Exposi\u00e7\u00e3o Virtual <br>O Instituto Inhotim<\/a><\/strong><br><br>Localizado em Brumadinho, a 60 quil\u00f4metros de Belo Horizonte, o Instituto Inhotim conta com uma \u00e1rea de 140 hectares de visita\u00e7\u00e3o, composta por floresta, jardim bot\u00e2nico e uma cole\u00e7\u00e3o de arte internacionalmente reconhecida. Inhotim possui galerias dedicadas a exposi\u00e7\u00f5es individuais de artistas, obras externas permanentes e as galerias Fonte, Lago, Mata, Pra\u00e7a e Galp\u00e3o, que recebem exposi\u00e7\u00f5es tempor\u00e1rias de obras que integram a cole\u00e7\u00e3o de arte contempor\u00e2nea. Atualmente, conta com mais de 700 trabalhos de cerca de 200 artistas de diferentes pa\u00edses do mundo.<\/p>\n<\/div>\n<\/div>\n\n\n\n<div class=\"wp-container-60 wp-block-columns\">\n<div class=\"wp-container-57 wp-block-column\">\n<p class=\"has-text-align-center\"><strong>Os cinco sentidos para crian\u00e7as<\/strong><br><\/p>\n\n\n\n<figure class=\"wp-block-embed is-type-video is-provider-youtube wp-block-embed-youtube wp-embed-aspect-16-9 wp-has-aspect-ratio\"><div class=\"wp-block-embed__wrapper\">\n <iframe loading=\"lazy\" title=\"Os cinco sentidos para crian\u00e7as - Educa\u00e7\u00e3o Infantil\" width=\"870\" height=\"489\" src=\"https:\/\/www.youtube.com\/embed\/z-Y4UaMWbMk?feature=oembed\" frameborder=\"0\" allow=\"accelerometer; autoplay; clipboard-write; encrypted-media; gyroscope; picture-in-picture\" allowfullscreen><\/iframe>\n<\/div><\/figure>\n<\/div>\n\n\n\n<div class=\"wp-container-58 wp-block-column\">\n<p class=\"has-text-align-center\"><strong>Hist\u00f3ria contada &#8211; A folha de papel que queria ser um barquinho<\/strong><\/p>\n\n\n\n<figure class=\"wp-block-embed is-type-video is-provider-youtube wp-block-embed-youtube wp-embed-aspect-16-9 wp-has-aspect-ratio\"><div class=\"wp-block-embed__wrapper\">\n<iframe loading=\"lazy\" title=\"Hist\u00f3ria Contada\/Infantil - A Folha De Papel Que Queria Ser Um Barquinho - Mundo Serelepe\" width=\"870\" height=\"489\" src=\"https:\/\/www.youtube.com\/embed\/QxQjqiTOhFI?feature=oembed\" frameborder=\"0\" allow=\"accelerometer; autoplay; clipboard-write; encrypted-media; gyroscope; picture-in-picture\" allowfullscreen><\/iframe>\n<\/div><\/figure>\n<\/div>\n\n\n\n<div class=\"wp-container-59 wp-block-column\">\n<p class=\"has-text-align-center\"><strong>Assim \u00e9 Ser Crian\u00e7a.<\/strong><br><\/p>\n\n\n\n<figure class=\"wp-block-embed is-type-video is-provider-youtube wp-block-embed-youtube wp-embed-aspect-16-9 wp-has-aspect-ratio\"><div class=\"wp-block-embed__wrapper\">\n<iframe loading=\"lazy\" title=\"Mundo Bita - Assim \u00e9 Ser Crian\u00e7a [clipe infantil]\" width=\"870\" height=\"489\" src=\"https:\/\/www.youtube.com\/embed\/uUgv2bCnbv4?feature=oembed\" frameborder=\"0\" allow=\"accelerometer; autoplay; clipboard-write; encrypted-media; gyroscope; picture-in-picture\" allowfullscreen><\/iframe>\n<\/div><\/figure>\n<\/div>\n<\/div>\n\n\n\n<div class=\"wp-container-63 wp-block-columns\">\n<div class=\"wp-container-61 wp-block-column\">\n<p class=\"has-text-align-center\"><strong>Sin\u00f4nimos e ant\u00f4nimos. Qual \u00e9 a diferen\u00e7a entre sin\u00f4nimo e ant\u00f4nimo?<\/strong><\/p>\n\n\n\n<figure class=\"wp-block-embed is-type-video is-provider-youtube wp-block-embed-youtube wp-embed-aspect-16-9 wp-has-aspect-ratio\"><div class=\"wp-block-embed__wrapper\">\n<iframe loading=\"lazy\" title=\"SIN\u00d4NIMOS E ANT\u00d4NIMOS | Recopila\u00e7\u00e3o | Qual \u00e9 a diferen\u00e7a entre sin\u00f4nimo e ant\u00f4nimo?\" width=\"870\" height=\"489\" src=\"https:\/\/www.youtube.com\/embed\/seAN1_Tg5HI?feature=oembed\" frameborder=\"0\" allow=\"accelerometer; autoplay; clipboard-write; encrypted-media; gyroscope; picture-in-picture\" allowfullscreen><\/iframe>\n<\/div><\/figure>\n<\/div>\n\n\n\n<div class=\"wp-container-62 wp-block-column\">\n<p class=\"has-text-align-center\"><strong>Como escovar os dentes?<\/strong><\/p>\n\n\n\n<figure class=\"wp-block-embed is-type-video is-provider-youtube wp-block-embed-youtube wp-embed-aspect-16-9 wp-has-aspect-ratio\"><div class=\"wp-block-embed__wrapper\">\n<iframe loading=\"lazy\" title=\"Como escovar os dentes? - Escovar os dentes para crian\u00e7as\" width=\"870\" height=\"489\" src=\"https:\/\/www.youtube.com\/embed\/qHI-CybmJOM?feature=oembed\" frameborder=\"0\" allow=\"accelerometer; autoplay; clipboard-write; encrypted-media; gyroscope; picture-in-picture\" allowfullscreen><\/iframe>\n<\/div><\/figure>\n<\/div>\n<\/div>\n\n\n\n<div class=\"wp-container-66 wp-block-columns\">\n<div class=\"wp-container-64 wp-block-column\">\n<p class=\"has-text-align-center\"><strong>Geografia: Trajeto de casa at\u00e9 a Escola. Primeiro Passo.<\/strong><\/p>\n\n\n\n<figure class=\"wp-block-embed is-type-video is-provider-youtube wp-block-embed-youtube wp-embed-aspect-16-9 wp-has-aspect-ratio\"><div class=\"wp-block-embed__wrapper\">\n<iframe loading=\"lazy\" title=\"Geografia -Trajeto de casa at\u00e9 a Escola\" width=\"870\" height=\"489\" src=\"https:\/\/www.youtube.com\/embed\/Pyh-sSAkELY?feature=oembed\" frameborder=\"0\" allow=\"accelerometer; autoplay; clipboard-write; encrypted-media; gyroscope; picture-in-picture\" allowfullscreen><\/iframe>\n<\/div><\/figure>\n<\/div>\n\n\n\n<div class=\"wp-container-65 wp-block-column\">\n<p class=\"has-text-align-center\"><strong>As casas da unidade e da dezena.<\/strong><\/p>\n\n\n\n<figure class=\"wp-block-embed is-type-video is-provider-youtube wp-block-embed-youtube wp-embed-aspect-16-9 wp-has-aspect-ratio\"><div class=\"wp-block-embed__wrapper\">\n https:\/\/youtu.be\/OU_ip5_Bl4Y\n<\/div><\/figure>\n<\/div>\n<\/div>\n\n\n\n<div class=\"wp-container-69 wp-block-columns\">\n<div class=\"wp-container-67 wp-block-column\" style=\"flex-basis:33.33%\">\n<figure class=\"wp-block-image size-large\"><a href=\"https:\/\/anchor.fm\/eraumavezumpodcast\/episodes\/A-Menina-Diferente-e9m8s1\/a-a170pa5\"><img loading=\"lazy\" width=\"330\" height=\"330\" src=\"http:\/\/portaleducacao.guarulhos.sp.gov.br\/wp_site\/saberesemcasa\/wp-content\/uploads\/sites\/6\/2021\/08\/Era_uma_vez.png\" alt=\"\" class=\"wp-image-1691\" srcset=\"http:\/\/portaleducacao.guarulhos.sp.gov.br\/wp_site\/saberesemcasa\/wp-content\/uploads\/sites\/6\/2021\/08\/Era_uma_vez.png 330w, http:\/\/portaleducacao.guarulhos.sp.gov.br\/wp_site\/saberesemcasa\/wp-content\/uploads\/sites\/6\/2021\/08\/Era_uma_vez-300x300.png 300w, http:\/\/portaleducacao.guarulhos.sp.gov.br\/wp_site\/saberesemcasa\/wp-content\/uploads\/sites\/6\/2021\/08\/Era_uma_vez-150x150.png 150w, http:\/\/portaleducacao.guarulhos.sp.gov.br\/wp_site\/saberesemcasa\/wp-content\/uploads\/sites\/6\/2021\/08\/Era_uma_vez-75x75.png 75w\" sizes=\"(max-width: 330px) 100vw, 330px\" \/><\/a><\/figure>\n<\/div>\n\n\n\n<div class=\"wp-container-68 wp-block-column\" style=\"flex-basis:66.66%\">\n<p><strong><a href=\"https:\/\/anchor.fm\/eraumavezumpodcast\/episodes\/A-Menina-Diferente-e9m8s1\/a-a170pa5\">Era Uma Vez Um Podcast<\/a><\/strong><br>A Menina Diferente<br><\/p>\n<\/div>\n<\/div>\n\n\n\n<div class=\"wp-container-72 wp-block-columns\">\n<div class=\"wp-container-70 wp-block-column\">\n<p class=\"has-text-align-center\"><strong>AS CRIAN\u00c7AS PELO MUNDO-BRASIL &#8211; APRENDI COM A MAM\u00c3E<\/strong><\/p>\n\n\n\n<figure class=\"wp-block-embed is-type-video is-provider-youtube wp-block-embed-youtube wp-embed-aspect-16-9 wp-has-aspect-ratio\"><div class=\"wp-block-embed__wrapper\">\n<iframe loading=\"lazy\" title=\"AS CRIAN\u00c7AS PELO MUNDO-BRASIL- 1 ANO-para educa\u00e7\u00e3o infantil\" width=\"870\" height=\"489\" src=\"https:\/\/www.youtube.com\/embed\/Wsz2Dxadilk?feature=oembed\" frameborder=\"0\" allow=\"accelerometer; autoplay; clipboard-write; encrypted-media; gyroscope; picture-in-picture\" allowfullscreen><\/iframe>\n<\/div><\/figure>\n<\/div>\n\n\n\n<div class=\"wp-container-71 wp-block-column\">\n<p class=\"has-text-align-center\"><strong>Normal \u00c9 Ser Diferente<\/strong><\/p>\n\n\n\n<figure class=\"wp-block-embed is-type-video is-provider-youtube wp-block-embed-youtube wp-embed-aspect-16-9 wp-has-aspect-ratio\"><div class=\"wp-block-embed__wrapper\">\n<iframe loading=\"lazy\" title=\"Normal \u00c9 Ser Diferente - Grandes Pequeninos\" width=\"870\" height=\"489\" src=\"https:\/\/www.youtube.com\/embed\/oueAfq_XJrg?feature=oembed\" frameborder=\"0\" allow=\"accelerometer; autoplay; clipboard-write; encrypted-media; gyroscope; picture-in-picture\" allowfullscreen><\/iframe>\n<\/div><\/figure>\n<\/div>\n<\/div>\n\n\n\n<div class=\"wp-container-75 wp-block-columns\">\n<div class=\"wp-container-73 wp-block-column\">\n<p class=\"has-text-align-center\"><strong>Quem sou eu?<\/strong><\/p>\n\n\n\n<figure class=\"wp-block-embed is-type-video is-provider-youtube wp-block-embed-youtube wp-embed-aspect-4-3 wp-has-aspect-ratio\"><div class=\"wp-block-embed__wrapper\">\n<iframe loading=\"lazy\" title=\"Livro: Quem sou eu?\" width=\"870\" height=\"653\" src=\"https:\/\/www.youtube.com\/embed\/eNavhSyD_RU?feature=oembed\" frameborder=\"0\" allow=\"accelerometer; autoplay; clipboard-write; encrypted-media; gyroscope; picture-in-picture\" allowfullscreen><\/iframe>\n<\/div><\/figure>\n<\/div>\n\n\n\n<div class=\"wp-container-74 wp-block-column\">\n<p class=\"has-text-align-center\"><strong>Hora da hist\u00f3ria<\/strong><\/p>\n\n\n\n<figure class=\"wp-block-embed is-type-video is-provider-youtube wp-block-embed-youtube wp-embed-aspect-16-9 wp-has-aspect-ratio\"><div class=\"wp-block-embed__wrapper\">\n<iframe loading=\"lazy\" title=\"Hora da hist\u00f3ria: Tudo bem ser diferente\" width=\"870\" height=\"489\" src=\"https:\/\/www.youtube.com\/embed\/93ru_H77BiE?feature=oembed\" frameborder=\"0\" allow=\"accelerometer; autoplay; clipboard-write; encrypted-media; gyroscope; picture-in-picture\" allowfullscreen><\/iframe>\n<\/div><\/figure>\n<\/div>\n<\/div>\n\n\n\n<div class=\"wp-container-78 wp-block-columns\">\n<div class=\"wp-container-76 wp-block-column\">\n<p class=\"has-text-align-center\"><strong>Turma da M\u00f4nica &#8211; Estatuto da Crian\u00e7a e do Adolescente | ECA.<\/strong><\/p>\n\n\n\n<figure class=\"wp-block-embed is-type-video is-provider-youtube wp-block-embed-youtube wp-embed-aspect-16-9 wp-has-aspect-ratio\"><div class=\"wp-block-embed__wrapper\">\nhttps:\/\/youtu.be\/l1gR1YxsbUs\n<\/div><\/figure>\n<\/div>\n\n\n\n<div class=\"wp-container-77 wp-block-column\">\n<p class=\"has-text-align-center\"><strong>O MEU NOME EU VOU FALAR<\/strong><\/p>\n\n\n\n<figure class=\"wp-block-embed is-type-video is-provider-youtube wp-block-embed-youtube wp-embed-aspect-16-9 wp-has-aspect-ratio\"><div class=\"wp-block-embed__wrapper\">\n<iframe loading=\"lazy\" title=\"O MEU NOME EU VOU FALAR | M\u00fasica de identidade para a educa\u00e7\u00e3o infantil\" width=\"870\" height=\"489\" src=\"https:\/\/www.youtube.com\/embed\/gqZJI7zo8Ek?feature=oembed\" frameborder=\"0\" allow=\"accelerometer; autoplay; clipboard-write; encrypted-media; gyroscope; picture-in-picture\" allowfullscreen><\/iframe>\n<\/div><\/figure>\n<\/div>\n<\/div>\n\n\n\n<div class=\"wp-container-82 wp-block-columns\">\n<div class=\"wp-container-79 wp-block-column\">\n<p class=\"has-text-align-center\"><strong>Os direitos das crian\u00e7as segundo Ruth Rocha<\/strong><\/p>\n\n\n\n<figure class=\"wp-block-embed is-type-video is-provider-youtube wp-block-embed-youtube wp-embed-aspect-16-9 wp-has-aspect-ratio\"><div class=\"wp-block-embed__wrapper\">\n <iframe loading=\"lazy\" title=\"Os Direitos das crian\u00e7as segundo Ruth Rocha\/Poema  Dia das crian\u00e7as-Video com anima\u00e7ao\" width=\"870\" height=\"489\" src=\"https:\/\/www.youtube.com\/embed\/3P3-rg8Dw0c?feature=oembed\" frameborder=\"0\" allow=\"accelerometer; autoplay; clipboard-write; encrypted-media; gyroscope; picture-in-picture\" allowfullscreen><\/iframe>\n<\/div><\/figure>\n<\/div>\n\n\n\n<div class=\"wp-container-81 wp-block-column\">\n<p class=\"has-text-align-center\"><strong>Qual \u00e9 a Letra do Seu Nome?<\/strong><\/p>\n\n\n\n<figure class=\"wp-block-embed is-type-video is-provider-youtube wp-block-embed-youtube wp-embed-aspect-16-9 wp-has-aspect-ratio\"><div class=\"wp-block-embed__wrapper\">\n<iframe loading=\"lazy\" title=\"A Turma do Seu Lobato - Qual \u00e9 a Letra do Seu Nome? (Volume 3 - m\u00fasica infantil)\" width=\"870\" height=\"489\" src=\"https:\/\/www.youtube.com\/embed\/CtOxUoEO4ks?feature=oembed\" frameborder=\"0\" allow=\"accelerometer; autoplay; clipboard-write; encrypted-media; gyroscope; picture-in-picture\" allowfullscreen><\/iframe>\n<\/div><\/figure>\n\n\n\n<div class=\"wp-container-80 wp-block-columns\"><\/div>\n<\/div>\n<\/div>\n\n\n\n<div class=\"wp-container-85 wp-block-columns\">\n<div class=\"wp-container-83 wp-block-column\">\n<p class=\"has-text-align-center\"><strong>Museu da Pessoa<\/strong><\/p>\n\n\n\n<figure class=\"wp-block-image size-large is-resized\"><a href=\"https:\/\/museudapessoa.org\/\"><img loading=\"lazy\" src=\"http:\/\/portaleducacao.guarulhos.sp.gov.br\/wp_site\/saberesemcasa\/wp-content\/uploads\/sites\/6\/2021\/08\/museu_da_pessoa-1.png\" alt=\"\" class=\"wp-image-1684\" width=\"543\" height=\"329\" srcset=\"http:\/\/portaleducacao.guarulhos.sp.gov.br\/wp_site\/saberesemcasa\/wp-content\/uploads\/sites\/6\/2021\/08\/museu_da_pessoa-1.png 483w, http:\/\/portaleducacao.guarulhos.sp.gov.br\/wp_site\/saberesemcasa\/wp-content\/uploads\/sites\/6\/2021\/08\/museu_da_pessoa-1-300x182.png 300w\" sizes=\"(max-width: 543px) 100vw, 543px\" \/><\/a><\/figure>\n\n\n\n<p>\u00c9 um museu virtual e colaborativo de hist\u00f3rias de vida aberto \u00e0 participa\u00e7\u00e3o de toda pessoa. Aqui voc\u00ea pode contar sua hist\u00f3ria, organizar suas pr\u00f3prias cole\u00e7\u00f5es e conhecer hist\u00f3rias de pessoas de todas idades, ra\u00e7as, credos e profiss\u00f5es do Brasil.<\/p>\n<\/div>\n\n\n\n<div class=\"wp-container-84 wp-block-column\">\n<p class=\"has-text-align-center\"><strong>Dicion\u00e1rio de Nomes Pr\u00f3prios<\/strong><\/p>\n\n\n\n<figure class=\"wp-block-image size-large is-resized\"><a href=\"https:\/\/www.dicionariodenomesproprios.com.br\/nomes-masculinos\/\"><img loading=\"lazy\" src=\"http:\/\/portaleducacao.guarulhos.sp.gov.br\/wp_site\/saberesemcasa\/wp-content\/uploads\/sites\/6\/2021\/08\/dicionario_de_nomes-01.jpg\" alt=\"\" class=\"wp-image-1686\" width=\"372\" height=\"372\" srcset=\"http:\/\/portaleducacao.guarulhos.sp.gov.br\/wp_site\/saberesemcasa\/wp-content\/uploads\/sites\/6\/2021\/08\/dicionario_de_nomes-01.jpg 626w, http:\/\/portaleducacao.guarulhos.sp.gov.br\/wp_site\/saberesemcasa\/wp-content\/uploads\/sites\/6\/2021\/08\/dicionario_de_nomes-01-300x300.jpg 300w, http:\/\/portaleducacao.guarulhos.sp.gov.br\/wp_site\/saberesemcasa\/wp-content\/uploads\/sites\/6\/2021\/08\/dicionario_de_nomes-01-150x150.jpg 150w, http:\/\/portaleducacao.guarulhos.sp.gov.br\/wp_site\/saberesemcasa\/wp-content\/uploads\/sites\/6\/2021\/08\/dicionario_de_nomes-01-75x75.jpg 75w, http:\/\/portaleducacao.guarulhos.sp.gov.br\/wp_site\/saberesemcasa\/wp-content\/uploads\/sites\/6\/2021\/08\/dicionario_de_nomes-01-444x444.jpg 444w\" sizes=\"(max-width: 372px) 100vw, 372px\" \/><\/a><\/figure>\n\n\n\n<p><\/p>\n<\/div>\n<\/div>\n\n\n\n<div class=\"wp-container-88 wp-block-columns\">\n<div class=\"wp-container-86 wp-block-column\" style=\"flex-basis:32%\"><div class=\"wp-block-image\">\n<figure class=\"aligncenter size-large is-resized\"><a href=\"https:\/\/anchor.fm\/eraumavezumpodcast\/episodes\/Lenda-Viva----Viva-As-Lendas----Folclore-Brasileiro-e9m91h\/a-a170rbf\"><img loading=\"lazy\" src=\"http:\/\/portaleducacao.guarulhos.sp.gov.br\/wp_site\/saberesemcasa\/wp-content\/uploads\/sites\/6\/2021\/06\/Era-uma-vez-1.jpg\" alt=\"\" class=\"wp-image-1534\" width=\"334\" height=\"332\" srcset=\"http:\/\/portaleducacao.guarulhos.sp.gov.br\/wp_site\/saberesemcasa\/wp-content\/uploads\/sites\/6\/2021\/06\/Era-uma-vez-1.jpg 334w, http:\/\/portaleducacao.guarulhos.sp.gov.br\/wp_site\/saberesemcasa\/wp-content\/uploads\/sites\/6\/2021\/06\/Era-uma-vez-1-300x298.jpg 300w, http:\/\/portaleducacao.guarulhos.sp.gov.br\/wp_site\/saberesemcasa\/wp-content\/uploads\/sites\/6\/2021\/06\/Era-uma-vez-1-150x150.jpg 150w, http:\/\/portaleducacao.guarulhos.sp.gov.br\/wp_site\/saberesemcasa\/wp-content\/uploads\/sites\/6\/2021\/06\/Era-uma-vez-1-75x75.jpg 75w\" sizes=\"(max-width: 334px) 100vw, 334px\" \/><\/a><\/figure><\/div><\/div>\n\n\n\n<div class=\"wp-container-87 wp-block-column\">\n<p class=\"has-text-align-left\"><strong><a href=\"https:\/\/anchor.fm\/eraumavezumpodcast\/episodes\/Lenda-Viva----Viva-As-Lendas----Folclore-Brasileiro-e9m91h\/a-a170rbf\">Era Uma Vez Um Podcast<\/a><\/strong><br>Epis\u00f3dio: Lenda Viva&#8230; Viva As Lendas!<\/p>\n<\/div>\n<\/div>\n\n\n\n<div class=\"wp-container-91 wp-block-columns\">\n<div class=\"wp-container-89 wp-block-column\" style=\"flex-basis:33.33%\">\n<figure class=\"wp-block-image size-large is-resized\"><a href=\"https:\/\/www.eravirtualmuseuguarulhos.com.br\/\"><img loading=\"lazy\" src=\"http:\/\/portaleducacao.guarulhos.sp.gov.br\/wp_site\/saberesemcasa\/wp-content\/uploads\/sites\/6\/2021\/06\/era_virtual.jpg\" alt=\"\" class=\"wp-image-1530\" width=\"360\" height=\"77\" \/><\/a><\/figure>\n<\/div>\n\n\n\n<div class=\"wp-container-90 wp-block-column\" style=\"flex-basis:66.66%\">\n<p><strong><a href=\"https:\/\/www.eravirtualmuseuguarulhos.com.br\/quemsomos\">Era Virtual &#8211; Museu Guarulhos<\/a><\/strong><br>\u00c9 um projeto financiado pela Lei Aldir Blanc e tem como principal objetivo evidenciar a hist\u00f3ria da cidade de Guarulhos em seus aspectos culturais, geogr\u00e1ficos e hist\u00f3ricos por meio das ferramentas digitais e f\u00edsicas<\/p>\n<\/div>\n<\/div>\n\n\n\n<div class=\"wp-container-95 wp-block-columns\">\n<div class=\"wp-container-92 wp-block-column\">\n<p><strong>O Amigo Imagin\u00e1rio \u2013 De crian\u00e7a para crian\u00e7a.<\/strong><\/p>\n\n\n\n<figure class=\"wp-block-embed is-type-video is-provider-youtube wp-block-embed-youtube wp-embed-aspect-16-9 wp-has-aspect-ratio\"><div class=\"wp-block-embed__wrapper\">\n<iframe loading=\"lazy\" title=\"Na TV 08 | O Amigo Imagin\u00e1rio\" width=\"870\" height=\"489\" src=\"https:\/\/www.youtube.com\/embed\/nCiMS_JAUnk?feature=oembed\" frameborder=\"0\" allow=\"accelerometer; autoplay; clipboard-write; encrypted-media; gyroscope; picture-in-picture\" allowfullscreen><\/iframe>\n<\/div><\/figure>\n<\/div>\n\n\n\n<div class=\"wp-container-93 wp-block-column\">\n<p class=\"has-text-align-center\"><strong>Lendas Brasileiras com a Turma da M\u00f4nica<\/strong><\/p>\n\n\n\n<figure class=\"wp-block-embed is-type-video is-provider-youtube wp-block-embed-youtube wp-embed-aspect-16-9 wp-has-aspect-ratio\"><div class=\"wp-block-embed__wrapper\">\n<iframe loading=\"lazy\" title=\"Lendas Brasileiras com a Turma da M\u00f4nica\" width=\"870\" height=\"489\" src=\"https:\/\/www.youtube.com\/embed\/vuEyn1n5CLg?feature=oembed\" frameborder=\"0\" allow=\"accelerometer; autoplay; clipboard-write; encrypted-media; gyroscope; picture-in-picture\" allowfullscreen><\/iframe>\n<\/div><\/figure>\n<\/div>\n\n\n\n<div class=\"wp-container-94 wp-block-column\">\n<p class=\"has-text-align-center\"><strong>O que \u00e9 Folclore<\/strong><\/p>\n\n\n\n<figure class=\"wp-block-embed is-type-video is-provider-youtube wp-block-embed-youtube wp-embed-aspect-16-9 wp-has-aspect-ratio\"><div class=\"wp-block-embed__wrapper\">\n<iframe loading=\"lazy\" title=\"Quintal da Cultura -O que \u00e9 Folclore?\" width=\"870\" height=\"489\" src=\"https:\/\/www.youtube.com\/embed\/fslWQYxwyyE?feature=oembed\" frameborder=\"0\" allow=\"accelerometer; autoplay; clipboard-write; encrypted-media; gyroscope; picture-in-picture\" allowfullscreen><\/iframe>\n<\/div><\/figure>\n<\/div>\n<\/div>\n\n\n\n<div class=\"wp-container-99 wp-block-columns\">\n<div class=\"wp-container-96 wp-block-column\">\n<p class=\"has-text-align-center\"><strong>Inclus\u00e3o de uma crian\u00e7a<\/strong><br><strong>deficiente na escola<\/strong><\/p>\n\n\n\n<figure class=\"wp-block-embed is-type-video is-provider-youtube wp-block-embed-youtube wp-embed-aspect-16-9 wp-has-aspect-ratio\"><div class=\"wp-block-embed__wrapper\">\n<iframe loading=\"lazy\" title=\"Inclus\u00e3o de uma crian\u00e7a deficiente na escola - Anima\u00e7\u00e3o\" width=\"870\" height=\"489\" src=\"https:\/\/www.youtube.com\/embed\/Bz1LAj3kt6s?feature=oembed\" frameborder=\"0\" allow=\"accelerometer; autoplay; clipboard-write; encrypted-media; gyroscope; picture-in-picture\" allowfullscreen><\/iframe>\n<\/div><\/figure>\n<\/div>\n\n\n\n<div class=\"wp-container-97 wp-block-column\">\n<p class=\"has-text-align-center\"><strong>Tecnologia II &#8211; Vocabul\u00e1rio para crian\u00e7as.<\/strong><\/p>\n\n\n\n<figure class=\"wp-block-embed is-type-video is-provider-youtube wp-block-embed-youtube wp-embed-aspect-16-9 wp-has-aspect-ratio\"><div class=\"wp-block-embed__wrapper\">\n<iframe loading=\"lazy\" title=\"Tecnologia II - Vocabul\u00e1rio para crian\u00e7as\" width=\"870\" height=\"489\" src=\"https:\/\/www.youtube.com\/embed\/g0-Yz1g31ig?feature=oembed\" frameborder=\"0\" allow=\"accelerometer; autoplay; clipboard-write; encrypted-media; gyroscope; picture-in-picture\" allowfullscreen><\/iframe>\n<\/div><\/figure>\n<\/div>\n\n\n\n<div class=\"wp-container-98 wp-block-column\">\n<p class=\"has-text-align-center\"><strong>Profiss\u00f5es II &#8211; Vocabul\u00e1rio para crian\u00e7as<\/strong><\/p>\n\n\n\n<figure class=\"wp-block-embed is-type-video is-provider-youtube wp-block-embed-youtube wp-embed-aspect-16-9 wp-has-aspect-ratio\"><div class=\"wp-block-embed__wrapper\">\n<iframe loading=\"lazy\" title=\"Profiss\u00f5es II - Vocabul\u00e1rio para crian\u00e7as\" width=\"870\" height=\"489\" src=\"https:\/\/www.youtube.com\/embed\/p4FtE3A2t3A?feature=oembed\" frameborder=\"0\" allow=\"accelerometer; autoplay; clipboard-write; encrypted-media; gyroscope; picture-in-picture\" allowfullscreen><\/iframe>\n<\/div><\/figure>\n<\/div>\n<\/div>\n\n\n\n<div class=\"wp-container-103 wp-block-columns\">\n<div class=\"wp-container-100 wp-block-column\">\n<p class=\"has-text-align-center\"><strong>Veja um formigueiro por dentro!<\/strong><\/p>\n\n\n\n<figure class=\"wp-block-embed is-type-video is-provider-youtube wp-block-embed-youtube wp-embed-aspect-16-9 wp-has-aspect-ratio\"><div class=\"wp-block-embed__wrapper\">\n<iframe loading=\"lazy\" title=\"Veja um FORMIGUEIRO por DENTRO! #Borav\u00ea\" width=\"870\" height=\"489\" src=\"https:\/\/www.youtube.com\/embed\/sN99x_Rjf90?feature=oembed\" frameborder=\"0\" allow=\"accelerometer; autoplay; clipboard-write; encrypted-media; gyroscope; picture-in-picture\" allowfullscreen><\/iframe>\n<\/div><\/figure>\n<\/div>\n\n\n\n<div class=\"wp-container-101 wp-block-column\">\n<p class=\"has-text-align-center\"><strong>O ciclo da \u00e1gua<\/strong><\/p>\n\n\n\n<figure class=\"wp-block-embed is-type-video is-provider-youtube wp-block-embed-youtube wp-embed-aspect-4-3 wp-has-aspect-ratio\"><div class=\"wp-block-embed__wrapper\">\n<iframe loading=\"lazy\" title=\"o ciclo da \u00e1gua\" width=\"870\" height=\"653\" src=\"https:\/\/www.youtube.com\/embed\/g26Wk4gpkws?feature=oembed\" frameborder=\"0\" allow=\"accelerometer; autoplay; clipboard-write; encrypted-media; gyroscope; picture-in-picture\" allowfullscreen><\/iframe>\n<\/div><\/figure>\n<\/div>\n\n\n\n<div class=\"wp-container-102 wp-block-column\">\n<p class=\"has-text-align-center\"><strong>Linhas e Letrinhas<\/strong><\/p>\n\n\n\n<figure class=\"wp-block-embed is-type-video is-provider-youtube wp-block-embed-youtube wp-embed-aspect-16-9 wp-has-aspect-ratio\"><div class=\"wp-block-embed__wrapper\">\n<iframe loading=\"lazy\" title=\"Palavra Cantada | Linhas e Letrinhas\" width=\"870\" height=\"489\" src=\"https:\/\/www.youtube.com\/embed\/ZpA64xZ2LW0?feature=oembed\" frameborder=\"0\" allow=\"accelerometer; autoplay; clipboard-write; encrypted-media; gyroscope; picture-in-picture\" allowfullscreen><\/iframe>\n<\/div><\/figure>\n<\/div>\n<\/div>\n\n\n\n<div class=\"wp-container-106 wp-block-columns\">\n<div class=\"wp-container-104 wp-block-column\">\n<p class=\"has-text-align-center\"><strong>A Casa Que Rimava<\/strong><\/p>\n\n\n\n<figure class=\"wp-block-embed is-type-video is-provider-youtube wp-block-embed-youtube wp-embed-aspect-16-9 wp-has-aspect-ratio\"><div class=\"wp-block-embed__wrapper\">\n<iframe loading=\"lazy\" title=\"A CASA QUE RIMAVA\" width=\"870\" height=\"489\" src=\"https:\/\/www.youtube.com\/embed\/QSxX5x20leI?feature=oembed\" frameborder=\"0\" allow=\"accelerometer; autoplay; clipboard-write; encrypted-media; gyroscope; picture-in-picture\" allowfullscreen><\/iframe>\n<\/div><\/figure>\n<\/div>\n\n\n\n<div class=\"wp-container-105 wp-block-column\">\n<p class=\"has-text-align-center\"><strong>Podcast<\/strong>: Amizade em Forma de Cora\u00e7\u00e3o<\/p>\n\n\n<div class=\"wp-block-image\">\n<figure class=\"aligncenter size-large\"><a href=\"https:\/\/anchor.fm\/eraumavezumpodcast\/episodes\/Amizade-em-Forma-de-Corao-esoavu\/a-a4v1n3m\"><img loading=\"lazy\" width=\"338\" height=\"339\" src=\"http:\/\/portaleducacao.guarulhos.sp.gov.br\/wp_site\/saberesemcasa\/wp-content\/uploads\/sites\/6\/2021\/05\/Era-Uma-Vez-Um-Podcast-1.jpg\" alt=\"\" class=\"wp-image-1324\" srcset=\"http:\/\/portaleducacao.guarulhos.sp.gov.br\/wp_site\/saberesemcasa\/wp-content\/uploads\/sites\/6\/2021\/05\/Era-Uma-Vez-Um-Podcast-1.jpg 338w, http:\/\/portaleducacao.guarulhos.sp.gov.br\/wp_site\/saberesemcasa\/wp-content\/uploads\/sites\/6\/2021\/05\/Era-Uma-Vez-Um-Podcast-1-300x300.jpg 300w, http:\/\/portaleducacao.guarulhos.sp.gov.br\/wp_site\/saberesemcasa\/wp-content\/uploads\/sites\/6\/2021\/05\/Era-Uma-Vez-Um-Podcast-1-150x150.jpg 150w, http:\/\/portaleducacao.guarulhos.sp.gov.br\/wp_site\/saberesemcasa\/wp-content\/uploads\/sites\/6\/2021\/05\/Era-Uma-Vez-Um-Podcast-1-75x75.jpg 75w\" sizes=\"(max-width: 338px) 100vw, 338px\" \/><\/a><\/figure><\/div><\/div>\n<\/div>\n\n\n\n<div class=\"wp-container-110 wp-block-columns\">\n<div class=\"wp-container-107 wp-block-column\">\n<p class=\"has-text-align-center\"><strong>Confabulando Hist\u00f3rias<\/strong><\/p>\n\n\n\n<figure class=\"wp-block-embed is-type-video is-provider-youtube wp-block-embed-youtube wp-embed-aspect-16-9 wp-has-aspect-ratio\"><div class=\"wp-block-embed__wrapper\">\n<iframe loading=\"lazy\" title=\"Poemas da Cec\u00edlia Meireles\" width=\"870\" height=\"489\" src=\"https:\/\/www.youtube.com\/embed\/akPlKM0u5bo?feature=oembed\" frameborder=\"0\" allow=\"accelerometer; autoplay; clipboard-write; encrypted-media; gyroscope; picture-in-picture\" allowfullscreen><\/iframe>\n<\/div><\/figure>\n<\/div>\n\n\n\n<div class=\"wp-container-108 wp-block-column\">\n<p class=\"has-text-align-center\"><strong>Quando as crian\u00e7as brincam<\/strong><\/p>\n\n\n\n<figure class=\"wp-block-embed is-type-video is-provider-youtube wp-block-embed-youtube wp-embed-aspect-16-9 wp-has-aspect-ratio\"><div class=\"wp-block-embed__wrapper\">\n<iframe loading=\"lazy\" title=\"Poesia de Fernando Pessoa &quot;Quando as crian\u00e7as brincam&quot;\" width=\"870\" height=\"489\" src=\"https:\/\/www.youtube.com\/embed\/vm8hl3gObsQ?feature=oembed\" frameborder=\"0\" allow=\"accelerometer; autoplay; clipboard-write; encrypted-media; gyroscope; picture-in-picture\" allowfullscreen title=\"Poesia de Fernando Pessoa \"Quando as crian\u00e7as brincam\"\"><\/iframe>\n<\/div><\/figure>\n<\/div>\n\n\n\n<div class=\"wp-container-109 wp-block-column\">\n<p class=\"has-text-align-center\"><strong>Assim Assado<\/strong><\/p>\n\n\n\n<figure class=\"wp-block-embed is-type-video is-provider-youtube wp-block-embed-youtube wp-embed-aspect-16-9 wp-has-aspect-ratio\"><div class=\"wp-block-embed__wrapper\">\n<iframe loading=\"lazy\" title=\"Palavra Cantada | Assim Assado\" width=\"870\" height=\"489\" src=\"https:\/\/www.youtube.com\/embed\/6O_cgx_IXPs?feature=oembed\" frameborder=\"0\" allow=\"accelerometer; autoplay; clipboard-write; encrypted-media; gyroscope; picture-in-picture\" allowfullscreen><\/iframe>\n<\/div><\/figure>\n\n\n\n<p><\/p>\n<\/div>\n<\/div>\n\n\n\n<div class=\"wp-container-114 wp-block-columns\">\n<div class=\"wp-container-111 wp-block-column\">\n<p class=\"has-text-align-center\"><strong>Aprenda a contar de 1 a 10<\/strong><\/p>\n\n\n\n<figure class=\"wp-block-embed is-type-video is-provider-youtube wp-block-embed-youtube wp-embed-aspect-16-9 wp-has-aspect-ratio\"><div class=\"wp-block-embed__wrapper\">\n<iframe loading=\"lazy\" title=\"Os n\u00fameros para crian\u00e7as - Aprenda a contar de 1 a 10\" width=\"870\" height=\"489\" src=\"https:\/\/www.youtube.com\/embed\/Kp4XnRSYHy4?feature=oembed\" frameborder=\"0\" allow=\"accelerometer; autoplay; clipboard-write; encrypted-media; gyroscope; picture-in-picture\" allowfullscreen><\/iframe>\n<\/div><\/figure>\n<\/div>\n\n\n\n<div class=\"wp-container-112 wp-block-column\">\n<p class=\"has-text-align-center\"><strong>Profiss\u00f5es I &#8211; Vocabul\u00e1rio para crian\u00e7as<\/strong><\/p>\n\n\n\n<figure class=\"wp-block-embed is-type-video is-provider-youtube wp-block-embed-youtube wp-embed-aspect-16-9 wp-has-aspect-ratio\"><div class=\"wp-block-embed__wrapper\">\n<iframe loading=\"lazy\" title=\"Profiss\u00f5es I - Vocabul\u00e1rio para crian\u00e7as\" width=\"870\" height=\"489\" src=\"https:\/\/www.youtube.com\/embed\/F4cvHvIKx7A?feature=oembed\" frameborder=\"0\" allow=\"accelerometer; autoplay; clipboard-write; encrypted-media; gyroscope; picture-in-picture\" allowfullscreen><\/iframe>\n<\/div><\/figure>\n<\/div>\n\n\n\n<div class=\"wp-container-113 wp-block-column\">\n<p class=\"has-text-align-center\"><strong>Tecnologia I &#8211; Vocabul\u00e1rio para crian\u00e7as<\/strong><\/p>\n\n\n\n<figure class=\"wp-block-embed is-type-video is-provider-youtube wp-block-embed-youtube wp-embed-aspect-16-9 wp-has-aspect-ratio\"><div class=\"wp-block-embed__wrapper\">\n<iframe loading=\"lazy\" title=\"Tecnologia I - Vocabul\u00e1rio para crian\u00e7as\" width=\"870\" height=\"489\" src=\"https:\/\/www.youtube.com\/embed\/7p4sNrGiTnY?feature=oembed\" frameborder=\"0\" allow=\"accelerometer; autoplay; clipboard-write; encrypted-media; gyroscope; picture-in-picture\" allowfullscreen><\/iframe>\n<\/div><\/figure>\n<\/div>\n<\/div>\n\n\n\n<div class=\"wp-container-118 wp-block-columns\">\n<div class=\"wp-container-115 wp-block-column\">\n<p class=\"has-text-align-center\"><strong>Tour Virtual &#8211; Aldeia 360<\/strong><\/p>\n\n\n\n<figure class=\"wp-block-image size-large\"><a href=\"https:\/\/www.aldeia360.art.br\/\"><img loading=\"lazy\" width=\"966\" height=\"435\" src=\"http:\/\/portaleducacao.guarulhos.sp.gov.br\/wp_site\/saberesemcasa\/wp-content\/uploads\/sites\/6\/2021\/05\/aldeia_360-1.jpg\" alt=\"\" class=\"wp-image-1322\" srcset=\"http:\/\/portaleducacao.guarulhos.sp.gov.br\/wp_site\/saberesemcasa\/wp-content\/uploads\/sites\/6\/2021\/05\/aldeia_360-1.jpg 966w, http:\/\/portaleducacao.guarulhos.sp.gov.br\/wp_site\/saberesemcasa\/wp-content\/uploads\/sites\/6\/2021\/05\/aldeia_360-1-300x135.jpg 300w, http:\/\/portaleducacao.guarulhos.sp.gov.br\/wp_site\/saberesemcasa\/wp-content\/uploads\/sites\/6\/2021\/05\/aldeia_360-1-768x346.jpg 768w\" sizes=\"(max-width: 966px) 100vw, 966px\" \/><\/a><\/figure>\n<\/div>\n\n\n\n<div class=\"wp-container-116 wp-block-column\">\n<p class=\"has-text-align-center\"><strong>Quintal da Cultura &#8211; Poesia no Varal<\/strong><\/p>\n\n\n\n<figure class=\"wp-block-embed is-type-video is-provider-youtube wp-block-embed-youtube wp-embed-aspect-16-9 wp-has-aspect-ratio\"><div class=\"wp-block-embed__wrapper\">\n<iframe loading=\"lazy\" title=\"Quintal da Cultura - Poesia no Varal\" width=\"870\" height=\"489\" src=\"https:\/\/www.youtube.com\/embed\/wxZUvZdBR8A?feature=oembed\" frameborder=\"0\" allow=\"accelerometer; autoplay; clipboard-write; encrypted-media; gyroscope; picture-in-picture\" allowfullscreen><\/iframe>\n<\/div><\/figure>\n<\/div>\n\n\n\n<div class=\"wp-container-117 wp-block-column\">\n<p class=\"has-text-align-center\"><strong>A Ma\u00e7\u00e3 da Lagarta<\/strong><\/p>\n\n\n\n<figure class=\"wp-block-embed is-type-video is-provider-youtube wp-block-embed-youtube wp-embed-aspect-16-9 wp-has-aspect-ratio\"><div class=\"wp-block-embed__wrapper\">\n<iframe loading=\"lazy\" title=\"Na TV 15 | A Ma\u00e7\u00e3 da Lagarta\" width=\"870\" height=\"489\" src=\"https:\/\/www.youtube.com\/embed\/yMOtZ4spaWo?feature=oembed\" frameborder=\"0\" allow=\"accelerometer; autoplay; clipboard-write; encrypted-media; gyroscope; picture-in-picture\" allowfullscreen><\/iframe>\n<\/div><\/figure>\n<\/div>\n<\/div>\n\n\n\n<div class=\"wp-container-121 wp-block-columns\">\n<div class=\"wp-container-119 wp-block-column\" style=\"flex-basis:33.33%\">\n<figure class=\"wp-block-image size-large is-resized\"><a href=\"https:\/\/www.portal.iteleport.com.br\/tour3d\/pinacoteca-de-sp-acervo-permanente\/\"><img loading=\"lazy\" src=\"http:\/\/portaleducacao.guarulhos.sp.gov.br\/wp_site\/saberesemcasa\/wp-content\/uploads\/sites\/6\/2021\/05\/pinacoteca.png\" alt=\"\" class=\"wp-image-1163\" width=\"282\" height=\"170\" \/><\/a><\/figure>\n<\/div>\n\n\n\n<div class=\"wp-container-120 wp-block-column\" style=\"flex-basis:66.66%\">\n<p><strong><a href=\"https:\/\/www.portal.iteleport.com.br\/tour3d\/pinacoteca-de-sp-acervo-permanente\/\">Tour Virtual | Pinacoteca de S\u00e3o Paulo<\/a><br><\/strong>A Pinacoteca do Estado de S\u00e3o Paulo \u00e9 um dos mais importantes museus de Arte do Brasil. Ocupa um edif\u00edcio constru\u00eddo em 1900, no Jardim da Luz, centro de S\u00e3o Paulo, projetado por Ramos de Azevedo e Domiziano Rossi para ser a sede do Liceu de Artes e Of\u00edcios.<\/p>\n<\/div>\n<\/div>\n\n\n\n<p class=\"has-text-align-center\"><strong>O Menino Que Superou o Medo<\/strong><\/p>\n\n\n\n<figure class=\"wp-block-embed is-type-video is-provider-youtube wp-block-embed-youtube wp-embed-aspect-16-9 wp-has-aspect-ratio\"><div class=\"wp-block-embed__wrapper\">\n<iframe loading=\"lazy\" title=\"Criando Juntos 48 | O Menino Que Superou o Medo\" width=\"870\" height=\"489\" src=\"https:\/\/www.youtube.com\/embed\/4W0WDihZtjU?feature=oembed\" frameborder=\"0\" allow=\"accelerometer; autoplay; clipboard-write; encrypted-media; gyroscope; picture-in-picture\" allowfullscreen><\/iframe>\n<\/div><\/figure>\n\n\n\n<p class=\"has-text-align-center\"><strong>Estou com Medo<\/strong><\/p>\n\n\n\n<figure class=\"wp-block-embed is-type-video is-provider-youtube wp-block-embed-youtube wp-embed-aspect-16-9 wp-has-aspect-ratio\"><div class=\"wp-block-embed__wrapper\">\n<iframe loading=\"lazy\" title=\"Estou com Medo - Historinha Infantil - Leitura de Livro para crian\u00e7a\" width=\"870\" height=\"489\" src=\"https:\/\/www.youtube.com\/embed\/Eic6E0PxYcQ?feature=oembed\" frameborder=\"0\" allow=\"accelerometer; autoplay; clipboard-write; encrypted-media; gyroscope; picture-in-picture\" allowfullscreen><\/iframe>\n<\/div><\/figure>\n\n\n\n<p class=\"has-text-align-center\"><strong>Quem tem medo de Monstro?<\/strong><\/p>\n\n\n\n<figure class=\"wp-block-embed is-type-video is-provider-youtube wp-block-embed-youtube wp-embed-aspect-16-9 wp-has-aspect-ratio\"><div class=\"wp-block-embed__wrapper\">\n<iframe loading=\"lazy\" title=\"Quem tem medo de Monstro? Ruth Rocha\" width=\"870\" height=\"489\" src=\"https:\/\/www.youtube.com\/embed\/B2M6lPURnsI?start=21&#038;feature=oembed\" frameborder=\"0\" allow=\"accelerometer; autoplay; clipboard-write; encrypted-media; gyroscope; picture-in-picture\" allowfullscreen><\/iframe>\n<\/div><\/figure>\n\n\n\n<p class=\"has-text-align-center\"><strong>Assombrados<\/strong><\/p>\n\n\n\n<figure class=\"wp-block-embed-youtube wp-block-embed is-type-rich is-provider-incorporar-manipulador wp-embed-aspect-16-9 wp-has-aspect-ratio\"><div class=\"wp-block-embed__wrapper\">\nhttps:\/\/youtube.com\/watch?v=jFF_tpXYg0k\n<\/div><\/figure>\n\n\n\n<p class=\"has-text-align-center\"><strong>Peixonauta, O caso da noite fantasma<\/strong><\/p>\n\n\n\n<figure class=\"wp-block-embed is-type-video is-provider-youtube wp-block-embed-youtube wp-embed-aspect-16-9 wp-has-aspect-ratio\"><div class=\"wp-block-embed__wrapper\">\n<iframe loading=\"lazy\" title=\"Peixonauta, O caso da noite fantasma\" width=\"870\" height=\"489\" src=\"https:\/\/www.youtube.com\/embed\/100Jeoir-aQ?feature=oembed\" frameborder=\"0\" allow=\"accelerometer; autoplay; clipboard-write; encrypted-media; gyroscope; picture-in-picture\" allowfullscreen><\/iframe>\n<\/div><\/figure>\n\n\n\n<p class=\"has-text-align-center\"><strong>Medo de Escuro<\/strong><\/p>\n\n\n\n<figure class=\"wp-block-embed is-type-video is-provider-youtube wp-block-embed-youtube wp-embed-aspect-16-9 wp-has-aspect-ratio\"><div class=\"wp-block-embed__wrapper\">\n<iframe loading=\"lazy\" title=\"Quintal da Cultura - Medo de Escuro\" width=\"870\" height=\"489\" src=\"https:\/\/www.youtube.com\/embed\/IHDzv13jV5o?feature=oembed\" frameborder=\"0\" allow=\"accelerometer; autoplay; clipboard-write; encrypted-media; gyroscope; picture-in-picture\" allowfullscreen><\/iframe>\n<\/div><\/figure>\n\n\n\n<p class=\"has-text-align-center\"><strong>De Onde Vem o Raio e o Trov\u00e3o? <\/strong><\/p>\n\n\n\n<figure class=\"wp-block-embed is-type-video is-provider-youtube wp-block-embed-youtube wp-embed-aspect-4-3 wp-has-aspect-ratio\"><div class=\"wp-block-embed__wrapper\">\n<iframe loading=\"lazy\" title=\"De Onde Vem o Raio e o Trovao? #Epis\u00f3dio 20\" width=\"870\" height=\"653\" src=\"https:\/\/www.youtube.com\/embed\/EjlNfH5z08w?list=PL5v4Q0bAYDH_r-AmUHJhE5jHzKzocf46c\" frameborder=\"0\" allow=\"accelerometer; autoplay; clipboard-write; encrypted-media; gyroscope; picture-in-picture\" allowfullscreen><\/iframe>\n<\/div><\/figure>\n\n\n\n<p class=\"has-text-align-center\"><strong>O que s\u00e3o os v\u00edrus?<\/strong><\/p>\n\n\n\n<figure class=\"wp-block-embed is-type-video is-provider-youtube wp-block-embed-youtube wp-embed-aspect-16-9 wp-has-aspect-ratio\"><div class=\"wp-block-embed__wrapper\">\n<iframe loading=\"lazy\" title=\"O que s\u00e3o os v\u00edrus? - Ci\u00eancias para crian\u00e7as\" width=\"870\" height=\"489\" src=\"https:\/\/www.youtube.com\/embed\/I5mRSKQoUkE?feature=oembed\" frameborder=\"0\" allow=\"accelerometer; autoplay; clipboard-write; encrypted-media; gyroscope; picture-in-picture\" allowfullscreen><\/iframe>\n<\/div><\/figure>\n\n\n\n<div class=\"wp-container-124 wp-block-columns\">\n<div class=\"wp-container-122 wp-block-column\">\n<p class=\"has-text-align-center\"><strong>Podcast | Sociologia para Crian\u00e7as<\/strong><br>De onde vem o Medo? Com &#8220;Monstros S.A&#8221; e &#8220;Onde Vivem os Monstros<\/p>\n\n\n<div class=\"wp-block-image\">\n<figure class=\"aligncenter size-large is-resized\"><a href=\"https:\/\/radiopublic.com\/sociologia-para-crianas-G27Llv\/s1!605ae\"><img loading=\"lazy\" src=\"http:\/\/portaleducacao.guarulhos.sp.gov.br\/wp_site\/saberesemcasa\/wp-content\/uploads\/sites\/6\/2021\/05\/socialogia_para_criancas-2.jpg\" alt=\"\" class=\"wp-image-1161\" width=\"340\" height=\"344\" srcset=\"http:\/\/portaleducacao.guarulhos.sp.gov.br\/wp_site\/saberesemcasa\/wp-content\/uploads\/sites\/6\/2021\/05\/socialogia_para_criancas-2.jpg 246w, http:\/\/portaleducacao.guarulhos.sp.gov.br\/wp_site\/saberesemcasa\/wp-content\/uploads\/sites\/6\/2021\/05\/socialogia_para_criancas-2-75x75.jpg 75w\" sizes=\"(max-width: 340px) 100vw, 340px\" \/><\/a><\/figure><\/div><\/div>\n\n\n\n<div class=\"wp-container-123 wp-block-column\">\n<p class=\"has-text-align-center\"><strong>Hist\u00f3ria da Floresta &#8211; Desenho animado<\/strong><\/p>\n\n\n\n<figure class=\"wp-block-embed is-type-video is-provider-youtube wp-block-embed-youtube wp-embed-aspect-16-9 wp-has-aspect-ratio\"><div class=\"wp-block-embed__wrapper\">\n<iframe loading=\"lazy\" title=\"Hist\u00f3ria da Floresta - Desenho animado\" width=\"870\" height=\"489\" src=\"https:\/\/www.youtube.com\/embed\/bG--i2Vuef8?feature=oembed\" frameborder=\"0\" allow=\"accelerometer; autoplay; clipboard-write; encrypted-media; gyroscope; picture-in-picture\" allowfullscreen><\/iframe>\n<\/div><\/figure>\n\n\n\n<p><\/p>\n<\/div>\n<\/div>\n\n\n\n<div class=\"wp-container-127 wp-block-columns\">\n<div class=\"wp-container-125 wp-block-column\"><div class=\"wp-block-image\">\n<figure class=\"alignleft size-large is-resized\"><a href=\"https:\/\/vila360.com.br\/tour\/mzusp\/\"><img loading=\"lazy\" src=\"http:\/\/portaleducacao.guarulhos.sp.gov.br\/wp_site\/saberesemcasa\/wp-content\/uploads\/sites\/6\/2021\/04\/logo_mzusp.gif\" alt=\"\" class=\"wp-image-959\" width=\"339\" height=\"350\" \/><\/a><\/figure><\/div><\/div>\n\n\n\n<div class=\"wp-container-126 wp-block-column\" style=\"flex-basis:64.1%\">\n<h2><strong>Museu de Zoologia da USP<\/strong><\/h2>\n\n\n\n<p>Que tal conhecer mais sobre biodiversidade com um dos maiores acervos zool\u00f3gicos da Am\u00e9rica Latina?<\/p>\n\n\n\n<p>Hoje, o Museu de Zoologia da USP \u00e9 detentor de um dos maiores acervos zool\u00f3gicos da Am\u00e9rica Latina e cumpre um papel crucial no desenvolvimento do conhecimento acerca da biodiversidade brasileira e global. Com mais de 10 milh\u00f5es de exemplares preservados, guarda testemunhos \u00fanicos sobre esp\u00e9cies e ecossistemas, alguns hoje extintos.<br><br>Para acessar, <a href=\"https:\/\/vila360.com.br\/tour\/mzusp\/\"><strong>clique aqui<\/strong><\/a><br> <\/p>\n<\/div>\n<\/div>\n\n\n\n<h4>LP &#8220;Quarto de despejo&#8221; (1961)<\/h4>\n\n\n\n<figure class=\"wp-block-embed is-type-video is-provider-youtube wp-block-embed-youtube wp-embed-aspect-16-9 wp-has-aspect-ratio\"><div class=\"wp-block-embed__wrapper\">\n<iframe loading=\"lazy\" title=\"LP &quot;Quarto de despejo&quot; (1961) - com letra - Carolina Maria de Jesus\" width=\"870\" height=\"489\" src=\"https:\/\/www.youtube.com\/embed\/XH2pvFEjNhs?feature=oembed\" frameborder=\"0\" allow=\"accelerometer; autoplay; clipboard-write; encrypted-media; gyroscope; picture-in-picture\" allowfullscreen title=\"LP \"Quarto de despejo\" (1961) - com letra - Carolina Maria de Jesus\"><\/iframe>\n<\/div><\/figure>\n\n\n\n<h4>Voc\u00ea enxerga todas as cores? &#8211; Manual do mundo<\/h4>\n\n\n\n<figure class=\"wp-block-embed is-type-video is-provider-youtube wp-block-embed-youtube wp-embed-aspect-16-9 wp-has-aspect-ratio\"><div class=\"wp-block-embed__wrapper\">\n<iframe loading=\"lazy\" title=\"POR QUE O C\u00c9U \u00c9 AZUL? #D\u00favidaCruel 1\" width=\"870\" height=\"489\" src=\"https:\/\/www.youtube.com\/embed\/bTJBpSWNiiM?feature=oembed\" frameborder=\"0\" allow=\"accelerometer; autoplay; clipboard-write; encrypted-media; gyroscope; picture-in-picture\" allowfullscreen><\/iframe>\n<\/div><\/figure>\n\n\n\n<h4>De Onde Vem o Arco-\u00cdris? &#8211; KIKA<\/h4>\n\n\n\n<figure class=\"wp-block-embed is-type-video is-provider-youtube wp-block-embed-youtube wp-embed-aspect-4-3 wp-has-aspect-ratio\"><div class=\"wp-block-embed__wrapper\">\n<iframe loading=\"lazy\" title=\"De Onde Vem o Arco-\u00cdris? #Epis\u00f3dio 5\" width=\"870\" height=\"653\" src=\"https:\/\/www.youtube.com\/embed\/tW819inM4hg?feature=oembed\" frameborder=\"0\" allow=\"accelerometer; autoplay; clipboard-write; encrypted-media; gyroscope; picture-in-picture\" allowfullscreen><\/iframe>\n<\/div><\/figure>\n\n\n\n<h4>Ou isto ou aquilo?- Cec\u00edlia Meireles &#8211; Quintal da Cultura<\/h4>\n\n\n\n<figure class=\"wp-block-embed is-type-video is-provider-youtube wp-block-embed-youtube wp-embed-aspect-16-9 wp-has-aspect-ratio\"><div class=\"wp-block-embed__wrapper\">\n<iframe loading=\"lazy\" title=\"Quintal da Cultura - Ou isto ou aquilo - 10\/05\/12\" width=\"870\" height=\"489\" src=\"https:\/\/www.youtube.com\/embed\/ghBjmQThf0k?feature=oembed\" frameborder=\"0\" allow=\"accelerometer; autoplay; clipboard-write; encrypted-media; gyroscope; picture-in-picture\" allowfullscreen><\/iframe>\n<\/div><\/figure>\n\n\n\n<h4>A Hist\u00f3ria das Hist\u00f3rias &#8211; De crian\u00e7a para crian\u00e7a<\/h4>\n\n\n\n<figure class=\"wp-block-embed is-type-video is-provider-youtube wp-block-embed-youtube wp-embed-aspect-16-9 wp-has-aspect-ratio\"><div class=\"wp-block-embed__wrapper\">\n<iframe loading=\"lazy\" title=\"Na TV 09 | A Hist\u00f3ria das Hist\u00f3rias\" width=\"870\" height=\"489\" src=\"https:\/\/www.youtube.com\/embed\/DXvju-AHhbo?feature=oembed\" frameborder=\"0\" allow=\"accelerometer; autoplay; clipboard-write; encrypted-media; gyroscope; picture-in-picture\" allowfullscreen><\/iframe>\n<\/div><\/figure>\n\n\n\n<h4>Por que vemos colorido? &#8211; Universidade das crian\u00e7a<\/h4>\n\n\n\n<figure class=\"wp-block-embed is-type-video is-provider-youtube wp-block-embed-youtube wp-embed-aspect-16-9 wp-has-aspect-ratio\"><div class=\"wp-block-embed__wrapper\">\n<iframe loading=\"lazy\" title=\"POR QUE VEMOS COLORIDO?\" width=\"870\" height=\"489\" src=\"https:\/\/www.youtube.com\/embed\/Xe4kDoam9aU?feature=oembed\" frameborder=\"0\" allow=\"accelerometer; autoplay; clipboard-write; encrypted-media; gyroscope; picture-in-picture\" allowfullscreen><\/iframe>\n<\/div><\/figure>\n\n\n\n<h4>O Arco-\u00cdris &#8211; O Di\u00e1rio de Mika<\/h4>\n\n\n\n<figure class=\"wp-block-embed is-type-video is-provider-youtube wp-block-embed-youtube wp-embed-aspect-16-9 wp-has-aspect-ratio\"><div class=\"wp-block-embed__wrapper\">\n<iframe loading=\"lazy\" title=\"O Di\u00e1rio de Mika |  O Arco-\u00cdris #Epis\u00f3dio\" width=\"870\" height=\"489\" src=\"https:\/\/www.youtube.com\/embed\/hXcuClvthSM?feature=oembed\" frameborder=\"0\" allow=\"accelerometer; autoplay; clipboard-write; encrypted-media; gyroscope; picture-in-picture\" allowfullscreen><\/iframe>\n<\/div><\/figure>\n\n\n\n<h4><strong>Pocoyo: O livro<\/strong><\/h4>\n\n\n\n<figure class=\"wp-block-embed is-type-video is-provider-youtube wp-block-embed-youtube wp-embed-aspect-16-9 wp-has-aspect-ratio\"><div class=\"wp-block-embed__wrapper\">\nhttps:\/\/www.youtube.com\/watch?v=ZemLKCpWOpc\n<\/div><\/figure>\n\n\n\n<h4>Dispers\u00e3o de sementes por formigas<\/h4>\n\n\n\n<figure class=\"wp-block-embed is-type-video is-provider-youtube wp-block-embed-youtube wp-embed-aspect-4-3 wp-has-aspect-ratio\"><div class=\"wp-block-embed__wrapper\">\n<iframe loading=\"lazy\" title=\"Dispers\u00e3o de Sementes por Formigas\" width=\"870\" height=\"653\" src=\"https:\/\/www.youtube.com\/embed\/zpOZCKpCmLY?feature=oembed\" frameborder=\"0\" allow=\"accelerometer; autoplay; clipboard-write; encrypted-media; gyroscope; picture-in-picture\" allowfullscreen><\/iframe>\n<\/div><\/figure>\n\n\n\n<h4>A gente cresce<\/h4>\n\n\n\n<figure class=\"wp-block-embed is-type-video is-provider-youtube wp-block-embed-youtube wp-embed-aspect-16-9 wp-has-aspect-ratio\"><div class=\"wp-block-embed__wrapper\">\n<iframe loading=\"lazy\" title=\"Mundo Bita - A Gente Cresce\" width=\"870\" height=\"489\" src=\"https:\/\/www.youtube.com\/embed\/AFN52hq7d7w?feature=oembed\" frameborder=\"0\" allow=\"accelerometer; autoplay; clipboard-write; encrypted-media; gyroscope; picture-in-picture\" allowfullscreen><\/iframe>\n<\/div><\/figure>\n\n\n\n<h4>\u00c9 hora de contar de 1 a 20 com O Show da Luna!<\/h4>\n\n\n\n<figure class=\"wp-block-embed is-type-video is-provider-youtube wp-block-embed-youtube wp-embed-aspect-16-9 wp-has-aspect-ratio\"><div class=\"wp-block-embed__wrapper\">\n<iframe loading=\"lazy\" title=\"\u00c9 hora de contar de 1 a 20 com O Show da Luna!\" width=\"870\" height=\"489\" src=\"https:\/\/www.youtube.com\/embed\/EQDVpyF5TWw?feature=oembed\" frameborder=\"0\" allow=\"accelerometer; autoplay; clipboard-write; encrypted-media; gyroscope; picture-in-picture\" allowfullscreen><\/iframe>\n<\/div><\/figure>\n\n\n\n<h4><br>Rimas malucas<\/h4>\n\n\n\n<figure class=\"wp-block-embed is-type-video is-provider-youtube wp-block-embed-youtube wp-embed-aspect-16-9 wp-has-aspect-ratio\"><div class=\"wp-block-embed__wrapper\">\n<iframe loading=\"lazy\" title=\"Criando Juntos 849 | Rimas malucas do 1\u00ba C\" width=\"870\" height=\"489\" src=\"https:\/\/www.youtube.com\/embed\/kI9te5zGl8E?feature=oembed\" frameborder=\"0\" allow=\"accelerometer; autoplay; clipboard-write; encrypted-media; gyroscope; picture-in-picture\" allowfullscreen><\/iframe>\n<\/div><\/figure>\n\n\n\n<h4>Medidas de comprimento<\/h4>\n\n\n\n<figure class=\"wp-block-embed is-type-video is-provider-youtube wp-block-embed-youtube wp-embed-aspect-4-3 wp-has-aspect-ratio\"><div class=\"wp-block-embed__wrapper\">\n<iframe loading=\"lazy\" title=\"3\u00ba ANO MATEM\u00c1TICA   MEDIDAS DE COMPRIMENTO\" width=\"870\" height=\"653\" src=\"https:\/\/www.youtube.com\/embed\/6rMzfcy6J5I?feature=oembed\" frameborder=\"0\" allow=\"accelerometer; autoplay; clipboard-write; encrypted-media; gyroscope; picture-in-picture\" allowfullscreen><\/iframe>\n<\/div><\/figure>\n\n\n\n<h4><br>Como \u00e9 feito o tratamento de&nbsp; \u00e1gua<\/h4>\n\n\n\n<figure class=\"wp-block-embed is-type-video is-provider-youtube wp-block-embed-youtube wp-embed-aspect-16-9 wp-has-aspect-ratio\"><div class=\"wp-block-embed__wrapper\">\nhttps:\/\/www.youtube.com\/watch?v=cWBSF0VyiMI\n<\/div><\/figure>\n\n\n\n<h4>Sentiment\u00e1rio&nbsp; &#8211; De crian\u00e7a pra crian\u00e7a<\/h4>\n\n\n\n<figure class=\"wp-block-embed is-type-video is-provider-youtube wp-block-embed-youtube wp-embed-aspect-16-9 wp-has-aspect-ratio\"><div class=\"wp-block-embed__wrapper\">\n<iframe loading=\"lazy\" title=\"Criando Juntos 846 | Sentiment\u00e1rio 5\u00baB\" width=\"870\" height=\"489\" src=\"https:\/\/www.youtube.com\/embed\/2yvh9HRJANE?feature=oembed\" frameborder=\"0\" allow=\"accelerometer; autoplay; clipboard-write; encrypted-media; gyroscope; picture-in-picture\" allowfullscreen><\/iframe>\n<\/div><\/figure>\n\n\n\n<p><\/p>\n\n\n\n<h4>Ansiedade &#8211; De crian\u00e7a pra crian\u00e7a<\/h4>\n\n\n\n<figure class=\"wp-block-embed is-type-video is-provider-youtube wp-block-embed-youtube wp-embed-aspect-16-9 wp-has-aspect-ratio\"><div class=\"wp-block-embed__wrapper\">\n<iframe loading=\"lazy\" title=\"S\u00e9rie Sentimentos e Emo\u00e7\u00f5es | Epis\u00f3dio 9 - Ansiedade\" width=\"870\" height=\"489\" src=\"https:\/\/www.youtube.com\/embed\/Y8bw1ahAV44?feature=oembed\" frameborder=\"0\" allow=\"accelerometer; autoplay; clipboard-write; encrypted-media; gyroscope; picture-in-picture\" allowfullscreen><\/iframe>\n<\/div><\/figure>\n\n\n\n<p><\/p>\n\n\n\n<h4>Mundo Bita &#8211; Que Saudade Que Eu T\u00f4<\/h4>\n\n\n\n<figure class=\"wp-block-embed is-type-video is-provider-youtube wp-block-embed-youtube wp-embed-aspect-16-9 wp-has-aspect-ratio\"><div class=\"wp-block-embed__wrapper\">\n<iframe loading=\"lazy\" title=\"Mundo Bita - Que Saudade Que Eu T\u00f4\" width=\"870\" height=\"489\" src=\"https:\/\/www.youtube.com\/embed\/jmQoDtE3o1Y?feature=oembed\" frameborder=\"0\" allow=\"accelerometer; autoplay; clipboard-write; encrypted-media; gyroscope; picture-in-picture\" allowfullscreen><\/iframe>\n<\/div><\/figure>\n\n\n\n<p><\/p>\n\n\n\n<h4>Doroteia est\u00e1 muito triste! &#8211;&nbsp; Quinta da Cultura<\/h4>\n\n\n\n<figure class=\"wp-block-embed is-type-video is-provider-youtube wp-block-embed-youtube wp-embed-aspect-16-9 wp-has-aspect-ratio\"><div class=\"wp-block-embed__wrapper\">\n<iframe loading=\"lazy\" title=\"Doroteia est\u00e1 muito triste! | Quinta da Cultura\" width=\"870\" height=\"489\" src=\"https:\/\/www.youtube.com\/embed\/4qWHtYMX5fU?feature=oembed\" frameborder=\"0\" allow=\"accelerometer; autoplay; clipboard-write; encrypted-media; gyroscope; picture-in-picture\" allowfullscreen><\/iframe>\n<\/div><\/figure>\n\n\n\n<p><\/p>\n\n\n\n<h4>O Livro dos Sentimentos<\/h4>\n\n\n\n<figure class=\"wp-block-embed is-type-video is-provider-youtube wp-block-embed-youtube wp-embed-aspect-16-9 wp-has-aspect-ratio\"><div class=\"wp-block-embed__wrapper\">\n<iframe loading=\"lazy\" title=\"O Livro dos Sentimentos\" width=\"870\" height=\"489\" src=\"https:\/\/www.youtube.com\/embed\/JOfYZ5gsdIw?feature=oembed\" frameborder=\"0\" allow=\"accelerometer; autoplay; clipboard-write; encrypted-media; gyroscope; picture-in-picture\" allowfullscreen><\/iframe>\n<\/div><\/figure>\n","protected":false},"excerpt":{"rendered":"<p>D\u00c1 UM PLAY! Neste espa\u00e7o, poder\u00e3o ser encontrados links de acesso para canais do YouTube que poder\u00e3o acrescentar conte\u00fados e propostas para seus estudos. Museu de Arte Ind\u00edgena &#8211; Tour [&hellip;]<\/p>\n","protected":false},"author":1,"featured_media":0,"parent":0,"menu_order":0,"comment_status":"closed","ping_status":"closed","template":"","meta":{"_monsterinsights_skip_tracking":false,"_monsterinsights_sitenote_active":false,"_monsterinsights_sitenote_note":"","_monsterinsights_sitenote_category":0,"_expiration-date-status":"","_expiration-date":0,"_expiration-date-type":"","_expiration-date-categories":[],"_expiration-date-options":[]},"categories":[],"tags":[],"yoast_head":"<!-- This site is optimized with the Yoast SEO plugin v19.7.1 - https:\/\/yoast.com\/wordpress\/plugins\/seo\/ -->\r\n<title>- Programa Saberes em Casa<\/title>\r\n<meta name=\"robots\" content=\"index, follow, max-snippet:-1, max-image-preview:large, max-video-preview:-1\" \/>\r\n<link rel=\"canonical\" href=\"https:\/\/portaleducacao.guarulhos.sp.gov.br\/wp_site\/saberesemcasa\/da-um-play\/\" \/>\r\n<meta property=\"og:locale\" content=\"pt_BR\" \/>\r\n<meta property=\"og:type\" content=\"article\" \/>\r\n<meta property=\"og:title\" content=\"- Programa Saberes em Casa\" \/>\r\n<meta property=\"og:description\" content=\"D\u00c1 UM PLAY! Neste espa\u00e7o, poder\u00e3o ser encontrados links de acesso para canais do YouTube que poder\u00e3o acrescentar conte\u00fados e propostas para seus estudos. Museu de Arte Ind\u00edgena &#8211; Tour [&hellip;]\" \/>\r\n<meta property=\"og:url\" content=\"https:\/\/portaleducacao.guarulhos.sp.gov.br\/wp_site\/saberesemcasa\/da-um-play\/\" \/>\r\n<meta property=\"og:site_name\" content=\"Programa Saberes em Casa\" \/>\r\n<meta property=\"article:modified_time\" content=\"2022-07-25T12:41:05+00:00\" \/>\r\n<meta property=\"og:image\" content=\"http:\/\/portaleducacao.guarulhos.sp.gov.br\/wp_site\/saberesemcasa\/wp-content\/uploads\/sites\/6\/2021\/03\/da-um-play.jpg\" \/>\r\n<meta name=\"twitter:card\" content=\"summary_large_image\" \/>\r\n<meta name=\"twitter:label1\" content=\"Est. tempo de leitura\" \/>\n\t<meta name=\"twitter:data1\" content=\"9 minutos\" \/>\r\n<script type=\"application\/ld+json\" class=\"yoast-schema-graph\">{\"@context\":\"https:\/\/schema.org\",\"@graph\":[{\"@type\":\"WebPage\",\"@id\":\"https:\/\/portaleducacao.guarulhos.sp.gov.br\/wp_site\/saberesemcasa\/da-um-play\/\",\"url\":\"https:\/\/portaleducacao.guarulhos.sp.gov.br\/wp_site\/saberesemcasa\/da-um-play\/\",\"name\":\"- Programa Saberes em Casa\",\"isPartOf\":{\"@id\":\"http:\/\/portaleducacao.guarulhos.sp.gov.br\/wp_site\/saberesemcasa\/#website\"},\"datePublished\":\"2021-02-05T12:02:48+00:00\",\"dateModified\":\"2022-07-25T12:41:05+00:00\",\"breadcrumb\":{\"@id\":\"https:\/\/portaleducacao.guarulhos.sp.gov.br\/wp_site\/saberesemcasa\/da-um-play\/#breadcrumb\"},\"inLanguage\":\"pt-BR\",\"potentialAction\":[{\"@type\":\"ReadAction\",\"target\":[\"https:\/\/portaleducacao.guarulhos.sp.gov.br\/wp_site\/saberesemcasa\/da-um-play\/\"]}]},{\"@type\":\"BreadcrumbList\",\"@id\":\"https:\/\/portaleducacao.guarulhos.sp.gov.br\/wp_site\/saberesemcasa\/da-um-play\/#breadcrumb\",\"itemListElement\":[{\"@type\":\"ListItem\",\"position\":1,\"name\":\"In\u00edcio\",\"item\":\"http:\/\/portaleducacao.guarulhos.sp.gov.br\/wp_site\/saberesemcasa\/\"},{\"@type\":\"ListItem\",\"position\":2,\"name\":\"\"}]},{\"@type\":\"WebSite\",\"@id\":\"http:\/\/portaleducacao.guarulhos.sp.gov.br\/wp_site\/saberesemcasa\/#website\",\"url\":\"http:\/\/portaleducacao.guarulhos.sp.gov.br\/wp_site\/saberesemcasa\/\",\"name\":\"Programa Saberes em Casa\",\"description\":\"Ferramenta complementar \u00e0s propostas educativas desenvolvidas nas unidades escolares\",\"publisher\":{\"@id\":\"http:\/\/portaleducacao.guarulhos.sp.gov.br\/wp_site\/saberesemcasa\/#organization\"},\"potentialAction\":[{\"@type\":\"SearchAction\",\"target\":{\"@type\":\"EntryPoint\",\"urlTemplate\":\"http:\/\/portaleducacao.guarulhos.sp.gov.br\/wp_site\/saberesemcasa\/?s={search_term_string}\"},\"query-input\":\"required name=search_term_string\"}],\"inLanguage\":\"pt-BR\"},{\"@type\":\"Organization\",\"@id\":\"http:\/\/portaleducacao.guarulhos.sp.gov.br\/wp_site\/saberesemcasa\/#organization\",\"name\":\"Programa Saberes em Casa\",\"url\":\"http:\/\/portaleducacao.guarulhos.sp.gov.br\/wp_site\/saberesemcasa\/\",\"sameAs\":[],\"logo\":{\"@type\":\"ImageObject\",\"inLanguage\":\"pt-BR\",\"@id\":\"http:\/\/portaleducacao.guarulhos.sp.gov.br\/wp_site\/saberesemcasa\/#\/schema\/logo\/image\/\",\"url\":\"http:\/\/portaleducacao.guarulhos.sp.gov.br\/wp_site\/saberesemcasa\/wp-content\/uploads\/sites\/6\/2021\/02\/cropped-logo_saberes_em_casa.png\",\"contentUrl\":\"http:\/\/portaleducacao.guarulhos.sp.gov.br\/wp_site\/saberesemcasa\/wp-content\/uploads\/sites\/6\/2021\/02\/cropped-logo_saberes_em_casa.png\",\"width\":200,\"height\":100,\"caption\":\"Programa Saberes em Casa\"},\"image\":{\"@id\":\"http:\/\/portaleducacao.guarulhos.sp.gov.br\/wp_site\/saberesemcasa\/#\/schema\/logo\/image\/\"}}]}<\/script>\r\n<!-- \/ Yoast SEO plugin. -->","yoast_head_json":{"title":"- Programa Saberes em Casa","robots":{"index":"index","follow":"follow","max-snippet":"max-snippet:-1","max-image-preview":"max-image-preview:large","max-video-preview":"max-video-preview:-1"},"canonical":"https:\/\/portaleducacao.guarulhos.sp.gov.br\/wp_site\/saberesemcasa\/da-um-play\/","og_locale":"pt_BR","og_type":"article","og_title":"- Programa Saberes em Casa","og_description":"D\u00c1 UM PLAY! Neste espa\u00e7o, poder\u00e3o ser encontrados links de acesso para canais do YouTube que poder\u00e3o acrescentar conte\u00fados e propostas para seus estudos. Museu de Arte Ind\u00edgena &#8211; Tour [&hellip;]","og_url":"https:\/\/portaleducacao.guarulhos.sp.gov.br\/wp_site\/saberesemcasa\/da-um-play\/","og_site_name":"Programa Saberes em Casa","article_modified_time":"2022-07-25T12:41:05+00:00","og_image":[{"url":"http:\/\/portaleducacao.guarulhos.sp.gov.br\/wp_site\/saberesemcasa\/wp-content\/uploads\/sites\/6\/2021\/03\/da-um-play.jpg"}],"twitter_card":"summary_large_image","twitter_misc":{"Est. tempo de leitura":"9 minutos"},"schema":{"@context":"https:\/\/schema.org","@graph":[{"@type":"WebPage","@id":"https:\/\/portaleducacao.guarulhos.sp.gov.br\/wp_site\/saberesemcasa\/da-um-play\/","url":"https:\/\/portaleducacao.guarulhos.sp.gov.br\/wp_site\/saberesemcasa\/da-um-play\/","name":"- Programa Saberes em Casa","isPartOf":{"@id":"http:\/\/portaleducacao.guarulhos.sp.gov.br\/wp_site\/saberesemcasa\/#website"},"datePublished":"2021-02-05T12:02:48+00:00","dateModified":"2022-07-25T12:41:05+00:00","breadcrumb":{"@id":"https:\/\/portaleducacao.guarulhos.sp.gov.br\/wp_site\/saberesemcasa\/da-um-play\/#breadcrumb"},"inLanguage":"pt-BR","potentialAction":[{"@type":"ReadAction","target":["https:\/\/portaleducacao.guarulhos.sp.gov.br\/wp_site\/saberesemcasa\/da-um-play\/"]}]},{"@type":"BreadcrumbList","@id":"https:\/\/portaleducacao.guarulhos.sp.gov.br\/wp_site\/saberesemcasa\/da-um-play\/#breadcrumb","itemListElement":[{"@type":"ListItem","position":1,"name":"In\u00edcio","item":"http:\/\/portaleducacao.guarulhos.sp.gov.br\/wp_site\/saberesemcasa\/"},{"@type":"ListItem","position":2,"name":""}]},{"@type":"WebSite","@id":"http:\/\/portaleducacao.guarulhos.sp.gov.br\/wp_site\/saberesemcasa\/#website","url":"http:\/\/portaleducacao.guarulhos.sp.gov.br\/wp_site\/saberesemcasa\/","name":"Programa Saberes em Casa","description":"Ferramenta complementar \u00e0s propostas educativas desenvolvidas nas unidades escolares","publisher":{"@id":"http:\/\/portaleducacao.guarulhos.sp.gov.br\/wp_site\/saberesemcasa\/#organization"},"potentialAction":[{"@type":"SearchAction","target":{"@type":"EntryPoint","urlTemplate":"http:\/\/portaleducacao.guarulhos.sp.gov.br\/wp_site\/saberesemcasa\/?s={search_term_string}"},"query-input":"required name=search_term_string"}],"inLanguage":"pt-BR"},{"@type":"Organization","@id":"http:\/\/portaleducacao.guarulhos.sp.gov.br\/wp_site\/saberesemcasa\/#organization","name":"Programa Saberes em Casa","url":"http:\/\/portaleducacao.guarulhos.sp.gov.br\/wp_site\/saberesemcasa\/","sameAs":[],"logo":{"@type":"ImageObject","inLanguage":"pt-BR","@id":"http:\/\/portaleducacao.guarulhos.sp.gov.br\/wp_site\/saberesemcasa\/#\/schema\/logo\/image\/","url":"http:\/\/portaleducacao.guarulhos.sp.gov.br\/wp_site\/saberesemcasa\/wp-content\/uploads\/sites\/6\/2021\/02\/cropped-logo_saberes_em_casa.png","contentUrl":"http:\/\/portaleducacao.guarulhos.sp.gov.br\/wp_site\/saberesemcasa\/wp-content\/uploads\/sites\/6\/2021\/02\/cropped-logo_saberes_em_casa.png","width":200,"height":100,"caption":"Programa Saberes em Casa"},"image":{"@id":"http:\/\/portaleducacao.guarulhos.sp.gov.br\/wp_site\/saberesemcasa\/#\/schema\/logo\/image\/"}}]}},"_links":{"self":[{"href":"http:\/\/portaleducacao.guarulhos.sp.gov.br\/wp_site\/saberesemcasa\/wp-json\/wp\/v2\/pages\/147"}],"collection":[{"href":"http:\/\/portaleducacao.guarulhos.sp.gov.br\/wp_site\/saberesemcasa\/wp-json\/wp\/v2\/pages"}],"about":[{"href":"http:\/\/portaleducacao.guarulhos.sp.gov.br\/wp_site\/saberesemcasa\/wp-json\/wp\/v2\/types\/page"}],"author":[{"embeddable":true,"href":"http:\/\/portaleducacao.guarulhos.sp.gov.br\/wp_site\/saberesemcasa\/wp-json\/wp\/v2\/users\/1"}],"replies":[{"embeddable":true,"href":"http:\/\/portaleducacao.guarulhos.sp.gov.br\/wp_site\/saberesemcasa\/wp-json\/wp\/v2\/comments?post=147"}],"version-history":[{"count":70,"href":"http:\/\/portaleducacao.guarulhos.sp.gov.br\/wp_site\/saberesemcasa\/wp-json\/wp\/v2\/pages\/147\/revisions"}],"predecessor-version":[{"id":2126,"href":"http:\/\/portaleducacao.guarulhos.sp.gov.br\/wp_site\/saberesemcasa\/wp-json\/wp\/v2\/pages\/147\/revisions\/2126"}],"wp:attachment":[{"href":"http:\/\/portaleducacao.guarulhos.sp.gov.br\/wp_site\/saberesemcasa\/wp-json\/wp\/v2\/media?parent=147"}],"wp:term":[{"taxonomy":"category","embeddable":true,"href":"http:\/\/portaleducacao.guarulhos.sp.gov.br\/wp_site\/saberesemcasa\/wp-json\/wp\/v2\/categories?post=147"},{"taxonomy":"post_tag","embeddable":true,"href":"http:\/\/portaleducacao.guarulhos.sp.gov.br\/wp_site\/saberesemcasa\/wp-json\/wp\/v2\/tags?post=147"}],"curies":[{"name":"wp","href":"https:\/\/api.w.org\/{rel}","templated":true}]}}