{"id":148,"date":"2021-02-05T10:02:48","date_gmt":"2021-02-05T12:02:48","guid":{"rendered":"http:\/\/portaleducacao.guarulhos.sp.gov.br\/wp_site\/saberesemcasa\/?page_id=148"},"modified":"2022-07-25T09:01:04","modified_gmt":"2022-07-25T12:01:04","slug":"minha-biblioteca","status":"publish","type":"page","link":"http:\/\/portaleducacao.guarulhos.sp.gov.br\/wp_site\/saberesemcasa\/minha-biblioteca\/","title":{"rendered":""},"content":{"rendered":"\n<div class=\"wp-container-3 wp-block-columns\">\n<div class=\"wp-container-1 wp-block-column\"><div class=\"wp-block-image\">\n<figure class=\"alignleft size-large is-resized\"><img loading=\"lazy\" src=\"http:\/\/portaleducacao.guarulhos.sp.gov.br\/wp_site\/saberesemcasa\/wp-content\/uploads\/sites\/6\/2021\/03\/hora-da-hstoria.png\" alt=\"\" class=\"wp-image-901\" width=\"310\" height=\"310\" srcset=\"http:\/\/portaleducacao.guarulhos.sp.gov.br\/wp_site\/saberesemcasa\/wp-content\/uploads\/sites\/6\/2021\/03\/hora-da-hstoria.png 500w, http:\/\/portaleducacao.guarulhos.sp.gov.br\/wp_site\/saberesemcasa\/wp-content\/uploads\/sites\/6\/2021\/03\/hora-da-hstoria-300x300.png 300w, http:\/\/portaleducacao.guarulhos.sp.gov.br\/wp_site\/saberesemcasa\/wp-content\/uploads\/sites\/6\/2021\/03\/hora-da-hstoria-150x150.png 150w, http:\/\/portaleducacao.guarulhos.sp.gov.br\/wp_site\/saberesemcasa\/wp-content\/uploads\/sites\/6\/2021\/03\/hora-da-hstoria-75x75.png 75w, http:\/\/portaleducacao.guarulhos.sp.gov.br\/wp_site\/saberesemcasa\/wp-content\/uploads\/sites\/6\/2021\/03\/hora-da-hstoria-444x444.png 444w\" sizes=\"(max-width: 310px) 100vw, 310px\" \/><\/figure><\/div>\n\n\n<p><\/p>\n<\/div>\n\n\n\n<div class=\"wp-container-2 wp-block-column is-vertically-aligned-center\" style=\"flex-basis:64.1%\">\n<h1>MINHA BIBLIOTECA<\/h1>\n\n\n\n<h4>Mensalmente, disponibilizaremos livros que poder\u00e3o ser lidos online ou baixados para leitura no celular ou computador.<\/h4>\n\n\n\n<p><\/p>\n<\/div>\n<\/div>\n\n\n\n<div class=\"wp-container-6 wp-block-columns\">\n<div class=\"wp-container-4 wp-block-column\">\n<p class=\"has-text-align-center\"><strong>Capit\u00e3es da Areia<\/strong><br>Audiobook<\/p>\n\n\n<div class=\"wp-block-image\">\n<figure class=\"aligncenter size-full\"><a href=\"https:\/\/www.youtube.com\/watch?v=hjNMEMSBbHw\"><img loading=\"lazy\" width=\"303\" height=\"459\" src=\"http:\/\/portaleducacao.guarulhos.sp.gov.br\/wp_site\/saberesemcasa\/wp-content\/uploads\/sites\/6\/2022\/07\/capitaes.jpg\" alt=\"\" class=\"wp-image-2107\" srcset=\"http:\/\/portaleducacao.guarulhos.sp.gov.br\/wp_site\/saberesemcasa\/wp-content\/uploads\/sites\/6\/2022\/07\/capitaes.jpg 303w, http:\/\/portaleducacao.guarulhos.sp.gov.br\/wp_site\/saberesemcasa\/wp-content\/uploads\/sites\/6\/2022\/07\/capitaes-198x300.jpg 198w\" sizes=\"(max-width: 303px) 100vw, 303px\" \/><\/a><\/figure><\/div><\/div>\n\n\n\n<div class=\"wp-container-5 wp-block-column\">\n<p class=\"has-text-align-center\"><strong>A po\u00e7\u00e3o especial da cuca\u00a0<\/strong><\/p>\n\n\n\n<p><\/p>\n\n\n<div class=\"wp-block-image\">\n<figure class=\"aligncenter size-full\"><a href=\"https:\/\/www.janeprado.com.br\/_files\/ugd\/16300e_4c7b1d76a69940189376d84906e1095a.pdf\"><img loading=\"lazy\" width=\"316\" height=\"385\" src=\"http:\/\/portaleducacao.guarulhos.sp.gov.br\/wp_site\/saberesemcasa\/wp-content\/uploads\/sites\/6\/2022\/07\/A-pocao-especial-da-cuca.jpg\" alt=\"\" class=\"wp-image-2108\" srcset=\"http:\/\/portaleducacao.guarulhos.sp.gov.br\/wp_site\/saberesemcasa\/wp-content\/uploads\/sites\/6\/2022\/07\/A-pocao-especial-da-cuca.jpg 316w, http:\/\/portaleducacao.guarulhos.sp.gov.br\/wp_site\/saberesemcasa\/wp-content\/uploads\/sites\/6\/2022\/07\/A-pocao-especial-da-cuca-246x300.jpg 246w\" sizes=\"(max-width: 316px) 100vw, 316px\" \/><\/a><\/figure><\/div><\/div>\n<\/div>\n\n\n\n<div class=\"wp-container-9 wp-block-columns\">\n<div class=\"wp-container-7 wp-block-column\">\n<p class=\"has-text-align-center\"><strong>Viagem<\/strong><\/p>\n\n\n<div class=\"wp-block-image\">\n<figure class=\"aligncenter size-full is-resized\"><a href=\"http:\/\/www.ebooksbrasil.org\/adobeebook\/viagem.pdf\"><img loading=\"lazy\" src=\"http:\/\/portaleducacao.guarulhos.sp.gov.br\/wp_site\/saberesemcasa\/wp-content\/uploads\/sites\/6\/2022\/07\/viagem.jpg\" alt=\"\" class=\"wp-image-2105\" width=\"272\" height=\"426\" srcset=\"http:\/\/portaleducacao.guarulhos.sp.gov.br\/wp_site\/saberesemcasa\/wp-content\/uploads\/sites\/6\/2022\/07\/viagem.jpg 272w, http:\/\/portaleducacao.guarulhos.sp.gov.br\/wp_site\/saberesemcasa\/wp-content\/uploads\/sites\/6\/2022\/07\/viagem-192x300.jpg 192w\" sizes=\"(max-width: 272px) 100vw, 272px\" \/><\/a><\/figure><\/div><\/div>\n\n\n\n<div class=\"wp-container-8 wp-block-column\">\n<p class=\"has-text-align-center\"><strong>Mitos e Lendas ind\u00edgenas<\/strong><\/p>\n\n\n<div class=\"wp-block-image\">\n<figure class=\"aligncenter size-full is-resized\"><a href=\"https:\/\/drive.google.com\/file\/d\/1ZKkztdYjOVA5h3POZfiMASEvHDN85u9F\/view\"><img loading=\"lazy\" src=\"http:\/\/portaleducacao.guarulhos.sp.gov.br\/wp_site\/saberesemcasa\/wp-content\/uploads\/sites\/6\/2022\/07\/Mitos-e-Lendas-indigenas.jpg\" alt=\"\" class=\"wp-image-2106\" width=\"304\" height=\"435\" srcset=\"http:\/\/portaleducacao.guarulhos.sp.gov.br\/wp_site\/saberesemcasa\/wp-content\/uploads\/sites\/6\/2022\/07\/Mitos-e-Lendas-indigenas.jpg 326w, http:\/\/portaleducacao.guarulhos.sp.gov.br\/wp_site\/saberesemcasa\/wp-content\/uploads\/sites\/6\/2022\/07\/Mitos-e-Lendas-indigenas-210x300.jpg 210w\" sizes=\"(max-width: 304px) 100vw, 304px\" \/><\/a><\/figure><\/div><\/div>\n<\/div>\n\n\n\n<div class=\"wp-container-13 wp-block-columns\">\n<div class=\"wp-container-10 wp-block-column\">\n<p class=\"has-text-align-center\"><strong>A receita de Mandr\u00e1gora<\/strong><\/p>\n\n\n\n<figure class=\"wp-block-image size-large\"><a href=\"https:\/\/espacodeleitura.labedu.org.br\/livros\/a-receita-de-mandragora\/?leitor=1\"><img loading=\"lazy\" width=\"1024\" height=\"612\" src=\"http:\/\/portaleducacao.guarulhos.sp.gov.br\/wp_site\/saberesemcasa\/wp-content\/uploads\/sites\/6\/2022\/05\/A_Mandragora-1024x612.jpg\" alt=\"\" class=\"wp-image-2014\" srcset=\"http:\/\/portaleducacao.guarulhos.sp.gov.br\/wp_site\/saberesemcasa\/wp-content\/uploads\/sites\/6\/2022\/05\/A_Mandragora-1024x612.jpg 1024w, http:\/\/portaleducacao.guarulhos.sp.gov.br\/wp_site\/saberesemcasa\/wp-content\/uploads\/sites\/6\/2022\/05\/A_Mandragora-300x179.jpg 300w, http:\/\/portaleducacao.guarulhos.sp.gov.br\/wp_site\/saberesemcasa\/wp-content\/uploads\/sites\/6\/2022\/05\/A_Mandragora-768x459.jpg 768w, http:\/\/portaleducacao.guarulhos.sp.gov.br\/wp_site\/saberesemcasa\/wp-content\/uploads\/sites\/6\/2022\/05\/A_Mandragora.jpg 1167w\" sizes=\"(max-width: 1024px) 100vw, 1024px\" \/><\/a><\/figure>\n<\/div>\n\n\n\n<div class=\"wp-container-11 wp-block-column\">\n<p class=\"has-text-align-center\"><strong>Pap\u00e9is Avulsos<\/strong><\/p>\n\n\n<div class=\"wp-block-image\">\n<figure class=\"aligncenter size-large is-resized\"><a href=\"https:\/\/5ca0e999-de9a-47e0-9b77-7e3eeab0592c.usrfiles.com\/ugd\/5ca0e9_d4744cd03ae04c4897c7a332dad67e8b.pdf\"><img loading=\"lazy\" src=\"http:\/\/portaleducacao.guarulhos.sp.gov.br\/wp_site\/saberesemcasa\/wp-content\/uploads\/sites\/6\/2022\/05\/papeis_avulsos-1.jpg\" alt=\"\" class=\"wp-image-2016\" width=\"281\" height=\"345\" srcset=\"http:\/\/portaleducacao.guarulhos.sp.gov.br\/wp_site\/saberesemcasa\/wp-content\/uploads\/sites\/6\/2022\/05\/papeis_avulsos-1.jpg 281w, http:\/\/portaleducacao.guarulhos.sp.gov.br\/wp_site\/saberesemcasa\/wp-content\/uploads\/sites\/6\/2022\/05\/papeis_avulsos-1-244x300.jpg 244w\" sizes=\"(max-width: 281px) 100vw, 281px\" \/><\/a><\/figure><\/div><\/div>\n\n\n\n<div class=\"wp-container-12 wp-block-column\">\n<p class=\"has-text-align-center\"><strong>O Rel\u00f3gio<\/strong><\/p>\n\n\n<div class=\"wp-block-image\">\n<figure class=\"aligncenter size-large is-resized\"><a href=\"https:\/\/www.flaviocolombini.com\/_files\/ugd\/24b481_eb9595d9c6e54d08871cc1d83c428df7.pdf\"><img loading=\"lazy\" src=\"http:\/\/portaleducacao.guarulhos.sp.gov.br\/wp_site\/saberesemcasa\/wp-content\/uploads\/sites\/6\/2022\/05\/O-relogio.png\" alt=\"\" class=\"wp-image-2017\" width=\"267\" height=\"346\" srcset=\"http:\/\/portaleducacao.guarulhos.sp.gov.br\/wp_site\/saberesemcasa\/wp-content\/uploads\/sites\/6\/2022\/05\/O-relogio.png 705w, http:\/\/portaleducacao.guarulhos.sp.gov.br\/wp_site\/saberesemcasa\/wp-content\/uploads\/sites\/6\/2022\/05\/O-relogio-231x300.png 231w\" sizes=\"(max-width: 267px) 100vw, 267px\" \/><\/a><\/figure><\/div><\/div>\n<\/div>\n\n\n\n<div class=\"wp-container-16 wp-block-columns\">\n<div class=\"wp-container-14 wp-block-column\">\n<p class=\"has-text-align-center\"><strong>N\u00e3o \u00e9 uma caixa<\/strong><\/p>\n\n\n\n<figure class=\"wp-block-image size-large\"><a href=\"https:\/\/www2.ufjf.br\/pnaic\/\/files\/2018\/06\/Livro-N%c3%83O-E-UMA-CAIXA.pdf\"><img loading=\"lazy\" width=\"1024\" height=\"764\" src=\"http:\/\/portaleducacao.guarulhos.sp.gov.br\/wp_site\/saberesemcasa\/wp-content\/uploads\/sites\/6\/2022\/05\/nao-e-1024x764.jpg\" alt=\"\" class=\"wp-image-2018\" srcset=\"http:\/\/portaleducacao.guarulhos.sp.gov.br\/wp_site\/saberesemcasa\/wp-content\/uploads\/sites\/6\/2022\/05\/nao-e-1024x764.jpg 1024w, http:\/\/portaleducacao.guarulhos.sp.gov.br\/wp_site\/saberesemcasa\/wp-content\/uploads\/sites\/6\/2022\/05\/nao-e-300x224.jpg 300w, http:\/\/portaleducacao.guarulhos.sp.gov.br\/wp_site\/saberesemcasa\/wp-content\/uploads\/sites\/6\/2022\/05\/nao-e-768x573.jpg 768w, http:\/\/portaleducacao.guarulhos.sp.gov.br\/wp_site\/saberesemcasa\/wp-content\/uploads\/sites\/6\/2022\/05\/nao-e.jpg 1166w\" sizes=\"(max-width: 1024px) 100vw, 1024px\" \/><\/a><\/figure>\n<\/div>\n\n\n\n<div class=\"wp-container-15 wp-block-column\">\n<p class=\"has-text-align-center\"><strong>Chapeuzinho Vermelho<\/strong><\/p>\n\n\n<div class=\"wp-block-image\">\n<figure class=\"aligncenter size-large is-resized\"><a href=\"https:\/\/domainpublic.files.wordpress.com\/2022\/01\/chapeuzinho-vermelho.pdf\"><img loading=\"lazy\" src=\"http:\/\/portaleducacao.guarulhos.sp.gov.br\/wp_site\/saberesemcasa\/wp-content\/uploads\/sites\/6\/2022\/05\/Chapeuzinho.jpg\" alt=\"\" class=\"wp-image-2019\" width=\"242\" height=\"430\" srcset=\"http:\/\/portaleducacao.guarulhos.sp.gov.br\/wp_site\/saberesemcasa\/wp-content\/uploads\/sites\/6\/2022\/05\/Chapeuzinho.jpg 437w, http:\/\/portaleducacao.guarulhos.sp.gov.br\/wp_site\/saberesemcasa\/wp-content\/uploads\/sites\/6\/2022\/05\/Chapeuzinho-169x300.jpg 169w\" sizes=\"(max-width: 242px) 100vw, 242px\" \/><\/a><\/figure><\/div><\/div>\n<\/div>\n\n\n\n<p class=\"has-text-align-center\"><strong>O MULATO <\/strong><\/p>\n\n\n\n<figure class=\"wp-block-embed is-type-video is-provider-youtube wp-block-embed-youtube wp-embed-aspect-4-3 wp-has-aspect-ratio\"><div class=\"wp-block-embed__wrapper\">\n<iframe loading=\"lazy\" title=\"O MULATO  - Alu\u00edsio Azevedo -  1881 - \u00c1udiolivro com narra\u00e7\u00e3o humana\" width=\"870\" height=\"653\" src=\"https:\/\/www.youtube.com\/embed\/OR9uVpmhhzs?feature=oembed\" frameborder=\"0\" allow=\"accelerometer; autoplay; clipboard-write; encrypted-media; gyroscope; picture-in-picture\" allowfullscreen><\/iframe>\n<\/div><\/figure>\n\n\n\n<div class=\"wp-container-19 wp-block-columns\">\n<div class=\"wp-container-17 wp-block-column\">\n<p class=\"has-text-align-center\"><strong>Cinco Minutos<\/strong><\/p>\n\n\n\n<figure class=\"wp-block-image size-large\"><a href=\"https:\/\/domainpublic.files.wordpress.com\/2022\/01\/cincominutos.pdf\"><img loading=\"lazy\" width=\"1024\" height=\"683\" src=\"http:\/\/portaleducacao.guarulhos.sp.gov.br\/wp_site\/saberesemcasa\/wp-content\/uploads\/sites\/6\/2022\/03\/5minutos-1024x683.jpeg\" alt=\"\" class=\"wp-image-1916\" srcset=\"http:\/\/portaleducacao.guarulhos.sp.gov.br\/wp_site\/saberesemcasa\/wp-content\/uploads\/sites\/6\/2022\/03\/5minutos-1024x683.jpeg 1024w, http:\/\/portaleducacao.guarulhos.sp.gov.br\/wp_site\/saberesemcasa\/wp-content\/uploads\/sites\/6\/2022\/03\/5minutos-300x200.jpeg 300w, http:\/\/portaleducacao.guarulhos.sp.gov.br\/wp_site\/saberesemcasa\/wp-content\/uploads\/sites\/6\/2022\/03\/5minutos-768x512.jpeg 768w, http:\/\/portaleducacao.guarulhos.sp.gov.br\/wp_site\/saberesemcasa\/wp-content\/uploads\/sites\/6\/2022\/03\/5minutos-1536x1024.jpeg 1536w, http:\/\/portaleducacao.guarulhos.sp.gov.br\/wp_site\/saberesemcasa\/wp-content\/uploads\/sites\/6\/2022\/03\/5minutos-2048x1365.jpeg 2048w\" sizes=\"(max-width: 1024px) 100vw, 1024px\" \/><\/a><\/figure>\n<\/div>\n\n\n\n<div class=\"wp-container-18 wp-block-column\">\n<p class=\"has-text-align-center\"><strong>As sete cabritinhas e o lobo<\/strong><\/p>\n\n\n\n<figure class=\"wp-block-image size-large\"><a href=\"https:\/\/espacodeleitura.labedu.org.br\/livros\/as-sete-cabritinhas-e-o-lobo\/?leitor=1\"><img loading=\"lazy\" width=\"1024\" height=\"615\" src=\"http:\/\/portaleducacao.guarulhos.sp.gov.br\/wp_site\/saberesemcasa\/wp-content\/uploads\/sites\/6\/2022\/03\/As-sete-cabritinhas-1024x615.png\" alt=\"\" class=\"wp-image-1917\" srcset=\"http:\/\/portaleducacao.guarulhos.sp.gov.br\/wp_site\/saberesemcasa\/wp-content\/uploads\/sites\/6\/2022\/03\/As-sete-cabritinhas-1024x615.png 1024w, http:\/\/portaleducacao.guarulhos.sp.gov.br\/wp_site\/saberesemcasa\/wp-content\/uploads\/sites\/6\/2022\/03\/As-sete-cabritinhas-300x180.png 300w, http:\/\/portaleducacao.guarulhos.sp.gov.br\/wp_site\/saberesemcasa\/wp-content\/uploads\/sites\/6\/2022\/03\/As-sete-cabritinhas-768x461.png 768w, http:\/\/portaleducacao.guarulhos.sp.gov.br\/wp_site\/saberesemcasa\/wp-content\/uploads\/sites\/6\/2022\/03\/As-sete-cabritinhas.png 1158w\" sizes=\"(max-width: 1024px) 100vw, 1024px\" \/><\/a><\/figure>\n\n\n\n<p><\/p>\n<\/div>\n<\/div>\n\n\n\n<div class=\"wp-container-23 wp-block-columns\">\n<div class=\"wp-container-20 wp-block-column\">\n<p class=\"has-text-align-center\"><strong>A Casa&nbsp;<\/strong><\/p>\n\n\n\n<figure class=\"wp-block-image size-large\"><a href=\"https:\/\/5ca0e999-de9a-47e0-9b77-7e3eeab0592c.usrfiles.com\/ugd\/5ca0e9_d5d7123c88954f7c97caf5917c6f499a.pdf\"><img loading=\"lazy\" width=\"861\" height=\"851\" src=\"http:\/\/portaleducacao.guarulhos.sp.gov.br\/wp_site\/saberesemcasa\/wp-content\/uploads\/sites\/6\/2022\/03\/A-Casa_Jane_Prado.jpg\" alt=\"\" class=\"wp-image-1912\" srcset=\"http:\/\/portaleducacao.guarulhos.sp.gov.br\/wp_site\/saberesemcasa\/wp-content\/uploads\/sites\/6\/2022\/03\/A-Casa_Jane_Prado.jpg 861w, http:\/\/portaleducacao.guarulhos.sp.gov.br\/wp_site\/saberesemcasa\/wp-content\/uploads\/sites\/6\/2022\/03\/A-Casa_Jane_Prado-300x297.jpg 300w, http:\/\/portaleducacao.guarulhos.sp.gov.br\/wp_site\/saberesemcasa\/wp-content\/uploads\/sites\/6\/2022\/03\/A-Casa_Jane_Prado-768x759.jpg 768w, http:\/\/portaleducacao.guarulhos.sp.gov.br\/wp_site\/saberesemcasa\/wp-content\/uploads\/sites\/6\/2022\/03\/A-Casa_Jane_Prado-75x75.jpg 75w\" sizes=\"(max-width: 861px) 100vw, 861px\" \/><\/a><\/figure>\n<\/div>\n\n\n\n<div class=\"wp-container-21 wp-block-column\">\n<p class=\"has-text-align-center\"><strong>O camelo, o burro e a \u00e1gua<\/strong><\/p>\n\n\n\n<figure class=\"wp-block-image size-large is-resized\"><a href=\"http:\/\/itaudeminas.mg.gov.br\/arquivos\/ere\/livros\/o-camelo-o-burro-e-a-agua.pdf\"><img loading=\"lazy\" src=\"http:\/\/portaleducacao.guarulhos.sp.gov.br\/wp_site\/saberesemcasa\/wp-content\/uploads\/sites\/6\/2022\/03\/Camelo-o-burro.png\" alt=\"\" class=\"wp-image-1914\" width=\"379\" height=\"511\" srcset=\"http:\/\/portaleducacao.guarulhos.sp.gov.br\/wp_site\/saberesemcasa\/wp-content\/uploads\/sites\/6\/2022\/03\/Camelo-o-burro.png 660w, http:\/\/portaleducacao.guarulhos.sp.gov.br\/wp_site\/saberesemcasa\/wp-content\/uploads\/sites\/6\/2022\/03\/Camelo-o-burro-222x300.png 222w\" sizes=\"(max-width: 379px) 100vw, 379px\" \/><\/a><\/figure>\n<\/div>\n\n\n\n<div class=\"wp-container-22 wp-block-column\">\n<p class=\"has-text-align-center\"><strong>O Inventor das Inven\u00e7\u00f5es&nbsp;<\/strong><\/p>\n\n\n\n<figure class=\"wp-block-image size-large\"><a href=\"https:\/\/5ca0e999-de9a-47e0-9b77-7e3eeab0592c.usrfiles.com\/ugd\/5ca0e9_acccc8d7d30947138c563a690663ca0f.pdf\"><img loading=\"lazy\" width=\"1024\" height=\"780\" src=\"http:\/\/portaleducacao.guarulhos.sp.gov.br\/wp_site\/saberesemcasa\/wp-content\/uploads\/sites\/6\/2022\/03\/inventor-de-invencoes-1024x780.png\" alt=\"\" class=\"wp-image-1915\" srcset=\"http:\/\/portaleducacao.guarulhos.sp.gov.br\/wp_site\/saberesemcasa\/wp-content\/uploads\/sites\/6\/2022\/03\/inventor-de-invencoes-1024x780.png 1024w, http:\/\/portaleducacao.guarulhos.sp.gov.br\/wp_site\/saberesemcasa\/wp-content\/uploads\/sites\/6\/2022\/03\/inventor-de-invencoes-300x228.png 300w, http:\/\/portaleducacao.guarulhos.sp.gov.br\/wp_site\/saberesemcasa\/wp-content\/uploads\/sites\/6\/2022\/03\/inventor-de-invencoes-768x585.png 768w, http:\/\/portaleducacao.guarulhos.sp.gov.br\/wp_site\/saberesemcasa\/wp-content\/uploads\/sites\/6\/2022\/03\/inventor-de-invencoes.png 1173w\" sizes=\"(max-width: 1024px) 100vw, 1024px\" \/><\/a><\/figure>\n<\/div>\n<\/div>\n\n\n\n<div class=\"wp-container-26 wp-block-columns\">\n<div class=\"wp-container-24 wp-block-column\">\n<p class=\"has-text-align-center\"><strong>Voc\u00ea \u00e9 especial<\/strong><\/p>\n\n\n\n<figure class=\"wp-block-embed is-type-video is-provider-youtube wp-block-embed-youtube wp-embed-aspect-4-3 wp-has-aspect-ratio\"><div class=\"wp-block-embed__wrapper\">\n<iframe loading=\"lazy\" title=\"Audiolivro para crian\u00e7as: \u201cVoc\u00ea \u00e9 especial\u201d de Max Lucado.\" width=\"870\" height=\"653\" src=\"https:\/\/www.youtube.com\/embed\/9OuSRr0mu7c?feature=oembed\" frameborder=\"0\" allow=\"accelerometer; autoplay; clipboard-write; encrypted-media; gyroscope; picture-in-picture\" allowfullscreen><\/iframe>\n<\/div><\/figure>\n<\/div>\n\n\n\n<div class=\"wp-container-25 wp-block-column\">\n<p class=\"has-text-align-center\"><strong>Conto: Felicidade Clandestina<\/strong><\/p>\n\n\n\n<figure class=\"wp-block-embed is-type-video is-provider-youtube wp-block-embed-youtube wp-embed-aspect-4-3 wp-has-aspect-ratio\"><div class=\"wp-block-embed__wrapper\">\n<iframe loading=\"lazy\" title=\"Clarice Lispector- Contos #1  Felicidade Clandestina  (Audiobook)\" width=\"870\" height=\"653\" src=\"https:\/\/www.youtube.com\/embed\/6MxTeZwprS8?feature=oembed\" frameborder=\"0\" allow=\"accelerometer; autoplay; clipboard-write; encrypted-media; gyroscope; picture-in-picture\" allowfullscreen><\/iframe>\n<\/div><\/figure>\n<\/div>\n<\/div>\n\n\n\n<div class=\"wp-container-29 wp-block-columns\">\n<div class=\"wp-container-27 wp-block-column\">\n<p class=\"has-text-align-center\"><strong>Tonico<\/strong><\/p>\n\n\n\n<figure class=\"wp-block-image size-large\"><a href=\"https:\/\/asdfiles.com\/1qhxx~s\"><img loading=\"lazy\" width=\"484\" height=\"626\" src=\"http:\/\/portaleducacao.guarulhos.sp.gov.br\/wp_site\/saberesemcasa\/wp-content\/uploads\/sites\/6\/2021\/11\/Tonico.png\" alt=\"\" class=\"wp-image-1835\" srcset=\"http:\/\/portaleducacao.guarulhos.sp.gov.br\/wp_site\/saberesemcasa\/wp-content\/uploads\/sites\/6\/2021\/11\/Tonico.png 484w, http:\/\/portaleducacao.guarulhos.sp.gov.br\/wp_site\/saberesemcasa\/wp-content\/uploads\/sites\/6\/2021\/11\/Tonico-232x300.png 232w\" sizes=\"(max-width: 484px) 100vw, 484px\" \/><\/a><\/figure>\n\n\n\n<p>Obs.: Aguarde uns 30 segundos para carregar, n\u00e3o precisa fazer assinatura e use as setas no alto do canto esquerdo para mudar as p\u00e1ginas.<\/p>\n<\/div>\n\n\n\n<div class=\"wp-container-28 wp-block-column\">\n<p class=\"has-text-align-center\"><strong>A Turma da M\u00f4nica &#8211; Acessibilidade<\/strong><\/p>\n\n\n<div class=\"wp-block-image\">\n<figure class=\"aligncenter size-large is-resized\"><a href=\"https:\/\/www.baixelivros.com.br\/quadrinhos\/a-turma-da-monica-acessibilidade\"><img loading=\"lazy\" src=\"http:\/\/portaleducacao.guarulhos.sp.gov.br\/wp_site\/saberesemcasa\/wp-content\/uploads\/sites\/6\/2021\/11\/turma_da_monica-1.png\" alt=\"\" class=\"wp-image-1838\" width=\"467\" height=\"662\" srcset=\"http:\/\/portaleducacao.guarulhos.sp.gov.br\/wp_site\/saberesemcasa\/wp-content\/uploads\/sites\/6\/2021\/11\/turma_da_monica-1.png 377w, http:\/\/portaleducacao.guarulhos.sp.gov.br\/wp_site\/saberesemcasa\/wp-content\/uploads\/sites\/6\/2021\/11\/turma_da_monica-1-211x300.png 211w\" sizes=\"(max-width: 467px) 100vw, 467px\" \/><\/a><\/figure><\/div><\/div>\n<\/div>\n\n\n\n<div class=\"wp-container-32 wp-block-columns\">\n<div class=\"wp-container-30 wp-block-column\">\n<p class=\"has-text-align-center\"><strong>Ubuntu<\/strong><\/p>\n\n\n\n<figure class=\"wp-block-image size-large\"><a href=\"https:\/\/www.baixelivros.com.br\/infantil\/ubuntu\"><img loading=\"lazy\" width=\"600\" height=\"598\" src=\"http:\/\/portaleducacao.guarulhos.sp.gov.br\/wp_site\/saberesemcasa\/wp-content\/uploads\/sites\/6\/2021\/11\/ubuntu-1.png\" alt=\"\" class=\"wp-image-1833\" srcset=\"http:\/\/portaleducacao.guarulhos.sp.gov.br\/wp_site\/saberesemcasa\/wp-content\/uploads\/sites\/6\/2021\/11\/ubuntu-1.png 600w, http:\/\/portaleducacao.guarulhos.sp.gov.br\/wp_site\/saberesemcasa\/wp-content\/uploads\/sites\/6\/2021\/11\/ubuntu-1-300x300.png 300w, http:\/\/portaleducacao.guarulhos.sp.gov.br\/wp_site\/saberesemcasa\/wp-content\/uploads\/sites\/6\/2021\/11\/ubuntu-1-150x150.png 150w, http:\/\/portaleducacao.guarulhos.sp.gov.br\/wp_site\/saberesemcasa\/wp-content\/uploads\/sites\/6\/2021\/11\/ubuntu-1-75x75.png 75w, http:\/\/portaleducacao.guarulhos.sp.gov.br\/wp_site\/saberesemcasa\/wp-content\/uploads\/sites\/6\/2021\/11\/ubuntu-1-444x444.png 444w\" sizes=\"(max-width: 600px) 100vw, 600px\" \/><\/a><\/figure>\n<\/div>\n\n\n\n<div class=\"wp-container-31 wp-block-column\">\n<p class=\"has-text-align-center\"><strong>O Sapo de Sapato<\/strong><\/p>\n\n\n\n<figure class=\"wp-block-image size-large is-resized\"><a href=\"https:\/\/www.baixelivros.com.br\/infantil\/o-sapo-de-sapato\"><img loading=\"lazy\" src=\"http:\/\/portaleducacao.guarulhos.sp.gov.br\/wp_site\/saberesemcasa\/wp-content\/uploads\/sites\/6\/2021\/11\/o_sapo_sapato.png\" alt=\"\" class=\"wp-image-1834\" width=\"508\" height=\"581\" srcset=\"http:\/\/portaleducacao.guarulhos.sp.gov.br\/wp_site\/saberesemcasa\/wp-content\/uploads\/sites\/6\/2021\/11\/o_sapo_sapato.png 555w, http:\/\/portaleducacao.guarulhos.sp.gov.br\/wp_site\/saberesemcasa\/wp-content\/uploads\/sites\/6\/2021\/11\/o_sapo_sapato-262x300.png 262w\" sizes=\"(max-width: 508px) 100vw, 508px\" \/><\/a><\/figure>\n<\/div>\n<\/div>\n\n\n\n<figure class=\"wp-block-embed is-type-video is-provider-youtube wp-block-embed-youtube wp-embed-aspect-16-9 wp-has-aspect-ratio\"><div class=\"wp-block-embed__wrapper\">\n<iframe loading=\"lazy\" title=\"IRACEMA - Audiobook - Cl\u00e1ssico da Literatura!!!\" width=\"870\" height=\"489\" src=\"https:\/\/www.youtube.com\/embed\/o_owH-vrIxM?feature=oembed\" frameborder=\"0\" allow=\"accelerometer; autoplay; clipboard-write; encrypted-media; gyroscope; picture-in-picture\" allowfullscreen><\/iframe>\n<\/div><\/figure>\n\n\n\n<div class=\"wp-container-36 wp-block-columns\">\n<div class=\"wp-container-33 wp-block-column\">\n<p class=\"has-text-align-center\"><strong>A metamorfose.<\/strong><\/p>\n\n\n<div class=\"wp-block-image\">\n<figure class=\"aligncenter size-large\"><a href=\"https:\/\/www.baixelivros.com.br\/literatura-estrangeira\/a-metamorfose\"><img loading=\"lazy\" width=\"286\" height=\"349\" src=\"http:\/\/portaleducacao.guarulhos.sp.gov.br\/wp_site\/saberesemcasa\/wp-content\/uploads\/sites\/6\/2021\/10\/Metamorfose.png\" alt=\"\" class=\"wp-image-1781\" srcset=\"http:\/\/portaleducacao.guarulhos.sp.gov.br\/wp_site\/saberesemcasa\/wp-content\/uploads\/sites\/6\/2021\/10\/Metamorfose.png 286w, http:\/\/portaleducacao.guarulhos.sp.gov.br\/wp_site\/saberesemcasa\/wp-content\/uploads\/sites\/6\/2021\/10\/Metamorfose-246x300.png 246w\" sizes=\"(max-width: 286px) 100vw, 286px\" \/><\/a><\/figure><\/div><\/div>\n\n\n\n<div class=\"wp-container-34 wp-block-column\">\n<p class=\"has-text-align-center\"><strong>A bicicleta voadora.<\/strong><\/p>\n\n\n<div class=\"wp-block-image\">\n<figure class=\"aligncenter size-large is-resized\"><a href=\"https:\/\/www.euleioparaumacrianca.com.br\/estante-digital\/a-bicicleta-voadora\/\"><img loading=\"lazy\" src=\"http:\/\/portaleducacao.guarulhos.sp.gov.br\/wp_site\/saberesemcasa\/wp-content\/uploads\/sites\/6\/2021\/10\/A_bicicleta.png\" alt=\"\" class=\"wp-image-1782\" width=\"227\" height=\"406\" srcset=\"http:\/\/portaleducacao.guarulhos.sp.gov.br\/wp_site\/saberesemcasa\/wp-content\/uploads\/sites\/6\/2021\/10\/A_bicicleta.png 280w, http:\/\/portaleducacao.guarulhos.sp.gov.br\/wp_site\/saberesemcasa\/wp-content\/uploads\/sites\/6\/2021\/10\/A_bicicleta-168x300.png 168w\" sizes=\"(max-width: 227px) 100vw, 227px\" \/><\/a><\/figure><\/div><\/div>\n\n\n\n<div class=\"wp-container-35 wp-block-column\">\n<p class=\"has-text-align-center\"><strong>Onde est\u00e1 o meu cachorro?<\/strong><\/p>\n\n\n\n<figure class=\"wp-block-image size-large\"><a href=\"https:\/\/espacodeleitura.labedu.org.br\/livros\/onde-esta-o-meu-cachorro\/?leitor=1\"><img loading=\"lazy\" width=\"1024\" height=\"608\" src=\"http:\/\/portaleducacao.guarulhos.sp.gov.br\/wp_site\/saberesemcasa\/wp-content\/uploads\/sites\/6\/2021\/10\/onde_esta_o_meu-1024x608.jpg\" alt=\"\" class=\"wp-image-1783\" srcset=\"http:\/\/portaleducacao.guarulhos.sp.gov.br\/wp_site\/saberesemcasa\/wp-content\/uploads\/sites\/6\/2021\/10\/onde_esta_o_meu-1024x608.jpg 1024w, http:\/\/portaleducacao.guarulhos.sp.gov.br\/wp_site\/saberesemcasa\/wp-content\/uploads\/sites\/6\/2021\/10\/onde_esta_o_meu-300x178.jpg 300w, http:\/\/portaleducacao.guarulhos.sp.gov.br\/wp_site\/saberesemcasa\/wp-content\/uploads\/sites\/6\/2021\/10\/onde_esta_o_meu-768x456.jpg 768w, http:\/\/portaleducacao.guarulhos.sp.gov.br\/wp_site\/saberesemcasa\/wp-content\/uploads\/sites\/6\/2021\/10\/onde_esta_o_meu.jpg 1163w\" sizes=\"(max-width: 1024px) 100vw, 1024px\" \/><\/a><\/figure>\n\n\n\n<p><\/p>\n<\/div>\n<\/div>\n\n\n\n<div class=\"wp-container-41 wp-block-columns\">\n<div class=\"wp-container-37 wp-block-column\">\n<p class=\"has-text-align-center\"><strong>Gratid\u00e3o faz bem ao cora\u00e7\u00e3o.<\/strong><\/p>\n\n\n\n<figure class=\"wp-block-image size-large\"><a href=\"https:\/\/www.baixelivros.com.br\/infantil\/gratidao-faz-bem-ao-coracao\"><img loading=\"lazy\" width=\"521\" height=\"523\" src=\"http:\/\/portaleducacao.guarulhos.sp.gov.br\/wp_site\/saberesemcasa\/wp-content\/uploads\/sites\/6\/2021\/10\/Gratidao.png\" alt=\"\" class=\"wp-image-1776\" srcset=\"http:\/\/portaleducacao.guarulhos.sp.gov.br\/wp_site\/saberesemcasa\/wp-content\/uploads\/sites\/6\/2021\/10\/Gratidao.png 521w, http:\/\/portaleducacao.guarulhos.sp.gov.br\/wp_site\/saberesemcasa\/wp-content\/uploads\/sites\/6\/2021\/10\/Gratidao-300x300.png 300w, http:\/\/portaleducacao.guarulhos.sp.gov.br\/wp_site\/saberesemcasa\/wp-content\/uploads\/sites\/6\/2021\/10\/Gratidao-150x150.png 150w, http:\/\/portaleducacao.guarulhos.sp.gov.br\/wp_site\/saberesemcasa\/wp-content\/uploads\/sites\/6\/2021\/10\/Gratidao-75x75.png 75w\" sizes=\"(max-width: 521px) 100vw, 521px\" \/><\/a><\/figure>\n<\/div>\n\n\n\n<div class=\"wp-container-38 wp-block-column\">\n<p><strong>O Tempo que o Tempo Tem<\/strong><\/p>\n\n\n\n<figure class=\"wp-block-image size-large\"><a href=\"https:\/\/www.baixelivros.com.br\/infantil\/o-tempo-que-o-tempo-tem\"><img loading=\"lazy\" width=\"524\" height=\"606\" src=\"http:\/\/portaleducacao.guarulhos.sp.gov.br\/wp_site\/saberesemcasa\/wp-content\/uploads\/sites\/6\/2021\/10\/O_tempo_.png\" alt=\"\" class=\"wp-image-1777\" srcset=\"http:\/\/portaleducacao.guarulhos.sp.gov.br\/wp_site\/saberesemcasa\/wp-content\/uploads\/sites\/6\/2021\/10\/O_tempo_.png 524w, http:\/\/portaleducacao.guarulhos.sp.gov.br\/wp_site\/saberesemcasa\/wp-content\/uploads\/sites\/6\/2021\/10\/O_tempo_-259x300.png 259w\" sizes=\"(max-width: 524px) 100vw, 524px\" \/><\/a><\/figure>\n<\/div>\n\n\n\n<div class=\"wp-container-39 wp-block-column\">\n<p class=\"has-text-align-center\"><strong>A Estrelinha do mar.<\/strong><\/p>\n\n\n\n<figure class=\"wp-block-image size-large\"><a href=\"https:\/\/www.baixelivros.com.br\/infantil\/a-estrelinha-do-mar\"><img loading=\"lazy\" width=\"493\" height=\"491\" src=\"http:\/\/portaleducacao.guarulhos.sp.gov.br\/wp_site\/saberesemcasa\/wp-content\/uploads\/sites\/6\/2021\/10\/Estrelinha_do_mar.png\" alt=\"\" class=\"wp-image-1778\" srcset=\"http:\/\/portaleducacao.guarulhos.sp.gov.br\/wp_site\/saberesemcasa\/wp-content\/uploads\/sites\/6\/2021\/10\/Estrelinha_do_mar.png 493w, http:\/\/portaleducacao.guarulhos.sp.gov.br\/wp_site\/saberesemcasa\/wp-content\/uploads\/sites\/6\/2021\/10\/Estrelinha_do_mar-300x300.png 300w, http:\/\/portaleducacao.guarulhos.sp.gov.br\/wp_site\/saberesemcasa\/wp-content\/uploads\/sites\/6\/2021\/10\/Estrelinha_do_mar-150x150.png 150w, http:\/\/portaleducacao.guarulhos.sp.gov.br\/wp_site\/saberesemcasa\/wp-content\/uploads\/sites\/6\/2021\/10\/Estrelinha_do_mar-75x75.png 75w\" sizes=\"(max-width: 493px) 100vw, 493px\" \/><\/a><\/figure>\n<\/div>\n\n\n\n<div class=\"wp-container-40 wp-block-column\">\n<p class=\"has-text-align-center\"><strong>Eca em Mi\u00fados: Estatuto da Crian\u00e7a e do Adolescente<\/strong><\/p>\n\n\n\n<figure class=\"wp-block-image size-large\"><a href=\"https:\/\/www.baixelivros.com.br\/quadrinhos\/eca-em-miudos\"><img loading=\"lazy\" width=\"369\" height=\"523\" src=\"http:\/\/portaleducacao.guarulhos.sp.gov.br\/wp_site\/saberesemcasa\/wp-content\/uploads\/sites\/6\/2021\/10\/ECA.png\" alt=\"\" class=\"wp-image-1779\" srcset=\"http:\/\/portaleducacao.guarulhos.sp.gov.br\/wp_site\/saberesemcasa\/wp-content\/uploads\/sites\/6\/2021\/10\/ECA.png 369w, http:\/\/portaleducacao.guarulhos.sp.gov.br\/wp_site\/saberesemcasa\/wp-content\/uploads\/sites\/6\/2021\/10\/ECA-212x300.png 212w\" sizes=\"(max-width: 369px) 100vw, 369px\" \/><\/a><\/figure>\n<\/div>\n<\/div>\n\n\n\n<p class=\"has-text-align-center\"><strong>O Guardador de Rebanhos<\/strong><\/p>\n\n\n\n<figure class=\"wp-block-embed is-type-video is-provider-youtube wp-block-embed-youtube wp-embed-aspect-16-9 wp-has-aspect-ratio\"><div class=\"wp-block-embed__wrapper\">\n<iframe loading=\"lazy\" title=\"Fernando Pessoa [Heter\u00f4nimo Alberto Caeiro] - O Guardador de Rebanhos #fernandopessoa #albertocaeiro\" width=\"870\" height=\"489\" src=\"https:\/\/www.youtube.com\/embed\/FRLdpOFQFn4?feature=oembed\" frameborder=\"0\" allow=\"accelerometer; autoplay; clipboard-write; encrypted-media; gyroscope; picture-in-picture\" allowfullscreen><\/iframe>\n<\/div><\/figure>\n\n\n\n<figure class=\"wp-block-image size-large\"><img src=\"http:\/\/portaleducacao.guarulhos.sp.gov.br\/cadf21f0-803c-4fd9-a5a6-fa972f28dccf\" alt=\"\" \/><\/figure>\n\n\n\n<div class=\"wp-container-46 wp-block-columns\">\n<div class=\"wp-container-42 wp-block-column\">\n<p class=\"has-text-align-center\"><strong>A Turma da M\u00f4nica e o Minist\u00e9rio P\u00fablico<\/strong><\/p>\n\n\n\n<figure class=\"wp-block-image size-large\"><a href=\"https:\/\/www.baixelivros.com.br\/quadrinhos\/turma-da-monica-e-o-ministerio-publico\"><img loading=\"lazy\" width=\"285\" height=\"346\" src=\"http:\/\/portaleducacao.guarulhos.sp.gov.br\/wp_site\/saberesemcasa\/wp-content\/uploads\/sites\/6\/2021\/08\/monica-2.png\" alt=\"\" class=\"wp-image-1676\" srcset=\"http:\/\/portaleducacao.guarulhos.sp.gov.br\/wp_site\/saberesemcasa\/wp-content\/uploads\/sites\/6\/2021\/08\/monica-2.png 285w, http:\/\/portaleducacao.guarulhos.sp.gov.br\/wp_site\/saberesemcasa\/wp-content\/uploads\/sites\/6\/2021\/08\/monica-2-247x300.png 247w\" sizes=\"(max-width: 285px) 100vw, 285px\" \/><\/a><\/figure>\n<\/div>\n\n\n\n<div class=\"wp-container-43 wp-block-column\">\n<p class=\"has-text-align-center\"><strong>Um certo Jo\u00e3o<\/strong><\/p>\n\n\n\n<figure class=\"wp-block-image size-large\"><a href=\"https:\/\/www.baixelivros.com.br\/infantil\/um-certo-joao\"><img loading=\"lazy\" width=\"282\" height=\"347\" src=\"http:\/\/portaleducacao.guarulhos.sp.gov.br\/wp_site\/saberesemcasa\/wp-content\/uploads\/sites\/6\/2021\/08\/um_certo_joao.png\" alt=\"\" class=\"wp-image-1677\" srcset=\"http:\/\/portaleducacao.guarulhos.sp.gov.br\/wp_site\/saberesemcasa\/wp-content\/uploads\/sites\/6\/2021\/08\/um_certo_joao.png 282w, http:\/\/portaleducacao.guarulhos.sp.gov.br\/wp_site\/saberesemcasa\/wp-content\/uploads\/sites\/6\/2021\/08\/um_certo_joao-244x300.png 244w\" sizes=\"(max-width: 282px) 100vw, 282px\" \/><\/a><\/figure>\n<\/div>\n\n\n\n<div class=\"wp-container-44 wp-block-column\">\n<p><strong>A receita de Mandragora&nbsp;&nbsp;<\/strong><\/p>\n\n\n\n<figure class=\"wp-block-image size-large\"><a href=\"https:\/\/espacodeleitura.labedu.org.br\/livros\/a-receita-de-mandragora\/?leitor=1\"><img loading=\"lazy\" width=\"969\" height=\"574\" src=\"http:\/\/portaleducacao.guarulhos.sp.gov.br\/wp_site\/saberesemcasa\/wp-content\/uploads\/sites\/6\/2021\/08\/mandragora.png\" alt=\"\" class=\"wp-image-1678\" srcset=\"http:\/\/portaleducacao.guarulhos.sp.gov.br\/wp_site\/saberesemcasa\/wp-content\/uploads\/sites\/6\/2021\/08\/mandragora.png 969w, http:\/\/portaleducacao.guarulhos.sp.gov.br\/wp_site\/saberesemcasa\/wp-content\/uploads\/sites\/6\/2021\/08\/mandragora-300x178.png 300w, http:\/\/portaleducacao.guarulhos.sp.gov.br\/wp_site\/saberesemcasa\/wp-content\/uploads\/sites\/6\/2021\/08\/mandragora-768x455.png 768w\" sizes=\"(max-width: 969px) 100vw, 969px\" \/><\/a><\/figure>\n<\/div>\n\n\n\n<div class=\"wp-container-45 wp-block-column\">\n<p><strong>Quero por que quero!!<\/strong><\/p>\n\n\n\n<figure class=\"wp-block-image size-large\"><a href=\"https:\/\/issuu.com\/ielo\/docs\/quero_porque_quero_-_visualiza____o\"><img loading=\"lazy\" width=\"346\" height=\"407\" src=\"http:\/\/portaleducacao.guarulhos.sp.gov.br\/wp_site\/saberesemcasa\/wp-content\/uploads\/sites\/6\/2021\/08\/quero_porque.png\" alt=\"\" class=\"wp-image-1679\" srcset=\"http:\/\/portaleducacao.guarulhos.sp.gov.br\/wp_site\/saberesemcasa\/wp-content\/uploads\/sites\/6\/2021\/08\/quero_porque.png 346w, http:\/\/portaleducacao.guarulhos.sp.gov.br\/wp_site\/saberesemcasa\/wp-content\/uploads\/sites\/6\/2021\/08\/quero_porque-255x300.png 255w\" sizes=\"(max-width: 346px) 100vw, 346px\" \/><\/a><\/figure>\n<\/div>\n<\/div>\n\n\n\n<div class=\"wp-container-51 wp-block-columns\">\n<div class=\"wp-container-47 wp-block-column\">\n<p class=\"has-text-align-center\"><strong>Chapeuzinho Vermelho<\/strong><\/p>\n\n\n\n<figure class=\"wp-block-image size-large\"><a href=\"https:\/\/www.euleioparaumacrianca.com.br\/historias\/chapeuzinho-vermelho\/\"><img loading=\"lazy\" width=\"421\" height=\"457\" src=\"http:\/\/portaleducacao.guarulhos.sp.gov.br\/wp_site\/saberesemcasa\/wp-content\/uploads\/sites\/6\/2021\/06\/Chapeuzinho_vermelho.jpg\" alt=\"\" class=\"wp-image-1519\" srcset=\"http:\/\/portaleducacao.guarulhos.sp.gov.br\/wp_site\/saberesemcasa\/wp-content\/uploads\/sites\/6\/2021\/06\/Chapeuzinho_vermelho.jpg 421w, http:\/\/portaleducacao.guarulhos.sp.gov.br\/wp_site\/saberesemcasa\/wp-content\/uploads\/sites\/6\/2021\/06\/Chapeuzinho_vermelho-276x300.jpg 276w\" sizes=\"(max-width: 421px) 100vw, 421px\" \/><\/a><\/figure>\n<\/div>\n\n\n\n<div class=\"wp-container-48 wp-block-column\">\n<p class=\"has-text-align-center\"><strong>Roupa de Brincar<\/strong><\/p>\n\n\n<div class=\"wp-block-image\">\n<figure class=\"aligncenter size-large\"><a href=\"https:\/\/issuu.com\/pulodogato\/docs\/roupa_de_brincar___marcadagua\"><img loading=\"lazy\" width=\"215\" height=\"250\" src=\"http:\/\/portaleducacao.guarulhos.sp.gov.br\/wp_site\/saberesemcasa\/wp-content\/uploads\/sites\/6\/2021\/06\/roupa_de_brincar.jpg\" alt=\"\" class=\"wp-image-1520\" \/><\/a><\/figure><\/div><\/div>\n\n\n\n<div class=\"wp-container-49 wp-block-column\">\n<p class=\"has-text-align-center\"><strong>Maluquinho Contra a Dengue 2<\/strong><\/p>\n\n\n\n<figure class=\"wp-block-image size-large\"><a href=\"https:\/\/5ca0e999-de9a-47e0-9b77-7e3eeab0592c.usrfiles.com\/ugd\/5ca0e9_36bd357fcac545d3845041c80e39ec7d.pdf\"><img loading=\"lazy\" width=\"389\" height=\"536\" src=\"http:\/\/portaleducacao.guarulhos.sp.gov.br\/wp_site\/saberesemcasa\/wp-content\/uploads\/sites\/6\/2021\/06\/menino.jpg\" alt=\"\" class=\"wp-image-1524\" srcset=\"http:\/\/portaleducacao.guarulhos.sp.gov.br\/wp_site\/saberesemcasa\/wp-content\/uploads\/sites\/6\/2021\/06\/menino.jpg 389w, http:\/\/portaleducacao.guarulhos.sp.gov.br\/wp_site\/saberesemcasa\/wp-content\/uploads\/sites\/6\/2021\/06\/menino-218x300.jpg 218w\" sizes=\"(max-width: 389px) 100vw, 389px\" \/><\/a><\/figure>\n<\/div>\n\n\n\n<div class=\"wp-container-50 wp-block-column\">\n<p class=\"has-text-align-center\"><strong>ICO e o Mundo que queremos<\/strong><\/p>\n\n\n\n<figure class=\"wp-block-image size-large\"><a href=\"https:\/\/literaturaacessivel.com.br\/wp-content\/uploads\/2020\/06\/Ebook-Ico-e-o-mundo-que-queremos-construir.pdf\"><img loading=\"lazy\" width=\"1016\" height=\"571\" src=\"http:\/\/portaleducacao.guarulhos.sp.gov.br\/wp_site\/saberesemcasa\/wp-content\/uploads\/sites\/6\/2021\/06\/o-mundo.jpg\" alt=\"\" class=\"wp-image-1525\" srcset=\"http:\/\/portaleducacao.guarulhos.sp.gov.br\/wp_site\/saberesemcasa\/wp-content\/uploads\/sites\/6\/2021\/06\/o-mundo.jpg 1016w, http:\/\/portaleducacao.guarulhos.sp.gov.br\/wp_site\/saberesemcasa\/wp-content\/uploads\/sites\/6\/2021\/06\/o-mundo-300x169.jpg 300w, http:\/\/portaleducacao.guarulhos.sp.gov.br\/wp_site\/saberesemcasa\/wp-content\/uploads\/sites\/6\/2021\/06\/o-mundo-768x432.jpg 768w\" sizes=\"(max-width: 1016px) 100vw, 1016px\" \/><\/a><\/figure>\n\n\n\n<p><\/p>\n<\/div>\n<\/div>\n\n\n\n<div class=\"wp-container-55 wp-block-columns\">\n<div class=\"wp-container-52 wp-block-column\">\n<p class=\"has-text-align-center\"><strong>A Escolha Certa<\/strong><\/p>\n\n\n\n<figure class=\"wp-block-image size-large\"><a href=\"https:\/\/www.baixelivros.com.br\/quadrinhos\/turma-da-monica-a-escolha-certa\"><img loading=\"lazy\" width=\"376\" height=\"535\" src=\"http:\/\/portaleducacao.guarulhos.sp.gov.br\/wp_site\/saberesemcasa\/wp-content\/uploads\/sites\/6\/2021\/06\/turma.jpg\" alt=\"\" class=\"wp-image-1513\" srcset=\"http:\/\/portaleducacao.guarulhos.sp.gov.br\/wp_site\/saberesemcasa\/wp-content\/uploads\/sites\/6\/2021\/06\/turma.jpg 376w, http:\/\/portaleducacao.guarulhos.sp.gov.br\/wp_site\/saberesemcasa\/wp-content\/uploads\/sites\/6\/2021\/06\/turma-211x300.jpg 211w\" sizes=\"(max-width: 376px) 100vw, 376px\" \/><\/a><\/figure>\n<\/div>\n\n\n\n<div class=\"wp-container-53 wp-block-column\">\n<p class=\"has-text-align-center\"><strong>Somos Todos Cidad\u00e3os<\/strong><\/p>\n\n\n\n<figure class=\"wp-block-image size-large\"><a href=\"https:\/\/www.baixelivros.com.br\/quadrinhos\/turma-da-monica-somos-todos-cidadaos\"><img loading=\"lazy\" width=\"373\" height=\"533\" src=\"http:\/\/portaleducacao.guarulhos.sp.gov.br\/wp_site\/saberesemcasa\/wp-content\/uploads\/sites\/6\/2021\/06\/todos_cidadaos.jpg\" alt=\"\" class=\"wp-image-1515\" srcset=\"http:\/\/portaleducacao.guarulhos.sp.gov.br\/wp_site\/saberesemcasa\/wp-content\/uploads\/sites\/6\/2021\/06\/todos_cidadaos.jpg 373w, http:\/\/portaleducacao.guarulhos.sp.gov.br\/wp_site\/saberesemcasa\/wp-content\/uploads\/sites\/6\/2021\/06\/todos_cidadaos-210x300.jpg 210w\" sizes=\"(max-width: 373px) 100vw, 373px\" \/><\/a><\/figure>\n<\/div>\n\n\n\n<div class=\"wp-container-54 wp-block-column\">\n<p class=\"has-text-align-center\"><strong>Confus\u00e3o na Fazendinha!<\/strong><\/p>\n\n\n\n<figure class=\"wp-block-image size-large\"><a href=\"https:\/\/issuu.com\/editorabamboo\/docs\/confusaonafazendinha_sample\"><img loading=\"lazy\" width=\"363\" height=\"403\" src=\"http:\/\/portaleducacao.guarulhos.sp.gov.br\/wp_site\/saberesemcasa\/wp-content\/uploads\/sites\/6\/2021\/06\/Confusao-1.jpg\" alt=\"\" class=\"wp-image-1517\" srcset=\"http:\/\/portaleducacao.guarulhos.sp.gov.br\/wp_site\/saberesemcasa\/wp-content\/uploads\/sites\/6\/2021\/06\/Confusao-1.jpg 363w, http:\/\/portaleducacao.guarulhos.sp.gov.br\/wp_site\/saberesemcasa\/wp-content\/uploads\/sites\/6\/2021\/06\/Confusao-1-270x300.jpg 270w\" sizes=\"(max-width: 363px) 100vw, 363px\" \/><\/a><\/figure>\n<\/div>\n<\/div>\n\n\n\n<div class=\"wp-container-59 wp-block-columns\">\n<div class=\"wp-container-56 wp-block-column\">\n<p class=\"has-text-align-center\"><strong>O Melhor Amigo da Bengala<\/strong><\/p>\n\n\n\n<figure class=\"wp-block-image size-large\"><a href=\"https:\/\/literaturaacessivel.com.br\/wp-content\/uploads\/2020\/06\/Interativo-ebook-O-melhor-amigo-da-bengala.pdf\"><img loading=\"lazy\" width=\"560\" height=\"312\" src=\"http:\/\/portaleducacao.guarulhos.sp.gov.br\/wp_site\/saberesemcasa\/wp-content\/uploads\/sites\/6\/2021\/06\/melhor_amigo-1.jpg\" alt=\"\" class=\"wp-image-1509\" srcset=\"http:\/\/portaleducacao.guarulhos.sp.gov.br\/wp_site\/saberesemcasa\/wp-content\/uploads\/sites\/6\/2021\/06\/melhor_amigo-1.jpg 560w, http:\/\/portaleducacao.guarulhos.sp.gov.br\/wp_site\/saberesemcasa\/wp-content\/uploads\/sites\/6\/2021\/06\/melhor_amigo-1-300x167.jpg 300w\" sizes=\"(max-width: 560px) 100vw, 560px\" \/><\/a><\/figure>\n\n\n\n<p><\/p>\n<\/div>\n\n\n\n<div class=\"wp-container-57 wp-block-column\">\n<p class=\"has-text-align-center\"><strong>A Mercearia da Dona Maria<\/strong><\/p>\n\n\n<div class=\"wp-block-image\">\n<figure class=\"aligncenter size-large\"><a href=\"https:\/\/5ca0e999-de9a-47e0-9b77-7e3eeab0592c.usrfiles.com\/ugd\/5ca0e9_3ff72f5aa0ce47deb2c13e2bd2a16d96.pdf\"><img loading=\"lazy\" width=\"342\" height=\"486\" src=\"http:\/\/portaleducacao.guarulhos.sp.gov.br\/wp_site\/saberesemcasa\/wp-content\/uploads\/sites\/6\/2021\/06\/a-mercearia.jpg\" alt=\"\" class=\"wp-image-1510\" srcset=\"http:\/\/portaleducacao.guarulhos.sp.gov.br\/wp_site\/saberesemcasa\/wp-content\/uploads\/sites\/6\/2021\/06\/a-mercearia.jpg 342w, http:\/\/portaleducacao.guarulhos.sp.gov.br\/wp_site\/saberesemcasa\/wp-content\/uploads\/sites\/6\/2021\/06\/a-mercearia-211x300.jpg 211w\" sizes=\"(max-width: 342px) 100vw, 342px\" \/><\/a><\/figure><\/div><\/div>\n\n\n\n<div class=\"wp-container-58 wp-block-column\">\n<p class=\"has-text-align-center\"><strong>Um Menino P\u00e9 de Qu\u00ea?<\/strong><\/p>\n\n\n<div class=\"wp-block-image\">\n<figure class=\"aligncenter size-large\"><a href=\"https:\/\/www.baixelivros.com.br\/infantil\/um-menino-pe-de-que\"><img loading=\"lazy\" width=\"287\" height=\"315\" src=\"http:\/\/portaleducacao.guarulhos.sp.gov.br\/wp_site\/saberesemcasa\/wp-content\/uploads\/sites\/6\/2021\/06\/um-menino.jpg\" alt=\"\" class=\"wp-image-1511\" srcset=\"http:\/\/portaleducacao.guarulhos.sp.gov.br\/wp_site\/saberesemcasa\/wp-content\/uploads\/sites\/6\/2021\/06\/um-menino.jpg 287w, http:\/\/portaleducacao.guarulhos.sp.gov.br\/wp_site\/saberesemcasa\/wp-content\/uploads\/sites\/6\/2021\/06\/um-menino-273x300.jpg 273w\" sizes=\"(max-width: 287px) 100vw, 287px\" \/><\/a><\/figure><\/div><\/div>\n<\/div>\n\n\n\n<h4 class=\"has-text-align-center\">Quincas Borba<\/h4>\n\n\n\n<figure class=\"wp-block-embed-youtube wp-block-embed is-type-rich is-provider-incorporar-manipulador wp-embed-aspect-16-9 wp-has-aspect-ratio\"><div class=\"wp-block-embed__wrapper\">\nhttps:\/\/youtube.com\/watch?v=hTzBtqh0zBk\n<\/div><\/figure>\n\n\n\n<p class=\"has-text-align-center\"><strong>A hora da estrela<\/strong><\/p>\n\n\n\n<figure class=\"wp-block-embed is-type-video is-provider-youtube wp-block-embed-youtube wp-embed-aspect-16-9 wp-has-aspect-ratio\"><div class=\"wp-block-embed__wrapper\">\n<iframe loading=\"lazy\" title=\"Audiolivro A hora da estrela de Clarice Lispector\" width=\"870\" height=\"489\" src=\"https:\/\/www.youtube.com\/embed\/gFg-Ond4M_g?feature=oembed\" frameborder=\"0\" allow=\"accelerometer; autoplay; clipboard-write; encrypted-media; gyroscope; picture-in-picture\" allowfullscreen><\/iframe>\n<\/div><\/figure>\n\n\n\n<div class=\"wp-container-63 wp-block-columns\">\n<div class=\"wp-container-60 wp-block-column\">\n<p class=\"has-text-align-center\"><strong>Entrevistas Al\u00e9m do Tempo<\/strong><\/p>\n\n\n<div class=\"wp-block-image\">\n<figure class=\"aligncenter size-large\"><a href=\"https:\/\/3972d785-bd06-4d6e-8c65-9abe375d3b5c.filesusr.com\/ugd\/4cb6f9_8e731e0bd1114947ae0faaae4266d6a5.pdf\"><img loading=\"lazy\" width=\"395\" height=\"549\" src=\"http:\/\/portaleducacao.guarulhos.sp.gov.br\/wp_site\/saberesemcasa\/wp-content\/uploads\/sites\/6\/2021\/05\/Alem.jpg\" alt=\"\" class=\"wp-image-1304\" srcset=\"http:\/\/portaleducacao.guarulhos.sp.gov.br\/wp_site\/saberesemcasa\/wp-content\/uploads\/sites\/6\/2021\/05\/Alem.jpg 395w, http:\/\/portaleducacao.guarulhos.sp.gov.br\/wp_site\/saberesemcasa\/wp-content\/uploads\/sites\/6\/2021\/05\/Alem-216x300.jpg 216w\" sizes=\"(max-width: 395px) 100vw, 395px\" \/><\/a><\/figure><\/div><\/div>\n\n\n\n<div class=\"wp-container-61 wp-block-column\">\n<p class=\"has-text-align-center\"><strong>Gibi Dona Ci\u00eancia &#8211; Vacina\u00e7\u00e3o&nbsp;<\/strong><\/p>\n\n\n<div class=\"wp-block-image\">\n<figure class=\"aligncenter size-large is-resized\"><a href=\"https:\/\/ceua.unifesp.br\/images\/documentos\/Gibi\/DC_Gibi_10_Vacinacao.pdf\"><img loading=\"lazy\" src=\"http:\/\/portaleducacao.guarulhos.sp.gov.br\/wp_site\/saberesemcasa\/wp-content\/uploads\/sites\/6\/2021\/05\/Dona.jpg\" alt=\"\" class=\"wp-image-1305\" width=\"324\" height=\"460\" srcset=\"http:\/\/portaleducacao.guarulhos.sp.gov.br\/wp_site\/saberesemcasa\/wp-content\/uploads\/sites\/6\/2021\/05\/Dona.jpg 278w, http:\/\/portaleducacao.guarulhos.sp.gov.br\/wp_site\/saberesemcasa\/wp-content\/uploads\/sites\/6\/2021\/05\/Dona-211x300.jpg 211w\" sizes=\"(max-width: 324px) 100vw, 324px\" \/><\/a><\/figure><\/div><\/div>\n\n\n\n<div class=\"wp-container-62 wp-block-column\">\n<p class=\"has-text-align-center\"><strong>Gibi Dona Ci\u00eancia &#8211; Coronav\u00edrus&nbsp;<\/strong><\/p>\n\n\n\n<figure class=\"wp-block-image size-large is-resized\"><a href=\"https:\/\/ceua.unifesp.br\/images\/documentos\/Gibi\/DC_Gibi_18_Coronavirus.pdf\"><img loading=\"lazy\" src=\"http:\/\/portaleducacao.guarulhos.sp.gov.br\/wp_site\/saberesemcasa\/wp-content\/uploads\/sites\/6\/2021\/05\/18Dona.jpg\" alt=\"\" class=\"wp-image-1306\" width=\"321\" height=\"455\" srcset=\"http:\/\/portaleducacao.guarulhos.sp.gov.br\/wp_site\/saberesemcasa\/wp-content\/uploads\/sites\/6\/2021\/05\/18Dona.jpg 335w, http:\/\/portaleducacao.guarulhos.sp.gov.br\/wp_site\/saberesemcasa\/wp-content\/uploads\/sites\/6\/2021\/05\/18Dona-212x300.jpg 212w\" sizes=\"(max-width: 321px) 100vw, 321px\" \/><\/a><\/figure>\n\n\n\n<p><\/p>\n<\/div>\n<\/div>\n\n\n\n<div class=\"wp-container-67 wp-block-columns\">\n<div class=\"wp-container-64 wp-block-column\">\n<p class=\"has-text-align-center\"><strong>O Circo Chegou!<\/strong><\/p>\n\n\n<div class=\"wp-block-image\">\n<figure class=\"aligncenter size-large\"><a href=\"https:\/\/www.baixelivros.com.br\/infantil\/o-circo-chegou\"><img loading=\"lazy\" width=\"285\" height=\"349\" src=\"http:\/\/portaleducacao.guarulhos.sp.gov.br\/wp_site\/saberesemcasa\/wp-content\/uploads\/sites\/6\/2021\/05\/circo.jpg\" alt=\"\" class=\"wp-image-1301\" srcset=\"http:\/\/portaleducacao.guarulhos.sp.gov.br\/wp_site\/saberesemcasa\/wp-content\/uploads\/sites\/6\/2021\/05\/circo.jpg 285w, http:\/\/portaleducacao.guarulhos.sp.gov.br\/wp_site\/saberesemcasa\/wp-content\/uploads\/sites\/6\/2021\/05\/circo-245x300.jpg 245w\" sizes=\"(max-width: 285px) 100vw, 285px\" \/><\/a><\/figure><\/div><\/div>\n\n\n\n<div class=\"wp-container-65 wp-block-column\">\n<p class=\"has-text-align-center\"><strong>A Revolta das Letras<\/strong><\/p>\n\n\n<div class=\"wp-block-image\">\n<figure class=\"aligncenter size-large\"><a href=\"https:\/\/www.baixelivros.com.br\/infantil\/a-revolta-das-letras\"><img loading=\"lazy\" width=\"285\" height=\"326\" src=\"http:\/\/portaleducacao.guarulhos.sp.gov.br\/wp_site\/saberesemcasa\/wp-content\/uploads\/sites\/6\/2021\/05\/a_revolta.jpg\" alt=\"\" class=\"wp-image-1302\" srcset=\"http:\/\/portaleducacao.guarulhos.sp.gov.br\/wp_site\/saberesemcasa\/wp-content\/uploads\/sites\/6\/2021\/05\/a_revolta.jpg 285w, http:\/\/portaleducacao.guarulhos.sp.gov.br\/wp_site\/saberesemcasa\/wp-content\/uploads\/sites\/6\/2021\/05\/a_revolta-262x300.jpg 262w\" sizes=\"(max-width: 285px) 100vw, 285px\" \/><\/a><\/figure><\/div><\/div>\n\n\n\n<div class=\"wp-container-66 wp-block-column\">\n<p class=\"has-text-align-center\"><strong>Meninas e Mulheres na Ci\u00eancia<\/strong><\/p>\n\n\n\n<figure class=\"wp-block-image size-large\"><a href=\"https:\/\/3972d785-bd06-4d6e-8c65-9abe375d3b5c.filesusr.com\/ugd\/4cb6f9_203bace6024947329397aa91bdda6cb3.pdf\"><img loading=\"lazy\" width=\"337\" height=\"470\" src=\"http:\/\/portaleducacao.guarulhos.sp.gov.br\/wp_site\/saberesemcasa\/wp-content\/uploads\/sites\/6\/2021\/05\/meninas.jpg\" alt=\"\" class=\"wp-image-1303\" srcset=\"http:\/\/portaleducacao.guarulhos.sp.gov.br\/wp_site\/saberesemcasa\/wp-content\/uploads\/sites\/6\/2021\/05\/meninas.jpg 337w, http:\/\/portaleducacao.guarulhos.sp.gov.br\/wp_site\/saberesemcasa\/wp-content\/uploads\/sites\/6\/2021\/05\/meninas-215x300.jpg 215w\" sizes=\"(max-width: 337px) 100vw, 337px\" \/><\/a><\/figure>\n<\/div>\n<\/div>\n\n\n\n<div class=\"wp-container-71 wp-block-columns\">\n<div class=\"wp-container-68 wp-block-column\">\n<p class=\"has-text-align-center\"><strong>Quando a Escola Abrir<\/strong><\/p>\n\n\n<div class=\"wp-block-image\">\n<figure class=\"aligncenter size-large\"><a href=\"https:\/\/www.baixelivros.com.br\/infantil\/quando-a-minha-escola-abrir\"><img loading=\"lazy\" width=\"506\" height=\"510\" src=\"http:\/\/portaleducacao.guarulhos.sp.gov.br\/wp_site\/saberesemcasa\/wp-content\/uploads\/sites\/6\/2021\/05\/Quando-1.jpg\" alt=\"\" class=\"wp-image-1154\" srcset=\"http:\/\/portaleducacao.guarulhos.sp.gov.br\/wp_site\/saberesemcasa\/wp-content\/uploads\/sites\/6\/2021\/05\/Quando-1.jpg 506w, http:\/\/portaleducacao.guarulhos.sp.gov.br\/wp_site\/saberesemcasa\/wp-content\/uploads\/sites\/6\/2021\/05\/Quando-1-298x300.jpg 298w, http:\/\/portaleducacao.guarulhos.sp.gov.br\/wp_site\/saberesemcasa\/wp-content\/uploads\/sites\/6\/2021\/05\/Quando-1-150x150.jpg 150w, http:\/\/portaleducacao.guarulhos.sp.gov.br\/wp_site\/saberesemcasa\/wp-content\/uploads\/sites\/6\/2021\/05\/Quando-1-75x75.jpg 75w\" sizes=\"(max-width: 506px) 100vw, 506px\" \/><\/a><\/figure><\/div><\/div>\n\n\n\n<div class=\"wp-container-69 wp-block-column\">\n<p class=\"has-text-align-center\"><strong>O P\u00e1ssaro e os Medos<\/strong><\/p>\n\n\n<div class=\"wp-block-image\">\n<figure class=\"aligncenter size-large is-resized\"><a href=\"https:\/\/www.baixelivros.com.br\/infantil\/o-passaro-e-os-medos\"><img loading=\"lazy\" src=\"http:\/\/portaleducacao.guarulhos.sp.gov.br\/wp_site\/saberesemcasa\/wp-content\/uploads\/sites\/6\/2021\/05\/os-passaros.jpg\" alt=\"\" class=\"wp-image-1151\" width=\"379\" height=\"381\" srcset=\"http:\/\/portaleducacao.guarulhos.sp.gov.br\/wp_site\/saberesemcasa\/wp-content\/uploads\/sites\/6\/2021\/05\/os-passaros.jpg 525w, http:\/\/portaleducacao.guarulhos.sp.gov.br\/wp_site\/saberesemcasa\/wp-content\/uploads\/sites\/6\/2021\/05\/os-passaros-298x300.jpg 298w, http:\/\/portaleducacao.guarulhos.sp.gov.br\/wp_site\/saberesemcasa\/wp-content\/uploads\/sites\/6\/2021\/05\/os-passaros-150x150.jpg 150w, http:\/\/portaleducacao.guarulhos.sp.gov.br\/wp_site\/saberesemcasa\/wp-content\/uploads\/sites\/6\/2021\/05\/os-passaros-75x75.jpg 75w\" sizes=\"(max-width: 379px) 100vw, 379px\" \/><\/a><\/figure><\/div><\/div>\n\n\n\n<div class=\"wp-container-70 wp-block-column\">\n<p class=\"has-text-align-center\"><strong>Que Bicho \u00e9 Este?<\/strong><\/p>\n\n\n\n<figure class=\"wp-block-image size-large is-resized\"><a href=\"https:\/\/www.baixelivros.com.br\/infantil\/que-bicho-e-este\"><img loading=\"lazy\" src=\"http:\/\/portaleducacao.guarulhos.sp.gov.br\/wp_site\/saberesemcasa\/wp-content\/uploads\/sites\/6\/2021\/05\/que_bicjo.jpg\" alt=\"\" class=\"wp-image-1152\" width=\"289\" height=\"335\" srcset=\"http:\/\/portaleducacao.guarulhos.sp.gov.br\/wp_site\/saberesemcasa\/wp-content\/uploads\/sites\/6\/2021\/05\/que_bicjo.jpg 407w, http:\/\/portaleducacao.guarulhos.sp.gov.br\/wp_site\/saberesemcasa\/wp-content\/uploads\/sites\/6\/2021\/05\/que_bicjo-258x300.jpg 258w\" sizes=\"(max-width: 289px) 100vw, 289px\" \/><\/a><\/figure>\n<\/div>\n<\/div>\n\n\n\n<div class=\"wp-container-75 wp-block-columns\">\n<div class=\"wp-container-72 wp-block-column\">\n<p class=\"has-text-align-center\"><strong><strong>O monstro que comia n\u00fameros<\/strong><\/strong><\/p>\n\n\n\n<figure class=\"wp-block-image size-large\"><a href=\"https:\/\/pt.calameo.com\/read\/006172596118a54cf9c41\"><img loading=\"lazy\" width=\"334\" height=\"340\" src=\"http:\/\/portaleducacao.guarulhos.sp.gov.br\/wp_site\/saberesemcasa\/wp-content\/uploads\/sites\/6\/2021\/05\/Monstro-2.jpg\" alt=\"\" class=\"wp-image-1155\" srcset=\"http:\/\/portaleducacao.guarulhos.sp.gov.br\/wp_site\/saberesemcasa\/wp-content\/uploads\/sites\/6\/2021\/05\/Monstro-2.jpg 334w, http:\/\/portaleducacao.guarulhos.sp.gov.br\/wp_site\/saberesemcasa\/wp-content\/uploads\/sites\/6\/2021\/05\/Monstro-2-295x300.jpg 295w, http:\/\/portaleducacao.guarulhos.sp.gov.br\/wp_site\/saberesemcasa\/wp-content\/uploads\/sites\/6\/2021\/05\/Monstro-2-75x75.jpg 75w\" sizes=\"(max-width: 334px) 100vw, 334px\" \/><\/a><\/figure>\n<\/div>\n\n\n\n<div class=\"wp-container-73 wp-block-column\">\n<p class=\"has-text-align-center\"><strong>O S\u00e9timo Gato<\/strong><\/p>\n\n\n<div class=\"wp-block-image\">\n<figure class=\"aligncenter size-large\"><a href=\"https:\/\/www.euleioparaumacrianca.com.br\/historias\/o-setimo-gato\/\"><img loading=\"lazy\" width=\"240\" height=\"451\" src=\"http:\/\/portaleducacao.guarulhos.sp.gov.br\/wp_site\/saberesemcasa\/wp-content\/uploads\/sites\/6\/2021\/05\/O-setimo.jpg\" alt=\"\" class=\"wp-image-1146\" srcset=\"http:\/\/portaleducacao.guarulhos.sp.gov.br\/wp_site\/saberesemcasa\/wp-content\/uploads\/sites\/6\/2021\/05\/O-setimo.jpg 240w, http:\/\/portaleducacao.guarulhos.sp.gov.br\/wp_site\/saberesemcasa\/wp-content\/uploads\/sites\/6\/2021\/05\/O-setimo-160x300.jpg 160w\" sizes=\"(max-width: 240px) 100vw, 240px\" \/><\/a><\/figure><\/div><\/div>\n\n\n\n<div class=\"wp-container-74 wp-block-column\">\n<p class=\"has-text-align-center\"><strong>O apanhador de acalantos<\/strong><\/p>\n\n\n<div class=\"wp-block-image\">\n<figure class=\"aligncenter size-large\"><a href=\"https:\/\/www.euleioparaumacrianca.com.br\/historias\/o-apanhador-de-acalantos\/\"><img loading=\"lazy\" width=\"228\" height=\"430\" src=\"http:\/\/portaleducacao.guarulhos.sp.gov.br\/wp_site\/saberesemcasa\/wp-content\/uploads\/sites\/6\/2021\/05\/apanhador.jpg\" alt=\"\" class=\"wp-image-1148\" srcset=\"http:\/\/portaleducacao.guarulhos.sp.gov.br\/wp_site\/saberesemcasa\/wp-content\/uploads\/sites\/6\/2021\/05\/apanhador.jpg 228w, http:\/\/portaleducacao.guarulhos.sp.gov.br\/wp_site\/saberesemcasa\/wp-content\/uploads\/sites\/6\/2021\/05\/apanhador-159x300.jpg 159w\" sizes=\"(max-width: 228px) 100vw, 228px\" \/><\/a><\/figure><\/div>\n\n\n<p><\/p>\n<\/div>\n<\/div>\n\n\n\n<div class=\"wp-container-78 wp-block-columns\">\n<div class=\"wp-container-76 wp-block-column\">\n<p><strong>Os Sert\u00f5es &#8211; Parte II<\/strong><\/p>\n\n\n\n<figure class=\"wp-block-embed is-type-video is-provider-youtube wp-block-embed-youtube wp-embed-aspect-4-3 wp-has-aspect-ratio\"><div class=\"wp-block-embed__wrapper\">\n<iframe loading=\"lazy\" title=\"AUDIOLIVRO: &quot;Os Sert\u00f5es&quot;, de Euclides da Cunha (Parte II)\" width=\"870\" height=\"653\" src=\"https:\/\/www.youtube.com\/embed\/iu_E1N-tKTI?feature=oembed\" frameborder=\"0\" allow=\"accelerometer; autoplay; clipboard-write; encrypted-media; gyroscope; picture-in-picture\" allowfullscreen title=\"AUDIOLIVRO: \"Os Sert\u00f5es\", de Euclides da Cunha (Parte II)\"><\/iframe>\n<\/div><\/figure>\n<\/div>\n\n\n\n<div class=\"wp-container-77 wp-block-column\">\n<p><strong>&#8220;O Corti\u00e7o&#8221;, de Alu\u00edsio de Azevedo<\/strong><\/p>\n\n\n\n<figure class=\"wp-block-embed is-type-video is-provider-youtube wp-block-embed-youtube wp-embed-aspect-4-3 wp-has-aspect-ratio\"><div class=\"wp-block-embed__wrapper\">\n<iframe loading=\"lazy\" title=\"AUDIOLIVRO:  &quot;O Corti\u00e7o&quot;, de Alu\u00edsio de Azevedo\" width=\"870\" height=\"653\" src=\"https:\/\/www.youtube.com\/embed\/Mudql8WQtGs?feature=oembed\" frameborder=\"0\" allow=\"accelerometer; autoplay; clipboard-write; encrypted-media; gyroscope; picture-in-picture\" allowfullscreen title=\"AUDIOLIVRO:  \"O Corti\u00e7o\", de Alu\u00edsio de Azevedo\"><\/iframe>\n<\/div><\/figure>\n<\/div>\n<\/div>\n\n\n\n<p><\/p>\n\n\n\n<h5><strong>Quarto de Despejo<\/strong><\/h5>\n\n\n\n<figure class=\"wp-block-embed is-type-video is-provider-youtube wp-block-embed-youtube wp-embed-aspect-16-9 wp-has-aspect-ratio\"><div class=\"wp-block-embed__wrapper\">\n<iframe loading=\"lazy\" title=\"Audiolivro &quot;Quarto de Despejo&quot; - Carolina Maria de Jesus\" width=\"870\" height=\"489\" src=\"https:\/\/www.youtube.com\/embed\/KWjADuj5FOs?feature=oembed\" frameborder=\"0\" allow=\"accelerometer; autoplay; clipboard-write; encrypted-media; gyroscope; picture-in-picture\" allowfullscreen title=\"Audiolivro \"Quarto de Despejo\" - Carolina Maria de Jesus\"><\/iframe>\n<\/div><\/figure>\n\n\n\n<div class=\"wp-container-82 wp-block-columns\">\n<div class=\"wp-container-79 wp-block-column\">\n<p class=\"has-text-align-center\"><strong>Das janelas<\/strong><br><strong>de Minas<\/strong><\/p>\n\n\n\n<figure class=\"wp-block-image size-large is-resized\"><a href=\"https:\/\/www.euleioparaumacrianca.com.br\/historias\/da-janela-de-minas\/\"><img loading=\"lazy\" src=\"http:\/\/portaleducacao.guarulhos.sp.gov.br\/wp_site\/saberesemcasa\/wp-content\/uploads\/sites\/6\/2021\/03\/da_janela.jpg\" alt=\"\" class=\"wp-image-897\" width=\"300\" height=\"324\" srcset=\"http:\/\/portaleducacao.guarulhos.sp.gov.br\/wp_site\/saberesemcasa\/wp-content\/uploads\/sites\/6\/2021\/03\/da_janela.jpg 469w, http:\/\/portaleducacao.guarulhos.sp.gov.br\/wp_site\/saberesemcasa\/wp-content\/uploads\/sites\/6\/2021\/03\/da_janela-278x300.jpg 278w\" sizes=\"(max-width: 300px) 100vw, 300px\" \/><\/a><\/figure>\n<\/div>\n\n\n\n<div class=\"wp-container-80 wp-block-column\">\n<p class=\"has-text-align-center\"><strong>Revista Minas faz Ci\u00eancias:<\/strong><br><strong>\u00c9 tempo de Ci\u00eancias<\/strong><\/p>\n\n\n\n<figure class=\"wp-block-image size-large is-resized\"><a href=\"https:\/\/minasfazciencia.com.br\/revista\/edicao-infantil-2020\/\"><img loading=\"lazy\" src=\"http:\/\/portaleducacao.guarulhos.sp.gov.br\/wp_site\/saberesemcasa\/wp-content\/uploads\/sites\/6\/2021\/03\/Minas_faz.jpg\" alt=\"\" class=\"wp-image-898\" width=\"275\" height=\"367\" srcset=\"http:\/\/portaleducacao.guarulhos.sp.gov.br\/wp_site\/saberesemcasa\/wp-content\/uploads\/sites\/6\/2021\/03\/Minas_faz.jpg 298w, http:\/\/portaleducacao.guarulhos.sp.gov.br\/wp_site\/saberesemcasa\/wp-content\/uploads\/sites\/6\/2021\/03\/Minas_faz-224x300.jpg 224w\" sizes=\"(max-width: 275px) 100vw, 275px\" \/><\/a><\/figure>\n<\/div>\n\n\n\n<div class=\"wp-container-81 wp-block-column\">\n<p><strong>7 pretinhas de neve e os sete gigantes<\/strong><\/p>\n\n\n\n<figure class=\"wp-block-image size-large is-resized\"><a href=\"https:\/\/pt.slideshare.net\/tlfleite\/7-pretinha-de-neve-e-os-sete-gigantes\"><img loading=\"lazy\" src=\"http:\/\/portaleducacao.guarulhos.sp.gov.br\/wp_site\/saberesemcasa\/wp-content\/uploads\/sites\/6\/2021\/03\/p_neves_-1.jpg\" alt=\"\" class=\"wp-image-899\" width=\"263\" height=\"263\" srcset=\"http:\/\/portaleducacao.guarulhos.sp.gov.br\/wp_site\/saberesemcasa\/wp-content\/uploads\/sites\/6\/2021\/03\/p_neves_-1.jpg 398w, http:\/\/portaleducacao.guarulhos.sp.gov.br\/wp_site\/saberesemcasa\/wp-content\/uploads\/sites\/6\/2021\/03\/p_neves_-1-300x300.jpg 300w, http:\/\/portaleducacao.guarulhos.sp.gov.br\/wp_site\/saberesemcasa\/wp-content\/uploads\/sites\/6\/2021\/03\/p_neves_-1-150x150.jpg 150w, http:\/\/portaleducacao.guarulhos.sp.gov.br\/wp_site\/saberesemcasa\/wp-content\/uploads\/sites\/6\/2021\/03\/p_neves_-1-75x75.jpg 75w\" sizes=\"(max-width: 263px) 100vw, 263px\" \/><\/a><\/figure>\n<\/div>\n<\/div>\n\n\n\n<div class=\"wp-container-86 wp-block-columns\">\n<div class=\"wp-container-83 wp-block-column\">\n<p><strong>Quem j\u00e1 viu?<\/strong><\/p>\n\n\n\n<figure class=\"wp-block-image size-large\"><a href=\"https:\/\/www.baixelivros.com.br\/infantil\/quem-ja-viu\"><img loading=\"lazy\" width=\"283\" height=\"326\" src=\"http:\/\/portaleducacao.guarulhos.sp.gov.br\/wp_site\/saberesemcasa\/wp-content\/uploads\/sites\/6\/2021\/03\/Quem_ja_viu.jpg\" alt=\"\" class=\"wp-image-891\" srcset=\"http:\/\/portaleducacao.guarulhos.sp.gov.br\/wp_site\/saberesemcasa\/wp-content\/uploads\/sites\/6\/2021\/03\/Quem_ja_viu.jpg 283w, http:\/\/portaleducacao.guarulhos.sp.gov.br\/wp_site\/saberesemcasa\/wp-content\/uploads\/sites\/6\/2021\/03\/Quem_ja_viu-260x300.jpg 260w\" sizes=\"(max-width: 283px) 100vw, 283px\" \/><\/a><\/figure>\n<\/div>\n\n\n\n<div class=\"wp-container-84 wp-block-column\">\n<p><strong>Comigo N\u00e3o, Camale\u00e3o!<\/strong><\/p>\n\n\n\n<figure class=\"wp-block-image size-large\"><a href=\"https:\/\/www.baixelivros.com.br\/infantil\/comigo-nao-camaleao\"><img loading=\"lazy\" width=\"286\" height=\"325\" src=\"http:\/\/portaleducacao.guarulhos.sp.gov.br\/wp_site\/saberesemcasa\/wp-content\/uploads\/sites\/6\/2021\/03\/Comigo-nao-camalea-1.jpg\" alt=\"\" class=\"wp-image-894\" srcset=\"http:\/\/portaleducacao.guarulhos.sp.gov.br\/wp_site\/saberesemcasa\/wp-content\/uploads\/sites\/6\/2021\/03\/Comigo-nao-camalea-1.jpg 286w, http:\/\/portaleducacao.guarulhos.sp.gov.br\/wp_site\/saberesemcasa\/wp-content\/uploads\/sites\/6\/2021\/03\/Comigo-nao-camalea-1-264x300.jpg 264w\" sizes=\"(max-width: 286px) 100vw, 286px\" \/><\/a><\/figure>\n<\/div>\n\n\n\n<div class=\"wp-container-85 wp-block-column\">\n<p><strong>\u00darsula e Outras Obras<\/strong><\/p>\n\n\n\n<figure class=\"wp-block-image size-large\"><a href=\"https:\/\/www.baixelivros.com.br\/literatura-brasileira\/ursula-e-outras-obras\"><img loading=\"lazy\" width=\"285\" height=\"322\" src=\"http:\/\/portaleducacao.guarulhos.sp.gov.br\/wp_site\/saberesemcasa\/wp-content\/uploads\/sites\/6\/2021\/03\/Ursula-e-outras.jpg\" alt=\"\" class=\"wp-image-896\" srcset=\"http:\/\/portaleducacao.guarulhos.sp.gov.br\/wp_site\/saberesemcasa\/wp-content\/uploads\/sites\/6\/2021\/03\/Ursula-e-outras.jpg 285w, http:\/\/portaleducacao.guarulhos.sp.gov.br\/wp_site\/saberesemcasa\/wp-content\/uploads\/sites\/6\/2021\/03\/Ursula-e-outras-266x300.jpg 266w\" sizes=\"(max-width: 285px) 100vw, 285px\" \/><\/a><\/figure>\n<\/div>\n<\/div>\n\n\n\n<div class=\"wp-container-91 wp-block-columns\">\n<div class=\"wp-container-87 wp-block-column\">\n<p class=\"has-text-align-center\"><strong><strong>Gibi Dona Ci\u00eancia<\/strong><br><strong>A import\u00e2ncia dos animais &#8211; 1<\/strong><\/strong><\/p>\n\n\n\n<figure class=\"wp-block-image size-large is-resized\"><a href=\"https:\/\/ceua.unifesp.br\/images\/documentos\/Gibi\/DC_Gibi_01_Importancia_Animais_Pesquisas_Brasil.pdf\"><img loading=\"lazy\" src=\"http:\/\/portaleducacao.guarulhos.sp.gov.br\/wp_site\/saberesemcasa\/wp-content\/uploads\/sites\/6\/2021\/02\/1_Gibi-Dona-Ciencia.jpg\" alt=\"\" class=\"wp-image-640\" width=\"220\" height=\"313\" srcset=\"http:\/\/portaleducacao.guarulhos.sp.gov.br\/wp_site\/saberesemcasa\/wp-content\/uploads\/sites\/6\/2021\/02\/1_Gibi-Dona-Ciencia.jpg 444w, http:\/\/portaleducacao.guarulhos.sp.gov.br\/wp_site\/saberesemcasa\/wp-content\/uploads\/sites\/6\/2021\/02\/1_Gibi-Dona-Ciencia-211x300.jpg 211w\" sizes=\"(max-width: 220px) 100vw, 220px\" \/><\/a><\/figure>\n<\/div>\n\n\n\n<div class=\"wp-container-88 wp-block-column\">\n<p class=\"has-text-align-center\"><strong>Gibi Dona Ci\u00eancia<br>A import\u00e2ncia dos animais &#8211; 2<\/strong><\/p>\n\n\n\n<figure class=\"wp-block-image size-large is-resized\"><a href=\"https:\/\/ceua.unifesp.br\/images\/documentos\/Gibi\/DC_Gibi_02_Importancia_Animais_Pesquisas_Brasil.pdf\"><img loading=\"lazy\" src=\"http:\/\/portaleducacao.guarulhos.sp.gov.br\/wp_site\/saberesemcasa\/wp-content\/uploads\/sites\/6\/2021\/02\/2_Gibi-Dona-Ciencia.jpg\" alt=\"\" class=\"wp-image-641\" width=\"226\" height=\"313\" srcset=\"http:\/\/portaleducacao.guarulhos.sp.gov.br\/wp_site\/saberesemcasa\/wp-content\/uploads\/sites\/6\/2021\/02\/2_Gibi-Dona-Ciencia.jpg 446w, http:\/\/portaleducacao.guarulhos.sp.gov.br\/wp_site\/saberesemcasa\/wp-content\/uploads\/sites\/6\/2021\/02\/2_Gibi-Dona-Ciencia-217x300.jpg 217w\" sizes=\"(max-width: 226px) 100vw, 226px\" \/><\/a><\/figure>\n<\/div>\n\n\n\n<div class=\"wp-container-89 wp-block-column\">\n<p class=\"has-text-align-center\"><strong>Gibi Dona Ci\u00eancia<\/strong><br><strong>A import\u00e2ncia dos animais &#8211; 3<\/strong><\/p>\n\n\n\n<figure class=\"wp-block-image size-large is-resized\"><a href=\"https:\/\/ceua.unifesp.br\/images\/documentos\/Gibi\/DC_Gibi_03_Importancia_Animais_Pesquisas_Brasil.pdf\"><img loading=\"lazy\" src=\"http:\/\/portaleducacao.guarulhos.sp.gov.br\/wp_site\/saberesemcasa\/wp-content\/uploads\/sites\/6\/2021\/02\/3_Gibi-Dona-Ciencia-1-1.jpg\" alt=\"\" class=\"wp-image-644\" width=\"223\" height=\"313\" srcset=\"http:\/\/portaleducacao.guarulhos.sp.gov.br\/wp_site\/saberesemcasa\/wp-content\/uploads\/sites\/6\/2021\/02\/3_Gibi-Dona-Ciencia-1-1.jpg 417w, http:\/\/portaleducacao.guarulhos.sp.gov.br\/wp_site\/saberesemcasa\/wp-content\/uploads\/sites\/6\/2021\/02\/3_Gibi-Dona-Ciencia-1-1-213x300.jpg 213w\" sizes=\"(max-width: 223px) 100vw, 223px\" \/><\/a><\/figure>\n<\/div>\n\n\n\n<div class=\"wp-container-90 wp-block-column\">\n<p class=\"has-text-align-center\"><strong>A&nbsp; descoberta do Ariel<\/strong><\/p>\n\n\n\n<figure class=\"wp-block-image size-large is-resized\"><a href=\"https:\/\/www.euleioparaumacrianca.com.br\/historias\/a-descoberta-do-adriel\/\"><img loading=\"lazy\" src=\"http:\/\/portaleducacao.guarulhos.sp.gov.br\/wp_site\/saberesemcasa\/wp-content\/uploads\/sites\/6\/2021\/03\/Ariel-1.jpg\" alt=\"\" class=\"wp-image-737\" width=\"201\" height=\"366\" srcset=\"http:\/\/portaleducacao.guarulhos.sp.gov.br\/wp_site\/saberesemcasa\/wp-content\/uploads\/sites\/6\/2021\/03\/Ariel-1.jpg 377w, http:\/\/portaleducacao.guarulhos.sp.gov.br\/wp_site\/saberesemcasa\/wp-content\/uploads\/sites\/6\/2021\/03\/Ariel-1-164x300.jpg 164w\" sizes=\"(max-width: 201px) 100vw, 201px\" \/><\/a><\/figure>\n\n\n\n<p><\/p>\n<\/div>\n<\/div>\n\n\n\n<div class=\"wp-container-95 wp-block-columns\">\n<div class=\"wp-container-92 wp-block-column\">\n<p class=\"has-text-align-center\"><strong>O Susto<\/strong><\/p>\n\n\n\n<figure class=\"wp-block-image size-large\"><a href=\"https:\/\/www.baixelivros.com.br\/infantil\/o-susto-conta-pra-mim\"><img loading=\"lazy\" width=\"459\" height=\"728\" src=\"http:\/\/portaleducacao.guarulhos.sp.gov.br\/wp_site\/saberesemcasa\/wp-content\/uploads\/sites\/6\/2021\/02\/O-Susto.jpg\" alt=\"\" class=\"wp-image-633\" srcset=\"http:\/\/portaleducacao.guarulhos.sp.gov.br\/wp_site\/saberesemcasa\/wp-content\/uploads\/sites\/6\/2021\/02\/O-Susto.jpg 459w, http:\/\/portaleducacao.guarulhos.sp.gov.br\/wp_site\/saberesemcasa\/wp-content\/uploads\/sites\/6\/2021\/02\/O-Susto-189x300.jpg 189w\" sizes=\"(max-width: 459px) 100vw, 459px\" \/><\/a><\/figure>\n<\/div>\n\n\n\n<div class=\"wp-container-93 wp-block-column\">\n<p class=\"has-text-align-center\"><strong>A Magia das Letras<\/strong><\/p>\n\n\n\n<figure class=\"wp-block-image size-large\"><a href=\"https:\/\/www.baixelivros.com.br\/infantil\/a-magia-das-letras\"><img loading=\"lazy\" width=\"546\" height=\"627\" src=\"http:\/\/portaleducacao.guarulhos.sp.gov.br\/wp_site\/saberesemcasa\/wp-content\/uploads\/sites\/6\/2021\/02\/a-magia-das-letras.jpg\" alt=\"\" class=\"wp-image-634\" srcset=\"http:\/\/portaleducacao.guarulhos.sp.gov.br\/wp_site\/saberesemcasa\/wp-content\/uploads\/sites\/6\/2021\/02\/a-magia-das-letras.jpg 546w, http:\/\/portaleducacao.guarulhos.sp.gov.br\/wp_site\/saberesemcasa\/wp-content\/uploads\/sites\/6\/2021\/02\/a-magia-das-letras-261x300.jpg 261w\" sizes=\"(max-width: 546px) 100vw, 546px\" \/><\/a><\/figure>\n<\/div>\n\n\n\n<div class=\"wp-container-94 wp-block-column is-vertically-aligned-top\">\n<p class=\"has-text-align-center\"><strong>Esconde-esconde das Palavras<\/strong><\/p>\n\n\n\n<figure class=\"wp-block-image size-large\"><a href=\"https:\/\/www.baixelivros.com.br\/infantil\/esconde-esconde-das-palavras\"><img loading=\"lazy\" width=\"529\" height=\"614\" src=\"http:\/\/portaleducacao.guarulhos.sp.gov.br\/wp_site\/saberesemcasa\/wp-content\/uploads\/sites\/6\/2021\/02\/Esconde-esconde.jpg\" alt=\"\" class=\"wp-image-637\" srcset=\"http:\/\/portaleducacao.guarulhos.sp.gov.br\/wp_site\/saberesemcasa\/wp-content\/uploads\/sites\/6\/2021\/02\/Esconde-esconde.jpg 529w, http:\/\/portaleducacao.guarulhos.sp.gov.br\/wp_site\/saberesemcasa\/wp-content\/uploads\/sites\/6\/2021\/02\/Esconde-esconde-258x300.jpg 258w\" sizes=\"(max-width: 529px) 100vw, 529px\" \/><\/a><\/figure>\n\n\n\n<p><\/p>\n<\/div>\n<\/div>\n\n\n\n<div class=\"wp-container-99 wp-block-columns\">\n<div class=\"wp-container-96 wp-block-column\">\n<p class=\"has-text-align-center\"><strong>Os Sert\u00f5es<\/strong><\/p>\n\n\n\n<figure class=\"wp-block-embed is-type-video is-provider-youtube wp-block-embed-youtube wp-embed-aspect-4-3 wp-has-aspect-ratio\"><div class=\"wp-block-embed__wrapper\">\n<iframe loading=\"lazy\" title=\"AUDIOLIVRO: &quot;Os Sert\u00f5es&quot;, de Euclides da Cunha (Parte I)\" width=\"870\" height=\"653\" src=\"https:\/\/www.youtube.com\/embed\/M5EtYaNYFw8?feature=oembed\" frameborder=\"0\" allow=\"accelerometer; autoplay; clipboard-write; encrypted-media; gyroscope; picture-in-picture\" allowfullscreen title=\"AUDIOLIVRO: \"Os Sert\u00f5es\", de Euclides da Cunha (Parte I)\"><\/iframe>\n<\/div><\/figure>\n<\/div>\n\n\n\n<div class=\"wp-container-97 wp-block-column is-vertically-aligned-top\">\n<p class=\"has-text-align-center\"><strong>Vidas Secas<\/strong><\/p>\n\n\n\n<figure class=\"wp-block-embed is-type-video is-provider-youtube wp-block-embed-youtube wp-embed-aspect-4-3 wp-has-aspect-ratio\"><div class=\"wp-block-embed__wrapper\">\n<iframe loading=\"lazy\" title=\"VIDAS SECAS - Graciliano Ramos - 1938 - \u00c1udiolivro com narra\u00e7\u00e3o humana\" width=\"870\" height=\"653\" src=\"https:\/\/www.youtube.com\/embed\/PGqEouKs6W0?feature=oembed\" frameborder=\"0\" allow=\"accelerometer; autoplay; clipboard-write; encrypted-media; gyroscope; picture-in-picture\" allowfullscreen><\/iframe>\n<\/div><\/figure>\n<\/div>\n\n\n\n<div class=\"wp-container-98 wp-block-column is-vertically-aligned-top\">\n<p class=\"has-text-align-center\"><strong>Natureza em N\u00fameros<\/strong><\/p>\n\n\n\n<figure class=\"wp-block-image size-large\"><a href=\"https:\/\/www.baixelivros.com.br\/infantil\/a-natureza-em-numeros\"><img loading=\"lazy\" width=\"606\" height=\"697\" src=\"http:\/\/portaleducacao.guarulhos.sp.gov.br\/wp_site\/saberesemcasa\/wp-content\/uploads\/sites\/6\/2021\/02\/A-natureza-em-numeros.jpg\" alt=\"\" class=\"wp-image-631\" srcset=\"http:\/\/portaleducacao.guarulhos.sp.gov.br\/wp_site\/saberesemcasa\/wp-content\/uploads\/sites\/6\/2021\/02\/A-natureza-em-numeros.jpg 606w, http:\/\/portaleducacao.guarulhos.sp.gov.br\/wp_site\/saberesemcasa\/wp-content\/uploads\/sites\/6\/2021\/02\/A-natureza-em-numeros-261x300.jpg 261w\" sizes=\"(max-width: 606px) 100vw, 606px\" \/><\/a><\/figure>\n<\/div>\n<\/div>\n\n\n\n<div class=\"wp-container-103 wp-block-columns\">\n<div class=\"wp-container-100 wp-block-column\">\n<p class=\"has-text-align-center\"><strong>Voa, Jo\u00e3o<\/strong><\/p>\n\n\n\n<figure class=\"wp-block-image size-large\"><a href=\"https:\/\/www.baixelivros.com.br\/infantil\/voa-joao\"><img loading=\"lazy\" width=\"387\" height=\"421\" src=\"http:\/\/portaleducacao.guarulhos.sp.gov.br\/wp_site\/saberesemcasa\/wp-content\/uploads\/sites\/6\/2021\/02\/Voa-.jpg\" alt=\"\" class=\"wp-image-433\" srcset=\"http:\/\/portaleducacao.guarulhos.sp.gov.br\/wp_site\/saberesemcasa\/wp-content\/uploads\/sites\/6\/2021\/02\/Voa-.jpg 387w, http:\/\/portaleducacao.guarulhos.sp.gov.br\/wp_site\/saberesemcasa\/wp-content\/uploads\/sites\/6\/2021\/02\/Voa--276x300.jpg 276w\" sizes=\"(max-width: 387px) 100vw, 387px\" \/><\/a><\/figure>\n<\/div>\n\n\n\n<div class=\"wp-container-101 wp-block-column\">\n<p class=\"has-text-align-center\"><strong>O Livro dos Sorrisos<\/strong><\/p>\n\n\n\n<figure class=\"wp-block-image size-large\"><a href=\"https:\/\/www.baixelivros.com.br\/infantil\/o-livro-dos-sorrisos\"><img loading=\"lazy\" width=\"703\" height=\"802\" src=\"http:\/\/portaleducacao.guarulhos.sp.gov.br\/wp_site\/saberesemcasa\/wp-content\/uploads\/sites\/6\/2021\/02\/o-livro-dos-sorrisos.png\" alt=\"\" class=\"wp-image-436\" srcset=\"http:\/\/portaleducacao.guarulhos.sp.gov.br\/wp_site\/saberesemcasa\/wp-content\/uploads\/sites\/6\/2021\/02\/o-livro-dos-sorrisos.png 703w, http:\/\/portaleducacao.guarulhos.sp.gov.br\/wp_site\/saberesemcasa\/wp-content\/uploads\/sites\/6\/2021\/02\/o-livro-dos-sorrisos-263x300.png 263w\" sizes=\"(max-width: 703px) 100vw, 703px\" \/><\/a><\/figure>\n<\/div>\n\n\n\n<div class=\"wp-container-102 wp-block-column\">\n<p class=\"has-text-align-center\"><strong>Di\u00e1rio de uma Saudade<\/strong><\/p>\n\n\n\n<figure class=\"wp-block-image size-large is-resized\"><a href=\"https:\/\/www.baixelivros.com.br\/infantil\/diario-de-uma-saudade\"><img loading=\"lazy\" src=\"http:\/\/portaleducacao.guarulhos.sp.gov.br\/wp_site\/saberesemcasa\/wp-content\/uploads\/sites\/6\/2021\/02\/O-diario_de_uma_saudade.png\" alt=\"\" class=\"wp-image-437\" width=\"314\" height=\"442\" srcset=\"http:\/\/portaleducacao.guarulhos.sp.gov.br\/wp_site\/saberesemcasa\/wp-content\/uploads\/sites\/6\/2021\/02\/O-diario_de_uma_saudade.png 586w, http:\/\/portaleducacao.guarulhos.sp.gov.br\/wp_site\/saberesemcasa\/wp-content\/uploads\/sites\/6\/2021\/02\/O-diario_de_uma_saudade-213x300.png 213w\" sizes=\"(max-width: 314px) 100vw, 314px\" \/><\/a><\/figure>\n\n\n\n<p><\/p>\n<\/div>\n<\/div>\n\n\n\n<div class=\"wp-container-107 wp-block-columns\">\n<div class=\"wp-container-104 wp-block-column\">\n<p class=\"has-text-align-center\"><strong>Mundo P\u00f3s Pandemia: como ser\u00e1 a Educa\u00e7\u00e3o?<\/strong><\/p>\n\n\n\n<figure class=\"wp-block-image size-large\"><a href=\"https:\/\/issuu.com\/espacomaker\/docs\/capa_gibi-mesclado_9279fa1f24b9e1\"><img loading=\"lazy\" width=\"421\" height=\"604\" src=\"http:\/\/portaleducacao.guarulhos.sp.gov.br\/wp_site\/saberesemcasa\/wp-content\/uploads\/sites\/6\/2021\/02\/Mundo_pos_pandemia.png\" alt=\"\" class=\"wp-image-427\" srcset=\"http:\/\/portaleducacao.guarulhos.sp.gov.br\/wp_site\/saberesemcasa\/wp-content\/uploads\/sites\/6\/2021\/02\/Mundo_pos_pandemia.png 421w, http:\/\/portaleducacao.guarulhos.sp.gov.br\/wp_site\/saberesemcasa\/wp-content\/uploads\/sites\/6\/2021\/02\/Mundo_pos_pandemia-209x300.png 209w\" sizes=\"(max-width: 421px) 100vw, 421px\" \/><\/a><\/figure>\n\n\n\n<p><\/p>\n<\/div>\n\n\n\n<div class=\"wp-container-105 wp-block-column\">\n<p class=\"has-text-align-center\"><strong>Como ser\u00e1 a conviv\u00eancia<\/strong><\/p>\n\n\n\n<figure class=\"wp-block-image size-large is-resized\"><a href=\"https:\/\/issuu.com\/espacomaker\/docs\/mundo_p_s_pandemia-mesclado\"><img loading=\"lazy\" src=\"http:\/\/portaleducacao.guarulhos.sp.gov.br\/wp_site\/saberesemcasa\/wp-content\/uploads\/sites\/6\/2021\/02\/Mundo-Pos-Pandemia-Fique-Em-Casa.png\" alt=\"\" class=\"wp-image-428\" width=\"363\" height=\"545\" srcset=\"http:\/\/portaleducacao.guarulhos.sp.gov.br\/wp_site\/saberesemcasa\/wp-content\/uploads\/sites\/6\/2021\/02\/Mundo-Pos-Pandemia-Fique-Em-Casa.png 406w, http:\/\/portaleducacao.guarulhos.sp.gov.br\/wp_site\/saberesemcasa\/wp-content\/uploads\/sites\/6\/2021\/02\/Mundo-Pos-Pandemia-Fique-Em-Casa-200x300.png 200w\" sizes=\"(max-width: 363px) 100vw, 363px\" \/><\/a><\/figure>\n<\/div>\n\n\n\n<div class=\"wp-container-106 wp-block-column\">\n<p class=\"has-text-align-center\"><strong>Mundo p\u00f3s pandemia: vida social&nbsp;<\/strong><\/p>\n\n\n\n<figure class=\"wp-block-image size-large\"><a href=\"https:\/\/issuu.com\/espacomaker\/docs\/gibi_completo-_camila_e_isabelly._612176e247314a\"><img loading=\"lazy\" width=\"283\" height=\"402\" src=\"http:\/\/portaleducacao.guarulhos.sp.gov.br\/wp_site\/saberesemcasa\/wp-content\/uploads\/sites\/6\/2021\/02\/Vida_social-1.jpg\" alt=\"\" class=\"wp-image-435\" srcset=\"http:\/\/portaleducacao.guarulhos.sp.gov.br\/wp_site\/saberesemcasa\/wp-content\/uploads\/sites\/6\/2021\/02\/Vida_social-1.jpg 283w, http:\/\/portaleducacao.guarulhos.sp.gov.br\/wp_site\/saberesemcasa\/wp-content\/uploads\/sites\/6\/2021\/02\/Vida_social-1-211x300.jpg 211w\" sizes=\"(max-width: 283px) 100vw, 283px\" \/><\/a><\/figure>\n\n\n\n<p><\/p>\n<\/div>\n<\/div>\n\n\n\n<p><\/p>\n","protected":false},"excerpt":{"rendered":"<p>MINHA BIBLIOTECA Mensalmente, disponibilizaremos livros que poder\u00e3o ser lidos online ou baixados para leitura no celular ou computador. Capit\u00e3es da AreiaAudiobook A po\u00e7\u00e3o especial da cuca\u00a0 Viagem Mitos e Lendas [&hellip;]<\/p>\n","protected":false},"author":1,"featured_media":0,"parent":0,"menu_order":0,"comment_status":"closed","ping_status":"closed","template":"","meta":{"_monsterinsights_skip_tracking":false,"_monsterinsights_sitenote_active":false,"_monsterinsights_sitenote_note":"","_monsterinsights_sitenote_category":0,"_expiration-date-status":"","_expiration-date":0,"_expiration-date-type":"","_expiration-date-categories":[],"_expiration-date-options":[]},"categories":[],"tags":[],"yoast_head":"<!-- This site is optimized with the Yoast SEO plugin v19.7.1 - https:\/\/yoast.com\/wordpress\/plugins\/seo\/ -->\r\n<title>- Programa Saberes em Casa<\/title>\r\n<meta name=\"robots\" content=\"index, follow, max-snippet:-1, max-image-preview:large, max-video-preview:-1\" \/>\r\n<link rel=\"canonical\" href=\"http:\/\/portaleducacao.guarulhos.sp.gov.br\/wp_site\/saberesemcasa\/minha-biblioteca\/\" \/>\r\n<meta property=\"og:locale\" content=\"pt_BR\" \/>\r\n<meta property=\"og:type\" content=\"article\" \/>\r\n<meta property=\"og:title\" content=\"- Programa Saberes em Casa\" \/>\r\n<meta property=\"og:description\" content=\"MINHA BIBLIOTECA Mensalmente, disponibilizaremos livros que poder\u00e3o ser lidos online ou baixados para leitura no celular ou computador. Capit\u00e3es da AreiaAudiobook A po\u00e7\u00e3o especial da cuca\u00a0 Viagem Mitos e Lendas [&hellip;]\" \/>\r\n<meta property=\"og:url\" content=\"http:\/\/portaleducacao.guarulhos.sp.gov.br\/wp_site\/saberesemcasa\/minha-biblioteca\/\" \/>\r\n<meta property=\"og:site_name\" content=\"Programa Saberes em Casa\" \/>\r\n<meta property=\"article:modified_time\" content=\"2022-07-25T12:01:04+00:00\" \/>\r\n<meta property=\"og:image\" content=\"http:\/\/portaleducacao.guarulhos.sp.gov.br\/wp_site\/saberesemcasa\/wp-content\/uploads\/sites\/6\/2021\/03\/hora-da-hstoria.png\" \/>\r\n<meta name=\"twitter:card\" content=\"summary_large_image\" \/>\r\n<meta name=\"twitter:label1\" content=\"Est. tempo de leitura\" \/>\n\t<meta name=\"twitter:data1\" content=\"3 minutos\" \/>\r\n<script type=\"application\/ld+json\" class=\"yoast-schema-graph\">{\"@context\":\"https:\/\/schema.org\",\"@graph\":[{\"@type\":\"WebPage\",\"@id\":\"http:\/\/portaleducacao.guarulhos.sp.gov.br\/wp_site\/saberesemcasa\/minha-biblioteca\/\",\"url\":\"http:\/\/portaleducacao.guarulhos.sp.gov.br\/wp_site\/saberesemcasa\/minha-biblioteca\/\",\"name\":\"- Programa Saberes em Casa\",\"isPartOf\":{\"@id\":\"http:\/\/portaleducacao.guarulhos.sp.gov.br\/wp_site\/saberesemcasa\/#website\"},\"datePublished\":\"2021-02-05T12:02:48+00:00\",\"dateModified\":\"2022-07-25T12:01:04+00:00\",\"breadcrumb\":{\"@id\":\"http:\/\/portaleducacao.guarulhos.sp.gov.br\/wp_site\/saberesemcasa\/minha-biblioteca\/#breadcrumb\"},\"inLanguage\":\"pt-BR\",\"potentialAction\":[{\"@type\":\"ReadAction\",\"target\":[\"http:\/\/portaleducacao.guarulhos.sp.gov.br\/wp_site\/saberesemcasa\/minha-biblioteca\/\"]}]},{\"@type\":\"BreadcrumbList\",\"@id\":\"http:\/\/portaleducacao.guarulhos.sp.gov.br\/wp_site\/saberesemcasa\/minha-biblioteca\/#breadcrumb\",\"itemListElement\":[{\"@type\":\"ListItem\",\"position\":1,\"name\":\"In\u00edcio\",\"item\":\"http:\/\/portaleducacao.guarulhos.sp.gov.br\/wp_site\/saberesemcasa\/\"},{\"@type\":\"ListItem\",\"position\":2,\"name\":\"\"}]},{\"@type\":\"WebSite\",\"@id\":\"http:\/\/portaleducacao.guarulhos.sp.gov.br\/wp_site\/saberesemcasa\/#website\",\"url\":\"http:\/\/portaleducacao.guarulhos.sp.gov.br\/wp_site\/saberesemcasa\/\",\"name\":\"Programa Saberes em Casa\",\"description\":\"Ferramenta complementar \u00e0s propostas educativas desenvolvidas nas unidades escolares\",\"publisher\":{\"@id\":\"http:\/\/portaleducacao.guarulhos.sp.gov.br\/wp_site\/saberesemcasa\/#organization\"},\"potentialAction\":[{\"@type\":\"SearchAction\",\"target\":{\"@type\":\"EntryPoint\",\"urlTemplate\":\"http:\/\/portaleducacao.guarulhos.sp.gov.br\/wp_site\/saberesemcasa\/?s={search_term_string}\"},\"query-input\":\"required name=search_term_string\"}],\"inLanguage\":\"pt-BR\"},{\"@type\":\"Organization\",\"@id\":\"http:\/\/portaleducacao.guarulhos.sp.gov.br\/wp_site\/saberesemcasa\/#organization\",\"name\":\"Programa Saberes em Casa\",\"url\":\"http:\/\/portaleducacao.guarulhos.sp.gov.br\/wp_site\/saberesemcasa\/\",\"sameAs\":[],\"logo\":{\"@type\":\"ImageObject\",\"inLanguage\":\"pt-BR\",\"@id\":\"http:\/\/portaleducacao.guarulhos.sp.gov.br\/wp_site\/saberesemcasa\/#\/schema\/logo\/image\/\",\"url\":\"http:\/\/portaleducacao.guarulhos.sp.gov.br\/wp_site\/saberesemcasa\/wp-content\/uploads\/sites\/6\/2021\/02\/cropped-logo_saberes_em_casa.png\",\"contentUrl\":\"http:\/\/portaleducacao.guarulhos.sp.gov.br\/wp_site\/saberesemcasa\/wp-content\/uploads\/sites\/6\/2021\/02\/cropped-logo_saberes_em_casa.png\",\"width\":200,\"height\":100,\"caption\":\"Programa Saberes em Casa\"},\"image\":{\"@id\":\"http:\/\/portaleducacao.guarulhos.sp.gov.br\/wp_site\/saberesemcasa\/#\/schema\/logo\/image\/\"}}]}<\/script>\r\n<!-- \/ Yoast SEO plugin. -->","yoast_head_json":{"title":"- Programa Saberes em Casa","robots":{"index":"index","follow":"follow","max-snippet":"max-snippet:-1","max-image-preview":"max-image-preview:large","max-video-preview":"max-video-preview:-1"},"canonical":"http:\/\/portaleducacao.guarulhos.sp.gov.br\/wp_site\/saberesemcasa\/minha-biblioteca\/","og_locale":"pt_BR","og_type":"article","og_title":"- Programa Saberes em Casa","og_description":"MINHA BIBLIOTECA Mensalmente, disponibilizaremos livros que poder\u00e3o ser lidos online ou baixados para leitura no celular ou computador. Capit\u00e3es da AreiaAudiobook A po\u00e7\u00e3o especial da cuca\u00a0 Viagem Mitos e Lendas [&hellip;]","og_url":"http:\/\/portaleducacao.guarulhos.sp.gov.br\/wp_site\/saberesemcasa\/minha-biblioteca\/","og_site_name":"Programa Saberes em Casa","article_modified_time":"2022-07-25T12:01:04+00:00","og_image":[{"url":"http:\/\/portaleducacao.guarulhos.sp.gov.br\/wp_site\/saberesemcasa\/wp-content\/uploads\/sites\/6\/2021\/03\/hora-da-hstoria.png"}],"twitter_card":"summary_large_image","twitter_misc":{"Est. tempo de leitura":"3 minutos"},"schema":{"@context":"https:\/\/schema.org","@graph":[{"@type":"WebPage","@id":"http:\/\/portaleducacao.guarulhos.sp.gov.br\/wp_site\/saberesemcasa\/minha-biblioteca\/","url":"http:\/\/portaleducacao.guarulhos.sp.gov.br\/wp_site\/saberesemcasa\/minha-biblioteca\/","name":"- Programa Saberes em Casa","isPartOf":{"@id":"http:\/\/portaleducacao.guarulhos.sp.gov.br\/wp_site\/saberesemcasa\/#website"},"datePublished":"2021-02-05T12:02:48+00:00","dateModified":"2022-07-25T12:01:04+00:00","breadcrumb":{"@id":"http:\/\/portaleducacao.guarulhos.sp.gov.br\/wp_site\/saberesemcasa\/minha-biblioteca\/#breadcrumb"},"inLanguage":"pt-BR","potentialAction":[{"@type":"ReadAction","target":["http:\/\/portaleducacao.guarulhos.sp.gov.br\/wp_site\/saberesemcasa\/minha-biblioteca\/"]}]},{"@type":"BreadcrumbList","@id":"http:\/\/portaleducacao.guarulhos.sp.gov.br\/wp_site\/saberesemcasa\/minha-biblioteca\/#breadcrumb","itemListElement":[{"@type":"ListItem","position":1,"name":"In\u00edcio","item":"http:\/\/portaleducacao.guarulhos.sp.gov.br\/wp_site\/saberesemcasa\/"},{"@type":"ListItem","position":2,"name":""}]},{"@type":"WebSite","@id":"http:\/\/portaleducacao.guarulhos.sp.gov.br\/wp_site\/saberesemcasa\/#website","url":"http:\/\/portaleducacao.guarulhos.sp.gov.br\/wp_site\/saberesemcasa\/","name":"Programa Saberes em Casa","description":"Ferramenta complementar \u00e0s propostas educativas desenvolvidas nas unidades escolares","publisher":{"@id":"http:\/\/portaleducacao.guarulhos.sp.gov.br\/wp_site\/saberesemcasa\/#organization"},"potentialAction":[{"@type":"SearchAction","target":{"@type":"EntryPoint","urlTemplate":"http:\/\/portaleducacao.guarulhos.sp.gov.br\/wp_site\/saberesemcasa\/?s={search_term_string}"},"query-input":"required name=search_term_string"}],"inLanguage":"pt-BR"},{"@type":"Organization","@id":"http:\/\/portaleducacao.guarulhos.sp.gov.br\/wp_site\/saberesemcasa\/#organization","name":"Programa Saberes em Casa","url":"http:\/\/portaleducacao.guarulhos.sp.gov.br\/wp_site\/saberesemcasa\/","sameAs":[],"logo":{"@type":"ImageObject","inLanguage":"pt-BR","@id":"http:\/\/portaleducacao.guarulhos.sp.gov.br\/wp_site\/saberesemcasa\/#\/schema\/logo\/image\/","url":"http:\/\/portaleducacao.guarulhos.sp.gov.br\/wp_site\/saberesemcasa\/wp-content\/uploads\/sites\/6\/2021\/02\/cropped-logo_saberes_em_casa.png","contentUrl":"http:\/\/portaleducacao.guarulhos.sp.gov.br\/wp_site\/saberesemcasa\/wp-content\/uploads\/sites\/6\/2021\/02\/cropped-logo_saberes_em_casa.png","width":200,"height":100,"caption":"Programa Saberes em Casa"},"image":{"@id":"http:\/\/portaleducacao.guarulhos.sp.gov.br\/wp_site\/saberesemcasa\/#\/schema\/logo\/image\/"}}]}},"_links":{"self":[{"href":"http:\/\/portaleducacao.guarulhos.sp.gov.br\/wp_site\/saberesemcasa\/wp-json\/wp\/v2\/pages\/148"}],"collection":[{"href":"http:\/\/portaleducacao.guarulhos.sp.gov.br\/wp_site\/saberesemcasa\/wp-json\/wp\/v2\/pages"}],"about":[{"href":"http:\/\/portaleducacao.guarulhos.sp.gov.br\/wp_site\/saberesemcasa\/wp-json\/wp\/v2\/types\/page"}],"author":[{"embeddable":true,"href":"http:\/\/portaleducacao.guarulhos.sp.gov.br\/wp_site\/saberesemcasa\/wp-json\/wp\/v2\/users\/1"}],"replies":[{"embeddable":true,"href":"http:\/\/portaleducacao.guarulhos.sp.gov.br\/wp_site\/saberesemcasa\/wp-json\/wp\/v2\/comments?post=148"}],"version-history":[{"count":52,"href":"http:\/\/portaleducacao.guarulhos.sp.gov.br\/wp_site\/saberesemcasa\/wp-json\/wp\/v2\/pages\/148\/revisions"}],"predecessor-version":[{"id":2204,"href":"http:\/\/portaleducacao.guarulhos.sp.gov.br\/wp_site\/saberesemcasa\/wp-json\/wp\/v2\/pages\/148\/revisions\/2204"}],"wp:attachment":[{"href":"http:\/\/portaleducacao.guarulhos.sp.gov.br\/wp_site\/saberesemcasa\/wp-json\/wp\/v2\/media?parent=148"}],"wp:term":[{"taxonomy":"category","embeddable":true,"href":"http:\/\/portaleducacao.guarulhos.sp.gov.br\/wp_site\/saberesemcasa\/wp-json\/wp\/v2\/categories?post=148"},{"taxonomy":"post_tag","embeddable":true,"href":"http:\/\/portaleducacao.guarulhos.sp.gov.br\/wp_site\/saberesemcasa\/wp-json\/wp\/v2\/tags?post=148"}],"curies":[{"name":"wp","href":"https:\/\/api.w.org\/{rel}","templated":true}]}}