{"id":1248,"date":"2024-04-03T11:25:53","date_gmt":"2024-04-03T14:25:53","guid":{"rendered":"https:\/\/portaleducacao.guarulhos.sp.gov.br\/wp_site\/abrilliterario\/?page_id=1248"},"modified":"2024-04-03T14:58:16","modified_gmt":"2024-04-03T17:58:16","slug":"sugestaoliteraria","status":"publish","type":"page","link":"https:\/\/portaleducacao.guarulhos.sp.gov.br\/wp_site\/abrilliterario\/sugestaoliteraria\/","title":{"rendered":"Sugest\u00e3o Liter\u00e1ria &#8211; Abril Liter\u00e1rio 2024"},"content":{"rendered":"\t\t<div data-elementor-type=\"wp-page\" data-elementor-id=\"1248\" class=\"elementor elementor-1248\">\n\t\t\t\t\t\t\t\t\t<section class=\"elementor-section elementor-top-section elementor-element elementor-element-6fdf343 elementor-section-boxed elementor-section-height-default elementor-section-height-default\" data-id=\"6fdf343\" data-element_type=\"section\">\n\t\t\t\t\t\t<div class=\"elementor-container elementor-column-gap-default\">\n\t\t\t\t\t<div class=\"elementor-column elementor-col-100 elementor-top-column elementor-element elementor-element-dd1d9c4\" data-id=\"dd1d9c4\" data-element_type=\"column\">\n\t\t\t<div class=\"elementor-widget-wrap elementor-element-populated\">\n\t\t\t\t\t\t\t\t<div class=\"elementor-element elementor-element-b4e7b81 elementor-widget elementor-widget-heading\" data-id=\"b4e7b81\" data-element_type=\"widget\" data-widget_type=\"heading.default\">\n\t\t\t\t<div class=\"elementor-widget-container\">\n\t\t\t<style>\/*! elementor - v3.12.1 - 02-04-2023 *\/\n.elementor-heading-title{padding:0;margin:0;line-height:1}.elementor-widget-heading .elementor-heading-title[class*=elementor-size-]>a{color:inherit;font-size:inherit;line-height:inherit}.elementor-widget-heading .elementor-heading-title.elementor-size-small{font-size:15px}.elementor-widget-heading .elementor-heading-title.elementor-size-medium{font-size:19px}.elementor-widget-heading .elementor-heading-title.elementor-size-large{font-size:29px}.elementor-widget-heading .elementor-heading-title.elementor-size-xl{font-size:39px}.elementor-widget-heading .elementor-heading-title.elementor-size-xxl{font-size:59px}<\/style><h2 class=\"elementor-heading-title elementor-size-default\">Sugest\u00f5es Liter\u00e1rias<\/h2>\t\t<\/div>\n\t\t\t\t<\/div>\n\t\t\t\t\t<\/div>\n\t\t<\/div>\n\t\t\t\t\t\t\t<\/div>\n\t\t<\/section>\n\t\t\t\t<section class=\"elementor-section elementor-top-section elementor-element elementor-element-0867dc3 elementor-section-boxed elementor-section-height-default elementor-section-height-default\" data-id=\"0867dc3\" data-element_type=\"section\">\n\t\t\t\t\t\t<div class=\"elementor-container elementor-column-gap-default\">\n\t\t\t\t\t<div class=\"elementor-column elementor-col-100 elementor-top-column elementor-element elementor-element-6be1299\" data-id=\"6be1299\" data-element_type=\"column\">\n\t\t\t<div class=\"elementor-widget-wrap elementor-element-populated\">\n\t\t\t\t\t\t\t\t<div class=\"elementor-element elementor-element-98c4a03 elementor-widget elementor-widget-text-editor\" data-id=\"98c4a03\" data-element_type=\"widget\" data-widget_type=\"text-editor.default\">\n\t\t\t\t<div class=\"elementor-widget-container\">\n\t\t\t<style>\/*! elementor - v3.12.1 - 02-04-2023 *\/\n.elementor-widget-text-editor.elementor-drop-cap-view-stacked .elementor-drop-cap{background-color:#69727d;color:#fff}.elementor-widget-text-editor.elementor-drop-cap-view-framed .elementor-drop-cap{color:#69727d;border:3px solid;background-color:transparent}.elementor-widget-text-editor:not(.elementor-drop-cap-view-default) .elementor-drop-cap{margin-top:8px}.elementor-widget-text-editor:not(.elementor-drop-cap-view-default) .elementor-drop-cap-letter{width:1em;height:1em}.elementor-widget-text-editor .elementor-drop-cap{float:left;text-align:center;line-height:1;font-size:50px}.elementor-widget-text-editor .elementor-drop-cap-letter{display:inline-block}<\/style>\t\t\t\t<p><!-- wp:paragraph {\"fontSize\":\"medium\"} --><\/p>\n<p class=\"has-medium-font-size\"><strong>1984<\/strong><br>Autor: George Orwell<br>Editora: Companhia das Letras<br>Indica\u00e7\u00e3o Liter\u00e1ria<\/p>\n<p><!-- \/wp:paragraph --> <!-- wp:separator {\"opacity\":\"css\",\"className\":\"is-style-wide\"} --><\/p>\n<hr class=\"wp-block-separator has-css-opacity is-style-wide\">\n<p><!-- \/wp:separator --> <!-- wp:paragraph {\"fontSize\":\"medium\"} --><\/p>\n<p class=\"has-medium-font-size\"><strong>A \u00c9tica \u00e9 Poss\u00edvel Num Mundo de Consumidores?<\/strong><br>Autor: Zygmunt Bauman<br>Editora: Zahar<br><a href=\"https:\/\/lelivros.love\/book\/baixar-livro-a-etica-e-possivel-num-mundo-de-consumidores-zygmunt-bauman-em-pdf-epub-mobi-ou-ler-online\/\">Clique aqui para baixar<br><\/a><\/p>\n<p><!-- \/wp:paragraph --> <!-- wp:separator {\"opacity\":\"css\",\"className\":\"is-style-wide\"} --><\/p>\n<hr class=\"wp-block-separator has-css-opacity is-style-wide\">\n<p><!-- \/wp:separator --> <!-- wp:paragraph {\"fontSize\":\"medium\"} --><\/p>\n<p class=\"has-medium-font-size\"><strong>A Flor do Lado de L\u00e1<\/strong><br>Autor: Roger Mello<br>Editora: Global<br>Indica\u00e7\u00e3o Liter\u00e1ria<\/p>\n<p><!-- \/wp:paragraph --> <!-- wp:separator {\"opacity\":\"css\",\"className\":\"is-style-wide\"} --><\/p>\n<hr class=\"wp-block-separator has-css-opacity is-style-wide\">\n<p><!-- \/wp:separator --> <!-- wp:paragraph {\"fontSize\":\"medium\"} --><\/p>\n<p class=\"has-medium-font-size\"><strong>A Inicia\u00e7\u00e3o \u00e0 Est\u00e9tica<\/strong><br>Autor: Ariano Suassuna<br>Editora: Jos\u00e9 Olympio<br><a href=\"https:\/\/lelivros.love\/book\/baixar-livro-iniciacao-a-estetica-ariano-suassuna-em-pdf-epub-mobi-ou-ler-online\/\">Clique aqui para baixar<br><\/a><\/p>\n<p><!-- \/wp:paragraph --> <!-- wp:separator {\"opacity\":\"css\",\"className\":\"is-style-wide\"} --><\/p>\n<hr class=\"wp-block-separator has-css-opacity is-style-wide\">\n<p><!-- \/wp:separator --> <!-- wp:paragraph {\"fontSize\":\"medium\"} --><\/p>\n<p class=\"has-medium-font-size\"><strong>A Literatura Infantil na Escola<\/strong><br>Autora: Regina Zilberman<br>Editora: Global<br>Indica\u00e7\u00e3o Liter\u00e1ria<\/p>\n<p><!-- \/wp:paragraph --> <!-- wp:separator {\"opacity\":\"css\",\"className\":\"is-style-wide\"} --><\/p>\n<hr class=\"wp-block-separator has-css-opacity is-style-wide\">\n<p><!-- \/wp:separator --> <!-- wp:paragraph {\"fontSize\":\"medium\"} --><\/p>\n<p class=\"has-medium-font-size\"><strong>A Metamorfose<\/strong><br>Autor: Franz Kafka<br>Editora: La Fonte<br>Indica\u00e7\u00e3o Liter\u00e1ria<\/p>\n<p><!-- \/wp:paragraph --> <!-- wp:separator {\"opacity\":\"css\",\"className\":\"is-style-wide\"} --><\/p>\n<hr class=\"wp-block-separator has-css-opacity is-style-wide\">\n<p><!-- \/wp:separator --> <!-- wp:paragraph {\"fontSize\":\"medium\"} --><\/p>\n<p class=\"has-medium-font-size\"><strong>A Po\u00e9tica da Inf\u00e2ncia: Conversas com quem educa as crian\u00e7as<\/strong><br>Autores: Severino Ant\u00f4nio e Katia Tavares<br>Editora: Passarinho<br>Indica\u00e7\u00e3o Liter\u00e1ria<\/p>\n<p><!-- \/wp:paragraph --> <!-- wp:separator {\"opacity\":\"css\",\"className\":\"is-style-wide\"} --><\/p>\n<hr class=\"wp-block-separator has-css-opacity is-style-wide\">\n<p><!-- \/wp:separator --> <!-- wp:paragraph {\"fontSize\":\"medium\"} --><\/p>\n<p class=\"has-medium-font-size\"><strong>A Queda do C\u00e9u: Palavras de um xam\u00e3 yanomami<\/strong><br>Autor: Davi Kopenawa<br>Editora: Companhia das Letras<br>Indica\u00e7\u00e3o Liter\u00e1ria<\/p>\n<p><!-- \/wp:paragraph --> <!-- wp:separator {\"opacity\":\"css\",\"className\":\"is-style-wide\"} --><\/p>\n<hr class=\"wp-block-separator has-css-opacity is-style-wide\">\n<p><!-- \/wp:separator --> <!-- wp:paragraph {\"fontSize\":\"medium\"} --><\/p>\n<p class=\"has-medium-font-size\"><strong>A Revolu\u00e7\u00e3o dos Bichos<\/strong><br>Autor: George Orwell<br>Editora: Companhia das Letras<br>Indica\u00e7\u00e3o Liter\u00e1ria<\/p>\n<p><!-- \/wp:paragraph --> <!-- wp:separator {\"opacity\":\"css\",\"className\":\"is-style-wide\"} --><\/p>\n<hr class=\"wp-block-separator has-css-opacity is-style-wide\">\n<p><!-- \/wp:separator --> <!-- wp:paragraph {\"fontSize\":\"medium\"} --><\/p>\n<p class=\"has-medium-font-size\"><strong>A Vez e a Voz das Crian\u00e7as: Escutas antropol\u00f3gicas e po\u00e9ticas das inf\u00e2ncias<\/strong><br>Autora: Adriana Friedmann<br>Editora: Panda Books<br>Indica\u00e7\u00e3o Liter\u00e1ria<\/p>\n<p><!-- \/wp:paragraph --> <!-- wp:separator {\"opacity\":\"css\",\"className\":\"is-style-wide\"} --><\/p>\n<hr class=\"wp-block-separator has-css-opacity is-style-wide\">\n<p><!-- \/wp:separator --> <!-- wp:paragraph {\"fontSize\":\"medium\"} --><\/p>\n<p class=\"has-medium-font-size\"><strong>ABA: Ensino da fala para pessoas com autismo<\/strong><br>Autor: Celso Goyos<br>Editora: Edicon<br>Indica\u00e7\u00e3o Liter\u00e1ria<\/p>\n<p><!-- \/wp:paragraph --> <!-- wp:separator {\"opacity\":\"css\",\"className\":\"is-style-wide\"} --><\/p>\n<hr class=\"wp-block-separator has-css-opacity is-style-wide\">\n<p><!-- \/wp:separator --> <!-- wp:paragraph {\"fontSize\":\"medium\"} --><\/p>\n<p class=\"has-medium-font-size\"><strong>Ajude-nos a Aprender<\/strong><br>Autora: Kathi Lear<br>Editora: (n\u00e3o informada)<br>Indica\u00e7\u00e3o Liter\u00e1ria<\/p>\n<p><!-- \/wp:paragraph --> <!-- wp:separator {\"opacity\":\"css\",\"className\":\"is-style-wide\"} --><\/p>\n<hr class=\"wp-block-separator has-css-opacity is-style-wide\">\n<p><!-- \/wp:separator --> <!-- wp:paragraph {\"fontSize\":\"medium\"} --><\/p>\n<p class=\"has-medium-font-size\"><strong>Alfabetiza\u00e7\u00e3o e Letramento: Possibilidades para uma pr\u00e1tica articulada aos diferentes contextos<\/strong><br>Autoras: Maria Er\u00e1cia B. de Andrade e Sineide Cerqueira<br>Editora: CRV<br>Indica\u00e7\u00e3o Liter\u00e1ria<\/p>\n<p><!-- \/wp:paragraph --> <!-- wp:separator {\"opacity\":\"css\",\"className\":\"is-style-wide\"} --><\/p>\n<hr class=\"wp-block-separator has-css-opacity is-style-wide\">\n<p><!-- \/wp:separator --> <!-- wp:paragraph {\"fontSize\":\"medium\"} --><\/p>\n<p class=\"has-medium-font-size\"><strong>Alfabetiza\u00e7\u00e3o e Letramento: caderno do professor<\/strong><br>Autor(a) \/ Autores(as): CEALE<br>Editora: Ufmg<br><a href=\"http:\/\/www.ceale.fae.ufmg.br\/pages\/view\/colecao-alfabetizacao-e-letramento.html\">Clique aqui para baixar<br><\/a><\/p>\n<p><!-- \/wp:paragraph --> <!-- wp:separator {\"opacity\":\"css\",\"className\":\"is-style-wide\"} --><\/p>\n<hr class=\"wp-block-separator has-css-opacity is-style-wide\">\n<p><!-- \/wp:separator --> <!-- wp:paragraph {\"fontSize\":\"medium\"} --><\/p>\n<p class=\"has-medium-font-size\"><strong>Alfabetiza\u00e7\u00e3o, Letramento e Multiletramentos em Tempos de Resist\u00eancia<\/strong><br>Autoras: Fernanda Coelho Liberali e Antonieta Megale (Orgs.)<br>Editora: Pontes<br>Indica\u00e7\u00e3o Liter\u00e1ria<\/p>\n<p><!-- \/wp:paragraph --> <!-- wp:separator {\"opacity\":\"css\",\"className\":\"is-style-wide\"} --><\/p>\n<hr class=\"wp-block-separator has-css-opacity is-style-wide\">\n<p><!-- \/wp:separator --> <!-- wp:paragraph {\"fontSize\":\"medium\"} --><\/p>\n<p class=\"has-medium-font-size\"><strong>Alfabetizar e Letrando com a Literatura Infantil<\/strong><br>Autores: Fabio C. Santos e Fabiano Moraes<br>Editora: Cortez<br>Indica\u00e7\u00e3o Liter\u00e1ria<\/p>\n<p><!-- \/wp:paragraph --> <!-- wp:separator {\"opacity\":\"css\",\"className\":\"is-style-wide\"} --><\/p>\n<hr class=\"wp-block-separator has-css-opacity is-style-wide\">\n<p><!-- \/wp:separator --> <!-- wp:paragraph {\"fontSize\":\"medium\"} --><\/p>\n<p class=\"has-medium-font-size\"><strong>Alfaletrar: Toda crian\u00e7a pode aprender a ler e a escrever<\/strong><br>Autora: Magda Soares<br>Editora: Contexto<br>Indica\u00e7\u00e3o Liter\u00e1ria<\/p>\n<p><!-- \/wp:paragraph --> <!-- wp:separator {\"opacity\":\"css\",\"className\":\"is-style-wide\"} --><\/p>\n<hr class=\"wp-block-separator has-css-opacity is-style-wide\">\n<p><!-- \/wp:separator --> <!-- wp:paragraph {\"fontSize\":\"medium\"} --><\/p>\n<p class=\"has-medium-font-size\"><strong>Antologia Po\u00e9tica<\/strong><br>Autor: Carlos Drummond de Andrade<br>Editora: Companhia das Letras<br>Indica\u00e7\u00e3o Liter\u00e1ria<\/p>\n<p><!-- \/wp:paragraph --> <!-- wp:separator {\"opacity\":\"css\",\"className\":\"is-style-wide\"} --><\/p>\n<hr class=\"wp-block-separator has-css-opacity is-style-wide\">\n<p><!-- \/wp:separator --> <!-- wp:paragraph {\"fontSize\":\"medium\"} --><\/p>\n<p class=\"has-medium-font-size\"><strong>Antologia Po\u00e9tica<\/strong><br>Autora: Cec\u00edlia Meireles<br>Editora: Global<br>Indica\u00e7\u00e3o Liter\u00e1ria<\/p>\n<p><!-- \/wp:paragraph --> <!-- wp:separator {\"opacity\":\"css\",\"className\":\"is-style-wide\"} --><\/p>\n<hr class=\"wp-block-separator has-css-opacity is-style-wide\">\n<p><!-- \/wp:separator --> <!-- wp:paragraph {\"fontSize\":\"medium\"} --><\/p>\n<p class=\"has-medium-font-size\"><strong>Aprender a Ler e a Escrever<\/strong><br>Autoras: Ana Teberosky e Teresa Colomer<br>Editora: Artmed<br>Indica\u00e7\u00e3o Liter\u00e1ria<\/p>\n<p><!-- \/wp:paragraph --> <!-- wp:separator {\"opacity\":\"css\",\"className\":\"is-style-wide\"} --><\/p>\n<hr class=\"wp-block-separator has-css-opacity is-style-wide\">\n<p><!-- \/wp:separator --> <!-- wp:paragraph {\"fontSize\":\"medium\"} --><\/p>\n<p class=\"has-medium-font-size\"><strong>As Palavras<\/strong><br>Autora: Clarice Lispector<br>Editora: Rocco<br><a href=\"https:\/\/lelivros.love\/book\/download-as-palavras-clarice-lispector-em-epub-mobi-e-pdf\/\">Clique aqui para baixar<\/a><\/p>\n<p><!-- \/wp:paragraph --> <!-- wp:separator {\"opacity\":\"css\",\"className\":\"is-style-wide\"} --><\/p>\n<hr class=\"wp-block-separator has-css-opacity is-style-wide\">\n<p><!-- \/wp:separator --> <!-- wp:paragraph {\"fontSize\":\"medium\"} --><\/p>\n<p class=\"has-medium-font-size\"><strong>Atendimento Educacional Especializado na escola comum como a\u00e7\u00e3o pedag\u00f3gica favorecedora da Educa\u00e7\u00e3o Inclusiva<\/strong><br>Autora: Carline santos Borges<br>Editora: Appris<br>Indica\u00e7\u00e3o Liter\u00e1ria<\/p>\n<p><!-- \/wp:paragraph --> <!-- wp:separator {\"opacity\":\"css\",\"className\":\"is-style-wide\"} --><\/p>\n<hr class=\"wp-block-separator has-css-opacity is-style-wide\">\n<p><!-- \/wp:separator --> <!-- wp:paragraph {\"fontSize\":\"medium\"} --><\/p>\n<p class=\"has-medium-font-size\"><strong>Autobiografia de \u00c2ngela Davis<\/strong><br>Autora: Angela Davis<br>Editora: Boitempo<br><a href=\"https:\/\/lelivros.love\/book\/baixar-livro-angela-davis-uma-autobiografia-angela-davis-em-pdf-epub-mobi-ou-ler-online\/\">Clique aqui para baixar<\/a><\/p>\n<p><!-- \/wp:paragraph --> <!-- wp:separator {\"opacity\":\"css\",\"className\":\"is-style-wide\"} --><\/p>\n<hr class=\"wp-block-separator has-css-opacity is-style-wide\">\n<p><!-- \/wp:separator --> <!-- wp:paragraph {\"fontSize\":\"medium\"} --><\/p>\n<p class=\"has-medium-font-size\"><strong>Bagagem<\/strong><br>Autora: Ad\u00e9lia Prado<br>Editora: Record<br>Indica\u00e7\u00e3o Liter\u00e1ria<\/p>\n<p><!-- \/wp:paragraph --> <!-- wp:separator {\"opacity\":\"css\",\"className\":\"is-style-wide\"} --><\/p>\n<hr class=\"wp-block-separator has-css-opacity is-style-wide\">\n<p><!-- \/wp:separator --> <!-- wp:paragraph {\"fontSize\":\"medium\"} --><\/p>\n<p class=\"has-medium-font-size\"><strong>Boca de Luar<\/strong><br>Autor: Carlos Drummond de Andrade<br>Editora: Companhia das Letras<br>Indica\u00e7\u00e3o Liter\u00e1ria<\/p>\n<p><!-- \/wp:paragraph --> <!-- wp:separator {\"opacity\":\"css\",\"className\":\"is-style-wide\"} --><\/p>\n<hr class=\"wp-block-separator has-css-opacity is-style-wide\">\n<p><!-- \/wp:separator --> <!-- wp:paragraph {\"fontSize\":\"medium\"} --><\/p>\n<p class=\"has-medium-font-size\"><strong>Bolhas de Sab\u00e3o<\/strong><br>Autor: C\u00e9sar Magalh\u00e3es Borges<br>Editora: Edicon<br>Indica\u00e7\u00e3o Liter\u00e1ria<\/p>\n<p><!-- \/wp:paragraph --> <!-- wp:separator {\"opacity\":\"css\",\"className\":\"is-style-wide\"} --><\/p>\n<hr class=\"wp-block-separator has-css-opacity is-style-wide\">\n<p><!-- \/wp:separator --> <!-- wp:paragraph {\"fontSize\":\"medium\"} --><\/p>\n<p class=\"has-medium-font-size\"><strong>Cante L\u00e1 que Eu Canto C\u00e1<\/strong><br>Autor: Patativa do Assar\u00e9<br>Editora: Vozes<br>Indica\u00e7\u00e3o Liter\u00e1ria<\/p>\n<p><!-- \/wp:paragraph --> <!-- wp:separator {\"opacity\":\"css\",\"className\":\"is-style-wide\"} --><\/p>\n<hr class=\"wp-block-separator has-css-opacity is-style-wide\">\n<p><!-- \/wp:separator --> <!-- wp:paragraph {\"fontSize\":\"medium\"} --><\/p>\n<p class=\"has-medium-font-size\"><strong>Canto B\u00e9lico<\/strong><br>Autor: C\u00e9sar Magalh\u00e3es Borges<br>Edi\u00e7\u00e3o do Autor<br>Indica\u00e7\u00e3o Liter\u00e1ria<\/p>\n<p><!-- \/wp:paragraph --> <!-- wp:separator {\"opacity\":\"css\",\"className\":\"is-style-wide\"} --><\/p>\n<hr class=\"wp-block-separator has-css-opacity is-style-wide\">\n<p><!-- \/wp:separator --> <!-- wp:paragraph {\"fontSize\":\"medium\"} --><\/p>\n<p class=\"has-medium-font-size\"><strong>Cartas a Jovens Educadores\/as<\/strong><br>Autora: Helena Singer<br>Editora: Sorver Versos<br><a href=\"https:\/\/educacaointegral.org.br\/reportagens\/livro-reune-cartas-para-jovens-educadores\/\">Clique aqui para baixar<br><\/a><\/p>\n<p><!-- \/wp:paragraph --> <!-- wp:separator {\"opacity\":\"css\",\"className\":\"is-style-wide\"} --><\/p>\n<hr class=\"wp-block-separator has-css-opacity is-style-wide\">\n<p><!-- \/wp:separator --> <!-- wp:paragraph {\"fontSize\":\"medium\"} --><\/p>\n<p class=\"has-medium-font-size\"><strong>Ciclo da Lua &#8211; Poemas<\/strong><br>Autor: C\u00e9sar Magalh\u00e3es Borges<br>Edi\u00e7\u00e3o do Autor<br>Indica\u00e7\u00e3o Liter\u00e1ria<\/p>\n<p><!-- \/wp:paragraph --> <!-- wp:separator {\"opacity\":\"css\",\"className\":\"is-style-wide\"} --><\/p>\n<hr class=\"wp-block-separator has-css-opacity is-style-wide\">\n<p><!-- \/wp:separator --> <!-- wp:paragraph {\"fontSize\":\"medium\"} --><\/p>\n<p class=\"has-medium-font-size\"><strong>Cidad\u00e3 de Segunda Classe<\/strong><br>Autores: Buchi Emecheta e Heloisa Jahn (Tradutoras)<br>Editora: Dublinense<br>Dom\u00ednio P\u00fablico<\/p>\n<p><!-- \/wp:paragraph --> <!-- wp:separator {\"opacity\":\"css\",\"className\":\"is-style-wide\"} --><\/p>\n<hr class=\"wp-block-separator has-css-opacity is-style-wide\">\n<p><!-- \/wp:separator --> <!-- wp:paragraph {\"fontSize\":\"medium\"} --><\/p>\n<p class=\"has-medium-font-size\"><strong>Cientistas Negras Brasileiras &#8211; Volume 1<\/strong><br>Autor: Projeto de Extens\u00e3o<br>Editora: (n\u00e3o informada)<br><a href=\"https:\/\/drive.google.com\/file\/d\/1BH24IVcS3yZevRMS4jjyq_vl2Fv8bLlV\/edit\">Clique aqui para baixar<\/a><\/p>\n<p><!-- \/wp:paragraph --> <!-- wp:separator {\"opacity\":\"css\",\"className\":\"is-style-wide\"} --><\/p>\n<hr class=\"wp-block-separator has-css-opacity is-style-wide\">\n<p><!-- \/wp:separator --> <!-- wp:paragraph {\"fontSize\":\"medium\"} --><\/p>\n<p class=\"has-medium-font-size\"><strong>Colecionador de Pedras<\/strong><br>Autor: S\u00e9rgio Vaz<br>Editora: Global<br>Indica\u00e7\u00e3o Liter\u00e1ria<\/p>\n<p><!-- \/wp:paragraph --> <!-- wp:separator {\"opacity\":\"css\",\"className\":\"is-style-wide\"} --><\/p>\n<hr class=\"wp-block-separator has-css-opacity is-style-wide\">\n<p><!-- \/wp:separator --> <!-- wp:paragraph {\"fontSize\":\"medium\"} --><\/p>\n<p class=\"has-medium-font-size\"><strong>Como se Fizesse um Cavalo<\/strong><br>Autora: Marina Colasanti<br>Editora: Pulo do Gato<br>Indica\u00e7\u00e3o Liter\u00e1ria<\/p>\n<p><!-- \/wp:paragraph --> <!-- wp:separator {\"opacity\":\"css\",\"className\":\"is-style-wide\"} --><\/p>\n<hr class=\"wp-block-separator has-css-opacity is-style-wide\">\n<p><!-- \/wp:separator --> <!-- wp:paragraph {\"fontSize\":\"medium\"} --><\/p>\n<p class=\"has-medium-font-size\"><strong>Contos Africanos<\/strong><br>Autor: Albertino Bragan\u00e7a<br>Editora: \u00c1tica<br>Indica\u00e7\u00e3o Liter\u00e1ria<\/p>\n<p><!-- \/wp:paragraph --> <!-- wp:separator {\"opacity\":\"css\",\"className\":\"is-style-wide\"} --><\/p>\n<hr class=\"wp-block-separator has-css-opacity is-style-wide\">\n<p><!-- \/wp:separator --> <!-- wp:paragraph {\"fontSize\":\"medium\"} --><\/p>\n<p class=\"has-medium-font-size\"><strong>Descri\u00e7\u00e3o, Defini\u00e7\u00e3o e Registro de Comportamento<\/strong><br>Autor: Ant\u00f4nio Jayro da F. Motta Fagundes<br>Editora: Edicon<br>Indica\u00e7\u00e3o Liter\u00e1ria<\/p>\n<p><!-- \/wp:paragraph --> <!-- wp:separator {\"opacity\":\"css\",\"className\":\"is-style-wide\"} --><\/p>\n<hr class=\"wp-block-separator has-css-opacity is-style-wide\">\n<p><!-- \/wp:separator --> <!-- wp:paragraph {\"fontSize\":\"medium\"} --><\/p>\n<p class=\"has-medium-font-size\"><strong>\u201cDesemparedar a Inf\u00e2ncia&#8221; &#8211; tema do II Semin\u00e1rio Crian\u00e7a e Natureza<\/strong><br>Autor: Semin\u00e1rio<br>Editora: (n\u00e3o informada)<br><a href=\"https:\/\/criancaenatureza.org.br\/noticias\/desemparedamento-da-infancia-escola-como-lugar-de-encontro-com-natureza\/\">Clique aqui para baixar<\/a><\/p>\n<p><!-- \/wp:paragraph --> <!-- wp:separator {\"opacity\":\"css\",\"className\":\"is-style-wide\"} --><\/p>\n<hr class=\"wp-block-separator has-css-opacity is-style-wide\">\n<p><!-- \/wp:separator --> <!-- wp:paragraph {\"fontSize\":\"medium\"} --><\/p>\n<p class=\"has-medium-font-size\"><strong>Dicion\u00edrico: Prosa, Poesia e Riso (de A a Z)<\/strong><br>Autor: C\u00e9sar Magalh\u00e3es Borges<br>Editora: Pasavento<br>Indica\u00e7\u00e3o Liter\u00e1ria<\/p>\n<p><!-- \/wp:paragraph --> <!-- wp:separator {\"opacity\":\"css\",\"className\":\"is-style-wide\"} --><\/p>\n<hr class=\"wp-block-separator has-css-opacity is-style-wide\">\n<p><!-- \/wp:separator --> <!-- wp:paragraph {\"fontSize\":\"medium\"} --><\/p>\n<p class=\"has-medium-font-size\"><strong>Diferentes, N\u00e3o Desiguais: A quest\u00e3o de g\u00eanero na escola<\/strong><br>Autores: Beatriz Accioly, Eduardo F. Machado,Michele Escoura<br>Editora: Reviravolta<br>Indica\u00e7\u00e3o Liter\u00e1ria<\/p>\n<p><!-- \/wp:paragraph --> <!-- wp:separator {\"opacity\":\"css\",\"className\":\"is-style-wide\"} --><\/p>\n<hr class=\"wp-block-separator has-css-opacity is-style-wide\">\n<p><!-- \/wp:separator --> <!-- wp:paragraph {\"fontSize\":\"medium\"} --><\/p>\n<p class=\"has-medium-font-size\"><strong>Do Sil\u00eancio do Lar ao Sil\u00eancio Escolar: Racismo, preconceito e discrimina\u00e7\u00e3o na educa\u00e7\u00e3o infantil<\/strong><br>Autora: Eliane dos S. Cavalleiro<br>Editora: Contexto<br>Indica\u00e7\u00e3o Liter\u00e1ria<\/p>\n<p><!-- \/wp:paragraph --> <!-- wp:separator {\"opacity\":\"css\",\"className\":\"is-style-wide\"} --><\/p>\n<hr class=\"wp-block-separator has-css-opacity is-style-wide\">\n<p><!-- \/wp:separator --> <!-- wp:paragraph {\"fontSize\":\"medium\"} --><\/p>\n<p class=\"has-medium-font-size\"><strong>Educa\u00e7\u00e3o e Ra\u00e7a \u2013 Perspectivas pol\u00edticas, pedag\u00f3gicas e est\u00e9ticas<\/strong><br>Autoras: Anste Abramowic e Nima L. Gomes (Org.)<br>Editora: Aut\u00eantica<br>Indica\u00e7\u00e3o Liter\u00e1ria<\/p>\n<p><!-- \/wp:paragraph --> <!-- wp:separator {\"opacity\":\"css\",\"className\":\"is-style-wide\"} --><\/p>\n<hr class=\"wp-block-separator has-css-opacity is-style-wide\">\n<p><!-- \/wp:separator --> <!-- wp:paragraph {\"fontSize\":\"medium\"} --><\/p>\n<p class=\"has-medium-font-size\"><strong>Educa\u00e7\u00e3o Multicultural e Ensino de Ingl\u00eas na Escola P\u00fablica: da teoria \u00e0 pr\u00e1tica, reinventando um ato<\/strong><br>Autora: Luciana M. da Silva Figueiredo<br>Editora: Disserta\u00e7\u00e3o<br><a href=\"https:\/\/www.livrosgratis.com.br\/ler-livro-online-27138\/educacao-multicultural-e-ensino-de-ingles-na-escola-publica--da-teoria-a-pratica-reinventando-um-ato-educativo\">Clique aqui para baixar<\/a><\/p>\n<p><!-- \/wp:paragraph --> <!-- wp:separator {\"opacity\":\"css\",\"className\":\"is-style-wide\"} --><\/p>\n<hr class=\"wp-block-separator has-css-opacity is-style-wide\">\n<p><!-- \/wp:separator --> <!-- wp:paragraph {\"fontSize\":\"medium\"} --><\/p>\n<p class=\"has-medium-font-size\"><strong>Educar Meninas e Meninos: Rela\u00e7\u00f5es de g\u00eanero na escola<\/strong><br>Autora: Daniela Auad<br>Editora: Contexto<br>Indica\u00e7\u00e3o Liter\u00e1ria<\/p>\n<p><!-- \/wp:paragraph --> <!-- wp:separator {\"opacity\":\"css\",\"className\":\"is-style-wide\"} --><\/p>\n<hr class=\"wp-block-separator has-css-opacity is-style-wide\">\n<p><!-- \/wp:separator --> <!-- wp:paragraph {\"fontSize\":\"medium\"} --><\/p>\n<p class=\"has-medium-font-size\"><strong>Embri\u00e3o: Poemas<\/strong><br>Autor: C\u00e9sar Magalh\u00e3es Borges<br>Editora: Reformat\u00f3rio<br>Indica\u00e7\u00e3o Liter\u00e1ria<\/p>\n<p><!-- \/wp:paragraph --> <!-- wp:separator {\"opacity\":\"css\",\"className\":\"is-style-wide\"} --><\/p>\n<hr class=\"wp-block-separator has-css-opacity is-style-wide\">\n<p><!-- \/wp:separator --> <!-- wp:paragraph {\"fontSize\":\"medium\"} --><\/p>\n<p class=\"has-medium-font-size\"><strong>Ensinar Tarefa para Profissionais<\/strong><br>Autoras: Beatriz Cardoso e Delia Lerner<br>Editora: Record<br>Indica\u00e7\u00e3o Liter\u00e1ria<\/p>\n<p><!-- \/wp:paragraph --> <!-- wp:separator {\"opacity\":\"css\",\"className\":\"is-style-wide\"} --><\/p>\n<hr class=\"wp-block-separator has-css-opacity is-style-wide\">\n<p><!-- \/wp:separator --> <!-- wp:paragraph {\"fontSize\":\"medium\"} --><\/p>\n<p class=\"has-medium-font-size\"><strong>Ensino de Habilidades B\u00e1sicas para Pessoas com Autismo<\/strong><br>Autoras: Camila G. Santos e Analice Dutra Silveira<br>Editora: Edicon<br>Indica\u00e7\u00e3o Liter\u00e1ria<\/p>\n<p><!-- \/wp:paragraph --> <!-- wp:separator {\"opacity\":\"css\",\"className\":\"is-style-wide\"} --><\/p>\n<hr class=\"wp-block-separator has-css-opacity is-style-wide\">\n<p><!-- \/wp:separator --> <!-- wp:paragraph {\"fontSize\":\"medium\"} --><\/p>\n<p class=\"has-medium-font-size\"><strong>Entre Versos Controversos<\/strong><br>Autoria Coletiva<br>Editora: Livronovo&nbsp;<br>Apoio: Movimento nossa Itaquera<br>Indica\u00e7\u00e3o Liter\u00e1ria<\/p>\n<p><!-- \/wp:paragraph --> <!-- wp:separator {\"opacity\":\"css\",\"className\":\"is-style-wide\"} --><\/p>\n<hr class=\"wp-block-separator has-css-opacity is-style-wide\">\n<p><!-- \/wp:separator --> <!-- wp:paragraph {\"fontSize\":\"medium\"} --><\/p>\n<p class=\"has-medium-font-size\"><strong>Estranhos \u00e0 Nossa Porta<\/strong><br>Autor: Zygmunt Bauman<br>Editora: Zahar<br>Indica\u00e7\u00e3o Liter\u00e1ria<\/p>\n<p><!-- \/wp:paragraph --> <!-- wp:separator {\"opacity\":\"css\",\"className\":\"is-style-wide\"} --><\/p>\n<hr class=\"wp-block-separator has-css-opacity is-style-wide\">\n<p><!-- \/wp:separator --> <!-- wp:paragraph {\"fontSize\":\"medium\"} --><\/p>\n<p class=\"has-medium-font-size\"><strong>Estrat\u00e9gias de Leitura<\/strong><br>Autora: Isabel Sol\u00e9<br>Editora: Artmed<br>Indica\u00e7\u00e3o Liter\u00e1ria<\/p>\n<p><!-- \/wp:paragraph --> <!-- wp:separator {\"opacity\":\"css\",\"className\":\"is-style-wide\"} --><\/p>\n<hr class=\"wp-block-separator has-css-opacity is-style-wide\">\n<p><!-- \/wp:separator --> <!-- wp:paragraph {\"fontSize\":\"medium\"} --><\/p>\n<p class=\"has-medium-font-size\"><strong>Flores de Alvenaria<\/strong><br>Autor: S\u00e9rgio Vaz<br>Editora: Global<br>Indica\u00e7\u00e3o Liter\u00e1ria<\/p>\n<p><!-- \/wp:paragraph --> <!-- wp:separator {\"opacity\":\"css\",\"className\":\"is-style-wide\"} --><\/p>\n<hr class=\"wp-block-separator has-css-opacity is-style-wide\">\n<p><!-- \/wp:separator --> <!-- wp:paragraph {\"fontSize\":\"medium\"} --><\/p>\n<p class=\"has-medium-font-size\"><strong>Folhas Soltas (poesia incidental)<\/strong><br>Autor: C\u00e9sar Magalh\u00e3es Borges<br>Edi\u00e7\u00e3o do Autor<br>Indica\u00e7\u00e3o Liter\u00e1ria<\/p>\n<p><!-- \/wp:paragraph --> <!-- wp:separator {\"opacity\":\"css\",\"className\":\"is-style-wide\"} --><\/p>\n<hr class=\"wp-block-separator has-css-opacity is-style-wide\">\n<p><!-- \/wp:separator --> <!-- wp:paragraph {\"fontSize\":\"medium\"} --><\/p>\n<p class=\"has-medium-font-size\"><strong>Forma\u00e7\u00e3o Continuada de Professores<\/strong><br>Autor: Francisco Imbern\u00f3n<br>Editora: Artmed<br>Indica\u00e7\u00e3o Liter\u00e1ria<\/p>\n<p><!-- \/wp:paragraph --> <!-- wp:separator {\"opacity\":\"css\",\"className\":\"is-style-wide\"} --><\/p>\n<hr class=\"wp-block-separator has-css-opacity is-style-wide\">\n<p><!-- \/wp:separator --> <!-- wp:paragraph {\"fontSize\":\"medium\"} --><\/p>\n<p class=\"has-medium-font-size\"><strong>Fundamentos da Educa\u00e7\u00e3o Infantil<\/strong><br>Autora: Elvira S. Lima<br>Editora: Inter Alia<br>Indica\u00e7\u00e3o Liter\u00e1ria<\/p>\n<p><!-- \/wp:paragraph --> <!-- wp:separator {\"opacity\":\"css\",\"className\":\"is-style-wide\"} --><\/p>\n<hr class=\"wp-block-separator has-css-opacity is-style-wide\">\n<p><!-- \/wp:separator --> <!-- wp:paragraph {\"fontSize\":\"medium\"} --><\/p>\n<p class=\"has-medium-font-size\"><strong>G\u00eanero e Diversidade Sexual na Escola: Reconhecer diferen\u00e7as e superar preconceitos<\/strong><br>Autor: MEC<br>Editora: Revista<br><a href=\"http:\/\/pronacampo.mec.gov.br\/images\/pdf\/bib_cad4_gen_div_prec.pdf\">Clique aqui para baixar<\/a><\/p>\n<p><!-- \/wp:paragraph --> <!-- wp:separator {\"opacity\":\"css\",\"className\":\"is-style-wide\"} --><\/p>\n<hr class=\"wp-block-separator has-css-opacity is-style-wide\">\n<p><!-- \/wp:separator --> <!-- wp:paragraph {\"fontSize\":\"medium\"} --><\/p>\n<p class=\"has-medium-font-size\"><strong>G\u00eaneros Orais e Escritos na Escola<\/strong><br>Autores: Bernard Schneuwly, Joaquim Dolz e Colaboradores<br>Editora: Mercado Letras<br>Indica\u00e7\u00e3o Liter\u00e1ria<\/p>\n<p><!-- \/wp:paragraph --> <!-- wp:separator {\"opacity\":\"css\",\"className\":\"is-style-wide\"} --><\/p>\n<hr class=\"wp-block-separator has-css-opacity is-style-wide\">\n<p><!-- \/wp:separator --> <!-- wp:paragraph {\"fontSize\":\"medium\"} --><\/p>\n<p class=\"has-medium-font-size\"><strong>\u00cdndios no Brasil \u2013 Vida Cultura e Morte<\/strong><br>Autoras: Maria L. T. Carneiro e Mirian Miria Silva (Org.)<br>Editora: Leer\/ USP Intermeios<br>Indica\u00e7\u00e3o Liter\u00e1ria<\/p>\n<p><!-- \/wp:paragraph --> <!-- wp:separator {\"opacity\":\"css\",\"className\":\"is-style-wide\"} --><\/p>\n<hr class=\"wp-block-separator has-css-opacity is-style-wide\">\n<p><!-- \/wp:separator --> <!-- wp:paragraph {\"fontSize\":\"medium\"} --><\/p>\n<p class=\"has-medium-font-size\"><strong>Investigando a rela\u00e7\u00e3o oral\/escrito e as teorias do letramento<\/strong><br>Autora: In\u00eas Signorini<br>Editora: Mercado das Letras<br>Indica\u00e7\u00e3o Liter\u00e1ria<\/p>\n<p><!-- \/wp:paragraph --> <!-- wp:separator {\"opacity\":\"css\",\"className\":\"is-style-wide\"} --><\/p>\n<hr class=\"wp-block-separator has-css-opacity is-style-wide\">\n<p><!-- \/wp:separator --> <!-- wp:paragraph {\"fontSize\":\"medium\"} --><\/p>\n<p class=\"has-medium-font-size\"><strong>Jogos Comportamentais: An\u00e1lises e atua\u00e7\u00f5es em contextos do dia a dia<\/strong><br>Autores: Andr\u00e9 Luiz Ferreira e Pedro Bordini Faleiros<br>Editora: Fortaleza Imagine 2019<br>Indica\u00e7\u00e3o Liter\u00e1ria<\/p>\n<p><!-- \/wp:paragraph --> <!-- wp:separator {\"opacity\":\"css\",\"className\":\"is-style-wide\"} --><\/p>\n<hr class=\"wp-block-separator has-css-opacity is-style-wide\">\n<p><!-- \/wp:separator --> <!-- wp:paragraph {\"fontSize\":\"medium\"} --><\/p>\n<p class=\"has-medium-font-size\"><strong>Kafka e a Boneca Viajante<\/strong><br>Autor: Jordi Sierra I. Fabra<br>Editora: Martins Fontes<br>Indica\u00e7\u00e3o Liter\u00e1ria<\/p>\n<p><!-- \/wp:paragraph --> <!-- wp:separator {\"opacity\":\"css\",\"className\":\"is-style-wide\"} --><\/p>\n<hr class=\"wp-block-separator has-css-opacity is-style-wide\">\n<p><!-- \/wp:separator --> <!-- wp:separator {\"opacity\":\"css\",\"className\":\"is-style-wide\"} --><\/p>\n<hr class=\"wp-block-separator has-css-opacity is-style-wide\">\n<p><!-- \/wp:separator --> <!-- wp:paragraph {\"fontSize\":\"medium\"} --><\/p>\n<p class=\"has-medium-font-size\"><strong>Ler Antes de Saber Ler: Oito mitos escolares sobre a leitura liter\u00e1ria<\/strong><br>Autoras: Ana Carolina Carvalho e Josca Baroukh<br>Editora: Panda Books<br>Indica\u00e7\u00e3o Liter\u00e1ria<\/p>\n<p><!-- \/wp:paragraph --> <!-- wp:separator {\"opacity\":\"css\",\"className\":\"is-style-wide\"} --><\/p>\n<hr class=\"wp-block-separator has-css-opacity is-style-wide\">\n<p><!-- \/wp:separator --> <!-- wp:paragraph {\"fontSize\":\"medium\"} --><\/p>\n<p class=\"has-medium-font-size\"><strong>Ler e Escrever na Escola: O real, o poss\u00edvel e o necess\u00e1rio<\/strong><br>Autora: Delia Lerner<br>Editora: Artmed<br>Indica\u00e7\u00e3o Liter\u00e1ria<\/p>\n<p><!-- \/wp:paragraph --> <!-- wp:separator {\"opacity\":\"css\",\"className\":\"is-style-wide\"} --><\/p>\n<hr class=\"wp-block-separator has-css-opacity is-style-wide\">\n<p><!-- \/wp:separator --> <!-- wp:paragraph {\"fontSize\":\"medium\"} --><\/p>\n<p class=\"has-medium-font-size\"><strong>Ler e Saber: Os livros informativos para crian\u00e7as<\/strong><br>Autora: Ana Garral\u00f3n<br>Editora: Pulo do Gato<br>Indica\u00e7\u00e3o Liter\u00e1ria<\/p>\n<p><!-- \/wp:paragraph --> <!-- wp:separator {\"opacity\":\"css\",\"className\":\"is-style-wide\"} --><\/p>\n<hr class=\"wp-block-separator has-css-opacity is-style-wide\">\n<p><!-- \/wp:separator --> <!-- wp:paragraph {\"fontSize\":\"medium\"} --><\/p>\n<p class=\"has-medium-font-size\"><strong>Letramentos M\u00faltiplos, Escola e Inclus\u00e3o Social<\/strong><br>Autora: Roxane Rojo<br>Editora: Parabola<br>Indica\u00e7\u00e3o Liter\u00e1ria<\/p>\n<p><!-- \/wp:paragraph --> <!-- wp:separator {\"opacity\":\"css\",\"className\":\"is-style-wide\"} --><\/p>\n<hr class=\"wp-block-separator has-css-opacity is-style-wide\">\n<p><!-- \/wp:separator --> <!-- wp:paragraph {\"fontSize\":\"medium\"} --><\/p>\n<p class=\"has-medium-font-size\"><strong>Literatura, P\u00e3o e Poesia<\/strong><br>Autor: S\u00e9rgio vaz S\u00e9rgio<br>Editora: Global<br>Indica\u00e7\u00e3o Liter\u00e1ria<\/p>\n<p><!-- \/wp:paragraph --> <!-- wp:separator {\"opacity\":\"css\",\"className\":\"is-style-wide\"} --><\/p>\n<hr class=\"wp-block-separator has-css-opacity is-style-wide\">\n<p><!-- \/wp:separator --> <!-- wp:paragraph {\"fontSize\":\"medium\"} --><\/p>\n<p class=\"has-medium-font-size\"><strong>Livro Sobre Nada<\/strong><br>Autor: Manoel Barros<br>Editora: Record<br>Indica\u00e7\u00e3o Liter\u00e1ria<\/p>\n<p><!-- \/wp:paragraph --> <!-- wp:separator {\"opacity\":\"css\",\"className\":\"is-style-wide\"} --><\/p>\n<hr class=\"wp-block-separator has-css-opacity is-style-wide\">\n<p><!-- \/wp:separator --> <!-- wp:paragraph {\"fontSize\":\"medium\"} --><\/p>\n<p class=\"has-medium-font-size\"><strong>Mem\u00f3rias Inventadas<\/strong><br>Autor: Manoel Barros<br>Editora: Alfaguara<br>Indica\u00e7\u00e3o Liter\u00e1ria<\/p>\n<p><!-- \/wp:paragraph --> <!-- wp:separator {\"opacity\":\"css\",\"className\":\"is-style-wide\"} --><\/p>\n<hr class=\"wp-block-separator has-css-opacity is-style-wide\">\n<p><!-- \/wp:separator --> <!-- wp:paragraph {\"fontSize\":\"medium\"} --><\/p>\n<p class=\"has-medium-font-size\"><strong>Metade Cara, Metade M\u00e1scara<\/strong><br>Autora: Eliane Potiguara<br>Editora: GRUMIN<br>Indica\u00e7\u00e3o Liter\u00e1ria<\/p>\n<p><!-- \/wp:paragraph --> <!-- wp:separator {\"opacity\":\"css\",\"className\":\"is-style-wide\"} --><\/p>\n<hr class=\"wp-block-separator has-css-opacity is-style-wide\">\n<p><!-- \/wp:separator --> <!-- wp:paragraph {\"fontSize\":\"medium\"} --><\/p>\n<p class=\"has-medium-font-size\"><strong>Meu Livro de Cordel<\/strong><br>Autora: Cora Coralina<br>Editora: Global<br>Indica\u00e7\u00e3o Liter\u00e1ria<\/p>\n<p><!-- \/wp:paragraph --> <!-- wp:separator {\"opacity\":\"css\",\"className\":\"is-style-wide\"} --><\/p>\n<hr class=\"wp-block-separator has-css-opacity is-style-wide\">\n<p><!-- \/wp:separator --> <!-- wp:paragraph {\"fontSize\":\"medium\"} --><\/p>\n<p class=\"has-medium-font-size\"><strong>Minas Faz Ci\u00eancia para crian\u00e7as<\/strong><br>Autor: FAPEMIG<br>Editora: Revista de Divulga\u00e7\u00e3o Cient\u00edfica<br><a href=\"https:\/\/minasfazciencia.com.br\/revista\/edicao-2018\/\">Clique aqui para baixar<\/a><\/p>\n<p><!-- \/wp:paragraph --> <!-- wp:separator {\"opacity\":\"css\",\"className\":\"is-style-wide\"} --><\/p>\n<hr class=\"wp-block-separator has-css-opacity is-style-wide\">\n<p><!-- \/wp:separator --> <!-- wp:paragraph {\"fontSize\":\"medium\"} --><\/p>\n<p class=\"has-medium-font-size\"><strong>Mulher faz Ci\u00eancia: Dez cientistas, muitas hist\u00f3rias &#8211; Volume 3<\/strong><br>Autor: FAPEMIG<br>Editora: (n\u00e3o informada)<br><a href=\"https:\/\/minasfazciencia.com.br\/wp-content\/uploads\/2021\/02\/mulher_faz_ciencia_3.pdf\">Clique aqui para baixar<\/a><\/p>\n<p><!-- \/wp:paragraph --> <!-- wp:separator {\"opacity\":\"css\",\"className\":\"is-style-wide\"} --><\/p>\n<hr class=\"wp-block-separator has-css-opacity is-style-wide\">\n<p><!-- \/wp:separator --> <!-- wp:paragraph {\"fontSize\":\"medium\"} --><\/p>\n<p class=\"has-medium-font-size\"><strong>O Amanh\u00e3 N\u00e3o Est\u00e1 \u00e0 Venda<\/strong><br>Autor: Ailton Krenak<br>Editora: Companhia das Letras<br>Indica\u00e7\u00e3o Liter\u00e1ria<\/p>\n<p><!-- \/wp:paragraph --> <!-- wp:separator {\"opacity\":\"css\",\"className\":\"is-style-wide\"} --><\/p>\n<hr class=\"wp-block-separator has-css-opacity is-style-wide\">\n<p><!-- \/wp:separator --> <!-- wp:paragraph {\"fontSize\":\"medium\"} --><\/p>\n<p class=\"has-medium-font-size\"><strong>O Di\u00e1logo Entre o Ensino e a Aprendizagem<\/strong><br>Autora: Telma Weisz<br>Editora: \u00c1tica<br>Indica\u00e7\u00e3o Liter\u00e1ria<\/p>\n<p><!-- \/wp:paragraph --> <!-- wp:separator {\"opacity\":\"css\",\"className\":\"is-style-wide\"} --><\/p>\n<hr class=\"wp-block-separator has-css-opacity is-style-wide\">\n<p><!-- \/wp:separator --> <!-- wp:paragraph {\"fontSize\":\"medium\"} --><\/p>\n<p class=\"has-medium-font-size\"><strong>O Direito de Ler e Escrever<\/strong><br>Autora: Silvia Castrill\u00f3n<br>Editora: Pulo do Gato<br>Indica\u00e7\u00e3o Liter\u00e1ria<\/p>\n<p><!-- \/wp:paragraph --> <!-- wp:separator {\"opacity\":\"css\",\"className\":\"is-style-wide\"} --><\/p>\n<hr class=\"wp-block-separator has-css-opacity is-style-wide\">\n<p><!-- \/wp:separator --> <!-- wp:paragraph {\"fontSize\":\"medium\"} --><\/p>\n<p class=\"has-medium-font-size\"><strong>O Ingresso na Escrita e nas Culturas do Escrito: Sele\u00e7\u00e3o de textos de pesquisa<\/strong><br>Autora: Emilia Ferreiro<br>Editora: Cortez<br>Indica\u00e7\u00e3o Liter\u00e1ria<\/p>\n<p><!-- \/wp:paragraph --> <!-- wp:separator {\"opacity\":\"css\",\"className\":\"is-style-wide\"} --><\/p>\n<hr class=\"wp-block-separator has-css-opacity is-style-wide\">\n<p><!-- \/wp:separator --> <!-- wp:paragraph {\"fontSize\":\"medium\"} --><\/p>\n<p class=\"has-medium-font-size\"><strong>O Tesouro<\/strong><br>Autora: Cora Coralina<br>Editora: Global<br>Indica\u00e7\u00e3o Liter\u00e1ria<\/p>\n<p><!-- \/wp:paragraph --> <!-- wp:separator {\"opacity\":\"css\",\"className\":\"is-style-wide\"} --><\/p>\n<hr class=\"wp-block-separator has-css-opacity is-style-wide\">\n<p><!-- \/wp:separator --> <!-- wp:paragraph {\"fontSize\":\"medium\"} --><\/p>\n<p class=\"has-medium-font-size\"><strong>O Trabalho do Professor na Educa\u00e7\u00e3o Infantil<\/strong><br>Autoras: Zilma R. Oliveira e Damaris Maranh\u00e3o<br>Editora: Biruta<br>Indica\u00e7\u00e3o Liter\u00e1ria<\/p>\n<p><!-- \/wp:paragraph --> <!-- wp:separator {\"opacity\":\"css\",\"className\":\"is-style-wide\"} --><\/p>\n<hr class=\"wp-block-separator has-css-opacity is-style-wide\">\n<p><!-- \/wp:separator --> <!-- wp:paragraph {\"fontSize\":\"medium\"} --><\/p>\n<p class=\"has-medium-font-size\"><strong>Olhos d\u00b4\u00c1gua<\/strong><br>Autora: Concei\u00e7\u00e3o Evaristo<br>Editora: Pallas<br>Indica\u00e7\u00e3o Liter\u00e1ria<\/p>\n<p><!-- \/wp:paragraph --> <!-- wp:separator {\"opacity\":\"css\",\"className\":\"is-style-wide\"} --><\/p>\n<hr class=\"wp-block-separator has-css-opacity is-style-wide\">\n<p><!-- \/wp:separator --> <!-- wp:paragraph {\"fontSize\":\"medium\"} --><\/p>\n<p class=\"has-medium-font-size\"><strong>Ouvir nas Entrelinhas: O valor da escuta nas pr\u00e1ticas de leitura<\/strong><br>Autora: Cecilia Bajour<br>Editora: Pulo do Gato<br>Indica\u00e7\u00e3o Liter\u00e1ria<\/p>\n<p><!-- \/wp:paragraph --> <!-- wp:separator {\"opacity\":\"css\",\"className\":\"is-style-wide\"} --><\/p>\n<hr class=\"wp-block-separator has-css-opacity is-style-wide\">\n<p><!-- \/wp:separator --> <!-- wp:paragraph {\"fontSize\":\"medium\"} --><\/p>\n<p class=\"has-medium-font-size\"><strong>Para Educar Crian\u00e7as Feministas: Um manifesto<\/strong><br>Autora: Chimamanda Ngozi Adichie<br>Editora: Companhia das Letras<br>Indica\u00e7\u00e3o Liter\u00e1ria<\/p>\n<p><!-- \/wp:paragraph --> <!-- wp:separator {\"opacity\":\"css\",\"className\":\"is-style-wide\"} --><\/p>\n<hr class=\"wp-block-separator has-css-opacity is-style-wide\">\n<p><!-- \/wp:separator --> <!-- wp:paragraph {\"fontSize\":\"medium\"} --><\/p>\n<p class=\"has-medium-font-size\"><strong>Participa\u00e7\u00e3o dos Estudantes na Escola<\/strong><br><a href=\"https:\/\/participacao.porvir.org\/\">Clique aqui para baixar<\/a><\/p>\n<p><!-- \/wp:paragraph --> <!-- wp:separator {\"opacity\":\"css\",\"className\":\"is-style-wide\"} --><\/p>\n<hr class=\"wp-block-separator has-css-opacity is-style-wide\">\n<p><!-- \/wp:separator --> <!-- wp:paragraph {\"fontSize\":\"medium\"} --><\/p>\n<p class=\"has-medium-font-size\"><strong>Passo a Passo, Seu Caminho: Guia curricular para o ensino de habilidades b\u00e1sicas<\/strong><br>Autora: Margarida H. Windholz<br>Editora: Edicon<br>Indica\u00e7\u00e3o Liter\u00e1ria<\/p>\n<p><!-- \/wp:paragraph --> <!-- wp:separator {\"opacity\":\"css\",\"className\":\"is-style-wide\"} --><\/p>\n<hr class=\"wp-block-separator has-css-opacity is-style-wide\">\n<p><!-- \/wp:separator --> <!-- wp:paragraph {\"fontSize\":\"medium\"} --><\/p>\n<p class=\"has-medium-font-size\"><strong>Pensamento e Linguagem<\/strong><br>Autor: Lev Vygotsky<br>Editora: Martins Fontes<br>Indica\u00e7\u00e3o Liter\u00e1ria<\/p>\n<p><!-- \/wp:paragraph --> <!-- wp:separator {\"opacity\":\"css\",\"className\":\"is-style-wide\"} --><\/p>\n<hr class=\"wp-block-separator has-css-opacity is-style-wide\">\n<p><!-- \/wp:separator --> <!-- wp:paragraph {\"fontSize\":\"medium\"} --><\/p>\n<p class=\"has-medium-font-size\"><strong>Pequeno Manual Antirracista<\/strong><br>Autora: Djamila Ribeiro<br>Editora: Companhia das Letras<br>Indica\u00e7\u00e3o Liter\u00e1ria<\/p>\n<p><!-- \/wp:paragraph --> <!-- wp:separator {\"opacity\":\"css\",\"className\":\"is-style-wide\"} --><\/p>\n<hr class=\"wp-block-separator has-css-opacity is-style-wide\">\n<p><!-- \/wp:separator --> <!-- wp:paragraph {\"fontSize\":\"medium\"} --><\/p>\n<p class=\"has-medium-font-size\"><strong>Pride and Prejudice<\/strong><br>Autor: Jane Austen<br>Editora: (Em Ingl\u00eas)<br><a href=\"http:\/\/www.dominiopublico.gov.br\/pesquisa\/DetalheObraForm.do?select_action=&amp;co_obra=5272\">Clique aqui para baixar<\/a><\/p>\n<p><!-- \/wp:paragraph --> <!-- wp:separator {\"opacity\":\"css\",\"className\":\"is-style-wide\"} --><\/p>\n<hr class=\"wp-block-separator has-css-opacity is-style-wide\">\n<p><!-- \/wp:separator --> <!-- wp:paragraph {\"fontSize\":\"medium\"} --><\/p>\n<p class=\"has-medium-font-size\"><strong>Pride and Prejudice<\/strong><br>Autor: Jane Austen<br>Editora: (Em Portugu\u00eas)<br><a href=\"https:\/\/reciclaleitores.com.br\/wp-content\/uploads\/2020\/10\/ORGULHO-E-PRECONCEITO-Austen-Jane.pdf\">Clique aqui para baixar<br><\/a><\/p>\n<p><!-- \/wp:paragraph --> <!-- wp:separator {\"opacity\":\"css\",\"className\":\"is-style-wide\"} --><\/p>\n<hr class=\"wp-block-separator has-css-opacity is-style-wide\">\n<p><!-- \/wp:separator --> <!-- wp:paragraph {\"fontSize\":\"medium\"} --><\/p>\n<p class=\"has-medium-font-size\"><strong>Projetos Did\u00e1ticos em Salas de Alfabetiza\u00e7\u00e3o<\/strong><br>Autora: Elaine Vidal<br>Editora: Appris<br>Indica\u00e7\u00e3o Liter\u00e1ria<\/p>\n<p><!-- \/wp:paragraph --> <!-- wp:separator {\"opacity\":\"css\",\"className\":\"is-style-wide\"} --><\/p>\n<hr class=\"wp-block-separator has-css-opacity is-style-wide\">\n<p><!-- \/wp:separator --> <!-- wp:paragraph {\"fontSize\":\"medium\"} --><\/p>\n<p class=\"has-medium-font-size\"><strong>Psicog\u00eanese da L\u00edngua Escrita<\/strong><br>Autoras: Emilia Ferreiro e Ana Teberosky<br>Editora: Penso<br>Indica\u00e7\u00e3o Liter\u00e1ria<\/p>\n<p><!-- \/wp:paragraph --> <!-- wp:separator {\"opacity\":\"css\",\"className\":\"is-style-wide\"} --><\/p>\n<hr class=\"wp-block-separator has-css-opacity is-style-wide\">\n<p><!-- \/wp:separator --> <!-- wp:paragraph {\"fontSize\":\"medium\"} --><\/p>\n<p class=\"has-medium-font-size\"><strong>Quarto de Despejo: Di\u00e1rio de uma favelada<\/strong><br>Autora: Carolina Maria de Jesus<br>Editora: Francisco Alves<br>Indica\u00e7\u00e3o Liter\u00e1ria<\/p>\n<p><!-- \/wp:paragraph --> <!-- wp:separator {\"opacity\":\"css\",\"className\":\"is-style-wide\"} --><\/p>\n<hr class=\"wp-block-separator has-css-opacity is-style-wide\">\n<p><!-- \/wp:separator --> <!-- wp:paragraph {\"fontSize\":\"medium\"} --><\/p>\n<p class=\"has-medium-font-size\"><strong>Reflex\u00f5es Sobre Alfabetiza\u00e7\u00e3o<\/strong><br>Autora: Emilia Ferreiro<br>Editora: Cortez<br>Indica\u00e7\u00e3o Liter\u00e1ria<\/p>\n<p><!-- \/wp:paragraph --> <!-- wp:separator {\"opacity\":\"css\",\"className\":\"is-style-wide\"} --><\/p>\n<hr class=\"wp-block-separator has-css-opacity is-style-wide\">\n<p><!-- \/wp:separator --> <!-- wp:paragraph {\"fontSize\":\"medium\"} --><\/p>\n<p class=\"has-medium-font-size\"><strong>Reflex\u00f5es Sobre o Ensino da Leitura e da Escrita<\/strong><br>Autoras: Ana Teberosky e Beatriz Cardoso<br>Editora: Unicamp (Trajet\u00f3ria Cultural)<br>Indica\u00e7\u00e3o Liter\u00e1ria<\/p>\n<p><!-- \/wp:paragraph --> <!-- wp:separator {\"opacity\":\"css\",\"className\":\"is-style-wide\"} --><\/p>\n<hr class=\"wp-block-separator has-css-opacity is-style-wide\">\n<p><!-- \/wp:separator --> <!-- wp:paragraph {\"fontSize\":\"medium\"} --><\/p>\n<p class=\"has-medium-font-size\"><strong>Saberes da Floresta<\/strong><br>Autora: Marcia W. Kambeba<br>Editora: Jandaira<br>Indica\u00e7\u00e3o Liter\u00e1ria<\/p>\n<p><!-- \/wp:paragraph --> <!-- wp:separator {\"opacity\":\"css\",\"className\":\"is-style-wide\"} --><\/p>\n<hr class=\"wp-block-separator has-css-opacity is-style-wide\">\n<p><!-- \/wp:separator --> <!-- wp:paragraph {\"fontSize\":\"medium\"} --><\/p>\n<p class=\"has-medium-font-size\"><strong>Sejamos Todos Feministas<\/strong><br>Autora: Chimamanda Ngozi Adichie<br>Editora: Companhia das Letras<br>Indica\u00e7\u00e3o Liter\u00e1ria<\/p>\n<p><!-- \/wp:paragraph --> <!-- wp:separator {\"opacity\":\"css\",\"className\":\"is-style-wide\"} --><\/p>\n<hr class=\"wp-block-separator has-css-opacity is-style-wide\">\n<p><!-- \/wp:separator --> <!-- wp:paragraph {\"fontSize\":\"medium\"} --><\/p>\n<p class=\"has-medium-font-size\"><strong>Simone de Beauvoir: Uma vida<\/strong><br>Autora: Kate Kirkpatrick<br>Editora: Cr\u00edtica<br><a href=\"https:\/\/lelivros.love\/book\/baixar-livro-simone-de-beauvoir-uma-vida-kate-kirkpatrick-em-pdf-epub-mobi-ou-ler-online\/\">Clique aqui para baixar<\/a><\/p>\n<p><!-- \/wp:paragraph --> <!-- wp:separator {\"opacity\":\"css\",\"className\":\"is-style-wide\"} --><\/p>\n<hr class=\"wp-block-separator has-css-opacity is-style-wide\">\n<p><!-- \/wp:separator --> <!-- wp:paragraph {\"fontSize\":\"medium\"} --><\/p>\n<p class=\"has-medium-font-size\"><strong>Superando o Racismo na Escola<\/strong><br>Autora: Kabengele Munanga<br>Editora: Revista<br>Dom\u00ednio P\u00fablico<\/p>\n<p><!-- \/wp:paragraph --> <!-- wp:separator {\"opacity\":\"css\",\"className\":\"is-style-wide\"} --><\/p>\n<hr class=\"wp-block-separator has-css-opacity is-style-wide\">\n<p><!-- \/wp:separator --> <!-- wp:paragraph {\"fontSize\":\"medium\"} --><\/p>\n<p class=\"has-medium-font-size\"><strong>Tema Gerador: Concep\u00e7\u00f5es e pr\u00e1ticas<\/strong><br>Autora: Sandra Mara Corazza<br>Editora: Uniju\u00ed<br>Indica\u00e7\u00e3o Liter\u00e1ria<\/p>\n<p><!-- \/wp:paragraph --> <!-- wp:separator {\"opacity\":\"css\",\"className\":\"is-style-wide\"} --><\/p>\n<hr class=\"wp-block-separator has-css-opacity is-style-wide\">\n<p><!-- \/wp:separator --> <!-- wp:paragraph {\"fontSize\":\"medium\"} --><\/p>\n<p class=\"has-medium-font-size\"><strong>Textos e Pretextos Sobre a Arte de Contar hist\u00f3rias<\/strong><br>Autor: Celso Sisto<br>Editora: Aletria<br>Indica\u00e7\u00e3o Liter\u00e1ria<\/p>\n<p><!-- \/wp:paragraph --> <!-- wp:separator {\"opacity\":\"css\",\"className\":\"is-style-wide\"} --><\/p>\n<hr class=\"wp-block-separator has-css-opacity is-style-wide\">\n<p><!-- \/wp:separator --> <!-- wp:paragraph {\"fontSize\":\"medium\"} --><\/p>\n<p class=\"has-medium-font-size\"><strong>Transtorno do Espectro Autista: Uma brev\u00edssima introdu\u00e7\u00e3o<\/strong><br>Autor: Lucelmo Lacerda<br>Editora: CRV<br>Indica\u00e7\u00e3o Liter\u00e1ria<\/p>\n<p><!-- \/wp:paragraph --> <!-- wp:separator {\"opacity\":\"css\",\"className\":\"is-style-wide\"} --><\/p>\n<hr class=\"wp-block-separator has-css-opacity is-style-wide\">\n<p><!-- \/wp:separator --> <!-- wp:paragraph {\"fontSize\":\"medium\"} --><\/p>\n<p class=\"has-medium-font-size\"><strong>Tr\u00eas Acordes<\/strong><br>Autor: C\u00e9sar Magalh\u00e3es Borges<br>Edi\u00e7\u00e3o do Autor<br>Indica\u00e7\u00e3o Liter\u00e1ria<\/p>\n<p><!-- \/wp:paragraph --> <!-- wp:separator {\"opacity\":\"css\",\"className\":\"is-style-wide\"} --><\/p>\n<hr class=\"wp-block-separator has-css-opacity is-style-wide\">\n<p><!-- \/wp:separator --> <!-- wp:paragraph {\"fontSize\":\"medium\"} --><\/p>\n<p class=\"has-medium-font-size\"><strong>Triste fim de Policarpo Quaresma<\/strong><br>Autor: Lima Barreto<br>Editora: La Fonte<br>Indica\u00e7\u00e3o Liter\u00e1ria<\/p>\n<p><!-- \/wp:paragraph --> <!-- wp:separator {\"opacity\":\"css\",\"className\":\"is-style-wide\"} --><\/p>\n<hr class=\"wp-block-separator has-css-opacity is-style-wide\">\n<p><!-- \/wp:separator --> <!-- wp:paragraph {\"fontSize\":\"medium\"} --><\/p>\n<p class=\"has-medium-font-size\"><strong>Tuesdays with Morrie: An old man, a young man, and life\u2019s greatest lesson<\/strong><br>Autor: Mitch Abom<br>Editora: (Em Ingl\u00eas)<br><a href=\"http:\/\/pustaka.unp.ac.id\/file\/abstrak_kki\/EBOOKS\/tuesdays%20with%20morrie.pdf\">Clique aqui para baixar<br><\/a><\/p>\n<p><!-- \/wp:paragraph --> <!-- wp:separator {\"opacity\":\"css\",\"className\":\"is-style-wide\"} --><\/p>\n<hr class=\"wp-block-separator has-css-opacity is-style-wide\">\n<p><!-- \/wp:separator --> <!-- wp:paragraph {\"fontSize\":\"medium\"} --><\/p>\n<p class=\"has-medium-font-size\"><strong>Tuesdays with Morrie: An old man, a young man, and life\u2019s greatest lesson<\/strong><br>Autor: Mitch Abom<br>Editora: (Em Portugu\u00eas)<br><a href=\"https:\/\/www.jaimemoniz.com\/images\/docs\/recursos\/MitchAlbom.pdf\">Clique aqui para baixar<\/a><\/p>\n<p><!-- \/wp:separator --> <!-- wp:paragraph {\"fontSize\":\"medium\"} --><\/p>\n<p class=\"has-medium-font-size\"><strong>Vamos Cuidar do Brasil &#8211; Conceitos e pr\u00e1ticas em educa\u00e7\u00e3o ambiental na escola<\/strong><br>Autor: MEC<br>Editora: MEC<br><a href=\"http:\/\/www.dominiopublico.gov.br\/pesquisa\/DetalheObraForm.do?select_action=&amp;co_obra=12453\">Clique aqui para baixar<\/a><\/p>\n<p><!-- \/wp:paragraph --> <!-- wp:separator {\"opacity\":\"css\",\"className\":\"is-style-wide\"} --><\/p>\n<hr class=\"wp-block-separator has-css-opacity is-style-wide\">\n<p><!-- \/wp:separator --> <!-- wp:paragraph {\"fontSize\":\"medium\"} --><\/p>\n<p class=\"has-medium-font-size\"><strong>V\u00e1rias Obras<\/strong><br>Autor: Machado de Assis<br>Editora: (n\u00e3o informada)<br><a href=\"http:\/\/www.dominiopublico.gov.br\/pesquisa\/PesquisaObraForm.jsp\">Clique aqui para baixar<\/a><\/p>\n<p><!-- \/wp:paragraph --> <!-- wp:separator {\"opacity\":\"css\",\"className\":\"is-style-wide\"} --><\/p>\n<hr class=\"wp-block-separator has-css-opacity is-style-wide\">\n<p><!-- \/wp:separator --> <!-- wp:paragraph {\"fontSize\":\"medium\"} --><\/p>\n<p class=\"has-medium-font-size\"><strong>Verso Em Voz (Antologia Sonora)<\/strong><br>Autor: C\u00e9sar Magalh\u00e3es Borges<br>Editora: Edicon<br>Indica\u00e7\u00e3o Liter\u00e1ria<\/p>\n<p><!-- \/wp:paragraph --> <!-- wp:separator {\"opacity\":\"css\",\"className\":\"is-style-wide\"} --><\/p>\n<hr class=\"wp-block-separator has-css-opacity is-style-wide\">\n<p><!-- \/wp:separator --> <!-- wp:paragraph {\"fontSize\":\"medium\"} --><\/p>\n<p class=\"has-medium-font-size\"><strong>Vida a Granel (hist\u00f3rias de supermercado)<\/strong><br>Autor: C\u00e9sar Magalh\u00e3es Borges<br>Editora: Reformat\u00f3rio<br>Indica\u00e7\u00e3o Liter\u00e1ria<\/p>\n<p><!-- \/wp:paragraph --> <!-- wp:separator {\"opacity\":\"css\",\"className\":\"is-style-wide\"} --><\/p>\n<hr class=\"wp-block-separator has-css-opacity is-style-wide\">\n<p><!-- \/wp:separator --> <!-- wp:paragraph {\"fontSize\":\"medium\"} --><\/p>\n<p class=\"has-medium-font-size\"><strong>Vint\u00e9m de Cobre<\/strong><br>Autora: Cora Coralina<br>Editora: Global<br>Indica\u00e7\u00e3o Liter\u00e1ria<\/p>\n<p><!-- \/wp:paragraph --> <!-- wp:separator {\"opacity\":\"css\",\"className\":\"is-style-wide\"} --><\/p>\n<hr class=\"wp-block-separator has-css-opacity is-style-wide\">\n<p><!-- \/wp:separator --> <!-- wp:paragraph {\"fontSize\":\"medium\"} --><\/p>\n<p class=\"has-medium-font-size\"><strong>Volta ao Mundo em 13 Escolas<\/strong><br>Autor: Andr\u00e9 Gravat\u00e1<br>Editora: Funda\u00e7\u00e3o Telef\u00f4nica<br>Indica\u00e7\u00e3o Liter\u00e1ria<\/p>\n<p><!-- \/wp:paragraph --> <!-- wp:separator {\"opacity\":\"css\",\"className\":\"is-style-wide\"} --><\/p>\n<hr class=\"wp-block-separator has-css-opacity is-style-wide\">\n<p><!-- \/wp:separator --> <!-- wp:paragraph {\"fontSize\":\"medium\"} --><\/p>\n<p class=\"has-medium-font-size\"><strong>Vozes Ancestrais: Dez contos ind\u00edgenas<\/strong><br>Autor: Daniel Munduruku<br>Editora: FTD Indica\u00e7\u00e3o Liter\u00e1ria<\/p>\n<p><!-- \/wp:paragraph --> <!-- wp:separator {\"className\":\"is-style-wide\"} --><\/p>\n<hr class=\"wp-block-separator has-alpha-channel-opacity is-style-wide\">\n<p><!-- \/wp:separator --> <!-- wp:paragraph {\"fontSize\":\"medium\"} --><\/p>\n<p class=\"has-medium-font-size\"><strong>15 Sites Para Baixar Livros Gratuitamente<\/strong><br><a href=\"https:\/\/catracalivre.com.br\/educacao\/15-sites-para-baixar-livros-gratuitamente\/\">Clique aqui para baixar<\/a><\/p>\n<p><!-- \/wp:paragraph --><\/p>\t\t\t\t\t\t<\/div>\n\t\t\t\t<\/div>\n\t\t\t\t\t<\/div>\n\t\t<\/div>\n\t\t\t\t\t\t\t<\/div>\n\t\t<\/section>\n\t\t\t\t\t\t\t<\/div>\n\t\t","protected":false},"excerpt":{"rendered":"<p>Sugest\u00f5es Liter\u00e1rias 1984Autor: George OrwellEditora: Companhia das LetrasIndica\u00e7\u00e3o Liter\u00e1ria A \u00c9tica \u00e9 Poss\u00edvel Num Mundo de Consumidores?Autor: Zygmunt BaumanEditora: ZaharClique aqui para baixar A Flor do Lado de L\u00e1Autor: Roger &hellip;<\/p>\n<p class=\"read-more\"> <a class=\"\" href=\"https:\/\/portaleducacao.guarulhos.sp.gov.br\/wp_site\/abrilliterario\/sugestaoliteraria\/\"> <span class=\"screen-reader-text\">Sugest\u00e3o Liter\u00e1ria &#8211; Abril Liter\u00e1rio 2024<\/span> Leia mais &raquo;<\/a><\/p>\n","protected":false},"author":1,"featured_media":0,"parent":0,"menu_order":0,"comment_status":"closed","ping_status":"closed","template":"","meta":{"_monsterinsights_skip_tracking":false,"_monsterinsights_sitenote_active":false,"_monsterinsights_sitenote_note":"","_monsterinsights_sitenote_category":0,"site-sidebar-layout":"no-sidebar","site-content-layout":"page-builder","ast-global-header-display":"","ast-main-header-display":"","ast-hfb-above-header-display":"","ast-hfb-below-header-display":"","ast-hfb-mobile-header-display":"","site-post-title":"disabled","ast-breadcrumbs-content":"","ast-featured-img":"disabled","footer-sml-layout":"","theme-transparent-header-meta":"","adv-header-id-meta":"","stick-header-meta":"","header-above-stick-meta":"","header-main-stick-meta":"","header-below-stick-meta":"","_expiration-date-status":"","_expiration-date":0,"_expiration-date-type":"","_expiration-date-categories":[],"_expiration-date-options":[]},"categories":[36,35],"tags":[],"yoast_head":"<!-- This site is optimized with the Yoast SEO plugin v19.7.1 - https:\/\/yoast.com\/wordpress\/plugins\/seo\/ -->\r\n<title>Sugest\u00e3o Liter\u00e1ria - Abril Liter\u00e1rio 2024 - Abril Liter\u00e1rio<\/title>\r\n<meta name=\"robots\" content=\"index, follow, max-snippet:-1, max-image-preview:large, max-video-preview:-1\" \/>\r\n<link rel=\"canonical\" href=\"https:\/\/portaleducacao.guarulhos.sp.gov.br\/wp_site\/abrilliterario\/sugestaoliteraria\/\" \/>\r\n<meta property=\"og:locale\" content=\"pt_BR\" \/>\r\n<meta property=\"og:type\" content=\"article\" \/>\r\n<meta property=\"og:title\" content=\"Sugest\u00e3o Liter\u00e1ria - Abril Liter\u00e1rio 2024 - Abril Liter\u00e1rio\" \/>\r\n<meta property=\"og:description\" content=\"Sugest\u00f5es Liter\u00e1rias 1984Autor: George OrwellEditora: Companhia das LetrasIndica\u00e7\u00e3o Liter\u00e1ria A \u00c9tica \u00e9 Poss\u00edvel Num Mundo de Consumidores?Autor: Zygmunt BaumanEditora: ZaharClique aqui para baixar A Flor do Lado de L\u00e1Autor: Roger &hellip; Sugest\u00e3o Liter\u00e1ria &#8211; Abril Liter\u00e1rio 2024 Leia mais &raquo;\" \/>\r\n<meta property=\"og:url\" content=\"https:\/\/portaleducacao.guarulhos.sp.gov.br\/wp_site\/abrilliterario\/sugestaoliteraria\/\" \/>\r\n<meta property=\"og:site_name\" content=\"Abril Liter\u00e1rio\" \/>\r\n<meta property=\"article:modified_time\" content=\"2024-04-03T17:58:16+00:00\" \/>\r\n<meta name=\"twitter:card\" content=\"summary_large_image\" \/>\r\n<meta name=\"twitter:label1\" content=\"Est. tempo de leitura\" \/>\n\t<meta name=\"twitter:data1\" content=\"9 minutos\" \/>\r\n<script type=\"application\/ld+json\" class=\"yoast-schema-graph\">{\"@context\":\"https:\/\/schema.org\",\"@graph\":[{\"@type\":\"WebPage\",\"@id\":\"https:\/\/portaleducacao.guarulhos.sp.gov.br\/wp_site\/abrilliterario\/sugestaoliteraria\/\",\"url\":\"https:\/\/portaleducacao.guarulhos.sp.gov.br\/wp_site\/abrilliterario\/sugestaoliteraria\/\",\"name\":\"Sugest\u00e3o Liter\u00e1ria - Abril Liter\u00e1rio 2024 - Abril Liter\u00e1rio\",\"isPartOf\":{\"@id\":\"https:\/\/portaleducacao.guarulhos.sp.gov.br\/wp_site\/abrilliterario\/#website\"},\"datePublished\":\"2024-04-03T14:25:53+00:00\",\"dateModified\":\"2024-04-03T17:58:16+00:00\",\"breadcrumb\":{\"@id\":\"https:\/\/portaleducacao.guarulhos.sp.gov.br\/wp_site\/abrilliterario\/sugestaoliteraria\/#breadcrumb\"},\"inLanguage\":\"pt-BR\",\"potentialAction\":[{\"@type\":\"ReadAction\",\"target\":[\"https:\/\/portaleducacao.guarulhos.sp.gov.br\/wp_site\/abrilliterario\/sugestaoliteraria\/\"]}]},{\"@type\":\"BreadcrumbList\",\"@id\":\"https:\/\/portaleducacao.guarulhos.sp.gov.br\/wp_site\/abrilliterario\/sugestaoliteraria\/#breadcrumb\",\"itemListElement\":[{\"@type\":\"ListItem\",\"position\":1,\"name\":\"In\u00edcio\",\"item\":\"https:\/\/portaleducacao.guarulhos.sp.gov.br\/wp_site\/abrilliterario\/\"},{\"@type\":\"ListItem\",\"position\":2,\"name\":\"Sugest\u00e3o Liter\u00e1ria &#8211; Abril Liter\u00e1rio 2024\"}]},{\"@type\":\"WebSite\",\"@id\":\"https:\/\/portaleducacao.guarulhos.sp.gov.br\/wp_site\/abrilliterario\/#website\",\"url\":\"https:\/\/portaleducacao.guarulhos.sp.gov.br\/wp_site\/abrilliterario\/\",\"name\":\"Abril Liter\u00e1rio\",\"description\":\"Literalmente isso...\",\"potentialAction\":[{\"@type\":\"SearchAction\",\"target\":{\"@type\":\"EntryPoint\",\"urlTemplate\":\"https:\/\/portaleducacao.guarulhos.sp.gov.br\/wp_site\/abrilliterario\/?s={search_term_string}\"},\"query-input\":\"required name=search_term_string\"}],\"inLanguage\":\"pt-BR\"}]}<\/script>\r\n<!-- \/ Yoast SEO plugin. -->","yoast_head_json":{"title":"Sugest\u00e3o Liter\u00e1ria - Abril Liter\u00e1rio 2024 - Abril Liter\u00e1rio","robots":{"index":"index","follow":"follow","max-snippet":"max-snippet:-1","max-image-preview":"max-image-preview:large","max-video-preview":"max-video-preview:-1"},"canonical":"https:\/\/portaleducacao.guarulhos.sp.gov.br\/wp_site\/abrilliterario\/sugestaoliteraria\/","og_locale":"pt_BR","og_type":"article","og_title":"Sugest\u00e3o Liter\u00e1ria - Abril Liter\u00e1rio 2024 - Abril Liter\u00e1rio","og_description":"Sugest\u00f5es Liter\u00e1rias 1984Autor: George OrwellEditora: Companhia das LetrasIndica\u00e7\u00e3o Liter\u00e1ria A \u00c9tica \u00e9 Poss\u00edvel Num Mundo de Consumidores?Autor: Zygmunt BaumanEditora: ZaharClique aqui para baixar A Flor do Lado de L\u00e1Autor: Roger &hellip; Sugest\u00e3o Liter\u00e1ria &#8211; Abril Liter\u00e1rio 2024 Leia mais &raquo;","og_url":"https:\/\/portaleducacao.guarulhos.sp.gov.br\/wp_site\/abrilliterario\/sugestaoliteraria\/","og_site_name":"Abril Liter\u00e1rio","article_modified_time":"2024-04-03T17:58:16+00:00","twitter_card":"summary_large_image","twitter_misc":{"Est. tempo de leitura":"9 minutos"},"schema":{"@context":"https:\/\/schema.org","@graph":[{"@type":"WebPage","@id":"https:\/\/portaleducacao.guarulhos.sp.gov.br\/wp_site\/abrilliterario\/sugestaoliteraria\/","url":"https:\/\/portaleducacao.guarulhos.sp.gov.br\/wp_site\/abrilliterario\/sugestaoliteraria\/","name":"Sugest\u00e3o Liter\u00e1ria - Abril Liter\u00e1rio 2024 - Abril Liter\u00e1rio","isPartOf":{"@id":"https:\/\/portaleducacao.guarulhos.sp.gov.br\/wp_site\/abrilliterario\/#website"},"datePublished":"2024-04-03T14:25:53+00:00","dateModified":"2024-04-03T17:58:16+00:00","breadcrumb":{"@id":"https:\/\/portaleducacao.guarulhos.sp.gov.br\/wp_site\/abrilliterario\/sugestaoliteraria\/#breadcrumb"},"inLanguage":"pt-BR","potentialAction":[{"@type":"ReadAction","target":["https:\/\/portaleducacao.guarulhos.sp.gov.br\/wp_site\/abrilliterario\/sugestaoliteraria\/"]}]},{"@type":"BreadcrumbList","@id":"https:\/\/portaleducacao.guarulhos.sp.gov.br\/wp_site\/abrilliterario\/sugestaoliteraria\/#breadcrumb","itemListElement":[{"@type":"ListItem","position":1,"name":"In\u00edcio","item":"https:\/\/portaleducacao.guarulhos.sp.gov.br\/wp_site\/abrilliterario\/"},{"@type":"ListItem","position":2,"name":"Sugest\u00e3o Liter\u00e1ria &#8211; Abril Liter\u00e1rio 2024"}]},{"@type":"WebSite","@id":"https:\/\/portaleducacao.guarulhos.sp.gov.br\/wp_site\/abrilliterario\/#website","url":"https:\/\/portaleducacao.guarulhos.sp.gov.br\/wp_site\/abrilliterario\/","name":"Abril Liter\u00e1rio","description":"Literalmente isso...","potentialAction":[{"@type":"SearchAction","target":{"@type":"EntryPoint","urlTemplate":"https:\/\/portaleducacao.guarulhos.sp.gov.br\/wp_site\/abrilliterario\/?s={search_term_string}"},"query-input":"required name=search_term_string"}],"inLanguage":"pt-BR"}]}},"_links":{"self":[{"href":"https:\/\/portaleducacao.guarulhos.sp.gov.br\/wp_site\/abrilliterario\/wp-json\/wp\/v2\/pages\/1248"}],"collection":[{"href":"https:\/\/portaleducacao.guarulhos.sp.gov.br\/wp_site\/abrilliterario\/wp-json\/wp\/v2\/pages"}],"about":[{"href":"https:\/\/portaleducacao.guarulhos.sp.gov.br\/wp_site\/abrilliterario\/wp-json\/wp\/v2\/types\/page"}],"author":[{"embeddable":true,"href":"https:\/\/portaleducacao.guarulhos.sp.gov.br\/wp_site\/abrilliterario\/wp-json\/wp\/v2\/users\/1"}],"replies":[{"embeddable":true,"href":"https:\/\/portaleducacao.guarulhos.sp.gov.br\/wp_site\/abrilliterario\/wp-json\/wp\/v2\/comments?post=1248"}],"version-history":[{"count":16,"href":"https:\/\/portaleducacao.guarulhos.sp.gov.br\/wp_site\/abrilliterario\/wp-json\/wp\/v2\/pages\/1248\/revisions"}],"predecessor-version":[{"id":2399,"href":"https:\/\/portaleducacao.guarulhos.sp.gov.br\/wp_site\/abrilliterario\/wp-json\/wp\/v2\/pages\/1248\/revisions\/2399"}],"wp:attachment":[{"href":"https:\/\/portaleducacao.guarulhos.sp.gov.br\/wp_site\/abrilliterario\/wp-json\/wp\/v2\/media?parent=1248"}],"wp:term":[{"taxonomy":"category","embeddable":true,"href":"https:\/\/portaleducacao.guarulhos.sp.gov.br\/wp_site\/abrilliterario\/wp-json\/wp\/v2\/categories?post=1248"},{"taxonomy":"post_tag","embeddable":true,"href":"https:\/\/portaleducacao.guarulhos.sp.gov.br\/wp_site\/abrilliterario\/wp-json\/wp\/v2\/tags?post=1248"}],"curies":[{"name":"wp","href":"https:\/\/api.w.org\/{rel}","templated":true}]}}