{"id":1487,"date":"2024-04-09T11:49:25","date_gmt":"2024-04-09T14:49:25","guid":{"rendered":"https:\/\/portaleducacao.guarulhos.sp.gov.br\/wp_site\/abrilliterario\/?page_id=1487"},"modified":"2024-04-10T10:32:20","modified_gmt":"2024-04-10T13:32:20","slug":"noticias-abril-literario","status":"publish","type":"page","link":"https:\/\/portaleducacao.guarulhos.sp.gov.br\/wp_site\/abrilliterario\/noticias-abril-literario\/","title":{"rendered":"Noticias Abril liter\u00e1rio"},"content":{"rendered":"\t\t<div data-elementor-type=\"wp-page\" data-elementor-id=\"1487\" class=\"elementor elementor-1487\">\n\t\t\t\t\t\t\t\t\t<section class=\"elementor-section elementor-top-section elementor-element elementor-element-ddcbee5 elementor-section-boxed elementor-section-height-default elementor-section-height-default\" data-id=\"ddcbee5\" data-element_type=\"section\">\n\t\t\t\t\t\t<div class=\"elementor-container elementor-column-gap-default\">\n\t\t\t\t\t<div class=\"elementor-column elementor-col-100 elementor-top-column elementor-element elementor-element-8eef2de\" data-id=\"8eef2de\" data-element_type=\"column\">\n\t\t\t<div class=\"elementor-widget-wrap elementor-element-populated\">\n\t\t\t\t\t\t\t\t<div class=\"elementor-element elementor-element-a1a89f9 elementor-widget elementor-widget-heading\" data-id=\"a1a89f9\" data-element_type=\"widget\" data-widget_type=\"heading.default\">\n\t\t\t\t<div class=\"elementor-widget-container\">\n\t\t\t<style>\/*! elementor - v3.12.1 - 02-04-2023 *\/\n.elementor-heading-title{padding:0;margin:0;line-height:1}.elementor-widget-heading .elementor-heading-title[class*=elementor-size-]>a{color:inherit;font-size:inherit;line-height:inherit}.elementor-widget-heading .elementor-heading-title.elementor-size-small{font-size:15px}.elementor-widget-heading .elementor-heading-title.elementor-size-medium{font-size:19px}.elementor-widget-heading .elementor-heading-title.elementor-size-large{font-size:29px}.elementor-widget-heading .elementor-heading-title.elementor-size-xl{font-size:39px}.elementor-widget-heading .elementor-heading-title.elementor-size-xxl{font-size:59px}<\/style><h2 class=\"elementor-heading-title elementor-size-default\">Not\u00edcias do Abril Liter\u00e1rio 2024<\/h2>\t\t<\/div>\n\t\t\t\t<\/div>\n\t\t\t\t\t<\/div>\n\t\t<\/div>\n\t\t\t\t\t\t\t<\/div>\n\t\t<\/section>\n\t\t\t\t<section class=\"elementor-section elementor-top-section elementor-element elementor-element-4f9830c elementor-section-boxed elementor-section-height-default elementor-section-height-default\" data-id=\"4f9830c\" data-element_type=\"section\">\n\t\t\t\t\t\t<div class=\"elementor-container elementor-column-gap-default\">\n\t\t\t\t\t<div class=\"elementor-column elementor-col-100 elementor-top-column elementor-element elementor-element-4154b95\" data-id=\"4154b95\" data-element_type=\"column\">\n\t\t\t<div class=\"elementor-widget-wrap elementor-element-populated\">\n\t\t\t\t\t\t\t\t<div class=\"elementor-element elementor-element-44b8d31 elementor-grid-3 elementor-grid-tablet-2 elementor-grid-mobile-1 elementor-posts--thumbnail-top elementor-card-shadow-yes elementor-posts__hover-gradient elementor-widget elementor-widget-posts\" data-id=\"44b8d31\" data-element_type=\"widget\" data-settings=\"{&quot;cards_row_gap&quot;:{&quot;unit&quot;:&quot;px&quot;,&quot;size&quot;:30,&quot;sizes&quot;:[]},&quot;cards_columns&quot;:&quot;3&quot;,&quot;cards_columns_tablet&quot;:&quot;2&quot;,&quot;cards_columns_mobile&quot;:&quot;1&quot;,&quot;cards_row_gap_tablet&quot;:{&quot;unit&quot;:&quot;px&quot;,&quot;size&quot;:&quot;&quot;,&quot;sizes&quot;:[]},&quot;cards_row_gap_mobile&quot;:{&quot;unit&quot;:&quot;px&quot;,&quot;size&quot;:&quot;&quot;,&quot;sizes&quot;:[]}}\" data-widget_type=\"posts.cards\">\n\t\t\t\t<div class=\"elementor-widget-container\">\n\t\t\t<link rel=\"stylesheet\" href=\"https:\/\/portaleducacao.guarulhos.sp.gov.br\/wp_site\/abrilliterario\/wp-content\/plugins\/elementor-pro\/assets\/css\/widget-posts.min.css\">\t\t<div class=\"elementor-posts-container elementor-posts elementor-posts--skin-cards elementor-grid\">\n\t\t\t\t<article class=\"elementor-post elementor-grid-item post-2352 post type-post status-publish format-standard has-post-thumbnail hentry category-2024-post category-2024-abril-literario\">\n\t\t\t<div class=\"elementor-post__card\">\n\t\t\t\t<a class=\"elementor-post__thumbnail__link\" href=\"https:\/\/portaleducacao.guarulhos.sp.gov.br\/wp_site\/abrilliterario\/2024\/05\/22\/alunos-da-epg-perseu-abramo-reescrevem-o-classico-chapeuzinho-vermelho\/\" ><div class=\"elementor-post__thumbnail\"><img width=\"300\" height=\"169\" src=\"https:\/\/portaleducacao.guarulhos.sp.gov.br\/wp_site\/abrilliterario\/wp-content\/uploads\/sites\/24\/2024\/05\/WhatsApp-Image-2024-05-21-at-14.22.34-300x169.jpeg\" class=\"attachment-medium size-medium wp-image-2356\" alt=\"\" loading=\"lazy\" srcset=\"https:\/\/portaleducacao.guarulhos.sp.gov.br\/wp_site\/abrilliterario\/wp-content\/uploads\/sites\/24\/2024\/05\/WhatsApp-Image-2024-05-21-at-14.22.34-300x169.jpeg 300w, https:\/\/portaleducacao.guarulhos.sp.gov.br\/wp_site\/abrilliterario\/wp-content\/uploads\/sites\/24\/2024\/05\/WhatsApp-Image-2024-05-21-at-14.22.34-1024x576.jpeg 1024w, https:\/\/portaleducacao.guarulhos.sp.gov.br\/wp_site\/abrilliterario\/wp-content\/uploads\/sites\/24\/2024\/05\/WhatsApp-Image-2024-05-21-at-14.22.34-768x432.jpeg 768w, https:\/\/portaleducacao.guarulhos.sp.gov.br\/wp_site\/abrilliterario\/wp-content\/uploads\/sites\/24\/2024\/05\/WhatsApp-Image-2024-05-21-at-14.22.34-1536x864.jpeg 1536w, https:\/\/portaleducacao.guarulhos.sp.gov.br\/wp_site\/abrilliterario\/wp-content\/uploads\/sites\/24\/2024\/05\/WhatsApp-Image-2024-05-21-at-14.22.34.jpeg 1599w\" sizes=\"(max-width: 300px) 100vw, 300px\" \/><\/div><\/a>\n\t\t\t\t<div class=\"elementor-post__text\">\n\t\t\t\t<h3 class=\"elementor-post__title\">\n\t\t\t<a href=\"https:\/\/portaleducacao.guarulhos.sp.gov.br\/wp_site\/abrilliterario\/2024\/05\/22\/alunos-da-epg-perseu-abramo-reescrevem-o-classico-chapeuzinho-vermelho\/\" >\n\t\t\t\tAlunos da EPG Perseu Abramo reescrevem o cl\u00e1ssico Chapeuzinho Vermelho\t\t\t<\/a>\n\t\t<\/h3>\n\t\t\n\t\t<a class=\"elementor-post__read-more\" href=\"https:\/\/portaleducacao.guarulhos.sp.gov.br\/wp_site\/abrilliterario\/2024\/05\/22\/alunos-da-epg-perseu-abramo-reescrevem-o-classico-chapeuzinho-vermelho\/\" aria-label=\"Read more about Alunos da EPG Perseu Abramo reescrevem o cl\u00e1ssico Chapeuzinho Vermelho\" >\n\t\t\tSaiba Mais  &gt;&gt;\t\t<\/a>\n\n\t\t\t\t<\/div>\n\t\t\t\t\t<\/div>\n\t\t<\/article>\n\t\t\t\t<article class=\"elementor-post elementor-grid-item post-2261 post type-post status-publish format-standard has-post-thumbnail hentry category-2024-post category-2024-abril-literario\">\n\t\t\t<div class=\"elementor-post__card\">\n\t\t\t\t<a class=\"elementor-post__thumbnail__link\" href=\"https:\/\/portaleducacao.guarulhos.sp.gov.br\/wp_site\/abrilliterario\/2024\/05\/10\/atividade-do-aee-na-epg-visconde-de-sabugosa-leva-alunos-a-refletirem-sobre-o-autismo\/\" ><div class=\"elementor-post__thumbnail\"><img width=\"300\" height=\"169\" src=\"https:\/\/portaleducacao.guarulhos.sp.gov.br\/wp_site\/abrilliterario\/wp-content\/uploads\/sites\/24\/2024\/05\/WhatsApp-Image-2024-05-10-at-12.22.08-2-300x169.jpeg\" class=\"attachment-medium size-medium wp-image-2268\" alt=\"\" loading=\"lazy\" srcset=\"https:\/\/portaleducacao.guarulhos.sp.gov.br\/wp_site\/abrilliterario\/wp-content\/uploads\/sites\/24\/2024\/05\/WhatsApp-Image-2024-05-10-at-12.22.08-2-300x169.jpeg 300w, https:\/\/portaleducacao.guarulhos.sp.gov.br\/wp_site\/abrilliterario\/wp-content\/uploads\/sites\/24\/2024\/05\/WhatsApp-Image-2024-05-10-at-12.22.08-2-1024x576.jpeg 1024w, https:\/\/portaleducacao.guarulhos.sp.gov.br\/wp_site\/abrilliterario\/wp-content\/uploads\/sites\/24\/2024\/05\/WhatsApp-Image-2024-05-10-at-12.22.08-2-768x432.jpeg 768w, https:\/\/portaleducacao.guarulhos.sp.gov.br\/wp_site\/abrilliterario\/wp-content\/uploads\/sites\/24\/2024\/05\/WhatsApp-Image-2024-05-10-at-12.22.08-2-1536x864.jpeg 1536w, https:\/\/portaleducacao.guarulhos.sp.gov.br\/wp_site\/abrilliterario\/wp-content\/uploads\/sites\/24\/2024\/05\/WhatsApp-Image-2024-05-10-at-12.22.08-2.jpeg 1600w\" sizes=\"(max-width: 300px) 100vw, 300px\" \/><\/div><\/a>\n\t\t\t\t<div class=\"elementor-post__text\">\n\t\t\t\t<h3 class=\"elementor-post__title\">\n\t\t\t<a href=\"https:\/\/portaleducacao.guarulhos.sp.gov.br\/wp_site\/abrilliterario\/2024\/05\/10\/atividade-do-aee-na-epg-visconde-de-sabugosa-leva-alunos-a-refletirem-sobre-o-autismo\/\" >\n\t\t\t\tAtividade do AEE na EPG Visconde de Sabugosa leva alunos a refletirem sobre o autismo\t\t\t<\/a>\n\t\t<\/h3>\n\t\t\n\t\t<a class=\"elementor-post__read-more\" href=\"https:\/\/portaleducacao.guarulhos.sp.gov.br\/wp_site\/abrilliterario\/2024\/05\/10\/atividade-do-aee-na-epg-visconde-de-sabugosa-leva-alunos-a-refletirem-sobre-o-autismo\/\" aria-label=\"Read more about Atividade do AEE na EPG Visconde de Sabugosa leva alunos a refletirem sobre o autismo\" >\n\t\t\tSaiba Mais  &gt;&gt;\t\t<\/a>\n\n\t\t\t\t<\/div>\n\t\t\t\t\t<\/div>\n\t\t<\/article>\n\t\t\t\t<article class=\"elementor-post elementor-grid-item post-2216 post type-post status-publish format-standard has-post-thumbnail hentry category-2024-post category-2024-abril-literario\">\n\t\t\t<div class=\"elementor-post__card\">\n\t\t\t\t<a class=\"elementor-post__thumbnail__link\" href=\"https:\/\/portaleducacao.guarulhos.sp.gov.br\/wp_site\/abrilliterario\/2024\/05\/06\/abril-literario-fortalece-projeto-identidades-da-epg-selma-colalillo\/\" ><div class=\"elementor-post__thumbnail\"><img width=\"300\" height=\"225\" src=\"https:\/\/portaleducacao.guarulhos.sp.gov.br\/wp_site\/abrilliterario\/wp-content\/uploads\/sites\/24\/2024\/05\/Flavia-parque-300x225.jpeg\" class=\"attachment-medium size-medium wp-image-2217\" alt=\"\" loading=\"lazy\" srcset=\"https:\/\/portaleducacao.guarulhos.sp.gov.br\/wp_site\/abrilliterario\/wp-content\/uploads\/sites\/24\/2024\/05\/Flavia-parque-300x225.jpeg 300w, https:\/\/portaleducacao.guarulhos.sp.gov.br\/wp_site\/abrilliterario\/wp-content\/uploads\/sites\/24\/2024\/05\/Flavia-parque-1024x768.jpeg 1024w, https:\/\/portaleducacao.guarulhos.sp.gov.br\/wp_site\/abrilliterario\/wp-content\/uploads\/sites\/24\/2024\/05\/Flavia-parque-768x576.jpeg 768w, https:\/\/portaleducacao.guarulhos.sp.gov.br\/wp_site\/abrilliterario\/wp-content\/uploads\/sites\/24\/2024\/05\/Flavia-parque-1536x1152.jpeg 1536w, https:\/\/portaleducacao.guarulhos.sp.gov.br\/wp_site\/abrilliterario\/wp-content\/uploads\/sites\/24\/2024\/05\/Flavia-parque.jpeg 1600w\" sizes=\"(max-width: 300px) 100vw, 300px\" \/><\/div><\/a>\n\t\t\t\t<div class=\"elementor-post__text\">\n\t\t\t\t<h3 class=\"elementor-post__title\">\n\t\t\t<a href=\"https:\/\/portaleducacao.guarulhos.sp.gov.br\/wp_site\/abrilliterario\/2024\/05\/06\/abril-literario-fortalece-projeto-identidades-da-epg-selma-colalillo\/\" >\n\t\t\t\tAbril Liter\u00e1rio fortalece Projeto Identidades da EPG Selma Colalillo\t\t\t<\/a>\n\t\t<\/h3>\n\t\t\n\t\t<a class=\"elementor-post__read-more\" href=\"https:\/\/portaleducacao.guarulhos.sp.gov.br\/wp_site\/abrilliterario\/2024\/05\/06\/abril-literario-fortalece-projeto-identidades-da-epg-selma-colalillo\/\" aria-label=\"Read more about Abril Liter\u00e1rio fortalece Projeto Identidades da EPG Selma Colalillo\" >\n\t\t\tSaiba Mais  &gt;&gt;\t\t<\/a>\n\n\t\t\t\t<\/div>\n\t\t\t\t\t<\/div>\n\t\t<\/article>\n\t\t\t\t<article class=\"elementor-post elementor-grid-item post-2205 post type-post status-publish format-standard has-post-thumbnail hentry category-2024-post category-2024-abril-literario\">\n\t\t\t<div class=\"elementor-post__card\">\n\t\t\t\t<a class=\"elementor-post__thumbnail__link\" href=\"https:\/\/portaleducacao.guarulhos.sp.gov.br\/wp_site\/abrilliterario\/2024\/05\/02\/epg-padre-joao-alvares-apresenta-exposicao-todo-mundo-conta-historia\/\" ><div class=\"elementor-post__thumbnail\"><img width=\"300\" height=\"200\" src=\"https:\/\/portaleducacao.guarulhos.sp.gov.br\/wp_site\/abrilliterario\/wp-content\/uploads\/sites\/24\/2024\/05\/986A5716-300x200.jpg\" class=\"attachment-medium size-medium wp-image-2206\" alt=\"\" loading=\"lazy\" srcset=\"https:\/\/portaleducacao.guarulhos.sp.gov.br\/wp_site\/abrilliterario\/wp-content\/uploads\/sites\/24\/2024\/05\/986A5716-300x200.jpg 300w, https:\/\/portaleducacao.guarulhos.sp.gov.br\/wp_site\/abrilliterario\/wp-content\/uploads\/sites\/24\/2024\/05\/986A5716-1024x682.jpg 1024w, https:\/\/portaleducacao.guarulhos.sp.gov.br\/wp_site\/abrilliterario\/wp-content\/uploads\/sites\/24\/2024\/05\/986A5716-768x512.jpg 768w, https:\/\/portaleducacao.guarulhos.sp.gov.br\/wp_site\/abrilliterario\/wp-content\/uploads\/sites\/24\/2024\/05\/986A5716.jpg 1250w\" sizes=\"(max-width: 300px) 100vw, 300px\" \/><\/div><\/a>\n\t\t\t\t<div class=\"elementor-post__text\">\n\t\t\t\t<h3 class=\"elementor-post__title\">\n\t\t\t<a href=\"https:\/\/portaleducacao.guarulhos.sp.gov.br\/wp_site\/abrilliterario\/2024\/05\/02\/epg-padre-joao-alvares-apresenta-exposicao-todo-mundo-conta-historia\/\" >\n\t\t\t\tEPG Padre Jo\u00e3o \u00c1lvares apresenta exposi\u00e7\u00e3o Todo Mundo Conta Hist\u00f3ria\t\t\t<\/a>\n\t\t<\/h3>\n\t\t\n\t\t<a class=\"elementor-post__read-more\" href=\"https:\/\/portaleducacao.guarulhos.sp.gov.br\/wp_site\/abrilliterario\/2024\/05\/02\/epg-padre-joao-alvares-apresenta-exposicao-todo-mundo-conta-historia\/\" aria-label=\"Read more about EPG Padre Jo\u00e3o \u00c1lvares apresenta exposi\u00e7\u00e3o Todo Mundo Conta Hist\u00f3ria\" >\n\t\t\tSaiba Mais  &gt;&gt;\t\t<\/a>\n\n\t\t\t\t<\/div>\n\t\t\t\t\t<\/div>\n\t\t<\/article>\n\t\t\t\t<article class=\"elementor-post elementor-grid-item post-2196 post type-post status-publish format-standard has-post-thumbnail hentry category-2024-post category-2024-abril-literario\">\n\t\t\t<div class=\"elementor-post__card\">\n\t\t\t\t<a class=\"elementor-post__thumbnail__link\" href=\"https:\/\/portaleducacao.guarulhos.sp.gov.br\/wp_site\/abrilliterario\/2024\/04\/30\/alunos-da-epg-sebastiao-luiz-da-fonseca-assistem-espetaculo-teatral-na-biblioteca-monteiro-lobato\/\" ><div class=\"elementor-post__thumbnail\"><img width=\"300\" height=\"135\" src=\"https:\/\/portaleducacao.guarulhos.sp.gov.br\/wp_site\/abrilliterario\/wp-content\/uploads\/sites\/24\/2024\/04\/EPG-Sebastiao-Luis-da-Fonseca-17-300x135.jpeg\" class=\"attachment-medium size-medium wp-image-2198\" alt=\"\" loading=\"lazy\" srcset=\"https:\/\/portaleducacao.guarulhos.sp.gov.br\/wp_site\/abrilliterario\/wp-content\/uploads\/sites\/24\/2024\/04\/EPG-Sebastiao-Luis-da-Fonseca-17-300x135.jpeg 300w, https:\/\/portaleducacao.guarulhos.sp.gov.br\/wp_site\/abrilliterario\/wp-content\/uploads\/sites\/24\/2024\/04\/EPG-Sebastiao-Luis-da-Fonseca-17-1024x461.jpeg 1024w, https:\/\/portaleducacao.guarulhos.sp.gov.br\/wp_site\/abrilliterario\/wp-content\/uploads\/sites\/24\/2024\/04\/EPG-Sebastiao-Luis-da-Fonseca-17-768x346.jpeg 768w, https:\/\/portaleducacao.guarulhos.sp.gov.br\/wp_site\/abrilliterario\/wp-content\/uploads\/sites\/24\/2024\/04\/EPG-Sebastiao-Luis-da-Fonseca-17.jpeg 1280w\" sizes=\"(max-width: 300px) 100vw, 300px\" \/><\/div><\/a>\n\t\t\t\t<div class=\"elementor-post__text\">\n\t\t\t\t<h3 class=\"elementor-post__title\">\n\t\t\t<a href=\"https:\/\/portaleducacao.guarulhos.sp.gov.br\/wp_site\/abrilliterario\/2024\/04\/30\/alunos-da-epg-sebastiao-luiz-da-fonseca-assistem-espetaculo-teatral-na-biblioteca-monteiro-lobato\/\" >\n\t\t\t\tAlunos da EPG Sebasti\u00e3o Luiz da Fonseca assistem espet\u00e1culo teatral na Biblioteca Monteiro Lobato\t\t\t<\/a>\n\t\t<\/h3>\n\t\t\n\t\t<a class=\"elementor-post__read-more\" href=\"https:\/\/portaleducacao.guarulhos.sp.gov.br\/wp_site\/abrilliterario\/2024\/04\/30\/alunos-da-epg-sebastiao-luiz-da-fonseca-assistem-espetaculo-teatral-na-biblioteca-monteiro-lobato\/\" aria-label=\"Read more about Alunos da EPG Sebasti\u00e3o Luiz da Fonseca assistem espet\u00e1culo teatral na Biblioteca Monteiro Lobato\" >\n\t\t\tSaiba Mais  &gt;&gt;\t\t<\/a>\n\n\t\t\t\t<\/div>\n\t\t\t\t\t<\/div>\n\t\t<\/article>\n\t\t\t\t<article class=\"elementor-post elementor-grid-item post-2190 post type-post status-publish format-standard has-post-thumbnail hentry category-2024-post category-2024-abril-literario\">\n\t\t\t<div class=\"elementor-post__card\">\n\t\t\t\t<a class=\"elementor-post__thumbnail__link\" href=\"https:\/\/portaleducacao.guarulhos.sp.gov.br\/wp_site\/abrilliterario\/2024\/04\/29\/epg-procopio-ferreira-investe-em-acoes-com-foco-na-autonomia-das-criancas\/\" ><div class=\"elementor-post__thumbnail\"><img width=\"300\" height=\"225\" src=\"https:\/\/portaleducacao.guarulhos.sp.gov.br\/wp_site\/abrilliterario\/wp-content\/uploads\/sites\/24\/2024\/04\/EPG-Procopio-Ferreira-8-300x225.jpeg\" class=\"attachment-medium size-medium wp-image-2191\" alt=\"\" loading=\"lazy\" srcset=\"https:\/\/portaleducacao.guarulhos.sp.gov.br\/wp_site\/abrilliterario\/wp-content\/uploads\/sites\/24\/2024\/04\/EPG-Procopio-Ferreira-8-300x225.jpeg 300w, https:\/\/portaleducacao.guarulhos.sp.gov.br\/wp_site\/abrilliterario\/wp-content\/uploads\/sites\/24\/2024\/04\/EPG-Procopio-Ferreira-8-1024x768.jpeg 1024w, https:\/\/portaleducacao.guarulhos.sp.gov.br\/wp_site\/abrilliterario\/wp-content\/uploads\/sites\/24\/2024\/04\/EPG-Procopio-Ferreira-8-768x576.jpeg 768w, https:\/\/portaleducacao.guarulhos.sp.gov.br\/wp_site\/abrilliterario\/wp-content\/uploads\/sites\/24\/2024\/04\/EPG-Procopio-Ferreira-8-1536x1152.jpeg 1536w, https:\/\/portaleducacao.guarulhos.sp.gov.br\/wp_site\/abrilliterario\/wp-content\/uploads\/sites\/24\/2024\/04\/EPG-Procopio-Ferreira-8.jpeg 1600w\" sizes=\"(max-width: 300px) 100vw, 300px\" \/><\/div><\/a>\n\t\t\t\t<div class=\"elementor-post__text\">\n\t\t\t\t<h3 class=\"elementor-post__title\">\n\t\t\t<a href=\"https:\/\/portaleducacao.guarulhos.sp.gov.br\/wp_site\/abrilliterario\/2024\/04\/29\/epg-procopio-ferreira-investe-em-acoes-com-foco-na-autonomia-das-criancas\/\" >\n\t\t\t\tEPG Proc\u00f3pio Ferreira investe em a\u00e7\u00f5es com foco na autonomia das crian\u00e7as\t\t\t<\/a>\n\t\t<\/h3>\n\t\t\n\t\t<a class=\"elementor-post__read-more\" href=\"https:\/\/portaleducacao.guarulhos.sp.gov.br\/wp_site\/abrilliterario\/2024\/04\/29\/epg-procopio-ferreira-investe-em-acoes-com-foco-na-autonomia-das-criancas\/\" aria-label=\"Read more about EPG Proc\u00f3pio Ferreira investe em a\u00e7\u00f5es com foco na autonomia das crian\u00e7as\" >\n\t\t\tSaiba Mais  &gt;&gt;\t\t<\/a>\n\n\t\t\t\t<\/div>\n\t\t\t\t\t<\/div>\n\t\t<\/article>\n\t\t\t\t<\/div>\n\t\t\n\t\t\t\t<\/div>\n\t\t\t\t<\/div>\n\t\t\t\t\t<\/div>\n\t\t<\/div>\n\t\t\t\t\t\t\t<\/div>\n\t\t<\/section>\n\t\t\t\t<section class=\"elementor-section elementor-top-section elementor-element elementor-element-812500c elementor-section-boxed elementor-section-height-default elementor-section-height-default\" data-id=\"812500c\" data-element_type=\"section\">\n\t\t\t\t\t\t<div class=\"elementor-container elementor-column-gap-default\">\n\t\t\t\t\t<div class=\"elementor-column elementor-col-100 elementor-top-column elementor-element elementor-element-e6a4308\" data-id=\"e6a4308\" data-element_type=\"column\">\n\t\t\t<div class=\"elementor-widget-wrap elementor-element-populated\">\n\t\t\t\t\t\t\t\t<div class=\"elementor-element elementor-element-776d4e2 elementor-widget elementor-widget-heading\" data-id=\"776d4e2\" data-element_type=\"widget\" data-widget_type=\"heading.default\">\n\t\t\t\t<div class=\"elementor-widget-container\">\n\t\t\t<h2 class=\"elementor-heading-title elementor-size-default\">Not\u00edcias das edi\u00e7\u00f5es anteriores<\/h2>\t\t<\/div>\n\t\t\t\t<\/div>\n\t\t\t\t\t<\/div>\n\t\t<\/div>\n\t\t\t\t\t\t\t<\/div>\n\t\t<\/section>\n\t\t\t\t<section class=\"elementor-section elementor-top-section elementor-element elementor-element-8cf3f2f elementor-section-boxed elementor-section-height-default elementor-section-height-default\" data-id=\"8cf3f2f\" data-element_type=\"section\">\n\t\t\t\t\t\t<div class=\"elementor-container elementor-column-gap-default\">\n\t\t\t\t\t<div class=\"elementor-column elementor-col-100 elementor-top-column elementor-element elementor-element-0e9e3c5\" data-id=\"0e9e3c5\" data-element_type=\"column\">\n\t\t\t<div class=\"elementor-widget-wrap elementor-element-populated\">\n\t\t\t\t\t\t\t\t<div class=\"elementor-element elementor-element-5e03f3b elementor-grid-3 elementor-grid-tablet-2 elementor-grid-mobile-1 elementor-posts--thumbnail-top elementor-card-shadow-yes elementor-posts__hover-gradient elementor-widget elementor-widget-posts\" data-id=\"5e03f3b\" data-element_type=\"widget\" data-settings=\"{&quot;pagination_type&quot;:&quot;numbers&quot;,&quot;cards_columns&quot;:&quot;3&quot;,&quot;cards_columns_tablet&quot;:&quot;2&quot;,&quot;cards_columns_mobile&quot;:&quot;1&quot;,&quot;cards_row_gap&quot;:{&quot;unit&quot;:&quot;px&quot;,&quot;size&quot;:35,&quot;sizes&quot;:[]},&quot;cards_row_gap_tablet&quot;:{&quot;unit&quot;:&quot;px&quot;,&quot;size&quot;:&quot;&quot;,&quot;sizes&quot;:[]},&quot;cards_row_gap_mobile&quot;:{&quot;unit&quot;:&quot;px&quot;,&quot;size&quot;:&quot;&quot;,&quot;sizes&quot;:[]}}\" data-widget_type=\"posts.cards\">\n\t\t\t\t<div class=\"elementor-widget-container\">\n\t\t\t\t\t<div class=\"elementor-posts-container elementor-posts elementor-posts--skin-cards elementor-grid\">\n\t\t\t\t<article class=\"elementor-post elementor-grid-item post-2157 post type-post status-publish format-standard has-post-thumbnail hentry category-2024-pagina category-2024-post category-2024-abril-literario category-noticias\">\n\t\t\t<div class=\"elementor-post__card\">\n\t\t\t\t<a class=\"elementor-post__thumbnail__link\" href=\"https:\/\/portaleducacao.guarulhos.sp.gov.br\/wp_site\/abrilliterario\/2024\/04\/26\/tutores-do-leia-compartilham-leituras-em-encontro-no-bosque-ao-lado-da-se\/\" ><div class=\"elementor-post__thumbnail\"><img width=\"300\" height=\"200\" src=\"https:\/\/portaleducacao.guarulhos.sp.gov.br\/wp_site\/abrilliterario\/wp-content\/uploads\/sites\/24\/2024\/04\/a0fcca98-1356-41e1-b6fe-f6683be91254-300x200.jpeg\" class=\"attachment-medium size-medium wp-image-2166\" alt=\"\" loading=\"lazy\" srcset=\"https:\/\/portaleducacao.guarulhos.sp.gov.br\/wp_site\/abrilliterario\/wp-content\/uploads\/sites\/24\/2024\/04\/a0fcca98-1356-41e1-b6fe-f6683be91254-300x200.jpeg 300w, https:\/\/portaleducacao.guarulhos.sp.gov.br\/wp_site\/abrilliterario\/wp-content\/uploads\/sites\/24\/2024\/04\/a0fcca98-1356-41e1-b6fe-f6683be91254-1024x682.jpeg 1024w, https:\/\/portaleducacao.guarulhos.sp.gov.br\/wp_site\/abrilliterario\/wp-content\/uploads\/sites\/24\/2024\/04\/a0fcca98-1356-41e1-b6fe-f6683be91254-768x512.jpeg 768w, https:\/\/portaleducacao.guarulhos.sp.gov.br\/wp_site\/abrilliterario\/wp-content\/uploads\/sites\/24\/2024\/04\/a0fcca98-1356-41e1-b6fe-f6683be91254-1536x1023.jpeg 1536w, https:\/\/portaleducacao.guarulhos.sp.gov.br\/wp_site\/abrilliterario\/wp-content\/uploads\/sites\/24\/2024\/04\/a0fcca98-1356-41e1-b6fe-f6683be91254.jpeg 1600w\" sizes=\"(max-width: 300px) 100vw, 300px\" \/><\/div><\/a>\n\t\t\t\t<div class=\"elementor-post__text\">\n\t\t\t\t<h3 class=\"elementor-post__title\">\n\t\t\t<a href=\"https:\/\/portaleducacao.guarulhos.sp.gov.br\/wp_site\/abrilliterario\/2024\/04\/26\/tutores-do-leia-compartilham-leituras-em-encontro-no-bosque-ao-lado-da-se\/\" >\n\t\t\t\tTutores do Leia compartilham leituras em encontro no bosque ao lado da SE\t\t\t<\/a>\n\t\t<\/h3>\n\t\t\n\t\t<a class=\"elementor-post__read-more\" href=\"https:\/\/portaleducacao.guarulhos.sp.gov.br\/wp_site\/abrilliterario\/2024\/04\/26\/tutores-do-leia-compartilham-leituras-em-encontro-no-bosque-ao-lado-da-se\/\" aria-label=\"Read more about Tutores do Leia compartilham leituras em encontro no bosque ao lado da SE\" >\n\t\t\tSaiba Mais  &gt;&gt;\t\t<\/a>\n\n\t\t\t\t<\/div>\n\t\t\t\t\t<\/div>\n\t\t<\/article>\n\t\t\t\t<article class=\"elementor-post elementor-grid-item post-2022 post type-post status-publish format-standard has-post-thumbnail hentry category-2024-pagina category-2024-post category-2024-abril-literario category-noticias\">\n\t\t\t<div class=\"elementor-post__card\">\n\t\t\t\t<a class=\"elementor-post__thumbnail__link\" href=\"https:\/\/portaleducacao.guarulhos.sp.gov.br\/wp_site\/abrilliterario\/2024\/04\/22\/projeto-das-epgs-glorinha-pimentel-e-rogerio-damiao-potencializa-pequenos-leitores\/\" ><div class=\"elementor-post__thumbnail\"><img width=\"300\" height=\"226\" src=\"https:\/\/portaleducacao.guarulhos.sp.gov.br\/wp_site\/abrilliterario\/wp-content\/uploads\/sites\/24\/2024\/04\/001-300x226.jpeg\" class=\"attachment-medium size-medium wp-image-2023\" alt=\"\" loading=\"lazy\" srcset=\"https:\/\/portaleducacao.guarulhos.sp.gov.br\/wp_site\/abrilliterario\/wp-content\/uploads\/sites\/24\/2024\/04\/001-300x226.jpeg 300w, https:\/\/portaleducacao.guarulhos.sp.gov.br\/wp_site\/abrilliterario\/wp-content\/uploads\/sites\/24\/2024\/04\/001-1024x771.jpeg 1024w, https:\/\/portaleducacao.guarulhos.sp.gov.br\/wp_site\/abrilliterario\/wp-content\/uploads\/sites\/24\/2024\/04\/001-768x578.jpeg 768w, https:\/\/portaleducacao.guarulhos.sp.gov.br\/wp_site\/abrilliterario\/wp-content\/uploads\/sites\/24\/2024\/04\/001-1536x1156.jpeg 1536w, https:\/\/portaleducacao.guarulhos.sp.gov.br\/wp_site\/abrilliterario\/wp-content\/uploads\/sites\/24\/2024\/04\/001.jpeg 1600w\" sizes=\"(max-width: 300px) 100vw, 300px\" \/><\/div><\/a>\n\t\t\t\t<div class=\"elementor-post__text\">\n\t\t\t\t<h3 class=\"elementor-post__title\">\n\t\t\t<a href=\"https:\/\/portaleducacao.guarulhos.sp.gov.br\/wp_site\/abrilliterario\/2024\/04\/22\/projeto-das-epgs-glorinha-pimentel-e-rogerio-damiao-potencializa-pequenos-leitores\/\" >\n\t\t\t\tProjeto das EPGs Glorinha Pimentel e Rog\u00e9rio Dami\u00e3o potencializa pequenos leitores\t\t\t<\/a>\n\t\t<\/h3>\n\t\t\n\t\t<a class=\"elementor-post__read-more\" href=\"https:\/\/portaleducacao.guarulhos.sp.gov.br\/wp_site\/abrilliterario\/2024\/04\/22\/projeto-das-epgs-glorinha-pimentel-e-rogerio-damiao-potencializa-pequenos-leitores\/\" aria-label=\"Read more about Projeto das EPGs Glorinha Pimentel e Rog\u00e9rio Dami\u00e3o potencializa pequenos leitores\" >\n\t\t\tSaiba Mais  &gt;&gt;\t\t<\/a>\n\n\t\t\t\t<\/div>\n\t\t\t\t\t<\/div>\n\t\t<\/article>\n\t\t\t\t<article class=\"elementor-post elementor-grid-item post-1058 post type-post status-publish format-standard has-post-thumbnail hentry category-noticias\">\n\t\t\t<div class=\"elementor-post__card\">\n\t\t\t\t<a class=\"elementor-post__thumbnail__link\" href=\"https:\/\/portaleducacao.guarulhos.sp.gov.br\/wp_site\/abrilliterario\/2023\/05\/02\/%f0%9f%8e%adno-encerramento-do-abril-literario-o-ceu-bonsucesso-trouxe-para-comunidade-a-peca-teatral-as-aventuras-de-alice-uma-historia-de-comedia-para-toda-a-familia\/\" ><div class=\"elementor-post__thumbnail\"><img width=\"300\" height=\"201\" src=\"https:\/\/portaleducacao.guarulhos.sp.gov.br\/wp_site\/abrilliterario\/wp-content\/uploads\/sites\/24\/2023\/05\/WhatsApp-Image-2023-05-02-at-16.42.07-300x201.jpeg\" class=\"attachment-medium size-medium wp-image-1059\" alt=\"\" loading=\"lazy\" srcset=\"https:\/\/portaleducacao.guarulhos.sp.gov.br\/wp_site\/abrilliterario\/wp-content\/uploads\/sites\/24\/2023\/05\/WhatsApp-Image-2023-05-02-at-16.42.07-300x201.jpeg 300w, https:\/\/portaleducacao.guarulhos.sp.gov.br\/wp_site\/abrilliterario\/wp-content\/uploads\/sites\/24\/2023\/05\/WhatsApp-Image-2023-05-02-at-16.42.07-768x515.jpeg 768w, https:\/\/portaleducacao.guarulhos.sp.gov.br\/wp_site\/abrilliterario\/wp-content\/uploads\/sites\/24\/2023\/05\/WhatsApp-Image-2023-05-02-at-16.42.07.jpeg 1024w\" sizes=\"(max-width: 300px) 100vw, 300px\" \/><\/div><\/a>\n\t\t\t\t<div class=\"elementor-post__text\">\n\t\t\t\t<h3 class=\"elementor-post__title\">\n\t\t\t<a href=\"https:\/\/portaleducacao.guarulhos.sp.gov.br\/wp_site\/abrilliterario\/2023\/05\/02\/%f0%9f%8e%adno-encerramento-do-abril-literario-o-ceu-bonsucesso-trouxe-para-comunidade-a-peca-teatral-as-aventuras-de-alice-uma-historia-de-comedia-para-toda-a-familia\/\" >\n\t\t\t\tCEU Bonsucesso traz para comunidade a pe\u00e7a teatral &#8220;As aventuras de Alice&#8221;\t\t\t<\/a>\n\t\t<\/h3>\n\t\t\n\t\t<a class=\"elementor-post__read-more\" href=\"https:\/\/portaleducacao.guarulhos.sp.gov.br\/wp_site\/abrilliterario\/2023\/05\/02\/%f0%9f%8e%adno-encerramento-do-abril-literario-o-ceu-bonsucesso-trouxe-para-comunidade-a-peca-teatral-as-aventuras-de-alice-uma-historia-de-comedia-para-toda-a-familia\/\" aria-label=\"Read more about CEU Bonsucesso traz para comunidade a pe\u00e7a teatral &#8220;As aventuras de Alice&#8221;\" >\n\t\t\tSaiba Mais  &gt;&gt;\t\t<\/a>\n\n\t\t\t\t<\/div>\n\t\t\t\t\t<\/div>\n\t\t<\/article>\n\t\t\t\t<article class=\"elementor-post elementor-grid-item post-1017 post type-post status-publish format-standard has-post-thumbnail hentry category-noticias\">\n\t\t\t<div class=\"elementor-post__card\">\n\t\t\t\t<a class=\"elementor-post__thumbnail__link\" href=\"https:\/\/portaleducacao.guarulhos.sp.gov.br\/wp_site\/abrilliterario\/2023\/05\/02\/epg-moreira-matos-recebe-o-cartunista-fausto-bergocce-para-bate-papo-sobre-ziraldo\/\" ><div class=\"elementor-post__thumbnail\"><img width=\"300\" height=\"200\" src=\"https:\/\/portaleducacao.guarulhos.sp.gov.br\/wp_site\/abrilliterario\/wp-content\/uploads\/sites\/24\/2023\/05\/8e04a57d-36cc-45ff-974e-53b6d85d016f-300x200.jpg\" class=\"attachment-medium size-medium wp-image-1018\" alt=\"\" loading=\"lazy\" srcset=\"https:\/\/portaleducacao.guarulhos.sp.gov.br\/wp_site\/abrilliterario\/wp-content\/uploads\/sites\/24\/2023\/05\/8e04a57d-36cc-45ff-974e-53b6d85d016f-300x200.jpg 300w, https:\/\/portaleducacao.guarulhos.sp.gov.br\/wp_site\/abrilliterario\/wp-content\/uploads\/sites\/24\/2023\/05\/8e04a57d-36cc-45ff-974e-53b6d85d016f-768x512.jpg 768w, https:\/\/portaleducacao.guarulhos.sp.gov.br\/wp_site\/abrilliterario\/wp-content\/uploads\/sites\/24\/2023\/05\/8e04a57d-36cc-45ff-974e-53b6d85d016f.jpg 840w\" sizes=\"(max-width: 300px) 100vw, 300px\" \/><\/div><\/a>\n\t\t\t\t<div class=\"elementor-post__text\">\n\t\t\t\t<h3 class=\"elementor-post__title\">\n\t\t\t<a href=\"https:\/\/portaleducacao.guarulhos.sp.gov.br\/wp_site\/abrilliterario\/2023\/05\/02\/epg-moreira-matos-recebe-o-cartunista-fausto-bergocce-para-bate-papo-sobre-ziraldo\/\" >\n\t\t\t\tEPG Moreira Matos recebe o cartunista Fausto Bergocce para bate-papo sobre Ziraldo\t\t\t<\/a>\n\t\t<\/h3>\n\t\t\n\t\t<a class=\"elementor-post__read-more\" href=\"https:\/\/portaleducacao.guarulhos.sp.gov.br\/wp_site\/abrilliterario\/2023\/05\/02\/epg-moreira-matos-recebe-o-cartunista-fausto-bergocce-para-bate-papo-sobre-ziraldo\/\" aria-label=\"Read more about EPG Moreira Matos recebe o cartunista Fausto Bergocce para bate-papo sobre Ziraldo\" >\n\t\t\tSaiba Mais  &gt;&gt;\t\t<\/a>\n\n\t\t\t\t<\/div>\n\t\t\t\t\t<\/div>\n\t\t<\/article>\n\t\t\t\t<article class=\"elementor-post elementor-grid-item post-975 post type-post status-publish format-standard has-post-thumbnail hentry category-2024-post category-noticias\">\n\t\t\t<div class=\"elementor-post__card\">\n\t\t\t\t<a class=\"elementor-post__thumbnail__link\" href=\"https:\/\/portaleducacao.guarulhos.sp.gov.br\/wp_site\/abrilliterario\/2023\/04\/25\/as-escolas-epg-demilia-e-epg-dalmeida-barbosa-escolas-polo-da-modalidade-eja-reuniram-se-na-noite-do-dia-24-04-para-a-culminancia-do-projeto-liberte-um-texto\/\" ><div class=\"elementor-post__thumbnail\"><img width=\"300\" height=\"225\" src=\"https:\/\/portaleducacao.guarulhos.sp.gov.br\/wp_site\/abrilliterario\/wp-content\/uploads\/sites\/24\/2023\/04\/WhatsApp-Image-2023-04-25-at-14.17.46-1-2-300x225.jpeg\" class=\"attachment-medium size-medium wp-image-993\" alt=\"\" loading=\"lazy\" srcset=\"https:\/\/portaleducacao.guarulhos.sp.gov.br\/wp_site\/abrilliterario\/wp-content\/uploads\/sites\/24\/2023\/04\/WhatsApp-Image-2023-04-25-at-14.17.46-1-2-300x225.jpeg 300w, https:\/\/portaleducacao.guarulhos.sp.gov.br\/wp_site\/abrilliterario\/wp-content\/uploads\/sites\/24\/2023\/04\/WhatsApp-Image-2023-04-25-at-14.17.46-1-2-1024x768.jpeg 1024w, https:\/\/portaleducacao.guarulhos.sp.gov.br\/wp_site\/abrilliterario\/wp-content\/uploads\/sites\/24\/2023\/04\/WhatsApp-Image-2023-04-25-at-14.17.46-1-2-768x576.jpeg 768w, https:\/\/portaleducacao.guarulhos.sp.gov.br\/wp_site\/abrilliterario\/wp-content\/uploads\/sites\/24\/2023\/04\/WhatsApp-Image-2023-04-25-at-14.17.46-1-2-1536x1152.jpeg 1536w, https:\/\/portaleducacao.guarulhos.sp.gov.br\/wp_site\/abrilliterario\/wp-content\/uploads\/sites\/24\/2023\/04\/WhatsApp-Image-2023-04-25-at-14.17.46-1-2.jpeg 1600w\" sizes=\"(max-width: 300px) 100vw, 300px\" \/><\/div><\/a>\n\t\t\t\t<div class=\"elementor-post__text\">\n\t\t\t\t<h3 class=\"elementor-post__title\">\n\t\t\t<a href=\"https:\/\/portaleducacao.guarulhos.sp.gov.br\/wp_site\/abrilliterario\/2023\/04\/25\/as-escolas-epg-demilia-e-epg-dalmeida-barbosa-escolas-polo-da-modalidade-eja-reuniram-se-na-noite-do-dia-24-04-para-a-culminancia-do-projeto-liberte-um-texto\/\" >\n\t\t\t\tEPGs Da Em\u00edlia e D&#8217;Almeida Barbosa se re\u00fanem para culmin\u00e2ncia do projeto &#8220;Liberte um texto&#8221;\t\t\t<\/a>\n\t\t<\/h3>\n\t\t\n\t\t<a class=\"elementor-post__read-more\" href=\"https:\/\/portaleducacao.guarulhos.sp.gov.br\/wp_site\/abrilliterario\/2023\/04\/25\/as-escolas-epg-demilia-e-epg-dalmeida-barbosa-escolas-polo-da-modalidade-eja-reuniram-se-na-noite-do-dia-24-04-para-a-culminancia-do-projeto-liberte-um-texto\/\" aria-label=\"Read more about EPGs Da Em\u00edlia e D&#8217;Almeida Barbosa se re\u00fanem para culmin\u00e2ncia do projeto &#8220;Liberte um texto&#8221;\" >\n\t\t\tSaiba Mais  &gt;&gt;\t\t<\/a>\n\n\t\t\t\t<\/div>\n\t\t\t\t\t<\/div>\n\t\t<\/article>\n\t\t\t\t<article class=\"elementor-post elementor-grid-item post-867 post type-post status-publish format-standard has-post-thumbnail hentry category-noticias\">\n\t\t\t<div class=\"elementor-post__card\">\n\t\t\t\t<a class=\"elementor-post__thumbnail__link\" href=\"https:\/\/portaleducacao.guarulhos.sp.gov.br\/wp_site\/abrilliterario\/2023\/04\/14\/programacao-cultural-com-palestras-e-entrega-de-livros-a-alunos-da-rede-municipal-marca-a-abertura-do-abril-literario\/\" ><div class=\"elementor-post__thumbnail\"><img width=\"300\" height=\"202\" src=\"https:\/\/portaleducacao.guarulhos.sp.gov.br\/wp_site\/abrilliterario\/wp-content\/uploads\/sites\/24\/2023\/04\/7bf7b673-6a94-41b6-a3a1-f2bf996a7c5c-300x202.jpg\" class=\"attachment-medium size-medium wp-image-868\" alt=\"\" loading=\"lazy\" srcset=\"https:\/\/portaleducacao.guarulhos.sp.gov.br\/wp_site\/abrilliterario\/wp-content\/uploads\/sites\/24\/2023\/04\/7bf7b673-6a94-41b6-a3a1-f2bf996a7c5c-300x202.jpg 300w, https:\/\/portaleducacao.guarulhos.sp.gov.br\/wp_site\/abrilliterario\/wp-content\/uploads\/sites\/24\/2023\/04\/7bf7b673-6a94-41b6-a3a1-f2bf996a7c5c-1024x690.jpg 1024w, https:\/\/portaleducacao.guarulhos.sp.gov.br\/wp_site\/abrilliterario\/wp-content\/uploads\/sites\/24\/2023\/04\/7bf7b673-6a94-41b6-a3a1-f2bf996a7c5c-768x518.jpg 768w, https:\/\/portaleducacao.guarulhos.sp.gov.br\/wp_site\/abrilliterario\/wp-content\/uploads\/sites\/24\/2023\/04\/7bf7b673-6a94-41b6-a3a1-f2bf996a7c5c-1536x1035.jpg 1536w, https:\/\/portaleducacao.guarulhos.sp.gov.br\/wp_site\/abrilliterario\/wp-content\/uploads\/sites\/24\/2023\/04\/7bf7b673-6a94-41b6-a3a1-f2bf996a7c5c-2048x1380.jpg 2048w\" sizes=\"(max-width: 300px) 100vw, 300px\" \/><\/div><\/a>\n\t\t\t\t<div class=\"elementor-post__text\">\n\t\t\t\t<h3 class=\"elementor-post__title\">\n\t\t\t<a href=\"https:\/\/portaleducacao.guarulhos.sp.gov.br\/wp_site\/abrilliterario\/2023\/04\/14\/programacao-cultural-com-palestras-e-entrega-de-livros-a-alunos-da-rede-municipal-marca-a-abertura-do-abril-literario\/\" >\n\t\t\t\tPrograma\u00e7\u00e3o cultural com palestras e entrega de livros a alunos da rede municipal marca a abertura do Abril Liter\u00e1rio\t\t\t<\/a>\n\t\t<\/h3>\n\t\t\n\t\t<a class=\"elementor-post__read-more\" href=\"https:\/\/portaleducacao.guarulhos.sp.gov.br\/wp_site\/abrilliterario\/2023\/04\/14\/programacao-cultural-com-palestras-e-entrega-de-livros-a-alunos-da-rede-municipal-marca-a-abertura-do-abril-literario\/\" aria-label=\"Read more about Programa\u00e7\u00e3o cultural com palestras e entrega de livros a alunos da rede municipal marca a abertura do Abril Liter\u00e1rio\" >\n\t\t\tSaiba Mais  &gt;&gt;\t\t<\/a>\n\n\t\t\t\t<\/div>\n\t\t\t\t\t<\/div>\n\t\t<\/article>\n\t\t\t\t<article class=\"elementor-post elementor-grid-item post-857 post type-post status-publish format-standard has-post-thumbnail hentry category-noticias\">\n\t\t\t<div class=\"elementor-post__card\">\n\t\t\t\t<a class=\"elementor-post__thumbnail__link\" href=\"https:\/\/portaleducacao.guarulhos.sp.gov.br\/wp_site\/abrilliterario\/2023\/04\/14\/projeto-escola-viva-estimula-o-prazer-pela-leitura-nos-alunos-e-na-comunidade\/\" ><div class=\"elementor-post__thumbnail\"><img width=\"300\" height=\"225\" src=\"https:\/\/portaleducacao.guarulhos.sp.gov.br\/wp_site\/abrilliterario\/wp-content\/uploads\/sites\/24\/2023\/04\/91351b75-784d-4e9c-a6cc-b982bab23ed9-300x225.jpg\" class=\"attachment-medium size-medium wp-image-858\" alt=\"\" loading=\"lazy\" srcset=\"https:\/\/portaleducacao.guarulhos.sp.gov.br\/wp_site\/abrilliterario\/wp-content\/uploads\/sites\/24\/2023\/04\/91351b75-784d-4e9c-a6cc-b982bab23ed9-300x225.jpg 300w, https:\/\/portaleducacao.guarulhos.sp.gov.br\/wp_site\/abrilliterario\/wp-content\/uploads\/sites\/24\/2023\/04\/91351b75-784d-4e9c-a6cc-b982bab23ed9-1024x769.jpg 1024w, https:\/\/portaleducacao.guarulhos.sp.gov.br\/wp_site\/abrilliterario\/wp-content\/uploads\/sites\/24\/2023\/04\/91351b75-784d-4e9c-a6cc-b982bab23ed9-768x576.jpg 768w, https:\/\/portaleducacao.guarulhos.sp.gov.br\/wp_site\/abrilliterario\/wp-content\/uploads\/sites\/24\/2023\/04\/91351b75-784d-4e9c-a6cc-b982bab23ed9-1536x1153.jpg 1536w, https:\/\/portaleducacao.guarulhos.sp.gov.br\/wp_site\/abrilliterario\/wp-content\/uploads\/sites\/24\/2023\/04\/91351b75-784d-4e9c-a6cc-b982bab23ed9.jpg 1600w\" sizes=\"(max-width: 300px) 100vw, 300px\" \/><\/div><\/a>\n\t\t\t\t<div class=\"elementor-post__text\">\n\t\t\t\t<h3 class=\"elementor-post__title\">\n\t\t\t<a href=\"https:\/\/portaleducacao.guarulhos.sp.gov.br\/wp_site\/abrilliterario\/2023\/04\/14\/projeto-escola-viva-estimula-o-prazer-pela-leitura-nos-alunos-e-na-comunidade\/\" >\n\t\t\t\tProjeto Escola Viva estimula o prazer pela leitura nos alunos e na comunidade\t\t\t<\/a>\n\t\t<\/h3>\n\t\t\n\t\t<a class=\"elementor-post__read-more\" href=\"https:\/\/portaleducacao.guarulhos.sp.gov.br\/wp_site\/abrilliterario\/2023\/04\/14\/projeto-escola-viva-estimula-o-prazer-pela-leitura-nos-alunos-e-na-comunidade\/\" aria-label=\"Read more about Projeto Escola Viva estimula o prazer pela leitura nos alunos e na comunidade\" >\n\t\t\tSaiba Mais  &gt;&gt;\t\t<\/a>\n\n\t\t\t\t<\/div>\n\t\t\t\t\t<\/div>\n\t\t<\/article>\n\t\t\t\t<article class=\"elementor-post elementor-grid-item post-802 post type-post status-publish format-standard has-post-thumbnail hentry category-noticias\">\n\t\t\t<div class=\"elementor-post__card\">\n\t\t\t\t<a class=\"elementor-post__thumbnail__link\" href=\"https:\/\/portaleducacao.guarulhos.sp.gov.br\/wp_site\/abrilliterario\/2023\/04\/14\/alunos-da-epg-heraldo-evans-elaboram-o-primeiro-jornal-de-noticias-da-unidade-escolar\/\" ><div class=\"elementor-post__thumbnail\"><img width=\"300\" height=\"200\" src=\"https:\/\/portaleducacao.guarulhos.sp.gov.br\/wp_site\/abrilliterario\/wp-content\/uploads\/sites\/24\/2023\/04\/EPG-Heraldo-Evans-300x200.jpg\" class=\"attachment-medium size-medium wp-image-803\" alt=\"\" loading=\"lazy\" srcset=\"https:\/\/portaleducacao.guarulhos.sp.gov.br\/wp_site\/abrilliterario\/wp-content\/uploads\/sites\/24\/2023\/04\/EPG-Heraldo-Evans-300x200.jpg 300w, https:\/\/portaleducacao.guarulhos.sp.gov.br\/wp_site\/abrilliterario\/wp-content\/uploads\/sites\/24\/2023\/04\/EPG-Heraldo-Evans.jpg 738w\" sizes=\"(max-width: 300px) 100vw, 300px\" \/><\/div><\/a>\n\t\t\t\t<div class=\"elementor-post__text\">\n\t\t\t\t<h3 class=\"elementor-post__title\">\n\t\t\t<a href=\"https:\/\/portaleducacao.guarulhos.sp.gov.br\/wp_site\/abrilliterario\/2023\/04\/14\/alunos-da-epg-heraldo-evans-elaboram-o-primeiro-jornal-de-noticias-da-unidade-escolar\/\" >\n\t\t\t\tAlunos da EPG Heraldo Evans elaboram o primeiro jornal de not\u00edcias da unidade escolar\t\t\t<\/a>\n\t\t<\/h3>\n\t\t\n\t\t<a class=\"elementor-post__read-more\" href=\"https:\/\/portaleducacao.guarulhos.sp.gov.br\/wp_site\/abrilliterario\/2023\/04\/14\/alunos-da-epg-heraldo-evans-elaboram-o-primeiro-jornal-de-noticias-da-unidade-escolar\/\" aria-label=\"Read more about Alunos da EPG Heraldo Evans elaboram o primeiro jornal de not\u00edcias da unidade escolar\" >\n\t\t\tSaiba Mais  &gt;&gt;\t\t<\/a>\n\n\t\t\t\t<\/div>\n\t\t\t\t\t<\/div>\n\t\t<\/article>\n\t\t\t\t<\/div>\n\t\t\n\t\t\t\t<\/div>\n\t\t\t\t<\/div>\n\t\t\t\t\t<\/div>\n\t\t<\/div>\n\t\t\t\t\t\t\t<\/div>\n\t\t<\/section>\n\t\t\t\t\t\t\t<\/div>\n\t\t","protected":false},"excerpt":{"rendered":"<p>Not\u00edcias do Abril Liter\u00e1rio 2024 Not\u00edcias das edi\u00e7\u00f5es anteriores<\/p>\n","protected":false},"author":1,"featured_media":0,"parent":0,"menu_order":0,"comment_status":"closed","ping_status":"closed","template":"","meta":{"_monsterinsights_skip_tracking":false,"_monsterinsights_sitenote_active":false,"_monsterinsights_sitenote_note":"","_monsterinsights_sitenote_category":0,"site-sidebar-layout":"no-sidebar","site-content-layout":"page-builder","ast-global-header-display":"","ast-main-header-display":"","ast-hfb-above-header-display":"","ast-hfb-below-header-display":"","ast-hfb-mobile-header-display":"","site-post-title":"disabled","ast-breadcrumbs-content":"","ast-featured-img":"disabled","footer-sml-layout":"","theme-transparent-header-meta":"","adv-header-id-meta":"","stick-header-meta":"","header-above-stick-meta":"","header-main-stick-meta":"","header-below-stick-meta":"","_expiration-date-status":"","_expiration-date":0,"_expiration-date-type":"","_expiration-date-categories":[],"_expiration-date-options":[]},"categories":[36,35],"tags":[],"yoast_head":"<!-- This site is optimized with the Yoast SEO plugin v19.7.1 - https:\/\/yoast.com\/wordpress\/plugins\/seo\/ -->\r\n<title>Noticias Abril liter\u00e1rio - Abril Liter\u00e1rio<\/title>\r\n<meta name=\"robots\" content=\"index, follow, max-snippet:-1, max-image-preview:large, max-video-preview:-1\" \/>\r\n<link rel=\"canonical\" href=\"https:\/\/portaleducacao.guarulhos.sp.gov.br\/wp_site\/abrilliterario\/noticias-abril-literario\/\" \/>\r\n<meta property=\"og:locale\" content=\"pt_BR\" \/>\r\n<meta property=\"og:type\" content=\"article\" \/>\r\n<meta property=\"og:title\" content=\"Noticias Abril liter\u00e1rio - Abril Liter\u00e1rio\" \/>\r\n<meta property=\"og:description\" content=\"Not\u00edcias do Abril Liter\u00e1rio 2024 Not\u00edcias das edi\u00e7\u00f5es anteriores\" \/>\r\n<meta property=\"og:url\" content=\"https:\/\/portaleducacao.guarulhos.sp.gov.br\/wp_site\/abrilliterario\/noticias-abril-literario\/\" \/>\r\n<meta property=\"og:site_name\" content=\"Abril Liter\u00e1rio\" \/>\r\n<meta property=\"article:modified_time\" content=\"2024-04-10T13:32:20+00:00\" \/>\r\n<meta name=\"twitter:card\" content=\"summary_large_image\" \/>\r\n<meta name=\"twitter:label1\" content=\"Est. tempo de leitura\" \/>\n\t<meta name=\"twitter:data1\" content=\"3 minutos\" \/>\r\n<script type=\"application\/ld+json\" class=\"yoast-schema-graph\">{\"@context\":\"https:\/\/schema.org\",\"@graph\":[{\"@type\":\"WebPage\",\"@id\":\"https:\/\/portaleducacao.guarulhos.sp.gov.br\/wp_site\/abrilliterario\/noticias-abril-literario\/\",\"url\":\"https:\/\/portaleducacao.guarulhos.sp.gov.br\/wp_site\/abrilliterario\/noticias-abril-literario\/\",\"name\":\"Noticias Abril liter\u00e1rio - Abril Liter\u00e1rio\",\"isPartOf\":{\"@id\":\"https:\/\/portaleducacao.guarulhos.sp.gov.br\/wp_site\/abrilliterario\/#website\"},\"datePublished\":\"2024-04-09T14:49:25+00:00\",\"dateModified\":\"2024-04-10T13:32:20+00:00\",\"breadcrumb\":{\"@id\":\"https:\/\/portaleducacao.guarulhos.sp.gov.br\/wp_site\/abrilliterario\/noticias-abril-literario\/#breadcrumb\"},\"inLanguage\":\"pt-BR\",\"potentialAction\":[{\"@type\":\"ReadAction\",\"target\":[\"https:\/\/portaleducacao.guarulhos.sp.gov.br\/wp_site\/abrilliterario\/noticias-abril-literario\/\"]}]},{\"@type\":\"BreadcrumbList\",\"@id\":\"https:\/\/portaleducacao.guarulhos.sp.gov.br\/wp_site\/abrilliterario\/noticias-abril-literario\/#breadcrumb\",\"itemListElement\":[{\"@type\":\"ListItem\",\"position\":1,\"name\":\"In\u00edcio\",\"item\":\"https:\/\/portaleducacao.guarulhos.sp.gov.br\/wp_site\/abrilliterario\/\"},{\"@type\":\"ListItem\",\"position\":2,\"name\":\"Noticias Abril liter\u00e1rio\"}]},{\"@type\":\"WebSite\",\"@id\":\"https:\/\/portaleducacao.guarulhos.sp.gov.br\/wp_site\/abrilliterario\/#website\",\"url\":\"https:\/\/portaleducacao.guarulhos.sp.gov.br\/wp_site\/abrilliterario\/\",\"name\":\"Abril Liter\u00e1rio\",\"description\":\"Literalmente isso...\",\"potentialAction\":[{\"@type\":\"SearchAction\",\"target\":{\"@type\":\"EntryPoint\",\"urlTemplate\":\"https:\/\/portaleducacao.guarulhos.sp.gov.br\/wp_site\/abrilliterario\/?s={search_term_string}\"},\"query-input\":\"required name=search_term_string\"}],\"inLanguage\":\"pt-BR\"}]}<\/script>\r\n<!-- \/ Yoast SEO plugin. -->","yoast_head_json":{"title":"Noticias Abril liter\u00e1rio - Abril Liter\u00e1rio","robots":{"index":"index","follow":"follow","max-snippet":"max-snippet:-1","max-image-preview":"max-image-preview:large","max-video-preview":"max-video-preview:-1"},"canonical":"https:\/\/portaleducacao.guarulhos.sp.gov.br\/wp_site\/abrilliterario\/noticias-abril-literario\/","og_locale":"pt_BR","og_type":"article","og_title":"Noticias Abril liter\u00e1rio - Abril Liter\u00e1rio","og_description":"Not\u00edcias do Abril Liter\u00e1rio 2024 Not\u00edcias das edi\u00e7\u00f5es anteriores","og_url":"https:\/\/portaleducacao.guarulhos.sp.gov.br\/wp_site\/abrilliterario\/noticias-abril-literario\/","og_site_name":"Abril Liter\u00e1rio","article_modified_time":"2024-04-10T13:32:20+00:00","twitter_card":"summary_large_image","twitter_misc":{"Est. tempo de leitura":"3 minutos"},"schema":{"@context":"https:\/\/schema.org","@graph":[{"@type":"WebPage","@id":"https:\/\/portaleducacao.guarulhos.sp.gov.br\/wp_site\/abrilliterario\/noticias-abril-literario\/","url":"https:\/\/portaleducacao.guarulhos.sp.gov.br\/wp_site\/abrilliterario\/noticias-abril-literario\/","name":"Noticias Abril liter\u00e1rio - Abril Liter\u00e1rio","isPartOf":{"@id":"https:\/\/portaleducacao.guarulhos.sp.gov.br\/wp_site\/abrilliterario\/#website"},"datePublished":"2024-04-09T14:49:25+00:00","dateModified":"2024-04-10T13:32:20+00:00","breadcrumb":{"@id":"https:\/\/portaleducacao.guarulhos.sp.gov.br\/wp_site\/abrilliterario\/noticias-abril-literario\/#breadcrumb"},"inLanguage":"pt-BR","potentialAction":[{"@type":"ReadAction","target":["https:\/\/portaleducacao.guarulhos.sp.gov.br\/wp_site\/abrilliterario\/noticias-abril-literario\/"]}]},{"@type":"BreadcrumbList","@id":"https:\/\/portaleducacao.guarulhos.sp.gov.br\/wp_site\/abrilliterario\/noticias-abril-literario\/#breadcrumb","itemListElement":[{"@type":"ListItem","position":1,"name":"In\u00edcio","item":"https:\/\/portaleducacao.guarulhos.sp.gov.br\/wp_site\/abrilliterario\/"},{"@type":"ListItem","position":2,"name":"Noticias Abril liter\u00e1rio"}]},{"@type":"WebSite","@id":"https:\/\/portaleducacao.guarulhos.sp.gov.br\/wp_site\/abrilliterario\/#website","url":"https:\/\/portaleducacao.guarulhos.sp.gov.br\/wp_site\/abrilliterario\/","name":"Abril Liter\u00e1rio","description":"Literalmente isso...","potentialAction":[{"@type":"SearchAction","target":{"@type":"EntryPoint","urlTemplate":"https:\/\/portaleducacao.guarulhos.sp.gov.br\/wp_site\/abrilliterario\/?s={search_term_string}"},"query-input":"required name=search_term_string"}],"inLanguage":"pt-BR"}]}},"_links":{"self":[{"href":"https:\/\/portaleducacao.guarulhos.sp.gov.br\/wp_site\/abrilliterario\/wp-json\/wp\/v2\/pages\/1487"}],"collection":[{"href":"https:\/\/portaleducacao.guarulhos.sp.gov.br\/wp_site\/abrilliterario\/wp-json\/wp\/v2\/pages"}],"about":[{"href":"https:\/\/portaleducacao.guarulhos.sp.gov.br\/wp_site\/abrilliterario\/wp-json\/wp\/v2\/types\/page"}],"author":[{"embeddable":true,"href":"https:\/\/portaleducacao.guarulhos.sp.gov.br\/wp_site\/abrilliterario\/wp-json\/wp\/v2\/users\/1"}],"replies":[{"embeddable":true,"href":"https:\/\/portaleducacao.guarulhos.sp.gov.br\/wp_site\/abrilliterario\/wp-json\/wp\/v2\/comments?post=1487"}],"version-history":[{"count":19,"href":"https:\/\/portaleducacao.guarulhos.sp.gov.br\/wp_site\/abrilliterario\/wp-json\/wp\/v2\/pages\/1487\/revisions"}],"predecessor-version":[{"id":2374,"href":"https:\/\/portaleducacao.guarulhos.sp.gov.br\/wp_site\/abrilliterario\/wp-json\/wp\/v2\/pages\/1487\/revisions\/2374"}],"wp:attachment":[{"href":"https:\/\/portaleducacao.guarulhos.sp.gov.br\/wp_site\/abrilliterario\/wp-json\/wp\/v2\/media?parent=1487"}],"wp:term":[{"taxonomy":"category","embeddable":true,"href":"https:\/\/portaleducacao.guarulhos.sp.gov.br\/wp_site\/abrilliterario\/wp-json\/wp\/v2\/categories?post=1487"},{"taxonomy":"post_tag","embeddable":true,"href":"https:\/\/portaleducacao.guarulhos.sp.gov.br\/wp_site\/abrilliterario\/wp-json\/wp\/v2\/tags?post=1487"}],"curies":[{"name":"wp","href":"https:\/\/api.w.org\/{rel}","templated":true}]}}