{"id":199,"date":"2023-03-10T10:35:51","date_gmt":"2023-03-10T13:35:51","guid":{"rendered":"https:\/\/portaleducacao.guarulhos.sp.gov.br\/wp_site\/abrilliterario2023\/?page_id=199"},"modified":"2023-04-12T15:04:13","modified_gmt":"2023-04-12T18:04:13","slug":"bibliotecas-e-centros-de-incentivo-a-leitura","status":"publish","type":"page","link":"https:\/\/portaleducacao.guarulhos.sp.gov.br\/wp_site\/abrilliterario\/bibliotecas-e-centros-de-incentivo-a-leitura\/","title":{"rendered":"BIBLIOTECAS E CENTROS DE INCENTIVO \u00c0 LEITURA"},"content":{"rendered":"\n<h4 class=\"has-luminous-vivid-orange-color has-text-color has-large-font-size\">Bibliotecas<\/h4>\n\n\n\n<figure class=\"wp-block-image size-medium\"><img loading=\"lazy\" width=\"300\" height=\"225\" src=\"https:\/\/portaleducacao.guarulhos.sp.gov.br\/wp_site\/abrilliterario\/wp-content\/uploads\/sites\/24\/2023\/03\/Biblioteca-Adamastor1-300x225.jpg\" alt=\"\" class=\"wp-image-652\" srcset=\"https:\/\/portaleducacao.guarulhos.sp.gov.br\/wp_site\/abrilliterario\/wp-content\/uploads\/sites\/24\/2023\/03\/Biblioteca-Adamastor1-300x225.jpg 300w, https:\/\/portaleducacao.guarulhos.sp.gov.br\/wp_site\/abrilliterario\/wp-content\/uploads\/sites\/24\/2023\/03\/Biblioteca-Adamastor1-768x576.jpg 768w, https:\/\/portaleducacao.guarulhos.sp.gov.br\/wp_site\/abrilliterario\/wp-content\/uploads\/sites\/24\/2023\/03\/Biblioteca-Adamastor1.jpg 800w\" sizes=\"(max-width: 300px) 100vw, 300px\" \/><\/figure>\n\n\n\n<p><strong>Biblioteca Adamastor<\/strong><br>Endere\u00e7o: Avenida Monteiro Lobato, 734, Macedo<br>Hor\u00e1rio de atendimento: de Segunda \u00e0 S\u00e1bado, das 10h \u00e0s 16h<br>WhatsApp: (11) 2472-5418<br>E-mail e Hangouts &#8211; cmeadamastor@educacao.guarulhos.sp.gov.br<\/p>\n\n\n\n<hr class=\"wp-block-separator has-alpha-channel-opacity is-style-wide\" \/>\n\n\n\n<figure class=\"wp-block-image size-medium\"><img loading=\"lazy\" width=\"300\" height=\"225\" src=\"https:\/\/portaleducacao.guarulhos.sp.gov.br\/wp_site\/abrilliterario\/wp-content\/uploads\/sites\/24\/2023\/03\/Biblioteca-Jose-Mignella-1-300x225.jpg\" alt=\"\" class=\"wp-image-583\" srcset=\"https:\/\/portaleducacao.guarulhos.sp.gov.br\/wp_site\/abrilliterario\/wp-content\/uploads\/sites\/24\/2023\/03\/Biblioteca-Jose-Mignella-1-300x225.jpg 300w, https:\/\/portaleducacao.guarulhos.sp.gov.br\/wp_site\/abrilliterario\/wp-content\/uploads\/sites\/24\/2023\/03\/Biblioteca-Jose-Mignella-1-768x576.jpg 768w, https:\/\/portaleducacao.guarulhos.sp.gov.br\/wp_site\/abrilliterario\/wp-content\/uploads\/sites\/24\/2023\/03\/Biblioteca-Jose-Mignella-1.jpg 800w\" sizes=\"(max-width: 300px) 100vw, 300px\" \/><\/figure>\n\n\n\n<p><strong>Biblioteca Jos\u00e9 Mignella (CME Parque J\u00falio Fracalanza)<\/strong><br>Rua Joaquim Miranda, 471 &#8211; Vila Augusta<br>Segunda \u00e0 S\u00e1bado, das 8 \u00e0s 17h<br>Tel.: 2425-2031<br>E-mail: cmejuliofracalanza@educacao.guarulhos.sp.gov.br<\/p>\n\n\n\n<hr class=\"wp-block-separator has-alpha-channel-opacity is-style-wide\" \/>\n\n\n\n<h4 class=\"has-luminous-vivid-orange-color has-text-color has-large-font-size\">Centros Municipais de Incentivo \u00e0 Leitura<\/h4>\n\n\n\n<figure class=\"wp-block-image size-medium\"><img loading=\"lazy\" width=\"300\" height=\"135\" src=\"https:\/\/portaleducacao.guarulhos.sp.gov.br\/wp_site\/abrilliterario\/wp-content\/uploads\/sites\/24\/2023\/03\/CMIL-Luis-de-Camoes-1-300x135.jpg\" alt=\"\" class=\"wp-image-584\" srcset=\"https:\/\/portaleducacao.guarulhos.sp.gov.br\/wp_site\/abrilliterario\/wp-content\/uploads\/sites\/24\/2023\/03\/CMIL-Luis-de-Camoes-1-300x135.jpg 300w, https:\/\/portaleducacao.guarulhos.sp.gov.br\/wp_site\/abrilliterario\/wp-content\/uploads\/sites\/24\/2023\/03\/CMIL-Luis-de-Camoes-1-768x346.jpg 768w, https:\/\/portaleducacao.guarulhos.sp.gov.br\/wp_site\/abrilliterario\/wp-content\/uploads\/sites\/24\/2023\/03\/CMIL-Luis-de-Camoes-1.jpg 800w\" sizes=\"(max-width: 300px) 100vw, 300px\" \/><\/figure>\n\n\n\n<p>C<strong>MIL Luis de Cam\u00f5es<\/strong><br>Rua Jos\u00e9 Maria de Oliveiras Morais, 94 \u2013 Gopo\u00fava<br>Segunda das 8h \u00e0s 20h e S\u00e1bado das 8h \u00e0s 17h<br>Tel. 2409-9432<br>E-mail: cmilluisdecamoes@educacao.guarulhos.sp.gov.br<\/p>\n\n\n\n<hr class=\"wp-block-separator has-alpha-channel-opacity is-style-wide\" \/>\n\n\n\n<p><strong>CMIL Fernando Pessoa<\/strong><br>Pra\u00e7a Estrela, 360 &#8211; Cidade Soberana<br>Segunda \u00e0 S\u00e1bado<br>Tel. 2087-8640<br>E-mail: cmilfernandopessoa@educacao.guarulhos.sp.gov.br<\/p>\n\n\n\n<hr class=\"wp-block-separator has-alpha-channel-opacity is-style-wide\" \/>\n\n\n\n<p class=\"has-luminous-vivid-orange-color has-text-color has-large-font-size\"><strong>Centros de Incentivo \u00e0 Leitura (CILs)<\/strong><\/p>\n\n\n\n<figure class=\"wp-block-image size-medium\"><img loading=\"lazy\" width=\"300\" height=\"225\" src=\"https:\/\/portaleducacao.guarulhos.sp.gov.br\/wp_site\/abrilliterario\/wp-content\/uploads\/sites\/24\/2023\/03\/CILCEU-Pimentas-1-300x225.jpg\" alt=\"\" class=\"wp-image-585\" srcset=\"https:\/\/portaleducacao.guarulhos.sp.gov.br\/wp_site\/abrilliterario\/wp-content\/uploads\/sites\/24\/2023\/03\/CILCEU-Pimentas-1-300x225.jpg 300w, https:\/\/portaleducacao.guarulhos.sp.gov.br\/wp_site\/abrilliterario\/wp-content\/uploads\/sites\/24\/2023\/03\/CILCEU-Pimentas-1.jpg 512w\" sizes=\"(max-width: 300px) 100vw, 300px\" \/><\/figure>\n\n\n\n<p><strong>CIL CEU Pimentas<\/strong><br>Estrada do Caminho Velho, 351 &#8211; Pimentas<br>Tel. 2489-3500<\/p>\n\n\n\n<hr class=\"wp-block-separator has-alpha-channel-opacity is-style-wide\" \/>\n\n\n\n<figure class=\"wp-block-image size-medium\"><img loading=\"lazy\" width=\"300\" height=\"225\" src=\"https:\/\/portaleducacao.guarulhos.sp.gov.br\/wp_site\/abrilliterario\/wp-content\/uploads\/sites\/24\/2023\/03\/CIL-CEU-Presidente-Dutra1-300x225.jpg\" alt=\"\" class=\"wp-image-586\" srcset=\"https:\/\/portaleducacao.guarulhos.sp.gov.br\/wp_site\/abrilliterario\/wp-content\/uploads\/sites\/24\/2023\/03\/CIL-CEU-Presidente-Dutra1-300x225.jpg 300w, https:\/\/portaleducacao.guarulhos.sp.gov.br\/wp_site\/abrilliterario\/wp-content\/uploads\/sites\/24\/2023\/03\/CIL-CEU-Presidente-Dutra1-768x576.jpg 768w, https:\/\/portaleducacao.guarulhos.sp.gov.br\/wp_site\/abrilliterario\/wp-content\/uploads\/sites\/24\/2023\/03\/CIL-CEU-Presidente-Dutra1.jpg 800w\" sizes=\"(max-width: 300px) 100vw, 300px\" \/><\/figure>\n\n\n\n<p><strong>CIL CEU Presidente Dutra<\/strong><br>Rua Maria de Paula Mota (antiga Rua 100), s\/n\u00ba &#8211; Jardim Presidente Dutra<br>Tel. 2432-8930<\/p>\n\n\n\n<hr class=\"wp-block-separator has-alpha-channel-opacity is-style-wide\" \/>\n\n\n\n<figure class=\"wp-block-image size-medium\"><img loading=\"lazy\" width=\"300\" height=\"169\" src=\"https:\/\/portaleducacao.guarulhos.sp.gov.br\/wp_site\/abrilliterario\/wp-content\/uploads\/sites\/24\/2023\/03\/CIL-CEU-Paraiso-Alvorada1-300x169.jpg\" alt=\"\" class=\"wp-image-600\" srcset=\"https:\/\/portaleducacao.guarulhos.sp.gov.br\/wp_site\/abrilliterario\/wp-content\/uploads\/sites\/24\/2023\/03\/CIL-CEU-Paraiso-Alvorada1-300x169.jpg 300w, https:\/\/portaleducacao.guarulhos.sp.gov.br\/wp_site\/abrilliterario\/wp-content\/uploads\/sites\/24\/2023\/03\/CIL-CEU-Paraiso-Alvorada1-768x432.jpg 768w, https:\/\/portaleducacao.guarulhos.sp.gov.br\/wp_site\/abrilliterario\/wp-content\/uploads\/sites\/24\/2023\/03\/CIL-CEU-Paraiso-Alvorada1.jpg 800w\" sizes=\"(max-width: 300px) 100vw, 300px\" \/><\/figure>\n\n\n\n<p><strong>CIL CEU Para\u00edso-Alvorada<\/strong><br>Rua Dom Silv\u00e9rio, 628 &#8211; Vila Para\u00edso<br>Tel. 2456-2524<\/p>\n\n\n\n<hr class=\"wp-block-separator has-alpha-channel-opacity is-style-wide\" \/>\n\n\n\n<figure class=\"wp-block-image size-medium\"><img loading=\"lazy\" width=\"300\" height=\"225\" src=\"https:\/\/portaleducacao.guarulhos.sp.gov.br\/wp_site\/abrilliterario\/wp-content\/uploads\/sites\/24\/2023\/03\/CIL-CEU-Ottawa-Uirapuru1-300x225.jpg\" alt=\"\" class=\"wp-image-587\" srcset=\"https:\/\/portaleducacao.guarulhos.sp.gov.br\/wp_site\/abrilliterario\/wp-content\/uploads\/sites\/24\/2023\/03\/CIL-CEU-Ottawa-Uirapuru1-300x225.jpg 300w, https:\/\/portaleducacao.guarulhos.sp.gov.br\/wp_site\/abrilliterario\/wp-content\/uploads\/sites\/24\/2023\/03\/CIL-CEU-Ottawa-Uirapuru1-768x576.jpg 768w, https:\/\/portaleducacao.guarulhos.sp.gov.br\/wp_site\/abrilliterario\/wp-content\/uploads\/sites\/24\/2023\/03\/CIL-CEU-Ottawa-Uirapuru1.jpg 800w\" sizes=\"(max-width: 300px) 100vw, 300px\" \/><\/figure>\n\n\n\n<p><strong>CIL CEU Ottawa-Uirapuru<\/strong><br>Rua Morada Nova, 208 &#8211; Jd. Ottawa<br>Tel. 2279-2705<\/p>\n\n\n\n<hr class=\"wp-block-separator has-alpha-channel-opacity is-style-wide\" \/>\n\n\n\n<figure class=\"wp-block-image size-medium\"><img loading=\"lazy\" width=\"300\" height=\"225\" src=\"https:\/\/portaleducacao.guarulhos.sp.gov.br\/wp_site\/abrilliterario\/wp-content\/uploads\/sites\/24\/2023\/03\/CIL-CEU-Sao-Miguel1-300x225.jpg\" alt=\"\" class=\"wp-image-588\" srcset=\"https:\/\/portaleducacao.guarulhos.sp.gov.br\/wp_site\/abrilliterario\/wp-content\/uploads\/sites\/24\/2023\/03\/CIL-CEU-Sao-Miguel1-300x225.jpg 300w, https:\/\/portaleducacao.guarulhos.sp.gov.br\/wp_site\/abrilliterario\/wp-content\/uploads\/sites\/24\/2023\/03\/CIL-CEU-Sao-Miguel1.jpg 520w\" sizes=\"(max-width: 300px) 100vw, 300px\" \/><\/figure>\n\n\n\n<p><strong>CIL CEU Parque S\u00e3o Miguel<\/strong><br>Rua Joaquim Moreira, s\/n\u00ba &#8211; Pq. S\u00e3o Miguel<br>Tel. 2421-2445<\/p>\n\n\n\n<hr class=\"wp-block-separator has-alpha-channel-opacity is-style-wide\" \/>\n\n\n\n<figure class=\"wp-block-image size-medium\"><img loading=\"lazy\" width=\"300\" height=\"169\" src=\"https:\/\/portaleducacao.guarulhos.sp.gov.br\/wp_site\/abrilliterario\/wp-content\/uploads\/sites\/24\/2023\/03\/CIL-CEU-Cumbica1-300x169.jpg\" alt=\"\" class=\"wp-image-589\" srcset=\"https:\/\/portaleducacao.guarulhos.sp.gov.br\/wp_site\/abrilliterario\/wp-content\/uploads\/sites\/24\/2023\/03\/CIL-CEU-Cumbica1-300x169.jpg 300w, https:\/\/portaleducacao.guarulhos.sp.gov.br\/wp_site\/abrilliterario\/wp-content\/uploads\/sites\/24\/2023\/03\/CIL-CEU-Cumbica1.jpg 526w\" sizes=\"(max-width: 300px) 100vw, 300px\" \/><\/figure>\n\n\n\n<p><strong>CIL CEU Jardim Cumbica<\/strong><br>Avenida Atal\u00e1ia do Norte, 544 &#8211; Jd. Cumbica<br>Tel. 2412-2771<\/p>\n\n\n\n<hr class=\"wp-block-separator has-alpha-channel-opacity is-style-wide\" \/>\n\n\n\n<figure class=\"wp-block-image size-medium\"><img loading=\"lazy\" width=\"300\" height=\"169\" src=\"https:\/\/portaleducacao.guarulhos.sp.gov.br\/wp_site\/abrilliterario\/wp-content\/uploads\/sites\/24\/2023\/03\/CIL-CEU-Rosa-de-Franca1-300x169.jpg\" alt=\"\" class=\"wp-image-590\" srcset=\"https:\/\/portaleducacao.guarulhos.sp.gov.br\/wp_site\/abrilliterario\/wp-content\/uploads\/sites\/24\/2023\/03\/CIL-CEU-Rosa-de-Franca1-300x169.jpg 300w, https:\/\/portaleducacao.guarulhos.sp.gov.br\/wp_site\/abrilliterario\/wp-content\/uploads\/sites\/24\/2023\/03\/CIL-CEU-Rosa-de-Franca1.jpg 512w\" sizes=\"(max-width: 300px) 100vw, 300px\" \/><\/figure>\n\n\n\n<p><strong>CIL CEU Rosa de Fran\u00e7a<\/strong><br>Rua Sergipe, s\/n\u00ba &#8211; Jd. Rosa de Fran\u00e7a<br>Tel. 2304-7589<\/p>\n\n\n\n<hr class=\"wp-block-separator has-alpha-channel-opacity is-style-wide\" \/>\n\n\n\n<figure class=\"wp-block-image size-medium\"><img loading=\"lazy\" width=\"300\" height=\"225\" src=\"https:\/\/portaleducacao.guarulhos.sp.gov.br\/wp_site\/abrilliterario\/wp-content\/uploads\/sites\/24\/2023\/03\/CIL-CEU-Sao-Domingos1-300x225.jpg\" alt=\"\" class=\"wp-image-641\" srcset=\"https:\/\/portaleducacao.guarulhos.sp.gov.br\/wp_site\/abrilliterario\/wp-content\/uploads\/sites\/24\/2023\/03\/CIL-CEU-Sao-Domingos1-300x225.jpg 300w, https:\/\/portaleducacao.guarulhos.sp.gov.br\/wp_site\/abrilliterario\/wp-content\/uploads\/sites\/24\/2023\/03\/CIL-CEU-Sao-Domingos1-768x576.jpg 768w, https:\/\/portaleducacao.guarulhos.sp.gov.br\/wp_site\/abrilliterario\/wp-content\/uploads\/sites\/24\/2023\/03\/CIL-CEU-Sao-Domingos1.jpg 800w\" sizes=\"(max-width: 300px) 100vw, 300px\" \/><\/figure>\n\n\n\n<p><strong>CIL CEU S\u00e3o Domingos<\/strong><br>Estrada do Elenco, 848 \u2013 Jardim S\u00e3o Domingos<br>Te. 2088-0277<\/p>\n\n\n\n<p>e. 2088-0277<\/p>\n\n\n\n<hr class=\"wp-block-separator has-alpha-channel-opacity is-style-wide\" \/>\n\n\n\n<figure class=\"wp-block-image size-medium\"><img loading=\"lazy\" width=\"300\" height=\"138\" src=\"https:\/\/portaleducacao.guarulhos.sp.gov.br\/wp_site\/abrilliterario\/wp-content\/uploads\/sites\/24\/2023\/03\/CIL-CEU-Bambi1-300x138.jpg\" alt=\"\" class=\"wp-image-593\" srcset=\"https:\/\/portaleducacao.guarulhos.sp.gov.br\/wp_site\/abrilliterario\/wp-content\/uploads\/sites\/24\/2023\/03\/CIL-CEU-Bambi1-300x138.jpg 300w, https:\/\/portaleducacao.guarulhos.sp.gov.br\/wp_site\/abrilliterario\/wp-content\/uploads\/sites\/24\/2023\/03\/CIL-CEU-Bambi1-768x354.jpg 768w, https:\/\/portaleducacao.guarulhos.sp.gov.br\/wp_site\/abrilliterario\/wp-content\/uploads\/sites\/24\/2023\/03\/CIL-CEU-Bambi1.jpg 800w\" sizes=\"(max-width: 300px) 100vw, 300px\" \/><\/figure>\n\n\n\n<p><strong>CIL CEU Bambi<br><\/strong>Rua Benedito Thieso, s\/n\u00ba &#8211; Pq. Residencial Bambi<br>Tel. 2408-5402<\/p>\n\n\n\n<hr class=\"wp-block-separator has-alpha-channel-opacity is-style-wide\" \/>\n\n\n\n<figure class=\"wp-block-image size-medium\"><img loading=\"lazy\" width=\"300\" height=\"169\" src=\"https:\/\/portaleducacao.guarulhos.sp.gov.br\/wp_site\/abrilliterario\/wp-content\/uploads\/sites\/24\/2023\/03\/CIL-CEU-Ponte-Alta1-300x169.jpg\" alt=\"\" class=\"wp-image-594\" srcset=\"https:\/\/portaleducacao.guarulhos.sp.gov.br\/wp_site\/abrilliterario\/wp-content\/uploads\/sites\/24\/2023\/03\/CIL-CEU-Ponte-Alta1-300x169.jpg 300w, https:\/\/portaleducacao.guarulhos.sp.gov.br\/wp_site\/abrilliterario\/wp-content\/uploads\/sites\/24\/2023\/03\/CIL-CEU-Ponte-Alta1.jpg 540w\" sizes=\"(max-width: 300px) 100vw, 300px\" \/><\/figure>\n\n\n\n<p><strong>CIL CEU Ponte Alta<br><\/strong>Rua Pernambuco, 836 &#8211; Jd. Ponte Alta<br>Tel. 2436-6813<\/p>\n\n\n\n<hr class=\"wp-block-separator has-alpha-channel-opacity is-style-wide\" \/>\n\n\n\n<figure class=\"wp-block-image size-medium\"><img loading=\"lazy\" width=\"300\" height=\"146\" src=\"https:\/\/portaleducacao.guarulhos.sp.gov.br\/wp_site\/abrilliterario\/wp-content\/uploads\/sites\/24\/2023\/03\/CIL-CEU-Bonsucesso1-300x146.jpg\" alt=\"\" class=\"wp-image-595\" srcset=\"https:\/\/portaleducacao.guarulhos.sp.gov.br\/wp_site\/abrilliterario\/wp-content\/uploads\/sites\/24\/2023\/03\/CIL-CEU-Bonsucesso1-300x146.jpg 300w, https:\/\/portaleducacao.guarulhos.sp.gov.br\/wp_site\/abrilliterario\/wp-content\/uploads\/sites\/24\/2023\/03\/CIL-CEU-Bonsucesso1.jpg 640w\" sizes=\"(max-width: 300px) 100vw, 300px\" \/><\/figure>\n\n\n\n<p><strong>CIL CEU Bonsucesso<br><\/strong>Avenida Paschoal Thomeo, s\/n\u00ba &#8211; Bonsucesso.<br>Tel. 2088-3508<\/p>\n\n\n\n<hr class=\"wp-block-separator has-alpha-channel-opacity is-style-wide\" \/>\n\n\n\n<figure class=\"wp-block-image size-medium\"><img loading=\"lazy\" width=\"300\" height=\"169\" src=\"https:\/\/portaleducacao.guarulhos.sp.gov.br\/wp_site\/abrilliterario\/wp-content\/uploads\/sites\/24\/2023\/03\/CILCEU-Sao-Rafael1-300x169.jpg\" alt=\"\" class=\"wp-image-596\" srcset=\"https:\/\/portaleducacao.guarulhos.sp.gov.br\/wp_site\/abrilliterario\/wp-content\/uploads\/sites\/24\/2023\/03\/CILCEU-Sao-Rafael1-300x169.jpg 300w, https:\/\/portaleducacao.guarulhos.sp.gov.br\/wp_site\/abrilliterario\/wp-content\/uploads\/sites\/24\/2023\/03\/CILCEU-Sao-Rafael1.jpg 640w\" sizes=\"(max-width: 300px) 100vw, 300px\" \/><\/figure>\n\n\n\n<p><strong>CIL CEU Vila S\u00e3o Rafael<br><\/strong>Endere\u00e7o: Rua L\u00e1zaro Pereira, 330 &#8211; Itapegica<br>Fone: (11) 2304-6012<\/p>\n\n\n\n<hr class=\"wp-block-separator has-alpha-channel-opacity is-style-wide\" \/>\n\n\n\n<figure class=\"wp-block-image size-medium\"><img loading=\"lazy\" width=\"300\" height=\"169\" src=\"https:\/\/portaleducacao.guarulhos.sp.gov.br\/wp_site\/abrilliterario\/wp-content\/uploads\/sites\/24\/2023\/03\/CIL-CEU-Continental1-300x169.jpg\" alt=\"\" class=\"wp-image-598\" srcset=\"https:\/\/portaleducacao.guarulhos.sp.gov.br\/wp_site\/abrilliterario\/wp-content\/uploads\/sites\/24\/2023\/03\/CIL-CEU-Continental1-300x169.jpg 300w, https:\/\/portaleducacao.guarulhos.sp.gov.br\/wp_site\/abrilliterario\/wp-content\/uploads\/sites\/24\/2023\/03\/CIL-CEU-Continental1-768x432.jpg 768w, https:\/\/portaleducacao.guarulhos.sp.gov.br\/wp_site\/abrilliterario\/wp-content\/uploads\/sites\/24\/2023\/03\/CIL-CEU-Continental1.jpg 800w\" sizes=\"(max-width: 300px) 100vw, 300px\" \/><\/figure>\n\n\n\n<p><strong>CIL CEU Continental<br><\/strong>Rua Alzimar Vargas Batista, 284 &#8211; Parque Continental II<br>Fone: (11) 2086-1002<\/p>\n\n\n\n<hr class=\"wp-block-separator has-alpha-channel-opacity is-style-wide\" \/>\n\n\n\n<figure class=\"wp-block-image size-medium\"><img loading=\"lazy\" width=\"300\" height=\"225\" src=\"https:\/\/portaleducacao.guarulhos.sp.gov.br\/wp_site\/abrilliterario\/wp-content\/uploads\/sites\/24\/2023\/03\/CIL-EPG-Gianfrancesco-Guarnieri1-300x225.jpg\" alt=\"\" class=\"wp-image-642\" srcset=\"https:\/\/portaleducacao.guarulhos.sp.gov.br\/wp_site\/abrilliterario\/wp-content\/uploads\/sites\/24\/2023\/03\/CIL-EPG-Gianfrancesco-Guarnieri1-300x225.jpg 300w, https:\/\/portaleducacao.guarulhos.sp.gov.br\/wp_site\/abrilliterario\/wp-content\/uploads\/sites\/24\/2023\/03\/CIL-EPG-Gianfrancesco-Guarnieri1-768x576.jpg 768w, https:\/\/portaleducacao.guarulhos.sp.gov.br\/wp_site\/abrilliterario\/wp-content\/uploads\/sites\/24\/2023\/03\/CIL-EPG-Gianfrancesco-Guarnieri1.jpg 800w\" sizes=\"(max-width: 300px) 100vw, 300px\" \/><\/figure>\n\n\n\n<p><strong>CIL EPG Gianfrancesco Guarnieri<\/strong><br>Rua Marcondes Munhoz S\/N \u2013 Pimentas<br>Tel. 3988-2560<br>e-mail: epggianfrancesco@educacao.guarulhos.sp.gov.br<\/p>\n\n\n\n<figure class=\"wp-block-image size-medium is-resized\"><img loading=\"lazy\" src=\"https:\/\/portaleducacao.guarulhos.sp.gov.br\/wp_site\/abrilliterario\/wp-content\/uploads\/sites\/24\/2023\/03\/CIL-EPG-Giovani-Angelini1-225x300.jpg\" alt=\"\" class=\"wp-image-643\" width=\"225\" height=\"300\" srcset=\"https:\/\/portaleducacao.guarulhos.sp.gov.br\/wp_site\/abrilliterario\/wp-content\/uploads\/sites\/24\/2023\/03\/CIL-EPG-Giovani-Angelini1-225x300.jpg 225w, https:\/\/portaleducacao.guarulhos.sp.gov.br\/wp_site\/abrilliterario\/wp-content\/uploads\/sites\/24\/2023\/03\/CIL-EPG-Giovani-Angelini1.jpg 360w\" sizes=\"(max-width: 225px) 100vw, 225px\" \/><\/figure>\n\n\n\n<p><strong>CIL EPG Giovani Angelini<\/strong><br>Rua Ivan Edmundo Scarameli 301 \u2013 S\u00e3o Jo\u00e3o<br>Tel. 2469-4740<br>e-mail: giovaniangelini@educacao.guarulhos.sp.gov.br<\/p>\n\n\n\n<hr class=\"wp-block-separator has-alpha-channel-opacity is-style-wide\" \/>\n\n\n\n<figure class=\"wp-block-image size-medium\"><img loading=\"lazy\" width=\"300\" height=\"225\" src=\"https:\/\/portaleducacao.guarulhos.sp.gov.br\/wp_site\/abrilliterario\/wp-content\/uploads\/sites\/24\/2023\/03\/CIL-EPG-Glorinha-Pimentel1-300x225.jpg\" alt=\"\" class=\"wp-image-644\" srcset=\"https:\/\/portaleducacao.guarulhos.sp.gov.br\/wp_site\/abrilliterario\/wp-content\/uploads\/sites\/24\/2023\/03\/CIL-EPG-Glorinha-Pimentel1-300x225.jpg 300w, https:\/\/portaleducacao.guarulhos.sp.gov.br\/wp_site\/abrilliterario\/wp-content\/uploads\/sites\/24\/2023\/03\/CIL-EPG-Glorinha-Pimentel1-768x576.jpg 768w, https:\/\/portaleducacao.guarulhos.sp.gov.br\/wp_site\/abrilliterario\/wp-content\/uploads\/sites\/24\/2023\/03\/CIL-EPG-Glorinha-Pimentel1.jpg 800w\" sizes=\"(max-width: 300px) 100vw, 300px\" \/><\/figure>\n\n\n\n<p><strong>CIL EPG Glorinha Pimentel<\/strong><br>Rua Pedra Lavada, 829 \u2013 Cumbica<br>Tel. 2279-5785<br>e-mail: epgglorinhapimentel@educacao.guarulhos.sp.gov.br<\/p>\n\n\n\n<hr class=\"wp-block-separator has-alpha-channel-opacity is-style-wide\" \/>\n\n\n\n<figure class=\"wp-block-image size-full\"><img loading=\"lazy\" width=\"300\" height=\"225\" src=\"https:\/\/portaleducacao.guarulhos.sp.gov.br\/wp_site\/abrilliterario\/wp-content\/uploads\/sites\/24\/2023\/03\/image-1.png\" alt=\"\" class=\"wp-image-649\" \/><\/figure>\n\n\n\n<p><strong>CIL EPG Jo\u00e3o \u00c1lvares, Padre<\/strong><br>Avenida Estilac Leal, 325 \u2013 Centro<br>Tel. 2440-6671<br>e-mail: epgjoaoalvares@educacao.guarulhos.sp.gov.br<\/p>\n\n\n\n<hr class=\"wp-block-separator has-alpha-channel-opacity is-style-wide\" \/>\n\n\n\n<figure class=\"wp-block-image size-medium\"><img loading=\"lazy\" width=\"300\" height=\"225\" src=\"https:\/\/portaleducacao.guarulhos.sp.gov.br\/wp_site\/abrilliterario\/wp-content\/uploads\/sites\/24\/2023\/03\/CIL-EPG-Helena-Antipoff1-300x225.jpg\" alt=\"\" class=\"wp-image-645\" srcset=\"https:\/\/portaleducacao.guarulhos.sp.gov.br\/wp_site\/abrilliterario\/wp-content\/uploads\/sites\/24\/2023\/03\/CIL-EPG-Helena-Antipoff1-300x225.jpg 300w, https:\/\/portaleducacao.guarulhos.sp.gov.br\/wp_site\/abrilliterario\/wp-content\/uploads\/sites\/24\/2023\/03\/CIL-EPG-Helena-Antipoff1-768x575.jpg 768w, https:\/\/portaleducacao.guarulhos.sp.gov.br\/wp_site\/abrilliterario\/wp-content\/uploads\/sites\/24\/2023\/03\/CIL-EPG-Helena-Antipoff1.jpg 800w\" sizes=\"(max-width: 300px) 100vw, 300px\" \/><\/figure>\n\n\n\n<p><strong>CIL EPG Helena Antipoff<\/strong><br>Rua Telha, 45 \u2013 Pimentas<br>Tel. 2484-1625<br>e-mail: epghelenaantipoff@educacao.guarulhos.sp.gov.br<\/p>\n\n\n\n<hr class=\"wp-block-separator has-alpha-channel-opacity is-style-wide\" \/>\n\n\n\n<figure class=\"wp-block-image size-full\"><img loading=\"lazy\" width=\"300\" height=\"158\" src=\"https:\/\/portaleducacao.guarulhos.sp.gov.br\/wp_site\/abrilliterario\/wp-content\/uploads\/sites\/24\/2023\/03\/CIL-EPG-Marfilha-Belotti1.jpg\" alt=\"\" class=\"wp-image-646\" \/><\/figure>\n\n\n\n<p><strong>CIL EPG Marfilha Belloti<\/strong><br>Avenida Estados Unidos, 97 \u2013 Cumbica<br>Tel. 2433-195\/ 2303-4872<br>e-mail: epgmarfilhabelloti@educacao.guarulhos.sp.gov.br<\/p>\n\n\n\n<hr class=\"wp-block-separator has-alpha-channel-opacity is-style-wide\" \/>\n\n\n\n<figure class=\"wp-block-image size-medium\"><img loading=\"lazy\" width=\"225\" height=\"300\" src=\"https:\/\/portaleducacao.guarulhos.sp.gov.br\/wp_site\/abrilliterario\/wp-content\/uploads\/sites\/24\/2023\/03\/CIL-EPG-Monteiro-Lobato1-225x300.jpg\" alt=\"\" class=\"wp-image-647\" srcset=\"https:\/\/portaleducacao.guarulhos.sp.gov.br\/wp_site\/abrilliterario\/wp-content\/uploads\/sites\/24\/2023\/03\/CIL-EPG-Monteiro-Lobato1-225x300.jpg 225w, https:\/\/portaleducacao.guarulhos.sp.gov.br\/wp_site\/abrilliterario\/wp-content\/uploads\/sites\/24\/2023\/03\/CIL-EPG-Monteiro-Lobato1.jpg 600w\" sizes=\"(max-width: 225px) 100vw, 225px\" \/><\/figure>\n\n\n\n<p><strong>CIL EPG Monteiro Lobato<\/strong><br>Rua Joao De Souza, 435 \u2013 Monte Carmelo<br>Tel. 2402-0732<br>e-mail: epgmonteirolobato@educacao.guarulhos.sp.gov.br<\/p>\n","protected":false},"excerpt":{"rendered":"<p>Bibliotecas Biblioteca AdamastorEndere\u00e7o: Avenida Monteiro Lobato, 734, MacedoHor\u00e1rio de atendimento: de Segunda \u00e0 S\u00e1bado, das 10h \u00e0s 16hWhatsApp: (11) 2472-5418E-mail e Hangouts &#8211; cmeadamastor@educacao.guarulhos.sp.gov.br Biblioteca Jos\u00e9 Mignella (CME Parque J\u00falio &hellip;<\/p>\n<p class=\"read-more\"> <a class=\"\" href=\"https:\/\/portaleducacao.guarulhos.sp.gov.br\/wp_site\/abrilliterario\/bibliotecas-e-centros-de-incentivo-a-leitura\/\"> <span class=\"screen-reader-text\">BIBLIOTECAS E CENTROS DE INCENTIVO \u00c0 LEITURA<\/span> Leia mais &raquo;<\/a><\/p>\n","protected":false},"author":8,"featured_media":0,"parent":0,"menu_order":0,"comment_status":"closed","ping_status":"closed","template":"","meta":{"_monsterinsights_skip_tracking":false,"_monsterinsights_sitenote_active":false,"_monsterinsights_sitenote_note":"","_monsterinsights_sitenote_category":0,"site-sidebar-layout":"default","site-content-layout":"default","ast-global-header-display":"","ast-main-header-display":"","ast-hfb-above-header-display":"","ast-hfb-below-header-display":"","ast-hfb-mobile-header-display":"","site-post-title":"","ast-breadcrumbs-content":"","ast-featured-img":"","footer-sml-layout":"","theme-transparent-header-meta":"","adv-header-id-meta":"","stick-header-meta":"","header-above-stick-meta":"","header-main-stick-meta":"","header-below-stick-meta":"","_expiration-date-status":"","_expiration-date":0,"_expiration-date-type":"","_expiration-date-categories":[],"_expiration-date-options":[]},"categories":[],"tags":[],"yoast_head":"<!-- This site is optimized with the Yoast SEO plugin v19.7.1 - https:\/\/yoast.com\/wordpress\/plugins\/seo\/ -->\r\n<title>BIBLIOTECAS E CENTROS DE INCENTIVO \u00c0 LEITURA - Abril Liter\u00e1rio<\/title>\r\n<meta name=\"robots\" content=\"index, follow, max-snippet:-1, max-image-preview:large, max-video-preview:-1\" \/>\r\n<link rel=\"canonical\" href=\"https:\/\/portaleducacao.guarulhos.sp.gov.br\/wp_site\/abrilliterario\/bibliotecas-e-centros-de-incentivo-a-leitura\/\" \/>\r\n<meta property=\"og:locale\" content=\"pt_BR\" \/>\r\n<meta property=\"og:type\" content=\"article\" \/>\r\n<meta property=\"og:title\" content=\"BIBLIOTECAS E CENTROS DE INCENTIVO \u00c0 LEITURA - Abril Liter\u00e1rio\" \/>\r\n<meta property=\"og:description\" content=\"Bibliotecas Biblioteca AdamastorEndere\u00e7o: Avenida Monteiro Lobato, 734, MacedoHor\u00e1rio de atendimento: de Segunda \u00e0 S\u00e1bado, das 10h \u00e0s 16hWhatsApp: (11) 2472-5418E-mail e Hangouts &#8211; cmeadamastor@educacao.guarulhos.sp.gov.br Biblioteca Jos\u00e9 Mignella (CME Parque J\u00falio &hellip; BIBLIOTECAS E CENTROS DE INCENTIVO \u00c0 LEITURA Leia mais &raquo;\" \/>\r\n<meta property=\"og:url\" content=\"https:\/\/portaleducacao.guarulhos.sp.gov.br\/wp_site\/abrilliterario\/bibliotecas-e-centros-de-incentivo-a-leitura\/\" \/>\r\n<meta property=\"og:site_name\" content=\"Abril Liter\u00e1rio\" \/>\r\n<meta property=\"article:modified_time\" content=\"2023-04-12T18:04:13+00:00\" \/>\r\n<meta property=\"og:image\" content=\"https:\/\/portaleducacao.guarulhos.sp.gov.br\/wp_site\/abrilliterario\/wp-content\/uploads\/sites\/24\/2023\/03\/Biblioteca-Adamastor1-300x225.jpg\" \/>\r\n<meta name=\"twitter:card\" content=\"summary_large_image\" \/>\r\n<meta name=\"twitter:label1\" content=\"Est. tempo de leitura\" \/>\n\t<meta name=\"twitter:data1\" content=\"7 minutos\" \/>\r\n<script type=\"application\/ld+json\" class=\"yoast-schema-graph\">{\"@context\":\"https:\/\/schema.org\",\"@graph\":[{\"@type\":\"WebPage\",\"@id\":\"https:\/\/portaleducacao.guarulhos.sp.gov.br\/wp_site\/abrilliterario\/bibliotecas-e-centros-de-incentivo-a-leitura\/\",\"url\":\"https:\/\/portaleducacao.guarulhos.sp.gov.br\/wp_site\/abrilliterario\/bibliotecas-e-centros-de-incentivo-a-leitura\/\",\"name\":\"BIBLIOTECAS E CENTROS DE INCENTIVO \u00c0 LEITURA - Abril Liter\u00e1rio\",\"isPartOf\":{\"@id\":\"https:\/\/portaleducacao.guarulhos.sp.gov.br\/wp_site\/abrilliterario\/#website\"},\"datePublished\":\"2023-03-10T13:35:51+00:00\",\"dateModified\":\"2023-04-12T18:04:13+00:00\",\"breadcrumb\":{\"@id\":\"https:\/\/portaleducacao.guarulhos.sp.gov.br\/wp_site\/abrilliterario\/bibliotecas-e-centros-de-incentivo-a-leitura\/#breadcrumb\"},\"inLanguage\":\"pt-BR\",\"potentialAction\":[{\"@type\":\"ReadAction\",\"target\":[\"https:\/\/portaleducacao.guarulhos.sp.gov.br\/wp_site\/abrilliterario\/bibliotecas-e-centros-de-incentivo-a-leitura\/\"]}]},{\"@type\":\"BreadcrumbList\",\"@id\":\"https:\/\/portaleducacao.guarulhos.sp.gov.br\/wp_site\/abrilliterario\/bibliotecas-e-centros-de-incentivo-a-leitura\/#breadcrumb\",\"itemListElement\":[{\"@type\":\"ListItem\",\"position\":1,\"name\":\"In\u00edcio\",\"item\":\"https:\/\/portaleducacao.guarulhos.sp.gov.br\/wp_site\/abrilliterario\/\"},{\"@type\":\"ListItem\",\"position\":2,\"name\":\"BIBLIOTECAS E CENTROS DE INCENTIVO \u00c0 LEITURA\"}]},{\"@type\":\"WebSite\",\"@id\":\"https:\/\/portaleducacao.guarulhos.sp.gov.br\/wp_site\/abrilliterario\/#website\",\"url\":\"https:\/\/portaleducacao.guarulhos.sp.gov.br\/wp_site\/abrilliterario\/\",\"name\":\"Abril Liter\u00e1rio\",\"description\":\"Literalmente isso...\",\"potentialAction\":[{\"@type\":\"SearchAction\",\"target\":{\"@type\":\"EntryPoint\",\"urlTemplate\":\"https:\/\/portaleducacao.guarulhos.sp.gov.br\/wp_site\/abrilliterario\/?s={search_term_string}\"},\"query-input\":\"required name=search_term_string\"}],\"inLanguage\":\"pt-BR\"}]}<\/script>\r\n<!-- \/ Yoast SEO plugin. -->","yoast_head_json":{"title":"BIBLIOTECAS E CENTROS DE INCENTIVO \u00c0 LEITURA - Abril Liter\u00e1rio","robots":{"index":"index","follow":"follow","max-snippet":"max-snippet:-1","max-image-preview":"max-image-preview:large","max-video-preview":"max-video-preview:-1"},"canonical":"https:\/\/portaleducacao.guarulhos.sp.gov.br\/wp_site\/abrilliterario\/bibliotecas-e-centros-de-incentivo-a-leitura\/","og_locale":"pt_BR","og_type":"article","og_title":"BIBLIOTECAS E CENTROS DE INCENTIVO \u00c0 LEITURA - Abril Liter\u00e1rio","og_description":"Bibliotecas Biblioteca AdamastorEndere\u00e7o: Avenida Monteiro Lobato, 734, MacedoHor\u00e1rio de atendimento: de Segunda \u00e0 S\u00e1bado, das 10h \u00e0s 16hWhatsApp: (11) 2472-5418E-mail e Hangouts &#8211; cmeadamastor@educacao.guarulhos.sp.gov.br Biblioteca Jos\u00e9 Mignella (CME Parque J\u00falio &hellip; BIBLIOTECAS E CENTROS DE INCENTIVO \u00c0 LEITURA Leia mais &raquo;","og_url":"https:\/\/portaleducacao.guarulhos.sp.gov.br\/wp_site\/abrilliterario\/bibliotecas-e-centros-de-incentivo-a-leitura\/","og_site_name":"Abril Liter\u00e1rio","article_modified_time":"2023-04-12T18:04:13+00:00","og_image":[{"url":"https:\/\/portaleducacao.guarulhos.sp.gov.br\/wp_site\/abrilliterario\/wp-content\/uploads\/sites\/24\/2023\/03\/Biblioteca-Adamastor1-300x225.jpg"}],"twitter_card":"summary_large_image","twitter_misc":{"Est. tempo de leitura":"7 minutos"},"schema":{"@context":"https:\/\/schema.org","@graph":[{"@type":"WebPage","@id":"https:\/\/portaleducacao.guarulhos.sp.gov.br\/wp_site\/abrilliterario\/bibliotecas-e-centros-de-incentivo-a-leitura\/","url":"https:\/\/portaleducacao.guarulhos.sp.gov.br\/wp_site\/abrilliterario\/bibliotecas-e-centros-de-incentivo-a-leitura\/","name":"BIBLIOTECAS E CENTROS DE INCENTIVO \u00c0 LEITURA - Abril Liter\u00e1rio","isPartOf":{"@id":"https:\/\/portaleducacao.guarulhos.sp.gov.br\/wp_site\/abrilliterario\/#website"},"datePublished":"2023-03-10T13:35:51+00:00","dateModified":"2023-04-12T18:04:13+00:00","breadcrumb":{"@id":"https:\/\/portaleducacao.guarulhos.sp.gov.br\/wp_site\/abrilliterario\/bibliotecas-e-centros-de-incentivo-a-leitura\/#breadcrumb"},"inLanguage":"pt-BR","potentialAction":[{"@type":"ReadAction","target":["https:\/\/portaleducacao.guarulhos.sp.gov.br\/wp_site\/abrilliterario\/bibliotecas-e-centros-de-incentivo-a-leitura\/"]}]},{"@type":"BreadcrumbList","@id":"https:\/\/portaleducacao.guarulhos.sp.gov.br\/wp_site\/abrilliterario\/bibliotecas-e-centros-de-incentivo-a-leitura\/#breadcrumb","itemListElement":[{"@type":"ListItem","position":1,"name":"In\u00edcio","item":"https:\/\/portaleducacao.guarulhos.sp.gov.br\/wp_site\/abrilliterario\/"},{"@type":"ListItem","position":2,"name":"BIBLIOTECAS E CENTROS DE INCENTIVO \u00c0 LEITURA"}]},{"@type":"WebSite","@id":"https:\/\/portaleducacao.guarulhos.sp.gov.br\/wp_site\/abrilliterario\/#website","url":"https:\/\/portaleducacao.guarulhos.sp.gov.br\/wp_site\/abrilliterario\/","name":"Abril Liter\u00e1rio","description":"Literalmente isso...","potentialAction":[{"@type":"SearchAction","target":{"@type":"EntryPoint","urlTemplate":"https:\/\/portaleducacao.guarulhos.sp.gov.br\/wp_site\/abrilliterario\/?s={search_term_string}"},"query-input":"required name=search_term_string"}],"inLanguage":"pt-BR"}]}},"_links":{"self":[{"href":"https:\/\/portaleducacao.guarulhos.sp.gov.br\/wp_site\/abrilliterario\/wp-json\/wp\/v2\/pages\/199"}],"collection":[{"href":"https:\/\/portaleducacao.guarulhos.sp.gov.br\/wp_site\/abrilliterario\/wp-json\/wp\/v2\/pages"}],"about":[{"href":"https:\/\/portaleducacao.guarulhos.sp.gov.br\/wp_site\/abrilliterario\/wp-json\/wp\/v2\/types\/page"}],"author":[{"embeddable":true,"href":"https:\/\/portaleducacao.guarulhos.sp.gov.br\/wp_site\/abrilliterario\/wp-json\/wp\/v2\/users\/8"}],"replies":[{"embeddable":true,"href":"https:\/\/portaleducacao.guarulhos.sp.gov.br\/wp_site\/abrilliterario\/wp-json\/wp\/v2\/comments?post=199"}],"version-history":[{"count":13,"href":"https:\/\/portaleducacao.guarulhos.sp.gov.br\/wp_site\/abrilliterario\/wp-json\/wp\/v2\/pages\/199\/revisions"}],"predecessor-version":[{"id":795,"href":"https:\/\/portaleducacao.guarulhos.sp.gov.br\/wp_site\/abrilliterario\/wp-json\/wp\/v2\/pages\/199\/revisions\/795"}],"wp:attachment":[{"href":"https:\/\/portaleducacao.guarulhos.sp.gov.br\/wp_site\/abrilliterario\/wp-json\/wp\/v2\/media?parent=199"}],"wp:term":[{"taxonomy":"category","embeddable":true,"href":"https:\/\/portaleducacao.guarulhos.sp.gov.br\/wp_site\/abrilliterario\/wp-json\/wp\/v2\/categories?post=199"},{"taxonomy":"post_tag","embeddable":true,"href":"https:\/\/portaleducacao.guarulhos.sp.gov.br\/wp_site\/abrilliterario\/wp-json\/wp\/v2\/tags?post=199"}],"curies":[{"name":"wp","href":"https:\/\/api.w.org\/{rel}","templated":true}]}}