{"id":282,"date":"2023-03-27T10:00:59","date_gmt":"2023-03-27T13:00:59","guid":{"rendered":"https:\/\/portaleducacao.guarulhos.sp.gov.br\/wp_site\/abrilliterario\/?page_id=282"},"modified":"2023-04-14T12:11:36","modified_gmt":"2023-04-14T15:11:36","slug":"encontro-com-autores","status":"publish","type":"page","link":"https:\/\/portaleducacao.guarulhos.sp.gov.br\/wp_site\/abrilliterario\/encontro-com-autores\/","title":{"rendered":"ENCONTRO COM AUTORES"},"content":{"rendered":"\n<figure class=\"wp-block-image aligncenter size-medium is-resized\"><img loading=\"lazy\" src=\"https:\/\/portaleducacao.guarulhos.sp.gov.br\/wp_site\/abrilliterario\/wp-content\/uploads\/sites\/24\/2023\/03\/IMG-20230310-WA0010-200x300.jpg\" alt=\"\" class=\"wp-image-293\" width=\"223\" height=\"335\" srcset=\"https:\/\/portaleducacao.guarulhos.sp.gov.br\/wp_site\/abrilliterario\/wp-content\/uploads\/sites\/24\/2023\/03\/IMG-20230310-WA0010-200x300.jpg 200w, https:\/\/portaleducacao.guarulhos.sp.gov.br\/wp_site\/abrilliterario\/wp-content\/uploads\/sites\/24\/2023\/03\/IMG-20230310-WA0010-683x1024.jpg 683w, https:\/\/portaleducacao.guarulhos.sp.gov.br\/wp_site\/abrilliterario\/wp-content\/uploads\/sites\/24\/2023\/03\/IMG-20230310-WA0010-768x1152.jpg 768w, https:\/\/portaleducacao.guarulhos.sp.gov.br\/wp_site\/abrilliterario\/wp-content\/uploads\/sites\/24\/2023\/03\/IMG-20230310-WA0010-1024x1536.jpg 1024w, https:\/\/portaleducacao.guarulhos.sp.gov.br\/wp_site\/abrilliterario\/wp-content\/uploads\/sites\/24\/2023\/03\/IMG-20230310-WA0010.jpg 1067w\" sizes=\"(max-width: 223px) 100vw, 223px\" \/><\/figure>\n\n\n\n<p class=\"has-text-align-center has-small-font-size\"><sup><strong>Cr\u00e9dito:<\/strong> Douglas Barcelos<\/sup><\/p>\n\n\n\n<p class=\"has-text-align-center has-luminous-vivid-orange-color has-text-color has-large-font-size\"><strong>Bel Santos<\/strong><\/p>\n\n\n\n<p class=\"has-medium-font-size\"><strong>Tema:<\/strong> \u201cDa diversidade humana \u00e0 diversidade liter\u00e1ria\u201d<br><strong>Data:<\/strong> 05\/04 &#8211; 08h \u00e0s 12h<br><strong>Local:<\/strong> Centro Municipal de Educa\u00e7\u00e3o Adamastor \u2013 Teatro<br><strong>Modalidade:<\/strong> Presencial<br><strong>P\u00fablico Alvo:<\/strong> Convoca\u00e7\u00e3o para Professores Coordenadores Pedag\u00f3gicos, Professores do Programa Educamais, Formadores do Programa LEIA, Professores do AEE e Professores de Educa\u00e7\u00e3o Especial (PEE); e convite para gestores dos CEU\u2019s, CME\u2019s e Coordenadores de Programas Educacionais atuantes nos CILs e CMIL\u2019s.<br><strong>Mini Curr\u00edculo:<\/strong> Educadora social, mestra em Turismo pelo Programa de P\u00f3s Gradua\u00e7\u00e3o em Turismo da Escola de Artes, Cultura e Humanidades da USP (PPGTUR\/EACH\/USP). Coordena o Instituto Brasileiro de Estudos e Apoio Comunit\u00e1rio (IBEAC) desde 1997. \u00c9 co-gestora da Rede LiteraSampa, finalista do Pr\u00eamio Jabuti 2019. Curadora da 11\u00aa Edi\u00e7\u00e3o do Pr\u00eamio S\u00e3o Paulo de Literatura e do Conselho Curador do 63\u00b0 e 64\u00b0 Pr\u00eamio Jabuti.<\/p>\n\n\n\n<hr class=\"wp-block-separator has-alpha-channel-opacity is-style-wide\" \/>\n\n\n\n<figure class=\"wp-block-image aligncenter size-medium\"><img loading=\"lazy\" width=\"300\" height=\"200\" src=\"https:\/\/portaleducacao.guarulhos.sp.gov.br\/wp_site\/abrilliterario\/wp-content\/uploads\/sites\/24\/2023\/03\/IMG-20230316-WA0022-300x200.jpg\" alt=\"\" class=\"wp-image-294\" srcset=\"https:\/\/portaleducacao.guarulhos.sp.gov.br\/wp_site\/abrilliterario\/wp-content\/uploads\/sites\/24\/2023\/03\/IMG-20230316-WA0022-300x200.jpg 300w, https:\/\/portaleducacao.guarulhos.sp.gov.br\/wp_site\/abrilliterario\/wp-content\/uploads\/sites\/24\/2023\/03\/IMG-20230316-WA0022.jpg 720w\" sizes=\"(max-width: 300px) 100vw, 300px\" \/><\/figure>\n\n\n\n<p class=\"has-text-align-center has-luminous-vivid-orange-color has-text-color has-large-font-size\"><strong>Paula Maria Knoll<\/strong><\/p>\n\n\n\n<p class=\"has-medium-font-size\"><strong>Tema:<\/strong> Conta\u00e7\u00e3o de Hist\u00f3rias (O som que vem da \u00c1frica)<br><strong>Data:<\/strong> 05\/04 \u2013 8h \u00e0s 12h<br><strong>Local:<\/strong> Centro Municipal de Educa\u00e7\u00e3o Adamastor \u2013 Teatro<br><strong>Modalidade:<\/strong> Presencial<br><strong>P\u00fablico Alvo: <\/strong>Convoca\u00e7\u00e3o para Professores Coordenadores Pedag\u00f3gicos, Professores do Programa Educamais, Formadores do Programa LEIA, Professores do AEE e Professores de Educa\u00e7\u00e3o Especial (PEE); e convite para gestores dos CEU\u2019s, CME\u2019s e Coordenadores de Programas Educacionais atuantes nos CILs e CMIL\u2019s.<br><strong>Mini Curr\u00edculo:<\/strong> P\u00f3s-Graduada no Curso \u201cA Arte de Contar Hist\u00f3rias\u201d atriz e designer gr\u00e1fica, pesquisou uma metodologia in\u00e9dita sobre o uso do objeto na narrativa oral, a partir de sua experi\u00eancia com Projeto Contos Encontados. O Projeto foi aprovado em Editais Municipais, Estaduais e Federais de Cultura. Em cartaz desde 2007 realizou apresenta\u00e7\u00f5es nos Programas Supernanny e Programa da Eliana (SBT) e Quintal da Cultura, Rede SESC , Livrarias, Bibliotecas, Empresas, Escolas e Institui\u00e7\u00f5es para Longa Perman\u00eancia de Idosos. Desde 2017 conta hist\u00f3rias com beb\u00eas.<\/p>\n\n\n\n<hr class=\"wp-block-separator has-alpha-channel-opacity is-style-wide\" \/>\n\n\n\n<figure class=\"wp-block-image aligncenter size-medium\"><img loading=\"lazy\" width=\"300\" height=\"258\" src=\"https:\/\/portaleducacao.guarulhos.sp.gov.br\/wp_site\/abrilliterario\/wp-content\/uploads\/sites\/24\/2023\/03\/20220917_222932-300x258.png\" alt=\"\" class=\"wp-image-295\" srcset=\"https:\/\/portaleducacao.guarulhos.sp.gov.br\/wp_site\/abrilliterario\/wp-content\/uploads\/sites\/24\/2023\/03\/20220917_222932-300x258.png 300w, https:\/\/portaleducacao.guarulhos.sp.gov.br\/wp_site\/abrilliterario\/wp-content\/uploads\/sites\/24\/2023\/03\/20220917_222932-1024x881.png 1024w, https:\/\/portaleducacao.guarulhos.sp.gov.br\/wp_site\/abrilliterario\/wp-content\/uploads\/sites\/24\/2023\/03\/20220917_222932-768x661.png 768w, https:\/\/portaleducacao.guarulhos.sp.gov.br\/wp_site\/abrilliterario\/wp-content\/uploads\/sites\/24\/2023\/03\/20220917_222932.png 1080w\" sizes=\"(max-width: 300px) 100vw, 300px\" \/><\/figure>\n\n\n\n<p class=\"has-text-align-center has-luminous-vivid-orange-color has-text-color has-large-font-size\"><strong>Viviane Midori Kotaki Silva<\/strong><br><\/p>\n\n\n\n<p class=\"has-medium-font-size\"><strong>Tema:<\/strong> \u201cOs desafios de uma escritora surda\u201d<br><strong>Data:<\/strong> 05\/04 &#8211; 13h \u00e0s 17h<br><strong>Local:<\/strong> Centro Municipal de Educa\u00e7\u00e3o Adamastor \u2013 Teatro<br><strong>Modalidade:<\/strong> Presencial<br><strong>P\u00fablico Alvo:<\/strong> Convoca\u00e7\u00e3o para Professores Coordenadores Pedag\u00f3gicos, Professores do Programa Educamais, Formadores do Programa LEIA, Professores do AEE e Professores de Educa\u00e7\u00e3o Especial (PEE); e convite para gestores dos CEU\u2019s, CME\u2019s e Coordenadores de Programas Educacionais atuantes nos CILs e CMIL\u2019s.<br><strong>Mini Curr\u00edculo:<\/strong> Escritora surda, nascida em S\u00e3o Paulo, Designer, Artes\u00e3, Artista Pl\u00e1stica, Ilustradora e Empreendedora da Idealibras Produ\u00e7\u00f5es Art\u00edsticas. \u00c9 formada em Design Gr\u00e1fico pela FMU. Atualmente, desenvolve um projeto editorial em edi\u00e7\u00e3o e cria\u00e7\u00e3o art\u00edstica pela empresa Idealibras Produ\u00e7\u00f5es Art\u00edsticas e Liter\u00e1rias em elaborar produtos voltados para cultura surda, atrav\u00e9s da cole\u00e7\u00e3o de livro infantil e tamb\u00e9m de produtos artesanais em Libras.<br>Buscou sua inspira\u00e7\u00e3o na Literatura Surda e escreveu v\u00e1rias hist\u00f3rias infantis, pois foi uma forma de expressar sua imagina\u00e7\u00e3o sobre o universo surdo, por meio das palavras e ilustra\u00e7\u00f5es.<\/p>\n\n\n\n<hr class=\"wp-block-separator has-alpha-channel-opacity is-style-wide\" \/>\n\n\n\n<figure class=\"wp-block-image aligncenter size-medium\"><img loading=\"lazy\" width=\"200\" height=\"300\" src=\"https:\/\/portaleducacao.guarulhos.sp.gov.br\/wp_site\/abrilliterario\/wp-content\/uploads\/sites\/24\/2023\/03\/IMG-20230316-WA0070-200x300.jpg\" alt=\"\" class=\"wp-image-296\" srcset=\"https:\/\/portaleducacao.guarulhos.sp.gov.br\/wp_site\/abrilliterario\/wp-content\/uploads\/sites\/24\/2023\/03\/IMG-20230316-WA0070-200x300.jpg 200w, https:\/\/portaleducacao.guarulhos.sp.gov.br\/wp_site\/abrilliterario\/wp-content\/uploads\/sites\/24\/2023\/03\/IMG-20230316-WA0070-682x1024.jpg 682w, https:\/\/portaleducacao.guarulhos.sp.gov.br\/wp_site\/abrilliterario\/wp-content\/uploads\/sites\/24\/2023\/03\/IMG-20230316-WA0070-768x1153.jpg 768w, https:\/\/portaleducacao.guarulhos.sp.gov.br\/wp_site\/abrilliterario\/wp-content\/uploads\/sites\/24\/2023\/03\/IMG-20230316-WA0070-1023x1536.jpg 1023w, https:\/\/portaleducacao.guarulhos.sp.gov.br\/wp_site\/abrilliterario\/wp-content\/uploads\/sites\/24\/2023\/03\/IMG-20230316-WA0070.jpg 1066w\" sizes=\"(max-width: 200px) 100vw, 200px\" \/><\/figure>\n\n\n\n<p class=\"has-text-align-center has-luminous-vivid-orange-color has-text-color has-large-font-size\"><strong>Cesar Obeid<\/strong><\/p>\n\n\n\n<p class=\"has-medium-font-size\"><strong>Tema:<\/strong> Mesa tem\u00e1tica &#8211; \u201cViv\u00eancias e Narrativas: Por uma Literatura Inclusiva\u201d<br><strong>Data:<\/strong> 05\/04 &#8211; 13h \u00e0s 17h<br><strong>Local:<\/strong> Centro Municipal de Educa\u00e7\u00e3o Adamastor \u2013 Teatro<br><strong>Modalidade:<\/strong> Presencial<br><strong>P\u00fablico Alvo:<\/strong> Convoca\u00e7\u00e3o para Professores Coordenadores Pedag\u00f3gicos, Professores do Programa Educamais, Formadores do Programa LEIA, Professores do AEE e Professores de Educa\u00e7\u00e3o Especial (PEE); e convite para gestores dos CEU\u2019s, CME\u2019s e Coordenadores de Programas Educacionais atuantes nos CILs e CMIL\u2019s.<br><strong>Mini Curr\u00edculo: <\/strong>C\u00e9sar Obeid \u00e9 escritor, palestrante, contador de hist\u00f3rias e poeta. Com mais de 25 anos de experi\u00eancia como palestrante e comunicador na \u00e1rea das artes, \u00e9 conhecido pela capacidade de intera\u00e7\u00e3o com o p\u00fablico e bom humor em suas apresenta\u00e7\u00f5es.<br>Autor de mais de 38 livros para jovens e crian\u00e7as, viaja  por todo pa\u00eds para falar sobre<br>literatura, leitura, poesia e escrita criativa, suas paix\u00f5es.<\/p>\n\n\n\n<hr class=\"wp-block-separator has-alpha-channel-opacity is-style-wide\" \/>\n\n\n\n<figure class=\"wp-block-image aligncenter size-medium\"><img loading=\"lazy\" width=\"199\" height=\"300\" src=\"https:\/\/portaleducacao.guarulhos.sp.gov.br\/wp_site\/abrilliterario\/wp-content\/uploads\/sites\/24\/2023\/03\/IMG-20230316-WA0073-199x300.jpg\" alt=\"\" class=\"wp-image-297\" srcset=\"https:\/\/portaleducacao.guarulhos.sp.gov.br\/wp_site\/abrilliterario\/wp-content\/uploads\/sites\/24\/2023\/03\/IMG-20230316-WA0073-199x300.jpg 199w, https:\/\/portaleducacao.guarulhos.sp.gov.br\/wp_site\/abrilliterario\/wp-content\/uploads\/sites\/24\/2023\/03\/IMG-20230316-WA0073-680x1024.jpg 680w, https:\/\/portaleducacao.guarulhos.sp.gov.br\/wp_site\/abrilliterario\/wp-content\/uploads\/sites\/24\/2023\/03\/IMG-20230316-WA0073.jpg 720w\" sizes=\"(max-width: 199px) 100vw, 199px\" \/><\/figure>\n\n\n\n<p class=\"has-text-align-center has-luminous-vivid-orange-color has-text-color has-large-font-size\"><strong>Jobana Moya<\/strong><\/p>\n\n\n\n<p class=\"has-medium-font-size\"><strong>Tema:<\/strong> Mesa tem\u00e1tica &#8211; \u201cViv\u00eancias e Narrativas: Por uma Literatura Inclusiva\u201d<br><strong>Data:<\/strong> 05\/04 &#8211; 13h \u00e0s 17h<br><strong>Local:<\/strong> Centro Municipal de Educa\u00e7\u00e3o Adamastor \u2013 Sal\u00e3o de Artes<br><strong>Modalidade:<\/strong> Presencial<br><strong>P\u00fablico Alvo:<\/strong> Convoca\u00e7\u00e3o para Professores Coordenadores Pedag\u00f3gicos, Professores do Programa Educamais, Formadores do Programa LEIA, Professores do AEE e Professores de Educa\u00e7\u00e3o Especial (PEE); e convite para gestores dos CEU\u2019s, CME\u2019s e Coordenadores de Programas Educacionais atuantes nos CILs e CMIL\u2019s.<br><strong>Mini Curr\u00edculo: <\/strong>Jobana \u00e9 autora do livro HU\u00c1SCAR, SEUS CABELOS E AS RA\u00cdZES, um livro da s\u00e9rie \u201cDe l\u00e1, l\u00e1 e acol\u00e1\u201d, livros infantis escritos por m\u00e3es migrantes ativistas. Graduanda em Sociologia e Pol\u00edtica, faz a pesquisa \u201cPr\u00e1ticas culturais e saberes ancestrais de mulheres imigrantes andinas na gravidez, parto e p\u00f3s-parto na cidade de S\u00e3o Paulo: mulheres Aymaras e Qu\u00e9chuas da Bol\u00edvia\u201d. Participa da equipe de Base Warmis, uma organiza\u00e7\u00e3o de mulheres imigrantes volunt\u00e1rias oriundas de diferentes pa\u00edses. Articula a\u00e7\u00f5es para orientar mudan\u00e7as positivas nos indiv\u00edduos e na sociedade.<\/p>\n\n\n\n<figure class=\"wp-block-image aligncenter size-full\"><img loading=\"lazy\" width=\"240\" height=\"180\" src=\"https:\/\/portaleducacao.guarulhos.sp.gov.br\/wp_site\/abrilliterario\/wp-content\/uploads\/sites\/24\/2023\/04\/Lakitas.jpg\" alt=\"\" class=\"wp-image-763\" \/><\/figure>\n\n\n\n<p class=\"has-text-align-center has-luminous-vivid-orange-color has-text-color has-large-font-size\"><strong>Lakitas<\/strong><\/p>\n\n\n\n<p class=\"has-medium-font-size\"><strong>Tema:<\/strong> Apresenta\u00e7\u00e3o de M\u00fasica Andina<br><strong>Data:<\/strong> 05\/04 \u2013 13h \u00e0s 17h<br><strong>Modalidade:<\/strong> Presencial<br><strong>Local:<\/strong> Sal\u00e3o de Artes do CME Adamastor &#8211; Avenida Monteiro Lobato, 734 &#8211; Macedo<br><strong>P\u00fablico Alvo:<\/strong> Convoca\u00e7\u00e3o para Professores Coordenadores Pedag\u00f3gicos da EJA, Professores Educa\u00e7\u00e3o B\u00e1sica da EJA Ciclo I e Professores de L\u00edngua Portuguesa da EJA Ciclo II; e convite para gestores dos CEU\u2019s, CME\u2019s e Coordenadores de Programas Educacionais atuantes nos CILs e CMIL\u2019s.<br><strong>Mini Curr\u00edculo:<\/strong> O Lakitas Sinchi Warmis \u00e9 um grupo de m\u00fasica andina composto por mulheres imigrantes e filhas de imigrantes que resgatam sua cultura atrav\u00e9s da interpreta\u00e7\u00e3o de m\u00fasicas tradicionais andinas. Ele \u00e9 uma Frente de A\u00e7\u00e3o da Equipe de Base Warmis &#8211; Converg\u00eancia das Culturas, comunidade de mulheres imigrantes que luta pela melhoria de vida das imigrantes na cidade de S\u00e3o Paulo, atrav\u00e9s da metodologia da N\u00e3o-viol\u00eancia Ativa. A miss\u00e3o \u00e9 facilitar e estimular o di\u00e1logo entre culturas, denunciar e lutar contra todas as formas de discrimina\u00e7\u00e3o e todos os tipos de viol\u00eancia atrav\u00e9s da promo\u00e7\u00e3o e prote\u00e7\u00e3o dos direitos humanos, do apoio \u00e0 integra\u00e7\u00e3o social e comunit\u00e1ria, promo\u00e7\u00e3o da interculturalidade na vida social.<\/p>\n\n\n\n<hr class=\"wp-block-separator has-alpha-channel-opacity is-style-wide\" \/>\n\n\n\n<figure class=\"wp-block-image aligncenter size-medium\"><img loading=\"lazy\" width=\"240\" height=\"300\" src=\"https:\/\/portaleducacao.guarulhos.sp.gov.br\/wp_site\/abrilliterario\/wp-content\/uploads\/sites\/24\/2023\/03\/IMG-20230306-WA0014-240x300.jpg\" alt=\"\" class=\"wp-image-301\" srcset=\"https:\/\/portaleducacao.guarulhos.sp.gov.br\/wp_site\/abrilliterario\/wp-content\/uploads\/sites\/24\/2023\/03\/IMG-20230306-WA0014-240x300.jpg 240w, https:\/\/portaleducacao.guarulhos.sp.gov.br\/wp_site\/abrilliterario\/wp-content\/uploads\/sites\/24\/2023\/03\/IMG-20230306-WA0014-819x1024.jpg 819w, https:\/\/portaleducacao.guarulhos.sp.gov.br\/wp_site\/abrilliterario\/wp-content\/uploads\/sites\/24\/2023\/03\/IMG-20230306-WA0014-768x960.jpg 768w, https:\/\/portaleducacao.guarulhos.sp.gov.br\/wp_site\/abrilliterario\/wp-content\/uploads\/sites\/24\/2023\/03\/IMG-20230306-WA0014-1229x1536.jpg 1229w, https:\/\/portaleducacao.guarulhos.sp.gov.br\/wp_site\/abrilliterario\/wp-content\/uploads\/sites\/24\/2023\/03\/IMG-20230306-WA0014.jpg 1280w\" sizes=\"(max-width: 240px) 100vw, 240px\" \/><\/figure>\n\n\n\n<p class=\"has-text-align-center has-luminous-vivid-orange-color has-text-color has-large-font-size\"><strong>Daniel Carvalho<\/strong><\/p>\n\n\n\n<p class=\"has-medium-font-size\"><strong>Tema:<\/strong> Oficina Po\u00e9tica com Daniel Carvalho: \u201cEscrita como espa\u00e7o de inven\u00e7\u00e3o\u201d<br>Participa\u00e7\u00e3o especial do \u201cSlam do Prego com VickVi e Nuel\u201d<br><strong>Data:<\/strong> 05\/04 \u2013 18h \u00e0s 22h<br><strong>Local:<\/strong> Sal\u00e3o de Artes do CME Adamastor &#8211; Avenida Monteiro Lobato, 734 \u2013 Macedo<br><strong>Modalidade:<\/strong> Presencial<br><strong>P\u00fablico Alvo:<\/strong> Convoca\u00e7\u00e3o para Professores Coordenadores Pedag\u00f3gicos da EJA, Professores Educa\u00e7\u00e3o B\u00e1sica da EJA Ciclo I e Professores de L\u00edngua Portuguesa da EJA Ciclo II; e convite para gestores dos CEU\u2019s, CME\u2019s e Coordenadores de Programas Educacionais atuantes nos CILs e CMIL\u2019s.<br><strong>Mini curr\u00edculo:<\/strong> Daniel Carvalho \u00e9 m\u00fasico, educador, poeta, fot\u00f3grafo e editor. \u00c9 Mestre em Letras e Doutorando em Literatura pela USP. Idealizou o projeto Arte e Interven\u00e7\u00e3o Social, que rendeu duas colet\u00e2neas de poesia escritas com seus alunos-poetas: <em>Entre versos controversos<\/em> (2014) e <em>Entre versos controversos<\/em>: o canto de Itaquera (2015). Foi professor premiado por tr\u00eas anos consecutivos no Pr\u00eamio Paulo Freire (3\u00ba lugar em 2014 e o 1\u00ba lugar em 2015 e em 2016). Venceu as grandes finais de Poetry Slam no Slam da Guilhermina (2016) e Slam da Ro\u00e7a (2017 e 2020). \u00c9 autor das obras <em>manual para ler as estrelas<\/em> (2018) e _ Amanh\u00e3 sonhei que uma peste invadia a casa_ (2021). Seu trabalho art\u00edstico, educacional e de pesquisa v\u00ea, na Literatura, a possibilidade de \u201ccontinuar a continuar\u201d.<\/p>\n\n\n\n<hr class=\"wp-block-separator has-alpha-channel-opacity is-style-wide\" \/>\n\n\n\n<figure class=\"wp-block-image aligncenter size-medium\"><img loading=\"lazy\" width=\"300\" height=\"200\" src=\"https:\/\/portaleducacao.guarulhos.sp.gov.br\/wp_site\/abrilliterario\/wp-content\/uploads\/sites\/24\/2023\/03\/VICK-E-NUEL_2-300x200.jpg\" alt=\"\" class=\"wp-image-299\" srcset=\"https:\/\/portaleducacao.guarulhos.sp.gov.br\/wp_site\/abrilliterario\/wp-content\/uploads\/sites\/24\/2023\/03\/VICK-E-NUEL_2-300x200.jpg 300w, https:\/\/portaleducacao.guarulhos.sp.gov.br\/wp_site\/abrilliterario\/wp-content\/uploads\/sites\/24\/2023\/03\/VICK-E-NUEL_2-1024x683.jpg 1024w, https:\/\/portaleducacao.guarulhos.sp.gov.br\/wp_site\/abrilliterario\/wp-content\/uploads\/sites\/24\/2023\/03\/VICK-E-NUEL_2-768x512.jpg 768w, https:\/\/portaleducacao.guarulhos.sp.gov.br\/wp_site\/abrilliterario\/wp-content\/uploads\/sites\/24\/2023\/03\/VICK-E-NUEL_2.jpg 1037w\" sizes=\"(max-width: 300px) 100vw, 300px\" \/><\/figure>\n\n\n\n<p class=\"has-text-align-center has-luminous-vivid-orange-color has-text-color has-large-font-size\"><strong>VickVi e Nuel<\/strong><\/p>\n\n\n\n<p class=\"has-medium-font-size\"><strong>Tema:<\/strong> Apresenta\u00e7\u00e3o de Slam &#8211; Batalha de poesia falada<br><strong>Local:<\/strong> Sal\u00e3o de Artes do CME Adamastor &#8211; Avenida Monteiro Lobato, 734 \u2013 Macedo<br><strong>Data:<\/strong> 05\/04 &#8211; 18h \u00e0s 22h<br><strong>Modalidade:<\/strong> Presencial<br><strong>P\u00fablico Alvo:<\/strong> Convoca\u00e7\u00e3o para Professores Coordenadores Pedag\u00f3gicos da EJA, Professores Educa\u00e7\u00e3o B\u00e1sica da EJA Ciclo I e Professores de L\u00edngua Portuguesa da EJA Ciclo II; e convite para gestores dos CEU\u2019s, CME\u2019s e Coordenadores de Programas Educacionais atuantes nos CILs e CMIL\u2019s.<br><strong>Mini Curr\u00edculo:<\/strong> Moradores da periferia de Guarulhos a dupla Nuel e Vick escrevem e recitam poesias para externalizar suas viv\u00eancias, compreenderem as emo\u00e7\u00f5es e despertar sensa\u00e7\u00f5es em quem l\u00ea e escuta. Crias do Slam do Prego, a primeira batalha de poesia falada da cidade, foram ganhadores a maior competi\u00e7\u00e3o de Slam entre escolas de SP, O Slam interescolar em 2023. Conquistaram tamb\u00e9m o e 3\u00b0 lugar no Slam SP no Est\u00e9ticas das periferias, levando como pr\u00eamio a publica\u00e7\u00e3o do primeiro livro do Slam do Prego, ap\u00f3s 6 anos de exist\u00eancia! Eles carregam a esperan\u00e7a de mudar o mundo com poesia.<\/p>\n\n\n\n<figure class=\"wp-block-image aligncenter size-full is-resized\"><img loading=\"lazy\" src=\"https:\/\/portaleducacao.guarulhos.sp.gov.br\/wp_site\/abrilliterario\/wp-content\/uploads\/sites\/24\/2023\/04\/Sergio-Vaz-1-1.jpg\" alt=\"\" class=\"wp-image-759\" width=\"400\" height=\"295\" srcset=\"https:\/\/portaleducacao.guarulhos.sp.gov.br\/wp_site\/abrilliterario\/wp-content\/uploads\/sites\/24\/2023\/04\/Sergio-Vaz-1-1.jpg 400w, https:\/\/portaleducacao.guarulhos.sp.gov.br\/wp_site\/abrilliterario\/wp-content\/uploads\/sites\/24\/2023\/04\/Sergio-Vaz-1-1-300x221.jpg 300w\" sizes=\"(max-width: 400px) 100vw, 400px\" \/><\/figure>\n\n\n\n<p class=\"has-text-align-center has-luminous-vivid-orange-color has-text-color has-large-font-size\"><strong>Sergio Vaz<\/strong><\/p>\n\n\n\n<p class=\"has-medium-font-size\"><strong>Tema:<\/strong> Bate-papo com o poeta<br><strong>Data:<\/strong> 10\/04 &#8211; 18h \u00e0s 19h<br><strong>Modalidade:<\/strong> Online<br><strong>Local:<\/strong> Canal do Portal SE no Youtube, no endere\u00e7o: <a href=\"https:\/\/www.youtube.com\/watch?v=gdh2c30a6f0\">https:\/\/www.youtube.com\/watch?v=gdh2c30a6f0<\/a><br><strong>P\u00fablico:<\/strong> Convite a todos os servidores. Sugerimos que os professores participem no per\u00edodo de hora-atividade ao vivo ou assistam \u00e0 grava\u00e7\u00e3o que ficar\u00e1 dispon\u00edvel no canal ap\u00f3s o hor\u00e1rio da respectiva transmiss\u00e3o.<br><strong>Mini curr\u00edculo: <\/strong>Sergio Vaz, autor de 8 livros. Completa em dezembro de 2023, 35 anos de poesia.O Poeta j\u00e1 palestrou em v\u00e1rios pa\u00edses como: M\u00e9xico, Inglaterra e Alemanha. Tamb\u00e9m foi homenageado pelo seu trabalho em diversos pr\u00eamios.<br>\u00c9 Co-fundador do Sarau da Cooperifa (2001): Movimento cultural que transformou um bar na periferia de S\u00e3o Paulo em centro cultural.<br>Em 2007, em parceria com v\u00e1rios coletivos da regi\u00e3o elaborou a Semana de Arte Moderna da Periferia, que ajudou a deflagrar a literatura perif\u00e9rica.<br>Sergio Vaz tamb\u00e9m \u00e9 autor do projeto &#8220;Poesia Contra Viol\u00eancia&#8221; que percorre as escolas p\u00fablicas da regi\u00e3o promovendo recitais e bate-papo sobre poesia e incentivo \u00e0 leitura.<br>Criador do Cinema na Laje, Pr\u00eamio Cooperifa, Poesia no ar, Natal com livros, V\u00e1rzea Po\u00e9tica, projeto Poesia nos Muros e Mostra Cultural da Cooperifa que no ano de 2022 completou sua 13\u00aa edi\u00e7\u00e3o.<\/p>\n\n\n\n<hr class=\"wp-block-separator has-alpha-channel-opacity is-style-wide\" \/>\n\n\n\n<figure class=\"wp-block-image aligncenter size-medium\"><img loading=\"lazy\" width=\"300\" height=\"201\" src=\"https:\/\/portaleducacao.guarulhos.sp.gov.br\/wp_site\/abrilliterario\/wp-content\/uploads\/sites\/24\/2023\/03\/Rogerio-2-300x201.jpg\" alt=\"\" class=\"wp-image-304\" srcset=\"https:\/\/portaleducacao.guarulhos.sp.gov.br\/wp_site\/abrilliterario\/wp-content\/uploads\/sites\/24\/2023\/03\/Rogerio-2-300x201.jpg 300w, https:\/\/portaleducacao.guarulhos.sp.gov.br\/wp_site\/abrilliterario\/wp-content\/uploads\/sites\/24\/2023\/03\/Rogerio-2-1024x685.jpg 1024w, https:\/\/portaleducacao.guarulhos.sp.gov.br\/wp_site\/abrilliterario\/wp-content\/uploads\/sites\/24\/2023\/03\/Rogerio-2-768x514.jpg 768w, https:\/\/portaleducacao.guarulhos.sp.gov.br\/wp_site\/abrilliterario\/wp-content\/uploads\/sites\/24\/2023\/03\/Rogerio-2.jpg 1033w\" sizes=\"(max-width: 300px) 100vw, 300px\" \/><\/figure>\n\n\n\n<p class=\"has-text-align-center has-luminous-vivid-orange-color has-text-color has-large-font-size\"><strong>Rog\u00e9rio Andrade Barbosa<\/strong><\/p>\n\n\n\n<p class=\"has-medium-font-size\"><strong>Tema:<\/strong> \u201cContos tradicionais coletados com crian\u00e7as dos pa\u00edses africanos de l\u00edngua oficial portuguesa\u201d<br><strong>Data:<\/strong> 11\/04 \u2013 12h \u00e0s 13h<br><strong>Modalidade:<\/strong> Online<br><strong>Local:<\/strong> Canal do Portal SE no Youtube, no endere\u00e7o https: <a href=\"https:\/\/youtube.com\/live\/Ipj08T-lbrg\" target=\"_blank\" rel=\"noreferrer noopener\">https:\/\/youtube.com\/live\/Ipj08T-lbrg<\/a><br><strong>P\u00fablico Alvo:<\/strong> Convite a todos os servidores. Sugerimos que os professores participem no per\u00edodo de hora-atividade ao vivo ou assistam \u00e0 grava\u00e7\u00e3o que ficar\u00e1 dispon\u00edvel no canal ap\u00f3s o hor\u00e1rio da respectiva transmiss\u00e3o.<br><strong>Mini curr\u00edculo:<\/strong> Escritor, palestrante, contador de hist\u00f3rias, professor de Literatura Africana (p\u00f3s-gradua\u00e7\u00e3o &#8211; UCAM\/RJ) e ex-volunt\u00e1rio das Na\u00e7\u00f5es Unidas na Guin\u00e9-Bissau. Graduou-se em Letras na UFF (RJ) e fez P\u00f3s-Gradua\u00e7\u00e3o em Literatura Infantil Brasileira na UFRJ. Trabalha na \u00e1rea de literaturas Africanas e Afro-Brasileira e programas de incentivo \u00e0 leitura, proferindo palestras e dinamizando oficinas. S\u00e3o 35 anos de literatura e mais de 100 livros publicados, alguns traduzidos para o ingl\u00eas, espanhol e alem\u00e3o. Participou como autor, palestrante e contador de hist\u00f3rias em eventos liter\u00e1rios e Feiras do Livro na Alemanha, Cuba, It\u00e1lia, M\u00e9xico, Peru, Rep\u00fablica Dominicana, Angola, Mo\u00e7ambique, Cabo Verde, S\u00e3o Tom\u00e9 e Pr\u00edncipe, Eti\u00f3pia, Portugal, Gana e Su\u00e9cia. Palestrante nos Congressos do IBBY (International Board on Books for Young People) em Cartagena (Col\u00f4mbia-2000), Basel (Su\u00ed\u00e7a-2002), Cape Town (\u00c1frica do Sul-2004), Macau (China-2006), Copenhagem (Dinamarca-2008) e do IBBY &#8211; \u00c1frica (Gana-2019). Entre os pr\u00eamios e distin\u00e7\u00f5es recebidos, destacam-se: &#8211; Pr\u00eamio da Academia Brasileira de Letras de Literatura Infanto-Juvenil, Rio de Janeiro, 2005. &#8211; Altamente Recomend\u00e1vel para Crian\u00e7as e Jovens &#8211; FNLIJ (Funda\u00e7\u00e3o Nacional do Livro Infantil e Juvenil). &#8211; The White Ravens, Alemanha 1988 e 2001 (Selecionado para o acervo da Biblioteca Internacional de Literatura Infantil e Juvenil de Munique). &#8211; Lista de Honra do IBBY, Su\u00ed\u00e7a, 2002. &#8211; Trof\u00e9u Vasco Prado (Jornada Nacional de Literatura), Passo Fundo, 2003. &#8211; Pr\u00eamio Ori 2007 (Secretaria das Culturas do Rio de Janeiro) &#8211; Homenagem aos que se destacam na valoriza\u00e7\u00e3o da matriz negra na forma\u00e7\u00e3o cultural do Brasil. &#8211; Pr\u00eamio Escritas Pretas na Categoria Escreviv\u00eancias Eremim e Curumim, Academia Brasileira de Letras e Artes Pretas e Origin\u00e1rias, Rio de Janeiro, 2022.<\/p>\n\n\n\n<hr class=\"wp-block-separator has-alpha-channel-opacity is-style-wide\" \/>\n\n\n\n<figure class=\"wp-block-image aligncenter size-full\"><img loading=\"lazy\" width=\"135\" height=\"160\" src=\"https:\/\/portaleducacao.guarulhos.sp.gov.br\/wp_site\/abrilliterario\/wp-content\/uploads\/sites\/24\/2023\/04\/Luciene2.jpg\" alt=\"\" class=\"wp-image-750\" \/><\/figure>\n\n\n\n<p class=\"has-text-align-center has-luminous-vivid-orange-color has-text-color has-large-font-size\"><strong>Luciene M\u00fcller<\/strong><\/p>\n\n\n\n<p class=\"has-medium-font-size\"><strong>Tema: <\/strong>Forma\u00e7\u00e3o com escritora Luciene M\u00fcller &#8211; \u201cEnfrentamento \u00e0s vulnerabilidades por meio da paix\u00e3o pela Literatura\u201d<br><strong>Data:<\/strong> 13\/04 &#8211; 14h \u00e0s 17h<br><strong>Modalidade:<\/strong> Presencial<br><strong>Local: <\/strong>Sal\u00e3o de Artes do CME Adamastor &#8211; Avenida Monteiro Lobato, 734 &#8211; Macedo<br><strong>P\u00fablico:<\/strong> Convoca\u00e7\u00e3o para os vice-diretores de escola e convite para os supervisores escolares.<br><strong>Mini curr\u00edculo:<\/strong> Fam\u00edlia disfuncional, vulnerabilidade social, supera\u00e7\u00e3o, empreendedorismo e paix\u00e3o pelos livros. Essas s\u00e3o quest\u00f5es-chave na vida da speaker Luciene Vignoli M\u00fcller, que divide suas experi\u00eancias e provoca reflex\u00f5es sobre a import\u00e2ncia do acolhimento, da busca pelo conhecimento, entrega e coragem ao superar desafios e acreditar na reinven\u00e7\u00e3o. Viveu em situa\u00e7\u00e3o de rua por longos anos, frequentou uma biblioteca p\u00fablica, estudou muito e sempre soube que olhar para frente era o melhor caminho.<br>Escritora, Membro da Academia Guarulhense de Letras, Professora da Escola Superior do Minist\u00e9rio P\u00fablico de SP \u2013 ESMP-SP, \u00e9 ativista no enfrentamento \u00e0s viol\u00eancias contra crian\u00e7as e adolescentes. Palestrante, 2X TEDxSpeaker (TEDxGuarulhos em 2020 e TEDxESMPU em 2022), autora do Best Seller Colo Invis\u00edvel e YouTuber no Canal Bibliotequeira.<br>Autora convidada pela Secretaria Municipal de S\u00e3o Paulo para a 26\u00aa Bienal Internacional do Livro de S\u00e3o Paulo &#8211; 02 a 10 de Julho de 2022.<br>Palestrante e moderadora de pain\u00e9is sobre Cidades Inteligentes no eixo Cidades Humanas, Resilientes e Inclusivas, Apresenta a necessidade de um olhar humanizado \u00e0s hist\u00f3rias de cada indiv\u00edduo e propostas de acolhimento.<br>J\u00e1 impactou milhares de pessoas por meio de seu livro \u201cColo Invis\u00edvel\u201d, textos, palestras e entrevistas. Empres\u00e1ria, S\u00f3cia da Format Editora, \u00e9 respons\u00e1vel pela coordena\u00e7\u00e3o editorial de obras que representam o conhecimento e experi\u00eancias de autoridades de v\u00e1rias partes do mundo. Luciene M\u00fcller encanta ao escrever sobre temas cotidianos com carisma e clareza. A dura experi\u00eancia de ter crescido em situa\u00e7\u00e3o de rua inspira pessoas por onde passa. Suas ideias nos ajudam a refletir sobre a import\u00e2ncia do conhecimento, da persist\u00eancia, do impacto de nossas escolhas e nos levam \u00e0 esperan\u00e7a. Aborda a relev\u00e2ncia dos colos que temos por perto e o colo que oferecemos. Descreve \u2013 como ningu\u00e9m \u2013 o valor do nosso tempo com familiares e amigos.<\/p>\n\n\n\n<hr class=\"wp-block-separator has-alpha-channel-opacity is-style-wide\" \/>\n\n\n\n<figure class=\"wp-block-image aligncenter size-medium\"><img loading=\"lazy\" width=\"300\" height=\"300\" src=\"https:\/\/portaleducacao.guarulhos.sp.gov.br\/wp_site\/abrilliterario\/wp-content\/uploads\/sites\/24\/2023\/03\/WhatsApp-Image-2023-03-27-at-15.37.35-300x300.jpeg\" alt=\"\" class=\"wp-image-310\" srcset=\"https:\/\/portaleducacao.guarulhos.sp.gov.br\/wp_site\/abrilliterario\/wp-content\/uploads\/sites\/24\/2023\/03\/WhatsApp-Image-2023-03-27-at-15.37.35-300x300.jpeg 300w, https:\/\/portaleducacao.guarulhos.sp.gov.br\/wp_site\/abrilliterario\/wp-content\/uploads\/sites\/24\/2023\/03\/WhatsApp-Image-2023-03-27-at-15.37.35-150x150.jpeg 150w, https:\/\/portaleducacao.guarulhos.sp.gov.br\/wp_site\/abrilliterario\/wp-content\/uploads\/sites\/24\/2023\/03\/WhatsApp-Image-2023-03-27-at-15.37.35-768x770.jpeg 768w, https:\/\/portaleducacao.guarulhos.sp.gov.br\/wp_site\/abrilliterario\/wp-content\/uploads\/sites\/24\/2023\/03\/WhatsApp-Image-2023-03-27-at-15.37.35-75x75.jpeg 75w, https:\/\/portaleducacao.guarulhos.sp.gov.br\/wp_site\/abrilliterario\/wp-content\/uploads\/sites\/24\/2023\/03\/WhatsApp-Image-2023-03-27-at-15.37.35-444x444.jpeg 444w, https:\/\/portaleducacao.guarulhos.sp.gov.br\/wp_site\/abrilliterario\/wp-content\/uploads\/sites\/24\/2023\/03\/WhatsApp-Image-2023-03-27-at-15.37.35.jpeg 978w\" sizes=\"(max-width: 300px) 100vw, 300px\" \/><\/figure>\n\n\n\n<p class=\"has-text-align-center has-luminous-vivid-orange-color has-text-color has-large-font-size\"><strong>Pedro Bandeira<\/strong><\/p>\n\n\n\n<p class=\"has-medium-font-size\"><strong>Tema:<\/strong> Palestra &#8220;Professor: voc\u00ea \u00e9 minha \u00fanica esperan\u00e7a\u201d.<br><strong>Data:<\/strong> 18\/04 &#8211; 12h \u00e0s 13h<br><strong>Modalidade:<\/strong> Online<br><strong>Local:<\/strong> Canal do Portal SE no Youtube, no endere\u00e7o: <a href=\"https:\/\/youtube.com\/live\/Oq7c4Kg3qg\" target=\"_blank\" rel=\"noreferrer noopener\">https:\/\/youtube.com\/live\/Oq7c4Kg3qg<\/a><br><strong>P\u00fablico: <\/strong>Convite a todos os servidores. Sugerimos que os professores participem no per\u00edodo de hora-atividade ao vivo ou assistam \u00e0 grava\u00e7\u00e3o que ficar\u00e1 dispon\u00edvel no canal ap\u00f3s o hor\u00e1rio da respectiva transmiss\u00e3o.<br><strong>Mini curr\u00edculo:<\/strong> Nascido em Santos, S\u00e3o Paulo, em 1942, Pedro Bandeira mudou-se para a capital paulista em 1961. Trabalhou em teatro profissional como ator, diretor e cen\u00f3grafo. Foi redator, editor e ator de comerciais de televis\u00e3o. Como escritor, iniciou sua carreira com as primeiras hist\u00f3rias infantis publicadas em revistas de banca, em 1972. A partir de 1983, dedica-se exclusivamente \u00e0 escrita. Com a experi\u00eancia e carisma de quem escreve h\u00e1 mais de quatro d\u00e9cadas para crian\u00e7as e adolescentes, Pedro Bandeira segue mais ativo do que nunca. Pr\u00f3ximo de completar 80 anos, decidiu entrar no mundo das redes sociais, onde tem sido o porta-voz da esperan\u00e7a do Brasil.<br>Alguns livros publicados: A droga da obedi\u00eancia, A marca de uma l\u00e1grima, A droga do amor, Mais respeito, eu sou crian\u00e7a! O fant\u00e1stico mist\u00e9rio de feiurinha.<\/p>\n\n\n\n<hr class=\"wp-block-separator has-alpha-channel-opacity is-style-wide\" \/>\n\n\n\n<figure class=\"wp-block-image aligncenter size-full\"><img loading=\"lazy\" width=\"132\" height=\"170\" src=\"https:\/\/portaleducacao.guarulhos.sp.gov.br\/wp_site\/abrilliterario\/wp-content\/uploads\/sites\/24\/2023\/04\/Andrea-Avelar1-1.jpg\" alt=\"\" class=\"wp-image-747\" \/><\/figure>\n\n\n\n<p class=\"has-text-align-center has-luminous-vivid-orange-color has-text-color has-large-font-size\"><strong>Andr\u00e9a Avelar<\/strong><\/p>\n\n\n\n<p class=\"has-medium-font-size\"><strong>Tema:<\/strong> Bate Papo com a escritora e poetisa Andr\u00e9a Avelar que prop\u00f5es entrela\u00e7ar a hist\u00f3ria do personagem Amim, do livro &#8220;O quintal de Aladim\u201d, com os desafios contempor\u00e2neos acerca da valoriza\u00e7\u00e3o do multiculturalismo.<br><strong>Data:<\/strong> 25\/04\/2023 \u2013 12h \u00e0s 13h<br><strong>Modalidade:<\/strong> Online<br><strong>Local:<\/strong> Canal do Portal SE no Youtube, no endere\u00e7o: <a href=\"https:\/\/www.youtube.com\/watch?v=RtH_cnvxQhU\">https:\/\/www.youtube.com\/watch?v=RtH_cnvxQhU<\/a><br><strong>P\u00fablico:<\/strong> Convite a todos os servidores. Sugerimos que os professores participem no per\u00edodo de hora-atividade ao vivo ou assistam \u00e0 grava\u00e7\u00e3o que ficar\u00e1 dispon\u00edvel no canal ap\u00f3s o hor\u00e1rio da respectiva transmiss\u00e3o.<br><strong>Mini curr\u00edculo:<\/strong> Formada em Jornalismo, Comunica\u00e7\u00e3o Social e P\u00f3s-graduada em Gram\u00e1tica e Texto com \u00eanfase em Diversidade Lingu\u00edstica, Inova\u00e7\u00e3o e Educa\u00e7\u00e3o. Escritora e poetisa, dedica-se \u00e0 produ\u00e7\u00e3o cultural para a inf\u00e2ncia e escreve m\u00fasicas, pe\u00e7as teatrais e poesias baseadas em suas obras. Autora de v\u00e1rios t\u00edtulos, j\u00e1 visitou muitas escolas para conhecer e conversar com os seus leitores. O seu livro \u201cO Quintal de Aladim\u201d, foi indicado pela ONU, atrav\u00e9s da Ag\u00eancia da ONU para Refugiados, a ACNUR Brasil, como um bom livro para falar sobre refugiados com as crian\u00e7as. Outros foram selecionados por Secretarias da Cultura de v\u00e1rias cidades brasileiras e fazem parte do acervo das bibliotecas p\u00fablicas, de escolas e de leitores. Concedeu entrevista para diversos meios de comunica\u00e7\u00e3o, entre eles a R\u00e1dio CBN. Participou de Simp\u00f3sios como: Simp\u00f3sio de Crian\u00e7as e Adolescentes na Internet; Simp\u00f3sio de Educa\u00e7\u00e3o e Literatura Infantil; BNCC e Literatura. Ministrou palestra na Bienal do Livro de Guarulhos e Bienal Mineira do Livro, entre outras. Escreveu para uma revista digital na coluna \u201cInf\u00e2ncia\u201d. Participou de v\u00e1rias mesas de debate acerca da literatura para a inf\u00e2ncia e juventude. Apresentou-se em duas edi\u00e7\u00f5es do Festival de Inverno de Monte Verde &#8211; Minas Gerais, nas quais p\u00f4de mostrar a produ\u00e7\u00e3o cultural baseada em suas obras.<\/p>\n","protected":false},"excerpt":{"rendered":"<p>Cr\u00e9dito: Douglas Barcelos Bel Santos Tema: \u201cDa diversidade humana \u00e0 diversidade liter\u00e1ria\u201dData: 05\/04 &#8211; 08h \u00e0s 12hLocal: Centro Municipal de Educa\u00e7\u00e3o Adamastor \u2013 TeatroModalidade: PresencialP\u00fablico Alvo: Convoca\u00e7\u00e3o para Professores Coordenadores &hellip;<\/p>\n<p class=\"read-more\"> <a class=\"\" href=\"https:\/\/portaleducacao.guarulhos.sp.gov.br\/wp_site\/abrilliterario\/encontro-com-autores\/\"> <span class=\"screen-reader-text\">ENCONTRO COM AUTORES<\/span> Leia mais &raquo;<\/a><\/p>\n","protected":false},"author":8,"featured_media":0,"parent":0,"menu_order":0,"comment_status":"closed","ping_status":"closed","template":"","meta":{"_monsterinsights_skip_tracking":false,"_monsterinsights_sitenote_active":false,"_monsterinsights_sitenote_note":"","_monsterinsights_sitenote_category":0,"site-sidebar-layout":"default","site-content-layout":"default","ast-global-header-display":"","ast-main-header-display":"","ast-hfb-above-header-display":"","ast-hfb-below-header-display":"","ast-hfb-mobile-header-display":"","site-post-title":"","ast-breadcrumbs-content":"","ast-featured-img":"","footer-sml-layout":"","theme-transparent-header-meta":"","adv-header-id-meta":"","stick-header-meta":"","header-above-stick-meta":"","header-main-stick-meta":"","header-below-stick-meta":"","_expiration-date-status":"","_expiration-date":0,"_expiration-date-type":"","_expiration-date-categories":[],"_expiration-date-options":[]},"categories":[],"tags":[],"yoast_head":"<!-- This site is optimized with the Yoast SEO plugin v19.7.1 - https:\/\/yoast.com\/wordpress\/plugins\/seo\/ -->\r\n<title>ENCONTRO COM AUTORES - Abril Liter\u00e1rio<\/title>\r\n<meta name=\"robots\" content=\"index, follow, max-snippet:-1, max-image-preview:large, max-video-preview:-1\" \/>\r\n<link rel=\"canonical\" href=\"https:\/\/portaleducacao.guarulhos.sp.gov.br\/wp_site\/abrilliterario\/encontro-com-autores\/\" \/>\r\n<meta property=\"og:locale\" content=\"pt_BR\" \/>\r\n<meta property=\"og:type\" content=\"article\" \/>\r\n<meta property=\"og:title\" content=\"ENCONTRO COM AUTORES - Abril Liter\u00e1rio\" \/>\r\n<meta property=\"og:description\" content=\"Cr\u00e9dito: Douglas Barcelos Bel Santos Tema: \u201cDa diversidade humana \u00e0 diversidade liter\u00e1ria\u201dData: 05\/04 &#8211; 08h \u00e0s 12hLocal: Centro Municipal de Educa\u00e7\u00e3o Adamastor \u2013 TeatroModalidade: PresencialP\u00fablico Alvo: Convoca\u00e7\u00e3o para Professores Coordenadores &hellip; ENCONTRO COM AUTORES Leia mais &raquo;\" \/>\r\n<meta property=\"og:url\" content=\"https:\/\/portaleducacao.guarulhos.sp.gov.br\/wp_site\/abrilliterario\/encontro-com-autores\/\" \/>\r\n<meta property=\"og:site_name\" content=\"Abril Liter\u00e1rio\" \/>\r\n<meta property=\"article:modified_time\" content=\"2023-04-14T15:11:36+00:00\" \/>\r\n<meta property=\"og:image\" content=\"https:\/\/portaleducacao.guarulhos.sp.gov.br\/wp_site\/abrilliterario\/wp-content\/uploads\/sites\/24\/2023\/03\/IMG-20230310-WA0010-200x300.jpg\" \/>\r\n<meta name=\"twitter:card\" content=\"summary_large_image\" \/>\r\n<meta name=\"twitter:label1\" content=\"Est. tempo de leitura\" \/>\n\t<meta name=\"twitter:data1\" content=\"18 minutos\" \/>\r\n<script type=\"application\/ld+json\" class=\"yoast-schema-graph\">{\"@context\":\"https:\/\/schema.org\",\"@graph\":[{\"@type\":\"WebPage\",\"@id\":\"https:\/\/portaleducacao.guarulhos.sp.gov.br\/wp_site\/abrilliterario\/encontro-com-autores\/\",\"url\":\"https:\/\/portaleducacao.guarulhos.sp.gov.br\/wp_site\/abrilliterario\/encontro-com-autores\/\",\"name\":\"ENCONTRO COM AUTORES - Abril Liter\u00e1rio\",\"isPartOf\":{\"@id\":\"https:\/\/portaleducacao.guarulhos.sp.gov.br\/wp_site\/abrilliterario\/#website\"},\"datePublished\":\"2023-03-27T13:00:59+00:00\",\"dateModified\":\"2023-04-14T15:11:36+00:00\",\"breadcrumb\":{\"@id\":\"https:\/\/portaleducacao.guarulhos.sp.gov.br\/wp_site\/abrilliterario\/encontro-com-autores\/#breadcrumb\"},\"inLanguage\":\"pt-BR\",\"potentialAction\":[{\"@type\":\"ReadAction\",\"target\":[\"https:\/\/portaleducacao.guarulhos.sp.gov.br\/wp_site\/abrilliterario\/encontro-com-autores\/\"]}]},{\"@type\":\"BreadcrumbList\",\"@id\":\"https:\/\/portaleducacao.guarulhos.sp.gov.br\/wp_site\/abrilliterario\/encontro-com-autores\/#breadcrumb\",\"itemListElement\":[{\"@type\":\"ListItem\",\"position\":1,\"name\":\"In\u00edcio\",\"item\":\"https:\/\/portaleducacao.guarulhos.sp.gov.br\/wp_site\/abrilliterario\/\"},{\"@type\":\"ListItem\",\"position\":2,\"name\":\"ENCONTRO COM AUTORES\"}]},{\"@type\":\"WebSite\",\"@id\":\"https:\/\/portaleducacao.guarulhos.sp.gov.br\/wp_site\/abrilliterario\/#website\",\"url\":\"https:\/\/portaleducacao.guarulhos.sp.gov.br\/wp_site\/abrilliterario\/\",\"name\":\"Abril Liter\u00e1rio\",\"description\":\"Literalmente isso...\",\"potentialAction\":[{\"@type\":\"SearchAction\",\"target\":{\"@type\":\"EntryPoint\",\"urlTemplate\":\"https:\/\/portaleducacao.guarulhos.sp.gov.br\/wp_site\/abrilliterario\/?s={search_term_string}\"},\"query-input\":\"required name=search_term_string\"}],\"inLanguage\":\"pt-BR\"}]}<\/script>\r\n<!-- \/ Yoast SEO plugin. -->","yoast_head_json":{"title":"ENCONTRO COM AUTORES - Abril Liter\u00e1rio","robots":{"index":"index","follow":"follow","max-snippet":"max-snippet:-1","max-image-preview":"max-image-preview:large","max-video-preview":"max-video-preview:-1"},"canonical":"https:\/\/portaleducacao.guarulhos.sp.gov.br\/wp_site\/abrilliterario\/encontro-com-autores\/","og_locale":"pt_BR","og_type":"article","og_title":"ENCONTRO COM AUTORES - Abril Liter\u00e1rio","og_description":"Cr\u00e9dito: Douglas Barcelos Bel Santos Tema: \u201cDa diversidade humana \u00e0 diversidade liter\u00e1ria\u201dData: 05\/04 &#8211; 08h \u00e0s 12hLocal: Centro Municipal de Educa\u00e7\u00e3o Adamastor \u2013 TeatroModalidade: PresencialP\u00fablico Alvo: Convoca\u00e7\u00e3o para Professores Coordenadores &hellip; ENCONTRO COM AUTORES Leia mais &raquo;","og_url":"https:\/\/portaleducacao.guarulhos.sp.gov.br\/wp_site\/abrilliterario\/encontro-com-autores\/","og_site_name":"Abril Liter\u00e1rio","article_modified_time":"2023-04-14T15:11:36+00:00","og_image":[{"url":"https:\/\/portaleducacao.guarulhos.sp.gov.br\/wp_site\/abrilliterario\/wp-content\/uploads\/sites\/24\/2023\/03\/IMG-20230310-WA0010-200x300.jpg"}],"twitter_card":"summary_large_image","twitter_misc":{"Est. tempo de leitura":"18 minutos"},"schema":{"@context":"https:\/\/schema.org","@graph":[{"@type":"WebPage","@id":"https:\/\/portaleducacao.guarulhos.sp.gov.br\/wp_site\/abrilliterario\/encontro-com-autores\/","url":"https:\/\/portaleducacao.guarulhos.sp.gov.br\/wp_site\/abrilliterario\/encontro-com-autores\/","name":"ENCONTRO COM AUTORES - Abril Liter\u00e1rio","isPartOf":{"@id":"https:\/\/portaleducacao.guarulhos.sp.gov.br\/wp_site\/abrilliterario\/#website"},"datePublished":"2023-03-27T13:00:59+00:00","dateModified":"2023-04-14T15:11:36+00:00","breadcrumb":{"@id":"https:\/\/portaleducacao.guarulhos.sp.gov.br\/wp_site\/abrilliterario\/encontro-com-autores\/#breadcrumb"},"inLanguage":"pt-BR","potentialAction":[{"@type":"ReadAction","target":["https:\/\/portaleducacao.guarulhos.sp.gov.br\/wp_site\/abrilliterario\/encontro-com-autores\/"]}]},{"@type":"BreadcrumbList","@id":"https:\/\/portaleducacao.guarulhos.sp.gov.br\/wp_site\/abrilliterario\/encontro-com-autores\/#breadcrumb","itemListElement":[{"@type":"ListItem","position":1,"name":"In\u00edcio","item":"https:\/\/portaleducacao.guarulhos.sp.gov.br\/wp_site\/abrilliterario\/"},{"@type":"ListItem","position":2,"name":"ENCONTRO COM AUTORES"}]},{"@type":"WebSite","@id":"https:\/\/portaleducacao.guarulhos.sp.gov.br\/wp_site\/abrilliterario\/#website","url":"https:\/\/portaleducacao.guarulhos.sp.gov.br\/wp_site\/abrilliterario\/","name":"Abril Liter\u00e1rio","description":"Literalmente isso...","potentialAction":[{"@type":"SearchAction","target":{"@type":"EntryPoint","urlTemplate":"https:\/\/portaleducacao.guarulhos.sp.gov.br\/wp_site\/abrilliterario\/?s={search_term_string}"},"query-input":"required name=search_term_string"}],"inLanguage":"pt-BR"}]}},"_links":{"self":[{"href":"https:\/\/portaleducacao.guarulhos.sp.gov.br\/wp_site\/abrilliterario\/wp-json\/wp\/v2\/pages\/282"}],"collection":[{"href":"https:\/\/portaleducacao.guarulhos.sp.gov.br\/wp_site\/abrilliterario\/wp-json\/wp\/v2\/pages"}],"about":[{"href":"https:\/\/portaleducacao.guarulhos.sp.gov.br\/wp_site\/abrilliterario\/wp-json\/wp\/v2\/types\/page"}],"author":[{"embeddable":true,"href":"https:\/\/portaleducacao.guarulhos.sp.gov.br\/wp_site\/abrilliterario\/wp-json\/wp\/v2\/users\/8"}],"replies":[{"embeddable":true,"href":"https:\/\/portaleducacao.guarulhos.sp.gov.br\/wp_site\/abrilliterario\/wp-json\/wp\/v2\/comments?post=282"}],"version-history":[{"count":27,"href":"https:\/\/portaleducacao.guarulhos.sp.gov.br\/wp_site\/abrilliterario\/wp-json\/wp\/v2\/pages\/282\/revisions"}],"predecessor-version":[{"id":839,"href":"https:\/\/portaleducacao.guarulhos.sp.gov.br\/wp_site\/abrilliterario\/wp-json\/wp\/v2\/pages\/282\/revisions\/839"}],"wp:attachment":[{"href":"https:\/\/portaleducacao.guarulhos.sp.gov.br\/wp_site\/abrilliterario\/wp-json\/wp\/v2\/media?parent=282"}],"wp:term":[{"taxonomy":"category","embeddable":true,"href":"https:\/\/portaleducacao.guarulhos.sp.gov.br\/wp_site\/abrilliterario\/wp-json\/wp\/v2\/categories?post=282"},{"taxonomy":"post_tag","embeddable":true,"href":"https:\/\/portaleducacao.guarulhos.sp.gov.br\/wp_site\/abrilliterario\/wp-json\/wp\/v2\/tags?post=282"}],"curies":[{"name":"wp","href":"https:\/\/api.w.org\/{rel}","templated":true}]}}