{"id":331,"date":"2023-03-28T11:39:12","date_gmt":"2023-03-28T14:39:12","guid":{"rendered":"https:\/\/portaleducacao.guarulhos.sp.gov.br\/wp_site\/abrilliterario\/?page_id=331"},"modified":"2023-03-28T11:43:09","modified_gmt":"2023-03-28T14:43:09","slug":"cils-e-cmils","status":"publish","type":"page","link":"https:\/\/portaleducacao.guarulhos.sp.gov.br\/wp_site\/abrilliterario\/cils-e-cmils\/","title":{"rendered":"CILs e CMILs"},"content":{"rendered":"\n<p><strong>Data:<\/strong> 15\/04\/2023<br><strong>Unidade: <\/strong>CMIL Lu\u00eds de Cam\u00f5es<br><strong>Respons\u00e1vel:<\/strong> Floriza Garcia Chagas; Ester Pereira Santana dos Santos<br><strong>Atividade\/Descri\u00e7\u00e3o:<\/strong> Sarau Liter\u00e1rio: bibliotecas que acolhem. Neste dia o CMIL Lu\u00eds de Cam\u00f5es acolher\u00e1 apresenta\u00e7\u00f5es de crian\u00e7as, adolescentes e adultos que frequentam o espa\u00e7o, em que diferentes linguagens ser\u00e3o apreciadas. Teremos as seguintes atividades: conversa com autoras de livros infantis; exposi\u00e7\u00e3o de desenhos; apresenta\u00e7\u00f5es de anima\u00e7\u00e3o, m\u00fasica e teatro; teatro de fantoches; espa\u00e7o poesia elegante; declama\u00e7\u00f5es de poesias; e momento do desafio com microfone aberto.<br><strong>P\u00fablico-alvo:<\/strong> Educa\u00e7\u00e3o Infantil \u2013 Creche e Pr\u00e9-Escola\/ Ensino Fundamental &#8211; 1\u00ba, 2\u00ba, 3\u00ba, 4\u00ba e 5\u00ba Ano\/ Educa\u00e7\u00e3o De Jovens E Adultos \u2013 EJA\/ Toda a comunidade (Per\u00edodo Tarde 14h- 17h)<\/p>\n","protected":false},"excerpt":{"rendered":"<p>Data: 15\/04\/2023Unidade: CMIL Lu\u00eds de Cam\u00f5esRespons\u00e1vel: Floriza Garcia Chagas; Ester Pereira Santana dos SantosAtividade\/Descri\u00e7\u00e3o: Sarau Liter\u00e1rio: bibliotecas que acolhem. Neste dia o CMIL Lu\u00eds de Cam\u00f5es acolher\u00e1 apresenta\u00e7\u00f5es de crian\u00e7as, &hellip;<\/p>\n<p class=\"read-more\"> <a class=\"\" href=\"https:\/\/portaleducacao.guarulhos.sp.gov.br\/wp_site\/abrilliterario\/cils-e-cmils\/\"> <span class=\"screen-reader-text\">CILs e CMILs<\/span> Leia mais &raquo;<\/a><\/p>\n","protected":false},"author":8,"featured_media":0,"parent":0,"menu_order":0,"comment_status":"closed","ping_status":"closed","template":"","meta":{"_monsterinsights_skip_tracking":false,"_monsterinsights_sitenote_active":false,"_monsterinsights_sitenote_note":"","_monsterinsights_sitenote_category":0,"site-sidebar-layout":"default","site-content-layout":"default","ast-global-header-display":"","ast-main-header-display":"","ast-hfb-above-header-display":"","ast-hfb-below-header-display":"","ast-hfb-mobile-header-display":"","site-post-title":"","ast-breadcrumbs-content":"","ast-featured-img":"","footer-sml-layout":"","theme-transparent-header-meta":"","adv-header-id-meta":"","stick-header-meta":"","header-above-stick-meta":"","header-main-stick-meta":"","header-below-stick-meta":"","_expiration-date-status":"","_expiration-date":1680619229,"_expiration-date-type":"draft","_expiration-date-categories":[],"_expiration-date-options":[]},"categories":[],"tags":[],"yoast_head":"<!-- This site is optimized with the Yoast SEO plugin v19.7.1 - https:\/\/yoast.com\/wordpress\/plugins\/seo\/ -->\r\n<title>CILs e CMILs - Abril Liter\u00e1rio<\/title>\r\n<meta name=\"robots\" content=\"index, follow, max-snippet:-1, max-image-preview:large, max-video-preview:-1\" \/>\r\n<link rel=\"canonical\" href=\"https:\/\/portaleducacao.guarulhos.sp.gov.br\/wp_site\/abrilliterario\/cils-e-cmils\/\" \/>\r\n<meta property=\"og:locale\" content=\"pt_BR\" \/>\r\n<meta property=\"og:type\" content=\"article\" \/>\r\n<meta property=\"og:title\" content=\"CILs e CMILs - Abril Liter\u00e1rio\" \/>\r\n<meta property=\"og:description\" content=\"Data: 15\/04\/2023Unidade: CMIL Lu\u00eds de Cam\u00f5esRespons\u00e1vel: Floriza Garcia Chagas; Ester Pereira Santana dos SantosAtividade\/Descri\u00e7\u00e3o: Sarau Liter\u00e1rio: bibliotecas que acolhem. Neste dia o CMIL Lu\u00eds de Cam\u00f5es acolher\u00e1 apresenta\u00e7\u00f5es de crian\u00e7as, &hellip; CILs e CMILs Leia mais &raquo;\" \/>\r\n<meta property=\"og:url\" content=\"https:\/\/portaleducacao.guarulhos.sp.gov.br\/wp_site\/abrilliterario\/cils-e-cmils\/\" \/>\r\n<meta property=\"og:site_name\" content=\"Abril Liter\u00e1rio\" \/>\r\n<meta property=\"article:modified_time\" content=\"2023-03-28T14:43:09+00:00\" \/>\r\n<meta name=\"twitter:card\" content=\"summary_large_image\" \/>\r\n<meta name=\"twitter:label1\" content=\"Est. tempo de leitura\" \/>\n\t<meta name=\"twitter:data1\" content=\"1 minuto\" \/>\r\n<script type=\"application\/ld+json\" class=\"yoast-schema-graph\">{\"@context\":\"https:\/\/schema.org\",\"@graph\":[{\"@type\":\"WebPage\",\"@id\":\"https:\/\/portaleducacao.guarulhos.sp.gov.br\/wp_site\/abrilliterario\/cils-e-cmils\/\",\"url\":\"https:\/\/portaleducacao.guarulhos.sp.gov.br\/wp_site\/abrilliterario\/cils-e-cmils\/\",\"name\":\"CILs e CMILs - Abril Liter\u00e1rio\",\"isPartOf\":{\"@id\":\"https:\/\/portaleducacao.guarulhos.sp.gov.br\/wp_site\/abrilliterario\/#website\"},\"datePublished\":\"2023-03-28T14:39:12+00:00\",\"dateModified\":\"2023-03-28T14:43:09+00:00\",\"breadcrumb\":{\"@id\":\"https:\/\/portaleducacao.guarulhos.sp.gov.br\/wp_site\/abrilliterario\/cils-e-cmils\/#breadcrumb\"},\"inLanguage\":\"pt-BR\",\"potentialAction\":[{\"@type\":\"ReadAction\",\"target\":[\"https:\/\/portaleducacao.guarulhos.sp.gov.br\/wp_site\/abrilliterario\/cils-e-cmils\/\"]}]},{\"@type\":\"BreadcrumbList\",\"@id\":\"https:\/\/portaleducacao.guarulhos.sp.gov.br\/wp_site\/abrilliterario\/cils-e-cmils\/#breadcrumb\",\"itemListElement\":[{\"@type\":\"ListItem\",\"position\":1,\"name\":\"In\u00edcio\",\"item\":\"https:\/\/portaleducacao.guarulhos.sp.gov.br\/wp_site\/abrilliterario\/\"},{\"@type\":\"ListItem\",\"position\":2,\"name\":\"CILs e CMILs\"}]},{\"@type\":\"WebSite\",\"@id\":\"https:\/\/portaleducacao.guarulhos.sp.gov.br\/wp_site\/abrilliterario\/#website\",\"url\":\"https:\/\/portaleducacao.guarulhos.sp.gov.br\/wp_site\/abrilliterario\/\",\"name\":\"Abril Liter\u00e1rio\",\"description\":\"Literalmente isso...\",\"potentialAction\":[{\"@type\":\"SearchAction\",\"target\":{\"@type\":\"EntryPoint\",\"urlTemplate\":\"https:\/\/portaleducacao.guarulhos.sp.gov.br\/wp_site\/abrilliterario\/?s={search_term_string}\"},\"query-input\":\"required name=search_term_string\"}],\"inLanguage\":\"pt-BR\"}]}<\/script>\r\n<!-- \/ Yoast SEO plugin. -->","yoast_head_json":{"title":"CILs e CMILs - Abril Liter\u00e1rio","robots":{"index":"index","follow":"follow","max-snippet":"max-snippet:-1","max-image-preview":"max-image-preview:large","max-video-preview":"max-video-preview:-1"},"canonical":"https:\/\/portaleducacao.guarulhos.sp.gov.br\/wp_site\/abrilliterario\/cils-e-cmils\/","og_locale":"pt_BR","og_type":"article","og_title":"CILs e CMILs - Abril Liter\u00e1rio","og_description":"Data: 15\/04\/2023Unidade: CMIL Lu\u00eds de Cam\u00f5esRespons\u00e1vel: Floriza Garcia Chagas; Ester Pereira Santana dos SantosAtividade\/Descri\u00e7\u00e3o: Sarau Liter\u00e1rio: bibliotecas que acolhem. Neste dia o CMIL Lu\u00eds de Cam\u00f5es acolher\u00e1 apresenta\u00e7\u00f5es de crian\u00e7as, &hellip; CILs e CMILs Leia mais &raquo;","og_url":"https:\/\/portaleducacao.guarulhos.sp.gov.br\/wp_site\/abrilliterario\/cils-e-cmils\/","og_site_name":"Abril Liter\u00e1rio","article_modified_time":"2023-03-28T14:43:09+00:00","twitter_card":"summary_large_image","twitter_misc":{"Est. tempo de leitura":"1 minuto"},"schema":{"@context":"https:\/\/schema.org","@graph":[{"@type":"WebPage","@id":"https:\/\/portaleducacao.guarulhos.sp.gov.br\/wp_site\/abrilliterario\/cils-e-cmils\/","url":"https:\/\/portaleducacao.guarulhos.sp.gov.br\/wp_site\/abrilliterario\/cils-e-cmils\/","name":"CILs e CMILs - Abril Liter\u00e1rio","isPartOf":{"@id":"https:\/\/portaleducacao.guarulhos.sp.gov.br\/wp_site\/abrilliterario\/#website"},"datePublished":"2023-03-28T14:39:12+00:00","dateModified":"2023-03-28T14:43:09+00:00","breadcrumb":{"@id":"https:\/\/portaleducacao.guarulhos.sp.gov.br\/wp_site\/abrilliterario\/cils-e-cmils\/#breadcrumb"},"inLanguage":"pt-BR","potentialAction":[{"@type":"ReadAction","target":["https:\/\/portaleducacao.guarulhos.sp.gov.br\/wp_site\/abrilliterario\/cils-e-cmils\/"]}]},{"@type":"BreadcrumbList","@id":"https:\/\/portaleducacao.guarulhos.sp.gov.br\/wp_site\/abrilliterario\/cils-e-cmils\/#breadcrumb","itemListElement":[{"@type":"ListItem","position":1,"name":"In\u00edcio","item":"https:\/\/portaleducacao.guarulhos.sp.gov.br\/wp_site\/abrilliterario\/"},{"@type":"ListItem","position":2,"name":"CILs e CMILs"}]},{"@type":"WebSite","@id":"https:\/\/portaleducacao.guarulhos.sp.gov.br\/wp_site\/abrilliterario\/#website","url":"https:\/\/portaleducacao.guarulhos.sp.gov.br\/wp_site\/abrilliterario\/","name":"Abril Liter\u00e1rio","description":"Literalmente isso...","potentialAction":[{"@type":"SearchAction","target":{"@type":"EntryPoint","urlTemplate":"https:\/\/portaleducacao.guarulhos.sp.gov.br\/wp_site\/abrilliterario\/?s={search_term_string}"},"query-input":"required name=search_term_string"}],"inLanguage":"pt-BR"}]}},"_links":{"self":[{"href":"https:\/\/portaleducacao.guarulhos.sp.gov.br\/wp_site\/abrilliterario\/wp-json\/wp\/v2\/pages\/331"}],"collection":[{"href":"https:\/\/portaleducacao.guarulhos.sp.gov.br\/wp_site\/abrilliterario\/wp-json\/wp\/v2\/pages"}],"about":[{"href":"https:\/\/portaleducacao.guarulhos.sp.gov.br\/wp_site\/abrilliterario\/wp-json\/wp\/v2\/types\/page"}],"author":[{"embeddable":true,"href":"https:\/\/portaleducacao.guarulhos.sp.gov.br\/wp_site\/abrilliterario\/wp-json\/wp\/v2\/users\/8"}],"replies":[{"embeddable":true,"href":"https:\/\/portaleducacao.guarulhos.sp.gov.br\/wp_site\/abrilliterario\/wp-json\/wp\/v2\/comments?post=331"}],"version-history":[{"count":2,"href":"https:\/\/portaleducacao.guarulhos.sp.gov.br\/wp_site\/abrilliterario\/wp-json\/wp\/v2\/pages\/331\/revisions"}],"predecessor-version":[{"id":336,"href":"https:\/\/portaleducacao.guarulhos.sp.gov.br\/wp_site\/abrilliterario\/wp-json\/wp\/v2\/pages\/331\/revisions\/336"}],"wp:attachment":[{"href":"https:\/\/portaleducacao.guarulhos.sp.gov.br\/wp_site\/abrilliterario\/wp-json\/wp\/v2\/media?parent=331"}],"wp:term":[{"taxonomy":"category","embeddable":true,"href":"https:\/\/portaleducacao.guarulhos.sp.gov.br\/wp_site\/abrilliterario\/wp-json\/wp\/v2\/categories?post=331"},{"taxonomy":"post_tag","embeddable":true,"href":"https:\/\/portaleducacao.guarulhos.sp.gov.br\/wp_site\/abrilliterario\/wp-json\/wp\/v2\/tags?post=331"}],"curies":[{"name":"wp","href":"https:\/\/api.w.org\/{rel}","templated":true}]}}