{"id":52,"date":"2023-02-24T17:11:10","date_gmt":"2023-02-24T19:11:10","guid":{"rendered":"https:\/\/portaleducacao.guarulhos.sp.gov.br\/wp_site\/abrilliterario\/?page_id=52"},"modified":"2023-05-02T17:10:10","modified_gmt":"2023-05-02T20:10:10","slug":"paginainicial","status":"publish","type":"page","link":"https:\/\/portaleducacao.guarulhos.sp.gov.br\/wp_site\/abrilliterario\/paginainicial\/","title":{"rendered":"Abril Liter\u00e1rio 2023"},"content":{"rendered":"\t\t<div data-elementor-type=\"wp-page\" data-elementor-id=\"52\" class=\"elementor elementor-52\">\n\t\t\t\t\t\t\t\t\t<section class=\"elementor-section elementor-top-section elementor-element elementor-element-e1ff40e elementor-section-boxed elementor-section-height-default elementor-section-height-default\" data-id=\"e1ff40e\" data-element_type=\"section\">\n\t\t\t\t\t\t<div class=\"elementor-container elementor-column-gap-no\">\n\t\t\t\t\t<div class=\"elementor-column elementor-col-100 elementor-top-column elementor-element elementor-element-b8ead85\" data-id=\"b8ead85\" data-element_type=\"column\">\n\t\t\t<div class=\"elementor-widget-wrap elementor-element-populated\">\n\t\t\t\t\t\t\t\t<div class=\"elementor-element elementor-element-ac6a41b elementor-widget elementor-widget-heading\" data-id=\"ac6a41b\" data-element_type=\"widget\" data-widget_type=\"heading.default\">\n\t\t\t\t<div class=\"elementor-widget-container\">\n\t\t\t<style>\/*! elementor - v3.12.1 - 02-04-2023 *\/\n.elementor-heading-title{padding:0;margin:0;line-height:1}.elementor-widget-heading .elementor-heading-title[class*=elementor-size-]>a{color:inherit;font-size:inherit;line-height:inherit}.elementor-widget-heading .elementor-heading-title.elementor-size-small{font-size:15px}.elementor-widget-heading .elementor-heading-title.elementor-size-medium{font-size:19px}.elementor-widget-heading .elementor-heading-title.elementor-size-large{font-size:29px}.elementor-widget-heading .elementor-heading-title.elementor-size-xl{font-size:39px}.elementor-widget-heading .elementor-heading-title.elementor-size-xxl{font-size:59px}<\/style><h2 class=\"elementor-heading-title elementor-size-default\">Not\u00edcias do Abril<\/h2>\t\t<\/div>\n\t\t\t\t<\/div>\n\t\t\t\t<div class=\"elementor-element elementor-element-11a22dd elementor-widget elementor-widget-heading\" data-id=\"11a22dd\" data-element_type=\"widget\" data-widget_type=\"heading.default\">\n\t\t\t\t<div class=\"elementor-widget-container\">\n\t\t\t<h2 class=\"elementor-heading-title elementor-size-default\">Acompanhe as principais not\u00edcias do Abril Liter\u00e1rio 2023<\/h2>\t\t<\/div>\n\t\t\t\t<\/div>\n\t\t\t\t<div class=\"elementor-element elementor-element-444b71c elementor-grid-4 elementor-grid-tablet-2 elementor-grid-mobile-1 elementor-posts--thumbnail-top elementor-card-shadow-yes elementor-posts__hover-gradient elementor-widget elementor-widget-posts\" data-id=\"444b71c\" data-element_type=\"widget\" data-settings=\"{&quot;cards_columns&quot;:&quot;4&quot;,&quot;cards_columns_tablet&quot;:&quot;2&quot;,&quot;cards_columns_mobile&quot;:&quot;1&quot;,&quot;cards_row_gap&quot;:{&quot;unit&quot;:&quot;px&quot;,&quot;size&quot;:35,&quot;sizes&quot;:[]},&quot;cards_row_gap_tablet&quot;:{&quot;unit&quot;:&quot;px&quot;,&quot;size&quot;:&quot;&quot;,&quot;sizes&quot;:[]},&quot;cards_row_gap_mobile&quot;:{&quot;unit&quot;:&quot;px&quot;,&quot;size&quot;:&quot;&quot;,&quot;sizes&quot;:[]}}\" data-widget_type=\"posts.cards\">\n\t\t\t\t<div class=\"elementor-widget-container\">\n\t\t\t<link rel=\"stylesheet\" href=\"https:\/\/portaleducacao.guarulhos.sp.gov.br\/wp_site\/abrilliterario\/wp-content\/plugins\/elementor-pro\/assets\/css\/widget-posts.min.css\">\t\t<div class=\"elementor-posts-container elementor-posts elementor-posts--skin-cards elementor-grid\">\n\t\t\t\t<article class=\"elementor-post elementor-grid-item post-2157 post type-post status-publish format-standard has-post-thumbnail hentry category-2024-pagina category-2024-post category-2024-abril-literario category-noticias\">\n\t\t\t<div class=\"elementor-post__card\">\n\t\t\t\t<a class=\"elementor-post__thumbnail__link\" href=\"https:\/\/portaleducacao.guarulhos.sp.gov.br\/wp_site\/abrilliterario\/2024\/04\/26\/tutores-do-leia-compartilham-leituras-em-encontro-no-bosque-ao-lado-da-se\/\" ><div class=\"elementor-post__thumbnail\"><img width=\"300\" height=\"200\" src=\"https:\/\/portaleducacao.guarulhos.sp.gov.br\/wp_site\/abrilliterario\/wp-content\/uploads\/sites\/24\/2024\/04\/a0fcca98-1356-41e1-b6fe-f6683be91254-300x200.jpeg\" class=\"attachment-medium size-medium wp-image-2166\" alt=\"\" loading=\"lazy\" srcset=\"https:\/\/portaleducacao.guarulhos.sp.gov.br\/wp_site\/abrilliterario\/wp-content\/uploads\/sites\/24\/2024\/04\/a0fcca98-1356-41e1-b6fe-f6683be91254-300x200.jpeg 300w, https:\/\/portaleducacao.guarulhos.sp.gov.br\/wp_site\/abrilliterario\/wp-content\/uploads\/sites\/24\/2024\/04\/a0fcca98-1356-41e1-b6fe-f6683be91254-1024x682.jpeg 1024w, https:\/\/portaleducacao.guarulhos.sp.gov.br\/wp_site\/abrilliterario\/wp-content\/uploads\/sites\/24\/2024\/04\/a0fcca98-1356-41e1-b6fe-f6683be91254-768x512.jpeg 768w, https:\/\/portaleducacao.guarulhos.sp.gov.br\/wp_site\/abrilliterario\/wp-content\/uploads\/sites\/24\/2024\/04\/a0fcca98-1356-41e1-b6fe-f6683be91254-1536x1023.jpeg 1536w, https:\/\/portaleducacao.guarulhos.sp.gov.br\/wp_site\/abrilliterario\/wp-content\/uploads\/sites\/24\/2024\/04\/a0fcca98-1356-41e1-b6fe-f6683be91254.jpeg 1600w\" sizes=\"(max-width: 300px) 100vw, 300px\" \/><\/div><\/a>\n\t\t\t\t<div class=\"elementor-post__text\">\n\t\t\t\t<h3 class=\"elementor-post__title\">\n\t\t\t<a href=\"https:\/\/portaleducacao.guarulhos.sp.gov.br\/wp_site\/abrilliterario\/2024\/04\/26\/tutores-do-leia-compartilham-leituras-em-encontro-no-bosque-ao-lado-da-se\/\" >\n\t\t\t\tTutores do Leia compartilham leituras em encontro no bosque ao lado da SE\t\t\t<\/a>\n\t\t<\/h3>\n\t\t\t\t<div class=\"elementor-post__excerpt\">\n\t\t\t<p>Por Carla MaioPublicado em 25\/04\/2024 Tutores do programa LEIA se reuniram na manh\u00e3 desta quarta-feira (24) no bosque ao lado da Secretaria de Educa\u00e7\u00e3o para leitura compartilhada de obras diversas.<\/p>\n\t\t<\/div>\n\t\t\n\t\t<a class=\"elementor-post__read-more\" href=\"https:\/\/portaleducacao.guarulhos.sp.gov.br\/wp_site\/abrilliterario\/2024\/04\/26\/tutores-do-leia-compartilham-leituras-em-encontro-no-bosque-ao-lado-da-se\/\" aria-label=\"Read more about Tutores do Leia compartilham leituras em encontro no bosque ao lado da SE\" >\n\t\t\tClique para saber mais\t\t<\/a>\n\n\t\t\t\t<\/div>\n\t\t\t\t<div class=\"elementor-post__meta-data\">\n\t\t\t\t\t<span class=\"elementor-post-date\">\n\t\t\t26 de abril de 2024\t\t<\/span>\n\t\t\t\t<span class=\"elementor-post-avatar\">\n\t\t\tNenhum coment\u00e1rio\t\t<\/span>\n\t\t\t\t<\/div>\n\t\t\t\t\t<\/div>\n\t\t<\/article>\n\t\t\t\t<article class=\"elementor-post elementor-grid-item post-2022 post type-post status-publish format-standard has-post-thumbnail hentry category-2024-pagina category-2024-post category-2024-abril-literario category-noticias\">\n\t\t\t<div class=\"elementor-post__card\">\n\t\t\t\t<a class=\"elementor-post__thumbnail__link\" href=\"https:\/\/portaleducacao.guarulhos.sp.gov.br\/wp_site\/abrilliterario\/2024\/04\/22\/projeto-das-epgs-glorinha-pimentel-e-rogerio-damiao-potencializa-pequenos-leitores\/\" ><div class=\"elementor-post__thumbnail\"><img width=\"300\" height=\"226\" src=\"https:\/\/portaleducacao.guarulhos.sp.gov.br\/wp_site\/abrilliterario\/wp-content\/uploads\/sites\/24\/2024\/04\/001-300x226.jpeg\" class=\"attachment-medium size-medium wp-image-2023\" alt=\"\" loading=\"lazy\" srcset=\"https:\/\/portaleducacao.guarulhos.sp.gov.br\/wp_site\/abrilliterario\/wp-content\/uploads\/sites\/24\/2024\/04\/001-300x226.jpeg 300w, https:\/\/portaleducacao.guarulhos.sp.gov.br\/wp_site\/abrilliterario\/wp-content\/uploads\/sites\/24\/2024\/04\/001-1024x771.jpeg 1024w, https:\/\/portaleducacao.guarulhos.sp.gov.br\/wp_site\/abrilliterario\/wp-content\/uploads\/sites\/24\/2024\/04\/001-768x578.jpeg 768w, https:\/\/portaleducacao.guarulhos.sp.gov.br\/wp_site\/abrilliterario\/wp-content\/uploads\/sites\/24\/2024\/04\/001-1536x1156.jpeg 1536w, https:\/\/portaleducacao.guarulhos.sp.gov.br\/wp_site\/abrilliterario\/wp-content\/uploads\/sites\/24\/2024\/04\/001.jpeg 1600w\" sizes=\"(max-width: 300px) 100vw, 300px\" \/><\/div><\/a>\n\t\t\t\t<div class=\"elementor-post__text\">\n\t\t\t\t<h3 class=\"elementor-post__title\">\n\t\t\t<a href=\"https:\/\/portaleducacao.guarulhos.sp.gov.br\/wp_site\/abrilliterario\/2024\/04\/22\/projeto-das-epgs-glorinha-pimentel-e-rogerio-damiao-potencializa-pequenos-leitores\/\" >\n\t\t\t\tProjeto das EPGs Glorinha Pimentel e Rog\u00e9rio Dami\u00e3o potencializa pequenos leitores\t\t\t<\/a>\n\t\t<\/h3>\n\t\t\t\t<div class=\"elementor-post__excerpt\">\n\t\t\t<p>Olhinhos atentos, escuta afiada e muita curiosidade marcaram o encontro de leitura dos alunos das EPGs Glorinha Pimentel e Rog\u00e9rio Dami\u00e3o, no Jd. Castanha, durante o projeto Pequenos Leitores, que<\/p>\n\t\t<\/div>\n\t\t\n\t\t<a class=\"elementor-post__read-more\" href=\"https:\/\/portaleducacao.guarulhos.sp.gov.br\/wp_site\/abrilliterario\/2024\/04\/22\/projeto-das-epgs-glorinha-pimentel-e-rogerio-damiao-potencializa-pequenos-leitores\/\" aria-label=\"Read more about Projeto das EPGs Glorinha Pimentel e Rog\u00e9rio Dami\u00e3o potencializa pequenos leitores\" >\n\t\t\tClique para saber mais\t\t<\/a>\n\n\t\t\t\t<\/div>\n\t\t\t\t<div class=\"elementor-post__meta-data\">\n\t\t\t\t\t<span class=\"elementor-post-date\">\n\t\t\t22 de abril de 2024\t\t<\/span>\n\t\t\t\t<span class=\"elementor-post-avatar\">\n\t\t\tNenhum coment\u00e1rio\t\t<\/span>\n\t\t\t\t<\/div>\n\t\t\t\t\t<\/div>\n\t\t<\/article>\n\t\t\t\t<article class=\"elementor-post elementor-grid-item post-1058 post type-post status-publish format-standard has-post-thumbnail hentry category-noticias\">\n\t\t\t<div class=\"elementor-post__card\">\n\t\t\t\t<a class=\"elementor-post__thumbnail__link\" href=\"https:\/\/portaleducacao.guarulhos.sp.gov.br\/wp_site\/abrilliterario\/2023\/05\/02\/%f0%9f%8e%adno-encerramento-do-abril-literario-o-ceu-bonsucesso-trouxe-para-comunidade-a-peca-teatral-as-aventuras-de-alice-uma-historia-de-comedia-para-toda-a-familia\/\" ><div class=\"elementor-post__thumbnail\"><img width=\"300\" height=\"201\" src=\"https:\/\/portaleducacao.guarulhos.sp.gov.br\/wp_site\/abrilliterario\/wp-content\/uploads\/sites\/24\/2023\/05\/WhatsApp-Image-2023-05-02-at-16.42.07-300x201.jpeg\" class=\"attachment-medium size-medium wp-image-1059\" alt=\"\" loading=\"lazy\" srcset=\"https:\/\/portaleducacao.guarulhos.sp.gov.br\/wp_site\/abrilliterario\/wp-content\/uploads\/sites\/24\/2023\/05\/WhatsApp-Image-2023-05-02-at-16.42.07-300x201.jpeg 300w, https:\/\/portaleducacao.guarulhos.sp.gov.br\/wp_site\/abrilliterario\/wp-content\/uploads\/sites\/24\/2023\/05\/WhatsApp-Image-2023-05-02-at-16.42.07-768x515.jpeg 768w, https:\/\/portaleducacao.guarulhos.sp.gov.br\/wp_site\/abrilliterario\/wp-content\/uploads\/sites\/24\/2023\/05\/WhatsApp-Image-2023-05-02-at-16.42.07.jpeg 1024w\" sizes=\"(max-width: 300px) 100vw, 300px\" \/><\/div><\/a>\n\t\t\t\t<div class=\"elementor-post__text\">\n\t\t\t\t<h3 class=\"elementor-post__title\">\n\t\t\t<a href=\"https:\/\/portaleducacao.guarulhos.sp.gov.br\/wp_site\/abrilliterario\/2023\/05\/02\/%f0%9f%8e%adno-encerramento-do-abril-literario-o-ceu-bonsucesso-trouxe-para-comunidade-a-peca-teatral-as-aventuras-de-alice-uma-historia-de-comedia-para-toda-a-familia\/\" >\n\t\t\t\tCEU Bonsucesso traz para comunidade a pe\u00e7a teatral &#8220;As aventuras de Alice&#8221;\t\t\t<\/a>\n\t\t<\/h3>\n\t\t\t\t<div class=\"elementor-post__excerpt\">\n\t\t\t<p>No enredo a impiedosa Rainha de Copas buscou os poss\u00edveis culpados pelo roubo de suas adoradas tortas de creme, mas n\u00e3o contava com o retorno da valente Alice ao Pa\u00eds<\/p>\n\t\t<\/div>\n\t\t\n\t\t<a class=\"elementor-post__read-more\" href=\"https:\/\/portaleducacao.guarulhos.sp.gov.br\/wp_site\/abrilliterario\/2023\/05\/02\/%f0%9f%8e%adno-encerramento-do-abril-literario-o-ceu-bonsucesso-trouxe-para-comunidade-a-peca-teatral-as-aventuras-de-alice-uma-historia-de-comedia-para-toda-a-familia\/\" aria-label=\"Read more about CEU Bonsucesso traz para comunidade a pe\u00e7a teatral &#8220;As aventuras de Alice&#8221;\" >\n\t\t\tClique para saber mais\t\t<\/a>\n\n\t\t\t\t<\/div>\n\t\t\t\t<div class=\"elementor-post__meta-data\">\n\t\t\t\t\t<span class=\"elementor-post-date\">\n\t\t\t2 de maio de 2023\t\t<\/span>\n\t\t\t\t<span class=\"elementor-post-avatar\">\n\t\t\tNenhum coment\u00e1rio\t\t<\/span>\n\t\t\t\t<\/div>\n\t\t\t\t\t<\/div>\n\t\t<\/article>\n\t\t\t\t<article class=\"elementor-post elementor-grid-item post-1017 post type-post status-publish format-standard has-post-thumbnail hentry category-noticias\">\n\t\t\t<div class=\"elementor-post__card\">\n\t\t\t\t<a class=\"elementor-post__thumbnail__link\" href=\"https:\/\/portaleducacao.guarulhos.sp.gov.br\/wp_site\/abrilliterario\/2023\/05\/02\/epg-moreira-matos-recebe-o-cartunista-fausto-bergocce-para-bate-papo-sobre-ziraldo\/\" ><div class=\"elementor-post__thumbnail\"><img width=\"300\" height=\"200\" src=\"https:\/\/portaleducacao.guarulhos.sp.gov.br\/wp_site\/abrilliterario\/wp-content\/uploads\/sites\/24\/2023\/05\/8e04a57d-36cc-45ff-974e-53b6d85d016f-300x200.jpg\" class=\"attachment-medium size-medium wp-image-1018\" alt=\"\" loading=\"lazy\" srcset=\"https:\/\/portaleducacao.guarulhos.sp.gov.br\/wp_site\/abrilliterario\/wp-content\/uploads\/sites\/24\/2023\/05\/8e04a57d-36cc-45ff-974e-53b6d85d016f-300x200.jpg 300w, https:\/\/portaleducacao.guarulhos.sp.gov.br\/wp_site\/abrilliterario\/wp-content\/uploads\/sites\/24\/2023\/05\/8e04a57d-36cc-45ff-974e-53b6d85d016f-768x512.jpg 768w, https:\/\/portaleducacao.guarulhos.sp.gov.br\/wp_site\/abrilliterario\/wp-content\/uploads\/sites\/24\/2023\/05\/8e04a57d-36cc-45ff-974e-53b6d85d016f.jpg 840w\" sizes=\"(max-width: 300px) 100vw, 300px\" \/><\/div><\/a>\n\t\t\t\t<div class=\"elementor-post__text\">\n\t\t\t\t<h3 class=\"elementor-post__title\">\n\t\t\t<a href=\"https:\/\/portaleducacao.guarulhos.sp.gov.br\/wp_site\/abrilliterario\/2023\/05\/02\/epg-moreira-matos-recebe-o-cartunista-fausto-bergocce-para-bate-papo-sobre-ziraldo\/\" >\n\t\t\t\tEPG Moreira Matos recebe o cartunista Fausto Bergocce para bate-papo sobre Ziraldo\t\t\t<\/a>\n\t\t<\/h3>\n\t\t\t\t<div class=\"elementor-post__excerpt\">\n\t\t\t<p>Por Carla MaioPublicado em 19\/04\/2023Editado em 24\/04\/2023, \u00e0s 15:53 Promover um espa\u00e7o para que crian\u00e7as possam expressar suas ideias e vivenciar o processo de cria\u00e7\u00e3o de livros. Na manh\u00e3 da<\/p>\n\t\t<\/div>\n\t\t\n\t\t<a class=\"elementor-post__read-more\" href=\"https:\/\/portaleducacao.guarulhos.sp.gov.br\/wp_site\/abrilliterario\/2023\/05\/02\/epg-moreira-matos-recebe-o-cartunista-fausto-bergocce-para-bate-papo-sobre-ziraldo\/\" aria-label=\"Read more about EPG Moreira Matos recebe o cartunista Fausto Bergocce para bate-papo sobre Ziraldo\" >\n\t\t\tClique para saber mais\t\t<\/a>\n\n\t\t\t\t<\/div>\n\t\t\t\t<div class=\"elementor-post__meta-data\">\n\t\t\t\t\t<span class=\"elementor-post-date\">\n\t\t\t2 de maio de 2023\t\t<\/span>\n\t\t\t\t<span class=\"elementor-post-avatar\">\n\t\t\tNenhum coment\u00e1rio\t\t<\/span>\n\t\t\t\t<\/div>\n\t\t\t\t\t<\/div>\n\t\t<\/article>\n\t\t\t\t<article class=\"elementor-post elementor-grid-item post-975 post type-post status-publish format-standard has-post-thumbnail hentry category-2024-post category-noticias\">\n\t\t\t<div class=\"elementor-post__card\">\n\t\t\t\t<a class=\"elementor-post__thumbnail__link\" href=\"https:\/\/portaleducacao.guarulhos.sp.gov.br\/wp_site\/abrilliterario\/2023\/04\/25\/as-escolas-epg-demilia-e-epg-dalmeida-barbosa-escolas-polo-da-modalidade-eja-reuniram-se-na-noite-do-dia-24-04-para-a-culminancia-do-projeto-liberte-um-texto\/\" ><div class=\"elementor-post__thumbnail\"><img width=\"300\" height=\"225\" src=\"https:\/\/portaleducacao.guarulhos.sp.gov.br\/wp_site\/abrilliterario\/wp-content\/uploads\/sites\/24\/2023\/04\/WhatsApp-Image-2023-04-25-at-14.17.46-1-2-300x225.jpeg\" class=\"attachment-medium size-medium wp-image-993\" alt=\"\" loading=\"lazy\" srcset=\"https:\/\/portaleducacao.guarulhos.sp.gov.br\/wp_site\/abrilliterario\/wp-content\/uploads\/sites\/24\/2023\/04\/WhatsApp-Image-2023-04-25-at-14.17.46-1-2-300x225.jpeg 300w, https:\/\/portaleducacao.guarulhos.sp.gov.br\/wp_site\/abrilliterario\/wp-content\/uploads\/sites\/24\/2023\/04\/WhatsApp-Image-2023-04-25-at-14.17.46-1-2-1024x768.jpeg 1024w, https:\/\/portaleducacao.guarulhos.sp.gov.br\/wp_site\/abrilliterario\/wp-content\/uploads\/sites\/24\/2023\/04\/WhatsApp-Image-2023-04-25-at-14.17.46-1-2-768x576.jpeg 768w, https:\/\/portaleducacao.guarulhos.sp.gov.br\/wp_site\/abrilliterario\/wp-content\/uploads\/sites\/24\/2023\/04\/WhatsApp-Image-2023-04-25-at-14.17.46-1-2-1536x1152.jpeg 1536w, https:\/\/portaleducacao.guarulhos.sp.gov.br\/wp_site\/abrilliterario\/wp-content\/uploads\/sites\/24\/2023\/04\/WhatsApp-Image-2023-04-25-at-14.17.46-1-2.jpeg 1600w\" sizes=\"(max-width: 300px) 100vw, 300px\" \/><\/div><\/a>\n\t\t\t\t<div class=\"elementor-post__text\">\n\t\t\t\t<h3 class=\"elementor-post__title\">\n\t\t\t<a href=\"https:\/\/portaleducacao.guarulhos.sp.gov.br\/wp_site\/abrilliterario\/2023\/04\/25\/as-escolas-epg-demilia-e-epg-dalmeida-barbosa-escolas-polo-da-modalidade-eja-reuniram-se-na-noite-do-dia-24-04-para-a-culminancia-do-projeto-liberte-um-texto\/\" >\n\t\t\t\tEPGs Da Em\u00edlia e D&#8217;Almeida Barbosa se re\u00fanem para culmin\u00e2ncia do projeto &#8220;Liberte um texto&#8221;\t\t\t<\/a>\n\t\t<\/h3>\n\t\t\t\t<div class=\"elementor-post__excerpt\">\n\t\t\t<p>Por Jefferson CarvalhoEditado em 25\/04\/2023Fotos Antonieta Melo Contou com a presen\u00e7a do poeta guarulhense C\u00e9sar Magalh\u00e3es Borges, que trouxe um pouco de suas obras para os educandos ali presentes. O<\/p>\n\t\t<\/div>\n\t\t\n\t\t<a class=\"elementor-post__read-more\" href=\"https:\/\/portaleducacao.guarulhos.sp.gov.br\/wp_site\/abrilliterario\/2023\/04\/25\/as-escolas-epg-demilia-e-epg-dalmeida-barbosa-escolas-polo-da-modalidade-eja-reuniram-se-na-noite-do-dia-24-04-para-a-culminancia-do-projeto-liberte-um-texto\/\" aria-label=\"Read more about EPGs Da Em\u00edlia e D&#8217;Almeida Barbosa se re\u00fanem para culmin\u00e2ncia do projeto &#8220;Liberte um texto&#8221;\" >\n\t\t\tClique para saber mais\t\t<\/a>\n\n\t\t\t\t<\/div>\n\t\t\t\t<div class=\"elementor-post__meta-data\">\n\t\t\t\t\t<span class=\"elementor-post-date\">\n\t\t\t25 de abril de 2023\t\t<\/span>\n\t\t\t\t<span class=\"elementor-post-avatar\">\n\t\t\tNenhum coment\u00e1rio\t\t<\/span>\n\t\t\t\t<\/div>\n\t\t\t\t\t<\/div>\n\t\t<\/article>\n\t\t\t\t<article class=\"elementor-post elementor-grid-item post-867 post type-post status-publish format-standard has-post-thumbnail hentry category-noticias\">\n\t\t\t<div class=\"elementor-post__card\">\n\t\t\t\t<a class=\"elementor-post__thumbnail__link\" href=\"https:\/\/portaleducacao.guarulhos.sp.gov.br\/wp_site\/abrilliterario\/2023\/04\/14\/programacao-cultural-com-palestras-e-entrega-de-livros-a-alunos-da-rede-municipal-marca-a-abertura-do-abril-literario\/\" ><div class=\"elementor-post__thumbnail\"><img width=\"300\" height=\"202\" src=\"https:\/\/portaleducacao.guarulhos.sp.gov.br\/wp_site\/abrilliterario\/wp-content\/uploads\/sites\/24\/2023\/04\/7bf7b673-6a94-41b6-a3a1-f2bf996a7c5c-300x202.jpg\" class=\"attachment-medium size-medium wp-image-868\" alt=\"\" loading=\"lazy\" srcset=\"https:\/\/portaleducacao.guarulhos.sp.gov.br\/wp_site\/abrilliterario\/wp-content\/uploads\/sites\/24\/2023\/04\/7bf7b673-6a94-41b6-a3a1-f2bf996a7c5c-300x202.jpg 300w, https:\/\/portaleducacao.guarulhos.sp.gov.br\/wp_site\/abrilliterario\/wp-content\/uploads\/sites\/24\/2023\/04\/7bf7b673-6a94-41b6-a3a1-f2bf996a7c5c-1024x690.jpg 1024w, https:\/\/portaleducacao.guarulhos.sp.gov.br\/wp_site\/abrilliterario\/wp-content\/uploads\/sites\/24\/2023\/04\/7bf7b673-6a94-41b6-a3a1-f2bf996a7c5c-768x518.jpg 768w, https:\/\/portaleducacao.guarulhos.sp.gov.br\/wp_site\/abrilliterario\/wp-content\/uploads\/sites\/24\/2023\/04\/7bf7b673-6a94-41b6-a3a1-f2bf996a7c5c-1536x1035.jpg 1536w, https:\/\/portaleducacao.guarulhos.sp.gov.br\/wp_site\/abrilliterario\/wp-content\/uploads\/sites\/24\/2023\/04\/7bf7b673-6a94-41b6-a3a1-f2bf996a7c5c-2048x1380.jpg 2048w\" sizes=\"(max-width: 300px) 100vw, 300px\" \/><\/div><\/a>\n\t\t\t\t<div class=\"elementor-post__text\">\n\t\t\t\t<h3 class=\"elementor-post__title\">\n\t\t\t<a href=\"https:\/\/portaleducacao.guarulhos.sp.gov.br\/wp_site\/abrilliterario\/2023\/04\/14\/programacao-cultural-com-palestras-e-entrega-de-livros-a-alunos-da-rede-municipal-marca-a-abertura-do-abril-literario\/\" >\n\t\t\t\tPrograma\u00e7\u00e3o cultural com palestras e entrega de livros a alunos da rede municipal marca a abertura do Abril Liter\u00e1rio\t\t\t<\/a>\n\t\t<\/h3>\n\t\t\t\t<div class=\"elementor-post__excerpt\">\n\t\t\t<p>Por Danielle AndradePublicado em 05\/04\/2023Editado em 12\/04\/2023, \u00e0s 16:44 O Teatro Adamastor recebeu na manh\u00e3 desta quarta-feira (5) a abertura do Abril Liter\u00e1rio 2023 &#8211; Literalmente Isso\u2026, com o tema<\/p>\n\t\t<\/div>\n\t\t\n\t\t<a class=\"elementor-post__read-more\" href=\"https:\/\/portaleducacao.guarulhos.sp.gov.br\/wp_site\/abrilliterario\/2023\/04\/14\/programacao-cultural-com-palestras-e-entrega-de-livros-a-alunos-da-rede-municipal-marca-a-abertura-do-abril-literario\/\" aria-label=\"Read more about Programa\u00e7\u00e3o cultural com palestras e entrega de livros a alunos da rede municipal marca a abertura do Abril Liter\u00e1rio\" >\n\t\t\tClique para saber mais\t\t<\/a>\n\n\t\t\t\t<\/div>\n\t\t\t\t<div class=\"elementor-post__meta-data\">\n\t\t\t\t\t<span class=\"elementor-post-date\">\n\t\t\t14 de abril de 2023\t\t<\/span>\n\t\t\t\t<span class=\"elementor-post-avatar\">\n\t\t\tNenhum coment\u00e1rio\t\t<\/span>\n\t\t\t\t<\/div>\n\t\t\t\t\t<\/div>\n\t\t<\/article>\n\t\t\t\t<\/div>\n\t\t\n\t\t\t\t<\/div>\n\t\t\t\t<\/div>\n\t\t\t\t\t<\/div>\n\t\t<\/div>\n\t\t\t\t\t\t\t<\/div>\n\t\t<\/section>\n\t\t\t\t<section class=\"elementor-section elementor-top-section elementor-element elementor-element-289d4a8 elementor-section-boxed elementor-section-height-default elementor-section-height-default\" data-id=\"289d4a8\" data-element_type=\"section\">\n\t\t\t\t\t\t<div class=\"elementor-container elementor-column-gap-no\">\n\t\t\t\t\t<div class=\"elementor-column elementor-col-100 elementor-top-column elementor-element elementor-element-fc4be25\" data-id=\"fc4be25\" data-element_type=\"column\">\n\t\t\t<div class=\"elementor-widget-wrap elementor-element-populated\">\n\t\t\t\t\t\t\t\t<div class=\"elementor-element elementor-element-bfb1f17 elementor-widget elementor-widget-heading\" data-id=\"bfb1f17\" data-element_type=\"widget\" data-widget_type=\"heading.default\">\n\t\t\t\t<div class=\"elementor-widget-container\">\n\t\t\t<h2 class=\"elementor-heading-title elementor-size-default\">Encontro com Autores<\/h2>\t\t<\/div>\n\t\t\t\t<\/div>\n\t\t\t\t<div class=\"elementor-element elementor-element-069f332 e-transform e-transform e-transform e-transform elementor-widget elementor-widget-heading\" data-id=\"069f332\" data-element_type=\"widget\" data-settings=\"{&quot;_transform_rotateZ_effect&quot;:{&quot;unit&quot;:&quot;px&quot;,&quot;size&quot;:&quot;&quot;,&quot;sizes&quot;:[]},&quot;_transform_rotateZ_effect_tablet&quot;:{&quot;unit&quot;:&quot;deg&quot;,&quot;size&quot;:&quot;&quot;,&quot;sizes&quot;:[]},&quot;_transform_rotateZ_effect_mobile&quot;:{&quot;unit&quot;:&quot;deg&quot;,&quot;size&quot;:&quot;&quot;,&quot;sizes&quot;:[]},&quot;_transform_translateX_effect&quot;:{&quot;unit&quot;:&quot;px&quot;,&quot;size&quot;:&quot;&quot;,&quot;sizes&quot;:[]},&quot;_transform_translateX_effect_tablet&quot;:{&quot;unit&quot;:&quot;px&quot;,&quot;size&quot;:&quot;&quot;,&quot;sizes&quot;:[]},&quot;_transform_translateX_effect_mobile&quot;:{&quot;unit&quot;:&quot;px&quot;,&quot;size&quot;:&quot;&quot;,&quot;sizes&quot;:[]},&quot;_transform_translateY_effect&quot;:{&quot;unit&quot;:&quot;px&quot;,&quot;size&quot;:&quot;&quot;,&quot;sizes&quot;:[]},&quot;_transform_translateY_effect_tablet&quot;:{&quot;unit&quot;:&quot;px&quot;,&quot;size&quot;:&quot;&quot;,&quot;sizes&quot;:[]},&quot;_transform_translateY_effect_mobile&quot;:{&quot;unit&quot;:&quot;px&quot;,&quot;size&quot;:&quot;&quot;,&quot;sizes&quot;:[]},&quot;_transform_scale_effect&quot;:{&quot;unit&quot;:&quot;px&quot;,&quot;size&quot;:&quot;&quot;,&quot;sizes&quot;:[]},&quot;_transform_scale_effect_tablet&quot;:{&quot;unit&quot;:&quot;px&quot;,&quot;size&quot;:&quot;&quot;,&quot;sizes&quot;:[]},&quot;_transform_scale_effect_mobile&quot;:{&quot;unit&quot;:&quot;px&quot;,&quot;size&quot;:&quot;&quot;,&quot;sizes&quot;:[]},&quot;_transform_skewX_effect&quot;:{&quot;unit&quot;:&quot;px&quot;,&quot;size&quot;:&quot;&quot;,&quot;sizes&quot;:[]},&quot;_transform_skewX_effect_tablet&quot;:{&quot;unit&quot;:&quot;deg&quot;,&quot;size&quot;:&quot;&quot;,&quot;sizes&quot;:[]},&quot;_transform_skewX_effect_mobile&quot;:{&quot;unit&quot;:&quot;deg&quot;,&quot;size&quot;:&quot;&quot;,&quot;sizes&quot;:[]},&quot;_transform_skewY_effect&quot;:{&quot;unit&quot;:&quot;px&quot;,&quot;size&quot;:&quot;&quot;,&quot;sizes&quot;:[]},&quot;_transform_skewY_effect_tablet&quot;:{&quot;unit&quot;:&quot;deg&quot;,&quot;size&quot;:&quot;&quot;,&quot;sizes&quot;:[]},&quot;_transform_skewY_effect_mobile&quot;:{&quot;unit&quot;:&quot;deg&quot;,&quot;size&quot;:&quot;&quot;,&quot;sizes&quot;:[]}}\" data-widget_type=\"heading.default\">\n\t\t\t\t<div class=\"elementor-widget-container\">\n\t\t\t<h2 class=\"elementor-heading-title elementor-size-default\">Saiba mais sobre os encontros liter\u00e1rios desta edi\u00e7\u00e3o <\/h2>\t\t<\/div>\n\t\t\t\t<\/div>\n\t\t\t\t<div class=\"elementor-element elementor-element-e1349b3 elementor-grid-5 elementor-grid-tablet-2 elementor-grid-mobile-1 elementor-posts--thumbnail-top elementor-card-shadow-yes elementor-posts__hover-gradient elementor-widget elementor-widget-posts\" data-id=\"e1349b3\" data-element_type=\"widget\" data-settings=\"{&quot;cards_row_gap&quot;:{&quot;unit&quot;:&quot;px&quot;,&quot;size&quot;:&quot;20&quot;,&quot;sizes&quot;:[]},&quot;cards_columns&quot;:&quot;5&quot;,&quot;pagination_type&quot;:&quot;numbers&quot;,&quot;cards_columns_tablet&quot;:&quot;2&quot;,&quot;cards_columns_mobile&quot;:&quot;1&quot;,&quot;cards_row_gap_tablet&quot;:{&quot;unit&quot;:&quot;px&quot;,&quot;size&quot;:&quot;&quot;,&quot;sizes&quot;:[]},&quot;cards_row_gap_mobile&quot;:{&quot;unit&quot;:&quot;px&quot;,&quot;size&quot;:&quot;&quot;,&quot;sizes&quot;:[]}}\" data-widget_type=\"posts.cards\">\n\t\t\t\t<div class=\"elementor-widget-container\">\n\t\t\t\t\t<div class=\"elementor-posts-container elementor-posts elementor-posts--skin-cards elementor-grid\">\n\t\t\t\t<article class=\"elementor-post elementor-grid-item post-387 post type-post status-publish format-standard has-post-thumbnail hentry category-autor\">\n\t\t\t<div class=\"elementor-post__card\">\n\t\t\t\t<a class=\"elementor-post__thumbnail__link\" href=\"https:\/\/portaleducacao.guarulhos.sp.gov.br\/wp_site\/abrilliterario\/2023\/03\/28\/bel-santos\/\" ><div class=\"elementor-post__thumbnail\"><img width=\"200\" height=\"186\" src=\"https:\/\/portaleducacao.guarulhos.sp.gov.br\/wp_site\/abrilliterario\/wp-content\/uploads\/sites\/24\/2023\/03\/bell.jpg\" class=\"attachment-medium size-medium wp-image-404\" alt=\"\" loading=\"lazy\" \/><\/div><\/a>\n\t\t\t\t<div class=\"elementor-post__text\">\n\t\t\t\t<h3 class=\"elementor-post__title\">\n\t\t\t<a href=\"https:\/\/portaleducacao.guarulhos.sp.gov.br\/wp_site\/abrilliterario\/2023\/03\/28\/bel-santos\/\" >\n\t\t\t\tBel Santos\t\t\t<\/a>\n\t\t<\/h3>\n\t\t\t\t<div class=\"elementor-post__excerpt\">\n\t\t\t<p>Tema:\u00a0\u201cDa diversidade humana \u00e0 diversidade liter\u00e1ria\u201d<br \/>\n<b>Data:\u00a005\/04 \u2013 08h \u00e0s 12h<\/b><\/p>\n\t\t<\/div>\n\t\t\n\t\t<a class=\"elementor-post__read-more\" href=\"https:\/\/portaleducacao.guarulhos.sp.gov.br\/wp_site\/abrilliterario\/2023\/03\/28\/bel-santos\/\" aria-label=\"Read more about Bel Santos\" >\n\t\t\tClique para saber mais\t\t<\/a>\n\n\t\t\t\t<\/div>\n\t\t\t\t\t<\/div>\n\t\t<\/article>\n\t\t\t\t<article class=\"elementor-post elementor-grid-item post-405 post type-post status-publish format-standard has-post-thumbnail hentry category-autor\">\n\t\t\t<div class=\"elementor-post__card\">\n\t\t\t\t<a class=\"elementor-post__thumbnail__link\" href=\"https:\/\/portaleducacao.guarulhos.sp.gov.br\/wp_site\/abrilliterario\/2023\/03\/28\/paula-maria-knoll\/\" ><div class=\"elementor-post__thumbnail\"><img width=\"300\" height=\"200\" src=\"https:\/\/portaleducacao.guarulhos.sp.gov.br\/wp_site\/abrilliterario\/wp-content\/uploads\/sites\/24\/2023\/03\/paulaMariaKnol.jpg\" class=\"attachment-medium size-medium wp-image-407\" alt=\"\" loading=\"lazy\" \/><\/div><\/a>\n\t\t\t\t<div class=\"elementor-post__text\">\n\t\t\t\t<h3 class=\"elementor-post__title\">\n\t\t\t<a href=\"https:\/\/portaleducacao.guarulhos.sp.gov.br\/wp_site\/abrilliterario\/2023\/03\/28\/paula-maria-knoll\/\" >\n\t\t\t\t<strong>Paula Maria Knoll<\/strong>\t\t\t<\/a>\n\t\t<\/h3>\n\t\t\t\t<div class=\"elementor-post__excerpt\">\n\t\t\t<p>Conta\u00e7\u00e3o de Hist\u00f3rias (O som que vem da \u00c1frica)<br \/>\n<b>Data: 05\/04 \u2013 8h \u00e0s 12h<\/b><\/p>\n\t\t<\/div>\n\t\t\n\t\t<a class=\"elementor-post__read-more\" href=\"https:\/\/portaleducacao.guarulhos.sp.gov.br\/wp_site\/abrilliterario\/2023\/03\/28\/paula-maria-knoll\/\" aria-label=\"Read more about &lt;strong&gt;Paula Maria Knoll&lt;\/strong&gt;\" >\n\t\t\tClique para saber mais\t\t<\/a>\n\n\t\t\t\t<\/div>\n\t\t\t\t\t<\/div>\n\t\t<\/article>\n\t\t\t\t<article class=\"elementor-post elementor-grid-item post-410 post type-post status-publish format-standard has-post-thumbnail hentry category-autor\">\n\t\t\t<div class=\"elementor-post__card\">\n\t\t\t\t<a class=\"elementor-post__thumbnail__link\" href=\"https:\/\/portaleducacao.guarulhos.sp.gov.br\/wp_site\/abrilliterario\/2023\/03\/28\/viviane-midori-kotaki-silva\/\" ><div class=\"elementor-post__thumbnail\"><img width=\"300\" height=\"258\" src=\"https:\/\/portaleducacao.guarulhos.sp.gov.br\/wp_site\/abrilliterario\/wp-content\/uploads\/sites\/24\/2023\/03\/vivi.png\" class=\"attachment-medium size-medium wp-image-411\" alt=\"\" loading=\"lazy\" \/><\/div><\/a>\n\t\t\t\t<div class=\"elementor-post__text\">\n\t\t\t\t<h3 class=\"elementor-post__title\">\n\t\t\t<a href=\"https:\/\/portaleducacao.guarulhos.sp.gov.br\/wp_site\/abrilliterario\/2023\/03\/28\/viviane-midori-kotaki-silva\/\" >\n\t\t\t\tViviane Midori\t\t\t<\/a>\n\t\t<\/h3>\n\t\t\t\t<div class=\"elementor-post__excerpt\">\n\t\t\t<p> \u201cOs desafios de uma escritora surda\u201d<br \/>\n<b>Data:\u00a005\/04 \u2013 13h \u00e0s 17h<\/b><\/p>\n\t\t<\/div>\n\t\t\n\t\t<a class=\"elementor-post__read-more\" href=\"https:\/\/portaleducacao.guarulhos.sp.gov.br\/wp_site\/abrilliterario\/2023\/03\/28\/viviane-midori-kotaki-silva\/\" aria-label=\"Read more about Viviane Midori\" >\n\t\t\tClique para saber mais\t\t<\/a>\n\n\t\t\t\t<\/div>\n\t\t\t\t\t<\/div>\n\t\t<\/article>\n\t\t\t\t<article class=\"elementor-post elementor-grid-item post-414 post type-post status-publish format-standard has-post-thumbnail hentry category-autor\">\n\t\t\t<div class=\"elementor-post__card\">\n\t\t\t\t<a class=\"elementor-post__thumbnail__link\" href=\"https:\/\/portaleducacao.guarulhos.sp.gov.br\/wp_site\/abrilliterario\/2023\/03\/28\/cesar-obeid\/\" ><div class=\"elementor-post__thumbnail\"><img width=\"200\" height=\"170\" src=\"https:\/\/portaleducacao.guarulhos.sp.gov.br\/wp_site\/abrilliterario\/wp-content\/uploads\/sites\/24\/2023\/03\/cesar.jpg\" class=\"attachment-medium size-medium wp-image-415\" alt=\"\" loading=\"lazy\" \/><\/div><\/a>\n\t\t\t\t<div class=\"elementor-post__text\">\n\t\t\t\t<h3 class=\"elementor-post__title\">\n\t\t\t<a href=\"https:\/\/portaleducacao.guarulhos.sp.gov.br\/wp_site\/abrilliterario\/2023\/03\/28\/cesar-obeid\/\" >\n\t\t\t\t<strong>Cesar Obeid<\/strong>\t\t\t<\/a>\n\t\t<\/h3>\n\t\t\t\t<div class=\"elementor-post__excerpt\">\n\t\t\t<p>Mesa tem\u00e1tica \u2013 \u201cViv\u00eancias e Narrativas: Por uma Literatura Inclusiva\u201d<br \/>\n<b>Data:\u00a005\/04 \u2013 13h \u00e0s 17h<\/b><\/p>\n\t\t<\/div>\n\t\t\n\t\t<a class=\"elementor-post__read-more\" href=\"https:\/\/portaleducacao.guarulhos.sp.gov.br\/wp_site\/abrilliterario\/2023\/03\/28\/cesar-obeid\/\" aria-label=\"Read more about &lt;strong&gt;Cesar Obeid&lt;\/strong&gt;\" >\n\t\t\tClique para saber mais\t\t<\/a>\n\n\t\t\t\t<\/div>\n\t\t\t\t\t<\/div>\n\t\t<\/article>\n\t\t\t\t<article class=\"elementor-post elementor-grid-item post-427 post type-post status-publish format-standard has-post-thumbnail hentry category-autor\">\n\t\t\t<div class=\"elementor-post__card\">\n\t\t\t\t<a class=\"elementor-post__thumbnail__link\" href=\"https:\/\/portaleducacao.guarulhos.sp.gov.br\/wp_site\/abrilliterario\/2023\/03\/28\/jobana-moya\/\" ><div class=\"elementor-post__thumbnail\"><img width=\"199\" height=\"146\" src=\"https:\/\/portaleducacao.guarulhos.sp.gov.br\/wp_site\/abrilliterario\/wp-content\/uploads\/sites\/24\/2023\/03\/jobanaMoya.jpg\" class=\"attachment-medium size-medium wp-image-428\" alt=\"\" loading=\"lazy\" \/><\/div><\/a>\n\t\t\t\t<div class=\"elementor-post__text\">\n\t\t\t\t<h3 class=\"elementor-post__title\">\n\t\t\t<a href=\"https:\/\/portaleducacao.guarulhos.sp.gov.br\/wp_site\/abrilliterario\/2023\/03\/28\/jobana-moya\/\" >\n\t\t\t\t<strong>Jobana Moya<\/strong>\t\t\t<\/a>\n\t\t<\/h3>\n\t\t\t\t<div class=\"elementor-post__excerpt\">\n\t\t\t<p>Mesa tem\u00e1tica \u2013 \u201cViv\u00eancias e Narrativas: Por uma Literatura Inclusiva\u201d<br \/>\n<b>Data:\u00a005\/04 \u2013 13h \u00e0s 17h<\/b><\/p>\n\t\t<\/div>\n\t\t\n\t\t<a class=\"elementor-post__read-more\" href=\"https:\/\/portaleducacao.guarulhos.sp.gov.br\/wp_site\/abrilliterario\/2023\/03\/28\/jobana-moya\/\" aria-label=\"Read more about &lt;strong&gt;Jobana Moya&lt;\/strong&gt;\" >\n\t\t\tClique para saber mais\t\t<\/a>\n\n\t\t\t\t<\/div>\n\t\t\t\t\t<\/div>\n\t\t<\/article>\n\t\t\t\t<article class=\"elementor-post elementor-grid-item post-430 post type-post status-publish format-standard has-post-thumbnail hentry category-autor\">\n\t\t\t<div class=\"elementor-post__card\">\n\t\t\t\t<a class=\"elementor-post__thumbnail__link\" href=\"https:\/\/portaleducacao.guarulhos.sp.gov.br\/wp_site\/abrilliterario\/2023\/03\/28\/daniel-carvalho\/\" ><div class=\"elementor-post__thumbnail\"><img width=\"235\" height=\"222\" src=\"https:\/\/portaleducacao.guarulhos.sp.gov.br\/wp_site\/abrilliterario\/wp-content\/uploads\/sites\/24\/2023\/03\/daniel.jpg\" class=\"attachment-medium size-medium wp-image-431\" alt=\"\" loading=\"lazy\" \/><\/div><\/a>\n\t\t\t\t<div class=\"elementor-post__text\">\n\t\t\t\t<h3 class=\"elementor-post__title\">\n\t\t\t<a href=\"https:\/\/portaleducacao.guarulhos.sp.gov.br\/wp_site\/abrilliterario\/2023\/03\/28\/daniel-carvalho\/\" >\n\t\t\t\t<strong>Daniel Carvalho<\/strong>\t\t\t<\/a>\n\t\t<\/h3>\n\t\t\t\t<div class=\"elementor-post__excerpt\">\n\t\t\t<p>Oficina Po\u00e9tica com Daniel Carvalho: \u201cEscrita como espa\u00e7o de inven\u00e7\u00e3o\u201d<\/p>\n<p><b>Data: 05\/04 \u2013 18h \u00e0s 22h  <\/b><\/p>\n\t\t<\/div>\n\t\t\n\t\t<a class=\"elementor-post__read-more\" href=\"https:\/\/portaleducacao.guarulhos.sp.gov.br\/wp_site\/abrilliterario\/2023\/03\/28\/daniel-carvalho\/\" aria-label=\"Read more about &lt;strong&gt;Daniel Carvalho&lt;\/strong&gt;\" >\n\t\t\tClique para saber mais\t\t<\/a>\n\n\t\t\t\t<\/div>\n\t\t\t\t\t<\/div>\n\t\t<\/article>\n\t\t\t\t<article class=\"elementor-post elementor-grid-item post-435 post type-post status-publish format-standard has-post-thumbnail hentry category-autor\">\n\t\t\t<div class=\"elementor-post__card\">\n\t\t\t\t<a class=\"elementor-post__thumbnail__link\" href=\"https:\/\/portaleducacao.guarulhos.sp.gov.br\/wp_site\/abrilliterario\/2023\/03\/28\/rogerio-andrade-barbosa\/\" ><div class=\"elementor-post__thumbnail\"><img width=\"300\" height=\"201\" src=\"https:\/\/portaleducacao.guarulhos.sp.gov.br\/wp_site\/abrilliterario\/wp-content\/uploads\/sites\/24\/2023\/03\/Rogerio-2-300x201.jpg\" class=\"attachment-medium size-medium wp-image-304\" alt=\"\" loading=\"lazy\" srcset=\"https:\/\/portaleducacao.guarulhos.sp.gov.br\/wp_site\/abrilliterario\/wp-content\/uploads\/sites\/24\/2023\/03\/Rogerio-2-300x201.jpg 300w, https:\/\/portaleducacao.guarulhos.sp.gov.br\/wp_site\/abrilliterario\/wp-content\/uploads\/sites\/24\/2023\/03\/Rogerio-2-1024x685.jpg 1024w, https:\/\/portaleducacao.guarulhos.sp.gov.br\/wp_site\/abrilliterario\/wp-content\/uploads\/sites\/24\/2023\/03\/Rogerio-2-768x514.jpg 768w, https:\/\/portaleducacao.guarulhos.sp.gov.br\/wp_site\/abrilliterario\/wp-content\/uploads\/sites\/24\/2023\/03\/Rogerio-2.jpg 1033w\" sizes=\"(max-width: 300px) 100vw, 300px\" \/><\/div><\/a>\n\t\t\t\t<div class=\"elementor-post__text\">\n\t\t\t\t<h3 class=\"elementor-post__title\">\n\t\t\t<a href=\"https:\/\/portaleducacao.guarulhos.sp.gov.br\/wp_site\/abrilliterario\/2023\/03\/28\/rogerio-andrade-barbosa\/\" >\n\t\t\t\t<strong>Rog\u00e9rio Andrade Barbosa<\/strong>\t\t\t<\/a>\n\t\t<\/h3>\n\t\t\t\t<div class=\"elementor-post__excerpt\">\n\t\t\t<p> Contos tradicionais coletados com crian\u00e7as dos pa\u00edses africanos de l\u00edngua oficial portuguesa\u201d<br \/>\n<b>Data:\u00a011\/04 \u2013 12h \u00e0s 13h<\/b><\/p>\n\t\t<\/div>\n\t\t\n\t\t<a class=\"elementor-post__read-more\" href=\"https:\/\/portaleducacao.guarulhos.sp.gov.br\/wp_site\/abrilliterario\/2023\/03\/28\/rogerio-andrade-barbosa\/\" aria-label=\"Read more about &lt;strong&gt;Rog\u00e9rio Andrade Barbosa&lt;\/strong&gt;\" >\n\t\t\tClique para saber mais\t\t<\/a>\n\n\t\t\t\t<\/div>\n\t\t\t\t\t<\/div>\n\t\t<\/article>\n\t\t\t\t<article class=\"elementor-post elementor-grid-item post-446 post type-post status-publish format-standard has-post-thumbnail hentry category-autor\">\n\t\t\t<div class=\"elementor-post__card\">\n\t\t\t\t<a class=\"elementor-post__thumbnail__link\" href=\"https:\/\/portaleducacao.guarulhos.sp.gov.br\/wp_site\/abrilliterario\/2023\/03\/28\/luciene-muller\/\" ><div class=\"elementor-post__thumbnail\"><img width=\"135\" height=\"160\" src=\"https:\/\/portaleducacao.guarulhos.sp.gov.br\/wp_site\/abrilliterario\/wp-content\/uploads\/sites\/24\/2023\/04\/Luciene2.jpg\" class=\"attachment-medium size-medium wp-image-750\" alt=\"\" loading=\"lazy\" \/><\/div><\/a>\n\t\t\t\t<div class=\"elementor-post__text\">\n\t\t\t\t<h3 class=\"elementor-post__title\">\n\t\t\t<a href=\"https:\/\/portaleducacao.guarulhos.sp.gov.br\/wp_site\/abrilliterario\/2023\/03\/28\/luciene-muller\/\" >\n\t\t\t\tLuciene M\u00fcller\t\t\t<\/a>\n\t\t<\/h3>\n\t\t\t\t<div class=\"elementor-post__excerpt\">\n\t\t\t<p>Forma\u00e7\u00e3o com escritora Luciene M\u00fcller \u2013 \u201cEnfrentamento \u00e0s vulnerabilidades por meio da paix\u00e3o pela Literatura\u201d<br \/>\n<b>Data:\u00a013\/04 \u2013 14h \u00e0s 17h<\/b><\/p>\n\t\t<\/div>\n\t\t\n\t\t<a class=\"elementor-post__read-more\" href=\"https:\/\/portaleducacao.guarulhos.sp.gov.br\/wp_site\/abrilliterario\/2023\/03\/28\/luciene-muller\/\" aria-label=\"Read more about Luciene M\u00fcller\" >\n\t\t\tClique para saber mais\t\t<\/a>\n\n\t\t\t\t<\/div>\n\t\t\t\t\t<\/div>\n\t\t<\/article>\n\t\t\t\t<article class=\"elementor-post elementor-grid-item post-449 post type-post status-publish format-standard has-post-thumbnail hentry category-autor\">\n\t\t\t<div class=\"elementor-post__card\">\n\t\t\t\t<a class=\"elementor-post__thumbnail__link\" href=\"https:\/\/portaleducacao.guarulhos.sp.gov.br\/wp_site\/abrilliterario\/2023\/03\/28\/pedro-bandeira\/\" ><div class=\"elementor-post__thumbnail\"><img width=\"300\" height=\"300\" src=\"https:\/\/portaleducacao.guarulhos.sp.gov.br\/wp_site\/abrilliterario\/wp-content\/uploads\/sites\/24\/2023\/03\/pedrobandeira.jpeg\" class=\"attachment-medium size-medium wp-image-450\" alt=\"\" loading=\"lazy\" srcset=\"https:\/\/portaleducacao.guarulhos.sp.gov.br\/wp_site\/abrilliterario\/wp-content\/uploads\/sites\/24\/2023\/03\/pedrobandeira.jpeg 300w, https:\/\/portaleducacao.guarulhos.sp.gov.br\/wp_site\/abrilliterario\/wp-content\/uploads\/sites\/24\/2023\/03\/pedrobandeira-150x150.jpeg 150w, https:\/\/portaleducacao.guarulhos.sp.gov.br\/wp_site\/abrilliterario\/wp-content\/uploads\/sites\/24\/2023\/03\/pedrobandeira-75x75.jpeg 75w\" sizes=\"(max-width: 300px) 100vw, 300px\" \/><\/div><\/a>\n\t\t\t\t<div class=\"elementor-post__text\">\n\t\t\t\t<h3 class=\"elementor-post__title\">\n\t\t\t<a href=\"https:\/\/portaleducacao.guarulhos.sp.gov.br\/wp_site\/abrilliterario\/2023\/03\/28\/pedro-bandeira\/\" >\n\t\t\t\t<strong>Pedro Bandeira<\/strong>\t\t\t<\/a>\n\t\t<\/h3>\n\t\t\t\t<div class=\"elementor-post__excerpt\">\n\t\t\t<p> Palestra \u201cProfessor: voc\u00ea \u00e9 minha \u00fanica esperan\u00e7a\u201d.<br \/>\n<b>Data:\u00a018\/04 \u2013 12h \u00e0s 13h<\/b><\/p>\n\t\t<\/div>\n\t\t\n\t\t<a class=\"elementor-post__read-more\" href=\"https:\/\/portaleducacao.guarulhos.sp.gov.br\/wp_site\/abrilliterario\/2023\/03\/28\/pedro-bandeira\/\" aria-label=\"Read more about &lt;strong&gt;Pedro Bandeira&lt;\/strong&gt;\" >\n\t\t\tClique para saber mais\t\t<\/a>\n\n\t\t\t\t<\/div>\n\t\t\t\t\t<\/div>\n\t\t<\/article>\n\t\t\t\t<article class=\"elementor-post elementor-grid-item post-718 post type-post status-publish format-standard has-post-thumbnail hentry category-autor\">\n\t\t\t<div class=\"elementor-post__card\">\n\t\t\t\t<a class=\"elementor-post__thumbnail__link\" href=\"https:\/\/portaleducacao.guarulhos.sp.gov.br\/wp_site\/abrilliterario\/2023\/04\/04\/andrea-avelar\/\" ><div class=\"elementor-post__thumbnail\"><img width=\"134\" height=\"200\" src=\"https:\/\/portaleducacao.guarulhos.sp.gov.br\/wp_site\/abrilliterario\/wp-content\/uploads\/sites\/24\/2023\/04\/Andrea-Avelar1.jpg\" class=\"attachment-medium size-medium wp-image-743\" alt=\"\" loading=\"lazy\" \/><\/div><\/a>\n\t\t\t\t<div class=\"elementor-post__text\">\n\t\t\t\t<h3 class=\"elementor-post__title\">\n\t\t\t<a href=\"https:\/\/portaleducacao.guarulhos.sp.gov.br\/wp_site\/abrilliterario\/2023\/04\/04\/andrea-avelar\/\" >\n\t\t\t\tAndr\u00e9a Avelar\t\t\t<\/a>\n\t\t<\/h3>\n\t\t\t\t<div class=\"elementor-post__excerpt\">\n\t\t\t<p>Bate Papo com a escritora e poetisa Andr\u00e9a Avelar que prop\u00f5es entrela\u00e7ar a hist\u00f3ria do personagem Amim, do livro &#8220;O quintal de Aladim\u201d, com os desafios contempor\u00e2neos acerca da valoriza\u00e7\u00e3o do multiculturalismo.<br \/>\n<b>Data: 25\/04\/2023 \u2013 12h \u00e0s 13h<\/b><\/p>\n\t\t<\/div>\n\t\t\n\t\t<a class=\"elementor-post__read-more\" href=\"https:\/\/portaleducacao.guarulhos.sp.gov.br\/wp_site\/abrilliterario\/2023\/04\/04\/andrea-avelar\/\" aria-label=\"Read more about Andr\u00e9a Avelar\" >\n\t\t\tClique para saber mais\t\t<\/a>\n\n\t\t\t\t<\/div>\n\t\t\t\t\t<\/div>\n\t\t<\/article>\n\t\t\t\t<article class=\"elementor-post elementor-grid-item post-761 post type-post status-publish format-standard has-post-thumbnail hentry category-autor\">\n\t\t\t<div class=\"elementor-post__card\">\n\t\t\t\t<a class=\"elementor-post__thumbnail__link\" href=\"https:\/\/portaleducacao.guarulhos.sp.gov.br\/wp_site\/abrilliterario\/2023\/04\/04\/sergio-vaz\/\" ><div class=\"elementor-post__thumbnail\"><img width=\"300\" height=\"221\" src=\"https:\/\/portaleducacao.guarulhos.sp.gov.br\/wp_site\/abrilliterario\/wp-content\/uploads\/sites\/24\/2023\/04\/Sergio-Vaz-1-1-300x221.jpg\" class=\"attachment-medium size-medium wp-image-759\" alt=\"\" loading=\"lazy\" srcset=\"https:\/\/portaleducacao.guarulhos.sp.gov.br\/wp_site\/abrilliterario\/wp-content\/uploads\/sites\/24\/2023\/04\/Sergio-Vaz-1-1-300x221.jpg 300w, https:\/\/portaleducacao.guarulhos.sp.gov.br\/wp_site\/abrilliterario\/wp-content\/uploads\/sites\/24\/2023\/04\/Sergio-Vaz-1-1.jpg 400w\" sizes=\"(max-width: 300px) 100vw, 300px\" \/><\/div><\/a>\n\t\t\t\t<div class=\"elementor-post__text\">\n\t\t\t\t<h3 class=\"elementor-post__title\">\n\t\t\t<a href=\"https:\/\/portaleducacao.guarulhos.sp.gov.br\/wp_site\/abrilliterario\/2023\/04\/04\/sergio-vaz\/\" >\n\t\t\t\tSergio Vaz\t\t\t<\/a>\n\t\t<\/h3>\n\t\t\t\t<div class=\"elementor-post__excerpt\">\n\t\t\t<p>Bate-papo com o poeta<br \/>\n<b>Data: 10\/04 &#8211; 18h \u00e0s 19h<\/b><br \/>\nModalidade: Online<br \/>\nLocal: Canal do Portal SE no Youtube, no endere\u00e7o: https:\/\/www.youtube.com\/watch?v=gdh2c30a6f0<\/p>\n\t\t<\/div>\n\t\t\n\t\t<a class=\"elementor-post__read-more\" href=\"https:\/\/portaleducacao.guarulhos.sp.gov.br\/wp_site\/abrilliterario\/2023\/04\/04\/sergio-vaz\/\" aria-label=\"Read more about Sergio Vaz\" >\n\t\t\tClique para saber mais\t\t<\/a>\n\n\t\t\t\t<\/div>\n\t\t\t\t\t<\/div>\n\t\t<\/article>\n\t\t\t\t<article class=\"elementor-post elementor-grid-item post-766 post type-post status-publish format-standard has-post-thumbnail hentry category-autor\">\n\t\t\t<div class=\"elementor-post__card\">\n\t\t\t\t<a class=\"elementor-post__thumbnail__link\" href=\"https:\/\/portaleducacao.guarulhos.sp.gov.br\/wp_site\/abrilliterario\/2023\/04\/04\/lakitas\/\" ><div class=\"elementor-post__thumbnail\"><img width=\"240\" height=\"180\" src=\"https:\/\/portaleducacao.guarulhos.sp.gov.br\/wp_site\/abrilliterario\/wp-content\/uploads\/sites\/24\/2023\/04\/Lakitas.jpg\" class=\"attachment-medium size-medium wp-image-763\" alt=\"\" loading=\"lazy\" \/><\/div><\/a>\n\t\t\t\t<div class=\"elementor-post__text\">\n\t\t\t\t<h3 class=\"elementor-post__title\">\n\t\t\t<a href=\"https:\/\/portaleducacao.guarulhos.sp.gov.br\/wp_site\/abrilliterario\/2023\/04\/04\/lakitas\/\" >\n\t\t\t\tLakitas\t\t\t<\/a>\n\t\t<\/h3>\n\t\t\t\t<div class=\"elementor-post__excerpt\">\n\t\t\t<p>Apresenta\u00e7\u00e3o de M\u00fasica Andina<br \/>\n<b>Data: 05\/04 \u2013 13h \u00e0s 17h<\/b><br \/>\nModalidade: Presencial<br \/>\nLocal: Sal\u00e3o de Artes do CME Adamastor &#8211; Avenida Monteiro Lobato, 734 \u2013 Macedo<\/p>\n\t\t<\/div>\n\t\t\n\t\t<a class=\"elementor-post__read-more\" href=\"https:\/\/portaleducacao.guarulhos.sp.gov.br\/wp_site\/abrilliterario\/2023\/04\/04\/lakitas\/\" aria-label=\"Read more about Lakitas\" >\n\t\t\tClique para saber mais\t\t<\/a>\n\n\t\t\t\t<\/div>\n\t\t\t\t\t<\/div>\n\t\t<\/article>\n\t\t\t\t<\/div>\n\t\t\n\t\t\t\t<\/div>\n\t\t\t\t<\/div>\n\t\t\t\t\t<\/div>\n\t\t<\/div>\n\t\t\t\t\t\t\t<\/div>\n\t\t<\/section>\n\t\t\t\t<section class=\"elementor-section elementor-top-section elementor-element elementor-element-739763f elementor-section-full_width elementor-section-height-min-height elementor-section-height-default elementor-section-items-middle\" data-id=\"739763f\" data-element_type=\"section\" data-settings=\"{&quot;background_background&quot;:&quot;classic&quot;}\">\n\t\t\t\t\t\t\t<div class=\"elementor-background-overlay\"><\/div>\n\t\t\t\t\t\t\t<div class=\"elementor-container elementor-column-gap-default\">\n\t\t\t\t\t<div class=\"elementor-column elementor-col-100 elementor-top-column elementor-element elementor-element-ebf721a\" data-id=\"ebf721a\" data-element_type=\"column\">\n\t\t\t<div class=\"elementor-widget-wrap elementor-element-populated\">\n\t\t\t\t\t\t\t\t<section class=\"elementor-section elementor-inner-section elementor-element elementor-element-28aa218 elementor-section-boxed elementor-section-height-default elementor-section-height-default\" data-id=\"28aa218\" data-element_type=\"section\">\n\t\t\t\t\t\t<div class=\"elementor-container elementor-column-gap-default\">\n\t\t\t\t\t<div class=\"elementor-column elementor-col-50 elementor-inner-column elementor-element elementor-element-f7c996c\" data-id=\"f7c996c\" data-element_type=\"column\">\n\t\t\t<div class=\"elementor-widget-wrap elementor-element-populated\">\n\t\t\t\t\t\t\t\t<div class=\"elementor-element elementor-element-d634b52 elementor-widget elementor-widget-heading\" data-id=\"d634b52\" data-element_type=\"widget\" data-widget_type=\"heading.default\">\n\t\t\t\t<div class=\"elementor-widget-container\">\n\t\t\t<h2 class=\"elementor-heading-title elementor-size-default\">Abril Liter\u00e1rio 2023<\/h2>\t\t<\/div>\n\t\t\t\t<\/div>\n\t\t\t\t\t<\/div>\n\t\t<\/div>\n\t\t\t\t<div class=\"elementor-column elementor-col-50 elementor-inner-column elementor-element elementor-element-2fcbe6c\" data-id=\"2fcbe6c\" data-element_type=\"column\">\n\t\t\t<div class=\"elementor-widget-wrap elementor-element-populated\">\n\t\t\t\t\t\t\t\t<div class=\"elementor-element elementor-element-4c15041 elementor-widget elementor-widget-image\" data-id=\"4c15041\" data-element_type=\"widget\" data-widget_type=\"image.default\">\n\t\t\t\t<div class=\"elementor-widget-container\">\n\t\t\t<style>\/*! elementor - v3.12.1 - 02-04-2023 *\/\n.elementor-widget-image{text-align:center}.elementor-widget-image a{display:inline-block}.elementor-widget-image a img[src$=\".svg\"]{width:48px}.elementor-widget-image img{vertical-align:middle;display:inline-block}<\/style>\t\t\t\t\t\t\t\t\t\t\t\t<img width=\"1024\" height=\"999\" src=\"https:\/\/portaleducacao.guarulhos.sp.gov.br\/wp_site\/abrilliterario\/wp-content\/uploads\/sites\/24\/2023\/02\/logo_abril_literario_2023-1024x999.png\" class=\"attachment-large size-large wp-image-122\" alt=\"\" loading=\"lazy\" srcset=\"https:\/\/portaleducacao.guarulhos.sp.gov.br\/wp_site\/abrilliterario\/wp-content\/uploads\/sites\/24\/2023\/02\/logo_abril_literario_2023-1024x999.png 1024w, https:\/\/portaleducacao.guarulhos.sp.gov.br\/wp_site\/abrilliterario\/wp-content\/uploads\/sites\/24\/2023\/02\/logo_abril_literario_2023-300x293.png 300w, https:\/\/portaleducacao.guarulhos.sp.gov.br\/wp_site\/abrilliterario\/wp-content\/uploads\/sites\/24\/2023\/02\/logo_abril_literario_2023-768x749.png 768w, https:\/\/portaleducacao.guarulhos.sp.gov.br\/wp_site\/abrilliterario\/wp-content\/uploads\/sites\/24\/2023\/02\/logo_abril_literario_2023-1536x1498.png 1536w, https:\/\/portaleducacao.guarulhos.sp.gov.br\/wp_site\/abrilliterario\/wp-content\/uploads\/sites\/24\/2023\/02\/logo_abril_literario_2023-2048x1997.png 2048w\" sizes=\"(max-width: 1024px) 100vw, 1024px\" \/>\t\t\t\t\t\t\t\t\t\t\t\t\t\t\t<\/div>\n\t\t\t\t<\/div>\n\t\t\t\t\t<\/div>\n\t\t<\/div>\n\t\t\t\t\t\t\t<\/div>\n\t\t<\/section>\n\t\t\t\t\t<\/div>\n\t\t<\/div>\n\t\t\t\t\t\t\t<\/div>\n\t\t<\/section>\n\t\t\t\t<section class=\"elementor-section elementor-top-section elementor-element elementor-element-f2a85db elementor-section-boxed elementor-section-height-default elementor-section-height-default\" data-id=\"f2a85db\" data-element_type=\"section\">\n\t\t\t\t\t\t<div class=\"elementor-container elementor-column-gap-default\">\n\t\t\t\t\t<div class=\"elementor-column elementor-col-100 elementor-top-column elementor-element elementor-element-5ba4ce7\" data-id=\"5ba4ce7\" data-element_type=\"column\">\n\t\t\t<div class=\"elementor-widget-wrap\">\n\t\t\t\t\t\t\t\t\t<\/div>\n\t\t<\/div>\n\t\t\t\t\t\t\t<\/div>\n\t\t<\/section>\n\t\t\t\t<section class=\"elementor-section elementor-top-section elementor-element elementor-element-cc0ff44 elementor-section-boxed elementor-section-height-default elementor-section-height-default\" data-id=\"cc0ff44\" data-element_type=\"section\">\n\t\t\t\t\t\t<div class=\"elementor-container elementor-column-gap-default\">\n\t\t\t\t\t<div class=\"elementor-column elementor-col-100 elementor-top-column elementor-element elementor-element-22d7dcb\" data-id=\"22d7dcb\" data-element_type=\"column\">\n\t\t\t<div class=\"elementor-widget-wrap elementor-element-populated\">\n\t\t\t\t\t\t\t\t<div class=\"elementor-element elementor-element-ee93e57 elementor-widget elementor-widget-heading\" data-id=\"ee93e57\" data-element_type=\"widget\" data-widget_type=\"heading.default\">\n\t\t\t\t<div class=\"elementor-widget-container\">\n\t\t\t<h2 class=\"elementor-heading-title elementor-size-default\">Apresenta\u00e7\u00e3o<\/h2>\t\t<\/div>\n\t\t\t\t<\/div>\n\t\t\t\t<div class=\"elementor-element elementor-element-8611474 elementor-widget elementor-widget-text-editor\" data-id=\"8611474\" data-element_type=\"widget\" data-widget_type=\"text-editor.default\">\n\t\t\t\t<div class=\"elementor-widget-container\">\n\t\t\t<style>\/*! elementor - v3.12.1 - 02-04-2023 *\/\n.elementor-widget-text-editor.elementor-drop-cap-view-stacked .elementor-drop-cap{background-color:#69727d;color:#fff}.elementor-widget-text-editor.elementor-drop-cap-view-framed .elementor-drop-cap{color:#69727d;border:3px solid;background-color:transparent}.elementor-widget-text-editor:not(.elementor-drop-cap-view-default) .elementor-drop-cap{margin-top:8px}.elementor-widget-text-editor:not(.elementor-drop-cap-view-default) .elementor-drop-cap-letter{width:1em;height:1em}.elementor-widget-text-editor .elementor-drop-cap{float:left;text-align:center;line-height:1;font-size:50px}.elementor-widget-text-editor .elementor-drop-cap-letter{display:inline-block}<\/style>\t\t\t\t<p>A tem\u00e1tica deste ano ser\u00e1 <i><b>\u201cDa diversidade humana \u00e0 diversidade liter\u00e1ria\u201d<\/b><\/i>, que nos convida a refletir sobre a interlocu\u00e7\u00e3o entre a literatura e os processos sociais que marcam a diversidade humana.<\/p>\n<p>\u00c9 imprescind\u00edvel a compreens\u00e3o de que o nosso cotidiano \u00e9 revestido por um tecido cultural, o qual atribui sentidos e significados \u00e0 vida em sociedade, reafirmando que nossas identidades v\u00e3o sendo constru\u00eddas em um incessante processo no qual nos revelamos como seres de cultura.<\/p>\n<p>E, considerando que a escola \u00e9 um espa\u00e7o de encontro de diversas culturas, as propostas a serem desenvolvidas precisam possibilitar aos educandos expressarem e vivenciarem manifesta\u00e7\u00f5es culturais, na perspectiva do multiculturalismo.<\/p>\t\t\t\t\t\t<\/div>\n\t\t\t\t<\/div>\n\t\t\t\t\t<\/div>\n\t\t<\/div>\n\t\t\t\t\t\t\t<\/div>\n\t\t<\/section>\n\t\t\t\t<section class=\"elementor-section elementor-top-section elementor-element elementor-element-731bb00 elementor-section-boxed elementor-section-height-default elementor-section-height-default\" data-id=\"731bb00\" data-element_type=\"section\">\n\t\t\t\t\t\t<div class=\"elementor-container elementor-column-gap-no\">\n\t\t\t\t\t<div class=\"elementor-column elementor-col-100 elementor-top-column elementor-element elementor-element-787a1a8\" data-id=\"787a1a8\" data-element_type=\"column\">\n\t\t\t<div class=\"elementor-widget-wrap elementor-element-populated\">\n\t\t\t\t\t\t\t\t<div class=\"elementor-element elementor-element-d75a108 elementor-widget elementor-widget-heading\" data-id=\"d75a108\" data-element_type=\"widget\" data-widget_type=\"heading.default\">\n\t\t\t\t<div class=\"elementor-widget-container\">\n\t\t\t<h2 class=\"elementor-heading-title elementor-size-default\">Videoteca<\/h2>\t\t<\/div>\n\t\t\t\t<\/div>\n\t\t\t\t<div class=\"elementor-element elementor-element-07cf8e9 elementor-widget elementor-widget-heading\" data-id=\"07cf8e9\" data-element_type=\"widget\" data-widget_type=\"heading.default\">\n\t\t\t\t<div class=\"elementor-widget-container\">\n\t\t\t<h2 class=\"elementor-heading-title elementor-size-default\">Variados assuntos para voc\u00ea assistir onde quiser<\/h2>\t\t<\/div>\n\t\t\t\t<\/div>\n\t\t\t\t<div class=\"elementor-element elementor-element-2d32764 elementor-skin-coverflow elementor-arrows-yes elementor-pagination-type-bullets elementor-pagination-position-outside elementor-widget elementor-widget-media-carousel\" data-id=\"2d32764\" data-element_type=\"widget\" data-settings=\"{&quot;slides_per_view&quot;:&quot;3&quot;,&quot;skin&quot;:&quot;coverflow&quot;,&quot;show_arrows&quot;:&quot;yes&quot;,&quot;pagination&quot;:&quot;bullets&quot;,&quot;speed&quot;:500,&quot;autoplay&quot;:&quot;yes&quot;,&quot;autoplay_speed&quot;:5000,&quot;loop&quot;:&quot;yes&quot;,&quot;pause_on_hover&quot;:&quot;yes&quot;,&quot;pause_on_interaction&quot;:&quot;yes&quot;,&quot;space_between&quot;:{&quot;unit&quot;:&quot;px&quot;,&quot;size&quot;:10,&quot;sizes&quot;:[]},&quot;space_between_tablet&quot;:{&quot;unit&quot;:&quot;px&quot;,&quot;size&quot;:10,&quot;sizes&quot;:[]},&quot;space_between_mobile&quot;:{&quot;unit&quot;:&quot;px&quot;,&quot;size&quot;:10,&quot;sizes&quot;:[]}}\" data-widget_type=\"media-carousel.default\">\n\t\t\t\t<div class=\"elementor-widget-container\">\n\t\t\t<link rel=\"stylesheet\" href=\"https:\/\/portaleducacao.guarulhos.sp.gov.br\/wp_site\/abrilliterario\/wp-content\/plugins\/elementor-pro\/assets\/css\/widget-carousel.min.css\">\t\t<div class=\"elementor-swiper\">\n\t\t\t<div class=\"elementor-main-swiper swiper-container\">\n\t\t\t\t<div class=\"swiper-wrapper\">\n\t\t\t\t\t\t\t\t\t\t\t<div class=\"swiper-slide\">\n\t\t\t\t\t\t\t<a href=\"http:\/\/portaleducacao.guarulhos.sp.gov.br\/wp_site\/abrilliterario\/wp-content\/uploads\/sites\/24\/2023\/03\/link1.png\" data-elementor-open-lightbox=\"yes\" data-elementor-lightbox-slideshow=\"2d32764\" data-elementor-lightbox-title=\"Literatura na Educa\u00e7\u00e3o Infantil\" data-e-action-hash=\"#elementor-action%3Aaction%3Dlightbox%26settings%3DeyJpZCI6IjM3NSIsInVybCI6Imh0dHBzOlwvXC9wb3J0YWxlZHVjYWNhby5ndWFydWxob3Muc3AuZ292LmJyXC93cF9zaXRlXC9hYnJpbGxpdGVyYXJpb1wvd3AtY29udGVudFwvdXBsb2Fkc1wvc2l0ZXNcLzI0XC8yMDIzXC8wM1wvbGluazEucG5nIiwic2xpZGVzaG93IjoiMmQzMjc2NCJ9\" data-elementor-lightbox-video=\"https:\/\/www.youtube.com\/embed\/6omSo0WSvug?feature=oembed&amp;autoplay=1&amp;rel=0&amp;controls=0\">\t\t<div class=\"elementor-carousel-image\" style=\"background-image: url(&#039;https:\/\/portaleducacao.guarulhos.sp.gov.br\/wp_site\/abrilliterario\/wp-content\/uploads\/sites\/24\/2023\/03\/link1.png&#039;)\">\n\n\t\t\t\n\t\t\t\t\t\t\t<div class=\"elementor-custom-embed-play\">\n\t\t\t\t\t<i aria-hidden=\"true\" class=\"eicon-play\"><\/i>\t\t\t\t\t<span class=\"elementor-screen-only\">Play<\/span>\n\t\t\t\t<\/div>\n\t\t\t\t\t<\/div>\n\t\t\t\t\t<div class=\"elementor-carousel-image-overlay e-overlay-animation-slide-up\">\n\t\t\t\tLiteratura na Educa\u00e7\u00e3o Infantil\t\t\t<\/div>\n\t\t\t<\/a>\t\t\t\t\t\t<\/div>\n\t\t\t\t\t\t\t\t\t\t\t<div class=\"swiper-slide\">\n\t\t\t\t\t\t\t<a href=\"http:\/\/portaleducacao.guarulhos.sp.gov.br\/wp_site\/abrilliterario\/wp-content\/uploads\/sites\/24\/2023\/03\/link2.png\" data-elementor-open-lightbox=\"yes\" data-elementor-lightbox-slideshow=\"2d32764\" data-elementor-lightbox-title=\"A leitura liter\u00e1ria na EJA\" data-e-action-hash=\"#elementor-action%3Aaction%3Dlightbox%26settings%3DeyJpZCI6IjM3NiIsInVybCI6Imh0dHBzOlwvXC9wb3J0YWxlZHVjYWNhby5ndWFydWxob3Muc3AuZ292LmJyXC93cF9zaXRlXC9hYnJpbGxpdGVyYXJpb1wvd3AtY29udGVudFwvdXBsb2Fkc1wvc2l0ZXNcLzI0XC8yMDIzXC8wM1wvbGluazIucG5nIiwic2xpZGVzaG93IjoiMmQzMjc2NCJ9\" data-elementor-lightbox-video=\"https:\/\/www.youtube.com\/embed\/X428utzUUZ8?feature=oembed&amp;autoplay=1&amp;rel=0&amp;controls=0\">\t\t<div class=\"elementor-carousel-image\" style=\"background-image: url(&#039;https:\/\/portaleducacao.guarulhos.sp.gov.br\/wp_site\/abrilliterario\/wp-content\/uploads\/sites\/24\/2023\/03\/link2.png&#039;)\">\n\n\t\t\t\n\t\t\t\t\t\t\t<div class=\"elementor-custom-embed-play\">\n\t\t\t\t\t<i aria-hidden=\"true\" class=\"eicon-play\"><\/i>\t\t\t\t\t<span class=\"elementor-screen-only\">Play<\/span>\n\t\t\t\t<\/div>\n\t\t\t\t\t<\/div>\n\t\t\t\t\t<div class=\"elementor-carousel-image-overlay e-overlay-animation-slide-up\">\n\t\t\t\tA leitura liter\u00e1ria na EJA\t\t\t<\/div>\n\t\t\t<\/a>\t\t\t\t\t\t<\/div>\n\t\t\t\t\t\t\t\t\t\t\t<div class=\"swiper-slide\">\n\t\t\t\t\t\t\t<a href=\"http:\/\/portaleducacao.guarulhos.sp.gov.br\/wp_site\/abrilliterario\/wp-content\/uploads\/sites\/24\/2023\/03\/link3-1.png\" data-elementor-open-lightbox=\"yes\" data-elementor-lightbox-slideshow=\"2d32764\" data-elementor-lightbox-title=\"A Inclus\u00e3o da Literatura Infantil para as crian\u00e7as com defici\u00eancia\" data-e-action-hash=\"#elementor-action%3Aaction%3Dlightbox%26settings%3DeyJpZCI6IjQ2NyIsInVybCI6Imh0dHBzOlwvXC9wb3J0YWxlZHVjYWNhby5ndWFydWxob3Muc3AuZ292LmJyXC93cF9zaXRlXC9hYnJpbGxpdGVyYXJpb1wvd3AtY29udGVudFwvdXBsb2Fkc1wvc2l0ZXNcLzI0XC8yMDIzXC8wM1wvbGluazMtMS5wbmciLCJzbGlkZXNob3ciOiIyZDMyNzY0In0%3D\" data-elementor-lightbox-video=\"https:\/\/www.youtube.com\/embed\/ctw26c0FNik?feature=oembed&amp;autoplay=1&amp;rel=0&amp;controls=0\">\t\t<div class=\"elementor-carousel-image\" style=\"background-image: url(&#039;https:\/\/portaleducacao.guarulhos.sp.gov.br\/wp_site\/abrilliterario\/wp-content\/uploads\/sites\/24\/2023\/03\/link3-1.png&#039;)\">\n\n\t\t\t\n\t\t\t\t\t\t\t<div class=\"elementor-custom-embed-play\">\n\t\t\t\t\t<i aria-hidden=\"true\" class=\"eicon-play\"><\/i>\t\t\t\t\t<span class=\"elementor-screen-only\">Play<\/span>\n\t\t\t\t<\/div>\n\t\t\t\t\t<\/div>\n\t\t\t\t\t<div class=\"elementor-carousel-image-overlay e-overlay-animation-slide-up\">\n\t\t\t\tA Inclus\u00e3o da Literatura Infantil para as crian\u00e7as com defici\u00eancia\t\t\t<\/div>\n\t\t\t<\/a>\t\t\t\t\t\t<\/div>\n\t\t\t\t\t\t\t\t\t\t\t<div class=\"swiper-slide\">\n\t\t\t\t\t\t\t<a href=\"http:\/\/portaleducacao.guarulhos.sp.gov.br\/wp_site\/abrilliterario\/wp-content\/uploads\/sites\/24\/2023\/03\/link4-1.png\" data-elementor-open-lightbox=\"yes\" data-elementor-lightbox-slideshow=\"2d32764\" data-elementor-lightbox-title=\"Literatura e Diversidade: Reflex\u00f5es e Possibilidades\" data-e-action-hash=\"#elementor-action%3Aaction%3Dlightbox%26settings%3DeyJpZCI6IjQ2OCIsInVybCI6Imh0dHBzOlwvXC9wb3J0YWxlZHVjYWNhby5ndWFydWxob3Muc3AuZ292LmJyXC93cF9zaXRlXC9hYnJpbGxpdGVyYXJpb1wvd3AtY29udGVudFwvdXBsb2Fkc1wvc2l0ZXNcLzI0XC8yMDIzXC8wM1wvbGluazQtMS5wbmciLCJzbGlkZXNob3ciOiIyZDMyNzY0In0%3D\" data-elementor-lightbox-video=\"https:\/\/www.youtube.com\/embed\/uzoedyLu2SM?feature=oembed&amp;autoplay=1&amp;rel=0&amp;controls=0\">\t\t<div class=\"elementor-carousel-image\" style=\"background-image: url(&#039;https:\/\/portaleducacao.guarulhos.sp.gov.br\/wp_site\/abrilliterario\/wp-content\/uploads\/sites\/24\/2023\/03\/link4-1.png&#039;)\">\n\n\t\t\t\n\t\t\t\t\t\t\t<div class=\"elementor-custom-embed-play\">\n\t\t\t\t\t<i aria-hidden=\"true\" class=\"eicon-play\"><\/i>\t\t\t\t\t<span class=\"elementor-screen-only\">Play<\/span>\n\t\t\t\t<\/div>\n\t\t\t\t\t<\/div>\n\t\t\t\t\t<div class=\"elementor-carousel-image-overlay e-overlay-animation-slide-up\">\n\t\t\t\tLiteratura e Diversidade: Reflex\u00f5es e Possibilidades\t\t\t<\/div>\n\t\t\t<\/a>\t\t\t\t\t\t<\/div>\n\t\t\t\t\t\t\t\t\t\t\t<div class=\"swiper-slide\">\n\t\t\t\t\t\t\t<a href=\"http:\/\/portaleducacao.guarulhos.sp.gov.br\/wp_site\/abrilliterario\/wp-content\/uploads\/sites\/24\/2023\/03\/link5-1.png\" data-elementor-open-lightbox=\"yes\" data-elementor-lightbox-slideshow=\"2d32764\" data-elementor-lightbox-title=\"Leitura, embarque nesta viagem\" data-e-action-hash=\"#elementor-action%3Aaction%3Dlightbox%26settings%3DeyJpZCI6IjQ2OSIsInVybCI6Imh0dHBzOlwvXC9wb3J0YWxlZHVjYWNhby5ndWFydWxob3Muc3AuZ292LmJyXC93cF9zaXRlXC9hYnJpbGxpdGVyYXJpb1wvd3AtY29udGVudFwvdXBsb2Fkc1wvc2l0ZXNcLzI0XC8yMDIzXC8wM1wvbGluazUtMS5wbmciLCJzbGlkZXNob3ciOiIyZDMyNzY0In0%3D\" data-elementor-lightbox-video=\"https:\/\/www.youtube.com\/embed\/GGqBg4leL2Y?feature=oembed&amp;autoplay=1&amp;rel=0&amp;controls=0\">\t\t<div class=\"elementor-carousel-image\" style=\"background-image: url(&#039;https:\/\/portaleducacao.guarulhos.sp.gov.br\/wp_site\/abrilliterario\/wp-content\/uploads\/sites\/24\/2023\/03\/link5-1.png&#039;)\">\n\n\t\t\t\n\t\t\t\t\t\t\t<div class=\"elementor-custom-embed-play\">\n\t\t\t\t\t<i aria-hidden=\"true\" class=\"eicon-play\"><\/i>\t\t\t\t\t<span class=\"elementor-screen-only\">Play<\/span>\n\t\t\t\t<\/div>\n\t\t\t\t\t<\/div>\n\t\t\t\t\t<div class=\"elementor-carousel-image-overlay e-overlay-animation-slide-up\">\n\t\t\t\tLeitura, embarque nesta viagem\t\t\t<\/div>\n\t\t\t<\/a>\t\t\t\t\t\t<\/div>\n\t\t\t\t\t\t\t\t\t\t\t<div class=\"swiper-slide\">\n\t\t\t\t\t\t\t<a href=\"http:\/\/portaleducacao.guarulhos.sp.gov.br\/wp_site\/abrilliterario\/wp-content\/uploads\/sites\/24\/2023\/03\/link6-1.png\" data-elementor-open-lightbox=\"yes\" data-elementor-lightbox-slideshow=\"2d32764\" data-elementor-lightbox-title=\"\u201cA import\u00e2ncia da conta\u00e7\u00e3o de hist\u00f3rias nas escolas\" data-e-action-hash=\"#elementor-action%3Aaction%3Dlightbox%26settings%3DeyJpZCI6IjQ3MCIsInVybCI6Imh0dHBzOlwvXC9wb3J0YWxlZHVjYWNhby5ndWFydWxob3Muc3AuZ292LmJyXC93cF9zaXRlXC9hYnJpbGxpdGVyYXJpb1wvd3AtY29udGVudFwvdXBsb2Fkc1wvc2l0ZXNcLzI0XC8yMDIzXC8wM1wvbGluazYtMS5wbmciLCJzbGlkZXNob3ciOiIyZDMyNzY0In0%3D\" data-elementor-lightbox-video=\"https:\/\/www.youtube.com\/embed\/TmFdC6AC3iM?feature=oembed&amp;autoplay=1&amp;rel=0&amp;controls=0\">\t\t<div class=\"elementor-carousel-image\" style=\"background-image: url(&#039;https:\/\/portaleducacao.guarulhos.sp.gov.br\/wp_site\/abrilliterario\/wp-content\/uploads\/sites\/24\/2023\/03\/link6-1.png&#039;)\">\n\n\t\t\t\n\t\t\t\t\t\t\t<div class=\"elementor-custom-embed-play\">\n\t\t\t\t\t<i aria-hidden=\"true\" class=\"eicon-play\"><\/i>\t\t\t\t\t<span class=\"elementor-screen-only\">Play<\/span>\n\t\t\t\t<\/div>\n\t\t\t\t\t<\/div>\n\t\t\t\t\t<div class=\"elementor-carousel-image-overlay e-overlay-animation-slide-up\">\n\t\t\t\t\u201cA import\u00e2ncia da conta\u00e7\u00e3o de hist\u00f3rias nas escolas\t\t\t<\/div>\n\t\t\t<\/a>\t\t\t\t\t\t<\/div>\n\t\t\t\t\t\t\t\t\t<\/div>\n\t\t\t\t\t\t\t\t\t\t\t\t\t\t\t<div class=\"swiper-pagination\"><\/div>\n\t\t\t\t\t\t\t\t\t\t\t\t\t\t\t\t<div class=\"elementor-swiper-button elementor-swiper-button-prev\">\n\t\t\t\t\t\t\t<i aria-hidden=\"true\" class=\"eicon-chevron-left\"><\/i>\t\t\t\t\t\t\t<span class=\"elementor-screen-only\">Previous<\/span>\n\t\t\t\t\t\t<\/div>\n\t\t\t\t\t\t<div class=\"elementor-swiper-button elementor-swiper-button-next\">\n\t\t\t\t\t\t\t<i aria-hidden=\"true\" class=\"eicon-chevron-right\"><\/i>\t\t\t\t\t\t\t<span class=\"elementor-screen-only\">Next<\/span>\n\t\t\t\t\t\t<\/div>\n\t\t\t\t\t\t\t\t\t\t\t\t<\/div>\n\t\t<\/div>\n\t\t\t\t<\/div>\n\t\t\t\t<\/div>\n\t\t\t\t\t<\/div>\n\t\t<\/div>\n\t\t\t\t\t\t\t<\/div>\n\t\t<\/section>\n\t\t\t\t\t\t\t<\/div>\n\t\t","protected":false},"excerpt":{"rendered":"<p>Not\u00edcias do Abril Acompanhe as principais not\u00edcias do Abril Liter\u00e1rio 2023 Encontro com Autores Saiba mais sobre os encontros liter\u00e1rios desta edi\u00e7\u00e3o Abril Liter\u00e1rio 2023 Apresenta\u00e7\u00e3o A tem\u00e1tica deste ano &hellip;<\/p>\n<p class=\"read-more\"> <a class=\"\" href=\"https:\/\/portaleducacao.guarulhos.sp.gov.br\/wp_site\/abrilliterario\/2023\/04\/04\/lakitas\/\"> <span class=\"screen-reader-text\">Lakitas<\/span> Leia mais &raquo;<\/a><\/p>\n","protected":false},"author":1,"featured_media":0,"parent":0,"menu_order":0,"comment_status":"closed","ping_status":"closed","template":"","meta":{"_monsterinsights_skip_tracking":false,"_monsterinsights_sitenote_active":false,"_monsterinsights_sitenote_note":"","_monsterinsights_sitenote_category":0,"site-sidebar-layout":"no-sidebar","site-content-layout":"page-builder","ast-global-header-display":"","ast-main-header-display":"","ast-hfb-above-header-display":"","ast-hfb-below-header-display":"","ast-hfb-mobile-header-display":"","site-post-title":"disabled","ast-breadcrumbs-content":"","ast-featured-img":"disabled","footer-sml-layout":"","theme-transparent-header-meta":"","adv-header-id-meta":"","stick-header-meta":"","header-above-stick-meta":"","header-main-stick-meta":"","header-below-stick-meta":"","_expiration-date-status":"","_expiration-date":0,"_expiration-date-type":"","_expiration-date-categories":[],"_expiration-date-options":[]},"categories":[34],"tags":[],"yoast_head":"<!-- This site is optimized with the Yoast SEO plugin v19.7.1 - https:\/\/yoast.com\/wordpress\/plugins\/seo\/ -->\r\n<title>Abril Liter\u00e1rio 2023 - Abril Liter\u00e1rio<\/title>\r\n<meta name=\"robots\" content=\"index, follow, max-snippet:-1, max-image-preview:large, max-video-preview:-1\" \/>\r\n<link rel=\"canonical\" href=\"https:\/\/portaleducacao.guarulhos.sp.gov.br\/wp_site\/abrilliterario\/paginainicial\/\" \/>\r\n<meta property=\"og:locale\" content=\"pt_BR\" \/>\r\n<meta property=\"og:type\" content=\"article\" \/>\r\n<meta property=\"og:title\" content=\"Abril Liter\u00e1rio 2023 - Abril Liter\u00e1rio\" \/>\r\n<meta property=\"og:description\" content=\"Not\u00edcias do Abril Acompanhe as principais not\u00edcias do Abril Liter\u00e1rio 2023 Encontro com Autores Saiba mais sobre os encontros liter\u00e1rios desta edi\u00e7\u00e3o Abril Liter\u00e1rio 2023 Apresenta\u00e7\u00e3o A tem\u00e1tica deste ano &hellip; Lakitas Leia mais &raquo;\" \/>\r\n<meta property=\"og:url\" content=\"https:\/\/portaleducacao.guarulhos.sp.gov.br\/wp_site\/abrilliterario\/paginainicial\/\" \/>\r\n<meta property=\"og:site_name\" content=\"Abril Liter\u00e1rio\" \/>\r\n<meta property=\"article:modified_time\" content=\"2023-05-02T20:10:10+00:00\" \/>\r\n<meta property=\"og:image\" content=\"http:\/\/portaleducacao.guarulhos.sp.gov.br\/wp_site\/abrilliterario\/wp-content\/uploads\/sites\/24\/2023\/02\/logo_abril_literario_2023-1024x999.png\" \/>\r\n<meta name=\"twitter:card\" content=\"summary_large_image\" \/>\r\n<meta name=\"twitter:label1\" content=\"Est. tempo de leitura\" \/>\n\t<meta name=\"twitter:data1\" content=\"9 minutos\" \/>\r\n<script type=\"application\/ld+json\" class=\"yoast-schema-graph\">{\"@context\":\"https:\/\/schema.org\",\"@graph\":[{\"@type\":\"WebPage\",\"@id\":\"https:\/\/portaleducacao.guarulhos.sp.gov.br\/wp_site\/abrilliterario\/paginainicial\/\",\"url\":\"https:\/\/portaleducacao.guarulhos.sp.gov.br\/wp_site\/abrilliterario\/paginainicial\/\",\"name\":\"Abril Liter\u00e1rio 2023 - Abril Liter\u00e1rio\",\"isPartOf\":{\"@id\":\"https:\/\/portaleducacao.guarulhos.sp.gov.br\/wp_site\/abrilliterario\/#website\"},\"datePublished\":\"2023-02-24T19:11:10+00:00\",\"dateModified\":\"2023-05-02T20:10:10+00:00\",\"breadcrumb\":{\"@id\":\"https:\/\/portaleducacao.guarulhos.sp.gov.br\/wp_site\/abrilliterario\/paginainicial\/#breadcrumb\"},\"inLanguage\":\"pt-BR\",\"potentialAction\":[{\"@type\":\"ReadAction\",\"target\":[\"https:\/\/portaleducacao.guarulhos.sp.gov.br\/wp_site\/abrilliterario\/paginainicial\/\"]}]},{\"@type\":\"BreadcrumbList\",\"@id\":\"https:\/\/portaleducacao.guarulhos.sp.gov.br\/wp_site\/abrilliterario\/paginainicial\/#breadcrumb\",\"itemListElement\":[{\"@type\":\"ListItem\",\"position\":1,\"name\":\"In\u00edcio\",\"item\":\"https:\/\/portaleducacao.guarulhos.sp.gov.br\/wp_site\/abrilliterario\/\"},{\"@type\":\"ListItem\",\"position\":2,\"name\":\"Abril Liter\u00e1rio 2023\"}]},{\"@type\":\"WebSite\",\"@id\":\"https:\/\/portaleducacao.guarulhos.sp.gov.br\/wp_site\/abrilliterario\/#website\",\"url\":\"https:\/\/portaleducacao.guarulhos.sp.gov.br\/wp_site\/abrilliterario\/\",\"name\":\"Abril Liter\u00e1rio\",\"description\":\"Literalmente isso...\",\"potentialAction\":[{\"@type\":\"SearchAction\",\"target\":{\"@type\":\"EntryPoint\",\"urlTemplate\":\"https:\/\/portaleducacao.guarulhos.sp.gov.br\/wp_site\/abrilliterario\/?s={search_term_string}\"},\"query-input\":\"required name=search_term_string\"}],\"inLanguage\":\"pt-BR\"}]}<\/script>\r\n<!-- \/ Yoast SEO plugin. -->","yoast_head_json":{"title":"Abril Liter\u00e1rio 2023 - Abril Liter\u00e1rio","robots":{"index":"index","follow":"follow","max-snippet":"max-snippet:-1","max-image-preview":"max-image-preview:large","max-video-preview":"max-video-preview:-1"},"canonical":"https:\/\/portaleducacao.guarulhos.sp.gov.br\/wp_site\/abrilliterario\/paginainicial\/","og_locale":"pt_BR","og_type":"article","og_title":"Abril Liter\u00e1rio 2023 - Abril Liter\u00e1rio","og_description":"Not\u00edcias do Abril Acompanhe as principais not\u00edcias do Abril Liter\u00e1rio 2023 Encontro com Autores Saiba mais sobre os encontros liter\u00e1rios desta edi\u00e7\u00e3o Abril Liter\u00e1rio 2023 Apresenta\u00e7\u00e3o A tem\u00e1tica deste ano &hellip; Lakitas Leia mais &raquo;","og_url":"https:\/\/portaleducacao.guarulhos.sp.gov.br\/wp_site\/abrilliterario\/paginainicial\/","og_site_name":"Abril Liter\u00e1rio","article_modified_time":"2023-05-02T20:10:10+00:00","og_image":[{"url":"http:\/\/portaleducacao.guarulhos.sp.gov.br\/wp_site\/abrilliterario\/wp-content\/uploads\/sites\/24\/2023\/02\/logo_abril_literario_2023-1024x999.png"}],"twitter_card":"summary_large_image","twitter_misc":{"Est. tempo de leitura":"9 minutos"},"schema":{"@context":"https:\/\/schema.org","@graph":[{"@type":"WebPage","@id":"https:\/\/portaleducacao.guarulhos.sp.gov.br\/wp_site\/abrilliterario\/paginainicial\/","url":"https:\/\/portaleducacao.guarulhos.sp.gov.br\/wp_site\/abrilliterario\/paginainicial\/","name":"Abril Liter\u00e1rio 2023 - Abril Liter\u00e1rio","isPartOf":{"@id":"https:\/\/portaleducacao.guarulhos.sp.gov.br\/wp_site\/abrilliterario\/#website"},"datePublished":"2023-02-24T19:11:10+00:00","dateModified":"2023-05-02T20:10:10+00:00","breadcrumb":{"@id":"https:\/\/portaleducacao.guarulhos.sp.gov.br\/wp_site\/abrilliterario\/paginainicial\/#breadcrumb"},"inLanguage":"pt-BR","potentialAction":[{"@type":"ReadAction","target":["https:\/\/portaleducacao.guarulhos.sp.gov.br\/wp_site\/abrilliterario\/paginainicial\/"]}]},{"@type":"BreadcrumbList","@id":"https:\/\/portaleducacao.guarulhos.sp.gov.br\/wp_site\/abrilliterario\/paginainicial\/#breadcrumb","itemListElement":[{"@type":"ListItem","position":1,"name":"In\u00edcio","item":"https:\/\/portaleducacao.guarulhos.sp.gov.br\/wp_site\/abrilliterario\/"},{"@type":"ListItem","position":2,"name":"Abril Liter\u00e1rio 2023"}]},{"@type":"WebSite","@id":"https:\/\/portaleducacao.guarulhos.sp.gov.br\/wp_site\/abrilliterario\/#website","url":"https:\/\/portaleducacao.guarulhos.sp.gov.br\/wp_site\/abrilliterario\/","name":"Abril Liter\u00e1rio","description":"Literalmente isso...","potentialAction":[{"@type":"SearchAction","target":{"@type":"EntryPoint","urlTemplate":"https:\/\/portaleducacao.guarulhos.sp.gov.br\/wp_site\/abrilliterario\/?s={search_term_string}"},"query-input":"required name=search_term_string"}],"inLanguage":"pt-BR"}]}},"_links":{"self":[{"href":"https:\/\/portaleducacao.guarulhos.sp.gov.br\/wp_site\/abrilliterario\/wp-json\/wp\/v2\/pages\/52"}],"collection":[{"href":"https:\/\/portaleducacao.guarulhos.sp.gov.br\/wp_site\/abrilliterario\/wp-json\/wp\/v2\/pages"}],"about":[{"href":"https:\/\/portaleducacao.guarulhos.sp.gov.br\/wp_site\/abrilliterario\/wp-json\/wp\/v2\/types\/page"}],"author":[{"embeddable":true,"href":"https:\/\/portaleducacao.guarulhos.sp.gov.br\/wp_site\/abrilliterario\/wp-json\/wp\/v2\/users\/1"}],"replies":[{"embeddable":true,"href":"https:\/\/portaleducacao.guarulhos.sp.gov.br\/wp_site\/abrilliterario\/wp-json\/wp\/v2\/comments?post=52"}],"version-history":[{"count":154,"href":"https:\/\/portaleducacao.guarulhos.sp.gov.br\/wp_site\/abrilliterario\/wp-json\/wp\/v2\/pages\/52\/revisions"}],"predecessor-version":[{"id":1122,"href":"https:\/\/portaleducacao.guarulhos.sp.gov.br\/wp_site\/abrilliterario\/wp-json\/wp\/v2\/pages\/52\/revisions\/1122"}],"wp:attachment":[{"href":"https:\/\/portaleducacao.guarulhos.sp.gov.br\/wp_site\/abrilliterario\/wp-json\/wp\/v2\/media?parent=52"}],"wp:term":[{"taxonomy":"category","embeddable":true,"href":"https:\/\/portaleducacao.guarulhos.sp.gov.br\/wp_site\/abrilliterario\/wp-json\/wp\/v2\/categories?post=52"},{"taxonomy":"post_tag","embeddable":true,"href":"https:\/\/portaleducacao.guarulhos.sp.gov.br\/wp_site\/abrilliterario\/wp-json\/wp\/v2\/tags?post=52"}],"curies":[{"name":"wp","href":"https:\/\/api.w.org\/{rel}","templated":true}]}}