{"id":184,"date":"2021-04-01T17:10:34","date_gmt":"2021-04-01T20:10:34","guid":{"rendered":"http:\/\/portaleducacao.guarulhos.sp.gov.br\/wp_site\/abrilliterario\/?page_id=184"},"modified":"2021-04-01T18:59:40","modified_gmt":"2021-04-01T21:59:40","slug":"ceus","status":"publish","type":"page","link":"https:\/\/portaleducacao.guarulhos.sp.gov.br\/wp_site\/abrilliterario2021\/ceus\/","title":{"rendered":"CEUs"},"content":{"rendered":"\n<p class=\"has-medium-font-size\"><strong>Data\/Hor\u00e1rio:<\/strong> De 01 a 30\/04<br><strong>Unidade: <\/strong>CEU Para\u00edso-Alvorada<br><strong>Atividade: <\/strong>A a\u00e7\u00e3o do CEU Para\u00edso Alvorada para o Abril Liter\u00e1rio de 2021 tem por objetivo homenagear alguns dos patronos de nossa rede. Essa a\u00e7\u00e3o \u00e9 parte do Projeto Patronos da Rede desenvolvido pelo CEU Para\u00edso Alvorada, que ir\u00e1 homenagear o ambientalista Chico Mendes, a pintora Tarsila do Amaral e os escritores Monteiro Lobato e Carolina Maria de Jesus. As a\u00e7\u00f5es ser\u00e3o feitas por meio de v\u00eddeos que conter\u00e1 o local de nascimento, data de nascimento e falecimento, informa\u00e7\u00f5es sobre inf\u00e2ncia e juventude, gostos pessoais, principal obra, e para finalizar localiza\u00e7\u00e3o da escola homenageada.<br><strong>Respons\u00e1vel:<\/strong> Luciana Marques e Roberto Curcio<br><strong>P\u00fablico-Alvo:<\/strong> Livre para todos os p\u00fablicos<br><strong>Acesso: <\/strong><a href=\"https:\/\/www.facebook.com\/groups\/139296196667119\" target=\"_blank\" rel=\"noreferrer noopener\">https:\/\/www.facebook.com\/groups\/139296196667119<\/a><\/p>\n\n\n\n<div style=\"height:100px\" aria-hidden=\"true\" class=\"wp-block-spacer\"><\/div>\n\n\n\n<p class=\"has-medium-font-size\"><strong>Data\/Hor\u00e1rio:<\/strong><br>Dia 01\/04 &#8211; Juquinha e o Abril Liter\u00e1rio &#8211; jogos e brincadeiras que incentivam a leitura<br>Dia 08\/04 &#8211; Conta\u00e7\u00e3o de hist\u00f3ria &#8211; Sherazade<br>Dia 16\/04 &#8211; Dicas de recursos para contar hist\u00f3rias &#8211; o corpo como recurso<br>Dia 21\/04 &#8211; Entrevista com as CPE dos CEUs Bonsucesso, Ponte Alta e Bambi<br>Dia 30\/04 &#8211; Dica de leitura<br><strong>Unidade: <\/strong>CEU BAMBI<br><strong>Atividade:<\/strong> Neste abril liter\u00e1rio virtual mergulharemos nas hist\u00f3rias das Mil e Uma noites: uma viagem ao mundo \u00e1rabe. Teremos conta\u00e7\u00f5es de hist\u00f3rias, dicas de leitura, m\u00fasica, instrumentos, dan\u00e7a, curiosidades, entrevistas, envolvendo alunos e professores dos nossos cursos, al\u00e9m da contribui\u00e7\u00e3o de parceiros envolvidos na cultura \u00e1rabe dentro de nosso munic\u00edpio. \u201cCentro de Incentivo \u00e0 Leitura &#8211; CPE Eliza.<br>Semanalmente, no jornal do CEU Bambi entrevistaremos pessoas que trabalham com a cultura \u00e1rabe no munic\u00edpio, como a professora de dan\u00e7a do ventre Lihra Neffer, entre outros. Al\u00e9m de mat\u00e9ria sobre o in\u00edcio do Ramad\u00e3, dia 13\/04; o com\u00e9rcio e a migra\u00e7\u00e3o.<br><strong>Respons\u00e1vel: <\/strong>Alessandra Equipe Gestora, CPE CIL, Professores e Parceiros da Comunidade<br><strong>P\u00fablico-Alvo:<\/strong> Comunidade em geral<br><strong>Acesso:<\/strong>&nbsp;Grupo CEU Bambi &#8211; Facebook e WhatsApp grupos de alunos matriculados: <a rel=\"noreferrer noopener\" href=\"https:\/\/www.facebook.com\/groups\/1637749519577208\/?ref=share\" target=\"_blank\">https:\/\/www.facebook.com\/groups\/1637749519577208\/?ref=share<\/a><\/p>\n\n\n\n<div style=\"height:100px\" aria-hidden=\"true\" class=\"wp-block-spacer\"><\/div>\n\n\n\n<p class=\"has-medium-font-size\"><strong>Data\/Hor\u00e1rio: <\/strong>de 01 a 30\/04<br>Material dos professores publicado \u00e0s ter\u00e7as-feiras (06,13,20,27), indica\u00e7\u00f5es de livros \u00e0s quartas-feiras e v\u00eddeos da coordenadora dos CIL \u00e0s sextas-feiras(02,09,16,23,30).<br><strong>Unidade: <\/strong>CEU Pimentas<br><strong>Atividade:<\/strong> Em conformidade com o programa &#8220;&#8221;LITERALMENTE ISSO&#8230;&#8221;&#8221; constru\u00edmos uma proposta com as respons\u00e1veis pelo CIL (Vanilza e Clarice). O projeto tem a denomina\u00e7\u00e3o &#8220;&#8221;LITERALMENTE ISSO&#8230;MEU MUNDO&#8221;&#8221;. Foi idealizado para que, a cada semana, um tema diferente seja trabalhado e para que as proposta transversais \u201c&#8221;Abril Azul&#8221;&#8221; e o &#8220;&#8221;Dia mundial da sa\u00fade\u201d \u201cfossem inclu\u00eddos no programa a ser trabalhado em suas respectivas semanas, visto que no dia 02 de Abril \u00e9 comemorado o dia Mundial da conscientiza\u00e7\u00e3o do autismo e dia 07 de abril celebra-se o dia mundial da sa\u00fade.<br>De forma concomitante daremos in\u00edcio a a\u00e7\u00e3o &#8220;LITERALMENTE INFANTIL &#8211; incentive a leitura&#8221; que consiste em estimular a participa\u00e7\u00e3o da comunidade nas a\u00e7\u00f5es difusoras de despertar o prazer da leitura e agu\u00e7ar seu potencial cognitivo por meio do envio e publica\u00e7\u00e3o de imagens ou v\u00eddeos curtos que contenham uma ou mais crian\u00e7as lendo ou um adulto fazendo por ela, acompanhado de sugest\u00e3o de leitura e conta\u00e7\u00e3o de hist\u00f3ria.<br>Haver\u00e1 tamb\u00e9m a\u00e7\u00f5es contributivas dos professores de idiomas. Abordaremos temas transversais que dialogam com a tem\u00e1tica \u201cLiteralmente isso&#8230;meu mundo\u201d atrav\u00e9s de indica\u00e7\u00f5es de obras liter\u00e1rias, ferramentas de busca, bibliotecas virtuais, v\u00eddeos de frui\u00e7\u00e3o liter\u00e1ria e entrevista.\u201d<br><strong>Respons\u00e1vel:&nbsp; <\/strong>&#8220;Bernadete Maria Cardoso Pereira \u2013 PEB Espanhol; Clarice Vital da Silva \u2013 Bibliotec\u00e1ria; Fabio Nascimento Jacob \u2013 Coordenador de Centro Educacional Unificado; Jefferson Lu\u00eds Grillo Bezerra \u2013 Coord. de Programas Educacionais \u2013 CEU; Priscila Alves de Carvalho \u2013 Coord. de Programas Educacionais \u2013 CEU; Priscila da Silva Caetano \u2013 PEB Ingl\u00eas; Sandra Gon\u00e7alves de Souza \u2013 PEB Educa\u00e7\u00e3o F\u00edsica; Sergio Augusto Corsini dos Santos \u2013 PEB Ingl\u00eas; Vanilza Fonseca Costa \u2013 Coord. de Programas Educacionais \u2013 CIL; Val\u00e9ria Cara\u00e7a Camargo \u2013 PEB Espanhol<br><strong>P\u00fablico-Alvo:<\/strong> Alunos do CEU Pimentas e comunidade com acesso \u00e0s redes sociais que o espa\u00e7o mant\u00e9m.<br><strong>Acesso:<\/strong> Facebook: <a rel=\"noreferrer noopener\" href=\"https:\/\/m.facebook.com\/groups\/805780376259477\" target=\"_blank\">https:\/\/m.facebook.com\/groups\/805780376259477<\/a> e Instagram: @ceu_pimentas<\/p>\n\n\n\n<div style=\"height:100px\" aria-hidden=\"true\" class=\"wp-block-spacer\"><\/div>\n\n\n\n<p class=\"has-medium-font-size\"><strong>Data\/Hor\u00e1rio:<\/strong> 02, 09, 16, 23 e 30\/04<br><strong>Unidade: <\/strong>CEU Rosa de Fran\u00e7a<br><strong>Atividade:<\/strong> Biografia do autor; Em\u00edlia, a boneca de pano; Em\u00edlia, a boneca que virou gente, Intera\u00e7\u00e3o entre os personagens de Maur\u00edcio de Sousa<br><strong>Respons\u00e1vel:<\/strong> Gestoras Manoela, Tarcila, Rosi e Elisua<br><strong>P\u00fablico-Alvo:<\/strong> Alunos da EPG Margarida Maria Da Concei\u00e7\u00e3o<br><strong>Acesso:<\/strong> Face do CEU Rosa de Fran\u00e7a e Watts das professoras da escola<\/p>\n\n\n\n<div style=\"height:100px\" aria-hidden=\"true\" class=\"wp-block-spacer\"><\/div>\n\n\n\n<p class=\"has-medium-font-size\"><strong>Data\/Hor\u00e1rio:<\/strong> Dias 02, 09, 16, 23 e 30\/04<br><strong>Unidade:<\/strong> CEU Parque S\u00e3o Miguel<br><strong>Atividade:<\/strong> T\u00edtulo: \u201cLer \u00e9 um presente\u201d<br>Fomentar o prazer pela leitura e os valores humanos. Proporcionar essa a\u00e7\u00e3o \u00e0s pessoas que desejarem presentear algu\u00e9m querido com um livro virtual e o CEU far\u00e1 a entrega por meio de rede social com cart\u00e3o virtual acompanhado de do arquivo em formato PDF de um livro cl\u00e1ssico de dom\u00ednio p\u00fablico. Leituras semanais de poesias em v\u00eddeo animado, focando temas como: Amor, auto estima, valoriza\u00e7\u00e3o \u00e0 vida, esperan\u00e7a, recome\u00e7o, for\u00e7a e coragem. Divulga\u00e7\u00e3o por meio de nossas redes sociais.<br><strong>Respons\u00e1vel: <\/strong>Coordenadores de Programas Educacionais: L\u00e9ia Cristina da Silva e Alan Felicissimo juntamente com Coordenadora do CIL: Lucileide Ferreira.<br><strong>P\u00fablico-Alvo:<\/strong> Faixa et\u00e1ria livre<br><strong>Acesso: <\/strong><a rel=\"noreferrer noopener\" href=\"https:\/\/www.facebook.com\/groups\/1394299000608041\/?ref=share\" target=\"_blank\">https:\/\/www.facebook.com\/groups\/1394299000608041\/?ref=share<\/a>, <a rel=\"noreferrer noopener\" href=\"https:\/\/instagram.com\/ceu_parquesaomiguel?igshid=128aql4mpu1vn\" target=\"_blank\">https:\/\/instagram.com\/ceu_parquesaomiguel?igshid=128aql4mpu1vn<\/a> e WhatsApp (11) 2421-2445<\/p>\n\n\n\n<div style=\"height:100px\" aria-hidden=\"true\" class=\"wp-block-spacer\"><\/div>\n\n\n\n<p class=\"has-medium-font-size\"><strong>Data\/Hor\u00e1rio:<\/strong> 09\/04<br><strong>Unidade: <\/strong>CEU Presidente Dutra (CIL Presidente Dutra)<br><strong>Atividade:<\/strong> &#8220;V\u00eddeo: Conta\u00e7\u00e3o da Hist\u00f3ria &#8211; Menina Bonita Do La\u00e7o de Fita<br><strong>Respons\u00e1vel:<\/strong> Professora Glauce Kubicke Dibo&#8221;<br><strong>P\u00fablico-Alvo:<\/strong> Mun\u00edcipes<br><strong>Acesso:<\/strong> Redes Sociais<\/p>\n\n\n\n<div style=\"height:100px\" aria-hidden=\"true\" class=\"wp-block-spacer\"><\/div>\n\n\n\n<p class=\"has-medium-font-size\"><strong>Data\/Hor\u00e1rio:<\/strong> 12\/04, \u00e0s 15h<br><strong>Unidade:<\/strong> CEU Vila S\u00e3o Rafael<br><strong>Atividade:<\/strong> V\u00eddeo contendo um poema legendado, da poetisa, jornalista e pintora brasileira, Cec\u00edla Meireles, intitulado \u201cA Bailarina &#8220;.<br><strong>Respons\u00e1vel:<\/strong> Cleiiule de Souz Torres<br><strong>P\u00fablico-Alvo:<\/strong> Todos os mun\u00edcipes, sobretudo o p\u00fablico infantil<br><strong>Acesso:<\/strong> <a href=\"https:\/\/www.facebook.com\/groups\/2554673434617794\" target=\"_blank\" rel=\"noreferrer noopener\">https:\/\/www.facebook.com\/groups\/2554673434617794<\/a><\/p>\n\n\n\n<div style=\"height:100px\" aria-hidden=\"true\" class=\"wp-block-spacer\"><\/div>\n\n\n\n<p class=\"has-medium-font-size\"><strong>Data\/Hor\u00e1rio:<\/strong> De 12 a 16\/04<br><strong>Unidade: <\/strong>CEU Bonsucesso<br><strong>Atividade:<\/strong> Leitura da obra Flicts de Ziraldo que ser\u00e1 narrada em ingl\u00eas e portugu\u00eas. A hist\u00f3ria apresenta a cor Flicts, uma cor \u201cdiferente\u201d que n\u00e3o consegue se encaixar no arco-\u00edris, nas bandeiras e em lugar nenhum, e que ningu\u00e9m, a princ\u00edpio, reconhece seu merecido valor. Essa a\u00e7\u00e3o tem como objetivo promover momentos de aprecia\u00e7\u00e3o lingu\u00edstica e liter\u00e1ria nas l\u00ednguas inglesa e portuguesa, assim como ampliar a discuss\u00e3o de tem\u00e1ticas urgentes como a diversidade e inclus\u00e3o, al\u00e9m de possibilitar um momento de ludicidade e acolhimento para todas as idades. O material ser\u00e1 compartilhado com os coordenadores dos CEUs Bonsucesso, Pimentas e Cumbica em formato de v\u00eddeo (aproximadamente 5 minutos de dura\u00e7\u00e3o), h\u00e1 tamb\u00e9m o apoio de imagens e recursos visuais feitos pela professora de ingl\u00eas Elaine Martins.<br><strong>Respons\u00e1vel:<\/strong> Prof. Sergio Corsini &#8211;&nbsp; L\u00edngua e Cultura Inglesa<br><strong>P\u00fablico-Alvo:<\/strong> Comunidade e alunos<br><strong>Acesso:<\/strong> Facebook e WhatsApp<\/p>\n\n\n\n<div style=\"height:100px\" aria-hidden=\"true\" class=\"wp-block-spacer\"><\/div>\n\n\n\n<p class=\"has-medium-font-size\"><strong>Data\/Hor\u00e1rio: <\/strong>12 a 16\/04<br><strong>Unidade:<\/strong> CEU Jardim Cumbica<br><strong>Atividade:<\/strong> Obra infantil escrita por Lewis Carrol. Publi5 pela primeira vez em 1865, Alice no Pa\u00eds das Maravilhas continua sendo at\u00e9 hoje um cl\u00e1ssico da literatura infantil, tendo gerado in\u00fameras representa\u00e7\u00f5es em diversas m\u00eddias, como cinema e teatro. Devido a isto, \u00e9 poss\u00edvel adequ\u00e1-la para o tempo atual. N\u00e3o \u00e9 apenas uma hist\u00f3ria para crian\u00e7as mas tamb\u00e9m para adultos pois aborda temas como literatura, pintura, filosofia, matem\u00e1tica, etc.<br><strong>Respons\u00e1vel: <\/strong>Renata Benfatti Cor\u00e1<br><strong>P\u00fablico-Alvo:<\/strong> Alunos e mun\u00edcipes<br><strong>Acesso:<\/strong> <a href=\"https:\/\/www.facebook.com\/profile.php?id=100008339225312\" target=\"_blank\" rel=\"noreferrer noopener\">https:\/\/www.facebook.com\/profile.php?id=100008339225312<\/a>&#8220;<\/p>\n\n\n\n<div style=\"height:100px\" aria-hidden=\"true\" class=\"wp-block-spacer\"><\/div>\n\n\n\n<p class=\"has-medium-font-size\"><strong>Data\/Hor\u00e1rio:<\/strong> 13\/04<br><strong>Unidade:<\/strong> CEU Presidente Dutra (CIL Presidente Dutra)<br><strong>Atividade:<\/strong> V\u00eddeo &#8211; Conta\u00e7\u00e3o da Hist\u00f3ria: A Dificuldade e a Felicidade<br><strong>Respons\u00e1vel:<\/strong><br><strong>P\u00fablico-Alvo:<\/strong> Mun\u00edcipes<br><strong>Acesso: <\/strong>Redes Sociais<\/p>\n\n\n\n<div style=\"height:100px\" aria-hidden=\"true\" class=\"wp-block-spacer\"><\/div>\n\n\n\n<p class=\"has-medium-font-size\"><strong>Data\/Hor\u00e1rio:<\/strong> 14\/04, \u00e0s 20h<br><strong>Unidade:<\/strong> CEU Ottaw\/Uirapuru<br><strong>Atividade: <\/strong>Era Virtual Museu Guarulhos \u2013 Uma ferramenta virtual de aprendizagem sobre a hist\u00f3ria de Guarulhos com Elton Soares de Oliveira (Pesquisador, Historiador e Contista).<br><strong>Respons\u00e1vel: <\/strong>Historiador Elton Soares e equipe do CEU Ottawa\/Uirapuru<br><strong>P\u00fablico-Alvo:<\/strong> Professores, estudantes, p\u00fablico em geral.<br><strong>Acesso: <\/strong><a href=\"https:\/\/m.facebook.com\/groups\/1416860958351753\/permalink\/3143877162316782\/\" target=\"_blank\" rel=\"noreferrer noopener\">https:\/\/m.facebook.com\/groups\/1416860958351753\/permalink\/3143877162316782\/<\/a><\/p>\n\n\n\n<div style=\"height:100px\" aria-hidden=\"true\" class=\"wp-block-spacer\"><\/div>\n\n\n\n<p class=\"has-medium-font-size\"><strong>Data\/Hor\u00e1rio:<\/strong> 15\/04, das 15h \u00e0s 16h<br><strong>Unidade:<\/strong> CEU Presidente Dutra (CIL Presidente Dutra)<br><strong>Atividade:<\/strong> &#8220;Bate-papo liter\u00e1rio com a escritora Priscila Cruz, autora do livro:&nbsp; Luana, a menina que sabia voar.<br><strong>Respons\u00e1vel:<\/strong> Professora Glauce Kubicke Dibo?<br><strong>P\u00fablico-Alvo:<\/strong> Funcion\u00e1rios<br><strong>Acesso:<\/strong> Plataforma Teams<\/p>\n\n\n\n<div style=\"height:100px\" aria-hidden=\"true\" class=\"wp-block-spacer\"><\/div>\n\n\n\n<p class=\"has-medium-font-size\"><strong>Data\/Hor\u00e1rio: <\/strong>19\/04, \u00e0s 16h<br><strong>Unidade: <\/strong>CEU Ottawa\/Uirapuru<br><strong>Atividade:<\/strong> \u201cO apanhador de desperd\u00edcio\u201d &#8211; um poema de Manoel de Barros. V\u00eddeo mostrando atividade art\u00edstica inspirada na obra do poeta Manoel de Barros &#8220;<br><strong>Respons\u00e1vel:<\/strong> Prof. Vanessa Pereira Machado<br><strong>P\u00fablico-Alvo:<\/strong> P\u00fablico infantil, a partir de 6 anos<br><strong>Acesso:<\/strong> <a href=\"https:\/\/m.facebook.com\/groups\/1416860958351753\/permalink\/3143877162316782\/\" target=\"_blank\" rel=\"noreferrer noopener\">https:\/\/m.facebook.com\/groups\/1416860958351753\/permalink\/3143877162316782\/<\/a><\/p>\n\n\n\n<div style=\"height:100px\" aria-hidden=\"true\" class=\"wp-block-spacer\"><\/div>\n\n\n\n<p class=\"has-medium-font-size\"><strong>Data\/Hor\u00e1rio:<\/strong> 20\/04<br><strong>Unidade:<\/strong> CEU Ponte Alta e CEUs convidados<br><strong>Atividade:<\/strong> Entrevista para o abril liter\u00e1rio (v\u00eddeo gravado\/online)<br>Tema: Import\u00e2ncia da leitura<br>Entrevistadora: Aluna de jornalismo da PUC-Campinas \u2013 Eduarda Abrantes<br>Convidadas: Coordenadoras do Centro de Incentivo \u00e0 Leitura da Prefeitura de Guarulhos: Sandra Silva (CEU Ponte Alta), Valqu\u00edria Santos (CEU Bonsucesso) e Eliza Carvalho (CEU Bambi).<br><strong>Respons\u00e1vel: <\/strong>Coordena\u00e7\u00e3o do CEU Ponte Alta<br><strong>P\u00fablico-Alvo:<\/strong> Alunos e usu\u00e1rios dos espa\u00e7os envolvidos<br><strong>Acesso:<\/strong> Facebook:&nbsp;&nbsp;<a rel=\"noreferrer noopener\" href=\"https:\/\/www.facebook.com\/groups\/1621876164529372\" target=\"_blank\">https:\/\/www.facebook.com\/groups\/1621876164529372<\/a> e grupos de WhatsApp dos CEUs envolvidos<\/p>\n\n\n\n<div style=\"height:100px\" aria-hidden=\"true\" class=\"wp-block-spacer\"><\/div>\n\n\n\n<p class=\"has-medium-font-size\"><strong>Data\/Hor\u00e1rio:<\/strong> 20\/04<br><strong>Unidade:<\/strong> CEU Presidente Dutra (CIL Presidente Dutra)<br><strong>Atividade:<\/strong> &#8220;V\u00eddeo:&nbsp; Conta\u00e7\u00e3o da Hist\u00f3ria: Monstro das Cores&#8221;<br><strong>Respons\u00e1vel:<\/strong> Professora Glauce Kubicke Dibo<br><strong>P\u00fablico-Alvo:<\/strong> Mun\u00edcipes<br><strong>Acesso:<\/strong> Redes Sociais<\/p>\n\n\n\n<div style=\"height:100px\" aria-hidden=\"true\" class=\"wp-block-spacer\"><\/div>\n\n\n\n<p class=\"has-medium-font-size\"><strong>Data\/Hhor\u00e1rio:<\/strong> 22\/04 \u00e0s 15h<br><strong>Unidade: <\/strong>CEU Ottawa Uirapuru<br><strong>Atividade:<\/strong> &#8220;M\u00e1rio Quintana, Essencial Recita\u00e7\u00e3o de poesia do escritor M\u00e1rio Quintana. Experi\u00eancia sinest\u00e9sica englobando o sonoro e visual.&#8221;<br><strong>Respons\u00e1vel:<\/strong> \u00c1urea Izidoro &#8211; Coordenadora CIL<br><strong>P\u00fablico-Alvo:<\/strong> Professores, p\u00fablico em geral<br><strong>Acesso:<\/strong> <a href=\"https:\/\/m.facebook.com\/groups\/1416860958351753\/permalink\/3143877162316782\/\" target=\"_blank\" rel=\"noreferrer noopener\">https:\/\/m.facebook.com\/groups\/1416860958351753\/permalink\/3143877162316782\/<\/a><\/p>\n\n\n\n<div style=\"height:100px\" aria-hidden=\"true\" class=\"wp-block-spacer\"><\/div>\n\n\n\n<p class=\"has-medium-font-size\"><strong>Data\/Hor\u00e1rio:<\/strong> 23\/04<br><strong>Unidade: <\/strong>CEU Presidente Dutra (CIL Presidente Dutra)<br><strong>Atividade:<\/strong> V\u00eddeo: Conta\u00e7\u00e3o da Hist\u00f3ria T\u00e9o quer um Abra\u00e7o<br><strong>Respons\u00e1vel:<\/strong><br><strong>P\u00fablico-Alvo:<\/strong> Mun\u00edcipes<br><strong>Acesso:<\/strong> Redes Sociais<\/p>\n\n\n\n<div style=\"height:100px\" aria-hidden=\"true\" class=\"wp-block-spacer\"><\/div>\n\n\n\n<p class=\"has-medium-font-size\"><strong>Data\/Hor\u00e1rio:<\/strong> 23\/04, \u00e0s 16h<br><strong>Unidade: <\/strong>CEU Bonsucesso<br><strong>Atividade:<\/strong> Conta\u00e7\u00e3o de hist\u00f3ria: Quem soltou o PUM? Blandina Franco e Jos\u00e9 Carlos Lollo<br><strong>Respons\u00e1vel:<\/strong> Juliane Moreno<br><strong>P\u00fablico-Alvo:<\/strong> Mun\u00edcipes<br><strong>Acesso:<\/strong> Facebook e WhatsApp<\/p>\n\n\n\n<div style=\"height:100px\" aria-hidden=\"true\" class=\"wp-block-spacer\"><\/div>\n\n\n\n<p class=\"has-medium-font-size\"><strong>Data\/Hor\u00e1rio:<\/strong> 23\/04, \u00e0s 14h<br><strong>Unidade:<\/strong> CEU Continental<br><strong>Atividade:<\/strong> \u201cINTERLIGADOS PELA LEITURA Partindo da ideia de que abril comemora se o festival liter\u00e1rio, se faz necess\u00e1rio ressaltar a import\u00e2ncia da literatura na nossa sociedade e a valoriza\u00e7\u00e3o de escritores (as) brasileiros (as). Sendo assim, o agente de leitura Samuel Alexandre em parceria com o CEU Continental, prop\u00f5em para o evento \u201cAbril Liter\u00e1rio Virtual \/ 2021 \u2013 Literalmente isso&#8230;\u201d um encontro virtual onde ser\u00e3o comentadas e indicadas tr\u00eas obras liter\u00e1rias que s\u00e3o de suma import\u00e2ncia na propaga\u00e7\u00e3o da literatura nacional. Ao final do encontro realizaremos o sorteio de um dos livros que foram indicados, podem concorrer a este sorteio somente os participantes que estiverem no encontro do in\u00edcio ao fim.<br>&#8211; Machado de Assis &#8211; Mem\u00f3rias P\u00f3stumas de Br\u00e1s Cubas &#8211; 1881.<br>&#8211; Mario de Andrade \u2013 Macuna\u00edma \u2013 1928.<br>&#8211; Maria Carolina de Jesus \u2013 Quarto de Despejo 1960.<br>Desenvolvimento do projeto: O encontro ocorrer\u00e1 via Google Meet no dia 23\/04 \u00e0s 14h. Ter\u00e1 dura\u00e7\u00e3o de 30 a 40 minutos. As inscri\u00e7\u00f5es para participa\u00e7\u00e3o do encontro ir\u00e3o ocorrer antecipadamente e o link de acesso ser\u00e1 disponibilizado um dia antes para os participantes, via e-mail ou WhatsApp. O agente de leitura ficar\u00e1 respons\u00e1vel pela cria\u00e7\u00e3o da sala e aceite dos participantes no encontro. O sorteio ser\u00e1 feito ap\u00f3s a finaliza\u00e7\u00e3o do encontro. A retirada do livro poder\u00e1 ser feita no CEU Continental, caso o funcionamento do espa\u00e7o n\u00e3o esteja sido suspenso em raz\u00e3o de restri\u00e7\u00f5es a respeito da COVID 19.<br><strong>Respons\u00e1vel: <\/strong>Agente de leitura Samuel Alexandre, acompanhado da equipe gestora.<br><strong>P\u00fablico-Alvo:<\/strong><br><strong>Acesso:<\/strong> <a href=\"https:\/\/www.facebook.com\/groups\/217677002730236\" target=\"_blank\" rel=\"noreferrer noopener\">https:\/\/www.facebook.com\/groups\/217677002730236<\/a> &#8211; Neste link ocorrer\u00e1 a divulga\u00e7\u00e3o para realizar a inscri\u00e7\u00e3o<\/p>\n\n\n\n<div style=\"height:100px\" aria-hidden=\"true\" class=\"wp-block-spacer\"><\/div>\n\n\n\n<p class=\"has-medium-font-size\"><strong>Data\/Hor\u00e1rio:<\/strong> 25\/04<br><strong>Unidade:<\/strong> CEU Ponte Alta e CEUs convidados<br><strong>Atividade:<\/strong> Declama\u00e7\u00e3o: poesia de Cora Coralina \u2013 \u201cTua Casa\u201d (v\u00eddeo gravado)<br>Sandra Silva \u2013 Coordenadora de Projetos Educacionais do CEU Ponte Alta\/CIL<br><strong>Respons\u00e1vel: <\/strong>COORDENA\u00c7\u00c3O DO MESMO<br><strong>P\u00fablico-Alvo:<\/strong> Alunos e usu\u00e1rios dos espa\u00e7os envolvidos<br><strong>Acesso:<\/strong> Facebook e grupos de WhatsApp dos CEUs envolvidos<\/p>\n\n\n\n<div style=\"height:100px\" aria-hidden=\"true\" class=\"wp-block-spacer\"><\/div>\n\n\n\n<p class=\"has-medium-font-size\"><strong>Data\/Hor\u00e1rio:<\/strong> 25\/04, \u00e0s 14h<br><strong>Unidade:<\/strong> CEU Bonsucesso<br><strong>Atividade:<\/strong> Sarau em forma de v\u00eddeo atrav\u00e9s de v\u00e1rias participa\u00e7\u00f5es, t\u00edtulo: Resili\u00eancia.<br><strong>Respons\u00e1vel: <\/strong>&#8220;Valquiria Coordenadora de Programas Educacionais &#8211; CIL&#8221;<br><strong>P\u00fablico-Alvo:<\/strong> Comunidade do Bonsucesso<br><strong>Acesso:<\/strong> Atrav\u00e9s do Facebook CEU Bonsucesso e nossos grupos de WhatsApp<\/p>\n\n\n\n<div style=\"height:100px\" aria-hidden=\"true\" class=\"wp-block-spacer\"><\/div>\n\n\n\n<p class=\"has-medium-font-size\"><strong>Data\/Hor\u00e1rio:<\/strong> 16\/04, \u00e0s 14h<br><strong>Unidade:<\/strong> CEU Continental<br><strong>Atividade:<\/strong> \u201cSer\u00e1 produzido pela coordenadora de programas educacionais um v\u00eddeo de conta\u00e7\u00e3o de hist\u00f3ria do livro\u201d O livro das letras\u201d de Ruth Rocha e Ot\u00e1vio Roth.<br><strong>Respons\u00e1vel: <\/strong>Rita de C\u00e1ssia Ayres<br><strong>P\u00fablico-Alvo:<\/strong> Mun\u00edcipes de Guarulhos<br><strong>Acesso:<\/strong> <a href=\"https:\/\/www.facebook.com\/groups\/217677002730236\" target=\"_blank\" rel=\"noreferrer noopener\">https:\/\/www.facebook.com\/groups\/217677002730236<\/a><\/p>\n\n\n\n<div style=\"height:100px\" aria-hidden=\"true\" class=\"wp-block-spacer\"><\/div>\n\n\n\n<p class=\"has-medium-font-size\"><strong>Data\/Hor\u00e1rio:<\/strong> 27\/04<br><strong>Unidade:<\/strong> Presidente Dutra &#8211; &#8220;CIL CEU Presidente Dutra<br><strong>Atividade:<\/strong> V\u00eddeo: Conta\u00e7\u00e3o da Hist\u00f3ria: \u201cMaria vai com as outras&#8221;<br><strong>Respons\u00e1vel:<\/strong> Professora Glauce Kubicke Dibo<br><strong>P\u00fablico-Alvo:<\/strong> Mun\u00edcipes<br><strong>Acesso:<\/strong> Redes Sociais<\/p>\n\n\n\n<div style=\"height:100px\" aria-hidden=\"true\" class=\"wp-block-spacer\"><\/div>\n\n\n\n<p class=\"has-medium-font-size\"><strong>Data\/Hor\u00e1rio:<\/strong> 29\/04, \u00e0s 15h<br><strong>Unidade:<\/strong> CEU Rosa de Fran\u00e7a<br><strong>Atividade:<\/strong> Entendendo a import\u00e2ncia da leitura em todo o processo educativo, nesse momento de distanciamento social, ofertaremos momentos de leitura e conta\u00e7\u00e3o de hist\u00f3rias de forma remota. Aos mun\u00edcipes atendidos pelo CEU Rosa de Fran\u00e7a as atividades acontecer\u00e3o nos grupos de WhatsApp destinados a oferta de aulas. Aos alunos da E.P.G. Siqueira Bueno faremos uma conta\u00e7\u00e3o de hist\u00f3rias, por videochamada.<br><strong>Respons\u00e1vel: <\/strong>Rosimar Virginia Mioto Casciano<br><strong>P\u00fablico-Alvo:<\/strong> Mun\u00edcipes do CEU Rosa de Fran\u00e7a e alunos da EPG Siqueira Bueno<br><strong>Acesso:<\/strong> O link ser\u00e1 gerado pr\u00f3ximo ao hor\u00e1rio do evento<\/p>\n\n\n\n<div style=\"height:100px\" aria-hidden=\"true\" class=\"wp-block-spacer\"><\/div>\n\n\n\n<p class=\"has-medium-font-size\"><strong>Data\/Hor\u00e1rio:<\/strong> 30\/04<br><strong>Unidade:<\/strong> CEU Presidente Dutra<br><strong>Atividade:<\/strong> &#8220;V\u00eddeo: Leitura do Livro In Braille ` Bambi ` Com a participa\u00e7\u00e3o de Matheus Sandr\u00e9.<br><strong>Respons\u00e1vel:<\/strong> CIL CEU Presidente Dutra? Professora Glauce Kubicke Dibo&#8221;<br><strong>P\u00fablico-Alvo:<\/strong> Mun\u00edcipes<br><strong>Acesso:<\/strong> Redes Sociais<\/p>\n\n\n\n<div style=\"height:100px\" aria-hidden=\"true\" class=\"wp-block-spacer\"><\/div>\n\n\n\n<p class=\"has-medium-font-size\"><strong>Data\/ hor\u00e1rio:<\/strong> 30\/04, \u00e0s 14h<br><strong>Unidade:<\/strong> CEU Continental<br><strong>Atividade: <\/strong>Convidamos o escritor Marcellus Belezzo que nasceu em Guarulhos e escreveu o Livro Ano Zero para fazer uma live na semana do Abril Liter\u00e1rio. Ser\u00e1 realizado um bate-papo, onde faremos perguntas para que se apresente, conte sua trajet\u00f3ria como escritor e porque escreveu este livro. O escritor contar\u00e1 um pouco sobre a hist\u00f3ria do seu livro e disponibilizar\u00e1 o mesmo de forma digital para os mun\u00edcipes realizarem a leitura, posteriormente a isso realizaremos um grupo de discuss\u00e3o via WhatsApp.<br><strong>Respons\u00e1vel: <\/strong>Coordenadora de Programas Educacionais do CIL Maria Aparecida Severino de Souza<br><strong>P\u00fablico-Alvo:<\/strong> Mun\u00edcipes de Guarulhos<br><strong>Acesso:<\/strong> <a href=\"https:\/\/www.facebook.com\/groups\/217677002730236\" target=\"_blank\" rel=\"noreferrer noopener\">https:\/\/www.facebook.com\/groups\/217677002730236<\/a><\/p>\n\n\n\n<div style=\"height:100px\" aria-hidden=\"true\" class=\"wp-block-spacer\"><\/div>\n\n\n\n<p class=\"has-medium-font-size\"><strong>Data\/Hor\u00e1rio: <\/strong>a definir<br><strong>Unidade:<\/strong> CEU Para\u00edso-Alvorada<br><strong>Atividade:<\/strong> A a\u00e7\u00e3o do CEU Para\u00edso Alvorada para o Abril Liter\u00e1rio de 2021 tem por objetivo homenagear alguns dos patronos de nossa rede. Essa a\u00e7\u00e3o \u00e9 parte do Projeto Patronos da Rede desenvolvido pelo CEU Para\u00edso Alvorada, que homenagear\u00e1 o ambientalista Chico Mendes, a pintora Tarsila do Amaral e os escritores Monteiro Lobato e Carolina Maria de Jesus. As a\u00e7\u00f5es ser\u00e3o feitas por meio de v\u00eddeos que conter\u00e1 o local de nascimento, data de nascimento e falecimento, informa\u00e7\u00f5es sobre inf\u00e2ncia e juventude, gostos pessoais, principal obra, e para finalizar localiza\u00e7\u00e3o da escola homenageada. As postagens ser\u00e3o feitas durante o per\u00edodo de dura\u00e7\u00e3o do evento com datas a definir.<br><strong>Respons\u00e1vel: <\/strong>Luciana Marques e Roberto Curcio<br><strong>P\u00fablico-Alvo:<\/strong> Livre para todos os p\u00fablicos<br><strong>Acesso:<\/strong> <a rel=\"noreferrer noopener\" href=\"https:\/\/www.facebook.com\/groups\/139296196667119\" target=\"_blank\">https:\/\/www.facebook.com\/groups\/139296196667119<\/a><\/p>\n","protected":false},"excerpt":{"rendered":"<p>Data\/Hor\u00e1rio: De 01 a 30\/04Unidade: CEU Para\u00edso-AlvoradaAtividade: A a\u00e7\u00e3o do CEU Para\u00edso Alvorada para o Abril Liter\u00e1rio de 2021 tem por objetivo homenagear alguns dos patronos de nossa rede. Essa [&hellip;]<\/p>\n","protected":false},"author":1,"featured_media":0,"parent":0,"menu_order":0,"comment_status":"closed","ping_status":"closed","template":"","meta":{"_monsterinsights_skip_tracking":false,"_monsterinsights_sitenote_active":false,"_monsterinsights_sitenote_note":"","_monsterinsights_sitenote_category":0,"_expiration-date-status":"","_expiration-date":0,"_expiration-date-type":"","_expiration-date-categories":[],"_expiration-date-options":[]},"categories":[],"tags":[],"yoast_head":"<!-- This site is optimized with the Yoast SEO plugin v19.7.1 - https:\/\/yoast.com\/wordpress\/plugins\/seo\/ -->\r\n<title>CEUs - Abril Liter\u00e1rio Virtual 2021 - Literalmente Isso...<\/title>\r\n<meta name=\"robots\" content=\"index, follow, max-snippet:-1, max-image-preview:large, max-video-preview:-1\" \/>\r\n<link rel=\"canonical\" href=\"https:\/\/portaleducacao.guarulhos.sp.gov.br\/wp_site\/abrilliterario2021\/ceus\/\" \/>\r\n<meta property=\"og:locale\" content=\"pt_BR\" \/>\r\n<meta property=\"og:type\" content=\"article\" \/>\r\n<meta property=\"og:title\" content=\"CEUs - Abril Liter\u00e1rio Virtual 2021 - Literalmente Isso...\" \/>\r\n<meta property=\"og:description\" content=\"Data\/Hor\u00e1rio: De 01 a 30\/04Unidade: CEU Para\u00edso-AlvoradaAtividade: A a\u00e7\u00e3o do CEU Para\u00edso Alvorada para o Abril Liter\u00e1rio de 2021 tem por objetivo homenagear alguns dos patronos de nossa rede. Essa [&hellip;]\" \/>\r\n<meta property=\"og:url\" content=\"https:\/\/portaleducacao.guarulhos.sp.gov.br\/wp_site\/abrilliterario2021\/ceus\/\" \/>\r\n<meta property=\"og:site_name\" content=\"Abril Liter\u00e1rio Virtual 2021 - Literalmente Isso...\" \/>\r\n<meta property=\"article:modified_time\" content=\"2021-04-01T21:59:40+00:00\" \/>\r\n<meta name=\"twitter:card\" content=\"summary_large_image\" \/>\r\n<meta name=\"twitter:label1\" content=\"Est. tempo de leitura\" \/>\n\t<meta name=\"twitter:data1\" content=\"13 minutos\" \/>\r\n<script type=\"application\/ld+json\" class=\"yoast-schema-graph\">{\"@context\":\"https:\/\/schema.org\",\"@graph\":[{\"@type\":\"WebPage\",\"@id\":\"https:\/\/portaleducacao.guarulhos.sp.gov.br\/wp_site\/abrilliterario2021\/ceus\/\",\"url\":\"https:\/\/portaleducacao.guarulhos.sp.gov.br\/wp_site\/abrilliterario2021\/ceus\/\",\"name\":\"CEUs - Abril Liter\u00e1rio Virtual 2021 - Literalmente Isso...\",\"isPartOf\":{\"@id\":\"https:\/\/portaleducacao.guarulhos.sp.gov.br\/wp_site\/abrilliterario2021\/#website\"},\"datePublished\":\"2021-04-01T20:10:34+00:00\",\"dateModified\":\"2021-04-01T21:59:40+00:00\",\"breadcrumb\":{\"@id\":\"https:\/\/portaleducacao.guarulhos.sp.gov.br\/wp_site\/abrilliterario2021\/ceus\/#breadcrumb\"},\"inLanguage\":\"pt-BR\",\"potentialAction\":[{\"@type\":\"ReadAction\",\"target\":[\"https:\/\/portaleducacao.guarulhos.sp.gov.br\/wp_site\/abrilliterario2021\/ceus\/\"]}]},{\"@type\":\"BreadcrumbList\",\"@id\":\"https:\/\/portaleducacao.guarulhos.sp.gov.br\/wp_site\/abrilliterario2021\/ceus\/#breadcrumb\",\"itemListElement\":[{\"@type\":\"ListItem\",\"position\":1,\"name\":\"In\u00edcio\",\"item\":\"https:\/\/portaleducacao.guarulhos.sp.gov.br\/wp_site\/abrilliterario2021\/\"},{\"@type\":\"ListItem\",\"position\":2,\"name\":\"CEUs\"}]},{\"@type\":\"WebSite\",\"@id\":\"https:\/\/portaleducacao.guarulhos.sp.gov.br\/wp_site\/abrilliterario2021\/#website\",\"url\":\"https:\/\/portaleducacao.guarulhos.sp.gov.br\/wp_site\/abrilliterario2021\/\",\"name\":\"Abril Liter\u00e1rio Virtual 2021 - Literalmente Isso...\",\"description\":\"Secretaria Municipal de Educa\u00e7\u00e3o de Guarulhos\",\"potentialAction\":[{\"@type\":\"SearchAction\",\"target\":{\"@type\":\"EntryPoint\",\"urlTemplate\":\"https:\/\/portaleducacao.guarulhos.sp.gov.br\/wp_site\/abrilliterario2021\/?s={search_term_string}\"},\"query-input\":\"required name=search_term_string\"}],\"inLanguage\":\"pt-BR\"}]}<\/script>\r\n<!-- \/ Yoast SEO plugin. -->","yoast_head_json":{"title":"CEUs - Abril Liter\u00e1rio Virtual 2021 - Literalmente Isso...","robots":{"index":"index","follow":"follow","max-snippet":"max-snippet:-1","max-image-preview":"max-image-preview:large","max-video-preview":"max-video-preview:-1"},"canonical":"https:\/\/portaleducacao.guarulhos.sp.gov.br\/wp_site\/abrilliterario2021\/ceus\/","og_locale":"pt_BR","og_type":"article","og_title":"CEUs - Abril Liter\u00e1rio Virtual 2021 - Literalmente Isso...","og_description":"Data\/Hor\u00e1rio: De 01 a 30\/04Unidade: CEU Para\u00edso-AlvoradaAtividade: A a\u00e7\u00e3o do CEU Para\u00edso Alvorada para o Abril Liter\u00e1rio de 2021 tem por objetivo homenagear alguns dos patronos de nossa rede. Essa [&hellip;]","og_url":"https:\/\/portaleducacao.guarulhos.sp.gov.br\/wp_site\/abrilliterario2021\/ceus\/","og_site_name":"Abril Liter\u00e1rio Virtual 2021 - Literalmente Isso...","article_modified_time":"2021-04-01T21:59:40+00:00","twitter_card":"summary_large_image","twitter_misc":{"Est. tempo de leitura":"13 minutos"},"schema":{"@context":"https:\/\/schema.org","@graph":[{"@type":"WebPage","@id":"https:\/\/portaleducacao.guarulhos.sp.gov.br\/wp_site\/abrilliterario2021\/ceus\/","url":"https:\/\/portaleducacao.guarulhos.sp.gov.br\/wp_site\/abrilliterario2021\/ceus\/","name":"CEUs - Abril Liter\u00e1rio Virtual 2021 - Literalmente Isso...","isPartOf":{"@id":"https:\/\/portaleducacao.guarulhos.sp.gov.br\/wp_site\/abrilliterario2021\/#website"},"datePublished":"2021-04-01T20:10:34+00:00","dateModified":"2021-04-01T21:59:40+00:00","breadcrumb":{"@id":"https:\/\/portaleducacao.guarulhos.sp.gov.br\/wp_site\/abrilliterario2021\/ceus\/#breadcrumb"},"inLanguage":"pt-BR","potentialAction":[{"@type":"ReadAction","target":["https:\/\/portaleducacao.guarulhos.sp.gov.br\/wp_site\/abrilliterario2021\/ceus\/"]}]},{"@type":"BreadcrumbList","@id":"https:\/\/portaleducacao.guarulhos.sp.gov.br\/wp_site\/abrilliterario2021\/ceus\/#breadcrumb","itemListElement":[{"@type":"ListItem","position":1,"name":"In\u00edcio","item":"https:\/\/portaleducacao.guarulhos.sp.gov.br\/wp_site\/abrilliterario2021\/"},{"@type":"ListItem","position":2,"name":"CEUs"}]},{"@type":"WebSite","@id":"https:\/\/portaleducacao.guarulhos.sp.gov.br\/wp_site\/abrilliterario2021\/#website","url":"https:\/\/portaleducacao.guarulhos.sp.gov.br\/wp_site\/abrilliterario2021\/","name":"Abril Liter\u00e1rio Virtual 2021 - Literalmente Isso...","description":"Secretaria Municipal de Educa\u00e7\u00e3o de Guarulhos","potentialAction":[{"@type":"SearchAction","target":{"@type":"EntryPoint","urlTemplate":"https:\/\/portaleducacao.guarulhos.sp.gov.br\/wp_site\/abrilliterario2021\/?s={search_term_string}"},"query-input":"required name=search_term_string"}],"inLanguage":"pt-BR"}]}},"_links":{"self":[{"href":"https:\/\/portaleducacao.guarulhos.sp.gov.br\/wp_site\/abrilliterario2021\/wp-json\/wp\/v2\/pages\/184"}],"collection":[{"href":"https:\/\/portaleducacao.guarulhos.sp.gov.br\/wp_site\/abrilliterario2021\/wp-json\/wp\/v2\/pages"}],"about":[{"href":"https:\/\/portaleducacao.guarulhos.sp.gov.br\/wp_site\/abrilliterario2021\/wp-json\/wp\/v2\/types\/page"}],"author":[{"embeddable":true,"href":"https:\/\/portaleducacao.guarulhos.sp.gov.br\/wp_site\/abrilliterario2021\/wp-json\/wp\/v2\/users\/1"}],"replies":[{"embeddable":true,"href":"https:\/\/portaleducacao.guarulhos.sp.gov.br\/wp_site\/abrilliterario2021\/wp-json\/wp\/v2\/comments?post=184"}],"version-history":[{"count":7,"href":"https:\/\/portaleducacao.guarulhos.sp.gov.br\/wp_site\/abrilliterario2021\/wp-json\/wp\/v2\/pages\/184\/revisions"}],"predecessor-version":[{"id":193,"href":"https:\/\/portaleducacao.guarulhos.sp.gov.br\/wp_site\/abrilliterario2021\/wp-json\/wp\/v2\/pages\/184\/revisions\/193"}],"wp:attachment":[{"href":"https:\/\/portaleducacao.guarulhos.sp.gov.br\/wp_site\/abrilliterario2021\/wp-json\/wp\/v2\/media?parent=184"}],"wp:term":[{"taxonomy":"category","embeddable":true,"href":"https:\/\/portaleducacao.guarulhos.sp.gov.br\/wp_site\/abrilliterario2021\/wp-json\/wp\/v2\/categories?post=184"},{"taxonomy":"post_tag","embeddable":true,"href":"https:\/\/portaleducacao.guarulhos.sp.gov.br\/wp_site\/abrilliterario2021\/wp-json\/wp\/v2\/tags?post=184"}],"curies":[{"name":"wp","href":"https:\/\/api.w.org\/{rel}","templated":true}]}}