{"id":194,"date":"2021-04-01T19:03:40","date_gmt":"2021-04-01T22:03:40","guid":{"rendered":"http:\/\/portaleducacao.guarulhos.sp.gov.br\/wp_site\/abrilliterario\/?page_id=194"},"modified":"2021-04-01T19:10:31","modified_gmt":"2021-04-01T22:10:31","slug":"instituicoes-parceiras","status":"publish","type":"page","link":"https:\/\/portaleducacao.guarulhos.sp.gov.br\/wp_site\/abrilliterario2021\/instituicoes-parceiras\/","title":{"rendered":"INSTITUI\u00c7\u00d5ES PARCEIRAS"},"content":{"rendered":"\n<p class=\"has-medium-font-size\"><strong>Data\/Hor\u00e1rio:<\/strong> 05\/04<br><strong>Unidade <\/strong>Instituto Santa Ros\u00e1lia<br><strong>Atividade:<\/strong> As 4 (quatro)turmas ir\u00e3o montar uma parlenda, uma cantiga, um teatro e a constru\u00e7\u00e3o de livro, onde ser\u00e3o postados todas as segundas feiras via Facebook da institui\u00e7\u00e3o.<br><strong>Respons\u00e1vel:<\/strong> Equipe Pedag\u00f3gica<br><strong>P\u00fablico &#8211; Alvo:<\/strong> Alunos, fam\u00edlias e comunidade<br><strong>Acesso:<\/strong>&nbsp;<a rel=\"noreferrer noopener\" href=\"https:\/\/www.facebook.com\/Instituto-Santa-Ros\u00e1lia-105415027473294\/\" target=\"_blank\">https:\/\/www.facebook.com\/Instituto-Santa-Ros\u00e1lia-105415027473294\/<\/a><\/p>\n\n\n\n<div style=\"height:100px\" aria-hidden=\"true\" class=\"wp-block-spacer\"><\/div>\n\n\n\n<p class=\"has-medium-font-size\"><strong>Data\/Hor\u00e1rio:<\/strong> 05\/04, \u00e0s 15h<br><strong>Unidade: <\/strong>Ong Instituto de cidadania Jose Pires<br><strong>Atividade:<\/strong> contando hist\u00f3ria<br><strong>Respons\u00e1vel pelo evento:<\/strong> Patricia Aparecida Ribeiro Cardoso<br><strong>P\u00fablico-Alvo:<\/strong> Educa\u00e7\u00e3o Infantil<br><strong>Acesso:<\/strong> Facebook e Youtube Pedacinho do CEU<\/p>\n\n\n\n<div style=\"height:100px\" aria-hidden=\"true\" class=\"wp-block-spacer\"><\/div>\n\n\n\n<p class=\"has-medium-font-size\"><strong>Data\/Hor\u00e1rio:<\/strong> De 05 a 09\/04, \u00e0s 15h<br><strong>Unidade<\/strong>: Associa\u00e7\u00e3o Cultural e Educacional Jardim Palmira 2<br><strong>Atividade:<\/strong> N\u00f3s da Associa\u00e7\u00e3o Cultural e Educacional Jardim Palmira 2, estaremos realizando nosso evento a partir do dia 05\/04 ao dia 09\/04, nossa equipe de Professoras estar\u00e3o realizando uma sequ\u00eancia de v\u00eddeos com conta\u00e7\u00e3o de hist\u00f3rias utilizando fantoches, objetos, instrumentos musicais, materiais recicl\u00e1veis entre outros.<br><strong>Respons\u00e1vel:<\/strong> Karine Tedeschi<br><strong>P\u00fablico-Alvo:<\/strong> Adultos e crian\u00e7as<br><strong>Acesso:<\/strong> <a href=\"https:\/\/youtu.be\/ww9RZ5EJvoI\" target=\"_blank\" rel=\"noreferrer noopener\">https:\/\/youtu.be\/ww9RZ5EJvoI<\/a><\/p>\n\n\n\n<div style=\"height:100px\" aria-hidden=\"true\" class=\"wp-block-spacer\"><\/div>\n\n\n\n<p class=\"has-medium-font-size\"><strong>Data\/Hor\u00e1rio:<\/strong> 07\/04, \u00e0s 10horas<br><strong>Unidade: <\/strong>N\u00facleo Assistencial An\u00e1lia Franco Unidade II Jd. City<br><strong>Respons\u00e1vel:<\/strong> Daniele Mota dos Santos e Viviane Damasceno<br><strong>Atividade:<\/strong> Hist\u00f3ria e brincadeira cantada: Lagarta Comilona<br><strong>P\u00fablico-Alvo:<\/strong> Crian\u00e7as e adultos<br><strong>Acesso:<\/strong> <a href=\"https:\/\/www.facebook.com\/Casa-Esp\u00edrita-An\u00e1lia-Franco-331570503717374\/\" target=\"_blank\" rel=\"noreferrer noopener\">https:\/\/www.facebook.com\/Casa-Esp%C3%ADrita-An%C3%A1lia-Franco-331570503717374\/<\/a><\/p>\n\n\n\n<div style=\"height:100px\" aria-hidden=\"true\" class=\"wp-block-spacer\"><\/div>\n\n\n\n<p class=\"has-medium-font-size\"><strong>Data \/Hor\u00e1rio:<\/strong> 12\/04, \u00e0s 11h<br><strong>Unidade: <\/strong>IAKAP &#8211; Institui\u00e7\u00e3o Allan Kardec Alice Pereira<br><strong>Atividade:<\/strong> A Professora Angela ir\u00e1 apresentar a Parlenda dos Indiozinhos e a Professora Andreia far\u00e1 um teatro sobre higiene de autoria pr\u00f3pria e a Conta\u00e7\u00e3o de hist\u00f3ria: Bruxa, Bruxa vem a minha festa.<br><strong>Respons\u00e1vel:<\/strong> Lucineide Evangelista de Souza &#8211; Coordenadora Pedag\u00f3gica<br><strong>P\u00fablico-Alvo:<\/strong> Livre<br><strong>Acesso:<\/strong> <a rel=\"noreferrer noopener\" href=\"https:\/\/www.facebook.com\/iakap.edu.3\" target=\"_blank\">https:\/\/www.facebook.com\/iakap.edu.3<\/a><\/p>\n\n\n\n<div style=\"height:100px\" aria-hidden=\"true\" class=\"wp-block-spacer\"><\/div>\n\n\n\n<p class=\"has-medium-font-size\"><strong>Data\/Hor\u00e1rio:<\/strong> 12\/04, \u00e0s 14h<br><strong>Unidade: <\/strong>Associa\u00e7\u00e3o Atl\u00e9tica 100% fam\u00edlia II<br><strong>Atividade:<\/strong><br><strong>Respons\u00e1vel:<\/strong> Renata Luciana Leal<br><strong>P\u00fablico-Alvo:<\/strong> Educa\u00e7\u00e3o infantil<br><strong>Acesso:<\/strong> WhatsApp<\/p>\n\n\n\n<div style=\"height:100px\" aria-hidden=\"true\" class=\"wp-block-spacer\"><\/div>\n\n\n\n<p class=\"has-medium-font-size\"><strong>Data\/Hor\u00e1rio:<\/strong> 12\/04<br><strong>Unidade:&nbsp;<\/strong>Teatro Instituto Santa Ros\u00e1lia<br><strong>Atividade:<\/strong> As 4 (quatro)turmas ir\u00e3o montar uma parlenda, uma cantiga, um teatro e a constru\u00e7\u00e3o de livro, onde ser\u00e3o postados todas as segundas feiras via Facebook da institui\u00e7\u00e3o.<br><strong>Respons\u00e1vel:<\/strong> Equipe Pedag\u00f3gica<br><strong>P\u00fablico-Alvo:<\/strong> Alunos, fam\u00edlias, comunidade<br><strong>Acesso:<\/strong> <a href=\"https:\/\/www.facebook.com\/Instituto-Santa-Ros\u00e1lia-105415027473294\/\" target=\"_blank\" rel=\"noreferrer noopener\">https:\/\/www.facebook.com\/Instituto-Santa-Ros%C3%A1lia-105415027473294\/<\/a><\/p>\n\n\n\n<div style=\"height:100px\" aria-hidden=\"true\" class=\"wp-block-spacer\"><\/div>\n\n\n\n<p class=\"has-medium-font-size\"><strong>Data\/Hor\u00e1rio:<\/strong> 14\/04, \u00e0s 10h<br><strong>Unidade: <\/strong>N\u00facleo Assist\u00eancia An\u00e1lia Franco Unidade II Jd. City<br><strong>Atividade:<\/strong> Afim de expandir os conhecimentos, fomentar a criatividade, imagina\u00e7\u00e3o e com Base na BNCC, propomos a Hist\u00f3ria da Lagarta comilona de uma forma ilustrativa e din\u00e2mica para que os alunos possam interagir sendo protagonista das suas aprendizagens de uma forma l\u00fadica.<br><strong>Respons\u00e1vel:<\/strong> Daniele Mota dos Santos e Viviane Damasceno<br><strong>P\u00fablico-Alvo:<\/strong> Crian\u00e7as e Adultos<br><strong>Acesso: <\/strong><a href=\"https:\/\/www.facebook.com\/Casa-Esp\u00edrita-An\u00e1lia-Franco-331570503717374\/\" target=\"_blank\" rel=\"noreferrer noopener\">https:\/\/www.facebook.com\/Casa-Esp%C3%ADrita-An%C3%A1lia-Franco-331570503717374\/<\/a><\/p>\n\n\n\n<div style=\"height:100px\" aria-hidden=\"true\" class=\"wp-block-spacer\"><\/div>\n\n\n\n<p class=\"has-medium-font-size\"><strong>Data\/Hor\u00e1rio:<\/strong> 16\/04, \u00e0s 15h<br><strong>Unidade: <\/strong>N\u00facleo Assistencial An\u00e1lia Franco III<br><strong>Atividade:<\/strong> Dramatiza\u00e7\u00e3o da hist\u00f3ria &#8220;O menino de todas as cores&#8221;<br><strong>Respons\u00e1vel:<\/strong> Educadoras<br><strong>P\u00fablico-Alvo:<\/strong>&nbsp;Educa\u00e7\u00e3o Infantil<br><strong>Acesso:<\/strong> <a href=\"https:\/\/meet.google.com\/nvv-txsg-qbn\" target=\"_blank\" rel=\"noreferrer noopener\">https:\/\/meet.google.com\/nvv-txsg-qbn<\/a><\/p>\n\n\n\n<div style=\"height:100px\" aria-hidden=\"true\" class=\"wp-block-spacer\"><\/div>\n\n\n\n<p class=\"has-medium-font-size\"><strong>Data\/Hor\u00e1rio:<\/strong> 17\/04, \u00e0s 15h<br><strong>Unidade: <\/strong>Associa\u00e7\u00e3o Cultural Biquinha Cabu\u00e7u<br><strong>Atividade:<\/strong> Aula sobre o poema &#8221; O rel\u00f3gio &#8221; Vinicius de Moraes.&nbsp; Interpretamos o poema cantado por Paulo Soledade e sugerimos que as crian\u00e7as nos enviasse fotos, v\u00eddeos ou \u00e1udios contando o que elas fazem durante o dia, durante a noite e se conhecem o rel\u00f3gio.<br><strong>Respons\u00e1vel:<\/strong> Jessica de Castro e Shirley Pimentel<br><strong>P\u00fablico Alvo:<\/strong> Crian\u00e7as<br><strong>Acesso:<\/strong> <a href=\"https:\/\/youtu.be\/5qitI35nwLw\" target=\"_blank\" rel=\"noreferrer noopener\">https:\/\/youtu.be\/5qitI35nwLw<\/a><\/p>\n\n\n\n<div style=\"height:100px\" aria-hidden=\"true\" class=\"wp-block-spacer\"><\/div>\n\n\n\n<p class=\"has-medium-font-size\"><strong>Data\/Hor\u00e1rio:<\/strong> 19\/04, \u00e0s 11h<br><strong>Unidade: <\/strong>Associa\u00e7\u00e3o SOS Fam\u00edlia S\u00e3o Geraldo<strong>Atividade:<\/strong> Com o intuito de contribuir para a forma\u00e7\u00e3o do imagin\u00e1rio e da criatividade decidimos recitar uma <br>poesia de forma mais l\u00fadica para que desde pequena a crian\u00e7a conhe\u00e7a esse g\u00eanero liter\u00e1rio que tem o poder de transformar as palavras em brinquedos.<br><strong>Respons\u00e1vel:<\/strong> Daniela Rossi Barreto<br><strong>P\u00fablico-Alvo:<\/strong> Crian\u00e7as de 0 a 7 anos<br><strong>Acesso:<\/strong> <a href=\"https:\/\/youtu.be\/p8HDYBVZvLM\" target=\"_blank\" rel=\"noreferrer noopener\">https:\/\/youtu.be\/p8HDYBVZvLM<\/a><\/p>\n\n\n\n<div style=\"height:100px\" aria-hidden=\"true\" class=\"wp-block-spacer\"><\/div>\n\n\n\n<p class=\"has-medium-font-size\"><strong>Data\/Hor\u00e1rio:<\/strong> 19 e 26\/04<br><strong>Unidade: <\/strong>Instituto Santa Ros\u00e1lia<br><strong>Atividade:<\/strong> Constru\u00e7\u00e3o do livro<br><strong>Respons\u00e1vel:<\/strong> Equipe Pedag\u00f3gica<br><strong>P\u00fablico-Alvo:<\/strong> Alunos, fam\u00edlias, comunidade<br><strong>Acesso:<\/strong>&nbsp;<a rel=\"noreferrer noopener\" href=\"https:\/\/www.facebook.com\/Instituto-Santa-Ros\u00e1lia-105415027473294\/\" target=\"_blank\">https:\/\/www.facebook.com\/Instituto-Santa-Ros\u00e1lia-105415027473294\/<\/a><\/p>\n\n\n\n<div style=\"height:100px\" aria-hidden=\"true\" class=\"wp-block-spacer\"><\/div>\n\n\n\n<p class=\"has-medium-font-size\"><strong>Data\/Hor\u00e1rio:<\/strong> 22\/04, \u00e0s 12h<br><strong>Unidade: <\/strong>Instituto Cultural Olhando Por N\u00f3s<br><strong>Atividade:<\/strong> Releitura do Conto Chapeuzinho Vermelho<br>Chapeuzinho Vermelho contra o Corona v\u00edrus. Teatro de fantoches<br><strong>Respons\u00e1vel:<\/strong> Ilma Ferreira de Lima<br><strong>P\u00fablico-Alvo:<\/strong> Educa\u00e7\u00e3o infantil<br><strong>Acesso:<\/strong> <a href=\"https:\/\/web.facebook.com\/Creche-Olhando-Por-N\u00f3s-ICON-104758091554272\/\" target=\"_blank\" rel=\"noreferrer noopener\">https:\/\/web.facebook.com\/Creche-Olhando-Por-N%C3%B3s-ICON-104758091554272\/<\/a><\/p>\n\n\n\n<div style=\"height:100px\" aria-hidden=\"true\" class=\"wp-block-spacer\"><\/div>\n\n\n\n<p class=\"has-medium-font-size\"><strong>Data\/Hor\u00e1rio:<\/strong> 22\/04<br><strong>Unidade: <\/strong>N\u00facleo Assistencial An\u00e1lia Franco unidade I<br><strong>Atividade:<\/strong> &#8220;Meu mascote liter\u00e1rio\u201d, esse mascote ser\u00e1 criado com a confec\u00e7\u00e3o de um brinquedo n\u00e3o estruturados estimulando a criatividade e a imagina\u00e7\u00e3o ao criar hist\u00f3ria utilizando o mascote produzido atrav\u00e9s das crian\u00e7as e com a media\u00e7\u00e3o de um adulto.<br><strong>Respons\u00e1vel:<\/strong> Matilde dos Santos Borba<br><strong>P\u00fablico-Alvo:<\/strong> N\u00facleo Assistencial An\u00e1lia Franco<br><strong>Acesso:<\/strong><a href=\"https:\/\/www.facebook.com\/Casa-Esp\u00edrita-An\u00e1lia-Franco-331570503717374\" target=\"_blank\" rel=\"noreferrer noopener\">https:\/\/www.facebook.com\/Casa-Esp%C3%ADrita-An%C3%A1lia-Franco-331570503717374<\/a><\/p>\n","protected":false},"excerpt":{"rendered":"<p>Data\/Hor\u00e1rio: 05\/04Unidade Instituto Santa Ros\u00e1liaAtividade: As 4 (quatro)turmas ir\u00e3o montar uma parlenda, uma cantiga, um teatro e a constru\u00e7\u00e3o de livro, onde ser\u00e3o postados todas as segundas feiras via Facebook [&hellip;]<\/p>\n","protected":false},"author":1,"featured_media":0,"parent":0,"menu_order":0,"comment_status":"closed","ping_status":"closed","template":"","meta":{"_monsterinsights_skip_tracking":false,"_monsterinsights_sitenote_active":false,"_monsterinsights_sitenote_note":"","_monsterinsights_sitenote_category":0,"_expiration-date-status":"","_expiration-date":0,"_expiration-date-type":"","_expiration-date-categories":[],"_expiration-date-options":[]},"categories":[],"tags":[],"yoast_head":"<!-- This site is optimized with the Yoast SEO plugin v19.7.1 - https:\/\/yoast.com\/wordpress\/plugins\/seo\/ -->\r\n<title>INSTITUI\u00c7\u00d5ES PARCEIRAS - Abril Liter\u00e1rio Virtual 2021 - Literalmente Isso...<\/title>\r\n<meta name=\"robots\" content=\"index, follow, max-snippet:-1, max-image-preview:large, max-video-preview:-1\" \/>\r\n<link rel=\"canonical\" href=\"https:\/\/portaleducacao.guarulhos.sp.gov.br\/wp_site\/abrilliterario2021\/instituicoes-parceiras\/\" \/>\r\n<meta property=\"og:locale\" content=\"pt_BR\" \/>\r\n<meta property=\"og:type\" content=\"article\" \/>\r\n<meta property=\"og:title\" content=\"INSTITUI\u00c7\u00d5ES PARCEIRAS - Abril Liter\u00e1rio Virtual 2021 - Literalmente Isso...\" \/>\r\n<meta property=\"og:description\" content=\"Data\/Hor\u00e1rio: 05\/04Unidade Instituto Santa Ros\u00e1liaAtividade: As 4 (quatro)turmas ir\u00e3o montar uma parlenda, uma cantiga, um teatro e a constru\u00e7\u00e3o de livro, onde ser\u00e3o postados todas as segundas feiras via Facebook [&hellip;]\" \/>\r\n<meta property=\"og:url\" content=\"https:\/\/portaleducacao.guarulhos.sp.gov.br\/wp_site\/abrilliterario2021\/instituicoes-parceiras\/\" \/>\r\n<meta property=\"og:site_name\" content=\"Abril Liter\u00e1rio Virtual 2021 - Literalmente Isso...\" \/>\r\n<meta property=\"article:modified_time\" content=\"2021-04-01T22:10:31+00:00\" \/>\r\n<meta name=\"twitter:card\" content=\"summary_large_image\" \/>\r\n<meta name=\"twitter:label1\" content=\"Est. tempo de leitura\" \/>\n\t<meta name=\"twitter:data1\" content=\"4 minutos\" \/>\r\n<script type=\"application\/ld+json\" class=\"yoast-schema-graph\">{\"@context\":\"https:\/\/schema.org\",\"@graph\":[{\"@type\":\"WebPage\",\"@id\":\"https:\/\/portaleducacao.guarulhos.sp.gov.br\/wp_site\/abrilliterario2021\/instituicoes-parceiras\/\",\"url\":\"https:\/\/portaleducacao.guarulhos.sp.gov.br\/wp_site\/abrilliterario2021\/instituicoes-parceiras\/\",\"name\":\"INSTITUI\u00c7\u00d5ES PARCEIRAS - Abril Liter\u00e1rio Virtual 2021 - Literalmente Isso...\",\"isPartOf\":{\"@id\":\"https:\/\/portaleducacao.guarulhos.sp.gov.br\/wp_site\/abrilliterario2021\/#website\"},\"datePublished\":\"2021-04-01T22:03:40+00:00\",\"dateModified\":\"2021-04-01T22:10:31+00:00\",\"breadcrumb\":{\"@id\":\"https:\/\/portaleducacao.guarulhos.sp.gov.br\/wp_site\/abrilliterario2021\/instituicoes-parceiras\/#breadcrumb\"},\"inLanguage\":\"pt-BR\",\"potentialAction\":[{\"@type\":\"ReadAction\",\"target\":[\"https:\/\/portaleducacao.guarulhos.sp.gov.br\/wp_site\/abrilliterario2021\/instituicoes-parceiras\/\"]}]},{\"@type\":\"BreadcrumbList\",\"@id\":\"https:\/\/portaleducacao.guarulhos.sp.gov.br\/wp_site\/abrilliterario2021\/instituicoes-parceiras\/#breadcrumb\",\"itemListElement\":[{\"@type\":\"ListItem\",\"position\":1,\"name\":\"In\u00edcio\",\"item\":\"https:\/\/portaleducacao.guarulhos.sp.gov.br\/wp_site\/abrilliterario2021\/\"},{\"@type\":\"ListItem\",\"position\":2,\"name\":\"INSTITUI\u00c7\u00d5ES PARCEIRAS\"}]},{\"@type\":\"WebSite\",\"@id\":\"https:\/\/portaleducacao.guarulhos.sp.gov.br\/wp_site\/abrilliterario2021\/#website\",\"url\":\"https:\/\/portaleducacao.guarulhos.sp.gov.br\/wp_site\/abrilliterario2021\/\",\"name\":\"Abril Liter\u00e1rio Virtual 2021 - Literalmente Isso...\",\"description\":\"Secretaria Municipal de Educa\u00e7\u00e3o de Guarulhos\",\"potentialAction\":[{\"@type\":\"SearchAction\",\"target\":{\"@type\":\"EntryPoint\",\"urlTemplate\":\"https:\/\/portaleducacao.guarulhos.sp.gov.br\/wp_site\/abrilliterario2021\/?s={search_term_string}\"},\"query-input\":\"required name=search_term_string\"}],\"inLanguage\":\"pt-BR\"}]}<\/script>\r\n<!-- \/ Yoast SEO plugin. -->","yoast_head_json":{"title":"INSTITUI\u00c7\u00d5ES PARCEIRAS - Abril Liter\u00e1rio Virtual 2021 - Literalmente Isso...","robots":{"index":"index","follow":"follow","max-snippet":"max-snippet:-1","max-image-preview":"max-image-preview:large","max-video-preview":"max-video-preview:-1"},"canonical":"https:\/\/portaleducacao.guarulhos.sp.gov.br\/wp_site\/abrilliterario2021\/instituicoes-parceiras\/","og_locale":"pt_BR","og_type":"article","og_title":"INSTITUI\u00c7\u00d5ES PARCEIRAS - Abril Liter\u00e1rio Virtual 2021 - Literalmente Isso...","og_description":"Data\/Hor\u00e1rio: 05\/04Unidade Instituto Santa Ros\u00e1liaAtividade: As 4 (quatro)turmas ir\u00e3o montar uma parlenda, uma cantiga, um teatro e a constru\u00e7\u00e3o de livro, onde ser\u00e3o postados todas as segundas feiras via Facebook [&hellip;]","og_url":"https:\/\/portaleducacao.guarulhos.sp.gov.br\/wp_site\/abrilliterario2021\/instituicoes-parceiras\/","og_site_name":"Abril Liter\u00e1rio Virtual 2021 - Literalmente Isso...","article_modified_time":"2021-04-01T22:10:31+00:00","twitter_card":"summary_large_image","twitter_misc":{"Est. tempo de leitura":"4 minutos"},"schema":{"@context":"https:\/\/schema.org","@graph":[{"@type":"WebPage","@id":"https:\/\/portaleducacao.guarulhos.sp.gov.br\/wp_site\/abrilliterario2021\/instituicoes-parceiras\/","url":"https:\/\/portaleducacao.guarulhos.sp.gov.br\/wp_site\/abrilliterario2021\/instituicoes-parceiras\/","name":"INSTITUI\u00c7\u00d5ES PARCEIRAS - Abril Liter\u00e1rio Virtual 2021 - Literalmente Isso...","isPartOf":{"@id":"https:\/\/portaleducacao.guarulhos.sp.gov.br\/wp_site\/abrilliterario2021\/#website"},"datePublished":"2021-04-01T22:03:40+00:00","dateModified":"2021-04-01T22:10:31+00:00","breadcrumb":{"@id":"https:\/\/portaleducacao.guarulhos.sp.gov.br\/wp_site\/abrilliterario2021\/instituicoes-parceiras\/#breadcrumb"},"inLanguage":"pt-BR","potentialAction":[{"@type":"ReadAction","target":["https:\/\/portaleducacao.guarulhos.sp.gov.br\/wp_site\/abrilliterario2021\/instituicoes-parceiras\/"]}]},{"@type":"BreadcrumbList","@id":"https:\/\/portaleducacao.guarulhos.sp.gov.br\/wp_site\/abrilliterario2021\/instituicoes-parceiras\/#breadcrumb","itemListElement":[{"@type":"ListItem","position":1,"name":"In\u00edcio","item":"https:\/\/portaleducacao.guarulhos.sp.gov.br\/wp_site\/abrilliterario2021\/"},{"@type":"ListItem","position":2,"name":"INSTITUI\u00c7\u00d5ES PARCEIRAS"}]},{"@type":"WebSite","@id":"https:\/\/portaleducacao.guarulhos.sp.gov.br\/wp_site\/abrilliterario2021\/#website","url":"https:\/\/portaleducacao.guarulhos.sp.gov.br\/wp_site\/abrilliterario2021\/","name":"Abril Liter\u00e1rio Virtual 2021 - Literalmente Isso...","description":"Secretaria Municipal de Educa\u00e7\u00e3o de Guarulhos","potentialAction":[{"@type":"SearchAction","target":{"@type":"EntryPoint","urlTemplate":"https:\/\/portaleducacao.guarulhos.sp.gov.br\/wp_site\/abrilliterario2021\/?s={search_term_string}"},"query-input":"required name=search_term_string"}],"inLanguage":"pt-BR"}]}},"_links":{"self":[{"href":"https:\/\/portaleducacao.guarulhos.sp.gov.br\/wp_site\/abrilliterario2021\/wp-json\/wp\/v2\/pages\/194"}],"collection":[{"href":"https:\/\/portaleducacao.guarulhos.sp.gov.br\/wp_site\/abrilliterario2021\/wp-json\/wp\/v2\/pages"}],"about":[{"href":"https:\/\/portaleducacao.guarulhos.sp.gov.br\/wp_site\/abrilliterario2021\/wp-json\/wp\/v2\/types\/page"}],"author":[{"embeddable":true,"href":"https:\/\/portaleducacao.guarulhos.sp.gov.br\/wp_site\/abrilliterario2021\/wp-json\/wp\/v2\/users\/1"}],"replies":[{"embeddable":true,"href":"https:\/\/portaleducacao.guarulhos.sp.gov.br\/wp_site\/abrilliterario2021\/wp-json\/wp\/v2\/comments?post=194"}],"version-history":[{"count":4,"href":"https:\/\/portaleducacao.guarulhos.sp.gov.br\/wp_site\/abrilliterario2021\/wp-json\/wp\/v2\/pages\/194\/revisions"}],"predecessor-version":[{"id":200,"href":"https:\/\/portaleducacao.guarulhos.sp.gov.br\/wp_site\/abrilliterario2021\/wp-json\/wp\/v2\/pages\/194\/revisions\/200"}],"wp:attachment":[{"href":"https:\/\/portaleducacao.guarulhos.sp.gov.br\/wp_site\/abrilliterario2021\/wp-json\/wp\/v2\/media?parent=194"}],"wp:term":[{"taxonomy":"category","embeddable":true,"href":"https:\/\/portaleducacao.guarulhos.sp.gov.br\/wp_site\/abrilliterario2021\/wp-json\/wp\/v2\/categories?post=194"},{"taxonomy":"post_tag","embeddable":true,"href":"https:\/\/portaleducacao.guarulhos.sp.gov.br\/wp_site\/abrilliterario2021\/wp-json\/wp\/v2\/tags?post=194"}],"curies":[{"name":"wp","href":"https:\/\/api.w.org\/{rel}","templated":true}]}}