{"id":54,"date":"2021-03-24T10:16:45","date_gmt":"2021-03-24T13:16:45","guid":{"rendered":"http:\/\/portaleducacao.guarulhos.sp.gov.br\/wp_site\/abrilliterario\/?page_id=54"},"modified":"2021-04-15T15:22:21","modified_gmt":"2021-04-15T18:22:21","slug":"epgs-e-instituicoes-parceiras","status":"publish","type":"page","link":"https:\/\/portaleducacao.guarulhos.sp.gov.br\/wp_site\/abrilliterario2021\/epgs-e-instituicoes-parceiras\/","title":{"rendered":"ESCOLAS DA PREFEITURA"},"content":{"rendered":"\n<p class=\"has-medium-font-size\"><strong>Data\/Hor\u00e1rio: <\/strong>De 01 a 30\/04<br><strong>Unidade: <\/strong>EPG Benedito Vicente de Oliveira<br><strong>Atividade:<\/strong> V\u00eddeo para enviar para os alunos como sugest\u00e3o, porque o projeto da escola \u00e9 ler e encenar.<br><strong>Respons\u00e1vel:<\/strong> Mar\u00edlia Ribeiro<br><strong>P\u00fablico-alvo: <\/strong>Meus alunos<br><strong>Acesso:<\/strong> Canal Pr\u00f4 Mar\u00edlia e filhos: <a rel=\"noreferrer noopener\" href=\"https:\/\/youtu.be\/fkYiccWNnFo\" target=\"_blank\">https:\/\/youtu.be\/fkYiccWNnFo<\/a><\/p>\n\n\n\n<div style=\"height:100px\" aria-hidden=\"true\" class=\"wp-block-spacer\"><\/div>\n\n\n\n<p class=\"has-medium-font-size\"><strong>Data\/Hor\u00e1rio:<\/strong> De 01 a 30\/04<br><strong>Unidade: <\/strong>EPG Dorcelina de Oliveira Folador<br><strong>Atividade:<\/strong> A equipe da EPG Dorcelina de Oliveira Folador, com intuito de incentivar e promover o acesso dos nossos educandos aos diferentes g\u00eaneros da literatura, deseja participar do Abril Liter\u00e1rio Virtual\/2021 &#8211; &#8220;Literalmente Isso\u201d. A nossa proposta est\u00e1 ancorada na cria\u00e7\u00e3o de um ambiente virtual, o site <a rel=\"noreferrer noopener\" href=\"https:\/\/sites.google.com\/view\/epg-dorcelina-de-oliveira-fola\/in%C3%ADcio\" target=\"_blank\">https:\/\/sites.google.com\/view\/epg-dorcelina-de-oliveira-fola\/in%C3%ADcio<\/a> onde ser\u00e3o divulgadas leituras de diferentes livros realizadas pela nossa comunidade escolar, a partir de recursos auditivos e visuais. Os materiais criados ser\u00e3o organizados no site, de modo que os educandos e a sua fam\u00edlia possam acessar e escolher a hist\u00f3ria que julgar mais interessante ouvir.<br><strong>Respons\u00e1vel:<\/strong> \u00c9lio Dias Oliveira, Fernanda Gon\u00e7alves Da Silva, Lidiane Chaves Zeferino, Regiane Gon\u00e7alves Toledo De Abreu, Rita De C\u00e1ssia Arruda Galdino<br><strong>P\u00fablico-alvo:<\/strong> Alunos do Ensino Fundamental e EJA<br><strong>Acesso: <\/strong><a rel=\"noreferrer noopener\" href=\"https:\/\/sites.google.com\/view\/epg-dorcelina-de-oliveira-fola\/in%C3%ADcio\" target=\"_blank\">https:\/\/sites.google.com\/view\/epg-dorcelina-de-oliveira-fola\/in%C3%ADcio<\/a><\/p>\n\n\n\n<div style=\"height:100px\" aria-hidden=\"true\" class=\"wp-block-spacer\"><\/div>\n\n\n\n<p class=\"has-medium-font-size\"><strong>Data\/Hor\u00e1rio:<\/strong> De 01 a 30\/04<br><strong>Unidade:<\/strong>&nbsp; EPG Eug\u00eanio Celeste Filho<br><strong>Atividade:<\/strong> Vou fazer uma releitura desse livro com os alunos. Cada um vai desenhar, escrever cada p\u00e1gina e gravar \u00e1udios da leitura. Vou montar um v\u00eddeo com os desenhos, escritas e \u00e1udios da obra. Para finalizar, vou fazer uma festa do pijama online com os alunos. Usar\u00e3o pijama neste dia e assistiremos um filme pelo Microsoft Teams. No final dessa hist\u00f3ria, a VIVIANA (personagem) presenteia quem est\u00e1 com o pijama mais divertido. Vou enviar uma carta com uma lembrancinha para todos os alunos.&#8221;<br><strong>Respons\u00e1vel:<\/strong> Professora Monique Frassi<br><strong>P\u00fablico-alvo:<\/strong> 3\u00b0 ano do Ensino M\u00e9dio<br><strong>Acesso:<\/strong> Microsoft Teams<\/p>\n\n\n\n<div style=\"height:100px\" aria-hidden=\"true\" class=\"wp-block-spacer\"><\/div>\n\n\n\n<p class=\"has-medium-font-size\"><strong>Data\/Hor\u00e1rio:<\/strong> De 01 a 30\/04<br><strong>Unidade: <\/strong>EPG In\u00eaz Rizzatto Rodrigues<br><strong>Atividade:<\/strong> Enviar livros em PDF para fam\u00edlia ler com alunos e relatar atrav\u00e9s de desenho, v\u00eddeo ou \u00e1udio o que mais gostou na leitura.<br><strong>Respons\u00e1vel:<\/strong> Andr\u00e9ia Aparecida de Pontes Silva<br><strong>P\u00fablico-alvo:<\/strong> 1\u00b0 ano<br><strong>Acesso:<\/strong> WhatsApp<\/p>\n\n\n\n<div style=\"height:100px\" aria-hidden=\"true\" class=\"wp-block-spacer\"><\/div>\n\n\n\n<p class=\"has-medium-font-size\"><strong>Data\/Hor\u00e1rio:<\/strong> de 01 a 30\/04<br><strong>Unidade: <\/strong>EPG Faustino Ramalho<br><strong>Atividade:<\/strong> Conta\u00e7\u00e3o de hist\u00f3ria: A Dona Galinha<br><strong>Respons\u00e1vel:<\/strong> Eliana Batista Ramos<br><strong>P\u00fablico-alvo:<\/strong> Educadores e Educandos de Creche\/Ed. Infantil<br><strong>Acesso: <\/strong><a rel=\"noreferrer noopener\" href=\"https:\/\/youtu.be\/8ihvnNafuLs\" target=\"_blank\">https:\/\/youtu.be\/8ihvnNafuLs<\/a> \/ <a rel=\"noreferrer noopener\" href=\"https:\/\/photos.app.goo.gl\/EAoRpUyZp1MPJQfW6\" target=\"_blank\">https:\/\/photos.app.goo.gl\/EAoRpUyZp1MPJQfW6<\/a> e <a rel=\"noreferrer noopener\" href=\"https:\/\/youtu.be\/7VA2kXMpfpw\" target=\"_blank\">https:\/\/youtu.be\/7VA2kXMpfpw<\/a><\/p>\n\n\n\n<div style=\"height:100px\" aria-hidden=\"true\" class=\"wp-block-spacer\"><\/div>\n\n\n\n<p class=\"has-medium-font-size\"><strong>Data\/Hor\u00e1rio:<\/strong> De 01 a 30\/04 (em hor\u00e1rio de aula)<br><strong>Unidade: <\/strong>EPG Luiza do Nascimento Otero<br><strong>Atividade:<\/strong> A equipe planejou para o m\u00eas conta\u00e7\u00e3o de hist\u00f3rias com propostas relacionadas a hist\u00f3ria; in\u00edcio da ciranda do livro, disponibilizando livro em PDF \u00e0s sextas, para leitura em fam\u00edlia e uma conta\u00e7\u00e3o de hist\u00f3ria ao vivo, com chamada pelo Google Meet.<br><strong>Respons\u00e1vel:<\/strong> Carmen L\u00facia Gatas Silva<br><strong>P\u00fablico-alvo:<\/strong> Alunos do maternal e pais e\/ou respons\u00e1veis<br><strong>Acesso:<\/strong> WhatsApp, Facebook e Google Meet<\/p>\n\n\n\n<div style=\"height:100px\" aria-hidden=\"true\" class=\"wp-block-spacer\"><\/div>\n\n\n\n<p class=\"has-medium-font-size\"><strong>Data\/Hor\u00e1rio: <\/strong>De 01 a 30\/04<br><strong>Unidade: <\/strong>EPG M\u00e1rio Quintana<br><strong>Atividade:<\/strong> Conta\u00e7\u00e3o de hist\u00f3ria V\u00eddeos gravados de reconto e leitura dos educandos<br><strong>Respons\u00e1vel:<\/strong> Indiana, Karla, Simara, Ana Cylmara e Luzineia Pedroso<br><strong>P\u00fablico-alvo:<\/strong> Educa\u00e7\u00e3o Infantil e Ensino Fundamental<br><strong>Acesso:<\/strong> <a href=\"https:\/\/youtu.be\/Fn5w758QxP0\" target=\"_blank\" rel=\"noreferrer noopener\">https:\/\/youtu.be\/Fn5w758QxP0<\/a><br><a href=\"https:\/\/imgur.com\/bTAX3b0\">https:\/\/imgur.com\/bTAX3b0<\/a><br><a href=\"https:\/\/imgur.com\/rILFeVo\">https:\/\/imgur.com\/rILFeVo<\/a><br><a href=\"https:\/\/imgur.com\/T3hyLWq\">https:\/\/imgur.com\/T3hyLWq<\/a><br><a href=\"https:\/\/imgur.com\/X695XPZ\">https:\/\/imgur.com\/X695XPZ<\/a><br><a href=\"https:\/\/imgur.com\/qcGqWhI\">https:\/\/imgur.com\/qcGqWhI<\/a><br><a href=\"https:\/\/imgur.com\/u06ShB7\">https:\/\/imgur.com\/u06ShB7<\/a><br><a href=\"https:\/\/imgur.com\/v2wog3K\" target=\"_blank\" rel=\"noreferrer noopener\">https:\/\/imgur.com\/v2wog3K<\/a><\/p>\n\n\n\n<div style=\"height:100px\" aria-hidden=\"true\" class=\"wp-block-spacer\"><\/div>\n\n\n\n<p class=\"has-medium-font-size\"><strong>Data\/Hor\u00e1rio:<\/strong> De 01 a 30\/04<br><strong>Unidade:<\/strong> EPG Manoel Bomfim<br><strong>Atividade:<\/strong> A crian\u00e7a que queria ser um super-her\u00f3i<br><strong>Respons\u00e1vel:<\/strong> Supermalva<br><strong>P\u00fablico-alvo:<\/strong> Livre<br><strong>Acesso:<\/strong> <a rel=\"noreferrer noopener\" href=\"https:\/\/www.youtube.com\/watch?v=HM_9M7SbGI0\" target=\"_blank\">https:\/\/www.youtube.com\/watch?v=HM_9M7SbGI0<\/a><\/p>\n\n\n\n<div style=\"height:100px\" aria-hidden=\"true\" class=\"wp-block-spacer\"><\/div>\n\n\n\n<p class=\"has-medium-font-size\"><strong>Data\/Hor\u00e1rio: <\/strong>De 01 a 30\/04<br><strong>Unidade: <\/strong>EPG Proc\u00f3pio Ferreira<br><strong>Atividade:<\/strong> Conta\u00e7\u00e3o de hist\u00f3ria<br><strong>Respons\u00e1vel:<\/strong> Simone Dultra Cordeiro Dantas<br><strong>P\u00fablico-alvo:<\/strong> Educa\u00e7\u00e3o Infantil<br><strong>Acesso:<\/strong> <a rel=\"noreferrer noopener\" href=\"https:\/\/youtu.be\/qCW01-0UNpg\" target=\"_blank\">https:\/\/youtu.be\/qCW01-0UNpg<\/a> e <a rel=\"noreferrer noopener\" href=\"https:\/\/youtu.be\/Ypjaj0t4VBQ\" target=\"_blank\">https:\/\/youtu.be\/Ypjaj0t4VBQ<\/a><\/p>\n\n\n\n<div style=\"height:100px\" aria-hidden=\"true\" class=\"wp-block-spacer\"><\/div>\n\n\n\n<p class=\"has-medium-font-size\"><strong>Data\/Hor\u00e1rio:<\/strong> De 01 a 30\/04<br><strong>Unidade: EPG<\/strong>. Zelia Gattai<br><strong>Respons\u00e1vel:<\/strong> Turma da creche (Prof. Rosa dos S. Oliveira)<br><strong>Atividade:<\/strong> Grava\u00e7\u00e3o de conta\u00e7\u00e3o de hist\u00f3rias, v\u00e1rios v\u00eddeos para enviar nos grupos das fam\u00edlias uma a\u00e7\u00e3o de levar a conta\u00e7\u00e3o de hist\u00f3rias at\u00e9 a crian\u00e7a nesse momento de isolamento. Na verdade o grupo vai combinar um hor\u00e1rio pra postar todas juntas na semana de leitura.<br><strong>P\u00fablico-alvo:<\/strong> Ber\u00e7\u00e1rios I e II e Maternal<br><strong>Acesso:<\/strong> Grupo da escola e nos grupos das turmas<\/p>\n\n\n\n<div style=\"height:100px\" aria-hidden=\"true\" class=\"wp-block-spacer\"><\/div>\n\n\n\n<p class=\"has-medium-font-size\"><strong>Data\/Hor\u00e1rio:<\/strong> De 01 a 30\/04<br><strong>Unidade: <\/strong>EPG Z\u00e9lia Gattai<br><strong>Atividade:<\/strong> Conta\u00e7\u00e3o de hist\u00f3ria do livro infantil &#8220;Quero colo&#8221;, de Estela Barbieri e Fernando Vilela, com intera\u00e7\u00e3o atrav\u00e9s de fotos. Eu gosto muito de colo, e voc\u00ea? J\u00e1 deu colo hoje? J\u00e1 recebeu?&#8221;<br><strong>Respons\u00e1vel: <\/strong>&nbsp;Marina Lopes Canobre<br><strong>P\u00fablico-alvo:<\/strong> Educadores De Educa\u00e7\u00e3o Infantil E 1 Anos Do Ensino Fundamental.<br><strong>Acesso: <\/strong><a rel=\"noreferrer noopener\" href=\"https:\/\/youtu.be\/KrPAgQ01vHg\" target=\"_blank\">https:\/\/youtu.be\/KrPAgQ01vHg<\/a><\/p>\n\n\n\n<div style=\"height:100px\" aria-hidden=\"true\" class=\"wp-block-spacer\"><\/div>\n\n\n\n<p class=\"has-medium-font-size\"><strong>Data\/Hor\u00e1rio:<\/strong> De 01 a 30\/04 (no hor\u00e1rio de aula de cada turma)<br><strong>Unidade: EPG<\/strong> Tizuko Sakamoto<br><strong>Atividade:<\/strong> Ser\u00e3o encaminhas quatro hist\u00f3rias impressas, uma por semana. Teremos atividades em conson\u00e2ncia com as hist\u00f3rias que ser\u00e3o encaminhadas via WhatsApp.<br>1: A casa sonolenta &#8211; Atividade: Fazer a Releitura da hist\u00f3ria montando A Cabana Sonolenta onde as crian\u00e7as poder\u00e3o escolher quais personagens colocar\u00e3o dentro da cabana. Os pais poder\u00e3o optar em ap\u00f3s ler a hist\u00f3ria para o filho pedir que eles escolham 1 personagem e desenhe.<br>2: A cesta de Dona Maricota &#8211;&nbsp; Atividade: Fazer uma receita saud\u00e1vel junto com a fam\u00edlia com os ingredientes que tiver em casa.<br>3: Bom dia todas as cores &#8211; Atividade com garrafa pet, \u00e1gua e tinta (para saber a revela\u00e7\u00e3o da cor \u00e9 necess\u00e1rio balan\u00e7ar a garrafa). A galinha ruiva &#8211; Atividade: Receita de um Bolo simples junto com a fam\u00edlia.&#8221;<br><strong>Respons\u00e1vel:<\/strong> Patricia Cavalcanti Araujo da Silva<br><strong>P\u00fablico-alvo:<\/strong> Fam\u00edlias e alunos de 0 a 3 anos&nbsp;<br><strong>Acesso:<\/strong> WhatsApp da escola<\/p>\n\n\n\n<div style=\"height:100px\" aria-hidden=\"true\" class=\"wp-block-spacer\"><\/div>\n\n\n\n<p class=\"has-medium-font-size\"><strong>Data\/Hor\u00e1rio:<\/strong> De 01 a 30\/04 (no hor\u00e1rio de aula de cada turma)<br><strong>Unidade: <\/strong>EPG Vereador Carlos Franchin<br><strong>Atividade:<\/strong> Os professores ir\u00e3o gravar v\u00eddeos de hist\u00f3rias sendo contadas pelos pais e pelos alunos.<br><strong>Respons\u00e1vel:<\/strong> Eunice da Silva Rodrigues<br><strong>P\u00fablico-alvo:<\/strong> Alunos da Educa\u00e7\u00e3o Infantil e do Ensino Fundamental<br><strong>Acesso:<\/strong> O v\u00eddeos ser\u00e3o divulgados na p\u00e1gina da escola e nos grupos de WhatsApp e divulgado na p\u00e1gina do Facebook da escola.<\/p>\n\n\n\n<div style=\"height:100px\" aria-hidden=\"true\" class=\"wp-block-spacer\"><\/div>\n\n\n\n<p class=\"has-medium-font-size\"><strong>Data\/Hor\u00e1rio: <\/strong>de 01 a 30\/04<br><strong>Unidade: <\/strong>EPG Professora Silvia de C\u00e1ssia Matias<br><strong>Atividade:<\/strong> A EPG Professora Silvia de Cassia Matias, vem desde 2016 desenvolvendo o Projeto Eu no Mundo, que tem entre seus objetivos o Protagonismo e Afetividade, e destacam-se a\u00e7\u00f5es que levem o sentido de pertencimento e que cada aluno reconhe\u00e7a-se como protagonista de sua pr\u00f3pria hist\u00f3ria. Neste momento que estamos vivendo, a busca pela afetividade e pertencimento est\u00e1 acontecendo de forma virtual e para tanto os professores da escola, n\u00e3o medem esfor\u00e7os em buscar estrat\u00e9gias que os aproximem cada dia mais dos alunos e dos seus familiares. Em 2020, fizemos a semana da Crian\u00e7a e o Dia da Fam\u00edlia na Escola virtualmente, em v\u00eddeos gravados com oficinas e em uma live aonde tivemos v\u00e1rias atividades, buscando a intera\u00e7\u00e3o com os nossos alunos e, com base neste trabalho que foi um sucesso, queremos fazer parte do \u201cAbril Liter\u00e1rio\u201d, com a conta\u00e7\u00e3o de algumas hist\u00f3rias, que ter\u00e3o os professores e a participa\u00e7\u00e3o especial da nossa Marilika, personagem de uma professora que nasceu dentro da nossa escola. Teremos a conta\u00e7\u00e3o das seguintes hist\u00f3rias: Bom dia todas as cores &#8211; Ruth Rocha (Professora Ellen); Deixei o Pum escapar &#8211; Blandina Franco e Jos\u00e9 Carlos Lollo (Marilika e Professor Douglas); Livro Clap &#8211; Madalena Matoso (Professora Juliana).<br><strong>Respons\u00e1vel:<\/strong> Aline Cristina Braz Pessoa \/ Douglas Oliveira de Paula \/ Ellen Christina Gon\u00e7alves Santos \/ Juliana Games Ferreira Margarito \/ Marisa Maria de Lima \/ Patr\u00edcia de C\u00e1ssia Da Silva Belotti Lacerda<br><strong>P\u00fablico-alvo:<\/strong> Crian\u00e7as e adultos &#8211; comunidade escolar<br><strong>Acesso:<\/strong> Canal do YouTube da escola: <a rel=\"noreferrer noopener\" href=\"https:\/\/youtube.com\/channel\/UCkMNHR7zl9GhgCZ7QRMlp_g&quot;\" target=\"_blank\">https:\/\/youtube.com\/channel\/UCkMNHR7zl9GhgCZ7QRMlp_g&#8221;<\/a> e na p\u00e1gina do Facebook da escola: <a rel=\"noreferrer noopener\" href=\"https:\/\/www.facebook.com\/Oficialsilviadecassiamatias-113845923638643\/\" target=\"_blank\">https:\/\/www.facebook.com\/Oficialsilviadecassiamatias-113845923638643\/<\/a><\/p>\n\n\n\n<div style=\"height:100px\" aria-hidden=\"true\" class=\"wp-block-spacer\"><\/div>\n\n\n\n<p class=\"has-medium-font-size\"><strong>Data\/Hor\u00e1rio:<\/strong> De 01 a 30\/04<br><strong>Unidade: <\/strong>EPG Jo\u00e3o Guimar\u00e3es Rosa<br><strong>Atividade:<\/strong> &#8220;As professoras produziram v\u00eddeos e continuam criando grava\u00e7\u00f5es com conta\u00e7\u00e3o de hist\u00f3rias, utilizando diferentes recursos como: fantoches, objetos n\u00e3o estruturados, fantasias, dentre outros. Durante todo o De 01 a 30\/04, nos encontros virtuais entre alunos e professoras que utilizam de plataformas (Messenger e Google Meet) os professores contar\u00e3o diversas hist\u00f3rias aos educandos. Estes v\u00eddeos ser\u00e3o tamb\u00e9m disponibilizados nos grupos das classes, formando um rod\u00edzio de conta\u00e7\u00e3o de hist\u00f3rias. Ao final do rod\u00edzio de conta\u00e7\u00e3o de hist\u00f3rias, a crian\u00e7a escolher\u00e1 o conto, personagem ou trecho da hist\u00f3ria que mais gostou e ser\u00e1 solicitado para que junto ou com a ajuda da fam\u00edlia fa\u00e7a a representa\u00e7\u00e3o utilizando materiais diferentes e n\u00e3o estruturados, dentre outras maneiras de releitura que as educadores interagir\u00e3o com as crian\u00e7as. Postaremos 2 (duas) vezes por semana v\u00eddeos de professores contando hist\u00f3rias para todos os alunos no Facebook da Unidade Escolar.<br><strong>Respons\u00e1vel:<\/strong> Bete Rodas<br>Descri\u00e7\u00e3o de alguns v\u00eddeos:<\/p>\n\n\n\n<p class=\"has-medium-font-size\"><strong>Jacar\u00e9 na Lagoa<br><\/strong>No atual cen\u00e1rio de pandemia, precisamos incentivar as crian\u00e7as a h\u00e1bitos de higiene que previnam o cont\u00e1gio com o coronav\u00edrus. Para isso, no decorrer do projeto higiene, fizemos este v\u00eddeo, uma hist\u00f3ria cantada, uma releitura da m\u00fasica \u201cJacar\u00e9 na lagoa\u201d para incentivar as crian\u00e7as a utilizarem a m\u00e1scara e lavarem as m\u00e3os de forma l\u00fadica e chamativa.<br>Professora Cl\u00e1udia Rocha<\/p>\n\n\n\n<p class=\"has-medium-font-size\"><strong>O reino das borboletas brancas<br><\/strong>Crian\u00e7as s\u00e3o naturalmente curiosas, aprendem com experi\u00eancias e ludicidade. Para trabalhar com os bichinhos e jardim e introduzir as cores de forma m\u00e1gica, fizemos este v\u00eddeo. Uma releitura da hist\u00f3ria \u201cO reino das borboletas brancas\u201d de Marli Assun\u00e7\u00e3o Gomes Pereira. Para a m\u00e1gica acontecer, utilizamos garrafinhas pets e um pouco de tinta guache.<br>Professora Cl\u00e1udia Rocha<\/p>\n\n\n\n<p class=\"has-medium-font-size\"><strong>A velhinha que dava nome \u00e0s coisas<br><\/strong>Autora: Cynthia Rylant<br>Esta hist\u00f3ria toca no tema solid\u00e3o, do envelhecimento e da rela\u00e7\u00e3o com os animais. Muitas crian\u00e7as ficaram longe dos seus av\u00f3s devido a pandemia, e esta hist\u00f3ria al\u00e9m de ser linda demais, traz muita sensibilidade, al\u00e9m de ser doce e delicada. Realmente especial, para se trabalhar este assunto com as crian\u00e7as. Elas provavelmente ir\u00e3o sair dando nome pra tudo dentro de casa e ainda aprenderem que podemos encontrar um amigo onde nem imaginamos.<br>Professora Fabiana Barcelos Renolphi<\/p>\n\n\n\n<p class=\"has-medium-font-size\"><strong>Saudade<\/strong><br>Autor: F\u00e1bio Gon\u00e7alves<br>Saudade \u00e9 recorda\u00e7\u00e3o de momentos bons vividos em sua plenitude.&#8221; O isolamento social traz a saudade do contato humano, inclusive entre as crian\u00e7as que est\u00e3o longe das escolas. E apesar do distanciamento podemos fortalecer os v\u00ednculos afetivos e a hist\u00f3ria \u00e9 um deles, por meio da mesma nascem as emo\u00e7\u00f5es e estas trazem a aprendizagem. Dar voz para que as crian\u00e7as se manifestem e juntas vencerem este desafio que \u00e9 ficar longe da Escola para logo poder vivermos juntas e presencialmente os encantos de uma escola repleta de crian\u00e7as e professores.<br>Professora Fabiana Barcelos Renolphi<\/p>\n\n\n\n<p class=\"has-medium-font-size\"><strong>Abayomi<\/strong><br>Autora: Elbia Liria<br>Reconhecer a import\u00e2ncia hist\u00f3rica e cultural das bonecas ABAYOMI, perpassando por aspectos culturais da hist\u00f3ria e cultura negra e sua influ\u00eancia na cultura brasileira, bem como valorizando diversidade e o respeito pela mesma. Possibilitando a constru\u00e7\u00e3o e valoriza\u00e7\u00e3o da cultura negra e africanidade.<br>Professora Fabiana Barcelos Renolphi<\/p>\n\n\n\n<p class=\"has-medium-font-size\"><strong>Quem tem medo do qu\u00ea?<br><\/strong>Autora: Ruth Rocha<br>Falar sobre sentimentos ensina a crian\u00e7a que, de vez em quando, \u00e9 normal sentir-se com medo ou assustada. Conversar com as crian\u00e7as sobre estes sentimentos ajuda a lidar com as dificuldades e desenvolver autoconfian\u00e7a, e assim, elas ser\u00e3o mais aptas a lidar com esses sentimentos e compreender que o medo, todos n\u00f3s temos.<br>Professora Fabiana Barcelos Renolphi<\/p>\n\n\n\n<p class=\"has-medium-font-size\"><strong>P\u00fablico-alvo:<\/strong> Creche e Est\u00e1gios<br><strong>Acessos:<\/strong> <a rel=\"noreferrer noopener\" href=\"https:\/\/youtu.be\/a8xQdiCg3cE\" target=\"_blank\">https:\/\/youtu.be\/a8xQdiCg3cE<\/a> (Claudinha), <a rel=\"noreferrer noopener\" href=\"https:\/\/youtu.be\/oJCzwcr07bQ\" target=\"_blank\">https:\/\/youtu.be\/oJCzwcr07bQ<\/a> (Claudinha), <a rel=\"noreferrer noopener\" href=\"https:\/\/youtu.be\/BfLt4tKYIJE\" target=\"_blank\">https:\/\/youtu.be\/BfLt4tKYIJE<\/a> (Fabiana), <a rel=\"noreferrer noopener\" href=\"https:\/\/youtu.be\/MfHf8SjxYLk\" target=\"_blank\">https:\/\/youtu.be\/MfHf8SjxYLk<\/a> (Fabiana), <a rel=\"noreferrer noopener\" href=\"https:\/\/youtu.be\/Z1AZsded41s\" target=\"_blank\">https:\/\/youtu.be\/Z1AZsded41s<\/a> (Releitura coletiva), <a rel=\"noreferrer noopener\" href=\"https:\/\/youtu.be\/sFMbVgQXyXQ\" target=\"_blank\">https:\/\/youtu.be\/sFMbVgQXyXQ<\/a> (Marcinha), <a rel=\"noreferrer noopener\" href=\"https:\/\/youtu.be\/b0lyqjSTJ1U\" target=\"_blank\">https:\/\/youtu.be\/b0lyqjSTJ1U<\/a> (Bete), <a rel=\"noreferrer noopener\" href=\"https:\/\/youtu.be\/eXihzw5H6PM\" target=\"_blank\">https:\/\/youtu.be\/eXihzw5H6PM<\/a> (Bete), <a rel=\"noreferrer noopener\" href=\"https:\/\/youtu.be\/qwuXwTRCYrc\" target=\"_blank\">https:\/\/youtu.be\/qwuXwTRCYrc<\/a> (Bete), <a rel=\"noreferrer noopener\" href=\"https:\/\/www.youtube.com\/watch?v=7JtAD9AmGrc\" target=\"_blank\">https:\/\/www.youtube.com\/watch?v=7JtAD9AmGrc<\/a> (Fabiana), <a rel=\"noreferrer noopener\" href=\"https:\/\/youtu.be\/OUCKbhdKdWk\" target=\"_blank\">https:\/\/youtu.be\/OUCKbhdKdWk<\/a> (Fabiana), <a rel=\"noreferrer noopener\" href=\"https:\/\/youtu.be\/KnY67bc2uQQ\" target=\"_blank\">https:\/\/youtu.be\/KnY67bc2uQQ<\/a> (Paula), <a rel=\"noreferrer noopener\" href=\"https:\/\/youtu.be\/i-gcTiC1taI\" target=\"_blank\">https:\/\/youtu.be\/i-gcTiC1taI<\/a> (Paula), <a rel=\"noreferrer noopener\" href=\"https:\/\/youtu.be\/QHy6UDLfATQ\" target=\"_blank\">https:\/\/youtu.be\/QHy6UDLfATQ<\/a> (Marlene), <a rel=\"noreferrer noopener\" href=\"https:\/\/youtu.be\/QHy6UDLfATQ\" target=\"_blank\">https:\/\/youtu.be\/QHy6UDLfATQ<\/a> (Marlene), <a rel=\"noreferrer noopener\" href=\"https:\/\/youtu.be\/9wViJ685P94\" target=\"_blank\">https:\/\/youtu.be\/9wViJ685P94<\/a> (Reis), <a rel=\"noreferrer noopener\" href=\"https:\/\/youtu.be\/CztQM5mfpgE\" target=\"_blank\">https:\/\/youtu.be\/CztQM5mfpgE<\/a> (Fe Brito), <a rel=\"noreferrer noopener\" href=\"https:\/\/youtu.be\/Ouxf3y9ZjhQ\" target=\"_blank\">https:\/\/youtu.be\/Ouxf3y9ZjhQ<\/a> (Verinha).<\/p>\n\n\n\n<div style=\"height:100px\" aria-hidden=\"true\" class=\"wp-block-spacer\"><\/div>\n\n\n\n<p class=\"has-medium-font-size\"><strong>Data\/Hor\u00e1rio:<\/strong> De 05 a 29\/04, em hor\u00e1rio de aula dos alunos<br><strong>Unidade: <\/strong>EPG Assis Ferreira<br><strong>Atividade:<\/strong> No m\u00eas de Abril, realizaremos conta\u00e7\u00f5es de hist\u00f3rias, via plataformas digitais, pelos professores das salas para seus alunos e familiares. Tamb\u00e9m enviaremos outras sugest\u00f5es de hist\u00f3rias, para aprecia\u00e7\u00e3o e leitura nos grupos de WhatsApp da sala de aula. Outra atividade que iremos propor aos alunos \u00e9 que eles mesmos cont\u00e9m uma hist\u00f3ria, gravando sua leitura, por meio de v\u00eddeo ou \u00e1udio e montaremos um mural virtual no Padlet, divulgando todos os trabalhos que tivermos.<br><strong>Respons\u00e1vel:<\/strong> Selma da Silva Lima Sousa-<br><strong>P\u00fablico-alvo:<\/strong> Alunos e Fam\u00edlias.<br><strong>Acesso:<\/strong> WhatsApp dos grupos das salas de aula e Facebook da escola: <a rel=\"noreferrer noopener\" href=\"https:\/\/www.facebook.com\/profile.php?id=100017061755979\" target=\"_blank\">https:\/\/www.facebook.com\/profile.php?id=100017061755979<\/a><\/p>\n\n\n\n<div style=\"height:100px\" aria-hidden=\"true\" class=\"wp-block-spacer\"><\/div>\n\n\n\n<p class=\"has-medium-font-size\"><strong>Data\/Hor\u00e1rio:<\/strong> 07\/04 \u00e0s 10h<br><strong>Unidade: <\/strong>EPG Patr\u00edcia Galv\u00e3o<br><strong>Atividade<\/strong>: A Sementinha Bailarina voa bailando e brincando no C\u00e9u&#8230; Faz amizades com os animais do ar e da terra, vive e precisa da for\u00e7a da natureza para que o ciclo da vida perpetue. O Sol, a Chuva, as aventuras de cada dia nos envolvem nesta conta\u00e7\u00e3o de hist\u00f3ria ecol\u00f3gica. Despertando a reflex\u00e3o da continuidade e amor pela vida e natureza.<br><strong>Respons\u00e1vel:<\/strong> Raquel Guidini Rezende<br><strong>P\u00fablico-alvo:<\/strong> Educandos e fam\u00edlia.<br><strong>Acesso: <\/strong>Preparando uma conta\u00e7\u00e3o de hist\u00f3ria dentro do link:&nbsp;<a rel=\"noreferrer noopener\" href=\"https:\/\/youtube.com\/channel\/UCON2aNNwh8BDJyqgBnHQfBg\" target=\"_blank\">https:\/\/youtube.com\/channel\/UCON2aNNwh8BDJyqgBnHQfBg<\/a><\/p>\n\n\n\n<div style=\"height:100px\" aria-hidden=\"true\" class=\"wp-block-spacer\"><\/div>\n\n\n\n<p class=\"has-medium-font-size\"><strong>Data\/Hor\u00e1rio:<\/strong> 09\/04<br><strong>Unidade: <\/strong>EPG Chiquinha Gonzaga<br><strong>Atividade:<\/strong> Cota\u00e7\u00e3o de hist\u00f3ria &#8220;A Princesa e o Sapo&#8221;<br><strong>Respons\u00e1vel:<\/strong> M\u00f4nica Aparecida Ribeiro de Almeida Costa<br><strong>P\u00fablico-alvo:<\/strong> Para crian\u00e7as<br><strong>Acesso:<\/strong> <a rel=\"noreferrer noopener\" href=\"https:\/\/www.youtube.com\/channel\/UCyT0IkA8qO7x7ZCPwabQyIg\" target=\"_blank\">https:\/\/www.youtube.com\/channel\/UCyT0IkA8qO7x7ZCPwabQyIg<\/a><\/p>\n\n\n\n<div style=\"height:100px\" aria-hidden=\"true\" class=\"wp-block-spacer\"><\/div>\n\n\n\n<p class=\"has-medium-font-size\"><strong>Data e Hor\u00e1rio:<\/strong> 09\/04<br><strong>Unidade: EPG<\/strong> Vicente Ferreira Silveira<br><strong>Atividade:<\/strong> Criamos um Canal pra nossa U.E. no YouTube, no qual os professores se organizaram para poder alimenta-lo com v\u00eddeos criados pelos nossos pr\u00f3prios professores utilizando diversos tipos de aplicativos e ferramentas tecnol\u00f3gicas (Power point, PhotoGrid, KineMaster, X-record, CapCut, Youcut, Play Games, etc.) criando repert\u00f3rio com as pr\u00f3prias produ\u00e7\u00f5es de diferentes tipos de de leitura, com conta\u00e7\u00e3o de hist\u00f3rias com diferentes apresenta\u00e7\u00f5es, poemas, entre outros. Para que tenhamos um repert\u00f3rio diversificado para utiliza\u00e7\u00e3o na propostas de a\u00e7\u00f5es pedag\u00f3gicas durante o Abril Liter\u00e1rio, assim que os v\u00eddeos j\u00e1 forem finalizados j\u00e1 estaremos colocando em nosso canal, e fazendo a divulga\u00e7\u00e3o para que possam conhecer.<br><strong>Respons\u00e1vel:<\/strong> Daniela Vieira Langiani<br><strong>P\u00fablico-alvo:<\/strong> Crian\u00e7as, fam\u00edlias e comunidade escolar<br><strong>Acesso:<\/strong> <a rel=\"noreferrer noopener\" href=\"https:\/\/youtube.com\/channel\/UCqTUhmMu5kU1oN-r96t-RrQ\" target=\"_blank\">https:\/\/youtube.com\/channel\/UCqTUhmMu5kU1oN-r96t-RrQ<\/a><\/p>\n\n\n\n<div style=\"height:100px\" aria-hidden=\"true\" class=\"wp-block-spacer\"><\/div>\n\n\n\n<p class=\"has-medium-font-size\"><strong>Data\/Hor\u00e1rio:<\/strong> 09\/04 \u00e0s 14h<br><strong>Unidade: EPG<\/strong> Dorival Caymmi<br><strong>Respons\u00e1vel:<\/strong> Cintia Magali Bonadio Basaglia<br><strong>Atividade:<\/strong> Conta\u00e7\u00e3o de hist\u00f3ria do Livro \u201cUma latinha diferente\u201d<br><strong>P\u00fablico-alvo:<\/strong> Educa\u00e7\u00e3o Infantil<br><strong>Acesso: <\/strong>Canal da Professora Cintia Magali <a rel=\"noreferrer noopener\" href=\"https:\/\/youtu.be\/uIbeCyjaRYE\" target=\"_blank\">https:\/\/youtu.be\/uIbeCyjaR<\/a><\/p>\n\n\n\n<div style=\"height:100px\" aria-hidden=\"true\" class=\"wp-block-spacer\"><\/div>\n\n\n\n<p class=\"has-medium-font-size\"><strong>Data\/Hor\u00e1rio:<\/strong> 09\/04 \u00e0s 10h e 14h<br><strong>Unidade: EPG<\/strong> Vereador Gilmar Lopes<br><strong>Atividade:<\/strong> A Hist\u00f3ria come\u00e7a com o flautista chegando a uma cidade pequenina que por sinal existem algumas peculiaridades n\u00e3o t\u00e3o agrad\u00e1veis, ela est\u00e1 tomada por um aspecto que j\u00e1 \u00e9 de conhecimento de todos, animais rastejantes que trazem doen\u00e7as, h\u00e1 um momento que o flautista percebe o potencial da cidade e resolve ajudar&#8230; Tendo em vista as adapta\u00e7\u00f5es que estamos sofrendo, devido a pandemia, resolvemos tamb\u00e9m adaptar alguns textos que s\u00e3o de conhecimento m\u00fatuo, a poesia de Mario Quintana, Cidadezinha e o conto dos Irm\u00e3os Grimm, Flautista de Hamelin, e transformar em uma \u00fanica din\u00e2mica, com a presen\u00e7a da flauta que hipnotiza e a vis\u00e3o da cidade pacata que todos tem um dia a pretens\u00e3o de estar, com nuances de aspectos sociais de quest\u00f5es cr\u00edticas impl\u00edcitas em ambas as hist\u00f3rias, fazendo uso de recursos de ambienta\u00e7\u00e3o e tentativa de levar aos pensamentos diversos que podem ocorrer no percurso da hist\u00f3ria.<br><strong>Respons\u00e1vel:<\/strong> Renato Julio Bortolatto<br><strong>P\u00fablico-alvo:<\/strong> Ensino Fundamental<br><strong>Acesso:<\/strong> YouTube Mundo das Artes Renato<\/p>\n\n\n\n<div style=\"height:100px\" aria-hidden=\"true\" class=\"wp-block-spacer\"><\/div>\n\n\n\n<p class=\"has-medium-font-size\"><strong>Data\/Hor\u00e1rio:<\/strong> 09, 16, 23 e 30\/04<br><strong>Unidade:<\/strong> EPG Jos\u00e9 Jorge Pereira<br><strong>Respons\u00e1vel:<\/strong> Michelle Tambroni Correia da Silva<br><strong>Atividade:<\/strong> Tendo como foco a necessidade da conscientiza\u00e7\u00e3o de pais e respons\u00e1veis sobre a import\u00e2ncia de quest\u00f5es relacionadas ao universo &#8220;liter\u00e1rio&#8221; para a educa\u00e7\u00e3o Infantil, foi planejado pela Equipe Pedag\u00f3gica que uma vez na semana durante o m\u00eas de abril, nos dias 09, 16, 23 e 30, ser\u00e1 compartilhado com as fam\u00edlias e comunidade escolar, v\u00eddeos com exemplos pr\u00e1ticos e informa\u00e7\u00f5es, utilizando, inclusive, fragmentos de v\u00eddeos e fotos dos educandos realizando as atividades relacionadas, abrangendo tem\u00e1ticas como: a import\u00e2ncia da leitura para os beb\u00eas, a leitura para al\u00e9m das letras, e outras que ser\u00e3o decididas com o coletivo durante a semana. A coordenadora far\u00e1 a edi\u00e7\u00e3o e a parte explicativa dos v\u00eddeos, que utilizar\u00e3o propostas e devolutivas j\u00e1 realizadas pelos professores e crian\u00e7as\/fam\u00edlias.<br><strong>P\u00fablico-alvo:<\/strong> Comunidade Escolar da EPG Jos\u00e9 Jorge Pereira<br><strong>Acesso:<\/strong> <a rel=\"noreferrer noopener\" href=\"https:\/\/www.facebook.com\/epgjosejorgepereira\" target=\"_blank\">https:\/\/www.facebook.com\/epgjosejorgepereira<\/a> e <a rel=\"noreferrer noopener\" href=\"https:\/\/www.facebook.com\/media\/set\/?vanity=epgjosejorgepereira&amp;set=a.296266812096654\" target=\"_blank\">https:\/\/www.facebook.com\/media\/set\/?vanity=epgjosejorgepereira&amp;set=a.296266812096654<\/a><\/p>\n\n\n\n<div style=\"height:100px\" aria-hidden=\"true\" class=\"wp-block-spacer\"><\/div>\n\n\n\n<p class=\"has-medium-font-size\"><strong>Data\/Hor\u00e1rio:<\/strong> Dias 09,16,23,30\/04 &#8211; Dentro do hor\u00e1rio de cada turma<br><strong>Unidade: <\/strong>EPG Jos\u00e9 Jorge Pereira<br><strong>Atividade:<\/strong> Tendo como foco a necessidade de desenvolver a oralidade, escrita e leitura dos educandos&nbsp; e&nbsp; import\u00e2ncia de quest\u00f5es relacionadas ao universo &#8220;liter\u00e1rio&#8221;, planejamos trabalhar com os anos iniciais: parlendas, trava-l\u00ednguas, cantigas , enviadas, semanalmente,&nbsp; nos grupos para que os alunos com o aux\u00edlio dos familiares nos envie \u00e1udios, v\u00eddeos, desenhos sobre o g\u00eanero escolhido para ser trabalhado na semana ; para os anos finais cria\u00e7\u00e3o de texto orais e escritos, disponibilizaremos livros apenas&nbsp; com imagens para que o aluno possa criar a pr\u00f3pria hist\u00f3ria e compartilhar conosco, seja por v\u00eddeo, \u00e1udio, escrito, desenho, o texto criado; cria\u00e7\u00e3o de hist\u00f3ria em quadrinhos a partir do livro, descri\u00e7\u00e3o dos personagens. Transformaremos as hist\u00f3rias em \u00e1udio em escrita (para que os alunos que n\u00e3o conseguem escrever), pediremos a ilustra\u00e7\u00e3o dos alunos. Ao final do m\u00eas, montaremos uma exposi\u00e7\u00e3o virtual para que todos possam apreciar as atividades realizadas por todos educandos e fam\u00edlias.<br><strong>Respons\u00e1vel:<\/strong> Coordenadora Patr\u00edcia Chatherine Fernandes e Professores<br><strong>P\u00fablico-alvo:<\/strong> Alunos e familiares<br><strong>Acesso:<\/strong> <strong>:<\/strong> <a rel=\"noreferrer noopener\" href=\"https:\/\/www.facebook.com\/epgjosejorgepereira\" target=\"_blank\">https:\/\/www.facebook.com\/epgjosejorgepereira<\/a> e <a rel=\"noreferrer noopener\" href=\"https:\/\/www.facebook.com\/media\/set\/?vanity=epgjosejorgepereira&amp;set=a.296266812096654\" target=\"_blank\">https:\/\/www.facebook.com\/media\/set\/?vanity=epgjosejorgepereira&amp;set=a.296266812096654<\/a><\/p>\n\n\n\n<div style=\"height:100px\" aria-hidden=\"true\" class=\"wp-block-spacer\"><\/div>\n\n\n\n<p class=\"has-medium-font-size\"><strong>Data\/Hor\u00e1rio:<\/strong> 09\/04, a partir das 8h<br><strong>Unidade: <\/strong>EPG Manuel Bandeira<br><strong>Atividade:<\/strong> Sarau Virtual MB<br>Apresenta\u00e7\u00e3o audiovisual de leituras e releituras de literaturas, realizadas pelas crian\u00e7as, comunidades e equipe escolar da EPG Manuel Bandeira.<br><strong>Respons\u00e1vel:<\/strong> Giselle Rodrigues Beda da Silva<br><strong>P\u00fablico-alvo:<\/strong> Comunidade escolar<br><strong>Acesso:<\/strong> Canal EPG Manuel Bandeira no YouTube: <a rel=\"noreferrer noopener\" href=\"https:\/\/youtube.com\/channel\/UCrmYRvvZUev7lUfeVWbZn9Q\" target=\"_blank\">https:\/\/youtube.com\/channel\/UCrmYRvvZUev7lUfeVWbZn9Q<\/a><\/p>\n\n\n\n<div style=\"height:100px\" aria-hidden=\"true\" class=\"wp-block-spacer\"><\/div>\n\n\n\n<p class=\"has-medium-font-size\"><strong>Data\/Hor\u00e1rio:<\/strong> 12\/04 \u00e0s 10h<br><strong>Unidade: <\/strong>EPG M\u00e1rio Lago<br><strong>Atividade:<\/strong> Conta\u00e7\u00e3o de hist\u00f3ria autoral &#8220;O menino Mumu em seu mundo blue&#8221; sobre a vis\u00e3o do mundo pela perspectiva do olhar de um menino autista, em conson\u00e2ncia com os eixo de L\u00edngua e Cultura Inglesa do Quadro de Saberes Necess\u00e1rios da rede, tendo como inspira\u00e7\u00e3o as proposi\u00e7\u00f5es apresentadas no programa Saberes em Casa.<br><strong>Respons\u00e1vel: <\/strong>&nbsp;Fernanda Lopes de Freitas Batista<br><strong>P\u00fablico-alvo:<\/strong> Educandos e educandas da rede municipal de Guarulhos, Professores de diversas \u00e1reas de conhecimento, Pedagogos, Professores de Atendimento Educacional Especializado, e a sociedade como um todo.<br><strong>Acesso:<\/strong> Canal English Guarulhos: <a rel=\"noreferrer noopener\" href=\"https:\/\/youtube.com\/channel\/UCoHBPM-xSMQ9tPOPc5Xolxw\" target=\"_blank\">https:\/\/youtube.com\/channel\/UCoHBPM-xSMQ9tPOPc5Xolxw<\/a><\/p>\n\n\n\n<div style=\"height:100px\" aria-hidden=\"true\" class=\"wp-block-spacer\"><\/div>\n\n\n\n<p class=\"has-medium-font-size\"><strong>Data\/Hor\u00e1rio:<\/strong> 12\/04 \u00e0s 14h<br><strong>Unidade: <\/strong>EPG Machado de Assis<br><strong>Atividade:<\/strong> Conta\u00e7\u00e3o de hist\u00f3ria<br><strong>Respons\u00e1vel: <\/strong>&nbsp;Cleide da Silva Santos<br><strong>P\u00fablico-alvo:<\/strong> Educa\u00e7\u00e3o Infantil<br><strong>Acesso:<\/strong> <a rel=\"noreferrer noopener\" href=\"https:\/\/youtu.be\/2LFitdmSnaE\" target=\"_blank\">https:\/\/youtu.be\/2LFitdmSnaE<\/a><\/p>\n\n\n\n<div style=\"height:100px\" aria-hidden=\"true\" class=\"wp-block-spacer\"><\/div>\n\n\n\n<p class=\"has-medium-font-size\"><strong>Data\/Hor\u00e1rio:<\/strong> de 12 a 16\/04<br><strong>Unidade: <\/strong>EPG Darcy Ribeiro<br><strong>Atividade:<\/strong> Durante o ano de 2020, desenvolvi uma s\u00e9rie de conta\u00e7\u00f5es de Hist\u00f3rias sobre as F\u00e1bulas de Esopo no intuito de trabalhar aprendizagens sobre cidadania de forma l\u00fadica e criativa. A proposta deste Abril Liter\u00e1rio virtual, ser\u00e1 de propiciar apresenta\u00e7\u00f5es virtuais as crian\u00e7as dos segmentos da Educa\u00e7\u00e3o infantil e fundamental da unidade.<br><strong>Respons\u00e1vel: <\/strong>Lindinalva Barboza de Souza<br><strong>P\u00fablico-alvo:<\/strong> Alunos da EPG Darcy Ribeiro<br><strong>Acesso:<\/strong> <a rel=\"noreferrer noopener\" href=\"https:\/\/www.youtube.com\/channel\/UCn9JHGNxZ1SWBe-bhRIidhg\" target=\"_blank\">https:\/\/www.youtube.com\/channel\/UCn9JHGNxZ1SWBe-bhRIidhg<\/a><\/p>\n\n\n\n<div style=\"height:100px\" aria-hidden=\"true\" class=\"wp-block-spacer\"><\/div>\n\n\n\n<p class=\"has-medium-font-size\"><strong>Data\/Hor\u00e1rio:<\/strong> 12\/04, \u00e0s 13h e 14\/04, \u00e0s 13h<br><strong>Unidade: <\/strong>EPG Irm\u00e3 Of\u00e9lia Echeverri Lopes<br><strong>Atividade:<\/strong> Apresenta\u00e7\u00e3o da hist\u00f3ria Infantil: Qual \u00e9 a cor do Amor? \/ Patinho Tuga: S\u00edtio do Seu Lobato\/ Poema em Libras &#8211; Borboletas, de Vin\u00edcius de Moraes. &#8211; (hist\u00f3ria infantil: Qual \u00e9 a cor do Amor) \/ 14\/04\/2021, as 13h00 &#8211; (poema em Libras) \/ 16\/04\/2021, as 13h00 &#8211; Can\u00e7\u00e3o do Patinho Tuga &#8211; S\u00edtio do seu Lobato!<br><strong>Respons\u00e1vel: <\/strong>Prof. Verena Novaes Melo<br><strong>P\u00fablico-alvo:<\/strong> Creche e Comunidade Escolar.<br><strong>Acesso:<\/strong> Facebook da Escola e grupos de WhatsApp dos Pais e Mestres!<\/p>\n\n\n\n<div style=\"height:100px\" aria-hidden=\"true\" class=\"wp-block-spacer\"><\/div>\n\n\n\n<p class=\"has-medium-font-size\"><strong>Data \/ hor\u00e1rio: <\/strong>de 13 a 30\/04<br><strong>Unidade:<\/strong> EPG Darcy Ribeiro<br><strong>Atividade:<\/strong> Contar hist\u00f3rias \u00e9 uma arte milenar e que sempre teve o prop\u00f3sito de transmitir conhecimento e princ\u00edpios de \u00e9tica e cidadania e as F\u00e1bulas de Esopo s\u00e3o essenciais para que de uma maneira l\u00fadica, as crian\u00e7as recebam, desde a primeira inf\u00e2ncia, ensinamentos que hoje em dia podemos classificar como s\u00f3cio-emocionais. Para participar desta edi\u00e7\u00e3o do Abril Liter\u00e1rio &#8211; Literalmente Isso Virtual, tamb\u00e9m, foi trabalhado virtualmente com alunos da EJA o tema Conta\u00e7\u00e3o de Hist\u00f3rias e algumas F\u00e1bulas, este \u00e9 o resultado deste trabalho que \u00e9 ofertado as crian\u00e7as, adolescentes, Jovens e Adultos de nossa rede.<br><strong>Respons\u00e1vel: <\/strong>Lindinalva Barboza de Souza<br><strong>P\u00fablico-alvo: <\/strong>Alunos da EPG Darcy Ribeiro<br><strong>Acesso: <\/strong>https:\/\/www.youtube.com\/watch?v=FM2JMPaAC9A<\/p>\n\n\n\n<div style=\"height:100px\" aria-hidden=\"true\" class=\"wp-block-spacer\"><\/div>\n\n\n\n<p class=\"has-medium-font-size\"><strong>Data\/Hor\u00e1rio:<\/strong> 14\/04<br><strong>Unidade: <\/strong>EPG C\u00e9sar Lattes<br><strong>Atividade:<\/strong> A Hist\u00f3ria do Macaco que tocava viol\u00e3o<br><strong>Respons\u00e1vel:<\/strong> Viviane Fernandes Alves Peres<br><strong>P\u00fablico-alvo:<\/strong> Educa\u00e7\u00e3o Infantil<br><strong>Acesso:<\/strong> <a rel=\"noreferrer noopener\" href=\"https:\/\/youtu.be\/kPBo4Xwusi4\" target=\"_blank\">https:\/\/youtu.be\/kPBo4Xwusi4<\/a><\/p>\n\n\n\n<div style=\"height:100px\" aria-hidden=\"true\" class=\"wp-block-spacer\"><\/div>\n\n\n\n<p class=\"has-medium-font-size\"><strong>Data\/Hor\u00e1rio:<\/strong> 14\/04, \u00e0s 15h<br><strong>Unidade: <\/strong>EPG Dorival Caymmi<br><strong>Atividade:<\/strong> Hist\u00f3ria contada a partir de uma folha de papel que deseja ser um barquinho.<br><strong>Respons\u00e1vel:<\/strong> Michele Banow<br><strong>P\u00fablico-alvo:<\/strong> Crian\u00e7as de educa\u00e7\u00e3o infantil, 0 \u00e0 5 anos<br><strong>Acesso:<\/strong> V\u00eddeo<\/p>\n\n\n\n<div style=\"height:100px\" aria-hidden=\"true\" class=\"wp-block-spacer\"><\/div>\n\n\n\n<p class=\"has-medium-font-size\"><strong>Data\/Hor\u00e1rio:<\/strong> Poema: 14\/04, \u00e0s 10h |&nbsp;M\u00fasica:15\/04, \u00e0s 10h<br><strong>Unidade: <\/strong>EPG C\u00e9sar Lattes<br><strong>Atividade:<\/strong> &#8220;Ariene Carvalho Barbosa do Nascimento\u201d (5\u00ba ano A)<br>Francisca Maria da Silva (2\u00ba ano D)<br>A aluna Estela Fadel Ara\u00fajo (5\u00ba ano A) faz a leitura do poema &#8211;&nbsp; A natureza<br>A professora Francisca gravou um v\u00eddeo com a m\u00fasica Misturando as cores.<br><strong>Respons\u00e1vel:<\/strong> PCP Silmara Ap. de Moraes Tudisco<br><strong>P\u00fablico-alvo:<\/strong> crian\u00e7as de 4 a 11 anos<br><strong>Acesso:<\/strong> <a rel=\"noreferrer noopener\" href=\"https:\/\/youtu.be\/LLACwx2IqB4\" target=\"_blank\">https:\/\/youtu.be\/LLACwx2IqB4<\/a><\/p>\n\n\n\n<div style=\"height:100px\" aria-hidden=\"true\" class=\"wp-block-spacer\"><\/div>\n\n\n\n<p class=\"has-medium-font-size\"><strong>Data\/Hor\u00e1rio:<\/strong> 14, 21 e 28\/04<br><strong>Unidade:<\/strong> EPG Visconde de Sabugosa<br><strong>Atividade:<\/strong> Lendas e hist\u00f3rias orientais contadas pelo professor Tiago Hideo com o aux\u00edlio de palitoches.<br><strong>Respons\u00e1vel: <\/strong>Tiago Hideo Kajiki de Sousa<br><strong>P\u00fablico-alvo:<\/strong> Educa\u00e7\u00e3o infantil e Findamental<br><strong>Acesso:<\/strong> <a rel=\"noreferrer noopener\" href=\"https:\/\/youtube.com\/channel\/UCaqTDqxyD-SFHy0yR9muakQ\" target=\"_blank\">https:\/\/youtube.com\/channel\/UCaqTDqxyD-SFHy0yR9muakQ<\/a><\/p>\n\n\n\n<div style=\"height:100px\" aria-hidden=\"true\" class=\"wp-block-spacer\"><\/div>\n\n\n\n<p class=\"has-medium-font-size\"><strong>Data\/Hor\u00e1rio:<\/strong> 15\/04, \u00e0s 12h<br><strong>Unidade:<\/strong> EPG Moreira Matos<br><strong>Atividade:<\/strong> Oficina de Conta\u00e7\u00e3o de Hist\u00f3rias online com intera\u00e7\u00e3o com as crian\u00e7as.<br><strong>Respons\u00e1vel:<\/strong> Cristina da Silva<br><strong>P\u00fablico-alvo:<\/strong> Est\u00e1gio I e II da Educa\u00e7\u00e3o Infantil<br><strong>Acesso: <\/strong>Google Meet<\/p>\n\n\n\n<div style=\"height:100px\" aria-hidden=\"true\" class=\"wp-block-spacer\"><\/div>\n\n\n\n<p class=\"has-medium-font-size\"><strong>Data\/Hor\u00e1rio:<\/strong>&nbsp;15 a 29\/04<br><strong>Unidade:<\/strong> EPG Tom Jobim<br><strong>Atividade:<\/strong> &#8220;1\u00ba ano Reconto &#8220;&#8221;O casamento do Rato com a filha do besouro&#8221;&#8221; com fantoches e v\u00eddeos, Prof.\u00aa Jos\u00e9lia<br>1\u00ba ano Recital de poemas e trava-l\u00edngua em v\u00eddeo, Prof.\u00aa Beatriz<br>1\u00ba ano Literatura oral em Podcast e v\u00eddeo, Prof.\u00aa Marcela Nogueira<br>2\u00ba ano Manga, Prof.\u00aa Marcia Virginia<br>2\u00ba ano tradi\u00e7\u00e3o oral em v\u00eddeo, Prof.\u00aa Rosmary<br>2\u00baano hist\u00f3ria gravada em v\u00eddeo, Prof.\u00aa Ivonice<br>4\u00ba ano Jogral de m\u00fasica\/poema, Prof. Everton<br>5\u00ba ano Dramatiza\u00e7\u00e3o da f\u00e1bula &#8220;&#8221;A cigarra e a formiga&#8221;&#8221; com fantoches, Prof.\u00aa Vicentina<br>5\u00ba ano Leitura da f\u00e1bula &#8220;&#8221;O le\u00e3o e o rato&#8221;&#8221; em v\u00eddeo, Prof.\u00aa K\u00e1tia<br><strong>Respons\u00e1vel:<\/strong> Aparecida Camila e Marcia Webe<br><strong>P\u00fablico-alvo:<\/strong> Alunos e comunidade escolar<br><strong>Acesso:<\/strong> Google meet, Podcast, Facebook<\/p>\n\n\n\n<div style=\"height:100px\" aria-hidden=\"true\" class=\"wp-block-spacer\"><\/div>\n\n\n\n<p class=\"has-medium-font-size\"><strong>Data\/Hor\u00e1rio: <\/strong>16\/04 \u00e0s 10h<br><strong>Unidade: <\/strong>EPG Heraldo Evans<br><strong>Atividade:<\/strong> Mostrar \u00e0 comunidade escolar em um encontro on-line, o livro escrito pela aluna Sofia dos Santos Barboza quando estava entre o segundo e terceiro ano. Agora no quinto ano, a aluna contar\u00e1 como foi o processo de cria\u00e7\u00e3o. O livro n\u00e3o foi publicado, mas com autoriza\u00e7\u00e3o da fam\u00edlia, foi reproduzido na pr\u00f3pria escola para todos os alunos.<br><strong>Respons\u00e1vel <\/strong>Izabel Cristina de Godoy?<br><strong>P\u00fablico-alvo:<\/strong> Toda a comunidade escolar<br><strong>Acesso:<\/strong> Entrar na reuni\u00e3o Zoom: <a rel=\"noreferrer noopener\" href=\"https:\/\/us04web.zoom.us\/j\/6184230422?pwd=Y2RyM0xaOU0rZ2ZVOGVHaG5xQksydz09\" target=\"_blank\">https:\/\/us04web.zoom.us\/j\/6184230422?pwd=Y2RyM0xaOU0rZ2ZVOGVHaG5xQksydz09<\/a><br>ID da reuni\u00e3o: 618 423 0422 &#8211; Senha de acesso: GVS2021<\/p>\n\n\n\n<div style=\"height:100px\" aria-hidden=\"true\" class=\"wp-block-spacer\"><\/div>\n\n\n\n<p class=\"has-medium-font-size\"><strong>Data \/ hor\u00e1rio:<\/strong> 16\/04 \u00e0s 11h<br><strong>Unidade:<\/strong> EPG Machado de Assis<br><strong>Atividade:<\/strong> V\u00eddeo do aluno Lucas: A Festa no c\u00e9u de ANGELA LAGO. Conta a hist\u00f3ria de uma tartaruga que queria ir \u00e0 festa em que s\u00f3 poderiam entrar os bichinhos com asas.<br><strong>Respons\u00e1vel:<\/strong> Adriana, Elisete e Tabata<br><strong>P\u00fablico-alvo:<\/strong> Educa\u00e7\u00e3o Infantil<br><strong>Acesso:<\/strong> <a rel=\"noreferrer noopener\" href=\"https:\/\/youtu.be\/ns6EOJklXus\" target=\"_blank\">https:\/\/youtu.be\/ns6EOJklXus<\/a> e <a rel=\"noreferrer noopener\" href=\"https:\/\/youtu.be\/YJT07F974T0\" target=\"_blank\">https:\/\/youtu.be\/YJT07F974T0<\/a><\/p>\n\n\n\n<div style=\"height:100px\" aria-hidden=\"true\" class=\"wp-block-spacer\"><\/div>\n\n\n\n<p class=\"has-medium-font-size\"><strong>Data\/Hor\u00e1rio:<\/strong> 19\/04<br><strong>Unidade: <\/strong>EPGBenedito Viciante de Oliveira<br><strong>Atividade:<\/strong> V\u00eddeo: Hist\u00f3ria Um amor de confus\u00e3o. Autora Dulce Rangel<br>Esta hist\u00f3ria fala sobre diferen\u00e7as de uma maneira muito divertida.<br><strong>Respons\u00e1vel:<\/strong> Lucimeire Santana de Almeida<br><strong>P\u00fablico-alvo:<\/strong> Creche<br><strong>Acesso:<\/strong> <a rel=\"noreferrer noopener\" href=\"https:\/\/www.facebook.com\/epgbeneditovicente\/\" target=\"_blank\">https:\/\/www.facebook.com\/epgbeneditovicente\/<\/a><\/p>\n\n\n\n<div style=\"height:100px\" aria-hidden=\"true\" class=\"wp-block-spacer\"><\/div>\n\n\n\n<p class=\"has-medium-font-size\"><strong>Data\/Hor\u00e1rio:<\/strong> 19\/04, \u00e0s 9h<br><strong>Unidade: <\/strong>EPG Benedito Vicente de Oliveira<br><strong>Atividade:<\/strong> Cachinhos Dourados e os 3 ursos, cl\u00e1ssico infantil trabalhando virtudes da obedi\u00eancia e regras de conv\u00edvio em sociedade.<br><strong>Respons\u00e1vel:<\/strong> Lidiane Aparecida Colli de Souza<br><strong>P\u00fablico-alvo:<\/strong> Creche e Est\u00e1gios<br><strong>Acesso:<\/strong> <a rel=\"noreferrer noopener\" href=\"https:\/\/www.facebook.com\/epgbeneditovicente\/\" target=\"_blank\">https:\/\/www.facebook.com\/epgbeneditovicente\/<\/a><\/p>\n\n\n\n<div style=\"height:100px\" aria-hidden=\"true\" class=\"wp-block-spacer\"><\/div>\n\n\n\n<p class=\"has-medium-font-size\"><strong>Data\/Hor\u00e1rio:<\/strong> 20\/04, \u00e0s 10h<br><strong>Unidade: <\/strong>EPG Evanira Vieira Rom\u00e3o<br><strong>Atividade:<\/strong> Nossos educandos dos primeiros anos do Ensino Fundamental ir\u00e3o fazer um passeio pelas Trava L\u00ednguas, um g\u00eanero divertido para desenvolver o gosto pela leitura.<br><strong>Respons\u00e1vel:<\/strong> Roberta Marques da Luz F\u00e9lix<br><strong>P\u00fablico-alvo:<\/strong> Alunos da rede municipal de ensino<br><strong>Acesso:<\/strong> Canal do YouTube:&nbsp; <a rel=\"noreferrer noopener\" href=\"https:\/\/youtube.com\/channel\/UCzXsKXrsdWdlGHZ9q2yhFlg\" target=\"_blank\">https:\/\/youtube.com\/channel\/UCzXsKXrsdWdlGHZ9q2yhFlg<\/a><\/p>\n\n\n\n<div style=\"height:100px\" aria-hidden=\"true\" class=\"wp-block-spacer\"><\/div>\n\n\n\n<p class=\"has-medium-font-size\"><strong>Data\/Hor\u00e1rio:<\/strong> 22\/04, \u00e0s 20h<br><strong>Unidade: <\/strong>EPG M\u00e1rio Lago<br><strong>Atividade:<\/strong> Mostra de V\u00eddeo Poemas Autorais e m\u00fasica brasileira autoral.<br><strong>Respons\u00e1vel:<\/strong> Eder Vicente de Lima<br><strong>P\u00fablico-alvo:<\/strong> Alunos da EJA e Professores da Rede<br><strong>Acesso:<\/strong> <a rel=\"noreferrer noopener\" href=\"https:\/\/www.facebook.com\/epg.mariolago\" target=\"_blank\">https:\/\/www.facebook.com\/epg.mariolago<\/a><\/p>\n\n\n\n<div style=\"height:100px\" aria-hidden=\"true\" class=\"wp-block-spacer\"><\/div>\n\n\n\n<p class=\"has-medium-font-size\"><strong>Data\/Hor\u00e1rio:<\/strong> 26\/04, \u00e0s 9h<br><strong>Unidade: <\/strong>EPG Benedito Vicente de Oliveira<br><strong>Atividade:<\/strong> Teatro de Sombras com cantigas infantis.<br><strong>Respons\u00e1vel:<\/strong> Lidiane Aparecida Colli de Souza<br><strong>P\u00fablico-alvo:<\/strong> Creche e Est\u00e1gio<br><strong>Acesso:<\/strong> <a rel=\"noreferrer noopener\" href=\"https:\/\/www.facebook.com\/epgbeneditovicente\/\" target=\"_blank\">https:\/\/www.facebook.com\/epgbeneditovicente\/<\/a><\/p>\n\n\n\n<div style=\"height:100px\" aria-hidden=\"true\" class=\"wp-block-spacer\"><\/div>\n\n\n\n<p class=\"has-medium-font-size\"><strong>Data\/Hor\u00e1rio:<\/strong> 26\/04<br><strong>Unidade: <\/strong>EPG Benedito Vicente de Oliveira<br><strong>Respons\u00e1vel:<\/strong> Lucimeire Santana de Almeida<br><strong>Atividade:<\/strong> Esta hist\u00f3ria trabalha as formas geom\u00e9tricas de uma maneira muito divertida e usando apenas duas folhas de sulfite (v\u00eddeo gravado)<br><strong>P\u00fablico-alvo: <\/strong>alunos<br><strong>Acesso:<\/strong> <a rel=\"noreferrer noopener\" href=\"https:\/\/www.facebook.com\/epgbeneditovicente\/\" target=\"_blank\">https:\/\/www.facebook.com\/epgbeneditovicente\/<\/a><\/p>\n\n\n\n<div style=\"height:100px\" aria-hidden=\"true\" class=\"wp-block-spacer\"><\/div>\n\n\n\n<p class=\"has-medium-font-size\"><strong>Data \/ hor\u00e1rio:<\/strong> de 26 a 30\/04<br><strong>Unidade:<\/strong> EPG Amador Bueno<br><strong>Atividade:<\/strong> Durante o m\u00eas de Abril, os educandos da EPG Amador Bueno mergulhar\u00e3o no universo da leitura e da imagina\u00e7\u00e3o, com a participa\u00e7\u00e3o dos amigos da turma e seus familiares. A proposta consiste, em incluir nas sequ\u00eancias did\u00e1ticas e aulas interativas, os mais diversos g\u00eaneros textuais, finalizando o trabalho com a produ\u00e7\u00e3o de v\u00eddeos e um livro virtual.<br><strong>Respons\u00e1vel:<\/strong> Marluce Melo<br><strong>Acesso:<\/strong> <a rel=\"noreferrer noopener\" href=\"https:\/\/padlet.com\/marlucecoordepgamadorbueno\/lkwhzyi19dm1d7zx\" target=\"_blank\">https:\/\/padlet.com\/marlucecoordepgamadorbueno\/lkwhzyi19dm1d7zx<\/a><\/p>\n\n\n\n<div style=\"height:100px\" aria-hidden=\"true\" class=\"wp-block-spacer\"><\/div>\n\n\n\n<p class=\"has-medium-font-size\"><strong>Data\/Hor\u00e1rio:<\/strong>&nbsp; de 26 a 30\/04<br><strong>Unidade: <\/strong>EPG Virgilina Serra de Zoppi<br><strong>Respons\u00e1vel:<\/strong> M\u00e1rcia Pereira de Souza<br><strong>Atividade:<\/strong> Ser\u00e3o criados v\u00eddeos com conta\u00e7\u00e3o de hist\u00f3ria com g\u00eaneros liter\u00e1rios diversos.<br><strong>P\u00fablico-alvo:<\/strong> professores-fam\u00edlia-alunos<br><strong>Acesso:<\/strong> Os v\u00eddeos ser\u00e3o postados nos grupos de WhatsApp dos Professores, alunos e fam\u00edlia WhatsApp<\/p>\n\n\n\n<div style=\"height:100px\" aria-hidden=\"true\" class=\"wp-block-spacer\"><\/div>\n\n\n\n<p class=\"has-medium-font-size\"><strong>Data\/Hor\u00e1rio:<\/strong> 28\/04<br><strong>Unidade: <\/strong>EPG Zilda Furini Fanganiello<br><strong>Respons\u00e1vel:<\/strong> Silvana Pontes Abrah\u00e3o e Souza<br><strong>Atividade:<\/strong> &#8220;Os alunos do 3\u00b0,4\u00b0 e 5\u00b0 anos ir\u00e3o pesquisar e conhecer o estilo de poesia Haicai, e produziram esse tipo de poesia, com a proposta do tema do Livro a Hist\u00f3ria do arco \u00edris, e ser\u00e1 realizado um sarau com os v\u00eddeos dos alunos apresentando o Haicai que produziram. Ser\u00e1 reproduzido pelo WhatsApp. A Ed infantil far\u00e1 a releitura do livro A hist\u00f3ria do Arco Iris, com a confec\u00e7\u00e3o das personagens borboletas do livro, usando diferentes materiais. Trabalho da Ed infantil ser\u00e1 apresentado no dia 26\/04.<br><strong>P\u00fablico-alvo:<\/strong> As fam\u00edlias e os alunos<br><strong>Acesso:<\/strong> Ser\u00e1 via WhatsApp<\/p>\n\n\n\n<div style=\"height:100px\" aria-hidden=\"true\" class=\"wp-block-spacer\"><\/div>\n\n\n\n<p class=\"has-medium-font-size\"><strong>Data\/Hor\u00e1rio:<\/strong> 28\/04, \u00e0s 10h e \u00e0s 15h<br><strong>Unidade: EPG<\/strong> Pixinguinha<br><strong>Atividade:<\/strong> Sarau Virtual<br>Em tempos de pandemia, a rotina escolar de nossos educandos foi totalmente alterada devido ao isolamento social, a unidade escolar EPG Pixinguinha traz como proposta o Sarau Virtual com vi\u00e9s art\u00edstico e liter\u00e1rio, com a tem\u00e1tica Direitos Humanos, afim de compor a agenda do Abril Liter\u00e1rio Virtual\/2021 &#8211; Literalmente isso. Esta a\u00e7\u00e3o, nos lembra que mesmo diante das dificuldades, o calor humano pulsa e que atrav\u00e9s das telas, podemos compartilhar sentimentos, alegrias e esperan\u00e7as. Durante o Sarau Virtual, ser\u00e3o apresentadas diferentes manifesta\u00e7\u00f5es art\u00edsticas que v\u00e3o desde um varal de poemas e desenhos, at\u00e9 a leitura de trechos de livros e apresenta\u00e7\u00f5es de m\u00fasicas. Acreditamos que esta a\u00e7\u00e3o pedag\u00f3gica contribuir\u00e1 em diversas aprendizagens, tais como: Promover o contato com diferentes g\u00eaneros e portadores textuais, explorar diferentes linguagens artr\u00edticas, estabelecer comunica\u00e7\u00e3o, valoriza\u00e7\u00e3o das produ\u00e7\u00f5es art\u00edsticas e liter\u00e1rias de outras crian\u00e7as s\u00e3o algumas de nossas expectativas, permitindo que nossas crian\u00e7as se expressem fortalecendo a rela\u00e7\u00e3o fam\u00edlia e escola. Amenizando um pouco dos impactos deste per\u00edodo de distanciamento social, por ser um momento que propiciar\u00e1 trocas e entretenimento, garantido o direito de nossos educandos o acesso \u00e0 educa\u00e7\u00e3o e cultura, segundo os Direitos Humanos em seu artigo 27\u00ba \u2014 todos t\u00eam o direito de participar e usufruir da cultura, das artes e da ci\u00eancia produzidas em sua comunidade. A participa\u00e7\u00e3o ao vivo de nossos educandos ser\u00e1 o ponto central, tal como a participa\u00e7\u00e3o atrav\u00e9s de v\u00eddeos, considerando as produ\u00e7\u00f5es realizadas na Jornada Liter\u00e1ria e Saberes em Casa ser\u00e1 um outro ponto bastante relevante.<br><strong>Respons\u00e1vel:<\/strong> Talita Oliveira dos Anjos Silva &#8211;&nbsp; Coordenadora Pedag\u00f3gica<br><strong>P\u00fablico-alvo:<\/strong> Educandos do 1\u00ba ao 5\u00ba<br><strong>Acesso: <\/strong><a rel=\"noreferrer noopener\" href=\"https:\/\/www.facebook.com\/epg.pixinguinha.1\/\" target=\"_blank\">https:\/\/www.facebook.com\/epg.pixinguinha.1\/<\/a><\/p>\n\n\n\n<div style=\"height:100px\" aria-hidden=\"true\" class=\"wp-block-spacer\"><\/div>\n\n\n\n<p class=\"has-medium-font-size\"><strong>Data\/Hor\u00e1rio:<\/strong> 29\/04<br><strong>Unidade: <\/strong>EPG Maria Firmina dos Reis<br><strong>Atividade:<\/strong> Bichos, venham a minha festa \u00e9 uma adapta\u00e7\u00e3o do livro Bruxa, bruxa, venha a minha festa, aonde os personagens precisar\u00e3o se adaptar ao contexto da pandemia e durante a quarentena resolvem fazer uma festa diferenciada. Ficou interessado? Quer saber se essa festa vai dar certo? Programe-se pois no dia 29\/04 \u00e0s 15h. voc\u00ea descobrir\u00e1 como os bichos conseguir\u00e3o se divertir no meio da pandemia.<br><strong>Respons\u00e1vel:<\/strong> Luana Sim\u00f5es Gomes \/ Ligia Ferreira Rodrigues<br><strong>P\u00fablico-alvo:<\/strong> Faixa et\u00e1ria livre<br><strong>Acesso:<\/strong><a href=\"https:\/\/meet.google.com\/baj-bjqy-xbw\"> <\/a><a rel=\"noreferrer noopener\" href=\"https:\/\/meet.google.com\/baj-bjqy-xbw\" target=\"_blank\">https:\/\/meet.google.com\/baj-bjqy-xbw<\/a><\/p>\n","protected":false},"excerpt":{"rendered":"<p>Data\/Hor\u00e1rio: De 01 a 30\/04Unidade: EPG Benedito Vicente de OliveiraAtividade: V\u00eddeo para enviar para os alunos como sugest\u00e3o, porque o projeto da escola \u00e9 ler e encenar.Respons\u00e1vel: Mar\u00edlia RibeiroP\u00fablico-alvo: Meus [&hellip;]<\/p>\n","protected":false},"author":1,"featured_media":0,"parent":0,"menu_order":0,"comment_status":"closed","ping_status":"closed","template":"","meta":{"_monsterinsights_skip_tracking":false,"_monsterinsights_sitenote_active":false,"_monsterinsights_sitenote_note":"","_monsterinsights_sitenote_category":0,"_expiration-date-status":"","_expiration-date":0,"_expiration-date-type":"","_expiration-date-categories":[],"_expiration-date-options":[]},"categories":[],"tags":[],"yoast_head":"<!-- This site is optimized with the Yoast SEO plugin v19.7.1 - https:\/\/yoast.com\/wordpress\/plugins\/seo\/ -->\r\n<title>ESCOLAS DA PREFEITURA - Abril Liter\u00e1rio Virtual 2021 - Literalmente Isso...<\/title>\r\n<meta name=\"robots\" content=\"index, follow, max-snippet:-1, max-image-preview:large, max-video-preview:-1\" \/>\r\n<link rel=\"canonical\" href=\"https:\/\/portaleducacao.guarulhos.sp.gov.br\/wp_site\/abrilliterario2021\/epgs-e-instituicoes-parceiras\/\" \/>\r\n<meta property=\"og:locale\" content=\"pt_BR\" \/>\r\n<meta property=\"og:type\" content=\"article\" \/>\r\n<meta property=\"og:title\" content=\"ESCOLAS DA PREFEITURA - Abril Liter\u00e1rio Virtual 2021 - Literalmente Isso...\" \/>\r\n<meta property=\"og:description\" content=\"Data\/Hor\u00e1rio: De 01 a 30\/04Unidade: EPG Benedito Vicente de OliveiraAtividade: V\u00eddeo para enviar para os alunos como sugest\u00e3o, porque o projeto da escola \u00e9 ler e encenar.Respons\u00e1vel: Mar\u00edlia RibeiroP\u00fablico-alvo: Meus [&hellip;]\" \/>\r\n<meta property=\"og:url\" content=\"https:\/\/portaleducacao.guarulhos.sp.gov.br\/wp_site\/abrilliterario2021\/epgs-e-instituicoes-parceiras\/\" \/>\r\n<meta property=\"og:site_name\" content=\"Abril Liter\u00e1rio Virtual 2021 - Literalmente Isso...\" \/>\r\n<meta property=\"article:modified_time\" content=\"2021-04-15T18:22:21+00:00\" \/>\r\n<meta name=\"twitter:card\" content=\"summary_large_image\" \/>\r\n<meta name=\"twitter:label1\" content=\"Est. tempo de leitura\" \/>\n\t<meta name=\"twitter:data1\" content=\"26 minutos\" \/>\r\n<script type=\"application\/ld+json\" class=\"yoast-schema-graph\">{\"@context\":\"https:\/\/schema.org\",\"@graph\":[{\"@type\":\"WebPage\",\"@id\":\"https:\/\/portaleducacao.guarulhos.sp.gov.br\/wp_site\/abrilliterario2021\/epgs-e-instituicoes-parceiras\/\",\"url\":\"https:\/\/portaleducacao.guarulhos.sp.gov.br\/wp_site\/abrilliterario2021\/epgs-e-instituicoes-parceiras\/\",\"name\":\"ESCOLAS DA PREFEITURA - Abril Liter\u00e1rio Virtual 2021 - Literalmente Isso...\",\"isPartOf\":{\"@id\":\"https:\/\/portaleducacao.guarulhos.sp.gov.br\/wp_site\/abrilliterario2021\/#website\"},\"datePublished\":\"2021-03-24T13:16:45+00:00\",\"dateModified\":\"2021-04-15T18:22:21+00:00\",\"breadcrumb\":{\"@id\":\"https:\/\/portaleducacao.guarulhos.sp.gov.br\/wp_site\/abrilliterario2021\/epgs-e-instituicoes-parceiras\/#breadcrumb\"},\"inLanguage\":\"pt-BR\",\"potentialAction\":[{\"@type\":\"ReadAction\",\"target\":[\"https:\/\/portaleducacao.guarulhos.sp.gov.br\/wp_site\/abrilliterario2021\/epgs-e-instituicoes-parceiras\/\"]}]},{\"@type\":\"BreadcrumbList\",\"@id\":\"https:\/\/portaleducacao.guarulhos.sp.gov.br\/wp_site\/abrilliterario2021\/epgs-e-instituicoes-parceiras\/#breadcrumb\",\"itemListElement\":[{\"@type\":\"ListItem\",\"position\":1,\"name\":\"In\u00edcio\",\"item\":\"https:\/\/portaleducacao.guarulhos.sp.gov.br\/wp_site\/abrilliterario2021\/\"},{\"@type\":\"ListItem\",\"position\":2,\"name\":\"ESCOLAS DA PREFEITURA\"}]},{\"@type\":\"WebSite\",\"@id\":\"https:\/\/portaleducacao.guarulhos.sp.gov.br\/wp_site\/abrilliterario2021\/#website\",\"url\":\"https:\/\/portaleducacao.guarulhos.sp.gov.br\/wp_site\/abrilliterario2021\/\",\"name\":\"Abril Liter\u00e1rio Virtual 2021 - Literalmente Isso...\",\"description\":\"Secretaria Municipal de Educa\u00e7\u00e3o de Guarulhos\",\"potentialAction\":[{\"@type\":\"SearchAction\",\"target\":{\"@type\":\"EntryPoint\",\"urlTemplate\":\"https:\/\/portaleducacao.guarulhos.sp.gov.br\/wp_site\/abrilliterario2021\/?s={search_term_string}\"},\"query-input\":\"required name=search_term_string\"}],\"inLanguage\":\"pt-BR\"}]}<\/script>\r\n<!-- \/ Yoast SEO plugin. -->","yoast_head_json":{"title":"ESCOLAS DA PREFEITURA - Abril Liter\u00e1rio Virtual 2021 - Literalmente Isso...","robots":{"index":"index","follow":"follow","max-snippet":"max-snippet:-1","max-image-preview":"max-image-preview:large","max-video-preview":"max-video-preview:-1"},"canonical":"https:\/\/portaleducacao.guarulhos.sp.gov.br\/wp_site\/abrilliterario2021\/epgs-e-instituicoes-parceiras\/","og_locale":"pt_BR","og_type":"article","og_title":"ESCOLAS DA PREFEITURA - Abril Liter\u00e1rio Virtual 2021 - Literalmente Isso...","og_description":"Data\/Hor\u00e1rio: De 01 a 30\/04Unidade: EPG Benedito Vicente de OliveiraAtividade: V\u00eddeo para enviar para os alunos como sugest\u00e3o, porque o projeto da escola \u00e9 ler e encenar.Respons\u00e1vel: Mar\u00edlia RibeiroP\u00fablico-alvo: Meus [&hellip;]","og_url":"https:\/\/portaleducacao.guarulhos.sp.gov.br\/wp_site\/abrilliterario2021\/epgs-e-instituicoes-parceiras\/","og_site_name":"Abril Liter\u00e1rio Virtual 2021 - Literalmente Isso...","article_modified_time":"2021-04-15T18:22:21+00:00","twitter_card":"summary_large_image","twitter_misc":{"Est. tempo de leitura":"26 minutos"},"schema":{"@context":"https:\/\/schema.org","@graph":[{"@type":"WebPage","@id":"https:\/\/portaleducacao.guarulhos.sp.gov.br\/wp_site\/abrilliterario2021\/epgs-e-instituicoes-parceiras\/","url":"https:\/\/portaleducacao.guarulhos.sp.gov.br\/wp_site\/abrilliterario2021\/epgs-e-instituicoes-parceiras\/","name":"ESCOLAS DA PREFEITURA - Abril Liter\u00e1rio Virtual 2021 - Literalmente Isso...","isPartOf":{"@id":"https:\/\/portaleducacao.guarulhos.sp.gov.br\/wp_site\/abrilliterario2021\/#website"},"datePublished":"2021-03-24T13:16:45+00:00","dateModified":"2021-04-15T18:22:21+00:00","breadcrumb":{"@id":"https:\/\/portaleducacao.guarulhos.sp.gov.br\/wp_site\/abrilliterario2021\/epgs-e-instituicoes-parceiras\/#breadcrumb"},"inLanguage":"pt-BR","potentialAction":[{"@type":"ReadAction","target":["https:\/\/portaleducacao.guarulhos.sp.gov.br\/wp_site\/abrilliterario2021\/epgs-e-instituicoes-parceiras\/"]}]},{"@type":"BreadcrumbList","@id":"https:\/\/portaleducacao.guarulhos.sp.gov.br\/wp_site\/abrilliterario2021\/epgs-e-instituicoes-parceiras\/#breadcrumb","itemListElement":[{"@type":"ListItem","position":1,"name":"In\u00edcio","item":"https:\/\/portaleducacao.guarulhos.sp.gov.br\/wp_site\/abrilliterario2021\/"},{"@type":"ListItem","position":2,"name":"ESCOLAS DA PREFEITURA"}]},{"@type":"WebSite","@id":"https:\/\/portaleducacao.guarulhos.sp.gov.br\/wp_site\/abrilliterario2021\/#website","url":"https:\/\/portaleducacao.guarulhos.sp.gov.br\/wp_site\/abrilliterario2021\/","name":"Abril Liter\u00e1rio Virtual 2021 - Literalmente Isso...","description":"Secretaria Municipal de Educa\u00e7\u00e3o de Guarulhos","potentialAction":[{"@type":"SearchAction","target":{"@type":"EntryPoint","urlTemplate":"https:\/\/portaleducacao.guarulhos.sp.gov.br\/wp_site\/abrilliterario2021\/?s={search_term_string}"},"query-input":"required name=search_term_string"}],"inLanguage":"pt-BR"}]}},"_links":{"self":[{"href":"https:\/\/portaleducacao.guarulhos.sp.gov.br\/wp_site\/abrilliterario2021\/wp-json\/wp\/v2\/pages\/54"}],"collection":[{"href":"https:\/\/portaleducacao.guarulhos.sp.gov.br\/wp_site\/abrilliterario2021\/wp-json\/wp\/v2\/pages"}],"about":[{"href":"https:\/\/portaleducacao.guarulhos.sp.gov.br\/wp_site\/abrilliterario2021\/wp-json\/wp\/v2\/types\/page"}],"author":[{"embeddable":true,"href":"https:\/\/portaleducacao.guarulhos.sp.gov.br\/wp_site\/abrilliterario2021\/wp-json\/wp\/v2\/users\/1"}],"replies":[{"embeddable":true,"href":"https:\/\/portaleducacao.guarulhos.sp.gov.br\/wp_site\/abrilliterario2021\/wp-json\/wp\/v2\/comments?post=54"}],"version-history":[{"count":34,"href":"https:\/\/portaleducacao.guarulhos.sp.gov.br\/wp_site\/abrilliterario2021\/wp-json\/wp\/v2\/pages\/54\/revisions"}],"predecessor-version":[{"id":281,"href":"https:\/\/portaleducacao.guarulhos.sp.gov.br\/wp_site\/abrilliterario2021\/wp-json\/wp\/v2\/pages\/54\/revisions\/281"}],"wp:attachment":[{"href":"https:\/\/portaleducacao.guarulhos.sp.gov.br\/wp_site\/abrilliterario2021\/wp-json\/wp\/v2\/media?parent=54"}],"wp:term":[{"taxonomy":"category","embeddable":true,"href":"https:\/\/portaleducacao.guarulhos.sp.gov.br\/wp_site\/abrilliterario2021\/wp-json\/wp\/v2\/categories?post=54"},{"taxonomy":"post_tag","embeddable":true,"href":"https:\/\/portaleducacao.guarulhos.sp.gov.br\/wp_site\/abrilliterario2021\/wp-json\/wp\/v2\/tags?post=54"}],"curies":[{"name":"wp","href":"https:\/\/api.w.org\/{rel}","templated":true}]}}