{"id":56,"date":"2021-03-24T10:16:45","date_gmt":"2021-03-24T13:16:45","guid":{"rendered":"http:\/\/portaleducacao.guarulhos.sp.gov.br\/wp_site\/abrilliterario\/?page_id=56"},"modified":"2022-04-04T18:14:37","modified_gmt":"2022-04-04T21:14:37","slug":"profissionais-da-area","status":"publish","type":"page","link":"https:\/\/portaleducacao.guarulhos.sp.gov.br\/wp_site\/abrilliterario2021\/profissionais-da-area\/","title":{"rendered":"VIDEOTECA DO PROFESSOR"},"content":{"rendered":"\n<p class=\"has-medium-font-size\">Por meio das palestras de nossos convidados, enfatizamos a import\u00e2ncia do acesso a literatura como direito de todos.<\/p>\n\n\n\n<div style=\"height:100px\" aria-hidden=\"true\" class=\"wp-block-spacer\"><\/div>\n\n\n\n<h2>Slides de Apresenta\u00e7\u00e3o<\/h2>\n\n\n\n<p class=\"has-medium-font-size\"><strong>Livros sim, Coronav\u00edrus n\u00e3o!<\/strong><br>Grace Noronha &#8211; Mesa 1<br><a href=\"https:\/\/portaleducacao.guarulhos.sp.gov.br\/siseduc\/portal\/exibir\/arquivo\/9392\/inline\/\">Clique aqui<\/a> para fazer o download da apresenta\u00e7\u00e3o.<\/p>\n\n\n\n<div style=\"height:100px\" aria-hidden=\"true\" class=\"wp-block-spacer\"><\/div>\n\n\n\n<p class=\"has-medium-font-size\"><strong>Rafael de Arruda Bueno Jos\u00e9 Miguel<\/strong><br>Professor bil\u00edngue de surdos<br>Mestre em Educa\u00e7\u00e3o (FE &#8211; Unicamp)<br>Gradua\u00e7\u00e3o em Pedagogia, com habilita\u00e7\u00e3o em Educa\u00e7\u00e3o de Surdos e em Letras-Libras<br>Graduando em Pedagogia Bil\u00edngue Libras\/Portugu\u00eas (Instituto Nacional de Educa\u00e7\u00e3o de Surdos &#8211; Ines)<\/p>\n\n\n\n<figure class=\"wp-block-embed-youtube aligncenter wp-block-embed is-type-video is-provider-youtube wp-embed-aspect-16-9 wp-has-aspect-ratio\"><div class=\"wp-block-embed__wrapper\">\n<iframe loading=\"lazy\" title=\"Literatura infantil para crian\u00e7as surdas - Rafael Miguel (Prof. Bil\u00edngue de Surdos)\" width=\"870\" height=\"489\" src=\"https:\/\/www.youtube.com\/embed\/XrI9d3cK8c4?feature=oembed\" frameborder=\"0\" allow=\"accelerometer; autoplay; clipboard-write; encrypted-media; gyroscope; picture-in-picture\" allowfullscreen><\/iframe>\n<\/div><\/figure>\n\n\n\n<div style=\"height:100px\" aria-hidden=\"true\" class=\"wp-block-spacer\"><\/div>\n\n\n\n<p class=\"has-medium-font-size\"><strong>Tiago Ortaet<br><\/strong>Arte\/educador, escritor e gestor p\u00fablico<br>Especialista em Linguagens da Arte pela Universidade de S\u00e3o Paulo<br>Atualmente \u00e9 diretor do Departamento de Gest\u00e3o de Pol\u00edticas para as Mulheres<\/p>\n\n\n\n<figure class=\"wp-block-embed-youtube wp-block-embed is-type-video is-provider-youtube wp-embed-aspect-16-9 wp-has-aspect-ratio\"><div class=\"wp-block-embed__wrapper\">\n<iframe loading=\"lazy\" title=\"A import\u00e2ncia da Arte e da Cultura na nossa vida - Prof. Tiago Ortaet\" width=\"870\" height=\"489\" src=\"https:\/\/www.youtube.com\/embed\/pgFoBkwwoTU?feature=oembed\" frameborder=\"0\" allow=\"accelerometer; autoplay; clipboard-write; encrypted-media; gyroscope; picture-in-picture\" allowfullscreen><\/iframe>\n<\/div><\/figure>\n\n\n\n<div style=\"height:100px\" aria-hidden=\"true\" class=\"wp-block-spacer\"><\/div>\n\n\n\n<p class=\"has-medium-font-size\"><strong>Sandra Durante<br><\/strong>Psic\u00f3loga Escolar<br>Especialista em Psicologia Cl\u00ednica e em Psicologia Educacional\/Escolar pelo Conselho Regional de Psicologia<br>Formada em Psicologia na Faculdade Farias Brito (atual Universidade de Guarulhos)<br>Atua na Secretaria de Educa\u00e7\u00e3o (DOEP)<br>Divis\u00e3o T\u00e9cnica de Pol\u00edticas para Diversidade e Inclus\u00e3o Educacional<br>Se\u00e7\u00e3o T\u00e9cnica de Apoio Terap\u00eautico e Educacional Prof\u00aa Alice Ribeiro \u2013 NAE<\/p>\n\n\n\n<figure class=\"wp-block-embed-youtube wp-block-embed is-type-video is-provider-youtube wp-embed-aspect-16-9 wp-has-aspect-ratio\"><div class=\"wp-block-embed__wrapper\">\n<iframe loading=\"lazy\" title=\"A import\u00e2ncia dos Contos de Fadas para as crian\u00e7as - Psic\u00f3loga Sandra\" width=\"870\" height=\"489\" src=\"https:\/\/www.youtube.com\/embed\/0aeD0cuLL6c?feature=oembed\" frameborder=\"0\" allow=\"accelerometer; autoplay; clipboard-write; encrypted-media; gyroscope; picture-in-picture\" allowfullscreen><\/iframe>\n<\/div><\/figure>\n\n\n\n<div style=\"height:100px\" aria-hidden=\"true\" class=\"wp-block-spacer\"><\/div>\n\n\n\n<p class=\"has-medium-font-size\"><strong>Daniel Carvalho<\/strong><br>Poeta e Professor<br>Mestre em Letras (FFLCH &#8211; USP)<br>Doutorando em Estudos Comparados de Literaturas em L\u00edngua Portuguesa (FFLCH &#8211; USP)<\/p>\n\n\n\n<figure class=\"wp-block-embed-youtube wp-block-embed is-type-video is-provider-youtube wp-embed-aspect-16-9 wp-has-aspect-ratio\"><div class=\"wp-block-embed__wrapper\">\n<iframe loading=\"lazy\" title=\"Poesia como Espa\u00e7o de Cura - Daniel Carvalho\" width=\"870\" height=\"489\" src=\"https:\/\/www.youtube.com\/embed\/V50AuF9p38U?feature=oembed\" frameborder=\"0\" allow=\"accelerometer; autoplay; clipboard-write; encrypted-media; gyroscope; picture-in-picture\" allowfullscreen><\/iframe>\n<\/div><\/figure>\n\n\n\n<div style=\"height:100px\" aria-hidden=\"true\" class=\"wp-block-spacer\"><\/div>\n\n\n\n<p class=\"has-medium-font-size\"><strong>Ana Beatriz<\/strong><br>Professora da Sala de Recurso DV &#8211; NAE<br>Pedagoga com Habilita\u00e7\u00e3o em Defici\u00eancia Intelectual e Defici\u00eancia Visual pela USP<\/p>\n\n\n\n<figure class=\"wp-block-embed-youtube wp-block-embed is-type-video is-provider-youtube wp-embed-aspect-16-9 wp-has-aspect-ratio\"><div class=\"wp-block-embed__wrapper\">\n<iframe loading=\"lazy\" title=\"A Import\u00e2ncia da Literatura Infantil para Crian\u00e7as com Defici\u00eancia Visual e Cegas - Ana Beatriz\" width=\"870\" height=\"489\" src=\"https:\/\/www.youtube.com\/embed\/K71GMde5wUI?feature=oembed\" frameborder=\"0\" allow=\"accelerometer; autoplay; clipboard-write; encrypted-media; gyroscope; picture-in-picture\" allowfullscreen><\/iframe>\n<\/div><\/figure>\n\n\n\n<p><\/p>\n","protected":false},"excerpt":{"rendered":"<p>Por meio das palestras de nossos convidados, enfatizamos a import\u00e2ncia do acesso a literatura como direito de todos. Slides de Apresenta\u00e7\u00e3o Livros sim, Coronav\u00edrus n\u00e3o!Grace Noronha &#8211; Mesa 1Clique aqui [&hellip;]<\/p>\n","protected":false},"author":1,"featured_media":0,"parent":0,"menu_order":0,"comment_status":"closed","ping_status":"closed","template":"","meta":{"_monsterinsights_skip_tracking":false,"_monsterinsights_sitenote_active":false,"_monsterinsights_sitenote_note":"","_monsterinsights_sitenote_category":0,"_expiration-date-status":"","_expiration-date":0,"_expiration-date-type":"","_expiration-date-categories":[],"_expiration-date-options":[]},"categories":[],"tags":[],"yoast_head":"<!-- This site is optimized with the Yoast SEO plugin v19.7.1 - https:\/\/yoast.com\/wordpress\/plugins\/seo\/ -->\r\n<title>VIDEOTECA DO PROFESSOR - Abril Liter\u00e1rio Virtual 2021 - Literalmente Isso...<\/title>\r\n<meta name=\"robots\" content=\"index, follow, max-snippet:-1, max-image-preview:large, max-video-preview:-1\" \/>\r\n<link rel=\"canonical\" href=\"https:\/\/portaleducacao.guarulhos.sp.gov.br\/wp_site\/abrilliterario2021\/profissionais-da-area\/\" \/>\r\n<meta property=\"og:locale\" content=\"pt_BR\" \/>\r\n<meta property=\"og:type\" content=\"article\" \/>\r\n<meta property=\"og:title\" content=\"VIDEOTECA DO PROFESSOR - Abril Liter\u00e1rio Virtual 2021 - Literalmente Isso...\" \/>\r\n<meta property=\"og:description\" content=\"Por meio das palestras de nossos convidados, enfatizamos a import\u00e2ncia do acesso a literatura como direito de todos. Slides de Apresenta\u00e7\u00e3o Livros sim, Coronav\u00edrus n\u00e3o!Grace Noronha &#8211; Mesa 1Clique aqui [&hellip;]\" \/>\r\n<meta property=\"og:url\" content=\"https:\/\/portaleducacao.guarulhos.sp.gov.br\/wp_site\/abrilliterario2021\/profissionais-da-area\/\" \/>\r\n<meta property=\"og:site_name\" content=\"Abril Liter\u00e1rio Virtual 2021 - Literalmente Isso...\" \/>\r\n<meta property=\"article:modified_time\" content=\"2022-04-04T21:14:37+00:00\" \/>\r\n<meta name=\"twitter:card\" content=\"summary_large_image\" \/>\r\n<meta name=\"twitter:label1\" content=\"Est. tempo de leitura\" \/>\n\t<meta name=\"twitter:data1\" content=\"1 minuto\" \/>\r\n<script type=\"application\/ld+json\" class=\"yoast-schema-graph\">{\"@context\":\"https:\/\/schema.org\",\"@graph\":[{\"@type\":\"WebPage\",\"@id\":\"https:\/\/portaleducacao.guarulhos.sp.gov.br\/wp_site\/abrilliterario2021\/profissionais-da-area\/\",\"url\":\"https:\/\/portaleducacao.guarulhos.sp.gov.br\/wp_site\/abrilliterario2021\/profissionais-da-area\/\",\"name\":\"VIDEOTECA DO PROFESSOR - Abril Liter\u00e1rio Virtual 2021 - Literalmente Isso...\",\"isPartOf\":{\"@id\":\"https:\/\/portaleducacao.guarulhos.sp.gov.br\/wp_site\/abrilliterario2021\/#website\"},\"datePublished\":\"2021-03-24T13:16:45+00:00\",\"dateModified\":\"2022-04-04T21:14:37+00:00\",\"breadcrumb\":{\"@id\":\"https:\/\/portaleducacao.guarulhos.sp.gov.br\/wp_site\/abrilliterario2021\/profissionais-da-area\/#breadcrumb\"},\"inLanguage\":\"pt-BR\",\"potentialAction\":[{\"@type\":\"ReadAction\",\"target\":[\"https:\/\/portaleducacao.guarulhos.sp.gov.br\/wp_site\/abrilliterario2021\/profissionais-da-area\/\"]}]},{\"@type\":\"BreadcrumbList\",\"@id\":\"https:\/\/portaleducacao.guarulhos.sp.gov.br\/wp_site\/abrilliterario2021\/profissionais-da-area\/#breadcrumb\",\"itemListElement\":[{\"@type\":\"ListItem\",\"position\":1,\"name\":\"In\u00edcio\",\"item\":\"https:\/\/portaleducacao.guarulhos.sp.gov.br\/wp_site\/abrilliterario2021\/\"},{\"@type\":\"ListItem\",\"position\":2,\"name\":\"VIDEOTECA DO PROFESSOR\"}]},{\"@type\":\"WebSite\",\"@id\":\"https:\/\/portaleducacao.guarulhos.sp.gov.br\/wp_site\/abrilliterario2021\/#website\",\"url\":\"https:\/\/portaleducacao.guarulhos.sp.gov.br\/wp_site\/abrilliterario2021\/\",\"name\":\"Abril Liter\u00e1rio Virtual 2021 - Literalmente Isso...\",\"description\":\"Secretaria Municipal de Educa\u00e7\u00e3o de Guarulhos\",\"potentialAction\":[{\"@type\":\"SearchAction\",\"target\":{\"@type\":\"EntryPoint\",\"urlTemplate\":\"https:\/\/portaleducacao.guarulhos.sp.gov.br\/wp_site\/abrilliterario2021\/?s={search_term_string}\"},\"query-input\":\"required name=search_term_string\"}],\"inLanguage\":\"pt-BR\"}]}<\/script>\r\n<!-- \/ Yoast SEO plugin. -->","yoast_head_json":{"title":"VIDEOTECA DO PROFESSOR - Abril Liter\u00e1rio Virtual 2021 - Literalmente Isso...","robots":{"index":"index","follow":"follow","max-snippet":"max-snippet:-1","max-image-preview":"max-image-preview:large","max-video-preview":"max-video-preview:-1"},"canonical":"https:\/\/portaleducacao.guarulhos.sp.gov.br\/wp_site\/abrilliterario2021\/profissionais-da-area\/","og_locale":"pt_BR","og_type":"article","og_title":"VIDEOTECA DO PROFESSOR - Abril Liter\u00e1rio Virtual 2021 - Literalmente Isso...","og_description":"Por meio das palestras de nossos convidados, enfatizamos a import\u00e2ncia do acesso a literatura como direito de todos. Slides de Apresenta\u00e7\u00e3o Livros sim, Coronav\u00edrus n\u00e3o!Grace Noronha &#8211; Mesa 1Clique aqui [&hellip;]","og_url":"https:\/\/portaleducacao.guarulhos.sp.gov.br\/wp_site\/abrilliterario2021\/profissionais-da-area\/","og_site_name":"Abril Liter\u00e1rio Virtual 2021 - Literalmente Isso...","article_modified_time":"2022-04-04T21:14:37+00:00","twitter_card":"summary_large_image","twitter_misc":{"Est. tempo de leitura":"1 minuto"},"schema":{"@context":"https:\/\/schema.org","@graph":[{"@type":"WebPage","@id":"https:\/\/portaleducacao.guarulhos.sp.gov.br\/wp_site\/abrilliterario2021\/profissionais-da-area\/","url":"https:\/\/portaleducacao.guarulhos.sp.gov.br\/wp_site\/abrilliterario2021\/profissionais-da-area\/","name":"VIDEOTECA DO PROFESSOR - Abril Liter\u00e1rio Virtual 2021 - Literalmente Isso...","isPartOf":{"@id":"https:\/\/portaleducacao.guarulhos.sp.gov.br\/wp_site\/abrilliterario2021\/#website"},"datePublished":"2021-03-24T13:16:45+00:00","dateModified":"2022-04-04T21:14:37+00:00","breadcrumb":{"@id":"https:\/\/portaleducacao.guarulhos.sp.gov.br\/wp_site\/abrilliterario2021\/profissionais-da-area\/#breadcrumb"},"inLanguage":"pt-BR","potentialAction":[{"@type":"ReadAction","target":["https:\/\/portaleducacao.guarulhos.sp.gov.br\/wp_site\/abrilliterario2021\/profissionais-da-area\/"]}]},{"@type":"BreadcrumbList","@id":"https:\/\/portaleducacao.guarulhos.sp.gov.br\/wp_site\/abrilliterario2021\/profissionais-da-area\/#breadcrumb","itemListElement":[{"@type":"ListItem","position":1,"name":"In\u00edcio","item":"https:\/\/portaleducacao.guarulhos.sp.gov.br\/wp_site\/abrilliterario2021\/"},{"@type":"ListItem","position":2,"name":"VIDEOTECA DO PROFESSOR"}]},{"@type":"WebSite","@id":"https:\/\/portaleducacao.guarulhos.sp.gov.br\/wp_site\/abrilliterario2021\/#website","url":"https:\/\/portaleducacao.guarulhos.sp.gov.br\/wp_site\/abrilliterario2021\/","name":"Abril Liter\u00e1rio Virtual 2021 - Literalmente Isso...","description":"Secretaria Municipal de Educa\u00e7\u00e3o de Guarulhos","potentialAction":[{"@type":"SearchAction","target":{"@type":"EntryPoint","urlTemplate":"https:\/\/portaleducacao.guarulhos.sp.gov.br\/wp_site\/abrilliterario2021\/?s={search_term_string}"},"query-input":"required name=search_term_string"}],"inLanguage":"pt-BR"}]}},"_links":{"self":[{"href":"https:\/\/portaleducacao.guarulhos.sp.gov.br\/wp_site\/abrilliterario2021\/wp-json\/wp\/v2\/pages\/56"}],"collection":[{"href":"https:\/\/portaleducacao.guarulhos.sp.gov.br\/wp_site\/abrilliterario2021\/wp-json\/wp\/v2\/pages"}],"about":[{"href":"https:\/\/portaleducacao.guarulhos.sp.gov.br\/wp_site\/abrilliterario2021\/wp-json\/wp\/v2\/types\/page"}],"author":[{"embeddable":true,"href":"https:\/\/portaleducacao.guarulhos.sp.gov.br\/wp_site\/abrilliterario2021\/wp-json\/wp\/v2\/users\/1"}],"replies":[{"embeddable":true,"href":"https:\/\/portaleducacao.guarulhos.sp.gov.br\/wp_site\/abrilliterario2021\/wp-json\/wp\/v2\/comments?post=56"}],"version-history":[{"count":16,"href":"https:\/\/portaleducacao.guarulhos.sp.gov.br\/wp_site\/abrilliterario2021\/wp-json\/wp\/v2\/pages\/56\/revisions"}],"predecessor-version":[{"id":361,"href":"https:\/\/portaleducacao.guarulhos.sp.gov.br\/wp_site\/abrilliterario2021\/wp-json\/wp\/v2\/pages\/56\/revisions\/361"}],"wp:attachment":[{"href":"https:\/\/portaleducacao.guarulhos.sp.gov.br\/wp_site\/abrilliterario2021\/wp-json\/wp\/v2\/media?parent=56"}],"wp:term":[{"taxonomy":"category","embeddable":true,"href":"https:\/\/portaleducacao.guarulhos.sp.gov.br\/wp_site\/abrilliterario2021\/wp-json\/wp\/v2\/categories?post=56"},{"taxonomy":"post_tag","embeddable":true,"href":"https:\/\/portaleducacao.guarulhos.sp.gov.br\/wp_site\/abrilliterario2021\/wp-json\/wp\/v2\/tags?post=56"}],"curies":[{"name":"wp","href":"https:\/\/api.w.org\/{rel}","templated":true}]}}