{"id":114,"date":"2022-03-31T12:01:23","date_gmt":"2022-03-31T15:01:23","guid":{"rendered":"http:\/\/portaleducacao.guarulhos.sp.gov.br\/wp_site\/abrilliterario\/?page_id=114"},"modified":"2022-04-13T10:25:49","modified_gmt":"2022-04-13T13:25:49","slug":"encontro-com-autores","status":"publish","type":"page","link":"https:\/\/portaleducacao.guarulhos.sp.gov.br\/wp_site\/abrilliterario2022\/encontro-com-autores\/","title":{"rendered":"ENCONTRO COM AUTORES"},"content":{"rendered":"\n<p class=\"has-medium-font-size\">Voc\u00ea \u00e9 nosso convidado!<br>Aproveite para conhec\u00ea-los melhor, participe das lives, fazendo perguntas como: Qual o primeiro livro que escreveu? G\u00eanero favorito. Suas inspira\u00e7\u00f5es. O que gosta de ler?<br>E o que mais voc\u00ea tenha vontade de saber\u2026<\/p>\n\n\n\n<div style=\"height:100px\" aria-hidden=\"true\" class=\"wp-block-spacer\"><\/div>\n\n\n\n<h2 class=\"has-text-color\" style=\"color:#db5807\"><strong>C\u00e9sar Magalh\u00e3es Borges<\/strong><\/h2>\n\n\n\n<p class=\"has-medium-font-size\"><strong>Tema: Um dedo de prosa na m\u00e3o da poesia<\/strong><br><strong>Data: <\/strong>06\/04 &#8211; 08h<br><strong>Local: <\/strong>Centro Municipal de Educa\u00e7\u00e3o Adamastor \u2013 Teatro<br><strong>Convoca\u00e7\u00e3o: <\/strong>Professores Coordenadores pedag\u00f3gicos<\/p>\n\n\n\n<div style=\"height:100px\" aria-hidden=\"true\" class=\"wp-block-spacer\"><\/div>\n\n\n\n<p class=\"has-medium-font-size\"><strong>Tema: Poesia \u2013 Da tradi\u00e7\u00e3o oral \u00e0 linguagem visual<\/strong><br><strong>Data: <\/strong>13\/04 &#8211; 18h<br><strong>Local: <\/strong>Secretaria de Educa\u00e7\u00e3o &#8211; Audit\u00f3rio do DOEP &#8211; 2\u00ba andar<br><strong>Convoca\u00e7\u00e3o: <\/strong>Professores Coordenadores pedag\u00f3gicos da EJA<\/p>\n\n\n\n<p class=\"has-medium-font-size\">Professor doutor, escritor formado em Letras e p\u00f3s-graduado em Educa\u00e7\u00e3o. Atuou como professor em sala de aula durante trinta anos, vinte e nove dos quais dedicados ao Ensino Superior.<br>Alguns livros publicados: Vida a Granel (hist\u00f3rias de supermercado). Embri\u00e3o: poemas, Dicion\u00edrico: prosa, poesia e riso (de A a Z), Ciclo da Lua\u201d (poemas), livro que, em 2011, foi selecionado pelo programa de leitura \u201cApoio ao Saber\u201d, da FDE, e distribu\u00eddo para toda a rede estadual.<\/p>\n\n\n\n<div style=\"height:100px\" aria-hidden=\"true\" class=\"wp-block-spacer\"><\/div>\n\n\n\n<h2 class=\"has-text-color\" style=\"color:#db5807\"><strong>Eva Furnari<\/strong><\/h2>\n\n\n\n<p class=\"has-medium-font-size\"><strong>Tema: Trajet\u00f3ria de uma autora infantil<\/strong><br><strong>Data: <\/strong>07\/04 &#8211; 11h<br><strong>Link de acesso:<\/strong> <a rel=\"noreferrer noopener\" href=\"https:\/\/youtu.be\/Cgu-h0mQNTQ\" target=\"_blank\">https:\/\/youtu.be\/Cgu-h0mQNTQ<\/a><\/p>\n\n\n\n<p class=\"has-medium-font-size\">Formada em Arquitetura e Urbanismo pela USP. Come\u00e7ou a carreira de escritora e ilustradora de livros infantis e juvenis em 1980 e desde ent\u00e3o, publicou aproximadamente 70 livros. Seus livros foram publicados na Inglaterra, Turquia, China, Chile, M\u00e9xico. Recebeu diversos pr\u00eamios, entre eles o Jabuti pela CBL por oito vezes e foi premiada por nove vezes pela FNLIJ.<br>Alguns livros publicados: Travadinhas, N\u00e3o confunda, Listas fabulosas, Zig- Zag, Umbigo Indiscreto.<\/p>\n\n\n\n<div style=\"height:100px\" aria-hidden=\"true\" class=\"wp-block-spacer\"><\/div>\n\n\n\n<h2 class=\"has-text-color\" style=\"color:#db5807\"><strong>Pedro Bandeira<\/strong><\/h2>\n\n\n\n<p class=\"has-medium-font-size\"><strong>Tema: O papel do professor na forma\u00e7\u00e3o liter\u00e1ria dos alunos<\/strong><br><strong>Data:<\/strong> 14\/04 &#8211; 12h<br><strong>Link de acesso:<\/strong> <a rel=\"noreferrer noopener\" href=\"https:\/\/youtu.be\/KjbqOpkPmXw\" target=\"_blank\">https:\/\/youtu.be\/KjbqOpkPmXw<\/a><\/p>\n\n\n\n<p class=\"has-medium-font-size\">Nascido em Santos, S\u00e3o Paulo, em 1942, Pedro Bandeira mudou-se para a capital paulista em 1961. Trabalhou em teatro profissional como ator, diretor e cen\u00f3grafo. Foi redator, editor e ator de comerciais de televis\u00e3o. Como escritor, iniciou sua carreira com as primeiras hist\u00f3rias infantis publicadas em revistas de banca, em 1972. A partir de 1983, dedica-se exclusivamente \u00e0 escrita. Com a experi\u00eancia e carisma de quem escreve h\u00e1 mais de quatro d\u00e9cadas para crian\u00e7as e adolescentes, Pedro Bandeira segue mais ativo do que nunca. Pr\u00f3ximo de completar 80 anos, decidiu entrar no mundo das redes sociais, onde tem sido o porta-voz da esperan\u00e7a do Brasil.<br>Alguns livros publicados: A droga da obedi\u00eancia, A marca de uma l\u00e1grima, A droga do amor, Mais respeito, eu sou crian\u00e7a! O fant\u00e1stico mist\u00e9rio de feiurinha.<\/p>\n\n\n\n<div style=\"height:100px\" aria-hidden=\"true\" class=\"wp-block-spacer\"><\/div>\n\n\n\n<h2 class=\"has-text-color\" style=\"color:#db5807\"><strong>Bruno Grossi Beg\u00ea<\/strong><\/h2>\n\n\n\n<p class=\"has-medium-font-size\"><strong>Tema:<\/strong> As aventuras de Ralf e Carlos no Mundo da Lua<br><strong>Data:<\/strong> 28\/04 &#8211; 18h<br><strong>Link de acesso:<\/strong> <a rel=\"noreferrer noopener\" href=\"https:\/\/youtu.be\/kCYXEScDzqA\" target=\"_blank\">https:\/\/youtu.be\/kCYXEScDzqA<\/a><\/p>\n\n\n\n<p class=\"has-medium-font-size\">Mineiro nascido em Belo Horizonte no ano de 1979. Saiu da correria de cidade grande para morar no interior de Minas Gerais. Graduado em Comunica\u00e7\u00e3o pelo Uni-BH. P\u00f3s-graduado em Processos Criativos em Palavra e Imagem pela Puc-Minas, e especializa\u00e7\u00f5es. Trabalha com literatura e artes visuais. Como ilustrador, tem mais de 30 publica\u00e7\u00f5es entre livros infantis e cartilhas. Criou a Revista Cultural Nota Independente de 2000 a 2013 e o Portal do Ilustrador em 2010 a 2020 para facilitar e discutir sobre a profiss\u00e3o e o cen\u00e1rio da ilustra\u00e7\u00e3o. Fui diagnosticado tardiamente \u201cAutista com Altas Habilidades\u201d. Isso lhe deu for\u00e7a para me conhecer melhor, entender o meu passado e com isso comecei uma enorme pesquisa sobre o assunto. Escreve sobre o tema no seu Blog e no Instagram da \u201cPeixinha DoroTEA\u201d .<br>Alguns livros Publicados: De poesia, O gr\u00e3o imastig\u00e1vel, e Al\u00edvio da alma, Editora Miolo Mole (SP), As Aventuras de Ralf &amp; Carlos no Mundo da Lua, Monstro e \u201cDoroTEA \u2013 A Peixinha Autista.<\/p>\n","protected":false},"excerpt":{"rendered":"<p>Voc\u00ea \u00e9 nosso convidado!Aproveite para conhec\u00ea-los melhor, participe das lives, fazendo perguntas como: Qual o primeiro livro que escreveu? G\u00eanero favorito. Suas inspira\u00e7\u00f5es. O que gosta de ler?E o que [&hellip;]<\/p>\n","protected":false},"author":8,"featured_media":0,"parent":0,"menu_order":0,"comment_status":"closed","ping_status":"closed","template":"","meta":{"_monsterinsights_skip_tracking":false,"_monsterinsights_sitenote_active":false,"_monsterinsights_sitenote_note":"","_monsterinsights_sitenote_category":0,"_expiration-date-status":"","_expiration-date":0,"_expiration-date-type":"","_expiration-date-categories":[],"_expiration-date-options":[]},"categories":[],"tags":[],"yoast_head":"<!-- This site is optimized with the Yoast SEO plugin v19.7.1 - https:\/\/yoast.com\/wordpress\/plugins\/seo\/ -->\r\n<title>ENCONTRO COM AUTORES - Abril Liter\u00e1rio 2022<\/title>\r\n<meta name=\"robots\" content=\"index, follow, max-snippet:-1, max-image-preview:large, max-video-preview:-1\" \/>\r\n<link rel=\"canonical\" href=\"https:\/\/portaleducacao.guarulhos.sp.gov.br\/wp_site\/abrilliterario2022\/encontro-com-autores\/\" \/>\r\n<meta property=\"og:locale\" content=\"pt_BR\" \/>\r\n<meta property=\"og:type\" content=\"article\" \/>\r\n<meta property=\"og:title\" content=\"ENCONTRO COM AUTORES - Abril Liter\u00e1rio 2022\" \/>\r\n<meta property=\"og:description\" content=\"Voc\u00ea \u00e9 nosso convidado!Aproveite para conhec\u00ea-los melhor, participe das lives, fazendo perguntas como: Qual o primeiro livro que escreveu? G\u00eanero favorito. Suas inspira\u00e7\u00f5es. O que gosta de ler?E o que [&hellip;]\" \/>\r\n<meta property=\"og:url\" content=\"https:\/\/portaleducacao.guarulhos.sp.gov.br\/wp_site\/abrilliterario2022\/encontro-com-autores\/\" \/>\r\n<meta property=\"og:site_name\" content=\"Abril Liter\u00e1rio 2022\" \/>\r\n<meta property=\"article:modified_time\" content=\"2022-04-13T13:25:49+00:00\" \/>\r\n<meta name=\"twitter:card\" content=\"summary_large_image\" \/>\r\n<meta name=\"twitter:label1\" content=\"Est. tempo de leitura\" \/>\n\t<meta name=\"twitter:data1\" content=\"3 minutos\" \/>\r\n<script type=\"application\/ld+json\" class=\"yoast-schema-graph\">{\"@context\":\"https:\/\/schema.org\",\"@graph\":[{\"@type\":\"WebPage\",\"@id\":\"https:\/\/portaleducacao.guarulhos.sp.gov.br\/wp_site\/abrilliterario2022\/encontro-com-autores\/\",\"url\":\"https:\/\/portaleducacao.guarulhos.sp.gov.br\/wp_site\/abrilliterario2022\/encontro-com-autores\/\",\"name\":\"ENCONTRO COM AUTORES - Abril Liter\u00e1rio 2022\",\"isPartOf\":{\"@id\":\"https:\/\/portaleducacao.guarulhos.sp.gov.br\/wp_site\/abrilliterario2022\/#website\"},\"datePublished\":\"2022-03-31T15:01:23+00:00\",\"dateModified\":\"2022-04-13T13:25:49+00:00\",\"breadcrumb\":{\"@id\":\"https:\/\/portaleducacao.guarulhos.sp.gov.br\/wp_site\/abrilliterario2022\/encontro-com-autores\/#breadcrumb\"},\"inLanguage\":\"pt-BR\",\"potentialAction\":[{\"@type\":\"ReadAction\",\"target\":[\"https:\/\/portaleducacao.guarulhos.sp.gov.br\/wp_site\/abrilliterario2022\/encontro-com-autores\/\"]}]},{\"@type\":\"BreadcrumbList\",\"@id\":\"https:\/\/portaleducacao.guarulhos.sp.gov.br\/wp_site\/abrilliterario2022\/encontro-com-autores\/#breadcrumb\",\"itemListElement\":[{\"@type\":\"ListItem\",\"position\":1,\"name\":\"In\u00edcio\",\"item\":\"https:\/\/portaleducacao.guarulhos.sp.gov.br\/wp_site\/abrilliterario2022\/\"},{\"@type\":\"ListItem\",\"position\":2,\"name\":\"ENCONTRO COM AUTORES\"}]},{\"@type\":\"WebSite\",\"@id\":\"https:\/\/portaleducacao.guarulhos.sp.gov.br\/wp_site\/abrilliterario2022\/#website\",\"url\":\"https:\/\/portaleducacao.guarulhos.sp.gov.br\/wp_site\/abrilliterario2022\/\",\"name\":\"Abril Liter\u00e1rio 2022\",\"description\":\"Literalmente isso...\",\"potentialAction\":[{\"@type\":\"SearchAction\",\"target\":{\"@type\":\"EntryPoint\",\"urlTemplate\":\"https:\/\/portaleducacao.guarulhos.sp.gov.br\/wp_site\/abrilliterario2022\/?s={search_term_string}\"},\"query-input\":\"required name=search_term_string\"}],\"inLanguage\":\"pt-BR\"}]}<\/script>\r\n<!-- \/ Yoast SEO plugin. -->","yoast_head_json":{"title":"ENCONTRO COM AUTORES - Abril Liter\u00e1rio 2022","robots":{"index":"index","follow":"follow","max-snippet":"max-snippet:-1","max-image-preview":"max-image-preview:large","max-video-preview":"max-video-preview:-1"},"canonical":"https:\/\/portaleducacao.guarulhos.sp.gov.br\/wp_site\/abrilliterario2022\/encontro-com-autores\/","og_locale":"pt_BR","og_type":"article","og_title":"ENCONTRO COM AUTORES - Abril Liter\u00e1rio 2022","og_description":"Voc\u00ea \u00e9 nosso convidado!Aproveite para conhec\u00ea-los melhor, participe das lives, fazendo perguntas como: Qual o primeiro livro que escreveu? G\u00eanero favorito. Suas inspira\u00e7\u00f5es. O que gosta de ler?E o que [&hellip;]","og_url":"https:\/\/portaleducacao.guarulhos.sp.gov.br\/wp_site\/abrilliterario2022\/encontro-com-autores\/","og_site_name":"Abril Liter\u00e1rio 2022","article_modified_time":"2022-04-13T13:25:49+00:00","twitter_card":"summary_large_image","twitter_misc":{"Est. tempo de leitura":"3 minutos"},"schema":{"@context":"https:\/\/schema.org","@graph":[{"@type":"WebPage","@id":"https:\/\/portaleducacao.guarulhos.sp.gov.br\/wp_site\/abrilliterario2022\/encontro-com-autores\/","url":"https:\/\/portaleducacao.guarulhos.sp.gov.br\/wp_site\/abrilliterario2022\/encontro-com-autores\/","name":"ENCONTRO COM AUTORES - Abril Liter\u00e1rio 2022","isPartOf":{"@id":"https:\/\/portaleducacao.guarulhos.sp.gov.br\/wp_site\/abrilliterario2022\/#website"},"datePublished":"2022-03-31T15:01:23+00:00","dateModified":"2022-04-13T13:25:49+00:00","breadcrumb":{"@id":"https:\/\/portaleducacao.guarulhos.sp.gov.br\/wp_site\/abrilliterario2022\/encontro-com-autores\/#breadcrumb"},"inLanguage":"pt-BR","potentialAction":[{"@type":"ReadAction","target":["https:\/\/portaleducacao.guarulhos.sp.gov.br\/wp_site\/abrilliterario2022\/encontro-com-autores\/"]}]},{"@type":"BreadcrumbList","@id":"https:\/\/portaleducacao.guarulhos.sp.gov.br\/wp_site\/abrilliterario2022\/encontro-com-autores\/#breadcrumb","itemListElement":[{"@type":"ListItem","position":1,"name":"In\u00edcio","item":"https:\/\/portaleducacao.guarulhos.sp.gov.br\/wp_site\/abrilliterario2022\/"},{"@type":"ListItem","position":2,"name":"ENCONTRO COM AUTORES"}]},{"@type":"WebSite","@id":"https:\/\/portaleducacao.guarulhos.sp.gov.br\/wp_site\/abrilliterario2022\/#website","url":"https:\/\/portaleducacao.guarulhos.sp.gov.br\/wp_site\/abrilliterario2022\/","name":"Abril Liter\u00e1rio 2022","description":"Literalmente isso...","potentialAction":[{"@type":"SearchAction","target":{"@type":"EntryPoint","urlTemplate":"https:\/\/portaleducacao.guarulhos.sp.gov.br\/wp_site\/abrilliterario2022\/?s={search_term_string}"},"query-input":"required name=search_term_string"}],"inLanguage":"pt-BR"}]}},"_links":{"self":[{"href":"https:\/\/portaleducacao.guarulhos.sp.gov.br\/wp_site\/abrilliterario2022\/wp-json\/wp\/v2\/pages\/114"}],"collection":[{"href":"https:\/\/portaleducacao.guarulhos.sp.gov.br\/wp_site\/abrilliterario2022\/wp-json\/wp\/v2\/pages"}],"about":[{"href":"https:\/\/portaleducacao.guarulhos.sp.gov.br\/wp_site\/abrilliterario2022\/wp-json\/wp\/v2\/types\/page"}],"author":[{"embeddable":true,"href":"https:\/\/portaleducacao.guarulhos.sp.gov.br\/wp_site\/abrilliterario2022\/wp-json\/wp\/v2\/users\/8"}],"replies":[{"embeddable":true,"href":"https:\/\/portaleducacao.guarulhos.sp.gov.br\/wp_site\/abrilliterario2022\/wp-json\/wp\/v2\/comments?post=114"}],"version-history":[{"count":7,"href":"https:\/\/portaleducacao.guarulhos.sp.gov.br\/wp_site\/abrilliterario2022\/wp-json\/wp\/v2\/pages\/114\/revisions"}],"predecessor-version":[{"id":341,"href":"https:\/\/portaleducacao.guarulhos.sp.gov.br\/wp_site\/abrilliterario2022\/wp-json\/wp\/v2\/pages\/114\/revisions\/341"}],"wp:attachment":[{"href":"https:\/\/portaleducacao.guarulhos.sp.gov.br\/wp_site\/abrilliterario2022\/wp-json\/wp\/v2\/media?parent=114"}],"wp:term":[{"taxonomy":"category","embeddable":true,"href":"https:\/\/portaleducacao.guarulhos.sp.gov.br\/wp_site\/abrilliterario2022\/wp-json\/wp\/v2\/categories?post=114"},{"taxonomy":"post_tag","embeddable":true,"href":"https:\/\/portaleducacao.guarulhos.sp.gov.br\/wp_site\/abrilliterario2022\/wp-json\/wp\/v2\/tags?post=114"}],"curies":[{"name":"wp","href":"https:\/\/api.w.org\/{rel}","templated":true}]}}