{"id":68,"date":"2022-03-31T10:12:38","date_gmt":"2022-03-31T13:12:38","guid":{"rendered":"http:\/\/portaleducacao.guarulhos.sp.gov.br\/wp_site\/abrilliterario\/?page_id=68"},"modified":"2022-04-04T10:21:31","modified_gmt":"2022-04-04T13:21:31","slug":"videoteca","status":"publish","type":"page","link":"https:\/\/portaleducacao.guarulhos.sp.gov.br\/wp_site\/abrilliterario2022\/videoteca\/","title":{"rendered":"VIDEOTECA"},"content":{"rendered":"\n<p class=\"has-medium-font-size\"><strong>Daniel Carvalho<\/strong><br>M\u00fasico, educador, poeta e fot\u00f3grafo<br>Graduado em Letras na Universidade S\u00e3o Marcos<br>Especializa\u00e7\u00e3o em L\u00edngua Portuguesa pela PUC-SP<br>Mestre em Letras pela USP<\/p>\n\n\n\n<figure class=\"wp-block-embed-youtube wp-block-embed is-type-video is-provider-youtube wp-embed-aspect-16-9 wp-has-aspect-ratio\"><div class=\"wp-block-embed__wrapper\">\n<iframe loading=\"lazy\" title=\"Esse foi o pior ano\" width=\"870\" height=\"489\" src=\"https:\/\/www.youtube.com\/embed\/ef5zk1rOL4Y?feature=oembed\" frameborder=\"0\" allow=\"accelerometer; autoplay; clipboard-write; encrypted-media; gyroscope; picture-in-picture\" allowfullscreen><\/iframe>\n<\/div><figcaption>ESSSE FOI O PIOR ANO<\/figcaption><\/figure>\n\n\n\n<div style=\"height:100px\" aria-hidden=\"true\" class=\"wp-block-spacer\"><\/div>\n\n\n\n<figure class=\"wp-block-embed-youtube wp-block-embed is-type-video is-provider-youtube wp-embed-aspect-16-9 wp-has-aspect-ratio\"><div class=\"wp-block-embed__wrapper\">\n<iframe loading=\"lazy\" title=\"Minha casa \u00e9 peito abandonado\" width=\"870\" height=\"489\" src=\"https:\/\/www.youtube.com\/embed\/Lf8e0uzDve0?feature=oembed\" frameborder=\"0\" allow=\"accelerometer; autoplay; clipboard-write; encrypted-media; gyroscope; picture-in-picture\" allowfullscreen><\/iframe>\n<\/div><figcaption>MINHA CASA \u00c9 PEITO ABANDONADO<\/figcaption><\/figure>\n\n\n\n<div style=\"height:100px\" aria-hidden=\"true\" class=\"wp-block-spacer\"><\/div>\n\n\n\n<figure class=\"wp-block-embed-youtube wp-block-embed is-type-video is-provider-youtube wp-embed-aspect-16-9 wp-has-aspect-ratio\"><div class=\"wp-block-embed__wrapper\">\n<iframe loading=\"lazy\" title=\"Quando a gente olha pra vida\" width=\"870\" height=\"489\" src=\"https:\/\/www.youtube.com\/embed\/PwnJJzHDtVU?feature=oembed\" frameborder=\"0\" allow=\"accelerometer; autoplay; clipboard-write; encrypted-media; gyroscope; picture-in-picture\" allowfullscreen><\/iframe>\n<\/div><figcaption>QUANDO A GENTE OLHA PRA VIDA<\/figcaption><\/figure>\n\n\n\n<div style=\"height:100px\" aria-hidden=\"true\" class=\"wp-block-spacer\"><\/div>\n\n\n\n<hr class=\"wp-block-separator is-style-wide\" \/>\n\n\n\n<div style=\"height:100px\" aria-hidden=\"true\" class=\"wp-block-spacer\"><\/div>\n\n\n\n<p class=\"has-medium-font-size\" id=\"block-2ff74695-2abf-4efc-8659-bbd8b2f7169b\"><strong>Rafael de Arruda Bueno Jos\u00e9 Miguel<\/strong><br>Professor bil\u00edngue de surdos<br>Mestre em Educa\u00e7\u00e3o (FE &#8211; Unicamp)<br>Gradua\u00e7\u00e3o em Pedagogia, com habilita\u00e7\u00e3o em Educa\u00e7\u00e3o de Surdos e em Letras-Libras<br>Graduando em Pedagogia Bil\u00edngue Libras\/Portugu\u00eas (Instituto Nacional de Educa\u00e7\u00e3o de Surdos &#8211; Ines)<\/p>\n\n\n\n<figure class=\"wp-block-embed-youtube wp-block-embed is-type-video is-provider-youtube wp-embed-aspect-16-9 wp-has-aspect-ratio\"><div class=\"wp-block-embed__wrapper\">\n<iframe loading=\"lazy\" title=\"Literatura infantil para crian\u00e7as surdas - Rafael Miguel (Prof. Bil\u00edngue de Surdos)\" width=\"870\" height=\"489\" src=\"https:\/\/www.youtube.com\/embed\/XrI9d3cK8c4?feature=oembed\" frameborder=\"0\" allow=\"accelerometer; autoplay; clipboard-write; encrypted-media; gyroscope; picture-in-picture\" allowfullscreen><\/iframe>\n<\/div><\/figure>\n\n\n\n<div style=\"height:100px\" aria-hidden=\"true\" class=\"wp-block-spacer\"><\/div>\n\n\n\n<hr class=\"wp-block-separator is-style-wide\" \/>\n\n\n\n<div style=\"height:100px\" aria-hidden=\"true\" class=\"wp-block-spacer\"><\/div>\n\n\n\n<p class=\"has-medium-font-size\" id=\"block-3f168205-f9aa-489f-9d19-fd40e4f4c38a\"><strong>Tiago Ortaet<br><\/strong>Arte\/educador, escritor e gestor p\u00fablico<br>Especialista em Linguagens da Arte pela Universidade de S\u00e3o Paulo<br>Atualmente \u00e9 diretor do Departamento de Gest\u00e3o de Pol\u00edticas para as Mulheres<\/p>\n\n\n\n<figure class=\"wp-block-embed-youtube wp-block-embed is-type-video is-provider-youtube wp-embed-aspect-16-9 wp-has-aspect-ratio\"><div class=\"wp-block-embed__wrapper\">\n<iframe loading=\"lazy\" title=\"A import\u00e2ncia da Arte e da Cultura na nossa vida - Prof. Tiago Ortaet\" width=\"870\" height=\"489\" src=\"https:\/\/www.youtube.com\/embed\/pgFoBkwwoTU?feature=oembed\" frameborder=\"0\" allow=\"accelerometer; autoplay; clipboard-write; encrypted-media; gyroscope; picture-in-picture\" allowfullscreen><\/iframe>\n<\/div><\/figure>\n\n\n\n<div style=\"height:100px\" aria-hidden=\"true\" class=\"wp-block-spacer\"><\/div>\n\n\n\n<hr class=\"wp-block-separator is-style-wide\" \/>\n\n\n\n<div style=\"height:100px\" aria-hidden=\"true\" class=\"wp-block-spacer\"><\/div>\n\n\n\n<p class=\"has-medium-font-size\" id=\"block-61603566-e08f-40fa-b776-fbd284be2266\"><strong>Sandra Durante<br><\/strong>Psic\u00f3loga Escolar<br>Especialista em Psicologia Cl\u00ednica e em Psicologia Educacional\/Escolar pelo Conselho Regional de Psicologia<br>Formada em Psicologia na Faculdade Farias Brito (atual Universidade de Guarulhos)<br>Atua na Secretaria de Educa\u00e7\u00e3o (DOEP)<br>Divis\u00e3o T\u00e9cnica de Pol\u00edticas para Diversidade e Inclus\u00e3o Educacional<br>Se\u00e7\u00e3o T\u00e9cnica de Apoio Terap\u00eautico e Educacional Prof\u00aa Alice Ribeiro \u2013 NAE<\/p>\n\n\n\n<figure class=\"wp-block-embed-youtube wp-block-embed is-type-video is-provider-youtube wp-embed-aspect-16-9 wp-has-aspect-ratio\"><div class=\"wp-block-embed__wrapper\">\n<iframe loading=\"lazy\" title=\"A import\u00e2ncia dos Contos de Fadas para as crian\u00e7as - Psic\u00f3loga Sandra\" width=\"870\" height=\"489\" src=\"https:\/\/www.youtube.com\/embed\/0aeD0cuLL6c?feature=oembed\" frameborder=\"0\" allow=\"accelerometer; autoplay; clipboard-write; encrypted-media; gyroscope; picture-in-picture\" allowfullscreen><\/iframe>\n<\/div><\/figure>\n\n\n\n<div style=\"height:100px\" aria-hidden=\"true\" class=\"wp-block-spacer\"><\/div>\n\n\n\n<hr class=\"wp-block-separator is-style-wide\" \/>\n\n\n\n<div style=\"height:100px\" aria-hidden=\"true\" class=\"wp-block-spacer\"><\/div>\n\n\n\n<p class=\"has-medium-font-size\" id=\"block-45c35e82-0437-442d-8e3e-9c2f361fe6b9\"><strong>Daniel Carvalho<\/strong><br>Poeta e Professor<br>Mestre em Letras (FFLCH &#8211; USP)<br>Doutorando em Estudos Comparados de Literaturas em L\u00edngua Portuguesa (FFLCH &#8211; USP)<\/p>\n\n\n\n<figure class=\"wp-block-embed-youtube wp-block-embed is-type-video is-provider-youtube wp-embed-aspect-16-9 wp-has-aspect-ratio\"><div class=\"wp-block-embed__wrapper\">\n<iframe loading=\"lazy\" title=\"Poesia como Espa\u00e7o de Cura - Daniel Carvalho\" width=\"870\" height=\"489\" src=\"https:\/\/www.youtube.com\/embed\/V50AuF9p38U?feature=oembed\" frameborder=\"0\" allow=\"accelerometer; autoplay; clipboard-write; encrypted-media; gyroscope; picture-in-picture\" allowfullscreen><\/iframe>\n<\/div><\/figure>\n\n\n\n<div style=\"height:100px\" aria-hidden=\"true\" class=\"wp-block-spacer\"><\/div>\n\n\n\n<hr class=\"wp-block-separator is-style-wide\" \/>\n\n\n\n<div style=\"height:100px\" aria-hidden=\"true\" class=\"wp-block-spacer\"><\/div>\n\n\n\n<p class=\"has-medium-font-size\" id=\"block-6df64ab5-6bec-439f-a501-e6aa3bbe5824\"><strong>Ana Beatriz<\/strong><br>Professora da Sala de Recurso DV &#8211; NAE<br>Pedagoga com Habilita\u00e7\u00e3o em Defici\u00eancia Intelectual e Defici\u00eancia Visual pela USP<\/p>\n\n\n\n<figure class=\"wp-block-embed-youtube wp-block-embed is-type-video is-provider-youtube wp-embed-aspect-16-9 wp-has-aspect-ratio\"><div class=\"wp-block-embed__wrapper\">\n<iframe loading=\"lazy\" title=\"A Import\u00e2ncia da Literatura Infantil para Crian\u00e7as com Defici\u00eancia Visual e Cegas - Ana Beatriz\" width=\"870\" height=\"489\" src=\"https:\/\/www.youtube.com\/embed\/K71GMde5wUI?feature=oembed\" frameborder=\"0\" allow=\"accelerometer; autoplay; clipboard-write; encrypted-media; gyroscope; picture-in-picture\" allowfullscreen><\/iframe>\n<\/div><\/figure>\n\n\n\n<p><\/p>\n","protected":false},"excerpt":{"rendered":"<p>Daniel CarvalhoM\u00fasico, educador, poeta e fot\u00f3grafoGraduado em Letras na Universidade S\u00e3o MarcosEspecializa\u00e7\u00e3o em L\u00edngua Portuguesa pela PUC-SPMestre em Letras pela USP Rafael de Arruda Bueno Jos\u00e9 MiguelProfessor bil\u00edngue de surdosMestre [&hellip;]<\/p>\n","protected":false},"author":8,"featured_media":0,"parent":0,"menu_order":0,"comment_status":"closed","ping_status":"closed","template":"","meta":{"_monsterinsights_skip_tracking":false,"_monsterinsights_sitenote_active":false,"_monsterinsights_sitenote_note":"","_monsterinsights_sitenote_category":0,"_expiration-date-status":"","_expiration-date":0,"_expiration-date-type":"","_expiration-date-categories":[],"_expiration-date-options":[]},"categories":[],"tags":[],"yoast_head":"<!-- This site is optimized with the Yoast SEO plugin v19.7.1 - https:\/\/yoast.com\/wordpress\/plugins\/seo\/ -->\r\n<title>VIDEOTECA - Abril Liter\u00e1rio 2022<\/title>\r\n<meta name=\"robots\" content=\"index, follow, max-snippet:-1, max-image-preview:large, max-video-preview:-1\" \/>\r\n<link rel=\"canonical\" href=\"https:\/\/portaleducacao.guarulhos.sp.gov.br\/wp_site\/abrilliterario2022\/videoteca\/\" \/>\r\n<meta property=\"og:locale\" content=\"pt_BR\" \/>\r\n<meta property=\"og:type\" content=\"article\" \/>\r\n<meta property=\"og:title\" content=\"VIDEOTECA - Abril Liter\u00e1rio 2022\" \/>\r\n<meta property=\"og:description\" content=\"Daniel CarvalhoM\u00fasico, educador, poeta e fot\u00f3grafoGraduado em Letras na Universidade S\u00e3o MarcosEspecializa\u00e7\u00e3o em L\u00edngua Portuguesa pela PUC-SPMestre em Letras pela USP Rafael de Arruda Bueno Jos\u00e9 MiguelProfessor bil\u00edngue de surdosMestre [&hellip;]\" \/>\r\n<meta property=\"og:url\" content=\"https:\/\/portaleducacao.guarulhos.sp.gov.br\/wp_site\/abrilliterario2022\/videoteca\/\" \/>\r\n<meta property=\"og:site_name\" content=\"Abril Liter\u00e1rio 2022\" \/>\r\n<meta property=\"article:modified_time\" content=\"2022-04-04T13:21:31+00:00\" \/>\r\n<meta name=\"twitter:card\" content=\"summary_large_image\" \/>\r\n<meta name=\"twitter:label1\" content=\"Est. tempo de leitura\" \/>\n\t<meta name=\"twitter:data1\" content=\"1 minuto\" \/>\r\n<script type=\"application\/ld+json\" class=\"yoast-schema-graph\">{\"@context\":\"https:\/\/schema.org\",\"@graph\":[{\"@type\":\"WebPage\",\"@id\":\"https:\/\/portaleducacao.guarulhos.sp.gov.br\/wp_site\/abrilliterario2022\/videoteca\/\",\"url\":\"https:\/\/portaleducacao.guarulhos.sp.gov.br\/wp_site\/abrilliterario2022\/videoteca\/\",\"name\":\"VIDEOTECA - Abril Liter\u00e1rio 2022\",\"isPartOf\":{\"@id\":\"https:\/\/portaleducacao.guarulhos.sp.gov.br\/wp_site\/abrilliterario2022\/#website\"},\"datePublished\":\"2022-03-31T13:12:38+00:00\",\"dateModified\":\"2022-04-04T13:21:31+00:00\",\"breadcrumb\":{\"@id\":\"https:\/\/portaleducacao.guarulhos.sp.gov.br\/wp_site\/abrilliterario2022\/videoteca\/#breadcrumb\"},\"inLanguage\":\"pt-BR\",\"potentialAction\":[{\"@type\":\"ReadAction\",\"target\":[\"https:\/\/portaleducacao.guarulhos.sp.gov.br\/wp_site\/abrilliterario2022\/videoteca\/\"]}]},{\"@type\":\"BreadcrumbList\",\"@id\":\"https:\/\/portaleducacao.guarulhos.sp.gov.br\/wp_site\/abrilliterario2022\/videoteca\/#breadcrumb\",\"itemListElement\":[{\"@type\":\"ListItem\",\"position\":1,\"name\":\"In\u00edcio\",\"item\":\"https:\/\/portaleducacao.guarulhos.sp.gov.br\/wp_site\/abrilliterario2022\/\"},{\"@type\":\"ListItem\",\"position\":2,\"name\":\"VIDEOTECA\"}]},{\"@type\":\"WebSite\",\"@id\":\"https:\/\/portaleducacao.guarulhos.sp.gov.br\/wp_site\/abrilliterario2022\/#website\",\"url\":\"https:\/\/portaleducacao.guarulhos.sp.gov.br\/wp_site\/abrilliterario2022\/\",\"name\":\"Abril Liter\u00e1rio 2022\",\"description\":\"Literalmente isso...\",\"potentialAction\":[{\"@type\":\"SearchAction\",\"target\":{\"@type\":\"EntryPoint\",\"urlTemplate\":\"https:\/\/portaleducacao.guarulhos.sp.gov.br\/wp_site\/abrilliterario2022\/?s={search_term_string}\"},\"query-input\":\"required name=search_term_string\"}],\"inLanguage\":\"pt-BR\"}]}<\/script>\r\n<!-- \/ Yoast SEO plugin. -->","yoast_head_json":{"title":"VIDEOTECA - Abril Liter\u00e1rio 2022","robots":{"index":"index","follow":"follow","max-snippet":"max-snippet:-1","max-image-preview":"max-image-preview:large","max-video-preview":"max-video-preview:-1"},"canonical":"https:\/\/portaleducacao.guarulhos.sp.gov.br\/wp_site\/abrilliterario2022\/videoteca\/","og_locale":"pt_BR","og_type":"article","og_title":"VIDEOTECA - Abril Liter\u00e1rio 2022","og_description":"Daniel CarvalhoM\u00fasico, educador, poeta e fot\u00f3grafoGraduado em Letras na Universidade S\u00e3o MarcosEspecializa\u00e7\u00e3o em L\u00edngua Portuguesa pela PUC-SPMestre em Letras pela USP Rafael de Arruda Bueno Jos\u00e9 MiguelProfessor bil\u00edngue de surdosMestre [&hellip;]","og_url":"https:\/\/portaleducacao.guarulhos.sp.gov.br\/wp_site\/abrilliterario2022\/videoteca\/","og_site_name":"Abril Liter\u00e1rio 2022","article_modified_time":"2022-04-04T13:21:31+00:00","twitter_card":"summary_large_image","twitter_misc":{"Est. tempo de leitura":"1 minuto"},"schema":{"@context":"https:\/\/schema.org","@graph":[{"@type":"WebPage","@id":"https:\/\/portaleducacao.guarulhos.sp.gov.br\/wp_site\/abrilliterario2022\/videoteca\/","url":"https:\/\/portaleducacao.guarulhos.sp.gov.br\/wp_site\/abrilliterario2022\/videoteca\/","name":"VIDEOTECA - Abril Liter\u00e1rio 2022","isPartOf":{"@id":"https:\/\/portaleducacao.guarulhos.sp.gov.br\/wp_site\/abrilliterario2022\/#website"},"datePublished":"2022-03-31T13:12:38+00:00","dateModified":"2022-04-04T13:21:31+00:00","breadcrumb":{"@id":"https:\/\/portaleducacao.guarulhos.sp.gov.br\/wp_site\/abrilliterario2022\/videoteca\/#breadcrumb"},"inLanguage":"pt-BR","potentialAction":[{"@type":"ReadAction","target":["https:\/\/portaleducacao.guarulhos.sp.gov.br\/wp_site\/abrilliterario2022\/videoteca\/"]}]},{"@type":"BreadcrumbList","@id":"https:\/\/portaleducacao.guarulhos.sp.gov.br\/wp_site\/abrilliterario2022\/videoteca\/#breadcrumb","itemListElement":[{"@type":"ListItem","position":1,"name":"In\u00edcio","item":"https:\/\/portaleducacao.guarulhos.sp.gov.br\/wp_site\/abrilliterario2022\/"},{"@type":"ListItem","position":2,"name":"VIDEOTECA"}]},{"@type":"WebSite","@id":"https:\/\/portaleducacao.guarulhos.sp.gov.br\/wp_site\/abrilliterario2022\/#website","url":"https:\/\/portaleducacao.guarulhos.sp.gov.br\/wp_site\/abrilliterario2022\/","name":"Abril Liter\u00e1rio 2022","description":"Literalmente isso...","potentialAction":[{"@type":"SearchAction","target":{"@type":"EntryPoint","urlTemplate":"https:\/\/portaleducacao.guarulhos.sp.gov.br\/wp_site\/abrilliterario2022\/?s={search_term_string}"},"query-input":"required name=search_term_string"}],"inLanguage":"pt-BR"}]}},"_links":{"self":[{"href":"https:\/\/portaleducacao.guarulhos.sp.gov.br\/wp_site\/abrilliterario2022\/wp-json\/wp\/v2\/pages\/68"}],"collection":[{"href":"https:\/\/portaleducacao.guarulhos.sp.gov.br\/wp_site\/abrilliterario2022\/wp-json\/wp\/v2\/pages"}],"about":[{"href":"https:\/\/portaleducacao.guarulhos.sp.gov.br\/wp_site\/abrilliterario2022\/wp-json\/wp\/v2\/types\/page"}],"author":[{"embeddable":true,"href":"https:\/\/portaleducacao.guarulhos.sp.gov.br\/wp_site\/abrilliterario2022\/wp-json\/wp\/v2\/users\/8"}],"replies":[{"embeddable":true,"href":"https:\/\/portaleducacao.guarulhos.sp.gov.br\/wp_site\/abrilliterario2022\/wp-json\/wp\/v2\/comments?post=68"}],"version-history":[{"count":8,"href":"https:\/\/portaleducacao.guarulhos.sp.gov.br\/wp_site\/abrilliterario2022\/wp-json\/wp\/v2\/pages\/68\/revisions"}],"predecessor-version":[{"id":267,"href":"https:\/\/portaleducacao.guarulhos.sp.gov.br\/wp_site\/abrilliterario2022\/wp-json\/wp\/v2\/pages\/68\/revisions\/267"}],"wp:attachment":[{"href":"https:\/\/portaleducacao.guarulhos.sp.gov.br\/wp_site\/abrilliterario2022\/wp-json\/wp\/v2\/media?parent=68"}],"wp:term":[{"taxonomy":"category","embeddable":true,"href":"https:\/\/portaleducacao.guarulhos.sp.gov.br\/wp_site\/abrilliterario2022\/wp-json\/wp\/v2\/categories?post=68"},{"taxonomy":"post_tag","embeddable":true,"href":"https:\/\/portaleducacao.guarulhos.sp.gov.br\/wp_site\/abrilliterario2022\/wp-json\/wp\/v2\/tags?post=68"}],"curies":[{"name":"wp","href":"https:\/\/api.w.org\/{rel}","templated":true}]}}