{"id":93,"date":"2022-03-31T11:32:02","date_gmt":"2022-03-31T14:32:02","guid":{"rendered":"http:\/\/portaleducacao.guarulhos.sp.gov.br\/wp_site\/abrilliterario\/?page_id=93"},"modified":"2022-04-01T11:21:06","modified_gmt":"2022-04-01T14:21:06","slug":"instituicoes-parceiras","status":"publish","type":"page","link":"https:\/\/portaleducacao.guarulhos.sp.gov.br\/wp_site\/abrilliterario2022\/instituicoes-parceiras\/","title":{"rendered":"INSTITUI\u00c7\u00d5ES PARCEIRAS"},"content":{"rendered":"\n<p class=\"has-medium-font-size\"><strong>Data: <\/strong>01 \u00e0 08\/04\/2022<br><strong>Unidade: <\/strong>ACE JARDIM PALMIRA<br><strong>Respons\u00e1vel: <\/strong>Aluanda Rocha de Souza<br><strong>Atividade\/Descri\u00e7\u00e3o: <\/strong>Projeto viol\u00e3o e cantigas, pe\u00e7a de teatro Pin\u00f3quio e dramatiza\u00e7\u00e3o de poemas. (Manh\u00e3)<br><strong>P\u00fablico-alvo: <\/strong>Educa\u00e7\u00e3o Infantil \u2013 Creche<\/p>\n\n\n\n<hr class=\"wp-block-separator is-style-wide\" \/>\n\n\n\n<p class=\"has-medium-font-size\"><strong>Data: <\/strong>04 \u00e0 08\/04\/2022<br><strong>Unidade: <\/strong>OLHANDO POR NOS ONG INSTITUTO CULTURAL \u2013 ICON<br><strong>Respons\u00e1vel: <\/strong>Drielle Duarte Meneghetti<br><strong>Atividade\/Descri\u00e7\u00e3o: <\/strong>Maternal A \u2013 Conta\u00e7\u00e3o da hist\u00f3ria com palitoches, em seguida a constru\u00e7\u00e3o de um morango gigante .<br><strong>Nome do livro:<\/strong> O Ratinho, O Morango Vermelho Maduro, e O Grande Urso Esfomeado<br>Autores: Don e Audrey Wood. Ilustra\u00e7\u00e3o: Don WOOD<br><strong>P\u00fablico-alvo: <\/strong>Educa\u00e7\u00e3o Infantil \u2013 Creche<\/p>\n\n\n\n<hr class=\"wp-block-separator is-style-wide\" \/>\n\n\n\n<p class=\"has-medium-font-size\"><strong>Data: <\/strong>04 \u00e0 08\/04\/2022<br><strong>Unidade: <\/strong>ASSOCIA\u00c7\u00c3O ATL\u00c9TICA 100% FAMIL\u00cdA<br><strong>Respons\u00e1vel:<\/strong> Juliana de Jesus Garrido<br><strong>Atividade\/Descri\u00e7\u00e3o: <\/strong>Viajando pelo mundo m\u00e1gico da literatura infantil<br><strong>P\u00fablico-alvo: <\/strong>Educa\u00e7\u00e3o Infantil- Creche<\/p>\n\n\n\n<hr class=\"wp-block-separator is-style-wide\" \/>\n\n\n\n<p class=\"has-medium-font-size\"><strong>Data: <\/strong>04 \u00e0 29\/04\/2022<br><strong>Unidade:<\/strong> ECO-SOCIAL AGUA AZUL ORGANIZA\u00c7AO UNID II<br><strong>Respons\u00e1vel: <\/strong>Rosana Alves de Ara\u00fajo<br><strong>Atividade\/Descri\u00e7\u00e3o:<\/strong> Roda de leitura, cota\u00e7\u00e3o de hist\u00f3ria, varal liter\u00e1rio com atividades para colorir, teatro, maleta viajante (leitura com a fam\u00edlia).<br><strong>P\u00fablico-alvo: <\/strong>Educa\u00e7\u00e3o Infantil \u2013 Creche<\/p>\n\n\n\n<hr class=\"wp-block-separator is-style-wide\" \/>\n\n\n\n<p class=\"has-medium-font-size\"><strong>Data: <\/strong>09\/04\/2022<br><strong>Unidade: <\/strong>ECO-SOCIAL AGUA AZUL ORGANIZA\u00c7AO UNID I<br><strong>Respons\u00e1vel: <\/strong>Laiane Nunes Rodrigues<br><strong>Atividade\/Descri\u00e7\u00e3o:<\/strong> As professoras propuseram uma pintura na \u00e1rea externa (sol\u00e1rio), onde foram oferecidos aos alunos pap\u00e9is krafts e borrifadores com tintas. Os alunos trabalharam a coordena\u00e7\u00e3o motora, concentra\u00e7\u00e3o, autonomia, criatividade e a imagina\u00e7\u00e3o, realizando suas obras de artes atrav\u00e9s do borrifar tinta no papel ofertado.<br>A ideia das professoras eram que os alunos criassem suas obras de artes livremente.<br>Ap\u00f3s finalizar a atividade, a mesma ficou expostas na \u00e1rea externa para ser apreciada pelos outros alunos e todos os integrantes da equipe escolar. Proposta pedag\u00f3gica retirada do livro Baby Art autora Anna Marir Holm.<br><strong>P\u00fablico-alvo: <\/strong>Educa\u00e7\u00e3o Infantil \u2013 Creche<\/p>\n\n\n\n<hr class=\"wp-block-separator is-style-wide\" \/>\n\n\n\n<p class=\"has-medium-font-size\"><strong>Data: <\/strong>11 \u00e0 13\/04\/2022<br><strong>Unidade: <\/strong>OLHANDO POR NOS ONG INSTITUTO CULTURAL \u2013 ICON<br><strong>Respons\u00e1vel:<\/strong> Drielle Duarte Meneghetti<br><strong>Atividade\/Descri\u00e7\u00e3o:<\/strong> A Hist\u00f3ria O monstrinho das cores \u2013 Autora Anna Llenas.<br>As professoras ir\u00e3o contar a historia para as crian\u00e7as e depois ir\u00e3o confeccionar um monstro de palitoche junto com a turma deixando que cada crian\u00e7a escolha a cor que quer que o seu monstro da emo\u00e7\u00e3o tenha.<br><strong>P\u00fablico-alvo:<\/strong> Educa\u00e7\u00e3o Infantil \u2013 Creche<\/p>\n\n\n\n<hr class=\"wp-block-separator is-style-wide\" \/>\n\n\n\n<p class=\"has-medium-font-size\"><strong>Data: <\/strong>14 \u00e0 18\/04\/2022<br><strong>Unidade: <\/strong>OLHANDO POR NOS ONG INSTITUTO CULTURAL \u2013 ICON<br><strong>Respons\u00e1vel:<\/strong> Drielle Duarte Meneghetti<br><strong>Atividade\/Descri\u00e7\u00e3o: <\/strong>Hist\u00f3ria A Casa Sonolenta \u2013 Autora: Audrey wood<br>Iniciaremos com a conta\u00e7\u00e3o de hist\u00f3rias, e vamos utilizar o avental onde as crian\u00e7as iram ser os protagonistas colocando os palitoches no avental da hist\u00f3ria como recurso, e finalizaremos com a m\u00fasica A Casa de Vin\u00edcius de morais.<br><strong>P\u00fablico-alvo:<\/strong> Educa\u00e7\u00e3o Infantil \u2013 Creche<\/p>\n\n\n\n<hr class=\"wp-block-separator is-style-wide\" \/>\n\n\n\n<p class=\"has-medium-font-size\"><strong>Data:<\/strong> 18 \u00e0 20\/04\/2022<br><strong>Unidade: <\/strong>ABIS ALIAN\u00c7A BRASILEIRA PELA INCLUSAO SOCIAL UNID I<br><strong>Respons\u00e1vel: <\/strong>Caroline Soraia Kui Zanon<br><strong>Atividade\/Descri\u00e7\u00e3o:<\/strong> Apresenta\u00e7\u00e3o teatral do livro Curumim de Tiago Hakiy (contextualiza\u00e7\u00e3o do livro e da vida ind\u00edgena, confec\u00e7\u00e3o do cen\u00e1rio e itens para a encena\u00e7\u00e3o). Per\u00edodo: Intermedi\u00e1rio<br><strong>P\u00fablico-alvo: <\/strong>Educa\u00e7\u00e3o Infantil \u2013 Creche<\/p>\n\n\n\n<hr class=\"wp-block-separator is-style-wide\" \/>\n\n\n\n<p class=\"has-medium-font-size\"><strong>Data:<\/strong> 18 \u00e0 29\/04\/2022<br><strong>Unidade:<\/strong> ASSOCIA\u00c7\u00c3O ATL\u00c9TICA 100% FAMIL\u00cdA<br><strong>Respons\u00e1vel: <\/strong>Juliana de Jesus Garrido<br><strong>Atividade\/Descri\u00e7\u00e3o:<\/strong> Estaremos realizando roda de conta\u00e7\u00e3o de hist\u00f3rias com fantoches, apresenta\u00e7\u00e3o de personagens da literatura infantil, registro dos pais contando hist\u00f3rias para os educandos em casa. E finalizaremos com uma pe\u00e7a teatral infantil.<br><strong>P\u00fablico-alvo:<\/strong> Educa\u00e7\u00e3o Infantil- Creche<\/p>\n\n\n\n<hr class=\"wp-block-separator is-style-wide\" \/>\n\n\n\n<p class=\"has-medium-font-size\"><strong>Data:<\/strong> 25 \u00e0 29\/04\/2022<br><strong>Unidade:<\/strong> JOSE PIRES INSTITUTO DE CIDADANIA \u2013 ONG<br><strong>Respons\u00e1vel: <\/strong>Patr\u00edcia Aparecida Ribeiro Cardoso<br><strong>Atividade\/Descri\u00e7\u00e3o: <\/strong>Tenda Liter\u00e1ria<br><strong>P\u00fablico-alvo: <\/strong>Educa\u00e7\u00e3o Infantil \u2013 Creche<\/p>\n\n\n\n<hr class=\"wp-block-separator is-style-wide\" \/>\n\n\n\n<p class=\"has-medium-font-size\"><strong>Data:<\/strong> 25 \u00e0 27\/04\/2022<br><strong>Unidade:<\/strong> OLHANDO POR NOS ONG INSTITUTO CULTURAL \u2013 ICON<br><strong>Respons\u00e1vel:<\/strong> Drielle Duarte Meneghetti<br><strong>Atividade\/Descri\u00e7\u00e3o:<\/strong> A Hist\u00f3ria O Gato Xadrez Autora: Isa Mara Lando<br>Em roda iremos contar a hist\u00f3ria , depois cantaremos a m\u00fasica n\u00e3o atire o pau no gato utilizando o fantoche onde eles iram manipular o fantoche do gato e imitar o seu som, utilizaremos tinta guache para carimbar as m\u00e3ozinhas dos alunos nas cores mencionadas na hist\u00f3ria e transforma-las em rostinhos de gatos.<br><strong>P\u00fablico-alvo:<\/strong> Educa\u00e7\u00e3o Infantil \u2013 Creche<\/p>\n\n\n\n<hr class=\"wp-block-separator is-style-wide\" \/>\n\n\n\n<p class=\"has-medium-font-size\"><strong>Data: <\/strong>25 \u00e0 27\/04\/2022<br><strong>Unidade:<\/strong> OLHANDO POR NOS ONG INSTITUTO CULTURAL \u2013 ICON<br><strong>Respons\u00e1vel:<\/strong> Drielle Duarte Meneghetti<br><strong>Atividade\/Descri\u00e7\u00e3o:<\/strong> A Hist\u00f3ria O Gato Xadrez Autora: Isa Mara Lando<br>Em roda iremos contar a hist\u00f3ria , depois cantaremos a m\u00fasica n\u00e3o atire o pau no gato utilizando o fantoche onde eles iram manipular o fantoche do gato e imitar o seu som, utilizaremos tinta guache para carimbar as m\u00e3ozinhas dos alunos nas cores mencionadas na hist\u00f3ria e transforma-las em rostinhos de gatos.<br><strong>P\u00fablico-alvo: <\/strong>Educa\u00e7\u00e3o Infantil \u2013 Creche<\/p>\n\n\n\n<hr class=\"wp-block-separator is-style-wide\" \/>\n\n\n\n<p class=\"has-medium-font-size\"><strong>Data: <\/strong>25 \u00e0 29\/04\/2022<br><strong>Unidade:<\/strong> OLHANDO POR NOS ONG INSTITUTO CULTURAL \u2013 ICON<br><strong>Respons\u00e1vel: <\/strong>Drielle Duarte Meneghetti<br><strong>Atividade\/Descri\u00e7\u00e3o: <\/strong>Ber\u00e7\u00e1rio II B Conta\u00e7\u00e3o de Hist\u00f3rias -A cesta da dona Maricota-<br><strong>Autor: <\/strong>Tatiana Belinky<br>Iniciaremos com a conta\u00e7\u00e3o de hist\u00f3ria , em seguida as crian\u00e7as iram manipular as frutas e confeccionar o palitoche das frutas, e iram saborear uma linda salada de frutas , e a culmin\u00e2ncia ser\u00e1 a pintura da \u00e1rvore.<br><strong>P\u00fablico-alvo: <\/strong>Educa\u00e7\u00e3o Infantil \u2013 Creche<\/p>\n\n\n\n<hr class=\"wp-block-separator is-style-wide\" \/>\n\n\n\n<p class=\"has-medium-font-size\"><strong>Data:<\/strong> 25 \u00e0 29\/04\/2022<br><strong>Unidade: <\/strong>JOSE PIRES INSTITUTO DE CIDADANIA \u2013 ONG<br><strong>Respons\u00e1vel: <\/strong>Patr\u00edcia Aparecida Ribeiro Cardoso<br><strong>Atividade\/Descri\u00e7\u00e3o:<\/strong> Tenda Liter\u00e1ria<br><strong>P\u00fablico-alvo: <\/strong>Educa\u00e7\u00e3o Infantil \u2013 Creche<\/p>\n\n\n\n<hr class=\"wp-block-separator is-style-wide\" \/>\n\n\n\n<p class=\"has-medium-font-size\"><strong>Data: <\/strong>25 \u00e0 29\/04\/2022<br><strong>Unidade: <\/strong>OLHANDO POR NOS ONG INSTITUTO CULTURAL \u2013 ICON<br><strong>Respons\u00e1vel: <\/strong>Drielle Duarte Meneghetti<br><strong>Atividade\/Descri\u00e7\u00e3o: <\/strong>Ber\u00e7\u00e1rio II B Conta\u00e7\u00e3o de Hist\u00f3rias \u2013 A cesta da dona Maricota<br><strong>Autor: <\/strong>Tatiana Belinky<br>Iniciaremos com a conta\u00e7\u00e3o de hist\u00f3ria , em seguida as crian\u00e7as iram manipular as frutas e confeccionar o palitoche das frutas, e iram saborear uma linda salada de frutas , e a culmin\u00e2ncia ser\u00e1 a pintura da \u00e1rvore.<br><strong>P\u00fablico-alvo: <\/strong>Educa\u00e7\u00e3o Infantil \u2013 Creche<\/p>\n","protected":false},"excerpt":{"rendered":"<p>Data: 01 \u00e0 08\/04\/2022Unidade: ACE JARDIM PALMIRARespons\u00e1vel: Aluanda Rocha de SouzaAtividade\/Descri\u00e7\u00e3o: Projeto viol\u00e3o e cantigas, pe\u00e7a de teatro Pin\u00f3quio e dramatiza\u00e7\u00e3o de poemas. (Manh\u00e3)P\u00fablico-alvo: Educa\u00e7\u00e3o Infantil \u2013 Creche Data: 04 [&hellip;]<\/p>\n","protected":false},"author":8,"featured_media":0,"parent":0,"menu_order":0,"comment_status":"closed","ping_status":"closed","template":"","meta":{"_monsterinsights_skip_tracking":false,"_monsterinsights_sitenote_active":false,"_monsterinsights_sitenote_note":"","_monsterinsights_sitenote_category":0,"_expiration-date-status":"","_expiration-date":0,"_expiration-date-type":"","_expiration-date-categories":[],"_expiration-date-options":[]},"categories":[],"tags":[],"yoast_head":"<!-- This site is optimized with the Yoast SEO plugin v19.7.1 - https:\/\/yoast.com\/wordpress\/plugins\/seo\/ -->\r\n<title>INSTITUI\u00c7\u00d5ES PARCEIRAS - Abril Liter\u00e1rio 2022<\/title>\r\n<meta name=\"robots\" content=\"index, follow, max-snippet:-1, max-image-preview:large, max-video-preview:-1\" \/>\r\n<link rel=\"canonical\" href=\"http:\/\/portaleducacao.guarulhos.sp.gov.br\/wp_site\/abrilliterario2022\/instituicoes-parceiras\/\" \/>\r\n<meta property=\"og:locale\" content=\"pt_BR\" \/>\r\n<meta property=\"og:type\" content=\"article\" \/>\r\n<meta property=\"og:title\" content=\"INSTITUI\u00c7\u00d5ES PARCEIRAS - Abril Liter\u00e1rio 2022\" \/>\r\n<meta property=\"og:description\" content=\"Data: 01 \u00e0 08\/04\/2022Unidade: ACE JARDIM PALMIRARespons\u00e1vel: Aluanda Rocha de SouzaAtividade\/Descri\u00e7\u00e3o: Projeto viol\u00e3o e cantigas, pe\u00e7a de teatro Pin\u00f3quio e dramatiza\u00e7\u00e3o de poemas. (Manh\u00e3)P\u00fablico-alvo: Educa\u00e7\u00e3o Infantil \u2013 Creche Data: 04 [&hellip;]\" \/>\r\n<meta property=\"og:url\" content=\"http:\/\/portaleducacao.guarulhos.sp.gov.br\/wp_site\/abrilliterario2022\/instituicoes-parceiras\/\" \/>\r\n<meta property=\"og:site_name\" content=\"Abril Liter\u00e1rio 2022\" \/>\r\n<meta property=\"article:modified_time\" content=\"2022-04-01T14:21:06+00:00\" \/>\r\n<meta name=\"twitter:card\" content=\"summary_large_image\" \/>\r\n<meta name=\"twitter:label1\" content=\"Est. tempo de leitura\" \/>\n\t<meta name=\"twitter:data1\" content=\"5 minutos\" \/>\r\n<script type=\"application\/ld+json\" class=\"yoast-schema-graph\">{\"@context\":\"https:\/\/schema.org\",\"@graph\":[{\"@type\":\"WebPage\",\"@id\":\"http:\/\/portaleducacao.guarulhos.sp.gov.br\/wp_site\/abrilliterario2022\/instituicoes-parceiras\/\",\"url\":\"http:\/\/portaleducacao.guarulhos.sp.gov.br\/wp_site\/abrilliterario2022\/instituicoes-parceiras\/\",\"name\":\"INSTITUI\u00c7\u00d5ES PARCEIRAS - Abril Liter\u00e1rio 2022\",\"isPartOf\":{\"@id\":\"https:\/\/portaleducacao.guarulhos.sp.gov.br\/wp_site\/abrilliterario2022\/#website\"},\"datePublished\":\"2022-03-31T14:32:02+00:00\",\"dateModified\":\"2022-04-01T14:21:06+00:00\",\"breadcrumb\":{\"@id\":\"http:\/\/portaleducacao.guarulhos.sp.gov.br\/wp_site\/abrilliterario2022\/instituicoes-parceiras\/#breadcrumb\"},\"inLanguage\":\"pt-BR\",\"potentialAction\":[{\"@type\":\"ReadAction\",\"target\":[\"http:\/\/portaleducacao.guarulhos.sp.gov.br\/wp_site\/abrilliterario2022\/instituicoes-parceiras\/\"]}]},{\"@type\":\"BreadcrumbList\",\"@id\":\"http:\/\/portaleducacao.guarulhos.sp.gov.br\/wp_site\/abrilliterario2022\/instituicoes-parceiras\/#breadcrumb\",\"itemListElement\":[{\"@type\":\"ListItem\",\"position\":1,\"name\":\"In\u00edcio\",\"item\":\"https:\/\/portaleducacao.guarulhos.sp.gov.br\/wp_site\/abrilliterario2022\/\"},{\"@type\":\"ListItem\",\"position\":2,\"name\":\"INSTITUI\u00c7\u00d5ES PARCEIRAS\"}]},{\"@type\":\"WebSite\",\"@id\":\"https:\/\/portaleducacao.guarulhos.sp.gov.br\/wp_site\/abrilliterario2022\/#website\",\"url\":\"https:\/\/portaleducacao.guarulhos.sp.gov.br\/wp_site\/abrilliterario2022\/\",\"name\":\"Abril Liter\u00e1rio 2022\",\"description\":\"Literalmente isso...\",\"potentialAction\":[{\"@type\":\"SearchAction\",\"target\":{\"@type\":\"EntryPoint\",\"urlTemplate\":\"https:\/\/portaleducacao.guarulhos.sp.gov.br\/wp_site\/abrilliterario2022\/?s={search_term_string}\"},\"query-input\":\"required name=search_term_string\"}],\"inLanguage\":\"pt-BR\"}]}<\/script>\r\n<!-- \/ Yoast SEO plugin. -->","yoast_head_json":{"title":"INSTITUI\u00c7\u00d5ES PARCEIRAS - Abril Liter\u00e1rio 2022","robots":{"index":"index","follow":"follow","max-snippet":"max-snippet:-1","max-image-preview":"max-image-preview:large","max-video-preview":"max-video-preview:-1"},"canonical":"http:\/\/portaleducacao.guarulhos.sp.gov.br\/wp_site\/abrilliterario2022\/instituicoes-parceiras\/","og_locale":"pt_BR","og_type":"article","og_title":"INSTITUI\u00c7\u00d5ES PARCEIRAS - Abril Liter\u00e1rio 2022","og_description":"Data: 01 \u00e0 08\/04\/2022Unidade: ACE JARDIM PALMIRARespons\u00e1vel: Aluanda Rocha de SouzaAtividade\/Descri\u00e7\u00e3o: Projeto viol\u00e3o e cantigas, pe\u00e7a de teatro Pin\u00f3quio e dramatiza\u00e7\u00e3o de poemas. (Manh\u00e3)P\u00fablico-alvo: Educa\u00e7\u00e3o Infantil \u2013 Creche Data: 04 [&hellip;]","og_url":"http:\/\/portaleducacao.guarulhos.sp.gov.br\/wp_site\/abrilliterario2022\/instituicoes-parceiras\/","og_site_name":"Abril Liter\u00e1rio 2022","article_modified_time":"2022-04-01T14:21:06+00:00","twitter_card":"summary_large_image","twitter_misc":{"Est. tempo de leitura":"5 minutos"},"schema":{"@context":"https:\/\/schema.org","@graph":[{"@type":"WebPage","@id":"http:\/\/portaleducacao.guarulhos.sp.gov.br\/wp_site\/abrilliterario2022\/instituicoes-parceiras\/","url":"http:\/\/portaleducacao.guarulhos.sp.gov.br\/wp_site\/abrilliterario2022\/instituicoes-parceiras\/","name":"INSTITUI\u00c7\u00d5ES PARCEIRAS - Abril Liter\u00e1rio 2022","isPartOf":{"@id":"https:\/\/portaleducacao.guarulhos.sp.gov.br\/wp_site\/abrilliterario2022\/#website"},"datePublished":"2022-03-31T14:32:02+00:00","dateModified":"2022-04-01T14:21:06+00:00","breadcrumb":{"@id":"http:\/\/portaleducacao.guarulhos.sp.gov.br\/wp_site\/abrilliterario2022\/instituicoes-parceiras\/#breadcrumb"},"inLanguage":"pt-BR","potentialAction":[{"@type":"ReadAction","target":["http:\/\/portaleducacao.guarulhos.sp.gov.br\/wp_site\/abrilliterario2022\/instituicoes-parceiras\/"]}]},{"@type":"BreadcrumbList","@id":"http:\/\/portaleducacao.guarulhos.sp.gov.br\/wp_site\/abrilliterario2022\/instituicoes-parceiras\/#breadcrumb","itemListElement":[{"@type":"ListItem","position":1,"name":"In\u00edcio","item":"https:\/\/portaleducacao.guarulhos.sp.gov.br\/wp_site\/abrilliterario2022\/"},{"@type":"ListItem","position":2,"name":"INSTITUI\u00c7\u00d5ES PARCEIRAS"}]},{"@type":"WebSite","@id":"https:\/\/portaleducacao.guarulhos.sp.gov.br\/wp_site\/abrilliterario2022\/#website","url":"https:\/\/portaleducacao.guarulhos.sp.gov.br\/wp_site\/abrilliterario2022\/","name":"Abril Liter\u00e1rio 2022","description":"Literalmente isso...","potentialAction":[{"@type":"SearchAction","target":{"@type":"EntryPoint","urlTemplate":"https:\/\/portaleducacao.guarulhos.sp.gov.br\/wp_site\/abrilliterario2022\/?s={search_term_string}"},"query-input":"required name=search_term_string"}],"inLanguage":"pt-BR"}]}},"_links":{"self":[{"href":"https:\/\/portaleducacao.guarulhos.sp.gov.br\/wp_site\/abrilliterario2022\/wp-json\/wp\/v2\/pages\/93"}],"collection":[{"href":"https:\/\/portaleducacao.guarulhos.sp.gov.br\/wp_site\/abrilliterario2022\/wp-json\/wp\/v2\/pages"}],"about":[{"href":"https:\/\/portaleducacao.guarulhos.sp.gov.br\/wp_site\/abrilliterario2022\/wp-json\/wp\/v2\/types\/page"}],"author":[{"embeddable":true,"href":"https:\/\/portaleducacao.guarulhos.sp.gov.br\/wp_site\/abrilliterario2022\/wp-json\/wp\/v2\/users\/8"}],"replies":[{"embeddable":true,"href":"https:\/\/portaleducacao.guarulhos.sp.gov.br\/wp_site\/abrilliterario2022\/wp-json\/wp\/v2\/comments?post=93"}],"version-history":[{"count":3,"href":"https:\/\/portaleducacao.guarulhos.sp.gov.br\/wp_site\/abrilliterario2022\/wp-json\/wp\/v2\/pages\/93\/revisions"}],"predecessor-version":[{"id":221,"href":"https:\/\/portaleducacao.guarulhos.sp.gov.br\/wp_site\/abrilliterario2022\/wp-json\/wp\/v2\/pages\/93\/revisions\/221"}],"wp:attachment":[{"href":"https:\/\/portaleducacao.guarulhos.sp.gov.br\/wp_site\/abrilliterario2022\/wp-json\/wp\/v2\/media?parent=93"}],"wp:term":[{"taxonomy":"category","embeddable":true,"href":"https:\/\/portaleducacao.guarulhos.sp.gov.br\/wp_site\/abrilliterario2022\/wp-json\/wp\/v2\/categories?post=93"},{"taxonomy":"post_tag","embeddable":true,"href":"https:\/\/portaleducacao.guarulhos.sp.gov.br\/wp_site\/abrilliterario2022\/wp-json\/wp\/v2\/tags?post=93"}],"curies":[{"name":"wp","href":"https:\/\/api.w.org\/{rel}","templated":true}]}}