{"id":95,"date":"2022-03-31T11:32:02","date_gmt":"2022-03-31T14:32:02","guid":{"rendered":"http:\/\/portaleducacao.guarulhos.sp.gov.br\/wp_site\/abrilliterario\/?page_id=95"},"modified":"2022-04-06T02:32:32","modified_gmt":"2022-04-06T05:32:32","slug":"centros-educacionais","status":"publish","type":"page","link":"https:\/\/portaleducacao.guarulhos.sp.gov.br\/wp_site\/abrilliterario2022\/centros-educacionais\/","title":{"rendered":"CENTROS MUNICIPAIS DE EDUCA\u00c7\u00c3O"},"content":{"rendered":"\n<p class=\"has-medium-font-size\"><strong>Data: <\/strong>02\/04\/2022<br><strong>Unidade: <\/strong>CMIL FERNANDO PESSOA<br><strong>Respons\u00e1vel: <\/strong>Juliane Moreno e M\u00f4nica Faria<br><strong>Atividade\/Descri\u00e7\u00e3o:<\/strong> Abril Azul \u2013 Sof\u00e1 de Casa: Tudo Azul?<br>Com a presen\u00e7a de Juliane Moreno, Psicopedagoga e Pedagoga em um bate papo descontra\u00eddo: Conscientiza\u00e7\u00e3o sobre o autismo e uma conta\u00e7\u00e3o de hist\u00f3ria. Manh\u00e3 e Tarde<br><strong>P\u00fablico-alvo:<\/strong> Comunidade em geral<\/p>\n\n\n\n<hr class=\"wp-block-separator is-style-wide\" \/>\n\n\n\n<p class=\"has-medium-font-size\"><strong>Data: <\/strong>02\/04\/2022<br><strong>Unidade: <\/strong>BIBLIOTECA \/ CMIL<br><strong>Respons\u00e1vel: <\/strong>Juliane Moreno e Monica Faria<br><strong>Atividade\/Descri\u00e7\u00e3o:<\/strong> Acontecera todo primeiro s\u00e1bado do m\u00eas. Cada inscrito no Clube Liter\u00e1rio traz at\u00e9 dois livros e troca com o outro! Essa troca acontecer\u00e1 com o sorteio &#8220;Leitor Secreto&#8221;! Cada membro do Clube Liter\u00e1rio poder\u00e1 no dia do evento trazer um amigo com um livro para troca.<br><strong>P\u00fablico-alvo:<\/strong> Jovens e adultos<\/p>\n\n\n\n<hr class=\"wp-block-separator is-style-wide\" \/>\n\n\n\n<p class=\"has-medium-font-size\"><strong>Data: <\/strong>04 e 05\/04\/2022<br><strong>Unidade: <\/strong>CMIL FERNANDO PESSOA<br><strong>Respons\u00e1vel:<\/strong> Juliane Moreno e M\u00f4nica Faria<br><strong>Atividade\/Descri\u00e7\u00e3o: <\/strong>Volta ao Mundo: Roda de Conversa com os alunos da EPG Pastor Sebasti\u00e3o Luiz da Fonseca sobre o autismo em Tudo Azul? E uma deliciosa historinha! Classifica\u00e7\u00e3o Livre (Manh\u00e3, Intermedi\u00e1rio e Tarde)<br><strong>P\u00fablico-alvo:<\/strong> Ensino Fundamental &#8211; 1\u00ba ao 5\u00ba Ano<\/p>\n\n\n\n<hr class=\"wp-block-separator is-style-wide\" \/>\n\n\n\n<p class=\"has-medium-font-size\"><strong>Data: <\/strong>09\/04\/2022<br><strong>Unidade: <\/strong>CMIL FERNANDO PESSOA<br><strong>Respons\u00e1vel:<\/strong> Juliane Moreno e M\u00f4nica Faria<br><strong>Atividade\/Descri\u00e7\u00e3o: <\/strong>Sala de casa: Lendo com os dedos. Livros em Braile venha conhecer!<br>Com a presen\u00e7a de Matheus Sandre, deficiente visual, Pedagogo e Contador de Hist\u00f3rias. (Manh\u00e3 e Tarde)<br><strong>P\u00fablico-alvo: <\/strong>Comunidade em geral<\/p>\n\n\n\n<hr class=\"wp-block-separator is-style-wide\" \/>\n\n\n\n<p class=\"has-medium-font-size\"><strong>Data: <\/strong>12\/04\/2022<br><strong>Unidade:<\/strong> CMIL FERNANDO PESSOA<br><strong>Respons\u00e1vel:<\/strong> Juliane Moreno e M\u00f4nica Faria<br><strong>Atividade\/Descri\u00e7\u00e3o:<\/strong> Volta ao Mundo: A verdadeira hist\u00f3ria da P\u00e1scoa com simula\u00e7\u00e3o hist\u00f3rica da comunh\u00e3o, com os alunos da EPG Pastor Sebasti\u00e3o Luiz da Fonseca. (Tarde)<br><strong>P\u00fablico-alvo: <\/strong>Ensino Fundamental &#8211; 1\u00ba ao 5\u00ba ano<\/p>\n\n\n\n<hr class=\"wp-block-separator is-style-wide\" \/>\n\n\n\n<p class=\"has-medium-font-size\"><strong>Data: <\/strong>14\/04\/2022<br><strong>Unidade:<\/strong> CMIL FERNANDO PESSOA<br><strong>Respons\u00e1vel:<\/strong> Juliane Moreno e M\u00f4nica Faria<br><strong>Atividade\/Descri\u00e7\u00e3o: <\/strong>P\u00e1scoa Solid\u00e1ria &#8211; A verdadeira hist\u00f3ria da P\u00e1scoa com a simula\u00e7\u00e3o hist\u00f3rica da Ceia: onde falaremos sobre o compartilhar, empatia;<br><strong>P\u00fablico-alvo: <\/strong>Comunidade em geral<\/p>\n\n\n\n<hr class=\"wp-block-separator is-style-wide\" \/>\n\n\n\n<p class=\"has-medium-font-size\"><strong>Data: <\/strong>14\/04\/2022<br><strong>Unidade: <\/strong>CMIL FERNANDO PESSOA<br><strong>Respons\u00e1vel: <\/strong>Juliane Moreno e M\u00f4nica Faria<br><strong>Atividade\/Descri\u00e7\u00e3o:<\/strong> Volta ao Mundo: A verdadeira hist\u00f3ria da P\u00e1scoa com simula\u00e7\u00e3o hist\u00f3rica da comunh\u00e3o com a participa\u00e7\u00e3o da comunidade. \u00e0s 11h e 14h<br><strong>P\u00fablico-alvo: <\/strong>Comunidade em geral<\/p>\n\n\n\n<hr class=\"wp-block-separator is-style-wide\" \/>\n\n\n\n<p class=\"has-medium-font-size\"><strong>Data:<\/strong> 16\/04\/2022<br><strong>Unidade:<\/strong> CEMEA &#8211; CENTRO DE EDUCA\u00c7\u00c3O AMBIENTAL CHICO MENDES<br><strong>Respons\u00e1vel:<\/strong> Luciana Marques de Azevedo<br><strong>Atividade\/Descri\u00e7\u00e3o: <\/strong>Sarau &#8220;Alma Verde&#8221; com grupo Ita. Grupo formado por poetas, poetisa, m\u00fasico e escritores.<br>Ofertaremos para a comunidade uma tarde de sensibiliza\u00e7\u00e3o e reflex\u00e3o sobre poesia, m\u00fasica e meio ambiente.<br><strong>P\u00fablico-alvo: <\/strong>Comunidade em geral<\/p>\n\n\n\n<hr class=\"wp-block-separator is-style-wide\" \/>\n\n\n\n<p class=\"has-medium-font-size\"><strong>Data: <\/strong>19 \u00e0 28\/04\/2022<br><strong>Unidade:<\/strong> CMIL FERNANDO PESSOA<br><strong>Respons\u00e1vel:<\/strong> Juliane Moreno e M\u00f4nica Faria<br><strong>Atividade\/Descri\u00e7\u00e3o:<\/strong> Volta ao Mundo: Pequeno Escritor &#8211; cria\u00e7\u00e3o de um pequeno livro de pr\u00f3pria autoria com os alunos da EPG Pastor Sebasti\u00e3o Luiz da Fonseca. (Manh\u00e3 Tarde e Intermedi\u00e1rio)<br><strong>P\u00fablico-alvo: <\/strong>Ensino Fundamental &#8211; 1\u00ba ao 5\u00ba ano<\/p>\n\n\n\n<hr class=\"wp-block-separator is-style-wide\" \/>\n\n\n\n<p class=\"has-medium-font-size\"><strong>Data:<\/strong> 26 \u00e0 03\/05\/2022<br><strong>Unidade:<\/strong> BIBLIOTECA \/ CMIL<br><strong>Respons\u00e1vel:<\/strong> Terezinha Maria da Silva<br><strong>Atividade\/Descri\u00e7\u00e3o: <\/strong>Exposi\u00e7\u00e3o Monteiro Lobato &#8211; SITIO do Pica-Pau Amarelo<br><strong>P\u00fablico-alvo: <\/strong>Comunidade em geral<\/p>\n\n\n\n<hr class=\"wp-block-separator is-style-wide\" \/>\n\n\n\n<p class=\"has-medium-font-size\"><strong>Data:<\/strong> 29\/04\/2022<br><strong>Unidade: <\/strong>CEMEAR\/EDUCADAN\u00c7A<br><strong>Respons\u00e1vel: <\/strong>Daniela Lucio<br><strong>Atividade\/Descri\u00e7\u00e3o: <\/strong>EducaDan\u00e7a &#8211; Mostra de dan\u00e7a &#8220;A Arca de No\u00e9&#8221; &#8211; de Vin\u00edcius de Moraes (Manh\u00e3, Tarde)<br><strong>P\u00fablico-alvo:<\/strong> Familiares, amigos e alunos do Projeto Educadan\u00e7a<\/p>\n\n\n\n<hr class=\"wp-block-separator is-style-wide\" \/>\n\n\n\n<p class=\"has-medium-font-size\"><strong>Data:<\/strong> 30\/04\/2022<br><strong>Unidade: <\/strong>CMIL FERNANDO PESSOA<br><strong>Respons\u00e1vel: <\/strong>Juliane Moreno e M\u00f4nica Faria<br><strong>Atividade\/Descri\u00e7\u00e3o:<\/strong> Exposi\u00e7\u00e3o Monteiro Lobato e Pequeno Escritor: Obras e Biografia de Monteiro Lobato e os Livros criados no Projeto Pequeno Escritor. (Manh\u00e3 e Tarde)<br><strong>P\u00fablico-alvo: <\/strong>Comunidade em geral<\/p>\n\n\n\n<hr class=\"wp-block-separator is-style-default\" \/>\n","protected":false},"excerpt":{"rendered":"<p>Data: 02\/04\/2022Unidade: CMIL FERNANDO PESSOARespons\u00e1vel: Juliane Moreno e M\u00f4nica FariaAtividade\/Descri\u00e7\u00e3o: Abril Azul \u2013 Sof\u00e1 de Casa: Tudo Azul?Com a presen\u00e7a de Juliane Moreno, Psicopedagoga e Pedagoga em um bate papo [&hellip;]<\/p>\n","protected":false},"author":8,"featured_media":0,"parent":0,"menu_order":0,"comment_status":"closed","ping_status":"closed","template":"","meta":{"_monsterinsights_skip_tracking":false,"_monsterinsights_sitenote_active":false,"_monsterinsights_sitenote_note":"","_monsterinsights_sitenote_category":0,"_expiration-date-status":"","_expiration-date":0,"_expiration-date-type":"","_expiration-date-categories":[],"_expiration-date-options":[]},"categories":[],"tags":[],"yoast_head":"<!-- This site is optimized with the Yoast SEO plugin v19.7.1 - https:\/\/yoast.com\/wordpress\/plugins\/seo\/ -->\r\n<title>CENTROS MUNICIPAIS DE EDUCA\u00c7\u00c3O - Abril Liter\u00e1rio 2022<\/title>\r\n<meta name=\"robots\" content=\"index, follow, max-snippet:-1, max-image-preview:large, max-video-preview:-1\" \/>\r\n<link rel=\"canonical\" href=\"https:\/\/portaleducacao.guarulhos.sp.gov.br\/wp_site\/abrilliterario2022\/centros-educacionais\/\" \/>\r\n<meta property=\"og:locale\" content=\"pt_BR\" \/>\r\n<meta property=\"og:type\" content=\"article\" \/>\r\n<meta property=\"og:title\" content=\"CENTROS MUNICIPAIS DE EDUCA\u00c7\u00c3O - Abril Liter\u00e1rio 2022\" \/>\r\n<meta property=\"og:description\" content=\"Data: 02\/04\/2022Unidade: CMIL FERNANDO PESSOARespons\u00e1vel: Juliane Moreno e M\u00f4nica FariaAtividade\/Descri\u00e7\u00e3o: Abril Azul \u2013 Sof\u00e1 de Casa: Tudo Azul?Com a presen\u00e7a de Juliane Moreno, Psicopedagoga e Pedagoga em um bate papo [&hellip;]\" \/>\r\n<meta property=\"og:url\" content=\"https:\/\/portaleducacao.guarulhos.sp.gov.br\/wp_site\/abrilliterario2022\/centros-educacionais\/\" \/>\r\n<meta property=\"og:site_name\" content=\"Abril Liter\u00e1rio 2022\" \/>\r\n<meta property=\"article:modified_time\" content=\"2022-04-06T05:32:32+00:00\" \/>\r\n<meta name=\"twitter:card\" content=\"summary_large_image\" \/>\r\n<meta name=\"twitter:label1\" content=\"Est. tempo de leitura\" \/>\n\t<meta name=\"twitter:data1\" content=\"3 minutos\" \/>\r\n<script type=\"application\/ld+json\" class=\"yoast-schema-graph\">{\"@context\":\"https:\/\/schema.org\",\"@graph\":[{\"@type\":\"WebPage\",\"@id\":\"https:\/\/portaleducacao.guarulhos.sp.gov.br\/wp_site\/abrilliterario2022\/centros-educacionais\/\",\"url\":\"https:\/\/portaleducacao.guarulhos.sp.gov.br\/wp_site\/abrilliterario2022\/centros-educacionais\/\",\"name\":\"CENTROS MUNICIPAIS DE EDUCA\u00c7\u00c3O - Abril Liter\u00e1rio 2022\",\"isPartOf\":{\"@id\":\"https:\/\/portaleducacao.guarulhos.sp.gov.br\/wp_site\/abrilliterario2022\/#website\"},\"datePublished\":\"2022-03-31T14:32:02+00:00\",\"dateModified\":\"2022-04-06T05:32:32+00:00\",\"breadcrumb\":{\"@id\":\"https:\/\/portaleducacao.guarulhos.sp.gov.br\/wp_site\/abrilliterario2022\/centros-educacionais\/#breadcrumb\"},\"inLanguage\":\"pt-BR\",\"potentialAction\":[{\"@type\":\"ReadAction\",\"target\":[\"https:\/\/portaleducacao.guarulhos.sp.gov.br\/wp_site\/abrilliterario2022\/centros-educacionais\/\"]}]},{\"@type\":\"BreadcrumbList\",\"@id\":\"https:\/\/portaleducacao.guarulhos.sp.gov.br\/wp_site\/abrilliterario2022\/centros-educacionais\/#breadcrumb\",\"itemListElement\":[{\"@type\":\"ListItem\",\"position\":1,\"name\":\"In\u00edcio\",\"item\":\"https:\/\/portaleducacao.guarulhos.sp.gov.br\/wp_site\/abrilliterario2022\/\"},{\"@type\":\"ListItem\",\"position\":2,\"name\":\"CENTROS MUNICIPAIS DE EDUCA\u00c7\u00c3O\"}]},{\"@type\":\"WebSite\",\"@id\":\"https:\/\/portaleducacao.guarulhos.sp.gov.br\/wp_site\/abrilliterario2022\/#website\",\"url\":\"https:\/\/portaleducacao.guarulhos.sp.gov.br\/wp_site\/abrilliterario2022\/\",\"name\":\"Abril Liter\u00e1rio 2022\",\"description\":\"Literalmente isso...\",\"potentialAction\":[{\"@type\":\"SearchAction\",\"target\":{\"@type\":\"EntryPoint\",\"urlTemplate\":\"https:\/\/portaleducacao.guarulhos.sp.gov.br\/wp_site\/abrilliterario2022\/?s={search_term_string}\"},\"query-input\":\"required name=search_term_string\"}],\"inLanguage\":\"pt-BR\"}]}<\/script>\r\n<!-- \/ Yoast SEO plugin. -->","yoast_head_json":{"title":"CENTROS MUNICIPAIS DE EDUCA\u00c7\u00c3O - Abril Liter\u00e1rio 2022","robots":{"index":"index","follow":"follow","max-snippet":"max-snippet:-1","max-image-preview":"max-image-preview:large","max-video-preview":"max-video-preview:-1"},"canonical":"https:\/\/portaleducacao.guarulhos.sp.gov.br\/wp_site\/abrilliterario2022\/centros-educacionais\/","og_locale":"pt_BR","og_type":"article","og_title":"CENTROS MUNICIPAIS DE EDUCA\u00c7\u00c3O - Abril Liter\u00e1rio 2022","og_description":"Data: 02\/04\/2022Unidade: CMIL FERNANDO PESSOARespons\u00e1vel: Juliane Moreno e M\u00f4nica FariaAtividade\/Descri\u00e7\u00e3o: Abril Azul \u2013 Sof\u00e1 de Casa: Tudo Azul?Com a presen\u00e7a de Juliane Moreno, Psicopedagoga e Pedagoga em um bate papo [&hellip;]","og_url":"https:\/\/portaleducacao.guarulhos.sp.gov.br\/wp_site\/abrilliterario2022\/centros-educacionais\/","og_site_name":"Abril Liter\u00e1rio 2022","article_modified_time":"2022-04-06T05:32:32+00:00","twitter_card":"summary_large_image","twitter_misc":{"Est. tempo de leitura":"3 minutos"},"schema":{"@context":"https:\/\/schema.org","@graph":[{"@type":"WebPage","@id":"https:\/\/portaleducacao.guarulhos.sp.gov.br\/wp_site\/abrilliterario2022\/centros-educacionais\/","url":"https:\/\/portaleducacao.guarulhos.sp.gov.br\/wp_site\/abrilliterario2022\/centros-educacionais\/","name":"CENTROS MUNICIPAIS DE EDUCA\u00c7\u00c3O - Abril Liter\u00e1rio 2022","isPartOf":{"@id":"https:\/\/portaleducacao.guarulhos.sp.gov.br\/wp_site\/abrilliterario2022\/#website"},"datePublished":"2022-03-31T14:32:02+00:00","dateModified":"2022-04-06T05:32:32+00:00","breadcrumb":{"@id":"https:\/\/portaleducacao.guarulhos.sp.gov.br\/wp_site\/abrilliterario2022\/centros-educacionais\/#breadcrumb"},"inLanguage":"pt-BR","potentialAction":[{"@type":"ReadAction","target":["https:\/\/portaleducacao.guarulhos.sp.gov.br\/wp_site\/abrilliterario2022\/centros-educacionais\/"]}]},{"@type":"BreadcrumbList","@id":"https:\/\/portaleducacao.guarulhos.sp.gov.br\/wp_site\/abrilliterario2022\/centros-educacionais\/#breadcrumb","itemListElement":[{"@type":"ListItem","position":1,"name":"In\u00edcio","item":"https:\/\/portaleducacao.guarulhos.sp.gov.br\/wp_site\/abrilliterario2022\/"},{"@type":"ListItem","position":2,"name":"CENTROS MUNICIPAIS DE EDUCA\u00c7\u00c3O"}]},{"@type":"WebSite","@id":"https:\/\/portaleducacao.guarulhos.sp.gov.br\/wp_site\/abrilliterario2022\/#website","url":"https:\/\/portaleducacao.guarulhos.sp.gov.br\/wp_site\/abrilliterario2022\/","name":"Abril Liter\u00e1rio 2022","description":"Literalmente isso...","potentialAction":[{"@type":"SearchAction","target":{"@type":"EntryPoint","urlTemplate":"https:\/\/portaleducacao.guarulhos.sp.gov.br\/wp_site\/abrilliterario2022\/?s={search_term_string}"},"query-input":"required name=search_term_string"}],"inLanguage":"pt-BR"}]}},"_links":{"self":[{"href":"https:\/\/portaleducacao.guarulhos.sp.gov.br\/wp_site\/abrilliterario2022\/wp-json\/wp\/v2\/pages\/95"}],"collection":[{"href":"https:\/\/portaleducacao.guarulhos.sp.gov.br\/wp_site\/abrilliterario2022\/wp-json\/wp\/v2\/pages"}],"about":[{"href":"https:\/\/portaleducacao.guarulhos.sp.gov.br\/wp_site\/abrilliterario2022\/wp-json\/wp\/v2\/types\/page"}],"author":[{"embeddable":true,"href":"https:\/\/portaleducacao.guarulhos.sp.gov.br\/wp_site\/abrilliterario2022\/wp-json\/wp\/v2\/users\/8"}],"replies":[{"embeddable":true,"href":"https:\/\/portaleducacao.guarulhos.sp.gov.br\/wp_site\/abrilliterario2022\/wp-json\/wp\/v2\/comments?post=95"}],"version-history":[{"count":4,"href":"https:\/\/portaleducacao.guarulhos.sp.gov.br\/wp_site\/abrilliterario2022\/wp-json\/wp\/v2\/pages\/95\/revisions"}],"predecessor-version":[{"id":308,"href":"https:\/\/portaleducacao.guarulhos.sp.gov.br\/wp_site\/abrilliterario2022\/wp-json\/wp\/v2\/pages\/95\/revisions\/308"}],"wp:attachment":[{"href":"https:\/\/portaleducacao.guarulhos.sp.gov.br\/wp_site\/abrilliterario2022\/wp-json\/wp\/v2\/media?parent=95"}],"wp:term":[{"taxonomy":"category","embeddable":true,"href":"https:\/\/portaleducacao.guarulhos.sp.gov.br\/wp_site\/abrilliterario2022\/wp-json\/wp\/v2\/categories?post=95"},{"taxonomy":"post_tag","embeddable":true,"href":"https:\/\/portaleducacao.guarulhos.sp.gov.br\/wp_site\/abrilliterario2022\/wp-json\/wp\/v2\/tags?post=95"}],"curies":[{"name":"wp","href":"https:\/\/api.w.org\/{rel}","templated":true}]}}