{"id":96,"date":"2022-03-31T11:32:02","date_gmt":"2022-03-31T14:32:02","guid":{"rendered":"http:\/\/portaleducacao.guarulhos.sp.gov.br\/wp_site\/abrilliterario\/?page_id=96"},"modified":"2022-04-06T18:11:28","modified_gmt":"2022-04-06T21:11:28","slug":"contacao-de-historias","status":"publish","type":"page","link":"https:\/\/portaleducacao.guarulhos.sp.gov.br\/wp_site\/abrilliterario2022\/contacao-de-historias\/","title":{"rendered":"CONTA\u00c7\u00c3O DE HIST\u00d3RIAS"},"content":{"rendered":"\n<p class=\"has-medium-font-size\">Contar hist\u00f3rias \u00e9 construir um momento m\u00e1gico que desperta no ouvinte, a emo\u00e7\u00e3o, a imagina\u00e7\u00e3o e o fasc\u00ednio da leitura e da escrita.<br>Afinal, contar hist\u00f3rias \u00e9 revelar segredos, \u00e9 seduzir o ouvinte e convida-lo a se apaixonar, pela hist\u00f3ria., pela leitura.<br>\u00a8P\u00f3 de pirlimpimpim a hist\u00f3ria vai come\u00e7ar&#8230;\u00a8.<br>Aproveite e embarque nesta aventura!<\/p>\n\n\n\n<div style=\"height:100px\" aria-hidden=\"true\" class=\"wp-block-spacer\"><\/div>\n\n\n\n<figure class=\"wp-block-embed-youtube wp-block-embed is-type-video is-provider-youtube wp-embed-aspect-16-9 wp-has-aspect-ratio\"><div class=\"wp-block-embed__wrapper\">\n<iframe loading=\"lazy\" title=\"Anne de Green Gables\" width=\"870\" height=\"489\" src=\"https:\/\/www.youtube.com\/embed\/JoEMKYv5yIw?list=PL9Afd2a5oM1PJKcIelUVDAIa7CLcCFBff\" frameborder=\"0\" allow=\"accelerometer; autoplay; clipboard-write; encrypted-media; gyroscope; picture-in-picture\" allowfullscreen><\/iframe>\n<\/div><figcaption>ANNE DE GREEN GABLES<\/figcaption><\/figure>\n\n\n\n<div style=\"height:100px\" aria-hidden=\"true\" class=\"wp-block-spacer\"><\/div>\n\n\n\n<figure class=\"wp-block-embed-youtube wp-block-embed is-type-video is-provider-youtube wp-embed-aspect-16-9 wp-has-aspect-ratio\"><div class=\"wp-block-embed__wrapper\">\n<iframe loading=\"lazy\" title=\"ARTHUR: O MENINO QUE AMA OS BICHOS\" width=\"870\" height=\"489\" src=\"https:\/\/www.youtube.com\/embed\/lBbxY96M8Y8?feature=oembed\" frameborder=\"0\" allow=\"accelerometer; autoplay; clipboard-write; encrypted-media; gyroscope; picture-in-picture\" allowfullscreen><\/iframe>\n<\/div><figcaption>ARTHUR &#8211; O MENINO QUE AMA OS BICHOS<\/figcaption><\/figure>\n\n\n\n<p>&#8220;ARTHUR &#8211; O menino que ama os bichos&#8221; Editora Antropoletras &#8211; Guarulhos &#8211; 2021.<br>Autor e conta\u00e7\u00e3o de hist\u00f3rias: Professor Tiago Ortaet<br>Ilustrador: Elder Santos Nunes<br>V\u00eddeo gravado nos est\u00fadios da TV Circuito &#8211; Guarulhos.<\/p>\n\n\n\n<div style=\"height:100px\" aria-hidden=\"true\" class=\"wp-block-spacer\"><\/div>\n\n\n\n<figure class=\"wp-block-embed-youtube wp-block-embed is-type-video is-provider-youtube wp-embed-aspect-16-9 wp-has-aspect-ratio\"><div class=\"wp-block-embed__wrapper\">\n<iframe loading=\"lazy\" title=\"\u00c1rvore Generosa\" width=\"870\" height=\"489\" src=\"https:\/\/www.youtube.com\/embed\/DjpL4Mfvr84?list=PL9Afd2a5oM1PJKcIelUVDAIa7CLcCFBff\" frameborder=\"0\" allow=\"accelerometer; autoplay; clipboard-write; encrypted-media; gyroscope; picture-in-picture\" allowfullscreen><\/iframe>\n<\/div><figcaption>A \u00c1RVORE GENEROSA<\/figcaption><\/figure>\n\n\n\n<div style=\"height:100px\" aria-hidden=\"true\" class=\"wp-block-spacer\"><\/div>\n\n\n\n<figure class=\"wp-block-embed-youtube wp-block-embed is-type-video is-provider-youtube wp-embed-aspect-16-9 wp-has-aspect-ratio\"><div class=\"wp-block-embed__wrapper\">\n<iframe loading=\"lazy\" title=\"Bichinhos de Jardim\" width=\"870\" height=\"489\" src=\"https:\/\/www.youtube.com\/embed\/_hissTOgamo?list=PL9Afd2a5oM1PJKcIelUVDAIa7CLcCFBff\" frameborder=\"0\" allow=\"accelerometer; autoplay; clipboard-write; encrypted-media; gyroscope; picture-in-picture\" allowfullscreen><\/iframe>\n<\/div><figcaption>AVENTURAS NO JARDIM<\/figcaption><\/figure>\n\n\n\n<div style=\"height:100px\" aria-hidden=\"true\" class=\"wp-block-spacer\"><\/div>\n\n\n\n<figure class=\"wp-block-embed-youtube wp-block-embed is-type-video is-provider-youtube wp-embed-aspect-16-9 wp-has-aspect-ratio\"><div class=\"wp-block-embed__wrapper\">\n<iframe loading=\"lazy\" title=\"Dez Ma\u00e7\u00e3s sobre a Cabe\u00e7a\" width=\"870\" height=\"489\" src=\"https:\/\/www.youtube.com\/embed\/RqKB6A2H4dE?list=PL9Afd2a5oM1PJKcIelUVDAIa7CLcCFBff\" frameborder=\"0\" allow=\"accelerometer; autoplay; clipboard-write; encrypted-media; gyroscope; picture-in-picture\" allowfullscreen><\/iframe>\n<\/div><figcaption>DEZ MA\u00c7\u00c3S SOBRE A CABE\u00c7A<\/figcaption><\/figure>\n\n\n\n<div style=\"height:100px\" aria-hidden=\"true\" class=\"wp-block-spacer\"><\/div>\n\n\n\n<figure class=\"wp-block-embed-youtube wp-block-embed is-type-video is-provider-youtube wp-embed-aspect-16-9 wp-has-aspect-ratio\"><div class=\"wp-block-embed__wrapper\">\n<iframe loading=\"lazy\" title=\"Formiguinha Azul\" width=\"870\" height=\"489\" src=\"https:\/\/www.youtube.com\/embed\/mnPK1Rbxrk4?list=PL9Afd2a5oM1PJKcIelUVDAIa7CLcCFBff\" frameborder=\"0\" allow=\"accelerometer; autoplay; clipboard-write; encrypted-media; gyroscope; picture-in-picture\" allowfullscreen><\/iframe>\n<\/div><figcaption>A FORMIGUINHA AZUL<\/figcaption><\/figure>\n\n\n\n<div style=\"height:100px\" aria-hidden=\"true\" class=\"wp-block-spacer\"><\/div>\n\n\n\n<figure class=\"wp-block-embed-youtube wp-block-embed is-type-video is-provider-youtube wp-embed-aspect-16-9 wp-has-aspect-ratio\"><div class=\"wp-block-embed__wrapper\">\n<iframe loading=\"lazy\" title=\"Mosquito Pernilongo\" width=\"870\" height=\"489\" src=\"https:\/\/www.youtube.com\/embed\/wK59PRLJc30?list=PL9Afd2a5oM1PJKcIelUVDAIa7CLcCFBff\" frameborder=\"0\" allow=\"accelerometer; autoplay; clipboard-write; encrypted-media; gyroscope; picture-in-picture\" allowfullscreen><\/iframe>\n<\/div><figcaption>O MOSQUITO PERNILONGO<\/figcaption><\/figure>\n\n\n\n<div style=\"height:100px\" aria-hidden=\"true\" class=\"wp-block-spacer\"><\/div>\n\n\n\n<figure class=\"wp-block-embed-youtube wp-block-embed is-type-video is-provider-youtube wp-embed-aspect-16-9 wp-has-aspect-ratio\"><div class=\"wp-block-embed__wrapper\">\n<iframe loading=\"lazy\" title=\"ERAM 10 LAGARTAS\" width=\"870\" height=\"489\" src=\"https:\/\/www.youtube.com\/embed\/EzZlAv4ZLhU?list=PL9Afd2a5oM1PJKcIelUVDAIa7CLcCFBff\" frameborder=\"0\" allow=\"accelerometer; autoplay; clipboard-write; encrypted-media; gyroscope; picture-in-picture\" allowfullscreen><\/iframe>\n<\/div><figcaption>ERAM 10 LAGARTAS<\/figcaption><\/figure>\n\n\n\n<div style=\"height:100px\" aria-hidden=\"true\" class=\"wp-block-spacer\"><\/div>\n\n\n\n<figure class=\"wp-block-embed-youtube wp-block-embed is-type-video is-provider-youtube wp-embed-aspect-16-9 wp-has-aspect-ratio\"><div class=\"wp-block-embed__wrapper\">\n<iframe loading=\"lazy\" title=\"A caixa de l\u00e1pis de cor\" width=\"870\" height=\"489\" src=\"https:\/\/www.youtube.com\/embed\/KVJBbPShzRU?feature=oembed\" frameborder=\"0\" allow=\"accelerometer; autoplay; clipboard-write; encrypted-media; gyroscope; picture-in-picture\" allowfullscreen><\/iframe>\n<\/div><figcaption>A CAIXA DE LAPIS DE COR<\/figcaption><\/figure>\n\n\n\n<div style=\"height:100px\" aria-hidden=\"true\" class=\"wp-block-spacer\"><\/div>\n\n\n\n<figure class=\"wp-block-embed-youtube wp-block-embed is-type-video is-provider-youtube wp-embed-aspect-16-9 wp-has-aspect-ratio\"><div class=\"wp-block-embed__wrapper\">\n<iframe loading=\"lazy\" title=\"A menina e os pontinhos\" width=\"870\" height=\"489\" src=\"https:\/\/www.youtube.com\/embed\/uddd5MLRfPQ?feature=oembed\" frameborder=\"0\" allow=\"accelerometer; autoplay; clipboard-write; encrypted-media; gyroscope; picture-in-picture\" allowfullscreen><\/iframe>\n<\/div><figcaption>A MENINA E SEUS PONTINHOS<\/figcaption><\/figure>\n\n\n\n<div style=\"height:100px\" aria-hidden=\"true\" class=\"wp-block-spacer\"><\/div>\n\n\n\n<div style=\"height:100px\" aria-hidden=\"true\" class=\"wp-block-spacer\"><\/div>\n\n\n\n<figure class=\"wp-block-embed-youtube wp-block-embed is-type-video is-provider-youtube wp-embed-aspect-16-9 wp-has-aspect-ratio\"><div class=\"wp-block-embed__wrapper\">\n<iframe loading=\"lazy\" title=\"CACHINHOS DOURADOS E OS URSOS\" width=\"870\" height=\"489\" src=\"https:\/\/www.youtube.com\/embed\/Qv3AzoARzM4?feature=oembed\" frameborder=\"0\" allow=\"accelerometer; autoplay; clipboard-write; encrypted-media; gyroscope; picture-in-picture\" allowfullscreen><\/iframe>\n<\/div><figcaption>CACHINHOS DOURADOS E OS TR\u00caS URSOS<\/figcaption><\/figure>\n\n\n\n<div style=\"height:100px\" aria-hidden=\"true\" class=\"wp-block-spacer\"><\/div>\n\n\n\n<figure class=\"wp-block-embed-youtube wp-block-embed is-type-video is-provider-youtube wp-embed-aspect-16-9 wp-has-aspect-ratio\"><div class=\"wp-block-embed__wrapper\">\n<iframe loading=\"lazy\" title=\"FRESTA\" width=\"870\" height=\"489\" src=\"https:\/\/www.youtube.com\/embed\/PdMffElOLq0?feature=oembed\" frameborder=\"0\" allow=\"accelerometer; autoplay; clipboard-write; encrypted-media; gyroscope; picture-in-picture\" allowfullscreen><\/iframe>\n<\/div><figcaption>FRESTA<\/figcaption><\/figure>\n\n\n\n<div style=\"height:100px\" aria-hidden=\"true\" class=\"wp-block-spacer\"><\/div>\n\n\n\n<figure class=\"wp-block-embed-youtube wp-block-embed is-type-video is-provider-youtube wp-embed-aspect-16-9 wp-has-aspect-ratio\"><div class=\"wp-block-embed__wrapper\">\n<iframe loading=\"lazy\" title=\"O SAPO\" width=\"870\" height=\"489\" src=\"https:\/\/www.youtube.com\/embed\/wwfsQn0H5WY?feature=oembed\" frameborder=\"0\" allow=\"accelerometer; autoplay; clipboard-write; encrypted-media; gyroscope; picture-in-picture\" allowfullscreen><\/iframe>\n<\/div><figcaption>O SAPO<\/figcaption><\/figure>\n\n\n\n<div style=\"height:100px\" aria-hidden=\"true\" class=\"wp-block-spacer\"><\/div>\n\n\n\n<figure class=\"wp-block-embed-youtube wp-block-embed is-type-video is-provider-youtube wp-embed-aspect-16-9 wp-has-aspect-ratio\"><div class=\"wp-block-embed__wrapper\">\n<iframe loading=\"lazy\" title=\"A Semente da Verdade\" width=\"870\" height=\"489\" src=\"https:\/\/www.youtube.com\/embed\/2mJGDY8bkAo?list=PL9Afd2a5oM1PJKcIelUVDAIa7CLcCFBff\" frameborder=\"0\" allow=\"accelerometer; autoplay; clipboard-write; encrypted-media; gyroscope; picture-in-picture\" allowfullscreen><\/iframe>\n<\/div><figcaption>A SEMENTE DA VERDADE<\/figcaption><\/figure>\n\n\n\n<div style=\"height:100px\" aria-hidden=\"true\" class=\"wp-block-spacer\"><\/div>\n\n\n\n<figure class=\"wp-block-embed-youtube wp-block-embed is-type-video is-provider-youtube wp-embed-aspect-16-9 wp-has-aspect-ratio\"><div class=\"wp-block-embed__wrapper\">\n<iframe loading=\"lazy\" title=\"A roupa nova do rei - Lindy Barboza (Contadora de Hist\u00f3ria)\" width=\"870\" height=\"489\" src=\"https:\/\/www.youtube.com\/embed\/_Iw9rm-dKuk?list=PL9Afd2a5oM1PJKcIelUVDAIa7CLcCFBff\" frameborder=\"0\" allow=\"accelerometer; autoplay; clipboard-write; encrypted-media; gyroscope; picture-in-picture\" allowfullscreen><\/iframe>\n<\/div><figcaption>A ROUPA NOVA DO REI &#8211; LINDY BARBOSA (CONTADORA DE HIST\u00d3RIA)<\/figcaption><\/figure>\n\n\n\n<div style=\"height:100px\" aria-hidden=\"true\" class=\"wp-block-spacer\"><\/div>\n\n\n\n<figure class=\"wp-block-embed-youtube wp-block-embed is-type-video is-provider-youtube wp-embed-aspect-16-9 wp-has-aspect-ratio\"><div class=\"wp-block-embed__wrapper\">\n<iframe loading=\"lazy\" title=\"Cada um do seu jeito - Prof.\u00aa Valqu\u00edria\" width=\"870\" height=\"489\" src=\"https:\/\/www.youtube.com\/embed\/XF4Wr-oEQ-k?list=PL9Afd2a5oM1PJKcIelUVDAIa7CLcCFBff\" frameborder=\"0\" allow=\"accelerometer; autoplay; clipboard-write; encrypted-media; gyroscope; picture-in-picture\" allowfullscreen><\/iframe>\n<\/div><figcaption>CADA UM DO SEU JEITO &#8211; PROF\u00aa. VALQUIRIA<\/figcaption><\/figure>\n\n\n\n<div style=\"height:100px\" aria-hidden=\"true\" class=\"wp-block-spacer\"><\/div>\n\n\n\n<figure class=\"wp-block-embed-youtube wp-block-embed is-type-video is-provider-youtube wp-embed-aspect-16-9 wp-has-aspect-ratio\"><div class=\"wp-block-embed__wrapper\">\n<iframe loading=\"lazy\" title=\"Salve o Anjinho\" width=\"870\" height=\"489\" src=\"https:\/\/www.youtube.com\/embed\/ogZaRdliqlw?list=PL9Afd2a5oM1PJKcIelUVDAIa7CLcCFBff\" frameborder=\"0\" allow=\"accelerometer; autoplay; clipboard-write; encrypted-media; gyroscope; picture-in-picture\" allowfullscreen><\/iframe>\n<\/div><figcaption>SALVE O ANJINHO<\/figcaption><\/figure>\n\n\n\n<div style=\"height:100px\" aria-hidden=\"true\" class=\"wp-block-spacer\"><\/div>\n\n\n\n<figure class=\"wp-block-embed-youtube wp-block-embed is-type-video is-provider-youtube wp-embed-aspect-16-9 wp-has-aspect-ratio\"><div class=\"wp-block-embed__wrapper\">\n<iframe loading=\"lazy\" title=\"Trava L\u00ednguas - Prof.\u00aa Sandra Ap. da Silva (CEU Ponte Alta)\" width=\"870\" height=\"489\" src=\"https:\/\/www.youtube.com\/embed\/6xjs-Bm5GRM?list=PL9Afd2a5oM1PJKcIelUVDAIa7CLcCFBff\" frameborder=\"0\" allow=\"accelerometer; autoplay; clipboard-write; encrypted-media; gyroscope; picture-in-picture\" allowfullscreen><\/iframe>\n<\/div><figcaption>TRAVA L\u00cdNGUAS &#8211; PROF\u00aa. SANDRA AP. DA SILVA (CEU PONTE ALTA)<\/figcaption><\/figure>\n\n\n\n<div style=\"height:100px\" aria-hidden=\"true\" class=\"wp-block-spacer\"><\/div>\n\n\n\n<figure class=\"wp-block-embed-youtube wp-block-embed is-type-video is-provider-youtube wp-embed-aspect-16-9 wp-has-aspect-ratio\"><div class=\"wp-block-embed__wrapper\">\n<iframe loading=\"lazy\" title=\"Jo\u00e3o Mexil\u00e3o - Prof. Tiago Ortaet\" width=\"870\" height=\"489\" src=\"https:\/\/www.youtube.com\/embed\/52QffNFN7gM?feature=oembed\" frameborder=\"0\" allow=\"accelerometer; autoplay; clipboard-write; encrypted-media; gyroscope; picture-in-picture\" allowfullscreen><\/iframe>\n<\/div><figcaption>JO\u00c3O MEXIL\u00c3O &#8211; PROF. TIAGO ORTAET<\/figcaption><\/figure>\n\n\n\n<div style=\"height:100px\" aria-hidden=\"true\" class=\"wp-block-spacer\"><\/div>\n\n\n\n<figure class=\"wp-block-embed-youtube wp-block-embed is-type-video is-provider-youtube wp-embed-aspect-16-9 wp-has-aspect-ratio\"><div class=\"wp-block-embed__wrapper\">\n<iframe loading=\"lazy\" title=\"A Professora Encantadora - D\u00e9bora Souza (Bibliotec\u00e1ria)\" width=\"870\" height=\"489\" src=\"https:\/\/www.youtube.com\/embed\/gU7N7GkUFBU?list=PL9Afd2a5oM1PJKcIelUVDAIa7CLcCFBff\" frameborder=\"0\" allow=\"accelerometer; autoplay; clipboard-write; encrypted-media; gyroscope; picture-in-picture\" allowfullscreen><\/iframe>\n<\/div><figcaption>A PROFESSORA ENCANTADORA &#8211; D\u00c9BORA SOUZA (BIBLIOTEC\u00c1RIA)<\/figcaption><\/figure>\n\n\n\n<div style=\"height:100px\" aria-hidden=\"true\" class=\"wp-block-spacer\"><\/div>\n\n\n\n<figure class=\"wp-block-embed-youtube wp-block-embed is-type-video is-provider-youtube wp-embed-aspect-16-9 wp-has-aspect-ratio\"><div class=\"wp-block-embed__wrapper\">\n<iframe loading=\"lazy\" title=\"As Cocadas - Lucia Sasaki (Bibliotec\u00e1ria)\" width=\"870\" height=\"489\" src=\"https:\/\/www.youtube.com\/embed\/_qMjMAv2Op0?list=PL9Afd2a5oM1PJKcIelUVDAIa7CLcCFBff\" frameborder=\"0\" allow=\"accelerometer; autoplay; clipboard-write; encrypted-media; gyroscope; picture-in-picture\" allowfullscreen><\/iframe>\n<\/div><figcaption>AS COCADAS &#8211; LUCIA SASAKI (BIBLIOTEC\u00c1RIA)<\/figcaption><\/figure>\n\n\n\n<div style=\"height:100px\" aria-hidden=\"true\" class=\"wp-block-spacer\"><\/div>\n\n\n\n<figure class=\"wp-block-embed-youtube wp-block-embed is-type-video is-provider-youtube wp-embed-aspect-16-9 wp-has-aspect-ratio\"><div class=\"wp-block-embed__wrapper\">\n<iframe loading=\"lazy\" title=\"Chapeuzinho Amarelo - Fl\u00e1via Prestes (Bibliotec\u00e1ria)\" width=\"870\" height=\"489\" src=\"https:\/\/www.youtube.com\/embed\/I2-7p7-828E?list=PL9Afd2a5oM1PJKcIelUVDAIa7CLcCFBff\" frameborder=\"0\" allow=\"accelerometer; autoplay; clipboard-write; encrypted-media; gyroscope; picture-in-picture\" allowfullscreen><\/iframe>\n<\/div><figcaption>CHAPEUZINHO AMARELO &#8211; FL\u00c1VIA PRESTES (BIBLIOTEC\u00c1RIA)<\/figcaption><\/figure>\n\n\n\n<div style=\"height:100px\" aria-hidden=\"true\" class=\"wp-block-spacer\"><\/div>\n\n\n\n<figure class=\"wp-block-embed-youtube wp-block-embed is-type-video is-provider-youtube wp-embed-aspect-16-9 wp-has-aspect-ratio\"><div class=\"wp-block-embed__wrapper\">\n<iframe loading=\"lazy\" title=\"A Velha Contrabandista - Fl\u00e1via Prestes (Bibliotec\u00e1ria)\" width=\"870\" height=\"489\" src=\"https:\/\/www.youtube.com\/embed\/Hs2Jyi5rLIw?list=PL9Afd2a5oM1PJKcIelUVDAIa7CLcCFBff\" frameborder=\"0\" allow=\"accelerometer; autoplay; clipboard-write; encrypted-media; gyroscope; picture-in-picture\" allowfullscreen><\/iframe>\n<\/div><figcaption>A VELHA CONTRABANDISTA &#8211; FL\u00c1VIA PRESTES (BIBLIOTEC\u00c1RIA)<\/figcaption><\/figure>\n\n\n\n<div style=\"height:100px\" aria-hidden=\"true\" class=\"wp-block-spacer\"><\/div>\n\n\n\n<figure class=\"wp-block-embed-youtube wp-block-embed is-type-video is-provider-youtube wp-embed-aspect-16-9 wp-has-aspect-ratio\"><div class=\"wp-block-embed__wrapper\">\n<iframe loading=\"lazy\" title=\"Luz de Lanterna, Sopro de Vento - Lucia Sasaki (Bibliotec\u00e1ria)\" width=\"870\" height=\"489\" src=\"https:\/\/www.youtube.com\/embed\/y5tloIgmyWs?list=PL9Afd2a5oM1PJKcIelUVDAIa7CLcCFBff\" frameborder=\"0\" allow=\"accelerometer; autoplay; clipboard-write; encrypted-media; gyroscope; picture-in-picture\" allowfullscreen><\/iframe>\n<\/div><figcaption>LUZ DE LANTERNA, SOPRO DE VENTO &#8211; LUCIA SASAKI (BIBLIOTEC\u00c1RIA)<\/figcaption><\/figure>\n\n\n\n<div style=\"height:100px\" aria-hidden=\"true\" class=\"wp-block-spacer\"><\/div>\n\n\n\n<figure class=\"wp-block-embed-youtube wp-block-embed is-type-video is-provider-youtube wp-embed-aspect-16-9 wp-has-aspect-ratio\"><div class=\"wp-block-embed__wrapper\">\n<iframe loading=\"lazy\" title=\"Uma Hist\u00f3ria com Mil Macacos - D\u00e9bora Souza (Bibliotec\u00e1ria)\" width=\"870\" height=\"489\" src=\"https:\/\/www.youtube.com\/embed\/95TMBTsqRGM?list=PL9Afd2a5oM1PJKcIelUVDAIa7CLcCFBff\" frameborder=\"0\" allow=\"accelerometer; autoplay; clipboard-write; encrypted-media; gyroscope; picture-in-picture\" allowfullscreen><\/iframe>\n<\/div><figcaption>UMA HIST\u00d3RIA COM MIL MACACOS &#8211; D\u00c9BORA SOUZA (BIBLIOTEC\u00c1RIA)<\/figcaption><\/figure>\n\n\n\n<div style=\"height:100px\" aria-hidden=\"true\" class=\"wp-block-spacer\"><\/div>\n\n\n\n<figure class=\"wp-block-embed-youtube wp-block-embed is-type-video is-provider-youtube wp-embed-aspect-16-9 wp-has-aspect-ratio\"><div class=\"wp-block-embed__wrapper\">\n<iframe loading=\"lazy\" title=\"Como Agir - Professora Regina\" width=\"870\" height=\"489\" src=\"https:\/\/www.youtube.com\/embed\/-4NmKRBJN4Y?list=PL9Afd2a5oM1PJKcIelUVDAIa7CLcCFBff\" frameborder=\"0\" allow=\"accelerometer; autoplay; clipboard-write; encrypted-media; gyroscope; picture-in-picture\" allowfullscreen><\/iframe>\n<\/div><figcaption>COMO AGIR &#8211; PROFESSORA REGINA<\/figcaption><\/figure>\n\n\n\n<div style=\"height:100px\" aria-hidden=\"true\" class=\"wp-block-spacer\"><\/div>\n\n\n\n<figure class=\"wp-block-embed-youtube wp-block-embed is-type-video is-provider-youtube wp-embed-aspect-16-9 wp-has-aspect-ratio\"><div class=\"wp-block-embed__wrapper\">\n<iframe loading=\"lazy\" title=\"Os Cinco Dedinhos - Professora Rita\" width=\"870\" height=\"489\" src=\"https:\/\/www.youtube.com\/embed\/vJLvC4P8714?list=PL9Afd2a5oM1PJKcIelUVDAIa7CLcCFBff\" frameborder=\"0\" allow=\"accelerometer; autoplay; clipboard-write; encrypted-media; gyroscope; picture-in-picture\" allowfullscreen><\/iframe>\n<\/div><figcaption>OS CINCO DEDINHOS &#8211; PROFESSORA RITA<\/figcaption><\/figure>\n\n\n\n<div style=\"height:100px\" aria-hidden=\"true\" class=\"wp-block-spacer\"><\/div>\n","protected":false},"excerpt":{"rendered":"<p>Contar hist\u00f3rias \u00e9 construir um momento m\u00e1gico que desperta no ouvinte, a emo\u00e7\u00e3o, a imagina\u00e7\u00e3o e o fasc\u00ednio da leitura e da escrita.Afinal, contar hist\u00f3rias \u00e9 revelar segredos, \u00e9 seduzir [&hellip;]<\/p>\n","protected":false},"author":8,"featured_media":0,"parent":0,"menu_order":0,"comment_status":"closed","ping_status":"closed","template":"","meta":{"_monsterinsights_skip_tracking":false,"_monsterinsights_sitenote_active":false,"_monsterinsights_sitenote_note":"","_monsterinsights_sitenote_category":0,"_expiration-date-status":"","_expiration-date":0,"_expiration-date-type":"","_expiration-date-categories":[],"_expiration-date-options":[]},"categories":[],"tags":[],"yoast_head":"<!-- This site is optimized with the Yoast SEO plugin v19.7.1 - https:\/\/yoast.com\/wordpress\/plugins\/seo\/ -->\r\n<title>CONTA\u00c7\u00c3O DE HIST\u00d3RIAS - Abril Liter\u00e1rio 2022<\/title>\r\n<meta name=\"robots\" content=\"index, follow, max-snippet:-1, max-image-preview:large, max-video-preview:-1\" \/>\r\n<link rel=\"canonical\" href=\"https:\/\/portaleducacao.guarulhos.sp.gov.br\/wp_site\/abrilliterario2022\/contacao-de-historias\/\" \/>\r\n<meta property=\"og:locale\" content=\"pt_BR\" \/>\r\n<meta property=\"og:type\" content=\"article\" \/>\r\n<meta property=\"og:title\" content=\"CONTA\u00c7\u00c3O DE HIST\u00d3RIAS - Abril Liter\u00e1rio 2022\" \/>\r\n<meta property=\"og:description\" content=\"Contar hist\u00f3rias \u00e9 construir um momento m\u00e1gico que desperta no ouvinte, a emo\u00e7\u00e3o, a imagina\u00e7\u00e3o e o fasc\u00ednio da leitura e da escrita.Afinal, contar hist\u00f3rias \u00e9 revelar segredos, \u00e9 seduzir [&hellip;]\" \/>\r\n<meta property=\"og:url\" content=\"https:\/\/portaleducacao.guarulhos.sp.gov.br\/wp_site\/abrilliterario2022\/contacao-de-historias\/\" \/>\r\n<meta property=\"og:site_name\" content=\"Abril Liter\u00e1rio 2022\" \/>\r\n<meta property=\"article:modified_time\" content=\"2022-04-06T21:11:28+00:00\" \/>\r\n<meta name=\"twitter:card\" content=\"summary_large_image\" \/>\r\n<meta name=\"twitter:label1\" content=\"Est. tempo de leitura\" \/>\n\t<meta name=\"twitter:data1\" content=\"4 minutos\" \/>\r\n<script type=\"application\/ld+json\" class=\"yoast-schema-graph\">{\"@context\":\"https:\/\/schema.org\",\"@graph\":[{\"@type\":\"WebPage\",\"@id\":\"https:\/\/portaleducacao.guarulhos.sp.gov.br\/wp_site\/abrilliterario2022\/contacao-de-historias\/\",\"url\":\"https:\/\/portaleducacao.guarulhos.sp.gov.br\/wp_site\/abrilliterario2022\/contacao-de-historias\/\",\"name\":\"CONTA\u00c7\u00c3O DE HIST\u00d3RIAS - Abril Liter\u00e1rio 2022\",\"isPartOf\":{\"@id\":\"https:\/\/portaleducacao.guarulhos.sp.gov.br\/wp_site\/abrilliterario2022\/#website\"},\"datePublished\":\"2022-03-31T14:32:02+00:00\",\"dateModified\":\"2022-04-06T21:11:28+00:00\",\"breadcrumb\":{\"@id\":\"https:\/\/portaleducacao.guarulhos.sp.gov.br\/wp_site\/abrilliterario2022\/contacao-de-historias\/#breadcrumb\"},\"inLanguage\":\"pt-BR\",\"potentialAction\":[{\"@type\":\"ReadAction\",\"target\":[\"https:\/\/portaleducacao.guarulhos.sp.gov.br\/wp_site\/abrilliterario2022\/contacao-de-historias\/\"]}]},{\"@type\":\"BreadcrumbList\",\"@id\":\"https:\/\/portaleducacao.guarulhos.sp.gov.br\/wp_site\/abrilliterario2022\/contacao-de-historias\/#breadcrumb\",\"itemListElement\":[{\"@type\":\"ListItem\",\"position\":1,\"name\":\"In\u00edcio\",\"item\":\"https:\/\/portaleducacao.guarulhos.sp.gov.br\/wp_site\/abrilliterario2022\/\"},{\"@type\":\"ListItem\",\"position\":2,\"name\":\"CONTA\u00c7\u00c3O DE HIST\u00d3RIAS\"}]},{\"@type\":\"WebSite\",\"@id\":\"https:\/\/portaleducacao.guarulhos.sp.gov.br\/wp_site\/abrilliterario2022\/#website\",\"url\":\"https:\/\/portaleducacao.guarulhos.sp.gov.br\/wp_site\/abrilliterario2022\/\",\"name\":\"Abril Liter\u00e1rio 2022\",\"description\":\"Literalmente isso...\",\"potentialAction\":[{\"@type\":\"SearchAction\",\"target\":{\"@type\":\"EntryPoint\",\"urlTemplate\":\"https:\/\/portaleducacao.guarulhos.sp.gov.br\/wp_site\/abrilliterario2022\/?s={search_term_string}\"},\"query-input\":\"required name=search_term_string\"}],\"inLanguage\":\"pt-BR\"}]}<\/script>\r\n<!-- \/ Yoast SEO plugin. -->","yoast_head_json":{"title":"CONTA\u00c7\u00c3O DE HIST\u00d3RIAS - Abril Liter\u00e1rio 2022","robots":{"index":"index","follow":"follow","max-snippet":"max-snippet:-1","max-image-preview":"max-image-preview:large","max-video-preview":"max-video-preview:-1"},"canonical":"https:\/\/portaleducacao.guarulhos.sp.gov.br\/wp_site\/abrilliterario2022\/contacao-de-historias\/","og_locale":"pt_BR","og_type":"article","og_title":"CONTA\u00c7\u00c3O DE HIST\u00d3RIAS - Abril Liter\u00e1rio 2022","og_description":"Contar hist\u00f3rias \u00e9 construir um momento m\u00e1gico que desperta no ouvinte, a emo\u00e7\u00e3o, a imagina\u00e7\u00e3o e o fasc\u00ednio da leitura e da escrita.Afinal, contar hist\u00f3rias \u00e9 revelar segredos, \u00e9 seduzir [&hellip;]","og_url":"https:\/\/portaleducacao.guarulhos.sp.gov.br\/wp_site\/abrilliterario2022\/contacao-de-historias\/","og_site_name":"Abril Liter\u00e1rio 2022","article_modified_time":"2022-04-06T21:11:28+00:00","twitter_card":"summary_large_image","twitter_misc":{"Est. tempo de leitura":"4 minutos"},"schema":{"@context":"https:\/\/schema.org","@graph":[{"@type":"WebPage","@id":"https:\/\/portaleducacao.guarulhos.sp.gov.br\/wp_site\/abrilliterario2022\/contacao-de-historias\/","url":"https:\/\/portaleducacao.guarulhos.sp.gov.br\/wp_site\/abrilliterario2022\/contacao-de-historias\/","name":"CONTA\u00c7\u00c3O DE HIST\u00d3RIAS - Abril Liter\u00e1rio 2022","isPartOf":{"@id":"https:\/\/portaleducacao.guarulhos.sp.gov.br\/wp_site\/abrilliterario2022\/#website"},"datePublished":"2022-03-31T14:32:02+00:00","dateModified":"2022-04-06T21:11:28+00:00","breadcrumb":{"@id":"https:\/\/portaleducacao.guarulhos.sp.gov.br\/wp_site\/abrilliterario2022\/contacao-de-historias\/#breadcrumb"},"inLanguage":"pt-BR","potentialAction":[{"@type":"ReadAction","target":["https:\/\/portaleducacao.guarulhos.sp.gov.br\/wp_site\/abrilliterario2022\/contacao-de-historias\/"]}]},{"@type":"BreadcrumbList","@id":"https:\/\/portaleducacao.guarulhos.sp.gov.br\/wp_site\/abrilliterario2022\/contacao-de-historias\/#breadcrumb","itemListElement":[{"@type":"ListItem","position":1,"name":"In\u00edcio","item":"https:\/\/portaleducacao.guarulhos.sp.gov.br\/wp_site\/abrilliterario2022\/"},{"@type":"ListItem","position":2,"name":"CONTA\u00c7\u00c3O DE HIST\u00d3RIAS"}]},{"@type":"WebSite","@id":"https:\/\/portaleducacao.guarulhos.sp.gov.br\/wp_site\/abrilliterario2022\/#website","url":"https:\/\/portaleducacao.guarulhos.sp.gov.br\/wp_site\/abrilliterario2022\/","name":"Abril Liter\u00e1rio 2022","description":"Literalmente isso...","potentialAction":[{"@type":"SearchAction","target":{"@type":"EntryPoint","urlTemplate":"https:\/\/portaleducacao.guarulhos.sp.gov.br\/wp_site\/abrilliterario2022\/?s={search_term_string}"},"query-input":"required name=search_term_string"}],"inLanguage":"pt-BR"}]}},"_links":{"self":[{"href":"https:\/\/portaleducacao.guarulhos.sp.gov.br\/wp_site\/abrilliterario2022\/wp-json\/wp\/v2\/pages\/96"}],"collection":[{"href":"https:\/\/portaleducacao.guarulhos.sp.gov.br\/wp_site\/abrilliterario2022\/wp-json\/wp\/v2\/pages"}],"about":[{"href":"https:\/\/portaleducacao.guarulhos.sp.gov.br\/wp_site\/abrilliterario2022\/wp-json\/wp\/v2\/types\/page"}],"author":[{"embeddable":true,"href":"https:\/\/portaleducacao.guarulhos.sp.gov.br\/wp_site\/abrilliterario2022\/wp-json\/wp\/v2\/users\/8"}],"replies":[{"embeddable":true,"href":"https:\/\/portaleducacao.guarulhos.sp.gov.br\/wp_site\/abrilliterario2022\/wp-json\/wp\/v2\/comments?post=96"}],"version-history":[{"count":32,"href":"https:\/\/portaleducacao.guarulhos.sp.gov.br\/wp_site\/abrilliterario2022\/wp-json\/wp\/v2\/pages\/96\/revisions"}],"predecessor-version":[{"id":317,"href":"https:\/\/portaleducacao.guarulhos.sp.gov.br\/wp_site\/abrilliterario2022\/wp-json\/wp\/v2\/pages\/96\/revisions\/317"}],"wp:attachment":[{"href":"https:\/\/portaleducacao.guarulhos.sp.gov.br\/wp_site\/abrilliterario2022\/wp-json\/wp\/v2\/media?parent=96"}],"wp:term":[{"taxonomy":"category","embeddable":true,"href":"https:\/\/portaleducacao.guarulhos.sp.gov.br\/wp_site\/abrilliterario2022\/wp-json\/wp\/v2\/categories?post=96"},{"taxonomy":"post_tag","embeddable":true,"href":"https:\/\/portaleducacao.guarulhos.sp.gov.br\/wp_site\/abrilliterario2022\/wp-json\/wp\/v2\/tags?post=96"}],"curies":[{"name":"wp","href":"https:\/\/api.w.org\/{rel}","templated":true}]}}