{"id":13,"date":"2024-05-14T10:50:07","date_gmt":"2024-05-14T13:50:07","guid":{"rendered":"https:\/\/portaleducacao.guarulhos.sp.gov.br\/wp_site\/cidadequeprotege\/?page_id=13"},"modified":"2025-03-24T10:00:12","modified_gmt":"2025-03-24T13:00:12","slug":"guarulhoscidadequeprotege","status":"publish","type":"page","link":"https:\/\/portaleducacao.guarulhos.sp.gov.br\/wp_site\/cidadequeprotege\/","title":{"rendered":"Guarulhos  &#8211; Cidade que Protege"},"content":{"rendered":"\t\t<div data-elementor-type=\"wp-page\" data-elementor-id=\"13\" class=\"elementor elementor-13\">\n\t\t\t\t\t\t\t<div class=\"elementor-element elementor-element-c4fc300 elementor-hidden-mobile homeInicial e-con-boxed e-con\" data-id=\"c4fc300\" data-element_type=\"container\" id=\"homeInicial\" data-settings=\"{&quot;background_background&quot;:&quot;classic&quot;,&quot;content_width&quot;:&quot;boxed&quot;}\">\n\t\t\t\t\t<div class=\"e-con-inner\">\n\t\t<div class=\"elementor-element elementor-element-b46b624 e-con-full e-con\" data-id=\"b46b624\" data-element_type=\"container\" data-settings=\"{&quot;content_width&quot;:&quot;full&quot;}\">\n\t\t\t\t<\/div>\n\t\t<div class=\"elementor-element elementor-element-6dfdd83 e-con-full e-con\" data-id=\"6dfdd83\" data-element_type=\"container\" data-settings=\"{&quot;content_width&quot;:&quot;full&quot;,&quot;background_background&quot;:&quot;classic&quot;}\">\n\t\t\t\t<div class=\"elementor-element elementor-element-fbd172a elementor-widget elementor-widget-heading\" data-id=\"fbd172a\" data-element_type=\"widget\" data-widget_type=\"heading.default\">\n\t\t\t\t<div class=\"elementor-widget-container\">\n\t\t\t<style>\/*! elementor - v3.12.1 - 02-04-2023 *\/\n.elementor-heading-title{padding:0;margin:0;line-height:1}.elementor-widget-heading .elementor-heading-title[class*=elementor-size-]>a{color:inherit;font-size:inherit;line-height:inherit}.elementor-widget-heading .elementor-heading-title.elementor-size-small{font-size:15px}.elementor-widget-heading .elementor-heading-title.elementor-size-medium{font-size:19px}.elementor-widget-heading .elementor-heading-title.elementor-size-large{font-size:29px}.elementor-widget-heading .elementor-heading-title.elementor-size-xl{font-size:39px}.elementor-widget-heading .elementor-heading-title.elementor-size-xxl{font-size:59px}<\/style><h2 class=\"elementor-heading-title elementor-size-default\"><a href=\"https:\/\/portaleducacao.guarulhos.sp.gov.br\/siseduc\/home\/fluxoviolencia\/\" target=\"_blank\">Sistema Integrado de <br>Notifica\u00e7\u00e3o de Viol\u00eancias<\/a><\/h2>\t\t<\/div>\n\t\t\t\t<\/div>\n\t\t\t\t<div class=\"elementor-element elementor-element-d0baa81 elementor-widget elementor-widget-text-editor\" data-id=\"d0baa81\" data-element_type=\"widget\" data-widget_type=\"text-editor.default\">\n\t\t\t\t<div class=\"elementor-widget-container\">\n\t\t\t<style>\/*! elementor - v3.12.1 - 02-04-2023 *\/\n.elementor-widget-text-editor.elementor-drop-cap-view-stacked .elementor-drop-cap{background-color:#69727d;color:#fff}.elementor-widget-text-editor.elementor-drop-cap-view-framed .elementor-drop-cap{color:#69727d;border:3px solid;background-color:transparent}.elementor-widget-text-editor:not(.elementor-drop-cap-view-default) .elementor-drop-cap{margin-top:8px}.elementor-widget-text-editor:not(.elementor-drop-cap-view-default) .elementor-drop-cap-letter{width:1em;height:1em}.elementor-widget-text-editor .elementor-drop-cap{float:left;text-align:center;line-height:1;font-size:50px}.elementor-widget-text-editor .elementor-drop-cap-letter{display:inline-block}<\/style>\t\t\t\t<span style=\"text-decoration: underline;\"><a  target=\"_blank\" style=\"color: white; text-decoration: underline;\" href=\"https:\/\/portaleducacao.guarulhos.sp.gov.br\/siseduc\/home\/fluxoviolencia\/\">Clique aqui para acessar<\/a><\/span>\t\t\t\t\t\t<\/div>\n\t\t\t\t<\/div>\n\t\t\t\t<\/div>\n\t\t\t\t\t<\/div>\n\t\t\t\t<\/div>\n\t\t<div class=\"elementor-element elementor-element-0df1014 elementor-hidden-desktop e-con-boxed e-con\" data-id=\"0df1014\" data-element_type=\"container\" data-settings=\"{&quot;background_background&quot;:&quot;classic&quot;,&quot;content_width&quot;:&quot;boxed&quot;}\">\n\t\t\t\t\t<div class=\"e-con-inner\">\n\t\t\t\t<div class=\"elementor-element elementor-element-09aad96 elementor-widget elementor-widget-heading\" data-id=\"09aad96\" data-element_type=\"widget\" data-widget_type=\"heading.default\">\n\t\t\t\t<div class=\"elementor-widget-container\">\n\t\t\t<h2 class=\"elementor-heading-title elementor-size-default\"><a href=\"https:\/\/portaleducacao.guarulhos.sp.gov.br\/siseduc\/home\/fluxoviolencia\/\" target=\"_blank\">Sistema Integrado de <br>Notifica\u00e7\u00e3o de Viol\u00eancias<\/a><\/h2>\t\t<\/div>\n\t\t\t\t<\/div>\n\t\t\t\t<div class=\"elementor-element elementor-element-88a45dd elementor-widget elementor-widget-text-editor\" data-id=\"88a45dd\" data-element_type=\"widget\" data-widget_type=\"text-editor.default\">\n\t\t\t\t<div class=\"elementor-widget-container\">\n\t\t\t\t\t\t\t<a  style=\"color:white\" href=\"https:\/\/portaleducacao.guarulhos.sp.gov.br\/siseduc\/home\/fluxoviolencia\/\">Clique aqui para acessar o sistema<\/a>\t\t\t\t\t\t<\/div>\n\t\t\t\t<\/div>\n\t\t\t\t\t<\/div>\n\t\t\t\t<\/div>\n\t\t<div class=\"elementor-element elementor-element-cbeb14e e-con-boxed e-con\" data-id=\"cbeb14e\" data-element_type=\"container\" data-settings=\"{&quot;content_width&quot;:&quot;boxed&quot;}\">\n\t\t\t\t\t<div class=\"e-con-inner\">\n\t\t<div class=\"elementor-element elementor-element-8310910 e-con-boxed e-con\" data-id=\"8310910\" data-element_type=\"container\" data-settings=\"{&quot;content_width&quot;:&quot;boxed&quot;}\">\n\t\t\t\t\t<div class=\"e-con-inner\">\n\t\t\t\t<div class=\"elementor-element elementor-element-e79f4c0 elementor-widget elementor-widget-heading\" data-id=\"e79f4c0\" data-element_type=\"widget\" data-widget_type=\"heading.default\">\n\t\t\t\t<div class=\"elementor-widget-container\">\n\t\t\t<h2 class=\"elementor-heading-title elementor-size-default\">Not\u00edcias<\/h2>\t\t<\/div>\n\t\t\t\t<\/div>\n\t\t\t\t<div class=\"elementor-element elementor-element-38edb6b elementor-grid-3 elementor-grid-tablet-2 elementor-grid-mobile-1 elementor-posts--thumbnail-top elementor-card-shadow-yes elementor-posts__hover-gradient elementor-widget elementor-widget-posts\" data-id=\"38edb6b\" data-element_type=\"widget\" data-settings=\"{&quot;cards_columns&quot;:&quot;3&quot;,&quot;cards_columns_tablet&quot;:&quot;2&quot;,&quot;cards_columns_mobile&quot;:&quot;1&quot;,&quot;cards_row_gap&quot;:{&quot;unit&quot;:&quot;px&quot;,&quot;size&quot;:35,&quot;sizes&quot;:[]},&quot;cards_row_gap_tablet&quot;:{&quot;unit&quot;:&quot;px&quot;,&quot;size&quot;:&quot;&quot;,&quot;sizes&quot;:[]},&quot;cards_row_gap_mobile&quot;:{&quot;unit&quot;:&quot;px&quot;,&quot;size&quot;:&quot;&quot;,&quot;sizes&quot;:[]}}\" data-widget_type=\"posts.cards\">\n\t\t\t\t<div class=\"elementor-widget-container\">\n\t\t\t<link rel=\"stylesheet\" href=\"https:\/\/portaleducacao.guarulhos.sp.gov.br\/wp_site\/cidadequeprotege\/wp-content\/plugins\/elementor-pro\/assets\/css\/widget-posts.min.css\">\t\t<div class=\"elementor-posts-container elementor-posts elementor-posts--skin-cards elementor-grid\">\n\t\t\t\t<article class=\"elementor-post elementor-grid-item post-331 post type-post status-publish format-standard has-post-thumbnail hentry category-post2024protege\">\n\t\t\t<div class=\"elementor-post__card\">\n\t\t\t\t<a class=\"elementor-post__thumbnail__link\" href=\"https:\/\/portaleducacao.guarulhos.sp.gov.br\/wp_site\/cidadequeprotege\/2024\/05\/24\/cine-debate-aborda-abuso-e-exploracao-sexual-de-criancas-e-adolescentes\/\" ><div class=\"elementor-post__thumbnail\"><img width=\"300\" height=\"200\" src=\"https:\/\/portaleducacao.guarulhos.sp.gov.br\/wp_site\/cidadequeprotege\/wp-content\/uploads\/sites\/29\/2024\/05\/cidadeprotege2-300x200.jpg\" class=\"attachment-medium size-medium wp-image-333\" alt=\"\" loading=\"lazy\" srcset=\"https:\/\/portaleducacao.guarulhos.sp.gov.br\/wp_site\/cidadequeprotege\/wp-content\/uploads\/sites\/29\/2024\/05\/cidadeprotege2-300x200.jpg 300w, https:\/\/portaleducacao.guarulhos.sp.gov.br\/wp_site\/cidadequeprotege\/wp-content\/uploads\/sites\/29\/2024\/05\/cidadeprotege2-768x512.jpg 768w, https:\/\/portaleducacao.guarulhos.sp.gov.br\/wp_site\/cidadequeprotege\/wp-content\/uploads\/sites\/29\/2024\/05\/cidadeprotege2.jpg 827w\" sizes=\"(max-width: 300px) 100vw, 300px\" \/><\/div><\/a>\n\t\t\t\t<div class=\"elementor-post__text\">\n\t\t\t\t<h3 class=\"elementor-post__title\">\n\t\t\t<a href=\"https:\/\/portaleducacao.guarulhos.sp.gov.br\/wp_site\/cidadequeprotege\/2024\/05\/24\/cine-debate-aborda-abuso-e-exploracao-sexual-de-criancas-e-adolescentes\/\" >\n\t\t\t\tCine-Debate aborda abuso e explora\u00e7\u00e3o sexual de crian\u00e7as e adolescentes\t\t\t<\/a>\n\t\t<\/h3>\n\t\t\n\t\t<a class=\"elementor-post__read-more\" href=\"https:\/\/portaleducacao.guarulhos.sp.gov.br\/wp_site\/cidadequeprotege\/2024\/05\/24\/cine-debate-aborda-abuso-e-exploracao-sexual-de-criancas-e-adolescentes\/\" aria-label=\"Read more about Cine-Debate aborda abuso e explora\u00e7\u00e3o sexual de crian\u00e7as e adolescentes\" >\n\t\t\tClique aqui para saber mais\t\t<\/a>\n\n\t\t\t\t<\/div>\n\t\t\t\t\t<\/div>\n\t\t<\/article>\n\t\t\t\t<article class=\"elementor-post elementor-grid-item post-328 post type-post status-publish format-standard has-post-thumbnail hentry category-post2024protege\">\n\t\t\t<div class=\"elementor-post__card\">\n\t\t\t\t<a class=\"elementor-post__thumbnail__link\" href=\"https:\/\/portaleducacao.guarulhos.sp.gov.br\/wp_site\/cidadequeprotege\/2024\/05\/24\/educacao-de-guarulhos-participa-de-seminario-sobre-gestao-intersetorial-em-maua\/\" ><div class=\"elementor-post__thumbnail\"><img width=\"300\" height=\"169\" src=\"https:\/\/portaleducacao.guarulhos.sp.gov.br\/wp_site\/cidadequeprotege\/wp-content\/uploads\/sites\/29\/2024\/05\/destaque-cidade-300x169.jpeg\" class=\"attachment-medium size-medium wp-image-329\" alt=\"\" loading=\"lazy\" srcset=\"https:\/\/portaleducacao.guarulhos.sp.gov.br\/wp_site\/cidadequeprotege\/wp-content\/uploads\/sites\/29\/2024\/05\/destaque-cidade-300x169.jpeg 300w, https:\/\/portaleducacao.guarulhos.sp.gov.br\/wp_site\/cidadequeprotege\/wp-content\/uploads\/sites\/29\/2024\/05\/destaque-cidade-1024x576.jpeg 1024w, https:\/\/portaleducacao.guarulhos.sp.gov.br\/wp_site\/cidadequeprotege\/wp-content\/uploads\/sites\/29\/2024\/05\/destaque-cidade-768x432.jpeg 768w, https:\/\/portaleducacao.guarulhos.sp.gov.br\/wp_site\/cidadequeprotege\/wp-content\/uploads\/sites\/29\/2024\/05\/destaque-cidade.jpeg 1280w\" sizes=\"(max-width: 300px) 100vw, 300px\" \/><\/div><\/a>\n\t\t\t\t<div class=\"elementor-post__text\">\n\t\t\t\t<h3 class=\"elementor-post__title\">\n\t\t\t<a href=\"https:\/\/portaleducacao.guarulhos.sp.gov.br\/wp_site\/cidadequeprotege\/2024\/05\/24\/educacao-de-guarulhos-participa-de-seminario-sobre-gestao-intersetorial-em-maua\/\" >\n\t\t\t\tEduca\u00e7\u00e3o de Guarulhos participa de semin\u00e1rio sobre gest\u00e3o intersetorial em Mau\u00e1\t\t\t<\/a>\n\t\t<\/h3>\n\t\t\n\t\t<a class=\"elementor-post__read-more\" href=\"https:\/\/portaleducacao.guarulhos.sp.gov.br\/wp_site\/cidadequeprotege\/2024\/05\/24\/educacao-de-guarulhos-participa-de-seminario-sobre-gestao-intersetorial-em-maua\/\" aria-label=\"Read more about Educa\u00e7\u00e3o de Guarulhos participa de semin\u00e1rio sobre gest\u00e3o intersetorial em Mau\u00e1\" >\n\t\t\tClique aqui para saber mais\t\t<\/a>\n\n\t\t\t\t<\/div>\n\t\t\t\t\t<\/div>\n\t\t<\/article>\n\t\t\t\t<article class=\"elementor-post elementor-grid-item post-310 post type-post status-publish format-standard has-post-thumbnail hentry category-post2024protege\">\n\t\t\t<div class=\"elementor-post__card\">\n\t\t\t\t<a class=\"elementor-post__thumbnail__link\" href=\"https:\/\/portaleducacao.guarulhos.sp.gov.br\/wp_site\/cidadequeprotege\/2024\/05\/17\/prefeitura-lanca-sistema-para-notificar-casos-de-violencia-contra-criancas-e-adolescentes\/\" ><div class=\"elementor-post__thumbnail\"><img width=\"300\" height=\"200\" src=\"https:\/\/portaleducacao.guarulhos.sp.gov.br\/wp_site\/cidadequeprotege\/wp-content\/uploads\/sites\/29\/2024\/05\/no3-300x200.jpeg\" class=\"attachment-medium size-medium wp-image-311\" alt=\"\" loading=\"lazy\" srcset=\"https:\/\/portaleducacao.guarulhos.sp.gov.br\/wp_site\/cidadequeprotege\/wp-content\/uploads\/sites\/29\/2024\/05\/no3-300x200.jpeg 300w, https:\/\/portaleducacao.guarulhos.sp.gov.br\/wp_site\/cidadequeprotege\/wp-content\/uploads\/sites\/29\/2024\/05\/no3-1024x682.jpeg 1024w, https:\/\/portaleducacao.guarulhos.sp.gov.br\/wp_site\/cidadequeprotege\/wp-content\/uploads\/sites\/29\/2024\/05\/no3-768x512.jpeg 768w, https:\/\/portaleducacao.guarulhos.sp.gov.br\/wp_site\/cidadequeprotege\/wp-content\/uploads\/sites\/29\/2024\/05\/no3-1536x1023.jpeg 1536w, https:\/\/portaleducacao.guarulhos.sp.gov.br\/wp_site\/cidadequeprotege\/wp-content\/uploads\/sites\/29\/2024\/05\/no3.jpeg 1600w\" sizes=\"(max-width: 300px) 100vw, 300px\" \/><\/div><\/a>\n\t\t\t\t<div class=\"elementor-post__text\">\n\t\t\t\t<h3 class=\"elementor-post__title\">\n\t\t\t<a href=\"https:\/\/portaleducacao.guarulhos.sp.gov.br\/wp_site\/cidadequeprotege\/2024\/05\/17\/prefeitura-lanca-sistema-para-notificar-casos-de-violencia-contra-criancas-e-adolescentes\/\" >\n\t\t\t\tPrefeitura lan\u00e7a sistema para notificar casos de viol\u00eancia contra crian\u00e7as e adolescentes\t\t\t<\/a>\n\t\t<\/h3>\n\t\t\n\t\t<a class=\"elementor-post__read-more\" href=\"https:\/\/portaleducacao.guarulhos.sp.gov.br\/wp_site\/cidadequeprotege\/2024\/05\/17\/prefeitura-lanca-sistema-para-notificar-casos-de-violencia-contra-criancas-e-adolescentes\/\" aria-label=\"Read more about Prefeitura lan\u00e7a sistema para notificar casos de viol\u00eancia contra crian\u00e7as e adolescentes\" >\n\t\t\tClique aqui para saber mais\t\t<\/a>\n\n\t\t\t\t<\/div>\n\t\t\t\t\t<\/div>\n\t\t<\/article>\n\t\t\t\t<\/div>\n\t\t\n\t\t\t\t<\/div>\n\t\t\t\t<\/div>\n\t\t\t\t\t<\/div>\n\t\t\t\t<\/div>\n\t\t\t\t\t<\/div>\n\t\t\t\t<\/div>\n\t\t<div class=\"elementor-element elementor-element-ffed2a7 e-con-boxed e-con\" data-id=\"ffed2a7\" data-element_type=\"container\" data-settings=\"{&quot;background_background&quot;:&quot;classic&quot;,&quot;shape_divider_bottom&quot;:&quot;opacity-fan&quot;,&quot;content_width&quot;:&quot;boxed&quot;}\">\n\t\t\t\t\t<div class=\"e-con-inner\">\n\t\t\t\t<div class=\"elementor-shape elementor-shape-bottom\" data-negative=\"false\">\n\t\t\t<svg xmlns=\"http:\/\/www.w3.org\/2000\/svg\" viewBox=\"0 0 283.5 19.6\" preserveAspectRatio=\"none\">\n\t<path class=\"elementor-shape-fill\" style=\"opacity:0.33\" d=\"M0 0L0 18.8 141.8 4.1 283.5 18.8 283.5 0z\"\/>\n\t<path class=\"elementor-shape-fill\" style=\"opacity:0.33\" d=\"M0 0L0 12.6 141.8 4 283.5 12.6 283.5 0z\"\/>\n\t<path class=\"elementor-shape-fill\" style=\"opacity:0.33\" d=\"M0 0L0 6.4 141.8 4 283.5 6.4 283.5 0z\"\/>\n\t<path class=\"elementor-shape-fill\" d=\"M0 0L0 1.2 141.8 4 283.5 1.2 283.5 0z\"\/>\n<\/svg>\t\t<\/div>\n\t\t\t\t<div class=\"elementor-element elementor-element-c6eb76e elementor-widget elementor-widget-heading\" data-id=\"c6eb76e\" data-element_type=\"widget\" data-widget_type=\"heading.default\">\n\t\t\t\t<div class=\"elementor-widget-container\">\n\t\t\t<h2 class=\"elementor-heading-title elementor-size-default\">Linha do Tempo<br>Guarulhos Cidade que Protege<\/h2>\t\t<\/div>\n\t\t\t\t<\/div>\n\t\t\t\t<div class=\"elementor-element elementor-element-6096cea ee-timeline-align--center ee-timeline-align-tablet--left ee-timeline-align-mobile--left ee-timeline-cards-align--top ee-timeline-cards-align-tablet--top ee-timeline-cards-align-mobile--top ee-timeline-animate elementor-widget elementor-widget-timeline\" data-id=\"6096cea\" data-element_type=\"widget\" data-settings=\"{&quot;line_location&quot;:{&quot;unit&quot;:&quot;px&quot;,&quot;size&quot;:50,&quot;sizes&quot;:[]}}\" data-widget_type=\"timeline.default\">\n\t\t\t\t<div class=\"elementor-widget-container\">\n\t\t\t<section class=\"ee-timeline ee-timeline--vertical\"><div class=\"ee-timeline__line\">\n\t\t\t<div class=\"ee-timeline__line__inner\"><\/div>\n\t\t<\/div><div class=\"elementor-repeater-item-4733669 ee-timeline__item timeline-item\">\n\t\t\t\t<div class=\"timeline-item__point\"><span class=\"ee-icon ee-icon-support--svg ee-timeline__item__icon\"><i aria-hidden=\"true\" class=\"fas fa-calendar-alt\"><\/i><\/span><\/div>\n\t\t\t\t<div class=\"timeline-item__card-wrapper\">\n\t\t\t\t\t<div class=\"timeline-item__card\">\n\n\t\t\t\t\t\t<div class=\"timeline-item__content-wrapper\"><div class=\"timeline-item__content\"><!-- meta -->\n\t\t<div class=\"timeline-item__meta meta\">\n\t\t\t2010\t\t<\/div><div class=\"timeline-item__content__wysiwyg\">\n\t\t\t\t<h3>Curso: Escola que Protege<\/h3><p>Parceria Secretaria de Educa\u00e7\u00e3o e Unifesp<\/p>\t\t\t<\/div>\n\t\t<\/div><\/div><div class=\"timeline-item__card__arrow\"><\/div><\/div>\n\t\t\t\t<\/div>\n\t\t\t\t<div class=\"timeline-item__meta-wrapper\"><!-- meta -->\n\t\t<div class=\"timeline-item__meta meta timeline-item__meta meta\">\n\t\t\t2010\t\t<\/div><\/div>\n\t\t\t<\/div><div class=\"elementor-repeater-item-e04b9f9 ee-timeline__item timeline-item\">\n\t\t\t\t<div class=\"timeline-item__point\"><span class=\"ee-icon ee-icon-support--svg ee-timeline__item__icon\"><i aria-hidden=\"true\" class=\"fas fa-calendar-alt\"><\/i><\/span><\/div>\n\t\t\t\t<div class=\"timeline-item__card-wrapper\">\n\t\t\t\t\t<div class=\"timeline-item__card\">\n\n\t\t\t\t\t\t<div class=\"timeline-item__content-wrapper\"><div class=\"timeline-item__content\"><!-- meta -->\n\t\t<div class=\"timeline-item__meta meta\">\n\t\t\t2011\t\t<\/div><div class=\"timeline-item__content__wysiwyg\">\n\t\t\t\t<h3>Projeto Piloto: \u00c1gua Chata<\/h3><p>Rede intersetorial para o Enfrentamento das Viol\u00eancias contra crian\u00e7as e Adolescentes;<br \/><br \/>13 Escolas Municipais<\/p>\t\t\t<\/div>\n\t\t<\/div><\/div><div class=\"timeline-item__card__arrow\"><\/div><\/div>\n\t\t\t\t<\/div>\n\t\t\t\t<div class=\"timeline-item__meta-wrapper\"><!-- meta -->\n\t\t<div class=\"timeline-item__meta meta timeline-item__meta meta\">\n\t\t\t2011\t\t<\/div><\/div>\n\t\t\t<\/div><div class=\"elementor-repeater-item-9153aa3 ee-timeline__item timeline-item\">\n\t\t\t\t<div class=\"timeline-item__point\"><span class=\"ee-icon ee-icon-support--svg ee-timeline__item__icon\"><i aria-hidden=\"true\" class=\"fas fa-calendar-alt\"><\/i><\/span><\/div>\n\t\t\t\t<div class=\"timeline-item__card-wrapper\">\n\t\t\t\t\t<div class=\"timeline-item__card\">\n\n\t\t\t\t\t\t<div class=\"timeline-item__content-wrapper\"><div class=\"timeline-item__content\"><!-- meta -->\n\t\t<div class=\"timeline-item__meta meta\">\n\t\t\t2012\t\t<\/div><div class=\"timeline-item__content__wysiwyg\">\n\t\t\t\t<h3>&gt; Carta de Princ\u00edpios<br \/>&gt; 1\u00ba Semin\u00e1rio de Direitos Humanos<br \/>&gt; Sinalizadores<\/h3><p>Amplia\u00e7\u00e3o: Regi\u00e3o de Sa\u00fade Pimentas e Cantareira = 27 Escolas Municipais<\/p>\t\t\t<\/div>\n\t\t<\/div><\/div><div class=\"timeline-item__card__arrow\"><\/div><\/div>\n\t\t\t\t<\/div>\n\t\t\t\t<div class=\"timeline-item__meta-wrapper\"><!-- meta -->\n\t\t<div class=\"timeline-item__meta meta timeline-item__meta meta\">\n\t\t\t2012\t\t<\/div><\/div>\n\t\t\t<\/div><div class=\"elementor-repeater-item-0a40092 ee-timeline__item timeline-item\">\n\t\t\t\t<div class=\"timeline-item__point\"><span class=\"ee-icon ee-icon-support--svg ee-timeline__item__icon\"><i aria-hidden=\"true\" class=\"fas fa-calendar-alt\"><\/i><\/span><\/div>\n\t\t\t\t<div class=\"timeline-item__card-wrapper\">\n\t\t\t\t\t<div class=\"timeline-item__card\">\n\n\t\t\t\t\t\t<div class=\"timeline-item__content-wrapper\"><div class=\"timeline-item__content\"><!-- meta -->\n\t\t<div class=\"timeline-item__meta meta\">\n\t\t\t2013\t\t<\/div><div class=\"timeline-item__content__wysiwyg\">\n\t\t\t\t<h3>Amplia\u00e7\u00e3o nas 4 Regi\u00f5es de Sa\u00fade<\/h3>\nPimentas, Cantareira, Centro e S\u00e3o Jo\u00e3o Bonsucesso;<br>\n48 Escolas Municipais\t\t\t<\/div>\n\t\t<\/div><\/div><div class=\"timeline-item__card__arrow\"><\/div><\/div>\n\t\t\t\t<\/div>\n\t\t\t\t<div class=\"timeline-item__meta-wrapper\"><!-- meta -->\n\t\t<div class=\"timeline-item__meta meta timeline-item__meta meta\">\n\t\t\t2013\t\t<\/div><\/div>\n\t\t\t<\/div><div class=\"elementor-repeater-item-8b9ede8 ee-timeline__item timeline-item\">\n\t\t\t\t<div class=\"timeline-item__point\"><span class=\"ee-icon ee-icon-support--svg ee-timeline__item__icon\"><i aria-hidden=\"true\" class=\"fas fa-calendar-alt\"><\/i><\/span><\/div>\n\t\t\t\t<div class=\"timeline-item__card-wrapper\">\n\t\t\t\t\t<div class=\"timeline-item__card\">\n\n\t\t\t\t\t\t<div class=\"timeline-item__content-wrapper\"><div class=\"timeline-item__content\"><!-- meta -->\n\t\t<div class=\"timeline-item__meta meta\">\n\t\t\t2015\t\t<\/div><div class=\"timeline-item__content__wysiwyg\">\n\t\t\t\t<h3>\nDecreto n\u00ba 32.979 de 29\/10\/2015 \n<\/h3>\nInstitui o grupo Gestor Intersetorial\n\t\t\t<\/div>\n\t\t<\/div><\/div><div class=\"timeline-item__card__arrow\"><\/div><\/div>\n\t\t\t\t<\/div>\n\t\t\t\t<div class=\"timeline-item__meta-wrapper\"><!-- meta -->\n\t\t<div class=\"timeline-item__meta meta timeline-item__meta meta\">\n\t\t\t2015\t\t<\/div><\/div>\n\t\t\t<\/div><div class=\"elementor-repeater-item-ea3715d ee-timeline__item timeline-item\">\n\t\t\t\t<div class=\"timeline-item__point\"><span class=\"ee-icon ee-icon-support--svg ee-timeline__item__icon\"><i aria-hidden=\"true\" class=\"fas fa-calendar-alt\"><\/i><\/span><\/div>\n\t\t\t\t<div class=\"timeline-item__card-wrapper\">\n\t\t\t\t\t<div class=\"timeline-item__card\">\n\n\t\t\t\t\t\t<div class=\"timeline-item__content-wrapper\"><div class=\"timeline-item__content\"><!-- meta -->\n\t\t<div class=\"timeline-item__meta meta\">\n\t\t\t2017\t\t<\/div><div class=\"timeline-item__content__wysiwyg\">\n\t\t\t\t<h3>Trajet\u00f3ria de Articula\u00e7\u00e3o da Rede Intersetorial<\/h3>\n\t\t\t<\/div>\n\t\t<\/div><\/div><div class=\"timeline-item__card__arrow\"><\/div><\/div>\n\t\t\t\t<\/div>\n\t\t\t\t<div class=\"timeline-item__meta-wrapper\"><!-- meta -->\n\t\t<div class=\"timeline-item__meta meta timeline-item__meta meta\">\n\t\t\t2017\t\t<\/div><\/div>\n\t\t\t<\/div><div class=\"elementor-repeater-item-0f01705 ee-timeline__item timeline-item\">\n\t\t\t\t<div class=\"timeline-item__point\"><span class=\"ee-icon ee-icon-support--svg ee-timeline__item__icon\"><i aria-hidden=\"true\" class=\"fas fa-calendar-alt\"><\/i><\/span><\/div>\n\t\t\t\t<div class=\"timeline-item__card-wrapper\">\n\t\t\t\t\t<div class=\"timeline-item__card\">\n\n\t\t\t\t\t\t<div class=\"timeline-item__content-wrapper\"><div class=\"timeline-item__content\"><!-- meta -->\n\t\t<div class=\"timeline-item__meta meta\">\n\t\t\t2020\t\t<\/div><div class=\"timeline-item__content__wysiwyg\">\n\t\t\t\t<h3>Fasc\u00edculo &#8211; Viol\u00eancia Familiar: O que a escola tem a ver com isso?<\/h3>\t\t\t<\/div>\n\t\t<\/div><\/div><div class=\"timeline-item__card__arrow\"><\/div><\/div>\n\t\t\t\t<\/div>\n\t\t\t\t<div class=\"timeline-item__meta-wrapper\"><!-- meta -->\n\t\t<div class=\"timeline-item__meta meta timeline-item__meta meta\">\n\t\t\t2020\t\t<\/div><\/div>\n\t\t\t<\/div><div class=\"elementor-repeater-item-af87104 ee-timeline__item timeline-item\">\n\t\t\t\t<div class=\"timeline-item__point\"><span class=\"ee-icon ee-icon-support--svg ee-timeline__item__icon\"><i aria-hidden=\"true\" class=\"fas fa-calendar-alt\"><\/i><\/span><\/div>\n\t\t\t\t<div class=\"timeline-item__card-wrapper\">\n\t\t\t\t\t<div class=\"timeline-item__card\">\n\n\t\t\t\t\t\t<div class=\"timeline-item__content-wrapper\"><div class=\"timeline-item__content\"><!-- meta -->\n\t\t<div class=\"timeline-item__meta meta\">\n\t\t\t2021\t\t<\/div><div class=\"timeline-item__content__wysiwyg\">\n\t\t\t\t<h3>Decreto n\u00ba 38.040<\/h3><p>Cria a Comiss\u00e3o Intersetorial da Constru\u00e7\u00e3o do Programa <b>Guarulhos, Cidade que Protege<\/b><\/p>\t\t\t<\/div>\n\t\t<\/div><\/div><div class=\"timeline-item__card__arrow\"><\/div><\/div>\n\t\t\t\t<\/div>\n\t\t\t\t<div class=\"timeline-item__meta-wrapper\"><!-- meta -->\n\t\t<div class=\"timeline-item__meta meta timeline-item__meta meta\">\n\t\t\t2021\t\t<\/div><\/div>\n\t\t\t<\/div><div class=\"elementor-repeater-item-be06ad5 ee-timeline__item timeline-item\">\n\t\t\t\t<div class=\"timeline-item__point\"><span class=\"ee-icon ee-icon-support--svg ee-timeline__item__icon\"><i aria-hidden=\"true\" class=\"fas fa-calendar-alt\"><\/i><\/span><\/div>\n\t\t\t\t<div class=\"timeline-item__card-wrapper\">\n\t\t\t\t\t<div class=\"timeline-item__card\">\n\n\t\t\t\t\t\t<div class=\"timeline-item__content-wrapper\"><div class=\"timeline-item__content\"><!-- meta -->\n\t\t<div class=\"timeline-item__meta meta\">\n\t\t\t2022\t\t<\/div><div class=\"timeline-item__content__wysiwyg\">\n\t\t\t\t<h5>\n<ul>\n<li>Concurso Boas Pr\u00e1ticas<\/li>\n<li>Cases Inspiradores<\/li>\n<li>Programa Parcerias<\/li>\n<\/ul>\n<\/h5>\t\t\t<\/div>\n\t\t<\/div><\/div><div class=\"timeline-item__card__arrow\"><\/div><\/div>\n\t\t\t\t<\/div>\n\t\t\t\t<div class=\"timeline-item__meta-wrapper\"><!-- meta -->\n\t\t<div class=\"timeline-item__meta meta timeline-item__meta meta\">\n\t\t\t2022\t\t<\/div><\/div>\n\t\t\t<\/div><div class=\"elementor-repeater-item-f9c4dae ee-timeline__item timeline-item\">\n\t\t\t\t<div class=\"timeline-item__point\"><span class=\"ee-icon ee-icon-support--svg ee-timeline__item__icon\"><i aria-hidden=\"true\" class=\"fas fa-calendar-alt\"><\/i><\/span><\/div>\n\t\t\t\t<div class=\"timeline-item__card-wrapper\">\n\t\t\t\t\t<div class=\"timeline-item__card\">\n\n\t\t\t\t\t\t<div class=\"timeline-item__content-wrapper\"><div class=\"timeline-item__content\"><!-- meta -->\n\t\t<div class=\"timeline-item__meta meta\">\n\t\t\t\t\t<\/div><div class=\"timeline-item__content__wysiwyg\">\n\t\t\t\t<h4><a href=\"https:\/\/www.guarulhos.sp.gov.br\/sites\/default\/files\/2024-02\/Diagn%C3%B3stico%20-%20Rede%20de%20Prote%C3%A7%C3%A3o%20Intersetorial%20de%20Crian%C3%A7as%20e%20Adolescentes%20de%20Guarulhos.pdf\"><strong>Constru\u00e7\u00e3o do Diagn\u00f3stico &#8211; Rede de Prote\u00e7\u00e3o Intersetorial de Crian\u00e7as e Adolescentes de Guarulhos<\/strong><\/a><\/h4>\t\t\t<\/div>\n\t\t<\/div><\/div><div class=\"timeline-item__card__arrow\"><\/div><\/div>\n\t\t\t\t<\/div>\n\t\t\t\t<div class=\"timeline-item__meta-wrapper\"><!-- meta -->\n\t\t<div class=\"timeline-item__meta meta timeline-item__meta meta\">\n\t\t\t\t\t<\/div><\/div>\n\t\t\t<\/div><div class=\"elementor-repeater-item-4b49c04 ee-timeline__item timeline-item\">\n\t\t\t\t<div class=\"timeline-item__point\"><span class=\"ee-icon ee-icon-support--svg ee-timeline__item__icon\"><i aria-hidden=\"true\" class=\"fas fa-calendar-alt\"><\/i><\/span><\/div>\n\t\t\t\t<div class=\"timeline-item__card-wrapper\">\n\t\t\t\t\t<div class=\"timeline-item__card\">\n\n\t\t\t\t\t\t<div class=\"timeline-item__content-wrapper\"><div class=\"timeline-item__content\"><!-- meta -->\n\t\t<div class=\"timeline-item__meta meta\">\n\t\t\t2023\t\t<\/div><div class=\"timeline-item__content__wysiwyg\">\n\t\t\t\t<h5>\u00a0<\/h5><ul><li><h5>Constru\u00e7\u00e3o do Fluxo Intersetorial;<\/h5><\/li><li><h5>Atividades formativas para as v\u00e1rias secretarias que comp\u00f5e a Comiss\u00e3o Intersetorial;<\/h5><\/li><\/ul>\t\t\t<\/div>\n\t\t<\/div><\/div><div class=\"timeline-item__card__arrow\"><\/div><\/div>\n\t\t\t\t<\/div>\n\t\t\t\t<div class=\"timeline-item__meta-wrapper\"><!-- meta -->\n\t\t<div class=\"timeline-item__meta meta timeline-item__meta meta\">\n\t\t\t2023\t\t<\/div><\/div>\n\t\t\t<\/div><div class=\"elementor-repeater-item-d92e6ce ee-timeline__item timeline-item\">\n\t\t\t\t<div class=\"timeline-item__point\"><span class=\"ee-icon ee-icon-support--svg ee-timeline__item__icon\"><i aria-hidden=\"true\" class=\"fas fa-calendar-alt\"><\/i><\/span><\/div>\n\t\t\t\t<div class=\"timeline-item__card-wrapper\">\n\t\t\t\t\t<div class=\"timeline-item__card\">\n\n\t\t\t\t\t\t<div class=\"timeline-item__content-wrapper\"><div class=\"timeline-item__content\"><!-- meta -->\n\t\t<div class=\"timeline-item__meta meta\">\n\t\t\t2024\t\t<\/div><div class=\"timeline-item__content__wysiwyg\">\n\t\t\t\t<h2>\u00a0<\/h2><h4><strong>Constru\u00e7\u00e3o do site Guarulhos Cidade que Protege<\/strong><\/h4>\t\t\t<\/div>\n\t\t<\/div><\/div><div class=\"timeline-item__card__arrow\"><\/div><\/div>\n\t\t\t\t<\/div>\n\t\t\t\t<div class=\"timeline-item__meta-wrapper\"><!-- meta -->\n\t\t<div class=\"timeline-item__meta meta timeline-item__meta meta\">\n\t\t\t2024\t\t<\/div><\/div>\n\t\t\t<\/div><div class=\"elementor-repeater-item-1bbf6b2 ee-timeline__item timeline-item\">\n\t\t\t\t<div class=\"timeline-item__point\"><span class=\"ee-icon ee-icon-support--svg ee-timeline__item__icon\"><i aria-hidden=\"true\" class=\"fas fa-calendar-alt\"><\/i><\/span><\/div>\n\t\t\t\t<div class=\"timeline-item__card-wrapper\">\n\t\t\t\t\t<div class=\"timeline-item__card\">\n\n\t\t\t\t\t\t<div class=\"timeline-item__content-wrapper\"><div class=\"timeline-item__content\"><!-- meta -->\n\t\t<div class=\"timeline-item__meta meta\">\n\t\t\t\t\t<\/div><div class=\"timeline-item__content__wysiwyg\">\n\t\t\t\t<h4><a href=\"https:\/\/portaleducacao.guarulhos.sp.gov.br\/siseduc\/login\/?next=\/siseduc\/home\/fluxoviolencia\/\"><strong>Sistema Integrado de Notifica\u00e7\u00e3o de Viol\u00eancia CIDADE QUE PROTEGE<\/strong><\/a><\/h4>\t\t\t<\/div>\n\t\t<\/div><\/div><div class=\"timeline-item__card__arrow\"><\/div><\/div>\n\t\t\t\t<\/div>\n\t\t\t\t<div class=\"timeline-item__meta-wrapper\"><!-- meta -->\n\t\t<div class=\"timeline-item__meta meta timeline-item__meta meta\">\n\t\t\t\t\t<\/div><\/div>\n\t\t\t<\/div><div class=\"elementor-repeater-item-370643e ee-timeline__item timeline-item\">\n\t\t\t\t<div class=\"timeline-item__point\"><span class=\"ee-icon ee-icon-support--svg ee-timeline__item__icon\"><i aria-hidden=\"true\" class=\"fas fa-calendar-alt\"><\/i><\/span><\/div>\n\t\t\t\t<div class=\"timeline-item__card-wrapper\">\n\t\t\t\t\t<div class=\"timeline-item__card\">\n\n\t\t\t\t\t\t<div class=\"timeline-item__content-wrapper\"><div class=\"timeline-item__content\"><!-- meta -->\n\t\t<div class=\"timeline-item__meta meta\">\n\t\t\t\t\t<\/div><div class=\"timeline-item__content__wysiwyg\">\n\t\t\t\t<h2>\u00a0<\/h2><h4>Programa Guarulhos Cidade que Protege\u00a0<\/h4><p>Programa Municipal de Enfrentamento \u00e0s Viol\u00eancias contra Crian\u00e7as e Adolescentes<\/p>\t\t\t<\/div>\n\t\t<\/div><\/div><div class=\"timeline-item__card__arrow\"><\/div><\/div>\n\t\t\t\t<\/div>\n\t\t\t\t<div class=\"timeline-item__meta-wrapper\"><!-- meta -->\n\t\t<div class=\"timeline-item__meta meta timeline-item__meta meta\">\n\t\t\t\t\t<\/div><\/div>\n\t\t\t<\/div><div class=\"elementor-repeater-item-0294f61 ee-timeline__item timeline-item\">\n\t\t\t\t<div class=\"timeline-item__point\"><span class=\"ee-icon ee-icon-support--svg ee-timeline__item__icon\"><i aria-hidden=\"true\" class=\"fas fa-calendar-alt\"><\/i><\/span><\/div>\n\t\t\t\t<div class=\"timeline-item__card-wrapper\">\n\t\t\t\t\t<div class=\"timeline-item__card\">\n\n\t\t\t\t\t\t<div class=\"timeline-item__content-wrapper\"><div class=\"timeline-item__content\"><!-- meta -->\n\t\t<div class=\"timeline-item__meta meta\">\n\t\t\t2025\t\t<\/div><div class=\"timeline-item__content__wysiwyg\">\n\t\t\t\t<h2>\u00a0<\/h2><h4><strong>Projeto Piloto \u2013 Regi\u00e3o de Sa\u00fade III \u2013 S\u00e3o Jo\u00e3o\/Bonsucesso &#8211; Sistema Integrado de Notifica\u00e7\u00e3o de Viol\u00eancia CIDADE QUE PROTEGE<\/strong><\/h4><p>Envolvendo 41 escolas da Rede Municipal, 03 Conselhos Tutelares, 20 Unidades de Sa\u00fade, 02 Centro de Refer\u00eancia Especializado da Assist\u00eancia Social &#8211; CREAS e 04 Centro de Refer\u00eancia da Assist\u00eancia Social \u2013 CRAS.<\/p>\t\t\t<\/div>\n\t\t<\/div><\/div><div class=\"timeline-item__card__arrow\"><\/div><\/div>\n\t\t\t\t<\/div>\n\t\t\t\t<div class=\"timeline-item__meta-wrapper\"><!-- meta -->\n\t\t<div class=\"timeline-item__meta meta timeline-item__meta meta\">\n\t\t\t2025\t\t<\/div><\/div>\n\t\t\t<\/div><\/section>\t\t<\/div>\n\t\t\t\t<\/div>\n\t\t\t\t\t<\/div>\n\t\t\t\t<\/div>\n\t\t<div class=\"elementor-element elementor-element-731c6b8 suspeitasViolencia e-con-boxed e-con\" data-id=\"731c6b8\" data-element_type=\"container\" id=\"suspeitasViolencia\" data-settings=\"{&quot;content_width&quot;:&quot;boxed&quot;}\">\n\t\t\t\t\t<div class=\"e-con-inner\">\n\t\t<div class=\"elementor-element elementor-element-4e03c02 e-con-boxed e-con\" data-id=\"4e03c02\" data-element_type=\"container\" data-settings=\"{&quot;content_width&quot;:&quot;boxed&quot;}\">\n\t\t\t\t\t<div class=\"e-con-inner\">\n\t\t\t\t<div class=\"elementor-element elementor-element-4a78e2e elementor-widget elementor-widget-heading\" data-id=\"4a78e2e\" data-element_type=\"widget\" data-widget_type=\"heading.default\">\n\t\t\t\t<div class=\"elementor-widget-container\">\n\t\t\t<h2 class=\"elementor-heading-title elementor-size-default\">Suspeitas de Viol\u00eancias<\/h2>\t\t<\/div>\n\t\t\t\t<\/div>\n\t\t\t\t<div class=\"elementor-element elementor-element-004501c elementor-widget elementor-widget-heading\" data-id=\"004501c\" data-element_type=\"widget\" data-widget_type=\"heading.default\">\n\t\t\t\t<div class=\"elementor-widget-container\">\n\t\t\t<h3 class=\"elementor-heading-title elementor-size-default\">1. Defini\u00e7\u00e3o das formas de Viol\u00eancias:\n\n\n<\/h3>\t\t<\/div>\n\t\t\t\t<\/div>\n\t\t\t\t<div class=\"elementor-element elementor-element-cedcb02 elementor-widget elementor-widget-spacer\" data-id=\"cedcb02\" data-element_type=\"widget\" data-widget_type=\"spacer.default\">\n\t\t\t\t<div class=\"elementor-widget-container\">\n\t\t\t<style>\/*! elementor - v3.12.1 - 02-04-2023 *\/\n.elementor-column .elementor-spacer-inner{height:var(--spacer-size)}.e-con{--container-widget-width:100%}.e-con-inner>.elementor-widget-spacer,.e-con>.elementor-widget-spacer{width:var(--container-widget-width,var(--spacer-size));--align-self:var(--container-widget-align-self,initial);--flex-shrink:0}.e-con-inner>.elementor-widget-spacer>.elementor-widget-container,.e-con-inner>.elementor-widget-spacer>.elementor-widget-container>.elementor-spacer,.e-con>.elementor-widget-spacer>.elementor-widget-container,.e-con>.elementor-widget-spacer>.elementor-widget-container>.elementor-spacer{height:100%}.e-con-inner>.elementor-widget-spacer>.elementor-widget-container>.elementor-spacer>.elementor-spacer-inner,.e-con>.elementor-widget-spacer>.elementor-widget-container>.elementor-spacer>.elementor-spacer-inner{height:var(--container-widget-height,var(--spacer-size))}<\/style>\t\t<div class=\"elementor-spacer\">\n\t\t\t<div class=\"elementor-spacer-inner\"><\/div>\n\t\t<\/div>\n\t\t\t\t<\/div>\n\t\t\t\t<\/div>\n\t\t\t\t<div class=\"elementor-element elementor-element-47ebcf0 elementor-widget elementor-widget-zeus-accordion\" data-id=\"47ebcf0\" data-element_type=\"widget\" data-widget_type=\"zeus-accordion.default\">\n\t\t\t\t<div class=\"elementor-widget-container\">\n\t\t\t\n\t\t<div id=\"zeus-accordion-47ebcf0\" class=\"zeus-accordion\" data-settings=\"[]\">\n\n\t\t\t\n\t\t\t\t<div class=\"zeus-accordion-item\">\n\t\t\t\t\t<div class=\"zeus-accordion-title\">\n\t\t\t\t\t\t\t\t\t\t\t\t\t<span class=\"zeus-accordion-icon zeus-accordion-icon-right\" aria-hidden=\"true\">\n\t\t\t\t\t\t\t\t\t\t\t\t\t\t\t\t\t<span class=\"zeus-accordion-icon-closed\"><i class=\"fas fa-plus\"><\/i><\/span>\n\t\t\t\t\t\t\t\t\t\t\t\t\t\t\t\t\t\t<span class=\"zeus-accordion-icon-opened\"><i class=\"fas fa-minus\"><\/i><\/span>\n\t\t\t\t\t\t\t\t\t\t\t\t\t\t\t\t<\/span>\n\t\t\t\t\t\t\tVIOL\u00caNCIA F\u00cdSICA \t\t\t\t\t<\/div>\n\n\t\t\t\t\t<div class=\"zeus-accordion-content\">\n\t\t\t\t\t\t<p>Entendida como a a\u00e7\u00e3o infligida ao educando que ofenda sua integridade ou sa\u00fade corporal ou que lhe cause sofrimento f\u00edsico<\/p>\t\t\t\t\t<\/div>\n\t\t\t\t<\/div>\n\t\t\t\t\n\t\t\t\t<div class=\"zeus-accordion-item\">\n\t\t\t\t\t<div class=\"zeus-accordion-title\">\n\t\t\t\t\t\t\t\t\t\t\t\t\t<span class=\"zeus-accordion-icon zeus-accordion-icon-right\" aria-hidden=\"true\">\n\t\t\t\t\t\t\t\t\t\t\t\t\t\t\t\t\t<span class=\"zeus-accordion-icon-closed\"><i class=\"fas fa-plus\"><\/i><\/span>\n\t\t\t\t\t\t\t\t\t\t\t\t\t\t\t\t\t\t<span class=\"zeus-accordion-icon-opened\"><i class=\"fas fa-minus\"><\/i><\/span>\n\t\t\t\t\t\t\t\t\t\t\t\t\t\t\t\t<\/span>\n\t\t\t\t\t\t\tVIOL\u00caNCIA QU\u00cdMICA\t\t\t\t\t<\/div>\n\n\t\t\t\t\t<div class=\"zeus-accordion-content\">\n\t\t\t\t\t\t<p>Consiste na administra\u00e7\u00e3o ao educando, por parte do respons\u00e1vel legal ou n\u00e3o, de subst\u00e2ncias psicoativas ou medicamentosas com o intuito de dominar, subjugar, inibir, conter, controlar, menosprezar ou ainda, trazer para a v\u00edtima a culpa, ou pela intoler\u00e2ncia do agressor \u00e0s caracter\u00edsticas de sua faixa et\u00e1ria, ou pelos comportamentos que apresentam secund\u00e1rios a outras formas de viol\u00eancia que lhe s\u00e3o infligidas.<\/p>\t\t\t\t\t<\/div>\n\t\t\t\t<\/div>\n\t\t\t\t\n\t\t\t\t<div class=\"zeus-accordion-item\">\n\t\t\t\t\t<div class=\"zeus-accordion-title\">\n\t\t\t\t\t\t\t\t\t\t\t\t\t<span class=\"zeus-accordion-icon zeus-accordion-icon-right\" aria-hidden=\"true\">\n\t\t\t\t\t\t\t\t\t\t\t\t\t\t\t\t\t<span class=\"zeus-accordion-icon-closed\"><i class=\"fas fa-plus\"><\/i><\/span>\n\t\t\t\t\t\t\t\t\t\t\t\t\t\t\t\t\t\t<span class=\"zeus-accordion-icon-opened\"><i class=\"fas fa-minus\"><\/i><\/span>\n\t\t\t\t\t\t\t\t\t\t\t\t\t\t\t\t<\/span>\n\t\t\t\t\t\t\tVIOL\u00caNCIA PSICOL\u00d3GICA\t\t\t\t\t<\/div>\n\n\t\t\t\t\t<div class=\"zeus-accordion-content\">\n\t\t\t\t\t\t<p>a) qualquer conduta de discrimina\u00e7\u00e3o, deprecia\u00e7\u00e3o ou desrespeito em rela\u00e7\u00e3o ao educando mediante amea\u00e7a, constrangimento, humilha\u00e7\u00e3o, manipula\u00e7\u00e3o, isolamento, agress\u00e3o verbal e xingamento, ridiculariza\u00e7\u00e3o, indiferen\u00e7a, explora\u00e7\u00e3o ou intimida\u00e7\u00e3o sistem\u00e1tica \u2013 bullying, que possa comprometer seu desenvolvimento ps\u00edquico ou emocional;<\/p><p>b) qualquer conduta que exponha o educando, direta ou indiretamente, a crime violento contra membro de sua fam\u00edlia ou de sua rede de apoio, independentemente do ambiente em que foi cometido, particularmente quando isto a torna testemunha<\/p>\t\t\t\t\t<\/div>\n\t\t\t\t<\/div>\n\t\t\t\t\n\t\t\t\t<div class=\"zeus-accordion-item\">\n\t\t\t\t\t<div class=\"zeus-accordion-title\">\n\t\t\t\t\t\t\t\t\t\t\t\t\t<span class=\"zeus-accordion-icon zeus-accordion-icon-right\" aria-hidden=\"true\">\n\t\t\t\t\t\t\t\t\t\t\t\t\t\t\t\t\t<span class=\"zeus-accordion-icon-closed\"><i class=\"fas fa-plus\"><\/i><\/span>\n\t\t\t\t\t\t\t\t\t\t\t\t\t\t\t\t\t\t<span class=\"zeus-accordion-icon-opened\"><i class=\"fas fa-minus\"><\/i><\/span>\n\t\t\t\t\t\t\t\t\t\t\t\t\t\t\t\t<\/span>\n\t\t\t\t\t\t\tVIOL\u00caNCIA SEXUAL \t\t\t\t\t<\/div>\n\n\t\t\t\t\t<div class=\"zeus-accordion-content\">\n\t\t\t\t\t\t<p>Entendida como qualquer conduta que induza ou constranja o educando a praticar ou presenciar conjun\u00e7\u00e3o carnal ou qualquer outro ato libidinoso, inclusive exposi\u00e7\u00e3o de seu corpo em foto ou v\u00eddeo por meio eletr\u00f4nico ou n\u00e3o, que compreenda:<\/p><p>a) abuso sexual, entendido como toda a\u00e7\u00e3o que se utiliza do educando para fins sexuais, seja conjun\u00e7\u00e3o carnal ou outro ato libidinoso, realizado de modo presencial ou por meio eletr\u00f4nico, para estimula\u00e7\u00e3o sexual do agente ou de terceiro;<\/p><p>b) explora\u00e7\u00e3o sexual comercial, entendida como do educando em atividade sexual em troca de remunera\u00e7\u00e3o ou qualquer outra forma de compensa\u00e7\u00e3o, de forma independente ou sob o patroc\u00ednio, apoio ou incentivo de terceiro, seja de modo presencial ou por meio eletr\u00f4nico;<\/p><p>c) tr\u00e1fico de pessoas entendido como o recrutamento, o transporte, a transfer\u00eancia, o alojamento ou o acolhimento do educando, dentro do territ\u00f3rio nacional ou para o estrangeiro, com o fim de explora\u00e7\u00e3o sexual, mediante amea\u00e7a, uso de for\u00e7a ou outra forma de coa\u00e7\u00e3o, rapto, fraude, engano, abuso de autoridade, aproveitamento de situa\u00e7\u00e3o de vulnerabilidade, entrega ou aceita\u00e7\u00e3o de pagamento, entre os casos previstos na legisla\u00e7\u00e3o.<\/p>\t\t\t\t\t<\/div>\n\t\t\t\t<\/div>\n\t\t\t\t\n\t\t\t\t<div class=\"zeus-accordion-item\">\n\t\t\t\t\t<div class=\"zeus-accordion-title\">\n\t\t\t\t\t\t\t\t\t\t\t\t\t<span class=\"zeus-accordion-icon zeus-accordion-icon-right\" aria-hidden=\"true\">\n\t\t\t\t\t\t\t\t\t\t\t\t\t\t\t\t\t<span class=\"zeus-accordion-icon-closed\"><i class=\"fas fa-plus\"><\/i><\/span>\n\t\t\t\t\t\t\t\t\t\t\t\t\t\t\t\t\t\t<span class=\"zeus-accordion-icon-opened\"><i class=\"fas fa-minus\"><\/i><\/span>\n\t\t\t\t\t\t\t\t\t\t\t\t\t\t\t\t<\/span>\n\t\t\t\t\t\t\tVIOL\u00caNCIA INSTITUCIONAL\t\t\t\t\t<\/div>\n\n\t\t\t\t\t<div class=\"zeus-accordion-content\">\n\t\t\t\t\t\t<p>Entendida como a praticada por profissional que atua em institui\u00e7\u00e3o de qualquer natureza, p\u00fablica, parceira ou privada, por meio de ato ilegal ou omissivo que prejudique o atendimento ao educando, v\u00edtima ou testemunha de viol\u00eancia, inclusive quando gerar revitimiza\u00e7\u00e3o, isto \u00e9, reviver a viol\u00eancia.<\/p>\t\t\t\t\t<\/div>\n\t\t\t\t<\/div>\n\t\t\t\t\n\t\t\t\t<div class=\"zeus-accordion-item\">\n\t\t\t\t\t<div class=\"zeus-accordion-title\">\n\t\t\t\t\t\t\t\t\t\t\t\t\t<span class=\"zeus-accordion-icon zeus-accordion-icon-right\" aria-hidden=\"true\">\n\t\t\t\t\t\t\t\t\t\t\t\t\t\t\t\t\t<span class=\"zeus-accordion-icon-closed\"><i class=\"fas fa-plus\"><\/i><\/span>\n\t\t\t\t\t\t\t\t\t\t\t\t\t\t\t\t\t\t<span class=\"zeus-accordion-icon-opened\"><i class=\"fas fa-minus\"><\/i><\/span>\n\t\t\t\t\t\t\t\t\t\t\t\t\t\t\t\t<\/span>\n\t\t\t\t\t\t\t\u202fVIOL\u00caNCIA NEGLIGENCIAL \t\t\t\t\t<\/div>\n\n\t\t\t\t\t<div class=\"zeus-accordion-content\">\n\t\t\t\t\t\t<p>Entendida como as reiteradas falhas de pais ou respons\u00e1veis em prover as necessidades f\u00edsicas, de sa\u00fade, educacionais, higi\u00eanicas dos educandos e\/ou de supervisionar suas atividades, de modo a prevenir riscos, quando tal falha n\u00e3o \u00e9 o resultado das condi\u00e7\u00f5es de vida al\u00e9m do seu controle, al\u00e9m da falta de acompanhamento, tratamento e a n\u00e3o administra\u00e7\u00e3o e\/ou administra\u00e7\u00e3o inadequada de medicamento.<\/p>\t\t\t\t\t<\/div>\n\t\t\t\t<\/div>\n\t\t\t\t\n\t\t\t\t<div class=\"zeus-accordion-item\">\n\t\t\t\t\t<div class=\"zeus-accordion-title\">\n\t\t\t\t\t\t\t\t\t\t\t\t\t<span class=\"zeus-accordion-icon zeus-accordion-icon-right\" aria-hidden=\"true\">\n\t\t\t\t\t\t\t\t\t\t\t\t\t\t\t\t\t<span class=\"zeus-accordion-icon-closed\"><i class=\"fas fa-plus\"><\/i><\/span>\n\t\t\t\t\t\t\t\t\t\t\t\t\t\t\t\t\t\t<span class=\"zeus-accordion-icon-opened\"><i class=\"fas fa-minus\"><\/i><\/span>\n\t\t\t\t\t\t\t\t\t\t\t\t\t\t\t\t<\/span>\n\t\t\t\t\t\t\tABANDONO \t\t\t\t\t<\/div>\n\n\t\t\t\t\t<div class=\"zeus-accordion-content\">\n\t\t\t\t\t\t<p>\u00c9 uma forma de viol\u00eancia muito semelhante \u00e0 neglig\u00eancia. Segundo o Centro Latino-Americano de Estudos de Viol\u00eancia e Sa\u00fade (CLAVES), o abandono se caracteriza pela aus\u00eancia do respons\u00e1vel pela crian\u00e7a ou adolescente na educa\u00e7\u00e3o e nos cuidados. O abandono parcial \u00e9 a aus\u00eancia tempor\u00e1ria dos pais, expondo a crian\u00e7a a situa\u00e7\u00f5es de risco. O abandono total \u00e9 o afastamento do grupo familiar, ficando as crian\u00e7as sem habita\u00e7\u00e3o, desamparadas e expostas a v\u00e1rias formas de perigo.<\/p>\t\t\t\t\t<\/div>\n\t\t\t\t<\/div>\n\t\t\t\t\n\t\t\t\t<div class=\"zeus-accordion-item\">\n\t\t\t\t\t<div class=\"zeus-accordion-title\">\n\t\t\t\t\t\t\t\t\t\t\t\t\t<span class=\"zeus-accordion-icon zeus-accordion-icon-right\" aria-hidden=\"true\">\n\t\t\t\t\t\t\t\t\t\t\t\t\t\t\t\t\t<span class=\"zeus-accordion-icon-closed\"><i class=\"fas fa-plus\"><\/i><\/span>\n\t\t\t\t\t\t\t\t\t\t\t\t\t\t\t\t\t\t<span class=\"zeus-accordion-icon-opened\"><i class=\"fas fa-minus\"><\/i><\/span>\n\t\t\t\t\t\t\t\t\t\t\t\t\t\t\t\t<\/span>\n\t\t\t\t\t\t\tVIOL\u00caNCIA AUTO INFLIGIDA\t\t\t\t\t<\/div>\n\n\t\t\t\t\t<div class=\"zeus-accordion-content\">\n\t\t\t\t\t\t<p>Entendida como manifesta\u00e7\u00e3o do desejo suicida, autoagress\u00f5es, tentativas de suic\u00eddio.<\/p>\t\t\t\t\t<\/div>\n\t\t\t\t<\/div>\n\t\t\t\t\n\t\t\t\t<div class=\"zeus-accordion-item\">\n\t\t\t\t\t<div class=\"zeus-accordion-title\">\n\t\t\t\t\t\t\t\t\t\t\t\t\t<span class=\"zeus-accordion-icon zeus-accordion-icon-right\" aria-hidden=\"true\">\n\t\t\t\t\t\t\t\t\t\t\t\t\t\t\t\t\t<span class=\"zeus-accordion-icon-closed\"><i class=\"fas fa-plus\"><\/i><\/span>\n\t\t\t\t\t\t\t\t\t\t\t\t\t\t\t\t\t\t<span class=\"zeus-accordion-icon-opened\"><i class=\"fas fa-minus\"><\/i><\/span>\n\t\t\t\t\t\t\t\t\t\t\t\t\t\t\t\t<\/span>\n\t\t\t\t\t\t\tTRABALHO INFANTIL\t\t\t\t\t<\/div>\n\n\t\t\t\t\t<div class=\"zeus-accordion-content\">\n\t\t\t\t\t\t<p>Entendido como qualquer trabalho, inclusive o dom\u00e9stico, realizado por crian\u00e7as e adolescentes abaixo da idade m\u00ednima permitida, atividades insalubres ou perigosas que os exponha a esfor\u00e7os f\u00edsicos intensos, longas jornadas de trabalho, trabalho noturno, calor, exposi\u00e7\u00e3o ao fogo, posi\u00e7\u00f5es antiergon\u00f4micas e movimentos repetitivos, tracionamento da coluna vertebral, sobrecarga muscular.<\/p>\t\t\t\t\t<\/div>\n\t\t\t\t<\/div>\n\t\t\t\t\n\t\t<\/div>\n\n\t\t\t\t<\/div>\n\t\t\t\t<\/div>\n\t\t\t\t\t<\/div>\n\t\t\t\t<\/div>\n\t\t\t\t\t<\/div>\n\t\t\t\t<\/div>\n\t\t<div class=\"elementor-element elementor-element-c7a20a9 e-con-boxed e-con\" data-id=\"c7a20a9\" data-element_type=\"container\" data-settings=\"{&quot;content_width&quot;:&quot;boxed&quot;}\">\n\t\t\t\t\t<div class=\"e-con-inner\">\n\t\t\t\t<div class=\"elementor-element elementor-element-66c1165 elementor-widget elementor-widget-heading\" data-id=\"66c1165\" data-element_type=\"widget\" data-widget_type=\"heading.default\">\n\t\t\t\t<div class=\"elementor-widget-container\">\n\t\t\t<h3 class=\"elementor-heading-title elementor-size-default\">2 .Motiva\u00e7\u00e3o da Viol\u00eancia:\u200b<\/h3>\t\t<\/div>\n\t\t\t\t<\/div>\n\t\t\t\t<div class=\"elementor-element elementor-element-613c585 elementor-widget elementor-widget-zeus-accordion\" data-id=\"613c585\" data-element_type=\"widget\" data-widget_type=\"zeus-accordion.default\">\n\t\t\t\t<div class=\"elementor-widget-container\">\n\t\t\t\n\t\t<div id=\"zeus-accordion-613c585\" class=\"zeus-accordion\" data-settings=\"[]\">\n\n\t\t\t\n\t\t\t\t<div class=\"zeus-accordion-item\">\n\t\t\t\t\t<div class=\"zeus-accordion-title\">\n\t\t\t\t\t\t\t\t\t\t\t\t\t<span class=\"zeus-accordion-icon zeus-accordion-icon-right\" aria-hidden=\"true\">\n\t\t\t\t\t\t\t\t\t\t\t\t\t\t\t\t\t<span class=\"zeus-accordion-icon-closed\"><i class=\"fas fa-plus\"><\/i><\/span>\n\t\t\t\t\t\t\t\t\t\t\t\t\t\t\t\t\t\t<span class=\"zeus-accordion-icon-opened\"><i class=\"fas fa-minus\"><\/i><\/span>\n\t\t\t\t\t\t\t\t\t\t\t\t\t\t\t\t<\/span>\n\t\t\t\t\t\t\tSEXISMO\t\t\t\t\t<\/div>\n\n\t\t\t\t\t<div class=\"zeus-accordion-content\">\n\t\t\t\t\t\t<p>\u00e9 uma ideologia que se pauta no suposto prest\u00edgio e poder masculinos sobre as mulheres. Reflete-se em um conjunto de condutas constru\u00eddas, aprendidas e refor\u00e7adas culturalmente \u2013 cujo exerc\u00edcio est\u00e1 na tentativa e no controle da moral e da conduta femininas. Reflete-se na viol\u00eancia contra as mulheres em suas diversas formas. Pode aparecer por meio de xingamentos, atos, chantagens, exposi\u00e7\u00e3o p\u00fablica etc.<\/p>\t\t\t\t\t<\/div>\n\t\t\t\t<\/div>\n\t\t\t\t\n\t\t\t\t<div class=\"zeus-accordion-item\">\n\t\t\t\t\t<div class=\"zeus-accordion-title\">\n\t\t\t\t\t\t\t\t\t\t\t\t\t<span class=\"zeus-accordion-icon zeus-accordion-icon-right\" aria-hidden=\"true\">\n\t\t\t\t\t\t\t\t\t\t\t\t\t\t\t\t\t<span class=\"zeus-accordion-icon-closed\"><i class=\"fas fa-plus\"><\/i><\/span>\n\t\t\t\t\t\t\t\t\t\t\t\t\t\t\t\t\t\t<span class=\"zeus-accordion-icon-opened\"><i class=\"fas fa-minus\"><\/i><\/span>\n\t\t\t\t\t\t\t\t\t\t\t\t\t\t\t\t<\/span>\n\t\t\t\t\t\t\tHOMOFOBIA\/LESBOFOBIA\/  BIFOBIA\/TRANSFOBIA\t\t\t\t\t<\/div>\n\n\t\t\t\t\t<div class=\"zeus-accordion-content\">\n\t\t\t\t\t\t<p>\u00e9 a viol\u00eancia motivada e praticada em raz\u00e3o da orienta\u00e7\u00e3o sexual ou da identidade de g\u00eanero presumida da v\u00edtima, podendo esta ser membro da popula\u00e7\u00e3o LGBT ou n\u00e3o. A homofobia pode ser definida como a avers\u00e3o irracional aos homossexuais e a todos que manifestem orienta\u00e7\u00e3o sexual ou identidade de g\u00eanero diferente dos padr\u00f5es heteronormativos. A viol\u00eancia contra gays \u00e9 denominada homofobia; enquanto a discrimina\u00e7\u00e3o, avers\u00e3o e \u00f3dio contra as mulheres que t\u00eam orienta\u00e7\u00e3o sexual diferente da heterossexual e que se relacionam homoafetivamente com outras mulheres \u00e9 conhecida como lesbofobia. \u00c9 importante ressaltar que a lesbofobia \u00e9 uma viol\u00eancia resultante de dupla discrimina\u00e7\u00e3o porque associa tamb\u00e9m a viol\u00eancia contra as mulheres, al\u00e9m da discrimina\u00e7\u00e3o contra a homossexualidade. Bifobia \u00e9 a discrimina\u00e7\u00e3o, avers\u00e3o ou \u00f3dio \u00e0s pessoas bissexuais. Transfobia \u00e9 a discrimina\u00e7\u00e3o, avers\u00e3o, \u00f3dio contra pessoas transexuais ou travestis. Entre as variadas formas de manifesta\u00e7\u00e3o dessas viol\u00eancias est\u00e3o tamb\u00e9m a viol\u00eancia psicol\u00f3gica (insulto, constrangimento, amea\u00e7a) e os obst\u00e1culos ao acesso aos servi\u00e7os, ao trabalho, e outras.<\/p>\t\t\t\t\t<\/div>\n\t\t\t\t<\/div>\n\t\t\t\t\n\t\t\t\t<div class=\"zeus-accordion-item\">\n\t\t\t\t\t<div class=\"zeus-accordion-title\">\n\t\t\t\t\t\t\t\t\t\t\t\t\t<span class=\"zeus-accordion-icon zeus-accordion-icon-right\" aria-hidden=\"true\">\n\t\t\t\t\t\t\t\t\t\t\t\t\t\t\t\t\t<span class=\"zeus-accordion-icon-closed\"><i class=\"fas fa-plus\"><\/i><\/span>\n\t\t\t\t\t\t\t\t\t\t\t\t\t\t\t\t\t\t<span class=\"zeus-accordion-icon-opened\"><i class=\"fas fa-minus\"><\/i><\/span>\n\t\t\t\t\t\t\t\t\t\t\t\t\t\t\t\t<\/span>\n\t\t\t\t\t\t\tRACISMO\t\t\t\t\t<\/div>\n\n\t\t\t\t\t<div class=\"zeus-accordion-content\">\n\t\t\t\t\t\t<p>a cren\u00e7a de que \u00e9 justa a divis\u00e3o da sociedade em grupos definidos pela cor da pele, tra\u00e7os f\u00edsicos e aspectos culturais, de forma a hierarquiz\u00e1-la. O racismo \u00e9 utilizado como justificativa para a discrimina\u00e7\u00e3o contra determinados grupos. A discrimina\u00e7\u00e3o racial ou \u00e9tnico-racial \u00e9 toda distin\u00e7\u00e3o, exclus\u00e3o, restri\u00e7\u00e3o ou prefer\u00eancia baseada em ra\u00e7a, cor, descend\u00eancia ou origem nacional ou \u00e9tnica que tenha por objeto anular ou restringir o reconhecimento, o gozo ou o exerc\u00edcio, em igualdade de condi\u00e7\u00f5es, de direitos e liberdades fundamentais, em quaisquer campos da vida p\u00fablica ou privada, conforme Lei n\u00ba 12.288\/2010. No Brasil, o racismo e a discrimina\u00e7\u00e3o racial s\u00e3o dirigidos principalmente contra as popula\u00e7\u00f5es negra, ind\u00edgena e quilombola.<\/p>\t\t\t\t\t<\/div>\n\t\t\t\t<\/div>\n\t\t\t\t\n\t\t\t\t<div class=\"zeus-accordion-item\">\n\t\t\t\t\t<div class=\"zeus-accordion-title\">\n\t\t\t\t\t\t\t\t\t\t\t\t\t<span class=\"zeus-accordion-icon zeus-accordion-icon-right\" aria-hidden=\"true\">\n\t\t\t\t\t\t\t\t\t\t\t\t\t\t\t\t\t<span class=\"zeus-accordion-icon-closed\"><i class=\"fas fa-plus\"><\/i><\/span>\n\t\t\t\t\t\t\t\t\t\t\t\t\t\t\t\t\t\t<span class=\"zeus-accordion-icon-opened\"><i class=\"fas fa-minus\"><\/i><\/span>\n\t\t\t\t\t\t\t\t\t\t\t\t\t\t\t\t<\/span>\n\t\t\t\t\t\t\tINTOLER\u00c2NCIA RELIGIOSA\t\t\t\t\t<\/div>\n\n\t\t\t\t\t<div class=\"zeus-accordion-content\">\n\t\t\t\t\t\t<p>\u00e9 um conjunto de ideologias e atitudes ofensivas a cren\u00e7as e pr\u00e1ticas religiosas ou a quem n\u00e3o segue uma religi\u00e3o. \u00c9 um crime de \u00f3dio que fere a liberdade e a dignidade humana.<\/p>\t\t\t\t\t<\/div>\n\t\t\t\t<\/div>\n\t\t\t\t\n\t\t\t\t<div class=\"zeus-accordion-item\">\n\t\t\t\t\t<div class=\"zeus-accordion-title\">\n\t\t\t\t\t\t\t\t\t\t\t\t\t<span class=\"zeus-accordion-icon zeus-accordion-icon-right\" aria-hidden=\"true\">\n\t\t\t\t\t\t\t\t\t\t\t\t\t\t\t\t\t<span class=\"zeus-accordion-icon-closed\"><i class=\"fas fa-plus\"><\/i><\/span>\n\t\t\t\t\t\t\t\t\t\t\t\t\t\t\t\t\t\t<span class=\"zeus-accordion-icon-opened\"><i class=\"fas fa-minus\"><\/i><\/span>\n\t\t\t\t\t\t\t\t\t\t\t\t\t\t\t\t<\/span>\n\t\t\t\t\t\t\tXENOFOBIA\t\t\t\t\t<\/div>\n\n\t\t\t\t\t<div class=\"zeus-accordion-content\">\n\t\t\t\t\t\t<p>A xenofobia \u00e9 uma forma de discrimina\u00e7\u00e3o social que consiste na avers\u00e3o a pessoas de diferentes culturas e nacionalidades. Considerada como crime de \u00f3dio, a xenofobia mostra-se por meio da humilha\u00e7\u00e3o, do constrangimento, das agress\u00f5es f\u00edsica e moral \u00e0quele(a) que n\u00e3o \u00e9 natural do lugar do(a) agressor(a). Teoricamente, xenofobia \u00e9 a avers\u00e3o apenas a estrangeiros(as); contudo, n\u00e3o est\u00e1 estabelecido um termo t\u00e9cnico que designe a agress\u00e3o e o desrespeito a pessoas de diferentes regi\u00f5es do mesmo pa\u00eds e que tamb\u00e9m s\u00e3o considerados crimes de \u00f3dio. Portanto, a ocorr\u00eancia de viol\u00eancia motivada por avers\u00e3o a pessoas do pr\u00f3prio pa\u00eds \u2013 provindas de diferentes regi\u00f5es geogr\u00e1ficas ou localidades \u2013 deve ser registrada nesta categoria.<\/p>\t\t\t\t\t<\/div>\n\t\t\t\t<\/div>\n\t\t\t\t\n\t\t\t\t<div class=\"zeus-accordion-item\">\n\t\t\t\t\t<div class=\"zeus-accordion-title\">\n\t\t\t\t\t\t\t\t\t\t\t\t\t<span class=\"zeus-accordion-icon zeus-accordion-icon-right\" aria-hidden=\"true\">\n\t\t\t\t\t\t\t\t\t\t\t\t\t\t\t\t\t<span class=\"zeus-accordion-icon-closed\"><i class=\"fas fa-plus\"><\/i><\/span>\n\t\t\t\t\t\t\t\t\t\t\t\t\t\t\t\t\t\t<span class=\"zeus-accordion-icon-opened\"><i class=\"fas fa-minus\"><\/i><\/span>\n\t\t\t\t\t\t\t\t\t\t\t\t\t\t\t\t<\/span>\n\t\t\t\t\t\t\tCONFLITO GERACIONAL\t\t\t\t\t<\/div>\n\n\t\t\t\t\t<div class=\"zeus-accordion-content\">\n\t\t\t\t\t\t<p>\u00e9 um conflito que descreve discrep\u00e2ncias culturais, sociais ou econ\u00f4micas entre duas gera\u00e7\u00f5es, que pode ser causada por trocas de valores ou conflitos de interesse entre gera\u00e7\u00f5es mais jovens e gera\u00e7\u00f5es mais idosas.<\/p>\t\t\t\t\t<\/div>\n\t\t\t\t<\/div>\n\t\t\t\t\n\t\t\t\t<div class=\"zeus-accordion-item\">\n\t\t\t\t\t<div class=\"zeus-accordion-title\">\n\t\t\t\t\t\t\t\t\t\t\t\t\t<span class=\"zeus-accordion-icon zeus-accordion-icon-right\" aria-hidden=\"true\">\n\t\t\t\t\t\t\t\t\t\t\t\t\t\t\t\t\t<span class=\"zeus-accordion-icon-closed\"><i class=\"fas fa-plus\"><\/i><\/span>\n\t\t\t\t\t\t\t\t\t\t\t\t\t\t\t\t\t\t<span class=\"zeus-accordion-icon-opened\"><i class=\"fas fa-minus\"><\/i><\/span>\n\t\t\t\t\t\t\t\t\t\t\t\t\t\t\t\t<\/span>\n\t\t\t\t\t\t\tSITUA\u00c7\u00c3O DE RUA\t\t\t\t\t<\/div>\n\n\t\t\t\t\t<div class=\"zeus-accordion-content\">\n\t\t\t\t\t\t<p>considera-se popula\u00e7\u00e3o em situa\u00e7\u00e3o de rua o grupo populacional heterog\u00eaneo que possui em comum a pobreza extrema, os v\u00ednculos familiares interrompidos ou fragilizados e a inexist\u00eancia de moradia convencional regular, e que utiliza os logradouros p\u00fablicos e as \u00e1reas degradadas como espa\u00e7o de moradia e de sustento, de forma tempor\u00e1ria ou permanente, bem como as unidades de acolhimento para pernoite tempor\u00e1rio ou como moradia provis\u00f3ria (Decreto n\u00ba 7.053\/2009).<\/p>\t\t\t\t\t<\/div>\n\t\t\t\t<\/div>\n\t\t\t\t\n\t\t\t\t<div class=\"zeus-accordion-item\">\n\t\t\t\t\t<div class=\"zeus-accordion-title\">\n\t\t\t\t\t\t\t\t\t\t\t\t\t<span class=\"zeus-accordion-icon zeus-accordion-icon-right\" aria-hidden=\"true\">\n\t\t\t\t\t\t\t\t\t\t\t\t\t\t\t\t\t<span class=\"zeus-accordion-icon-closed\"><i class=\"fas fa-plus\"><\/i><\/span>\n\t\t\t\t\t\t\t\t\t\t\t\t\t\t\t\t\t\t<span class=\"zeus-accordion-icon-opened\"><i class=\"fas fa-minus\"><\/i><\/span>\n\t\t\t\t\t\t\t\t\t\t\t\t\t\t\t\t<\/span>\n\t\t\t\t\t\t\tDEFICI\u00caNCIA\t\t\t\t\t<\/div>\n\n\t\t\t\t\t<div class=\"zeus-accordion-content\">\n\t\t\t\t\t\t<p>quando a viol\u00eancia \u00e9 motivada por preconceito, desrespeito ou por qualquer tipo de discrimina\u00e7\u00e3o \u00e0 condi\u00e7\u00e3o das pessoas com defici\u00eancia.<\/p>\t\t\t\t\t<\/div>\n\t\t\t\t<\/div>\n\t\t\t\t\n\t\t\t\t<div class=\"zeus-accordion-item\">\n\t\t\t\t\t<div class=\"zeus-accordion-title\">\n\t\t\t\t\t\t\t\t\t\t\t\t\t<span class=\"zeus-accordion-icon zeus-accordion-icon-right\" aria-hidden=\"true\">\n\t\t\t\t\t\t\t\t\t\t\t\t\t\t\t\t\t<span class=\"zeus-accordion-icon-closed\"><i class=\"fas fa-plus\"><\/i><\/span>\n\t\t\t\t\t\t\t\t\t\t\t\t\t\t\t\t\t\t<span class=\"zeus-accordion-icon-opened\"><i class=\"fas fa-minus\"><\/i><\/span>\n\t\t\t\t\t\t\t\t\t\t\t\t\t\t\t\t<\/span>\n\t\t\t\t\t\t\tOUTROS\t\t\t\t\t<\/div>\n\n\t\t\t\t\t<div class=\"zeus-accordion-content\">\n\t\t\t\t\t\t<p>qualquer outro tipo de motiva\u00e7\u00e3o \u00e0 viol\u00eancia que n\u00e3o as contempladas nas categorias anteriores. Especificar a motiva\u00e7\u00e3o.<\/p>\t\t\t\t\t<\/div>\n\t\t\t\t<\/div>\n\t\t\t\t\n\t\t<\/div>\n\n\t\t\t\t<\/div>\n\t\t\t\t<\/div>\n\t\t\t\t\t<\/div>\n\t\t\t\t<\/div>\n\t\t<div class=\"elementor-element elementor-element-75bb018 e-con-boxed e-con\" data-id=\"75bb018\" data-element_type=\"container\" data-settings=\"{&quot;content_width&quot;:&quot;boxed&quot;}\">\n\t\t\t\t\t<div class=\"e-con-inner\">\n\t\t\t\t\t<\/div>\n\t\t\t\t<\/div>\n\t\t<div class=\"elementor-element elementor-element-41e7cb8 e-con-boxed e-con\" data-id=\"41e7cb8\" data-element_type=\"container\" data-settings=\"{&quot;background_background&quot;:&quot;classic&quot;,&quot;content_width&quot;:&quot;boxed&quot;}\">\n\t\t\t\t\t<div class=\"e-con-inner\">\n\t\t\t\t<div class=\"elementor-element elementor-element-ebb2724 elementor-widget elementor-widget-heading\" data-id=\"ebb2724\" data-element_type=\"widget\" data-widget_type=\"heading.default\">\n\t\t\t\t<div class=\"elementor-widget-container\">\n\t\t\t<h2 class=\"elementor-heading-title elementor-size-default\">Quais sinais posso identificar?<\/h2>\t\t<\/div>\n\t\t\t\t<\/div>\n\t\t\t\t\t<\/div>\n\t\t\t\t<\/div>\n\t\t<div class=\"elementor-element elementor-element-99f9e5d e-con-boxed e-con\" data-id=\"99f9e5d\" data-element_type=\"container\" data-settings=\"{&quot;background_background&quot;:&quot;classic&quot;,&quot;content_width&quot;:&quot;boxed&quot;}\">\n\t\t\t\t\t<div class=\"e-con-inner\">\n\t\t<div class=\"elementor-element elementor-element-8a58462 e-con-full e-con\" data-id=\"8a58462\" data-element_type=\"container\" data-settings=\"{&quot;content_width&quot;:&quot;full&quot;}\">\n\t\t\t\t<div class=\"elementor-element elementor-element-9db8672 elementor-widget elementor-widget-heading\" data-id=\"9db8672\" data-element_type=\"widget\" data-widget_type=\"heading.default\">\n\t\t\t\t<div class=\"elementor-widget-container\">\n\t\t\t<h2 class=\"elementor-heading-title elementor-size-default\">Viol\u00eancia Sexual<\/h2>\t\t<\/div>\n\t\t\t\t<\/div>\n\t\t\t\t<div class=\"elementor-element elementor-element-3bce085 elementor-widget elementor-widget-text-editor\" data-id=\"3bce085\" data-element_type=\"widget\" data-widget_type=\"text-editor.default\">\n\t\t\t\t<div class=\"elementor-widget-container\">\n\t\t\t\t\t\t\t<p><b>Comportamento da v\u00edtima<\/b><br \/>Apresenta comportamento sexual inadequado \u00e0 idade; fugas de casa; n\u00e3o confia em adultos; brincadeiras sexuais agressivas; vergonha excessiva; ideias ou tentativas de suic\u00eddio; auto flagela\u00e7\u00e3o; depress\u00e3o; sentimento de culpa; baixa autoestima.<\/p><p><b>Caracter\u00edsticas da Fam\u00edlia.<br \/><\/b>Evita contatos da crian\u00e7a com a comunidade,<br \/>principalmente da escola como espa\u00e7o de socializa\u00e7\u00e3o; \u00e9 muito possessiva; acusa a crian\u00e7a de prom\u00edscua, sedutora e de ter atividade sexual fora de casa; cr\u00ea que o contato sexual \u00e9 a forma de amor familiar; oculta o abuso sexual e alega outro agressor para proteger a fam\u00edlia.<\/p>\t\t\t\t\t\t<\/div>\n\t\t\t\t<\/div>\n\t\t\t\t<\/div>\n\t\t<div class=\"elementor-element elementor-element-08cd4f5 e-con-full e-con\" data-id=\"08cd4f5\" data-element_type=\"container\" data-settings=\"{&quot;content_width&quot;:&quot;full&quot;}\">\n\t\t\t\t<div class=\"elementor-element elementor-element-9e9f075 elementor-widget elementor-widget-heading\" data-id=\"9e9f075\" data-element_type=\"widget\" data-widget_type=\"heading.default\">\n\t\t\t\t<div class=\"elementor-widget-container\">\n\t\t\t<h2 class=\"elementor-heading-title elementor-size-default\">Viol\u00eancia F\u00edsica<\/h2>\t\t<\/div>\n\t\t\t\t<\/div>\n\t\t\t\t<div class=\"elementor-element elementor-element-1ebfcb1 elementor-widget elementor-widget-text-editor\" data-id=\"1ebfcb1\" data-element_type=\"widget\" data-widget_type=\"text-editor.default\">\n\t\t\t\t<div class=\"elementor-widget-container\">\n\t\t\t\t\t\t\t<p><b>Comportamento da v\u00edtima<\/b><br \/>Muito agressivo, ap\u00e1tico, temeroso, hiperativo ou depressivo, tend\u00eancias autodestrutivas e ao isolamento, baixa auto estima, tristeza, medo excessivo dos pais, relato de causas pouco prov\u00e1veis \u00e0s les\u00f5es, fugas de casa, problemas de aprendizado, faltas frequentes na escola.<\/p><p><b> Caracter\u00edsticas da Fam\u00edlia.<\/b><br \/>Oculta e justifica as les\u00f5es da crian\u00e7a de modo n\u00e3o convincente ou contradit\u00f3rio; geralmente considera a crian\u00e7a m\u00e1 e desobediente; pode existir abuso de \u00e1lcool ou drogas; as expectativas sobre as crian\u00e7as s\u00e3o excessivamente idealizadas; defende uma disciplina severa, normalmente tem antecedentes de Viol\u00eancia Intrafamiliar na fam\u00edlia<\/p>\t\t\t\t\t\t<\/div>\n\t\t\t\t<\/div>\n\t\t\t\t<\/div>\n\t\t<div class=\"elementor-element elementor-element-5cb973b e-con-full e-con\" data-id=\"5cb973b\" data-element_type=\"container\" data-settings=\"{&quot;content_width&quot;:&quot;full&quot;}\">\n\t\t\t\t<div class=\"elementor-element elementor-element-c8082f1 elementor-widget elementor-widget-heading\" data-id=\"c8082f1\" data-element_type=\"widget\" data-widget_type=\"heading.default\">\n\t\t\t\t<div class=\"elementor-widget-container\">\n\t\t\t<h2 class=\"elementor-heading-title elementor-size-default\">Viol\u00eancia Psicol\u00f3gica<\/h2>\t\t<\/div>\n\t\t\t\t<\/div>\n\t\t\t\t<div class=\"elementor-element elementor-element-548b2b8 elementor-widget elementor-widget-text-editor\" data-id=\"548b2b8\" data-element_type=\"widget\" data-widget_type=\"text-editor.default\">\n\t\t\t\t<div class=\"elementor-widget-container\">\n\t\t\t\t\t\t\t<p><b>Comportamento da v\u00edtima<br \/><\/b>Comportamentos t\u00edmidos, agressivos, destrutivos e autodestrutivos; baixa autoestima; isolamento; depress\u00e3o; ideia e tentativa de suic\u00eddio; inseguran\u00e7a.<\/p><p><b>Caracter\u00edsticas da Fam\u00edlia.<\/b><br \/>Demonstra expectativas irreais sobre a crian\u00e7a; rejeita; aterroriza; despreza; deprecia; descreve a crian\u00e7a como maldosa ou diferente dos demais; exige demais.<\/p>\t\t\t\t\t\t<\/div>\n\t\t\t\t<\/div>\n\t\t\t\t<\/div>\n\t\t<div class=\"elementor-element elementor-element-ae86d46 e-con-full e-con\" data-id=\"ae86d46\" data-element_type=\"container\" data-settings=\"{&quot;content_width&quot;:&quot;full&quot;}\">\n\t\t\t\t<div class=\"elementor-element elementor-element-0aab09e elementor-widget elementor-widget-heading\" data-id=\"0aab09e\" data-element_type=\"widget\" data-widget_type=\"heading.default\">\n\t\t\t\t<div class=\"elementor-widget-container\">\n\t\t\t<h2 class=\"elementor-heading-title elementor-size-default\">Neglig\u00eancia<\/h2>\t\t<\/div>\n\t\t\t\t<\/div>\n\t\t\t\t<div class=\"elementor-element elementor-element-11935f6 elementor-widget elementor-widget-text-editor\" data-id=\"11935f6\" data-element_type=\"widget\" data-widget_type=\"text-editor.default\">\n\t\t\t\t<div class=\"elementor-widget-container\">\n\t\t\t\t\t\t\t<p><b>Comportamento da v\u00edtima<br \/><\/b>Comportamento calmo demais ou agitado; faltas e atrasos constantes \u00e0 escola e ao atendimento m\u00e9dico; comportamentos imaturos ou<br \/>depressivos.<\/p><p><b>Caracter\u00edsticas da Fam\u00edlia.<br \/><\/b>\u00c9 ap\u00e1tica e passiva, parecendo n\u00e3o se importar com a situa\u00e7\u00e3o da crian\u00e7a; descuidada com a higiene, n\u00e3o demonstrando preocupa\u00e7\u00e3o com as necessidades da crian\u00e7a.<\/p>\t\t\t\t\t\t<\/div>\n\t\t\t\t<\/div>\n\t\t\t\t<\/div>\n\t\t\t\t\t<\/div>\n\t\t\t\t<\/div>\n\t\t<div class=\"elementor-element elementor-element-cc0ba9b e-con-boxed e-con\" data-id=\"cc0ba9b\" data-element_type=\"container\" data-settings=\"{&quot;content_width&quot;:&quot;boxed&quot;}\">\n\t\t\t\t\t<div class=\"e-con-inner\">\n\t\t<div class=\"elementor-element elementor-element-9fe0ee5 e-con-boxed e-con\" data-id=\"9fe0ee5\" data-element_type=\"container\" data-settings=\"{&quot;content_width&quot;:&quot;boxed&quot;}\">\n\t\t\t\t\t<div class=\"e-con-inner\">\n\t\t\t\t<div class=\"elementor-element elementor-element-6848c87 elementor-widget elementor-widget-heading\" data-id=\"6848c87\" data-element_type=\"widget\" data-widget_type=\"heading.default\">\n\t\t\t\t<div class=\"elementor-widget-container\">\n\t\t\t<h2 class=\"elementor-heading-title elementor-size-default\">O que devo fazer?<\/h2>\t\t<\/div>\n\t\t\t\t<\/div>\n\t\t\t\t<div class=\"elementor-element elementor-element-be47908 elementor-widget elementor-widget-heading\" data-id=\"be47908\" data-element_type=\"widget\" data-widget_type=\"heading.default\">\n\t\t\t\t<div class=\"elementor-widget-container\">\n\t\t\t<h2 class=\"elementor-heading-title elementor-size-default\">Procure ficar calmo<\/h2>\t\t<\/div>\n\t\t\t\t<\/div>\n\t\t\t\t<div class=\"elementor-element elementor-element-6731419 elementor-widget elementor-widget-text-editor\" data-id=\"6731419\" data-element_type=\"widget\" data-widget_type=\"text-editor.default\">\n\t\t\t\t<div class=\"elementor-widget-container\">\n\t\t\t\t\t\t\t<p>e, se necess\u00e1rio, garanta que essa conversa aconte\u00e7a em um lugar com privacidade.<\/p>\t\t\t\t\t\t<\/div>\n\t\t\t\t<\/div>\n\t\t\t\t<div class=\"elementor-element elementor-element-10d23d3 elementor-widget elementor-widget-heading\" data-id=\"10d23d3\" data-element_type=\"widget\" data-widget_type=\"heading.default\">\n\t\t\t\t<div class=\"elementor-widget-container\">\n\t\t\t<h2 class=\"elementor-heading-title elementor-size-default\">Procure ficar na mesma altura da pessoa<\/h2>\t\t<\/div>\n\t\t\t\t<\/div>\n\t\t\t\t<div class=\"elementor-element elementor-element-9161282 elementor-widget elementor-widget-text-editor\" data-id=\"9161282\" data-element_type=\"widget\" data-widget_type=\"text-editor.default\">\n\t\t\t\t<div class=\"elementor-widget-container\">\n\t\t\t\t\t\t\t<p>mas n\u00e3o ofere\u00e7a colo, toques e nem abra\u00e7os.<\/p>\t\t\t\t\t\t<\/div>\n\t\t\t\t<\/div>\n\t\t\t\t<div class=\"elementor-element elementor-element-27e035c elementor-widget elementor-widget-heading\" data-id=\"27e035c\" data-element_type=\"widget\" data-widget_type=\"heading.default\">\n\t\t\t\t<div class=\"elementor-widget-container\">\n\t\t\t<h2 class=\"elementor-heading-title elementor-size-default\">Demonstre que est\u00e1 interessado no que ela est\u00e1 dizendo<\/h2>\t\t<\/div>\n\t\t\t\t<\/div>\n\t\t\t\t<div class=\"elementor-element elementor-element-2ee8ed5 elementor-widget elementor-widget-text-editor\" data-id=\"2ee8ed5\" data-element_type=\"widget\" data-widget_type=\"text-editor.default\">\n\t\t\t\t<div class=\"elementor-widget-container\">\n\t\t\t\t\t\t\t<p>e, se poss\u00edvel, n\u00e3o questione, mesmo que voc\u00ea desconfie de que n\u00e3o seja verdade.<\/p>\t\t\t\t\t\t<\/div>\n\t\t\t\t<\/div>\n\t\t\t\t<div class=\"elementor-element elementor-element-1a158ce elementor-widget elementor-widget-heading\" data-id=\"1a158ce\" data-element_type=\"widget\" data-widget_type=\"heading.default\">\n\t\t\t\t<div class=\"elementor-widget-container\">\n\t\t\t<h2 class=\"elementor-heading-title elementor-size-default\">Ao final, diga  que sente muito!<\/h2>\t\t<\/div>\n\t\t\t\t<\/div>\n\t\t\t\t<div class=\"elementor-element elementor-element-ffc620a elementor-widget elementor-widget-text-editor\" data-id=\"ffc620a\" data-element_type=\"widget\" data-widget_type=\"text-editor.default\">\n\t\t\t\t<div class=\"elementor-widget-container\">\n\t\t\t\t\t\t\t<p>Diga que foi corajoso e que \u00e9 importante relatar o que houve. Pergunte se h\u00e1 algo mais que queria dizer e se mais algu\u00e9m sabe sobre a situa\u00e7\u00e3o.<\/p>\t\t\t\t\t\t<\/div>\n\t\t\t\t<\/div>\n\t\t\t\t<div class=\"elementor-element elementor-element-a17e8df elementor-widget elementor-widget-heading\" data-id=\"a17e8df\" data-element_type=\"widget\" data-widget_type=\"heading.default\">\n\t\t\t\t<div class=\"elementor-widget-container\">\n\t\t\t<h2 class=\"elementor-heading-title elementor-size-default\">Mesmo que voc\u00ea n\u00e3o possua forma\u00e7\u00e3o espec\u00edfica para escuta especializada<\/h2>\t\t<\/div>\n\t\t\t\t<\/div>\n\t\t\t\t<div class=\"elementor-element elementor-element-814dc5d elementor-widget elementor-widget-text-editor\" data-id=\"814dc5d\" data-element_type=\"widget\" data-widget_type=\"text-editor.default\">\n\t\t\t\t<div class=\"elementor-widget-container\">\n\t\t\t\t\t\t\t<p>verifique se a crian\u00e7a precisa de atendimento ou prote\u00e7\u00e3o imediata (como atendimento em sa\u00fade ou afastamento de casa, quando a viol\u00eancia \u00e9 intrafamiliar) e garanta que isto seja feito pelo acionamento dos servi\u00e7os necess\u00e1rios.<\/p>\t\t\t\t\t\t<\/div>\n\t\t\t\t<\/div>\n\t\t\t\t<div class=\"elementor-element elementor-element-bf04a06 elementor-widget elementor-widget-heading\" data-id=\"bf04a06\" data-element_type=\"widget\" data-widget_type=\"heading.default\">\n\t\t\t\t<div class=\"elementor-widget-container\">\n\t\t\t<h2 class=\"elementor-heading-title elementor-size-default\">N\u00e3o assuste a crian\u00e7a ou o adolescente!<\/h2>\t\t<\/div>\n\t\t\t\t<\/div>\n\t\t\t\t<div class=\"elementor-element elementor-element-017c513 elementor-widget elementor-widget-text-editor\" data-id=\"017c513\" data-element_type=\"widget\" data-widget_type=\"text-editor.default\">\n\t\t\t\t<div class=\"elementor-widget-container\">\n\t\t\t\t\t\t\t<p>N\u00e3o use frases como &#8220;Voc\u00ea tem ideia da gravidade disso?&#8221;; &#8220;Voc\u00ea sabe que seu pai pode ir pra cadeira por causa disto?&#8221;; &#8220;Por qu\u00ea voc\u00ea n\u00e3o contou isso antes?&#8221;<\/p>\t\t\t\t\t\t<\/div>\n\t\t\t\t<\/div>\n\t\t\t\t<div class=\"elementor-element elementor-element-a7071c5 elementor-widget elementor-widget-heading\" data-id=\"a7071c5\" data-element_type=\"widget\" data-widget_type=\"heading.default\">\n\t\t\t\t<div class=\"elementor-widget-container\">\n\t\t\t<h2 class=\"elementor-heading-title elementor-size-default\">N\u00e3o prometa coisas que n\u00e3o ser\u00e3o realizadas.<\/h2>\t\t<\/div>\n\t\t\t\t<\/div>\n\t\t\t\t<div class=\"elementor-element elementor-element-e54fdd3 elementor-widget elementor-widget-text-editor\" data-id=\"e54fdd3\" data-element_type=\"widget\" data-widget_type=\"text-editor.default\">\n\t\t\t\t<div class=\"elementor-widget-container\">\n\t\t\t\t\t\t\t\t\t\t\t\t\t<\/div>\n\t\t\t\t<\/div>\n\t\t\t\t<div class=\"elementor-element elementor-element-2639a6f elementor-widget elementor-widget-heading\" data-id=\"2639a6f\" data-element_type=\"widget\" data-widget_type=\"heading.default\">\n\t\t\t\t<div class=\"elementor-widget-container\">\n\t\t\t<h2 class=\"elementor-heading-title elementor-size-default\">N\u00e3o ofere\u00e7a pr\u00eamio ou presentes.<\/h2>\t\t<\/div>\n\t\t\t\t<\/div>\n\t\t\t\t<div class=\"elementor-element elementor-element-b1bab01 elementor-widget elementor-widget-text-editor\" data-id=\"b1bab01\" data-element_type=\"widget\" data-widget_type=\"text-editor.default\">\n\t\t\t\t<div class=\"elementor-widget-container\">\n\t\t\t\t\t\t\t\t\t\t\t\t\t<\/div>\n\t\t\t\t<\/div>\n\t\t\t\t\t<\/div>\n\t\t\t\t<\/div>\n\t\t\t\t\t<\/div>\n\t\t\t\t<\/div>\n\t\t\t\t\t\t\t<\/div>\n\t\t","protected":false},"excerpt":{"rendered":"<p>Sistema Integrado de Notifica\u00e7\u00e3o de Viol\u00eancias Clique aqui para acessar Sistema Integrado de Notifica\u00e7\u00e3o de Viol\u00eancias Clique aqui para acessar<\/p>\n","protected":false},"author":1,"featured_media":0,"parent":0,"menu_order":0,"comment_status":"closed","ping_status":"closed","template":"elementor_header_footer","meta":{"_monsterinsights_skip_tracking":false,"_monsterinsights_sitenote_active":false,"_monsterinsights_sitenote_note":"","_monsterinsights_sitenote_category":0,"site-sidebar-layout":"no-sidebar","site-content-layout":"page-builder","ast-global-header-display":"","ast-main-header-display":"","ast-hfb-above-header-display":"","ast-hfb-below-header-display":"","ast-hfb-mobile-header-display":"","site-post-title":"disabled","ast-breadcrumbs-content":"","ast-featured-img":"disabled","footer-sml-layout":"","theme-transparent-header-meta":"","adv-header-id-meta":"","stick-header-meta":"","header-above-stick-meta":"","header-main-stick-meta":"","header-below-stick-meta":"","_expiration-date-status":"","_expiration-date":0,"_expiration-date-type":"","_expiration-date-categories":[],"_expiration-date-options":[]},"categories":[],"tags":[],"yoast_head":"<!-- This site is optimized with the Yoast SEO plugin v19.7.1 - https:\/\/yoast.com\/wordpress\/plugins\/seo\/ -->\r\n<title>Guarulhos - Cidade que Protege - Guarulhos, Cidade que Protege<\/title>\r\n<meta name=\"robots\" content=\"index, follow, max-snippet:-1, max-image-preview:large, max-video-preview:-1\" \/>\r\n<link rel=\"canonical\" href=\"https:\/\/portaleducacao.guarulhos.sp.gov.br\/wp_site\/cidadequeprotege\/\" \/>\r\n<meta property=\"og:locale\" content=\"pt_BR\" \/>\r\n<meta property=\"og:type\" content=\"article\" \/>\r\n<meta property=\"og:title\" content=\"Guarulhos - Cidade que Protege - Guarulhos, Cidade que Protege\" \/>\r\n<meta property=\"og:description\" content=\"Sistema Integrado de Notifica\u00e7\u00e3o de Viol\u00eancias Clique aqui para acessar Sistema Integrado de Notifica\u00e7\u00e3o de Viol\u00eancias Clique aqui para acessar\" \/>\r\n<meta property=\"og:url\" content=\"https:\/\/portaleducacao.guarulhos.sp.gov.br\/wp_site\/cidadequeprotege\/\" \/>\r\n<meta property=\"og:site_name\" content=\"Guarulhos, Cidade que Protege\" \/>\r\n<meta property=\"article:modified_time\" content=\"2025-03-24T13:00:12+00:00\" \/>\r\n<meta name=\"twitter:card\" content=\"summary_large_image\" \/>\r\n<meta name=\"twitter:label1\" content=\"Est. tempo de leitura\" \/>\n\t<meta name=\"twitter:data1\" content=\"12 minutos\" \/>\r\n<script type=\"application\/ld+json\" class=\"yoast-schema-graph\">{\"@context\":\"https:\/\/schema.org\",\"@graph\":[{\"@type\":\"WebPage\",\"@id\":\"https:\/\/portaleducacao.guarulhos.sp.gov.br\/wp_site\/cidadequeprotege\/\",\"url\":\"https:\/\/portaleducacao.guarulhos.sp.gov.br\/wp_site\/cidadequeprotege\/\",\"name\":\"Guarulhos - Cidade que Protege - Guarulhos, Cidade que Protege\",\"isPartOf\":{\"@id\":\"https:\/\/portaleducacao.guarulhos.sp.gov.br\/wp_site\/cidadequeprotege\/#website\"},\"datePublished\":\"2024-05-14T13:50:07+00:00\",\"dateModified\":\"2025-03-24T13:00:12+00:00\",\"breadcrumb\":{\"@id\":\"https:\/\/portaleducacao.guarulhos.sp.gov.br\/wp_site\/cidadequeprotege\/#breadcrumb\"},\"inLanguage\":\"pt-BR\",\"potentialAction\":[{\"@type\":\"ReadAction\",\"target\":[\"https:\/\/portaleducacao.guarulhos.sp.gov.br\/wp_site\/cidadequeprotege\/\"]}]},{\"@type\":\"BreadcrumbList\",\"@id\":\"https:\/\/portaleducacao.guarulhos.sp.gov.br\/wp_site\/cidadequeprotege\/#breadcrumb\",\"itemListElement\":[{\"@type\":\"ListItem\",\"position\":1,\"name\":\"In\u00edcio\",\"item\":\"https:\/\/portaleducacao.guarulhos.sp.gov.br\/wp_site\/cidadequeprotege\/\"},{\"@type\":\"ListItem\",\"position\":2,\"name\":\"Guarulhos &#8211; Cidade que Protege\"}]},{\"@type\":\"WebSite\",\"@id\":\"https:\/\/portaleducacao.guarulhos.sp.gov.br\/wp_site\/cidadequeprotege\/#website\",\"url\":\"https:\/\/portaleducacao.guarulhos.sp.gov.br\/wp_site\/cidadequeprotege\/\",\"name\":\"Guarulhos, Cidade que Protege\",\"description\":\"Comiss\u00e3o Intersetorial de Enfrentamento \u00e0s Viol\u00eancias contra Crian\u00e7as e Adolescentes\",\"potentialAction\":[{\"@type\":\"SearchAction\",\"target\":{\"@type\":\"EntryPoint\",\"urlTemplate\":\"https:\/\/portaleducacao.guarulhos.sp.gov.br\/wp_site\/cidadequeprotege\/?s={search_term_string}\"},\"query-input\":\"required name=search_term_string\"}],\"inLanguage\":\"pt-BR\"}]}<\/script>\r\n<!-- \/ Yoast SEO plugin. -->","yoast_head_json":{"title":"Guarulhos - Cidade que Protege - Guarulhos, Cidade que Protege","robots":{"index":"index","follow":"follow","max-snippet":"max-snippet:-1","max-image-preview":"max-image-preview:large","max-video-preview":"max-video-preview:-1"},"canonical":"https:\/\/portaleducacao.guarulhos.sp.gov.br\/wp_site\/cidadequeprotege\/","og_locale":"pt_BR","og_type":"article","og_title":"Guarulhos - Cidade que Protege - Guarulhos, Cidade que Protege","og_description":"Sistema Integrado de Notifica\u00e7\u00e3o de Viol\u00eancias Clique aqui para acessar Sistema Integrado de Notifica\u00e7\u00e3o de Viol\u00eancias Clique aqui para acessar","og_url":"https:\/\/portaleducacao.guarulhos.sp.gov.br\/wp_site\/cidadequeprotege\/","og_site_name":"Guarulhos, Cidade que Protege","article_modified_time":"2025-03-24T13:00:12+00:00","twitter_card":"summary_large_image","twitter_misc":{"Est. tempo de leitura":"12 minutos"},"schema":{"@context":"https:\/\/schema.org","@graph":[{"@type":"WebPage","@id":"https:\/\/portaleducacao.guarulhos.sp.gov.br\/wp_site\/cidadequeprotege\/","url":"https:\/\/portaleducacao.guarulhos.sp.gov.br\/wp_site\/cidadequeprotege\/","name":"Guarulhos - Cidade que Protege - Guarulhos, Cidade que Protege","isPartOf":{"@id":"https:\/\/portaleducacao.guarulhos.sp.gov.br\/wp_site\/cidadequeprotege\/#website"},"datePublished":"2024-05-14T13:50:07+00:00","dateModified":"2025-03-24T13:00:12+00:00","breadcrumb":{"@id":"https:\/\/portaleducacao.guarulhos.sp.gov.br\/wp_site\/cidadequeprotege\/#breadcrumb"},"inLanguage":"pt-BR","potentialAction":[{"@type":"ReadAction","target":["https:\/\/portaleducacao.guarulhos.sp.gov.br\/wp_site\/cidadequeprotege\/"]}]},{"@type":"BreadcrumbList","@id":"https:\/\/portaleducacao.guarulhos.sp.gov.br\/wp_site\/cidadequeprotege\/#breadcrumb","itemListElement":[{"@type":"ListItem","position":1,"name":"In\u00edcio","item":"https:\/\/portaleducacao.guarulhos.sp.gov.br\/wp_site\/cidadequeprotege\/"},{"@type":"ListItem","position":2,"name":"Guarulhos &#8211; Cidade que Protege"}]},{"@type":"WebSite","@id":"https:\/\/portaleducacao.guarulhos.sp.gov.br\/wp_site\/cidadequeprotege\/#website","url":"https:\/\/portaleducacao.guarulhos.sp.gov.br\/wp_site\/cidadequeprotege\/","name":"Guarulhos, Cidade que Protege","description":"Comiss\u00e3o Intersetorial de Enfrentamento \u00e0s Viol\u00eancias contra Crian\u00e7as e Adolescentes","potentialAction":[{"@type":"SearchAction","target":{"@type":"EntryPoint","urlTemplate":"https:\/\/portaleducacao.guarulhos.sp.gov.br\/wp_site\/cidadequeprotege\/?s={search_term_string}"},"query-input":"required name=search_term_string"}],"inLanguage":"pt-BR"}]}},"_links":{"self":[{"href":"https:\/\/portaleducacao.guarulhos.sp.gov.br\/wp_site\/cidadequeprotege\/wp-json\/wp\/v2\/pages\/13"}],"collection":[{"href":"https:\/\/portaleducacao.guarulhos.sp.gov.br\/wp_site\/cidadequeprotege\/wp-json\/wp\/v2\/pages"}],"about":[{"href":"https:\/\/portaleducacao.guarulhos.sp.gov.br\/wp_site\/cidadequeprotege\/wp-json\/wp\/v2\/types\/page"}],"author":[{"embeddable":true,"href":"https:\/\/portaleducacao.guarulhos.sp.gov.br\/wp_site\/cidadequeprotege\/wp-json\/wp\/v2\/users\/1"}],"replies":[{"embeddable":true,"href":"https:\/\/portaleducacao.guarulhos.sp.gov.br\/wp_site\/cidadequeprotege\/wp-json\/wp\/v2\/comments?post=13"}],"version-history":[{"count":160,"href":"https:\/\/portaleducacao.guarulhos.sp.gov.br\/wp_site\/cidadequeprotege\/wp-json\/wp\/v2\/pages\/13\/revisions"}],"predecessor-version":[{"id":642,"href":"https:\/\/portaleducacao.guarulhos.sp.gov.br\/wp_site\/cidadequeprotege\/wp-json\/wp\/v2\/pages\/13\/revisions\/642"}],"wp:attachment":[{"href":"https:\/\/portaleducacao.guarulhos.sp.gov.br\/wp_site\/cidadequeprotege\/wp-json\/wp\/v2\/media?parent=13"}],"wp:term":[{"taxonomy":"category","embeddable":true,"href":"https:\/\/portaleducacao.guarulhos.sp.gov.br\/wp_site\/cidadequeprotege\/wp-json\/wp\/v2\/categories?post=13"},{"taxonomy":"post_tag","embeddable":true,"href":"https:\/\/portaleducacao.guarulhos.sp.gov.br\/wp_site\/cidadequeprotege\/wp-json\/wp\/v2\/tags?post=13"}],"curies":[{"name":"wp","href":"https:\/\/api.w.org\/{rel}","templated":true}]}}