{"id":145,"date":"2024-05-15T16:18:58","date_gmt":"2024-05-15T19:18:58","guid":{"rendered":"https:\/\/portaleducacao.guarulhos.sp.gov.br\/wp_site\/cidadequeprotege\/?page_id=145"},"modified":"2026-04-30T15:55:34","modified_gmt":"2026-04-30T18:55:34","slug":"publicacoes","status":"publish","type":"page","link":"https:\/\/portaleducacao.guarulhos.sp.gov.br\/wp_site\/cidadequeprotege\/publicacoes\/","title":{"rendered":"Publica\u00e7\u00f5es"},"content":{"rendered":"\t\t<div data-elementor-type=\"wp-page\" data-elementor-id=\"145\" class=\"elementor elementor-145\">\n\t\t\t\t\t\t\t<div class=\"elementor-element elementor-element-36fac5a e-con-boxed e-con\" data-id=\"36fac5a\" data-element_type=\"container\" data-settings=\"{&quot;content_width&quot;:&quot;boxed&quot;}\">\n\t\t\t\t\t<div class=\"e-con-inner\">\n\t\t<div class=\"elementor-element elementor-element-41dcfb5 e-con-full e-con\" data-id=\"41dcfb5\" data-element_type=\"container\" data-settings=\"{&quot;content_width&quot;:&quot;full&quot;}\">\n\t\t\t\t<div class=\"elementor-element elementor-element-f5aa370 elementor-widget elementor-widget-image\" data-id=\"f5aa370\" data-element_type=\"widget\" data-widget_type=\"image.default\">\n\t\t\t\t<div class=\"elementor-widget-container\">\n\t\t\t<style>\/*! elementor - v3.12.1 - 02-04-2023 *\/\n.elementor-widget-image{text-align:center}.elementor-widget-image a{display:inline-block}.elementor-widget-image a img[src$=\".svg\"]{width:48px}.elementor-widget-image img{vertical-align:middle;display:inline-block}<\/style>\t\t\t\t\t\t\t\t\t\t\t\t\t<a href=\"https:\/\/portaleducacao.guarulhos.sp.gov.br\/siseduc\/portal\/exibir\/arquivo\/67\/inline\/\" target=\"_blank\">\n\t\t\t\t\t\t\t<img width=\"769\" height=\"1024\" src=\"https:\/\/portaleducacao.guarulhos.sp.gov.br\/wp_site\/cidadequeprotege\/wp-content\/uploads\/sites\/29\/2024\/05\/capa___ppp_violencias-769x1024.jpg\" class=\"attachment-large size-large wp-image-147\" alt=\"\" loading=\"lazy\" srcset=\"https:\/\/portaleducacao.guarulhos.sp.gov.br\/wp_site\/cidadequeprotege\/wp-content\/uploads\/sites\/29\/2024\/05\/capa___ppp_violencias-769x1024.jpg 769w, https:\/\/portaleducacao.guarulhos.sp.gov.br\/wp_site\/cidadequeprotege\/wp-content\/uploads\/sites\/29\/2024\/05\/capa___ppp_violencias-225x300.jpg 225w, https:\/\/portaleducacao.guarulhos.sp.gov.br\/wp_site\/cidadequeprotege\/wp-content\/uploads\/sites\/29\/2024\/05\/capa___ppp_violencias-768x1022.jpg 768w, https:\/\/portaleducacao.guarulhos.sp.gov.br\/wp_site\/cidadequeprotege\/wp-content\/uploads\/sites\/29\/2024\/05\/capa___ppp_violencias.jpg 831w\" sizes=\"(max-width: 769px) 100vw, 769px\" \/>\t\t\t\t\t\t\t\t<\/a>\n\t\t\t\t\t\t\t\t\t\t\t\t\t\t\t<\/div>\n\t\t\t\t<\/div>\n\t\t\t\t<div class=\"elementor-element elementor-element-11053a7 elementor-widget elementor-widget-heading\" data-id=\"11053a7\" data-element_type=\"widget\" data-widget_type=\"heading.default\">\n\t\t\t\t<div class=\"elementor-widget-container\">\n\t\t\t<style>\/*! elementor - v3.12.1 - 02-04-2023 *\/\n.elementor-heading-title{padding:0;margin:0;line-height:1}.elementor-widget-heading .elementor-heading-title[class*=elementor-size-]>a{color:inherit;font-size:inherit;line-height:inherit}.elementor-widget-heading .elementor-heading-title.elementor-size-small{font-size:15px}.elementor-widget-heading .elementor-heading-title.elementor-size-medium{font-size:19px}.elementor-widget-heading .elementor-heading-title.elementor-size-large{font-size:29px}.elementor-widget-heading .elementor-heading-title.elementor-size-xl{font-size:39px}.elementor-widget-heading .elementor-heading-title.elementor-size-xxl{font-size:59px}<\/style><h2 class=\"elementor-heading-title elementor-size-default\">Viol\u00eancia contra Crian\u00e7as e Adolescentes<\/h2>\t\t<\/div>\n\t\t\t\t<\/div>\n\t\t\t\t<div class=\"elementor-element elementor-element-91ba692 elementor-widget elementor-widget-text-editor\" data-id=\"91ba692\" data-element_type=\"widget\" data-widget_type=\"text-editor.default\">\n\t\t\t\t<div class=\"elementor-widget-container\">\n\t\t\t<style>\/*! elementor - v3.12.1 - 02-04-2023 *\/\n.elementor-widget-text-editor.elementor-drop-cap-view-stacked .elementor-drop-cap{background-color:#69727d;color:#fff}.elementor-widget-text-editor.elementor-drop-cap-view-framed .elementor-drop-cap{color:#69727d;border:3px solid;background-color:transparent}.elementor-widget-text-editor:not(.elementor-drop-cap-view-default) .elementor-drop-cap{margin-top:8px}.elementor-widget-text-editor:not(.elementor-drop-cap-view-default) .elementor-drop-cap-letter{width:1em;height:1em}.elementor-widget-text-editor .elementor-drop-cap{float:left;text-align:center;line-height:1;font-size:50px}.elementor-widget-text-editor .elementor-drop-cap-letter{display:inline-block}<\/style>\t\t\t\t<p>O Papel da Escola diante da Viola\u00e7\u00e3o dos Direitos<\/p>\t\t\t\t\t\t<\/div>\n\t\t\t\t<\/div>\n\t\t\t\t<\/div>\n\t\t<div class=\"elementor-element elementor-element-81a780c e-con-full e-con\" data-id=\"81a780c\" data-element_type=\"container\" data-settings=\"{&quot;content_width&quot;:&quot;full&quot;}\">\n\t\t\t\t<div class=\"elementor-element elementor-element-70dc408 elementor-widget elementor-widget-image\" data-id=\"70dc408\" data-element_type=\"widget\" data-widget_type=\"image.default\">\n\t\t\t\t<div class=\"elementor-widget-container\">\n\t\t\t\t\t\t\t\t\t\t\t\t\t\t\t\t<a href=\"https:\/\/portaleducacao.guarulhos.sp.gov.br\/siseduc\/portal\/exibir\/arquivo\/69\/inline\/\" target=\"_blank\">\n\t\t\t\t\t\t\t<img width=\"595\" height=\"794\" src=\"https:\/\/portaleducacao.guarulhos.sp.gov.br\/wp_site\/cidadequeprotege\/wp-content\/uploads\/sites\/29\/2024\/05\/educacaoInclusiva222.jpg\" class=\"attachment-large size-large wp-image-151\" alt=\"\" loading=\"lazy\" srcset=\"https:\/\/portaleducacao.guarulhos.sp.gov.br\/wp_site\/cidadequeprotege\/wp-content\/uploads\/sites\/29\/2024\/05\/educacaoInclusiva222.jpg 595w, https:\/\/portaleducacao.guarulhos.sp.gov.br\/wp_site\/cidadequeprotege\/wp-content\/uploads\/sites\/29\/2024\/05\/educacaoInclusiva222-225x300.jpg 225w\" sizes=\"(max-width: 595px) 100vw, 595px\" \/>\t\t\t\t\t\t\t\t<\/a>\n\t\t\t\t\t\t\t\t\t\t\t\t\t\t\t<\/div>\n\t\t\t\t<\/div>\n\t\t\t\t<div class=\"elementor-element elementor-element-2510dda elementor-widget elementor-widget-heading\" data-id=\"2510dda\" data-element_type=\"widget\" data-widget_type=\"heading.default\">\n\t\t\t\t<div class=\"elementor-widget-container\">\n\t\t\t<h2 class=\"elementor-heading-title elementor-size-default\">Ponto a Ponto <br>\nA trajet\u00f3ria de articula\u00e7\u00e3o da rede intersetorial<\/h2>\t\t<\/div>\n\t\t\t\t<\/div>\n\t\t\t\t<div class=\"elementor-element elementor-element-96f9398 elementor-widget elementor-widget-text-editor\" data-id=\"96f9398\" data-element_type=\"widget\" data-widget_type=\"text-editor.default\">\n\t\t\t\t<div class=\"elementor-widget-container\">\n\t\t\t\t\t\t\t<p>Guarulhos: &#8220;Cidade que protege&#8221; no enfrentamento \u00e0s viol\u00eancias Contra Crian\u00e7as e Adolescentes<\/p>\t\t\t\t\t\t<\/div>\n\t\t\t\t<\/div>\n\t\t\t\t<\/div>\n\t\t<div class=\"elementor-element elementor-element-94c03cc e-con-full e-con\" data-id=\"94c03cc\" data-element_type=\"container\" data-settings=\"{&quot;content_width&quot;:&quot;full&quot;}\">\n\t\t\t\t<div class=\"elementor-element elementor-element-ad71eca elementor-widget elementor-widget-image\" data-id=\"ad71eca\" data-element_type=\"widget\" data-widget_type=\"image.default\">\n\t\t\t\t<div class=\"elementor-widget-container\">\n\t\t\t\t\t\t\t\t\t\t\t\t\t\t\t\t<a href=\"https:\/\/portaleducacao.guarulhos.sp.gov.br\/siseduc\/portal\/exibir\/arquivo\/10094\/inline\/\" target=\"_blank\">\n\t\t\t\t\t\t\t<img width=\"598\" height=\"796\" src=\"https:\/\/portaleducacao.guarulhos.sp.gov.br\/wp_site\/cidadequeprotege\/wp-content\/uploads\/sites\/29\/2024\/05\/educacaoInclusiva.jpg\" class=\"attachment-large size-large wp-image-152\" alt=\"\" loading=\"lazy\" srcset=\"https:\/\/portaleducacao.guarulhos.sp.gov.br\/wp_site\/cidadequeprotege\/wp-content\/uploads\/sites\/29\/2024\/05\/educacaoInclusiva.jpg 598w, https:\/\/portaleducacao.guarulhos.sp.gov.br\/wp_site\/cidadequeprotege\/wp-content\/uploads\/sites\/29\/2024\/05\/educacaoInclusiva-225x300.jpg 225w\" sizes=\"(max-width: 598px) 100vw, 598px\" \/>\t\t\t\t\t\t\t\t<\/a>\n\t\t\t\t\t\t\t\t\t\t\t\t\t\t\t<\/div>\n\t\t\t\t<\/div>\n\t\t\t\t<div class=\"elementor-element elementor-element-63d1b0b elementor-widget elementor-widget-heading\" data-id=\"63d1b0b\" data-element_type=\"widget\" data-widget_type=\"heading.default\">\n\t\t\t\t<div class=\"elementor-widget-container\">\n\t\t\t<h2 class=\"elementor-heading-title elementor-size-default\">Viol\u00eancia \nIntrafamiliar<\/h2>\t\t<\/div>\n\t\t\t\t<\/div>\n\t\t\t\t<div class=\"elementor-element elementor-element-0d91a38 elementor-widget elementor-widget-text-editor\" data-id=\"0d91a38\" data-element_type=\"widget\" data-widget_type=\"text-editor.default\">\n\t\t\t\t<div class=\"elementor-widget-container\">\n\t\t\t\t\t\t\t<p>O que a Escola tem a ver com isso?<\/p>\t\t\t\t\t\t<\/div>\n\t\t\t\t<\/div>\n\t\t\t\t<\/div>\n\t\t<div class=\"elementor-element elementor-element-6391d41 e-con-full e-con\" data-id=\"6391d41\" data-element_type=\"container\" data-settings=\"{&quot;content_width&quot;:&quot;full&quot;}\">\n\t\t\t\t<div class=\"elementor-element elementor-element-b1acad6 elementor-widget elementor-widget-image\" data-id=\"b1acad6\" data-element_type=\"widget\" data-widget_type=\"image.default\">\n\t\t\t\t<div class=\"elementor-widget-container\">\n\t\t\t\t\t\t\t\t\t\t\t\t\t\t\t\t<a href=\"https:\/\/www.guarulhos.sp.gov.br\/sites\/default\/files\/2024-02\/Diagn%C3%B3stico%20-%20Rede%20de%20Prote%C3%A7%C3%A3o%20Intersetorial%20de%20Crian%C3%A7as%20e%20Adolescentes%20de%20Guarulhos.pdf\" target=\"_blank\">\n\t\t\t\t\t\t\t<img width=\"497\" height=\"705\" src=\"https:\/\/portaleducacao.guarulhos.sp.gov.br\/wp_site\/cidadequeprotege\/wp-content\/uploads\/sites\/29\/2024\/05\/diagnostico.jpg\" class=\"attachment-large size-large wp-image-211\" alt=\"\" loading=\"lazy\" srcset=\"https:\/\/portaleducacao.guarulhos.sp.gov.br\/wp_site\/cidadequeprotege\/wp-content\/uploads\/sites\/29\/2024\/05\/diagnostico.jpg 497w, https:\/\/portaleducacao.guarulhos.sp.gov.br\/wp_site\/cidadequeprotege\/wp-content\/uploads\/sites\/29\/2024\/05\/diagnostico-211x300.jpg 211w\" sizes=\"(max-width: 497px) 100vw, 497px\" \/>\t\t\t\t\t\t\t\t<\/a>\n\t\t\t\t\t\t\t\t\t\t\t\t\t\t\t<\/div>\n\t\t\t\t<\/div>\n\t\t\t\t<div class=\"elementor-element elementor-element-9cdbca9 elementor-widget elementor-widget-heading\" data-id=\"9cdbca9\" data-element_type=\"widget\" data-widget_type=\"heading.default\">\n\t\t\t\t<div class=\"elementor-widget-container\">\n\t\t\t<h2 class=\"elementor-heading-title elementor-size-default\">Diagn\u00f3stico - Rede de Prote\u00e7\u00e3o Intersetorial de Crian\u00e7as e Adolescentes de Guarulhos<\/h2>\t\t<\/div>\n\t\t\t\t<\/div>\n\t\t\t\t<div class=\"elementor-element elementor-element-9608e17 elementor-widget elementor-widget-text-editor\" data-id=\"9608e17\" data-element_type=\"widget\" data-widget_type=\"text-editor.default\">\n\t\t\t\t<div class=\"elementor-widget-container\">\n\t\t\t\t\t\t\t\t\t\t\t\t\t<\/div>\n\t\t\t\t<\/div>\n\t\t\t\t<\/div>\n\t\t<div class=\"elementor-element elementor-element-b4a0d9b e-con-full e-con\" data-id=\"b4a0d9b\" data-element_type=\"container\" data-settings=\"{&quot;content_width&quot;:&quot;full&quot;}\">\n\t\t\t\t<div class=\"elementor-element elementor-element-4a9c9e2 elementor-widget elementor-widget-image\" data-id=\"4a9c9e2\" data-element_type=\"widget\" data-widget_type=\"image.default\">\n\t\t\t\t<div class=\"elementor-widget-container\">\n\t\t\t\t\t\t\t\t\t\t\t\t\t\t\t\t<a href=\"https:\/\/www.gov.br\/mdh\/pt-br\/navegue-por-temas\/crianca-e-adolescente\/publicacoes\/eca_mdhc_2024.pdf\" target=\"_blank\">\n\t\t\t\t\t\t\t<img width=\"628\" height=\"894\" src=\"https:\/\/portaleducacao.guarulhos.sp.gov.br\/wp_site\/cidadequeprotege\/wp-content\/uploads\/sites\/29\/2024\/05\/eca.jpg\" class=\"attachment-large size-large wp-image-213\" alt=\"\" loading=\"lazy\" srcset=\"https:\/\/portaleducacao.guarulhos.sp.gov.br\/wp_site\/cidadequeprotege\/wp-content\/uploads\/sites\/29\/2024\/05\/eca.jpg 628w, https:\/\/portaleducacao.guarulhos.sp.gov.br\/wp_site\/cidadequeprotege\/wp-content\/uploads\/sites\/29\/2024\/05\/eca-211x300.jpg 211w\" sizes=\"(max-width: 628px) 100vw, 628px\" \/>\t\t\t\t\t\t\t\t<\/a>\n\t\t\t\t\t\t\t\t\t\t\t\t\t\t\t<\/div>\n\t\t\t\t<\/div>\n\t\t\t\t<div class=\"elementor-element elementor-element-b1776a9 elementor-widget elementor-widget-heading\" data-id=\"b1776a9\" data-element_type=\"widget\" data-widget_type=\"heading.default\">\n\t\t\t\t<div class=\"elementor-widget-container\">\n\t\t\t<h2 class=\"elementor-heading-title elementor-size-default\">Estatuto da Crian\u00e7a e do Adolescente - ECA<\/h2>\t\t<\/div>\n\t\t\t\t<\/div>\n\t\t\t\t<div class=\"elementor-element elementor-element-5209815 elementor-widget elementor-widget-text-editor\" data-id=\"5209815\" data-element_type=\"widget\" data-widget_type=\"text-editor.default\">\n\t\t\t\t<div class=\"elementor-widget-container\">\n\t\t\t\t\t\t\t\t\t\t\t\t\t<\/div>\n\t\t\t\t<\/div>\n\t\t\t\t<\/div>\n\t\t<div class=\"elementor-element elementor-element-5c1835b e-con-full e-con\" data-id=\"5c1835b\" data-element_type=\"container\" data-settings=\"{&quot;content_width&quot;:&quot;full&quot;}\">\n\t\t\t\t<div class=\"elementor-element elementor-element-e3d5e8f elementor-widget elementor-widget-image\" data-id=\"e3d5e8f\" data-element_type=\"widget\" data-widget_type=\"image.default\">\n\t\t\t\t<div class=\"elementor-widget-container\">\n\t\t\t\t\t\t\t\t\t\t\t\t\t\t\t\t<a href=\"https:\/\/portaleducacao.guarulhos.sp.gov.br\/siseduc\/portal\/exibir\/arquivo\/11906\/inline\/\" target=\"_blank\">\n\t\t\t\t\t\t\t<img width=\"391\" height=\"558\" src=\"https:\/\/portaleducacao.guarulhos.sp.gov.br\/wp_site\/cidadequeprotege\/wp-content\/uploads\/sites\/29\/2025\/02\/Captura-de-tela-2025-02-12-120701.png\" class=\"attachment-large size-large wp-image-435\" alt=\"\" loading=\"lazy\" srcset=\"https:\/\/portaleducacao.guarulhos.sp.gov.br\/wp_site\/cidadequeprotege\/wp-content\/uploads\/sites\/29\/2025\/02\/Captura-de-tela-2025-02-12-120701.png 391w, https:\/\/portaleducacao.guarulhos.sp.gov.br\/wp_site\/cidadequeprotege\/wp-content\/uploads\/sites\/29\/2025\/02\/Captura-de-tela-2025-02-12-120701-210x300.png 210w\" sizes=\"(max-width: 391px) 100vw, 391px\" \/>\t\t\t\t\t\t\t\t<\/a>\n\t\t\t\t\t\t\t\t\t\t\t\t\t\t\t<\/div>\n\t\t\t\t<\/div>\n\t\t\t\t<div class=\"elementor-element elementor-element-3f3b442 elementor-widget elementor-widget-heading\" data-id=\"3f3b442\" data-element_type=\"widget\" data-widget_type=\"heading.default\">\n\t\t\t\t<div class=\"elementor-widget-container\">\n\t\t\t<h3 class=\"elementor-heading-title elementor-size-large\">Inclus\u00e3o: Educar para a Diversidade - Enfrentamento \u00e0s Viol\u00eancias Contra Crian\u00e7as e Adolescentes<\/h3>\t\t<\/div>\n\t\t\t\t<\/div>\n\t\t\t\t<div class=\"elementor-element elementor-element-64bf3b7 elementor-widget elementor-widget-text-editor\" data-id=\"64bf3b7\" data-element_type=\"widget\" data-widget_type=\"text-editor.default\">\n\t\t\t\t<div class=\"elementor-widget-container\">\n\t\t\t\t\t\t\t\t\t\t\t\t\t<\/div>\n\t\t\t\t<\/div>\n\t\t\t\t<\/div>\n\t\t<div class=\"elementor-element elementor-element-ccd83b9 e-con-full e-con\" data-id=\"ccd83b9\" data-element_type=\"container\" data-settings=\"{&quot;content_width&quot;:&quot;full&quot;}\">\n\t\t\t\t<div class=\"elementor-element elementor-element-8178109 elementor-widget elementor-widget-image\" data-id=\"8178109\" data-element_type=\"widget\" data-widget_type=\"image.default\">\n\t\t\t\t<div class=\"elementor-widget-container\">\n\t\t\t\t\t\t\t\t\t\t\t\t\t\t\t\t<a href=\"https:\/\/portalsinan.saude.gov.br\/images\/documentos\/Agravos\/via\/violencia_v5.pdf\" target=\"_blank\">\n\t\t\t\t\t\t\t<img width=\"525\" height=\"695\" src=\"https:\/\/portaleducacao.guarulhos.sp.gov.br\/wp_site\/cidadequeprotege\/wp-content\/uploads\/sites\/29\/2025\/02\/Captura-de-tela-2025-02-12-121624-e1739374760254.png\" class=\"attachment-large size-large wp-image-443\" alt=\"\" loading=\"lazy\" srcset=\"https:\/\/portaleducacao.guarulhos.sp.gov.br\/wp_site\/cidadequeprotege\/wp-content\/uploads\/sites\/29\/2025\/02\/Captura-de-tela-2025-02-12-121624-e1739374760254.png 525w, https:\/\/portaleducacao.guarulhos.sp.gov.br\/wp_site\/cidadequeprotege\/wp-content\/uploads\/sites\/29\/2025\/02\/Captura-de-tela-2025-02-12-121624-e1739374760254-227x300.png 227w\" sizes=\"(max-width: 525px) 100vw, 525px\" \/>\t\t\t\t\t\t\t\t<\/a>\n\t\t\t\t\t\t\t\t\t\t\t\t\t\t\t<\/div>\n\t\t\t\t<\/div>\n\t\t\t\t<div class=\"elementor-element elementor-element-b44055f elementor-widget elementor-widget-heading\" data-id=\"b44055f\" data-element_type=\"widget\" data-widget_type=\"heading.default\">\n\t\t\t\t<div class=\"elementor-widget-container\">\n\t\t\t<h3 class=\"elementor-heading-title elementor-size-large\">Ficha - SINAN - sistema de informa\u00e7\u00e3o de agravos de notifica\u00e7\u00e3o - ficha de notifica\u00e7\u00e3o individual<\/h3>\t\t<\/div>\n\t\t\t\t<\/div>\n\t\t\t\t<div class=\"elementor-element elementor-element-d9a3abd elementor-widget elementor-widget-text-editor\" data-id=\"d9a3abd\" data-element_type=\"widget\" data-widget_type=\"text-editor.default\">\n\t\t\t\t<div class=\"elementor-widget-container\">\n\t\t\t\t\t\t\t\t\t\t\t\t\t<\/div>\n\t\t\t\t<\/div>\n\t\t\t\t<\/div>\n\t\t<div class=\"elementor-element elementor-element-c60b3fe e-con-full e-con\" data-id=\"c60b3fe\" data-element_type=\"container\" data-settings=\"{&quot;content_width&quot;:&quot;full&quot;}\">\n\t\t\t\t<div class=\"elementor-element elementor-element-8c9917b elementor-widget elementor-widget-image\" data-id=\"8c9917b\" data-element_type=\"widget\" data-widget_type=\"image.default\">\n\t\t\t\t<div class=\"elementor-widget-container\">\n\t\t\t\t\t\t\t\t\t\t\t\t\t\t\t\t<a href=\"https:\/\/portaleducacao.guarulhos.sp.gov.br\/siseduc\/portal\/exibir\/arquivo\/11827\/inline\/\" target=\"_blank\">\n\t\t\t\t\t\t\t<img width=\"453\" height=\"586\" src=\"https:\/\/portaleducacao.guarulhos.sp.gov.br\/wp_site\/cidadequeprotege\/wp-content\/uploads\/sites\/29\/2025\/02\/Captura-de-tela-2025-02-12-123329-e1739374689242.png\" class=\"attachment-large size-large wp-image-445\" alt=\"\" loading=\"lazy\" srcset=\"https:\/\/portaleducacao.guarulhos.sp.gov.br\/wp_site\/cidadequeprotege\/wp-content\/uploads\/sites\/29\/2025\/02\/Captura-de-tela-2025-02-12-123329-e1739374689242.png 453w, https:\/\/portaleducacao.guarulhos.sp.gov.br\/wp_site\/cidadequeprotege\/wp-content\/uploads\/sites\/29\/2025\/02\/Captura-de-tela-2025-02-12-123329-e1739374689242-232x300.png 232w\" sizes=\"(max-width: 453px) 100vw, 453px\" \/>\t\t\t\t\t\t\t\t<\/a>\n\t\t\t\t\t\t\t\t\t\t\t\t\t\t\t<\/div>\n\t\t\t\t<\/div>\n\t\t\t\t<div class=\"elementor-element elementor-element-64c0ac3 elementor-widget elementor-widget-text-editor\" data-id=\"64c0ac3\" data-element_type=\"widget\" data-widget_type=\"text-editor.default\">\n\t\t\t\t<div class=\"elementor-widget-container\">\n\t\t\t\t\t\t\t\t\t\t\t\t\t<\/div>\n\t\t\t\t<\/div>\n\t\t\t\t<div class=\"elementor-element elementor-element-f65f3d7 elementor-widget elementor-widget-heading\" data-id=\"f65f3d7\" data-element_type=\"widget\" data-widget_type=\"heading.default\">\n\t\t\t\t<div class=\"elementor-widget-container\">\n\t\t\t<h3 class=\"elementor-heading-title elementor-size-large\">Portaria n\u00ba 262 2024-SE \u2013 Di\u00e1rio Oficial de 22 de Novembro de 2024 - P\u00e1gina 11p\u00e1gina <\/h3>\t\t<\/div>\n\t\t\t\t<\/div>\n\t\t\t\t<\/div>\n\t\t<div class=\"elementor-element elementor-element-51e8a86 e-con-full e-con\" data-id=\"51e8a86\" data-element_type=\"container\" data-settings=\"{&quot;content_width&quot;:&quot;full&quot;}\">\n\t\t\t\t<div class=\"elementor-element elementor-element-7911866 elementor-widget elementor-widget-image\" data-id=\"7911866\" data-element_type=\"widget\" data-widget_type=\"image.default\">\n\t\t\t\t<div class=\"elementor-widget-container\">\n\t\t\t\t\t\t\t\t\t\t\t\t\t\t\t\t<a href=\"https:\/\/portaleducacao.guarulhos.sp.gov.br\/siseduc\/portal\/exibir\/arquivo\/11885\/inline\/\" target=\"_blank\">\n\t\t\t\t\t\t\t<img width=\"373\" height=\"542\" src=\"https:\/\/portaleducacao.guarulhos.sp.gov.br\/wp_site\/cidadequeprotege\/wp-content\/uploads\/sites\/29\/2025\/02\/Captura-de-tela-2025-02-12-133350-e1739378157439.png\" class=\"attachment-large size-large wp-image-460\" alt=\"\" loading=\"lazy\" srcset=\"https:\/\/portaleducacao.guarulhos.sp.gov.br\/wp_site\/cidadequeprotege\/wp-content\/uploads\/sites\/29\/2025\/02\/Captura-de-tela-2025-02-12-133350-e1739378157439.png 373w, https:\/\/portaleducacao.guarulhos.sp.gov.br\/wp_site\/cidadequeprotege\/wp-content\/uploads\/sites\/29\/2025\/02\/Captura-de-tela-2025-02-12-133350-e1739378157439-206x300.png 206w\" sizes=\"(max-width: 373px) 100vw, 373px\" \/>\t\t\t\t\t\t\t\t<\/a>\n\t\t\t\t\t\t\t\t\t\t\t\t\t\t\t<\/div>\n\t\t\t\t<\/div>\n\t\t\t\t<div class=\"elementor-element elementor-element-f5ee27b elementor-widget elementor-widget-text-editor\" data-id=\"f5ee27b\" data-element_type=\"widget\" data-widget_type=\"text-editor.default\">\n\t\t\t\t<div class=\"elementor-widget-container\">\n\t\t\t\t\t\t\t\t\t\t\t\t\t<\/div>\n\t\t\t\t<\/div>\n\t\t\t\t<div class=\"elementor-element elementor-element-aebf9e4 elementor-widget elementor-widget-heading\" data-id=\"aebf9e4\" data-element_type=\"widget\" data-widget_type=\"heading.default\">\n\t\t\t\t<div class=\"elementor-widget-container\">\n\t\t\t<h3 class=\"elementor-heading-title elementor-size-large\">Memorando Circular 127\/2024 - <\/h3>\t\t<\/div>\n\t\t\t\t<\/div>\n\t\t\t\t<\/div>\n\t\t<div class=\"elementor-element elementor-element-c97a821 e-con-full e-con\" data-id=\"c97a821\" data-element_type=\"container\" data-settings=\"{&quot;content_width&quot;:&quot;full&quot;}\">\n\t\t\t\t<div class=\"elementor-element elementor-element-21f9253 elementor-widget elementor-widget-image\" data-id=\"21f9253\" data-element_type=\"widget\" data-widget_type=\"image.default\">\n\t\t\t\t<div class=\"elementor-widget-container\">\n\t\t\t\t\t\t\t\t\t\t\t\t\t\t\t\t<a href=\"https:\/\/portaleducacao.guarulhos.sp.gov.br\/siseduc\/portal\/exibir\/arquivo\/11884\/inline\/\" target=\"_blank\">\n\t\t\t\t\t\t\t<img width=\"499\" height=\"688\" src=\"https:\/\/portaleducacao.guarulhos.sp.gov.br\/wp_site\/cidadequeprotege\/wp-content\/uploads\/sites\/29\/2025\/02\/Captura-de-tela-2025-02-12-133850-e1739378359777.png\" class=\"attachment-large size-large wp-image-462\" alt=\"\" loading=\"lazy\" srcset=\"https:\/\/portaleducacao.guarulhos.sp.gov.br\/wp_site\/cidadequeprotege\/wp-content\/uploads\/sites\/29\/2025\/02\/Captura-de-tela-2025-02-12-133850-e1739378359777.png 499w, https:\/\/portaleducacao.guarulhos.sp.gov.br\/wp_site\/cidadequeprotege\/wp-content\/uploads\/sites\/29\/2025\/02\/Captura-de-tela-2025-02-12-133850-e1739378359777-218x300.png 218w\" sizes=\"(max-width: 499px) 100vw, 499px\" \/>\t\t\t\t\t\t\t\t<\/a>\n\t\t\t\t\t\t\t\t\t\t\t\t\t\t\t<\/div>\n\t\t\t\t<\/div>\n\t\t\t\t<div class=\"elementor-element elementor-element-1cdda5e elementor-widget elementor-widget-text-editor\" data-id=\"1cdda5e\" data-element_type=\"widget\" data-widget_type=\"text-editor.default\">\n\t\t\t\t<div class=\"elementor-widget-container\">\n\t\t\t\t\t\t\t\t\t\t\t\t\t<\/div>\n\t\t\t\t<\/div>\n\t\t\t\t<div class=\"elementor-element elementor-element-6a782ca elementor-widget elementor-widget-heading\" data-id=\"6a782ca\" data-element_type=\"widget\" data-widget_type=\"heading.default\">\n\t\t\t\t<div class=\"elementor-widget-container\">\n\t\t\t<h3 class=\"elementor-heading-title elementor-size-large\">Oficio Circular 033 2024 - <\/h3>\t\t<\/div>\n\t\t\t\t<\/div>\n\t\t\t\t<\/div>\n\t\t<div class=\"elementor-element elementor-element-03d44c8 e-con-full e-con\" data-id=\"03d44c8\" data-element_type=\"container\" data-settings=\"{&quot;content_width&quot;:&quot;full&quot;}\">\n\t\t\t\t<div class=\"elementor-element elementor-element-ad17118 elementor-widget elementor-widget-image\" data-id=\"ad17118\" data-element_type=\"widget\" data-widget_type=\"image.default\">\n\t\t\t\t<div class=\"elementor-widget-container\">\n\t\t\t\t\t\t\t\t\t\t\t\t\t\t\t\t<a href=\"https:\/\/portaleducacao.guarulhos.sp.gov.br\/siseduc\/portal\/exibir\/arquivo\/11886\/inline\/\" target=\"_blank\">\n\t\t\t\t\t\t\t<img width=\"506\" height=\"687\" src=\"https:\/\/portaleducacao.guarulhos.sp.gov.br\/wp_site\/cidadequeprotege\/wp-content\/uploads\/sites\/29\/2025\/02\/Captura-de-tela-2025-02-12-134234-e1739378576899.png\" class=\"attachment-large size-large wp-image-463\" alt=\"\" loading=\"lazy\" srcset=\"https:\/\/portaleducacao.guarulhos.sp.gov.br\/wp_site\/cidadequeprotege\/wp-content\/uploads\/sites\/29\/2025\/02\/Captura-de-tela-2025-02-12-134234-e1739378576899.png 506w, https:\/\/portaleducacao.guarulhos.sp.gov.br\/wp_site\/cidadequeprotege\/wp-content\/uploads\/sites\/29\/2025\/02\/Captura-de-tela-2025-02-12-134234-e1739378576899-221x300.png 221w\" sizes=\"(max-width: 506px) 100vw, 506px\" \/>\t\t\t\t\t\t\t\t<\/a>\n\t\t\t\t\t\t\t\t\t\t\t\t\t\t\t<\/div>\n\t\t\t\t<\/div>\n\t\t\t\t<div class=\"elementor-element elementor-element-5de027e elementor-widget elementor-widget-text-editor\" data-id=\"5de027e\" data-element_type=\"widget\" data-widget_type=\"text-editor.default\">\n\t\t\t\t<div class=\"elementor-widget-container\">\n\t\t\t\t\t\t\t\t\t\t\t\t\t<\/div>\n\t\t\t\t<\/div>\n\t\t\t\t<div class=\"elementor-element elementor-element-91f116c elementor-widget elementor-widget-heading\" data-id=\"91f116c\" data-element_type=\"widget\" data-widget_type=\"heading.default\">\n\t\t\t\t<div class=\"elementor-widget-container\">\n\t\t\t<h3 class=\"elementor-heading-title elementor-size-large\">Anexo \u2013 Endere\u00e7os e Servi\u00e7os de Refer\u00eancia da Portaria n\u00ba 262 2024-SE.<\/h3>\t\t<\/div>\n\t\t\t\t<\/div>\n\t\t\t\t<\/div>\n\t\t<div class=\"elementor-element elementor-element-05c452b e-con-full e-con\" data-id=\"05c452b\" data-element_type=\"container\" data-settings=\"{&quot;content_width&quot;:&quot;full&quot;}\">\n\t\t\t\t<div class=\"elementor-element elementor-element-1b536f7 elementor-widget__width-initial elementor-widget elementor-widget-image\" data-id=\"1b536f7\" data-element_type=\"widget\" data-widget_type=\"image.default\">\n\t\t\t\t<div class=\"elementor-widget-container\">\n\t\t\t\t\t\t\t\t\t\t\t\t\t\t\t\t<a href=\"https:\/\/portaleducacao.guarulhos.sp.gov.br\/siseduc\/portal\/exibir\/arquivo\/12039\/inline\/\" target=\"_blank\">\n\t\t\t\t\t\t\t<img width=\"557\" height=\"791\" src=\"https:\/\/portaleducacao.guarulhos.sp.gov.br\/wp_site\/cidadequeprotege\/wp-content\/uploads\/sites\/29\/2025\/03\/WhatsApp-Image-2025-03-21-at-09.48.11.jpeg\" class=\"attachment-large size-large wp-image-628\" alt=\"\" loading=\"lazy\" srcset=\"https:\/\/portaleducacao.guarulhos.sp.gov.br\/wp_site\/cidadequeprotege\/wp-content\/uploads\/sites\/29\/2025\/03\/WhatsApp-Image-2025-03-21-at-09.48.11.jpeg 557w, https:\/\/portaleducacao.guarulhos.sp.gov.br\/wp_site\/cidadequeprotege\/wp-content\/uploads\/sites\/29\/2025\/03\/WhatsApp-Image-2025-03-21-at-09.48.11-211x300.jpeg 211w\" sizes=\"(max-width: 557px) 100vw, 557px\" \/>\t\t\t\t\t\t\t\t<\/a>\n\t\t\t\t\t\t\t\t\t\t\t\t\t\t\t<\/div>\n\t\t\t\t<\/div>\n\t\t\t\t<div class=\"elementor-element elementor-element-e16815f elementor-widget elementor-widget-text-editor\" data-id=\"e16815f\" data-element_type=\"widget\" data-widget_type=\"text-editor.default\">\n\t\t\t\t<div class=\"elementor-widget-container\">\n\t\t\t\t\t\t\t\t\t\t\t\t\t<\/div>\n\t\t\t\t<\/div>\n\t\t\t\t<div class=\"elementor-element elementor-element-7e06310 elementor-widget elementor-widget-heading\" data-id=\"7e06310\" data-element_type=\"widget\" data-widget_type=\"heading.default\">\n\t\t\t\t<div class=\"elementor-widget-container\">\n\t\t\t<h3 class=\"elementor-heading-title elementor-size-large\">Cartilha - Notifica\u00e7\u00e3o de\nviol\u00eancias interpessoais\ne autoprovocadas<\/h3>\t\t<\/div>\n\t\t\t\t<\/div>\n\t\t\t\t<\/div>\n\t\t<div class=\"elementor-element elementor-element-deecd63 e-con-full e-con\" data-id=\"deecd63\" data-element_type=\"container\" data-settings=\"{&quot;content_width&quot;:&quot;full&quot;}\">\n\t\t\t\t<div class=\"elementor-element elementor-element-1b0ad02 elementor-widget__width-initial elementor-widget elementor-widget-image\" data-id=\"1b0ad02\" data-element_type=\"widget\" data-widget_type=\"image.default\">\n\t\t\t\t<div class=\"elementor-widget-container\">\n\t\t\t\t\t\t\t\t\t\t\t\t\t\t\t\t<a href=\"https:\/\/portaleducacao.guarulhos.sp.gov.br\/siseduc\/portal\/exibir\/arquivo\/12040\/inline\/\" target=\"_blank\">\n\t\t\t\t\t\t\t<img width=\"485\" height=\"631\" src=\"https:\/\/portaleducacao.guarulhos.sp.gov.br\/wp_site\/cidadequeprotege\/wp-content\/uploads\/sites\/29\/2025\/03\/Captura-de-tela-2025-03-21-093142.png\" class=\"attachment-large size-large wp-image-624\" alt=\"\" loading=\"lazy\" srcset=\"https:\/\/portaleducacao.guarulhos.sp.gov.br\/wp_site\/cidadequeprotege\/wp-content\/uploads\/sites\/29\/2025\/03\/Captura-de-tela-2025-03-21-093142.png 485w, https:\/\/portaleducacao.guarulhos.sp.gov.br\/wp_site\/cidadequeprotege\/wp-content\/uploads\/sites\/29\/2025\/03\/Captura-de-tela-2025-03-21-093142-231x300.png 231w\" sizes=\"(max-width: 485px) 100vw, 485px\" \/>\t\t\t\t\t\t\t\t<\/a>\n\t\t\t\t\t\t\t\t\t\t\t\t\t\t\t<\/div>\n\t\t\t\t<\/div>\n\t\t\t\t<div class=\"elementor-element elementor-element-10151ba elementor-widget elementor-widget-text-editor\" data-id=\"10151ba\" data-element_type=\"widget\" data-widget_type=\"text-editor.default\">\n\t\t\t\t<div class=\"elementor-widget-container\">\n\t\t\t\t\t\t\t\t\t\t\t\t\t<\/div>\n\t\t\t\t<\/div>\n\t\t\t\t<div class=\"elementor-element elementor-element-386e786 elementor-widget elementor-widget-heading\" data-id=\"386e786\" data-element_type=\"widget\" data-widget_type=\"heading.default\">\n\t\t\t\t<div class=\"elementor-widget-container\">\n\t\t\t<h3 class=\"elementor-heading-title elementor-size-large\">VIVA Instrutivo - Notifica\u00e7\u00e3o de Viol\u00eancias Interpessoais e Autoprovocadas<\/h3>\t\t<\/div>\n\t\t\t\t<\/div>\n\t\t\t\t<\/div>\n\t\t<div class=\"elementor-element elementor-element-0a6d918 e-con-full e-con\" data-id=\"0a6d918\" data-element_type=\"container\" data-settings=\"{&quot;content_width&quot;:&quot;full&quot;}\">\n\t\t\t\t<div class=\"elementor-element elementor-element-c58a048 elementor-widget__width-initial elementor-widget elementor-widget-image\" data-id=\"c58a048\" data-element_type=\"widget\" data-widget_type=\"image.default\">\n\t\t\t\t<div class=\"elementor-widget-container\">\n\t\t\t\t\t\t\t\t\t\t\t\t\t\t\t\t<a href=\"https:\/\/portaleducacao.guarulhos.sp.gov.br\/siseduc\/portal\/exibir\/arquivo\/12099\/inline\/\" target=\"_blank\">\n\t\t\t\t\t\t\t<img width=\"547\" height=\"792\" src=\"https:\/\/portaleducacao.guarulhos.sp.gov.br\/wp_site\/cidadequeprotege\/wp-content\/uploads\/sites\/29\/2025\/05\/Captura-de-Tela-10-1.png\" class=\"attachment-large size-large wp-image-658\" alt=\"\" loading=\"lazy\" srcset=\"https:\/\/portaleducacao.guarulhos.sp.gov.br\/wp_site\/cidadequeprotege\/wp-content\/uploads\/sites\/29\/2025\/05\/Captura-de-Tela-10-1.png 547w, https:\/\/portaleducacao.guarulhos.sp.gov.br\/wp_site\/cidadequeprotege\/wp-content\/uploads\/sites\/29\/2025\/05\/Captura-de-Tela-10-1-207x300.png 207w\" sizes=\"(max-width: 547px) 100vw, 547px\" \/>\t\t\t\t\t\t\t\t<\/a>\n\t\t\t\t\t\t\t\t\t\t\t\t\t\t\t<\/div>\n\t\t\t\t<\/div>\n\t\t\t\t<div class=\"elementor-element elementor-element-f20d5c7 elementor-widget elementor-widget-heading\" data-id=\"f20d5c7\" data-element_type=\"widget\" data-widget_type=\"heading.default\">\n\t\t\t\t<div class=\"elementor-widget-container\">\n\t\t\t<h3 class=\"elementor-heading-title elementor-size-large\">\nRegistro de Informa\u00e7\u00f5es para Compartilhamento na Rede do SGD - Guarulhos\/SP<\/h3>\t\t<\/div>\n\t\t\t\t<\/div>\n\t\t\t\t<\/div>\n\t\t<div class=\"elementor-element elementor-element-0d11b34 e-con-full e-con\" data-id=\"0d11b34\" data-element_type=\"container\" data-settings=\"{&quot;content_width&quot;:&quot;full&quot;}\">\n\t\t\t\t<div class=\"elementor-element elementor-element-fd4be02 elementor-widget__width-initial elementor-widget elementor-widget-image\" data-id=\"fd4be02\" data-element_type=\"widget\" data-widget_type=\"image.default\">\n\t\t\t\t<div class=\"elementor-widget-container\">\n\t\t\t\t\t\t\t\t\t\t\t\t\t\t\t\t<a href=\"https:\/\/portaleducacao.guarulhos.sp.gov.br\/siseduc\/portal\/exibir\/arquivo\/12098\/inline\/\" target=\"_blank\">\n\t\t\t\t\t\t\t<img width=\"438\" height=\"639\" src=\"https:\/\/portaleducacao.guarulhos.sp.gov.br\/wp_site\/cidadequeprotege\/wp-content\/uploads\/sites\/29\/2025\/05\/Captura-de-Tela-11.png\" class=\"attachment-large size-large wp-image-660\" alt=\"\" loading=\"lazy\" srcset=\"https:\/\/portaleducacao.guarulhos.sp.gov.br\/wp_site\/cidadequeprotege\/wp-content\/uploads\/sites\/29\/2025\/05\/Captura-de-Tela-11.png 438w, https:\/\/portaleducacao.guarulhos.sp.gov.br\/wp_site\/cidadequeprotege\/wp-content\/uploads\/sites\/29\/2025\/05\/Captura-de-Tela-11-206x300.png 206w\" sizes=\"(max-width: 438px) 100vw, 438px\" \/>\t\t\t\t\t\t\t\t<\/a>\n\t\t\t\t\t\t\t\t\t\t\t\t\t\t\t<\/div>\n\t\t\t\t<\/div>\n\t\t\t\t<div class=\"elementor-element elementor-element-d503c97 elementor-widget elementor-widget-heading\" data-id=\"d503c97\" data-element_type=\"widget\" data-widget_type=\"heading.default\">\n\t\t\t\t<div class=\"elementor-widget-container\">\n\t\t\t<h3 class=\"elementor-heading-title elementor-size-large\">Guia de Encaminhamento - Rede de Prote\u00e7\u00e3o \u00e0 Crian\u00e7a e Adolescente - Guarulhos\/SP.<\/h3>\t\t<\/div>\n\t\t\t\t<\/div>\n\t\t\t\t<\/div>\n\t\t<div class=\"elementor-element elementor-element-18010de e-con-full e-con\" data-id=\"18010de\" data-element_type=\"container\" data-settings=\"{&quot;content_width&quot;:&quot;full&quot;}\">\n\t\t\t\t<div class=\"elementor-element elementor-element-2b49e4c elementor-widget__width-initial elementor-widget elementor-widget-image\" data-id=\"2b49e4c\" data-element_type=\"widget\" data-widget_type=\"image.default\">\n\t\t\t\t<div class=\"elementor-widget-container\">\n\t\t\t\t\t\t\t\t\t\t\t\t\t\t\t\t<a href=\"https:\/\/portaleducacao.guarulhos.sp.gov.br\/siseduc\/portal\/exibir\/arquivo\/12666\/inline\/\" target=\"_blank\">\n\t\t\t\t\t\t\t<img width=\"551\" height=\"784\" src=\"https:\/\/portaleducacao.guarulhos.sp.gov.br\/wp_site\/cidadequeprotege\/wp-content\/uploads\/sites\/29\/2026\/04\/WhatsApp-Image-2026-04-30-at-15.49.28.jpeg\" class=\"attachment-large size-large wp-image-671\" alt=\"\" loading=\"lazy\" srcset=\"https:\/\/portaleducacao.guarulhos.sp.gov.br\/wp_site\/cidadequeprotege\/wp-content\/uploads\/sites\/29\/2026\/04\/WhatsApp-Image-2026-04-30-at-15.49.28.jpeg 551w, https:\/\/portaleducacao.guarulhos.sp.gov.br\/wp_site\/cidadequeprotege\/wp-content\/uploads\/sites\/29\/2026\/04\/WhatsApp-Image-2026-04-30-at-15.49.28-211x300.jpeg 211w\" sizes=\"(max-width: 551px) 100vw, 551px\" \/>\t\t\t\t\t\t\t\t<\/a>\n\t\t\t\t\t\t\t\t\t\t\t\t\t\t\t<\/div>\n\t\t\t\t<\/div>\n\t\t\t\t<div class=\"elementor-element elementor-element-572e408 elementor-widget elementor-widget-heading\" data-id=\"572e408\" data-element_type=\"widget\" data-widget_type=\"heading.default\">\n\t\t\t\t<div class=\"elementor-widget-container\">\n\t\t\t<h3 class=\"elementor-heading-title elementor-size-large\">Guia B\u00e1sico de Orienta\u00e7\u00f5es para Prote\u00e7\u00e3o de Crian\u00e7as e Adolescentes no Enfrentamento \u00e0s Situa\u00e7\u00f5es de Viol\u00eancia <\/h3>\t\t<\/div>\n\t\t\t\t<\/div>\n\t\t\t\t<\/div>\n\t\t\t\t\t<\/div>\n\t\t\t\t<\/div>\n\t\t<div class=\"elementor-element elementor-element-bd785ea e-con-boxed e-con\" data-id=\"bd785ea\" data-element_type=\"container\" data-settings=\"{&quot;content_width&quot;:&quot;boxed&quot;}\">\n\t\t\t\t\t<div class=\"e-con-inner\">\n\t\t\t\t<div class=\"elementor-element elementor-element-364025b elementor-widget elementor-widget-spacer\" data-id=\"364025b\" data-element_type=\"widget\" data-widget_type=\"spacer.default\">\n\t\t\t\t<div class=\"elementor-widget-container\">\n\t\t\t<style>\/*! elementor - v3.12.1 - 02-04-2023 *\/\n.elementor-column .elementor-spacer-inner{height:var(--spacer-size)}.e-con{--container-widget-width:100%}.e-con-inner>.elementor-widget-spacer,.e-con>.elementor-widget-spacer{width:var(--container-widget-width,var(--spacer-size));--align-self:var(--container-widget-align-self,initial);--flex-shrink:0}.e-con-inner>.elementor-widget-spacer>.elementor-widget-container,.e-con-inner>.elementor-widget-spacer>.elementor-widget-container>.elementor-spacer,.e-con>.elementor-widget-spacer>.elementor-widget-container,.e-con>.elementor-widget-spacer>.elementor-widget-container>.elementor-spacer{height:100%}.e-con-inner>.elementor-widget-spacer>.elementor-widget-container>.elementor-spacer>.elementor-spacer-inner,.e-con>.elementor-widget-spacer>.elementor-widget-container>.elementor-spacer>.elementor-spacer-inner{height:var(--container-widget-height,var(--spacer-size))}<\/style>\t\t<div class=\"elementor-spacer\">\n\t\t\t<div class=\"elementor-spacer-inner\"><\/div>\n\t\t<\/div>\n\t\t\t\t<\/div>\n\t\t\t\t<\/div>\n\t\t\t\t\t<\/div>\n\t\t\t\t<\/div>\n\t\t\t\t\t\t\t<\/div>\n\t\t","protected":false},"excerpt":{"rendered":"<p>Viol\u00eancia contra Crian\u00e7as e Adolescentes O Papel da Escola diante da Viola\u00e7\u00e3o dos Direitos Ponto a Ponto A trajet\u00f3ria de articula\u00e7\u00e3o da rede intersetorial Guarulhos: &#8220;Cidade que protege&#8221; no enfrentamento &hellip;<\/p>\n<p class=\"read-more\"> <a class=\"\" href=\"https:\/\/portaleducacao.guarulhos.sp.gov.br\/wp_site\/cidadequeprotege\/publicacoes\/\"> <span class=\"screen-reader-text\">Publica\u00e7\u00f5es<\/span> Leia mais &raquo;<\/a><\/p>\n","protected":false},"author":1,"featured_media":0,"parent":0,"menu_order":0,"comment_status":"closed","ping_status":"closed","template":"","meta":{"_monsterinsights_skip_tracking":false,"_monsterinsights_sitenote_active":false,"_monsterinsights_sitenote_note":"","_monsterinsights_sitenote_category":0,"site-sidebar-layout":"no-sidebar","site-content-layout":"page-builder","ast-global-header-display":"","ast-main-header-display":"","ast-hfb-above-header-display":"","ast-hfb-below-header-display":"","ast-hfb-mobile-header-display":"","site-post-title":"disabled","ast-breadcrumbs-content":"","ast-featured-img":"disabled","footer-sml-layout":"","theme-transparent-header-meta":"","adv-header-id-meta":"","stick-header-meta":"","header-above-stick-meta":"","header-main-stick-meta":"","header-below-stick-meta":"","_expiration-date-status":"","_expiration-date":0,"_expiration-date-type":"","_expiration-date-categories":[],"_expiration-date-options":[]},"categories":[],"tags":[],"yoast_head":"<!-- This site is optimized with the Yoast SEO plugin v19.7.1 - https:\/\/yoast.com\/wordpress\/plugins\/seo\/ -->\r\n<title>Publica\u00e7\u00f5es - Guarulhos, Cidade que Protege<\/title>\r\n<meta name=\"robots\" content=\"index, follow, max-snippet:-1, max-image-preview:large, max-video-preview:-1\" \/>\r\n<link rel=\"canonical\" href=\"https:\/\/portaleducacao.guarulhos.sp.gov.br\/wp_site\/cidadequeprotege\/publicacoes\/\" \/>\r\n<meta property=\"og:locale\" content=\"pt_BR\" \/>\r\n<meta property=\"og:type\" content=\"article\" \/>\r\n<meta property=\"og:title\" content=\"Publica\u00e7\u00f5es - Guarulhos, Cidade que Protege\" \/>\r\n<meta property=\"og:description\" content=\"Viol\u00eancia contra Crian\u00e7as e Adolescentes O Papel da Escola diante da Viola\u00e7\u00e3o dos Direitos Ponto a Ponto A trajet\u00f3ria de articula\u00e7\u00e3o da rede intersetorial Guarulhos: &#8220;Cidade que protege&#8221; no enfrentamento &hellip; Publica\u00e7\u00f5es Leia mais &raquo;\" \/>\r\n<meta property=\"og:url\" content=\"https:\/\/portaleducacao.guarulhos.sp.gov.br\/wp_site\/cidadequeprotege\/publicacoes\/\" \/>\r\n<meta property=\"og:site_name\" content=\"Guarulhos, Cidade que Protege\" \/>\r\n<meta property=\"article:modified_time\" content=\"2026-04-30T18:55:34+00:00\" \/>\r\n<meta property=\"og:image\" content=\"http:\/\/portaleducacao.guarulhos.sp.gov.br\/wp_site\/cidadequeprotege\/wp-content\/uploads\/sites\/29\/2024\/05\/capa___ppp_violencias-769x1024.jpg\" \/>\r\n<meta name=\"twitter:card\" content=\"summary_large_image\" \/>\r\n<meta name=\"twitter:label1\" content=\"Est. tempo de leitura\" \/>\n\t<meta name=\"twitter:data1\" content=\"5 minutos\" \/>\r\n<script type=\"application\/ld+json\" class=\"yoast-schema-graph\">{\"@context\":\"https:\/\/schema.org\",\"@graph\":[{\"@type\":\"WebPage\",\"@id\":\"https:\/\/portaleducacao.guarulhos.sp.gov.br\/wp_site\/cidadequeprotege\/publicacoes\/\",\"url\":\"https:\/\/portaleducacao.guarulhos.sp.gov.br\/wp_site\/cidadequeprotege\/publicacoes\/\",\"name\":\"Publica\u00e7\u00f5es - Guarulhos, Cidade que Protege\",\"isPartOf\":{\"@id\":\"https:\/\/portaleducacao.guarulhos.sp.gov.br\/wp_site\/cidadequeprotege\/#website\"},\"datePublished\":\"2024-05-15T19:18:58+00:00\",\"dateModified\":\"2026-04-30T18:55:34+00:00\",\"breadcrumb\":{\"@id\":\"https:\/\/portaleducacao.guarulhos.sp.gov.br\/wp_site\/cidadequeprotege\/publicacoes\/#breadcrumb\"},\"inLanguage\":\"pt-BR\",\"potentialAction\":[{\"@type\":\"ReadAction\",\"target\":[\"https:\/\/portaleducacao.guarulhos.sp.gov.br\/wp_site\/cidadequeprotege\/publicacoes\/\"]}]},{\"@type\":\"BreadcrumbList\",\"@id\":\"https:\/\/portaleducacao.guarulhos.sp.gov.br\/wp_site\/cidadequeprotege\/publicacoes\/#breadcrumb\",\"itemListElement\":[{\"@type\":\"ListItem\",\"position\":1,\"name\":\"In\u00edcio\",\"item\":\"https:\/\/portaleducacao.guarulhos.sp.gov.br\/wp_site\/cidadequeprotege\/\"},{\"@type\":\"ListItem\",\"position\":2,\"name\":\"Publica\u00e7\u00f5es\"}]},{\"@type\":\"WebSite\",\"@id\":\"https:\/\/portaleducacao.guarulhos.sp.gov.br\/wp_site\/cidadequeprotege\/#website\",\"url\":\"https:\/\/portaleducacao.guarulhos.sp.gov.br\/wp_site\/cidadequeprotege\/\",\"name\":\"Guarulhos, Cidade que Protege\",\"description\":\"Comiss\u00e3o Intersetorial de Enfrentamento \u00e0s Viol\u00eancias contra Crian\u00e7as e Adolescentes\",\"potentialAction\":[{\"@type\":\"SearchAction\",\"target\":{\"@type\":\"EntryPoint\",\"urlTemplate\":\"https:\/\/portaleducacao.guarulhos.sp.gov.br\/wp_site\/cidadequeprotege\/?s={search_term_string}\"},\"query-input\":\"required name=search_term_string\"}],\"inLanguage\":\"pt-BR\"}]}<\/script>\r\n<!-- \/ Yoast SEO plugin. -->","yoast_head_json":{"title":"Publica\u00e7\u00f5es - Guarulhos, Cidade que Protege","robots":{"index":"index","follow":"follow","max-snippet":"max-snippet:-1","max-image-preview":"max-image-preview:large","max-video-preview":"max-video-preview:-1"},"canonical":"https:\/\/portaleducacao.guarulhos.sp.gov.br\/wp_site\/cidadequeprotege\/publicacoes\/","og_locale":"pt_BR","og_type":"article","og_title":"Publica\u00e7\u00f5es - Guarulhos, Cidade que Protege","og_description":"Viol\u00eancia contra Crian\u00e7as e Adolescentes O Papel da Escola diante da Viola\u00e7\u00e3o dos Direitos Ponto a Ponto A trajet\u00f3ria de articula\u00e7\u00e3o da rede intersetorial Guarulhos: &#8220;Cidade que protege&#8221; no enfrentamento &hellip; Publica\u00e7\u00f5es Leia mais &raquo;","og_url":"https:\/\/portaleducacao.guarulhos.sp.gov.br\/wp_site\/cidadequeprotege\/publicacoes\/","og_site_name":"Guarulhos, Cidade que Protege","article_modified_time":"2026-04-30T18:55:34+00:00","og_image":[{"url":"http:\/\/portaleducacao.guarulhos.sp.gov.br\/wp_site\/cidadequeprotege\/wp-content\/uploads\/sites\/29\/2024\/05\/capa___ppp_violencias-769x1024.jpg"}],"twitter_card":"summary_large_image","twitter_misc":{"Est. tempo de leitura":"5 minutos"},"schema":{"@context":"https:\/\/schema.org","@graph":[{"@type":"WebPage","@id":"https:\/\/portaleducacao.guarulhos.sp.gov.br\/wp_site\/cidadequeprotege\/publicacoes\/","url":"https:\/\/portaleducacao.guarulhos.sp.gov.br\/wp_site\/cidadequeprotege\/publicacoes\/","name":"Publica\u00e7\u00f5es - Guarulhos, Cidade que Protege","isPartOf":{"@id":"https:\/\/portaleducacao.guarulhos.sp.gov.br\/wp_site\/cidadequeprotege\/#website"},"datePublished":"2024-05-15T19:18:58+00:00","dateModified":"2026-04-30T18:55:34+00:00","breadcrumb":{"@id":"https:\/\/portaleducacao.guarulhos.sp.gov.br\/wp_site\/cidadequeprotege\/publicacoes\/#breadcrumb"},"inLanguage":"pt-BR","potentialAction":[{"@type":"ReadAction","target":["https:\/\/portaleducacao.guarulhos.sp.gov.br\/wp_site\/cidadequeprotege\/publicacoes\/"]}]},{"@type":"BreadcrumbList","@id":"https:\/\/portaleducacao.guarulhos.sp.gov.br\/wp_site\/cidadequeprotege\/publicacoes\/#breadcrumb","itemListElement":[{"@type":"ListItem","position":1,"name":"In\u00edcio","item":"https:\/\/portaleducacao.guarulhos.sp.gov.br\/wp_site\/cidadequeprotege\/"},{"@type":"ListItem","position":2,"name":"Publica\u00e7\u00f5es"}]},{"@type":"WebSite","@id":"https:\/\/portaleducacao.guarulhos.sp.gov.br\/wp_site\/cidadequeprotege\/#website","url":"https:\/\/portaleducacao.guarulhos.sp.gov.br\/wp_site\/cidadequeprotege\/","name":"Guarulhos, Cidade que Protege","description":"Comiss\u00e3o Intersetorial de Enfrentamento \u00e0s Viol\u00eancias contra Crian\u00e7as e Adolescentes","potentialAction":[{"@type":"SearchAction","target":{"@type":"EntryPoint","urlTemplate":"https:\/\/portaleducacao.guarulhos.sp.gov.br\/wp_site\/cidadequeprotege\/?s={search_term_string}"},"query-input":"required name=search_term_string"}],"inLanguage":"pt-BR"}]}},"_links":{"self":[{"href":"https:\/\/portaleducacao.guarulhos.sp.gov.br\/wp_site\/cidadequeprotege\/wp-json\/wp\/v2\/pages\/145"}],"collection":[{"href":"https:\/\/portaleducacao.guarulhos.sp.gov.br\/wp_site\/cidadequeprotege\/wp-json\/wp\/v2\/pages"}],"about":[{"href":"https:\/\/portaleducacao.guarulhos.sp.gov.br\/wp_site\/cidadequeprotege\/wp-json\/wp\/v2\/types\/page"}],"author":[{"embeddable":true,"href":"https:\/\/portaleducacao.guarulhos.sp.gov.br\/wp_site\/cidadequeprotege\/wp-json\/wp\/v2\/users\/1"}],"replies":[{"embeddable":true,"href":"https:\/\/portaleducacao.guarulhos.sp.gov.br\/wp_site\/cidadequeprotege\/wp-json\/wp\/v2\/comments?post=145"}],"version-history":[{"count":79,"href":"https:\/\/portaleducacao.guarulhos.sp.gov.br\/wp_site\/cidadequeprotege\/wp-json\/wp\/v2\/pages\/145\/revisions"}],"predecessor-version":[{"id":674,"href":"https:\/\/portaleducacao.guarulhos.sp.gov.br\/wp_site\/cidadequeprotege\/wp-json\/wp\/v2\/pages\/145\/revisions\/674"}],"wp:attachment":[{"href":"https:\/\/portaleducacao.guarulhos.sp.gov.br\/wp_site\/cidadequeprotege\/wp-json\/wp\/v2\/media?parent=145"}],"wp:term":[{"taxonomy":"category","embeddable":true,"href":"https:\/\/portaleducacao.guarulhos.sp.gov.br\/wp_site\/cidadequeprotege\/wp-json\/wp\/v2\/categories?post=145"},{"taxonomy":"post_tag","embeddable":true,"href":"https:\/\/portaleducacao.guarulhos.sp.gov.br\/wp_site\/cidadequeprotege\/wp-json\/wp\/v2\/tags?post=145"}],"curies":[{"name":"wp","href":"https:\/\/api.w.org\/{rel}","templated":true}]}}