{"id":93,"date":"2024-05-15T14:55:49","date_gmt":"2024-05-15T17:55:49","guid":{"rendered":"https:\/\/portaleducacao.guarulhos.sp.gov.br\/wp_site\/cidadequeprotege\/?page_id=93"},"modified":"2025-02-12T12:31:24","modified_gmt":"2025-02-12T14:31:24","slug":"linha-do-tempo-do-cidade-que-protege","status":"publish","type":"page","link":"https:\/\/portaleducacao.guarulhos.sp.gov.br\/wp_site\/cidadequeprotege\/linha-do-tempo-do-cidade-que-protege\/","title":{"rendered":"Linha do Tempo do Cidade que Protege"},"content":{"rendered":"\t\t<div data-elementor-type=\"wp-page\" data-elementor-id=\"93\" class=\"elementor elementor-93\">\n\t\t\t\t\t\t\t<div class=\"elementor-element elementor-element-4b9118d e-con-boxed e-con\" data-id=\"4b9118d\" data-element_type=\"container\" data-settings=\"{&quot;background_background&quot;:&quot;classic&quot;,&quot;shape_divider_bottom&quot;:&quot;opacity-fan&quot;,&quot;content_width&quot;:&quot;boxed&quot;}\">\n\t\t\t\t\t<div class=\"e-con-inner\">\n\t\t\t\t<div class=\"elementor-shape elementor-shape-bottom\" data-negative=\"false\">\n\t\t\t<svg xmlns=\"http:\/\/www.w3.org\/2000\/svg\" viewBox=\"0 0 283.5 19.6\" preserveAspectRatio=\"none\">\n\t<path class=\"elementor-shape-fill\" style=\"opacity:0.33\" d=\"M0 0L0 18.8 141.8 4.1 283.5 18.8 283.5 0z\"\/>\n\t<path class=\"elementor-shape-fill\" style=\"opacity:0.33\" d=\"M0 0L0 12.6 141.8 4 283.5 12.6 283.5 0z\"\/>\n\t<path class=\"elementor-shape-fill\" style=\"opacity:0.33\" d=\"M0 0L0 6.4 141.8 4 283.5 6.4 283.5 0z\"\/>\n\t<path class=\"elementor-shape-fill\" d=\"M0 0L0 1.2 141.8 4 283.5 1.2 283.5 0z\"\/>\n<\/svg>\t\t<\/div>\n\t\t\t\t<div class=\"elementor-element elementor-element-ac9d654 elementor-widget elementor-widget-heading\" data-id=\"ac9d654\" data-element_type=\"widget\" data-widget_type=\"heading.default\">\n\t\t\t\t<div class=\"elementor-widget-container\">\n\t\t\t<style>\/*! elementor - v3.12.1 - 02-04-2023 *\/\n.elementor-heading-title{padding:0;margin:0;line-height:1}.elementor-widget-heading .elementor-heading-title[class*=elementor-size-]>a{color:inherit;font-size:inherit;line-height:inherit}.elementor-widget-heading .elementor-heading-title.elementor-size-small{font-size:15px}.elementor-widget-heading .elementor-heading-title.elementor-size-medium{font-size:19px}.elementor-widget-heading .elementor-heading-title.elementor-size-large{font-size:29px}.elementor-widget-heading .elementor-heading-title.elementor-size-xl{font-size:39px}.elementor-widget-heading .elementor-heading-title.elementor-size-xxl{font-size:59px}<\/style><h2 class=\"elementor-heading-title elementor-size-default\">Linha do Tempo  Guarulhos Cidade que Protege<\/h2>\t\t<\/div>\n\t\t\t\t<\/div>\n\t\t\t\t<div class=\"elementor-element elementor-element-415a2d4 ee-timeline-align--center ee-timeline-align-tablet--left ee-timeline-align-mobile--left ee-timeline-cards-align--top ee-timeline-cards-align-tablet--top ee-timeline-cards-align-mobile--top ee-timeline-animate elementor-widget elementor-widget-timeline\" data-id=\"415a2d4\" data-element_type=\"widget\" data-settings=\"{&quot;line_location&quot;:{&quot;unit&quot;:&quot;px&quot;,&quot;size&quot;:50,&quot;sizes&quot;:[]}}\" data-widget_type=\"timeline.default\">\n\t\t\t\t<div class=\"elementor-widget-container\">\n\t\t\t<section class=\"ee-timeline ee-timeline--vertical\"><div class=\"ee-timeline__line\">\n\t\t\t<div class=\"ee-timeline__line__inner\"><\/div>\n\t\t<\/div><div class=\"elementor-repeater-item-4733669 ee-timeline__item timeline-item\">\n\t\t\t\t<div class=\"timeline-item__point\"><span class=\"ee-icon ee-icon-support--svg ee-timeline__item__icon\"><i aria-hidden=\"true\" class=\"fas fa-calendar-alt\"><\/i><\/span><\/div>\n\t\t\t\t<div class=\"timeline-item__card-wrapper\">\n\t\t\t\t\t<div class=\"timeline-item__card\">\n\n\t\t\t\t\t\t<div class=\"timeline-item__content-wrapper\"><div class=\"timeline-item__content\"><!-- meta -->\n\t\t<div class=\"timeline-item__meta meta\">\n\t\t\t2010\t\t<\/div><div class=\"timeline-item__content__wysiwyg\">\n\t\t\t\t<h3>Curso Escola que protege<\/h3>\nParceria Secretaria de Educa\u00e7\u00e3o e Unifesp\t\t\t<\/div>\n\t\t<\/div><\/div><div class=\"timeline-item__card__arrow\"><\/div><\/div>\n\t\t\t\t<\/div>\n\t\t\t\t<div class=\"timeline-item__meta-wrapper\"><!-- meta -->\n\t\t<div class=\"timeline-item__meta meta timeline-item__meta meta\">\n\t\t\t2010\t\t<\/div><\/div>\n\t\t\t<\/div><div class=\"elementor-repeater-item-e04b9f9 ee-timeline__item timeline-item\">\n\t\t\t\t<div class=\"timeline-item__point\"><span class=\"ee-icon ee-icon-support--svg ee-timeline__item__icon\"><i aria-hidden=\"true\" class=\"fas fa-calendar-alt\"><\/i><\/span><\/div>\n\t\t\t\t<div class=\"timeline-item__card-wrapper\">\n\t\t\t\t\t<div class=\"timeline-item__card\">\n\n\t\t\t\t\t\t<div class=\"timeline-item__content-wrapper\"><div class=\"timeline-item__content\"><!-- meta -->\n\t\t<div class=\"timeline-item__meta meta\">\n\t\t\t2011\t\t<\/div><div class=\"timeline-item__content__wysiwyg\">\n\t\t\t\t<h3>Projeto Piloto: Agua Chata<\/h3>\n\nRede intersetorial para o Enfrentamento das Viol\u00eancias contra crian\u00e7as e Adolescentes;\n<br>\n13 Escolas Municipais\t\t\t<\/div>\n\t\t<\/div><\/div><div class=\"timeline-item__card__arrow\"><\/div><\/div>\n\t\t\t\t<\/div>\n\t\t\t\t<div class=\"timeline-item__meta-wrapper\"><!-- meta -->\n\t\t<div class=\"timeline-item__meta meta timeline-item__meta meta\">\n\t\t\t2011\t\t<\/div><\/div>\n\t\t\t<\/div><div class=\"elementor-repeater-item-9153aa3 ee-timeline__item timeline-item\">\n\t\t\t\t<div class=\"timeline-item__point\"><span class=\"ee-icon ee-icon-support--svg ee-timeline__item__icon\"><i aria-hidden=\"true\" class=\"fas fa-calendar-alt\"><\/i><\/span><\/div>\n\t\t\t\t<div class=\"timeline-item__card-wrapper\">\n\t\t\t\t\t<div class=\"timeline-item__card\">\n\n\t\t\t\t\t\t<div class=\"timeline-item__content-wrapper\"><div class=\"timeline-item__content\"><!-- meta -->\n\t\t<div class=\"timeline-item__meta meta\">\n\t\t\t2012\t\t<\/div><div class=\"timeline-item__content__wysiwyg\">\n\t\t\t\t<h3>Carta de Princ\u00edpios\/ 1\u00ba Semin\u00e1rio de Direitos Humanos\/ Sinalizadores<\/h3>\n<p>\nAmplia\u00e7\u00e3o: Regi\u00e3o de Sa\u00fade Pimentas e Cantareira = 27 Escolas Municipais<\/P>\t\t\t<\/div>\n\t\t<\/div><\/div><div class=\"timeline-item__card__arrow\"><\/div><\/div>\n\t\t\t\t<\/div>\n\t\t\t\t<div class=\"timeline-item__meta-wrapper\"><!-- meta -->\n\t\t<div class=\"timeline-item__meta meta timeline-item__meta meta\">\n\t\t\t2012\t\t<\/div><\/div>\n\t\t\t<\/div><div class=\"elementor-repeater-item-0a40092 ee-timeline__item timeline-item\">\n\t\t\t\t<div class=\"timeline-item__point\"><span class=\"ee-icon ee-icon-support--svg ee-timeline__item__icon\"><i aria-hidden=\"true\" class=\"fas fa-calendar-alt\"><\/i><\/span><\/div>\n\t\t\t\t<div class=\"timeline-item__card-wrapper\">\n\t\t\t\t\t<div class=\"timeline-item__card\">\n\n\t\t\t\t\t\t<div class=\"timeline-item__content-wrapper\"><div class=\"timeline-item__content\"><!-- meta -->\n\t\t<div class=\"timeline-item__meta meta\">\n\t\t\t2013\t\t<\/div><div class=\"timeline-item__content__wysiwyg\">\n\t\t\t\t<h3>Amplia\u00e7\u00e3o nas 4 Regi\u00f5es de Sa\u00fade<\/h3>\nPimentas, Cantareira, Centro e S\u00e3o Jo\u00e3o Bonsucesso;<br>\n48 Escolas Municipais\t\t\t<\/div>\n\t\t<\/div><\/div><div class=\"timeline-item__card__arrow\"><\/div><\/div>\n\t\t\t\t<\/div>\n\t\t\t\t<div class=\"timeline-item__meta-wrapper\"><!-- meta -->\n\t\t<div class=\"timeline-item__meta meta timeline-item__meta meta\">\n\t\t\t2013\t\t<\/div><\/div>\n\t\t\t<\/div><div class=\"elementor-repeater-item-8b9ede8 ee-timeline__item timeline-item\">\n\t\t\t\t<div class=\"timeline-item__point\"><span class=\"ee-icon ee-icon-support--svg ee-timeline__item__icon\"><i aria-hidden=\"true\" class=\"fas fa-calendar-alt\"><\/i><\/span><\/div>\n\t\t\t\t<div class=\"timeline-item__card-wrapper\">\n\t\t\t\t\t<div class=\"timeline-item__card\">\n\n\t\t\t\t\t\t<div class=\"timeline-item__content-wrapper\"><div class=\"timeline-item__content\"><!-- meta -->\n\t\t<div class=\"timeline-item__meta meta\">\n\t\t\t2015\t\t<\/div><div class=\"timeline-item__content__wysiwyg\">\n\t\t\t\t<h3>\nDecreto n\u00ba 32.979 de 29\/10\/2015 \n<\/h3>\nInstitui o grupo Gestor Intersetorial\n\t\t\t<\/div>\n\t\t<\/div><\/div><div class=\"timeline-item__card__arrow\"><\/div><\/div>\n\t\t\t\t<\/div>\n\t\t\t\t<div class=\"timeline-item__meta-wrapper\"><!-- meta -->\n\t\t<div class=\"timeline-item__meta meta timeline-item__meta meta\">\n\t\t\t2015\t\t<\/div><\/div>\n\t\t\t<\/div><div class=\"elementor-repeater-item-ea3715d ee-timeline__item timeline-item\">\n\t\t\t\t<div class=\"timeline-item__point\"><span class=\"ee-icon ee-icon-support--svg ee-timeline__item__icon\"><i aria-hidden=\"true\" class=\"fas fa-calendar-alt\"><\/i><\/span><\/div>\n\t\t\t\t<div class=\"timeline-item__card-wrapper\">\n\t\t\t\t\t<div class=\"timeline-item__card\">\n\n\t\t\t\t\t\t<div class=\"timeline-item__content-wrapper\"><div class=\"timeline-item__content\"><!-- meta -->\n\t\t<div class=\"timeline-item__meta meta\">\n\t\t\t2017\t\t<\/div><div class=\"timeline-item__content__wysiwyg\">\n\t\t\t\t<h3>Trajet\u00f3ria de Articula\u00e7\u00e3o da Rede Intersetorial<\/h3>\n\t\t\t<\/div>\n\t\t<\/div><\/div><div class=\"timeline-item__card__arrow\"><\/div><\/div>\n\t\t\t\t<\/div>\n\t\t\t\t<div class=\"timeline-item__meta-wrapper\"><!-- meta -->\n\t\t<div class=\"timeline-item__meta meta timeline-item__meta meta\">\n\t\t\t2017\t\t<\/div><\/div>\n\t\t\t<\/div><div class=\"elementor-repeater-item-0f01705 ee-timeline__item timeline-item\">\n\t\t\t\t<div class=\"timeline-item__point\"><span class=\"ee-icon ee-icon-support--svg ee-timeline__item__icon\"><i aria-hidden=\"true\" class=\"fas fa-calendar-alt\"><\/i><\/span><\/div>\n\t\t\t\t<div class=\"timeline-item__card-wrapper\">\n\t\t\t\t\t<div class=\"timeline-item__card\">\n\n\t\t\t\t\t\t<div class=\"timeline-item__content-wrapper\"><div class=\"timeline-item__content\"><!-- meta -->\n\t\t<div class=\"timeline-item__meta meta\">\n\t\t\t2020\t\t<\/div><div class=\"timeline-item__content__wysiwyg\">\n\t\t\t\t<h3>Fasc\u00edculo &#8211; Viol\u00eancia Familiar: O que a escola tem a ver com isso?<\/h3>\t\t\t<\/div>\n\t\t<\/div><\/div><div class=\"timeline-item__card__arrow\"><\/div><\/div>\n\t\t\t\t<\/div>\n\t\t\t\t<div class=\"timeline-item__meta-wrapper\"><!-- meta -->\n\t\t<div class=\"timeline-item__meta meta timeline-item__meta meta\">\n\t\t\t2020\t\t<\/div><\/div>\n\t\t\t<\/div><div class=\"elementor-repeater-item-af87104 ee-timeline__item timeline-item\">\n\t\t\t\t<div class=\"timeline-item__point\"><span class=\"ee-icon ee-icon-support--svg ee-timeline__item__icon\"><i aria-hidden=\"true\" class=\"fas fa-calendar-alt\"><\/i><\/span><\/div>\n\t\t\t\t<div class=\"timeline-item__card-wrapper\">\n\t\t\t\t\t<div class=\"timeline-item__card\">\n\n\t\t\t\t\t\t<div class=\"timeline-item__content-wrapper\"><div class=\"timeline-item__content\"><!-- meta -->\n\t\t<div class=\"timeline-item__meta meta\">\n\t\t\t2021\t\t<\/div><div class=\"timeline-item__content__wysiwyg\">\n\t\t\t\t<h3>Decreto n\u00ba 38040<\/h3>\n<p>\nCria a Comiss\u00e3o Intersetorial da Constru\u00e7\u00e3o do Programa <b>Guarulhos Cidade que Protege<\/b>\n\n<\/p>\t\t\t<\/div>\n\t\t<\/div><\/div><div class=\"timeline-item__card__arrow\"><\/div><\/div>\n\t\t\t\t<\/div>\n\t\t\t\t<div class=\"timeline-item__meta-wrapper\"><!-- meta -->\n\t\t<div class=\"timeline-item__meta meta timeline-item__meta meta\">\n\t\t\t2021\t\t<\/div><\/div>\n\t\t\t<\/div><div class=\"elementor-repeater-item-be06ad5 ee-timeline__item timeline-item\">\n\t\t\t\t<div class=\"timeline-item__point\"><span class=\"ee-icon ee-icon-support--svg ee-timeline__item__icon\"><i aria-hidden=\"true\" class=\"fas fa-calendar-alt\"><\/i><\/span><\/div>\n\t\t\t\t<div class=\"timeline-item__card-wrapper\">\n\t\t\t\t\t<div class=\"timeline-item__card\">\n\n\t\t\t\t\t\t<div class=\"timeline-item__content-wrapper\"><div class=\"timeline-item__content\"><!-- meta -->\n\t\t<div class=\"timeline-item__meta meta\">\n\t\t\t2022\t\t<\/div><div class=\"timeline-item__content__wysiwyg\">\n\t\t\t\t<h5>\n<ul>\n<li>Concurso Boas Pr\u00e1ticas<\/li>\n<li>Cases Inspiradores<\/li>\n<li>Programa Parcerias<\/li>\n<\/ul>\n<\/h5>\t\t\t<\/div>\n\t\t<\/div><\/div><div class=\"timeline-item__card__arrow\"><\/div><\/div>\n\t\t\t\t<\/div>\n\t\t\t\t<div class=\"timeline-item__meta-wrapper\"><!-- meta -->\n\t\t<div class=\"timeline-item__meta meta timeline-item__meta meta\">\n\t\t\t2022\t\t<\/div><\/div>\n\t\t\t<\/div><div class=\"elementor-repeater-item-5eff2fb ee-timeline__item timeline-item\">\n\t\t\t\t<div class=\"timeline-item__point\"><span class=\"ee-icon ee-icon-support--svg ee-timeline__item__icon\"><i aria-hidden=\"true\" class=\"fas fa-calendar-alt\"><\/i><\/span><\/div>\n\t\t\t\t<div class=\"timeline-item__card-wrapper\">\n\t\t\t\t\t<div class=\"timeline-item__card\">\n\n\t\t\t\t\t\t<div class=\"timeline-item__content-wrapper\"><div class=\"timeline-item__content\"><!-- meta -->\n\t\t<div class=\"timeline-item__meta meta\">\n\t\t\t\t\t<\/div><div class=\"timeline-item__content__wysiwyg\">\n\t\t\t\t<h4><a href=\"https:\/\/www.guarulhos.sp.gov.br\/sites\/default\/files\/2024-02\/Diagn%C3%B3stico%20-%20Rede%20de%20Prote%C3%A7%C3%A3o%20Intersetorial%20de%20Crian%C3%A7as%20e%20Adolescentes%20de%20Guarulhos.pdf\"><strong>Constru\u00e7\u00e3o do Diagn\u00f3stico &#8211; Rede de Prote\u00e7\u00e3o Intersetorial de Crian\u00e7as e Adolescentes de Guarulhos<\/strong><\/a><\/h4>\t\t\t<\/div>\n\t\t<\/div><\/div><div class=\"timeline-item__card__arrow\"><\/div><\/div>\n\t\t\t\t<\/div>\n\t\t\t\t<div class=\"timeline-item__meta-wrapper\"><!-- meta -->\n\t\t<div class=\"timeline-item__meta meta timeline-item__meta meta\">\n\t\t\t\t\t<\/div><\/div>\n\t\t\t<\/div><div class=\"elementor-repeater-item-94c6cc4 ee-timeline__item timeline-item\">\n\t\t\t\t<div class=\"timeline-item__point\"><span class=\"ee-icon ee-icon-support--svg ee-timeline__item__icon\"><i aria-hidden=\"true\" class=\"fas fa-calendar-alt\"><\/i><\/span><\/div>\n\t\t\t\t<div class=\"timeline-item__card-wrapper\">\n\t\t\t\t\t<div class=\"timeline-item__card\">\n\n\t\t\t\t\t\t<div class=\"timeline-item__content-wrapper\"><div class=\"timeline-item__content\"><!-- meta -->\n\t\t<div class=\"timeline-item__meta meta\">\n\t\t\t2023\t\t<\/div><div class=\"timeline-item__content__wysiwyg\">\n\t\t\t\t<ul><li><h5>Constru\u00e7\u00e3o do Fluxo Intersetorial;<\/h5><\/li><li><h5>Atividades formativas para as v\u00e1rias secretarias que comp\u00f5e a Comiss\u00e3o Intersetorial;<\/h5><\/li><\/ul>\t\t\t<\/div>\n\t\t<\/div><\/div><div class=\"timeline-item__card__arrow\"><\/div><\/div>\n\t\t\t\t<\/div>\n\t\t\t\t<div class=\"timeline-item__meta-wrapper\"><!-- meta -->\n\t\t<div class=\"timeline-item__meta meta timeline-item__meta meta\">\n\t\t\t2023\t\t<\/div><\/div>\n\t\t\t<\/div><div class=\"elementor-repeater-item-38895ce ee-timeline__item timeline-item\">\n\t\t\t\t<div class=\"timeline-item__point\"><span class=\"ee-icon ee-icon-support--svg ee-timeline__item__icon\"><i aria-hidden=\"true\" class=\"fas fa-calendar-alt\"><\/i><\/span><\/div>\n\t\t\t\t<div class=\"timeline-item__card-wrapper\">\n\t\t\t\t\t<div class=\"timeline-item__card\">\n\n\t\t\t\t\t\t<div class=\"timeline-item__content-wrapper\"><div class=\"timeline-item__content\"><!-- meta -->\n\t\t<div class=\"timeline-item__meta meta\">\n\t\t\t2024\t\t<\/div><div class=\"timeline-item__content__wysiwyg\">\n\t\t\t\t<h4><strong>Constru\u00e7\u00e3o do site Guarulhos Cidade que Protege<\/strong><\/h4>\t\t\t<\/div>\n\t\t<\/div><\/div><div class=\"timeline-item__card__arrow\"><\/div><\/div>\n\t\t\t\t<\/div>\n\t\t\t\t<div class=\"timeline-item__meta-wrapper\"><!-- meta -->\n\t\t<div class=\"timeline-item__meta meta timeline-item__meta meta\">\n\t\t\t2024\t\t<\/div><\/div>\n\t\t\t<\/div><div class=\"elementor-repeater-item-3dafa32 ee-timeline__item timeline-item\">\n\t\t\t\t<div class=\"timeline-item__point\"><span class=\"ee-icon ee-icon-support--svg ee-timeline__item__icon\"><i aria-hidden=\"true\" class=\"fas fa-calendar-alt\"><\/i><\/span><\/div>\n\t\t\t\t<div class=\"timeline-item__card-wrapper\">\n\t\t\t\t\t<div class=\"timeline-item__card\">\n\n\t\t\t\t\t\t<div class=\"timeline-item__content-wrapper\"><div class=\"timeline-item__content\"><!-- meta -->\n\t\t<div class=\"timeline-item__meta meta\">\n\t\t\t\t\t<\/div><div class=\"timeline-item__content__wysiwyg\">\n\t\t\t\t<h4><a href=\"https:\/\/portaleducacao.guarulhos.sp.gov.br\/siseduc\/login\/?next=\/siseduc\/home\/fluxoviolencia\/\"><strong>Sistema Integrado de Notifica\u00e7\u00e3o de Viol\u00eancia CIDADE QUE PROTEGE<\/strong><\/a><\/h4>\t\t\t<\/div>\n\t\t<\/div><\/div><div class=\"timeline-item__card__arrow\"><\/div><\/div>\n\t\t\t\t<\/div>\n\t\t\t\t<div class=\"timeline-item__meta-wrapper\"><!-- meta -->\n\t\t<div class=\"timeline-item__meta meta timeline-item__meta meta\">\n\t\t\t\t\t<\/div><\/div>\n\t\t\t<\/div><div class=\"elementor-repeater-item-7661fb0 ee-timeline__item timeline-item\">\n\t\t\t\t<div class=\"timeline-item__point\"><span class=\"ee-icon ee-icon-support--svg ee-timeline__item__icon\"><i aria-hidden=\"true\" class=\"fas fa-calendar-alt\"><\/i><\/span><\/div>\n\t\t\t\t<div class=\"timeline-item__card-wrapper\">\n\t\t\t\t\t<div class=\"timeline-item__card\">\n\n\t\t\t\t\t\t<div class=\"timeline-item__content-wrapper\"><div class=\"timeline-item__content\"><!-- meta -->\n\t\t<div class=\"timeline-item__meta meta\">\n\t\t\t\t\t<\/div><div class=\"timeline-item__content__wysiwyg\">\n\t\t\t\t<h4>Programa Guarulhos Cidade que Protege\u00a0<\/h4><p>Programa Municipal de Enfrentamento \u00e0s Viol\u00eancias contra Crian\u00e7as e Adolescentes<\/p>\t\t\t<\/div>\n\t\t<\/div><\/div><div class=\"timeline-item__card__arrow\"><\/div><\/div>\n\t\t\t\t<\/div>\n\t\t\t\t<div class=\"timeline-item__meta-wrapper\"><!-- meta -->\n\t\t<div class=\"timeline-item__meta meta timeline-item__meta meta\">\n\t\t\t\t\t<\/div><\/div>\n\t\t\t<\/div><div class=\"elementor-repeater-item-dc3fb15 ee-timeline__item timeline-item\">\n\t\t\t\t<div class=\"timeline-item__point\"><span class=\"ee-icon ee-icon-support--svg ee-timeline__item__icon\"><i aria-hidden=\"true\" class=\"fas fa-calendar-alt\"><\/i><\/span><\/div>\n\t\t\t\t<div class=\"timeline-item__card-wrapper\">\n\t\t\t\t\t<div class=\"timeline-item__card\">\n\n\t\t\t\t\t\t<div class=\"timeline-item__content-wrapper\"><div class=\"timeline-item__content\"><!-- meta -->\n\t\t<div class=\"timeline-item__meta meta\">\n\t\t\t2025\t\t<\/div><div class=\"timeline-item__content__wysiwyg\">\n\t\t\t\t<h4><strong>Projeto Piloto \u2013 Regi\u00e3o de Sa\u00fade III \u2013 S\u00e3o Jo\u00e3o\/Bonsucesso &#8211; Sistema Integrado de Notifica\u00e7\u00e3o de Viol\u00eancia CIDADE QUE PROTEGE<\/strong><\/h4><p>Envolvendo 41 escolas da Rede Municipal, 03 Conselhos Tutelares, 20 Unidades de Sa\u00fade, 02 Centro de Refer\u00eancia Especializado da Assist\u00eancia Social &#8211; CREAS e 04 Centro de Refer\u00eancia da Assist\u00eancia Social \u2013 CRAS.<\/p>\t\t\t<\/div>\n\t\t<\/div><\/div><div class=\"timeline-item__card__arrow\"><\/div><\/div>\n\t\t\t\t<\/div>\n\t\t\t\t<div class=\"timeline-item__meta-wrapper\"><!-- meta -->\n\t\t<div class=\"timeline-item__meta meta timeline-item__meta meta\">\n\t\t\t2025\t\t<\/div><\/div>\n\t\t\t<\/div><\/section>\t\t<\/div>\n\t\t\t\t<\/div>\n\t\t\t\t\t<\/div>\n\t\t\t\t<\/div>\n\t\t\t\t\t\t\t<\/div>\n\t\t","protected":false},"excerpt":{"rendered":"<p>Linha do Tempo Guarulhos Cidade que Protege 2010 Curso Escola que protege Parceria Secretaria de Educa\u00e7\u00e3o e Unifesp 2010 2011 Projeto Piloto: Agua Chata Rede intersetorial para o Enfrentamento das &hellip;<\/p>\n<p class=\"read-more\"> <a class=\"\" href=\"https:\/\/portaleducacao.guarulhos.sp.gov.br\/wp_site\/cidadequeprotege\/linha-do-tempo-do-cidade-que-protege\/\"> <span class=\"screen-reader-text\">Linha do Tempo do Cidade que Protege<\/span> Leia mais &raquo;<\/a><\/p>\n","protected":false},"author":1,"featured_media":0,"parent":0,"menu_order":0,"comment_status":"closed","ping_status":"closed","template":"","meta":{"_monsterinsights_skip_tracking":false,"_monsterinsights_sitenote_active":false,"_monsterinsights_sitenote_note":"","_monsterinsights_sitenote_category":0,"site-sidebar-layout":"no-sidebar","site-content-layout":"page-builder","ast-global-header-display":"","ast-main-header-display":"","ast-hfb-above-header-display":"","ast-hfb-below-header-display":"","ast-hfb-mobile-header-display":"","site-post-title":"disabled","ast-breadcrumbs-content":"","ast-featured-img":"disabled","footer-sml-layout":"","theme-transparent-header-meta":"","adv-header-id-meta":"","stick-header-meta":"","header-above-stick-meta":"","header-main-stick-meta":"","header-below-stick-meta":"","_expiration-date-status":"","_expiration-date":0,"_expiration-date-type":"","_expiration-date-categories":[],"_expiration-date-options":[]},"categories":[],"tags":[],"yoast_head":"<!-- This site is optimized with the Yoast SEO plugin v19.7.1 - https:\/\/yoast.com\/wordpress\/plugins\/seo\/ -->\r\n<title>Linha do Tempo do Cidade que Protege - Guarulhos, Cidade que Protege<\/title>\r\n<meta name=\"robots\" content=\"index, follow, max-snippet:-1, max-image-preview:large, max-video-preview:-1\" \/>\r\n<link rel=\"canonical\" href=\"https:\/\/portaleducacao.guarulhos.sp.gov.br\/wp_site\/cidadequeprotege\/linha-do-tempo-do-cidade-que-protege\/\" \/>\r\n<meta property=\"og:locale\" content=\"pt_BR\" \/>\r\n<meta property=\"og:type\" content=\"article\" \/>\r\n<meta property=\"og:title\" content=\"Linha do Tempo do Cidade que Protege - Guarulhos, Cidade que Protege\" \/>\r\n<meta property=\"og:description\" content=\"Linha do Tempo Guarulhos Cidade que Protege 2010 Curso Escola que protege Parceria Secretaria de Educa\u00e7\u00e3o e Unifesp 2010 2011 Projeto Piloto: Agua Chata Rede intersetorial para o Enfrentamento das &hellip; Linha do Tempo do Cidade que Protege Leia mais &raquo;\" \/>\r\n<meta property=\"og:url\" content=\"https:\/\/portaleducacao.guarulhos.sp.gov.br\/wp_site\/cidadequeprotege\/linha-do-tempo-do-cidade-que-protege\/\" \/>\r\n<meta property=\"og:site_name\" content=\"Guarulhos, Cidade que Protege\" \/>\r\n<meta property=\"article:modified_time\" content=\"2025-02-12T14:31:24+00:00\" \/>\r\n<meta name=\"twitter:card\" content=\"summary_large_image\" \/>\r\n<meta name=\"twitter:label1\" content=\"Est. tempo de leitura\" \/>\n\t<meta name=\"twitter:data1\" content=\"2 minutos\" \/>\r\n<script type=\"application\/ld+json\" class=\"yoast-schema-graph\">{\"@context\":\"https:\/\/schema.org\",\"@graph\":[{\"@type\":\"WebPage\",\"@id\":\"https:\/\/portaleducacao.guarulhos.sp.gov.br\/wp_site\/cidadequeprotege\/linha-do-tempo-do-cidade-que-protege\/\",\"url\":\"https:\/\/portaleducacao.guarulhos.sp.gov.br\/wp_site\/cidadequeprotege\/linha-do-tempo-do-cidade-que-protege\/\",\"name\":\"Linha do Tempo do Cidade que Protege - Guarulhos, Cidade que Protege\",\"isPartOf\":{\"@id\":\"https:\/\/portaleducacao.guarulhos.sp.gov.br\/wp_site\/cidadequeprotege\/#website\"},\"datePublished\":\"2024-05-15T17:55:49+00:00\",\"dateModified\":\"2025-02-12T14:31:24+00:00\",\"breadcrumb\":{\"@id\":\"https:\/\/portaleducacao.guarulhos.sp.gov.br\/wp_site\/cidadequeprotege\/linha-do-tempo-do-cidade-que-protege\/#breadcrumb\"},\"inLanguage\":\"pt-BR\",\"potentialAction\":[{\"@type\":\"ReadAction\",\"target\":[\"https:\/\/portaleducacao.guarulhos.sp.gov.br\/wp_site\/cidadequeprotege\/linha-do-tempo-do-cidade-que-protege\/\"]}]},{\"@type\":\"BreadcrumbList\",\"@id\":\"https:\/\/portaleducacao.guarulhos.sp.gov.br\/wp_site\/cidadequeprotege\/linha-do-tempo-do-cidade-que-protege\/#breadcrumb\",\"itemListElement\":[{\"@type\":\"ListItem\",\"position\":1,\"name\":\"In\u00edcio\",\"item\":\"https:\/\/portaleducacao.guarulhos.sp.gov.br\/wp_site\/cidadequeprotege\/\"},{\"@type\":\"ListItem\",\"position\":2,\"name\":\"Linha do Tempo do Cidade que Protege\"}]},{\"@type\":\"WebSite\",\"@id\":\"https:\/\/portaleducacao.guarulhos.sp.gov.br\/wp_site\/cidadequeprotege\/#website\",\"url\":\"https:\/\/portaleducacao.guarulhos.sp.gov.br\/wp_site\/cidadequeprotege\/\",\"name\":\"Guarulhos, Cidade que Protege\",\"description\":\"Comiss\u00e3o Intersetorial de Enfrentamento \u00e0s Viol\u00eancias contra Crian\u00e7as e Adolescentes\",\"potentialAction\":[{\"@type\":\"SearchAction\",\"target\":{\"@type\":\"EntryPoint\",\"urlTemplate\":\"https:\/\/portaleducacao.guarulhos.sp.gov.br\/wp_site\/cidadequeprotege\/?s={search_term_string}\"},\"query-input\":\"required name=search_term_string\"}],\"inLanguage\":\"pt-BR\"}]}<\/script>\r\n<!-- \/ Yoast SEO plugin. -->","yoast_head_json":{"title":"Linha do Tempo do Cidade que Protege - Guarulhos, Cidade que Protege","robots":{"index":"index","follow":"follow","max-snippet":"max-snippet:-1","max-image-preview":"max-image-preview:large","max-video-preview":"max-video-preview:-1"},"canonical":"https:\/\/portaleducacao.guarulhos.sp.gov.br\/wp_site\/cidadequeprotege\/linha-do-tempo-do-cidade-que-protege\/","og_locale":"pt_BR","og_type":"article","og_title":"Linha do Tempo do Cidade que Protege - Guarulhos, Cidade que Protege","og_description":"Linha do Tempo Guarulhos Cidade que Protege 2010 Curso Escola que protege Parceria Secretaria de Educa\u00e7\u00e3o e Unifesp 2010 2011 Projeto Piloto: Agua Chata Rede intersetorial para o Enfrentamento das &hellip; Linha do Tempo do Cidade que Protege Leia mais &raquo;","og_url":"https:\/\/portaleducacao.guarulhos.sp.gov.br\/wp_site\/cidadequeprotege\/linha-do-tempo-do-cidade-que-protege\/","og_site_name":"Guarulhos, Cidade que Protege","article_modified_time":"2025-02-12T14:31:24+00:00","twitter_card":"summary_large_image","twitter_misc":{"Est. tempo de leitura":"2 minutos"},"schema":{"@context":"https:\/\/schema.org","@graph":[{"@type":"WebPage","@id":"https:\/\/portaleducacao.guarulhos.sp.gov.br\/wp_site\/cidadequeprotege\/linha-do-tempo-do-cidade-que-protege\/","url":"https:\/\/portaleducacao.guarulhos.sp.gov.br\/wp_site\/cidadequeprotege\/linha-do-tempo-do-cidade-que-protege\/","name":"Linha do Tempo do Cidade que Protege - Guarulhos, Cidade que Protege","isPartOf":{"@id":"https:\/\/portaleducacao.guarulhos.sp.gov.br\/wp_site\/cidadequeprotege\/#website"},"datePublished":"2024-05-15T17:55:49+00:00","dateModified":"2025-02-12T14:31:24+00:00","breadcrumb":{"@id":"https:\/\/portaleducacao.guarulhos.sp.gov.br\/wp_site\/cidadequeprotege\/linha-do-tempo-do-cidade-que-protege\/#breadcrumb"},"inLanguage":"pt-BR","potentialAction":[{"@type":"ReadAction","target":["https:\/\/portaleducacao.guarulhos.sp.gov.br\/wp_site\/cidadequeprotege\/linha-do-tempo-do-cidade-que-protege\/"]}]},{"@type":"BreadcrumbList","@id":"https:\/\/portaleducacao.guarulhos.sp.gov.br\/wp_site\/cidadequeprotege\/linha-do-tempo-do-cidade-que-protege\/#breadcrumb","itemListElement":[{"@type":"ListItem","position":1,"name":"In\u00edcio","item":"https:\/\/portaleducacao.guarulhos.sp.gov.br\/wp_site\/cidadequeprotege\/"},{"@type":"ListItem","position":2,"name":"Linha do Tempo do Cidade que Protege"}]},{"@type":"WebSite","@id":"https:\/\/portaleducacao.guarulhos.sp.gov.br\/wp_site\/cidadequeprotege\/#website","url":"https:\/\/portaleducacao.guarulhos.sp.gov.br\/wp_site\/cidadequeprotege\/","name":"Guarulhos, Cidade que Protege","description":"Comiss\u00e3o Intersetorial de Enfrentamento \u00e0s Viol\u00eancias contra Crian\u00e7as e Adolescentes","potentialAction":[{"@type":"SearchAction","target":{"@type":"EntryPoint","urlTemplate":"https:\/\/portaleducacao.guarulhos.sp.gov.br\/wp_site\/cidadequeprotege\/?s={search_term_string}"},"query-input":"required name=search_term_string"}],"inLanguage":"pt-BR"}]}},"_links":{"self":[{"href":"https:\/\/portaleducacao.guarulhos.sp.gov.br\/wp_site\/cidadequeprotege\/wp-json\/wp\/v2\/pages\/93"}],"collection":[{"href":"https:\/\/portaleducacao.guarulhos.sp.gov.br\/wp_site\/cidadequeprotege\/wp-json\/wp\/v2\/pages"}],"about":[{"href":"https:\/\/portaleducacao.guarulhos.sp.gov.br\/wp_site\/cidadequeprotege\/wp-json\/wp\/v2\/types\/page"}],"author":[{"embeddable":true,"href":"https:\/\/portaleducacao.guarulhos.sp.gov.br\/wp_site\/cidadequeprotege\/wp-json\/wp\/v2\/users\/1"}],"replies":[{"embeddable":true,"href":"https:\/\/portaleducacao.guarulhos.sp.gov.br\/wp_site\/cidadequeprotege\/wp-json\/wp\/v2\/comments?post=93"}],"version-history":[{"count":29,"href":"https:\/\/portaleducacao.guarulhos.sp.gov.br\/wp_site\/cidadequeprotege\/wp-json\/wp\/v2\/pages\/93\/revisions"}],"predecessor-version":[{"id":432,"href":"https:\/\/portaleducacao.guarulhos.sp.gov.br\/wp_site\/cidadequeprotege\/wp-json\/wp\/v2\/pages\/93\/revisions\/432"}],"wp:attachment":[{"href":"https:\/\/portaleducacao.guarulhos.sp.gov.br\/wp_site\/cidadequeprotege\/wp-json\/wp\/v2\/media?parent=93"}],"wp:term":[{"taxonomy":"category","embeddable":true,"href":"https:\/\/portaleducacao.guarulhos.sp.gov.br\/wp_site\/cidadequeprotege\/wp-json\/wp\/v2\/categories?post=93"},{"taxonomy":"post_tag","embeddable":true,"href":"https:\/\/portaleducacao.guarulhos.sp.gov.br\/wp_site\/cidadequeprotege\/wp-json\/wp\/v2\/tags?post=93"}],"curies":[{"name":"wp","href":"https:\/\/api.w.org\/{rel}","templated":true}]}}