{"id":27,"date":"2024-10-09T13:13:03","date_gmt":"2024-10-09T16:13:03","guid":{"rendered":"https:\/\/portaleducacao.guarulhos.sp.gov.br\/wp_site\/educacaoantirracista\/?page_id=27"},"modified":"2025-05-20T13:58:04","modified_gmt":"2025-05-20T16:58:04","slug":"paginainicial","status":"publish","type":"page","link":"https:\/\/portaleducacao.guarulhos.sp.gov.br\/wp_site\/educacaoantirracista\/","title":{"rendered":"Educa\u00e7\u00e3o Antirracista"},"content":{"rendered":"\t\t<div data-elementor-type=\"wp-page\" data-elementor-id=\"27\" class=\"elementor elementor-27\">\n\t\t\t\t\t\t\t\t\t<section class=\"elementor-section elementor-top-section elementor-element elementor-element-7e4d5a9 elementor-section-height-min-height apresentacao elementor-section-boxed elementor-section-height-default elementor-section-items-middle\" data-id=\"7e4d5a9\" data-element_type=\"section\" id=\"apresentacao\" data-settings=\"{&quot;background_background&quot;:&quot;classic&quot;}\">\n\t\t\t\t\t\t<div class=\"elementor-container elementor-column-gap-default\">\n\t\t\t\t\t<div class=\"elementor-column elementor-col-100 elementor-top-column elementor-element elementor-element-d5cc692\" data-id=\"d5cc692\" data-element_type=\"column\">\n\t\t\t<div class=\"elementor-widget-wrap elementor-element-populated\">\n\t\t\t\t\t\t\t\t<section class=\"elementor-section elementor-inner-section elementor-element elementor-element-a55ad0f elementor-section-boxed elementor-section-height-default elementor-section-height-default\" data-id=\"a55ad0f\" data-element_type=\"section\">\n\t\t\t\t\t\t<div class=\"elementor-container elementor-column-gap-default\">\n\t\t\t\t\t<div class=\"elementor-column elementor-col-100 elementor-inner-column elementor-element elementor-element-56ace2d\" data-id=\"56ace2d\" data-element_type=\"column\">\n\t\t\t<div class=\"elementor-widget-wrap elementor-element-populated\">\n\t\t\t\t\t\t\t\t<div class=\"elementor-element elementor-element-8eb68e2 elementor-widget elementor-widget-heading\" data-id=\"8eb68e2\" data-element_type=\"widget\" data-widget_type=\"heading.default\">\n\t\t\t\t<div class=\"elementor-widget-container\">\n\t\t\t<style>\/*! elementor - v3.12.1 - 02-04-2023 *\/\n.elementor-heading-title{padding:0;margin:0;line-height:1}.elementor-widget-heading .elementor-heading-title[class*=elementor-size-]>a{color:inherit;font-size:inherit;line-height:inherit}.elementor-widget-heading .elementor-heading-title.elementor-size-small{font-size:15px}.elementor-widget-heading .elementor-heading-title.elementor-size-medium{font-size:19px}.elementor-widget-heading .elementor-heading-title.elementor-size-large{font-size:29px}.elementor-widget-heading .elementor-heading-title.elementor-size-xl{font-size:39px}.elementor-widget-heading .elementor-heading-title.elementor-size-xxl{font-size:59px}<\/style><h2 class=\"elementor-heading-title elementor-size-default\">Campanha Todos por uma<br>EducA\u00c7\u00c3O Antirracista<\/h2>\t\t<\/div>\n\t\t\t\t<\/div>\n\t\t\t\t\t<\/div>\n\t\t<\/div>\n\t\t\t\t\t\t\t<\/div>\n\t\t<\/section>\n\t\t\t\t<section class=\"elementor-section elementor-inner-section elementor-element elementor-element-37c24a8 elementor-section-boxed elementor-section-height-default elementor-section-height-default\" data-id=\"37c24a8\" data-element_type=\"section\">\n\t\t\t\t\t\t<div class=\"elementor-container elementor-column-gap-default\">\n\t\t\t\t\t<div class=\"elementor-column elementor-col-50 elementor-inner-column elementor-element elementor-element-a7a3799\" data-id=\"a7a3799\" data-element_type=\"column\">\n\t\t\t<div class=\"elementor-widget-wrap elementor-element-populated\">\n\t\t\t\t\t\t\t\t<div class=\"elementor-element elementor-element-64c8d00 elementor-widget elementor-widget-image\" data-id=\"64c8d00\" data-element_type=\"widget\" data-widget_type=\"image.default\">\n\t\t\t\t<div class=\"elementor-widget-container\">\n\t\t\t<style>\/*! elementor - v3.12.1 - 02-04-2023 *\/\n.elementor-widget-image{text-align:center}.elementor-widget-image a{display:inline-block}.elementor-widget-image a img[src$=\".svg\"]{width:48px}.elementor-widget-image img{vertical-align:middle;display:inline-block}<\/style>\t\t\t\t\t\t\t\t\t\t\t\t<img width=\"1024\" height=\"914\" src=\"https:\/\/portaleducacao.guarulhos.sp.gov.br\/wp_site\/educacaoantirracista\/wp-content\/uploads\/sites\/31\/2024\/11\/PNG_ilustracao-1024x914.png\" class=\"attachment-large size-large wp-image-308\" alt=\"\" loading=\"lazy\" srcset=\"https:\/\/portaleducacao.guarulhos.sp.gov.br\/wp_site\/educacaoantirracista\/wp-content\/uploads\/sites\/31\/2024\/11\/PNG_ilustracao-1024x914.png 1024w, https:\/\/portaleducacao.guarulhos.sp.gov.br\/wp_site\/educacaoantirracista\/wp-content\/uploads\/sites\/31\/2024\/11\/PNG_ilustracao-300x268.png 300w, https:\/\/portaleducacao.guarulhos.sp.gov.br\/wp_site\/educacaoantirracista\/wp-content\/uploads\/sites\/31\/2024\/11\/PNG_ilustracao-768x686.png 768w, https:\/\/portaleducacao.guarulhos.sp.gov.br\/wp_site\/educacaoantirracista\/wp-content\/uploads\/sites\/31\/2024\/11\/PNG_ilustracao.png 1174w\" sizes=\"(max-width: 1024px) 100vw, 1024px\" \/>\t\t\t\t\t\t\t\t\t\t\t\t\t\t\t<\/div>\n\t\t\t\t<\/div>\n\t\t\t\t\t<\/div>\n\t\t<\/div>\n\t\t\t\t<div class=\"elementor-column elementor-col-50 elementor-inner-column elementor-element elementor-element-eb1c2f1\" data-id=\"eb1c2f1\" data-element_type=\"column\">\n\t\t\t<div class=\"elementor-widget-wrap elementor-element-populated\">\n\t\t\t\t\t\t\t\t<div class=\"elementor-element elementor-element-5f37f4d elementor-widget elementor-widget-text-editor\" data-id=\"5f37f4d\" data-element_type=\"widget\" data-widget_type=\"text-editor.default\">\n\t\t\t\t<div class=\"elementor-widget-container\">\n\t\t\t<style>\/*! elementor - v3.12.1 - 02-04-2023 *\/\n.elementor-widget-text-editor.elementor-drop-cap-view-stacked .elementor-drop-cap{background-color:#69727d;color:#fff}.elementor-widget-text-editor.elementor-drop-cap-view-framed .elementor-drop-cap{color:#69727d;border:3px solid;background-color:transparent}.elementor-widget-text-editor:not(.elementor-drop-cap-view-default) .elementor-drop-cap{margin-top:8px}.elementor-widget-text-editor:not(.elementor-drop-cap-view-default) .elementor-drop-cap-letter{width:1em;height:1em}.elementor-widget-text-editor .elementor-drop-cap{float:left;text-align:center;line-height:1;font-size:50px}.elementor-widget-text-editor .elementor-drop-cap-letter{display:inline-block}<\/style>\t\t\t\t<p>Antirracismo \u00e9 o conjunto de a\u00e7\u00f5es de natureza pol\u00edtica e pedag\u00f3gica, traduzida pela necessidade irremedi\u00e1vel de desconstruir formas de pensar e agir que foram naturalizadas por um grande sistema de opress\u00e3o racial denominado racismo.<\/p>\t\t\t\t\t\t<\/div>\n\t\t\t\t<\/div>\n\t\t\t\t\t<\/div>\n\t\t<\/div>\n\t\t\t\t\t\t\t<\/div>\n\t\t<\/section>\n\t\t\t\t\t<\/div>\n\t\t<\/div>\n\t\t\t\t\t\t\t<\/div>\n\t\t<\/section>\n\t\t\t\t<section class=\"elementor-section elementor-top-section elementor-element elementor-element-e1b6632 elementor-section-height-min-height identidade elementor-section-boxed elementor-section-height-default elementor-section-items-middle\" data-id=\"e1b6632\" data-element_type=\"section\" id=\"identidade\" data-settings=\"{&quot;background_background&quot;:&quot;classic&quot;}\">\n\t\t\t\t\t\t<div class=\"elementor-container elementor-column-gap-default\">\n\t\t\t\t\t<div class=\"elementor-column elementor-col-100 elementor-top-column elementor-element elementor-element-518bef8\" data-id=\"518bef8\" data-element_type=\"column\">\n\t\t\t<div class=\"elementor-widget-wrap elementor-element-populated\">\n\t\t\t\t\t\t\t\t<section class=\"elementor-section elementor-inner-section elementor-element elementor-element-686c143 elementor-section-boxed elementor-section-height-default elementor-section-height-default\" data-id=\"686c143\" data-element_type=\"section\">\n\t\t\t\t\t\t<div class=\"elementor-container elementor-column-gap-default\">\n\t\t\t\t\t<div class=\"elementor-column elementor-col-100 elementor-inner-column elementor-element elementor-element-bbfd1d3\" data-id=\"bbfd1d3\" data-element_type=\"column\">\n\t\t\t<div class=\"elementor-widget-wrap elementor-element-populated\">\n\t\t\t\t\t\t\t\t<div class=\"elementor-element elementor-element-657bdd6 elementor-widget elementor-widget-heading\" data-id=\"657bdd6\" data-element_type=\"widget\" data-widget_type=\"heading.default\">\n\t\t\t\t<div class=\"elementor-widget-container\">\n\t\t\t<h2 class=\"elementor-heading-title elementor-size-default\">Minha Identidade Importa<\/h2>\t\t<\/div>\n\t\t\t\t<\/div>\n\t\t\t\t\t<\/div>\n\t\t<\/div>\n\t\t\t\t\t\t\t<\/div>\n\t\t<\/section>\n\t\t\t\t<section class=\"elementor-section elementor-inner-section elementor-element elementor-element-32f4f31 elementor-section-boxed elementor-section-height-default elementor-section-height-default\" data-id=\"32f4f31\" data-element_type=\"section\">\n\t\t\t\t\t\t<div class=\"elementor-container elementor-column-gap-default\">\n\t\t\t\t\t<div class=\"elementor-column elementor-col-50 elementor-inner-column elementor-element elementor-element-2231dc6\" data-id=\"2231dc6\" data-element_type=\"column\">\n\t\t\t<div class=\"elementor-widget-wrap elementor-element-populated\">\n\t\t\t\t\t\t\t\t<div class=\"elementor-element elementor-element-6c84a4f elementor-widget elementor-widget-text-editor\" data-id=\"6c84a4f\" data-element_type=\"widget\" data-widget_type=\"text-editor.default\">\n\t\t\t\t<div class=\"elementor-widget-container\">\n\t\t\t\t\t\t\t<p>A autodeclara\u00e7\u00e3o permite a cada pessoa reconhecer-se como pertencente a um grupo \u00e9tnico e racial, essencial para a consci\u00eancia de sua identidade<\/p><p><span style=\"font-style: inherit; font-weight: inherit;\">Al\u00e9m deste aspecto, o processo de coleta do quesito ra\u00e7a\/cor implica diretamente na defini\u00e7\u00e3o e constru\u00e7\u00e3o de pol\u00edticas p\u00fablicas e legisla\u00e7\u00f5es que tenham como finalidade a repara\u00e7\u00e3o das desigualdades ainda presentes na nossa sociedade.<\/span><\/p>\t\t\t\t\t\t<\/div>\n\t\t\t\t<\/div>\n\t\t\t\t\t<\/div>\n\t\t<\/div>\n\t\t\t\t<div class=\"elementor-column elementor-col-50 elementor-inner-column elementor-element elementor-element-c3b3c16\" data-id=\"c3b3c16\" data-element_type=\"column\">\n\t\t\t<div class=\"elementor-widget-wrap elementor-element-populated\">\n\t\t\t\t\t\t\t\t<div class=\"elementor-element elementor-element-3feda22 elementor-widget__width-initial elementor-widget elementor-widget-image\" data-id=\"3feda22\" data-element_type=\"widget\" data-widget_type=\"image.default\">\n\t\t\t\t<div class=\"elementor-widget-container\">\n\t\t\t\t\t\t\t\t\t\t\t\t\t\t\t\t<a href=\"https:\/\/portaleducacao.guarulhos.sp.gov.br\/siseduc\/portal\/exibir\/arquivo\/11792\/inline\/\" target=\"_blank\">\n\t\t\t\t\t\t\t<img width=\"724\" height=\"1024\" src=\"https:\/\/portaleducacao.guarulhos.sp.gov.br\/wp_site\/educacaoantirracista\/wp-content\/uploads\/sites\/31\/2024\/10\/WhatsApp-Image-2024-10-30-at-16.32.11-724x1024.jpeg\" class=\"attachment-large size-large wp-image-264\" alt=\"\" loading=\"lazy\" srcset=\"https:\/\/portaleducacao.guarulhos.sp.gov.br\/wp_site\/educacaoantirracista\/wp-content\/uploads\/sites\/31\/2024\/10\/WhatsApp-Image-2024-10-30-at-16.32.11-724x1024.jpeg 724w, https:\/\/portaleducacao.guarulhos.sp.gov.br\/wp_site\/educacaoantirracista\/wp-content\/uploads\/sites\/31\/2024\/10\/WhatsApp-Image-2024-10-30-at-16.32.11-212x300.jpeg 212w, https:\/\/portaleducacao.guarulhos.sp.gov.br\/wp_site\/educacaoantirracista\/wp-content\/uploads\/sites\/31\/2024\/10\/WhatsApp-Image-2024-10-30-at-16.32.11-768x1086.jpeg 768w, https:\/\/portaleducacao.guarulhos.sp.gov.br\/wp_site\/educacaoantirracista\/wp-content\/uploads\/sites\/31\/2024\/10\/WhatsApp-Image-2024-10-30-at-16.32.11-1086x1536.jpeg 1086w, https:\/\/portaleducacao.guarulhos.sp.gov.br\/wp_site\/educacaoantirracista\/wp-content\/uploads\/sites\/31\/2024\/10\/WhatsApp-Image-2024-10-30-at-16.32.11.jpeg 1131w\" sizes=\"(max-width: 724px) 100vw, 724px\" \/>\t\t\t\t\t\t\t\t<\/a>\n\t\t\t\t\t\t\t\t\t\t\t\t\t\t\t<\/div>\n\t\t\t\t<\/div>\n\t\t\t\t<div class=\"elementor-element elementor-element-0364125 elementor-widget elementor-widget-text-editor\" data-id=\"0364125\" data-element_type=\"widget\" data-widget_type=\"text-editor.default\">\n\t\t\t\t<div class=\"elementor-widget-container\">\n\t\t\t\t\t\t\t<p><a style=\"color: white;\" href=\"https:\/\/portaleducacao.guarulhos.sp.gov.br\/siseduc\/portal\/exibir\/arquivo\/11792\/inline\/\" target=\"_blank\" rel=\"noopener\">Clique na imagem<br>para baixar o a<\/a>rquivo<\/p>\t\t\t\t\t\t<\/div>\n\t\t\t\t<\/div>\n\t\t\t\t\t<\/div>\n\t\t<\/div>\n\t\t\t\t\t\t\t<\/div>\n\t\t<\/section>\n\t\t\t\t<section class=\"elementor-section elementor-inner-section elementor-element elementor-element-28c6077 elementor-section-boxed elementor-section-height-default elementor-section-height-default\" data-id=\"28c6077\" data-element_type=\"section\">\n\t\t\t\t\t\t<div class=\"elementor-container elementor-column-gap-default\">\n\t\t\t\t\t<div class=\"elementor-column elementor-col-100 elementor-inner-column elementor-element elementor-element-323b158\" data-id=\"323b158\" data-element_type=\"column\">\n\t\t\t<div class=\"elementor-widget-wrap elementor-element-populated\">\n\t\t\t\t\t\t\t\t<div class=\"elementor-element elementor-element-33a0fe5 elementor-widget elementor-widget-text-editor\" data-id=\"33a0fe5\" data-element_type=\"widget\" data-widget_type=\"text-editor.default\">\n\t\t\t\t<div class=\"elementor-widget-container\">\n\t\t\t\t\t\t\t\t\t\t\t\t\t<\/div>\n\t\t\t\t<\/div>\n\t\t\t\t\t<\/div>\n\t\t<\/div>\n\t\t\t\t\t\t\t<\/div>\n\t\t<\/section>\n\t\t\t\t\t<\/div>\n\t\t<\/div>\n\t\t\t\t\t\t\t<\/div>\n\t\t<\/section>\n\t\t\t\t<section class=\"elementor-section elementor-top-section elementor-element elementor-element-1c1290c elementor-section-height-min-height 8_passos elementor-section-boxed elementor-section-height-default elementor-section-items-middle\" data-id=\"1c1290c\" data-element_type=\"section\" id=\"8_passos\" data-settings=\"{&quot;background_background&quot;:&quot;classic&quot;}\">\n\t\t\t\t\t\t<div class=\"elementor-container elementor-column-gap-default\">\n\t\t\t\t\t<div class=\"elementor-column elementor-col-100 elementor-top-column elementor-element elementor-element-2911f84\" data-id=\"2911f84\" data-element_type=\"column\">\n\t\t\t<div class=\"elementor-widget-wrap elementor-element-populated\">\n\t\t\t\t\t\t\t\t<section class=\"elementor-section elementor-inner-section elementor-element elementor-element-383fe5b elementor-section-boxed elementor-section-height-default elementor-section-height-default\" data-id=\"383fe5b\" data-element_type=\"section\">\n\t\t\t\t\t\t<div class=\"elementor-container elementor-column-gap-default\">\n\t\t\t\t\t<div class=\"elementor-column elementor-col-100 elementor-inner-column elementor-element elementor-element-a378990\" data-id=\"a378990\" data-element_type=\"column\">\n\t\t\t<div class=\"elementor-widget-wrap elementor-element-populated\">\n\t\t\t\t\t\t\t\t<div class=\"elementor-element elementor-element-b12922c elementor-widget elementor-widget-heading\" data-id=\"b12922c\" data-element_type=\"widget\" data-widget_type=\"heading.default\">\n\t\t\t\t<div class=\"elementor-widget-container\">\n\t\t\t<h2 class=\"elementor-heading-title elementor-size-default\">8 Passos para uma Educa\u00e7\u00e3o Antirracista<\/h2>\t\t<\/div>\n\t\t\t\t<\/div>\n\t\t\t\t<div class=\"elementor-element elementor-element-f73ab1b elementor-widget elementor-widget-text-editor\" data-id=\"f73ab1b\" data-element_type=\"widget\" data-widget_type=\"text-editor.default\">\n\t\t\t\t<div class=\"elementor-widget-container\">\n\t\t\t\t\t\t\t<p>Os \u201c8 Passos para uma Educa\u00e7\u00e3o Antirracista\u201d sistematiza pontos principais a serem considerados na escola. Chama a aten\u00e7\u00e3o para o fato de que a mudan\u00e7a come\u00e7a no reconhecimento do racismo como uma grave viola\u00e7\u00e3o de direitos, sobre a qual temos que agir, mostrando que nesta trajet\u00f3ria cada passo \u00e9 importante.<\/p><p>O objetivo desta proposta \u00e9 reafirmar que, para alcan\u00e7ar uma sociedade democr\u00e1tica, justa e igualit\u00e1ria, devemos ter como meta a supera\u00e7\u00e3o do racismo. Para tanto, a concep\u00e7\u00e3o e forma de educar, ou seja, o curr\u00edculo que se desenha nos cotidianos das escolas precisa ser pautado em princ\u00edpios antirracistas, que se concretizem\u00a0 por meio das pr\u00e1ticas pedag\u00f3gicas.<\/p>\t\t\t\t\t\t<\/div>\n\t\t\t\t<\/div>\n\t\t\t\t<div class=\"elementor-element elementor-element-ae7f947 elementor-widget elementor-widget-heading\" data-id=\"ae7f947\" data-element_type=\"widget\" data-widget_type=\"heading.default\">\n\t\t\t\t<div class=\"elementor-widget-container\">\n\t\t\t<h2 class=\"elementor-heading-title elementor-size-default\">Clique no card para fazer o download<\/h2>\t\t<\/div>\n\t\t\t\t<\/div>\n\t\t\t\t\t<\/div>\n\t\t<\/div>\n\t\t\t\t\t\t\t<\/div>\n\t\t<\/section>\n\t\t\t\t<section class=\"elementor-section elementor-inner-section elementor-element elementor-element-6f88cc7 elementor-section-boxed elementor-section-height-default elementor-section-height-default\" data-id=\"6f88cc7\" data-element_type=\"section\">\n\t\t\t\t\t\t<div class=\"elementor-container elementor-column-gap-default\">\n\t\t\t\t\t<div class=\"elementor-column elementor-col-25 elementor-inner-column elementor-element elementor-element-d1ade6b\" data-id=\"d1ade6b\" data-element_type=\"column\">\n\t\t\t<div class=\"elementor-widget-wrap elementor-element-populated\">\n\t\t\t\t\t\t\t\t<div class=\"elementor-element elementor-element-3ef1d5e elementor-widget elementor-widget-image\" data-id=\"3ef1d5e\" data-element_type=\"widget\" data-widget_type=\"image.default\">\n\t\t\t\t<div class=\"elementor-widget-container\">\n\t\t\t\t\t\t\t\t\t\t\t\t\t\t\t\t<a href=\"https:\/\/portaleducacao.guarulhos.sp.gov.br\/siseduc\/portal\/exibir\/arquivo\/11784\/inline\/\" target=\"_blank\">\n\t\t\t\t\t\t\t<img width=\"1024\" height=\"1024\" src=\"https:\/\/portaleducacao.guarulhos.sp.gov.br\/wp_site\/educacaoantirracista\/wp-content\/uploads\/sites\/31\/2024\/10\/1-1024x1024.png\" class=\"attachment-large size-large wp-image-217\" alt=\"\" loading=\"lazy\" srcset=\"https:\/\/portaleducacao.guarulhos.sp.gov.br\/wp_site\/educacaoantirracista\/wp-content\/uploads\/sites\/31\/2024\/10\/1-1024x1024.png 1024w, https:\/\/portaleducacao.guarulhos.sp.gov.br\/wp_site\/educacaoantirracista\/wp-content\/uploads\/sites\/31\/2024\/10\/1-300x300.png 300w, https:\/\/portaleducacao.guarulhos.sp.gov.br\/wp_site\/educacaoantirracista\/wp-content\/uploads\/sites\/31\/2024\/10\/1-150x150.png 150w, https:\/\/portaleducacao.guarulhos.sp.gov.br\/wp_site\/educacaoantirracista\/wp-content\/uploads\/sites\/31\/2024\/10\/1-768x768.png 768w, https:\/\/portaleducacao.guarulhos.sp.gov.br\/wp_site\/educacaoantirracista\/wp-content\/uploads\/sites\/31\/2024\/10\/1.png 1081w\" sizes=\"(max-width: 1024px) 100vw, 1024px\" \/>\t\t\t\t\t\t\t\t<\/a>\n\t\t\t\t\t\t\t\t\t\t\t\t\t\t\t<\/div>\n\t\t\t\t<\/div>\n\t\t\t\t\t<\/div>\n\t\t<\/div>\n\t\t\t\t<div class=\"elementor-column elementor-col-25 elementor-inner-column elementor-element elementor-element-4549a1e\" data-id=\"4549a1e\" data-element_type=\"column\">\n\t\t\t<div class=\"elementor-widget-wrap elementor-element-populated\">\n\t\t\t\t\t\t\t\t<div class=\"elementor-element elementor-element-6b92d9b elementor-widget elementor-widget-image\" data-id=\"6b92d9b\" data-element_type=\"widget\" data-widget_type=\"image.default\">\n\t\t\t\t<div class=\"elementor-widget-container\">\n\t\t\t\t\t\t\t\t\t\t\t\t\t\t\t\t<a href=\"https:\/\/portaleducacao.guarulhos.sp.gov.br\/siseduc\/portal\/exibir\/arquivo\/11785\/inline\/\" target=\"_blank\">\n\t\t\t\t\t\t\t<img width=\"1024\" height=\"1024\" src=\"https:\/\/portaleducacao.guarulhos.sp.gov.br\/wp_site\/educacaoantirracista\/wp-content\/uploads\/sites\/31\/2024\/10\/2-1024x1024.png\" class=\"attachment-large size-large wp-image-218\" alt=\"\" loading=\"lazy\" srcset=\"https:\/\/portaleducacao.guarulhos.sp.gov.br\/wp_site\/educacaoantirracista\/wp-content\/uploads\/sites\/31\/2024\/10\/2-1024x1024.png 1024w, https:\/\/portaleducacao.guarulhos.sp.gov.br\/wp_site\/educacaoantirracista\/wp-content\/uploads\/sites\/31\/2024\/10\/2-300x300.png 300w, https:\/\/portaleducacao.guarulhos.sp.gov.br\/wp_site\/educacaoantirracista\/wp-content\/uploads\/sites\/31\/2024\/10\/2-150x150.png 150w, https:\/\/portaleducacao.guarulhos.sp.gov.br\/wp_site\/educacaoantirracista\/wp-content\/uploads\/sites\/31\/2024\/10\/2-768x768.png 768w, https:\/\/portaleducacao.guarulhos.sp.gov.br\/wp_site\/educacaoantirracista\/wp-content\/uploads\/sites\/31\/2024\/10\/2.png 1081w\" sizes=\"(max-width: 1024px) 100vw, 1024px\" \/>\t\t\t\t\t\t\t\t<\/a>\n\t\t\t\t\t\t\t\t\t\t\t\t\t\t\t<\/div>\n\t\t\t\t<\/div>\n\t\t\t\t\t<\/div>\n\t\t<\/div>\n\t\t\t\t<div class=\"elementor-column elementor-col-25 elementor-inner-column elementor-element elementor-element-8df6ee5\" data-id=\"8df6ee5\" data-element_type=\"column\">\n\t\t\t<div class=\"elementor-widget-wrap elementor-element-populated\">\n\t\t\t\t\t\t\t\t<div class=\"elementor-element elementor-element-b34b672 elementor-widget elementor-widget-image\" data-id=\"b34b672\" data-element_type=\"widget\" data-widget_type=\"image.default\">\n\t\t\t\t<div class=\"elementor-widget-container\">\n\t\t\t\t\t\t\t\t\t\t\t\t\t\t\t\t<a href=\"https:\/\/portaleducacao.guarulhos.sp.gov.br\/siseduc\/portal\/exibir\/arquivo\/11786\/inline\/\" target=\"_blank\">\n\t\t\t\t\t\t\t<img width=\"1024\" height=\"1024\" src=\"https:\/\/portaleducacao.guarulhos.sp.gov.br\/wp_site\/educacaoantirracista\/wp-content\/uploads\/sites\/31\/2024\/10\/3-1024x1024.png\" class=\"attachment-large size-large wp-image-219\" alt=\"\" loading=\"lazy\" srcset=\"https:\/\/portaleducacao.guarulhos.sp.gov.br\/wp_site\/educacaoantirracista\/wp-content\/uploads\/sites\/31\/2024\/10\/3-1024x1024.png 1024w, https:\/\/portaleducacao.guarulhos.sp.gov.br\/wp_site\/educacaoantirracista\/wp-content\/uploads\/sites\/31\/2024\/10\/3-300x300.png 300w, https:\/\/portaleducacao.guarulhos.sp.gov.br\/wp_site\/educacaoantirracista\/wp-content\/uploads\/sites\/31\/2024\/10\/3-150x150.png 150w, https:\/\/portaleducacao.guarulhos.sp.gov.br\/wp_site\/educacaoantirracista\/wp-content\/uploads\/sites\/31\/2024\/10\/3-768x768.png 768w, https:\/\/portaleducacao.guarulhos.sp.gov.br\/wp_site\/educacaoantirracista\/wp-content\/uploads\/sites\/31\/2024\/10\/3.png 1081w\" sizes=\"(max-width: 1024px) 100vw, 1024px\" \/>\t\t\t\t\t\t\t\t<\/a>\n\t\t\t\t\t\t\t\t\t\t\t\t\t\t\t<\/div>\n\t\t\t\t<\/div>\n\t\t\t\t\t<\/div>\n\t\t<\/div>\n\t\t\t\t<div class=\"elementor-column elementor-col-25 elementor-inner-column elementor-element elementor-element-b26390f\" data-id=\"b26390f\" data-element_type=\"column\">\n\t\t\t<div class=\"elementor-widget-wrap elementor-element-populated\">\n\t\t\t\t\t\t\t\t<div class=\"elementor-element elementor-element-d7c5000 elementor-widget elementor-widget-image\" data-id=\"d7c5000\" data-element_type=\"widget\" data-widget_type=\"image.default\">\n\t\t\t\t<div class=\"elementor-widget-container\">\n\t\t\t\t\t\t\t\t\t\t\t\t\t\t\t\t<a href=\"https:\/\/portaleducacao.guarulhos.sp.gov.br\/siseduc\/portal\/exibir\/arquivo\/11787\/inline\/\" target=\"_blank\">\n\t\t\t\t\t\t\t<img width=\"1024\" height=\"1024\" src=\"https:\/\/portaleducacao.guarulhos.sp.gov.br\/wp_site\/educacaoantirracista\/wp-content\/uploads\/sites\/31\/2024\/10\/4-1024x1024.png\" class=\"attachment-large size-large wp-image-220\" alt=\"\" loading=\"lazy\" srcset=\"https:\/\/portaleducacao.guarulhos.sp.gov.br\/wp_site\/educacaoantirracista\/wp-content\/uploads\/sites\/31\/2024\/10\/4-1024x1024.png 1024w, https:\/\/portaleducacao.guarulhos.sp.gov.br\/wp_site\/educacaoantirracista\/wp-content\/uploads\/sites\/31\/2024\/10\/4-300x300.png 300w, https:\/\/portaleducacao.guarulhos.sp.gov.br\/wp_site\/educacaoantirracista\/wp-content\/uploads\/sites\/31\/2024\/10\/4-150x150.png 150w, https:\/\/portaleducacao.guarulhos.sp.gov.br\/wp_site\/educacaoantirracista\/wp-content\/uploads\/sites\/31\/2024\/10\/4-768x768.png 768w, https:\/\/portaleducacao.guarulhos.sp.gov.br\/wp_site\/educacaoantirracista\/wp-content\/uploads\/sites\/31\/2024\/10\/4.png 1081w\" sizes=\"(max-width: 1024px) 100vw, 1024px\" \/>\t\t\t\t\t\t\t\t<\/a>\n\t\t\t\t\t\t\t\t\t\t\t\t\t\t\t<\/div>\n\t\t\t\t<\/div>\n\t\t\t\t\t<\/div>\n\t\t<\/div>\n\t\t\t\t\t\t\t<\/div>\n\t\t<\/section>\n\t\t\t\t<section class=\"elementor-section elementor-inner-section elementor-element elementor-element-f94c2ee elementor-section-boxed elementor-section-height-default elementor-section-height-default\" data-id=\"f94c2ee\" data-element_type=\"section\">\n\t\t\t\t\t\t<div class=\"elementor-container elementor-column-gap-default\">\n\t\t\t\t\t<div class=\"elementor-column elementor-col-25 elementor-inner-column elementor-element elementor-element-df7a6c2\" data-id=\"df7a6c2\" data-element_type=\"column\">\n\t\t\t<div class=\"elementor-widget-wrap elementor-element-populated\">\n\t\t\t\t\t\t\t\t<div class=\"elementor-element elementor-element-5f332af elementor-widget elementor-widget-image\" data-id=\"5f332af\" data-element_type=\"widget\" data-widget_type=\"image.default\">\n\t\t\t\t<div class=\"elementor-widget-container\">\n\t\t\t\t\t\t\t\t\t\t\t\t\t\t\t\t<a href=\"https:\/\/portaleducacao.guarulhos.sp.gov.br\/siseduc\/portal\/exibir\/arquivo\/11788\/inline\/\" target=\"_blank\">\n\t\t\t\t\t\t\t<img width=\"1024\" height=\"1024\" src=\"https:\/\/portaleducacao.guarulhos.sp.gov.br\/wp_site\/educacaoantirracista\/wp-content\/uploads\/sites\/31\/2024\/10\/5-1024x1024.png\" class=\"attachment-large size-large wp-image-221\" alt=\"\" loading=\"lazy\" srcset=\"https:\/\/portaleducacao.guarulhos.sp.gov.br\/wp_site\/educacaoantirracista\/wp-content\/uploads\/sites\/31\/2024\/10\/5-1024x1024.png 1024w, https:\/\/portaleducacao.guarulhos.sp.gov.br\/wp_site\/educacaoantirracista\/wp-content\/uploads\/sites\/31\/2024\/10\/5-300x300.png 300w, https:\/\/portaleducacao.guarulhos.sp.gov.br\/wp_site\/educacaoantirracista\/wp-content\/uploads\/sites\/31\/2024\/10\/5-150x150.png 150w, https:\/\/portaleducacao.guarulhos.sp.gov.br\/wp_site\/educacaoantirracista\/wp-content\/uploads\/sites\/31\/2024\/10\/5-768x768.png 768w, https:\/\/portaleducacao.guarulhos.sp.gov.br\/wp_site\/educacaoantirracista\/wp-content\/uploads\/sites\/31\/2024\/10\/5.png 1081w\" sizes=\"(max-width: 1024px) 100vw, 1024px\" \/>\t\t\t\t\t\t\t\t<\/a>\n\t\t\t\t\t\t\t\t\t\t\t\t\t\t\t<\/div>\n\t\t\t\t<\/div>\n\t\t\t\t\t<\/div>\n\t\t<\/div>\n\t\t\t\t<div class=\"elementor-column elementor-col-25 elementor-inner-column elementor-element elementor-element-3a0d6f7\" data-id=\"3a0d6f7\" data-element_type=\"column\">\n\t\t\t<div class=\"elementor-widget-wrap elementor-element-populated\">\n\t\t\t\t\t\t\t\t<div class=\"elementor-element elementor-element-be76cdb elementor-widget elementor-widget-image\" data-id=\"be76cdb\" data-element_type=\"widget\" data-widget_type=\"image.default\">\n\t\t\t\t<div class=\"elementor-widget-container\">\n\t\t\t\t\t\t\t\t\t\t\t\t\t\t\t\t<a href=\"https:\/\/portaleducacao.guarulhos.sp.gov.br\/siseduc\/portal\/exibir\/arquivo\/11789\/inline\/\" target=\"_blank\">\n\t\t\t\t\t\t\t<img width=\"1024\" height=\"1024\" src=\"https:\/\/portaleducacao.guarulhos.sp.gov.br\/wp_site\/educacaoantirracista\/wp-content\/uploads\/sites\/31\/2024\/10\/6-1024x1024.png\" class=\"attachment-large size-large wp-image-222\" alt=\"\" loading=\"lazy\" srcset=\"https:\/\/portaleducacao.guarulhos.sp.gov.br\/wp_site\/educacaoantirracista\/wp-content\/uploads\/sites\/31\/2024\/10\/6-1024x1024.png 1024w, https:\/\/portaleducacao.guarulhos.sp.gov.br\/wp_site\/educacaoantirracista\/wp-content\/uploads\/sites\/31\/2024\/10\/6-300x300.png 300w, https:\/\/portaleducacao.guarulhos.sp.gov.br\/wp_site\/educacaoantirracista\/wp-content\/uploads\/sites\/31\/2024\/10\/6-150x150.png 150w, https:\/\/portaleducacao.guarulhos.sp.gov.br\/wp_site\/educacaoantirracista\/wp-content\/uploads\/sites\/31\/2024\/10\/6-768x768.png 768w, https:\/\/portaleducacao.guarulhos.sp.gov.br\/wp_site\/educacaoantirracista\/wp-content\/uploads\/sites\/31\/2024\/10\/6.png 1081w\" sizes=\"(max-width: 1024px) 100vw, 1024px\" \/>\t\t\t\t\t\t\t\t<\/a>\n\t\t\t\t\t\t\t\t\t\t\t\t\t\t\t<\/div>\n\t\t\t\t<\/div>\n\t\t\t\t\t<\/div>\n\t\t<\/div>\n\t\t\t\t<div class=\"elementor-column elementor-col-25 elementor-inner-column elementor-element elementor-element-a1189e4\" data-id=\"a1189e4\" data-element_type=\"column\">\n\t\t\t<div class=\"elementor-widget-wrap elementor-element-populated\">\n\t\t\t\t\t\t\t\t<div class=\"elementor-element elementor-element-b022935 elementor-widget elementor-widget-image\" data-id=\"b022935\" data-element_type=\"widget\" data-widget_type=\"image.default\">\n\t\t\t\t<div class=\"elementor-widget-container\">\n\t\t\t\t\t\t\t\t\t\t\t\t\t\t\t\t<a href=\"https:\/\/portaleducacao.guarulhos.sp.gov.br\/siseduc\/portal\/exibir\/arquivo\/11790\/inline\/\" target=\"_blank\">\n\t\t\t\t\t\t\t<img width=\"1024\" height=\"1024\" src=\"https:\/\/portaleducacao.guarulhos.sp.gov.br\/wp_site\/educacaoantirracista\/wp-content\/uploads\/sites\/31\/2024\/10\/7-1024x1024.png\" class=\"attachment-large size-large wp-image-223\" alt=\"\" loading=\"lazy\" srcset=\"https:\/\/portaleducacao.guarulhos.sp.gov.br\/wp_site\/educacaoantirracista\/wp-content\/uploads\/sites\/31\/2024\/10\/7-1024x1024.png 1024w, https:\/\/portaleducacao.guarulhos.sp.gov.br\/wp_site\/educacaoantirracista\/wp-content\/uploads\/sites\/31\/2024\/10\/7-300x300.png 300w, https:\/\/portaleducacao.guarulhos.sp.gov.br\/wp_site\/educacaoantirracista\/wp-content\/uploads\/sites\/31\/2024\/10\/7-150x150.png 150w, https:\/\/portaleducacao.guarulhos.sp.gov.br\/wp_site\/educacaoantirracista\/wp-content\/uploads\/sites\/31\/2024\/10\/7-768x768.png 768w, https:\/\/portaleducacao.guarulhos.sp.gov.br\/wp_site\/educacaoantirracista\/wp-content\/uploads\/sites\/31\/2024\/10\/7.png 1081w\" sizes=\"(max-width: 1024px) 100vw, 1024px\" \/>\t\t\t\t\t\t\t\t<\/a>\n\t\t\t\t\t\t\t\t\t\t\t\t\t\t\t<\/div>\n\t\t\t\t<\/div>\n\t\t\t\t\t<\/div>\n\t\t<\/div>\n\t\t\t\t<div class=\"elementor-column elementor-col-25 elementor-inner-column elementor-element elementor-element-8f51cf3\" data-id=\"8f51cf3\" data-element_type=\"column\">\n\t\t\t<div class=\"elementor-widget-wrap elementor-element-populated\">\n\t\t\t\t\t\t\t\t<div class=\"elementor-element elementor-element-e5c101b elementor-widget elementor-widget-image\" data-id=\"e5c101b\" data-element_type=\"widget\" data-widget_type=\"image.default\">\n\t\t\t\t<div class=\"elementor-widget-container\">\n\t\t\t\t\t\t\t\t\t\t\t\t\t\t\t\t<a href=\"https:\/\/portaleducacao.guarulhos.sp.gov.br\/siseduc\/portal\/exibir\/arquivo\/11791\/inline\/\" target=\"_blank\">\n\t\t\t\t\t\t\t<img width=\"1024\" height=\"1024\" src=\"https:\/\/portaleducacao.guarulhos.sp.gov.br\/wp_site\/educacaoantirracista\/wp-content\/uploads\/sites\/31\/2024\/10\/8-1024x1024.png\" class=\"attachment-large size-large wp-image-224\" alt=\"\" loading=\"lazy\" srcset=\"https:\/\/portaleducacao.guarulhos.sp.gov.br\/wp_site\/educacaoantirracista\/wp-content\/uploads\/sites\/31\/2024\/10\/8-1024x1024.png 1024w, https:\/\/portaleducacao.guarulhos.sp.gov.br\/wp_site\/educacaoantirracista\/wp-content\/uploads\/sites\/31\/2024\/10\/8-300x300.png 300w, https:\/\/portaleducacao.guarulhos.sp.gov.br\/wp_site\/educacaoantirracista\/wp-content\/uploads\/sites\/31\/2024\/10\/8-150x150.png 150w, https:\/\/portaleducacao.guarulhos.sp.gov.br\/wp_site\/educacaoantirracista\/wp-content\/uploads\/sites\/31\/2024\/10\/8-768x768.png 768w, https:\/\/portaleducacao.guarulhos.sp.gov.br\/wp_site\/educacaoantirracista\/wp-content\/uploads\/sites\/31\/2024\/10\/8.png 1081w\" sizes=\"(max-width: 1024px) 100vw, 1024px\" \/>\t\t\t\t\t\t\t\t<\/a>\n\t\t\t\t\t\t\t\t\t\t\t\t\t\t\t<\/div>\n\t\t\t\t<\/div>\n\t\t\t\t\t<\/div>\n\t\t<\/div>\n\t\t\t\t\t\t\t<\/div>\n\t\t<\/section>\n\t\t\t\t\t<\/div>\n\t\t<\/div>\n\t\t\t\t\t\t\t<\/div>\n\t\t<\/section>\n\t\t\t\t<section class=\"elementor-section elementor-top-section elementor-element elementor-element-b053aed elementor-section-height-min-height sinalizadores elementor-section-boxed elementor-section-height-default elementor-section-items-middle\" data-id=\"b053aed\" data-element_type=\"section\" id=\"sinalizadores\" data-settings=\"{&quot;background_background&quot;:&quot;classic&quot;}\">\n\t\t\t\t\t\t<div class=\"elementor-container elementor-column-gap-default\">\n\t\t\t\t\t<div class=\"elementor-column elementor-col-100 elementor-top-column elementor-element elementor-element-5547417\" data-id=\"5547417\" data-element_type=\"column\">\n\t\t\t<div class=\"elementor-widget-wrap elementor-element-populated\">\n\t\t\t\t\t\t\t\t<section class=\"elementor-section elementor-inner-section elementor-element elementor-element-d9da047 elementor-section-boxed elementor-section-height-default elementor-section-height-default\" data-id=\"d9da047\" data-element_type=\"section\">\n\t\t\t\t\t\t<div class=\"elementor-container elementor-column-gap-default\">\n\t\t\t\t\t<div class=\"elementor-column elementor-col-100 elementor-inner-column elementor-element elementor-element-acb94e4\" data-id=\"acb94e4\" data-element_type=\"column\">\n\t\t\t<div class=\"elementor-widget-wrap elementor-element-populated\">\n\t\t\t\t\t\t\t\t<div class=\"elementor-element elementor-element-934ae5c elementor-widget elementor-widget-heading\" data-id=\"934ae5c\" data-element_type=\"widget\" data-widget_type=\"heading.default\">\n\t\t\t\t<div class=\"elementor-widget-container\">\n\t\t\t<h2 class=\"elementor-heading-title elementor-size-default\">Sinalizadores<\/h2>\t\t<\/div>\n\t\t\t\t<\/div>\n\t\t\t\t<div class=\"elementor-element elementor-element-47c864f elementor-widget elementor-widget-text-editor\" data-id=\"47c864f\" data-element_type=\"widget\" data-widget_type=\"text-editor.default\">\n\t\t\t\t<div class=\"elementor-widget-container\">\n\t\t\t\t\t\t\t<p>Esta proposta surge a partir da necessidade de explicitar o racismo estrutural e institucional que incidem sobre as rela\u00e7\u00f5es sociais no Brasil, pois \u00e9 preciso reconhecer sua exist\u00eancia para combat\u00ea-los.<\/p><p>Os Sinalizadores t\u00eam como finalidade central levar as pessoas a compreenderem que o racismo \u00e9 um fen\u00f4meno hist\u00f3rico-social inaceit\u00e1vel, que precisa ser combatido incansavelmente.<\/p><p>Assim, desenvolver campanhas como esta s\u00e3o essenciais para contrapor a naturaliza\u00e7\u00e3o e minimiza\u00e7\u00e3o do racismo, gerando uma cultura antirracista, na qual todos e cada um t\u00eam responsabilidade na mudan\u00e7a.<\/p>\t\t\t\t\t\t<\/div>\n\t\t\t\t<\/div>\n\t\t\t\t<div class=\"elementor-element elementor-element-5e8ab91 elementor-widget elementor-widget-heading\" data-id=\"5e8ab91\" data-element_type=\"widget\" data-widget_type=\"heading.default\">\n\t\t\t\t<div class=\"elementor-widget-container\">\n\t\t\t<h2 class=\"elementor-heading-title elementor-size-default\">Clique no card para fazer o download<\/h2>\t\t<\/div>\n\t\t\t\t<\/div>\n\t\t\t\t\t<\/div>\n\t\t<\/div>\n\t\t\t\t\t\t\t<\/div>\n\t\t<\/section>\n\t\t\t\t<section class=\"elementor-section elementor-inner-section elementor-element elementor-element-181e900 elementor-section-boxed elementor-section-height-default elementor-section-height-default\" data-id=\"181e900\" data-element_type=\"section\">\n\t\t\t\t\t\t<div class=\"elementor-container elementor-column-gap-default\">\n\t\t\t\t\t<div class=\"elementor-column elementor-col-25 elementor-inner-column elementor-element elementor-element-aaec1dd\" data-id=\"aaec1dd\" data-element_type=\"column\">\n\t\t\t<div class=\"elementor-widget-wrap elementor-element-populated\">\n\t\t\t\t\t\t\t\t<div class=\"elementor-element elementor-element-71ab638 elementor-widget elementor-widget-image\" data-id=\"71ab638\" data-element_type=\"widget\" data-widget_type=\"image.default\">\n\t\t\t\t<div class=\"elementor-widget-container\">\n\t\t\t\t\t\t\t\t\t\t\t\t\t\t\t\t<a href=\"https:\/\/portaleducacao.guarulhos.sp.gov.br\/siseduc\/portal\/exibir\/arquivo\/11793\/inline\/\" target=\"_blank\" rel=\"nofollow\">\n\t\t\t\t\t\t\t<img width=\"728\" height=\"1024\" src=\"https:\/\/portaleducacao.guarulhos.sp.gov.br\/wp_site\/educacaoantirracista\/wp-content\/uploads\/sites\/31\/2024\/10\/WhatsApp-Image-2024-10-24-at-10.07.34-2-728x1024.jpeg\" class=\"attachment-large size-large wp-image-172\" alt=\"\" loading=\"lazy\" srcset=\"https:\/\/portaleducacao.guarulhos.sp.gov.br\/wp_site\/educacaoantirracista\/wp-content\/uploads\/sites\/31\/2024\/10\/WhatsApp-Image-2024-10-24-at-10.07.34-2-728x1024.jpeg 728w, https:\/\/portaleducacao.guarulhos.sp.gov.br\/wp_site\/educacaoantirracista\/wp-content\/uploads\/sites\/31\/2024\/10\/WhatsApp-Image-2024-10-24-at-10.07.34-2-213x300.jpeg 213w, https:\/\/portaleducacao.guarulhos.sp.gov.br\/wp_site\/educacaoantirracista\/wp-content\/uploads\/sites\/31\/2024\/10\/WhatsApp-Image-2024-10-24-at-10.07.34-2-768x1080.jpeg 768w, https:\/\/portaleducacao.guarulhos.sp.gov.br\/wp_site\/educacaoantirracista\/wp-content\/uploads\/sites\/31\/2024\/10\/WhatsApp-Image-2024-10-24-at-10.07.34-2-1092x1536.jpeg 1092w, https:\/\/portaleducacao.guarulhos.sp.gov.br\/wp_site\/educacaoantirracista\/wp-content\/uploads\/sites\/31\/2024\/10\/WhatsApp-Image-2024-10-24-at-10.07.34-2.jpeg 1138w\" sizes=\"(max-width: 728px) 100vw, 728px\" \/>\t\t\t\t\t\t\t\t<\/a>\n\t\t\t\t\t\t\t\t\t\t\t\t\t\t\t<\/div>\n\t\t\t\t<\/div>\n\t\t\t\t\t<\/div>\n\t\t<\/div>\n\t\t\t\t<div class=\"elementor-column elementor-col-25 elementor-inner-column elementor-element elementor-element-6149277\" data-id=\"6149277\" data-element_type=\"column\">\n\t\t\t<div class=\"elementor-widget-wrap elementor-element-populated\">\n\t\t\t\t\t\t\t\t<div class=\"elementor-element elementor-element-9c650d1 elementor-widget elementor-widget-image\" data-id=\"9c650d1\" data-element_type=\"widget\" data-widget_type=\"image.default\">\n\t\t\t\t<div class=\"elementor-widget-container\">\n\t\t\t\t\t\t\t\t\t\t\t\t\t\t\t\t<a href=\"https:\/\/portaleducacao.guarulhos.sp.gov.br\/siseduc\/portal\/exibir\/arquivo\/11794\/inline\/\" target=\"_blank\" rel=\"nofollow\">\n\t\t\t\t\t\t\t<img width=\"728\" height=\"1024\" src=\"https:\/\/portaleducacao.guarulhos.sp.gov.br\/wp_site\/educacaoantirracista\/wp-content\/uploads\/sites\/31\/2024\/10\/WhatsApp-Image-2024-10-24-at-10.07.34-3-728x1024.jpeg\" class=\"attachment-large size-large wp-image-173\" alt=\"\" loading=\"lazy\" srcset=\"https:\/\/portaleducacao.guarulhos.sp.gov.br\/wp_site\/educacaoantirracista\/wp-content\/uploads\/sites\/31\/2024\/10\/WhatsApp-Image-2024-10-24-at-10.07.34-3-728x1024.jpeg 728w, https:\/\/portaleducacao.guarulhos.sp.gov.br\/wp_site\/educacaoantirracista\/wp-content\/uploads\/sites\/31\/2024\/10\/WhatsApp-Image-2024-10-24-at-10.07.34-3-213x300.jpeg 213w, https:\/\/portaleducacao.guarulhos.sp.gov.br\/wp_site\/educacaoantirracista\/wp-content\/uploads\/sites\/31\/2024\/10\/WhatsApp-Image-2024-10-24-at-10.07.34-3-768x1081.jpeg 768w, https:\/\/portaleducacao.guarulhos.sp.gov.br\/wp_site\/educacaoantirracista\/wp-content\/uploads\/sites\/31\/2024\/10\/WhatsApp-Image-2024-10-24-at-10.07.34-3-1092x1536.jpeg 1092w, https:\/\/portaleducacao.guarulhos.sp.gov.br\/wp_site\/educacaoantirracista\/wp-content\/uploads\/sites\/31\/2024\/10\/WhatsApp-Image-2024-10-24-at-10.07.34-3.jpeg 1137w\" sizes=\"(max-width: 728px) 100vw, 728px\" \/>\t\t\t\t\t\t\t\t<\/a>\n\t\t\t\t\t\t\t\t\t\t\t\t\t\t\t<\/div>\n\t\t\t\t<\/div>\n\t\t\t\t\t<\/div>\n\t\t<\/div>\n\t\t\t\t<div class=\"elementor-column elementor-col-25 elementor-inner-column elementor-element elementor-element-4d20776\" data-id=\"4d20776\" data-element_type=\"column\">\n\t\t\t<div class=\"elementor-widget-wrap elementor-element-populated\">\n\t\t\t\t\t\t\t\t<div class=\"elementor-element elementor-element-c6aecc2 elementor-widget elementor-widget-image\" data-id=\"c6aecc2\" data-element_type=\"widget\" data-widget_type=\"image.default\">\n\t\t\t\t<div class=\"elementor-widget-container\">\n\t\t\t\t\t\t\t\t\t\t\t\t\t\t\t\t<a href=\"https:\/\/portaleducacao.guarulhos.sp.gov.br\/siseduc\/portal\/exibir\/arquivo\/11795\/inline\/\" target=\"_blank\" rel=\"nofollow\">\n\t\t\t\t\t\t\t<img width=\"728\" height=\"1024\" src=\"https:\/\/portaleducacao.guarulhos.sp.gov.br\/wp_site\/educacaoantirracista\/wp-content\/uploads\/sites\/31\/2024\/10\/WhatsApp-Image-2024-10-24-at-10.07.34-1-728x1024.jpeg\" class=\"attachment-large size-large wp-image-174\" alt=\"\" loading=\"lazy\" srcset=\"https:\/\/portaleducacao.guarulhos.sp.gov.br\/wp_site\/educacaoantirracista\/wp-content\/uploads\/sites\/31\/2024\/10\/WhatsApp-Image-2024-10-24-at-10.07.34-1-728x1024.jpeg 728w, https:\/\/portaleducacao.guarulhos.sp.gov.br\/wp_site\/educacaoantirracista\/wp-content\/uploads\/sites\/31\/2024\/10\/WhatsApp-Image-2024-10-24-at-10.07.34-1-213x300.jpeg 213w, https:\/\/portaleducacao.guarulhos.sp.gov.br\/wp_site\/educacaoantirracista\/wp-content\/uploads\/sites\/31\/2024\/10\/WhatsApp-Image-2024-10-24-at-10.07.34-1-768x1080.jpeg 768w, https:\/\/portaleducacao.guarulhos.sp.gov.br\/wp_site\/educacaoantirracista\/wp-content\/uploads\/sites\/31\/2024\/10\/WhatsApp-Image-2024-10-24-at-10.07.34-1-1092x1536.jpeg 1092w, https:\/\/portaleducacao.guarulhos.sp.gov.br\/wp_site\/educacaoantirracista\/wp-content\/uploads\/sites\/31\/2024\/10\/WhatsApp-Image-2024-10-24-at-10.07.34-1.jpeg 1138w\" sizes=\"(max-width: 728px) 100vw, 728px\" \/>\t\t\t\t\t\t\t\t<\/a>\n\t\t\t\t\t\t\t\t\t\t\t\t\t\t\t<\/div>\n\t\t\t\t<\/div>\n\t\t\t\t\t<\/div>\n\t\t<\/div>\n\t\t\t\t<div class=\"elementor-column elementor-col-25 elementor-inner-column elementor-element elementor-element-9b00742\" data-id=\"9b00742\" data-element_type=\"column\">\n\t\t\t<div class=\"elementor-widget-wrap elementor-element-populated\">\n\t\t\t\t\t\t\t\t<div class=\"elementor-element elementor-element-b7a5f3d elementor-widget elementor-widget-image\" data-id=\"b7a5f3d\" data-element_type=\"widget\" data-widget_type=\"image.default\">\n\t\t\t\t<div class=\"elementor-widget-container\">\n\t\t\t\t\t\t\t\t\t\t\t\t\t\t\t\t<a href=\"https:\/\/portaleducacao.guarulhos.sp.gov.br\/siseduc\/portal\/exibir\/arquivo\/11796\/inline\/\" target=\"_blank\" rel=\"nofollow\">\n\t\t\t\t\t\t\t<img width=\"728\" height=\"1024\" src=\"https:\/\/portaleducacao.guarulhos.sp.gov.br\/wp_site\/educacaoantirracista\/wp-content\/uploads\/sites\/31\/2024\/10\/WhatsApp-Image-2024-10-24-at-10.07.34-728x1024.jpeg\" class=\"attachment-large size-large wp-image-175\" alt=\"\" loading=\"lazy\" srcset=\"https:\/\/portaleducacao.guarulhos.sp.gov.br\/wp_site\/educacaoantirracista\/wp-content\/uploads\/sites\/31\/2024\/10\/WhatsApp-Image-2024-10-24-at-10.07.34-728x1024.jpeg 728w, https:\/\/portaleducacao.guarulhos.sp.gov.br\/wp_site\/educacaoantirracista\/wp-content\/uploads\/sites\/31\/2024\/10\/WhatsApp-Image-2024-10-24-at-10.07.34-213x300.jpeg 213w, https:\/\/portaleducacao.guarulhos.sp.gov.br\/wp_site\/educacaoantirracista\/wp-content\/uploads\/sites\/31\/2024\/10\/WhatsApp-Image-2024-10-24-at-10.07.34-768x1080.jpeg 768w, https:\/\/portaleducacao.guarulhos.sp.gov.br\/wp_site\/educacaoantirracista\/wp-content\/uploads\/sites\/31\/2024\/10\/WhatsApp-Image-2024-10-24-at-10.07.34-1092x1536.jpeg 1092w, https:\/\/portaleducacao.guarulhos.sp.gov.br\/wp_site\/educacaoantirracista\/wp-content\/uploads\/sites\/31\/2024\/10\/WhatsApp-Image-2024-10-24-at-10.07.34.jpeg 1138w\" sizes=\"(max-width: 728px) 100vw, 728px\" \/>\t\t\t\t\t\t\t\t<\/a>\n\t\t\t\t\t\t\t\t\t\t\t\t\t\t\t<\/div>\n\t\t\t\t<\/div>\n\t\t\t\t\t<\/div>\n\t\t<\/div>\n\t\t\t\t\t\t\t<\/div>\n\t\t<\/section>\n\t\t\t\t<section class=\"elementor-section elementor-inner-section elementor-element elementor-element-962e73a elementor-section-boxed elementor-section-height-default elementor-section-height-default\" data-id=\"962e73a\" data-element_type=\"section\">\n\t\t\t\t\t\t<div class=\"elementor-container elementor-column-gap-default\">\n\t\t\t\t\t<div class=\"elementor-column elementor-col-100 elementor-inner-column elementor-element elementor-element-a248ffb\" data-id=\"a248ffb\" data-element_type=\"column\">\n\t\t\t<div class=\"elementor-widget-wrap\">\n\t\t\t\t\t\t\t\t\t<\/div>\n\t\t<\/div>\n\t\t\t\t\t\t\t<\/div>\n\t\t<\/section>\n\t\t\t\t\t<\/div>\n\t\t<\/div>\n\t\t\t\t\t\t\t<\/div>\n\t\t<\/section>\n\t\t\t\t<section class=\"elementor-section elementor-top-section elementor-element elementor-element-281cb06 elementor-section-height-min-height noticiasAR elementor-section-boxed elementor-section-height-default elementor-section-items-middle\" data-id=\"281cb06\" data-element_type=\"section\" id=\"noticiasAR\" data-settings=\"{&quot;background_background&quot;:&quot;classic&quot;}\">\n\t\t\t\t\t\t<div class=\"elementor-container elementor-column-gap-default\">\n\t\t\t\t\t<div class=\"elementor-column elementor-col-100 elementor-top-column elementor-element elementor-element-dc8a390\" data-id=\"dc8a390\" data-element_type=\"column\">\n\t\t\t<div class=\"elementor-widget-wrap elementor-element-populated\">\n\t\t\t\t\t\t\t\t<div class=\"elementor-element elementor-element-64cfd51 elementor-widget elementor-widget-heading\" data-id=\"64cfd51\" data-element_type=\"widget\" data-widget_type=\"heading.default\">\n\t\t\t\t<div class=\"elementor-widget-container\">\n\t\t\t<h2 class=\"elementor-heading-title elementor-size-default\">Not\u00edcias - E l\u00e1 na Escola...<\/h2>\t\t<\/div>\n\t\t\t\t<\/div>\n\t\t\t\t<div class=\"elementor-element elementor-element-165e6c5 elementor-grid-3 elementor-grid-tablet-2 elementor-grid-mobile-1 elementor-posts--thumbnail-top elementor-card-shadow-yes elementor-posts__hover-gradient elementor-widget elementor-widget-posts\" data-id=\"165e6c5\" data-element_type=\"widget\" data-settings=\"{&quot;cards_columns&quot;:&quot;3&quot;,&quot;cards_columns_tablet&quot;:&quot;2&quot;,&quot;cards_columns_mobile&quot;:&quot;1&quot;,&quot;cards_row_gap&quot;:{&quot;unit&quot;:&quot;px&quot;,&quot;size&quot;:35,&quot;sizes&quot;:[]},&quot;cards_row_gap_tablet&quot;:{&quot;unit&quot;:&quot;px&quot;,&quot;size&quot;:&quot;&quot;,&quot;sizes&quot;:[]},&quot;cards_row_gap_mobile&quot;:{&quot;unit&quot;:&quot;px&quot;,&quot;size&quot;:&quot;&quot;,&quot;sizes&quot;:[]}}\" data-widget_type=\"posts.cards\">\n\t\t\t\t<div class=\"elementor-widget-container\">\n\t\t\t<link rel=\"stylesheet\" href=\"https:\/\/portaleducacao.guarulhos.sp.gov.br\/wp_site\/educacaoantirracista\/wp-content\/plugins\/elementor-pro\/assets\/css\/widget-posts.min.css\">\t\t<div class=\"elementor-posts-container elementor-posts elementor-posts--skin-cards elementor-grid\">\n\t\t\t\t<article class=\"elementor-post elementor-grid-item post-381 post type-post status-publish format-standard has-post-thumbnail hentry category-sem-categoria\">\n\t\t\t<div class=\"elementor-post__card\">\n\t\t\t\t<a class=\"elementor-post__thumbnail__link\" href=\"https:\/\/portaleducacao.guarulhos.sp.gov.br\/wp_site\/educacaoantirracista\/2024\/11\/26\/secretaria-de-educacao-promove-palestra-sobre-implementacao-de-politicas-antirracistas-nas-escolas\/\" ><div class=\"elementor-post__thumbnail\"><img width=\"1600\" height=\"1066\" src=\"https:\/\/portaleducacao.guarulhos.sp.gov.br\/wp_site\/educacaoantirracista\/wp-content\/uploads\/sites\/31\/2024\/11\/fcafcb61-4683-480a-8230-e248acd38230.jpeg\" class=\"attachment-full size-full wp-image-382\" alt=\"\" loading=\"lazy\" srcset=\"https:\/\/portaleducacao.guarulhos.sp.gov.br\/wp_site\/educacaoantirracista\/wp-content\/uploads\/sites\/31\/2024\/11\/fcafcb61-4683-480a-8230-e248acd38230.jpeg 1600w, https:\/\/portaleducacao.guarulhos.sp.gov.br\/wp_site\/educacaoantirracista\/wp-content\/uploads\/sites\/31\/2024\/11\/fcafcb61-4683-480a-8230-e248acd38230-300x200.jpeg 300w, https:\/\/portaleducacao.guarulhos.sp.gov.br\/wp_site\/educacaoantirracista\/wp-content\/uploads\/sites\/31\/2024\/11\/fcafcb61-4683-480a-8230-e248acd38230-1024x682.jpeg 1024w, https:\/\/portaleducacao.guarulhos.sp.gov.br\/wp_site\/educacaoantirracista\/wp-content\/uploads\/sites\/31\/2024\/11\/fcafcb61-4683-480a-8230-e248acd38230-768x512.jpeg 768w, https:\/\/portaleducacao.guarulhos.sp.gov.br\/wp_site\/educacaoantirracista\/wp-content\/uploads\/sites\/31\/2024\/11\/fcafcb61-4683-480a-8230-e248acd38230-1536x1023.jpeg 1536w\" sizes=\"(max-width: 1600px) 100vw, 1600px\" \/><\/div><\/a>\n\t\t\t\t<div class=\"elementor-post__text\">\n\t\t\t\t<h3 class=\"elementor-post__title\">\n\t\t\t<a href=\"https:\/\/portaleducacao.guarulhos.sp.gov.br\/wp_site\/educacaoantirracista\/2024\/11\/26\/secretaria-de-educacao-promove-palestra-sobre-implementacao-de-politicas-antirracistas-nas-escolas\/\" >\n\t\t\t\tSecretaria de Educa\u00e7\u00e3o promove palestra sobre implementa\u00e7\u00e3o de pol\u00edticas antirracistas nas escolas\t\t\t<\/a>\n\t\t<\/h3>\n\t\t\n\t\t<a class=\"elementor-post__read-more\" href=\"https:\/\/portaleducacao.guarulhos.sp.gov.br\/wp_site\/educacaoantirracista\/2024\/11\/26\/secretaria-de-educacao-promove-palestra-sobre-implementacao-de-politicas-antirracistas-nas-escolas\/\" aria-label=\"Read more about Secretaria de Educa\u00e7\u00e3o promove palestra sobre implementa\u00e7\u00e3o de pol\u00edticas antirracistas nas escolas\" >\n\t\t\tSaiba Mais&gt;&gt;\t\t<\/a>\n\n\t\t\t\t<\/div>\n\t\t\t\t\t<\/div>\n\t\t<\/article>\n\t\t\t\t<article class=\"elementor-post elementor-grid-item post-377 post type-post status-publish format-standard has-post-thumbnail hentry category-sem-categoria\">\n\t\t\t<div class=\"elementor-post__card\">\n\t\t\t\t<a class=\"elementor-post__thumbnail__link\" href=\"https:\/\/portaleducacao.guarulhos.sp.gov.br\/wp_site\/educacaoantirracista\/2024\/11\/26\/epg-vicente-ferreira-desenvolve-projeto-de-arte-ligado-ao-combate-a-intolerancia\/\" ><div class=\"elementor-post__thumbnail\"><img width=\"1600\" height=\"1200\" src=\"https:\/\/portaleducacao.guarulhos.sp.gov.br\/wp_site\/educacaoantirracista\/wp-content\/uploads\/sites\/31\/2024\/11\/e1b93364-bfc4-4b7c-8c26-90a0a3e42443.jpeg\" class=\"attachment-full size-full wp-image-378\" alt=\"\" loading=\"lazy\" srcset=\"https:\/\/portaleducacao.guarulhos.sp.gov.br\/wp_site\/educacaoantirracista\/wp-content\/uploads\/sites\/31\/2024\/11\/e1b93364-bfc4-4b7c-8c26-90a0a3e42443.jpeg 1600w, https:\/\/portaleducacao.guarulhos.sp.gov.br\/wp_site\/educacaoantirracista\/wp-content\/uploads\/sites\/31\/2024\/11\/e1b93364-bfc4-4b7c-8c26-90a0a3e42443-300x225.jpeg 300w, https:\/\/portaleducacao.guarulhos.sp.gov.br\/wp_site\/educacaoantirracista\/wp-content\/uploads\/sites\/31\/2024\/11\/e1b93364-bfc4-4b7c-8c26-90a0a3e42443-1024x768.jpeg 1024w, https:\/\/portaleducacao.guarulhos.sp.gov.br\/wp_site\/educacaoantirracista\/wp-content\/uploads\/sites\/31\/2024\/11\/e1b93364-bfc4-4b7c-8c26-90a0a3e42443-768x576.jpeg 768w, https:\/\/portaleducacao.guarulhos.sp.gov.br\/wp_site\/educacaoantirracista\/wp-content\/uploads\/sites\/31\/2024\/11\/e1b93364-bfc4-4b7c-8c26-90a0a3e42443-1536x1152.jpeg 1536w\" sizes=\"(max-width: 1600px) 100vw, 1600px\" \/><\/div><\/a>\n\t\t\t\t<div class=\"elementor-post__text\">\n\t\t\t\t<h3 class=\"elementor-post__title\">\n\t\t\t<a href=\"https:\/\/portaleducacao.guarulhos.sp.gov.br\/wp_site\/educacaoantirracista\/2024\/11\/26\/epg-vicente-ferreira-desenvolve-projeto-de-arte-ligado-ao-combate-a-intolerancia\/\" >\n\t\t\t\tEPG Vicente Ferreira desenvolve projeto de arte ligado ao combate \u00e0 intoler\u00e2ncia\t\t\t<\/a>\n\t\t<\/h3>\n\t\t\n\t\t<a class=\"elementor-post__read-more\" href=\"https:\/\/portaleducacao.guarulhos.sp.gov.br\/wp_site\/educacaoantirracista\/2024\/11\/26\/epg-vicente-ferreira-desenvolve-projeto-de-arte-ligado-ao-combate-a-intolerancia\/\" aria-label=\"Read more about EPG Vicente Ferreira desenvolve projeto de arte ligado ao combate \u00e0 intoler\u00e2ncia\" >\n\t\t\tSaiba Mais&gt;&gt;\t\t<\/a>\n\n\t\t\t\t<\/div>\n\t\t\t\t\t<\/div>\n\t\t<\/article>\n\t\t\t\t<article class=\"elementor-post elementor-grid-item post-368 post type-post status-publish format-standard has-post-thumbnail hentry category-sem-categoria\">\n\t\t\t<div class=\"elementor-post__card\">\n\t\t\t\t<a class=\"elementor-post__thumbnail__link\" href=\"https:\/\/portaleducacao.guarulhos.sp.gov.br\/wp_site\/educacaoantirracista\/2024\/11\/26\/epg-aristides-castelo-hanssen-promove-evento-sobre-a-cultura-afro-brasileira\/\" ><div class=\"elementor-post__thumbnail\"><img width=\"1280\" height=\"960\" src=\"https:\/\/portaleducacao.guarulhos.sp.gov.br\/wp_site\/educacaoantirracista\/wp-content\/uploads\/sites\/31\/2024\/11\/dbe34b1f-5d23-4980-b997-022e9c7216c0.jpeg\" class=\"attachment-full size-full wp-image-369\" alt=\"\" loading=\"lazy\" srcset=\"https:\/\/portaleducacao.guarulhos.sp.gov.br\/wp_site\/educacaoantirracista\/wp-content\/uploads\/sites\/31\/2024\/11\/dbe34b1f-5d23-4980-b997-022e9c7216c0.jpeg 1280w, https:\/\/portaleducacao.guarulhos.sp.gov.br\/wp_site\/educacaoantirracista\/wp-content\/uploads\/sites\/31\/2024\/11\/dbe34b1f-5d23-4980-b997-022e9c7216c0-300x225.jpeg 300w, https:\/\/portaleducacao.guarulhos.sp.gov.br\/wp_site\/educacaoantirracista\/wp-content\/uploads\/sites\/31\/2024\/11\/dbe34b1f-5d23-4980-b997-022e9c7216c0-1024x768.jpeg 1024w, https:\/\/portaleducacao.guarulhos.sp.gov.br\/wp_site\/educacaoantirracista\/wp-content\/uploads\/sites\/31\/2024\/11\/dbe34b1f-5d23-4980-b997-022e9c7216c0-768x576.jpeg 768w\" sizes=\"(max-width: 1280px) 100vw, 1280px\" \/><\/div><\/a>\n\t\t\t\t<div class=\"elementor-post__text\">\n\t\t\t\t<h3 class=\"elementor-post__title\">\n\t\t\t<a href=\"https:\/\/portaleducacao.guarulhos.sp.gov.br\/wp_site\/educacaoantirracista\/2024\/11\/26\/epg-aristides-castelo-hanssen-promove-evento-sobre-a-cultura-afro-brasileira\/\" >\n\t\t\t\tEPG Aristides Castelo Hanssen promove evento sobre a cultura afro-brasileira\t\t\t<\/a>\n\t\t<\/h3>\n\t\t\n\t\t<a class=\"elementor-post__read-more\" href=\"https:\/\/portaleducacao.guarulhos.sp.gov.br\/wp_site\/educacaoantirracista\/2024\/11\/26\/epg-aristides-castelo-hanssen-promove-evento-sobre-a-cultura-afro-brasileira\/\" aria-label=\"Read more about EPG Aristides Castelo Hanssen promove evento sobre a cultura afro-brasileira\" >\n\t\t\tSaiba Mais&gt;&gt;\t\t<\/a>\n\n\t\t\t\t<\/div>\n\t\t\t\t\t<\/div>\n\t\t<\/article>\n\t\t\t\t<article class=\"elementor-post elementor-grid-item post-364 post type-post status-publish format-standard has-post-thumbnail hentry category-sem-categoria\">\n\t\t\t<div class=\"elementor-post__card\">\n\t\t\t\t<a class=\"elementor-post__thumbnail__link\" href=\"https:\/\/portaleducacao.guarulhos.sp.gov.br\/wp_site\/educacaoantirracista\/2024\/11\/26\/forum-debate-acoes-antirracistas-em-escolas-da-rede-municipal\/\" ><div class=\"elementor-post__thumbnail\"><img width=\"1600\" height=\"1066\" src=\"https:\/\/portaleducacao.guarulhos.sp.gov.br\/wp_site\/educacaoantirracista\/wp-content\/uploads\/sites\/31\/2024\/11\/d5ccc41f-c5cc-4291-b620-b97fe8fb6dfa.jpeg\" class=\"attachment-full size-full wp-image-365\" alt=\"\" loading=\"lazy\" srcset=\"https:\/\/portaleducacao.guarulhos.sp.gov.br\/wp_site\/educacaoantirracista\/wp-content\/uploads\/sites\/31\/2024\/11\/d5ccc41f-c5cc-4291-b620-b97fe8fb6dfa.jpeg 1600w, https:\/\/portaleducacao.guarulhos.sp.gov.br\/wp_site\/educacaoantirracista\/wp-content\/uploads\/sites\/31\/2024\/11\/d5ccc41f-c5cc-4291-b620-b97fe8fb6dfa-300x200.jpeg 300w, https:\/\/portaleducacao.guarulhos.sp.gov.br\/wp_site\/educacaoantirracista\/wp-content\/uploads\/sites\/31\/2024\/11\/d5ccc41f-c5cc-4291-b620-b97fe8fb6dfa-1024x682.jpeg 1024w, https:\/\/portaleducacao.guarulhos.sp.gov.br\/wp_site\/educacaoantirracista\/wp-content\/uploads\/sites\/31\/2024\/11\/d5ccc41f-c5cc-4291-b620-b97fe8fb6dfa-768x512.jpeg 768w, https:\/\/portaleducacao.guarulhos.sp.gov.br\/wp_site\/educacaoantirracista\/wp-content\/uploads\/sites\/31\/2024\/11\/d5ccc41f-c5cc-4291-b620-b97fe8fb6dfa-1536x1023.jpeg 1536w\" sizes=\"(max-width: 1600px) 100vw, 1600px\" \/><\/div><\/a>\n\t\t\t\t<div class=\"elementor-post__text\">\n\t\t\t\t<h3 class=\"elementor-post__title\">\n\t\t\t<a href=\"https:\/\/portaleducacao.guarulhos.sp.gov.br\/wp_site\/educacaoantirracista\/2024\/11\/26\/forum-debate-acoes-antirracistas-em-escolas-da-rede-municipal\/\" >\n\t\t\t\tF\u00f3rum debate a\u00e7\u00f5es antirracistas em escolas da rede municipal\t\t\t<\/a>\n\t\t<\/h3>\n\t\t\n\t\t<a class=\"elementor-post__read-more\" href=\"https:\/\/portaleducacao.guarulhos.sp.gov.br\/wp_site\/educacaoantirracista\/2024\/11\/26\/forum-debate-acoes-antirracistas-em-escolas-da-rede-municipal\/\" aria-label=\"Read more about F\u00f3rum debate a\u00e7\u00f5es antirracistas em escolas da rede municipal\" >\n\t\t\tSaiba Mais&gt;&gt;\t\t<\/a>\n\n\t\t\t\t<\/div>\n\t\t\t\t\t<\/div>\n\t\t<\/article>\n\t\t\t\t<article class=\"elementor-post elementor-grid-item post-337 post type-post status-publish format-standard has-post-thumbnail hentry category-sem-categoria\">\n\t\t\t<div class=\"elementor-post__card\">\n\t\t\t\t<a class=\"elementor-post__thumbnail__link\" href=\"https:\/\/portaleducacao.guarulhos.sp.gov.br\/wp_site\/educacaoantirracista\/2024\/11\/13\/programacao-do-novembro-negro-destaca-acoes-formativas-para-uma-educacao-antirracista\/\" ><div class=\"elementor-post__thumbnail\"><img width=\"1564\" height=\"1084\" src=\"https:\/\/portaleducacao.guarulhos.sp.gov.br\/wp_site\/educacaoantirracista\/wp-content\/uploads\/sites\/31\/2024\/11\/antira-1.jpeg\" class=\"attachment-full size-full wp-image-338\" alt=\"\" loading=\"lazy\" srcset=\"https:\/\/portaleducacao.guarulhos.sp.gov.br\/wp_site\/educacaoantirracista\/wp-content\/uploads\/sites\/31\/2024\/11\/antira-1.jpeg 1564w, https:\/\/portaleducacao.guarulhos.sp.gov.br\/wp_site\/educacaoantirracista\/wp-content\/uploads\/sites\/31\/2024\/11\/antira-1-300x208.jpeg 300w, https:\/\/portaleducacao.guarulhos.sp.gov.br\/wp_site\/educacaoantirracista\/wp-content\/uploads\/sites\/31\/2024\/11\/antira-1-1024x710.jpeg 1024w, https:\/\/portaleducacao.guarulhos.sp.gov.br\/wp_site\/educacaoantirracista\/wp-content\/uploads\/sites\/31\/2024\/11\/antira-1-768x532.jpeg 768w, https:\/\/portaleducacao.guarulhos.sp.gov.br\/wp_site\/educacaoantirracista\/wp-content\/uploads\/sites\/31\/2024\/11\/antira-1-1536x1065.jpeg 1536w\" sizes=\"(max-width: 1564px) 100vw, 1564px\" \/><\/div><\/a>\n\t\t\t\t<div class=\"elementor-post__text\">\n\t\t\t\t<h3 class=\"elementor-post__title\">\n\t\t\t<a href=\"https:\/\/portaleducacao.guarulhos.sp.gov.br\/wp_site\/educacaoantirracista\/2024\/11\/13\/programacao-do-novembro-negro-destaca-acoes-formativas-para-uma-educacao-antirracista\/\" >\n\t\t\t\tPrograma\u00e7\u00e3o do Novembro Negro destaca a\u00e7\u00f5es formativas para uma educa\u00e7\u00e3o antirracista\t\t\t<\/a>\n\t\t<\/h3>\n\t\t\n\t\t<a class=\"elementor-post__read-more\" href=\"https:\/\/portaleducacao.guarulhos.sp.gov.br\/wp_site\/educacaoantirracista\/2024\/11\/13\/programacao-do-novembro-negro-destaca-acoes-formativas-para-uma-educacao-antirracista\/\" aria-label=\"Read more about Programa\u00e7\u00e3o do Novembro Negro destaca a\u00e7\u00f5es formativas para uma educa\u00e7\u00e3o antirracista\" >\n\t\t\tSaiba Mais&gt;&gt;\t\t<\/a>\n\n\t\t\t\t<\/div>\n\t\t\t\t\t<\/div>\n\t\t<\/article>\n\t\t\t\t<article class=\"elementor-post elementor-grid-item post-331 post type-post status-publish format-standard has-post-thumbnail hentry category-sem-categoria\">\n\t\t\t<div class=\"elementor-post__card\">\n\t\t\t\t<a class=\"elementor-post__thumbnail__link\" href=\"https:\/\/portaleducacao.guarulhos.sp.gov.br\/wp_site\/educacaoantirracista\/2024\/11\/13\/guarulhos-lanca-campanha-de-combate-ao-racismo-na-rede-municipal\/\" ><div class=\"elementor-post__thumbnail\"><img width=\"1600\" height=\"1110\" src=\"https:\/\/portaleducacao.guarulhos.sp.gov.br\/wp_site\/educacaoantirracista\/wp-content\/uploads\/sites\/31\/2024\/11\/antira.jpeg\" class=\"attachment-full size-full wp-image-335\" alt=\"\" loading=\"lazy\" srcset=\"https:\/\/portaleducacao.guarulhos.sp.gov.br\/wp_site\/educacaoantirracista\/wp-content\/uploads\/sites\/31\/2024\/11\/antira.jpeg 1600w, https:\/\/portaleducacao.guarulhos.sp.gov.br\/wp_site\/educacaoantirracista\/wp-content\/uploads\/sites\/31\/2024\/11\/antira-300x208.jpeg 300w, https:\/\/portaleducacao.guarulhos.sp.gov.br\/wp_site\/educacaoantirracista\/wp-content\/uploads\/sites\/31\/2024\/11\/antira-1024x710.jpeg 1024w, https:\/\/portaleducacao.guarulhos.sp.gov.br\/wp_site\/educacaoantirracista\/wp-content\/uploads\/sites\/31\/2024\/11\/antira-768x533.jpeg 768w, https:\/\/portaleducacao.guarulhos.sp.gov.br\/wp_site\/educacaoantirracista\/wp-content\/uploads\/sites\/31\/2024\/11\/antira-1536x1066.jpeg 1536w\" sizes=\"(max-width: 1600px) 100vw, 1600px\" \/><\/div><\/a>\n\t\t\t\t<div class=\"elementor-post__text\">\n\t\t\t\t<h3 class=\"elementor-post__title\">\n\t\t\t<a href=\"https:\/\/portaleducacao.guarulhos.sp.gov.br\/wp_site\/educacaoantirracista\/2024\/11\/13\/guarulhos-lanca-campanha-de-combate-ao-racismo-na-rede-municipal\/\" >\n\t\t\t\tGuarulhos lan\u00e7a campanha de combate ao racismo na rede municipal\t\t\t<\/a>\n\t\t<\/h3>\n\t\t\n\t\t<a class=\"elementor-post__read-more\" href=\"https:\/\/portaleducacao.guarulhos.sp.gov.br\/wp_site\/educacaoantirracista\/2024\/11\/13\/guarulhos-lanca-campanha-de-combate-ao-racismo-na-rede-municipal\/\" aria-label=\"Read more about Guarulhos lan\u00e7a campanha de combate ao racismo na rede municipal\" >\n\t\t\tSaiba Mais&gt;&gt;\t\t<\/a>\n\n\t\t\t\t<\/div>\n\t\t\t\t\t<\/div>\n\t\t<\/article>\n\t\t\t\t<\/div>\n\t\t\n\t\t\t\t<\/div>\n\t\t\t\t<\/div>\n\t\t\t\t\t<\/div>\n\t\t<\/div>\n\t\t\t\t\t\t\t<\/div>\n\t\t<\/section>\n\t\t\t\t<section class=\"elementor-section elementor-top-section elementor-element elementor-element-991d452 publicacoes elementor-section-boxed elementor-section-height-default elementor-section-height-default\" data-id=\"991d452\" data-element_type=\"section\" id=\"publicacoes\" data-settings=\"{&quot;background_background&quot;:&quot;classic&quot;}\">\n\t\t\t\t\t\t<div class=\"elementor-container elementor-column-gap-default\">\n\t\t\t\t\t<div class=\"elementor-column elementor-col-100 elementor-top-column elementor-element elementor-element-5a17060\" data-id=\"5a17060\" data-element_type=\"column\">\n\t\t\t<div class=\"elementor-widget-wrap elementor-element-populated\">\n\t\t\t\t\t\t\t\t<div class=\"elementor-element elementor-element-9c93213 elementor-widget elementor-widget-spacer\" data-id=\"9c93213\" data-element_type=\"widget\" data-widget_type=\"spacer.default\">\n\t\t\t\t<div class=\"elementor-widget-container\">\n\t\t\t<style>\/*! elementor - v3.12.1 - 02-04-2023 *\/\n.elementor-column .elementor-spacer-inner{height:var(--spacer-size)}.e-con{--container-widget-width:100%}.e-con-inner>.elementor-widget-spacer,.e-con>.elementor-widget-spacer{width:var(--container-widget-width,var(--spacer-size));--align-self:var(--container-widget-align-self,initial);--flex-shrink:0}.e-con-inner>.elementor-widget-spacer>.elementor-widget-container,.e-con-inner>.elementor-widget-spacer>.elementor-widget-container>.elementor-spacer,.e-con>.elementor-widget-spacer>.elementor-widget-container,.e-con>.elementor-widget-spacer>.elementor-widget-container>.elementor-spacer{height:100%}.e-con-inner>.elementor-widget-spacer>.elementor-widget-container>.elementor-spacer>.elementor-spacer-inner,.e-con>.elementor-widget-spacer>.elementor-widget-container>.elementor-spacer>.elementor-spacer-inner{height:var(--container-widget-height,var(--spacer-size))}<\/style>\t\t<div class=\"elementor-spacer\">\n\t\t\t<div class=\"elementor-spacer-inner\"><\/div>\n\t\t<\/div>\n\t\t\t\t<\/div>\n\t\t\t\t<\/div>\n\t\t\t\t<div class=\"elementor-element elementor-element-fb8d9f7 elementor-widget__width-initial elementor-widget elementor-widget-heading\" data-id=\"fb8d9f7\" data-element_type=\"widget\" id=\"publicacoes\" data-widget_type=\"heading.default\">\n\t\t\t\t<div class=\"elementor-widget-container\">\n\t\t\t<h2 class=\"elementor-heading-title elementor-size-default\">Publica\u00e7\u00f5es<\/h2>\t\t<\/div>\n\t\t\t\t<\/div>\n\t\t\t\t<section class=\"elementor-section elementor-inner-section elementor-element elementor-element-1932fea elementor-section-boxed elementor-section-height-default elementor-section-height-default\" data-id=\"1932fea\" data-element_type=\"section\">\n\t\t\t\t\t\t<div class=\"elementor-container elementor-column-gap-wide\">\n\t\t\t\t\t<div class=\"elementor-column elementor-col-33 elementor-inner-column elementor-element elementor-element-363e40a\" data-id=\"363e40a\" data-element_type=\"column\">\n\t\t\t<div class=\"elementor-widget-wrap elementor-element-populated\">\n\t\t\t\t\t\t\t\t<div class=\"elementor-element elementor-element-cfb4acc elementor-widget__width-initial elementor-widget elementor-widget-image\" data-id=\"cfb4acc\" data-element_type=\"widget\" data-widget_type=\"image.default\">\n\t\t\t\t<div class=\"elementor-widget-container\">\n\t\t\t\t\t\t\t\t\t\t\t\t\t\t\t\t<a href=\"https:\/\/portaleducacao.guarulhos.sp.gov.br\/siseduc\/portal\/exibir\/arquivo\/9828\/inline\/\" target=\"_blank\" rel=\"nofollow\">\n\t\t\t\t\t\t\t<img width=\"354\" height=\"452\" src=\"https:\/\/portaleducacao.guarulhos.sp.gov.br\/wp_site\/educacaoantirracista\/wp-content\/uploads\/sites\/31\/2025\/03\/imagem-.jpg\" class=\"attachment-large size-large wp-image-411\" alt=\"\" loading=\"lazy\" srcset=\"https:\/\/portaleducacao.guarulhos.sp.gov.br\/wp_site\/educacaoantirracista\/wp-content\/uploads\/sites\/31\/2025\/03\/imagem-.jpg 354w, https:\/\/portaleducacao.guarulhos.sp.gov.br\/wp_site\/educacaoantirracista\/wp-content\/uploads\/sites\/31\/2025\/03\/imagem--235x300.jpg 235w\" sizes=\"(max-width: 354px) 100vw, 354px\" \/>\t\t\t\t\t\t\t\t<\/a>\n\t\t\t\t\t\t\t\t\t\t\t\t\t\t\t<\/div>\n\t\t\t\t<\/div>\n\t\t\t\t<div class=\"elementor-element elementor-element-276527f elementor-widget elementor-widget-heading\" data-id=\"276527f\" data-element_type=\"widget\" data-widget_type=\"heading.default\">\n\t\t\t\t<div class=\"elementor-widget-container\">\n\t\t\t<h4 class=\"elementor-heading-title elementor-size-default\"><br>PRECISAMOS FALAR SOBRE... Reflex\u00f5es necess\u00e1rias no cotidiano escolar: Por uma Educa\u00e7\u00e3o Antirracista. Volume 10 de 17 \u2013 Fasc\u00edculo 5<\/h4>\t\t<\/div>\n\t\t\t\t<\/div>\n\t\t\t\t\t<\/div>\n\t\t<\/div>\n\t\t\t\t<div class=\"elementor-column elementor-col-33 elementor-inner-column elementor-element elementor-element-ec2f636\" data-id=\"ec2f636\" data-element_type=\"column\">\n\t\t\t<div class=\"elementor-widget-wrap elementor-element-populated\">\n\t\t\t\t\t\t\t\t<div class=\"elementor-element elementor-element-17c3b1d elementor-widget elementor-widget-image\" data-id=\"17c3b1d\" data-element_type=\"widget\" data-widget_type=\"image.default\">\n\t\t\t\t<div class=\"elementor-widget-container\">\n\t\t\t\t\t\t\t\t\t\t\t\t\t\t\t\t<a href=\"https:\/\/portaleducacao.guarulhos.sp.gov.br\/siseduc\/portal\/exibir\/arquivo\/11909\/inline\/https:\/\/portaleducacao.guarulhos.sp.gov.br\/siseduc\/portal\/exibir\/arquivo\/11909\/inline\/https:\/\/portaleducacao.guarulhos.sp.gov.br\/siseduc\/portal\/exibir\/arquivo\/11909\/inline\/\" target=\"_blank\" rel=\"nofollow\">\n\t\t\t\t\t\t\t<img width=\"394\" height=\"556\" src=\"https:\/\/portaleducacao.guarulhos.sp.gov.br\/wp_site\/educacaoantirracista\/wp-content\/uploads\/sites\/31\/2025\/03\/Captura-de-tela-2025-03-18-083232.png\" class=\"attachment-large size-large wp-image-457\" alt=\"\" loading=\"lazy\" srcset=\"https:\/\/portaleducacao.guarulhos.sp.gov.br\/wp_site\/educacaoantirracista\/wp-content\/uploads\/sites\/31\/2025\/03\/Captura-de-tela-2025-03-18-083232.png 394w, https:\/\/portaleducacao.guarulhos.sp.gov.br\/wp_site\/educacaoantirracista\/wp-content\/uploads\/sites\/31\/2025\/03\/Captura-de-tela-2025-03-18-083232-213x300.png 213w\" sizes=\"(max-width: 394px) 100vw, 394px\" \/>\t\t\t\t\t\t\t\t<\/a>\n\t\t\t\t\t\t\t\t\t\t\t\t\t\t\t<\/div>\n\t\t\t\t<\/div>\n\t\t\t\t<div class=\"elementor-element elementor-element-13806a1 elementor-widget elementor-widget-heading\" data-id=\"13806a1\" data-element_type=\"widget\" data-widget_type=\"heading.default\">\n\t\t\t\t<div class=\"elementor-widget-container\">\n\t\t\t<h4 class=\"elementor-heading-title elementor-size-default\">INCLUS\u00c3O \u2013 EDUCA\u00c7\u00c3O ANTIRRACISTA \u2013 Educar para a Diversidade<\/h4>\t\t<\/div>\n\t\t\t\t<\/div>\n\t\t\t\t\t<\/div>\n\t\t<\/div>\n\t\t\t\t<div class=\"elementor-column elementor-col-33 elementor-inner-column elementor-element elementor-element-46d327e\" data-id=\"46d327e\" data-element_type=\"column\">\n\t\t\t<div class=\"elementor-widget-wrap elementor-element-populated\">\n\t\t\t\t\t\t\t\t<div class=\"elementor-element elementor-element-86ba5f3 elementor-widget__width-initial elementor-widget elementor-widget-image\" data-id=\"86ba5f3\" data-element_type=\"widget\" data-widget_type=\"image.default\">\n\t\t\t\t<div class=\"elementor-widget-container\">\n\t\t\t\t\t\t\t\t\t\t\t\t\t\t\t\t<a href=\"https:\/\/portaleducacao.guarulhos.sp.gov.br\/siseduc\/portal\/exibir\/arquivo\/11151\/inline\/\" target=\"_blank\" rel=\"nofollow\">\n\t\t\t\t\t\t\t<img width=\"373\" height=\"500\" src=\"https:\/\/portaleducacao.guarulhos.sp.gov.br\/wp_site\/educacaoantirracista\/wp-content\/uploads\/sites\/31\/2025\/03\/Imagem3.jpg\" class=\"attachment-large size-large wp-image-413\" alt=\"\" loading=\"lazy\" srcset=\"https:\/\/portaleducacao.guarulhos.sp.gov.br\/wp_site\/educacaoantirracista\/wp-content\/uploads\/sites\/31\/2025\/03\/Imagem3.jpg 373w, https:\/\/portaleducacao.guarulhos.sp.gov.br\/wp_site\/educacaoantirracista\/wp-content\/uploads\/sites\/31\/2025\/03\/Imagem3-224x300.jpg 224w\" sizes=\"(max-width: 373px) 100vw, 373px\" \/>\t\t\t\t\t\t\t\t<\/a>\n\t\t\t\t\t\t\t\t\t\t\t\t\t\t\t<\/div>\n\t\t\t\t<\/div>\n\t\t\t\t<div class=\"elementor-element elementor-element-bf42663 elementor-widget elementor-widget-heading\" data-id=\"bf42663\" data-element_type=\"widget\" data-widget_type=\"heading.default\">\n\t\t\t\t<div class=\"elementor-widget-container\">\n\t\t\t<h4 class=\"elementor-heading-title elementor-size-default\"><br>REVISTA SABERES E APRENDIZAGENS \u2013 A escola como protagonista na constru\u00e7\u00e3o de uma educa\u00e7\u00e3o antirracista<\/h4>\t\t<\/div>\n\t\t\t\t<\/div>\n\t\t\t\t\t<\/div>\n\t\t<\/div>\n\t\t\t\t\t\t\t<\/div>\n\t\t<\/section>\n\t\t\t\t<section class=\"elementor-section elementor-inner-section elementor-element elementor-element-8a06784 elementor-section-boxed elementor-section-height-default elementor-section-height-default\" data-id=\"8a06784\" data-element_type=\"section\">\n\t\t\t\t\t\t<div class=\"elementor-container elementor-column-gap-wide\">\n\t\t\t\t\t<div class=\"elementor-column elementor-col-33 elementor-inner-column elementor-element elementor-element-c3230a0\" data-id=\"c3230a0\" data-element_type=\"column\">\n\t\t\t<div class=\"elementor-widget-wrap elementor-element-populated\">\n\t\t\t\t\t\t\t\t<div class=\"elementor-element elementor-element-b4eb6cb elementor-widget elementor-widget-image\" data-id=\"b4eb6cb\" data-element_type=\"widget\" data-widget_type=\"image.default\">\n\t\t\t\t<div class=\"elementor-widget-container\">\n\t\t\t\t\t\t\t\t\t\t\t\t\t\t\t\t<a href=\"https:\/\/portaleducacao.guarulhos.sp.gov.br\/siseduc\/portal\/exibir\/arquivo\/72\/inline\/\">\n\t\t\t\t\t\t\t<img width=\"952\" height=\"702\" src=\"https:\/\/portaleducacao.guarulhos.sp.gov.br\/wp_site\/educacaoantirracista\/wp-content\/uploads\/sites\/31\/2025\/03\/Captura-de-tela-2025-03-18-093145.png\" class=\"attachment-1536x1536 size-1536x1536 wp-image-477\" alt=\"\" loading=\"lazy\" srcset=\"https:\/\/portaleducacao.guarulhos.sp.gov.br\/wp_site\/educacaoantirracista\/wp-content\/uploads\/sites\/31\/2025\/03\/Captura-de-tela-2025-03-18-093145.png 952w, https:\/\/portaleducacao.guarulhos.sp.gov.br\/wp_site\/educacaoantirracista\/wp-content\/uploads\/sites\/31\/2025\/03\/Captura-de-tela-2025-03-18-093145-300x221.png 300w, https:\/\/portaleducacao.guarulhos.sp.gov.br\/wp_site\/educacaoantirracista\/wp-content\/uploads\/sites\/31\/2025\/03\/Captura-de-tela-2025-03-18-093145-768x566.png 768w\" sizes=\"(max-width: 952px) 100vw, 952px\" \/>\t\t\t\t\t\t\t\t<\/a>\n\t\t\t\t\t\t\t\t\t\t\t\t\t\t\t<\/div>\n\t\t\t\t<\/div>\n\t\t\t\t<div class=\"elementor-element elementor-element-7c48c87 elementor-widget elementor-widget-heading\" data-id=\"7c48c87\" data-element_type=\"widget\" data-widget_type=\"heading.default\">\n\t\t\t\t<div class=\"elementor-widget-container\">\n\t\t\t<h4 class=\"elementor-heading-title elementor-size-default\">AKONI - TEM HIST\u00d3RIA. Uma pol\u00edtica de educa\u00e7\u00e3o para as rela\u00e7\u00f5es raciais: an\u00e1lises e percep\u00e7\u00f5es<\/h4>\t\t<\/div>\n\t\t\t\t<\/div>\n\t\t\t\t\t<\/div>\n\t\t<\/div>\n\t\t\t\t<div class=\"elementor-column elementor-col-33 elementor-inner-column elementor-element elementor-element-b362f7e\" data-id=\"b362f7e\" data-element_type=\"column\">\n\t\t\t<div class=\"elementor-widget-wrap elementor-element-populated\">\n\t\t\t\t\t\t\t\t<div class=\"elementor-element elementor-element-27df46d elementor-widget elementor-widget-image\" data-id=\"27df46d\" data-element_type=\"widget\" data-widget_type=\"image.default\">\n\t\t\t\t<div class=\"elementor-widget-container\">\n\t\t\t\t\t\t\t\t\t\t\t\t\t\t\t\t<a href=\"https:\/\/portaleducacao.guarulhos.sp.gov.br\/siseduc\/portal\/exibir\/arquivo\/71\/inline\/\">\n\t\t\t\t\t\t\t<img width=\"579\" height=\"430\" src=\"https:\/\/portaleducacao.guarulhos.sp.gov.br\/wp_site\/educacaoantirracista\/wp-content\/uploads\/sites\/31\/2025\/03\/Captura-de-tela-2025-03-18-082818.png\" class=\"attachment-1536x1536 size-1536x1536 wp-image-456\" alt=\"\" loading=\"lazy\" srcset=\"https:\/\/portaleducacao.guarulhos.sp.gov.br\/wp_site\/educacaoantirracista\/wp-content\/uploads\/sites\/31\/2025\/03\/Captura-de-tela-2025-03-18-082818.png 579w, https:\/\/portaleducacao.guarulhos.sp.gov.br\/wp_site\/educacaoantirracista\/wp-content\/uploads\/sites\/31\/2025\/03\/Captura-de-tela-2025-03-18-082818-300x223.png 300w\" sizes=\"(max-width: 579px) 100vw, 579px\" \/>\t\t\t\t\t\t\t\t<\/a>\n\t\t\t\t\t\t\t\t\t\t\t\t\t\t\t<\/div>\n\t\t\t\t<\/div>\n\t\t\t\t<div class=\"elementor-element elementor-element-3ed28d5 elementor-widget elementor-widget-heading\" data-id=\"3ed28d5\" data-element_type=\"widget\" data-widget_type=\"heading.default\">\n\t\t\t\t<div class=\"elementor-widget-container\">\n\t\t\t<h4 class=\"elementor-heading-title elementor-size-default\">Afrobrasileiros(as) e curr\u00edculo: Olhar para tr\u00e1s, para seguir em frente...<\/h4>\t\t<\/div>\n\t\t\t\t<\/div>\n\t\t\t\t\t<\/div>\n\t\t<\/div>\n\t\t\t\t<div class=\"elementor-column elementor-col-33 elementor-inner-column elementor-element elementor-element-8757a68\" data-id=\"8757a68\" data-element_type=\"column\">\n\t\t\t<div class=\"elementor-widget-wrap elementor-element-populated\">\n\t\t\t\t\t\t\t\t<div class=\"elementor-element elementor-element-a010c48 elementor-widget elementor-widget-image\" data-id=\"a010c48\" data-element_type=\"widget\" data-widget_type=\"image.default\">\n\t\t\t\t<div class=\"elementor-widget-container\">\n\t\t\t\t\t\t\t\t\t\t\t\t\t\t\t\t<a href=\"https:\/\/portaleducacao.guarulhos.sp.gov.br\/siseduc\/portal\/exibir\/arquivo\/44\/inline\/\">\n\t\t\t\t\t\t\t<img width=\"1019\" height=\"702\" src=\"https:\/\/portaleducacao.guarulhos.sp.gov.br\/wp_site\/educacaoantirracista\/wp-content\/uploads\/sites\/31\/2025\/03\/Captura-de-tela-2025-03-18-094617.png\" class=\"attachment-1536x1536 size-1536x1536 wp-image-482\" alt=\"\" loading=\"lazy\" srcset=\"https:\/\/portaleducacao.guarulhos.sp.gov.br\/wp_site\/educacaoantirracista\/wp-content\/uploads\/sites\/31\/2025\/03\/Captura-de-tela-2025-03-18-094617.png 1019w, https:\/\/portaleducacao.guarulhos.sp.gov.br\/wp_site\/educacaoantirracista\/wp-content\/uploads\/sites\/31\/2025\/03\/Captura-de-tela-2025-03-18-094617-300x207.png 300w, https:\/\/portaleducacao.guarulhos.sp.gov.br\/wp_site\/educacaoantirracista\/wp-content\/uploads\/sites\/31\/2025\/03\/Captura-de-tela-2025-03-18-094617-768x529.png 768w\" sizes=\"(max-width: 1019px) 100vw, 1019px\" \/>\t\t\t\t\t\t\t\t<\/a>\n\t\t\t\t\t\t\t\t\t\t\t\t\t\t\t<\/div>\n\t\t\t\t<\/div>\n\t\t\t\t<div class=\"elementor-element elementor-element-3c6a523 elementor-widget elementor-widget-heading\" data-id=\"3c6a523\" data-element_type=\"widget\" data-widget_type=\"heading.default\">\n\t\t\t\t<div class=\"elementor-widget-container\">\n\t\t\t<h4 class=\"elementor-heading-title elementor-size-default\">ASHANTI 1\u00a0\n<\/h4>\t\t<\/div>\n\t\t\t\t<\/div>\n\t\t\t\t\t<\/div>\n\t\t<\/div>\n\t\t\t\t\t\t\t<\/div>\n\t\t<\/section>\n\t\t\t\t<section class=\"elementor-section elementor-inner-section elementor-element elementor-element-6e4012f elementor-section-boxed elementor-section-height-default elementor-section-height-default\" data-id=\"6e4012f\" data-element_type=\"section\">\n\t\t\t\t\t\t<div class=\"elementor-container elementor-column-gap-wide\">\n\t\t\t\t\t<div class=\"elementor-column elementor-col-33 elementor-inner-column elementor-element elementor-element-1042435\" data-id=\"1042435\" data-element_type=\"column\">\n\t\t\t<div class=\"elementor-widget-wrap elementor-element-populated\">\n\t\t\t\t\t\t\t\t<div class=\"elementor-element elementor-element-5953836 elementor-widget elementor-widget-image\" data-id=\"5953836\" data-element_type=\"widget\" data-widget_type=\"image.default\">\n\t\t\t\t<div class=\"elementor-widget-container\">\n\t\t\t\t\t\t\t\t\t\t\t\t\t\t\t\t<a href=\"https:\/\/portaleducacao.guarulhos.sp.gov.br\/siseduc\/portal\/exibir\/arquivo\/70\/inline\/\">\n\t\t\t\t\t\t\t<img width=\"1016\" height=\"704\" src=\"https:\/\/portaleducacao.guarulhos.sp.gov.br\/wp_site\/educacaoantirracista\/wp-content\/uploads\/sites\/31\/2025\/03\/Captura-de-tela-2025-03-18-093722.png\" class=\"attachment-1536x1536 size-1536x1536 wp-image-478\" alt=\"\" loading=\"lazy\" srcset=\"https:\/\/portaleducacao.guarulhos.sp.gov.br\/wp_site\/educacaoantirracista\/wp-content\/uploads\/sites\/31\/2025\/03\/Captura-de-tela-2025-03-18-093722.png 1016w, https:\/\/portaleducacao.guarulhos.sp.gov.br\/wp_site\/educacaoantirracista\/wp-content\/uploads\/sites\/31\/2025\/03\/Captura-de-tela-2025-03-18-093722-300x208.png 300w, https:\/\/portaleducacao.guarulhos.sp.gov.br\/wp_site\/educacaoantirracista\/wp-content\/uploads\/sites\/31\/2025\/03\/Captura-de-tela-2025-03-18-093722-768x532.png 768w\" sizes=\"(max-width: 1016px) 100vw, 1016px\" \/>\t\t\t\t\t\t\t\t<\/a>\n\t\t\t\t\t\t\t\t\t\t\t\t\t\t\t<\/div>\n\t\t\t\t<\/div>\n\t\t\t\t<div class=\"elementor-element elementor-element-2b3610c elementor-widget elementor-widget-heading\" data-id=\"2b3610c\" data-element_type=\"widget\" data-widget_type=\"heading.default\">\n\t\t\t\t<div class=\"elementor-widget-container\">\n\t\t\t<h4 class=\"elementor-heading-title elementor-size-default\">ASHANTI 2 \u2013 Ra\u00e7a Etnia e G\u00eanero<\/h4>\t\t<\/div>\n\t\t\t\t<\/div>\n\t\t\t\t\t<\/div>\n\t\t<\/div>\n\t\t\t\t<div class=\"elementor-column elementor-col-33 elementor-inner-column elementor-element elementor-element-909f99d\" data-id=\"909f99d\" data-element_type=\"column\">\n\t\t\t<div class=\"elementor-widget-wrap elementor-element-populated\">\n\t\t\t\t\t\t\t\t<div class=\"elementor-element elementor-element-ef3662a elementor-widget elementor-widget-image\" data-id=\"ef3662a\" data-element_type=\"widget\" data-widget_type=\"image.default\">\n\t\t\t\t<div class=\"elementor-widget-container\">\n\t\t\t\t\t\t\t\t\t\t\t\t\t\t\t\t<a href=\"https:\/\/portaleducacao.guarulhos.sp.gov.br\/siseduc\/portal\/exibir\/arquivo\/477\/inline\/\" target=\"_blank\" rel=\"nofollow\">\n\t\t\t\t\t\t\t<img width=\"394\" height=\"528\" src=\"https:\/\/portaleducacao.guarulhos.sp.gov.br\/wp_site\/educacaoantirracista\/wp-content\/uploads\/sites\/31\/2025\/03\/Captura-de-tela-2025-03-21-141252.png\" class=\"attachment-large size-large wp-image-493\" alt=\"\" loading=\"lazy\" srcset=\"https:\/\/portaleducacao.guarulhos.sp.gov.br\/wp_site\/educacaoantirracista\/wp-content\/uploads\/sites\/31\/2025\/03\/Captura-de-tela-2025-03-21-141252.png 394w, https:\/\/portaleducacao.guarulhos.sp.gov.br\/wp_site\/educacaoantirracista\/wp-content\/uploads\/sites\/31\/2025\/03\/Captura-de-tela-2025-03-21-141252-224x300.png 224w\" sizes=\"(max-width: 394px) 100vw, 394px\" \/>\t\t\t\t\t\t\t\t<\/a>\n\t\t\t\t\t\t\t\t\t\t\t\t\t\t\t<\/div>\n\t\t\t\t<\/div>\n\t\t\t\t<div class=\"elementor-element elementor-element-2ec24ca elementor-widget elementor-widget-heading\" data-id=\"2ec24ca\" data-element_type=\"widget\" data-widget_type=\"heading.default\">\n\t\t\t\t<div class=\"elementor-widget-container\">\n\t\t\t<h4 class=\"elementor-heading-title elementor-size-default\">Origens da Presen\u00e7a Negra em Guarulhos <\/h4>\t\t<\/div>\n\t\t\t\t<\/div>\n\t\t\t\t\t<\/div>\n\t\t<\/div>\n\t\t\t\t<div class=\"elementor-column elementor-col-33 elementor-inner-column elementor-element elementor-element-6183c47\" data-id=\"6183c47\" data-element_type=\"column\">\n\t\t\t<div class=\"elementor-widget-wrap\">\n\t\t\t\t\t\t\t\t\t<\/div>\n\t\t<\/div>\n\t\t\t\t\t\t\t<\/div>\n\t\t<\/section>\n\t\t\t\t<div class=\"elementor-element elementor-element-b31940a elementor-widget elementor-widget-spacer\" data-id=\"b31940a\" data-element_type=\"widget\" data-widget_type=\"spacer.default\">\n\t\t\t\t<div class=\"elementor-widget-container\">\n\t\t\t\t\t<div class=\"elementor-spacer\">\n\t\t\t<div class=\"elementor-spacer-inner\"><\/div>\n\t\t<\/div>\n\t\t\t\t<\/div>\n\t\t\t\t<\/div>\n\t\t\t\t\t<\/div>\n\t\t<\/div>\n\t\t\t\t\t\t\t<\/div>\n\t\t<\/section>\n\t\t\t\t\t\t\t<\/div>\n\t\t","protected":false},"excerpt":{"rendered":"<p>Campanha Todos por umaEducA\u00c7\u00c3O Antirracista Antirracismo \u00e9 o conjunto de a\u00e7\u00f5es de natureza pol\u00edtica e pedag\u00f3gica, traduzida pela necessidade irremedi\u00e1vel de desconstruir formas de pensar e agir que foram naturalizadas<\/p>\n","protected":false},"author":1,"featured_media":0,"parent":0,"menu_order":0,"comment_status":"closed","ping_status":"closed","template":"elementor_header_footer","meta":{"_monsterinsights_skip_tracking":false,"_monsterinsights_sitenote_active":false,"_monsterinsights_sitenote_note":"","_monsterinsights_sitenote_category":0,"site-sidebar-layout":"no-sidebar","site-content-layout":"page-builder","ast-global-header-display":"","ast-main-header-display":"","ast-hfb-above-header-display":"","ast-hfb-below-header-display":"","ast-hfb-mobile-header-display":"","site-post-title":"disabled","ast-breadcrumbs-content":"","ast-featured-img":"disabled","footer-sml-layout":"","theme-transparent-header-meta":"","adv-header-id-meta":"","stick-header-meta":"","header-above-stick-meta":"","header-main-stick-meta":"","header-below-stick-meta":"","_expiration-date-status":"","_expiration-date":0,"_expiration-date-type":"","_expiration-date-categories":[],"_expiration-date-options":[]},"categories":[],"tags":[],"yoast_head":"<!-- This site is optimized with the Yoast SEO plugin v19.7.1 - https:\/\/yoast.com\/wordpress\/plugins\/seo\/ -->\r\n<title>Educa\u00e7\u00e3o Antirracista - Educa\u00e7\u00e3o Antirracista<\/title>\r\n<meta name=\"robots\" content=\"index, follow, max-snippet:-1, max-image-preview:large, max-video-preview:-1\" \/>\r\n<link rel=\"canonical\" href=\"https:\/\/portaleducacao.guarulhos.sp.gov.br\/wp_site\/educacaoantirracista\/\" \/>\r\n<meta property=\"og:locale\" content=\"pt_BR\" \/>\r\n<meta property=\"og:type\" content=\"article\" \/>\r\n<meta property=\"og:title\" content=\"Educa\u00e7\u00e3o Antirracista - Educa\u00e7\u00e3o Antirracista\" \/>\r\n<meta property=\"og:description\" content=\"Campanha Todos por umaEducA\u00c7\u00c3O Antirracista Antirracismo \u00e9 o conjunto de a\u00e7\u00f5es de natureza pol\u00edtica e pedag\u00f3gica, traduzida pela necessidade irremedi\u00e1vel de desconstruir formas de pensar e agir que foram naturalizadas\" \/>\r\n<meta property=\"og:url\" content=\"https:\/\/portaleducacao.guarulhos.sp.gov.br\/wp_site\/educacaoantirracista\/\" \/>\r\n<meta property=\"og:site_name\" content=\"Educa\u00e7\u00e3o Antirracista\" \/>\r\n<meta property=\"article:modified_time\" content=\"2025-05-20T16:58:04+00:00\" \/>\r\n<meta property=\"og:image\" content=\"http:\/\/portaleducacao.guarulhos.sp.gov.br\/wp_site\/educacaoantirracista\/wp-content\/uploads\/sites\/31\/2024\/11\/PNG_ilustracao-1024x914.png\" \/>\r\n<meta name=\"twitter:card\" content=\"summary_large_image\" \/>\r\n<meta name=\"twitter:label1\" content=\"Est. tempo de leitura\" \/>\n\t<meta name=\"twitter:data1\" content=\"9 minutos\" \/>\r\n<script type=\"application\/ld+json\" class=\"yoast-schema-graph\">{\"@context\":\"https:\/\/schema.org\",\"@graph\":[{\"@type\":\"WebPage\",\"@id\":\"https:\/\/portaleducacao.guarulhos.sp.gov.br\/wp_site\/educacaoantirracista\/\",\"url\":\"https:\/\/portaleducacao.guarulhos.sp.gov.br\/wp_site\/educacaoantirracista\/\",\"name\":\"Educa\u00e7\u00e3o Antirracista - Educa\u00e7\u00e3o Antirracista\",\"isPartOf\":{\"@id\":\"https:\/\/portaleducacao.guarulhos.sp.gov.br\/wp_site\/educacaoantirracista\/#website\"},\"datePublished\":\"2024-10-09T16:13:03+00:00\",\"dateModified\":\"2025-05-20T16:58:04+00:00\",\"breadcrumb\":{\"@id\":\"https:\/\/portaleducacao.guarulhos.sp.gov.br\/wp_site\/educacaoantirracista\/#breadcrumb\"},\"inLanguage\":\"pt-BR\",\"potentialAction\":[{\"@type\":\"ReadAction\",\"target\":[\"https:\/\/portaleducacao.guarulhos.sp.gov.br\/wp_site\/educacaoantirracista\/\"]}]},{\"@type\":\"BreadcrumbList\",\"@id\":\"https:\/\/portaleducacao.guarulhos.sp.gov.br\/wp_site\/educacaoantirracista\/#breadcrumb\",\"itemListElement\":[{\"@type\":\"ListItem\",\"position\":1,\"name\":\"In\u00edcio\",\"item\":\"https:\/\/portaleducacao.guarulhos.sp.gov.br\/wp_site\/educacaoantirracista\/\"},{\"@type\":\"ListItem\",\"position\":2,\"name\":\"Educa\u00e7\u00e3o Antirracista\"}]},{\"@type\":\"WebSite\",\"@id\":\"https:\/\/portaleducacao.guarulhos.sp.gov.br\/wp_site\/educacaoantirracista\/#website\",\"url\":\"https:\/\/portaleducacao.guarulhos.sp.gov.br\/wp_site\/educacaoantirracista\/\",\"name\":\"Educa\u00e7\u00e3o Antirracista\",\"description\":\"Campanha Todos por uma Educa\u00e7\u00e3o Antirracista\",\"potentialAction\":[{\"@type\":\"SearchAction\",\"target\":{\"@type\":\"EntryPoint\",\"urlTemplate\":\"https:\/\/portaleducacao.guarulhos.sp.gov.br\/wp_site\/educacaoantirracista\/?s={search_term_string}\"},\"query-input\":\"required name=search_term_string\"}],\"inLanguage\":\"pt-BR\"}]}<\/script>\r\n<!-- \/ Yoast SEO plugin. -->","yoast_head_json":{"title":"Educa\u00e7\u00e3o Antirracista - Educa\u00e7\u00e3o Antirracista","robots":{"index":"index","follow":"follow","max-snippet":"max-snippet:-1","max-image-preview":"max-image-preview:large","max-video-preview":"max-video-preview:-1"},"canonical":"https:\/\/portaleducacao.guarulhos.sp.gov.br\/wp_site\/educacaoantirracista\/","og_locale":"pt_BR","og_type":"article","og_title":"Educa\u00e7\u00e3o Antirracista - Educa\u00e7\u00e3o Antirracista","og_description":"Campanha Todos por umaEducA\u00c7\u00c3O Antirracista Antirracismo \u00e9 o conjunto de a\u00e7\u00f5es de natureza pol\u00edtica e pedag\u00f3gica, traduzida pela necessidade irremedi\u00e1vel de desconstruir formas de pensar e agir que foram naturalizadas","og_url":"https:\/\/portaleducacao.guarulhos.sp.gov.br\/wp_site\/educacaoantirracista\/","og_site_name":"Educa\u00e7\u00e3o Antirracista","article_modified_time":"2025-05-20T16:58:04+00:00","og_image":[{"url":"http:\/\/portaleducacao.guarulhos.sp.gov.br\/wp_site\/educacaoantirracista\/wp-content\/uploads\/sites\/31\/2024\/11\/PNG_ilustracao-1024x914.png"}],"twitter_card":"summary_large_image","twitter_misc":{"Est. tempo de leitura":"9 minutos"},"schema":{"@context":"https:\/\/schema.org","@graph":[{"@type":"WebPage","@id":"https:\/\/portaleducacao.guarulhos.sp.gov.br\/wp_site\/educacaoantirracista\/","url":"https:\/\/portaleducacao.guarulhos.sp.gov.br\/wp_site\/educacaoantirracista\/","name":"Educa\u00e7\u00e3o Antirracista - Educa\u00e7\u00e3o Antirracista","isPartOf":{"@id":"https:\/\/portaleducacao.guarulhos.sp.gov.br\/wp_site\/educacaoantirracista\/#website"},"datePublished":"2024-10-09T16:13:03+00:00","dateModified":"2025-05-20T16:58:04+00:00","breadcrumb":{"@id":"https:\/\/portaleducacao.guarulhos.sp.gov.br\/wp_site\/educacaoantirracista\/#breadcrumb"},"inLanguage":"pt-BR","potentialAction":[{"@type":"ReadAction","target":["https:\/\/portaleducacao.guarulhos.sp.gov.br\/wp_site\/educacaoantirracista\/"]}]},{"@type":"BreadcrumbList","@id":"https:\/\/portaleducacao.guarulhos.sp.gov.br\/wp_site\/educacaoantirracista\/#breadcrumb","itemListElement":[{"@type":"ListItem","position":1,"name":"In\u00edcio","item":"https:\/\/portaleducacao.guarulhos.sp.gov.br\/wp_site\/educacaoantirracista\/"},{"@type":"ListItem","position":2,"name":"Educa\u00e7\u00e3o Antirracista"}]},{"@type":"WebSite","@id":"https:\/\/portaleducacao.guarulhos.sp.gov.br\/wp_site\/educacaoantirracista\/#website","url":"https:\/\/portaleducacao.guarulhos.sp.gov.br\/wp_site\/educacaoantirracista\/","name":"Educa\u00e7\u00e3o Antirracista","description":"Campanha Todos por uma Educa\u00e7\u00e3o Antirracista","potentialAction":[{"@type":"SearchAction","target":{"@type":"EntryPoint","urlTemplate":"https:\/\/portaleducacao.guarulhos.sp.gov.br\/wp_site\/educacaoantirracista\/?s={search_term_string}"},"query-input":"required name=search_term_string"}],"inLanguage":"pt-BR"}]}},"_links":{"self":[{"href":"https:\/\/portaleducacao.guarulhos.sp.gov.br\/wp_site\/educacaoantirracista\/wp-json\/wp\/v2\/pages\/27"}],"collection":[{"href":"https:\/\/portaleducacao.guarulhos.sp.gov.br\/wp_site\/educacaoantirracista\/wp-json\/wp\/v2\/pages"}],"about":[{"href":"https:\/\/portaleducacao.guarulhos.sp.gov.br\/wp_site\/educacaoantirracista\/wp-json\/wp\/v2\/types\/page"}],"author":[{"embeddable":true,"href":"https:\/\/portaleducacao.guarulhos.sp.gov.br\/wp_site\/educacaoantirracista\/wp-json\/wp\/v2\/users\/1"}],"replies":[{"embeddable":true,"href":"https:\/\/portaleducacao.guarulhos.sp.gov.br\/wp_site\/educacaoantirracista\/wp-json\/wp\/v2\/comments?post=27"}],"version-history":[{"count":220,"href":"https:\/\/portaleducacao.guarulhos.sp.gov.br\/wp_site\/educacaoantirracista\/wp-json\/wp\/v2\/pages\/27\/revisions"}],"predecessor-version":[{"id":518,"href":"https:\/\/portaleducacao.guarulhos.sp.gov.br\/wp_site\/educacaoantirracista\/wp-json\/wp\/v2\/pages\/27\/revisions\/518"}],"wp:attachment":[{"href":"https:\/\/portaleducacao.guarulhos.sp.gov.br\/wp_site\/educacaoantirracista\/wp-json\/wp\/v2\/media?parent=27"}],"wp:term":[{"taxonomy":"category","embeddable":true,"href":"https:\/\/portaleducacao.guarulhos.sp.gov.br\/wp_site\/educacaoantirracista\/wp-json\/wp\/v2\/categories?post=27"},{"taxonomy":"post_tag","embeddable":true,"href":"https:\/\/portaleducacao.guarulhos.sp.gov.br\/wp_site\/educacaoantirracista\/wp-json\/wp\/v2\/tags?post=27"}],"curies":[{"name":"wp","href":"https:\/\/api.w.org\/{rel}","templated":true}]}}