{"id":1047,"date":"2022-07-14T15:39:24","date_gmt":"2022-07-14T18:39:24","guid":{"rendered":"http:\/\/portaleducacao.guarulhos.sp.gov.br\/wp_site\/portalbienal\/?page_id=1047"},"modified":"2024-01-29T13:39:56","modified_gmt":"2024-01-29T15:39:56","slug":"seteagosto","status":"publish","type":"page","link":"https:\/\/portaleducacao.guarulhos.sp.gov.br\/wp_site\/portalbienal\/seteagosto\/","title":{"rendered":"agendaProgramacao"},"content":{"rendered":"\t\t<div data-elementor-type=\"wp-page\" data-elementor-id=\"1047\" class=\"elementor elementor-1047\">\n\t\t\t\t\t\t\t\t\t<section class=\"elementor-section elementor-top-section elementor-element elementor-element-f0a1f07 elementor-section-boxed elementor-section-height-default elementor-section-height-default\" data-id=\"f0a1f07\" data-element_type=\"section\" data-settings=\"{&quot;background_background&quot;:&quot;classic&quot;}\">\n\t\t\t\t\t\t<div class=\"elementor-container elementor-column-gap-default\">\n\t\t\t\t\t<div class=\"elementor-column elementor-col-100 elementor-top-column elementor-element elementor-element-9814999\" data-id=\"9814999\" data-element_type=\"column\">\n\t\t\t<div class=\"elementor-widget-wrap elementor-element-populated\">\n\t\t\t\t\t\t\t\t<div class=\"elementor-element elementor-element-4e81240 elementor-widget elementor-widget-heading\" data-id=\"4e81240\" data-element_type=\"widget\" data-widget_type=\"heading.default\">\n\t\t\t\t<div class=\"elementor-widget-container\">\n\t\t\t<style>\/*! elementor - v3.12.1 - 02-04-2023 *\/\n.elementor-heading-title{padding:0;margin:0;line-height:1}.elementor-widget-heading .elementor-heading-title[class*=elementor-size-]>a{color:inherit;font-size:inherit;line-height:inherit}.elementor-widget-heading .elementor-heading-title.elementor-size-small{font-size:15px}.elementor-widget-heading .elementor-heading-title.elementor-size-medium{font-size:19px}.elementor-widget-heading .elementor-heading-title.elementor-size-large{font-size:29px}.elementor-widget-heading .elementor-heading-title.elementor-size-xl{font-size:39px}.elementor-widget-heading .elementor-heading-title.elementor-size-xxl{font-size:59px}<\/style><h2 class=\"elementor-heading-title elementor-size-default\">Programa\u00e7\u00e3o <a href=\"https:\/\/portaleducacao.guarulhos.sp.gov.br\/wp_site\/portalbienal\/tag\/bienalguarulhos\/\">#bienalGuarulhos<\/a><\/h2>\t\t<\/div>\n\t\t\t\t<\/div>\n\t\t\t\t\t<\/div>\n\t\t<\/div>\n\t\t\t\t\t\t\t<\/div>\n\t\t<\/section>\n\t\t\t\t<section class=\"elementor-section elementor-top-section elementor-element elementor-element-e1175c0 elementor-section-height-min-height elementor-section-items-stretch elementor-section-boxed elementor-section-height-default\" data-id=\"e1175c0\" data-element_type=\"section\">\n\t\t\t\t\t\t<div class=\"elementor-container elementor-column-gap-default\">\n\t\t\t\t\t<div class=\"elementor-column elementor-col-100 elementor-top-column elementor-element elementor-element-04a3065\" data-id=\"04a3065\" data-element_type=\"column\">\n\t\t\t<div class=\"elementor-widget-wrap elementor-element-populated\">\n\t\t\t\t\t\t\t\t<div class=\"elementor-element elementor-element-2a6bf16 elementor-widget elementor-widget-text-editor\" data-id=\"2a6bf16\" data-element_type=\"widget\" data-widget_type=\"text-editor.default\">\n\t\t\t\t<div class=\"elementor-widget-container\">\n\t\t\t<style>\/*! elementor - v3.12.1 - 02-04-2023 *\/\n.elementor-widget-text-editor.elementor-drop-cap-view-stacked .elementor-drop-cap{background-color:#69727d;color:<a href=\"https:\/\/portaleducacao.guarulhos.sp.gov.br\/wp_site\/portalbienal\/tag\/fff\/\">#fff<\/a>}.elementor-widget-text-editor.elementor-drop-cap-view-framed .elementor-drop-cap{color:#69727d;border:3px solid;background-color:transparent}.elementor-widget-text-editor:not(.elementor-drop-cap-view-default) .elementor-drop-cap{margin-top:8px}.elementor-widget-text-editor:not(.elementor-drop-cap-view-default) .elementor-drop-cap-letter{width:1em;height:1em}.elementor-widget-text-editor .elementor-drop-cap{float:left;text-align:center;line-height:1;font-size:50px}.elementor-widget-text-editor .elementor-drop-cap-letter{display:inline-block}<\/style>\t\t\t\t<p><span style=\"font-weight: bold; color: #8c2e7d;\"><span style=\"font-size: 1.6em;\">5 de agosto, sexta-feira<\/span><span style=\"font-size: 36px;\"><br \/><\/span><\/span><span style=\"font-style: inherit; color: var( --e-global-color-text ); font-family: var( --e-global-typography-text-font-family ), Sans-serif; background-color: var(--ast-global-color-5);\"><b>20h: Abertura Oficial da 2\u00aa Bienal do Livro de Guarulhos<br \/><\/b><\/span><span style=\"background-color: var(--ast-global-color-5); color: var( --e-global-color-text ); font-family: var( --e-global-typography-text-font-family ), Sans-serif; font-style: inherit; font-weight: inherit;\">Apresenta\u00e7\u00e3o da Orquestra Jovem Municipal de Guarulhos<\/span><\/p><p><span style=\"font-weight: bold; color: #8c2e7d; font-size: 1.6em;\">6 de agosto, S\u00e1bado<\/span><br \/><b>11h: Ilan Brenman<br \/><\/b>Bate-papo com o Autor: \u201cTema\u201d &#8211; Audit\u00f3rio Azul<\/p><p><b>11h: Majori Silva<br \/><\/b>Conta\u00e7\u00e3o de Hist\u00f3rias \u2013 Livro \u201cO Jardim de Mariele\u201d, no Audit\u00f3rio <br \/>Amarelo<br \/>Sess\u00e3o de Aut\u00f3grafos, \u00e0s 12h &#8211; Estande da Editora Moderna<\/p><p><b>11h: Fernanda Castro<br \/><\/b>Podcast Conex\u00e3o Bienal &#8211; O processo criativo de fanfictions<\/p><p><b>14h: Dr.\u00aa Natasha Mascarenhas<br \/><\/b>Bate-papo com a Autora: \u201cTema\u201dAudit\u00f3rio Amarelo<\/p><p><b>15h: Ot\u00e1vio J\u00fanior<br \/><\/b>Sess\u00e3o de Aut\u00f3grafos: Livros \u201cO garoto da camisa vermelha\u201d e<br \/>\u00a0\u201cO chef\u00e3o l\u00e1 do morro\u201d &#8211; Estande da Editora Aut\u00eantica<\/p><p><b>16h: Show da Luna<br \/><\/b>Apresenta\u00e7\u00e3o Musical &#8211; Audit\u00f3rio Azul<\/p><p><b>17h: Fam\u00edlia Brito Sales<br \/><\/b>Bate-papo com o Autor: Inclus\u00e3o Escolar e Educa\u00e7\u00e3o Especial: <br \/>Saberes e Reflex\u00f5es \u2013 Audit\u00f3rio Amarelo<\/p><p><b>18h: S\u00e9rgio Vaz<br \/><\/b>Bate-papo com o Autor: Literatura das Ruas &#8211; Audit\u00f3rio Azul<\/p><p><b>20h: Marco T\u00falio do Canal Authentic Games<br \/><\/b>Bate-papo com o Autor: \u201cTema\u201d &#8211; Audit\u00f3rio Azul<br \/>Podcast Conex\u00e3o Bienal, \u00e0s <b>19h30<br \/><\/b><span style=\"font-weight: bold; font-style: inherit; font-family: var( --e-global-typography-text-font-family ), Sans-serif; background-color: var(--ast-global-color-5);\"><br \/><span style=\"color: #8c2e7d;\"><span style=\"font-size: 1.6em;\">7 de agosto, Domingo<\/span><span style=\"font-size: 36px;\"><br \/><\/span><\/span><\/span><span style=\"font-style: inherit; color: var( --e-global-color-text ); font-family: var( --e-global-typography-text-font-family ), Sans-serif; background-color: var(--ast-global-color-5);\"><b>11h: Kiara Terra<br \/><\/b><\/span><span style=\"font-style: inherit; font-weight: inherit; color: var( --e-global-color-text ); font-family: var( --e-global-typography-text-font-family ), Sans-serif; background-color: var(--ast-global-color-5);\">Conta\u00e7\u00e3o de Hist\u00f3rias &#8211; Audit\u00f3rio Azul<\/span><\/p><p><b>11h: L\u00e9o Fraiman<br \/><\/b>Bate-papo com o Autor: Caminhos para enfrentar os novos tempos &#8211; Supera\u00e7\u00e3o e equil\u00edbrio emocional \u2013 Audit\u00f3rio Amarelo<br \/><b>Podcast Conex\u00e3o Bienal, \u00e0s 12h30<\/b><\/p><p><b>13h: Monique Malcher e Tiago Ortaet<br \/><\/b>Roda de Conversa: 16 anos da Lei Maria da Penha &#8211; Audit\u00f3rio Lil\u00e1s<\/p><p><b>14h: Cia N\u00facleo<br \/><\/b>Apresenta\u00e7\u00e3o Musical: Os Cirandeiros &#8211; Audit\u00f3rio Azul<\/p><p><b>14h: Daniel Carvalho<br \/><\/b>Oficina de Poesia: Constru\u00e7\u00e3o de Imagens na Poesia <br \/>Audit\u00f3riod Amarelo<\/p><p><b>15: Felipe Castilho<br \/><\/b>Sess\u00e3o de Aut\u00f3grafos: Livro \u201cOuro, Fogo &amp; Megabytes\u201d <br \/>Estande da Editora Aut\u00eantica<\/p><p><b>20h: Oscar Schimidt<br \/><\/b>Bate-papo com o Autor: Paix\u00e3o &#8211; Audit\u00f3rio Azul<\/p><p><span style=\"font-weight: bold; color: #8c2e7d; font-size: 1.6em;\">8 de agosto, Segunda-feira<\/span><br \/>1<b>7h: Jos\u00e9 Augusto Pinheiro (membro da AGL)<\/b><br \/>Bate-papo com o Autor: Dia ap\u00f3s dia, disciplina e gratid\u00e3o\u00a0<br \/>Audit\u00f3rio Amarelo<\/p><p><b>20h: Thalita Rebou\u00e7as<br \/><\/b>Bate-papo com a Autora: Literatura Infanto Juvenil<br \/>Audit\u00f3rio Azul<\/p><p><span style=\"font-weight: bold; color: #8c2e7d; font-size: 1.6em;\">9 de agosto, Ter\u00e7a-feira<\/span><br \/><b>19h: Bismael B. de Moraes (membro da AGL)<br \/><\/b>Bate-papo com o Autor: Seguran\u00e7a P\u00fablica<br \/>Audit\u00f3rio Amarelo<\/p><p><b>20h: Iber\u00ea Then\u00f3rio do canal Manual do Mundo<br \/><\/b>Bate-papo com o Autor: Como estamos conectados \u00e0 Ci\u00eancia? <br \/>Audit\u00f3rio Azul<\/p><p><span style=\"font-weight: bold; color: #8c2e7d; font-size: 1.6em;\">10 de agosto, Quarta-feira<\/span><br \/><b>19h: Fernando Canto Berzaghi (membro da AGL)<br \/><\/b>Bate-papo com o Autor: Terapia rima com poesia <br \/>Audit\u00f3rio Amarelo<\/p><p><b>20h:<br \/><\/b>Bate-papo com o Autor:<\/p><p><span style=\"font-weight: bold; color: #8c2e7d; font-size: 1.6em;\">11 de agosto, Quinta-feira<\/span><br \/><b>12h: M\u00e1rcia Papa<br \/><\/b>\u00a0Audit\u00f3rio Amarelo<\/p><p><b>15h: M\u00e1rcia Papa<br \/><\/b>\u00a0Audit\u00f3rio Amarelo<\/p><p><b>20h: Paulo Fochi<br \/><\/b>Bate-papo com o Autor: Primeira Inf\u00e2ncia<br \/>Audit\u00f3rio Azul<\/p><p><b>20h: Academia Guarulhense de Letras<br \/><\/b>Sarau &#8211; Audit\u00f3rio Amarelo<\/p><p><span style=\"font-weight: bold; color: #8c2e7d; font-size: 1.6em;\">12 de agosto, Sexta-feira<\/span><br \/><b>19h: Ivo de Souza (membro da AGL)<br \/><\/b>Bate-papo com o Autor: Cad\u00ea o Sol? &#8211; Audit\u00f3rio Amarelo<\/p><p><b>20h: Fabr\u00edcio Carpinejar<br \/><\/b>Bate-papo com o Autor: \u201cTema\u201d &#8211; Audit\u00f3rio Azul<\/p><p><span style=\"font-weight: bold; color: #8c2e7d; font-size: 1.6em;\">13 de agosto, S\u00e1bado<\/span><br \/><b>11h: Samuca<br \/><\/b>Conta\u00e7\u00e3o de Hist\u00f3rias &#8211; Audit\u00f3rio Lil\u00e1s<\/p><p><b>14h: Carlos Ruas do canal Um s\u00e1bado qualquer<br \/><\/b>Bate-papo com o Autor: \u201cTema\u201d &#8211; Audit\u00f3rio Lil\u00e1s<br \/>Podcast Conex\u00e3o Bienal, \u00e0s <b>13h30<br \/><\/b><br \/><b>15h: Paola Siviero<br \/><\/b>Sess\u00e3o de Aut\u00f3grafos: Livro \u201cO Auto da Maga Josefa\u201d<br \/>Estando da Editora Aut\u00eantica<\/p><p><b>16h: F\u00e1bulas de La Fontaine &#8211; Amo Educa\u00e7\u00e3o e Entretenimento<br \/><\/b>Teatro &#8211; Audit\u00f3rio Azul<\/p><p><b>16h: C\u00e9sar Magalh\u00e3es Borges<br \/><\/b>Bate-papo com o Autor: Poesia em trilhas de imagem e som<br \/>\u00a0Audit\u00f3rio Amarelo<\/p><p><b>18h: Wendel Bezerra<br \/><\/b>Bate-papo com o Dublador &#8211; Audit\u00f3rio Azul<\/p><p><b>20h: Ilana Casoy<br \/><\/b>Bate-papo com o Autor: \u201cTema\u201d &#8211; Audit\u00f3rio Azul<\/p><p><span style=\"font-weight: bold; color: #8c2e7d; font-size: 1.6em;\">14 de agosto, sexta-feira<\/span><br \/><b>11h: Projeto EducaDan\u00e7a<br \/><\/b>Apresenta\u00e7\u00e3o de Ballet &#8211; Audit\u00f3rio Azul<\/p><p><b>11h: Oficinas de Cultura Ind\u00edgena<br \/><\/b>Audit\u00f3rio Amarelo<\/p><p><b>11h: Pernacoteca<br \/><\/b>A encantadora biblioteca sobre pernas com a Cia. Eureka\u00a0<br \/>\u00a0Lounge Conectividade<\/p><p><b>14h: Babi Dewet<br \/><\/b>Podcast Conex\u00e3o Bienal: O processo criativo de fanfictions<br \/>Sess\u00e3o de Aut\u00f3grafos: Livro \u201cDesventuras (quase) rom\u00e2ntica<br \/>s de um festival, \u00e0s 15h &#8211; Estande da Editora Aut\u00eantica<\/p><p><b>15h: Daniel Munduruku e convidados<br \/><\/b>Mesa Tem\u00e1tica: Agosto Ind\u00edgena \u2013 Audit\u00f3rio Lil\u00e1s<\/p><p><b>16h: Barbatuques<br \/><\/b>Show Musical: Barbatuquices \u2013 Audit\u00f3rio Azul<\/p><p><b>17h: Bosco Maciel (membro da AGL)<br \/><\/b>Bate-papo com o Autor: Cultura popular, um tesouro ainda<br \/>\u00a0desconhecido \u2013 Audit\u00f3rio Amarelo<\/p><p><b>18h: Fernanda Takai<br \/><\/b>Show Musical e Bate-papo com a Autora: \u201cTema\u201d &#8211; Audit\u00f3rio Azul<\/p>\t\t\t\t\t\t<\/div>\n\t\t\t\t<\/div>\n\t\t\t\t\t<\/div>\n\t\t<\/div>\n\t\t\t\t\t\t\t<\/div>\n\t\t<\/section>\n\t\t\t\t\t\t\t<\/div>\n\t\t","protected":false},"excerpt":{"rendered":"<p>Programa\u00e7\u00e3o #bienalGuarulhos 5 de agosto, sexta-feira20h: Abertura Oficial da 2\u00aa Bienal do Livro de GuarulhosApresenta\u00e7\u00e3o da Orquestra Jovem Municipal de Guarulhos 6 de agosto, S\u00e1bado11h: Ilan BrenmanBate-papo com o Autor: &hellip;<\/p>\n<p class=\"read-more\"> <a class=\"\" href=\"https:\/\/portaleducacao.guarulhos.sp.gov.br\/wp_site\/portalbienal\/seteagosto\/\"> <span class=\"screen-reader-text\">agendaProgramacao<\/span> Leia mais &raquo;<\/a><\/p>\n","protected":false},"author":1,"featured_media":0,"parent":0,"menu_order":0,"comment_status":"closed","ping_status":"closed","template":"elementor_header_footer","meta":{"_monsterinsights_skip_tracking":false,"_monsterinsights_sitenote_active":false,"_monsterinsights_sitenote_note":"","_monsterinsights_sitenote_category":0,"site-sidebar-layout":"no-sidebar","site-content-layout":"page-builder","ast-global-header-display":"","ast-main-header-display":"","ast-hfb-above-header-display":"","ast-hfb-below-header-display":"","ast-hfb-mobile-header-display":"","site-post-title":"disabled","ast-breadcrumbs-content":"","ast-featured-img":"disabled","footer-sml-layout":"","theme-transparent-header-meta":"","adv-header-id-meta":"","stick-header-meta":"","header-above-stick-meta":"","header-main-stick-meta":"","header-below-stick-meta":"","_expiration-date-status":"","_expiration-date":0,"_expiration-date-type":"","_expiration-date-categories":[],"_expiration-date-options":[]},"categories":[42],"tags":[34],"yoast_head":"<!-- This site is optimized with the Yoast SEO plugin v19.7.1 - https:\/\/yoast.com\/wordpress\/plugins\/seo\/ -->\r\n<title>agendaProgramacao - Bienal do Livro de Guarulhos - 2024<\/title>\r\n<meta name=\"robots\" content=\"index, follow, max-snippet:-1, max-image-preview:large, max-video-preview:-1\" \/>\r\n<link rel=\"canonical\" href=\"https:\/\/portaleducacao.guarulhos.sp.gov.br\/wp_site\/portalbienal\/seteagosto\/\" \/>\r\n<meta property=\"og:locale\" content=\"pt_BR\" \/>\r\n<meta property=\"og:type\" content=\"article\" \/>\r\n<meta property=\"og:title\" content=\"agendaProgramacao - Bienal do Livro de Guarulhos - 2024\" \/>\r\n<meta property=\"og:description\" content=\"Programa\u00e7\u00e3o #bienalGuarulhos 5 de agosto, sexta-feira20h: Abertura Oficial da 2\u00aa Bienal do Livro de GuarulhosApresenta\u00e7\u00e3o da Orquestra Jovem Municipal de Guarulhos 6 de agosto, S\u00e1bado11h: Ilan BrenmanBate-papo com o Autor: &hellip; agendaProgramacao Leia mais &raquo;\" \/>\r\n<meta property=\"og:url\" content=\"https:\/\/portaleducacao.guarulhos.sp.gov.br\/wp_site\/portalbienal\/seteagosto\/\" \/>\r\n<meta property=\"og:site_name\" content=\"Bienal do Livro de Guarulhos - 2024\" \/>\r\n<meta property=\"article:modified_time\" content=\"2024-01-29T15:39:56+00:00\" \/>\r\n<meta name=\"twitter:card\" content=\"summary_large_image\" \/>\r\n<meta name=\"twitter:label1\" content=\"Est. tempo de leitura\" \/>\n\t<meta name=\"twitter:data1\" content=\"4 minutos\" \/>\r\n<script type=\"application\/ld+json\" class=\"yoast-schema-graph\">{\"@context\":\"https:\/\/schema.org\",\"@graph\":[{\"@type\":\"WebPage\",\"@id\":\"https:\/\/portaleducacao.guarulhos.sp.gov.br\/wp_site\/portalbienal\/seteagosto\/\",\"url\":\"https:\/\/portaleducacao.guarulhos.sp.gov.br\/wp_site\/portalbienal\/seteagosto\/\",\"name\":\"agendaProgramacao - Bienal do Livro de Guarulhos - 2024\",\"isPartOf\":{\"@id\":\"https:\/\/portaleducacao.guarulhos.sp.gov.br\/wp_site\/portalbienal\/#website\"},\"datePublished\":\"2022-07-14T18:39:24+00:00\",\"dateModified\":\"2024-01-29T15:39:56+00:00\",\"breadcrumb\":{\"@id\":\"https:\/\/portaleducacao.guarulhos.sp.gov.br\/wp_site\/portalbienal\/seteagosto\/#breadcrumb\"},\"inLanguage\":\"pt-BR\",\"potentialAction\":[{\"@type\":\"ReadAction\",\"target\":[\"https:\/\/portaleducacao.guarulhos.sp.gov.br\/wp_site\/portalbienal\/seteagosto\/\"]}]},{\"@type\":\"BreadcrumbList\",\"@id\":\"https:\/\/portaleducacao.guarulhos.sp.gov.br\/wp_site\/portalbienal\/seteagosto\/#breadcrumb\",\"itemListElement\":[{\"@type\":\"ListItem\",\"position\":1,\"name\":\"In\u00edcio\",\"item\":\"https:\/\/portaleducacao.guarulhos.sp.gov.br\/wp_site\/portalbienal\/\"},{\"@type\":\"ListItem\",\"position\":2,\"name\":\"agendaProgramacao\"}]},{\"@type\":\"WebSite\",\"@id\":\"https:\/\/portaleducacao.guarulhos.sp.gov.br\/wp_site\/portalbienal\/#website\",\"url\":\"https:\/\/portaleducacao.guarulhos.sp.gov.br\/wp_site\/portalbienal\/\",\"name\":\"Bienal do Livro de Guarulhos - 2024\",\"description\":\"Secretaria de Educa\u00e7\u00e3o - Prefeitura de Guarulhos\",\"publisher\":{\"@id\":\"https:\/\/portaleducacao.guarulhos.sp.gov.br\/wp_site\/portalbienal\/#organization\"},\"potentialAction\":[{\"@type\":\"SearchAction\",\"target\":{\"@type\":\"EntryPoint\",\"urlTemplate\":\"https:\/\/portaleducacao.guarulhos.sp.gov.br\/wp_site\/portalbienal\/?s={search_term_string}\"},\"query-input\":\"required name=search_term_string\"}],\"inLanguage\":\"pt-BR\"},{\"@type\":\"Organization\",\"@id\":\"https:\/\/portaleducacao.guarulhos.sp.gov.br\/wp_site\/portalbienal\/#organization\",\"name\":\"Bienal do Livro de Guarulhos - 2024\",\"url\":\"https:\/\/portaleducacao.guarulhos.sp.gov.br\/wp_site\/portalbienal\/\",\"sameAs\":[],\"logo\":{\"@type\":\"ImageObject\",\"inLanguage\":\"pt-BR\",\"@id\":\"https:\/\/portaleducacao.guarulhos.sp.gov.br\/wp_site\/portalbienal\/#\/schema\/logo\/image\/\",\"url\":\"https:\/\/portaleducacao.guarulhos.sp.gov.br\/wp_site\/portalbienal\/wp-content\/uploads\/sites\/22\/2022\/07\/logo_site.jpg\",\"contentUrl\":\"https:\/\/portaleducacao.guarulhos.sp.gov.br\/wp_site\/portalbienal\/wp-content\/uploads\/sites\/22\/2022\/07\/logo_site.jpg\",\"width\":350,\"height\":100,\"caption\":\"Bienal do Livro de Guarulhos - 2024\"},\"image\":{\"@id\":\"https:\/\/portaleducacao.guarulhos.sp.gov.br\/wp_site\/portalbienal\/#\/schema\/logo\/image\/\"}}]}<\/script>\r\n<!-- \/ Yoast SEO plugin. -->","yoast_head_json":{"title":"agendaProgramacao - Bienal do Livro de Guarulhos - 2024","robots":{"index":"index","follow":"follow","max-snippet":"max-snippet:-1","max-image-preview":"max-image-preview:large","max-video-preview":"max-video-preview:-1"},"canonical":"https:\/\/portaleducacao.guarulhos.sp.gov.br\/wp_site\/portalbienal\/seteagosto\/","og_locale":"pt_BR","og_type":"article","og_title":"agendaProgramacao - Bienal do Livro de Guarulhos - 2024","og_description":"Programa\u00e7\u00e3o #bienalGuarulhos 5 de agosto, sexta-feira20h: Abertura Oficial da 2\u00aa Bienal do Livro de GuarulhosApresenta\u00e7\u00e3o da Orquestra Jovem Municipal de Guarulhos 6 de agosto, S\u00e1bado11h: Ilan BrenmanBate-papo com o Autor: &hellip; agendaProgramacao Leia mais &raquo;","og_url":"https:\/\/portaleducacao.guarulhos.sp.gov.br\/wp_site\/portalbienal\/seteagosto\/","og_site_name":"Bienal do Livro de Guarulhos - 2024","article_modified_time":"2024-01-29T15:39:56+00:00","twitter_card":"summary_large_image","twitter_misc":{"Est. tempo de leitura":"4 minutos"},"schema":{"@context":"https:\/\/schema.org","@graph":[{"@type":"WebPage","@id":"https:\/\/portaleducacao.guarulhos.sp.gov.br\/wp_site\/portalbienal\/seteagosto\/","url":"https:\/\/portaleducacao.guarulhos.sp.gov.br\/wp_site\/portalbienal\/seteagosto\/","name":"agendaProgramacao - Bienal do Livro de Guarulhos - 2024","isPartOf":{"@id":"https:\/\/portaleducacao.guarulhos.sp.gov.br\/wp_site\/portalbienal\/#website"},"datePublished":"2022-07-14T18:39:24+00:00","dateModified":"2024-01-29T15:39:56+00:00","breadcrumb":{"@id":"https:\/\/portaleducacao.guarulhos.sp.gov.br\/wp_site\/portalbienal\/seteagosto\/#breadcrumb"},"inLanguage":"pt-BR","potentialAction":[{"@type":"ReadAction","target":["https:\/\/portaleducacao.guarulhos.sp.gov.br\/wp_site\/portalbienal\/seteagosto\/"]}]},{"@type":"BreadcrumbList","@id":"https:\/\/portaleducacao.guarulhos.sp.gov.br\/wp_site\/portalbienal\/seteagosto\/#breadcrumb","itemListElement":[{"@type":"ListItem","position":1,"name":"In\u00edcio","item":"https:\/\/portaleducacao.guarulhos.sp.gov.br\/wp_site\/portalbienal\/"},{"@type":"ListItem","position":2,"name":"agendaProgramacao"}]},{"@type":"WebSite","@id":"https:\/\/portaleducacao.guarulhos.sp.gov.br\/wp_site\/portalbienal\/#website","url":"https:\/\/portaleducacao.guarulhos.sp.gov.br\/wp_site\/portalbienal\/","name":"Bienal do Livro de Guarulhos - 2024","description":"Secretaria de Educa\u00e7\u00e3o - Prefeitura de Guarulhos","publisher":{"@id":"https:\/\/portaleducacao.guarulhos.sp.gov.br\/wp_site\/portalbienal\/#organization"},"potentialAction":[{"@type":"SearchAction","target":{"@type":"EntryPoint","urlTemplate":"https:\/\/portaleducacao.guarulhos.sp.gov.br\/wp_site\/portalbienal\/?s={search_term_string}"},"query-input":"required name=search_term_string"}],"inLanguage":"pt-BR"},{"@type":"Organization","@id":"https:\/\/portaleducacao.guarulhos.sp.gov.br\/wp_site\/portalbienal\/#organization","name":"Bienal do Livro de Guarulhos - 2024","url":"https:\/\/portaleducacao.guarulhos.sp.gov.br\/wp_site\/portalbienal\/","sameAs":[],"logo":{"@type":"ImageObject","inLanguage":"pt-BR","@id":"https:\/\/portaleducacao.guarulhos.sp.gov.br\/wp_site\/portalbienal\/#\/schema\/logo\/image\/","url":"https:\/\/portaleducacao.guarulhos.sp.gov.br\/wp_site\/portalbienal\/wp-content\/uploads\/sites\/22\/2022\/07\/logo_site.jpg","contentUrl":"https:\/\/portaleducacao.guarulhos.sp.gov.br\/wp_site\/portalbienal\/wp-content\/uploads\/sites\/22\/2022\/07\/logo_site.jpg","width":350,"height":100,"caption":"Bienal do Livro de Guarulhos - 2024"},"image":{"@id":"https:\/\/portaleducacao.guarulhos.sp.gov.br\/wp_site\/portalbienal\/#\/schema\/logo\/image\/"}}]}},"_links":{"self":[{"href":"https:\/\/portaleducacao.guarulhos.sp.gov.br\/wp_site\/portalbienal\/wp-json\/wp\/v2\/pages\/1047"}],"collection":[{"href":"https:\/\/portaleducacao.guarulhos.sp.gov.br\/wp_site\/portalbienal\/wp-json\/wp\/v2\/pages"}],"about":[{"href":"https:\/\/portaleducacao.guarulhos.sp.gov.br\/wp_site\/portalbienal\/wp-json\/wp\/v2\/types\/page"}],"author":[{"embeddable":true,"href":"https:\/\/portaleducacao.guarulhos.sp.gov.br\/wp_site\/portalbienal\/wp-json\/wp\/v2\/users\/1"}],"replies":[{"embeddable":true,"href":"https:\/\/portaleducacao.guarulhos.sp.gov.br\/wp_site\/portalbienal\/wp-json\/wp\/v2\/comments?post=1047"}],"version-history":[{"count":63,"href":"https:\/\/portaleducacao.guarulhos.sp.gov.br\/wp_site\/portalbienal\/wp-json\/wp\/v2\/pages\/1047\/revisions"}],"predecessor-version":[{"id":1134,"href":"https:\/\/portaleducacao.guarulhos.sp.gov.br\/wp_site\/portalbienal\/wp-json\/wp\/v2\/pages\/1047\/revisions\/1134"}],"wp:attachment":[{"href":"https:\/\/portaleducacao.guarulhos.sp.gov.br\/wp_site\/portalbienal\/wp-json\/wp\/v2\/media?parent=1047"}],"wp:term":[{"taxonomy":"category","embeddable":true,"href":"https:\/\/portaleducacao.guarulhos.sp.gov.br\/wp_site\/portalbienal\/wp-json\/wp\/v2\/categories?post=1047"},{"taxonomy":"post_tag","embeddable":true,"href":"https:\/\/portaleducacao.guarulhos.sp.gov.br\/wp_site\/portalbienal\/wp-json\/wp\/v2\/tags?post=1047"}],"curies":[{"name":"wp","href":"https:\/\/api.w.org\/{rel}","templated":true}]}}