{"id":1951,"date":"2022-07-27T15:34:54","date_gmt":"2022-07-27T18:34:54","guid":{"rendered":"https:\/\/portaleducacao.guarulhos.sp.gov.br\/wp_site\/portalbienal\/?page_id=1951"},"modified":"2024-01-29T13:41:17","modified_gmt":"2024-01-29T15:41:17","slug":"linhadotempobiblioteca","status":"publish","type":"page","link":"https:\/\/portaleducacao.guarulhos.sp.gov.br\/wp_site\/portalbienal\/linhadotempobiblioteca\/","title":{"rendered":"linhaDoTempoBiblioteca"},"content":{"rendered":"\t\t<div data-elementor-type=\"wp-page\" data-elementor-id=\"1951\" class=\"elementor elementor-1951\">\n\t\t\t\t\t\t\t\t\t<section class=\"elementor-section elementor-top-section elementor-element elementor-element-31f4ac6 elementor-section-boxed elementor-section-height-default elementor-section-height-default\" data-id=\"31f4ac6\" data-element_type=\"section\">\n\t\t\t\t\t\t<div class=\"elementor-container elementor-column-gap-default\">\n\t\t\t\t\t<div class=\"elementor-column elementor-col-100 elementor-top-column elementor-element elementor-element-8339f08\" data-id=\"8339f08\" data-element_type=\"column\">\n\t\t\t<div class=\"elementor-widget-wrap elementor-element-populated\">\n\t\t\t\t\t\t\t\t<div class=\"elementor-element elementor-element-d8b7d65 elementor-widget elementor-widget-image\" data-id=\"d8b7d65\" data-element_type=\"widget\" data-widget_type=\"image.default\">\n\t\t\t\t<div class=\"elementor-widget-container\">\n\t\t\t<style>\/*! elementor - v3.12.1 - 02-04-2023 *\/\n.elementor-widget-image{text-align:center}.elementor-widget-image a{display:inline-block}.elementor-widget-image a img[src$=\".svg\"]{width:48px}.elementor-widget-image img{vertical-align:middle;display:inline-block}<\/style>\t\t\t\t\t\t\t\t\t\t\t\t<img width=\"1024\" height=\"190\" src=\"https:\/\/portaleducacao.guarulhos.sp.gov.br\/wp_site\/portalbienal\/wp-content\/uploads\/sites\/22\/2022\/08\/WhatsApp-Image-2022-08-01-at-14.22.10-1024x190.jpeg\" class=\"attachment-large size-large wp-image-2366\" alt=\"\" loading=\"lazy\" srcset=\"https:\/\/portaleducacao.guarulhos.sp.gov.br\/wp_site\/portalbienal\/wp-content\/uploads\/sites\/22\/2022\/08\/WhatsApp-Image-2022-08-01-at-14.22.10-1024x190.jpeg 1024w, https:\/\/portaleducacao.guarulhos.sp.gov.br\/wp_site\/portalbienal\/wp-content\/uploads\/sites\/22\/2022\/08\/WhatsApp-Image-2022-08-01-at-14.22.10-300x56.jpeg 300w, https:\/\/portaleducacao.guarulhos.sp.gov.br\/wp_site\/portalbienal\/wp-content\/uploads\/sites\/22\/2022\/08\/WhatsApp-Image-2022-08-01-at-14.22.10-768x142.jpeg 768w, https:\/\/portaleducacao.guarulhos.sp.gov.br\/wp_site\/portalbienal\/wp-content\/uploads\/sites\/22\/2022\/08\/WhatsApp-Image-2022-08-01-at-14.22.10.jpeg 1280w\" sizes=\"(max-width: 1024px) 100vw, 1024px\" \/>\t\t\t\t\t\t\t\t\t\t\t\t\t\t\t<\/div>\n\t\t\t\t<\/div>\n\t\t\t\t\t<\/div>\n\t\t<\/div>\n\t\t\t\t\t\t\t<\/div>\n\t\t<\/section>\n\t\t\t\t<section class=\"elementor-section elementor-top-section elementor-element elementor-element-67f1586 elementor-section-boxed elementor-section-height-default elementor-section-height-default\" data-id=\"67f1586\" data-element_type=\"section\">\n\t\t\t\t\t\t<div class=\"elementor-container elementor-column-gap-default\">\n\t\t\t\t\t<div class=\"elementor-column elementor-col-100 elementor-top-column elementor-element elementor-element-5b14e4f\" data-id=\"5b14e4f\" data-element_type=\"column\">\n\t\t\t<div class=\"elementor-widget-wrap elementor-element-populated\">\n\t\t\t\t\t\t\t\t<div class=\"elementor-element elementor-element-c758b88 elementor-widget elementor-widget-zeus-timeline\" data-id=\"c758b88\" data-element_type=\"widget\" data-widget_type=\"zeus-timeline.default\">\n\t\t\t\t<div class=\"elementor-widget-container\">\n\t\t\t\n\t\t\t<div class=\"zeus-timeline zeus-timeline-center\">\n\t\t\t\t<div class=\"zeus-timeline-inner\">\n\n\t\t\t\t\t\n\t\t\t\t\t\t<div class=\"zeus-timeline-item zeus-timeline-item-left\">\n\t\t\t\t\t\t\t<div class=\"zeus-timeline-item-wrap\">\n\n\t\t\t\t\t\t\t\t<div class=\"zeus-timeline-line\"><span><\/span><\/div>\n\n\t\t\t\t\t\t\t\t<div class=\"zeus-timeline-item-container\">\n\t\t\t\t\t\t\t\t\t<div class=\"zeus-timeline-icon zeus-timeline-custom-icon\"><span><i aria-hidden=\"true\" class=\"fas fa-file-alt\"><\/i><\/span><\/div>\n\n\t\t\t\t\t\t\t\t\t<div class=\"zeus-timeline-item-main\">\n\t\t\t\t\t\t\t\t\t\t<span class=\"zeus-timeline-arrow\"><\/span>\n\n\t\t\t\t\t\t\t\t\t\t\t\t\t\t\t\t\t\t\t\t\t<div class=\"zeus-timeline-thumbnail\">\n\t\t\t\t\t\t\t\t\t\t\t\t<a href=\"#\" title=\"\">\n\t\t\t\t\t\t\t\t\t\t\t\t\t<img src=\"\" alt=\"\">\n\t\t\t\t\t\t\t\t\t\t\t\t<\/a>\n\t\t\t\t\t\t\t\t\t\t\t<\/div>\n\t\t\t\t\t\t\t\t\t\t\t\n\t\t\t\t\t\t\t\t\t\t<div class=\"zeus-timeline-desc\">\n\t\t\t\t\t\t\t\t\t\t\t\t\t\t\t\t\t\t\t\t\t\t\t<h4 class=\"zeus-timeline-title\">\n\t\t\t\t\t\t\t\t\t\t\t\t\t<a href=\"#\" title=\"\"><\/a>\n\t\t\t\t\t\t\t\t\t\t\t\t<\/h4>\n\t\t\t\t\t\t\t\t\t\t\t\t\t\t\t\t\t\t\t\t\t\t\t\t<ul class=\"zeus-timeline-meta\">\n\t\t\t\t\t\t\t\t\t\t\t\t\t<li>1939<\/li>\n\t\t\t\t\t\t\t\t\t\t\t\t<\/ul>\n\t\t\t\t\t\t\t\t\t\t\t\t\t\t\t\t\t\t\t\t\t\t\t\t<div class=\"zeus-timeline-excerpt\"><p><!--[if lt IE 9]><script>document.createElement('audio');<\/script><![endif]-->\n<audio class=\"wp-audio-shortcode\" id=\"audio-1951-1\" preload=\"none\" style=\"width: 100%;\" controls=\"controls\"><source type=\"audio\/mpeg\" src=\"http:\/\/portaleducacao.guarulhos.sp.gov.br\/wp_site\/portalbienal\/wp-content\/uploads\/sites\/22\/2022\/08\/11-BIBLIOTECA-MUNICIPAL-DE-GUARULHOS-ESQUINA-DAS-RUAS-FELICIO-MARCONDES-E-SETE-DE-SETEMBRO.mp3?_=1\" \/><a href=\"http:\/\/portaleducacao.guarulhos.sp.gov.br\/wp_site\/portalbienal\/wp-content\/uploads\/sites\/22\/2022\/08\/11-BIBLIOTECA-MUNICIPAL-DE-GUARULHOS-ESQUINA-DAS-RUAS-FELICIO-MARCONDES-E-SETE-DE-SETEMBRO.mp3\">http:\/\/portaleducacao.guarulhos.sp.gov.br\/wp_site\/portalbienal\/wp-content\/uploads\/sites\/22\/2022\/08\/11-BIBLIOTECA-MUNICIPAL-DE-GUARULHOS-ESQUINA-DAS-RUAS-FELICIO-MARCONDES-E-SETE-DE-SETEMBRO.mp3<\/a><\/audio><\/p><p><strong>1939. <br \/>A Inaugura\u00e7\u00e3o<\/strong><br \/>Em junho de 1939 foi criada a Biblioteca Municipal de Guarulhos, que ficava na esquina das ruas Fel\u00edcio Marcondes e Sete de Setembro. O espa\u00e7o foi inaugurado em novembro de 1940 e o setor circulante para empr\u00e9stimo de livros criado em 1955.<\/p><\/div>\n\t\t\t\t\t\t\t\t\t\t\t\t\t\t\t\t\t\t\t\t\t\t<\/div>\n\t\t\t\t\t\t\t\t\t<\/div>\n\t\t\t\t\t\t\t\t<\/div>\n\n\t\t\t\t\t\t\t<\/div>\n\t\t\t\t\t\t<\/div>\n\n\t\t\t\t\t\t\t\t\t\t\t\t\t\t\t\t\t\t\t\t<div class=\"zeus-timeline-item\">\n\t\t\t\t\t\t\t\t<div class=\"zeus-timeline-date\"><span>1939<\/span><\/div>\n\t\t\t\t\t\t\t<\/div>\n\t\t\t\t\t\t\t\t\t\t\t\t\t\t<div class=\"zeus-timeline-item\">\n\t\t\t\t\t\t\t\t<div class=\"zeus-timeline-date zeus-timeline-date-right\"><span>1940<\/span><\/div>\n\t\t\t\t\t\t\t<\/div>\n\t\t\t\t\t\t\t\n\t\t\t\t\t\t<div class=\"zeus-timeline-item zeus-timeline-item-right\">\n\t\t\t\t\t\t\t<div class=\"zeus-timeline-item-wrap\">\n\n\t\t\t\t\t\t\t\t<div class=\"zeus-timeline-line\"><span><\/span><\/div>\n\n\t\t\t\t\t\t\t\t<div class=\"zeus-timeline-item-container\">\n\t\t\t\t\t\t\t\t\t<div class=\"zeus-timeline-icon zeus-timeline-custom-icon\"><span><i aria-hidden=\"true\" class=\"fas fa-file-alt\"><\/i><\/span><\/div>\n\n\t\t\t\t\t\t\t\t\t<div class=\"zeus-timeline-item-main\">\n\t\t\t\t\t\t\t\t\t\t<span class=\"zeus-timeline-arrow\"><\/span>\n\n\t\t\t\t\t\t\t\t\t\t\t\t\t\t\t\t\t\t\t\t\t<div class=\"zeus-timeline-thumbnail\">\n\t\t\t\t\t\t\t\t\t\t\t\t<a href=\"#\" title=\"\">\n\t\t\t\t\t\t\t\t\t\t\t\t\t<img src=\"https:\/\/portaleducacao.guarulhos.sp.gov.br\/wp_site\/portalbienal\/wp-content\/uploads\/sites\/22\/2022\/08\/fachadaantiga.jpeg\" alt=\"\">\n\t\t\t\t\t\t\t\t\t\t\t\t<\/a>\n\t\t\t\t\t\t\t\t\t\t\t<\/div>\n\t\t\t\t\t\t\t\t\t\t\t\n\t\t\t\t\t\t\t\t\t\t<div class=\"zeus-timeline-desc\">\n\t\t\t\t\t\t\t\t\t\t\t\t\t\t\t\t\t\t\t\t\t\t\t<h4 class=\"zeus-timeline-title\">\n\t\t\t\t\t\t\t\t\t\t\t\t\t<a href=\"#\" title=\"\"><\/a>\n\t\t\t\t\t\t\t\t\t\t\t\t<\/h4>\n\t\t\t\t\t\t\t\t\t\t\t\t\t\t\t\t\t\t\t\t\t\t\t\t<ul class=\"zeus-timeline-meta\">\n\t\t\t\t\t\t\t\t\t\t\t\t\t<li>1940<\/li>\n\t\t\t\t\t\t\t\t\t\t\t\t<\/ul>\n\t\t\t\t\t\t\t\t\t\t\t\t\t\t\t\t\t\t\t\t\t\t\t\t<div class=\"zeus-timeline-excerpt\"><p><strong>1940. <br \/><\/strong>Biblioteca Municipal de Guarulhos, esquina das ruas Fel\u00edcio Marcondes e Sete de Setembro<\/p><\/div>\n\t\t\t\t\t\t\t\t\t\t\t\t\t\t\t\t\t\t\t\t\t\t<\/div>\n\t\t\t\t\t\t\t\t\t<\/div>\n\t\t\t\t\t\t\t\t<\/div>\n\n\t\t\t\t\t\t\t<\/div>\n\t\t\t\t\t\t<\/div>\n\n\t\t\t\t\t\t\n\t\t\t\t\t\t<div class=\"zeus-timeline-item zeus-timeline-item-left\">\n\t\t\t\t\t\t\t<div class=\"zeus-timeline-item-wrap\">\n\n\t\t\t\t\t\t\t\t<div class=\"zeus-timeline-line\"><span><\/span><\/div>\n\n\t\t\t\t\t\t\t\t<div class=\"zeus-timeline-item-container\">\n\t\t\t\t\t\t\t\t\t<div class=\"zeus-timeline-icon zeus-timeline-custom-icon\"><span><i aria-hidden=\"true\" class=\"fas fa-file-alt\"><\/i><\/span><\/div>\n\n\t\t\t\t\t\t\t\t\t<div class=\"zeus-timeline-item-main\">\n\t\t\t\t\t\t\t\t\t\t<span class=\"zeus-timeline-arrow\"><\/span>\n\n\t\t\t\t\t\t\t\t\t\t\t\t\t\t\t\t\t\t\t\t\t<div class=\"zeus-timeline-thumbnail\">\n\t\t\t\t\t\t\t\t\t\t\t\t<a href=\"#\" title=\"\">\n\t\t\t\t\t\t\t\t\t\t\t\t\t<img src=\"https:\/\/portaleducacao.guarulhos.sp.gov.br\/wp_site\/portalbienal\/wp-content\/uploads\/sites\/22\/2022\/08\/Imagens_site-02_Prancheta-1.jpg\" alt=\"\">\n\t\t\t\t\t\t\t\t\t\t\t\t<\/a>\n\t\t\t\t\t\t\t\t\t\t\t<\/div>\n\t\t\t\t\t\t\t\t\t\t\t\n\t\t\t\t\t\t\t\t\t\t<div class=\"zeus-timeline-desc\">\n\t\t\t\t\t\t\t\t\t\t\t\t\t\t\t\t\t\t\t\t\t\t\t<h4 class=\"zeus-timeline-title\">\n\t\t\t\t\t\t\t\t\t\t\t\t\t<a href=\"#\" title=\"\"><\/a>\n\t\t\t\t\t\t\t\t\t\t\t\t<\/h4>\n\t\t\t\t\t\t\t\t\t\t\t\t\t\t\t\t\t\t\t\t\t\t\t\t<ul class=\"zeus-timeline-meta\">\n\t\t\t\t\t\t\t\t\t\t\t\t\t<li>D\u00e9cada de 1950<\/li>\n\t\t\t\t\t\t\t\t\t\t\t\t<\/ul>\n\t\t\t\t\t\t\t\t\t\t\t\t\t\t\t\t\t\t\t\t\t\t\t\t<div class=\"zeus-timeline-excerpt\"><p><strong>D\u00e9cada de 1950.<\/strong><br \/>Foto a\u00e9rea da Rua Jo\u00e3o Gon\u00e7alves, onde \u00e9 poss\u00edvel ver o cemit\u00e9rio S\u00e3o Jo\u00e3o Batista<\/p><\/div>\n\t\t\t\t\t\t\t\t\t\t\t\t\t\t\t\t\t\t\t\t\t\t<\/div>\n\t\t\t\t\t\t\t\t\t<\/div>\n\t\t\t\t\t\t\t\t<\/div>\n\n\t\t\t\t\t\t\t<\/div>\n\t\t\t\t\t\t<\/div>\n\n\t\t\t\t\t\t\t\t\t\t\t\t\t\t\t\t\t\t\t\t<div class=\"zeus-timeline-item\">\n\t\t\t\t\t\t\t\t<div class=\"zeus-timeline-date\"><span>D\u00e9cada de 1950<\/span><\/div>\n\t\t\t\t\t\t\t<\/div>\n\t\t\t\t\t\t\t\t\t\t\t\t\t\t<div class=\"zeus-timeline-item\">\n\t\t\t\t\t\t\t\t<div class=\"zeus-timeline-date zeus-timeline-date-right\"><span>1959<\/span><\/div>\n\t\t\t\t\t\t\t<\/div>\n\t\t\t\t\t\t\t\n\t\t\t\t\t\t<div class=\"zeus-timeline-item zeus-timeline-item-right\">\n\t\t\t\t\t\t\t<div class=\"zeus-timeline-item-wrap\">\n\n\t\t\t\t\t\t\t\t<div class=\"zeus-timeline-line\"><span><\/span><\/div>\n\n\t\t\t\t\t\t\t\t<div class=\"zeus-timeline-item-container\">\n\t\t\t\t\t\t\t\t\t<div class=\"zeus-timeline-icon zeus-timeline-custom-icon\"><span><i aria-hidden=\"true\" class=\"fas fa-file-alt\"><\/i><\/span><\/div>\n\n\t\t\t\t\t\t\t\t\t<div class=\"zeus-timeline-item-main\">\n\t\t\t\t\t\t\t\t\t\t<span class=\"zeus-timeline-arrow\"><\/span>\n\n\t\t\t\t\t\t\t\t\t\t\t\t\t\t\t\t\t\t\t\t\t<div class=\"zeus-timeline-thumbnail\">\n\t\t\t\t\t\t\t\t\t\t\t\t<a href=\"#\" title=\"\">\n\t\t\t\t\t\t\t\t\t\t\t\t\t<img src=\"https:\/\/portaleducacao.guarulhos.sp.gov.br\/wp_site\/portalbienal\/wp-content\/uploads\/sites\/22\/2022\/08\/WhatsApp-Image-2022-07-27-at-08.36.29-3.jpeg\" alt=\"\">\n\t\t\t\t\t\t\t\t\t\t\t\t<\/a>\n\t\t\t\t\t\t\t\t\t\t\t<\/div>\n\t\t\t\t\t\t\t\t\t\t\t\n\t\t\t\t\t\t\t\t\t\t<div class=\"zeus-timeline-desc\">\n\t\t\t\t\t\t\t\t\t\t\t\t\t\t\t\t\t\t\t\t\t\t\t<h4 class=\"zeus-timeline-title\">\n\t\t\t\t\t\t\t\t\t\t\t\t\t<a href=\"#\" title=\"\"><\/a>\n\t\t\t\t\t\t\t\t\t\t\t\t<\/h4>\n\t\t\t\t\t\t\t\t\t\t\t\t\t\t\t\t\t\t\t\t\t\t\t\t<ul class=\"zeus-timeline-meta\">\n\t\t\t\t\t\t\t\t\t\t\t\t\t<li>1959<\/li>\n\t\t\t\t\t\t\t\t\t\t\t\t<\/ul>\n\t\t\t\t\t\t\t\t\t\t\t\t\t\t\t\t\t\t\t\t\t\t\t\t<div class=\"zeus-timeline-excerpt\"><p><audio class=\"wp-audio-shortcode\" id=\"audio-1951-2\" preload=\"none\" style=\"width: 100%;\" controls=\"controls\"><source type=\"audio\/mpeg\" src=\"http:\/\/portaleducacao.guarulhos.sp.gov.br\/wp_site\/portalbienal\/wp-content\/uploads\/sites\/22\/2022\/08\/2-AUREA-MANSUR-1.mp3?_=2\" \/><a href=\"http:\/\/portaleducacao.guarulhos.sp.gov.br\/wp_site\/portalbienal\/wp-content\/uploads\/sites\/22\/2022\/08\/2-AUREA-MANSUR-1.mp3\">http:\/\/portaleducacao.guarulhos.sp.gov.br\/wp_site\/portalbienal\/wp-content\/uploads\/sites\/22\/2022\/08\/2-AUREA-MANSUR-1.mp3<\/a><\/audio><\/p><p><strong><br \/>1959.<br \/>\u00c1urea Mansur <\/strong>funcion\u00e1ria administrativa da bibliotec\u00e1ria.<\/p><p>\u00c1urea Mansur foi funcion\u00e1ria da Biblioteca Municipal e era respons\u00e1vel pela administra\u00e7\u00e3o do espa\u00e7o. Naquela \u00e9poca, o acervo era constitu\u00eddo por obras da literatura nacional e internacional, did\u00e1tica e cultura geral.<\/p><p>Hoje, o Sistema Municipal de Bibliotecas P\u00fablicas de Guarulhos, que \u00e9 composto pela Biblioteca Monteiro Lobato e sete bibliotecas ramais, somam um acervo diversificado e com grande qualidade de obras, com mais de 197 mil livros, dos quais 85 mil encontram-se dispon\u00edveis para consulta e empr\u00e9stimo na pr\u00f3pria Monteiro Lobato.<\/p><\/div>\n\t\t\t\t\t\t\t\t\t\t\t\t\t\t\t\t\t\t\t\t\t\t<\/div>\n\t\t\t\t\t\t\t\t\t<\/div>\n\t\t\t\t\t\t\t\t<\/div>\n\n\t\t\t\t\t\t\t<\/div>\n\t\t\t\t\t\t<\/div>\n\n\t\t\t\t\t\t\n\t\t\t\t\t\t<div class=\"zeus-timeline-item zeus-timeline-item-left\">\n\t\t\t\t\t\t\t<div class=\"zeus-timeline-item-wrap\">\n\n\t\t\t\t\t\t\t\t<div class=\"zeus-timeline-line\"><span><\/span><\/div>\n\n\t\t\t\t\t\t\t\t<div class=\"zeus-timeline-item-container\">\n\t\t\t\t\t\t\t\t\t<div class=\"zeus-timeline-icon zeus-timeline-custom-icon\"><span><i aria-hidden=\"true\" class=\"fas fa-file-alt\"><\/i><\/span><\/div>\n\n\t\t\t\t\t\t\t\t\t<div class=\"zeus-timeline-item-main\">\n\t\t\t\t\t\t\t\t\t\t<span class=\"zeus-timeline-arrow\"><\/span>\n\n\t\t\t\t\t\t\t\t\t\t\t\t\t\t\t\t\t\t\t\t\t<div class=\"zeus-timeline-thumbnail\">\n\t\t\t\t\t\t\t\t\t\t\t\t<a href=\"#\" title=\"\">\n\t\t\t\t\t\t\t\t\t\t\t\t\t<img src=\"\" alt=\"\">\n\t\t\t\t\t\t\t\t\t\t\t\t<\/a>\n\t\t\t\t\t\t\t\t\t\t\t<\/div>\n\t\t\t\t\t\t\t\t\t\t\t\n\t\t\t\t\t\t\t\t\t\t<div class=\"zeus-timeline-desc\">\n\t\t\t\t\t\t\t\t\t\t\t\t\t\t\t\t\t\t\t\t\t\t\t<h4 class=\"zeus-timeline-title\">\n\t\t\t\t\t\t\t\t\t\t\t\t\t<a href=\"#\" title=\"\"><\/a>\n\t\t\t\t\t\t\t\t\t\t\t\t<\/h4>\n\t\t\t\t\t\t\t\t\t\t\t\t\t\t\t\t\t\t\t\t\t\t\t\t<ul class=\"zeus-timeline-meta\">\n\t\t\t\t\t\t\t\t\t\t\t\t\t<li>1960<\/li>\n\t\t\t\t\t\t\t\t\t\t\t\t<\/ul>\n\t\t\t\t\t\t\t\t\t\t\t\t\t\t\t\t\t\t\t\t\t\t\t\t<div class=\"zeus-timeline-excerpt\"><p><audio class=\"wp-audio-shortcode\" id=\"audio-1951-3\" preload=\"none\" style=\"width: 100%;\" controls=\"controls\"><source type=\"audio\/mpeg\" src=\"http:\/\/portaleducacao.guarulhos.sp.gov.br\/wp_site\/portalbienal\/wp-content\/uploads\/sites\/22\/2022\/08\/10-FOTO-AEREA-DA-RUA-JOAO-GONCALVES.mp3?_=3\" \/><a href=\"http:\/\/portaleducacao.guarulhos.sp.gov.br\/wp_site\/portalbienal\/wp-content\/uploads\/sites\/22\/2022\/08\/10-FOTO-AEREA-DA-RUA-JOAO-GONCALVES.mp3\">http:\/\/portaleducacao.guarulhos.sp.gov.br\/wp_site\/portalbienal\/wp-content\/uploads\/sites\/22\/2022\/08\/10-FOTO-AEREA-DA-RUA-JOAO-GONCALVES.mp3<\/a><\/audio><\/p><p><br \/><strong>Em 1960<\/strong> \u00e9 elaborado um projeto arquitet\u00f4nico para constru\u00e7\u00e3o de um novo pr\u00e9dio para a biblioteca e o local escolhido foi a parte de baixo do cemit\u00e9rio S\u00e3o Jo\u00e3o Batista, na Rua Jo\u00e3o Gon\u00e7alves, parte destinada ao sepultamento dos brancos pobres, \u00edndios e negros.<\/p><\/div>\n\t\t\t\t\t\t\t\t\t\t\t\t\t\t\t\t\t\t\t\t\t\t<\/div>\n\t\t\t\t\t\t\t\t\t<\/div>\n\t\t\t\t\t\t\t\t<\/div>\n\n\t\t\t\t\t\t\t<\/div>\n\t\t\t\t\t\t<\/div>\n\n\t\t\t\t\t\t\t\t\t\t\t\t\t\t\t\t\t\t\t\t<div class=\"zeus-timeline-item\">\n\t\t\t\t\t\t\t\t<div class=\"zeus-timeline-date\"><span>1960<\/span><\/div>\n\t\t\t\t\t\t\t<\/div>\n\t\t\t\t\t\t\t\t\t\t\t\t\t\t<div class=\"zeus-timeline-item\">\n\t\t\t\t\t\t\t\t<div class=\"zeus-timeline-date zeus-timeline-date-right\"><span>1968<\/span><\/div>\n\t\t\t\t\t\t\t<\/div>\n\t\t\t\t\t\t\t\n\t\t\t\t\t\t<div class=\"zeus-timeline-item zeus-timeline-item-right\">\n\t\t\t\t\t\t\t<div class=\"zeus-timeline-item-wrap\">\n\n\t\t\t\t\t\t\t\t<div class=\"zeus-timeline-line\"><span><\/span><\/div>\n\n\t\t\t\t\t\t\t\t<div class=\"zeus-timeline-item-container\">\n\t\t\t\t\t\t\t\t\t<div class=\"zeus-timeline-icon zeus-timeline-custom-icon\"><span><i aria-hidden=\"true\" class=\"fas fa-file-alt\"><\/i><\/span><\/div>\n\n\t\t\t\t\t\t\t\t\t<div class=\"zeus-timeline-item-main\">\n\t\t\t\t\t\t\t\t\t\t<span class=\"zeus-timeline-arrow\"><\/span>\n\n\t\t\t\t\t\t\t\t\t\t\t\t\t\t\t\t\t\t\t\t\t<div class=\"zeus-timeline-thumbnail\">\n\t\t\t\t\t\t\t\t\t\t\t\t<a href=\"#\" title=\"\">\n\t\t\t\t\t\t\t\t\t\t\t\t\t<img src=\"\" alt=\"\">\n\t\t\t\t\t\t\t\t\t\t\t\t<\/a>\n\t\t\t\t\t\t\t\t\t\t\t<\/div>\n\t\t\t\t\t\t\t\t\t\t\t\n\t\t\t\t\t\t\t\t\t\t<div class=\"zeus-timeline-desc\">\n\t\t\t\t\t\t\t\t\t\t\t\t\t\t\t\t\t\t\t\t\t\t\t<h4 class=\"zeus-timeline-title\">\n\t\t\t\t\t\t\t\t\t\t\t\t\t<a href=\"#\" title=\"\"><\/a>\n\t\t\t\t\t\t\t\t\t\t\t\t<\/h4>\n\t\t\t\t\t\t\t\t\t\t\t\t\t\t\t\t\t\t\t\t\t\t\t\t<ul class=\"zeus-timeline-meta\">\n\t\t\t\t\t\t\t\t\t\t\t\t\t<li>1968<\/li>\n\t\t\t\t\t\t\t\t\t\t\t\t<\/ul>\n\t\t\t\t\t\t\t\t\t\t\t\t\t\t\t\t\t\t\t\t\t\t\t\t<div class=\"zeus-timeline-excerpt\"><audio class=\"wp-audio-shortcode\" id=\"audio-1951-4\" preload=\"none\" style=\"width: 100%;\" controls=\"controls\"><source type=\"audio\/mpeg\" src=\"http:\/\/portaleducacao.guarulhos.sp.gov.br\/wp_site\/portalbienal\/wp-content\/uploads\/sites\/22\/2022\/08\/8-FACHADA-DA-BIBLIOTECA-MONTEIRO-LOBATO.mp3?_=4\" \/><a href=\"http:\/\/portaleducacao.guarulhos.sp.gov.br\/wp_site\/portalbienal\/wp-content\/uploads\/sites\/22\/2022\/08\/8-FACHADA-DA-BIBLIOTECA-MONTEIRO-LOBATO.mp3\">http:\/\/portaleducacao.guarulhos.sp.gov.br\/wp_site\/portalbienal\/wp-content\/uploads\/sites\/22\/2022\/08\/8-FACHADA-DA-BIBLIOTECA-MONTEIRO-LOBATO.mp3<\/a><\/audio>\n<strong>\nEm 1968, <\/strong>passados quase 30 anos de sua inaugura\u00e7\u00e3o, a biblioteca municipal foi transferida para o pr\u00e9dio na Rua Jo\u00e3o Gon\u00e7alves. Em 1978, a biblioteca recebeu o nome de Biblioteca Monteiro Lobato\n\ne negros.<\/div>\n\t\t\t\t\t\t\t\t\t\t\t\t\t\t\t\t\t\t\t\t\t\t<\/div>\n\t\t\t\t\t\t\t\t\t<\/div>\n\t\t\t\t\t\t\t\t<\/div>\n\n\t\t\t\t\t\t\t<\/div>\n\t\t\t\t\t\t<\/div>\n\n\t\t\t\t\t\t\n\t\t\t\t\t\t<div class=\"zeus-timeline-item zeus-timeline-item-left\">\n\t\t\t\t\t\t\t<div class=\"zeus-timeline-item-wrap\">\n\n\t\t\t\t\t\t\t\t<div class=\"zeus-timeline-line\"><span><\/span><\/div>\n\n\t\t\t\t\t\t\t\t<div class=\"zeus-timeline-item-container\">\n\t\t\t\t\t\t\t\t\t<div class=\"zeus-timeline-icon zeus-timeline-custom-icon\"><span><i aria-hidden=\"true\" class=\"fas fa-file-alt\"><\/i><\/span><\/div>\n\n\t\t\t\t\t\t\t\t\t<div class=\"zeus-timeline-item-main\">\n\t\t\t\t\t\t\t\t\t\t<span class=\"zeus-timeline-arrow\"><\/span>\n\n\t\t\t\t\t\t\t\t\t\t\t\t\t\t\t\t\t\t\t\t\t<div class=\"zeus-timeline-thumbnail\">\n\t\t\t\t\t\t\t\t\t\t\t\t<a href=\"#\" title=\"\">\n\t\t\t\t\t\t\t\t\t\t\t\t\t<img src=\"https:\/\/portaleducacao.guarulhos.sp.gov.br\/wp_site\/portalbienal\/wp-content\/uploads\/sites\/22\/2022\/08\/WhatsApp-Image-2022-07-27-at-08.36.29-1.jpeg\" alt=\"\">\n\t\t\t\t\t\t\t\t\t\t\t\t<\/a>\n\t\t\t\t\t\t\t\t\t\t\t<\/div>\n\t\t\t\t\t\t\t\t\t\t\t\n\t\t\t\t\t\t\t\t\t\t<div class=\"zeus-timeline-desc\">\n\t\t\t\t\t\t\t\t\t\t\t\t\t\t\t\t\t\t\t\t\t\t\t<h4 class=\"zeus-timeline-title\">\n\t\t\t\t\t\t\t\t\t\t\t\t\t<a href=\"#\" title=\"\"><\/a>\n\t\t\t\t\t\t\t\t\t\t\t\t<\/h4>\n\t\t\t\t\t\t\t\t\t\t\t\t\t\t\t\t\t\t\t\t\t\t\t\t<ul class=\"zeus-timeline-meta\">\n\t\t\t\t\t\t\t\t\t\t\t\t\t<li>1969<\/li>\n\t\t\t\t\t\t\t\t\t\t\t\t<\/ul>\n\t\t\t\t\t\t\t\t\t\t\t\t\t\t\t\t\t\t\t\t\t\t\t\t<div class=\"zeus-timeline-excerpt\"><p><strong>1969<\/strong><\/p><p>Fachada do novo e moderno pr\u00e9dio da Biblioteca Municipal<\/p><p>e negros.<\/p><\/div>\n\t\t\t\t\t\t\t\t\t\t\t\t\t\t\t\t\t\t\t\t\t\t<\/div>\n\t\t\t\t\t\t\t\t\t<\/div>\n\t\t\t\t\t\t\t\t<\/div>\n\n\t\t\t\t\t\t\t<\/div>\n\t\t\t\t\t\t<\/div>\n\n\t\t\t\t\t\t\t\t\t\t\t\t\t\t\t\t\t\t\t\t<div class=\"zeus-timeline-item\">\n\t\t\t\t\t\t\t\t<div class=\"zeus-timeline-date\"><span>1969<\/span><\/div>\n\t\t\t\t\t\t\t<\/div>\n\t\t\t\t\t\t\t\t\t\t\t\t\t\t<div class=\"zeus-timeline-item\">\n\t\t\t\t\t\t\t\t<div class=\"zeus-timeline-date zeus-timeline-date-right\"><span>1970<\/span><\/div>\n\t\t\t\t\t\t\t<\/div>\n\t\t\t\t\t\t\t\n\t\t\t\t\t\t<div class=\"zeus-timeline-item zeus-timeline-item-right\">\n\t\t\t\t\t\t\t<div class=\"zeus-timeline-item-wrap\">\n\n\t\t\t\t\t\t\t\t<div class=\"zeus-timeline-line\"><span><\/span><\/div>\n\n\t\t\t\t\t\t\t\t<div class=\"zeus-timeline-item-container\">\n\t\t\t\t\t\t\t\t\t<div class=\"zeus-timeline-icon zeus-timeline-custom-icon\"><span><i aria-hidden=\"true\" class=\"fas fa-file-alt\"><\/i><\/span><\/div>\n\n\t\t\t\t\t\t\t\t\t<div class=\"zeus-timeline-item-main\">\n\t\t\t\t\t\t\t\t\t\t<span class=\"zeus-timeline-arrow\"><\/span>\n\n\t\t\t\t\t\t\t\t\t\t\t\t\t\t\t\t\t\t\t\t\t<div class=\"zeus-timeline-thumbnail\">\n\t\t\t\t\t\t\t\t\t\t\t\t<a href=\"#\" title=\"\">\n\t\t\t\t\t\t\t\t\t\t\t\t\t<img src=\"\" alt=\"\">\n\t\t\t\t\t\t\t\t\t\t\t\t<\/a>\n\t\t\t\t\t\t\t\t\t\t\t<\/div>\n\t\t\t\t\t\t\t\t\t\t\t\n\t\t\t\t\t\t\t\t\t\t<div class=\"zeus-timeline-desc\">\n\t\t\t\t\t\t\t\t\t\t\t\t\t\t\t\t\t\t\t\t\t\t\t<h4 class=\"zeus-timeline-title\">\n\t\t\t\t\t\t\t\t\t\t\t\t\t<a href=\"#\" title=\"\"><\/a>\n\t\t\t\t\t\t\t\t\t\t\t\t<\/h4>\n\t\t\t\t\t\t\t\t\t\t\t\t\t\t\t\t\t\t\t\t\t\t\t\t<ul class=\"zeus-timeline-meta\">\n\t\t\t\t\t\t\t\t\t\t\t\t\t<li>1970<\/li>\n\t\t\t\t\t\t\t\t\t\t\t\t<\/ul>\n\t\t\t\t\t\t\t\t\t\t\t\t\t\t\t\t\t\t\t\t\t\t\t\t<div class=\"zeus-timeline-excerpt\"><p><audio class=\"wp-audio-shortcode\" id=\"audio-1951-5\" preload=\"none\" style=\"width: 100%;\" controls=\"controls\"><source type=\"audio\/mpeg\" src=\"http:\/\/portaleducacao.guarulhos.sp.gov.br\/wp_site\/portalbienal\/wp-content\/uploads\/sites\/22\/2022\/08\/9-SETOR-DE-PESQUISA-DA-BIBLIOTECA.mp3?_=5\" \/><a href=\"http:\/\/portaleducacao.guarulhos.sp.gov.br\/wp_site\/portalbienal\/wp-content\/uploads\/sites\/22\/2022\/08\/9-SETOR-DE-PESQUISA-DA-BIBLIOTECA.mp3\">http:\/\/portaleducacao.guarulhos.sp.gov.br\/wp_site\/portalbienal\/wp-content\/uploads\/sites\/22\/2022\/08\/9-SETOR-DE-PESQUISA-DA-BIBLIOTECA.mp3<\/a><\/audio><\/p><p><strong>1970<\/strong><\/p><p>Nos anos 70, o acervo de livros da biblioteca n\u00e3o ficava dispon\u00edvel aos frequentadores, que precisavam solicitar \u00e0 bibliotec\u00e1ria a obra desejada ou o tema de pesquisa.<\/p><p>Dentre os espa\u00e7os que a biblioteca oferece, merece destaque o Espa\u00e7o Mem\u00f3ria de Guarulhos, com as hist\u00f3rias da cultura no munic\u00edpio, contadas por meio de in\u00fameras obras de escritores da cidade, dentre os quais Jo\u00e3o Ranali, Pedro Dias Gon\u00e7alves, \u00c2ngelo Macedo, Bosco Maciel, Isabel Borazanian, Castelo Hanssen, Cesar Magalh\u00e3es Borges, entre outros.<\/p><\/div>\n\t\t\t\t\t\t\t\t\t\t\t\t\t\t\t\t\t\t\t\t\t\t<\/div>\n\t\t\t\t\t\t\t\t\t<\/div>\n\t\t\t\t\t\t\t\t<\/div>\n\n\t\t\t\t\t\t\t<\/div>\n\t\t\t\t\t\t<\/div>\n\n\t\t\t\t\t\t\n\t\t\t\t\t\t<div class=\"zeus-timeline-item zeus-timeline-item-left\">\n\t\t\t\t\t\t\t<div class=\"zeus-timeline-item-wrap\">\n\n\t\t\t\t\t\t\t\t<div class=\"zeus-timeline-line\"><span><\/span><\/div>\n\n\t\t\t\t\t\t\t\t<div class=\"zeus-timeline-item-container\">\n\t\t\t\t\t\t\t\t\t<div class=\"zeus-timeline-icon zeus-timeline-custom-icon\"><span><i aria-hidden=\"true\" class=\"fas fa-file-alt\"><\/i><\/span><\/div>\n\n\t\t\t\t\t\t\t\t\t<div class=\"zeus-timeline-item-main\">\n\t\t\t\t\t\t\t\t\t\t<span class=\"zeus-timeline-arrow\"><\/span>\n\n\t\t\t\t\t\t\t\t\t\t\t\t\t\t\t\t\t\t\t\t\t<div class=\"zeus-timeline-thumbnail\">\n\t\t\t\t\t\t\t\t\t\t\t\t<a href=\"#\" title=\"\">\n\t\t\t\t\t\t\t\t\t\t\t\t\t<img src=\"https:\/\/portaleducacao.guarulhos.sp.gov.br\/wp_site\/portalbienal\/wp-content\/uploads\/sites\/22\/2022\/08\/WhatsApp-Image-2022-07-27-at-08.36.29-5.jpeg\" alt=\"\">\n\t\t\t\t\t\t\t\t\t\t\t\t<\/a>\n\t\t\t\t\t\t\t\t\t\t\t<\/div>\n\t\t\t\t\t\t\t\t\t\t\t\n\t\t\t\t\t\t\t\t\t\t<div class=\"zeus-timeline-desc\">\n\t\t\t\t\t\t\t\t\t\t\t\t\t\t\t\t\t\t\t\t\t\t\t<h4 class=\"zeus-timeline-title\">\n\t\t\t\t\t\t\t\t\t\t\t\t\t<a href=\"#\" title=\"\"><\/a>\n\t\t\t\t\t\t\t\t\t\t\t\t<\/h4>\n\t\t\t\t\t\t\t\t\t\t\t\t\t\t\t\t\t\t\t\t\t\t\t\t<ul class=\"zeus-timeline-meta\">\n\t\t\t\t\t\t\t\t\t\t\t\t\t<li>1974<\/li>\n\t\t\t\t\t\t\t\t\t\t\t\t<\/ul>\n\t\t\t\t\t\t\t\t\t\t\t\t\t\t\t\t\t\t\t\t\t\t\t\t<div class=\"zeus-timeline-excerpt\"><p><strong>1974<\/strong><\/p><p>Setor de pesquisa da biblioteca<\/p><\/div>\n\t\t\t\t\t\t\t\t\t\t\t\t\t\t\t\t\t\t\t\t\t\t<\/div>\n\t\t\t\t\t\t\t\t\t<\/div>\n\t\t\t\t\t\t\t\t<\/div>\n\n\t\t\t\t\t\t\t<\/div>\n\t\t\t\t\t\t<\/div>\n\n\t\t\t\t\t\t\t\t\t\t\t\t\t\t\t\t\t\t\t\t<div class=\"zeus-timeline-item\">\n\t\t\t\t\t\t\t\t<div class=\"zeus-timeline-date\"><span>1974<\/span><\/div>\n\t\t\t\t\t\t\t<\/div>\n\t\t\t\t\t\t\t\t\t\t\t\t\t\t<div class=\"zeus-timeline-item\">\n\t\t\t\t\t\t\t\t<div class=\"zeus-timeline-date zeus-timeline-date-right\"><span>1979<\/span><\/div>\n\t\t\t\t\t\t\t<\/div>\n\t\t\t\t\t\t\t\n\t\t\t\t\t\t<div class=\"zeus-timeline-item zeus-timeline-item-right\">\n\t\t\t\t\t\t\t<div class=\"zeus-timeline-item-wrap\">\n\n\t\t\t\t\t\t\t\t<div class=\"zeus-timeline-line\"><span><\/span><\/div>\n\n\t\t\t\t\t\t\t\t<div class=\"zeus-timeline-item-container\">\n\t\t\t\t\t\t\t\t\t<div class=\"zeus-timeline-icon zeus-timeline-custom-icon\"><span><i aria-hidden=\"true\" class=\"fas fa-file-alt\"><\/i><\/span><\/div>\n\n\t\t\t\t\t\t\t\t\t<div class=\"zeus-timeline-item-main\">\n\t\t\t\t\t\t\t\t\t\t<span class=\"zeus-timeline-arrow\"><\/span>\n\n\t\t\t\t\t\t\t\t\t\t\t\t\t\t\t\t\t\t\t\t\t<div class=\"zeus-timeline-thumbnail\">\n\t\t\t\t\t\t\t\t\t\t\t\t<a href=\"#\" title=\"\">\n\t\t\t\t\t\t\t\t\t\t\t\t\t<img src=\"https:\/\/portaleducacao.guarulhos.sp.gov.br\/wp_site\/portalbienal\/wp-content\/uploads\/sites\/22\/2022\/08\/WhatsApp-Image-2022-07-27-at-08.36.29-6.jpeg\" alt=\"\">\n\t\t\t\t\t\t\t\t\t\t\t\t<\/a>\n\t\t\t\t\t\t\t\t\t\t\t<\/div>\n\t\t\t\t\t\t\t\t\t\t\t\n\t\t\t\t\t\t\t\t\t\t<div class=\"zeus-timeline-desc\">\n\t\t\t\t\t\t\t\t\t\t\t\t\t\t\t\t\t\t\t\t\t\t\t<h4 class=\"zeus-timeline-title\">\n\t\t\t\t\t\t\t\t\t\t\t\t\t<a href=\"#\" title=\"\"><\/a>\n\t\t\t\t\t\t\t\t\t\t\t\t<\/h4>\n\t\t\t\t\t\t\t\t\t\t\t\t\t\t\t\t\t\t\t\t\t\t\t\t<ul class=\"zeus-timeline-meta\">\n\t\t\t\t\t\t\t\t\t\t\t\t\t<li>1979<\/li>\n\t\t\t\t\t\t\t\t\t\t\t\t<\/ul>\n\t\t\t\t\t\t\t\t\t\t\t\t\t\t\t\t\t\t\t\t\t\t\t\t<div class=\"zeus-timeline-excerpt\"><p><strong>1979<\/strong><\/p><p>Fachada da Biblioteca Monteiro Lobato<\/p><\/div>\n\t\t\t\t\t\t\t\t\t\t\t\t\t\t\t\t\t\t\t\t\t\t<\/div>\n\t\t\t\t\t\t\t\t\t<\/div>\n\t\t\t\t\t\t\t\t<\/div>\n\n\t\t\t\t\t\t\t<\/div>\n\t\t\t\t\t\t<\/div>\n\n\t\t\t\t\t\t\n\t\t\t\t\t\t<div class=\"zeus-timeline-item zeus-timeline-item-left\">\n\t\t\t\t\t\t\t<div class=\"zeus-timeline-item-wrap\">\n\n\t\t\t\t\t\t\t\t<div class=\"zeus-timeline-line\"><span><\/span><\/div>\n\n\t\t\t\t\t\t\t\t<div class=\"zeus-timeline-item-container\">\n\t\t\t\t\t\t\t\t\t<div class=\"zeus-timeline-icon zeus-timeline-custom-icon\"><span><i aria-hidden=\"true\" class=\"fas fa-file-alt\"><\/i><\/span><\/div>\n\n\t\t\t\t\t\t\t\t\t<div class=\"zeus-timeline-item-main\">\n\t\t\t\t\t\t\t\t\t\t<span class=\"zeus-timeline-arrow\"><\/span>\n\n\t\t\t\t\t\t\t\t\t\t\t\t\t\t\t\t\t\t\t\t\t<div class=\"zeus-timeline-thumbnail\">\n\t\t\t\t\t\t\t\t\t\t\t\t<a href=\"#\" title=\"\">\n\t\t\t\t\t\t\t\t\t\t\t\t\t<img src=\"\" alt=\"\">\n\t\t\t\t\t\t\t\t\t\t\t\t<\/a>\n\t\t\t\t\t\t\t\t\t\t\t<\/div>\n\t\t\t\t\t\t\t\t\t\t\t\n\t\t\t\t\t\t\t\t\t\t<div class=\"zeus-timeline-desc\">\n\t\t\t\t\t\t\t\t\t\t\t\t\t\t\t\t\t\t\t\t\t\t\t<h4 class=\"zeus-timeline-title\">\n\t\t\t\t\t\t\t\t\t\t\t\t\t<a href=\"#\" title=\"\"><\/a>\n\t\t\t\t\t\t\t\t\t\t\t\t<\/h4>\n\t\t\t\t\t\t\t\t\t\t\t\t\t\t\t\t\t\t\t\t\t\t\t\t<ul class=\"zeus-timeline-meta\">\n\t\t\t\t\t\t\t\t\t\t\t\t\t<li>Anos 70 e 80 <\/li>\n\t\t\t\t\t\t\t\t\t\t\t\t<\/ul>\n\t\t\t\t\t\t\t\t\t\t\t\t\t\t\t\t\t\t\t\t\t\t\t\t<div class=\"zeus-timeline-excerpt\"><p><audio class=\"wp-audio-shortcode\" id=\"audio-1951-6\" preload=\"none\" style=\"width: 100%;\" controls=\"controls\"><source type=\"audio\/mpeg\" src=\"http:\/\/portaleducacao.guarulhos.sp.gov.br\/wp_site\/portalbienal\/wp-content\/uploads\/sites\/22\/2022\/08\/4-FACHADA-DO-NOVO-E-MODERNO-PREDIO-DA-BIBLIOTECA-MUNICIPAL.mp3?_=6\" \/><a href=\"http:\/\/portaleducacao.guarulhos.sp.gov.br\/wp_site\/portalbienal\/wp-content\/uploads\/sites\/22\/2022\/08\/4-FACHADA-DO-NOVO-E-MODERNO-PREDIO-DA-BIBLIOTECA-MUNICIPAL.mp3\">http:\/\/portaleducacao.guarulhos.sp.gov.br\/wp_site\/portalbienal\/wp-content\/uploads\/sites\/22\/2022\/08\/4-FACHADA-DO-NOVO-E-MODERNO-PREDIO-DA-BIBLIOTECA-MUNICIPAL.mp3<\/a><\/audio><\/p><p><strong>O Audit\u00f3rio Pedro Dias Gon\u00e7alves<\/strong> \u00e9 parte do complexo da biblioteca. Ele foi palco de importantes acontecimentos culturais da cidade nas d\u00e9cadas de <strong>1970 e 1980<\/strong>, como o Grupo Liter\u00e1rio Letraviva, Cine Clube Popular Paulo Pontes, Festival de Teatro e Temporada de Arte e Cultura (TAC).<\/p><\/div>\n\t\t\t\t\t\t\t\t\t\t\t\t\t\t\t\t\t\t\t\t\t\t<\/div>\n\t\t\t\t\t\t\t\t\t<\/div>\n\t\t\t\t\t\t\t\t<\/div>\n\n\t\t\t\t\t\t\t<\/div>\n\t\t\t\t\t\t<\/div>\n\n\t\t\t\t\t\t\t\t\t\t\t\t\t\t\t\t\t\t\t\t<div class=\"zeus-timeline-item\">\n\t\t\t\t\t\t\t\t<div class=\"zeus-timeline-date\"><span>Anos 70 e 80 <\/span><\/div>\n\t\t\t\t\t\t\t<\/div>\n\t\t\t\t\t\t\t\t\t\t\t\t\t\t<div class=\"zeus-timeline-item\">\n\t\t\t\t\t\t\t\t<div class=\"zeus-timeline-date zeus-timeline-date-right\"><span>1980<\/span><\/div>\n\t\t\t\t\t\t\t<\/div>\n\t\t\t\t\t\t\t\n\t\t\t\t\t\t<div class=\"zeus-timeline-item zeus-timeline-item-right\">\n\t\t\t\t\t\t\t<div class=\"zeus-timeline-item-wrap\">\n\n\t\t\t\t\t\t\t\t<div class=\"zeus-timeline-line\"><span><\/span><\/div>\n\n\t\t\t\t\t\t\t\t<div class=\"zeus-timeline-item-container\">\n\t\t\t\t\t\t\t\t\t<div class=\"zeus-timeline-icon zeus-timeline-custom-icon\"><span><i aria-hidden=\"true\" class=\"fas fa-file-alt\"><\/i><\/span><\/div>\n\n\t\t\t\t\t\t\t\t\t<div class=\"zeus-timeline-item-main\">\n\t\t\t\t\t\t\t\t\t\t<span class=\"zeus-timeline-arrow\"><\/span>\n\n\t\t\t\t\t\t\t\t\t\t\t\t\t\t\t\t\t\t\t\t\t<div class=\"zeus-timeline-thumbnail\">\n\t\t\t\t\t\t\t\t\t\t\t\t<a href=\"#\" title=\"\">\n\t\t\t\t\t\t\t\t\t\t\t\t\t<img src=\"https:\/\/portaleducacao.guarulhos.sp.gov.br\/wp_site\/portalbienal\/wp-content\/uploads\/sites\/22\/2022\/08\/WhatsApp-Image-2022-07-27-at-08.36.29-2.jpeg\" alt=\"\">\n\t\t\t\t\t\t\t\t\t\t\t\t<\/a>\n\t\t\t\t\t\t\t\t\t\t\t<\/div>\n\t\t\t\t\t\t\t\t\t\t\t\n\t\t\t\t\t\t\t\t\t\t<div class=\"zeus-timeline-desc\">\n\t\t\t\t\t\t\t\t\t\t\t\t\t\t\t\t\t\t\t\t\t\t\t<h4 class=\"zeus-timeline-title\">\n\t\t\t\t\t\t\t\t\t\t\t\t\t<a href=\"#\" title=\"\"><\/a>\n\t\t\t\t\t\t\t\t\t\t\t\t<\/h4>\n\t\t\t\t\t\t\t\t\t\t\t\t\t\t\t\t\t\t\t\t\t\t\t\t<ul class=\"zeus-timeline-meta\">\n\t\t\t\t\t\t\t\t\t\t\t\t\t<li>1980<\/li>\n\t\t\t\t\t\t\t\t\t\t\t\t<\/ul>\n\t\t\t\t\t\t\t\t\t\t\t\t\t\t\t\t\t\t\t\t\t\t\t\t<div class=\"zeus-timeline-excerpt\"><p><strong>1980.<\/strong><br \/>Feira de Livros<\/p><\/div>\n\t\t\t\t\t\t\t\t\t\t\t\t\t\t\t\t\t\t\t\t\t\t<\/div>\n\t\t\t\t\t\t\t\t\t<\/div>\n\t\t\t\t\t\t\t\t<\/div>\n\n\t\t\t\t\t\t\t<\/div>\n\t\t\t\t\t\t<\/div>\n\n\t\t\t\t\t\t\n\t\t\t\t\t\t<div class=\"zeus-timeline-item zeus-timeline-item-left\">\n\t\t\t\t\t\t\t<div class=\"zeus-timeline-item-wrap\">\n\n\t\t\t\t\t\t\t\t<div class=\"zeus-timeline-line\"><span><\/span><\/div>\n\n\t\t\t\t\t\t\t\t<div class=\"zeus-timeline-item-container\">\n\t\t\t\t\t\t\t\t\t<div class=\"zeus-timeline-icon zeus-timeline-custom-icon\"><span><i aria-hidden=\"true\" class=\"fas fa-file-alt\"><\/i><\/span><\/div>\n\n\t\t\t\t\t\t\t\t\t<div class=\"zeus-timeline-item-main\">\n\t\t\t\t\t\t\t\t\t\t<span class=\"zeus-timeline-arrow\"><\/span>\n\n\t\t\t\t\t\t\t\t\t\t\t\t\t\t\t\t\t\t\t\t\t<div class=\"zeus-timeline-thumbnail\">\n\t\t\t\t\t\t\t\t\t\t\t\t<a href=\"#\" title=\"\">\n\t\t\t\t\t\t\t\t\t\t\t\t\t<img src=\"\" alt=\"\">\n\t\t\t\t\t\t\t\t\t\t\t\t<\/a>\n\t\t\t\t\t\t\t\t\t\t\t<\/div>\n\t\t\t\t\t\t\t\t\t\t\t\n\t\t\t\t\t\t\t\t\t\t<div class=\"zeus-timeline-desc\">\n\t\t\t\t\t\t\t\t\t\t\t\t\t\t\t\t\t\t\t\t\t\t\t<h4 class=\"zeus-timeline-title\">\n\t\t\t\t\t\t\t\t\t\t\t\t\t<a href=\"#\" title=\"\"><\/a>\n\t\t\t\t\t\t\t\t\t\t\t\t<\/h4>\n\t\t\t\t\t\t\t\t\t\t\t\t\t\t\t\t\t\t\t\t\t\t\t\t<ul class=\"zeus-timeline-meta\">\n\t\t\t\t\t\t\t\t\t\t\t\t\t<li>1982<\/li>\n\t\t\t\t\t\t\t\t\t\t\t\t<\/ul>\n\t\t\t\t\t\t\t\t\t\t\t\t\t\t\t\t\t\t\t\t\t\t\t\t<div class=\"zeus-timeline-excerpt\"><p><audio class=\"wp-audio-shortcode\" id=\"audio-1951-7\" preload=\"none\" style=\"width: 100%;\" controls=\"controls\"><source type=\"audio\/mpeg\" src=\"http:\/\/portaleducacao.guarulhos.sp.gov.br\/wp_site\/portalbienal\/wp-content\/uploads\/sites\/22\/2022\/08\/3-FEIRA-DE-LIVROS.mp3?_=7\" \/><a href=\"http:\/\/portaleducacao.guarulhos.sp.gov.br\/wp_site\/portalbienal\/wp-content\/uploads\/sites\/22\/2022\/08\/3-FEIRA-DE-LIVROS.mp3\">http:\/\/portaleducacao.guarulhos.sp.gov.br\/wp_site\/portalbienal\/wp-content\/uploads\/sites\/22\/2022\/08\/3-FEIRA-DE-LIVROS.mp3<\/a><\/audio><\/p><p><strong>1982.<\/strong><br \/>A cria\u00e7\u00e3o da Folha Liter\u00e1ria, um caderno dominical da Folha Metropolitana, divulgou poemas de autores da cidade e possibilitou o encontro desses poetas em recitais liter\u00e1rios realizados no Audit\u00f3rio Pedro Dias Gon\u00e7alves. A Antologia Letraviva, lan\u00e7ada em 1982, marca a cria\u00e7\u00e3o do grupo, com a participa\u00e7\u00e3o de v\u00e1rios poetas, nomes como \u00c1lvaro Levadinha, Anita Borazanian, Carlos Alberto de Almeida, Ci\u00e7a Lima, Edinaldo Couto, Nelson Alves de Carvalho, Oscar Gon\u00e7alves, Pedro Brito, Valdeli Vila Nova e muitos outros. A influ\u00eancia do Letra Viva estimulou a realiza\u00e7\u00e3o de certames de poesia e, mais recentemente, o projeto A Palavra em Prisma.<\/p><\/div>\n\t\t\t\t\t\t\t\t\t\t\t\t\t\t\t\t\t\t\t\t\t\t<\/div>\n\t\t\t\t\t\t\t\t\t<\/div>\n\t\t\t\t\t\t\t\t<\/div>\n\n\t\t\t\t\t\t\t<\/div>\n\t\t\t\t\t\t<\/div>\n\n\t\t\t\t\t\t\t\t\t\t\t\t\t\t\t\t\t\t\t\t<div class=\"zeus-timeline-item\">\n\t\t\t\t\t\t\t\t<div class=\"zeus-timeline-date\"><span>1982<\/span><\/div>\n\t\t\t\t\t\t\t<\/div>\n\t\t\t\t\t\t\t\t\t\t\t\t\t\t<div class=\"zeus-timeline-item\">\n\t\t\t\t\t\t\t\t<div class=\"zeus-timeline-date zeus-timeline-date-right\"><span>1988<\/span><\/div>\n\t\t\t\t\t\t\t<\/div>\n\t\t\t\t\t\t\t\n\t\t\t\t\t\t<div class=\"zeus-timeline-item zeus-timeline-item-right\">\n\t\t\t\t\t\t\t<div class=\"zeus-timeline-item-wrap\">\n\n\t\t\t\t\t\t\t\t<div class=\"zeus-timeline-line\"><span><\/span><\/div>\n\n\t\t\t\t\t\t\t\t<div class=\"zeus-timeline-item-container\">\n\t\t\t\t\t\t\t\t\t<div class=\"zeus-timeline-icon zeus-timeline-custom-icon\"><span><i aria-hidden=\"true\" class=\"fas fa-file-alt\"><\/i><\/span><\/div>\n\n\t\t\t\t\t\t\t\t\t<div class=\"zeus-timeline-item-main\">\n\t\t\t\t\t\t\t\t\t\t<span class=\"zeus-timeline-arrow\"><\/span>\n\n\t\t\t\t\t\t\t\t\t\t\t\t\t\t\t\t\t\t\t\t\t<div class=\"zeus-timeline-thumbnail\">\n\t\t\t\t\t\t\t\t\t\t\t\t<a href=\"#\" title=\"\">\n\t\t\t\t\t\t\t\t\t\t\t\t\t<img src=\"\" alt=\"\">\n\t\t\t\t\t\t\t\t\t\t\t\t<\/a>\n\t\t\t\t\t\t\t\t\t\t\t<\/div>\n\t\t\t\t\t\t\t\t\t\t\t\n\t\t\t\t\t\t\t\t\t\t<div class=\"zeus-timeline-desc\">\n\t\t\t\t\t\t\t\t\t\t\t\t\t\t\t\t\t\t\t\t\t\t\t<h4 class=\"zeus-timeline-title\">\n\t\t\t\t\t\t\t\t\t\t\t\t\t<a href=\"#\" title=\"\"><\/a>\n\t\t\t\t\t\t\t\t\t\t\t\t<\/h4>\n\t\t\t\t\t\t\t\t\t\t\t\t\t\t\t\t\t\t\t\t\t\t\t\t<ul class=\"zeus-timeline-meta\">\n\t\t\t\t\t\t\t\t\t\t\t\t\t<li>1988<\/li>\n\t\t\t\t\t\t\t\t\t\t\t\t<\/ul>\n\t\t\t\t\t\t\t\t\t\t\t\t\t\t\t\t\t\t\t\t\t\t\t\t<div class=\"zeus-timeline-excerpt\"><p><audio class=\"wp-audio-shortcode\" id=\"audio-1951-8\" preload=\"none\" style=\"width: 100%;\" controls=\"controls\"><source type=\"audio\/mpeg\" src=\"http:\/\/portaleducacao.guarulhos.sp.gov.br\/wp_site\/portalbienal\/wp-content\/uploads\/sites\/22\/2022\/08\/1-SETOR-DE-PESQUISA-1.mp3?_=8\" \/><a href=\"http:\/\/portaleducacao.guarulhos.sp.gov.br\/wp_site\/portalbienal\/wp-content\/uploads\/sites\/22\/2022\/08\/1-SETOR-DE-PESQUISA-1.mp3\">http:\/\/portaleducacao.guarulhos.sp.gov.br\/wp_site\/portalbienal\/wp-content\/uploads\/sites\/22\/2022\/08\/1-SETOR-DE-PESQUISA-1.mp3<\/a><\/audio><\/p><p><strong>1988.<\/strong><\/p><p>Criado em 1988, o Espa\u00e7o Braille Prof\u00aa Alice Ribeiro oferece atendimento especialmente direcionado \u00e0s pessoas com defici\u00eancia visual ou baixa vis\u00e3o e tem como objetivo facilitar o acesso a livros de diversos g\u00eaneros, gravados, ampliados ou transcritos no Sistema Braille. O programa promove cursos e capacita\u00e7\u00e3o para professores e interessados.<\/p><\/div>\n\t\t\t\t\t\t\t\t\t\t\t\t\t\t\t\t\t\t\t\t\t\t<\/div>\n\t\t\t\t\t\t\t\t\t<\/div>\n\t\t\t\t\t\t\t\t<\/div>\n\n\t\t\t\t\t\t\t<\/div>\n\t\t\t\t\t\t<\/div>\n\n\t\t\t\t\t\t\n\t\t\t\t\t\t<div class=\"zeus-timeline-item zeus-timeline-item-left\">\n\t\t\t\t\t\t\t<div class=\"zeus-timeline-item-wrap\">\n\n\t\t\t\t\t\t\t\t<div class=\"zeus-timeline-line\"><span><\/span><\/div>\n\n\t\t\t\t\t\t\t\t<div class=\"zeus-timeline-item-container\">\n\t\t\t\t\t\t\t\t\t<div class=\"zeus-timeline-icon zeus-timeline-custom-icon\"><span><i aria-hidden=\"true\" class=\"fas fa-file-alt\"><\/i><\/span><\/div>\n\n\t\t\t\t\t\t\t\t\t<div class=\"zeus-timeline-item-main\">\n\t\t\t\t\t\t\t\t\t\t<span class=\"zeus-timeline-arrow\"><\/span>\n\n\t\t\t\t\t\t\t\t\t\t\t\t\t\t\t\t\t\t\t\t\t<div class=\"zeus-timeline-thumbnail\">\n\t\t\t\t\t\t\t\t\t\t\t\t<a href=\"#\" title=\"\">\n\t\t\t\t\t\t\t\t\t\t\t\t\t<img src=\"https:\/\/portaleducacao.guarulhos.sp.gov.br\/wp_site\/portalbienal\/wp-content\/uploads\/sites\/22\/2022\/08\/WhatsApp-Image-2022-07-27-at-08.36.29-4.jpeg\" alt=\"\">\n\t\t\t\t\t\t\t\t\t\t\t\t<\/a>\n\t\t\t\t\t\t\t\t\t\t\t<\/div>\n\t\t\t\t\t\t\t\t\t\t\t\n\t\t\t\t\t\t\t\t\t\t<div class=\"zeus-timeline-desc\">\n\t\t\t\t\t\t\t\t\t\t\t\t\t\t\t\t\t\t\t\t\t\t\t<h4 class=\"zeus-timeline-title\">\n\t\t\t\t\t\t\t\t\t\t\t\t\t<a href=\"#\" title=\"\"><\/a>\n\t\t\t\t\t\t\t\t\t\t\t\t<\/h4>\n\t\t\t\t\t\t\t\t\t\t\t\t\t\t\t\t\t\t\t\t\t\t\t\t<ul class=\"zeus-timeline-meta\">\n\t\t\t\t\t\t\t\t\t\t\t\t\t<li>1994<\/li>\n\t\t\t\t\t\t\t\t\t\t\t\t<\/ul>\n\t\t\t\t\t\t\t\t\t\t\t\t\t\t\t\t\t\t\t\t\t\t\t\t<div class=\"zeus-timeline-excerpt\"><p><strong>1994.<\/strong><br \/>Setor de Pesquisa<\/p><\/div>\n\t\t\t\t\t\t\t\t\t\t\t\t\t\t\t\t\t\t\t\t\t\t<\/div>\n\t\t\t\t\t\t\t\t\t<\/div>\n\t\t\t\t\t\t\t\t<\/div>\n\n\t\t\t\t\t\t\t<\/div>\n\t\t\t\t\t\t<\/div>\n\n\t\t\t\t\t\t\t\t\t\t\t\t\t\t\t\t\t\t\t\t<div class=\"zeus-timeline-item\">\n\t\t\t\t\t\t\t\t<div class=\"zeus-timeline-date\"><span>1994<\/span><\/div>\n\t\t\t\t\t\t\t<\/div>\n\t\t\t\t\t\t\t\t\t\t\t\t\t\t<div class=\"zeus-timeline-item\">\n\t\t\t\t\t\t\t\t<div class=\"zeus-timeline-date zeus-timeline-date-right\"><span>2004<\/span><\/div>\n\t\t\t\t\t\t\t<\/div>\n\t\t\t\t\t\t\t\n\t\t\t\t\t\t<div class=\"zeus-timeline-item zeus-timeline-item-right\">\n\t\t\t\t\t\t\t<div class=\"zeus-timeline-item-wrap\">\n\n\t\t\t\t\t\t\t\t<div class=\"zeus-timeline-line\"><span><\/span><\/div>\n\n\t\t\t\t\t\t\t\t<div class=\"zeus-timeline-item-container\">\n\t\t\t\t\t\t\t\t\t<div class=\"zeus-timeline-icon zeus-timeline-custom-icon\"><span><i aria-hidden=\"true\" class=\"fas fa-file-alt\"><\/i><\/span><\/div>\n\n\t\t\t\t\t\t\t\t\t<div class=\"zeus-timeline-item-main\">\n\t\t\t\t\t\t\t\t\t\t<span class=\"zeus-timeline-arrow\"><\/span>\n\n\t\t\t\t\t\t\t\t\t\t\t\t\t\t\t\t\t\t\t\t\t<div class=\"zeus-timeline-thumbnail\">\n\t\t\t\t\t\t\t\t\t\t\t\t<a href=\"#\" title=\"\">\n\t\t\t\t\t\t\t\t\t\t\t\t\t<img src=\"https:\/\/portaleducacao.guarulhos.sp.gov.br\/wp_site\/portalbienal\/wp-content\/uploads\/sites\/22\/2022\/08\/WhatsApp-Image-2022-07-27-at-08.36.29-7.jpeg\" alt=\"\">\n\t\t\t\t\t\t\t\t\t\t\t\t<\/a>\n\t\t\t\t\t\t\t\t\t\t\t<\/div>\n\t\t\t\t\t\t\t\t\t\t\t\n\t\t\t\t\t\t\t\t\t\t<div class=\"zeus-timeline-desc\">\n\t\t\t\t\t\t\t\t\t\t\t\t\t\t\t\t\t\t\t\t\t\t\t<h4 class=\"zeus-timeline-title\">\n\t\t\t\t\t\t\t\t\t\t\t\t\t<a href=\"#\" title=\"\"><\/a>\n\t\t\t\t\t\t\t\t\t\t\t\t<\/h4>\n\t\t\t\t\t\t\t\t\t\t\t\t\t\t\t\t\t\t\t\t\t\t\t\t<ul class=\"zeus-timeline-meta\">\n\t\t\t\t\t\t\t\t\t\t\t\t\t<li>2004<\/li>\n\t\t\t\t\t\t\t\t\t\t\t\t<\/ul>\n\t\t\t\t\t\t\t\t\t\t\t\t\t\t\t\t\t\t\t\t\t\t\t\t<div class=\"zeus-timeline-excerpt\"><p><strong>2004<\/strong><br \/>Setor de Pesquisa<\/p><\/div>\n\t\t\t\t\t\t\t\t\t\t\t\t\t\t\t\t\t\t\t\t\t\t<\/div>\n\t\t\t\t\t\t\t\t\t<\/div>\n\t\t\t\t\t\t\t\t<\/div>\n\n\t\t\t\t\t\t\t<\/div>\n\t\t\t\t\t\t<\/div>\n\n\t\t\t\t\t\t\n\t\t\t\t\t\t<div class=\"zeus-timeline-item zeus-timeline-item-left\">\n\t\t\t\t\t\t\t<div class=\"zeus-timeline-item-wrap\">\n\n\t\t\t\t\t\t\t\t<div class=\"zeus-timeline-line\"><span><\/span><\/div>\n\n\t\t\t\t\t\t\t\t<div class=\"zeus-timeline-item-container\">\n\t\t\t\t\t\t\t\t\t<div class=\"zeus-timeline-icon zeus-timeline-custom-icon\"><span><i aria-hidden=\"true\" class=\"fas fa-file-alt\"><\/i><\/span><\/div>\n\n\t\t\t\t\t\t\t\t\t<div class=\"zeus-timeline-item-main\">\n\t\t\t\t\t\t\t\t\t\t<span class=\"zeus-timeline-arrow\"><\/span>\n\n\t\t\t\t\t\t\t\t\t\t\t\t\t\t\t\t\t\t\t\t\t<div class=\"zeus-timeline-thumbnail\">\n\t\t\t\t\t\t\t\t\t\t\t\t<a href=\"#\" title=\"\">\n\t\t\t\t\t\t\t\t\t\t\t\t\t<img src=\"\" alt=\"\">\n\t\t\t\t\t\t\t\t\t\t\t\t<\/a>\n\t\t\t\t\t\t\t\t\t\t\t<\/div>\n\t\t\t\t\t\t\t\t\t\t\t\n\t\t\t\t\t\t\t\t\t\t<div class=\"zeus-timeline-desc\">\n\t\t\t\t\t\t\t\t\t\t\t\t\t\t\t\t\t\t\t\t\t\t\t<h4 class=\"zeus-timeline-title\">\n\t\t\t\t\t\t\t\t\t\t\t\t\t<a href=\"#\" title=\"\"><\/a>\n\t\t\t\t\t\t\t\t\t\t\t\t<\/h4>\n\t\t\t\t\t\t\t\t\t\t\t\t\t\t\t\t\t\t\t\t\t\t\t\t<ul class=\"zeus-timeline-meta\">\n\t\t\t\t\t\t\t\t\t\t\t\t\t<li>2004<\/li>\n\t\t\t\t\t\t\t\t\t\t\t\t<\/ul>\n\t\t\t\t\t\t\t\t\t\t\t\t\t\t\t\t\t\t\t\t\t\t\t\t<div class=\"zeus-timeline-excerpt\"><p><strong>Espa\u00e7o troca-livros<\/strong><\/p><p><audio class=\"wp-audio-shortcode\" id=\"audio-1951-9\" preload=\"none\" style=\"width: 100%;\" controls=\"controls\"><source type=\"audio\/mpeg\" src=\"http:\/\/portaleducacao.guarulhos.sp.gov.br\/wp_site\/portalbienal\/wp-content\/uploads\/sites\/22\/2022\/08\/7-REINAUGURACAO-APOS-MODERNIZACAO-DO-ESPACO-1.mp3?_=9\" \/><a href=\"http:\/\/portaleducacao.guarulhos.sp.gov.br\/wp_site\/portalbienal\/wp-content\/uploads\/sites\/22\/2022\/08\/7-REINAUGURACAO-APOS-MODERNIZACAO-DO-ESPACO-1.mp3\">http:\/\/portaleducacao.guarulhos.sp.gov.br\/wp_site\/portalbienal\/wp-content\/uploads\/sites\/22\/2022\/08\/7-REINAUGURACAO-APOS-MODERNIZACAO-DO-ESPACO-1.mp3<\/a><\/audio><\/p><p><strong>Criado em 2004<\/strong>, ap\u00f3s o per\u00edodo de moderniza\u00e7\u00e3o da Biblioteca Monteiro Lobato, o Espa\u00e7o Troca-Livros \u00e9 um dos mais procurados pelos visitantes. Esse espa\u00e7o proporciona aos guarulhenses a possibilidade de doar os livros que j\u00e1 leu e conseguir outros ainda n\u00e3o lidos. Para poder trocar, \u00e9 necess\u00e1rio observar alguns crit\u00e9rios, como a troca de assunto por assunto, doa\u00e7\u00e3o de livros em bom estado de conserva\u00e7\u00e3o, quantidade m\u00e1xima de trocas e reservas, entre outras.<\/p><\/div>\n\t\t\t\t\t\t\t\t\t\t\t\t\t\t\t\t\t\t\t\t\t\t<\/div>\n\t\t\t\t\t\t\t\t\t<\/div>\n\t\t\t\t\t\t\t\t<\/div>\n\n\t\t\t\t\t\t\t<\/div>\n\t\t\t\t\t\t<\/div>\n\n\t\t\t\t\t\t\t\t\t\t\t\t\t\t\t\t\t\t\t\t<div class=\"zeus-timeline-item\">\n\t\t\t\t\t\t\t\t<div class=\"zeus-timeline-date\"><span>2004<\/span><\/div>\n\t\t\t\t\t\t\t<\/div>\n\t\t\t\t\t\t\t\t\t\t\t\t\t\t<div class=\"zeus-timeline-item\">\n\t\t\t\t\t\t\t\t<div class=\"zeus-timeline-date zeus-timeline-date-right\"><span>2007<\/span><\/div>\n\t\t\t\t\t\t\t<\/div>\n\t\t\t\t\t\t\t\n\t\t\t\t\t\t<div class=\"zeus-timeline-item zeus-timeline-item-right\">\n\t\t\t\t\t\t\t<div class=\"zeus-timeline-item-wrap\">\n\n\t\t\t\t\t\t\t\t<div class=\"zeus-timeline-line\"><span><\/span><\/div>\n\n\t\t\t\t\t\t\t\t<div class=\"zeus-timeline-item-container\">\n\t\t\t\t\t\t\t\t\t<div class=\"zeus-timeline-icon zeus-timeline-custom-icon\"><span><i aria-hidden=\"true\" class=\"fas fa-file-alt\"><\/i><\/span><\/div>\n\n\t\t\t\t\t\t\t\t\t<div class=\"zeus-timeline-item-main\">\n\t\t\t\t\t\t\t\t\t\t<span class=\"zeus-timeline-arrow\"><\/span>\n\n\t\t\t\t\t\t\t\t\t\t\t\t\t\t\t\t\t\t\t\t\t<div class=\"zeus-timeline-thumbnail\">\n\t\t\t\t\t\t\t\t\t\t\t\t<a href=\"#\" title=\"\">\n\t\t\t\t\t\t\t\t\t\t\t\t\t<img src=\"\" alt=\"\">\n\t\t\t\t\t\t\t\t\t\t\t\t<\/a>\n\t\t\t\t\t\t\t\t\t\t\t<\/div>\n\t\t\t\t\t\t\t\t\t\t\t\n\t\t\t\t\t\t\t\t\t\t<div class=\"zeus-timeline-desc\">\n\t\t\t\t\t\t\t\t\t\t\t\t\t\t\t\t\t\t\t\t\t\t\t<h4 class=\"zeus-timeline-title\">\n\t\t\t\t\t\t\t\t\t\t\t\t\t<a href=\"#\" title=\"\"><\/a>\n\t\t\t\t\t\t\t\t\t\t\t\t<\/h4>\n\t\t\t\t\t\t\t\t\t\t\t\t\t\t\t\t\t\t\t\t\t\t\t\t<ul class=\"zeus-timeline-meta\">\n\t\t\t\t\t\t\t\t\t\t\t\t\t<li>2007<\/li>\n\t\t\t\t\t\t\t\t\t\t\t\t<\/ul>\n\t\t\t\t\t\t\t\t\t\t\t\t\t\t\t\t\t\t\t\t\t\t\t\t<div class=\"zeus-timeline-excerpt\"><p><audio class=\"wp-audio-shortcode\" id=\"audio-1951-10\" preload=\"none\" style=\"width: 100%;\" controls=\"controls\"><source type=\"audio\/mpeg\" src=\"http:\/\/portaleducacao.guarulhos.sp.gov.br\/wp_site\/portalbienal\/wp-content\/uploads\/sites\/22\/2022\/08\/5-FACHADA-DA-BIBLIOTECA-NA-PRACA-JOAO-RANALI-1.mp3?_=10\" \/><a href=\"http:\/\/portaleducacao.guarulhos.sp.gov.br\/wp_site\/portalbienal\/wp-content\/uploads\/sites\/22\/2022\/08\/5-FACHADA-DA-BIBLIOTECA-NA-PRACA-JOAO-RANALI-1.mp3\">http:\/\/portaleducacao.guarulhos.sp.gov.br\/wp_site\/portalbienal\/wp-content\/uploads\/sites\/22\/2022\/08\/5-FACHADA-DA-BIBLIOTECA-NA-PRACA-JOAO-RANALI-1.mp3<\/a><\/audio><\/p><p><strong>\u00a0Em 2007<\/strong>, a pra\u00e7a localizada em frente \u00e0 biblioteca recebeu o nome de Pra\u00e7a de Jo\u00e3o Ranali, em homenagem a um dos respons\u00e1veis por elaborar projeto de cria\u00e7\u00e3o da biblioteca em 1939, ao lado de Mario Boari Tamasia e Paulo Moraes.<\/p><\/div>\n\t\t\t\t\t\t\t\t\t\t\t\t\t\t\t\t\t\t\t\t\t\t<\/div>\n\t\t\t\t\t\t\t\t\t<\/div>\n\t\t\t\t\t\t\t\t<\/div>\n\n\t\t\t\t\t\t\t<\/div>\n\t\t\t\t\t\t<\/div>\n\n\t\t\t\t\t\t\n\t\t\t\t\t\t<div class=\"zeus-timeline-item zeus-timeline-item-left\">\n\t\t\t\t\t\t\t<div class=\"zeus-timeline-item-wrap\">\n\n\t\t\t\t\t\t\t\t<div class=\"zeus-timeline-line\"><span><\/span><\/div>\n\n\t\t\t\t\t\t\t\t<div class=\"zeus-timeline-item-container\">\n\t\t\t\t\t\t\t\t\t<div class=\"zeus-timeline-icon zeus-timeline-custom-icon\"><span><i aria-hidden=\"true\" class=\"fas fa-file-alt\"><\/i><\/span><\/div>\n\n\t\t\t\t\t\t\t\t\t<div class=\"zeus-timeline-item-main\">\n\t\t\t\t\t\t\t\t\t\t<span class=\"zeus-timeline-arrow\"><\/span>\n\n\t\t\t\t\t\t\t\t\t\t\t\t\t\t\t\t\t\t\t\t\t<div class=\"zeus-timeline-thumbnail\">\n\t\t\t\t\t\t\t\t\t\t\t\t<a href=\"#\" title=\"\">\n\t\t\t\t\t\t\t\t\t\t\t\t\t<img src=\"https:\/\/portaleducacao.guarulhos.sp.gov.br\/wp_site\/portalbienal\/wp-content\/uploads\/sites\/22\/2022\/08\/WhatsApp-Image-2022-07-27-at-08.36.29-9.jpeg\" alt=\"\">\n\t\t\t\t\t\t\t\t\t\t\t\t<\/a>\n\t\t\t\t\t\t\t\t\t\t\t<\/div>\n\t\t\t\t\t\t\t\t\t\t\t\n\t\t\t\t\t\t\t\t\t\t<div class=\"zeus-timeline-desc\">\n\t\t\t\t\t\t\t\t\t\t\t\t\t\t\t\t\t\t\t\t\t\t\t<h4 class=\"zeus-timeline-title\">\n\t\t\t\t\t\t\t\t\t\t\t\t\t<a href=\"#\" title=\"\"><\/a>\n\t\t\t\t\t\t\t\t\t\t\t\t<\/h4>\n\t\t\t\t\t\t\t\t\t\t\t\t\t\t\t\t\t\t\t\t\t\t\t\t<ul class=\"zeus-timeline-meta\">\n\t\t\t\t\t\t\t\t\t\t\t\t\t<li>2010<\/li>\n\t\t\t\t\t\t\t\t\t\t\t\t<\/ul>\n\t\t\t\t\t\t\t\t\t\t\t\t\t\t\t\t\t\t\t\t\t\t\t\t<div class=\"zeus-timeline-excerpt\"><p><strong>2010<\/strong><\/p><\/div>\n\t\t\t\t\t\t\t\t\t\t\t\t\t\t\t\t\t\t\t\t\t\t<\/div>\n\t\t\t\t\t\t\t\t\t<\/div>\n\t\t\t\t\t\t\t\t<\/div>\n\n\t\t\t\t\t\t\t<\/div>\n\t\t\t\t\t\t<\/div>\n\n\t\t\t\t\t\t\t\t\t\t\t\t\t\t\t\t\t\t\t\t<div class=\"zeus-timeline-item\">\n\t\t\t\t\t\t\t\t<div class=\"zeus-timeline-date\"><span>2010<\/span><\/div>\n\t\t\t\t\t\t\t<\/div>\n\t\t\t\t\t\t\t\t\t\t\t\t\t\t<div class=\"zeus-timeline-item\">\n\t\t\t\t\t\t\t\t<div class=\"zeus-timeline-date zeus-timeline-date-right\"><span>2014<\/span><\/div>\n\t\t\t\t\t\t\t<\/div>\n\t\t\t\t\t\t\t\n\t\t\t\t\t\t<div class=\"zeus-timeline-item zeus-timeline-item-right\">\n\t\t\t\t\t\t\t<div class=\"zeus-timeline-item-wrap\">\n\n\t\t\t\t\t\t\t\t<div class=\"zeus-timeline-line\"><span><\/span><\/div>\n\n\t\t\t\t\t\t\t\t<div class=\"zeus-timeline-item-container\">\n\t\t\t\t\t\t\t\t\t<div class=\"zeus-timeline-icon zeus-timeline-custom-icon\"><span><i aria-hidden=\"true\" class=\"fas fa-file-alt\"><\/i><\/span><\/div>\n\n\t\t\t\t\t\t\t\t\t<div class=\"zeus-timeline-item-main\">\n\t\t\t\t\t\t\t\t\t\t<span class=\"zeus-timeline-arrow\"><\/span>\n\n\t\t\t\t\t\t\t\t\t\t\t\t\t\t\t\t\t\t\t\t\t<div class=\"zeus-timeline-thumbnail\">\n\t\t\t\t\t\t\t\t\t\t\t\t<a href=\"#\" title=\"\">\n\t\t\t\t\t\t\t\t\t\t\t\t\t<img src=\"https:\/\/portaleducacao.guarulhos.sp.gov.br\/wp_site\/portalbienal\/wp-content\/uploads\/sites\/22\/2022\/08\/WhatsApp-Image-2022-07-27-at-08.36.29-8.jpeg\" alt=\"\">\n\t\t\t\t\t\t\t\t\t\t\t\t<\/a>\n\t\t\t\t\t\t\t\t\t\t\t<\/div>\n\t\t\t\t\t\t\t\t\t\t\t\n\t\t\t\t\t\t\t\t\t\t<div class=\"zeus-timeline-desc\">\n\t\t\t\t\t\t\t\t\t\t\t\t\t\t\t\t\t\t\t\t\t\t\t<h4 class=\"zeus-timeline-title\">\n\t\t\t\t\t\t\t\t\t\t\t\t\t<a href=\"#\" title=\"\"><\/a>\n\t\t\t\t\t\t\t\t\t\t\t\t<\/h4>\n\t\t\t\t\t\t\t\t\t\t\t\t\t\t\t\t\t\t\t\t\t\t\t\t<ul class=\"zeus-timeline-meta\">\n\t\t\t\t\t\t\t\t\t\t\t\t\t<li>2014<\/li>\n\t\t\t\t\t\t\t\t\t\t\t\t<\/ul>\n\t\t\t\t\t\t\t\t\t\t\t\t\t\t\t\t\t\t\t\t\t\t\t\t<div class=\"zeus-timeline-excerpt\"><p><audio class=\"wp-audio-shortcode\" id=\"audio-1951-11\" preload=\"none\" style=\"width: 100%;\" controls=\"controls\"><source type=\"audio\/mpeg\" src=\"http:\/\/portaleducacao.guarulhos.sp.gov.br\/wp_site\/portalbienal\/wp-content\/uploads\/sites\/22\/2022\/08\/6-SALAO-DE-PESQUISA-1.mp3?_=11\" \/><a href=\"http:\/\/portaleducacao.guarulhos.sp.gov.br\/wp_site\/portalbienal\/wp-content\/uploads\/sites\/22\/2022\/08\/6-SALAO-DE-PESQUISA-1.mp3\">http:\/\/portaleducacao.guarulhos.sp.gov.br\/wp_site\/portalbienal\/wp-content\/uploads\/sites\/22\/2022\/08\/6-SALAO-DE-PESQUISA-1.mp3<\/a><\/audio><\/p><p><strong>2014.<br \/>Sal\u00e3o pesquisa<br \/><\/strong><\/p><p>In\u00fameras estantes de livros e amplo espa\u00e7o com mesas e cadeiras comp\u00f5em o sal\u00e3o de pesquisa da Biblioteca Monteiro Lobato. O espa\u00e7o foi idealizado para que as pessoas se sintam acolhidas e confort\u00e1veis enquanto consultam, por exemplo, o acervo de jornais e revistas da Hemeroteca. Na hemeroteca tamb\u00e9m \u00e9 poss\u00edvel consultar artigos selecionados e informa\u00e7\u00f5es sobre a hist\u00f3ria e mem\u00f3ria da cidade, seu patrim\u00f4nio hist\u00f3rico, personalidades e hist\u00f3ricos dos bairros.<\/p><\/div>\n\t\t\t\t\t\t\t\t\t\t\t\t\t\t\t\t\t\t\t\t\t\t<\/div>\n\t\t\t\t\t\t\t\t\t<\/div>\n\t\t\t\t\t\t\t\t<\/div>\n\n\t\t\t\t\t\t\t<\/div>\n\t\t\t\t\t\t<\/div>\n\n\t\t\t\t\t\t\n\t\t\t\t<\/div>\n\t\t\t<\/div>\n\n\t\t\t\t\t<\/div>\n\t\t\t\t<\/div>\n\t\t\t\t\t<\/div>\n\t\t<\/div>\n\t\t\t\t\t\t\t<\/div>\n\t\t<\/section>\n\t\t\t\t\t\t\t<\/div>\n\t\t","protected":false},"excerpt":{"rendered":"<p>1939 http:\/\/portaleducacao.guarulhos.sp.gov.br\/wp_site\/portalbienal\/wp-content\/uploads\/sites\/22\/2022\/08\/11-BIBLIOTECA-MUNICIPAL-DE-GUARULHOS-ESQUINA-DAS-RUAS-FELICIO-MARCONDES-E-SETE-DE-SETEMBRO.mp3 1939. A Inaugura\u00e7\u00e3oEm junho de 1939 foi criada a Biblioteca Municipal de Guarulhos, que ficava na esquina das ruas Fel\u00edcio Marcondes e Sete de Setembro. O espa\u00e7o foi &hellip;<\/p>\n<p class=\"read-more\"> <a class=\"\" href=\"https:\/\/portaleducacao.guarulhos.sp.gov.br\/wp_site\/portalbienal\/linhadotempobiblioteca\/\"> <span class=\"screen-reader-text\">linhaDoTempoBiblioteca<\/span> Leia mais &raquo;<\/a><\/p>\n","protected":false},"author":1,"featured_media":0,"parent":0,"menu_order":0,"comment_status":"closed","ping_status":"closed","template":"","meta":{"_monsterinsights_skip_tracking":false,"_monsterinsights_sitenote_active":false,"_monsterinsights_sitenote_note":"","_monsterinsights_sitenote_category":0,"site-sidebar-layout":"no-sidebar","site-content-layout":"page-builder","ast-global-header-display":"","ast-main-header-display":"","ast-hfb-above-header-display":"","ast-hfb-below-header-display":"","ast-hfb-mobile-header-display":"","site-post-title":"disabled","ast-breadcrumbs-content":"","ast-featured-img":"disabled","footer-sml-layout":"","theme-transparent-header-meta":"","adv-header-id-meta":"","stick-header-meta":"","header-above-stick-meta":"","header-main-stick-meta":"","header-below-stick-meta":"","_expiration-date-status":"","_expiration-date":0,"_expiration-date-type":"","_expiration-date-categories":[],"_expiration-date-options":[]},"categories":[42],"tags":[],"yoast_head":"<!-- This site is optimized with the Yoast SEO plugin v19.7.1 - https:\/\/yoast.com\/wordpress\/plugins\/seo\/ -->\r\n<title>linhaDoTempoBiblioteca - Bienal do Livro de Guarulhos - 2024<\/title>\r\n<meta name=\"robots\" content=\"index, follow, max-snippet:-1, max-image-preview:large, max-video-preview:-1\" \/>\r\n<link rel=\"canonical\" href=\"https:\/\/portaleducacao.guarulhos.sp.gov.br\/wp_site\/portalbienal\/linhadotempobiblioteca\/\" \/>\r\n<meta property=\"og:locale\" content=\"pt_BR\" \/>\r\n<meta property=\"og:type\" content=\"article\" \/>\r\n<meta property=\"og:title\" content=\"linhaDoTempoBiblioteca - Bienal do Livro de Guarulhos - 2024\" \/>\r\n<meta property=\"og:description\" content=\"1939 http:\/\/portaleducacao.guarulhos.sp.gov.br\/wp_site\/portalbienal\/wp-content\/uploads\/sites\/22\/2022\/08\/11-BIBLIOTECA-MUNICIPAL-DE-GUARULHOS-ESQUINA-DAS-RUAS-FELICIO-MARCONDES-E-SETE-DE-SETEMBRO.mp3 1939. A Inaugura\u00e7\u00e3oEm junho de 1939 foi criada a Biblioteca Municipal de Guarulhos, que ficava na esquina das ruas Fel\u00edcio Marcondes e Sete de Setembro. O espa\u00e7o foi &hellip; linhaDoTempoBiblioteca Leia mais &raquo;\" \/>\r\n<meta property=\"og:url\" content=\"https:\/\/portaleducacao.guarulhos.sp.gov.br\/wp_site\/portalbienal\/linhadotempobiblioteca\/\" \/>\r\n<meta property=\"og:site_name\" content=\"Bienal do Livro de Guarulhos - 2024\" \/>\r\n<meta property=\"article:modified_time\" content=\"2024-01-29T15:41:17+00:00\" \/>\r\n<meta property=\"og:image\" content=\"http:\/\/portaleducacao.guarulhos.sp.gov.br\/wp_site\/portalbienal\/wp-content\/uploads\/sites\/22\/2022\/08\/WhatsApp-Image-2022-08-01-at-14.22.10-1024x190.jpeg\" \/>\r\n<meta name=\"twitter:card\" content=\"summary_large_image\" \/>\r\n<meta name=\"twitter:label1\" content=\"Est. tempo de leitura\" \/>\n\t<meta name=\"twitter:data1\" content=\"5 minutos\" \/>\r\n<script type=\"application\/ld+json\" class=\"yoast-schema-graph\">{\"@context\":\"https:\/\/schema.org\",\"@graph\":[{\"@type\":\"WebPage\",\"@id\":\"https:\/\/portaleducacao.guarulhos.sp.gov.br\/wp_site\/portalbienal\/linhadotempobiblioteca\/\",\"url\":\"https:\/\/portaleducacao.guarulhos.sp.gov.br\/wp_site\/portalbienal\/linhadotempobiblioteca\/\",\"name\":\"linhaDoTempoBiblioteca - Bienal do Livro de Guarulhos - 2024\",\"isPartOf\":{\"@id\":\"https:\/\/portaleducacao.guarulhos.sp.gov.br\/wp_site\/portalbienal\/#website\"},\"datePublished\":\"2022-07-27T18:34:54+00:00\",\"dateModified\":\"2024-01-29T15:41:17+00:00\",\"breadcrumb\":{\"@id\":\"https:\/\/portaleducacao.guarulhos.sp.gov.br\/wp_site\/portalbienal\/linhadotempobiblioteca\/#breadcrumb\"},\"inLanguage\":\"pt-BR\",\"potentialAction\":[{\"@type\":\"ReadAction\",\"target\":[\"https:\/\/portaleducacao.guarulhos.sp.gov.br\/wp_site\/portalbienal\/linhadotempobiblioteca\/\"]}]},{\"@type\":\"BreadcrumbList\",\"@id\":\"https:\/\/portaleducacao.guarulhos.sp.gov.br\/wp_site\/portalbienal\/linhadotempobiblioteca\/#breadcrumb\",\"itemListElement\":[{\"@type\":\"ListItem\",\"position\":1,\"name\":\"In\u00edcio\",\"item\":\"https:\/\/portaleducacao.guarulhos.sp.gov.br\/wp_site\/portalbienal\/\"},{\"@type\":\"ListItem\",\"position\":2,\"name\":\"linhaDoTempoBiblioteca\"}]},{\"@type\":\"WebSite\",\"@id\":\"https:\/\/portaleducacao.guarulhos.sp.gov.br\/wp_site\/portalbienal\/#website\",\"url\":\"https:\/\/portaleducacao.guarulhos.sp.gov.br\/wp_site\/portalbienal\/\",\"name\":\"Bienal do Livro de Guarulhos - 2024\",\"description\":\"Secretaria de Educa\u00e7\u00e3o - Prefeitura de Guarulhos\",\"publisher\":{\"@id\":\"https:\/\/portaleducacao.guarulhos.sp.gov.br\/wp_site\/portalbienal\/#organization\"},\"potentialAction\":[{\"@type\":\"SearchAction\",\"target\":{\"@type\":\"EntryPoint\",\"urlTemplate\":\"https:\/\/portaleducacao.guarulhos.sp.gov.br\/wp_site\/portalbienal\/?s={search_term_string}\"},\"query-input\":\"required name=search_term_string\"}],\"inLanguage\":\"pt-BR\"},{\"@type\":\"Organization\",\"@id\":\"https:\/\/portaleducacao.guarulhos.sp.gov.br\/wp_site\/portalbienal\/#organization\",\"name\":\"Bienal do Livro de Guarulhos - 2024\",\"url\":\"https:\/\/portaleducacao.guarulhos.sp.gov.br\/wp_site\/portalbienal\/\",\"sameAs\":[],\"logo\":{\"@type\":\"ImageObject\",\"inLanguage\":\"pt-BR\",\"@id\":\"https:\/\/portaleducacao.guarulhos.sp.gov.br\/wp_site\/portalbienal\/#\/schema\/logo\/image\/\",\"url\":\"https:\/\/portaleducacao.guarulhos.sp.gov.br\/wp_site\/portalbienal\/wp-content\/uploads\/sites\/22\/2022\/07\/logo_site.jpg\",\"contentUrl\":\"https:\/\/portaleducacao.guarulhos.sp.gov.br\/wp_site\/portalbienal\/wp-content\/uploads\/sites\/22\/2022\/07\/logo_site.jpg\",\"width\":350,\"height\":100,\"caption\":\"Bienal do Livro de Guarulhos - 2024\"},\"image\":{\"@id\":\"https:\/\/portaleducacao.guarulhos.sp.gov.br\/wp_site\/portalbienal\/#\/schema\/logo\/image\/\"}}]}<\/script>\r\n<!-- \/ Yoast SEO plugin. -->","yoast_head_json":{"title":"linhaDoTempoBiblioteca - Bienal do Livro de Guarulhos - 2024","robots":{"index":"index","follow":"follow","max-snippet":"max-snippet:-1","max-image-preview":"max-image-preview:large","max-video-preview":"max-video-preview:-1"},"canonical":"https:\/\/portaleducacao.guarulhos.sp.gov.br\/wp_site\/portalbienal\/linhadotempobiblioteca\/","og_locale":"pt_BR","og_type":"article","og_title":"linhaDoTempoBiblioteca - Bienal do Livro de Guarulhos - 2024","og_description":"1939 http:\/\/portaleducacao.guarulhos.sp.gov.br\/wp_site\/portalbienal\/wp-content\/uploads\/sites\/22\/2022\/08\/11-BIBLIOTECA-MUNICIPAL-DE-GUARULHOS-ESQUINA-DAS-RUAS-FELICIO-MARCONDES-E-SETE-DE-SETEMBRO.mp3 1939. A Inaugura\u00e7\u00e3oEm junho de 1939 foi criada a Biblioteca Municipal de Guarulhos, que ficava na esquina das ruas Fel\u00edcio Marcondes e Sete de Setembro. O espa\u00e7o foi &hellip; linhaDoTempoBiblioteca Leia mais &raquo;","og_url":"https:\/\/portaleducacao.guarulhos.sp.gov.br\/wp_site\/portalbienal\/linhadotempobiblioteca\/","og_site_name":"Bienal do Livro de Guarulhos - 2024","article_modified_time":"2024-01-29T15:41:17+00:00","og_image":[{"url":"http:\/\/portaleducacao.guarulhos.sp.gov.br\/wp_site\/portalbienal\/wp-content\/uploads\/sites\/22\/2022\/08\/WhatsApp-Image-2022-08-01-at-14.22.10-1024x190.jpeg"}],"twitter_card":"summary_large_image","twitter_misc":{"Est. tempo de leitura":"5 minutos"},"schema":{"@context":"https:\/\/schema.org","@graph":[{"@type":"WebPage","@id":"https:\/\/portaleducacao.guarulhos.sp.gov.br\/wp_site\/portalbienal\/linhadotempobiblioteca\/","url":"https:\/\/portaleducacao.guarulhos.sp.gov.br\/wp_site\/portalbienal\/linhadotempobiblioteca\/","name":"linhaDoTempoBiblioteca - Bienal do Livro de Guarulhos - 2024","isPartOf":{"@id":"https:\/\/portaleducacao.guarulhos.sp.gov.br\/wp_site\/portalbienal\/#website"},"datePublished":"2022-07-27T18:34:54+00:00","dateModified":"2024-01-29T15:41:17+00:00","breadcrumb":{"@id":"https:\/\/portaleducacao.guarulhos.sp.gov.br\/wp_site\/portalbienal\/linhadotempobiblioteca\/#breadcrumb"},"inLanguage":"pt-BR","potentialAction":[{"@type":"ReadAction","target":["https:\/\/portaleducacao.guarulhos.sp.gov.br\/wp_site\/portalbienal\/linhadotempobiblioteca\/"]}]},{"@type":"BreadcrumbList","@id":"https:\/\/portaleducacao.guarulhos.sp.gov.br\/wp_site\/portalbienal\/linhadotempobiblioteca\/#breadcrumb","itemListElement":[{"@type":"ListItem","position":1,"name":"In\u00edcio","item":"https:\/\/portaleducacao.guarulhos.sp.gov.br\/wp_site\/portalbienal\/"},{"@type":"ListItem","position":2,"name":"linhaDoTempoBiblioteca"}]},{"@type":"WebSite","@id":"https:\/\/portaleducacao.guarulhos.sp.gov.br\/wp_site\/portalbienal\/#website","url":"https:\/\/portaleducacao.guarulhos.sp.gov.br\/wp_site\/portalbienal\/","name":"Bienal do Livro de Guarulhos - 2024","description":"Secretaria de Educa\u00e7\u00e3o - Prefeitura de Guarulhos","publisher":{"@id":"https:\/\/portaleducacao.guarulhos.sp.gov.br\/wp_site\/portalbienal\/#organization"},"potentialAction":[{"@type":"SearchAction","target":{"@type":"EntryPoint","urlTemplate":"https:\/\/portaleducacao.guarulhos.sp.gov.br\/wp_site\/portalbienal\/?s={search_term_string}"},"query-input":"required name=search_term_string"}],"inLanguage":"pt-BR"},{"@type":"Organization","@id":"https:\/\/portaleducacao.guarulhos.sp.gov.br\/wp_site\/portalbienal\/#organization","name":"Bienal do Livro de Guarulhos - 2024","url":"https:\/\/portaleducacao.guarulhos.sp.gov.br\/wp_site\/portalbienal\/","sameAs":[],"logo":{"@type":"ImageObject","inLanguage":"pt-BR","@id":"https:\/\/portaleducacao.guarulhos.sp.gov.br\/wp_site\/portalbienal\/#\/schema\/logo\/image\/","url":"https:\/\/portaleducacao.guarulhos.sp.gov.br\/wp_site\/portalbienal\/wp-content\/uploads\/sites\/22\/2022\/07\/logo_site.jpg","contentUrl":"https:\/\/portaleducacao.guarulhos.sp.gov.br\/wp_site\/portalbienal\/wp-content\/uploads\/sites\/22\/2022\/07\/logo_site.jpg","width":350,"height":100,"caption":"Bienal do Livro de Guarulhos - 2024"},"image":{"@id":"https:\/\/portaleducacao.guarulhos.sp.gov.br\/wp_site\/portalbienal\/#\/schema\/logo\/image\/"}}]}},"_links":{"self":[{"href":"https:\/\/portaleducacao.guarulhos.sp.gov.br\/wp_site\/portalbienal\/wp-json\/wp\/v2\/pages\/1951"}],"collection":[{"href":"https:\/\/portaleducacao.guarulhos.sp.gov.br\/wp_site\/portalbienal\/wp-json\/wp\/v2\/pages"}],"about":[{"href":"https:\/\/portaleducacao.guarulhos.sp.gov.br\/wp_site\/portalbienal\/wp-json\/wp\/v2\/types\/page"}],"author":[{"embeddable":true,"href":"https:\/\/portaleducacao.guarulhos.sp.gov.br\/wp_site\/portalbienal\/wp-json\/wp\/v2\/users\/1"}],"replies":[{"embeddable":true,"href":"https:\/\/portaleducacao.guarulhos.sp.gov.br\/wp_site\/portalbienal\/wp-json\/wp\/v2\/comments?post=1951"}],"version-history":[{"count":28,"href":"https:\/\/portaleducacao.guarulhos.sp.gov.br\/wp_site\/portalbienal\/wp-json\/wp\/v2\/pages\/1951\/revisions"}],"predecessor-version":[{"id":2544,"href":"https:\/\/portaleducacao.guarulhos.sp.gov.br\/wp_site\/portalbienal\/wp-json\/wp\/v2\/pages\/1951\/revisions\/2544"}],"wp:attachment":[{"href":"https:\/\/portaleducacao.guarulhos.sp.gov.br\/wp_site\/portalbienal\/wp-json\/wp\/v2\/media?parent=1951"}],"wp:term":[{"taxonomy":"category","embeddable":true,"href":"https:\/\/portaleducacao.guarulhos.sp.gov.br\/wp_site\/portalbienal\/wp-json\/wp\/v2\/categories?post=1951"},{"taxonomy":"post_tag","embeddable":true,"href":"https:\/\/portaleducacao.guarulhos.sp.gov.br\/wp_site\/portalbienal\/wp-json\/wp\/v2\/tags?post=1951"}],"curies":[{"name":"wp","href":"https:\/\/api.w.org\/{rel}","templated":true}]}}