{"id":514,"date":"2022-07-11T09:20:47","date_gmt":"2022-07-11T12:20:47","guid":{"rendered":"https:\/\/portaleducacao.guarulhos.sp.gov.br\/wp_site\/portalbienal\/?page_id=514"},"modified":"2024-03-27T10:18:28","modified_gmt":"2024-03-27T13:18:28","slug":"noticias","status":"publish","type":"page","link":"https:\/\/portaleducacao.guarulhos.sp.gov.br\/wp_site\/portalbienal\/noticias\/","title":{"rendered":"noticias"},"content":{"rendered":"\t\t<div data-elementor-type=\"wp-page\" data-elementor-id=\"514\" class=\"elementor elementor-514\">\n\t\t\t\t\t\t\t\t\t<section class=\"elementor-section elementor-top-section elementor-element elementor-element-d941554 elementor-section-full_width elementor-section-height-default elementor-section-height-default\" data-id=\"d941554\" data-element_type=\"section\" data-settings=\"{&quot;background_background&quot;:&quot;classic&quot;}\">\n\t\t\t\t\t\t<div class=\"elementor-container elementor-column-gap-default\">\n\t\t\t\t\t<div class=\"elementor-column elementor-col-100 elementor-top-column elementor-element elementor-element-6ef30da\" data-id=\"6ef30da\" data-element_type=\"column\">\n\t\t\t<div class=\"elementor-widget-wrap elementor-element-populated\">\n\t\t\t\t\t\t\t\t<div class=\"elementor-element elementor-element-10013b4 elementor-widget elementor-widget-heading\" data-id=\"10013b4\" data-element_type=\"widget\" data-widget_type=\"heading.default\">\n\t\t\t\t<div class=\"elementor-widget-container\">\n\t\t\t<style>\/*! elementor - v3.12.1 - 02-04-2023 *\/\n.elementor-heading-title{padding:0;margin:0;line-height:1}.elementor-widget-heading .elementor-heading-title[class*=elementor-size-]>a{color:inherit;font-size:inherit;line-height:inherit}.elementor-widget-heading .elementor-heading-title.elementor-size-small{font-size:15px}.elementor-widget-heading .elementor-heading-title.elementor-size-medium{font-size:19px}.elementor-widget-heading .elementor-heading-title.elementor-size-large{font-size:29px}.elementor-widget-heading .elementor-heading-title.elementor-size-xl{font-size:39px}.elementor-widget-heading .elementor-heading-title.elementor-size-xxl{font-size:59px}<\/style><h1 class=\"elementor-heading-title elementor-size-default\">Not\u00edcias da 3\u00aa Bienal do Livro de Guarulhos<\/h1>\t\t<\/div>\n\t\t\t\t<\/div>\n\t\t\t\t<div class=\"elementor-element elementor-element-8398454 elementor-grid-eael-col-4 elementor-grid-tablet-eael-col-2 elementor-grid-mobile-eael-col-1 elementor-widget elementor-widget-eael-post-grid\" data-id=\"8398454\" data-element_type=\"widget\" data-settings=\"{&quot;eael_post_grid_columns&quot;:&quot;eael-col-4&quot;,&quot;eael_post_grid_columns_tablet&quot;:&quot;eael-col-2&quot;,&quot;eael_post_grid_columns_mobile&quot;:&quot;eael-col-1&quot;}\" data-widget_type=\"eael-post-grid.default\">\n\t\t\t\t<div class=\"elementor-widget-container\">\n\t\t\t<div id=\"eael-post-grid-8398454\" class=\"eael-post-grid-container\">\n            <div class=\"eael-post-grid eael-post-appender eael-post-appender-8398454 eael-post-grid-style-three\" data-layout-mode=\"grid\"><article class=\"eael-grid-post eael-post-grid-column\" data-id=\"9150\">\n        <div class=\"eael-grid-post-holder\">\n            <div class=\"eael-grid-post-holder-inner\"><div class=\"eael-entry-media\"><div class=\"eael-entry-overlay fade-in\"><i class=\"fas fa-long-arrow-alt-right\" aria-hidden=\"true\"><\/i><a href=\"https:\/\/portaleducacao.guarulhos.sp.gov.br\/wp_site\/portalbienal\/2024\/03\/25\/mais-de-200-mil-pessoas-visitam-a-3a-bienal-internacional-do-livro-de-guarulhos\/\"><\/a><\/div><div class=\"eael-entry-thumbnail eael-image-ratio\">\n                 <img width=\"1600\" height=\"1066\" src=\"https:\/\/portaleducacao.guarulhos.sp.gov.br\/wp_site\/portalbienal\/wp-content\/uploads\/sites\/22\/2024\/03\/IMG-20240325-WA0004.jpg\" class=\"attachment-full size-full wp-image-9151\" alt=\"\" loading=\"lazy\" srcset=\"https:\/\/portaleducacao.guarulhos.sp.gov.br\/wp_site\/portalbienal\/wp-content\/uploads\/sites\/22\/2024\/03\/IMG-20240325-WA0004.jpg 1600w, https:\/\/portaleducacao.guarulhos.sp.gov.br\/wp_site\/portalbienal\/wp-content\/uploads\/sites\/22\/2024\/03\/IMG-20240325-WA0004-300x200.jpg 300w, https:\/\/portaleducacao.guarulhos.sp.gov.br\/wp_site\/portalbienal\/wp-content\/uploads\/sites\/22\/2024\/03\/IMG-20240325-WA0004-1024x682.jpg 1024w, https:\/\/portaleducacao.guarulhos.sp.gov.br\/wp_site\/portalbienal\/wp-content\/uploads\/sites\/22\/2024\/03\/IMG-20240325-WA0004-768x512.jpg 768w, https:\/\/portaleducacao.guarulhos.sp.gov.br\/wp_site\/portalbienal\/wp-content\/uploads\/sites\/22\/2024\/03\/IMG-20240325-WA0004-1536x1023.jpg 1536w\" sizes=\"(max-width: 1600px) 100vw, 1600px\" \/>\n             <\/div>\n        <\/div><div class=\"eael-entry-wrapper\"><header class=\"eael-entry-header\"><h6 class=\"eael-entry-title\"><a\n                        class=\"eael-grid-post-link\"\n                        href=\"https:\/\/portaleducacao.guarulhos.sp.gov.br\/wp_site\/portalbienal\/2024\/03\/25\/mais-de-200-mil-pessoas-visitam-a-3a-bienal-internacional-do-livro-de-guarulhos\/\"\n                        title=\"Mais de 200 mil pessoas visitam a 3\u00aa Bienal Internacional do Livro de Guarulhos\">Mais de 200 mil pessoas visitam a 3\u00aa Bienal Internacional do Livro de Guarulhos<\/a><\/h6><\/header><\/div><\/div>\n        <\/div>\n    <\/article><article class=\"eael-grid-post eael-post-grid-column\" data-id=\"9120\">\n        <div class=\"eael-grid-post-holder\">\n            <div class=\"eael-grid-post-holder-inner\"><div class=\"eael-entry-media\"><div class=\"eael-entry-overlay fade-in\"><i class=\"fas fa-long-arrow-alt-right\" aria-hidden=\"true\"><\/i><a href=\"https:\/\/portaleducacao.guarulhos.sp.gov.br\/wp_site\/portalbienal\/2024\/03\/22\/guitarrista-do-jota-quest-traz-grandes-sucessos-da-banda-ao-palco-da-3a-bienal-do-livro-de-guarulhos\/\"><\/a><\/div><div class=\"eael-entry-thumbnail eael-image-ratio\">\n                 <img width=\"1600\" height=\"1109\" src=\"https:\/\/portaleducacao.guarulhos.sp.gov.br\/wp_site\/portalbienal\/wp-content\/uploads\/sites\/22\/2024\/03\/WhatsApp-Image-2024-03-22-at-14.06.28.jpeg\" class=\"attachment-full size-full wp-image-9121\" alt=\"\" loading=\"lazy\" srcset=\"https:\/\/portaleducacao.guarulhos.sp.gov.br\/wp_site\/portalbienal\/wp-content\/uploads\/sites\/22\/2024\/03\/WhatsApp-Image-2024-03-22-at-14.06.28.jpeg 1600w, https:\/\/portaleducacao.guarulhos.sp.gov.br\/wp_site\/portalbienal\/wp-content\/uploads\/sites\/22\/2024\/03\/WhatsApp-Image-2024-03-22-at-14.06.28-300x208.jpeg 300w, https:\/\/portaleducacao.guarulhos.sp.gov.br\/wp_site\/portalbienal\/wp-content\/uploads\/sites\/22\/2024\/03\/WhatsApp-Image-2024-03-22-at-14.06.28-1024x710.jpeg 1024w, https:\/\/portaleducacao.guarulhos.sp.gov.br\/wp_site\/portalbienal\/wp-content\/uploads\/sites\/22\/2024\/03\/WhatsApp-Image-2024-03-22-at-14.06.28-768x532.jpeg 768w, https:\/\/portaleducacao.guarulhos.sp.gov.br\/wp_site\/portalbienal\/wp-content\/uploads\/sites\/22\/2024\/03\/WhatsApp-Image-2024-03-22-at-14.06.28-1536x1065.jpeg 1536w\" sizes=\"(max-width: 1600px) 100vw, 1600px\" \/>\n             <\/div>\n        <\/div><div class=\"eael-entry-wrapper\"><header class=\"eael-entry-header\"><h6 class=\"eael-entry-title\"><a\n                        class=\"eael-grid-post-link\"\n                        href=\"https:\/\/portaleducacao.guarulhos.sp.gov.br\/wp_site\/portalbienal\/2024\/03\/22\/guitarrista-do-jota-quest-traz-grandes-sucessos-da-banda-ao-palco-da-3a-bienal-do-livro-de-guarulhos\/\"\n                        title=\"Guitarrista do Jota Quest traz grandes sucessos da banda ao palco da 3\u00aa Bienal do Livro de Guarulhos\">Guitarrista do Jota Quest traz grandes sucessos da banda ao palco da 3\u00aa Bienal do Livro de Guarulhos<\/a><\/h6><\/header><\/div><\/div>\n        <\/div>\n    <\/article><article class=\"eael-grid-post eael-post-grid-column\" data-id=\"9101\">\n        <div class=\"eael-grid-post-holder\">\n            <div class=\"eael-grid-post-holder-inner\"><div class=\"eael-entry-media\"><div class=\"eael-entry-overlay fade-in\"><i class=\"fas fa-long-arrow-alt-right\" aria-hidden=\"true\"><\/i><a href=\"https:\/\/portaleducacao.guarulhos.sp.gov.br\/wp_site\/portalbienal\/2024\/03\/21\/bienal-do-livro-recebe-palestra-da-escritora-mayte-carvalho\/\"><\/a><\/div><div class=\"eael-entry-thumbnail eael-image-ratio\">\n                 <img width=\"750\" height=\"500\" src=\"https:\/\/portaleducacao.guarulhos.sp.gov.br\/wp_site\/portalbienal\/wp-content\/uploads\/sites\/22\/2024\/03\/Untitled-design.jpg\" class=\"attachment-full size-full wp-image-9102\" alt=\"\" loading=\"lazy\" srcset=\"https:\/\/portaleducacao.guarulhos.sp.gov.br\/wp_site\/portalbienal\/wp-content\/uploads\/sites\/22\/2024\/03\/Untitled-design.jpg 750w, https:\/\/portaleducacao.guarulhos.sp.gov.br\/wp_site\/portalbienal\/wp-content\/uploads\/sites\/22\/2024\/03\/Untitled-design-300x200.jpg 300w\" sizes=\"(max-width: 750px) 100vw, 750px\" \/>\n             <\/div>\n        <\/div><div class=\"eael-entry-wrapper\"><header class=\"eael-entry-header\"><h6 class=\"eael-entry-title\"><a\n                        class=\"eael-grid-post-link\"\n                        href=\"https:\/\/portaleducacao.guarulhos.sp.gov.br\/wp_site\/portalbienal\/2024\/03\/21\/bienal-do-livro-recebe-palestra-da-escritora-mayte-carvalho\/\"\n                        title=\"Bienal do Livro recebe palestra da escritora Mayt\u00ea Carvalho\">Bienal do Livro recebe palestra da escritora Mayt\u00ea Carvalho<\/a><\/h6><\/header><\/div><\/div>\n        <\/div>\n    <\/article><article class=\"eael-grid-post eael-post-grid-column\" data-id=\"9087\">\n        <div class=\"eael-grid-post-holder\">\n            <div class=\"eael-grid-post-holder-inner\"><div class=\"eael-entry-media\"><div class=\"eael-entry-overlay fade-in\"><i class=\"fas fa-long-arrow-alt-right\" aria-hidden=\"true\"><\/i><a href=\"https:\/\/portaleducacao.guarulhos.sp.gov.br\/wp_site\/portalbienal\/2024\/03\/21\/3a-bienal-do-livro-de-guarulhos-recebe-o-escritor-e-jornalista-marcelo-duarte-nesta-sexta-feira\/\"><\/a><\/div><div class=\"eael-entry-thumbnail eael-image-ratio\">\n                 <img width=\"1600\" height=\"1109\" src=\"https:\/\/portaleducacao.guarulhos.sp.gov.br\/wp_site\/portalbienal\/wp-content\/uploads\/sites\/22\/2024\/03\/WhatsApp-Image-2024-03-21-at-14.37.55.jpeg\" class=\"attachment-full size-full wp-image-9089\" alt=\"\" loading=\"lazy\" srcset=\"https:\/\/portaleducacao.guarulhos.sp.gov.br\/wp_site\/portalbienal\/wp-content\/uploads\/sites\/22\/2024\/03\/WhatsApp-Image-2024-03-21-at-14.37.55.jpeg 1600w, https:\/\/portaleducacao.guarulhos.sp.gov.br\/wp_site\/portalbienal\/wp-content\/uploads\/sites\/22\/2024\/03\/WhatsApp-Image-2024-03-21-at-14.37.55-300x208.jpeg 300w, https:\/\/portaleducacao.guarulhos.sp.gov.br\/wp_site\/portalbienal\/wp-content\/uploads\/sites\/22\/2024\/03\/WhatsApp-Image-2024-03-21-at-14.37.55-1024x710.jpeg 1024w, https:\/\/portaleducacao.guarulhos.sp.gov.br\/wp_site\/portalbienal\/wp-content\/uploads\/sites\/22\/2024\/03\/WhatsApp-Image-2024-03-21-at-14.37.55-768x532.jpeg 768w, https:\/\/portaleducacao.guarulhos.sp.gov.br\/wp_site\/portalbienal\/wp-content\/uploads\/sites\/22\/2024\/03\/WhatsApp-Image-2024-03-21-at-14.37.55-1536x1065.jpeg 1536w\" sizes=\"(max-width: 1600px) 100vw, 1600px\" \/>\n             <\/div>\n        <\/div><div class=\"eael-entry-wrapper\"><header class=\"eael-entry-header\"><h6 class=\"eael-entry-title\"><a\n                        class=\"eael-grid-post-link\"\n                        href=\"https:\/\/portaleducacao.guarulhos.sp.gov.br\/wp_site\/portalbienal\/2024\/03\/21\/3a-bienal-do-livro-de-guarulhos-recebe-o-escritor-e-jornalista-marcelo-duarte-nesta-sexta-feira\/\"\n                        title=\"3\u00aa Bienal do Livro de Guarulhos recebe o escritor e jornalista Marcelo Duarte nesta sexta-feira\">3\u00aa Bienal do Livro de Guarulhos recebe o escritor e jornalista Marcelo Duarte nesta sexta-feira<\/a><\/h6><\/header><\/div><\/div>\n        <\/div>\n    <\/article><article class=\"eael-grid-post eael-post-grid-column\" data-id=\"9084\">\n        <div class=\"eael-grid-post-holder\">\n            <div class=\"eael-grid-post-holder-inner\"><div class=\"eael-entry-media\"><div class=\"eael-entry-overlay fade-in\"><i class=\"fas fa-long-arrow-alt-right\" aria-hidden=\"true\"><\/i><a href=\"https:\/\/portaleducacao.guarulhos.sp.gov.br\/wp_site\/portalbienal\/2024\/03\/21\/alunos-da-epg-heraldo-evans-fazem-cobertura-jornalistica-da-3a-bienal-internacional-do-livro-de-guarulhos\/\"><\/a><\/div><div class=\"eael-entry-thumbnail eael-image-ratio\">\n                 <img width=\"1600\" height=\"1066\" src=\"https:\/\/portaleducacao.guarulhos.sp.gov.br\/wp_site\/portalbienal\/wp-content\/uploads\/sites\/22\/2024\/03\/EPG-Heraldo-Evans-Camila-Rhodes-2.jpeg\" class=\"attachment-full size-full wp-image-9085\" alt=\"\" loading=\"lazy\" srcset=\"https:\/\/portaleducacao.guarulhos.sp.gov.br\/wp_site\/portalbienal\/wp-content\/uploads\/sites\/22\/2024\/03\/EPG-Heraldo-Evans-Camila-Rhodes-2.jpeg 1600w, https:\/\/portaleducacao.guarulhos.sp.gov.br\/wp_site\/portalbienal\/wp-content\/uploads\/sites\/22\/2024\/03\/EPG-Heraldo-Evans-Camila-Rhodes-2-300x200.jpeg 300w, https:\/\/portaleducacao.guarulhos.sp.gov.br\/wp_site\/portalbienal\/wp-content\/uploads\/sites\/22\/2024\/03\/EPG-Heraldo-Evans-Camila-Rhodes-2-1024x682.jpeg 1024w, https:\/\/portaleducacao.guarulhos.sp.gov.br\/wp_site\/portalbienal\/wp-content\/uploads\/sites\/22\/2024\/03\/EPG-Heraldo-Evans-Camila-Rhodes-2-768x512.jpeg 768w, https:\/\/portaleducacao.guarulhos.sp.gov.br\/wp_site\/portalbienal\/wp-content\/uploads\/sites\/22\/2024\/03\/EPG-Heraldo-Evans-Camila-Rhodes-2-1536x1023.jpeg 1536w\" sizes=\"(max-width: 1600px) 100vw, 1600px\" \/>\n             <\/div>\n        <\/div><div class=\"eael-entry-wrapper\"><header class=\"eael-entry-header\"><h6 class=\"eael-entry-title\"><a\n                        class=\"eael-grid-post-link\"\n                        href=\"https:\/\/portaleducacao.guarulhos.sp.gov.br\/wp_site\/portalbienal\/2024\/03\/21\/alunos-da-epg-heraldo-evans-fazem-cobertura-jornalistica-da-3a-bienal-internacional-do-livro-de-guarulhos\/\"\n                        title=\"Alunos da EPG Heraldo Evans fazem cobertura jornal\u00edstica da 3\u00aa Bienal Internacional do Livro de Guarulhos\">Alunos da EPG Heraldo Evans fazem cobertura jornal\u00edstica da 3\u00aa Bienal Internacional do Livro de Guarulhos<\/a><\/h6><\/header><\/div><\/div>\n        <\/div>\n    <\/article><article class=\"eael-grid-post eael-post-grid-column\" data-id=\"9079\">\n        <div class=\"eael-grid-post-holder\">\n            <div class=\"eael-grid-post-holder-inner\"><div class=\"eael-entry-media\"><div class=\"eael-entry-overlay fade-in\"><i class=\"fas fa-long-arrow-alt-right\" aria-hidden=\"true\"><\/i><a href=\"https:\/\/portaleducacao.guarulhos.sp.gov.br\/wp_site\/portalbienal\/2024\/03\/20\/rodrigo-franca-lanca-livro-com-tematica-antirracista\/\"><\/a><\/div><div class=\"eael-entry-thumbnail eael-image-ratio\">\n                 <img width=\"1600\" height=\"1109\" src=\"https:\/\/portaleducacao.guarulhos.sp.gov.br\/wp_site\/portalbienal\/wp-content\/uploads\/sites\/22\/2024\/03\/Divulgacao.jpeg\" class=\"attachment-full size-full wp-image-9080\" alt=\"\" loading=\"lazy\" srcset=\"https:\/\/portaleducacao.guarulhos.sp.gov.br\/wp_site\/portalbienal\/wp-content\/uploads\/sites\/22\/2024\/03\/Divulgacao.jpeg 1600w, https:\/\/portaleducacao.guarulhos.sp.gov.br\/wp_site\/portalbienal\/wp-content\/uploads\/sites\/22\/2024\/03\/Divulgacao-300x208.jpeg 300w, https:\/\/portaleducacao.guarulhos.sp.gov.br\/wp_site\/portalbienal\/wp-content\/uploads\/sites\/22\/2024\/03\/Divulgacao-1024x710.jpeg 1024w, https:\/\/portaleducacao.guarulhos.sp.gov.br\/wp_site\/portalbienal\/wp-content\/uploads\/sites\/22\/2024\/03\/Divulgacao-768x532.jpeg 768w, https:\/\/portaleducacao.guarulhos.sp.gov.br\/wp_site\/portalbienal\/wp-content\/uploads\/sites\/22\/2024\/03\/Divulgacao-1536x1065.jpeg 1536w\" sizes=\"(max-width: 1600px) 100vw, 1600px\" \/>\n             <\/div>\n        <\/div><div class=\"eael-entry-wrapper\"><header class=\"eael-entry-header\"><h6 class=\"eael-entry-title\"><a\n                        class=\"eael-grid-post-link\"\n                        href=\"https:\/\/portaleducacao.guarulhos.sp.gov.br\/wp_site\/portalbienal\/2024\/03\/20\/rodrigo-franca-lanca-livro-com-tematica-antirracista\/\"\n                        title=\"Rodrigo Fran\u00e7a lan\u00e7a livro com tem\u00e1tica antirracista\">Rodrigo Fran\u00e7a lan\u00e7a livro com tem\u00e1tica antirracista<\/a><\/h6><\/header><\/div><\/div>\n        <\/div>\n    <\/article><article class=\"eael-grid-post eael-post-grid-column\" data-id=\"9029\">\n        <div class=\"eael-grid-post-holder\">\n            <div class=\"eael-grid-post-holder-inner\"><div class=\"eael-entry-media\"><div class=\"eael-entry-overlay fade-in\"><i class=\"fas fa-long-arrow-alt-right\" aria-hidden=\"true\"><\/i><a href=\"https:\/\/portaleducacao.guarulhos.sp.gov.br\/wp_site\/portalbienal\/2024\/03\/18\/braulio-bessa-se-apresenta-na-3a-bienal-internacional-do-livro-de-guarulhos-nesta-terca\/\"><\/a><\/div><div class=\"eael-entry-thumbnail eael-image-ratio\">\n                 <img width=\"1600\" height=\"1131\" src=\"https:\/\/portaleducacao.guarulhos.sp.gov.br\/wp_site\/portalbienal\/wp-content\/uploads\/sites\/22\/2024\/03\/Braulio-Bessa-Divulgacao.jpeg\" class=\"attachment-full size-full wp-image-9030\" alt=\"\" loading=\"lazy\" srcset=\"https:\/\/portaleducacao.guarulhos.sp.gov.br\/wp_site\/portalbienal\/wp-content\/uploads\/sites\/22\/2024\/03\/Braulio-Bessa-Divulgacao.jpeg 1600w, https:\/\/portaleducacao.guarulhos.sp.gov.br\/wp_site\/portalbienal\/wp-content\/uploads\/sites\/22\/2024\/03\/Braulio-Bessa-Divulgacao-300x212.jpeg 300w, https:\/\/portaleducacao.guarulhos.sp.gov.br\/wp_site\/portalbienal\/wp-content\/uploads\/sites\/22\/2024\/03\/Braulio-Bessa-Divulgacao-1024x724.jpeg 1024w, https:\/\/portaleducacao.guarulhos.sp.gov.br\/wp_site\/portalbienal\/wp-content\/uploads\/sites\/22\/2024\/03\/Braulio-Bessa-Divulgacao-768x543.jpeg 768w, https:\/\/portaleducacao.guarulhos.sp.gov.br\/wp_site\/portalbienal\/wp-content\/uploads\/sites\/22\/2024\/03\/Braulio-Bessa-Divulgacao-1536x1086.jpeg 1536w\" sizes=\"(max-width: 1600px) 100vw, 1600px\" \/>\n             <\/div>\n        <\/div><div class=\"eael-entry-wrapper\"><header class=\"eael-entry-header\"><h6 class=\"eael-entry-title\"><a\n                        class=\"eael-grid-post-link\"\n                        href=\"https:\/\/portaleducacao.guarulhos.sp.gov.br\/wp_site\/portalbienal\/2024\/03\/18\/braulio-bessa-se-apresenta-na-3a-bienal-internacional-do-livro-de-guarulhos-nesta-terca\/\"\n                        title=\"Br\u00e1ulio Bessa se apresenta na 3\u00aa Bienal Internacional do Livro de Guarulhos nesta ter\u00e7a\">Br\u00e1ulio Bessa se apresenta na 3\u00aa Bienal Internacional do Livro de Guarulhos nesta ter\u00e7a<\/a><\/h6><\/header><\/div><\/div>\n        <\/div>\n    <\/article><article class=\"eael-grid-post eael-post-grid-column\" data-id=\"9026\">\n        <div class=\"eael-grid-post-holder\">\n            <div class=\"eael-grid-post-holder-inner\"><div class=\"eael-entry-media\"><div class=\"eael-entry-overlay fade-in\"><i class=\"fas fa-long-arrow-alt-right\" aria-hidden=\"true\"><\/i><a href=\"https:\/\/portaleducacao.guarulhos.sp.gov.br\/wp_site\/portalbienal\/2024\/03\/18\/autores-estrangeiros-lancam-obras-na-3a-bienal-internacional-do-livro-de-guarulhos\/\"><\/a><\/div><div class=\"eael-entry-thumbnail eael-image-ratio\">\n                 <img width=\"1600\" height=\"1066\" src=\"https:\/\/portaleducacao.guarulhos.sp.gov.br\/wp_site\/portalbienal\/wp-content\/uploads\/sites\/22\/2024\/03\/Autores-estrangeiros-Camila-Rhodes-2.jpeg\" class=\"attachment-full size-full wp-image-9027\" alt=\"\" loading=\"lazy\" srcset=\"https:\/\/portaleducacao.guarulhos.sp.gov.br\/wp_site\/portalbienal\/wp-content\/uploads\/sites\/22\/2024\/03\/Autores-estrangeiros-Camila-Rhodes-2.jpeg 1600w, https:\/\/portaleducacao.guarulhos.sp.gov.br\/wp_site\/portalbienal\/wp-content\/uploads\/sites\/22\/2024\/03\/Autores-estrangeiros-Camila-Rhodes-2-300x200.jpeg 300w, https:\/\/portaleducacao.guarulhos.sp.gov.br\/wp_site\/portalbienal\/wp-content\/uploads\/sites\/22\/2024\/03\/Autores-estrangeiros-Camila-Rhodes-2-1024x682.jpeg 1024w, https:\/\/portaleducacao.guarulhos.sp.gov.br\/wp_site\/portalbienal\/wp-content\/uploads\/sites\/22\/2024\/03\/Autores-estrangeiros-Camila-Rhodes-2-768x512.jpeg 768w, https:\/\/portaleducacao.guarulhos.sp.gov.br\/wp_site\/portalbienal\/wp-content\/uploads\/sites\/22\/2024\/03\/Autores-estrangeiros-Camila-Rhodes-2-1536x1023.jpeg 1536w\" sizes=\"(max-width: 1600px) 100vw, 1600px\" \/>\n             <\/div>\n        <\/div><div class=\"eael-entry-wrapper\"><header class=\"eael-entry-header\"><h6 class=\"eael-entry-title\"><a\n                        class=\"eael-grid-post-link\"\n                        href=\"https:\/\/portaleducacao.guarulhos.sp.gov.br\/wp_site\/portalbienal\/2024\/03\/18\/autores-estrangeiros-lancam-obras-na-3a-bienal-internacional-do-livro-de-guarulhos\/\"\n                        title=\"Autores estrangeiros lan\u00e7am obras na 3\u00aa Bienal Internacional do Livro de Guarulhos\">Autores estrangeiros lan\u00e7am obras na 3\u00aa Bienal Internacional do Livro de Guarulhos<\/a><\/h6><\/header><\/div><\/div>\n        <\/div>\n    <\/article><article class=\"eael-grid-post eael-post-grid-column\" data-id=\"9023\">\n        <div class=\"eael-grid-post-holder\">\n            <div class=\"eael-grid-post-holder-inner\"><div class=\"eael-entry-media\"><div class=\"eael-entry-overlay fade-in\"><i class=\"fas fa-long-arrow-alt-right\" aria-hidden=\"true\"><\/i><a href=\"https:\/\/portaleducacao.guarulhos.sp.gov.br\/wp_site\/portalbienal\/2024\/03\/18\/sensacao-da-bienal-area-gamer-atrai-publico-de-todas-as-idades\/\"><\/a><\/div><div class=\"eael-entry-thumbnail eael-image-ratio\">\n                 <img width=\"1600\" height=\"1066\" src=\"https:\/\/portaleducacao.guarulhos.sp.gov.br\/wp_site\/portalbienal\/wp-content\/uploads\/sites\/22\/2024\/03\/Area-gamer-Divulgacao-Bienal-3.jpeg\" class=\"attachment-full size-full wp-image-9024\" alt=\"\" loading=\"lazy\" srcset=\"https:\/\/portaleducacao.guarulhos.sp.gov.br\/wp_site\/portalbienal\/wp-content\/uploads\/sites\/22\/2024\/03\/Area-gamer-Divulgacao-Bienal-3.jpeg 1600w, https:\/\/portaleducacao.guarulhos.sp.gov.br\/wp_site\/portalbienal\/wp-content\/uploads\/sites\/22\/2024\/03\/Area-gamer-Divulgacao-Bienal-3-300x200.jpeg 300w, https:\/\/portaleducacao.guarulhos.sp.gov.br\/wp_site\/portalbienal\/wp-content\/uploads\/sites\/22\/2024\/03\/Area-gamer-Divulgacao-Bienal-3-1024x682.jpeg 1024w, https:\/\/portaleducacao.guarulhos.sp.gov.br\/wp_site\/portalbienal\/wp-content\/uploads\/sites\/22\/2024\/03\/Area-gamer-Divulgacao-Bienal-3-768x512.jpeg 768w, https:\/\/portaleducacao.guarulhos.sp.gov.br\/wp_site\/portalbienal\/wp-content\/uploads\/sites\/22\/2024\/03\/Area-gamer-Divulgacao-Bienal-3-1536x1023.jpeg 1536w\" sizes=\"(max-width: 1600px) 100vw, 1600px\" \/>\n             <\/div>\n        <\/div><div class=\"eael-entry-wrapper\"><header class=\"eael-entry-header\"><h6 class=\"eael-entry-title\"><a\n                        class=\"eael-grid-post-link\"\n                        href=\"https:\/\/portaleducacao.guarulhos.sp.gov.br\/wp_site\/portalbienal\/2024\/03\/18\/sensacao-da-bienal-area-gamer-atrai-publico-de-todas-as-idades\/\"\n                        title=\"Sensa\u00e7\u00e3o da Bienal, \u00e1rea gamer atrai p\u00fablico de todas as idades\">Sensa\u00e7\u00e3o da Bienal, \u00e1rea gamer atrai p\u00fablico de todas as idades<\/a><\/h6><\/header><\/div><\/div>\n        <\/div>\n    <\/article><article class=\"eael-grid-post eael-post-grid-column\" data-id=\"9004\">\n        <div class=\"eael-grid-post-holder\">\n            <div class=\"eael-grid-post-holder-inner\"><div class=\"eael-entry-media\"><div class=\"eael-entry-overlay fade-in\"><i class=\"fas fa-long-arrow-alt-right\" aria-hidden=\"true\"><\/i><a href=\"https:\/\/portaleducacao.guarulhos.sp.gov.br\/wp_site\/portalbienal\/2024\/03\/17\/denise-fraga-e-o-show-da-luna-agitam-o-domingo-na-bienal-do-livro\/\"><\/a><\/div><div class=\"eael-entry-thumbnail eael-image-ratio\">\n                 <img width=\"1600\" height=\"1066\" src=\"https:\/\/portaleducacao.guarulhos.sp.gov.br\/wp_site\/portalbienal\/wp-content\/uploads\/sites\/22\/2024\/03\/WhatsApp-Image-2024-03-17-at-19.24.56.jpeg\" class=\"attachment-full size-full wp-image-9005\" alt=\"\" loading=\"lazy\" srcset=\"https:\/\/portaleducacao.guarulhos.sp.gov.br\/wp_site\/portalbienal\/wp-content\/uploads\/sites\/22\/2024\/03\/WhatsApp-Image-2024-03-17-at-19.24.56.jpeg 1600w, https:\/\/portaleducacao.guarulhos.sp.gov.br\/wp_site\/portalbienal\/wp-content\/uploads\/sites\/22\/2024\/03\/WhatsApp-Image-2024-03-17-at-19.24.56-300x200.jpeg 300w, https:\/\/portaleducacao.guarulhos.sp.gov.br\/wp_site\/portalbienal\/wp-content\/uploads\/sites\/22\/2024\/03\/WhatsApp-Image-2024-03-17-at-19.24.56-1024x682.jpeg 1024w, https:\/\/portaleducacao.guarulhos.sp.gov.br\/wp_site\/portalbienal\/wp-content\/uploads\/sites\/22\/2024\/03\/WhatsApp-Image-2024-03-17-at-19.24.56-768x512.jpeg 768w, https:\/\/portaleducacao.guarulhos.sp.gov.br\/wp_site\/portalbienal\/wp-content\/uploads\/sites\/22\/2024\/03\/WhatsApp-Image-2024-03-17-at-19.24.56-1536x1023.jpeg 1536w\" sizes=\"(max-width: 1600px) 100vw, 1600px\" \/>\n             <\/div>\n        <\/div><div class=\"eael-entry-wrapper\"><header class=\"eael-entry-header\"><h6 class=\"eael-entry-title\"><a\n                        class=\"eael-grid-post-link\"\n                        href=\"https:\/\/portaleducacao.guarulhos.sp.gov.br\/wp_site\/portalbienal\/2024\/03\/17\/denise-fraga-e-o-show-da-luna-agitam-o-domingo-na-bienal-do-livro\/\"\n                        title=\"Denise Fraga e O Show da Luna agitam o domingo na Bienal do Livro\">Denise Fraga e O Show da Luna agitam o domingo na Bienal do Livro<\/a><\/h6><\/header><\/div><\/div>\n        <\/div>\n    <\/article><article class=\"eael-grid-post eael-post-grid-column\" data-id=\"8998\">\n        <div class=\"eael-grid-post-holder\">\n            <div class=\"eael-grid-post-holder-inner\"><div class=\"eael-entry-media\"><div class=\"eael-entry-overlay fade-in\"><i class=\"fas fa-long-arrow-alt-right\" aria-hidden=\"true\"><\/i><a href=\"https:\/\/portaleducacao.guarulhos.sp.gov.br\/wp_site\/portalbienal\/2024\/03\/17\/primo-pobre-e-um-dos-destaques-da-programacao-desta-segunda-na-bienal-do-livro-de-guarulhos\/\"><\/a><\/div><div class=\"eael-entry-thumbnail eael-image-ratio\">\n                 <img width=\"686\" height=\"495\" src=\"https:\/\/portaleducacao.guarulhos.sp.gov.br\/wp_site\/portalbienal\/wp-content\/uploads\/sites\/22\/2024\/03\/Primo-Pobre.jpeg\" class=\"attachment-full size-full wp-image-8999\" alt=\"\" loading=\"lazy\" srcset=\"https:\/\/portaleducacao.guarulhos.sp.gov.br\/wp_site\/portalbienal\/wp-content\/uploads\/sites\/22\/2024\/03\/Primo-Pobre.jpeg 686w, https:\/\/portaleducacao.guarulhos.sp.gov.br\/wp_site\/portalbienal\/wp-content\/uploads\/sites\/22\/2024\/03\/Primo-Pobre-300x216.jpeg 300w\" sizes=\"(max-width: 686px) 100vw, 686px\" \/>\n             <\/div>\n        <\/div><div class=\"eael-entry-wrapper\"><header class=\"eael-entry-header\"><h6 class=\"eael-entry-title\"><a\n                        class=\"eael-grid-post-link\"\n                        href=\"https:\/\/portaleducacao.guarulhos.sp.gov.br\/wp_site\/portalbienal\/2024\/03\/17\/primo-pobre-e-um-dos-destaques-da-programacao-desta-segunda-na-bienal-do-livro-de-guarulhos\/\"\n                        title=\"Primo Pobre \u00e9 um dos destaques da programa\u00e7\u00e3o desta segunda na Bienal do Livro de Guarulhos\">Primo Pobre \u00e9 um dos destaques da programa\u00e7\u00e3o desta segunda na Bienal do Livro de Guarulhos<\/a><\/h6><\/header><\/div><\/div>\n        <\/div>\n    <\/article><article class=\"eael-grid-post eael-post-grid-column\" data-id=\"8986\">\n        <div class=\"eael-grid-post-holder\">\n            <div class=\"eael-grid-post-holder-inner\"><div class=\"eael-entry-media\"><div class=\"eael-entry-overlay fade-in\"><i class=\"fas fa-long-arrow-alt-right\" aria-hidden=\"true\"><\/i><a href=\"https:\/\/portaleducacao.guarulhos.sp.gov.br\/wp_site\/portalbienal\/2024\/03\/17\/bienal-disponibiliza-novo-lote-de-ingressos-para-bate-papo-com-autores-e-apresentacoes-infantis\/\"><\/a><\/div><div class=\"eael-entry-thumbnail eael-image-ratio\">\n                 <img width=\"1600\" height=\"1066\" src=\"https:\/\/portaleducacao.guarulhos.sp.gov.br\/wp_site\/portalbienal\/wp-content\/uploads\/sites\/22\/2024\/03\/WhatsApp-Image-2024-03-17-at-15.12.20.jpeg\" class=\"attachment-full size-full wp-image-8991\" alt=\"\" loading=\"lazy\" srcset=\"https:\/\/portaleducacao.guarulhos.sp.gov.br\/wp_site\/portalbienal\/wp-content\/uploads\/sites\/22\/2024\/03\/WhatsApp-Image-2024-03-17-at-15.12.20.jpeg 1600w, https:\/\/portaleducacao.guarulhos.sp.gov.br\/wp_site\/portalbienal\/wp-content\/uploads\/sites\/22\/2024\/03\/WhatsApp-Image-2024-03-17-at-15.12.20-300x200.jpeg 300w, https:\/\/portaleducacao.guarulhos.sp.gov.br\/wp_site\/portalbienal\/wp-content\/uploads\/sites\/22\/2024\/03\/WhatsApp-Image-2024-03-17-at-15.12.20-1024x682.jpeg 1024w, https:\/\/portaleducacao.guarulhos.sp.gov.br\/wp_site\/portalbienal\/wp-content\/uploads\/sites\/22\/2024\/03\/WhatsApp-Image-2024-03-17-at-15.12.20-768x512.jpeg 768w, https:\/\/portaleducacao.guarulhos.sp.gov.br\/wp_site\/portalbienal\/wp-content\/uploads\/sites\/22\/2024\/03\/WhatsApp-Image-2024-03-17-at-15.12.20-1536x1023.jpeg 1536w\" sizes=\"(max-width: 1600px) 100vw, 1600px\" \/>\n             <\/div>\n        <\/div><div class=\"eael-entry-wrapper\"><header class=\"eael-entry-header\"><h6 class=\"eael-entry-title\"><a\n                        class=\"eael-grid-post-link\"\n                        href=\"https:\/\/portaleducacao.guarulhos.sp.gov.br\/wp_site\/portalbienal\/2024\/03\/17\/bienal-disponibiliza-novo-lote-de-ingressos-para-bate-papo-com-autores-e-apresentacoes-infantis\/\"\n                        title=\"Bienal disponibiliza novo lote de ingressos para bate-papo com autores e apresenta\u00e7\u00f5es infantis\">Bienal disponibiliza novo lote de ingressos para bate-papo com autores e apresenta\u00e7\u00f5es infantis<\/a><\/h6><\/header><\/div><\/div>\n        <\/div>\n    <\/article><article class=\"eael-grid-post eael-post-grid-column\" data-id=\"8965\">\n        <div class=\"eael-grid-post-holder\">\n            <div class=\"eael-grid-post-holder-inner\"><div class=\"eael-entry-media\"><div class=\"eael-entry-overlay fade-in\"><i class=\"fas fa-long-arrow-alt-right\" aria-hidden=\"true\"><\/i><a href=\"https:\/\/portaleducacao.guarulhos.sp.gov.br\/wp_site\/portalbienal\/2024\/03\/16\/publico-da-bienal-do-livro-prestigia-bate-papos-com-miguel-falabella-e-ignacio-de-loyola-brandao\/\"><\/a><\/div><div class=\"eael-entry-thumbnail eael-image-ratio\">\n                 <img width=\"2560\" height=\"1707\" src=\"https:\/\/portaleducacao.guarulhos.sp.gov.br\/wp_site\/portalbienal\/wp-content\/uploads\/sites\/22\/2024\/03\/IMG_8242_2024_03_16_Gezeras-scaled.jpg\" class=\"attachment-full size-full wp-image-8966\" alt=\"\" loading=\"lazy\" srcset=\"https:\/\/portaleducacao.guarulhos.sp.gov.br\/wp_site\/portalbienal\/wp-content\/uploads\/sites\/22\/2024\/03\/IMG_8242_2024_03_16_Gezeras-scaled.jpg 2560w, https:\/\/portaleducacao.guarulhos.sp.gov.br\/wp_site\/portalbienal\/wp-content\/uploads\/sites\/22\/2024\/03\/IMG_8242_2024_03_16_Gezeras-300x200.jpg 300w, https:\/\/portaleducacao.guarulhos.sp.gov.br\/wp_site\/portalbienal\/wp-content\/uploads\/sites\/22\/2024\/03\/IMG_8242_2024_03_16_Gezeras-1024x683.jpg 1024w, https:\/\/portaleducacao.guarulhos.sp.gov.br\/wp_site\/portalbienal\/wp-content\/uploads\/sites\/22\/2024\/03\/IMG_8242_2024_03_16_Gezeras-768x512.jpg 768w, https:\/\/portaleducacao.guarulhos.sp.gov.br\/wp_site\/portalbienal\/wp-content\/uploads\/sites\/22\/2024\/03\/IMG_8242_2024_03_16_Gezeras-1536x1024.jpg 1536w, https:\/\/portaleducacao.guarulhos.sp.gov.br\/wp_site\/portalbienal\/wp-content\/uploads\/sites\/22\/2024\/03\/IMG_8242_2024_03_16_Gezeras-2048x1366.jpg 2048w\" sizes=\"(max-width: 2560px) 100vw, 2560px\" \/>\n             <\/div>\n        <\/div><div class=\"eael-entry-wrapper\"><header class=\"eael-entry-header\"><h6 class=\"eael-entry-title\"><a\n                        class=\"eael-grid-post-link\"\n                        href=\"https:\/\/portaleducacao.guarulhos.sp.gov.br\/wp_site\/portalbienal\/2024\/03\/16\/publico-da-bienal-do-livro-prestigia-bate-papos-com-miguel-falabella-e-ignacio-de-loyola-brandao\/\"\n                        title=\"P\u00fablico da Bienal do Livro prestigia bate-papos com Miguel Falabella e Ign\u00e1cio de Loyola Brand\u00e3o\">P\u00fablico da Bienal do Livro prestigia bate-papos com Miguel Falabella e Ign\u00e1cio de Loyola Brand\u00e3o<\/a><\/h6><\/header><\/div><\/div>\n        <\/div>\n    <\/article><article class=\"eael-grid-post eael-post-grid-column\" data-id=\"8956\">\n        <div class=\"eael-grid-post-holder\">\n            <div class=\"eael-grid-post-holder-inner\"><div class=\"eael-entry-media\"><div class=\"eael-entry-overlay fade-in\"><i class=\"fas fa-long-arrow-alt-right\" aria-hidden=\"true\"><\/i><a href=\"https:\/\/portaleducacao.guarulhos.sp.gov.br\/wp_site\/portalbienal\/2024\/03\/16\/espetaculo-da-gru-sinfonica-marca-primeiro-dia-da-3a-bienal-internacional-do-livro-de-guarulhos\/\"><\/a><\/div><div class=\"eael-entry-thumbnail eael-image-ratio\">\n                 <img width=\"625\" height=\"417\" src=\"https:\/\/portaleducacao.guarulhos.sp.gov.br\/wp_site\/portalbienal\/wp-content\/uploads\/sites\/22\/2024\/03\/bienal_do_livro_Fabio_Nunes_Teixeira-5-1.jpg\" class=\"attachment-full size-full wp-image-8962\" alt=\"\" loading=\"lazy\" srcset=\"https:\/\/portaleducacao.guarulhos.sp.gov.br\/wp_site\/portalbienal\/wp-content\/uploads\/sites\/22\/2024\/03\/bienal_do_livro_Fabio_Nunes_Teixeira-5-1.jpg 625w, https:\/\/portaleducacao.guarulhos.sp.gov.br\/wp_site\/portalbienal\/wp-content\/uploads\/sites\/22\/2024\/03\/bienal_do_livro_Fabio_Nunes_Teixeira-5-1-300x200.jpg 300w\" sizes=\"(max-width: 625px) 100vw, 625px\" \/>\n             <\/div>\n        <\/div><div class=\"eael-entry-wrapper\"><header class=\"eael-entry-header\"><h6 class=\"eael-entry-title\"><a\n                        class=\"eael-grid-post-link\"\n                        href=\"https:\/\/portaleducacao.guarulhos.sp.gov.br\/wp_site\/portalbienal\/2024\/03\/16\/espetaculo-da-gru-sinfonica-marca-primeiro-dia-da-3a-bienal-internacional-do-livro-de-guarulhos\/\"\n                        title=\"Espet\u00e1culo da GRU Sinf\u00f4nica marca primeiro dia da 3\u00aa Bienal Internacional do Livro de Guarulhos\">Espet\u00e1culo da GRU Sinf\u00f4nica marca primeiro dia da 3\u00aa Bienal Internacional do Livro de Guarulhos<\/a><\/h6><\/header><\/div><\/div>\n        <\/div>\n    <\/article><article class=\"eael-grid-post eael-post-grid-column\" data-id=\"8944\">\n        <div class=\"eael-grid-post-holder\">\n            <div class=\"eael-grid-post-holder-inner\"><div class=\"eael-entry-media\"><div class=\"eael-entry-overlay fade-in\"><i class=\"fas fa-long-arrow-alt-right\" aria-hidden=\"true\"><\/i><a href=\"https:\/\/portaleducacao.guarulhos.sp.gov.br\/wp_site\/portalbienal\/2024\/03\/15\/3a-bienal-internacional-do-livro-de-guarulhos-comeca-hoje-no-espaco-inter\/\"><\/a><\/div><div class=\"eael-entry-thumbnail eael-image-ratio\">\n                 <img width=\"1392\" height=\"928\" src=\"https:\/\/portaleducacao.guarulhos.sp.gov.br\/wp_site\/portalbienal\/wp-content\/uploads\/sites\/22\/2024\/03\/WhatsApp-Image-2024-03-15-at-09.40.45.jpeg\" class=\"attachment-full size-full wp-image-8946\" alt=\"\" loading=\"lazy\" srcset=\"https:\/\/portaleducacao.guarulhos.sp.gov.br\/wp_site\/portalbienal\/wp-content\/uploads\/sites\/22\/2024\/03\/WhatsApp-Image-2024-03-15-at-09.40.45.jpeg 1392w, https:\/\/portaleducacao.guarulhos.sp.gov.br\/wp_site\/portalbienal\/wp-content\/uploads\/sites\/22\/2024\/03\/WhatsApp-Image-2024-03-15-at-09.40.45-300x200.jpeg 300w, https:\/\/portaleducacao.guarulhos.sp.gov.br\/wp_site\/portalbienal\/wp-content\/uploads\/sites\/22\/2024\/03\/WhatsApp-Image-2024-03-15-at-09.40.45-1024x683.jpeg 1024w, https:\/\/portaleducacao.guarulhos.sp.gov.br\/wp_site\/portalbienal\/wp-content\/uploads\/sites\/22\/2024\/03\/WhatsApp-Image-2024-03-15-at-09.40.45-768x512.jpeg 768w\" sizes=\"(max-width: 1392px) 100vw, 1392px\" \/>\n             <\/div>\n        <\/div><div class=\"eael-entry-wrapper\"><header class=\"eael-entry-header\"><h6 class=\"eael-entry-title\"><a\n                        class=\"eael-grid-post-link\"\n                        href=\"https:\/\/portaleducacao.guarulhos.sp.gov.br\/wp_site\/portalbienal\/2024\/03\/15\/3a-bienal-internacional-do-livro-de-guarulhos-comeca-hoje-no-espaco-inter\/\"\n                        title=\"3\u00aa Bienal Internacional do Livro de Guarulhos come\u00e7a\u00a0hoje\u00a0no Espa\u00e7o Inter\">3\u00aa Bienal Internacional do Livro de Guarulhos come\u00e7a\u00a0hoje\u00a0no Espa\u00e7o Inter<\/a><\/h6><\/header><\/div><\/div>\n        <\/div>\n    <\/article><article class=\"eael-grid-post eael-post-grid-column\" data-id=\"8940\">\n        <div class=\"eael-grid-post-holder\">\n            <div class=\"eael-grid-post-holder-inner\"><div class=\"eael-entry-media\"><div class=\"eael-entry-overlay fade-in\"><i class=\"fas fa-long-arrow-alt-right\" aria-hidden=\"true\"><\/i><a href=\"https:\/\/portaleducacao.guarulhos.sp.gov.br\/wp_site\/portalbienal\/2024\/03\/15\/orquestra-gru-sinfonica-se-apresenta-na-abertura-da-bienal-do-livro-de-guarulhos\/\"><\/a><\/div><div class=\"eael-entry-thumbnail eael-image-ratio\">\n                 <img width=\"750\" height=\"500\" src=\"https:\/\/portaleducacao.guarulhos.sp.gov.br\/wp_site\/portalbienal\/wp-content\/uploads\/sites\/22\/2024\/03\/WhatsApp-Image-2024-03-12-at-13.19.08.jpeg\" class=\"attachment-full size-full wp-image-8941\" alt=\"\" loading=\"lazy\" srcset=\"https:\/\/portaleducacao.guarulhos.sp.gov.br\/wp_site\/portalbienal\/wp-content\/uploads\/sites\/22\/2024\/03\/WhatsApp-Image-2024-03-12-at-13.19.08.jpeg 750w, https:\/\/portaleducacao.guarulhos.sp.gov.br\/wp_site\/portalbienal\/wp-content\/uploads\/sites\/22\/2024\/03\/WhatsApp-Image-2024-03-12-at-13.19.08-300x200.jpeg 300w\" sizes=\"(max-width: 750px) 100vw, 750px\" \/>\n             <\/div>\n        <\/div><div class=\"eael-entry-wrapper\"><header class=\"eael-entry-header\"><h6 class=\"eael-entry-title\"><a\n                        class=\"eael-grid-post-link\"\n                        href=\"https:\/\/portaleducacao.guarulhos.sp.gov.br\/wp_site\/portalbienal\/2024\/03\/15\/orquestra-gru-sinfonica-se-apresenta-na-abertura-da-bienal-do-livro-de-guarulhos\/\"\n                        title=\"Orquestra GRU Sinf\u00f4nica se apresenta na abertura da Bienal do Livro de Guarulhos\">Orquestra GRU Sinf\u00f4nica se apresenta na abertura da Bienal do Livro de Guarulhos<\/a><\/h6><\/header><\/div><\/div>\n        <\/div>\n    <\/article><article class=\"eael-grid-post eael-post-grid-column\" data-id=\"8930\">\n        <div class=\"eael-grid-post-holder\">\n            <div class=\"eael-grid-post-holder-inner\"><div class=\"eael-entry-media\"><div class=\"eael-entry-overlay fade-in\"><i class=\"fas fa-long-arrow-alt-right\" aria-hidden=\"true\"><\/i><a href=\"https:\/\/portaleducacao.guarulhos.sp.gov.br\/wp_site\/portalbienal\/2024\/03\/15\/participacao-em-campanha-de-combate-a-dengue-rende-premiacao-a-escolas-da-rede-municipal-durante-a-bienal-do-livro\/\"><\/a><\/div><div class=\"eael-entry-thumbnail eael-image-ratio\">\n                 <img width=\"1600\" height=\"1066\" src=\"https:\/\/portaleducacao.guarulhos.sp.gov.br\/wp_site\/portalbienal\/wp-content\/uploads\/sites\/22\/2024\/03\/WhatsApp-Image-2024-03-15-at-15.50.24.jpeg\" class=\"attachment-full size-full wp-image-8932\" alt=\"\" loading=\"lazy\" srcset=\"https:\/\/portaleducacao.guarulhos.sp.gov.br\/wp_site\/portalbienal\/wp-content\/uploads\/sites\/22\/2024\/03\/WhatsApp-Image-2024-03-15-at-15.50.24.jpeg 1600w, https:\/\/portaleducacao.guarulhos.sp.gov.br\/wp_site\/portalbienal\/wp-content\/uploads\/sites\/22\/2024\/03\/WhatsApp-Image-2024-03-15-at-15.50.24-300x200.jpeg 300w, https:\/\/portaleducacao.guarulhos.sp.gov.br\/wp_site\/portalbienal\/wp-content\/uploads\/sites\/22\/2024\/03\/WhatsApp-Image-2024-03-15-at-15.50.24-1024x682.jpeg 1024w, https:\/\/portaleducacao.guarulhos.sp.gov.br\/wp_site\/portalbienal\/wp-content\/uploads\/sites\/22\/2024\/03\/WhatsApp-Image-2024-03-15-at-15.50.24-768x512.jpeg 768w, https:\/\/portaleducacao.guarulhos.sp.gov.br\/wp_site\/portalbienal\/wp-content\/uploads\/sites\/22\/2024\/03\/WhatsApp-Image-2024-03-15-at-15.50.24-1536x1023.jpeg 1536w\" sizes=\"(max-width: 1600px) 100vw, 1600px\" \/>\n             <\/div>\n        <\/div><div class=\"eael-entry-wrapper\"><header class=\"eael-entry-header\"><h6 class=\"eael-entry-title\"><a\n                        class=\"eael-grid-post-link\"\n                        href=\"https:\/\/portaleducacao.guarulhos.sp.gov.br\/wp_site\/portalbienal\/2024\/03\/15\/participacao-em-campanha-de-combate-a-dengue-rende-premiacao-a-escolas-da-rede-municipal-durante-a-bienal-do-livro\/\"\n                        title=\"Participa\u00e7\u00e3o em campanha de combate \u00e0 dengue rende premia\u00e7\u00e3o a escolas da rede municipal durante a Bienal do Livro\">Participa\u00e7\u00e3o em campanha de combate \u00e0 dengue rende premia\u00e7\u00e3o a escolas da rede municipal durante a Bienal do Livro<\/a><\/h6><\/header><\/div><\/div>\n        <\/div>\n    <\/article><article class=\"eael-grid-post eael-post-grid-column\" data-id=\"8925\">\n        <div class=\"eael-grid-post-holder\">\n            <div class=\"eael-grid-post-holder-inner\"><div class=\"eael-entry-media\"><div class=\"eael-entry-overlay fade-in\"><i class=\"fas fa-long-arrow-alt-right\" aria-hidden=\"true\"><\/i><a href=\"https:\/\/portaleducacao.guarulhos.sp.gov.br\/wp_site\/portalbienal\/2024\/03\/14\/programacao-da-bienal-destaca-tematica-sobre-pessoas-surdas\/\"><\/a><\/div><div class=\"eael-entry-thumbnail eael-image-ratio\">\n                 <img width=\"1600\" height=\"720\" src=\"https:\/\/portaleducacao.guarulhos.sp.gov.br\/wp_site\/portalbienal\/wp-content\/uploads\/sites\/22\/2024\/03\/WhatsApp-Image-2024-03-14-at-10.25.18.jpeg\" class=\"attachment-full size-full wp-image-8926\" alt=\"\" loading=\"lazy\" srcset=\"https:\/\/portaleducacao.guarulhos.sp.gov.br\/wp_site\/portalbienal\/wp-content\/uploads\/sites\/22\/2024\/03\/WhatsApp-Image-2024-03-14-at-10.25.18.jpeg 1600w, https:\/\/portaleducacao.guarulhos.sp.gov.br\/wp_site\/portalbienal\/wp-content\/uploads\/sites\/22\/2024\/03\/WhatsApp-Image-2024-03-14-at-10.25.18-300x135.jpeg 300w, https:\/\/portaleducacao.guarulhos.sp.gov.br\/wp_site\/portalbienal\/wp-content\/uploads\/sites\/22\/2024\/03\/WhatsApp-Image-2024-03-14-at-10.25.18-1024x461.jpeg 1024w, https:\/\/portaleducacao.guarulhos.sp.gov.br\/wp_site\/portalbienal\/wp-content\/uploads\/sites\/22\/2024\/03\/WhatsApp-Image-2024-03-14-at-10.25.18-768x346.jpeg 768w, https:\/\/portaleducacao.guarulhos.sp.gov.br\/wp_site\/portalbienal\/wp-content\/uploads\/sites\/22\/2024\/03\/WhatsApp-Image-2024-03-14-at-10.25.18-1536x691.jpeg 1536w\" sizes=\"(max-width: 1600px) 100vw, 1600px\" \/>\n             <\/div>\n        <\/div><div class=\"eael-entry-wrapper\"><header class=\"eael-entry-header\"><h6 class=\"eael-entry-title\"><a\n                        class=\"eael-grid-post-link\"\n                        href=\"https:\/\/portaleducacao.guarulhos.sp.gov.br\/wp_site\/portalbienal\/2024\/03\/14\/programacao-da-bienal-destaca-tematica-sobre-pessoas-surdas\/\"\n                        title=\"Programa\u00e7\u00e3o da Bienal destaca tem\u00e1tica sobre pessoas surdas\">Programa\u00e7\u00e3o da Bienal destaca tem\u00e1tica sobre pessoas surdas<\/a><\/h6><\/header><\/div><\/div>\n        <\/div>\n    <\/article><article class=\"eael-grid-post eael-post-grid-column\" data-id=\"8922\">\n        <div class=\"eael-grid-post-holder\">\n            <div class=\"eael-grid-post-holder-inner\"><div class=\"eael-entry-media\"><div class=\"eael-entry-overlay fade-in\"><i class=\"fas fa-long-arrow-alt-right\" aria-hidden=\"true\"><\/i><a href=\"https:\/\/portaleducacao.guarulhos.sp.gov.br\/wp_site\/portalbienal\/2024\/03\/13\/bienal-disponibiliza-ingressos-remanescentes-minutos-antes-do-inicio-das-apresentacoes\/\"><\/a><\/div><div class=\"eael-entry-thumbnail eael-image-ratio\">\n                 <img width=\"2560\" height=\"1707\" src=\"https:\/\/portaleducacao.guarulhos.sp.gov.br\/wp_site\/portalbienal\/wp-content\/uploads\/sites\/22\/2024\/03\/Xepa-de-ingressos-Foto-camila-Rhodes-scaled.jpg\" class=\"attachment-full size-full wp-image-8923\" alt=\"\" loading=\"lazy\" srcset=\"https:\/\/portaleducacao.guarulhos.sp.gov.br\/wp_site\/portalbienal\/wp-content\/uploads\/sites\/22\/2024\/03\/Xepa-de-ingressos-Foto-camila-Rhodes-scaled.jpg 2560w, https:\/\/portaleducacao.guarulhos.sp.gov.br\/wp_site\/portalbienal\/wp-content\/uploads\/sites\/22\/2024\/03\/Xepa-de-ingressos-Foto-camila-Rhodes-300x200.jpg 300w, https:\/\/portaleducacao.guarulhos.sp.gov.br\/wp_site\/portalbienal\/wp-content\/uploads\/sites\/22\/2024\/03\/Xepa-de-ingressos-Foto-camila-Rhodes-1024x683.jpg 1024w, https:\/\/portaleducacao.guarulhos.sp.gov.br\/wp_site\/portalbienal\/wp-content\/uploads\/sites\/22\/2024\/03\/Xepa-de-ingressos-Foto-camila-Rhodes-768x512.jpg 768w, https:\/\/portaleducacao.guarulhos.sp.gov.br\/wp_site\/portalbienal\/wp-content\/uploads\/sites\/22\/2024\/03\/Xepa-de-ingressos-Foto-camila-Rhodes-1536x1024.jpg 1536w, https:\/\/portaleducacao.guarulhos.sp.gov.br\/wp_site\/portalbienal\/wp-content\/uploads\/sites\/22\/2024\/03\/Xepa-de-ingressos-Foto-camila-Rhodes-2048x1365.jpg 2048w\" sizes=\"(max-width: 2560px) 100vw, 2560px\" \/>\n             <\/div>\n        <\/div><div class=\"eael-entry-wrapper\"><header class=\"eael-entry-header\"><h6 class=\"eael-entry-title\"><a\n                        class=\"eael-grid-post-link\"\n                        href=\"https:\/\/portaleducacao.guarulhos.sp.gov.br\/wp_site\/portalbienal\/2024\/03\/13\/bienal-disponibiliza-ingressos-remanescentes-minutos-antes-do-inicio-das-apresentacoes\/\"\n                        title=\"Bienal disponibiliza ingressos remanescentes minutos antes do in\u00edcio das apresenta\u00e7\u00f5es\">Bienal disponibiliza ingressos remanescentes minutos antes do in\u00edcio das apresenta\u00e7\u00f5es<\/a><\/h6><\/header><\/div><\/div>\n        <\/div>\n    <\/article><article class=\"eael-grid-post eael-post-grid-column\" data-id=\"8909\">\n        <div class=\"eael-grid-post-holder\">\n            <div class=\"eael-grid-post-holder-inner\"><div class=\"eael-entry-media\"><div class=\"eael-entry-overlay fade-in\"><i class=\"fas fa-long-arrow-alt-right\" aria-hidden=\"true\"><\/i><a href=\"https:\/\/portaleducacao.guarulhos.sp.gov.br\/wp_site\/portalbienal\/2024\/03\/12\/programacao-da-bienal-de-guarulhos-prestigia-autores-guarulhenses\/\"><\/a><\/div><div class=\"eael-entry-thumbnail eael-image-ratio\">\n                 <img width=\"2560\" height=\"1707\" src=\"https:\/\/portaleducacao.guarulhos.sp.gov.br\/wp_site\/portalbienal\/wp-content\/uploads\/sites\/22\/2024\/03\/Grande-circulacao-de-pessoas-Camila-Rhodes-scaled.jpg\" class=\"attachment-full size-full wp-image-8910\" alt=\"\" loading=\"lazy\" srcset=\"https:\/\/portaleducacao.guarulhos.sp.gov.br\/wp_site\/portalbienal\/wp-content\/uploads\/sites\/22\/2024\/03\/Grande-circulacao-de-pessoas-Camila-Rhodes-scaled.jpg 2560w, https:\/\/portaleducacao.guarulhos.sp.gov.br\/wp_site\/portalbienal\/wp-content\/uploads\/sites\/22\/2024\/03\/Grande-circulacao-de-pessoas-Camila-Rhodes-300x200.jpg 300w, https:\/\/portaleducacao.guarulhos.sp.gov.br\/wp_site\/portalbienal\/wp-content\/uploads\/sites\/22\/2024\/03\/Grande-circulacao-de-pessoas-Camila-Rhodes-1024x683.jpg 1024w, https:\/\/portaleducacao.guarulhos.sp.gov.br\/wp_site\/portalbienal\/wp-content\/uploads\/sites\/22\/2024\/03\/Grande-circulacao-de-pessoas-Camila-Rhodes-768x512.jpg 768w, https:\/\/portaleducacao.guarulhos.sp.gov.br\/wp_site\/portalbienal\/wp-content\/uploads\/sites\/22\/2024\/03\/Grande-circulacao-de-pessoas-Camila-Rhodes-1536x1024.jpg 1536w, https:\/\/portaleducacao.guarulhos.sp.gov.br\/wp_site\/portalbienal\/wp-content\/uploads\/sites\/22\/2024\/03\/Grande-circulacao-de-pessoas-Camila-Rhodes-2048x1365.jpg 2048w\" sizes=\"(max-width: 2560px) 100vw, 2560px\" \/>\n             <\/div>\n        <\/div><div class=\"eael-entry-wrapper\"><header class=\"eael-entry-header\"><h6 class=\"eael-entry-title\"><a\n                        class=\"eael-grid-post-link\"\n                        href=\"https:\/\/portaleducacao.guarulhos.sp.gov.br\/wp_site\/portalbienal\/2024\/03\/12\/programacao-da-bienal-de-guarulhos-prestigia-autores-guarulhenses\/\"\n                        title=\"Programa\u00e7\u00e3o da Bienal de Guarulhos prestigia autores guarulhenses\">Programa\u00e7\u00e3o da Bienal de Guarulhos prestigia autores guarulhenses<\/a><\/h6><\/header><\/div><\/div>\n        <\/div>\n    <\/article><article class=\"eael-grid-post eael-post-grid-column\" data-id=\"8906\">\n        <div class=\"eael-grid-post-holder\">\n            <div class=\"eael-grid-post-holder-inner\"><div class=\"eael-entry-media\"><div class=\"eael-entry-overlay fade-in\"><i class=\"fas fa-long-arrow-alt-right\" aria-hidden=\"true\"><\/i><a href=\"https:\/\/portaleducacao.guarulhos.sp.gov.br\/wp_site\/portalbienal\/2024\/03\/12\/bienal-confirma-presencas-de-cintia-chagas-e-camila-fremder\/\"><\/a><\/div><div class=\"eael-entry-thumbnail eael-image-ratio\">\n                 <img width=\"1600\" height=\"1109\" src=\"https:\/\/portaleducacao.guarulhos.sp.gov.br\/wp_site\/portalbienal\/wp-content\/uploads\/sites\/22\/2024\/03\/36579a36-a13a-45cf-b582-3477fc99ca5a.jpeg\" class=\"attachment-full size-full wp-image-8907\" alt=\"\" loading=\"lazy\" srcset=\"https:\/\/portaleducacao.guarulhos.sp.gov.br\/wp_site\/portalbienal\/wp-content\/uploads\/sites\/22\/2024\/03\/36579a36-a13a-45cf-b582-3477fc99ca5a.jpeg 1600w, https:\/\/portaleducacao.guarulhos.sp.gov.br\/wp_site\/portalbienal\/wp-content\/uploads\/sites\/22\/2024\/03\/36579a36-a13a-45cf-b582-3477fc99ca5a-300x208.jpeg 300w, https:\/\/portaleducacao.guarulhos.sp.gov.br\/wp_site\/portalbienal\/wp-content\/uploads\/sites\/22\/2024\/03\/36579a36-a13a-45cf-b582-3477fc99ca5a-1024x710.jpeg 1024w, https:\/\/portaleducacao.guarulhos.sp.gov.br\/wp_site\/portalbienal\/wp-content\/uploads\/sites\/22\/2024\/03\/36579a36-a13a-45cf-b582-3477fc99ca5a-768x532.jpeg 768w, https:\/\/portaleducacao.guarulhos.sp.gov.br\/wp_site\/portalbienal\/wp-content\/uploads\/sites\/22\/2024\/03\/36579a36-a13a-45cf-b582-3477fc99ca5a-1536x1065.jpeg 1536w\" sizes=\"(max-width: 1600px) 100vw, 1600px\" \/>\n             <\/div>\n        <\/div><div class=\"eael-entry-wrapper\"><header class=\"eael-entry-header\"><h6 class=\"eael-entry-title\"><a\n                        class=\"eael-grid-post-link\"\n                        href=\"https:\/\/portaleducacao.guarulhos.sp.gov.br\/wp_site\/portalbienal\/2024\/03\/12\/bienal-confirma-presencas-de-cintia-chagas-e-camila-fremder\/\"\n                        title=\"Bienal confirma presen\u00e7as de C\u00edntia Chagas e Camila Fremder\">Bienal confirma presen\u00e7as de C\u00edntia Chagas e Camila Fremder<\/a><\/h6><\/header><\/div><\/div>\n        <\/div>\n    <\/article><article class=\"eael-grid-post eael-post-grid-column\" data-id=\"8899\">\n        <div class=\"eael-grid-post-holder\">\n            <div class=\"eael-grid-post-holder-inner\"><div class=\"eael-entry-media\"><div class=\"eael-entry-overlay fade-in\"><i class=\"fas fa-long-arrow-alt-right\" aria-hidden=\"true\"><\/i><a href=\"https:\/\/portaleducacao.guarulhos.sp.gov.br\/wp_site\/portalbienal\/2024\/03\/12\/bienal-de-guarulhos-abre-credenciamento-para-veiculos-de-imprensa\/\"><\/a><\/div><div class=\"eael-entry-thumbnail eael-image-ratio\">\n                 <img width=\"1500\" height=\"1042\" src=\"https:\/\/portaleducacao.guarulhos.sp.gov.br\/wp_site\/portalbienal\/wp-content\/uploads\/sites\/22\/2024\/03\/Credenciamento-de-imprensa.jpeg\" class=\"attachment-full size-full wp-image-8900\" alt=\"\" loading=\"lazy\" srcset=\"https:\/\/portaleducacao.guarulhos.sp.gov.br\/wp_site\/portalbienal\/wp-content\/uploads\/sites\/22\/2024\/03\/Credenciamento-de-imprensa.jpeg 1500w, https:\/\/portaleducacao.guarulhos.sp.gov.br\/wp_site\/portalbienal\/wp-content\/uploads\/sites\/22\/2024\/03\/Credenciamento-de-imprensa-300x208.jpeg 300w, https:\/\/portaleducacao.guarulhos.sp.gov.br\/wp_site\/portalbienal\/wp-content\/uploads\/sites\/22\/2024\/03\/Credenciamento-de-imprensa-1024x711.jpeg 1024w, https:\/\/portaleducacao.guarulhos.sp.gov.br\/wp_site\/portalbienal\/wp-content\/uploads\/sites\/22\/2024\/03\/Credenciamento-de-imprensa-768x534.jpeg 768w\" sizes=\"(max-width: 1500px) 100vw, 1500px\" \/>\n             <\/div>\n        <\/div><div class=\"eael-entry-wrapper\"><header class=\"eael-entry-header\"><h6 class=\"eael-entry-title\"><a\n                        class=\"eael-grid-post-link\"\n                        href=\"https:\/\/portaleducacao.guarulhos.sp.gov.br\/wp_site\/portalbienal\/2024\/03\/12\/bienal-de-guarulhos-abre-credenciamento-para-veiculos-de-imprensa\/\"\n                        title=\"Bienal de Guarulhos abre credenciamento para ve\u00edculos de imprensa\">Bienal de Guarulhos abre credenciamento para ve\u00edculos de imprensa<\/a><\/h6><\/header><\/div><\/div>\n        <\/div>\n    <\/article><article class=\"eael-grid-post eael-post-grid-column\" data-id=\"8891\">\n        <div class=\"eael-grid-post-holder\">\n            <div class=\"eael-grid-post-holder-inner\"><div class=\"eael-entry-media\"><div class=\"eael-entry-overlay fade-in\"><i class=\"fas fa-long-arrow-alt-right\" aria-hidden=\"true\"><\/i><a href=\"https:\/\/portaleducacao.guarulhos.sp.gov.br\/wp_site\/portalbienal\/2024\/03\/11\/3a-bienal-internacional-do-livro-de-guarulhos-comeca-nesta-sexta-no-espaco-inter\/\"><\/a><\/div><div class=\"eael-entry-thumbnail eael-image-ratio\">\n                 <img width=\"2560\" height=\"1707\" src=\"https:\/\/portaleducacao.guarulhos.sp.gov.br\/wp_site\/portalbienal\/wp-content\/uploads\/sites\/22\/2024\/03\/7d5f4dba-e5c3-492e-9805-faa0bf63d8cc-scaled.jpg\" class=\"attachment-full size-full wp-image-8892\" alt=\"\" loading=\"lazy\" srcset=\"https:\/\/portaleducacao.guarulhos.sp.gov.br\/wp_site\/portalbienal\/wp-content\/uploads\/sites\/22\/2024\/03\/7d5f4dba-e5c3-492e-9805-faa0bf63d8cc-scaled.jpg 2560w, https:\/\/portaleducacao.guarulhos.sp.gov.br\/wp_site\/portalbienal\/wp-content\/uploads\/sites\/22\/2024\/03\/7d5f4dba-e5c3-492e-9805-faa0bf63d8cc-300x200.jpg 300w, https:\/\/portaleducacao.guarulhos.sp.gov.br\/wp_site\/portalbienal\/wp-content\/uploads\/sites\/22\/2024\/03\/7d5f4dba-e5c3-492e-9805-faa0bf63d8cc-1024x683.jpg 1024w, https:\/\/portaleducacao.guarulhos.sp.gov.br\/wp_site\/portalbienal\/wp-content\/uploads\/sites\/22\/2024\/03\/7d5f4dba-e5c3-492e-9805-faa0bf63d8cc-768x512.jpg 768w, https:\/\/portaleducacao.guarulhos.sp.gov.br\/wp_site\/portalbienal\/wp-content\/uploads\/sites\/22\/2024\/03\/7d5f4dba-e5c3-492e-9805-faa0bf63d8cc-1536x1024.jpg 1536w, https:\/\/portaleducacao.guarulhos.sp.gov.br\/wp_site\/portalbienal\/wp-content\/uploads\/sites\/22\/2024\/03\/7d5f4dba-e5c3-492e-9805-faa0bf63d8cc-2048x1365.jpg 2048w\" sizes=\"(max-width: 2560px) 100vw, 2560px\" \/>\n             <\/div>\n        <\/div><div class=\"eael-entry-wrapper\"><header class=\"eael-entry-header\"><h6 class=\"eael-entry-title\"><a\n                        class=\"eael-grid-post-link\"\n                        href=\"https:\/\/portaleducacao.guarulhos.sp.gov.br\/wp_site\/portalbienal\/2024\/03\/11\/3a-bienal-internacional-do-livro-de-guarulhos-comeca-nesta-sexta-no-espaco-inter\/\"\n                        title=\"3\u00aa Bienal Internacional do Livro de Guarulhos come\u00e7a nesta sexta no Espa\u00e7o Inter\">3\u00aa Bienal Internacional do Livro de Guarulhos come\u00e7a nesta sexta no Espa\u00e7o Inter<\/a><\/h6><\/header><\/div><\/div>\n        <\/div>\n    <\/article><article class=\"eael-grid-post eael-post-grid-column\" data-id=\"8874\">\n        <div class=\"eael-grid-post-holder\">\n            <div class=\"eael-grid-post-holder-inner\"><div class=\"eael-entry-media\"><div class=\"eael-entry-overlay fade-in\"><i class=\"fas fa-long-arrow-alt-right\" aria-hidden=\"true\"><\/i><a href=\"https:\/\/portaleducacao.guarulhos.sp.gov.br\/wp_site\/portalbienal\/2024\/03\/11\/programacao-internacional-integra-3a-edicao-da-bienal-do-livro-de-guarulhos\/\"><\/a><\/div><div class=\"eael-entry-thumbnail eael-image-ratio\">\n                 <img width=\"1600\" height=\"1109\" src=\"https:\/\/portaleducacao.guarulhos.sp.gov.br\/wp_site\/portalbienal\/wp-content\/uploads\/sites\/22\/2024\/03\/Programacao-internacional.jpeg\" class=\"attachment-full size-full wp-image-8875\" alt=\"\" loading=\"lazy\" srcset=\"https:\/\/portaleducacao.guarulhos.sp.gov.br\/wp_site\/portalbienal\/wp-content\/uploads\/sites\/22\/2024\/03\/Programacao-internacional.jpeg 1600w, https:\/\/portaleducacao.guarulhos.sp.gov.br\/wp_site\/portalbienal\/wp-content\/uploads\/sites\/22\/2024\/03\/Programacao-internacional-300x208.jpeg 300w, https:\/\/portaleducacao.guarulhos.sp.gov.br\/wp_site\/portalbienal\/wp-content\/uploads\/sites\/22\/2024\/03\/Programacao-internacional-1024x710.jpeg 1024w, https:\/\/portaleducacao.guarulhos.sp.gov.br\/wp_site\/portalbienal\/wp-content\/uploads\/sites\/22\/2024\/03\/Programacao-internacional-768x532.jpeg 768w, https:\/\/portaleducacao.guarulhos.sp.gov.br\/wp_site\/portalbienal\/wp-content\/uploads\/sites\/22\/2024\/03\/Programacao-internacional-1536x1065.jpeg 1536w\" sizes=\"(max-width: 1600px) 100vw, 1600px\" \/>\n             <\/div>\n        <\/div><div class=\"eael-entry-wrapper\"><header class=\"eael-entry-header\"><h6 class=\"eael-entry-title\"><a\n                        class=\"eael-grid-post-link\"\n                        href=\"https:\/\/portaleducacao.guarulhos.sp.gov.br\/wp_site\/portalbienal\/2024\/03\/11\/programacao-internacional-integra-3a-edicao-da-bienal-do-livro-de-guarulhos\/\"\n                        title=\"Programa\u00e7\u00e3o internacional integra 3\u00aa edi\u00e7\u00e3o da Bienal do Livro de Guarulhos\">Programa\u00e7\u00e3o internacional integra 3\u00aa edi\u00e7\u00e3o da Bienal do Livro de Guarulhos<\/a><\/h6><\/header><\/div><\/div>\n        <\/div>\n    <\/article><article class=\"eael-grid-post eael-post-grid-column\" data-id=\"8869\">\n        <div class=\"eael-grid-post-holder\">\n            <div class=\"eael-grid-post-holder-inner\"><div class=\"eael-entry-media\"><div class=\"eael-entry-overlay fade-in\"><i class=\"fas fa-long-arrow-alt-right\" aria-hidden=\"true\"><\/i><a href=\"https:\/\/portaleducacao.guarulhos.sp.gov.br\/wp_site\/portalbienal\/2024\/03\/11\/rodrigo-franca-e-marcelo-duarte-tem-presenca-confirmada-na-bienal-internacional-do-livro-de-guarulhos\/\"><\/a><\/div><div class=\"eael-entry-thumbnail eael-image-ratio\">\n                 <img width=\"1563\" height=\"1084\" src=\"https:\/\/portaleducacao.guarulhos.sp.gov.br\/wp_site\/portalbienal\/wp-content\/uploads\/sites\/22\/2024\/03\/1a18c69d-d953-4f5f-af67-3aee092b08e0.jpeg\" class=\"attachment-full size-full wp-image-8870\" alt=\"\" loading=\"lazy\" srcset=\"https:\/\/portaleducacao.guarulhos.sp.gov.br\/wp_site\/portalbienal\/wp-content\/uploads\/sites\/22\/2024\/03\/1a18c69d-d953-4f5f-af67-3aee092b08e0.jpeg 1563w, https:\/\/portaleducacao.guarulhos.sp.gov.br\/wp_site\/portalbienal\/wp-content\/uploads\/sites\/22\/2024\/03\/1a18c69d-d953-4f5f-af67-3aee092b08e0-300x208.jpeg 300w, https:\/\/portaleducacao.guarulhos.sp.gov.br\/wp_site\/portalbienal\/wp-content\/uploads\/sites\/22\/2024\/03\/1a18c69d-d953-4f5f-af67-3aee092b08e0-1024x710.jpeg 1024w, https:\/\/portaleducacao.guarulhos.sp.gov.br\/wp_site\/portalbienal\/wp-content\/uploads\/sites\/22\/2024\/03\/1a18c69d-d953-4f5f-af67-3aee092b08e0-768x533.jpeg 768w, https:\/\/portaleducacao.guarulhos.sp.gov.br\/wp_site\/portalbienal\/wp-content\/uploads\/sites\/22\/2024\/03\/1a18c69d-d953-4f5f-af67-3aee092b08e0-1536x1065.jpeg 1536w\" sizes=\"(max-width: 1563px) 100vw, 1563px\" \/>\n             <\/div>\n        <\/div><div class=\"eael-entry-wrapper\"><header class=\"eael-entry-header\"><h6 class=\"eael-entry-title\"><a\n                        class=\"eael-grid-post-link\"\n                        href=\"https:\/\/portaleducacao.guarulhos.sp.gov.br\/wp_site\/portalbienal\/2024\/03\/11\/rodrigo-franca-e-marcelo-duarte-tem-presenca-confirmada-na-bienal-internacional-do-livro-de-guarulhos\/\"\n                        title=\"Rodrigo Fran\u00e7a e Marcelo Duarte t\u00eam presen\u00e7a confirmada na Bienal Internacional do Livro de Guarulhos\">Rodrigo Fran\u00e7a e Marcelo Duarte t\u00eam presen\u00e7a confirmada na Bienal Internacional do Livro de Guarulhos<\/a><\/h6><\/header><\/div><\/div>\n        <\/div>\n    <\/article><article class=\"eael-grid-post eael-post-grid-column\" data-id=\"8779\">\n        <div class=\"eael-grid-post-holder\">\n            <div class=\"eael-grid-post-holder-inner\"><div class=\"eael-entry-media\"><div class=\"eael-entry-overlay fade-in\"><i class=\"fas fa-long-arrow-alt-right\" aria-hidden=\"true\"><\/i><a href=\"https:\/\/portaleducacao.guarulhos.sp.gov.br\/wp_site\/portalbienal\/2024\/03\/08\/atracoes-para-publico-infantil-exige-retirada-de-ingressos-gratuitos-online-a-partir-deste-sabado\/\"><\/a><\/div><div class=\"eael-entry-thumbnail eael-image-ratio\">\n                 <img width=\"1600\" height=\"1228\" src=\"https:\/\/portaleducacao.guarulhos.sp.gov.br\/wp_site\/portalbienal\/wp-content\/uploads\/sites\/22\/2024\/03\/Barbatuques-1.jpeg\" class=\"attachment-full size-full wp-image-8780\" alt=\"\" loading=\"lazy\" srcset=\"https:\/\/portaleducacao.guarulhos.sp.gov.br\/wp_site\/portalbienal\/wp-content\/uploads\/sites\/22\/2024\/03\/Barbatuques-1.jpeg 1600w, https:\/\/portaleducacao.guarulhos.sp.gov.br\/wp_site\/portalbienal\/wp-content\/uploads\/sites\/22\/2024\/03\/Barbatuques-1-300x230.jpeg 300w, https:\/\/portaleducacao.guarulhos.sp.gov.br\/wp_site\/portalbienal\/wp-content\/uploads\/sites\/22\/2024\/03\/Barbatuques-1-1024x786.jpeg 1024w, https:\/\/portaleducacao.guarulhos.sp.gov.br\/wp_site\/portalbienal\/wp-content\/uploads\/sites\/22\/2024\/03\/Barbatuques-1-768x589.jpeg 768w, https:\/\/portaleducacao.guarulhos.sp.gov.br\/wp_site\/portalbienal\/wp-content\/uploads\/sites\/22\/2024\/03\/Barbatuques-1-1536x1179.jpeg 1536w\" sizes=\"(max-width: 1600px) 100vw, 1600px\" \/>\n             <\/div>\n        <\/div><div class=\"eael-entry-wrapper\"><header class=\"eael-entry-header\"><h6 class=\"eael-entry-title\"><a\n                        class=\"eael-grid-post-link\"\n                        href=\"https:\/\/portaleducacao.guarulhos.sp.gov.br\/wp_site\/portalbienal\/2024\/03\/08\/atracoes-para-publico-infantil-exige-retirada-de-ingressos-gratuitos-online-a-partir-deste-sabado\/\"\n                        title=\"Bienal destaca atra\u00e7\u00f5es para p\u00fablico infantil com retirada de ingressos gratuitos online a partir deste s\u00e1bado\">Bienal destaca atra\u00e7\u00f5es para p\u00fablico infantil com retirada de ingressos gratuitos online a partir deste s\u00e1bado<\/a><\/h6><\/header><\/div><\/div>\n        <\/div>\n    <\/article><article class=\"eael-grid-post eael-post-grid-column\" data-id=\"8776\">\n        <div class=\"eael-grid-post-holder\">\n            <div class=\"eael-grid-post-holder-inner\"><div class=\"eael-entry-media\"><div class=\"eael-entry-overlay fade-in\"><i class=\"fas fa-long-arrow-alt-right\" aria-hidden=\"true\"><\/i><a href=\"https:\/\/portaleducacao.guarulhos.sp.gov.br\/wp_site\/portalbienal\/2024\/03\/08\/braulio-bessa-marco-tulio-ilana-casoy-e-rapha-montes-estao-na-programacao-da-bienal-do-livro-de-guarulhos\/\"><\/a><\/div><div class=\"eael-entry-thumbnail eael-image-ratio\">\n                 <img width=\"1600\" height=\"1109\" src=\"https:\/\/portaleducacao.guarulhos.sp.gov.br\/wp_site\/portalbienal\/wp-content\/uploads\/sites\/22\/2024\/03\/Ilana-Rapha-Braulio-e-Tulio.jpeg\" class=\"attachment-full size-full wp-image-8777\" alt=\"\" loading=\"lazy\" srcset=\"https:\/\/portaleducacao.guarulhos.sp.gov.br\/wp_site\/portalbienal\/wp-content\/uploads\/sites\/22\/2024\/03\/Ilana-Rapha-Braulio-e-Tulio.jpeg 1600w, https:\/\/portaleducacao.guarulhos.sp.gov.br\/wp_site\/portalbienal\/wp-content\/uploads\/sites\/22\/2024\/03\/Ilana-Rapha-Braulio-e-Tulio-300x208.jpeg 300w, https:\/\/portaleducacao.guarulhos.sp.gov.br\/wp_site\/portalbienal\/wp-content\/uploads\/sites\/22\/2024\/03\/Ilana-Rapha-Braulio-e-Tulio-1024x710.jpeg 1024w, https:\/\/portaleducacao.guarulhos.sp.gov.br\/wp_site\/portalbienal\/wp-content\/uploads\/sites\/22\/2024\/03\/Ilana-Rapha-Braulio-e-Tulio-768x532.jpeg 768w, https:\/\/portaleducacao.guarulhos.sp.gov.br\/wp_site\/portalbienal\/wp-content\/uploads\/sites\/22\/2024\/03\/Ilana-Rapha-Braulio-e-Tulio-1536x1065.jpeg 1536w\" sizes=\"(max-width: 1600px) 100vw, 1600px\" \/>\n             <\/div>\n        <\/div><div class=\"eael-entry-wrapper\"><header class=\"eael-entry-header\"><h6 class=\"eael-entry-title\"><a\n                        class=\"eael-grid-post-link\"\n                        href=\"https:\/\/portaleducacao.guarulhos.sp.gov.br\/wp_site\/portalbienal\/2024\/03\/08\/braulio-bessa-marco-tulio-ilana-casoy-e-rapha-montes-estao-na-programacao-da-bienal-do-livro-de-guarulhos\/\"\n                        title=\"Br\u00e1ulio Bessa, Marco Tulio, Ilana Casoy e Rapha Montes est\u00e3o na programa\u00e7\u00e3o da Bienal\">Br\u00e1ulio Bessa, Marco Tulio, Ilana Casoy e Rapha Montes est\u00e3o na programa\u00e7\u00e3o da Bienal<\/a><\/h6><\/header><\/div><\/div>\n        <\/div>\n    <\/article><article class=\"eael-grid-post eael-post-grid-column\" data-id=\"8770\">\n        <div class=\"eael-grid-post-holder\">\n            <div class=\"eael-grid-post-holder-inner\"><div class=\"eael-entry-media\"><div class=\"eael-entry-overlay fade-in\"><i class=\"fas fa-long-arrow-alt-right\" aria-hidden=\"true\"><\/i><a href=\"https:\/\/portaleducacao.guarulhos.sp.gov.br\/wp_site\/portalbienal\/2024\/03\/08\/bienal-do-livro-recebe-encontro-de-clubes-de-leitura-da-cidade\/\"><\/a><\/div><div class=\"eael-entry-thumbnail eael-image-ratio\">\n                 <img width=\"1564\" height=\"1084\" src=\"https:\/\/portaleducacao.guarulhos.sp.gov.br\/wp_site\/portalbienal\/wp-content\/uploads\/sites\/22\/2024\/03\/Clubes-de-leitura-2.jpeg\" class=\"attachment-full size-full wp-image-8774\" alt=\"\" loading=\"lazy\" srcset=\"https:\/\/portaleducacao.guarulhos.sp.gov.br\/wp_site\/portalbienal\/wp-content\/uploads\/sites\/22\/2024\/03\/Clubes-de-leitura-2.jpeg 1564w, https:\/\/portaleducacao.guarulhos.sp.gov.br\/wp_site\/portalbienal\/wp-content\/uploads\/sites\/22\/2024\/03\/Clubes-de-leitura-2-300x208.jpeg 300w, https:\/\/portaleducacao.guarulhos.sp.gov.br\/wp_site\/portalbienal\/wp-content\/uploads\/sites\/22\/2024\/03\/Clubes-de-leitura-2-1024x710.jpeg 1024w, https:\/\/portaleducacao.guarulhos.sp.gov.br\/wp_site\/portalbienal\/wp-content\/uploads\/sites\/22\/2024\/03\/Clubes-de-leitura-2-768x532.jpeg 768w, https:\/\/portaleducacao.guarulhos.sp.gov.br\/wp_site\/portalbienal\/wp-content\/uploads\/sites\/22\/2024\/03\/Clubes-de-leitura-2-1536x1065.jpeg 1536w\" sizes=\"(max-width: 1564px) 100vw, 1564px\" \/>\n             <\/div>\n        <\/div><div class=\"eael-entry-wrapper\"><header class=\"eael-entry-header\"><h6 class=\"eael-entry-title\"><a\n                        class=\"eael-grid-post-link\"\n                        href=\"https:\/\/portaleducacao.guarulhos.sp.gov.br\/wp_site\/portalbienal\/2024\/03\/08\/bienal-do-livro-recebe-encontro-de-clubes-de-leitura-da-cidade\/\"\n                        title=\"Bienal do Livro recebe encontro de clubes de leitura da cidade\">Bienal do Livro recebe encontro de clubes de leitura da cidade<\/a><\/h6><\/header><\/div><\/div>\n        <\/div>\n    <\/article><article class=\"eael-grid-post eael-post-grid-column\" data-id=\"8692\">\n        <div class=\"eael-grid-post-holder\">\n            <div class=\"eael-grid-post-holder-inner\"><div class=\"eael-entry-media\"><div class=\"eael-entry-overlay fade-in\"><i class=\"fas fa-long-arrow-alt-right\" aria-hidden=\"true\"><\/i><a href=\"https:\/\/portaleducacao.guarulhos.sp.gov.br\/wp_site\/portalbienal\/2024\/03\/07\/bienal-do-livro-disponibiliza-retirada-de-ingressos-online-a-partir-de-sabado\/\"><\/a><\/div><div class=\"eael-entry-thumbnail eael-image-ratio\">\n                 <img width=\"1600\" height=\"1109\" src=\"https:\/\/portaleducacao.guarulhos.sp.gov.br\/wp_site\/portalbienal\/wp-content\/uploads\/sites\/22\/2024\/03\/WhatsApp-Image-2024-03-07-at-13.00.42.jpeg\" class=\"attachment-full size-full wp-image-8693\" alt=\"\" loading=\"lazy\" srcset=\"https:\/\/portaleducacao.guarulhos.sp.gov.br\/wp_site\/portalbienal\/wp-content\/uploads\/sites\/22\/2024\/03\/WhatsApp-Image-2024-03-07-at-13.00.42.jpeg 1600w, https:\/\/portaleducacao.guarulhos.sp.gov.br\/wp_site\/portalbienal\/wp-content\/uploads\/sites\/22\/2024\/03\/WhatsApp-Image-2024-03-07-at-13.00.42-300x208.jpeg 300w, https:\/\/portaleducacao.guarulhos.sp.gov.br\/wp_site\/portalbienal\/wp-content\/uploads\/sites\/22\/2024\/03\/WhatsApp-Image-2024-03-07-at-13.00.42-1024x710.jpeg 1024w, https:\/\/portaleducacao.guarulhos.sp.gov.br\/wp_site\/portalbienal\/wp-content\/uploads\/sites\/22\/2024\/03\/WhatsApp-Image-2024-03-07-at-13.00.42-768x532.jpeg 768w, https:\/\/portaleducacao.guarulhos.sp.gov.br\/wp_site\/portalbienal\/wp-content\/uploads\/sites\/22\/2024\/03\/WhatsApp-Image-2024-03-07-at-13.00.42-1536x1065.jpeg 1536w\" sizes=\"(max-width: 1600px) 100vw, 1600px\" \/>\n             <\/div>\n        <\/div><div class=\"eael-entry-wrapper\"><header class=\"eael-entry-header\"><h6 class=\"eael-entry-title\"><a\n                        class=\"eael-grid-post-link\"\n                        href=\"https:\/\/portaleducacao.guarulhos.sp.gov.br\/wp_site\/portalbienal\/2024\/03\/07\/bienal-do-livro-disponibiliza-retirada-de-ingressos-online-a-partir-de-sabado\/\"\n                        title=\"Bienal do Livro disponibiliza retirada de ingressos online a partir de s\u00e1bado\">Bienal do Livro disponibiliza retirada de ingressos online a partir de s\u00e1bado<\/a><\/h6><\/header><\/div><\/div>\n        <\/div>\n    <\/article><article class=\"eael-grid-post eael-post-grid-column\" data-id=\"8675\">\n        <div class=\"eael-grid-post-holder\">\n            <div class=\"eael-grid-post-holder-inner\"><div class=\"eael-entry-media\"><div class=\"eael-entry-overlay fade-in\"><i class=\"fas fa-long-arrow-alt-right\" aria-hidden=\"true\"><\/i><a href=\"https:\/\/portaleducacao.guarulhos.sp.gov.br\/wp_site\/portalbienal\/2024\/03\/04\/educacao-financeira-e-tema-de-encontro-com-eduardo-feldberg-o-primo-pobre-na-3a-bienal-do-livro\/\"><\/a><\/div><div class=\"eael-entry-thumbnail eael-image-ratio\">\n                 <img width=\"1749\" height=\"1240\" src=\"https:\/\/portaleducacao.guarulhos.sp.gov.br\/wp_site\/portalbienal\/wp-content\/uploads\/sites\/22\/2024\/03\/primoPobre.jpg\" class=\"attachment-full size-full wp-image-8676\" alt=\"\" loading=\"lazy\" srcset=\"https:\/\/portaleducacao.guarulhos.sp.gov.br\/wp_site\/portalbienal\/wp-content\/uploads\/sites\/22\/2024\/03\/primoPobre.jpg 1749w, https:\/\/portaleducacao.guarulhos.sp.gov.br\/wp_site\/portalbienal\/wp-content\/uploads\/sites\/22\/2024\/03\/primoPobre-300x213.jpg 300w, https:\/\/portaleducacao.guarulhos.sp.gov.br\/wp_site\/portalbienal\/wp-content\/uploads\/sites\/22\/2024\/03\/primoPobre-1024x726.jpg 1024w, https:\/\/portaleducacao.guarulhos.sp.gov.br\/wp_site\/portalbienal\/wp-content\/uploads\/sites\/22\/2024\/03\/primoPobre-768x544.jpg 768w, https:\/\/portaleducacao.guarulhos.sp.gov.br\/wp_site\/portalbienal\/wp-content\/uploads\/sites\/22\/2024\/03\/primoPobre-1536x1089.jpg 1536w\" sizes=\"(max-width: 1749px) 100vw, 1749px\" \/>\n             <\/div>\n        <\/div><div class=\"eael-entry-wrapper\"><header class=\"eael-entry-header\"><h6 class=\"eael-entry-title\"><a\n                        class=\"eael-grid-post-link\"\n                        href=\"https:\/\/portaleducacao.guarulhos.sp.gov.br\/wp_site\/portalbienal\/2024\/03\/04\/educacao-financeira-e-tema-de-encontro-com-eduardo-feldberg-o-primo-pobre-na-3a-bienal-do-livro\/\"\n                        title=\"Educa\u00e7\u00e3o financeira \u00e9 tema de encontro com Eduardo Feldberg, o Primo Pobre, na 3\u00aa Bienal do Livro\">Educa\u00e7\u00e3o financeira \u00e9 tema de encontro com Eduardo Feldberg, o Primo Pobre, na 3\u00aa Bienal do Livro<\/a><\/h6><\/header><\/div><\/div>\n        <\/div>\n    <\/article><article class=\"eael-grid-post eael-post-grid-column\" data-id=\"8672\">\n        <div class=\"eael-grid-post-holder\">\n            <div class=\"eael-grid-post-holder-inner\"><div class=\"eael-entry-media\"><div class=\"eael-entry-overlay fade-in\"><i class=\"fas fa-long-arrow-alt-right\" aria-hidden=\"true\"><\/i><a href=\"https:\/\/portaleducacao.guarulhos.sp.gov.br\/wp_site\/portalbienal\/2024\/03\/04\/prazo-para-inscricao-da-visitacao-escolar-na-bienal-do-livro-e-prorrogado-para-7-3\/\"><\/a><\/div><div class=\"eael-entry-thumbnail eael-image-ratio\">\n                 <img width=\"1600\" height=\"1096\" src=\"https:\/\/portaleducacao.guarulhos.sp.gov.br\/wp_site\/portalbienal\/wp-content\/uploads\/sites\/22\/2024\/03\/post1.jpeg\" class=\"attachment-full size-full wp-image-8673\" alt=\"\" loading=\"lazy\" srcset=\"https:\/\/portaleducacao.guarulhos.sp.gov.br\/wp_site\/portalbienal\/wp-content\/uploads\/sites\/22\/2024\/03\/post1.jpeg 1600w, https:\/\/portaleducacao.guarulhos.sp.gov.br\/wp_site\/portalbienal\/wp-content\/uploads\/sites\/22\/2024\/03\/post1-300x206.jpeg 300w, https:\/\/portaleducacao.guarulhos.sp.gov.br\/wp_site\/portalbienal\/wp-content\/uploads\/sites\/22\/2024\/03\/post1-1024x701.jpeg 1024w, https:\/\/portaleducacao.guarulhos.sp.gov.br\/wp_site\/portalbienal\/wp-content\/uploads\/sites\/22\/2024\/03\/post1-768x526.jpeg 768w, https:\/\/portaleducacao.guarulhos.sp.gov.br\/wp_site\/portalbienal\/wp-content\/uploads\/sites\/22\/2024\/03\/post1-1536x1052.jpeg 1536w\" sizes=\"(max-width: 1600px) 100vw, 1600px\" \/>\n             <\/div>\n        <\/div><div class=\"eael-entry-wrapper\"><header class=\"eael-entry-header\"><h6 class=\"eael-entry-title\"><a\n                        class=\"eael-grid-post-link\"\n                        href=\"https:\/\/portaleducacao.guarulhos.sp.gov.br\/wp_site\/portalbienal\/2024\/03\/04\/prazo-para-inscricao-da-visitacao-escolar-na-bienal-do-livro-e-prorrogado-para-7-3\/\"\n                        title=\"Prazo para inscri\u00e7\u00e3o da visita\u00e7\u00e3o escolar na Bienal do Livro \u00e9 prorrogado para 7\/3\">Prazo para inscri\u00e7\u00e3o da visita\u00e7\u00e3o escolar na Bienal do Livro \u00e9 prorrogado para 7\/3<\/a><\/h6><\/header><\/div><\/div>\n        <\/div>\n    <\/article><article class=\"eael-grid-post eael-post-grid-column\" data-id=\"8627\">\n        <div class=\"eael-grid-post-holder\">\n            <div class=\"eael-grid-post-holder-inner\"><div class=\"eael-entry-media\"><div class=\"eael-entry-overlay fade-in\"><i class=\"fas fa-long-arrow-alt-right\" aria-hidden=\"true\"><\/i><a href=\"https:\/\/portaleducacao.guarulhos.sp.gov.br\/wp_site\/portalbienal\/2024\/03\/01\/denise-fraga-e-miguel-falabella-sao-atracoes-confirmadas-na-3a-bienal-internacional-do-livro-de-guarulhos\/\"><\/a><\/div><div class=\"eael-entry-thumbnail eael-image-ratio\">\n                 <img width=\"1600\" height=\"1067\" src=\"https:\/\/portaleducacao.guarulhos.sp.gov.br\/wp_site\/portalbienal\/wp-content\/uploads\/sites\/22\/2024\/03\/bienalDE_MI.jpeg\" class=\"attachment-full size-full wp-image-8628\" alt=\"\" loading=\"lazy\" srcset=\"https:\/\/portaleducacao.guarulhos.sp.gov.br\/wp_site\/portalbienal\/wp-content\/uploads\/sites\/22\/2024\/03\/bienalDE_MI.jpeg 1600w, https:\/\/portaleducacao.guarulhos.sp.gov.br\/wp_site\/portalbienal\/wp-content\/uploads\/sites\/22\/2024\/03\/bienalDE_MI-300x200.jpeg 300w, https:\/\/portaleducacao.guarulhos.sp.gov.br\/wp_site\/portalbienal\/wp-content\/uploads\/sites\/22\/2024\/03\/bienalDE_MI-1024x683.jpeg 1024w, https:\/\/portaleducacao.guarulhos.sp.gov.br\/wp_site\/portalbienal\/wp-content\/uploads\/sites\/22\/2024\/03\/bienalDE_MI-768x512.jpeg 768w, https:\/\/portaleducacao.guarulhos.sp.gov.br\/wp_site\/portalbienal\/wp-content\/uploads\/sites\/22\/2024\/03\/bienalDE_MI-1536x1024.jpeg 1536w\" sizes=\"(max-width: 1600px) 100vw, 1600px\" \/>\n             <\/div>\n        <\/div><div class=\"eael-entry-wrapper\"><header class=\"eael-entry-header\"><h6 class=\"eael-entry-title\"><a\n                        class=\"eael-grid-post-link\"\n                        href=\"https:\/\/portaleducacao.guarulhos.sp.gov.br\/wp_site\/portalbienal\/2024\/03\/01\/denise-fraga-e-miguel-falabella-sao-atracoes-confirmadas-na-3a-bienal-internacional-do-livro-de-guarulhos\/\"\n                        title=\"Denise Fraga e Miguel Falabella s\u00e3o atra\u00e7\u00f5es confirmadas na 3\u00aa Bienal Internacional do Livro de Guarulhos\">Denise Fraga e Miguel Falabella s\u00e3o atra\u00e7\u00f5es confirmadas na 3\u00aa Bienal Internacional do Livro de Guarulhos<\/a><\/h6><\/header><\/div><\/div>\n        <\/div>\n    <\/article><article class=\"eael-grid-post eael-post-grid-column\" data-id=\"8586\">\n        <div class=\"eael-grid-post-holder\">\n            <div class=\"eael-grid-post-holder-inner\"><div class=\"eael-entry-media\"><div class=\"eael-entry-overlay fade-in\"><i class=\"fas fa-long-arrow-alt-right\" aria-hidden=\"true\"><\/i><a href=\"https:\/\/portaleducacao.guarulhos.sp.gov.br\/wp_site\/portalbienal\/2024\/02\/28\/profissionais-da-educacao-recebem-credilivro-para-a-compra-de-obras-durante-a-bienal-de-guarulhos\/\"><\/a><\/div><div class=\"eael-entry-thumbnail eael-image-ratio\">\n                 <img width=\"750\" height=\"520\" src=\"https:\/\/portaleducacao.guarulhos.sp.gov.br\/wp_site\/portalbienal\/wp-content\/uploads\/sites\/22\/2024\/02\/Credilivro.jpeg\" class=\"attachment-full size-full wp-image-8587\" alt=\"\" loading=\"lazy\" srcset=\"https:\/\/portaleducacao.guarulhos.sp.gov.br\/wp_site\/portalbienal\/wp-content\/uploads\/sites\/22\/2024\/02\/Credilivro.jpeg 750w, https:\/\/portaleducacao.guarulhos.sp.gov.br\/wp_site\/portalbienal\/wp-content\/uploads\/sites\/22\/2024\/02\/Credilivro-300x208.jpeg 300w\" sizes=\"(max-width: 750px) 100vw, 750px\" \/>\n             <\/div>\n        <\/div><div class=\"eael-entry-wrapper\"><header class=\"eael-entry-header\"><h6 class=\"eael-entry-title\"><a\n                        class=\"eael-grid-post-link\"\n                        href=\"https:\/\/portaleducacao.guarulhos.sp.gov.br\/wp_site\/portalbienal\/2024\/02\/28\/profissionais-da-educacao-recebem-credilivro-para-a-compra-de-obras-durante-a-bienal-de-guarulhos\/\"\n                        title=\"Profissionais da Educa\u00e7\u00e3o recebem CrediLivro para a compra de obras durante a Bienal de Guarulhos\">Profissionais da Educa\u00e7\u00e3o recebem CrediLivro para a compra de obras durante a Bienal de Guarulhos<\/a><\/h6><\/header><\/div><\/div>\n        <\/div>\n    <\/article><article class=\"eael-grid-post eael-post-grid-column\" data-id=\"8350\">\n        <div class=\"eael-grid-post-holder\">\n            <div class=\"eael-grid-post-holder-inner\"><div class=\"eael-entry-media\"><div class=\"eael-entry-overlay fade-in\"><i class=\"fas fa-long-arrow-alt-right\" aria-hidden=\"true\"><\/i><a href=\"https:\/\/portaleducacao.guarulhos.sp.gov.br\/wp_site\/portalbienal\/2024\/02\/26\/escolas-municipais-tem-ate-1-3-para-inscrever-turmas-visitantes-na-bienal-do-livro\/\"><\/a><\/div><div class=\"eael-entry-thumbnail eael-image-ratio\">\n                 <img width=\"1600\" height=\"1066\" src=\"https:\/\/portaleducacao.guarulhos.sp.gov.br\/wp_site\/portalbienal\/wp-content\/uploads\/sites\/22\/2024\/02\/WhatsApp-Image-2024-02-23-at-15.53.08.jpeg\" class=\"attachment-full size-full wp-image-8351\" alt=\"\" loading=\"lazy\" srcset=\"https:\/\/portaleducacao.guarulhos.sp.gov.br\/wp_site\/portalbienal\/wp-content\/uploads\/sites\/22\/2024\/02\/WhatsApp-Image-2024-02-23-at-15.53.08.jpeg 1600w, https:\/\/portaleducacao.guarulhos.sp.gov.br\/wp_site\/portalbienal\/wp-content\/uploads\/sites\/22\/2024\/02\/WhatsApp-Image-2024-02-23-at-15.53.08-300x200.jpeg 300w, https:\/\/portaleducacao.guarulhos.sp.gov.br\/wp_site\/portalbienal\/wp-content\/uploads\/sites\/22\/2024\/02\/WhatsApp-Image-2024-02-23-at-15.53.08-1024x682.jpeg 1024w, https:\/\/portaleducacao.guarulhos.sp.gov.br\/wp_site\/portalbienal\/wp-content\/uploads\/sites\/22\/2024\/02\/WhatsApp-Image-2024-02-23-at-15.53.08-768x512.jpeg 768w, https:\/\/portaleducacao.guarulhos.sp.gov.br\/wp_site\/portalbienal\/wp-content\/uploads\/sites\/22\/2024\/02\/WhatsApp-Image-2024-02-23-at-15.53.08-1536x1023.jpeg 1536w\" sizes=\"(max-width: 1600px) 100vw, 1600px\" \/>\n             <\/div>\n        <\/div><div class=\"eael-entry-wrapper\"><header class=\"eael-entry-header\"><h6 class=\"eael-entry-title\"><a\n                        class=\"eael-grid-post-link\"\n                        href=\"https:\/\/portaleducacao.guarulhos.sp.gov.br\/wp_site\/portalbienal\/2024\/02\/26\/escolas-municipais-tem-ate-1-3-para-inscrever-turmas-visitantes-na-bienal-do-livro\/\"\n                        title=\"Escolas municipais t\u00eam at\u00e9 1\/3 para inscrever turmas visitantes na Bienal do Livro\">Escolas municipais t\u00eam at\u00e9 1\/3 para inscrever turmas visitantes na Bienal do Livro<\/a><\/h6><\/header><\/div><\/div>\n        <\/div>\n    <\/article><article class=\"eael-grid-post eael-post-grid-column\" data-id=\"8347\">\n        <div class=\"eael-grid-post-holder\">\n            <div class=\"eael-grid-post-holder-inner\"><div class=\"eael-entry-media\"><div class=\"eael-entry-overlay fade-in\"><i class=\"fas fa-long-arrow-alt-right\" aria-hidden=\"true\"><\/i><a href=\"https:\/\/portaleducacao.guarulhos.sp.gov.br\/wp_site\/portalbienal\/2024\/02\/26\/dez-dicas-de-livros-de-autores-de-guarulhos-para-voce-garimpar-na-bienal\/\"><\/a><\/div><div class=\"eael-entry-thumbnail eael-image-ratio\">\n                 <img width=\"1135\" height=\"533\" src=\"https:\/\/portaleducacao.guarulhos.sp.gov.br\/wp_site\/portalbienal\/wp-content\/uploads\/sites\/22\/2024\/02\/Autores.jpg\" class=\"attachment-full size-full wp-image-8348\" alt=\"\" loading=\"lazy\" srcset=\"https:\/\/portaleducacao.guarulhos.sp.gov.br\/wp_site\/portalbienal\/wp-content\/uploads\/sites\/22\/2024\/02\/Autores.jpg 1135w, https:\/\/portaleducacao.guarulhos.sp.gov.br\/wp_site\/portalbienal\/wp-content\/uploads\/sites\/22\/2024\/02\/Autores-300x141.jpg 300w, https:\/\/portaleducacao.guarulhos.sp.gov.br\/wp_site\/portalbienal\/wp-content\/uploads\/sites\/22\/2024\/02\/Autores-1024x481.jpg 1024w, https:\/\/portaleducacao.guarulhos.sp.gov.br\/wp_site\/portalbienal\/wp-content\/uploads\/sites\/22\/2024\/02\/Autores-768x361.jpg 768w\" sizes=\"(max-width: 1135px) 100vw, 1135px\" \/>\n             <\/div>\n        <\/div><div class=\"eael-entry-wrapper\"><header class=\"eael-entry-header\"><h6 class=\"eael-entry-title\"><a\n                        class=\"eael-grid-post-link\"\n                        href=\"https:\/\/portaleducacao.guarulhos.sp.gov.br\/wp_site\/portalbienal\/2024\/02\/26\/dez-dicas-de-livros-de-autores-de-guarulhos-para-voce-garimpar-na-bienal\/\"\n                        title=\"Dez dicas de livros de autores de Guarulhos para voc\u00ea garimpar na Bienal\">Dez dicas de livros de autores de Guarulhos para voc\u00ea garimpar na Bienal<\/a><\/h6><\/header><\/div><\/div>\n        <\/div>\n    <\/article><article class=\"eael-grid-post eael-post-grid-column\" data-id=\"8205\">\n        <div class=\"eael-grid-post-holder\">\n            <div class=\"eael-grid-post-holder-inner\"><div class=\"eael-entry-media\"><div class=\"eael-entry-overlay fade-in\"><i class=\"fas fa-long-arrow-alt-right\" aria-hidden=\"true\"><\/i><a href=\"https:\/\/portaleducacao.guarulhos.sp.gov.br\/wp_site\/portalbienal\/2024\/02\/21\/bienal-internacional-do-livro-de-guarulhos-conta-com-mais-de-40-editoras\/\"><\/a><\/div><div class=\"eael-entry-thumbnail eael-image-ratio\">\n                 <img width=\"924\" height=\"614\" src=\"https:\/\/portaleducacao.guarulhos.sp.gov.br\/wp_site\/portalbienal\/wp-content\/uploads\/sites\/22\/2024\/02\/Bienal-Editoras-Foto-Fabio-Nunes-Teixeira.jpg\" class=\"attachment-full size-full wp-image-8207\" alt=\"\" loading=\"lazy\" srcset=\"https:\/\/portaleducacao.guarulhos.sp.gov.br\/wp_site\/portalbienal\/wp-content\/uploads\/sites\/22\/2024\/02\/Bienal-Editoras-Foto-Fabio-Nunes-Teixeira.jpg 924w, https:\/\/portaleducacao.guarulhos.sp.gov.br\/wp_site\/portalbienal\/wp-content\/uploads\/sites\/22\/2024\/02\/Bienal-Editoras-Foto-Fabio-Nunes-Teixeira-300x199.jpg 300w, https:\/\/portaleducacao.guarulhos.sp.gov.br\/wp_site\/portalbienal\/wp-content\/uploads\/sites\/22\/2024\/02\/Bienal-Editoras-Foto-Fabio-Nunes-Teixeira-768x510.jpg 768w\" sizes=\"(max-width: 924px) 100vw, 924px\" \/>\n             <\/div>\n        <\/div><div class=\"eael-entry-wrapper\"><header class=\"eael-entry-header\"><h6 class=\"eael-entry-title\"><a\n                        class=\"eael-grid-post-link\"\n                        href=\"https:\/\/portaleducacao.guarulhos.sp.gov.br\/wp_site\/portalbienal\/2024\/02\/21\/bienal-internacional-do-livro-de-guarulhos-conta-com-mais-de-40-editoras\/\"\n                        title=\"Bienal Internacional do Livro de Guarulhos conta com mais de 40 editoras\">Bienal Internacional do Livro de Guarulhos conta com mais de 40 editoras<\/a><\/h6><\/header><\/div><\/div>\n        <\/div>\n    <\/article><article class=\"eael-grid-post eael-post-grid-column\" data-id=\"8099\">\n        <div class=\"eael-grid-post-holder\">\n            <div class=\"eael-grid-post-holder-inner\"><div class=\"eael-entry-media\"><div class=\"eael-entry-overlay fade-in\"><i class=\"fas fa-long-arrow-alt-right\" aria-hidden=\"true\"><\/i><a href=\"https:\/\/portaleducacao.guarulhos.sp.gov.br\/wp_site\/portalbienal\/2024\/02\/19\/bienal-do-livro-abre-credenciamento-para-visitacao-das-escolas-estaduais-e-particulares\/\"><\/a><\/div><div class=\"eael-entry-thumbnail eael-image-ratio\">\n                 <img width=\"1600\" height=\"1066\" src=\"https:\/\/portaleducacao.guarulhos.sp.gov.br\/wp_site\/portalbienal\/wp-content\/uploads\/sites\/22\/2024\/02\/credenciamento_escolas_particulares_estaduais.jpeg\" class=\"attachment-full size-full wp-image-8100\" alt=\"\" loading=\"lazy\" srcset=\"https:\/\/portaleducacao.guarulhos.sp.gov.br\/wp_site\/portalbienal\/wp-content\/uploads\/sites\/22\/2024\/02\/credenciamento_escolas_particulares_estaduais.jpeg 1600w, https:\/\/portaleducacao.guarulhos.sp.gov.br\/wp_site\/portalbienal\/wp-content\/uploads\/sites\/22\/2024\/02\/credenciamento_escolas_particulares_estaduais-300x200.jpeg 300w, https:\/\/portaleducacao.guarulhos.sp.gov.br\/wp_site\/portalbienal\/wp-content\/uploads\/sites\/22\/2024\/02\/credenciamento_escolas_particulares_estaduais-1024x682.jpeg 1024w, https:\/\/portaleducacao.guarulhos.sp.gov.br\/wp_site\/portalbienal\/wp-content\/uploads\/sites\/22\/2024\/02\/credenciamento_escolas_particulares_estaduais-768x512.jpeg 768w, https:\/\/portaleducacao.guarulhos.sp.gov.br\/wp_site\/portalbienal\/wp-content\/uploads\/sites\/22\/2024\/02\/credenciamento_escolas_particulares_estaduais-1536x1023.jpeg 1536w\" sizes=\"(max-width: 1600px) 100vw, 1600px\" \/>\n             <\/div>\n        <\/div><div class=\"eael-entry-wrapper\"><header class=\"eael-entry-header\"><h6 class=\"eael-entry-title\"><a\n                        class=\"eael-grid-post-link\"\n                        href=\"https:\/\/portaleducacao.guarulhos.sp.gov.br\/wp_site\/portalbienal\/2024\/02\/19\/bienal-do-livro-abre-credenciamento-para-visitacao-das-escolas-estaduais-e-particulares\/\"\n                        title=\"Bienal do Livro abre credenciamento para visita\u00e7\u00e3o das escolas estaduais e particulares\">Bienal do Livro abre credenciamento para visita\u00e7\u00e3o das escolas estaduais e particulares<\/a><\/h6><\/header><\/div><\/div>\n        <\/div>\n    <\/article><article class=\"eael-grid-post eael-post-grid-column\" data-id=\"8086\">\n        <div class=\"eael-grid-post-holder\">\n            <div class=\"eael-grid-post-holder-inner\"><div class=\"eael-entry-media\"><div class=\"eael-entry-overlay fade-in\"><i class=\"fas fa-long-arrow-alt-right\" aria-hidden=\"true\"><\/i><a href=\"https:\/\/portaleducacao.guarulhos.sp.gov.br\/wp_site\/portalbienal\/2024\/02\/16\/autores-guarulhenses-devem-escolher-horario-de-participacao-na-3a-bienal-do-livro\/\"><\/a><\/div><div class=\"eael-entry-thumbnail eael-image-ratio\">\n                 <img width=\"1600\" height=\"1066\" src=\"https:\/\/portaleducacao.guarulhos.sp.gov.br\/wp_site\/portalbienal\/wp-content\/uploads\/sites\/22\/2024\/02\/WhatsApp-Image-2024-02-16-at-14.16.16.jpeg\" class=\"attachment-full size-full wp-image-8089\" alt=\"\" loading=\"lazy\" srcset=\"https:\/\/portaleducacao.guarulhos.sp.gov.br\/wp_site\/portalbienal\/wp-content\/uploads\/sites\/22\/2024\/02\/WhatsApp-Image-2024-02-16-at-14.16.16.jpeg 1600w, https:\/\/portaleducacao.guarulhos.sp.gov.br\/wp_site\/portalbienal\/wp-content\/uploads\/sites\/22\/2024\/02\/WhatsApp-Image-2024-02-16-at-14.16.16-300x200.jpeg 300w, https:\/\/portaleducacao.guarulhos.sp.gov.br\/wp_site\/portalbienal\/wp-content\/uploads\/sites\/22\/2024\/02\/WhatsApp-Image-2024-02-16-at-14.16.16-1024x682.jpeg 1024w, https:\/\/portaleducacao.guarulhos.sp.gov.br\/wp_site\/portalbienal\/wp-content\/uploads\/sites\/22\/2024\/02\/WhatsApp-Image-2024-02-16-at-14.16.16-768x512.jpeg 768w, https:\/\/portaleducacao.guarulhos.sp.gov.br\/wp_site\/portalbienal\/wp-content\/uploads\/sites\/22\/2024\/02\/WhatsApp-Image-2024-02-16-at-14.16.16-1536x1023.jpeg 1536w\" sizes=\"(max-width: 1600px) 100vw, 1600px\" \/>\n             <\/div>\n        <\/div><div class=\"eael-entry-wrapper\"><header class=\"eael-entry-header\"><h6 class=\"eael-entry-title\"><a\n                        class=\"eael-grid-post-link\"\n                        href=\"https:\/\/portaleducacao.guarulhos.sp.gov.br\/wp_site\/portalbienal\/2024\/02\/16\/autores-guarulhenses-devem-escolher-horario-de-participacao-na-3a-bienal-do-livro\/\"\n                        title=\"Autores guarulhenses devem escolher hor\u00e1rio de participa\u00e7\u00e3o na 3\u00aa Bienal do Livro\">Autores guarulhenses devem escolher hor\u00e1rio de participa\u00e7\u00e3o na 3\u00aa Bienal do Livro<\/a><\/h6><\/header><\/div><\/div>\n        <\/div>\n    <\/article><article class=\"eael-grid-post eael-post-grid-column\" data-id=\"7856\">\n        <div class=\"eael-grid-post-holder\">\n            <div class=\"eael-grid-post-holder-inner\"><div class=\"eael-entry-media\"><div class=\"eael-entry-overlay fade-in\"><i class=\"fas fa-long-arrow-alt-right\" aria-hidden=\"true\"><\/i><a href=\"https:\/\/portaleducacao.guarulhos.sp.gov.br\/wp_site\/portalbienal\/2024\/02\/05\/guarulhos-recebe-a-3a-bienal-internacional-do-livro-de-guarulhos\/\"><\/a><\/div><div class=\"eael-entry-thumbnail eael-image-ratio\">\n                 <img width=\"750\" height=\"520\" src=\"https:\/\/portaleducacao.guarulhos.sp.gov.br\/wp_site\/portalbienal\/wp-content\/uploads\/sites\/22\/2024\/02\/imagemBienal.jpeg\" class=\"attachment-full size-full wp-image-7857\" alt=\"\" loading=\"lazy\" srcset=\"https:\/\/portaleducacao.guarulhos.sp.gov.br\/wp_site\/portalbienal\/wp-content\/uploads\/sites\/22\/2024\/02\/imagemBienal.jpeg 750w, https:\/\/portaleducacao.guarulhos.sp.gov.br\/wp_site\/portalbienal\/wp-content\/uploads\/sites\/22\/2024\/02\/imagemBienal-300x208.jpeg 300w\" sizes=\"(max-width: 750px) 100vw, 750px\" \/>\n             <\/div>\n        <\/div><div class=\"eael-entry-wrapper\"><header class=\"eael-entry-header\"><h6 class=\"eael-entry-title\"><a\n                        class=\"eael-grid-post-link\"\n                        href=\"https:\/\/portaleducacao.guarulhos.sp.gov.br\/wp_site\/portalbienal\/2024\/02\/05\/guarulhos-recebe-a-3a-bienal-internacional-do-livro-de-guarulhos\/\"\n                        title=\"Guarulhos recebe a 3\u00aa Bienal Internacional do Livro de Guarulhos\">Guarulhos recebe a 3\u00aa Bienal Internacional do Livro de Guarulhos<\/a><\/h6><\/header><\/div><\/div>\n        <\/div>\n    <\/article><article class=\"eael-grid-post eael-post-grid-column\" data-id=\"7751\">\n        <div class=\"eael-grid-post-holder\">\n            <div class=\"eael-grid-post-holder-inner\"><div class=\"eael-entry-media\"><div class=\"eael-entry-overlay fade-in\"><i class=\"fas fa-long-arrow-alt-right\" aria-hidden=\"true\"><\/i><a href=\"https:\/\/portaleducacao.guarulhos.sp.gov.br\/wp_site\/portalbienal\/2024\/01\/29\/bienal-de-guarulhos-abre-credenciamento-para-autores-guarulhenses-2\/\"><\/a><\/div><div class=\"eael-entry-thumbnail eael-image-ratio\">\n                 <img width=\"1600\" height=\"1066\" src=\"https:\/\/portaleducacao.guarulhos.sp.gov.br\/wp_site\/portalbienal\/wp-content\/uploads\/sites\/22\/2024\/01\/autoresss.jpeg\" class=\"attachment-full size-full wp-image-7752\" alt=\"\" loading=\"lazy\" srcset=\"https:\/\/portaleducacao.guarulhos.sp.gov.br\/wp_site\/portalbienal\/wp-content\/uploads\/sites\/22\/2024\/01\/autoresss.jpeg 1600w, https:\/\/portaleducacao.guarulhos.sp.gov.br\/wp_site\/portalbienal\/wp-content\/uploads\/sites\/22\/2024\/01\/autoresss-300x200.jpeg 300w, https:\/\/portaleducacao.guarulhos.sp.gov.br\/wp_site\/portalbienal\/wp-content\/uploads\/sites\/22\/2024\/01\/autoresss-1024x682.jpeg 1024w, https:\/\/portaleducacao.guarulhos.sp.gov.br\/wp_site\/portalbienal\/wp-content\/uploads\/sites\/22\/2024\/01\/autoresss-768x512.jpeg 768w, https:\/\/portaleducacao.guarulhos.sp.gov.br\/wp_site\/portalbienal\/wp-content\/uploads\/sites\/22\/2024\/01\/autoresss-1536x1023.jpeg 1536w\" sizes=\"(max-width: 1600px) 100vw, 1600px\" \/>\n             <\/div>\n        <\/div><div class=\"eael-entry-wrapper\"><header class=\"eael-entry-header\"><h6 class=\"eael-entry-title\"><a\n                        class=\"eael-grid-post-link\"\n                        href=\"https:\/\/portaleducacao.guarulhos.sp.gov.br\/wp_site\/portalbienal\/2024\/01\/29\/bienal-de-guarulhos-abre-credenciamento-para-autores-guarulhenses-2\/\"\n                        title=\"Bienal de Guarulhos abre credenciamento para autores guarulhenses\">Bienal de Guarulhos abre credenciamento para autores guarulhenses<\/a><\/h6><\/header><\/div><\/div>\n        <\/div>\n    <\/article><article class=\"eael-grid-post eael-post-grid-column\" data-id=\"7734\">\n        <div class=\"eael-grid-post-holder\">\n            <div class=\"eael-grid-post-holder-inner\"><div class=\"eael-entry-media\"><div class=\"eael-entry-overlay fade-in\"><i class=\"fas fa-long-arrow-alt-right\" aria-hidden=\"true\"><\/i><a href=\"https:\/\/portaleducacao.guarulhos.sp.gov.br\/wp_site\/portalbienal\/2024\/01\/29\/inscricoes-para-o-comercio-de-alimentos-na-bienal-do-livro-de-guarulhos-estao-abertas-ate-26-1\/\"><\/a><\/div><div class=\"eael-entry-thumbnail eael-image-ratio\">\n                 <img width=\"2560\" height=\"1707\" src=\"https:\/\/portaleducacao.guarulhos.sp.gov.br\/wp_site\/portalbienal\/wp-content\/uploads\/sites\/22\/2024\/01\/food-scaled.jpg\" class=\"attachment-full size-full wp-image-7735\" alt=\"\" loading=\"lazy\" srcset=\"https:\/\/portaleducacao.guarulhos.sp.gov.br\/wp_site\/portalbienal\/wp-content\/uploads\/sites\/22\/2024\/01\/food-scaled.jpg 2560w, https:\/\/portaleducacao.guarulhos.sp.gov.br\/wp_site\/portalbienal\/wp-content\/uploads\/sites\/22\/2024\/01\/food-300x200.jpg 300w, https:\/\/portaleducacao.guarulhos.sp.gov.br\/wp_site\/portalbienal\/wp-content\/uploads\/sites\/22\/2024\/01\/food-1024x683.jpg 1024w, https:\/\/portaleducacao.guarulhos.sp.gov.br\/wp_site\/portalbienal\/wp-content\/uploads\/sites\/22\/2024\/01\/food-768x512.jpg 768w, https:\/\/portaleducacao.guarulhos.sp.gov.br\/wp_site\/portalbienal\/wp-content\/uploads\/sites\/22\/2024\/01\/food-1536x1024.jpg 1536w, https:\/\/portaleducacao.guarulhos.sp.gov.br\/wp_site\/portalbienal\/wp-content\/uploads\/sites\/22\/2024\/01\/food-2048x1365.jpg 2048w\" sizes=\"(max-width: 2560px) 100vw, 2560px\" \/>\n             <\/div>\n        <\/div><div class=\"eael-entry-wrapper\"><header class=\"eael-entry-header\"><h6 class=\"eael-entry-title\"><a\n                        class=\"eael-grid-post-link\"\n                        href=\"https:\/\/portaleducacao.guarulhos.sp.gov.br\/wp_site\/portalbienal\/2024\/01\/29\/inscricoes-para-o-comercio-de-alimentos-na-bienal-do-livro-de-guarulhos-estao-abertas-ate-26-1\/\"\n                        title=\"Inscri\u00e7\u00f5es para o com\u00e9rcio de alimentos na Bienal do Livro de Guarulhos est\u00e3o abertas at\u00e9 26\/1\">Inscri\u00e7\u00f5es para o com\u00e9rcio de alimentos na Bienal do Livro de Guarulhos est\u00e3o abertas at\u00e9 26\/1<\/a><\/h6><\/header><\/div><\/div>\n        <\/div>\n    <\/article><article class=\"eael-grid-post eael-post-grid-column\" data-id=\"7731\">\n        <div class=\"eael-grid-post-holder\">\n            <div class=\"eael-grid-post-holder-inner\"><div class=\"eael-entry-media\"><div class=\"eael-entry-overlay fade-in\"><i class=\"fas fa-long-arrow-alt-right\" aria-hidden=\"true\"><\/i><a href=\"https:\/\/portaleducacao.guarulhos.sp.gov.br\/wp_site\/portalbienal\/2024\/01\/29\/3a-bienal-do-livro-de-guarulhos-recebe-propostas-de-participacao-de-editoras-a-partir-do-dia-8\/\"><\/a><\/div><div class=\"eael-entry-thumbnail eael-image-ratio\">\n                 <img width=\"1600\" height=\"1066\" src=\"https:\/\/portaleducacao.guarulhos.sp.gov.br\/wp_site\/portalbienal\/wp-content\/uploads\/sites\/22\/2024\/01\/bienal_2024.jpg\" class=\"attachment-full size-full wp-image-7732\" alt=\"\" loading=\"lazy\" srcset=\"https:\/\/portaleducacao.guarulhos.sp.gov.br\/wp_site\/portalbienal\/wp-content\/uploads\/sites\/22\/2024\/01\/bienal_2024.jpg 1600w, https:\/\/portaleducacao.guarulhos.sp.gov.br\/wp_site\/portalbienal\/wp-content\/uploads\/sites\/22\/2024\/01\/bienal_2024-300x200.jpg 300w, https:\/\/portaleducacao.guarulhos.sp.gov.br\/wp_site\/portalbienal\/wp-content\/uploads\/sites\/22\/2024\/01\/bienal_2024-1024x682.jpg 1024w, https:\/\/portaleducacao.guarulhos.sp.gov.br\/wp_site\/portalbienal\/wp-content\/uploads\/sites\/22\/2024\/01\/bienal_2024-768x512.jpg 768w, https:\/\/portaleducacao.guarulhos.sp.gov.br\/wp_site\/portalbienal\/wp-content\/uploads\/sites\/22\/2024\/01\/bienal_2024-1536x1023.jpg 1536w\" sizes=\"(max-width: 1600px) 100vw, 1600px\" \/>\n             <\/div>\n        <\/div><div class=\"eael-entry-wrapper\"><header class=\"eael-entry-header\"><h6 class=\"eael-entry-title\"><a\n                        class=\"eael-grid-post-link\"\n                        href=\"https:\/\/portaleducacao.guarulhos.sp.gov.br\/wp_site\/portalbienal\/2024\/01\/29\/3a-bienal-do-livro-de-guarulhos-recebe-propostas-de-participacao-de-editoras-a-partir-do-dia-8\/\"\n                        title=\"3\u00aa Bienal do Livro de Guarulhos recebe propostas de participa\u00e7\u00e3o de editoras a partir do dia 8\">3\u00aa Bienal do Livro de Guarulhos recebe propostas de participa\u00e7\u00e3o de editoras a partir do dia 8<\/a><\/h6><\/header><\/div><\/div>\n        <\/div>\n    <\/article><\/div>\n            <div class=\"clearfix\"><\/div>\n        <\/div>\t\t<\/div>\n\t\t\t\t<\/div>\n\t\t\t\t\t<\/div>\n\t\t<\/div>\n\t\t\t\t\t\t\t<\/div>\n\t\t<\/section>\n\t\t\t\t<section class=\"elementor-section elementor-top-section elementor-element elementor-element-58adf04 elementor-section-full_width elementor-section-height-default elementor-section-height-default\" data-id=\"58adf04\" data-element_type=\"section\" data-settings=\"{&quot;background_background&quot;:&quot;classic&quot;}\">\n\t\t\t\t\t\t<div class=\"elementor-container elementor-column-gap-default\">\n\t\t\t\t\t<div class=\"elementor-column elementor-col-100 elementor-top-column elementor-element elementor-element-724db1f\" data-id=\"724db1f\" data-element_type=\"column\">\n\t\t\t<div class=\"elementor-widget-wrap elementor-element-populated\">\n\t\t\t\t\t\t\t\t<div class=\"elementor-element elementor-element-806d0c7 elementor-widget elementor-widget-heading\" data-id=\"806d0c7\" data-element_type=\"widget\" data-widget_type=\"heading.default\">\n\t\t\t\t<div class=\"elementor-widget-container\">\n\t\t\t<h1 class=\"elementor-heading-title elementor-size-default\">Not\u00edcias da Bienal de 2022<\/h1>\t\t<\/div>\n\t\t\t\t<\/div>\n\t\t\t\t<div class=\"elementor-element elementor-element-f5bd112 elementor-grid-eael-col-5 elementor-grid-tablet-eael-col-2 elementor-grid-mobile-eael-col-1 elementor-widget elementor-widget-eael-post-grid\" data-id=\"f5bd112\" data-element_type=\"widget\" data-settings=\"{&quot;eael_post_grid_columns&quot;:&quot;eael-col-5&quot;,&quot;eael_post_grid_columns_tablet&quot;:&quot;eael-col-2&quot;,&quot;eael_post_grid_columns_mobile&quot;:&quot;eael-col-1&quot;}\" data-widget_type=\"eael-post-grid.default\">\n\t\t\t\t<div class=\"elementor-widget-container\">\n\t\t\t<div id=\"eael-post-grid-f5bd112\" class=\"eael-post-grid-container\">\n            <div class=\"eael-post-grid eael-post-appender eael-post-appender-f5bd112 eael-post-grid-style-default\" data-layout-mode=\"masonry\"><article class=\"eael-grid-post eael-post-grid-column\" data-id=\"1648\">\n        <div class=\"eael-grid-post-holder\">\n            <div class=\"eael-grid-post-holder-inner\"><div class=\"eael-entry-media\"><div class=\"eael-entry-overlay fade-in\"><i class=\"fas fa-magic\" aria-hidden=\"true\"><\/i><a href=\"https:\/\/portaleducacao.guarulhos.sp.gov.br\/wp_site\/portalbienal\/2022\/07\/21\/homenagem-a-biblioteca-mais-antiga-da-cidade-integra-a-programacao-da-2a-bienal-do-livro-de-guarulhos\/\"><\/a><\/div><div class=\"eael-entry-thumbnail eael-image-ratio\">\n                <img width=\"1275\" height=\"898\" src=\"https:\/\/portaleducacao.guarulhos.sp.gov.br\/wp_site\/portalbienal\/wp-content\/uploads\/sites\/22\/2022\/07\/Aurea-Mansur-funcionaria-administrativa-da-bibliotecaria-Foto-acervo-Arquivo-Historico.jpeg\" class=\"attachment-1536x1536 size-1536x1536 wp-image-1649\" alt=\"\" loading=\"lazy\" srcset=\"https:\/\/portaleducacao.guarulhos.sp.gov.br\/wp_site\/portalbienal\/wp-content\/uploads\/sites\/22\/2022\/07\/Aurea-Mansur-funcionaria-administrativa-da-bibliotecaria-Foto-acervo-Arquivo-Historico.jpeg 1275w, https:\/\/portaleducacao.guarulhos.sp.gov.br\/wp_site\/portalbienal\/wp-content\/uploads\/sites\/22\/2022\/07\/Aurea-Mansur-funcionaria-administrativa-da-bibliotecaria-Foto-acervo-Arquivo-Historico-300x211.jpeg 300w, https:\/\/portaleducacao.guarulhos.sp.gov.br\/wp_site\/portalbienal\/wp-content\/uploads\/sites\/22\/2022\/07\/Aurea-Mansur-funcionaria-administrativa-da-bibliotecaria-Foto-acervo-Arquivo-Historico-1024x721.jpeg 1024w, https:\/\/portaleducacao.guarulhos.sp.gov.br\/wp_site\/portalbienal\/wp-content\/uploads\/sites\/22\/2022\/07\/Aurea-Mansur-funcionaria-administrativa-da-bibliotecaria-Foto-acervo-Arquivo-Historico-768x541.jpeg 768w\" sizes=\"(max-width: 1275px) 100vw, 1275px\" \/>\n            <\/div>\n        <\/div><div class=\"eael-entry-wrapper\"><header class=\"eael-entry-header\"><h6 class=\"eael-entry-title\"><a\n                        class=\"eael-grid-post-link\"\n                        href=\"https:\/\/portaleducacao.guarulhos.sp.gov.br\/wp_site\/portalbienal\/2022\/07\/21\/homenagem-a-biblioteca-mais-antiga-da-cidade-integra-a-programacao-da-2a-bienal-do-livro-de-guarulhos\/\"\n                        title=\"Homenagem \u00e0 biblioteca mais antiga da cidade integra a programa\u00e7\u00e3o da 2\u00aa Bienal do Livro de Guarulhos\">Homenagem \u00e0 biblioteca mais antiga da cidade integra a programa\u00e7\u00e3o da 2\u00aa Bienal do Livro de Guarulhos<\/a><\/h6><\/header><div class=\"eael-entry-meta\"><\/div><\/div><\/div>\n        <\/div>\n    <\/article><article class=\"eael-grid-post eael-post-grid-column\" data-id=\"2419\">\n        <div class=\"eael-grid-post-holder\">\n            <div class=\"eael-grid-post-holder-inner\"><div class=\"eael-entry-media\"><div class=\"eael-entry-overlay fade-in\"><i class=\"fas fa-magic\" aria-hidden=\"true\"><\/i><a href=\"https:\/\/portaleducacao.guarulhos.sp.gov.br\/wp_site\/portalbienal\/2022\/08\/01\/palestras-da-bienal-do-livro-de-guarulhos-tem-ingressos-online-disponiveis\/\"><\/a><\/div><div class=\"eael-entry-thumbnail eael-image-ratio\">\n                <img width=\"1536\" height=\"1152\" src=\"https:\/\/portaleducacao.guarulhos.sp.gov.br\/wp_site\/portalbienal\/wp-content\/uploads\/sites\/22\/2022\/08\/Fernanda-Takai-por-Weber-Padua-1-1536x1152.jpg\" class=\"attachment-1536x1536 size-1536x1536 wp-image-2420\" alt=\"\" loading=\"lazy\" srcset=\"https:\/\/portaleducacao.guarulhos.sp.gov.br\/wp_site\/portalbienal\/wp-content\/uploads\/sites\/22\/2022\/08\/Fernanda-Takai-por-Weber-Padua-1-1536x1152.jpg 1536w, https:\/\/portaleducacao.guarulhos.sp.gov.br\/wp_site\/portalbienal\/wp-content\/uploads\/sites\/22\/2022\/08\/Fernanda-Takai-por-Weber-Padua-1-300x225.jpg 300w, https:\/\/portaleducacao.guarulhos.sp.gov.br\/wp_site\/portalbienal\/wp-content\/uploads\/sites\/22\/2022\/08\/Fernanda-Takai-por-Weber-Padua-1-1024x768.jpg 1024w, https:\/\/portaleducacao.guarulhos.sp.gov.br\/wp_site\/portalbienal\/wp-content\/uploads\/sites\/22\/2022\/08\/Fernanda-Takai-por-Weber-Padua-1-768x576.jpg 768w, https:\/\/portaleducacao.guarulhos.sp.gov.br\/wp_site\/portalbienal\/wp-content\/uploads\/sites\/22\/2022\/08\/Fernanda-Takai-por-Weber-Padua-1-2048x1536.jpg 2048w\" sizes=\"(max-width: 1536px) 100vw, 1536px\" \/>\n            <\/div>\n        <\/div><div class=\"eael-entry-wrapper\"><header class=\"eael-entry-header\"><h6 class=\"eael-entry-title\"><a\n                        class=\"eael-grid-post-link\"\n                        href=\"https:\/\/portaleducacao.guarulhos.sp.gov.br\/wp_site\/portalbienal\/2022\/08\/01\/palestras-da-bienal-do-livro-de-guarulhos-tem-ingressos-online-disponiveis\/\"\n                        title=\"Palestras da Bienal do Livro de Guarulhos t\u00eam ingressos online dispon\u00edveis\">Palestras da Bienal do Livro de Guarulhos t\u00eam ingressos online dispon\u00edveis<\/a><\/h6><\/header><div class=\"eael-entry-meta\"><\/div><\/div><\/div>\n        <\/div>\n    <\/article><article class=\"eael-grid-post eael-post-grid-column\" data-id=\"470\">\n        <div class=\"eael-grid-post-holder\">\n            <div class=\"eael-grid-post-holder-inner\"><div class=\"eael-entry-media\"><div class=\"eael-entry-overlay fade-in\"><i class=\"fas fa-magic\" aria-hidden=\"true\"><\/i><a href=\"https:\/\/portaleducacao.guarulhos.sp.gov.br\/wp_site\/portalbienal\/2022\/07\/08\/escolas-municipais-tem-ate-26-7-para-inscrever-turmas-visitantes-na-2a-bienal-do-livro-de-guarulhos\/\"><\/a><\/div><div class=\"eael-entry-thumbnail eael-image-ratio\">\n                <img width=\"1536\" height=\"1024\" src=\"https:\/\/portaleducacao.guarulhos.sp.gov.br\/wp_site\/portalbienal\/wp-content\/uploads\/sites\/22\/2022\/07\/IMG_9854-Eduardo-Calabria-1536x1024.jpg\" class=\"attachment-1536x1536 size-1536x1536 wp-image-472\" alt=\"\" loading=\"lazy\" srcset=\"https:\/\/portaleducacao.guarulhos.sp.gov.br\/wp_site\/portalbienal\/wp-content\/uploads\/sites\/22\/2022\/07\/IMG_9854-Eduardo-Calabria-1536x1024.jpg 1536w, https:\/\/portaleducacao.guarulhos.sp.gov.br\/wp_site\/portalbienal\/wp-content\/uploads\/sites\/22\/2022\/07\/IMG_9854-Eduardo-Calabria-300x200.jpg 300w, https:\/\/portaleducacao.guarulhos.sp.gov.br\/wp_site\/portalbienal\/wp-content\/uploads\/sites\/22\/2022\/07\/IMG_9854-Eduardo-Calabria-1024x683.jpg 1024w, https:\/\/portaleducacao.guarulhos.sp.gov.br\/wp_site\/portalbienal\/wp-content\/uploads\/sites\/22\/2022\/07\/IMG_9854-Eduardo-Calabria-768x512.jpg 768w, https:\/\/portaleducacao.guarulhos.sp.gov.br\/wp_site\/portalbienal\/wp-content\/uploads\/sites\/22\/2022\/07\/IMG_9854-Eduardo-Calabria.jpg 1980w\" sizes=\"(max-width: 1536px) 100vw, 1536px\" \/>\n            <\/div>\n        <\/div><div class=\"eael-entry-wrapper\"><header class=\"eael-entry-header\"><h6 class=\"eael-entry-title\"><a\n                        class=\"eael-grid-post-link\"\n                        href=\"https:\/\/portaleducacao.guarulhos.sp.gov.br\/wp_site\/portalbienal\/2022\/07\/08\/escolas-municipais-tem-ate-26-7-para-inscrever-turmas-visitantes-na-2a-bienal-do-livro-de-guarulhos\/\"\n                        title=\"Escolas municipais t\u00eam at\u00e9 26\/7 para inscrever turmas visitantes na 2\u00aa Bienal do Livro de Guarulhos\">Escolas municipais t\u00eam at\u00e9 26\/7 para inscrever turmas visitantes na 2\u00aa Bienal do Livro de Guarulhos<\/a><\/h6><\/header><div class=\"eael-entry-meta\"><\/div><\/div><\/div>\n        <\/div>\n    <\/article><article class=\"eael-grid-post eael-post-grid-column\" data-id=\"2650\">\n        <div class=\"eael-grid-post-holder\">\n            <div class=\"eael-grid-post-holder-inner\"><div class=\"eael-entry-media\"><div class=\"eael-entry-overlay fade-in\"><i class=\"fas fa-magic\" aria-hidden=\"true\"><\/i><a href=\"https:\/\/portaleducacao.guarulhos.sp.gov.br\/wp_site\/portalbienal\/2022\/08\/05\/alunos-da-rede-municipal-recebem-o-credilivro-para-a-compra-de-obras-durante-a-bienal-de-guarulhos\/\"><\/a><\/div><div class=\"eael-entry-thumbnail eael-image-ratio\">\n                <img width=\"1280\" height=\"853\" src=\"https:\/\/portaleducacao.guarulhos.sp.gov.br\/wp_site\/portalbienal\/wp-content\/uploads\/sites\/22\/2022\/08\/WhatsApp-Image-2022-08-05-at-15.18.03.jpeg\" class=\"attachment-1536x1536 size-1536x1536 wp-image-2651\" alt=\"\" loading=\"lazy\" srcset=\"https:\/\/portaleducacao.guarulhos.sp.gov.br\/wp_site\/portalbienal\/wp-content\/uploads\/sites\/22\/2022\/08\/WhatsApp-Image-2022-08-05-at-15.18.03.jpeg 1280w, https:\/\/portaleducacao.guarulhos.sp.gov.br\/wp_site\/portalbienal\/wp-content\/uploads\/sites\/22\/2022\/08\/WhatsApp-Image-2022-08-05-at-15.18.03-300x200.jpeg 300w, https:\/\/portaleducacao.guarulhos.sp.gov.br\/wp_site\/portalbienal\/wp-content\/uploads\/sites\/22\/2022\/08\/WhatsApp-Image-2022-08-05-at-15.18.03-1024x682.jpeg 1024w, https:\/\/portaleducacao.guarulhos.sp.gov.br\/wp_site\/portalbienal\/wp-content\/uploads\/sites\/22\/2022\/08\/WhatsApp-Image-2022-08-05-at-15.18.03-768x512.jpeg 768w\" sizes=\"(max-width: 1280px) 100vw, 1280px\" \/>\n            <\/div>\n        <\/div><div class=\"eael-entry-wrapper\"><header class=\"eael-entry-header\"><h6 class=\"eael-entry-title\"><a\n                        class=\"eael-grid-post-link\"\n                        href=\"https:\/\/portaleducacao.guarulhos.sp.gov.br\/wp_site\/portalbienal\/2022\/08\/05\/alunos-da-rede-municipal-recebem-o-credilivro-para-a-compra-de-obras-durante-a-bienal-de-guarulhos\/\"\n                        title=\"Alunos da rede municipal recebem o CrediLivro para a compra de obras durante a Bienal de Guarulhos\">Alunos da rede municipal recebem o CrediLivro para a compra de obras durante a Bienal de Guarulhos<\/a><\/h6><\/header><div class=\"eael-entry-meta\"><\/div><\/div><\/div>\n        <\/div>\n    <\/article><article class=\"eael-grid-post eael-post-grid-column\" data-id=\"3023\">\n        <div class=\"eael-grid-post-holder\">\n            <div class=\"eael-grid-post-holder-inner\"><div class=\"eael-entry-media\"><div class=\"eael-entry-overlay fade-in\"><i class=\"fas fa-magic\" aria-hidden=\"true\"><\/i><a href=\"https:\/\/portaleducacao.guarulhos.sp.gov.br\/wp_site\/portalbienal\/2022\/08\/13\/bienal-do-livro-de-guarulhos-segue-ate-domingo-com-programacao-gratuita-no-internacional-eventos\/\"><\/a><\/div><div class=\"eael-entry-thumbnail eael-image-ratio\">\n                <img width=\"1024\" height=\"523\" src=\"https:\/\/portaleducacao.guarulhos.sp.gov.br\/wp_site\/portalbienal\/wp-content\/uploads\/sites\/22\/2022\/08\/bienal-livro10-lucas-dantas-1.jpeg\" class=\"attachment-1536x1536 size-1536x1536 wp-image-3029\" alt=\"\" loading=\"lazy\" srcset=\"https:\/\/portaleducacao.guarulhos.sp.gov.br\/wp_site\/portalbienal\/wp-content\/uploads\/sites\/22\/2022\/08\/bienal-livro10-lucas-dantas-1.jpeg 1024w, https:\/\/portaleducacao.guarulhos.sp.gov.br\/wp_site\/portalbienal\/wp-content\/uploads\/sites\/22\/2022\/08\/bienal-livro10-lucas-dantas-1-300x153.jpeg 300w, https:\/\/portaleducacao.guarulhos.sp.gov.br\/wp_site\/portalbienal\/wp-content\/uploads\/sites\/22\/2022\/08\/bienal-livro10-lucas-dantas-1-768x392.jpeg 768w\" sizes=\"(max-width: 1024px) 100vw, 1024px\" \/>\n            <\/div>\n        <\/div><div class=\"eael-entry-wrapper\"><header class=\"eael-entry-header\"><h6 class=\"eael-entry-title\"><a\n                        class=\"eael-grid-post-link\"\n                        href=\"https:\/\/portaleducacao.guarulhos.sp.gov.br\/wp_site\/portalbienal\/2022\/08\/13\/bienal-do-livro-de-guarulhos-segue-ate-domingo-com-programacao-gratuita-no-internacional-eventos\/\"\n                        title=\"Bienal do Livro de Guarulhos segue at\u00e9 domingo\u00a0com programa\u00e7\u00e3o gratuita no Internacional Eventos\">Bienal do Livro de Guarulhos segue at\u00e9 domingo\u00a0com programa\u00e7\u00e3o gratuita no Internacional Eventos<\/a><\/h6><\/header><div class=\"eael-entry-meta\"><\/div><\/div><\/div>\n        <\/div>\n    <\/article><article class=\"eael-grid-post eael-post-grid-column\" data-id=\"2805\">\n        <div class=\"eael-grid-post-holder\">\n            <div class=\"eael-grid-post-holder-inner\"><div class=\"eael-entry-media\"><div class=\"eael-entry-overlay fade-in\"><i class=\"fas fa-magic\" aria-hidden=\"true\"><\/i><a href=\"https:\/\/portaleducacao.guarulhos.sp.gov.br\/wp_site\/portalbienal\/2022\/08\/08\/autores-guarulhenses\/\"><\/a><\/div><div class=\"eael-entry-thumbnail eael-image-ratio\">\n                <img width=\"1536\" height=\"1024\" src=\"https:\/\/portaleducacao.guarulhos.sp.gov.br\/wp_site\/portalbienal\/wp-content\/uploads\/sites\/22\/2022\/08\/IMG-20220808-WA0103-2-1536x1024.jpg\" class=\"attachment-1536x1536 size-1536x1536 wp-image-2810\" alt=\"\" loading=\"lazy\" srcset=\"https:\/\/portaleducacao.guarulhos.sp.gov.br\/wp_site\/portalbienal\/wp-content\/uploads\/sites\/22\/2022\/08\/IMG-20220808-WA0103-2-1536x1024.jpg 1536w, https:\/\/portaleducacao.guarulhos.sp.gov.br\/wp_site\/portalbienal\/wp-content\/uploads\/sites\/22\/2022\/08\/IMG-20220808-WA0103-2-300x200.jpg 300w, https:\/\/portaleducacao.guarulhos.sp.gov.br\/wp_site\/portalbienal\/wp-content\/uploads\/sites\/22\/2022\/08\/IMG-20220808-WA0103-2-1024x683.jpg 1024w, https:\/\/portaleducacao.guarulhos.sp.gov.br\/wp_site\/portalbienal\/wp-content\/uploads\/sites\/22\/2022\/08\/IMG-20220808-WA0103-2-768x512.jpg 768w, https:\/\/portaleducacao.guarulhos.sp.gov.br\/wp_site\/portalbienal\/wp-content\/uploads\/sites\/22\/2022\/08\/IMG-20220808-WA0103-2.jpg 1563w\" sizes=\"(max-width: 1536px) 100vw, 1536px\" \/>\n            <\/div>\n        <\/div><div class=\"eael-entry-wrapper\"><header class=\"eael-entry-header\"><h6 class=\"eael-entry-title\"><a\n                        class=\"eael-grid-post-link\"\n                        href=\"https:\/\/portaleducacao.guarulhos.sp.gov.br\/wp_site\/portalbienal\/2022\/08\/08\/autores-guarulhenses\/\"\n                        title=\"Autores Guarulhenses\">Autores Guarulhenses<\/a><\/h6><\/header><div class=\"eael-entry-meta\"><\/div><\/div><\/div>\n        <\/div>\n    <\/article><article class=\"eael-grid-post eael-post-grid-column\" data-id=\"3054\">\n        <div class=\"eael-grid-post-holder\">\n            <div class=\"eael-grid-post-holder-inner\"><div class=\"eael-entry-media\"><div class=\"eael-entry-overlay fade-in\"><i class=\"fas fa-magic\" aria-hidden=\"true\"><\/i><a href=\"https:\/\/portaleducacao.guarulhos.sp.gov.br\/wp_site\/portalbienal\/2022\/08\/16\/bienal-do-livro-de-guarulhos-recebeu-150-mil-pessoas-em-dez-dias\/\"><\/a><\/div><div class=\"eael-entry-thumbnail eael-image-ratio\">\n                <img width=\"1536\" height=\"1024\" src=\"https:\/\/portaleducacao.guarulhos.sp.gov.br\/wp_site\/portalbienal\/wp-content\/uploads\/sites\/22\/2022\/08\/37b7a2e2-4c7c-424b-8d07-7666e5ba2232-1536x1024.jpg\" class=\"attachment-1536x1536 size-1536x1536 wp-image-3055\" alt=\"\" loading=\"lazy\" srcset=\"https:\/\/portaleducacao.guarulhos.sp.gov.br\/wp_site\/portalbienal\/wp-content\/uploads\/sites\/22\/2022\/08\/37b7a2e2-4c7c-424b-8d07-7666e5ba2232-1536x1024.jpg 1536w, https:\/\/portaleducacao.guarulhos.sp.gov.br\/wp_site\/portalbienal\/wp-content\/uploads\/sites\/22\/2022\/08\/37b7a2e2-4c7c-424b-8d07-7666e5ba2232-300x200.jpg 300w, https:\/\/portaleducacao.guarulhos.sp.gov.br\/wp_site\/portalbienal\/wp-content\/uploads\/sites\/22\/2022\/08\/37b7a2e2-4c7c-424b-8d07-7666e5ba2232-1024x683.jpg 1024w, https:\/\/portaleducacao.guarulhos.sp.gov.br\/wp_site\/portalbienal\/wp-content\/uploads\/sites\/22\/2022\/08\/37b7a2e2-4c7c-424b-8d07-7666e5ba2232-768x512.jpg 768w, https:\/\/portaleducacao.guarulhos.sp.gov.br\/wp_site\/portalbienal\/wp-content\/uploads\/sites\/22\/2022\/08\/37b7a2e2-4c7c-424b-8d07-7666e5ba2232-2048x1365.jpg 2048w\" sizes=\"(max-width: 1536px) 100vw, 1536px\" \/>\n            <\/div>\n        <\/div><div class=\"eael-entry-wrapper\"><header class=\"eael-entry-header\"><h6 class=\"eael-entry-title\"><a\n                        class=\"eael-grid-post-link\"\n                        href=\"https:\/\/portaleducacao.guarulhos.sp.gov.br\/wp_site\/portalbienal\/2022\/08\/16\/bienal-do-livro-de-guarulhos-recebeu-150-mil-pessoas-em-dez-dias\/\"\n                        title=\"Bienal do Livro de Guarulhos recebeu 150 mil pessoas em dez dias\">Bienal do Livro de Guarulhos recebeu 150 mil pessoas em dez dias<\/a><\/h6><\/header><div class=\"eael-entry-meta\"><\/div><\/div><\/div>\n        <\/div>\n    <\/article><article class=\"eael-grid-post eael-post-grid-column\" data-id=\"1636\">\n        <div class=\"eael-grid-post-holder\">\n            <div class=\"eael-grid-post-holder-inner\"><div class=\"eael-entry-media\"><div class=\"eael-entry-overlay fade-in\"><i class=\"fas fa-magic\" aria-hidden=\"true\"><\/i><a href=\"https:\/\/portaleducacao.guarulhos.sp.gov.br\/wp_site\/portalbienal\/2022\/07\/21\/2a-bienal-do-livro-de-guarulhos-tera-mais-de-50-estandes-de-editoras-distribuidoras-de-livros-e-livrarias\/\"><\/a><\/div><div class=\"eael-entry-thumbnail eael-image-ratio\">\n                <img width=\"1280\" height=\"850\" src=\"https:\/\/portaleducacao.guarulhos.sp.gov.br\/wp_site\/portalbienal\/wp-content\/uploads\/sites\/22\/2022\/07\/Estandes-Bienal-1.jpeg\" class=\"attachment-1536x1536 size-1536x1536 wp-image-1637\" alt=\"\" loading=\"lazy\" srcset=\"https:\/\/portaleducacao.guarulhos.sp.gov.br\/wp_site\/portalbienal\/wp-content\/uploads\/sites\/22\/2022\/07\/Estandes-Bienal-1.jpeg 1280w, https:\/\/portaleducacao.guarulhos.sp.gov.br\/wp_site\/portalbienal\/wp-content\/uploads\/sites\/22\/2022\/07\/Estandes-Bienal-1-300x199.jpeg 300w, https:\/\/portaleducacao.guarulhos.sp.gov.br\/wp_site\/portalbienal\/wp-content\/uploads\/sites\/22\/2022\/07\/Estandes-Bienal-1-1024x680.jpeg 1024w, https:\/\/portaleducacao.guarulhos.sp.gov.br\/wp_site\/portalbienal\/wp-content\/uploads\/sites\/22\/2022\/07\/Estandes-Bienal-1-768x510.jpeg 768w\" sizes=\"(max-width: 1280px) 100vw, 1280px\" \/>\n            <\/div>\n        <\/div><div class=\"eael-entry-wrapper\"><header class=\"eael-entry-header\"><h6 class=\"eael-entry-title\"><a\n                        class=\"eael-grid-post-link\"\n                        href=\"https:\/\/portaleducacao.guarulhos.sp.gov.br\/wp_site\/portalbienal\/2022\/07\/21\/2a-bienal-do-livro-de-guarulhos-tera-mais-de-50-estandes-de-editoras-distribuidoras-de-livros-e-livrarias\/\"\n                        title=\"2\u00aa Bienal do Livro de Guarulhos ter\u00e1 mais de 50 estandes de editoras, distribuidoras de livros e livrarias\">2\u00aa Bienal do Livro de Guarulhos ter\u00e1 mais de 50 estandes de editoras, distribuidoras de livros e livrarias<\/a><\/h6><\/header><div class=\"eael-entry-meta\"><\/div><\/div><\/div>\n        <\/div>\n    <\/article><article class=\"eael-grid-post eael-post-grid-column\" data-id=\"2047\">\n        <div class=\"eael-grid-post-holder\">\n            <div class=\"eael-grid-post-holder-inner\"><div class=\"eael-entry-media\"><div class=\"eael-entry-overlay fade-in\"><i class=\"fas fa-magic\" aria-hidden=\"true\"><\/i><a href=\"https:\/\/portaleducacao.guarulhos.sp.gov.br\/wp_site\/portalbienal\/2022\/07\/28\/ceus-oferecem-transporte-gratuito-para-a-bienal-do-livro-de-guarulhos\/\"><\/a><\/div><div class=\"eael-entry-thumbnail eael-image-ratio\">\n                <img width=\"1536\" height=\"864\" src=\"https:\/\/portaleducacao.guarulhos.sp.gov.br\/wp_site\/portalbienal\/wp-content\/uploads\/sites\/22\/2022\/07\/Dutra-Foto-Diego-Secco-1536x864.jpg\" class=\"attachment-1536x1536 size-1536x1536 wp-image-2048\" alt=\"\" loading=\"lazy\" srcset=\"https:\/\/portaleducacao.guarulhos.sp.gov.br\/wp_site\/portalbienal\/wp-content\/uploads\/sites\/22\/2022\/07\/Dutra-Foto-Diego-Secco-1536x864.jpg 1536w, https:\/\/portaleducacao.guarulhos.sp.gov.br\/wp_site\/portalbienal\/wp-content\/uploads\/sites\/22\/2022\/07\/Dutra-Foto-Diego-Secco-300x169.jpg 300w, https:\/\/portaleducacao.guarulhos.sp.gov.br\/wp_site\/portalbienal\/wp-content\/uploads\/sites\/22\/2022\/07\/Dutra-Foto-Diego-Secco-1024x576.jpg 1024w, https:\/\/portaleducacao.guarulhos.sp.gov.br\/wp_site\/portalbienal\/wp-content\/uploads\/sites\/22\/2022\/07\/Dutra-Foto-Diego-Secco-768x432.jpg 768w, https:\/\/portaleducacao.guarulhos.sp.gov.br\/wp_site\/portalbienal\/wp-content\/uploads\/sites\/22\/2022\/07\/Dutra-Foto-Diego-Secco-2048x1152.jpg 2048w\" sizes=\"(max-width: 1536px) 100vw, 1536px\" \/>\n            <\/div>\n        <\/div><div class=\"eael-entry-wrapper\"><header class=\"eael-entry-header\"><h6 class=\"eael-entry-title\"><a\n                        class=\"eael-grid-post-link\"\n                        href=\"https:\/\/portaleducacao.guarulhos.sp.gov.br\/wp_site\/portalbienal\/2022\/07\/28\/ceus-oferecem-transporte-gratuito-para-a-bienal-do-livro-de-guarulhos\/\"\n                        title=\"CEUs oferecem transporte gratuito para a Bienal do Livro de Guarulhos\">CEUs oferecem transporte gratuito para a Bienal do Livro de Guarulhos<\/a><\/h6><\/header><div class=\"eael-entry-meta\"><\/div><\/div><\/div>\n        <\/div>\n    <\/article><article class=\"eael-grid-post eael-post-grid-column\" data-id=\"3074\">\n        <div class=\"eael-grid-post-holder\">\n            <div class=\"eael-grid-post-holder-inner\"><div class=\"eael-entry-media\"><div class=\"eael-entry-overlay fade-in\"><i class=\"fas fa-magic\" aria-hidden=\"true\"><\/i><a href=\"https:\/\/portaleducacao.guarulhos.sp.gov.br\/wp_site\/portalbienal\/2022\/08\/30\/bienal-do-livro-destina-mais-de-3-toneladas-de-residuos-a-cooperativas-do-municipio\/\"><\/a><\/div><div class=\"eael-entry-thumbnail eael-image-ratio\">\n                <img width=\"780\" height=\"520\" src=\"https:\/\/portaleducacao.guarulhos.sp.gov.br\/wp_site\/portalbienal\/wp-content\/uploads\/sites\/22\/2022\/08\/Bienal.jpg\" class=\"attachment-1536x1536 size-1536x1536 wp-image-3075\" alt=\"\" loading=\"lazy\" srcset=\"https:\/\/portaleducacao.guarulhos.sp.gov.br\/wp_site\/portalbienal\/wp-content\/uploads\/sites\/22\/2022\/08\/Bienal.jpg 780w, https:\/\/portaleducacao.guarulhos.sp.gov.br\/wp_site\/portalbienal\/wp-content\/uploads\/sites\/22\/2022\/08\/Bienal-300x200.jpg 300w, https:\/\/portaleducacao.guarulhos.sp.gov.br\/wp_site\/portalbienal\/wp-content\/uploads\/sites\/22\/2022\/08\/Bienal-768x512.jpg 768w\" sizes=\"(max-width: 780px) 100vw, 780px\" \/>\n            <\/div>\n        <\/div><div class=\"eael-entry-wrapper\"><header class=\"eael-entry-header\"><h6 class=\"eael-entry-title\"><a\n                        class=\"eael-grid-post-link\"\n                        href=\"https:\/\/portaleducacao.guarulhos.sp.gov.br\/wp_site\/portalbienal\/2022\/08\/30\/bienal-do-livro-destina-mais-de-3-toneladas-de-residuos-a-cooperativas-do-municipio\/\"\n                        title=\"Bienal do Livro destina mais de 3 toneladas de res\u00edduos a cooperativas do munic\u00edpio\">Bienal do Livro destina mais de 3 toneladas de res\u00edduos a cooperativas do munic\u00edpio<\/a><\/h6><\/header><div class=\"eael-entry-meta\"><\/div><\/div><\/div>\n        <\/div>\n    <\/article><article class=\"eael-grid-post eael-post-grid-column\" data-id=\"1915\">\n        <div class=\"eael-grid-post-holder\">\n            <div class=\"eael-grid-post-holder-inner\"><div class=\"eael-entry-media\"><div class=\"eael-entry-overlay fade-in\"><i class=\"fas fa-magic\" aria-hidden=\"true\"><\/i><a href=\"https:\/\/portaleducacao.guarulhos.sp.gov.br\/wp_site\/portalbienal\/2022\/07\/27\/bienal-do-livro-de-guarulhos-tem-recorde-de-inscricoes-de-autores-independentes-da-cidade\/\"><\/a><\/div><div class=\"eael-entry-thumbnail eael-image-ratio\">\n                <img width=\"780\" height=\"520\" src=\"https:\/\/portaleducacao.guarulhos.sp.gov.br\/wp_site\/portalbienal\/wp-content\/uploads\/sites\/22\/2022\/07\/Autores-independentes-Foto-Eduardo-Calabria.jpg\" class=\"attachment-1536x1536 size-1536x1536 wp-image-1916\" alt=\"\" loading=\"lazy\" srcset=\"https:\/\/portaleducacao.guarulhos.sp.gov.br\/wp_site\/portalbienal\/wp-content\/uploads\/sites\/22\/2022\/07\/Autores-independentes-Foto-Eduardo-Calabria.jpg 780w, https:\/\/portaleducacao.guarulhos.sp.gov.br\/wp_site\/portalbienal\/wp-content\/uploads\/sites\/22\/2022\/07\/Autores-independentes-Foto-Eduardo-Calabria-300x200.jpg 300w, https:\/\/portaleducacao.guarulhos.sp.gov.br\/wp_site\/portalbienal\/wp-content\/uploads\/sites\/22\/2022\/07\/Autores-independentes-Foto-Eduardo-Calabria-768x512.jpg 768w\" sizes=\"(max-width: 780px) 100vw, 780px\" \/>\n            <\/div>\n        <\/div><div class=\"eael-entry-wrapper\"><header class=\"eael-entry-header\"><h6 class=\"eael-entry-title\"><a\n                        class=\"eael-grid-post-link\"\n                        href=\"https:\/\/portaleducacao.guarulhos.sp.gov.br\/wp_site\/portalbienal\/2022\/07\/27\/bienal-do-livro-de-guarulhos-tem-recorde-de-inscricoes-de-autores-independentes-da-cidade\/\"\n                        title=\"Bienal do Livro de Guarulhos tem recorde de inscri\u00e7\u00f5es de autores independentes da cidade\">Bienal do Livro de Guarulhos tem recorde de inscri\u00e7\u00f5es de autores independentes da cidade<\/a><\/h6><\/header><div class=\"eael-entry-meta\"><\/div><\/div><\/div>\n        <\/div>\n    <\/article><article class=\"eael-grid-post eael-post-grid-column\" data-id=\"1387\">\n        <div class=\"eael-grid-post-holder\">\n            <div class=\"eael-grid-post-holder-inner\"><div class=\"eael-entry-media\"><div class=\"eael-entry-overlay fade-in\"><i class=\"fas fa-magic\" aria-hidden=\"true\"><\/i><a href=\"https:\/\/portaleducacao.guarulhos.sp.gov.br\/wp_site\/portalbienal\/2022\/05\/16\/prefeitura-abre-chamamento-de-editoras-para-a-bienal-do-livro-de-guarulhos\/\"><\/a><\/div><div class=\"eael-entry-thumbnail eael-image-ratio\">\n                <img width=\"1123\" height=\"749\" src=\"https:\/\/portaleducacao.guarulhos.sp.gov.br\/wp_site\/portalbienal\/wp-content\/uploads\/sites\/22\/2022\/05\/chamamento.jpg\" class=\"attachment-1536x1536 size-1536x1536 wp-image-1424\" alt=\"\" loading=\"lazy\" srcset=\"https:\/\/portaleducacao.guarulhos.sp.gov.br\/wp_site\/portalbienal\/wp-content\/uploads\/sites\/22\/2022\/05\/chamamento.jpg 1123w, https:\/\/portaleducacao.guarulhos.sp.gov.br\/wp_site\/portalbienal\/wp-content\/uploads\/sites\/22\/2022\/05\/chamamento-300x200.jpg 300w, https:\/\/portaleducacao.guarulhos.sp.gov.br\/wp_site\/portalbienal\/wp-content\/uploads\/sites\/22\/2022\/05\/chamamento-1024x683.jpg 1024w, https:\/\/portaleducacao.guarulhos.sp.gov.br\/wp_site\/portalbienal\/wp-content\/uploads\/sites\/22\/2022\/05\/chamamento-768x512.jpg 768w\" sizes=\"(max-width: 1123px) 100vw, 1123px\" \/>\n            <\/div>\n        <\/div><div class=\"eael-entry-wrapper\"><header class=\"eael-entry-header\"><h6 class=\"eael-entry-title\"><a\n                        class=\"eael-grid-post-link\"\n                        href=\"https:\/\/portaleducacao.guarulhos.sp.gov.br\/wp_site\/portalbienal\/2022\/05\/16\/prefeitura-abre-chamamento-de-editoras-para-a-bienal-do-livro-de-guarulhos\/\"\n                        title=\"Prefeitura abre chamamento de editoras para a Bienal do Livro de Guarulhos\">Prefeitura abre chamamento de editoras para a Bienal do Livro de Guarulhos<\/a><\/h6><\/header><div class=\"eael-entry-meta\"><\/div><\/div><\/div>\n        <\/div>\n    <\/article><article class=\"eael-grid-post eael-post-grid-column\" data-id=\"2146\">\n        <div class=\"eael-grid-post-holder\">\n            <div class=\"eael-grid-post-holder-inner\"><div class=\"eael-entry-media\"><div class=\"eael-entry-overlay fade-in\"><i class=\"fas fa-magic\" aria-hidden=\"true\"><\/i><a href=\"https:\/\/portaleducacao.guarulhos.sp.gov.br\/wp_site\/portalbienal\/2022\/07\/29\/2a-bienal-do-livro-de-guarulhos-abre-inscricoes-gratuitas-para-palestras-com-autores-nesta-sexta-feira\/\"><\/a><\/div><div class=\"eael-entry-thumbnail eael-image-ratio\">\n                <img width=\"1536\" height=\"1022\" src=\"https:\/\/portaleducacao.guarulhos.sp.gov.br\/wp_site\/portalbienal\/wp-content\/uploads\/sites\/22\/2022\/07\/bienal-publico-1536x1022.jpg\" class=\"attachment-1536x1536 size-1536x1536 wp-image-2147\" alt=\"\" loading=\"lazy\" srcset=\"https:\/\/portaleducacao.guarulhos.sp.gov.br\/wp_site\/portalbienal\/wp-content\/uploads\/sites\/22\/2022\/07\/bienal-publico-1536x1022.jpg 1536w, https:\/\/portaleducacao.guarulhos.sp.gov.br\/wp_site\/portalbienal\/wp-content\/uploads\/sites\/22\/2022\/07\/bienal-publico-300x200.jpg 300w, https:\/\/portaleducacao.guarulhos.sp.gov.br\/wp_site\/portalbienal\/wp-content\/uploads\/sites\/22\/2022\/07\/bienal-publico-1024x682.jpg 1024w, https:\/\/portaleducacao.guarulhos.sp.gov.br\/wp_site\/portalbienal\/wp-content\/uploads\/sites\/22\/2022\/07\/bienal-publico-768x511.jpg 768w, https:\/\/portaleducacao.guarulhos.sp.gov.br\/wp_site\/portalbienal\/wp-content\/uploads\/sites\/22\/2022\/07\/bienal-publico-2048x1363.jpg 2048w\" sizes=\"(max-width: 1536px) 100vw, 1536px\" \/>\n            <\/div>\n        <\/div><div class=\"eael-entry-wrapper\"><header class=\"eael-entry-header\"><h6 class=\"eael-entry-title\"><a\n                        class=\"eael-grid-post-link\"\n                        href=\"https:\/\/portaleducacao.guarulhos.sp.gov.br\/wp_site\/portalbienal\/2022\/07\/29\/2a-bienal-do-livro-de-guarulhos-abre-inscricoes-gratuitas-para-palestras-com-autores-nesta-sexta-feira\/\"\n                        title=\"2\u00aa Bienal do Livro de Guarulhos abre inscri\u00e7\u00f5es gratuitas para palestras com autores nesta sexta-feira\">2\u00aa Bienal do Livro de Guarulhos abre inscri\u00e7\u00f5es gratuitas para palestras com autores nesta sexta-feira<\/a><\/h6><\/header><div class=\"eael-entry-meta\"><\/div><\/div><\/div>\n        <\/div>\n    <\/article><article class=\"eael-grid-post eael-post-grid-column\" data-id=\"962\">\n        <div class=\"eael-grid-post-holder\">\n            <div class=\"eael-grid-post-holder-inner\"><div class=\"eael-entry-media\"><div class=\"eael-entry-overlay fade-in\"><i class=\"fas fa-magic\" aria-hidden=\"true\"><\/i><a href=\"https:\/\/portaleducacao.guarulhos.sp.gov.br\/wp_site\/portalbienal\/2022\/07\/13\/thalita-reboucas-manual-do-mundo-e-barbatuques-sao-atracoes-ja-confirmadas-na-2a-bienal-do-livro-de-guarulhos\/\"><\/a><\/div><div class=\"eael-entry-thumbnail eael-image-ratio\">\n                <img width=\"750\" height=\"520\" src=\"https:\/\/portaleducacao.guarulhos.sp.gov.br\/wp_site\/portalbienal\/wp-content\/uploads\/sites\/22\/2022\/07\/Thalita-Reboucas-1.jpeg\" class=\"attachment-1536x1536 size-1536x1536 wp-image-963\" alt=\"\" loading=\"lazy\" srcset=\"https:\/\/portaleducacao.guarulhos.sp.gov.br\/wp_site\/portalbienal\/wp-content\/uploads\/sites\/22\/2022\/07\/Thalita-Reboucas-1.jpeg 750w, https:\/\/portaleducacao.guarulhos.sp.gov.br\/wp_site\/portalbienal\/wp-content\/uploads\/sites\/22\/2022\/07\/Thalita-Reboucas-1-300x208.jpeg 300w\" sizes=\"(max-width: 750px) 100vw, 750px\" \/>\n            <\/div>\n        <\/div><div class=\"eael-entry-wrapper\"><header class=\"eael-entry-header\"><h6 class=\"eael-entry-title\"><a\n                        class=\"eael-grid-post-link\"\n                        href=\"https:\/\/portaleducacao.guarulhos.sp.gov.br\/wp_site\/portalbienal\/2022\/07\/13\/thalita-reboucas-manual-do-mundo-e-barbatuques-sao-atracoes-ja-confirmadas-na-2a-bienal-do-livro-de-guarulhos\/\"\n                        title=\"Thalita Rebou\u00e7as, Manual do Mundo e Barbatuques s\u00e3o atra\u00e7\u00f5es j\u00e1 confirmadas na 2\u00aa Bienal do Livro de Guarulhos\">Thalita Rebou\u00e7as, Manual do Mundo e Barbatuques s\u00e3o atra\u00e7\u00f5es j\u00e1 confirmadas na 2\u00aa Bienal do Livro de Guarulhos<\/a><\/h6><\/header><div class=\"eael-entry-meta\"><\/div><\/div><\/div>\n        <\/div>\n    <\/article><article class=\"eael-grid-post eael-post-grid-column\" data-id=\"2883\">\n        <div class=\"eael-grid-post-holder\">\n            <div class=\"eael-grid-post-holder-inner\"><div class=\"eael-entry-media\"><div class=\"eael-entry-overlay fade-in\"><i class=\"fas fa-magic\" aria-hidden=\"true\"><\/i><a href=\"https:\/\/portaleducacao.guarulhos.sp.gov.br\/wp_site\/portalbienal\/2022\/08\/09\/bienal-disponibiliza-lista-de-espera-para-bate-papo-com-autores\/\"><\/a><\/div><div class=\"eael-entry-thumbnail eael-image-ratio\">\n                <img width=\"1536\" height=\"1024\" src=\"https:\/\/portaleducacao.guarulhos.sp.gov.br\/wp_site\/portalbienal\/wp-content\/uploads\/sites\/22\/2022\/08\/WhatsApp-Image-2022-08-09-at-14.53.34-1536x1024.jpeg\" class=\"attachment-1536x1536 size-1536x1536 wp-image-2885\" alt=\"\" loading=\"lazy\" srcset=\"https:\/\/portaleducacao.guarulhos.sp.gov.br\/wp_site\/portalbienal\/wp-content\/uploads\/sites\/22\/2022\/08\/WhatsApp-Image-2022-08-09-at-14.53.34-1536x1024.jpeg 1536w, https:\/\/portaleducacao.guarulhos.sp.gov.br\/wp_site\/portalbienal\/wp-content\/uploads\/sites\/22\/2022\/08\/WhatsApp-Image-2022-08-09-at-14.53.34-300x200.jpeg 300w, https:\/\/portaleducacao.guarulhos.sp.gov.br\/wp_site\/portalbienal\/wp-content\/uploads\/sites\/22\/2022\/08\/WhatsApp-Image-2022-08-09-at-14.53.34-1024x683.jpeg 1024w, https:\/\/portaleducacao.guarulhos.sp.gov.br\/wp_site\/portalbienal\/wp-content\/uploads\/sites\/22\/2022\/08\/WhatsApp-Image-2022-08-09-at-14.53.34-768x512.jpeg 768w, https:\/\/portaleducacao.guarulhos.sp.gov.br\/wp_site\/portalbienal\/wp-content\/uploads\/sites\/22\/2022\/08\/WhatsApp-Image-2022-08-09-at-14.53.34.jpeg 1563w\" sizes=\"(max-width: 1536px) 100vw, 1536px\" \/>\n            <\/div>\n        <\/div><div class=\"eael-entry-wrapper\"><header class=\"eael-entry-header\"><h6 class=\"eael-entry-title\"><a\n                        class=\"eael-grid-post-link\"\n                        href=\"https:\/\/portaleducacao.guarulhos.sp.gov.br\/wp_site\/portalbienal\/2022\/08\/09\/bienal-disponibiliza-lista-de-espera-para-bate-papo-com-autores\/\"\n                        title=\"Bienal disponibiliza lista de espera para bate-papo com autores\">Bienal disponibiliza lista de espera para bate-papo com autores<\/a><\/h6><\/header><div class=\"eael-entry-meta\"><\/div><\/div><\/div>\n        <\/div>\n    <\/article><article class=\"eael-grid-post eael-post-grid-column\" data-id=\"3035\">\n        <div class=\"eael-grid-post-holder\">\n            <div class=\"eael-grid-post-holder-inner\"><div class=\"eael-entry-media\"><div class=\"eael-entry-overlay fade-in\"><i class=\"fas fa-magic\" aria-hidden=\"true\"><\/i><a href=\"https:\/\/portaleducacao.guarulhos.sp.gov.br\/wp_site\/portalbienal\/2022\/08\/13\/bienal-do-livro-de-guarulhos-a-criminologa-ilana-casoy-e-o-dublador-wendel-bezerra-lotam-auditorio-no-penultimo-dia-do-evento\/\"><\/a><\/div><div class=\"eael-entry-thumbnail eael-image-ratio\">\n                <img width=\"1080\" height=\"720\" src=\"https:\/\/portaleducacao.guarulhos.sp.gov.br\/wp_site\/portalbienal\/wp-content\/uploads\/sites\/22\/2022\/08\/WhatsApp-Image-2022-08-13-at-20.45.50.jpeg\" class=\"attachment-1536x1536 size-1536x1536 wp-image-3036\" alt=\"\" loading=\"lazy\" srcset=\"https:\/\/portaleducacao.guarulhos.sp.gov.br\/wp_site\/portalbienal\/wp-content\/uploads\/sites\/22\/2022\/08\/WhatsApp-Image-2022-08-13-at-20.45.50.jpeg 1080w, https:\/\/portaleducacao.guarulhos.sp.gov.br\/wp_site\/portalbienal\/wp-content\/uploads\/sites\/22\/2022\/08\/WhatsApp-Image-2022-08-13-at-20.45.50-300x200.jpeg 300w, https:\/\/portaleducacao.guarulhos.sp.gov.br\/wp_site\/portalbienal\/wp-content\/uploads\/sites\/22\/2022\/08\/WhatsApp-Image-2022-08-13-at-20.45.50-1024x683.jpeg 1024w, https:\/\/portaleducacao.guarulhos.sp.gov.br\/wp_site\/portalbienal\/wp-content\/uploads\/sites\/22\/2022\/08\/WhatsApp-Image-2022-08-13-at-20.45.50-768x512.jpeg 768w\" sizes=\"(max-width: 1080px) 100vw, 1080px\" \/>\n            <\/div>\n        <\/div><div class=\"eael-entry-wrapper\"><header class=\"eael-entry-header\"><h6 class=\"eael-entry-title\"><a\n                        class=\"eael-grid-post-link\"\n                        href=\"https:\/\/portaleducacao.guarulhos.sp.gov.br\/wp_site\/portalbienal\/2022\/08\/13\/bienal-do-livro-de-guarulhos-a-criminologa-ilana-casoy-e-o-dublador-wendel-bezerra-lotam-auditorio-no-penultimo-dia-do-evento\/\"\n                        title=\"Bienal do Livro de Guarulhos: a crimin\u00f3loga Ilana Casoy e o dublador Wendel Bezerra lotam audit\u00f3rio no pen\u00faltimo dia do evento\">Bienal do Livro de Guarulhos: a crimin\u00f3loga Ilana Casoy e o dublador Wendel Bezerra lotam audit\u00f3rio no pen\u00faltimo dia do evento<\/a><\/h6><\/header><div class=\"eael-entry-meta\"><\/div><\/div><\/div>\n        <\/div>\n    <\/article><article class=\"eael-grid-post eael-post-grid-column\" data-id=\"1882\">\n        <div class=\"eael-grid-post-holder\">\n            <div class=\"eael-grid-post-holder-inner\"><div class=\"eael-entry-media\"><div class=\"eael-entry-overlay fade-in\"><i class=\"fas fa-magic\" aria-hidden=\"true\"><\/i><a href=\"https:\/\/portaleducacao.guarulhos.sp.gov.br\/wp_site\/portalbienal\/2022\/07\/26\/bienal-do-livro-de-guarulhos-traz-ilana-casoy-oscar-schmidt-wendel-bezerra-e-authentic-games\/\"><\/a><\/div><div class=\"eael-entry-thumbnail eael-image-ratio\">\n                <img width=\"750\" height=\"520\" src=\"https:\/\/portaleducacao.guarulhos.sp.gov.br\/wp_site\/portalbienal\/wp-content\/uploads\/sites\/22\/2022\/07\/Bienal.divulgacao.jpeg\" class=\"attachment-1536x1536 size-1536x1536 wp-image-1884\" alt=\"\" loading=\"lazy\" srcset=\"https:\/\/portaleducacao.guarulhos.sp.gov.br\/wp_site\/portalbienal\/wp-content\/uploads\/sites\/22\/2022\/07\/Bienal.divulgacao.jpeg 750w, https:\/\/portaleducacao.guarulhos.sp.gov.br\/wp_site\/portalbienal\/wp-content\/uploads\/sites\/22\/2022\/07\/Bienal.divulgacao-300x208.jpeg 300w\" sizes=\"(max-width: 750px) 100vw, 750px\" \/>\n            <\/div>\n        <\/div><div class=\"eael-entry-wrapper\"><header class=\"eael-entry-header\"><h6 class=\"eael-entry-title\"><a\n                        class=\"eael-grid-post-link\"\n                        href=\"https:\/\/portaleducacao.guarulhos.sp.gov.br\/wp_site\/portalbienal\/2022\/07\/26\/bienal-do-livro-de-guarulhos-traz-ilana-casoy-oscar-schmidt-wendel-bezerra-e-authentic-games\/\"\n                        title=\"Bienal do Livro de Guarulhos traz Ilana Casoy, Oscar Schmidt, Wendel Bezerra e Authentic Games\">Bienal do Livro de Guarulhos traz Ilana Casoy, Oscar Schmidt, Wendel Bezerra e Authentic Games<\/a><\/h6><\/header><div class=\"eael-entry-meta\"><\/div><\/div><\/div>\n        <\/div>\n    <\/article><article class=\"eael-grid-post eael-post-grid-column\" data-id=\"1886\">\n        <div class=\"eael-grid-post-holder\">\n            <div class=\"eael-grid-post-holder-inner\"><div class=\"eael-entry-media\"><div class=\"eael-entry-overlay fade-in\"><i class=\"fas fa-magic\" aria-hidden=\"true\"><\/i><a href=\"https:\/\/portaleducacao.guarulhos.sp.gov.br\/wp_site\/portalbienal\/2022\/07\/26\/veiculos-de-imprensa-ja-podem-se-cadastrar-para-a-cobertura-da-2a-bienal-do-livro-de-guarulhos\/\"><\/a><\/div><div class=\"eael-entry-thumbnail eael-image-ratio\">\n                <img width=\"750\" height=\"500\" src=\"https:\/\/portaleducacao.guarulhos.sp.gov.br\/wp_site\/portalbienal\/wp-content\/uploads\/sites\/22\/2022\/07\/credenciamento.jpeg\" class=\"attachment-1536x1536 size-1536x1536 wp-image-1887\" alt=\"\" loading=\"lazy\" srcset=\"https:\/\/portaleducacao.guarulhos.sp.gov.br\/wp_site\/portalbienal\/wp-content\/uploads\/sites\/22\/2022\/07\/credenciamento.jpeg 750w, https:\/\/portaleducacao.guarulhos.sp.gov.br\/wp_site\/portalbienal\/wp-content\/uploads\/sites\/22\/2022\/07\/credenciamento-300x200.jpeg 300w\" sizes=\"(max-width: 750px) 100vw, 750px\" \/>\n            <\/div>\n        <\/div><div class=\"eael-entry-wrapper\"><header class=\"eael-entry-header\"><h6 class=\"eael-entry-title\"><a\n                        class=\"eael-grid-post-link\"\n                        href=\"https:\/\/portaleducacao.guarulhos.sp.gov.br\/wp_site\/portalbienal\/2022\/07\/26\/veiculos-de-imprensa-ja-podem-se-cadastrar-para-a-cobertura-da-2a-bienal-do-livro-de-guarulhos\/\"\n                        title=\"Ve\u00edculos de imprensa j\u00e1 podem se cadastrar para a cobertura da 2\u00aa Bienal do Livro de Guarulhos\">Ve\u00edculos de imprensa j\u00e1 podem se cadastrar para a cobertura da 2\u00aa Bienal do Livro de Guarulhos<\/a><\/h6><\/header><div class=\"eael-entry-meta\"><\/div><\/div><\/div>\n        <\/div>\n    <\/article><article class=\"eael-grid-post eael-post-grid-column\" data-id=\"2064\">\n        <div class=\"eael-grid-post-holder\">\n            <div class=\"eael-grid-post-holder-inner\"><div class=\"eael-entry-media\"><div class=\"eael-entry-overlay fade-in\"><i class=\"fas fa-magic\" aria-hidden=\"true\"><\/i><a href=\"https:\/\/portaleducacao.guarulhos.sp.gov.br\/wp_site\/portalbienal\/2022\/07\/28\/programacao\/\"><\/a><\/div><div class=\"eael-entry-thumbnail eael-image-ratio\">\n                <img width=\"1280\" height=\"853\" src=\"https:\/\/portaleducacao.guarulhos.sp.gov.br\/wp_site\/portalbienal\/wp-content\/uploads\/sites\/22\/2022\/07\/WhatsApp-Image-2022-07-28-at-21.26.49.jpeg\" class=\"attachment-1536x1536 size-1536x1536 wp-image-2099\" alt=\"\" loading=\"lazy\" srcset=\"https:\/\/portaleducacao.guarulhos.sp.gov.br\/wp_site\/portalbienal\/wp-content\/uploads\/sites\/22\/2022\/07\/WhatsApp-Image-2022-07-28-at-21.26.49.jpeg 1280w, https:\/\/portaleducacao.guarulhos.sp.gov.br\/wp_site\/portalbienal\/wp-content\/uploads\/sites\/22\/2022\/07\/WhatsApp-Image-2022-07-28-at-21.26.49-300x200.jpeg 300w, https:\/\/portaleducacao.guarulhos.sp.gov.br\/wp_site\/portalbienal\/wp-content\/uploads\/sites\/22\/2022\/07\/WhatsApp-Image-2022-07-28-at-21.26.49-1024x682.jpeg 1024w, https:\/\/portaleducacao.guarulhos.sp.gov.br\/wp_site\/portalbienal\/wp-content\/uploads\/sites\/22\/2022\/07\/WhatsApp-Image-2022-07-28-at-21.26.49-768x512.jpeg 768w\" sizes=\"(max-width: 1280px) 100vw, 1280px\" \/>\n            <\/div>\n        <\/div><div class=\"eael-entry-wrapper\"><header class=\"eael-entry-header\"><h6 class=\"eael-entry-title\"><a\n                        class=\"eael-grid-post-link\"\n                        href=\"https:\/\/portaleducacao.guarulhos.sp.gov.br\/wp_site\/portalbienal\/2022\/07\/28\/programacao\/\"\n                        title=\"Programa\u00e7\u00e3o Geral da Bienal do Livro de Guarulhos 2022\">Programa\u00e7\u00e3o Geral da Bienal do Livro de Guarulhos 2022<\/a><\/h6><\/header><div class=\"eael-entry-meta\"><\/div><\/div><\/div>\n        <\/div>\n    <\/article><article class=\"eael-grid-post eael-post-grid-column\" data-id=\"2979\">\n        <div class=\"eael-grid-post-holder\">\n            <div class=\"eael-grid-post-holder-inner\"><div class=\"eael-entry-media\"><div class=\"eael-entry-overlay fade-in\"><i class=\"fas fa-magic\" aria-hidden=\"true\"><\/i><a href=\"https:\/\/portaleducacao.guarulhos.sp.gov.br\/wp_site\/portalbienal\/2022\/08\/11\/bienal-do-livro-de-guarulhos-promove-bate-papo-sobre-infancia-com-paulo-fochi\/\"><\/a><\/div><div class=\"eael-entry-thumbnail eael-image-ratio\">\n                <img width=\"1280\" height=\"853\" src=\"https:\/\/portaleducacao.guarulhos.sp.gov.br\/wp_site\/portalbienal\/wp-content\/uploads\/sites\/22\/2022\/08\/Paulo-Fochi-1.jpeg\" class=\"attachment-1536x1536 size-1536x1536 wp-image-2980\" alt=\"\" loading=\"lazy\" srcset=\"https:\/\/portaleducacao.guarulhos.sp.gov.br\/wp_site\/portalbienal\/wp-content\/uploads\/sites\/22\/2022\/08\/Paulo-Fochi-1.jpeg 1280w, https:\/\/portaleducacao.guarulhos.sp.gov.br\/wp_site\/portalbienal\/wp-content\/uploads\/sites\/22\/2022\/08\/Paulo-Fochi-1-300x200.jpeg 300w, https:\/\/portaleducacao.guarulhos.sp.gov.br\/wp_site\/portalbienal\/wp-content\/uploads\/sites\/22\/2022\/08\/Paulo-Fochi-1-1024x682.jpeg 1024w, https:\/\/portaleducacao.guarulhos.sp.gov.br\/wp_site\/portalbienal\/wp-content\/uploads\/sites\/22\/2022\/08\/Paulo-Fochi-1-768x512.jpeg 768w\" sizes=\"(max-width: 1280px) 100vw, 1280px\" \/>\n            <\/div>\n        <\/div><div class=\"eael-entry-wrapper\"><header class=\"eael-entry-header\"><h6 class=\"eael-entry-title\"><a\n                        class=\"eael-grid-post-link\"\n                        href=\"https:\/\/portaleducacao.guarulhos.sp.gov.br\/wp_site\/portalbienal\/2022\/08\/11\/bienal-do-livro-de-guarulhos-promove-bate-papo-sobre-infancia-com-paulo-fochi\/\"\n                        title=\"Bienal do Livro de Guarulhos promove bate-papo sobre inf\u00e2ncia com Paulo Fochi\">Bienal do Livro de Guarulhos promove bate-papo sobre inf\u00e2ncia com Paulo Fochi<\/a><\/h6><\/header><div class=\"eael-entry-meta\"><\/div><\/div><\/div>\n        <\/div>\n    <\/article><article class=\"eael-grid-post eael-post-grid-column\" data-id=\"1390\">\n        <div class=\"eael-grid-post-holder\">\n            <div class=\"eael-grid-post-holder-inner\"><div class=\"eael-entry-media\"><div class=\"eael-entry-overlay fade-in\"><i class=\"fas fa-magic\" aria-hidden=\"true\"><\/i><a href=\"https:\/\/portaleducacao.guarulhos.sp.gov.br\/wp_site\/portalbienal\/2022\/04\/26\/bienal-do-livro-convida-leitores-a-participar-de-pesquisa-sobre-habitos-de-leitura\/\"><\/a><\/div><div class=\"eael-entry-thumbnail eael-image-ratio\">\n                <img width=\"750\" height=\"500\" src=\"https:\/\/portaleducacao.guarulhos.sp.gov.br\/wp_site\/portalbienal\/wp-content\/uploads\/sites\/22\/2022\/04\/leitura.jpeg\" class=\"attachment-1536x1536 size-1536x1536 wp-image-1426\" alt=\"\" loading=\"lazy\" srcset=\"https:\/\/portaleducacao.guarulhos.sp.gov.br\/wp_site\/portalbienal\/wp-content\/uploads\/sites\/22\/2022\/04\/leitura.jpeg 750w, https:\/\/portaleducacao.guarulhos.sp.gov.br\/wp_site\/portalbienal\/wp-content\/uploads\/sites\/22\/2022\/04\/leitura-300x200.jpeg 300w\" sizes=\"(max-width: 750px) 100vw, 750px\" \/>\n            <\/div>\n        <\/div><div class=\"eael-entry-wrapper\"><header class=\"eael-entry-header\"><h6 class=\"eael-entry-title\"><a\n                        class=\"eael-grid-post-link\"\n                        href=\"https:\/\/portaleducacao.guarulhos.sp.gov.br\/wp_site\/portalbienal\/2022\/04\/26\/bienal-do-livro-convida-leitores-a-participar-de-pesquisa-sobre-habitos-de-leitura\/\"\n                        title=\"Bienal do Livro convida leitores a participar de pesquisa sobre h\u00e1bitos de leitura\">Bienal do Livro convida leitores a participar de pesquisa sobre h\u00e1bitos de leitura<\/a><\/h6><\/header><div class=\"eael-entry-meta\"><\/div><\/div><\/div>\n        <\/div>\n    <\/article><article class=\"eael-grid-post eael-post-grid-column\" data-id=\"1384\">\n        <div class=\"eael-grid-post-holder\">\n            <div class=\"eael-grid-post-holder-inner\"><div class=\"eael-entry-media\"><div class=\"eael-entry-overlay fade-in\"><i class=\"fas fa-magic\" aria-hidden=\"true\"><\/i><a href=\"https:\/\/portaleducacao.guarulhos.sp.gov.br\/wp_site\/portalbienal\/2022\/07\/05\/bienal-de-guarulhos-abre-credenciamento-para-autores-guarulhenses\/\"><\/a><\/div><div class=\"eael-entry-thumbnail eael-image-ratio\">\n                <img width=\"739\" height=\"491\" src=\"https:\/\/portaleducacao.guarulhos.sp.gov.br\/wp_site\/portalbienal\/wp-content\/uploads\/sites\/22\/2022\/07\/credenciamento-1.jpg\" class=\"attachment-1536x1536 size-1536x1536 wp-image-1422\" alt=\"\" loading=\"lazy\" srcset=\"https:\/\/portaleducacao.guarulhos.sp.gov.br\/wp_site\/portalbienal\/wp-content\/uploads\/sites\/22\/2022\/07\/credenciamento-1.jpg 739w, https:\/\/portaleducacao.guarulhos.sp.gov.br\/wp_site\/portalbienal\/wp-content\/uploads\/sites\/22\/2022\/07\/credenciamento-1-300x199.jpg 300w\" sizes=\"(max-width: 739px) 100vw, 739px\" \/>\n            <\/div>\n        <\/div><div class=\"eael-entry-wrapper\"><header class=\"eael-entry-header\"><h6 class=\"eael-entry-title\"><a\n                        class=\"eael-grid-post-link\"\n                        href=\"https:\/\/portaleducacao.guarulhos.sp.gov.br\/wp_site\/portalbienal\/2022\/07\/05\/bienal-de-guarulhos-abre-credenciamento-para-autores-guarulhenses\/\"\n                        title=\"Bienal de Guarulhos abre credenciamento para autores guarulhenses\">Bienal de Guarulhos abre credenciamento para autores guarulhenses<\/a><\/h6><\/header><div class=\"eael-entry-meta\"><\/div><\/div><\/div>\n        <\/div>\n    <\/article><article class=\"eael-grid-post eael-post-grid-column\" data-id=\"2774\">\n        <div class=\"eael-grid-post-holder\">\n            <div class=\"eael-grid-post-holder-inner\"><div class=\"eael-entry-media\"><div class=\"eael-entry-overlay fade-in\"><i class=\"fas fa-magic\" aria-hidden=\"true\"><\/i><a href=\"https:\/\/portaleducacao.guarulhos.sp.gov.br\/wp_site\/portalbienal\/2022\/08\/08\/bienal-do-livro-de-guarulhos-movimenta-mais-de-45-mil-visitantes-no-primeiro-final-de-semana\/\"><\/a><\/div><div class=\"eael-entry-thumbnail eael-image-ratio\">\n                <img width=\"1536\" height=\"1024\" src=\"https:\/\/portaleducacao.guarulhos.sp.gov.br\/wp_site\/portalbienal\/wp-content\/uploads\/sites\/22\/2022\/08\/Final-de-semana-Camila-Rhodes-6-1536x1024.jpg\" class=\"attachment-1536x1536 size-1536x1536 wp-image-2776\" alt=\"\" loading=\"lazy\" srcset=\"https:\/\/portaleducacao.guarulhos.sp.gov.br\/wp_site\/portalbienal\/wp-content\/uploads\/sites\/22\/2022\/08\/Final-de-semana-Camila-Rhodes-6-1536x1024.jpg 1536w, https:\/\/portaleducacao.guarulhos.sp.gov.br\/wp_site\/portalbienal\/wp-content\/uploads\/sites\/22\/2022\/08\/Final-de-semana-Camila-Rhodes-6-300x200.jpg 300w, https:\/\/portaleducacao.guarulhos.sp.gov.br\/wp_site\/portalbienal\/wp-content\/uploads\/sites\/22\/2022\/08\/Final-de-semana-Camila-Rhodes-6-1024x683.jpg 1024w, https:\/\/portaleducacao.guarulhos.sp.gov.br\/wp_site\/portalbienal\/wp-content\/uploads\/sites\/22\/2022\/08\/Final-de-semana-Camila-Rhodes-6-768x512.jpg 768w, https:\/\/portaleducacao.guarulhos.sp.gov.br\/wp_site\/portalbienal\/wp-content\/uploads\/sites\/22\/2022\/08\/Final-de-semana-Camila-Rhodes-6-2048x1365.jpg 2048w\" sizes=\"(max-width: 1536px) 100vw, 1536px\" \/>\n            <\/div>\n        <\/div><div class=\"eael-entry-wrapper\"><header class=\"eael-entry-header\"><h6 class=\"eael-entry-title\"><a\n                        class=\"eael-grid-post-link\"\n                        href=\"https:\/\/portaleducacao.guarulhos.sp.gov.br\/wp_site\/portalbienal\/2022\/08\/08\/bienal-do-livro-de-guarulhos-movimenta-mais-de-45-mil-visitantes-no-primeiro-final-de-semana\/\"\n                        title=\"Bienal do livro de Guarulhos movimenta mais de 45 mil visitantes no primeiro final de semana\">Bienal do livro de Guarulhos movimenta mais de 45 mil visitantes no primeiro final de semana<\/a><\/h6><\/header><div class=\"eael-entry-meta\"><\/div><\/div><\/div>\n        <\/div>\n    <\/article><article class=\"eael-grid-post eael-post-grid-column\" data-id=\"2670\">\n        <div class=\"eael-grid-post-holder\">\n            <div class=\"eael-grid-post-holder-inner\"><div class=\"eael-entry-media\"><div class=\"eael-entry-overlay fade-in\"><i class=\"fas fa-magic\" aria-hidden=\"true\"><\/i><a href=\"https:\/\/portaleducacao.guarulhos.sp.gov.br\/wp_site\/portalbienal\/2022\/08\/05\/espetaculo-da-orquestra-jovem-e-homenagem-a-biblioteca-monteiro-lobato-marcam-abertura-da-2a-bienal-do-livro-de-guarulhos%ef%bf%bc\/\"><\/a><\/div><div class=\"eael-entry-thumbnail eael-image-ratio\">\n                <img width=\"1280\" height=\"850\" src=\"https:\/\/portaleducacao.guarulhos.sp.gov.br\/wp_site\/portalbienal\/wp-content\/uploads\/sites\/22\/2022\/08\/WhatsApp-Image-2022-08-05-at-21.57.54.jpeg\" class=\"attachment-1536x1536 size-1536x1536 wp-image-2674\" alt=\"\" loading=\"lazy\" srcset=\"https:\/\/portaleducacao.guarulhos.sp.gov.br\/wp_site\/portalbienal\/wp-content\/uploads\/sites\/22\/2022\/08\/WhatsApp-Image-2022-08-05-at-21.57.54.jpeg 1280w, https:\/\/portaleducacao.guarulhos.sp.gov.br\/wp_site\/portalbienal\/wp-content\/uploads\/sites\/22\/2022\/08\/WhatsApp-Image-2022-08-05-at-21.57.54-300x199.jpeg 300w, https:\/\/portaleducacao.guarulhos.sp.gov.br\/wp_site\/portalbienal\/wp-content\/uploads\/sites\/22\/2022\/08\/WhatsApp-Image-2022-08-05-at-21.57.54-1024x680.jpeg 1024w, https:\/\/portaleducacao.guarulhos.sp.gov.br\/wp_site\/portalbienal\/wp-content\/uploads\/sites\/22\/2022\/08\/WhatsApp-Image-2022-08-05-at-21.57.54-768x510.jpeg 768w\" sizes=\"(max-width: 1280px) 100vw, 1280px\" \/>\n            <\/div>\n        <\/div><div class=\"eael-entry-wrapper\"><header class=\"eael-entry-header\"><h6 class=\"eael-entry-title\"><a\n                        class=\"eael-grid-post-link\"\n                        href=\"https:\/\/portaleducacao.guarulhos.sp.gov.br\/wp_site\/portalbienal\/2022\/08\/05\/espetaculo-da-orquestra-jovem-e-homenagem-a-biblioteca-monteiro-lobato-marcam-abertura-da-2a-bienal-do-livro-de-guarulhos%ef%bf%bc\/\"\n                        title=\"Espet\u00e1culo da Orquestra Jovem e homenagem \u00e0 Biblioteca Monteiro Lobato marcam abertura da 2\u00aa Bienal do Livro de Guarulhos\ufffc\">Espet\u00e1culo da Orquestra Jovem e homenagem \u00e0 Biblioteca Monteiro Lobato marcam abertura da 2\u00aa Bienal do Livro de Guarulhos\ufffc<\/a><\/h6><\/header><div class=\"eael-entry-meta\"><\/div><\/div><\/div>\n        <\/div>\n    <\/article><article class=\"eael-grid-post eael-post-grid-column\" data-id=\"2584\">\n        <div class=\"eael-grid-post-holder\">\n            <div class=\"eael-grid-post-holder-inner\"><div class=\"eael-entry-media\"><div class=\"eael-entry-overlay fade-in\"><i class=\"fas fa-magic\" aria-hidden=\"true\"><\/i><a href=\"https:\/\/portaleducacao.guarulhos.sp.gov.br\/wp_site\/portalbienal\/2022\/08\/04\/conexao-bienal-podcast\/\"><\/a><\/div><div class=\"eael-entry-thumbnail eael-image-ratio\">\n                <img width=\"750\" height=\"500\" src=\"https:\/\/portaleducacao.guarulhos.sp.gov.br\/wp_site\/portalbienal\/wp-content\/uploads\/sites\/22\/2022\/08\/conexao_novo.jpg\" class=\"attachment-1536x1536 size-1536x1536 wp-image-2596\" alt=\"\" loading=\"lazy\" srcset=\"https:\/\/portaleducacao.guarulhos.sp.gov.br\/wp_site\/portalbienal\/wp-content\/uploads\/sites\/22\/2022\/08\/conexao_novo.jpg 750w, https:\/\/portaleducacao.guarulhos.sp.gov.br\/wp_site\/portalbienal\/wp-content\/uploads\/sites\/22\/2022\/08\/conexao_novo-300x200.jpg 300w\" sizes=\"(max-width: 750px) 100vw, 750px\" \/>\n            <\/div>\n        <\/div><div class=\"eael-entry-wrapper\"><header class=\"eael-entry-header\"><h6 class=\"eael-entry-title\"><a\n                        class=\"eael-grid-post-link\"\n                        href=\"https:\/\/portaleducacao.guarulhos.sp.gov.br\/wp_site\/portalbienal\/2022\/08\/04\/conexao-bienal-podcast\/\"\n                        title=\"Conex\u00e3o Bienal Podcast\">Conex\u00e3o Bienal Podcast<\/a><\/h6><\/header><div class=\"eael-entry-meta\"><\/div><\/div><\/div>\n        <\/div>\n    <\/article><article class=\"eael-grid-post eael-post-grid-column\" data-id=\"2038\">\n        <div class=\"eael-grid-post-holder\">\n            <div class=\"eael-grid-post-holder-inner\"><div class=\"eael-entry-media\"><div class=\"eael-entry-overlay fade-in\"><i class=\"fas fa-magic\" aria-hidden=\"true\"><\/i><a href=\"https:\/\/portaleducacao.guarulhos.sp.gov.br\/wp_site\/portalbienal\/2022\/07\/28\/fabricio-carpinejar-e-chico-felitti-estao-confirmados-na-bienal-de-guarulhos-inscricoes-comecam-nesta-sexta\/\"><\/a><\/div><div class=\"eael-entry-thumbnail eael-image-ratio\">\n                <img width=\"780\" height=\"520\" src=\"https:\/\/portaleducacao.guarulhos.sp.gov.br\/wp_site\/portalbienal\/wp-content\/uploads\/sites\/22\/2022\/07\/Fabricio-Carpinejar-Credito-Diego-Lopes-1.jpg\" class=\"attachment-1536x1536 size-1536x1536 wp-image-2039\" alt=\"\" loading=\"lazy\" srcset=\"https:\/\/portaleducacao.guarulhos.sp.gov.br\/wp_site\/portalbienal\/wp-content\/uploads\/sites\/22\/2022\/07\/Fabricio-Carpinejar-Credito-Diego-Lopes-1.jpg 780w, https:\/\/portaleducacao.guarulhos.sp.gov.br\/wp_site\/portalbienal\/wp-content\/uploads\/sites\/22\/2022\/07\/Fabricio-Carpinejar-Credito-Diego-Lopes-1-300x200.jpg 300w, https:\/\/portaleducacao.guarulhos.sp.gov.br\/wp_site\/portalbienal\/wp-content\/uploads\/sites\/22\/2022\/07\/Fabricio-Carpinejar-Credito-Diego-Lopes-1-768x512.jpg 768w\" sizes=\"(max-width: 780px) 100vw, 780px\" \/>\n            <\/div>\n        <\/div><div class=\"eael-entry-wrapper\"><header class=\"eael-entry-header\"><h6 class=\"eael-entry-title\"><a\n                        class=\"eael-grid-post-link\"\n                        href=\"https:\/\/portaleducacao.guarulhos.sp.gov.br\/wp_site\/portalbienal\/2022\/07\/28\/fabricio-carpinejar-e-chico-felitti-estao-confirmados-na-bienal-de-guarulhos-inscricoes-comecam-nesta-sexta\/\"\n                        title=\"Fabr\u00edcio Carpinejar e Chico Felitti est\u00e3o confirmados na Bienal de Guarulhos; inscri\u00e7\u00f5es come\u00e7am nesta sexta\">Fabr\u00edcio Carpinejar e Chico Felitti est\u00e3o confirmados na Bienal de Guarulhos; inscri\u00e7\u00f5es come\u00e7am nesta sexta<\/a><\/h6><\/header><div class=\"eael-entry-meta\"><\/div><\/div><\/div>\n        <\/div>\n    <\/article><article class=\"eael-grid-post eael-post-grid-column\" data-id=\"2422\">\n        <div class=\"eael-grid-post-holder\">\n            <div class=\"eael-grid-post-holder-inner\"><div class=\"eael-entry-media\"><div class=\"eael-entry-overlay fade-in\"><i class=\"fas fa-magic\" aria-hidden=\"true\"><\/i><a href=\"https:\/\/portaleducacao.guarulhos.sp.gov.br\/wp_site\/portalbienal\/2022\/08\/01\/prefeitura-amplia-o-beneficio-do-credilivro-a-todos-os-profissionais-da-educacao\/\"><\/a><\/div><div class=\"eael-entry-thumbnail eael-image-ratio\">\n                <img width=\"750\" height=\"520\" src=\"https:\/\/portaleducacao.guarulhos.sp.gov.br\/wp_site\/portalbienal\/wp-content\/uploads\/sites\/22\/2022\/08\/Credlivro_.jpg\" class=\"attachment-1536x1536 size-1536x1536 wp-image-2423\" alt=\"\" loading=\"lazy\" srcset=\"https:\/\/portaleducacao.guarulhos.sp.gov.br\/wp_site\/portalbienal\/wp-content\/uploads\/sites\/22\/2022\/08\/Credlivro_.jpg 750w, https:\/\/portaleducacao.guarulhos.sp.gov.br\/wp_site\/portalbienal\/wp-content\/uploads\/sites\/22\/2022\/08\/Credlivro_-300x208.jpg 300w\" sizes=\"(max-width: 750px) 100vw, 750px\" \/>\n            <\/div>\n        <\/div><div class=\"eael-entry-wrapper\"><header class=\"eael-entry-header\"><h6 class=\"eael-entry-title\"><a\n                        class=\"eael-grid-post-link\"\n                        href=\"https:\/\/portaleducacao.guarulhos.sp.gov.br\/wp_site\/portalbienal\/2022\/08\/01\/prefeitura-amplia-o-beneficio-do-credilivro-a-todos-os-profissionais-da-educacao\/\"\n                        title=\"Prefeitura amplia o benef\u00edcio do CrediLivro a todos os profissionais da Educa\u00e7\u00e3o\">Prefeitura amplia o benef\u00edcio do CrediLivro a todos os profissionais da Educa\u00e7\u00e3o<\/a><\/h6><\/header><div class=\"eael-entry-meta\"><\/div><\/div><\/div>\n        <\/div>\n    <\/article><article class=\"eael-grid-post eael-post-grid-column\" data-id=\"1270\">\n        <div class=\"eael-grid-post-holder\">\n            <div class=\"eael-grid-post-holder-inner\"><div class=\"eael-entry-media\"><div class=\"eael-entry-overlay fade-in\"><i class=\"fas fa-magic\" aria-hidden=\"true\"><\/i><a href=\"https:\/\/portaleducacao.guarulhos.sp.gov.br\/wp_site\/portalbienal\/2022\/07\/16\/programacao-especial-para-o-publico-infantil-e-destaque-da-2a-bienal-do-livro-de-guarulhos\/\"><\/a><\/div><div class=\"eael-entry-thumbnail eael-image-ratio\">\n                <img width=\"750\" height=\"545\" src=\"https:\/\/portaleducacao.guarulhos.sp.gov.br\/wp_site\/portalbienal\/wp-content\/uploads\/sites\/22\/2022\/07\/Barbatuquices1-\u00a9KelsonSpalato.jpg\" class=\"attachment-1536x1536 size-1536x1536 wp-image-889\" alt=\"\" loading=\"lazy\" srcset=\"https:\/\/portaleducacao.guarulhos.sp.gov.br\/wp_site\/portalbienal\/wp-content\/uploads\/sites\/22\/2022\/07\/Barbatuquices1-\u00a9KelsonSpalato.jpg 750w, https:\/\/portaleducacao.guarulhos.sp.gov.br\/wp_site\/portalbienal\/wp-content\/uploads\/sites\/22\/2022\/07\/Barbatuquices1-\u00a9KelsonSpalato-300x218.jpg 300w\" sizes=\"(max-width: 750px) 100vw, 750px\" \/>\n            <\/div>\n        <\/div><div class=\"eael-entry-wrapper\"><header class=\"eael-entry-header\"><h6 class=\"eael-entry-title\"><a\n                        class=\"eael-grid-post-link\"\n                        href=\"https:\/\/portaleducacao.guarulhos.sp.gov.br\/wp_site\/portalbienal\/2022\/07\/16\/programacao-especial-para-o-publico-infantil-e-destaque-da-2a-bienal-do-livro-de-guarulhos\/\"\n                        title=\"Programa\u00e7\u00e3o especial para o p\u00fablico infantil \u00e9 destaque da 2\u00aa Bienal do Livro de Guarulhos\">Programa\u00e7\u00e3o especial para o p\u00fablico infantil \u00e9 destaque da 2\u00aa Bienal do Livro de Guarulhos<\/a><\/h6><\/header><div class=\"eael-entry-meta\"><\/div><\/div><\/div>\n        <\/div>\n    <\/article><article class=\"eael-grid-post eael-post-grid-column\" data-id=\"2912\">\n        <div class=\"eael-grid-post-holder\">\n            <div class=\"eael-grid-post-holder-inner\"><div class=\"eael-entry-media\"><div class=\"eael-entry-overlay fade-in\"><i class=\"fas fa-magic\" aria-hidden=\"true\"><\/i><a href=\"https:\/\/portaleducacao.guarulhos.sp.gov.br\/wp_site\/portalbienal\/2022\/08\/09\/manual-do-mundo-atrai-curiosos-e-fas-para-2a-bienal-do-livro-de-guarulhos\/\"><\/a><\/div><div class=\"eael-entry-thumbnail eael-image-ratio\">\n                <img width=\"1344\" height=\"896\" src=\"https:\/\/portaleducacao.guarulhos.sp.gov.br\/wp_site\/portalbienal\/wp-content\/uploads\/sites\/22\/2022\/08\/Manual-do-Mundo-Gezer-Amorim-2.jpg\" class=\"attachment-1536x1536 size-1536x1536 wp-image-2913\" alt=\"\" loading=\"lazy\" srcset=\"https:\/\/portaleducacao.guarulhos.sp.gov.br\/wp_site\/portalbienal\/wp-content\/uploads\/sites\/22\/2022\/08\/Manual-do-Mundo-Gezer-Amorim-2.jpg 1344w, https:\/\/portaleducacao.guarulhos.sp.gov.br\/wp_site\/portalbienal\/wp-content\/uploads\/sites\/22\/2022\/08\/Manual-do-Mundo-Gezer-Amorim-2-300x200.jpg 300w, https:\/\/portaleducacao.guarulhos.sp.gov.br\/wp_site\/portalbienal\/wp-content\/uploads\/sites\/22\/2022\/08\/Manual-do-Mundo-Gezer-Amorim-2-1024x683.jpg 1024w, https:\/\/portaleducacao.guarulhos.sp.gov.br\/wp_site\/portalbienal\/wp-content\/uploads\/sites\/22\/2022\/08\/Manual-do-Mundo-Gezer-Amorim-2-768x512.jpg 768w\" sizes=\"(max-width: 1344px) 100vw, 1344px\" \/>\n            <\/div>\n        <\/div><div class=\"eael-entry-wrapper\"><header class=\"eael-entry-header\"><h6 class=\"eael-entry-title\"><a\n                        class=\"eael-grid-post-link\"\n                        href=\"https:\/\/portaleducacao.guarulhos.sp.gov.br\/wp_site\/portalbienal\/2022\/08\/09\/manual-do-mundo-atrai-curiosos-e-fas-para-2a-bienal-do-livro-de-guarulhos\/\"\n                        title=\"Manual do Mundo atrai curiosos e f\u00e3s para 2\u00aa Bienal do Livro de Guarulhos\">Manual do Mundo atrai curiosos e f\u00e3s para 2\u00aa Bienal do Livro de Guarulhos<\/a><\/h6><\/header><div class=\"eael-entry-meta\"><\/div><\/div><\/div>\n        <\/div>\n    <\/article><\/div>\n            <div class=\"clearfix\"><\/div>\n        <\/div>\t\t<\/div>\n\t\t\t\t<\/div>\n\t\t\t\t\t<\/div>\n\t\t<\/div>\n\t\t\t\t\t\t\t<\/div>\n\t\t<\/section>\n\t\t\t\t<section class=\"elementor-section elementor-top-section elementor-element elementor-element-183c6c0 elementor-section-boxed elementor-section-height-default elementor-section-height-default\" data-id=\"183c6c0\" data-element_type=\"section\" data-settings=\"{&quot;background_background&quot;:&quot;classic&quot;}\">\n\t\t\t\t\t\t<div class=\"elementor-container elementor-column-gap-default\">\n\t\t\t\t\t<div class=\"elementor-column elementor-col-100 elementor-top-column elementor-element elementor-element-7a76b34\" data-id=\"7a76b34\" data-element_type=\"column\">\n\t\t\t<div class=\"elementor-widget-wrap\">\n\t\t\t\t\t\t\t\t\t<\/div>\n\t\t<\/div>\n\t\t\t\t\t\t\t<\/div>\n\t\t<\/section>\n\t\t\t\t\t\t\t<\/div>\n\t\t","protected":false},"excerpt":{"rendered":"<p>Not\u00edcias da 3\u00aa Bienal do Livro de Guarulhos Mais de 200 mil pessoas visitam a 3\u00aa Bienal Internacional do Livro de Guarulhos Guitarrista do Jota Quest traz grandes sucessos da &hellip;<\/p>\n<p class=\"read-more\"> <a class=\"\" href=\"https:\/\/portaleducacao.guarulhos.sp.gov.br\/wp_site\/portalbienal\/2022\/08\/09\/manual-do-mundo-atrai-curiosos-e-fas-para-2a-bienal-do-livro-de-guarulhos\/\"> <span class=\"screen-reader-text\">Manual do Mundo atrai curiosos e f\u00e3s para 2\u00aa Bienal do Livro de Guarulhos<\/span> Leia mais &raquo;<\/a><\/p>\n","protected":false},"author":1,"featured_media":0,"parent":0,"menu_order":0,"comment_status":"closed","ping_status":"closed","template":"","meta":{"_monsterinsights_skip_tracking":false,"_monsterinsights_sitenote_active":false,"_monsterinsights_sitenote_note":"","_monsterinsights_sitenote_category":0,"site-sidebar-layout":"no-sidebar","site-content-layout":"page-builder","ast-global-header-display":"","ast-main-header-display":"","ast-hfb-above-header-display":"","ast-hfb-below-header-display":"","ast-hfb-mobile-header-display":"","site-post-title":"disabled","ast-breadcrumbs-content":"","ast-featured-img":"disabled","footer-sml-layout":"","theme-transparent-header-meta":"","adv-header-id-meta":"","stick-header-meta":"","header-above-stick-meta":"","header-main-stick-meta":"","header-below-stick-meta":"","_expiration-date-status":"","_expiration-date":1712150289,"_expiration-date-type":"draft","_expiration-date-categories":[],"_expiration-date-options":[]},"categories":[42],"tags":[],"yoast_head":"<!-- This site is optimized with the Yoast SEO plugin v19.7.1 - https:\/\/yoast.com\/wordpress\/plugins\/seo\/ -->\r\n<title>noticias - Bienal do Livro de Guarulhos - 2024<\/title>\r\n<meta name=\"robots\" content=\"index, follow, max-snippet:-1, max-image-preview:large, max-video-preview:-1\" \/>\r\n<link rel=\"canonical\" href=\"https:\/\/portaleducacao.guarulhos.sp.gov.br\/wp_site\/portalbienal\/noticias\/\" \/>\r\n<meta property=\"og:locale\" content=\"pt_BR\" \/>\r\n<meta property=\"og:type\" content=\"article\" \/>\r\n<meta property=\"og:title\" content=\"noticias - Bienal do Livro de Guarulhos - 2024\" \/>\r\n<meta property=\"og:description\" content=\"Not\u00edcias da 3\u00aa Bienal do Livro de Guarulhos Mais de 200 mil pessoas visitam a 3\u00aa Bienal Internacional do Livro de Guarulhos Guitarrista do Jota Quest traz grandes sucessos da &hellip; Manual do Mundo atrai curiosos e f\u00e3s para 2\u00aa Bienal do Livro de Guarulhos Leia mais &raquo;\" \/>\r\n<meta property=\"og:url\" content=\"https:\/\/portaleducacao.guarulhos.sp.gov.br\/wp_site\/portalbienal\/noticias\/\" \/>\r\n<meta property=\"og:site_name\" content=\"Bienal do Livro de Guarulhos - 2024\" \/>\r\n<meta property=\"article:modified_time\" content=\"2024-03-27T13:18:28+00:00\" \/>\r\n<meta property=\"og:image\" content=\"http:\/\/portaleducacao.guarulhos.sp.gov.br\/wp_site\/portalbienal\/wp-content\/uploads\/sites\/22\/2024\/03\/IMG-20240325-WA0004.jpg\" \/>\r\n<meta name=\"twitter:card\" content=\"summary_large_image\" \/>\r\n<meta name=\"twitter:label1\" content=\"Est. tempo de leitura\" \/>\n\t<meta name=\"twitter:data1\" content=\"20 minutos\" \/>\r\n<script type=\"application\/ld+json\" class=\"yoast-schema-graph\">{\"@context\":\"https:\/\/schema.org\",\"@graph\":[{\"@type\":\"WebPage\",\"@id\":\"https:\/\/portaleducacao.guarulhos.sp.gov.br\/wp_site\/portalbienal\/noticias\/\",\"url\":\"https:\/\/portaleducacao.guarulhos.sp.gov.br\/wp_site\/portalbienal\/noticias\/\",\"name\":\"noticias - Bienal do Livro de Guarulhos - 2024\",\"isPartOf\":{\"@id\":\"https:\/\/portaleducacao.guarulhos.sp.gov.br\/wp_site\/portalbienal\/#website\"},\"datePublished\":\"2022-07-11T12:20:47+00:00\",\"dateModified\":\"2024-03-27T13:18:28+00:00\",\"breadcrumb\":{\"@id\":\"https:\/\/portaleducacao.guarulhos.sp.gov.br\/wp_site\/portalbienal\/noticias\/#breadcrumb\"},\"inLanguage\":\"pt-BR\",\"potentialAction\":[{\"@type\":\"ReadAction\",\"target\":[\"https:\/\/portaleducacao.guarulhos.sp.gov.br\/wp_site\/portalbienal\/noticias\/\"]}]},{\"@type\":\"BreadcrumbList\",\"@id\":\"https:\/\/portaleducacao.guarulhos.sp.gov.br\/wp_site\/portalbienal\/noticias\/#breadcrumb\",\"itemListElement\":[{\"@type\":\"ListItem\",\"position\":1,\"name\":\"In\u00edcio\",\"item\":\"https:\/\/portaleducacao.guarulhos.sp.gov.br\/wp_site\/portalbienal\/\"},{\"@type\":\"ListItem\",\"position\":2,\"name\":\"noticias\"}]},{\"@type\":\"WebSite\",\"@id\":\"https:\/\/portaleducacao.guarulhos.sp.gov.br\/wp_site\/portalbienal\/#website\",\"url\":\"https:\/\/portaleducacao.guarulhos.sp.gov.br\/wp_site\/portalbienal\/\",\"name\":\"Bienal do Livro de Guarulhos - 2024\",\"description\":\"Secretaria de Educa\u00e7\u00e3o - Prefeitura de Guarulhos\",\"publisher\":{\"@id\":\"https:\/\/portaleducacao.guarulhos.sp.gov.br\/wp_site\/portalbienal\/#organization\"},\"potentialAction\":[{\"@type\":\"SearchAction\",\"target\":{\"@type\":\"EntryPoint\",\"urlTemplate\":\"https:\/\/portaleducacao.guarulhos.sp.gov.br\/wp_site\/portalbienal\/?s={search_term_string}\"},\"query-input\":\"required name=search_term_string\"}],\"inLanguage\":\"pt-BR\"},{\"@type\":\"Organization\",\"@id\":\"https:\/\/portaleducacao.guarulhos.sp.gov.br\/wp_site\/portalbienal\/#organization\",\"name\":\"Bienal do Livro de Guarulhos - 2024\",\"url\":\"https:\/\/portaleducacao.guarulhos.sp.gov.br\/wp_site\/portalbienal\/\",\"sameAs\":[],\"logo\":{\"@type\":\"ImageObject\",\"inLanguage\":\"pt-BR\",\"@id\":\"https:\/\/portaleducacao.guarulhos.sp.gov.br\/wp_site\/portalbienal\/#\/schema\/logo\/image\/\",\"url\":\"https:\/\/portaleducacao.guarulhos.sp.gov.br\/wp_site\/portalbienal\/wp-content\/uploads\/sites\/22\/2022\/07\/logo_site.jpg\",\"contentUrl\":\"https:\/\/portaleducacao.guarulhos.sp.gov.br\/wp_site\/portalbienal\/wp-content\/uploads\/sites\/22\/2022\/07\/logo_site.jpg\",\"width\":350,\"height\":100,\"caption\":\"Bienal do Livro de Guarulhos - 2024\"},\"image\":{\"@id\":\"https:\/\/portaleducacao.guarulhos.sp.gov.br\/wp_site\/portalbienal\/#\/schema\/logo\/image\/\"}}]}<\/script>\r\n<!-- \/ Yoast SEO plugin. -->","yoast_head_json":{"title":"noticias - Bienal do Livro de Guarulhos - 2024","robots":{"index":"index","follow":"follow","max-snippet":"max-snippet:-1","max-image-preview":"max-image-preview:large","max-video-preview":"max-video-preview:-1"},"canonical":"https:\/\/portaleducacao.guarulhos.sp.gov.br\/wp_site\/portalbienal\/noticias\/","og_locale":"pt_BR","og_type":"article","og_title":"noticias - Bienal do Livro de Guarulhos - 2024","og_description":"Not\u00edcias da 3\u00aa Bienal do Livro de Guarulhos Mais de 200 mil pessoas visitam a 3\u00aa Bienal Internacional do Livro de Guarulhos Guitarrista do Jota Quest traz grandes sucessos da &hellip; Manual do Mundo atrai curiosos e f\u00e3s para 2\u00aa Bienal do Livro de Guarulhos Leia mais &raquo;","og_url":"https:\/\/portaleducacao.guarulhos.sp.gov.br\/wp_site\/portalbienal\/noticias\/","og_site_name":"Bienal do Livro de Guarulhos - 2024","article_modified_time":"2024-03-27T13:18:28+00:00","og_image":[{"url":"http:\/\/portaleducacao.guarulhos.sp.gov.br\/wp_site\/portalbienal\/wp-content\/uploads\/sites\/22\/2024\/03\/IMG-20240325-WA0004.jpg"}],"twitter_card":"summary_large_image","twitter_misc":{"Est. tempo de leitura":"20 minutos"},"schema":{"@context":"https:\/\/schema.org","@graph":[{"@type":"WebPage","@id":"https:\/\/portaleducacao.guarulhos.sp.gov.br\/wp_site\/portalbienal\/noticias\/","url":"https:\/\/portaleducacao.guarulhos.sp.gov.br\/wp_site\/portalbienal\/noticias\/","name":"noticias - Bienal do Livro de Guarulhos - 2024","isPartOf":{"@id":"https:\/\/portaleducacao.guarulhos.sp.gov.br\/wp_site\/portalbienal\/#website"},"datePublished":"2022-07-11T12:20:47+00:00","dateModified":"2024-03-27T13:18:28+00:00","breadcrumb":{"@id":"https:\/\/portaleducacao.guarulhos.sp.gov.br\/wp_site\/portalbienal\/noticias\/#breadcrumb"},"inLanguage":"pt-BR","potentialAction":[{"@type":"ReadAction","target":["https:\/\/portaleducacao.guarulhos.sp.gov.br\/wp_site\/portalbienal\/noticias\/"]}]},{"@type":"BreadcrumbList","@id":"https:\/\/portaleducacao.guarulhos.sp.gov.br\/wp_site\/portalbienal\/noticias\/#breadcrumb","itemListElement":[{"@type":"ListItem","position":1,"name":"In\u00edcio","item":"https:\/\/portaleducacao.guarulhos.sp.gov.br\/wp_site\/portalbienal\/"},{"@type":"ListItem","position":2,"name":"noticias"}]},{"@type":"WebSite","@id":"https:\/\/portaleducacao.guarulhos.sp.gov.br\/wp_site\/portalbienal\/#website","url":"https:\/\/portaleducacao.guarulhos.sp.gov.br\/wp_site\/portalbienal\/","name":"Bienal do Livro de Guarulhos - 2024","description":"Secretaria de Educa\u00e7\u00e3o - Prefeitura de Guarulhos","publisher":{"@id":"https:\/\/portaleducacao.guarulhos.sp.gov.br\/wp_site\/portalbienal\/#organization"},"potentialAction":[{"@type":"SearchAction","target":{"@type":"EntryPoint","urlTemplate":"https:\/\/portaleducacao.guarulhos.sp.gov.br\/wp_site\/portalbienal\/?s={search_term_string}"},"query-input":"required name=search_term_string"}],"inLanguage":"pt-BR"},{"@type":"Organization","@id":"https:\/\/portaleducacao.guarulhos.sp.gov.br\/wp_site\/portalbienal\/#organization","name":"Bienal do Livro de Guarulhos - 2024","url":"https:\/\/portaleducacao.guarulhos.sp.gov.br\/wp_site\/portalbienal\/","sameAs":[],"logo":{"@type":"ImageObject","inLanguage":"pt-BR","@id":"https:\/\/portaleducacao.guarulhos.sp.gov.br\/wp_site\/portalbienal\/#\/schema\/logo\/image\/","url":"https:\/\/portaleducacao.guarulhos.sp.gov.br\/wp_site\/portalbienal\/wp-content\/uploads\/sites\/22\/2022\/07\/logo_site.jpg","contentUrl":"https:\/\/portaleducacao.guarulhos.sp.gov.br\/wp_site\/portalbienal\/wp-content\/uploads\/sites\/22\/2022\/07\/logo_site.jpg","width":350,"height":100,"caption":"Bienal do Livro de Guarulhos - 2024"},"image":{"@id":"https:\/\/portaleducacao.guarulhos.sp.gov.br\/wp_site\/portalbienal\/#\/schema\/logo\/image\/"}}]}},"_links":{"self":[{"href":"https:\/\/portaleducacao.guarulhos.sp.gov.br\/wp_site\/portalbienal\/wp-json\/wp\/v2\/pages\/514"}],"collection":[{"href":"https:\/\/portaleducacao.guarulhos.sp.gov.br\/wp_site\/portalbienal\/wp-json\/wp\/v2\/pages"}],"about":[{"href":"https:\/\/portaleducacao.guarulhos.sp.gov.br\/wp_site\/portalbienal\/wp-json\/wp\/v2\/types\/page"}],"author":[{"embeddable":true,"href":"https:\/\/portaleducacao.guarulhos.sp.gov.br\/wp_site\/portalbienal\/wp-json\/wp\/v2\/users\/1"}],"replies":[{"embeddable":true,"href":"https:\/\/portaleducacao.guarulhos.sp.gov.br\/wp_site\/portalbienal\/wp-json\/wp\/v2\/comments?post=514"}],"version-history":[{"count":174,"href":"https:\/\/portaleducacao.guarulhos.sp.gov.br\/wp_site\/portalbienal\/wp-json\/wp\/v2\/pages\/514\/revisions"}],"predecessor-version":[{"id":9862,"href":"https:\/\/portaleducacao.guarulhos.sp.gov.br\/wp_site\/portalbienal\/wp-json\/wp\/v2\/pages\/514\/revisions\/9862"}],"wp:attachment":[{"href":"https:\/\/portaleducacao.guarulhos.sp.gov.br\/wp_site\/portalbienal\/wp-json\/wp\/v2\/media?parent=514"}],"wp:term":[{"taxonomy":"category","embeddable":true,"href":"https:\/\/portaleducacao.guarulhos.sp.gov.br\/wp_site\/portalbienal\/wp-json\/wp\/v2\/categories?post=514"},{"taxonomy":"post_tag","embeddable":true,"href":"https:\/\/portaleducacao.guarulhos.sp.gov.br\/wp_site\/portalbienal\/wp-json\/wp\/v2\/tags?post=514"}],"curies":[{"name":"wp","href":"https:\/\/api.w.org\/{rel}","templated":true}]}}