{"id":8743,"date":"2024-03-08T16:43:24","date_gmt":"2024-03-08T19:43:24","guid":{"rendered":"https:\/\/portaleducacao.guarulhos.sp.gov.br\/wp_site\/portalbienal\/?page_id=8743"},"modified":"2024-03-24T12:49:15","modified_gmt":"2024-03-24T15:49:15","slug":"ingressos","status":"publish","type":"page","link":"https:\/\/portaleducacao.guarulhos.sp.gov.br\/wp_site\/portalbienal\/ingressos\/","title":{"rendered":"Ingressos Gratuitos"},"content":{"rendered":"\t\t<div data-elementor-type=\"wp-page\" data-elementor-id=\"8743\" class=\"elementor elementor-8743\">\n\t\t\t\t\t\t\t<div class=\"elementor-element elementor-element-0bee0cc e-con-boxed e-con\" data-id=\"0bee0cc\" data-element_type=\"container\" data-settings=\"{&quot;background_background&quot;:&quot;classic&quot;,&quot;content_width&quot;:&quot;boxed&quot;}\">\n\t\t\t\t\t<div class=\"e-con-inner\">\n\t\t\t\t<div class=\"elementor-element elementor-element-08d7d5f elementor-widget elementor-widget-heading\" data-id=\"08d7d5f\" data-element_type=\"widget\" data-widget_type=\"heading.default\">\n\t\t\t\t<div class=\"elementor-widget-container\">\n\t\t\t<style>\/*! elementor - v3.12.1 - 02-04-2023 *\/\n.elementor-heading-title{padding:0;margin:0;line-height:1}.elementor-widget-heading .elementor-heading-title[class*=elementor-size-]>a{color:inherit;font-size:inherit;line-height:inherit}.elementor-widget-heading .elementor-heading-title.elementor-size-small{font-size:15px}.elementor-widget-heading .elementor-heading-title.elementor-size-medium{font-size:19px}.elementor-widget-heading .elementor-heading-title.elementor-size-large{font-size:29px}.elementor-widget-heading .elementor-heading-title.elementor-size-xl{font-size:39px}.elementor-widget-heading .elementor-heading-title.elementor-size-xxl{font-size:59px}<\/style><h2 class=\"elementor-heading-title elementor-size-default\">Ingressos Gratuitos<\/h2>\t\t<\/div>\n\t\t\t\t<\/div>\n\t\t\t\t<div class=\"elementor-element elementor-element-70eade4 elementor-widget elementor-widget-text-editor\" data-id=\"70eade4\" data-element_type=\"widget\" data-widget_type=\"text-editor.default\">\n\t\t\t\t<div class=\"elementor-widget-container\">\n\t\t\t<style>\/*! elementor - v3.12.1 - 02-04-2023 *\/\n.elementor-widget-text-editor.elementor-drop-cap-view-stacked .elementor-drop-cap{background-color:#69727d;color:<a href=\"https:\/\/portaleducacao.guarulhos.sp.gov.br\/wp_site\/portalbienal\/tag\/fff\/\">#fff<\/a>}.elementor-widget-text-editor.elementor-drop-cap-view-framed .elementor-drop-cap{color:#69727d;border:3px solid;background-color:transparent}.elementor-widget-text-editor:not(.elementor-drop-cap-view-default) .elementor-drop-cap{margin-top:8px}.elementor-widget-text-editor:not(.elementor-drop-cap-view-default) .elementor-drop-cap-letter{width:1em;height:1em}.elementor-widget-text-editor .elementor-drop-cap{float:left;text-align:center;line-height:1;font-size:50px}.elementor-widget-text-editor .elementor-drop-cap-letter{display:inline-block}<\/style>\t\t\t\t<p>Bate-papo com os Autores<br \/>(at\u00e9 2 ingressos por pessoa\/cpf)<\/p><p>Todas as atividades s\u00e3o acess\u00edveis em Libras<\/p>\t\t\t\t\t\t<\/div>\n\t\t\t\t<\/div>\n\t\t\t\t\t<\/div>\n\t\t\t\t<\/div>\n\t\t<div class=\"elementor-element elementor-element-ad48135 e-con-boxed e-con\" data-id=\"ad48135\" data-element_type=\"container\" data-settings=\"{&quot;background_background&quot;:&quot;classic&quot;,&quot;content_width&quot;:&quot;boxed&quot;}\">\n\t\t\t\t\t<div class=\"e-con-inner\">\n\t\t<div class=\"elementor-element elementor-element-19318c3 e-con-full e-con\" data-id=\"19318c3\" data-element_type=\"container\" data-settings=\"{&quot;content_width&quot;:&quot;full&quot;}\">\n\t\t\t\t<div class=\"elementor-element elementor-element-f23bbf6 elementor-widget elementor-widget-image\" data-id=\"f23bbf6\" data-element_type=\"widget\" data-widget_type=\"image.default\">\n\t\t\t\t<div class=\"elementor-widget-container\">\n\t\t\t<style>\/*! elementor - v3.12.1 - 02-04-2023 *\/\n.elementor-widget-image{text-align:center}.elementor-widget-image a{display:inline-block}.elementor-widget-image a img[src$=\".svg\"]{width:48px}.elementor-widget-image img{vertical-align:middle;display:inline-block}<\/style>\t\t\t\t\t\t\t\t\t\t\t\t\t<a href=\"https:\/\/www.sympla.com.br\/evento\/ignacio-de-loyola-brandao-3-bienal-internacional-do-livro-de-guarulhos\/2372213\" target=\"_blank\">\n\t\t\t\t\t\t\t<img width=\"768\" height=\"960\" src=\"https:\/\/portaleducacao.guarulhos.sp.gov.br\/wp_site\/portalbienal\/wp-content\/uploads\/sites\/22\/2024\/03\/16_03_02_loyola-768x960-1.jpg\" class=\"attachment-large size-large wp-image-9038\" alt=\"\" loading=\"lazy\" srcset=\"https:\/\/portaleducacao.guarulhos.sp.gov.br\/wp_site\/portalbienal\/wp-content\/uploads\/sites\/22\/2024\/03\/16_03_02_loyola-768x960-1.jpg 768w, https:\/\/portaleducacao.guarulhos.sp.gov.br\/wp_site\/portalbienal\/wp-content\/uploads\/sites\/22\/2024\/03\/16_03_02_loyola-768x960-1-240x300.jpg 240w\" sizes=\"(max-width: 768px) 100vw, 768px\" \/>\t\t\t\t\t\t\t\t<\/a>\n\t\t\t\t\t\t\t\t\t\t\t\t\t\t\t<\/div>\n\t\t\t\t<\/div>\n\t\t\t\t<\/div>\n\t\t<div class=\"elementor-element elementor-element-89ef367 e-con-full e-con\" data-id=\"89ef367\" data-element_type=\"container\" data-settings=\"{&quot;content_width&quot;:&quot;full&quot;}\">\n\t\t\t\t<div class=\"elementor-element elementor-element-09f0308 elementor-widget elementor-widget-image\" data-id=\"09f0308\" data-element_type=\"widget\" data-widget_type=\"image.default\">\n\t\t\t\t<div class=\"elementor-widget-container\">\n\t\t\t\t\t\t\t\t\t\t\t\t\t\t\t\t<a href=\"https:\/\/www.sympla.com.br\/evento\/miguel-falabella-3-bienal-internacional-do-livro-de-guarulhos\/2370118\" target=\"_blank\">\n\t\t\t\t\t\t\t<img width=\"768\" height=\"960\" src=\"https:\/\/portaleducacao.guarulhos.sp.gov.br\/wp_site\/portalbienal\/wp-content\/uploads\/sites\/22\/2024\/03\/16_03_miguel_falabella_post_1080x1350_confirmado_bienal-768x960-1.jpg\" class=\"attachment-large size-large wp-image-9037\" alt=\"\" loading=\"lazy\" srcset=\"https:\/\/portaleducacao.guarulhos.sp.gov.br\/wp_site\/portalbienal\/wp-content\/uploads\/sites\/22\/2024\/03\/16_03_miguel_falabella_post_1080x1350_confirmado_bienal-768x960-1.jpg 768w, https:\/\/portaleducacao.guarulhos.sp.gov.br\/wp_site\/portalbienal\/wp-content\/uploads\/sites\/22\/2024\/03\/16_03_miguel_falabella_post_1080x1350_confirmado_bienal-768x960-1-240x300.jpg 240w\" sizes=\"(max-width: 768px) 100vw, 768px\" \/>\t\t\t\t\t\t\t\t<\/a>\n\t\t\t\t\t\t\t\t\t\t\t\t\t\t\t<\/div>\n\t\t\t\t<\/div>\n\t\t\t\t<\/div>\n\t\t<div class=\"elementor-element elementor-element-e5f8c0e e-con-full e-con\" data-id=\"e5f8c0e\" data-element_type=\"container\" data-settings=\"{&quot;content_width&quot;:&quot;full&quot;}\">\n\t\t\t\t<div class=\"elementor-element elementor-element-4aa1295 elementor-widget elementor-widget-image\" data-id=\"4aa1295\" data-element_type=\"widget\" data-widget_type=\"image.default\">\n\t\t\t\t<div class=\"elementor-widget-container\">\n\t\t\t\t\t\t\t\t\t\t\t\t\t\t\t\t<a href=\"https:\/\/www.sympla.com.br\/denise-fraga---3-bienal-internacional-do-livro-de-guarulhos__2372816\" target=\"_blank\">\n\t\t\t\t\t\t\t<img width=\"768\" height=\"961\" src=\"https:\/\/portaleducacao.guarulhos.sp.gov.br\/wp_site\/portalbienal\/wp-content\/uploads\/sites\/22\/2024\/03\/WhatsApp-Image-2024-03-17-at-12.42.58-768x961-1.jpeg\" class=\"attachment-large size-large wp-image-9036\" alt=\"\" loading=\"lazy\" srcset=\"https:\/\/portaleducacao.guarulhos.sp.gov.br\/wp_site\/portalbienal\/wp-content\/uploads\/sites\/22\/2024\/03\/WhatsApp-Image-2024-03-17-at-12.42.58-768x961-1.jpeg 768w, https:\/\/portaleducacao.guarulhos.sp.gov.br\/wp_site\/portalbienal\/wp-content\/uploads\/sites\/22\/2024\/03\/WhatsApp-Image-2024-03-17-at-12.42.58-768x961-1-240x300.jpeg 240w\" sizes=\"(max-width: 768px) 100vw, 768px\" \/>\t\t\t\t\t\t\t\t<\/a>\n\t\t\t\t\t\t\t\t\t\t\t\t\t\t\t<\/div>\n\t\t\t\t<\/div>\n\t\t\t\t<\/div>\n\t\t<div class=\"elementor-element elementor-element-ac64b18 e-con-full e-con\" data-id=\"ac64b18\" data-element_type=\"container\" data-settings=\"{&quot;content_width&quot;:&quot;full&quot;}\">\n\t\t\t\t<div class=\"elementor-element elementor-element-dd5371a elementor-widget elementor-widget-image\" data-id=\"dd5371a\" data-element_type=\"widget\" data-widget_type=\"image.default\">\n\t\t\t\t<div class=\"elementor-widget-container\">\n\t\t\t\t\t\t\t\t\t\t\t\t\t\t\t\t<a href=\"https:\/\/www.sympla.com.br\/evento\/eduardo-feldberg-primo-pobre---3-bienal-internacional-do-livro-de-guarulhos\/2369755\" target=\"_blank\">\n\t\t\t\t\t\t\t<img width=\"768\" height=\"961\" src=\"https:\/\/portaleducacao.guarulhos.sp.gov.br\/wp_site\/portalbienal\/wp-content\/uploads\/sites\/22\/2024\/03\/WhatsApp-Image-2024-03-17-at-16.08.44-768x961-1.jpeg\" class=\"attachment-large size-large wp-image-9035\" alt=\"\" loading=\"lazy\" srcset=\"https:\/\/portaleducacao.guarulhos.sp.gov.br\/wp_site\/portalbienal\/wp-content\/uploads\/sites\/22\/2024\/03\/WhatsApp-Image-2024-03-17-at-16.08.44-768x961-1.jpeg 768w, https:\/\/portaleducacao.guarulhos.sp.gov.br\/wp_site\/portalbienal\/wp-content\/uploads\/sites\/22\/2024\/03\/WhatsApp-Image-2024-03-17-at-16.08.44-768x961-1-240x300.jpeg 240w\" sizes=\"(max-width: 768px) 100vw, 768px\" \/>\t\t\t\t\t\t\t\t<\/a>\n\t\t\t\t\t\t\t\t\t\t\t\t\t\t\t<\/div>\n\t\t\t\t<\/div>\n\t\t\t\t<\/div>\n\t\t<div class=\"elementor-element elementor-element-042ca06 e-con-full e-con\" data-id=\"042ca06\" data-element_type=\"container\" data-settings=\"{&quot;content_width&quot;:&quot;full&quot;}\">\n\t\t\t\t<div class=\"elementor-element elementor-element-1cf7ddd elementor-widget elementor-widget-image\" data-id=\"1cf7ddd\" data-element_type=\"widget\" data-widget_type=\"image.default\">\n\t\t\t\t<div class=\"elementor-widget-container\">\n\t\t\t\t\t\t\t\t\t\t\t\t\t\t\t\t<a href=\"https:\/\/www.sympla.com.br\/evento\/alejandra-dubovik-e-alejandra-cippitelli-3-bienal-internacional-do-livro-de-guarulhos\/2372225\" target=\"_blank\">\n\t\t\t\t\t\t\t<img width=\"819\" height=\"1024\" src=\"https:\/\/portaleducacao.guarulhos.sp.gov.br\/wp_site\/portalbienal\/wp-content\/uploads\/sites\/22\/2024\/03\/19_03_01_alejandras-819x1024-1.jpg\" class=\"attachment-large size-large wp-image-9057\" alt=\"\" loading=\"lazy\" srcset=\"https:\/\/portaleducacao.guarulhos.sp.gov.br\/wp_site\/portalbienal\/wp-content\/uploads\/sites\/22\/2024\/03\/19_03_01_alejandras-819x1024-1.jpg 819w, https:\/\/portaleducacao.guarulhos.sp.gov.br\/wp_site\/portalbienal\/wp-content\/uploads\/sites\/22\/2024\/03\/19_03_01_alejandras-819x1024-1-240x300.jpg 240w, https:\/\/portaleducacao.guarulhos.sp.gov.br\/wp_site\/portalbienal\/wp-content\/uploads\/sites\/22\/2024\/03\/19_03_01_alejandras-819x1024-1-768x960.jpg 768w\" sizes=\"(max-width: 819px) 100vw, 819px\" \/>\t\t\t\t\t\t\t\t<\/a>\n\t\t\t\t\t\t\t\t\t\t\t\t\t\t\t<\/div>\n\t\t\t\t<\/div>\n\t\t\t\t<\/div>\n\t\t<div class=\"elementor-element elementor-element-99e6fe3 e-con-full e-con\" data-id=\"99e6fe3\" data-element_type=\"container\" data-settings=\"{&quot;content_width&quot;:&quot;full&quot;}\">\n\t\t\t\t<div class=\"elementor-element elementor-element-6a20201 elementor-widget elementor-widget-image\" data-id=\"6a20201\" data-element_type=\"widget\" data-widget_type=\"image.default\">\n\t\t\t\t<div class=\"elementor-widget-container\">\n\t\t\t\t\t\t\t\t\t\t\t\t\t\t\t\t<a href=\"https:\/\/www.sympla.com.br\/evento\/braulio-bessa-3-bienal-internacional-do-livro-de-guarulhos\/2372249\" target=\"_blank\">\n\t\t\t\t\t\t\t<img width=\"819\" height=\"1024\" src=\"https:\/\/portaleducacao.guarulhos.sp.gov.br\/wp_site\/portalbienal\/wp-content\/uploads\/sites\/22\/2024\/03\/WhatsApp-Image-2024-03-19-at-07.21.02-819x1024-1.jpeg\" class=\"attachment-large size-large wp-image-9050\" alt=\"\" loading=\"lazy\" srcset=\"https:\/\/portaleducacao.guarulhos.sp.gov.br\/wp_site\/portalbienal\/wp-content\/uploads\/sites\/22\/2024\/03\/WhatsApp-Image-2024-03-19-at-07.21.02-819x1024-1.jpeg 819w, https:\/\/portaleducacao.guarulhos.sp.gov.br\/wp_site\/portalbienal\/wp-content\/uploads\/sites\/22\/2024\/03\/WhatsApp-Image-2024-03-19-at-07.21.02-819x1024-1-240x300.jpeg 240w, https:\/\/portaleducacao.guarulhos.sp.gov.br\/wp_site\/portalbienal\/wp-content\/uploads\/sites\/22\/2024\/03\/WhatsApp-Image-2024-03-19-at-07.21.02-819x1024-1-768x960.jpeg 768w\" sizes=\"(max-width: 819px) 100vw, 819px\" \/>\t\t\t\t\t\t\t\t<\/a>\n\t\t\t\t\t\t\t\t\t\t\t\t\t\t\t<\/div>\n\t\t\t\t<\/div>\n\t\t\t\t<\/div>\n\t\t<div class=\"elementor-element elementor-element-6525ae7 e-con-full e-con\" data-id=\"6525ae7\" data-element_type=\"container\" data-settings=\"{&quot;content_width&quot;:&quot;full&quot;}\">\n\t\t\t\t<div class=\"elementor-element elementor-element-31fef43 elementor-widget elementor-widget-image\" data-id=\"31fef43\" data-element_type=\"widget\" data-widget_type=\"image.default\">\n\t\t\t\t<div class=\"elementor-widget-container\">\n\t\t\t\t\t\t\t\t\t\t\t\t\t\t\t\t<a href=\"https:\/\/www.sympla.com.br\/evento\/cinthia-chagas---3-bienal-internacional-do-livro-de-guarulhos\/2372829\" target=\"_blank\">\n\t\t\t\t\t\t\t<img width=\"819\" height=\"1024\" src=\"https:\/\/portaleducacao.guarulhos.sp.gov.br\/wp_site\/portalbienal\/wp-content\/uploads\/sites\/22\/2024\/03\/post_1080x1350_confirmados_ancoras_bienal-819x1024-1.jpg\" class=\"attachment-large size-large wp-image-9065\" alt=\"\" loading=\"lazy\" srcset=\"https:\/\/portaleducacao.guarulhos.sp.gov.br\/wp_site\/portalbienal\/wp-content\/uploads\/sites\/22\/2024\/03\/post_1080x1350_confirmados_ancoras_bienal-819x1024-1.jpg 819w, https:\/\/portaleducacao.guarulhos.sp.gov.br\/wp_site\/portalbienal\/wp-content\/uploads\/sites\/22\/2024\/03\/post_1080x1350_confirmados_ancoras_bienal-819x1024-1-240x300.jpg 240w, https:\/\/portaleducacao.guarulhos.sp.gov.br\/wp_site\/portalbienal\/wp-content\/uploads\/sites\/22\/2024\/03\/post_1080x1350_confirmados_ancoras_bienal-819x1024-1-768x960.jpg 768w\" sizes=\"(max-width: 819px) 100vw, 819px\" \/>\t\t\t\t\t\t\t\t<\/a>\n\t\t\t\t\t\t\t\t\t\t\t\t\t\t\t<\/div>\n\t\t\t\t<\/div>\n\t\t\t\t<\/div>\n\t\t<div class=\"elementor-element elementor-element-088254d e-con-full e-con\" data-id=\"088254d\" data-element_type=\"container\" data-settings=\"{&quot;content_width&quot;:&quot;full&quot;}\">\n\t\t\t\t<div class=\"elementor-element elementor-element-074ac3b elementor-widget elementor-widget-image\" data-id=\"074ac3b\" data-element_type=\"widget\" data-widget_type=\"image.default\">\n\t\t\t\t<div class=\"elementor-widget-container\">\n\t\t\t\t\t\t\t\t\t\t\t\t\t\t\t\t<a href=\"https:\/\/www.sympla.com.br\/evento\/rodrigo-franca-3-bienal-internacional-do-livro-de-guarulhos\/2372276\" target=\"_blank\">\n\t\t\t\t\t\t\t<img width=\"820\" height=\"1024\" src=\"https:\/\/portaleducacao.guarulhos.sp.gov.br\/wp_site\/portalbienal\/wp-content\/uploads\/sites\/22\/2024\/03\/21_03_rodrigo_franca-1-820x1024-1.jpg\" class=\"attachment-large size-large wp-image-9107\" alt=\"\" loading=\"lazy\" srcset=\"https:\/\/portaleducacao.guarulhos.sp.gov.br\/wp_site\/portalbienal\/wp-content\/uploads\/sites\/22\/2024\/03\/21_03_rodrigo_franca-1-820x1024-1.jpg 820w, https:\/\/portaleducacao.guarulhos.sp.gov.br\/wp_site\/portalbienal\/wp-content\/uploads\/sites\/22\/2024\/03\/21_03_rodrigo_franca-1-820x1024-1-240x300.jpg 240w, https:\/\/portaleducacao.guarulhos.sp.gov.br\/wp_site\/portalbienal\/wp-content\/uploads\/sites\/22\/2024\/03\/21_03_rodrigo_franca-1-820x1024-1-768x959.jpg 768w\" sizes=\"(max-width: 820px) 100vw, 820px\" \/>\t\t\t\t\t\t\t\t<\/a>\n\t\t\t\t\t\t\t\t\t\t\t\t\t\t\t<\/div>\n\t\t\t\t<\/div>\n\t\t\t\t<\/div>\n\t\t<div class=\"elementor-element elementor-element-7489847 e-con-full e-con\" data-id=\"7489847\" data-element_type=\"container\" data-settings=\"{&quot;content_width&quot;:&quot;full&quot;}\">\n\t\t\t\t<div class=\"elementor-element elementor-element-d435422 elementor-widget elementor-widget-image\" data-id=\"d435422\" data-element_type=\"widget\" data-widget_type=\"image.default\">\n\t\t\t\t<div class=\"elementor-widget-container\">\n\t\t\t\t\t\t\t\t\t\t\t\t\t\t\t\t<a href=\"https:\/\/www.sympla.com.br\/evento\/marcelo-duarte---3-bienal-internacional-do-livro-de-guarulhos\/2372287\" target=\"_blank\">\n\t\t\t\t\t\t\t<img width=\"819\" height=\"1024\" src=\"https:\/\/portaleducacao.guarulhos.sp.gov.br\/wp_site\/portalbienal\/wp-content\/uploads\/sites\/22\/2024\/03\/22_03_marcelo_duarte-819x1024-1.jpg\" class=\"attachment-large size-large wp-image-9130\" alt=\"\" loading=\"lazy\" srcset=\"https:\/\/portaleducacao.guarulhos.sp.gov.br\/wp_site\/portalbienal\/wp-content\/uploads\/sites\/22\/2024\/03\/22_03_marcelo_duarte-819x1024-1.jpg 819w, https:\/\/portaleducacao.guarulhos.sp.gov.br\/wp_site\/portalbienal\/wp-content\/uploads\/sites\/22\/2024\/03\/22_03_marcelo_duarte-819x1024-1-240x300.jpg 240w, https:\/\/portaleducacao.guarulhos.sp.gov.br\/wp_site\/portalbienal\/wp-content\/uploads\/sites\/22\/2024\/03\/22_03_marcelo_duarte-819x1024-1-768x960.jpg 768w\" sizes=\"(max-width: 819px) 100vw, 819px\" \/>\t\t\t\t\t\t\t\t<\/a>\n\t\t\t\t\t\t\t\t\t\t\t\t\t\t\t<\/div>\n\t\t\t\t<\/div>\n\t\t\t\t<\/div>\n\t\t<div class=\"elementor-element elementor-element-e304e3e e-con-full e-con\" data-id=\"e304e3e\" data-element_type=\"container\" data-settings=\"{&quot;content_width&quot;:&quot;full&quot;}\">\n\t\t\t\t<div class=\"elementor-element elementor-element-238ff62 elementor-widget elementor-widget-image\" data-id=\"238ff62\" data-element_type=\"widget\" data-widget_type=\"image.default\">\n\t\t\t\t<div class=\"elementor-widget-container\">\n\t\t\t\t\t\t\t\t\t\t\t\t\t\t\t\t<a href=\"https:\/\/www.sympla.com.br\/rapha-montes-e-illana-casoy---3-bienal-internacional-do-livro-de-guarulhos__2372835\" target=\"_blank\">\n\t\t\t\t\t\t\t<img width=\"819\" height=\"1024\" src=\"https:\/\/portaleducacao.guarulhos.sp.gov.br\/wp_site\/portalbienal\/wp-content\/uploads\/sites\/22\/2024\/03\/WhatsApp-Image-2024-03-20-at-15.10.26-819x1024-1.jpeg\" class=\"attachment-large size-large wp-image-9142\" alt=\"\" loading=\"lazy\" srcset=\"https:\/\/portaleducacao.guarulhos.sp.gov.br\/wp_site\/portalbienal\/wp-content\/uploads\/sites\/22\/2024\/03\/WhatsApp-Image-2024-03-20-at-15.10.26-819x1024-1.jpeg 819w, https:\/\/portaleducacao.guarulhos.sp.gov.br\/wp_site\/portalbienal\/wp-content\/uploads\/sites\/22\/2024\/03\/WhatsApp-Image-2024-03-20-at-15.10.26-819x1024-1-240x300.jpeg 240w, https:\/\/portaleducacao.guarulhos.sp.gov.br\/wp_site\/portalbienal\/wp-content\/uploads\/sites\/22\/2024\/03\/WhatsApp-Image-2024-03-20-at-15.10.26-819x1024-1-768x960.jpeg 768w\" sizes=\"(max-width: 819px) 100vw, 819px\" \/>\t\t\t\t\t\t\t\t<\/a>\n\t\t\t\t\t\t\t\t\t\t\t\t\t\t\t<\/div>\n\t\t\t\t<\/div>\n\t\t\t\t<\/div>\n\t\t<div class=\"elementor-element elementor-element-a27546d e-con-full e-con\" data-id=\"a27546d\" data-element_type=\"container\" data-settings=\"{&quot;content_width&quot;:&quot;full&quot;}\">\n\t\t\t\t<div class=\"elementor-element elementor-element-d53998e elementor-widget elementor-widget-image\" data-id=\"d53998e\" data-element_type=\"widget\" data-widget_type=\"image.default\">\n\t\t\t\t<div class=\"elementor-widget-container\">\n\t\t\t\t\t\t\t\t\t\t\t\t\t\t\t\t<a href=\"https:\/\/www.sympla.com.br\/evento\/mayte-carvalho-3-bienal-internacional-do-livro-de-guarulhos\/2391821?share_id=copiarlink\" target=\"_blank\">\n\t\t\t\t\t\t\t<img width=\"819\" height=\"1024\" src=\"https:\/\/portaleducacao.guarulhos.sp.gov.br\/wp_site\/portalbienal\/wp-content\/uploads\/sites\/22\/2024\/03\/WhatsApp-Image-2024-03-21-at-18.59.25-819x1024-1.jpeg\" class=\"attachment-large size-large wp-image-9141\" alt=\"\" loading=\"lazy\" srcset=\"https:\/\/portaleducacao.guarulhos.sp.gov.br\/wp_site\/portalbienal\/wp-content\/uploads\/sites\/22\/2024\/03\/WhatsApp-Image-2024-03-21-at-18.59.25-819x1024-1.jpeg 819w, https:\/\/portaleducacao.guarulhos.sp.gov.br\/wp_site\/portalbienal\/wp-content\/uploads\/sites\/22\/2024\/03\/WhatsApp-Image-2024-03-21-at-18.59.25-819x1024-1-240x300.jpeg 240w, https:\/\/portaleducacao.guarulhos.sp.gov.br\/wp_site\/portalbienal\/wp-content\/uploads\/sites\/22\/2024\/03\/WhatsApp-Image-2024-03-21-at-18.59.25-819x1024-1-768x960.jpeg 768w\" sizes=\"(max-width: 819px) 100vw, 819px\" \/>\t\t\t\t\t\t\t\t<\/a>\n\t\t\t\t\t\t\t\t\t\t\t\t\t\t\t<\/div>\n\t\t\t\t<\/div>\n\t\t\t\t<\/div>\n\t\t<div class=\"elementor-element elementor-element-480463a e-con-full e-con\" data-id=\"480463a\" data-element_type=\"container\" data-settings=\"{&quot;content_width&quot;:&quot;full&quot;}\">\n\t\t\t\t<div class=\"elementor-element elementor-element-d4f443e elementor-widget elementor-widget-image\" data-id=\"d4f443e\" data-element_type=\"widget\" data-widget_type=\"image.default\">\n\t\t\t\t<div class=\"elementor-widget-container\">\n\t\t\t\t\t\t\t\t\t\t\t\t\t\t\t\t<a href=\"https:\/\/www.sympla.com.br\/evento\/marco-tulio-lara-3-bienal-internacional-do-livro-de-guarulhos\/2372787\" target=\"_blank\">\n\t\t\t\t\t\t\t<img width=\"819\" height=\"1024\" src=\"https:\/\/portaleducacao.guarulhos.sp.gov.br\/wp_site\/portalbienal\/wp-content\/uploads\/sites\/22\/2024\/03\/24_03_marco_tulio_lara-819x1024.jpg\" class=\"attachment-large size-large wp-image-8763\" alt=\"\" loading=\"lazy\" srcset=\"https:\/\/portaleducacao.guarulhos.sp.gov.br\/wp_site\/portalbienal\/wp-content\/uploads\/sites\/22\/2024\/03\/24_03_marco_tulio_lara-819x1024.jpg 819w, https:\/\/portaleducacao.guarulhos.sp.gov.br\/wp_site\/portalbienal\/wp-content\/uploads\/sites\/22\/2024\/03\/24_03_marco_tulio_lara-240x300.jpg 240w, https:\/\/portaleducacao.guarulhos.sp.gov.br\/wp_site\/portalbienal\/wp-content\/uploads\/sites\/22\/2024\/03\/24_03_marco_tulio_lara-768x960.jpg 768w, https:\/\/portaleducacao.guarulhos.sp.gov.br\/wp_site\/portalbienal\/wp-content\/uploads\/sites\/22\/2024\/03\/24_03_marco_tulio_lara.jpg 1080w\" sizes=\"(max-width: 819px) 100vw, 819px\" \/>\t\t\t\t\t\t\t\t<\/a>\n\t\t\t\t\t\t\t\t\t\t\t\t\t\t\t<\/div>\n\t\t\t\t<\/div>\n\t\t\t\t<\/div>\n\t\t\t\t\t<\/div>\n\t\t\t\t<\/div>\n\t\t<div class=\"elementor-element elementor-element-71682db e-con-boxed e-con\" data-id=\"71682db\" data-element_type=\"container\" data-settings=\"{&quot;background_background&quot;:&quot;classic&quot;,&quot;content_width&quot;:&quot;boxed&quot;}\">\n\t\t\t\t\t<div class=\"e-con-inner\">\n\t\t\t\t<div class=\"elementor-element elementor-element-ad5d3ae elementor-widget elementor-widget-text-editor\" data-id=\"ad5d3ae\" data-element_type=\"widget\" data-widget_type=\"text-editor.default\">\n\t\t\t\t<div class=\"elementor-widget-container\">\n\t\t\t\t\t\t\t<p>Programa\u00e7\u00e3o Infantil\/Fam\u00edlia<br \/><span style=\"color: #7a7a7a; font-size: 22.5px; font-weight: 400;\">(at\u00e9 4 ingressos por pessoa\/cpf)<\/span><\/p>\t\t\t\t\t\t<\/div>\n\t\t\t\t<\/div>\n\t\t\t\t\t<\/div>\n\t\t\t\t<\/div>\n\t\t<div class=\"elementor-element elementor-element-a11f67f e-con-boxed e-con\" data-id=\"a11f67f\" data-element_type=\"container\" data-settings=\"{&quot;background_background&quot;:&quot;classic&quot;,&quot;content_width&quot;:&quot;boxed&quot;}\">\n\t\t\t\t\t<div class=\"e-con-inner\">\n\t\t<div class=\"elementor-element elementor-element-fdd9cd8 e-con-full e-con\" data-id=\"fdd9cd8\" data-element_type=\"container\" data-settings=\"{&quot;content_width&quot;:&quot;full&quot;}\">\n\t\t\t\t<div class=\"elementor-element elementor-element-3147db7 elementor-widget elementor-widget-image\" data-id=\"3147db7\" data-element_type=\"widget\" data-widget_type=\"image.default\">\n\t\t\t\t<div class=\"elementor-widget-container\">\n\t\t\t\t\t\t\t\t\t\t\t\t\t\t\t\t<a href=\"https:\/\/www.sympla.com.br\/evento\/as-aventuras-de-pinoquio-na-terra-do-cordel-3-bienal-internacional-do-livro-de-guarulhos\/2370076\" target=\"_blank\">\n\t\t\t\t\t\t\t<img width=\"576\" height=\"720\" src=\"https:\/\/portaleducacao.guarulhos.sp.gov.br\/wp_site\/portalbienal\/wp-content\/uploads\/sites\/22\/2024\/03\/pinoquio-1.jpg\" class=\"attachment-large size-large wp-image-9041\" alt=\"\" loading=\"lazy\" srcset=\"https:\/\/portaleducacao.guarulhos.sp.gov.br\/wp_site\/portalbienal\/wp-content\/uploads\/sites\/22\/2024\/03\/pinoquio-1.jpg 576w, https:\/\/portaleducacao.guarulhos.sp.gov.br\/wp_site\/portalbienal\/wp-content\/uploads\/sites\/22\/2024\/03\/pinoquio-1-240x300.jpg 240w\" sizes=\"(max-width: 576px) 100vw, 576px\" \/>\t\t\t\t\t\t\t\t<\/a>\n\t\t\t\t\t\t\t\t\t\t\t\t\t\t\t<\/div>\n\t\t\t\t<\/div>\n\t\t\t\t<\/div>\n\t\t<div class=\"elementor-element elementor-element-b2019bd e-con-full e-con\" data-id=\"b2019bd\" data-element_type=\"container\" data-settings=\"{&quot;content_width&quot;:&quot;full&quot;}\">\n\t\t\t\t<div class=\"elementor-element elementor-element-eb918af elementor-widget elementor-widget-image\" data-id=\"eb918af\" data-element_type=\"widget\" data-widget_type=\"image.default\">\n\t\t\t\t<div class=\"elementor-widget-container\">\n\t\t\t\t\t\t\t\t\t\t\t\t\t\t\t\t<a href=\"https:\/\/www.sympla.com.br\/evento\/show-do-bob-zoom---musical-ao-vivo---3-bienal-internacional-do-livro-de-guarulhos\/2370147\" target=\"_blank\">\n\t\t\t\t\t\t\t<img width=\"768\" height=\"960\" src=\"https:\/\/portaleducacao.guarulhos.sp.gov.br\/wp_site\/portalbienal\/wp-content\/uploads\/sites\/22\/2024\/03\/infantil_16_03_zbob_zoom-768x960-1.jpg\" class=\"attachment-large size-large wp-image-9040\" alt=\"\" loading=\"lazy\" srcset=\"https:\/\/portaleducacao.guarulhos.sp.gov.br\/wp_site\/portalbienal\/wp-content\/uploads\/sites\/22\/2024\/03\/infantil_16_03_zbob_zoom-768x960-1.jpg 768w, https:\/\/portaleducacao.guarulhos.sp.gov.br\/wp_site\/portalbienal\/wp-content\/uploads\/sites\/22\/2024\/03\/infantil_16_03_zbob_zoom-768x960-1-240x300.jpg 240w\" sizes=\"(max-width: 768px) 100vw, 768px\" \/>\t\t\t\t\t\t\t\t<\/a>\n\t\t\t\t\t\t\t\t\t\t\t\t\t\t\t<\/div>\n\t\t\t\t<\/div>\n\t\t\t\t<\/div>\n\t\t<div class=\"elementor-element elementor-element-ea52654 e-con-full e-con\" data-id=\"ea52654\" data-element_type=\"container\" data-settings=\"{&quot;content_width&quot;:&quot;full&quot;}\">\n\t\t\t\t<div class=\"elementor-element elementor-element-4359534 elementor-widget elementor-widget-image\" data-id=\"4359534\" data-element_type=\"widget\" data-widget_type=\"image.default\">\n\t\t\t\t<div class=\"elementor-widget-container\">\n\t\t\t\t\t\t\t\t\t\t\t\t\t\t\t\t<a href=\"https:\/\/www.sympla.com.br\/evento\/o-show-da-luna-ao-vivo-3-bienal-internacional-do-livro-de-guarulhos\/2372222\" target=\"_blank\">\n\t\t\t\t\t\t\t<img width=\"768\" height=\"960\" src=\"https:\/\/portaleducacao.guarulhos.sp.gov.br\/wp_site\/portalbienal\/wp-content\/uploads\/sites\/22\/2024\/03\/WhatsApp-Image-2024-03-17-at-12.42.57-768x960-1.jpeg\" class=\"attachment-large size-large wp-image-9039\" alt=\"\" loading=\"lazy\" srcset=\"https:\/\/portaleducacao.guarulhos.sp.gov.br\/wp_site\/portalbienal\/wp-content\/uploads\/sites\/22\/2024\/03\/WhatsApp-Image-2024-03-17-at-12.42.57-768x960-1.jpeg 768w, https:\/\/portaleducacao.guarulhos.sp.gov.br\/wp_site\/portalbienal\/wp-content\/uploads\/sites\/22\/2024\/03\/WhatsApp-Image-2024-03-17-at-12.42.57-768x960-1-240x300.jpeg 240w\" sizes=\"(max-width: 768px) 100vw, 768px\" \/>\t\t\t\t\t\t\t\t<\/a>\n\t\t\t\t\t\t\t\t\t\t\t\t\t\t\t<\/div>\n\t\t\t\t<\/div>\n\t\t\t\t<\/div>\n\t\t<div class=\"elementor-element elementor-element-6042b47 e-con-full e-con\" data-id=\"6042b47\" data-element_type=\"container\" data-settings=\"{&quot;content_width&quot;:&quot;full&quot;}\">\n\t\t\t\t<div class=\"elementor-element elementor-element-b80ae4a elementor-widget elementor-widget-image\" data-id=\"b80ae4a\" data-element_type=\"widget\" data-widget_type=\"image.default\">\n\t\t\t\t<div class=\"elementor-widget-container\">\n\t\t\t\t\t\t\t\t\t\t\t\t\t\t\t\t<a href=\"https:\/\/www.sympla.com.br\/evento\/camila-fremder-3-bienal-internacional-do-livro-de-guarulhos\/2372292\" target=\"_blank\">\n\t\t\t\t\t\t\t<img width=\"576\" height=\"720\" src=\"https:\/\/portaleducacao.guarulhos.sp.gov.br\/wp_site\/portalbienal\/wp-content\/uploads\/sites\/22\/2024\/03\/fremder-1.jpg\" class=\"attachment-large size-large wp-image-9145\" alt=\"\" loading=\"lazy\" srcset=\"https:\/\/portaleducacao.guarulhos.sp.gov.br\/wp_site\/portalbienal\/wp-content\/uploads\/sites\/22\/2024\/03\/fremder-1.jpg 576w, https:\/\/portaleducacao.guarulhos.sp.gov.br\/wp_site\/portalbienal\/wp-content\/uploads\/sites\/22\/2024\/03\/fremder-1-240x300.jpg 240w\" sizes=\"(max-width: 576px) 100vw, 576px\" \/>\t\t\t\t\t\t\t\t<\/a>\n\t\t\t\t\t\t\t\t\t\t\t\t\t\t\t<\/div>\n\t\t\t\t<\/div>\n\t\t\t\t<\/div>\n\t\t<div class=\"elementor-element elementor-element-a3723a5 e-con-full e-con\" data-id=\"a3723a5\" data-element_type=\"container\" data-settings=\"{&quot;content_width&quot;:&quot;full&quot;}\">\n\t\t\t\t<div class=\"elementor-element elementor-element-16a664c elementor-widget elementor-widget-image\" data-id=\"16a664c\" data-element_type=\"widget\" data-widget_type=\"image.default\">\n\t\t\t\t<div class=\"elementor-widget-container\">\n\t\t\t\t\t\t\t\t\t\t\t\t\t\t\t\t<a href=\"https:\/\/www.sympla.com.br\/evento\/barbatuques-3-bienal-internacional-do-livro-de-guarulhos\/2372297\" target=\"_blank\">\n\t\t\t\t\t\t\t<img width=\"819\" height=\"1024\" src=\"https:\/\/portaleducacao.guarulhos.sp.gov.br\/wp_site\/portalbienal\/wp-content\/uploads\/sites\/22\/2024\/03\/WhatsApp-Image-2024-03-20-at-14.40.28-819x1024-1.jpeg\" class=\"attachment-large size-large wp-image-9144\" alt=\"\" loading=\"lazy\" srcset=\"https:\/\/portaleducacao.guarulhos.sp.gov.br\/wp_site\/portalbienal\/wp-content\/uploads\/sites\/22\/2024\/03\/WhatsApp-Image-2024-03-20-at-14.40.28-819x1024-1.jpeg 819w, https:\/\/portaleducacao.guarulhos.sp.gov.br\/wp_site\/portalbienal\/wp-content\/uploads\/sites\/22\/2024\/03\/WhatsApp-Image-2024-03-20-at-14.40.28-819x1024-1-240x300.jpeg 240w, https:\/\/portaleducacao.guarulhos.sp.gov.br\/wp_site\/portalbienal\/wp-content\/uploads\/sites\/22\/2024\/03\/WhatsApp-Image-2024-03-20-at-14.40.28-819x1024-1-768x960.jpeg 768w\" sizes=\"(max-width: 819px) 100vw, 819px\" \/>\t\t\t\t\t\t\t\t<\/a>\n\t\t\t\t\t\t\t\t\t\t\t\t\t\t\t<\/div>\n\t\t\t\t<\/div>\n\t\t\t\t<\/div>\n\t\t<div class=\"elementor-element elementor-element-a09604c e-con-full e-con\" data-id=\"a09604c\" data-element_type=\"container\" data-settings=\"{&quot;content_width&quot;:&quot;full&quot;}\">\n\t\t\t\t<div class=\"elementor-element elementor-element-0e70ab7 elementor-widget elementor-widget-image\" data-id=\"0e70ab7\" data-element_type=\"widget\" data-widget_type=\"image.default\">\n\t\t\t\t<div class=\"elementor-widget-container\">\n\t\t\t\t\t\t\t\t\t\t\t\t\t\t\t\t<a href=\"https:\/\/www.sympla.com.br\/evento\/atividade-infantil-surpresa-3-bienal-internacional-do-livro-de-guarulhos\/2391398\" target=\"_blank\">\n\t\t\t\t\t\t\t<img width=\"819\" height=\"1024\" src=\"https:\/\/portaleducacao.guarulhos.sp.gov.br\/wp_site\/portalbienal\/wp-content\/uploads\/sites\/22\/2024\/03\/WhatsApp-Image-2024-03-21-at-16.35.39-1-819x1024-1.jpeg\" class=\"attachment-large size-large wp-image-9143\" alt=\"\" loading=\"lazy\" srcset=\"https:\/\/portaleducacao.guarulhos.sp.gov.br\/wp_site\/portalbienal\/wp-content\/uploads\/sites\/22\/2024\/03\/WhatsApp-Image-2024-03-21-at-16.35.39-1-819x1024-1.jpeg 819w, https:\/\/portaleducacao.guarulhos.sp.gov.br\/wp_site\/portalbienal\/wp-content\/uploads\/sites\/22\/2024\/03\/WhatsApp-Image-2024-03-21-at-16.35.39-1-819x1024-1-240x300.jpeg 240w, https:\/\/portaleducacao.guarulhos.sp.gov.br\/wp_site\/portalbienal\/wp-content\/uploads\/sites\/22\/2024\/03\/WhatsApp-Image-2024-03-21-at-16.35.39-1-819x1024-1-768x960.jpeg 768w\" sizes=\"(max-width: 819px) 100vw, 819px\" \/>\t\t\t\t\t\t\t\t<\/a>\n\t\t\t\t\t\t\t\t\t\t\t\t\t\t\t<\/div>\n\t\t\t\t<\/div>\n\t\t\t\t<\/div>\n\t\t<div class=\"elementor-element elementor-element-e8ad1b9 e-con-full e-con\" data-id=\"e8ad1b9\" data-element_type=\"container\" data-settings=\"{&quot;content_width&quot;:&quot;full&quot;}\">\n\t\t\t\t<div class=\"elementor-element elementor-element-af4142c elementor-widget elementor-widget-image\" data-id=\"af4142c\" data-element_type=\"widget\" data-widget_type=\"image.default\">\n\t\t\t\t<div class=\"elementor-widget-container\">\n\t\t\t\t\t\t\t\t\t\t\t\t\t\t\t\t<a href=\"https:\/\/www.sympla.com.br\/evento\/beatles-para-criancas-3-bienal-internacional-do-livro-de-guarulhos\/2372839\" target=\"_blank\">\n\t\t\t\t\t\t\t<img width=\"819\" height=\"1024\" src=\"https:\/\/portaleducacao.guarulhos.sp.gov.br\/wp_site\/portalbienal\/wp-content\/uploads\/sites\/22\/2024\/03\/WhatsApp-Image-2024-03-20-at-15.19.25-819x1024.jpeg\" class=\"attachment-large size-large wp-image-9075\" alt=\"\" loading=\"lazy\" srcset=\"https:\/\/portaleducacao.guarulhos.sp.gov.br\/wp_site\/portalbienal\/wp-content\/uploads\/sites\/22\/2024\/03\/WhatsApp-Image-2024-03-20-at-15.19.25-819x1024.jpeg 819w, https:\/\/portaleducacao.guarulhos.sp.gov.br\/wp_site\/portalbienal\/wp-content\/uploads\/sites\/22\/2024\/03\/WhatsApp-Image-2024-03-20-at-15.19.25-240x300.jpeg 240w, https:\/\/portaleducacao.guarulhos.sp.gov.br\/wp_site\/portalbienal\/wp-content\/uploads\/sites\/22\/2024\/03\/WhatsApp-Image-2024-03-20-at-15.19.25-768x961.jpeg 768w, https:\/\/portaleducacao.guarulhos.sp.gov.br\/wp_site\/portalbienal\/wp-content\/uploads\/sites\/22\/2024\/03\/WhatsApp-Image-2024-03-20-at-15.19.25-1228x1536.jpeg 1228w, https:\/\/portaleducacao.guarulhos.sp.gov.br\/wp_site\/portalbienal\/wp-content\/uploads\/sites\/22\/2024\/03\/WhatsApp-Image-2024-03-20-at-15.19.25.jpeg 1279w\" sizes=\"(max-width: 819px) 100vw, 819px\" \/>\t\t\t\t\t\t\t\t<\/a>\n\t\t\t\t\t\t\t\t\t\t\t\t\t\t\t<\/div>\n\t\t\t\t<\/div>\n\t\t\t\t<\/div>\n\t\t\t\t\t<\/div>\n\t\t\t\t<\/div>\n\t\t\t\t\t\t\t<\/div>\n\t\t","protected":false},"excerpt":{"rendered":"<p>Ingressos Gratuitos Bate-papo com os Autores(at\u00e9 2 ingressos por pessoa\/cpf) Todas as atividades s\u00e3o acess\u00edveis em Libras Programa\u00e7\u00e3o Infantil\/Fam\u00edlia(at\u00e9 4 ingressos por pessoa\/cpf)<\/p>\n","protected":false},"author":1,"featured_media":0,"parent":0,"menu_order":0,"comment_status":"closed","ping_status":"closed","template":"","meta":{"_monsterinsights_skip_tracking":false,"_monsterinsights_sitenote_active":false,"_monsterinsights_sitenote_note":"","_monsterinsights_sitenote_category":0,"site-sidebar-layout":"no-sidebar","site-content-layout":"page-builder","ast-global-header-display":"","ast-main-header-display":"","ast-hfb-above-header-display":"","ast-hfb-below-header-display":"","ast-hfb-mobile-header-display":"","site-post-title":"disabled","ast-breadcrumbs-content":"","ast-featured-img":"disabled","footer-sml-layout":"","theme-transparent-header-meta":"","adv-header-id-meta":"","stick-header-meta":"","header-above-stick-meta":"","header-main-stick-meta":"","header-below-stick-meta":"","_expiration-date-status":"","_expiration-date":0,"_expiration-date-type":"","_expiration-date-categories":[],"_expiration-date-options":[]},"categories":[],"tags":[],"yoast_head":"<!-- This site is optimized with the Yoast SEO plugin v19.7.1 - https:\/\/yoast.com\/wordpress\/plugins\/seo\/ -->\r\n<title>Ingressos Gratuitos - Bienal do Livro de Guarulhos - 2024<\/title>\r\n<meta name=\"robots\" content=\"index, follow, max-snippet:-1, max-image-preview:large, max-video-preview:-1\" \/>\r\n<link rel=\"canonical\" href=\"https:\/\/portaleducacao.guarulhos.sp.gov.br\/wp_site\/portalbienal\/ingressos\/\" \/>\r\n<meta property=\"og:locale\" content=\"pt_BR\" \/>\r\n<meta property=\"og:type\" content=\"article\" \/>\r\n<meta property=\"og:title\" content=\"Ingressos Gratuitos - Bienal do Livro de Guarulhos - 2024\" \/>\r\n<meta property=\"og:description\" content=\"Ingressos Gratuitos Bate-papo com os Autores(at\u00e9 2 ingressos por pessoa\/cpf) Todas as atividades s\u00e3o acess\u00edveis em Libras Programa\u00e7\u00e3o Infantil\/Fam\u00edlia(at\u00e9 4 ingressos por pessoa\/cpf)\" \/>\r\n<meta property=\"og:url\" content=\"https:\/\/portaleducacao.guarulhos.sp.gov.br\/wp_site\/portalbienal\/ingressos\/\" \/>\r\n<meta property=\"og:site_name\" content=\"Bienal do Livro de Guarulhos - 2024\" \/>\r\n<meta property=\"article:modified_time\" content=\"2024-03-24T15:49:15+00:00\" \/>\r\n<meta property=\"og:image\" content=\"http:\/\/portaleducacao.guarulhos.sp.gov.br\/wp_site\/portalbienal\/wp-content\/uploads\/sites\/22\/2024\/03\/16_03_02_loyola-768x960-1.jpg\" \/>\r\n<meta name=\"twitter:card\" content=\"summary_large_image\" \/>\r\n<meta name=\"twitter:label1\" content=\"Est. tempo de leitura\" \/>\n\t<meta name=\"twitter:data1\" content=\"4 minutos\" \/>\r\n<script type=\"application\/ld+json\" class=\"yoast-schema-graph\">{\"@context\":\"https:\/\/schema.org\",\"@graph\":[{\"@type\":\"WebPage\",\"@id\":\"https:\/\/portaleducacao.guarulhos.sp.gov.br\/wp_site\/portalbienal\/ingressos\/\",\"url\":\"https:\/\/portaleducacao.guarulhos.sp.gov.br\/wp_site\/portalbienal\/ingressos\/\",\"name\":\"Ingressos Gratuitos - Bienal do Livro de Guarulhos - 2024\",\"isPartOf\":{\"@id\":\"https:\/\/portaleducacao.guarulhos.sp.gov.br\/wp_site\/portalbienal\/#website\"},\"datePublished\":\"2024-03-08T19:43:24+00:00\",\"dateModified\":\"2024-03-24T15:49:15+00:00\",\"breadcrumb\":{\"@id\":\"https:\/\/portaleducacao.guarulhos.sp.gov.br\/wp_site\/portalbienal\/ingressos\/#breadcrumb\"},\"inLanguage\":\"pt-BR\",\"potentialAction\":[{\"@type\":\"ReadAction\",\"target\":[\"https:\/\/portaleducacao.guarulhos.sp.gov.br\/wp_site\/portalbienal\/ingressos\/\"]}]},{\"@type\":\"BreadcrumbList\",\"@id\":\"https:\/\/portaleducacao.guarulhos.sp.gov.br\/wp_site\/portalbienal\/ingressos\/#breadcrumb\",\"itemListElement\":[{\"@type\":\"ListItem\",\"position\":1,\"name\":\"In\u00edcio\",\"item\":\"https:\/\/portaleducacao.guarulhos.sp.gov.br\/wp_site\/portalbienal\/\"},{\"@type\":\"ListItem\",\"position\":2,\"name\":\"Ingressos Gratuitos\"}]},{\"@type\":\"WebSite\",\"@id\":\"https:\/\/portaleducacao.guarulhos.sp.gov.br\/wp_site\/portalbienal\/#website\",\"url\":\"https:\/\/portaleducacao.guarulhos.sp.gov.br\/wp_site\/portalbienal\/\",\"name\":\"Bienal do Livro de Guarulhos - 2024\",\"description\":\"Secretaria de Educa\u00e7\u00e3o - Prefeitura de Guarulhos\",\"publisher\":{\"@id\":\"https:\/\/portaleducacao.guarulhos.sp.gov.br\/wp_site\/portalbienal\/#organization\"},\"potentialAction\":[{\"@type\":\"SearchAction\",\"target\":{\"@type\":\"EntryPoint\",\"urlTemplate\":\"https:\/\/portaleducacao.guarulhos.sp.gov.br\/wp_site\/portalbienal\/?s={search_term_string}\"},\"query-input\":\"required name=search_term_string\"}],\"inLanguage\":\"pt-BR\"},{\"@type\":\"Organization\",\"@id\":\"https:\/\/portaleducacao.guarulhos.sp.gov.br\/wp_site\/portalbienal\/#organization\",\"name\":\"Bienal do Livro de Guarulhos - 2024\",\"url\":\"https:\/\/portaleducacao.guarulhos.sp.gov.br\/wp_site\/portalbienal\/\",\"sameAs\":[],\"logo\":{\"@type\":\"ImageObject\",\"inLanguage\":\"pt-BR\",\"@id\":\"https:\/\/portaleducacao.guarulhos.sp.gov.br\/wp_site\/portalbienal\/#\/schema\/logo\/image\/\",\"url\":\"https:\/\/portaleducacao.guarulhos.sp.gov.br\/wp_site\/portalbienal\/wp-content\/uploads\/sites\/22\/2022\/07\/logo_site.jpg\",\"contentUrl\":\"https:\/\/portaleducacao.guarulhos.sp.gov.br\/wp_site\/portalbienal\/wp-content\/uploads\/sites\/22\/2022\/07\/logo_site.jpg\",\"width\":350,\"height\":100,\"caption\":\"Bienal do Livro de Guarulhos - 2024\"},\"image\":{\"@id\":\"https:\/\/portaleducacao.guarulhos.sp.gov.br\/wp_site\/portalbienal\/#\/schema\/logo\/image\/\"}}]}<\/script>\r\n<!-- \/ Yoast SEO plugin. -->","yoast_head_json":{"title":"Ingressos Gratuitos - Bienal do Livro de Guarulhos - 2024","robots":{"index":"index","follow":"follow","max-snippet":"max-snippet:-1","max-image-preview":"max-image-preview:large","max-video-preview":"max-video-preview:-1"},"canonical":"https:\/\/portaleducacao.guarulhos.sp.gov.br\/wp_site\/portalbienal\/ingressos\/","og_locale":"pt_BR","og_type":"article","og_title":"Ingressos Gratuitos - Bienal do Livro de Guarulhos - 2024","og_description":"Ingressos Gratuitos Bate-papo com os Autores(at\u00e9 2 ingressos por pessoa\/cpf) Todas as atividades s\u00e3o acess\u00edveis em Libras Programa\u00e7\u00e3o Infantil\/Fam\u00edlia(at\u00e9 4 ingressos por pessoa\/cpf)","og_url":"https:\/\/portaleducacao.guarulhos.sp.gov.br\/wp_site\/portalbienal\/ingressos\/","og_site_name":"Bienal do Livro de Guarulhos - 2024","article_modified_time":"2024-03-24T15:49:15+00:00","og_image":[{"url":"http:\/\/portaleducacao.guarulhos.sp.gov.br\/wp_site\/portalbienal\/wp-content\/uploads\/sites\/22\/2024\/03\/16_03_02_loyola-768x960-1.jpg"}],"twitter_card":"summary_large_image","twitter_misc":{"Est. tempo de leitura":"4 minutos"},"schema":{"@context":"https:\/\/schema.org","@graph":[{"@type":"WebPage","@id":"https:\/\/portaleducacao.guarulhos.sp.gov.br\/wp_site\/portalbienal\/ingressos\/","url":"https:\/\/portaleducacao.guarulhos.sp.gov.br\/wp_site\/portalbienal\/ingressos\/","name":"Ingressos Gratuitos - Bienal do Livro de Guarulhos - 2024","isPartOf":{"@id":"https:\/\/portaleducacao.guarulhos.sp.gov.br\/wp_site\/portalbienal\/#website"},"datePublished":"2024-03-08T19:43:24+00:00","dateModified":"2024-03-24T15:49:15+00:00","breadcrumb":{"@id":"https:\/\/portaleducacao.guarulhos.sp.gov.br\/wp_site\/portalbienal\/ingressos\/#breadcrumb"},"inLanguage":"pt-BR","potentialAction":[{"@type":"ReadAction","target":["https:\/\/portaleducacao.guarulhos.sp.gov.br\/wp_site\/portalbienal\/ingressos\/"]}]},{"@type":"BreadcrumbList","@id":"https:\/\/portaleducacao.guarulhos.sp.gov.br\/wp_site\/portalbienal\/ingressos\/#breadcrumb","itemListElement":[{"@type":"ListItem","position":1,"name":"In\u00edcio","item":"https:\/\/portaleducacao.guarulhos.sp.gov.br\/wp_site\/portalbienal\/"},{"@type":"ListItem","position":2,"name":"Ingressos Gratuitos"}]},{"@type":"WebSite","@id":"https:\/\/portaleducacao.guarulhos.sp.gov.br\/wp_site\/portalbienal\/#website","url":"https:\/\/portaleducacao.guarulhos.sp.gov.br\/wp_site\/portalbienal\/","name":"Bienal do Livro de Guarulhos - 2024","description":"Secretaria de Educa\u00e7\u00e3o - Prefeitura de Guarulhos","publisher":{"@id":"https:\/\/portaleducacao.guarulhos.sp.gov.br\/wp_site\/portalbienal\/#organization"},"potentialAction":[{"@type":"SearchAction","target":{"@type":"EntryPoint","urlTemplate":"https:\/\/portaleducacao.guarulhos.sp.gov.br\/wp_site\/portalbienal\/?s={search_term_string}"},"query-input":"required name=search_term_string"}],"inLanguage":"pt-BR"},{"@type":"Organization","@id":"https:\/\/portaleducacao.guarulhos.sp.gov.br\/wp_site\/portalbienal\/#organization","name":"Bienal do Livro de Guarulhos - 2024","url":"https:\/\/portaleducacao.guarulhos.sp.gov.br\/wp_site\/portalbienal\/","sameAs":[],"logo":{"@type":"ImageObject","inLanguage":"pt-BR","@id":"https:\/\/portaleducacao.guarulhos.sp.gov.br\/wp_site\/portalbienal\/#\/schema\/logo\/image\/","url":"https:\/\/portaleducacao.guarulhos.sp.gov.br\/wp_site\/portalbienal\/wp-content\/uploads\/sites\/22\/2022\/07\/logo_site.jpg","contentUrl":"https:\/\/portaleducacao.guarulhos.sp.gov.br\/wp_site\/portalbienal\/wp-content\/uploads\/sites\/22\/2022\/07\/logo_site.jpg","width":350,"height":100,"caption":"Bienal do Livro de Guarulhos - 2024"},"image":{"@id":"https:\/\/portaleducacao.guarulhos.sp.gov.br\/wp_site\/portalbienal\/#\/schema\/logo\/image\/"}}]}},"_links":{"self":[{"href":"https:\/\/portaleducacao.guarulhos.sp.gov.br\/wp_site\/portalbienal\/wp-json\/wp\/v2\/pages\/8743"}],"collection":[{"href":"https:\/\/portaleducacao.guarulhos.sp.gov.br\/wp_site\/portalbienal\/wp-json\/wp\/v2\/pages"}],"about":[{"href":"https:\/\/portaleducacao.guarulhos.sp.gov.br\/wp_site\/portalbienal\/wp-json\/wp\/v2\/types\/page"}],"author":[{"embeddable":true,"href":"https:\/\/portaleducacao.guarulhos.sp.gov.br\/wp_site\/portalbienal\/wp-json\/wp\/v2\/users\/1"}],"replies":[{"embeddable":true,"href":"https:\/\/portaleducacao.guarulhos.sp.gov.br\/wp_site\/portalbienal\/wp-json\/wp\/v2\/comments?post=8743"}],"version-history":[{"count":113,"href":"https:\/\/portaleducacao.guarulhos.sp.gov.br\/wp_site\/portalbienal\/wp-json\/wp\/v2\/pages\/8743\/revisions"}],"predecessor-version":[{"id":9148,"href":"https:\/\/portaleducacao.guarulhos.sp.gov.br\/wp_site\/portalbienal\/wp-json\/wp\/v2\/pages\/8743\/revisions\/9148"}],"wp:attachment":[{"href":"https:\/\/portaleducacao.guarulhos.sp.gov.br\/wp_site\/portalbienal\/wp-json\/wp\/v2\/media?parent=8743"}],"wp:term":[{"taxonomy":"category","embeddable":true,"href":"https:\/\/portaleducacao.guarulhos.sp.gov.br\/wp_site\/portalbienal\/wp-json\/wp\/v2\/categories?post=8743"},{"taxonomy":"post_tag","embeddable":true,"href":"https:\/\/portaleducacao.guarulhos.sp.gov.br\/wp_site\/portalbienal\/wp-json\/wp\/v2\/tags?post=8743"}],"curies":[{"name":"wp","href":"https:\/\/api.w.org\/{rel}","templated":true}]}}