{"id":9912,"date":"2024-10-16T09:33:41","date_gmt":"2024-10-16T12:33:41","guid":{"rendered":"https:\/\/portaleducacao.guarulhos.sp.gov.br\/wp_site\/portalbienal\/?page_id=9912"},"modified":"2024-10-17T08:11:11","modified_gmt":"2024-10-17T11:11:11","slug":"bienal_2022","status":"publish","type":"page","link":"https:\/\/portaleducacao.guarulhos.sp.gov.br\/wp_site\/portalbienal\/bienal_2022\/","title":{"rendered":"bienal_2022"},"content":{"rendered":"\t\t<div data-elementor-type=\"wp-page\" data-elementor-id=\"9912\" class=\"elementor elementor-9912\">\n\t\t\t\t\t\t\t<div class=\"elementor-element elementor-element-61bf0ef elementor-hidden-desktop e-con-boxed e-con\" data-id=\"61bf0ef\" data-element_type=\"container\" data-settings=\"{&quot;content_width&quot;:&quot;boxed&quot;}\">\n\t\t\t\t\t<div class=\"e-con-inner\">\n\t\t\t\t<div class=\"elementor-element elementor-element-41581f3 elementor-widget elementor-widget-image\" data-id=\"41581f3\" data-element_type=\"widget\" data-widget_type=\"image.default\">\n\t\t\t\t<div class=\"elementor-widget-container\">\n\t\t\t<style>\/*! elementor - v3.12.1 - 02-04-2023 *\/\n.elementor-widget-image{text-align:center}.elementor-widget-image a{display:inline-block}.elementor-widget-image a img[src$=\".svg\"]{width:48px}.elementor-widget-image img{vertical-align:middle;display:inline-block}<\/style>\t\t\t\t\t\t\t\t\t\t\t\t\t<a href=\"https:\/\/portaleducacao.guarulhos.sp.gov.br\/wp_site\/portalbienal\/ingressos\/\" target=\"_blank\">\n\t\t\t\t\t\t\t<img width=\"1024\" height=\"1024\" src=\"https:\/\/portaleducacao.guarulhos.sp.gov.br\/wp_site\/portalbienal\/wp-content\/uploads\/sites\/22\/2024\/03\/ingressos_novos_lotes-1024x1024.jpg\" class=\"attachment-large size-large wp-image-8975\" alt=\"\" loading=\"lazy\" srcset=\"https:\/\/portaleducacao.guarulhos.sp.gov.br\/wp_site\/portalbienal\/wp-content\/uploads\/sites\/22\/2024\/03\/ingressos_novos_lotes-1024x1024.jpg 1024w, https:\/\/portaleducacao.guarulhos.sp.gov.br\/wp_site\/portalbienal\/wp-content\/uploads\/sites\/22\/2024\/03\/ingressos_novos_lotes-300x300.jpg 300w, https:\/\/portaleducacao.guarulhos.sp.gov.br\/wp_site\/portalbienal\/wp-content\/uploads\/sites\/22\/2024\/03\/ingressos_novos_lotes-150x150.jpg 150w, https:\/\/portaleducacao.guarulhos.sp.gov.br\/wp_site\/portalbienal\/wp-content\/uploads\/sites\/22\/2024\/03\/ingressos_novos_lotes-768x768.jpg 768w, https:\/\/portaleducacao.guarulhos.sp.gov.br\/wp_site\/portalbienal\/wp-content\/uploads\/sites\/22\/2024\/03\/ingressos_novos_lotes.jpg 1080w\" sizes=\"(max-width: 1024px) 100vw, 1024px\" \/>\t\t\t\t\t\t\t\t<\/a>\n\t\t\t\t\t\t\t\t\t\t\t\t\t\t\t<\/div>\n\t\t\t\t<\/div>\n\t\t\t\t\t<\/div>\n\t\t\t\t<\/div>\n\t\t<div class=\"elementor-element elementor-element-a994bd2 e-con-boxed e-con\" data-id=\"a994bd2\" data-element_type=\"container\" data-settings=\"{&quot;background_background&quot;:&quot;classic&quot;,&quot;content_width&quot;:&quot;boxed&quot;}\">\n\t\t\t\t\t<div class=\"e-con-inner\">\n\t\t<div class=\"elementor-element elementor-element-ea185b7 e-con-full e-con\" data-id=\"ea185b7\" data-element_type=\"container\" data-settings=\"{&quot;content_width&quot;:&quot;full&quot;}\">\n\t\t\t\t<div class=\"elementor-element elementor-element-5ffc4f5 elementor-widget elementor-widget-heading\" data-id=\"5ffc4f5\" data-element_type=\"widget\" data-widget_type=\"heading.default\">\n\t\t\t\t<div class=\"elementor-widget-container\">\n\t\t\t<style>\/*! elementor - v3.12.1 - 02-04-2023 *\/\n.elementor-heading-title{padding:0;margin:0;line-height:1}.elementor-widget-heading .elementor-heading-title[class*=elementor-size-]>a{color:inherit;font-size:inherit;line-height:inherit}.elementor-widget-heading .elementor-heading-title.elementor-size-small{font-size:15px}.elementor-widget-heading .elementor-heading-title.elementor-size-medium{font-size:19px}.elementor-widget-heading .elementor-heading-title.elementor-size-large{font-size:29px}.elementor-widget-heading .elementor-heading-title.elementor-size-xl{font-size:39px}.elementor-widget-heading .elementor-heading-title.elementor-size-xxl{font-size:59px}<\/style><h2 class=\"elementor-heading-title elementor-size-default\">BIENAL DO LIVRO DE GUARULHOS <br>\u201cP\u00c1GINAS QUE CONECTAM\"<\/h2>\t\t<\/div>\n\t\t\t\t<\/div>\n\t\t\t\t<\/div>\n\t\t<div class=\"elementor-element elementor-element-7167a9e e-con-full e-con\" data-id=\"7167a9e\" data-element_type=\"container\" data-settings=\"{&quot;content_width&quot;:&quot;full&quot;,&quot;background_background&quot;:&quot;classic&quot;}\">\n\t\t\t\t<div class=\"elementor-element elementor-element-219df89 elementor-arrows-position-inside elementor-widget elementor-widget-image-carousel\" data-id=\"219df89\" data-element_type=\"widget\" data-settings=\"{&quot;slides_to_show&quot;:&quot;1&quot;,&quot;navigation&quot;:&quot;arrows&quot;,&quot;lazyload&quot;:&quot;yes&quot;,&quot;autoplay_speed&quot;:1000,&quot;effect&quot;:&quot;fade&quot;,&quot;speed&quot;:400,&quot;autoplay&quot;:&quot;yes&quot;,&quot;pause_on_hover&quot;:&quot;yes&quot;,&quot;pause_on_interaction&quot;:&quot;yes&quot;,&quot;infinite&quot;:&quot;yes&quot;}\" data-widget_type=\"image-carousel.default\">\n\t\t\t\t<div class=\"elementor-widget-container\">\n\t\t\t<style>\/*! elementor - v3.12.1 - 02-04-2023 *\/\n.elementor-widget-image-carousel .swiper,.elementor-widget-image-carousel .swiper-container{position:static}.elementor-widget-image-carousel .swiper-container .swiper-slide figure,.elementor-widget-image-carousel .swiper .swiper-slide figure{line-height:inherit}.elementor-widget-image-carousel .swiper-slide{text-align:center}.elementor-image-carousel-wrapper:not(.swiper-container-initialized) .swiper-slide,.elementor-image-carousel-wrapper:not(.swiper-initialized) .swiper-slide{max-width:calc(100% \/ var(--e-image-carousel-slides-to-show, 3))}<\/style>\t\t<div class=\"elementor-image-carousel-wrapper swiper-container\" dir=\"ltr\">\n\t\t\t<div class=\"elementor-image-carousel swiper-wrapper swiper-image-stretch\">\n\t\t\t\t\t\t\t\t<div class=\"swiper-slide\"><figure class=\"swiper-slide-inner\"><img class=\"swiper-slide-image swiper-lazy\" data-src=\"https:\/\/portaleducacao.guarulhos.sp.gov.br\/wp_site\/portalbienal\/wp-content\/uploads\/sites\/22\/2022\/08\/986A9988-scaled.jpg\" alt=\"986A9988\" \/><div class=\"swiper-lazy-preloader\"><\/div><\/figure><\/div><div class=\"swiper-slide\"><figure class=\"swiper-slide-inner\"><img class=\"swiper-slide-image swiper-lazy\" data-src=\"https:\/\/portaleducacao.guarulhos.sp.gov.br\/wp_site\/portalbienal\/wp-content\/uploads\/sites\/22\/2022\/08\/bienal-livro8-Gezer-Amorim.jpeg\" alt=\"bienal livro8 Gezer Amorim\" \/><div class=\"swiper-lazy-preloader\"><\/div><\/figure><\/div><div class=\"swiper-slide\"><figure class=\"swiper-slide-inner\"><img class=\"swiper-slide-image swiper-lazy\" data-src=\"https:\/\/portaleducacao.guarulhos.sp.gov.br\/wp_site\/portalbienal\/wp-content\/uploads\/sites\/22\/2022\/08\/Fernanda-Takai-por-Weber-Padua-1-scaled.jpg\" alt=\"Fernanda Takai por Weber P\u00e1dua 1\" \/><div class=\"swiper-lazy-preloader\"><\/div><\/figure><\/div><div class=\"swiper-slide\"><figure class=\"swiper-slide-inner\"><img class=\"swiper-slide-image swiper-lazy\" data-src=\"https:\/\/portaleducacao.guarulhos.sp.gov.br\/wp_site\/portalbienal\/wp-content\/uploads\/sites\/22\/2022\/08\/WhatsApp-Image-2022-08-05-at-15.18.03.jpeg\" alt=\"WhatsApp Image 2022-08-05 at 15.18.03\" \/><div class=\"swiper-lazy-preloader\"><\/div><\/figure><\/div><div class=\"swiper-slide\"><figure class=\"swiper-slide-inner\"><img class=\"swiper-slide-image swiper-lazy\" data-src=\"https:\/\/portaleducacao.guarulhos.sp.gov.br\/wp_site\/portalbienal\/wp-content\/uploads\/sites\/22\/2022\/08\/WhatsApp-Image-2022-08-05-at-21.57.52.jpeg\" alt=\"WhatsApp Image 2022-08-05 at 21.57.52\" \/><div class=\"swiper-lazy-preloader\"><\/div><\/figure><\/div><div class=\"swiper-slide\"><figure class=\"swiper-slide-inner\"><img class=\"swiper-slide-image swiper-lazy\" data-src=\"https:\/\/portaleducacao.guarulhos.sp.gov.br\/wp_site\/portalbienal\/wp-content\/uploads\/sites\/22\/2023\/07\/wendelBezerra-2-1-scaled.jpg\" alt=\"Wendel Bezerra\" \/><div class=\"swiper-lazy-preloader\"><\/div><\/figure><\/div><div class=\"swiper-slide\"><figure class=\"swiper-slide-inner\"><img class=\"swiper-slide-image swiper-lazy\" data-src=\"https:\/\/portaleducacao.guarulhos.sp.gov.br\/wp_site\/portalbienal\/wp-content\/uploads\/sites\/22\/2023\/07\/publicoBienal-20.jpg\" alt=\"Publico Bienal\" \/><div class=\"swiper-lazy-preloader\"><\/div><\/figure><\/div><div class=\"swiper-slide\"><figure class=\"swiper-slide-inner\"><img class=\"swiper-slide-image swiper-lazy\" data-src=\"https:\/\/portaleducacao.guarulhos.sp.gov.br\/wp_site\/portalbienal\/wp-content\/uploads\/sites\/22\/2023\/07\/publicoBienal-19.jpg\" alt=\"Publico Bienal\" \/><div class=\"swiper-lazy-preloader\"><\/div><\/figure><\/div><div class=\"swiper-slide\"><figure class=\"swiper-slide-inner\"><img class=\"swiper-slide-image swiper-lazy\" data-src=\"https:\/\/portaleducacao.guarulhos.sp.gov.br\/wp_site\/portalbienal\/wp-content\/uploads\/sites\/22\/2023\/07\/talitaReboucas-4.jpg\" alt=\"Talita Rebou\u00e7as\" \/><div class=\"swiper-lazy-preloader\"><\/div><\/figure><\/div><div class=\"swiper-slide\"><figure class=\"swiper-slide-inner\"><img class=\"swiper-slide-image swiper-lazy\" data-src=\"https:\/\/portaleducacao.guarulhos.sp.gov.br\/wp_site\/portalbienal\/wp-content\/uploads\/sites\/22\/2023\/07\/wendelBezerra-14-scaled.jpg\" alt=\"Wendel Bezerra\" \/><div class=\"swiper-lazy-preloader\"><\/div><\/figure><\/div><div class=\"swiper-slide\"><figure class=\"swiper-slide-inner\"><img class=\"swiper-slide-image swiper-lazy\" data-src=\"https:\/\/portaleducacao.guarulhos.sp.gov.br\/wp_site\/portalbienal\/wp-content\/uploads\/sites\/22\/2023\/07\/wendelBezerra-15-scaled.jpg\" alt=\"Wendel Bezerra\" \/><div class=\"swiper-lazy-preloader\"><\/div><\/figure><\/div><div class=\"swiper-slide\"><figure class=\"swiper-slide-inner\"><img class=\"swiper-slide-image swiper-lazy\" data-src=\"https:\/\/portaleducacao.guarulhos.sp.gov.br\/wp_site\/portalbienal\/wp-content\/uploads\/sites\/22\/2023\/07\/rodrigoFranca3-2-scaled.jpg\" alt=\"Rodrigo Franca\" \/><div class=\"swiper-lazy-preloader\"><\/div><\/figure><\/div><div class=\"swiper-slide\"><figure class=\"swiper-slide-inner\"><img class=\"swiper-slide-image swiper-lazy\" data-src=\"https:\/\/portaleducacao.guarulhos.sp.gov.br\/wp_site\/portalbienal\/wp-content\/uploads\/sites\/22\/2023\/07\/sergioVaz-18.jpg\" alt=\"Sergio Vaz\" \/><div class=\"swiper-lazy-preloader\"><\/div><\/figure><\/div><div class=\"swiper-slide\"><figure class=\"swiper-slide-inner\"><img class=\"swiper-slide-image swiper-lazy\" data-src=\"https:\/\/portaleducacao.guarulhos.sp.gov.br\/wp_site\/portalbienal\/wp-content\/uploads\/sites\/22\/2023\/07\/marcoTulio-18-scaled.jpg\" alt=\"Marco Tulio\" \/><div class=\"swiper-lazy-preloader\"><\/div><\/figure><\/div><div class=\"swiper-slide\"><figure class=\"swiper-slide-inner\"><img class=\"swiper-slide-image swiper-lazy\" data-src=\"https:\/\/portaleducacao.guarulhos.sp.gov.br\/wp_site\/portalbienal\/wp-content\/uploads\/sites\/22\/2023\/07\/chicoFeliti-7.jpg\" alt=\"Chico Felitti\" \/><div class=\"swiper-lazy-preloader\"><\/div><\/figure><\/div><div class=\"swiper-slide\"><figure class=\"swiper-slide-inner\"><img class=\"swiper-slide-image swiper-lazy\" data-src=\"https:\/\/portaleducacao.guarulhos.sp.gov.br\/wp_site\/portalbienal\/wp-content\/uploads\/sites\/22\/2023\/07\/fernandaTakai-2.jpg\" alt=\"Fernanda Takai\" \/><div class=\"swiper-lazy-preloader\"><\/div><\/figure><\/div><div class=\"swiper-slide\"><figure class=\"swiper-slide-inner\"><img class=\"swiper-slide-image swiper-lazy\" data-src=\"https:\/\/portaleducacao.guarulhos.sp.gov.br\/wp_site\/portalbienal\/wp-content\/uploads\/sites\/22\/2023\/07\/fernandaTakai-9.jpg\" alt=\"Fernanda Takai\" \/><div class=\"swiper-lazy-preloader\"><\/div><\/figure><\/div><div class=\"swiper-slide\"><figure class=\"swiper-slide-inner\"><img class=\"swiper-slide-image swiper-lazy\" data-src=\"https:\/\/portaleducacao.guarulhos.sp.gov.br\/wp_site\/portalbienal\/wp-content\/uploads\/sites\/22\/2023\/07\/marcoTulio-24-scaled.jpg\" alt=\"Marco Tulio\" \/><div class=\"swiper-lazy-preloader\"><\/div><\/figure><\/div><div class=\"swiper-slide\"><figure class=\"swiper-slide-inner\"><img class=\"swiper-slide-image swiper-lazy\" data-src=\"https:\/\/portaleducacao.guarulhos.sp.gov.br\/wp_site\/portalbienal\/wp-content\/uploads\/sites\/22\/2023\/07\/showLUna2-1.jpg\" alt=\"Show da Luna\" \/><div class=\"swiper-lazy-preloader\"><\/div><\/figure><\/div><div class=\"swiper-slide\"><figure class=\"swiper-slide-inner\"><img class=\"swiper-slide-image swiper-lazy\" data-src=\"https:\/\/portaleducacao.guarulhos.sp.gov.br\/wp_site\/portalbienal\/wp-content\/uploads\/sites\/22\/2023\/07\/publicoBienal-6.jpg\" alt=\"Publico Bienal\" \/><div class=\"swiper-lazy-preloader\"><\/div><\/figure><\/div><div class=\"swiper-slide\"><figure class=\"swiper-slide-inner\"><img class=\"swiper-slide-image swiper-lazy\" data-src=\"https:\/\/portaleducacao.guarulhos.sp.gov.br\/wp_site\/portalbienal\/wp-content\/uploads\/sites\/22\/2023\/07\/publicoBienal-22.jpg\" alt=\"Publico Bienal\" \/><div class=\"swiper-lazy-preloader\"><\/div><\/figure><\/div>\t\t\t<\/div>\n\t\t\t\t\t\t\t\t\t\t\t\t\t\t\t\t<div class=\"elementor-swiper-button elementor-swiper-button-prev\">\n\t\t\t\t\t\t<i aria-hidden=\"true\" class=\"eicon-chevron-left\"><\/i>\t\t\t\t\t\t<span class=\"elementor-screen-only\">Anterior<\/span>\n\t\t\t\t\t<\/div>\n\t\t\t\t\t<div class=\"elementor-swiper-button elementor-swiper-button-next\">\n\t\t\t\t\t\t<i aria-hidden=\"true\" class=\"eicon-chevron-right\"><\/i>\t\t\t\t\t\t<span class=\"elementor-screen-only\">Pr\u00f3ximo<\/span>\n\t\t\t\t\t<\/div>\n\t\t\t\t\t\t\t\t\t<\/div>\n\t\t\t\t<\/div>\n\t\t\t\t<\/div>\n\t\t\t\t<\/div>\n\t\t<div class=\"elementor-element elementor-element-fc66e9c e-con-full e-con\" data-id=\"fc66e9c\" data-element_type=\"container\" data-settings=\"{&quot;content_width&quot;:&quot;full&quot;}\">\n\t\t\t\t<div class=\"elementor-element elementor-element-0628782 elementor-widget elementor-widget-text-editor\" data-id=\"0628782\" data-element_type=\"widget\" data-widget_type=\"text-editor.default\">\n\t\t\t\t<div class=\"elementor-widget-container\">\n\t\t\t<style>\/*! elementor - v3.12.1 - 02-04-2023 *\/\n.elementor-widget-text-editor.elementor-drop-cap-view-stacked .elementor-drop-cap{background-color:#69727d;color:<a href=\"https:\/\/portaleducacao.guarulhos.sp.gov.br\/wp_site\/portalbienal\/tag\/fff\/\">#fff<\/a>}.elementor-widget-text-editor.elementor-drop-cap-view-framed .elementor-drop-cap{color:#69727d;border:3px solid;background-color:transparent}.elementor-widget-text-editor:not(.elementor-drop-cap-view-default) .elementor-drop-cap{margin-top:8px}.elementor-widget-text-editor:not(.elementor-drop-cap-view-default) .elementor-drop-cap-letter{width:1em;height:1em}.elementor-widget-text-editor .elementor-drop-cap{float:left;text-align:center;line-height:1;font-size:50px}.elementor-widget-text-editor .elementor-drop-cap-letter{display:inline-block}<\/style>\t\t\t\t<span style=\"font-style: inherit; font-weight: inherit; text-align: var(--text-align);\">De 5 a 14 de agosto, no Internacional Eventos (antiga Phillips), a Prefeitura Municipal de Guarulhos realizar\u00e1 a segunda edi\u00e7\u00e3o do maior evento liter\u00e1rio e cultural da Cidade, com entrada franca* e mais de 150 horas de programa\u00e7\u00e3o. V\u00e3o rolar palestras, conta\u00e7\u00e3o de hist\u00f3rias, sess\u00f5es de aut\u00f3grafos, apresenta\u00e7\u00f5es musicais, espet\u00e1culos teatrais e muito mais!<\/span>\n\nEste ano, os visitantes desfrutar\u00e3o de uma megaestrutura, com: lounge, espa\u00e7os interativos, ambientes para experi\u00eancias imersivas e pra\u00e7a de alimenta\u00e7\u00e3o com food trucks! Al\u00e9m disso, ser\u00e3o disponibilizados Wi-Fi e estacionamento** totalmente gratuitos.\n\nA BIENAL tamb\u00e9m proporcionar\u00e1 diversas atividades exclusivas para os alunos da Rede Municipal de Ensino, como: conta\u00e7\u00e3o de hist\u00f3rias, f\u00e1bulas e pe\u00e7as teatrais incr\u00edveis!\t\t\t\t\t\t<\/div>\n\t\t\t\t<\/div>\n\t\t\t\t<\/div>\n\t\t<div class=\"elementor-element elementor-element-7f6dbba e-con-full e-con\" data-id=\"7f6dbba\" data-element_type=\"container\" data-settings=\"{&quot;content_width&quot;:&quot;full&quot;}\">\n\t\t\t\t<div class=\"elementor-element elementor-element-c90d21b elementor-widget elementor-widget-text-editor\" data-id=\"c90d21b\" data-element_type=\"widget\" data-widget_type=\"text-editor.default\">\n\t\t\t\t<div class=\"elementor-widget-container\">\n\t\t\t\t\t\t\t<div><p><span style=\"text-align: start;\">A<b><i> BIENAL DO LIVRO DE GUARULHOS \u201cP\u00c1GINAS QUE CONECTAM\u201d<\/i><\/b> conta com o apoio da C\u00e2mara Brasileira do Livro (CBL) e da Academia Guarulhense de Letras (AGL).<\/span><\/p><\/div>\t\t\t\t\t\t<\/div>\n\t\t\t\t<\/div>\n\t\t\t\t<div class=\"elementor-element elementor-element-df4b799 elementor-widget-divider--view-line elementor-widget elementor-widget-divider\" data-id=\"df4b799\" data-element_type=\"widget\" data-widget_type=\"divider.default\">\n\t\t\t\t<div class=\"elementor-widget-container\">\n\t\t\t<style>\/*! elementor - v3.12.1 - 02-04-2023 *\/\n.elementor-widget-divider{--divider-border-style:none;--divider-border-width:1px;--divider-color:#0c0d0e;--divider-icon-size:20px;--divider-element-spacing:10px;--divider-pattern-height:24px;--divider-pattern-size:20px;--divider-pattern-url:none;--divider-pattern-repeat:repeat-x}.elementor-widget-divider .elementor-divider{display:flex}.elementor-widget-divider .elementor-divider__text{font-size:15px;line-height:1;max-width:95%}.elementor-widget-divider .elementor-divider__element{margin:0 var(--divider-element-spacing);flex-shrink:0}.elementor-widget-divider .elementor-icon{font-size:var(--divider-icon-size)}.elementor-widget-divider .elementor-divider-separator{display:flex;margin:0;direction:ltr}.elementor-widget-divider--view-line_icon .elementor-divider-separator,.elementor-widget-divider--view-line_text .elementor-divider-separator{align-items:center}.elementor-widget-divider--view-line_icon .elementor-divider-separator:after,.elementor-widget-divider--view-line_icon .elementor-divider-separator:before,.elementor-widget-divider--view-line_text .elementor-divider-separator:after,.elementor-widget-divider--view-line_text .elementor-divider-separator:before{display:block;content:\"\";border-bottom:0;flex-grow:1;border-top:var(--divider-border-width) var(--divider-border-style) var(--divider-color)}.elementor-widget-divider--element-align-left .elementor-divider .elementor-divider-separator>.elementor-divider__svg:first-of-type{flex-grow:0;flex-shrink:100}.elementor-widget-divider--element-align-left .elementor-divider-separator:before{content:none}.elementor-widget-divider--element-align-left .elementor-divider__element{margin-left:0}.elementor-widget-divider--element-align-right .elementor-divider .elementor-divider-separator>.elementor-divider__svg:last-of-type{flex-grow:0;flex-shrink:100}.elementor-widget-divider--element-align-right .elementor-divider-separator:after{content:none}.elementor-widget-divider--element-align-right .elementor-divider__element{margin-right:0}.elementor-widget-divider:not(.elementor-widget-divider--view-line_text):not(.elementor-widget-divider--view-line_icon) .elementor-divider-separator{border-top:var(--divider-border-width) var(--divider-border-style) var(--divider-color)}.elementor-widget-divider--separator-type-pattern{--divider-border-style:none}.elementor-widget-divider--separator-type-pattern.elementor-widget-divider--view-line .elementor-divider-separator,.elementor-widget-divider--separator-type-pattern:not(.elementor-widget-divider--view-line) .elementor-divider-separator:after,.elementor-widget-divider--separator-type-pattern:not(.elementor-widget-divider--view-line) .elementor-divider-separator:before,.elementor-widget-divider--separator-type-pattern:not([class*=elementor-widget-divider--view]) .elementor-divider-separator{width:100%;min-height:var(--divider-pattern-height);-webkit-mask-size:var(--divider-pattern-size) 100%;mask-size:var(--divider-pattern-size) 100%;-webkit-mask-repeat:var(--divider-pattern-repeat);mask-repeat:var(--divider-pattern-repeat);background-color:var(--divider-color);-webkit-mask-image:var(--divider-pattern-url);mask-image:var(--divider-pattern-url)}.elementor-widget-divider--no-spacing{--divider-pattern-size:auto}.elementor-widget-divider--bg-round{--divider-pattern-repeat:round}.rtl .elementor-widget-divider .elementor-divider__text{direction:rtl}.e-con-inner>.elementor-widget-divider,.e-con>.elementor-widget-divider{width:var(--container-widget-width,100%);--flex-grow:var(--container-widget-flex-grow)}<\/style>\t\t<div class=\"elementor-divider\">\n\t\t\t<span class=\"elementor-divider-separator\">\n\t\t\t\t\t\t<\/span>\n\t\t<\/div>\n\t\t\t\t<\/div>\n\t\t\t\t<\/div>\n\t\t\t\t<\/div>\n\t\t\t\t\t<\/div>\n\t\t\t\t<\/div>\n\t\t<div class=\"elementor-element elementor-element-afb8145 e-con-boxed e-con\" data-id=\"afb8145\" data-element_type=\"container\" data-settings=\"{&quot;background_background&quot;:&quot;classic&quot;,&quot;content_width&quot;:&quot;boxed&quot;}\">\n\t\t\t\t\t<div class=\"e-con-inner\">\n\t\t\t\t<div class=\"elementor-element elementor-element-58fa646 elementor-widget elementor-widget-text-editor\" data-id=\"58fa646\" data-element_type=\"widget\" data-widget_type=\"text-editor.default\">\n\t\t\t\t<div class=\"elementor-widget-container\">\n\t\t\t\t\t\t\t<div>Confira um pouco do que rolou na 2\u00ba Bienal do livro<\/div>\t\t\t\t\t\t<\/div>\n\t\t\t\t<\/div>\n\t\t\t\t\t<\/div>\n\t\t\t\t<\/div>\n\t\t<div class=\"elementor-element elementor-element-0b4899a e-con-full elementor-hidden-mobile e-con\" data-id=\"0b4899a\" data-element_type=\"container\" data-settings=\"{&quot;content_width&quot;:&quot;full&quot;,&quot;background_background&quot;:&quot;classic&quot;}\">\n\t\t\t\t<div class=\"elementor-element elementor-element-c91808a elementor-widget elementor-widget-gallery\" data-id=\"c91808a\" data-element_type=\"widget\" data-settings=\"{&quot;gallery_layout&quot;:&quot;masonry&quot;,&quot;columns_mobile&quot;:2,&quot;gap&quot;:{&quot;unit&quot;:&quot;px&quot;,&quot;size&quot;:1,&quot;sizes&quot;:[]},&quot;overlay_title&quot;:&quot;title&quot;,&quot;columns&quot;:5,&quot;columns_tablet&quot;:2,&quot;gap_tablet&quot;:{&quot;unit&quot;:&quot;px&quot;,&quot;size&quot;:10,&quot;sizes&quot;:[]},&quot;gap_mobile&quot;:{&quot;unit&quot;:&quot;px&quot;,&quot;size&quot;:10,&quot;sizes&quot;:[]},&quot;link_to&quot;:&quot;file&quot;,&quot;show_all_galleries&quot;:&quot;yes&quot;,&quot;overlay_background&quot;:&quot;yes&quot;,&quot;content_hover_animation&quot;:&quot;fade-in&quot;}\" data-widget_type=\"gallery.default\">\n\t\t\t\t<div class=\"elementor-widget-container\">\n\t\t\t<link rel=\"stylesheet\" href=\"https:\/\/portaleducacao.guarulhos.sp.gov.br\/wp_site\/portalbienal\/wp-content\/plugins\/elementor-pro\/assets\/css\/widget-nav-menu.min.css\"><style>\/*! elementor-pro - v3.11.1 - 15-02-2023 *\/\n.elementor-gallery__container{min-height:1px}.elementor-gallery-item{position:relative;overflow:hidden;display:block;text-decoration:none;border:solid var(--image-border-width) var(--image-border-color);border-radius:var(--image-border-radius)}.elementor-gallery-item__content,.elementor-gallery-item__overlay{height:100%;width:100%;position:absolute;top:0;left:0}.elementor-gallery-item__overlay{mix-blend-mode:var(--overlay-mix-blend-mode);transition-duration:var(--overlay-transition-duration);transition-property:mix-blend-mode,transform,opacity,background-color}.elementor-gallery-item__image.e-gallery-image{transition-duration:var(--image-transition-duration);transition-property:filter,transform}.elementor-gallery-item__content{display:flex;flex-direction:column;justify-content:var(--content-justify-content,center);align-items:center;text-align:var(--content-text-align);padding:var(--content-padding)}.elementor-gallery-item__content>div{transition-duration:var(--content-transition-duration)}.elementor-gallery-item__content.elementor-gallery--sequenced-animation>div:nth-child(2){transition-delay:calc(var(--content-transition-delay) \/ 3)}.elementor-gallery-item__content.elementor-gallery--sequenced-animation>div:nth-child(3){transition-delay:calc(var(--content-transition-delay) \/ 3 * 2)}.elementor-gallery-item__content.elementor-gallery--sequenced-animation>div:nth-child(4){transition-delay:calc(var(--content-transition-delay) \/ 3 * 3)}.elementor-gallery-item__description{color:var(--description-text-color,#fff);width:100%}.elementor-gallery-item__title{color:var(--title-text-color,#fff);font-weight:700;width:100%}.elementor-gallery__titles-container{display:flex;flex-wrap:wrap;justify-content:var(--titles-container-justify-content,center);margin-bottom:20px}.elementor-gallery__titles-container:not(.e--pointer-framed) .elementor-item:after,.elementor-gallery__titles-container:not(.e--pointer-framed) .elementor-item:before{background-color:var(--galleries-pointer-bg-color-hover)}.elementor-gallery__titles-container:not(.e--pointer-framed) .elementor-item.elementor-item-active:after,.elementor-gallery__titles-container:not(.e--pointer-framed) .elementor-item.elementor-item-active:before{background-color:var(--galleries-pointer-bg-color-active)}.elementor-gallery__titles-container.e--pointer-framed .elementor-item:before{border-color:var(--galleries-pointer-bg-color-hover);border-width:var(--galleries-pointer-border-width)}.elementor-gallery__titles-container.e--pointer-framed .elementor-item:after{border-color:var(--galleries-pointer-bg-color-hover)}.elementor-gallery__titles-container.e--pointer-framed .elementor-item.elementor-item-active:after,.elementor-gallery__titles-container.e--pointer-framed .elementor-item.elementor-item-active:before{border-color:var(--galleries-pointer-bg-color-active)}.elementor-gallery__titles-container.e--pointer-framed.e--animation-draw .elementor-item:before{border-left-width:var(--galleries-pointer-border-width);border-bottom-width:var(--galleries-pointer-border-width);border-right-width:0;border-top-width:0}.elementor-gallery__titles-container.e--pointer-framed.e--animation-draw .elementor-item:after{border-left-width:0;border-bottom-width:0;border-right-width:var(--galleries-pointer-border-width);border-top-width:var(--galleries-pointer-border-width)}.elementor-gallery__titles-container.e--pointer-framed.e--animation-corners .elementor-item:before{border-left-width:var(--galleries-pointer-border-width);border-bottom-width:0;border-right-width:0;border-top-width:var(--galleries-pointer-border-width)}.elementor-gallery__titles-container.e--pointer-framed.e--animation-corners .elementor-item:after{border-left-width:0;border-bottom-width:var(--galleries-pointer-border-width);border-right-width:var(--galleries-pointer-border-width);border-top-width:0}.elementor-gallery__titles-container .e--pointer-double-line .elementor-item:after,.elementor-gallery__titles-container .e--pointer-double-line .elementor-item:before,.elementor-gallery__titles-container .e--pointer-overline .elementor-item:before,.elementor-gallery__titles-container .e--pointer-underline .elementor-item:after{height:var(--galleries-pointer-border-width)}.elementor-gallery-title{--space-between:10px;cursor:pointer;color:#6d7882;font-weight:500;position:relative;padding:7px 14px;transition:all .3s}.elementor-gallery-title--active{color:#495157}.elementor-gallery-title:not(:last-child){margin-right:var(--space-between)}.elementor-gallery-item__title+.elementor-gallery-item__description{margin-top:var(--description-margin-top)}.e-gallery-item.elementor-gallery-item{transition-property:all}.e-gallery-item.elementor-animated-content .elementor-animated-item--enter-from-bottom,.e-gallery-item.elementor-animated-content .elementor-animated-item--enter-from-left,.e-gallery-item.elementor-animated-content .elementor-animated-item--enter-from-right,.e-gallery-item.elementor-animated-content .elementor-animated-item--enter-from-top,.e-gallery-item:hover .elementor-gallery__item-overlay-bg,.e-gallery-item:hover .elementor-gallery__item-overlay-content,.e-gallery-item:hover .elementor-gallery__item-overlay-content__description,.e-gallery-item:hover .elementor-gallery__item-overlay-content__title{opacity:1}a.elementor-item.elementor-gallery-title{color:var(--galleries-title-color-normal)}a.elementor-item.elementor-gallery-title.elementor-item-active,a.elementor-item.elementor-gallery-title.highlighted,a.elementor-item.elementor-gallery-title:focus,a.elementor-item.elementor-gallery-title:hover{color:var(--galleries-title-color-hover)}a.elementor-item.elementor-gallery-title.elementor-item-active{color:var(--gallery-title-color-active)}.e-con-inner>.elementor-widget-gallery,.e-con>.elementor-widget-gallery{width:var(--container-widget-width);--flex-grow:var(--container-widget-flex-grow)}<\/style>\t\t\t<div class=\"elementor-gallery__titles-container e--pointer-overline e--animation-fade\">\n\t\t\t\t\t\t\t\t\t<a data-gallery-index=\"all\" class=\"elementor-item elementor-gallery-title\">\n\t\t\t\t\t\tTodas as Imagens\t\t\t\t\t<\/a>\n\t\t\t\t\n\t\t\t\t\t\t\t\t\t<a data-gallery-index=\"0\" class=\"elementor-item elementor-gallery-title\">\n\t\t\t\t\t\tFabr\u00edcio Carpinejar\t\t\t\t\t<\/a>\n\t\t\t\t\t\t\t\t\t\t<a data-gallery-index=\"1\" class=\"elementor-item elementor-gallery-title\">\n\t\t\t\t\t\tChico Feliti\t\t\t\t\t<\/a>\n\t\t\t\t\t\t\t\t\t\t<a data-gallery-index=\"2\" class=\"elementor-item elementor-gallery-title\">\n\t\t\t\t\t\tFernanda Takai\t\t\t\t\t<\/a>\n\t\t\t\t\t\t\t\t\t\t<a data-gallery-index=\"3\" class=\"elementor-item elementor-gallery-title\">\n\t\t\t\t\t\tIlan Brenman\t\t\t\t\t<\/a>\n\t\t\t\t\t\t\t\t\t\t<a data-gallery-index=\"4\" class=\"elementor-item elementor-gallery-title\">\n\t\t\t\t\t\tMarco Tulio\t\t\t\t\t<\/a>\n\t\t\t\t\t\t\t\t\t\t<a data-gallery-index=\"5\" class=\"elementor-item elementor-gallery-title\">\n\t\t\t\t\t\tPaulo Fochi\t\t\t\t\t<\/a>\n\t\t\t\t\t\t\t\t\t\t<a data-gallery-index=\"6\" class=\"elementor-item elementor-gallery-title\">\n\t\t\t\t\t\tRodrigo Fran\u00e7a\t\t\t\t\t<\/a>\n\t\t\t\t\t\t\t\t\t\t<a data-gallery-index=\"7\" class=\"elementor-item elementor-gallery-title\">\n\t\t\t\t\t\tSergio Vaz\t\t\t\t\t<\/a>\n\t\t\t\t\t\t\t\t\t\t<a data-gallery-index=\"8\" class=\"elementor-item elementor-gallery-title\">\n\t\t\t\t\t\tShow da Luna\t\t\t\t\t<\/a>\n\t\t\t\t\t\t\t\t\t\t<a data-gallery-index=\"9\" class=\"elementor-item elementor-gallery-title\">\n\t\t\t\t\t\tTalta Rebou\u00e7as\t\t\t\t\t<\/a>\n\t\t\t\t\t\t\t\t\t\t<a data-gallery-index=\"10\" class=\"elementor-item elementor-gallery-title\">\n\t\t\t\t\t\tWendel Bezerra\t\t\t\t\t<\/a>\n\t\t\t\t\t\t\t\t\t\t<a data-gallery-index=\"11\" class=\"elementor-item elementor-gallery-title\">\n\t\t\t\t\t\tP\u00fablico\t\t\t\t\t<\/a>\n\t\t\t\t\t\t\t\t<\/div>\n\t\t\t\t\t<div class=\"elementor-gallery__container\">\n\t\t\t\t\t\t\t<a class=\"e-gallery-item elementor-gallery-item elementor-animated-content\" data-e-gallery-tags=\"11\" href=\"https:\/\/portaleducacao.guarulhos.sp.gov.br\/wp_site\/portalbienal\/wp-content\/uploads\/sites\/22\/2023\/07\/publicoBienal-1.jpg\" data-elementor-open-lightbox=\"yes\" data-elementor-lightbox-slideshow=\"all-c91808a\" data-elementor-lightbox-title=\"Publico Bienal\" data-e-action-hash=\"#elementor-action%3Aaction%3Dlightbox%26settings%3DeyJpZCI6NzUxNCwidXJsIjoiaHR0cHM6XC9cL3BvcnRhbGVkdWNhY2FvLmd1YXJ1bGhvcy5zcC5nb3YuYnJcL3dwX3NpdGVcL3BvcnRhbGJpZW5hbFwvd3AtY29udGVudFwvdXBsb2Fkc1wvc2l0ZXNcLzIyXC8yMDIzXC8wN1wvcHVibGljb0JpZW5hbC0xLmpwZyIsInNsaWRlc2hvdyI6ImFsbC1jOTE4MDhhIn0%3D\">\n\t\t\t\t\t<div class=\"e-gallery-image elementor-gallery-item__image\" data-thumbnail=\"https:\/\/portaleducacao.guarulhos.sp.gov.br\/wp_site\/portalbienal\/wp-content\/uploads\/sites\/22\/2023\/07\/publicoBienal-1-300x200.jpg\" data-width=\"300\" data-height=\"200\" alt=\"\" ><\/div>\n\t\t\t\t\t\t\t\t\t\t\t<div class=\"elementor-gallery-item__overlay\"><\/div>\n\t\t\t\t\t\t\t\t\t\t\t\t\t\t\t<div class=\"elementor-gallery-item__content\">\n\t\t\t\t\t\t\t\t\t\t\t\t\t\t<div class=\"elementor-gallery-item__title\">\n\t\t\t\t\t\t\t\t\t\t\t\t\t\t\t\t\t\tPublico Bienal\t\t\t\t\t\t\t\t<\/div>\n\t\t\t\t\t\t\t\t\t\t\t\t<\/div>\n\t\t\t\t\t\t\t\t\t<\/a>\n\t\t\t\t\t\t\t<a class=\"e-gallery-item elementor-gallery-item elementor-animated-content\" data-e-gallery-tags=\"11\" href=\"https:\/\/portaleducacao.guarulhos.sp.gov.br\/wp_site\/portalbienal\/wp-content\/uploads\/sites\/22\/2023\/07\/publicoBienal-14.jpg\" data-elementor-open-lightbox=\"yes\" data-elementor-lightbox-slideshow=\"all-c91808a\" data-elementor-lightbox-title=\"Publico Bienal\" data-e-action-hash=\"#elementor-action%3Aaction%3Dlightbox%26settings%3DeyJpZCI6NzUyNywidXJsIjoiaHR0cHM6XC9cL3BvcnRhbGVkdWNhY2FvLmd1YXJ1bGhvcy5zcC5nb3YuYnJcL3dwX3NpdGVcL3BvcnRhbGJpZW5hbFwvd3AtY29udGVudFwvdXBsb2Fkc1wvc2l0ZXNcLzIyXC8yMDIzXC8wN1wvcHVibGljb0JpZW5hbC0xNC5qcGciLCJzbGlkZXNob3ciOiJhbGwtYzkxODA4YSJ9\">\n\t\t\t\t\t<div class=\"e-gallery-image elementor-gallery-item__image\" data-thumbnail=\"https:\/\/portaleducacao.guarulhos.sp.gov.br\/wp_site\/portalbienal\/wp-content\/uploads\/sites\/22\/2023\/07\/publicoBienal-14-300x200.jpg\" data-width=\"300\" data-height=\"200\" alt=\"\" ><\/div>\n\t\t\t\t\t\t\t\t\t\t\t<div class=\"elementor-gallery-item__overlay\"><\/div>\n\t\t\t\t\t\t\t\t\t\t\t\t\t\t\t<div class=\"elementor-gallery-item__content\">\n\t\t\t\t\t\t\t\t\t\t\t\t\t\t<div class=\"elementor-gallery-item__title\">\n\t\t\t\t\t\t\t\t\t\t\t\t\t\t\t\t\t\tPublico Bienal\t\t\t\t\t\t\t\t<\/div>\n\t\t\t\t\t\t\t\t\t\t\t\t<\/div>\n\t\t\t\t\t\t\t\t\t<\/a>\n\t\t\t\t\t\t\t<a class=\"e-gallery-item elementor-gallery-item elementor-animated-content\" data-e-gallery-tags=\"11\" href=\"https:\/\/portaleducacao.guarulhos.sp.gov.br\/wp_site\/portalbienal\/wp-content\/uploads\/sites\/22\/2023\/07\/publicoBienal-21.jpg\" data-elementor-open-lightbox=\"yes\" data-elementor-lightbox-slideshow=\"all-c91808a\" data-elementor-lightbox-title=\"Fabricio Carpinejar\" data-e-action-hash=\"#elementor-action%3Aaction%3Dlightbox%26settings%3DeyJpZCI6NzUzNCwidXJsIjoiaHR0cHM6XC9cL3BvcnRhbGVkdWNhY2FvLmd1YXJ1bGhvcy5zcC5nb3YuYnJcL3dwX3NpdGVcL3BvcnRhbGJpZW5hbFwvd3AtY29udGVudFwvdXBsb2Fkc1wvc2l0ZXNcLzIyXC8yMDIzXC8wN1wvcHVibGljb0JpZW5hbC0yMS5qcGciLCJzbGlkZXNob3ciOiJhbGwtYzkxODA4YSJ9\">\n\t\t\t\t\t<div class=\"e-gallery-image elementor-gallery-item__image\" data-thumbnail=\"https:\/\/portaleducacao.guarulhos.sp.gov.br\/wp_site\/portalbienal\/wp-content\/uploads\/sites\/22\/2023\/07\/publicoBienal-21-200x300.jpg\" data-width=\"200\" data-height=\"300\" alt=\"\" ><\/div>\n\t\t\t\t\t\t\t\t\t\t\t<div class=\"elementor-gallery-item__overlay\"><\/div>\n\t\t\t\t\t\t\t\t\t\t\t\t\t\t\t<div class=\"elementor-gallery-item__content\">\n\t\t\t\t\t\t\t\t\t\t\t\t\t\t<div class=\"elementor-gallery-item__title\">\n\t\t\t\t\t\t\t\t\t\t\t\t\t\t\t\t\t\tFabricio Carpinejar\t\t\t\t\t\t\t\t<\/div>\n\t\t\t\t\t\t\t\t\t\t\t\t<\/div>\n\t\t\t\t\t\t\t\t\t<\/a>\n\t\t\t\t\t\t\t<a class=\"e-gallery-item elementor-gallery-item elementor-animated-content\" data-e-gallery-tags=\"2\" href=\"https:\/\/portaleducacao.guarulhos.sp.gov.br\/wp_site\/portalbienal\/wp-content\/uploads\/sites\/22\/2023\/07\/fernandaTakai-2.jpg\" data-elementor-open-lightbox=\"yes\" data-elementor-lightbox-slideshow=\"all-c91808a\" data-elementor-lightbox-title=\"Fernanda Takai\" data-e-action-hash=\"#elementor-action%3Aaction%3Dlightbox%26settings%3DeyJpZCI6NzQ0OCwidXJsIjoiaHR0cHM6XC9cL3BvcnRhbGVkdWNhY2FvLmd1YXJ1bGhvcy5zcC5nb3YuYnJcL3dwX3NpdGVcL3BvcnRhbGJpZW5hbFwvd3AtY29udGVudFwvdXBsb2Fkc1wvc2l0ZXNcLzIyXC8yMDIzXC8wN1wvZmVybmFuZGFUYWthaS0yLmpwZyIsInNsaWRlc2hvdyI6ImFsbC1jOTE4MDhhIn0%3D\">\n\t\t\t\t\t<div class=\"e-gallery-image elementor-gallery-item__image\" data-thumbnail=\"https:\/\/portaleducacao.guarulhos.sp.gov.br\/wp_site\/portalbienal\/wp-content\/uploads\/sites\/22\/2023\/07\/fernandaTakai-2-300x200.jpg\" data-width=\"300\" data-height=\"200\" alt=\"\" ><\/div>\n\t\t\t\t\t\t\t\t\t\t\t<div class=\"elementor-gallery-item__overlay\"><\/div>\n\t\t\t\t\t\t\t\t\t\t\t\t\t\t\t<div class=\"elementor-gallery-item__content\">\n\t\t\t\t\t\t\t\t\t\t\t\t\t\t<div class=\"elementor-gallery-item__title\">\n\t\t\t\t\t\t\t\t\t\t\t\t\t\t\t\t\t\tFernanda Takai\t\t\t\t\t\t\t\t<\/div>\n\t\t\t\t\t\t\t\t\t\t\t\t<\/div>\n\t\t\t\t\t\t\t\t\t<\/a>\n\t\t\t\t\t\t\t<a class=\"e-gallery-item elementor-gallery-item elementor-animated-content\" data-e-gallery-tags=\"6\" href=\"https:\/\/portaleducacao.guarulhos.sp.gov.br\/wp_site\/portalbienal\/wp-content\/uploads\/sites\/22\/2023\/07\/rodrigoFranca3-2-scaled.jpg\" data-elementor-open-lightbox=\"yes\" data-elementor-lightbox-slideshow=\"all-c91808a\" data-elementor-lightbox-title=\"Rodrigo Franca\" data-e-action-hash=\"#elementor-action%3Aaction%3Dlightbox%26settings%3DeyJpZCI6NzQ3NywidXJsIjoiaHR0cHM6XC9cL3BvcnRhbGVkdWNhY2FvLmd1YXJ1bGhvcy5zcC5nb3YuYnJcL3dwX3NpdGVcL3BvcnRhbGJpZW5hbFwvd3AtY29udGVudFwvdXBsb2Fkc1wvc2l0ZXNcLzIyXC8yMDIzXC8wN1wvcm9kcmlnb0ZyYW5jYTMtMi1zY2FsZWQuanBnIiwic2xpZGVzaG93IjoiYWxsLWM5MTgwOGEifQ%3D%3D\">\n\t\t\t\t\t<div class=\"e-gallery-image elementor-gallery-item__image\" data-thumbnail=\"https:\/\/portaleducacao.guarulhos.sp.gov.br\/wp_site\/portalbienal\/wp-content\/uploads\/sites\/22\/2023\/07\/rodrigoFranca3-2-300x200.jpg\" data-width=\"300\" data-height=\"200\" alt=\"\" ><\/div>\n\t\t\t\t\t\t\t\t\t\t\t<div class=\"elementor-gallery-item__overlay\"><\/div>\n\t\t\t\t\t\t\t\t\t\t\t\t\t\t\t<div class=\"elementor-gallery-item__content\">\n\t\t\t\t\t\t\t\t\t\t\t\t\t\t<div class=\"elementor-gallery-item__title\">\n\t\t\t\t\t\t\t\t\t\t\t\t\t\t\t\t\t\tRodrigo Franca\t\t\t\t\t\t\t\t<\/div>\n\t\t\t\t\t\t\t\t\t\t\t\t<\/div>\n\t\t\t\t\t\t\t\t\t<\/a>\n\t\t\t\t\t\t\t<a class=\"e-gallery-item elementor-gallery-item elementor-animated-content\" data-e-gallery-tags=\"10\" href=\"https:\/\/portaleducacao.guarulhos.sp.gov.br\/wp_site\/portalbienal\/wp-content\/uploads\/sites\/22\/2023\/07\/wendelBezerra-9-1-scaled.jpg\" data-elementor-open-lightbox=\"yes\" data-elementor-lightbox-slideshow=\"all-c91808a\" data-elementor-lightbox-title=\"Wendel Bezerra\" data-e-action-hash=\"#elementor-action%3Aaction%3Dlightbox%26settings%3DeyJpZCI6NzUwOCwidXJsIjoiaHR0cHM6XC9cL3BvcnRhbGVkdWNhY2FvLmd1YXJ1bGhvcy5zcC5nb3YuYnJcL3dwX3NpdGVcL3BvcnRhbGJpZW5hbFwvd3AtY29udGVudFwvdXBsb2Fkc1wvc2l0ZXNcLzIyXC8yMDIzXC8wN1wvd2VuZGVsQmV6ZXJyYS05LTEtc2NhbGVkLmpwZyIsInNsaWRlc2hvdyI6ImFsbC1jOTE4MDhhIn0%3D\">\n\t\t\t\t\t<div class=\"e-gallery-image elementor-gallery-item__image\" data-thumbnail=\"https:\/\/portaleducacao.guarulhos.sp.gov.br\/wp_site\/portalbienal\/wp-content\/uploads\/sites\/22\/2023\/07\/wendelBezerra-9-1-300x200.jpg\" data-width=\"300\" data-height=\"200\" alt=\"\" ><\/div>\n\t\t\t\t\t\t\t\t\t\t\t<div class=\"elementor-gallery-item__overlay\"><\/div>\n\t\t\t\t\t\t\t\t\t\t\t\t\t\t\t<div class=\"elementor-gallery-item__content\">\n\t\t\t\t\t\t\t\t\t\t\t\t\t\t<div class=\"elementor-gallery-item__title\">\n\t\t\t\t\t\t\t\t\t\t\t\t\t\t\t\t\t\tWendel Bezerra\t\t\t\t\t\t\t\t<\/div>\n\t\t\t\t\t\t\t\t\t\t\t\t<\/div>\n\t\t\t\t\t\t\t\t\t<\/a>\n\t\t\t\t\t\t\t<a class=\"e-gallery-item elementor-gallery-item elementor-animated-content\" data-e-gallery-tags=\"7\" href=\"https:\/\/portaleducacao.guarulhos.sp.gov.br\/wp_site\/portalbienal\/wp-content\/uploads\/sites\/22\/2023\/07\/sergioVaz-30-scaled.jpg\" data-elementor-open-lightbox=\"yes\" data-elementor-lightbox-slideshow=\"all-c91808a\" data-elementor-lightbox-title=\"Sergio Vaz\" data-e-action-hash=\"#elementor-action%3Aaction%3Dlightbox%26settings%3DeyJpZCI6NzQ4MiwidXJsIjoiaHR0cHM6XC9cL3BvcnRhbGVkdWNhY2FvLmd1YXJ1bGhvcy5zcC5nb3YuYnJcL3dwX3NpdGVcL3BvcnRhbGJpZW5hbFwvd3AtY29udGVudFwvdXBsb2Fkc1wvc2l0ZXNcLzIyXC8yMDIzXC8wN1wvc2VyZ2lvVmF6LTMwLXNjYWxlZC5qcGciLCJzbGlkZXNob3ciOiJhbGwtYzkxODA4YSJ9\">\n\t\t\t\t\t<div class=\"e-gallery-image elementor-gallery-item__image\" data-thumbnail=\"https:\/\/portaleducacao.guarulhos.sp.gov.br\/wp_site\/portalbienal\/wp-content\/uploads\/sites\/22\/2023\/07\/sergioVaz-30-300x200.jpg\" data-width=\"300\" data-height=\"200\" alt=\"\" ><\/div>\n\t\t\t\t\t\t\t\t\t\t\t<div class=\"elementor-gallery-item__overlay\"><\/div>\n\t\t\t\t\t\t\t\t\t\t\t\t\t\t\t<div class=\"elementor-gallery-item__content\">\n\t\t\t\t\t\t\t\t\t\t\t\t\t\t<div class=\"elementor-gallery-item__title\">\n\t\t\t\t\t\t\t\t\t\t\t\t\t\t\t\t\t\tSergio Vaz\t\t\t\t\t\t\t\t<\/div>\n\t\t\t\t\t\t\t\t\t\t\t\t<\/div>\n\t\t\t\t\t\t\t\t\t<\/a>\n\t\t\t\t\t\t\t<a class=\"e-gallery-item elementor-gallery-item elementor-animated-content\" data-e-gallery-tags=\"7\" href=\"https:\/\/portaleducacao.guarulhos.sp.gov.br\/wp_site\/portalbienal\/wp-content\/uploads\/sites\/22\/2023\/07\/sergioVaz-18.jpg\" data-elementor-open-lightbox=\"yes\" data-elementor-lightbox-slideshow=\"all-c91808a\" data-elementor-lightbox-title=\"Sergio Vaz\" data-e-action-hash=\"#elementor-action%3Aaction%3Dlightbox%26settings%3DeyJpZCI6NzQ3OSwidXJsIjoiaHR0cHM6XC9cL3BvcnRhbGVkdWNhY2FvLmd1YXJ1bGhvcy5zcC5nb3YuYnJcL3dwX3NpdGVcL3BvcnRhbGJpZW5hbFwvd3AtY29udGVudFwvdXBsb2Fkc1wvc2l0ZXNcLzIyXC8yMDIzXC8wN1wvc2VyZ2lvVmF6LTE4LmpwZyIsInNsaWRlc2hvdyI6ImFsbC1jOTE4MDhhIn0%3D\">\n\t\t\t\t\t<div class=\"e-gallery-image elementor-gallery-item__image\" data-thumbnail=\"https:\/\/portaleducacao.guarulhos.sp.gov.br\/wp_site\/portalbienal\/wp-content\/uploads\/sites\/22\/2023\/07\/sergioVaz-18-300x200.jpg\" data-width=\"300\" data-height=\"200\" alt=\"\" ><\/div>\n\t\t\t\t\t\t\t\t\t\t\t<div class=\"elementor-gallery-item__overlay\"><\/div>\n\t\t\t\t\t\t\t\t\t\t\t\t\t\t\t<div class=\"elementor-gallery-item__content\">\n\t\t\t\t\t\t\t\t\t\t\t\t\t\t<div class=\"elementor-gallery-item__title\">\n\t\t\t\t\t\t\t\t\t\t\t\t\t\t\t\t\t\tSergio Vaz\t\t\t\t\t\t\t\t<\/div>\n\t\t\t\t\t\t\t\t\t\t\t\t<\/div>\n\t\t\t\t\t\t\t\t\t<\/a>\n\t\t\t\t\t\t\t<a class=\"e-gallery-item elementor-gallery-item elementor-animated-content\" data-e-gallery-tags=\"10\" href=\"https:\/\/portaleducacao.guarulhos.sp.gov.br\/wp_site\/portalbienal\/wp-content\/uploads\/sites\/22\/2023\/07\/wendelBezerra-11-1-scaled.jpg\" data-elementor-open-lightbox=\"yes\" data-elementor-lightbox-slideshow=\"all-c91808a\" data-elementor-lightbox-title=\"Wendel Bezerra\" data-e-action-hash=\"#elementor-action%3Aaction%3Dlightbox%26settings%3DeyJpZCI6NzUwOSwidXJsIjoiaHR0cHM6XC9cL3BvcnRhbGVkdWNhY2FvLmd1YXJ1bGhvcy5zcC5nb3YuYnJcL3dwX3NpdGVcL3BvcnRhbGJpZW5hbFwvd3AtY29udGVudFwvdXBsb2Fkc1wvc2l0ZXNcLzIyXC8yMDIzXC8wN1wvd2VuZGVsQmV6ZXJyYS0xMS0xLXNjYWxlZC5qcGciLCJzbGlkZXNob3ciOiJhbGwtYzkxODA4YSJ9\">\n\t\t\t\t\t<div class=\"e-gallery-image elementor-gallery-item__image\" data-thumbnail=\"https:\/\/portaleducacao.guarulhos.sp.gov.br\/wp_site\/portalbienal\/wp-content\/uploads\/sites\/22\/2023\/07\/wendelBezerra-11-1-300x200.jpg\" data-width=\"300\" data-height=\"200\" alt=\"\" ><\/div>\n\t\t\t\t\t\t\t\t\t\t\t<div class=\"elementor-gallery-item__overlay\"><\/div>\n\t\t\t\t\t\t\t\t\t\t\t\t\t\t\t<div class=\"elementor-gallery-item__content\">\n\t\t\t\t\t\t\t\t\t\t\t\t\t\t<div class=\"elementor-gallery-item__title\">\n\t\t\t\t\t\t\t\t\t\t\t\t\t\t\t\t\t\tWendel Bezerra\t\t\t\t\t\t\t\t<\/div>\n\t\t\t\t\t\t\t\t\t\t\t\t<\/div>\n\t\t\t\t\t\t\t\t\t<\/a>\n\t\t\t\t\t\t\t<a class=\"e-gallery-item elementor-gallery-item elementor-animated-content\" data-e-gallery-tags=\"2\" href=\"https:\/\/portaleducacao.guarulhos.sp.gov.br\/wp_site\/portalbienal\/wp-content\/uploads\/sites\/22\/2023\/07\/fernandaTakai-4.jpg\" data-elementor-open-lightbox=\"yes\" data-elementor-lightbox-slideshow=\"all-c91808a\" data-elementor-lightbox-title=\"Fernanda Takai\" data-e-action-hash=\"#elementor-action%3Aaction%3Dlightbox%26settings%3DeyJpZCI6NzQ0OSwidXJsIjoiaHR0cHM6XC9cL3BvcnRhbGVkdWNhY2FvLmd1YXJ1bGhvcy5zcC5nb3YuYnJcL3dwX3NpdGVcL3BvcnRhbGJpZW5hbFwvd3AtY29udGVudFwvdXBsb2Fkc1wvc2l0ZXNcLzIyXC8yMDIzXC8wN1wvZmVybmFuZGFUYWthaS00LmpwZyIsInNsaWRlc2hvdyI6ImFsbC1jOTE4MDhhIn0%3D\">\n\t\t\t\t\t<div class=\"e-gallery-image elementor-gallery-item__image\" data-thumbnail=\"https:\/\/portaleducacao.guarulhos.sp.gov.br\/wp_site\/portalbienal\/wp-content\/uploads\/sites\/22\/2023\/07\/fernandaTakai-4-200x300.jpg\" data-width=\"200\" data-height=\"300\" alt=\"\" ><\/div>\n\t\t\t\t\t\t\t\t\t\t\t<div class=\"elementor-gallery-item__overlay\"><\/div>\n\t\t\t\t\t\t\t\t\t\t\t\t\t\t\t<div class=\"elementor-gallery-item__content\">\n\t\t\t\t\t\t\t\t\t\t\t\t\t\t<div class=\"elementor-gallery-item__title\">\n\t\t\t\t\t\t\t\t\t\t\t\t\t\t\t\t\t\tFernanda Takai\t\t\t\t\t\t\t\t<\/div>\n\t\t\t\t\t\t\t\t\t\t\t\t<\/div>\n\t\t\t\t\t\t\t\t\t<\/a>\n\t\t\t\t\t\t\t<a class=\"e-gallery-item elementor-gallery-item elementor-animated-content\" data-e-gallery-tags=\"10\" href=\"https:\/\/portaleducacao.guarulhos.sp.gov.br\/wp_site\/portalbienal\/wp-content\/uploads\/sites\/22\/2023\/07\/wendelBezerra-13-1-scaled.jpg\" data-elementor-open-lightbox=\"yes\" data-elementor-lightbox-slideshow=\"all-c91808a\" data-elementor-lightbox-title=\"Wendel Bezerra\" data-e-action-hash=\"#elementor-action%3Aaction%3Dlightbox%26settings%3DeyJpZCI6NzUxMCwidXJsIjoiaHR0cHM6XC9cL3BvcnRhbGVkdWNhY2FvLmd1YXJ1bGhvcy5zcC5nb3YuYnJcL3dwX3NpdGVcL3BvcnRhbGJpZW5hbFwvd3AtY29udGVudFwvdXBsb2Fkc1wvc2l0ZXNcLzIyXC8yMDIzXC8wN1wvd2VuZGVsQmV6ZXJyYS0xMy0xLXNjYWxlZC5qcGciLCJzbGlkZXNob3ciOiJhbGwtYzkxODA4YSJ9\">\n\t\t\t\t\t<div class=\"e-gallery-image elementor-gallery-item__image\" data-thumbnail=\"https:\/\/portaleducacao.guarulhos.sp.gov.br\/wp_site\/portalbienal\/wp-content\/uploads\/sites\/22\/2023\/07\/wendelBezerra-13-1-300x200.jpg\" data-width=\"300\" data-height=\"200\" alt=\"\" ><\/div>\n\t\t\t\t\t\t\t\t\t\t\t<div class=\"elementor-gallery-item__overlay\"><\/div>\n\t\t\t\t\t\t\t\t\t\t\t\t\t\t\t<div class=\"elementor-gallery-item__content\">\n\t\t\t\t\t\t\t\t\t\t\t\t\t\t<div class=\"elementor-gallery-item__title\">\n\t\t\t\t\t\t\t\t\t\t\t\t\t\t\t\t\t\tWendel Bezerra\t\t\t\t\t\t\t\t<\/div>\n\t\t\t\t\t\t\t\t\t\t\t\t<\/div>\n\t\t\t\t\t\t\t\t\t<\/a>\n\t\t\t\t\t\t\t<a class=\"e-gallery-item elementor-gallery-item elementor-animated-content\" data-e-gallery-tags=\"5\" href=\"https:\/\/portaleducacao.guarulhos.sp.gov.br\/wp_site\/portalbienal\/wp-content\/uploads\/sites\/22\/2023\/07\/pauloFocchi-1-scaled.jpg\" data-elementor-open-lightbox=\"yes\" data-elementor-lightbox-slideshow=\"all-c91808a\" data-elementor-lightbox-title=\"Paulo Fochi\" data-e-action-hash=\"#elementor-action%3Aaction%3Dlightbox%26settings%3DeyJpZCI6NzQ3MSwidXJsIjoiaHR0cHM6XC9cL3BvcnRhbGVkdWNhY2FvLmd1YXJ1bGhvcy5zcC5nb3YuYnJcL3dwX3NpdGVcL3BvcnRhbGJpZW5hbFwvd3AtY29udGVudFwvdXBsb2Fkc1wvc2l0ZXNcLzIyXC8yMDIzXC8wN1wvcGF1bG9Gb2NjaGktMS1zY2FsZWQuanBnIiwic2xpZGVzaG93IjoiYWxsLWM5MTgwOGEifQ%3D%3D\">\n\t\t\t\t\t<div class=\"e-gallery-image elementor-gallery-item__image\" data-thumbnail=\"https:\/\/portaleducacao.guarulhos.sp.gov.br\/wp_site\/portalbienal\/wp-content\/uploads\/sites\/22\/2023\/07\/pauloFocchi-1-300x200.jpg\" data-width=\"300\" data-height=\"200\" alt=\"\" ><\/div>\n\t\t\t\t\t\t\t\t\t\t\t<div class=\"elementor-gallery-item__overlay\"><\/div>\n\t\t\t\t\t\t\t\t\t\t\t\t\t\t\t<div class=\"elementor-gallery-item__content\">\n\t\t\t\t\t\t\t\t\t\t\t\t\t\t<div class=\"elementor-gallery-item__title\">\n\t\t\t\t\t\t\t\t\t\t\t\t\t\t\t\t\t\tPaulo Fochi\t\t\t\t\t\t\t\t<\/div>\n\t\t\t\t\t\t\t\t\t\t\t\t<\/div>\n\t\t\t\t\t\t\t\t\t<\/a>\n\t\t\t\t\t\t\t<a class=\"e-gallery-item elementor-gallery-item elementor-animated-content\" data-e-gallery-tags=\"5\" href=\"https:\/\/portaleducacao.guarulhos.sp.gov.br\/wp_site\/portalbienal\/wp-content\/uploads\/sites\/22\/2023\/07\/pauloFocchi-8-scaled.jpg\" data-elementor-open-lightbox=\"yes\" data-elementor-lightbox-slideshow=\"all-c91808a\" data-elementor-lightbox-title=\"Paulo Fochi\" data-e-action-hash=\"#elementor-action%3Aaction%3Dlightbox%26settings%3DeyJpZCI6NzQ2OSwidXJsIjoiaHR0cHM6XC9cL3BvcnRhbGVkdWNhY2FvLmd1YXJ1bGhvcy5zcC5nb3YuYnJcL3dwX3NpdGVcL3BvcnRhbGJpZW5hbFwvd3AtY29udGVudFwvdXBsb2Fkc1wvc2l0ZXNcLzIyXC8yMDIzXC8wN1wvcGF1bG9Gb2NjaGktOC1zY2FsZWQuanBnIiwic2xpZGVzaG93IjoiYWxsLWM5MTgwOGEifQ%3D%3D\">\n\t\t\t\t\t<div class=\"e-gallery-image elementor-gallery-item__image\" data-thumbnail=\"https:\/\/portaleducacao.guarulhos.sp.gov.br\/wp_site\/portalbienal\/wp-content\/uploads\/sites\/22\/2023\/07\/pauloFocchi-8-300x200.jpg\" data-width=\"300\" data-height=\"200\" alt=\"\" ><\/div>\n\t\t\t\t\t\t\t\t\t\t\t<div class=\"elementor-gallery-item__overlay\"><\/div>\n\t\t\t\t\t\t\t\t\t\t\t\t\t\t\t<div class=\"elementor-gallery-item__content\">\n\t\t\t\t\t\t\t\t\t\t\t\t\t\t<div class=\"elementor-gallery-item__title\">\n\t\t\t\t\t\t\t\t\t\t\t\t\t\t\t\t\t\tPaulo Fochi\t\t\t\t\t\t\t\t<\/div>\n\t\t\t\t\t\t\t\t\t\t\t\t<\/div>\n\t\t\t\t\t\t\t\t\t<\/a>\n\t\t\t\t\t\t\t<a class=\"e-gallery-item elementor-gallery-item elementor-animated-content\" data-e-gallery-tags=\"11\" href=\"https:\/\/portaleducacao.guarulhos.sp.gov.br\/wp_site\/portalbienal\/wp-content\/uploads\/sites\/22\/2023\/07\/publicoBienal-5.jpg\" data-elementor-open-lightbox=\"yes\" data-elementor-lightbox-slideshow=\"all-c91808a\" data-elementor-lightbox-title=\"Publico Bienal\" data-e-action-hash=\"#elementor-action%3Aaction%3Dlightbox%26settings%3DeyJpZCI6NzUxOCwidXJsIjoiaHR0cHM6XC9cL3BvcnRhbGVkdWNhY2FvLmd1YXJ1bGhvcy5zcC5nb3YuYnJcL3dwX3NpdGVcL3BvcnRhbGJpZW5hbFwvd3AtY29udGVudFwvdXBsb2Fkc1wvc2l0ZXNcLzIyXC8yMDIzXC8wN1wvcHVibGljb0JpZW5hbC01LmpwZyIsInNsaWRlc2hvdyI6ImFsbC1jOTE4MDhhIn0%3D\">\n\t\t\t\t\t<div class=\"e-gallery-image elementor-gallery-item__image\" data-thumbnail=\"https:\/\/portaleducacao.guarulhos.sp.gov.br\/wp_site\/portalbienal\/wp-content\/uploads\/sites\/22\/2023\/07\/publicoBienal-5-300x200.jpg\" data-width=\"300\" data-height=\"200\" alt=\"\" ><\/div>\n\t\t\t\t\t\t\t\t\t\t\t<div class=\"elementor-gallery-item__overlay\"><\/div>\n\t\t\t\t\t\t\t\t\t\t\t\t\t\t\t<div class=\"elementor-gallery-item__content\">\n\t\t\t\t\t\t\t\t\t\t\t\t\t\t<div class=\"elementor-gallery-item__title\">\n\t\t\t\t\t\t\t\t\t\t\t\t\t\t\t\t\t\tPublico Bienal\t\t\t\t\t\t\t\t<\/div>\n\t\t\t\t\t\t\t\t\t\t\t\t<\/div>\n\t\t\t\t\t\t\t\t\t<\/a>\n\t\t\t\t\t\t\t<a class=\"e-gallery-item elementor-gallery-item elementor-animated-content\" data-e-gallery-tags=\"0\" href=\"https:\/\/portaleducacao.guarulhos.sp.gov.br\/wp_site\/portalbienal\/wp-content\/uploads\/sites\/22\/2023\/07\/carpinejar-10-scaled.jpg\" data-elementor-open-lightbox=\"yes\" data-elementor-lightbox-slideshow=\"all-c91808a\" data-elementor-lightbox-title=\"Fabricio Carpinejar\" data-e-action-hash=\"#elementor-action%3Aaction%3Dlightbox%26settings%3DeyJpZCI6NzQzNywidXJsIjoiaHR0cHM6XC9cL3BvcnRhbGVkdWNhY2FvLmd1YXJ1bGhvcy5zcC5nb3YuYnJcL3dwX3NpdGVcL3BvcnRhbGJpZW5hbFwvd3AtY29udGVudFwvdXBsb2Fkc1wvc2l0ZXNcLzIyXC8yMDIzXC8wN1wvY2FycGluZWphci0xMC1zY2FsZWQuanBnIiwic2xpZGVzaG93IjoiYWxsLWM5MTgwOGEifQ%3D%3D\">\n\t\t\t\t\t<div class=\"e-gallery-image elementor-gallery-item__image\" data-thumbnail=\"https:\/\/portaleducacao.guarulhos.sp.gov.br\/wp_site\/portalbienal\/wp-content\/uploads\/sites\/22\/2023\/07\/carpinejar-10-300x200.jpg\" data-width=\"300\" data-height=\"200\" alt=\"\" ><\/div>\n\t\t\t\t\t\t\t\t\t\t\t<div class=\"elementor-gallery-item__overlay\"><\/div>\n\t\t\t\t\t\t\t\t\t\t\t\t\t\t\t<div class=\"elementor-gallery-item__content\">\n\t\t\t\t\t\t\t\t\t\t\t\t\t\t<div class=\"elementor-gallery-item__title\">\n\t\t\t\t\t\t\t\t\t\t\t\t\t\t\t\t\t\tFabricio Carpinejar\t\t\t\t\t\t\t\t<\/div>\n\t\t\t\t\t\t\t\t\t\t\t\t<\/div>\n\t\t\t\t\t\t\t\t\t<\/a>\n\t\t\t\t\t\t\t<a class=\"e-gallery-item elementor-gallery-item elementor-animated-content\" data-e-gallery-tags=\"11\" href=\"https:\/\/portaleducacao.guarulhos.sp.gov.br\/wp_site\/portalbienal\/wp-content\/uploads\/sites\/22\/2023\/07\/publicoBienal-2.jpg\" data-elementor-open-lightbox=\"yes\" data-elementor-lightbox-slideshow=\"all-c91808a\" data-elementor-lightbox-title=\"Publico Bienal\" data-e-action-hash=\"#elementor-action%3Aaction%3Dlightbox%26settings%3DeyJpZCI6NzUxNSwidXJsIjoiaHR0cHM6XC9cL3BvcnRhbGVkdWNhY2FvLmd1YXJ1bGhvcy5zcC5nb3YuYnJcL3dwX3NpdGVcL3BvcnRhbGJpZW5hbFwvd3AtY29udGVudFwvdXBsb2Fkc1wvc2l0ZXNcLzIyXC8yMDIzXC8wN1wvcHVibGljb0JpZW5hbC0yLmpwZyIsInNsaWRlc2hvdyI6ImFsbC1jOTE4MDhhIn0%3D\">\n\t\t\t\t\t<div class=\"e-gallery-image elementor-gallery-item__image\" data-thumbnail=\"https:\/\/portaleducacao.guarulhos.sp.gov.br\/wp_site\/portalbienal\/wp-content\/uploads\/sites\/22\/2023\/07\/publicoBienal-2-300x200.jpg\" data-width=\"300\" data-height=\"200\" alt=\"\" ><\/div>\n\t\t\t\t\t\t\t\t\t\t\t<div class=\"elementor-gallery-item__overlay\"><\/div>\n\t\t\t\t\t\t\t\t\t\t\t\t\t\t\t<div class=\"elementor-gallery-item__content\">\n\t\t\t\t\t\t\t\t\t\t\t\t\t\t<div class=\"elementor-gallery-item__title\">\n\t\t\t\t\t\t\t\t\t\t\t\t\t\t\t\t\t\tPublico Bienal\t\t\t\t\t\t\t\t<\/div>\n\t\t\t\t\t\t\t\t\t\t\t\t<\/div>\n\t\t\t\t\t\t\t\t\t<\/a>\n\t\t\t\t\t\t\t<a class=\"e-gallery-item elementor-gallery-item elementor-animated-content\" data-e-gallery-tags=\"11\" href=\"https:\/\/portaleducacao.guarulhos.sp.gov.br\/wp_site\/portalbienal\/wp-content\/uploads\/sites\/22\/2023\/07\/publicoBienal-10.jpg\" data-elementor-open-lightbox=\"yes\" data-elementor-lightbox-slideshow=\"all-c91808a\" data-elementor-lightbox-title=\"Publico Bienal\" data-e-action-hash=\"#elementor-action%3Aaction%3Dlightbox%26settings%3DeyJpZCI6NzUyMywidXJsIjoiaHR0cHM6XC9cL3BvcnRhbGVkdWNhY2FvLmd1YXJ1bGhvcy5zcC5nb3YuYnJcL3dwX3NpdGVcL3BvcnRhbGJpZW5hbFwvd3AtY29udGVudFwvdXBsb2Fkc1wvc2l0ZXNcLzIyXC8yMDIzXC8wN1wvcHVibGljb0JpZW5hbC0xMC5qcGciLCJzbGlkZXNob3ciOiJhbGwtYzkxODA4YSJ9\">\n\t\t\t\t\t<div class=\"e-gallery-image elementor-gallery-item__image\" data-thumbnail=\"https:\/\/portaleducacao.guarulhos.sp.gov.br\/wp_site\/portalbienal\/wp-content\/uploads\/sites\/22\/2023\/07\/publicoBienal-10-300x200.jpg\" data-width=\"300\" data-height=\"200\" alt=\"\" ><\/div>\n\t\t\t\t\t\t\t\t\t\t\t<div class=\"elementor-gallery-item__overlay\"><\/div>\n\t\t\t\t\t\t\t\t\t\t\t\t\t\t\t<div class=\"elementor-gallery-item__content\">\n\t\t\t\t\t\t\t\t\t\t\t\t\t\t<div class=\"elementor-gallery-item__title\">\n\t\t\t\t\t\t\t\t\t\t\t\t\t\t\t\t\t\tPublico Bienal\t\t\t\t\t\t\t\t<\/div>\n\t\t\t\t\t\t\t\t\t\t\t\t<\/div>\n\t\t\t\t\t\t\t\t\t<\/a>\n\t\t\t\t\t\t\t<a class=\"e-gallery-item elementor-gallery-item elementor-animated-content\" data-e-gallery-tags=\"4\" href=\"https:\/\/portaleducacao.guarulhos.sp.gov.br\/wp_site\/portalbienal\/wp-content\/uploads\/sites\/22\/2023\/07\/marcoTulio-23-scaled.jpg\" data-elementor-open-lightbox=\"yes\" data-elementor-lightbox-slideshow=\"all-c91808a\" data-elementor-lightbox-title=\"Marco Tulio\" data-e-action-hash=\"#elementor-action%3Aaction%3Dlightbox%26settings%3DeyJpZCI6NzQ2MywidXJsIjoiaHR0cHM6XC9cL3BvcnRhbGVkdWNhY2FvLmd1YXJ1bGhvcy5zcC5nb3YuYnJcL3dwX3NpdGVcL3BvcnRhbGJpZW5hbFwvd3AtY29udGVudFwvdXBsb2Fkc1wvc2l0ZXNcLzIyXC8yMDIzXC8wN1wvbWFyY29UdWxpby0yMy1zY2FsZWQuanBnIiwic2xpZGVzaG93IjoiYWxsLWM5MTgwOGEifQ%3D%3D\">\n\t\t\t\t\t<div class=\"e-gallery-image elementor-gallery-item__image\" data-thumbnail=\"https:\/\/portaleducacao.guarulhos.sp.gov.br\/wp_site\/portalbienal\/wp-content\/uploads\/sites\/22\/2023\/07\/marcoTulio-23-300x200.jpg\" data-width=\"300\" data-height=\"200\" alt=\"\" ><\/div>\n\t\t\t\t\t\t\t\t\t\t\t<div class=\"elementor-gallery-item__overlay\"><\/div>\n\t\t\t\t\t\t\t\t\t\t\t\t\t\t\t<div class=\"elementor-gallery-item__content\">\n\t\t\t\t\t\t\t\t\t\t\t\t\t\t<div class=\"elementor-gallery-item__title\">\n\t\t\t\t\t\t\t\t\t\t\t\t\t\t\t\t\t\tMarco Tulio\t\t\t\t\t\t\t\t<\/div>\n\t\t\t\t\t\t\t\t\t\t\t\t<\/div>\n\t\t\t\t\t\t\t\t\t<\/a>\n\t\t\t\t\t\t\t<a class=\"e-gallery-item elementor-gallery-item elementor-animated-content\" data-e-gallery-tags=\"1\" href=\"https:\/\/portaleducacao.guarulhos.sp.gov.br\/wp_site\/portalbienal\/wp-content\/uploads\/sites\/22\/2023\/07\/chicoFeliti-6.jpg\" data-elementor-open-lightbox=\"yes\" data-elementor-lightbox-slideshow=\"all-c91808a\" data-elementor-lightbox-title=\"Chico Felitti\" data-e-action-hash=\"#elementor-action%3Aaction%3Dlightbox%26settings%3DeyJpZCI6NzQ0MywidXJsIjoiaHR0cHM6XC9cL3BvcnRhbGVkdWNhY2FvLmd1YXJ1bGhvcy5zcC5nb3YuYnJcL3dwX3NpdGVcL3BvcnRhbGJpZW5hbFwvd3AtY29udGVudFwvdXBsb2Fkc1wvc2l0ZXNcLzIyXC8yMDIzXC8wN1wvY2hpY29GZWxpdGktNi5qcGciLCJzbGlkZXNob3ciOiJhbGwtYzkxODA4YSJ9\">\n\t\t\t\t\t<div class=\"e-gallery-image elementor-gallery-item__image\" data-thumbnail=\"https:\/\/portaleducacao.guarulhos.sp.gov.br\/wp_site\/portalbienal\/wp-content\/uploads\/sites\/22\/2023\/07\/chicoFeliti-6-300x200.jpg\" data-width=\"300\" data-height=\"200\" alt=\"\" ><\/div>\n\t\t\t\t\t\t\t\t\t\t\t<div class=\"elementor-gallery-item__overlay\"><\/div>\n\t\t\t\t\t\t\t\t\t\t\t\t\t\t\t<div class=\"elementor-gallery-item__content\">\n\t\t\t\t\t\t\t\t\t\t\t\t\t\t<div class=\"elementor-gallery-item__title\">\n\t\t\t\t\t\t\t\t\t\t\t\t\t\t\t\t\t\tChico Felitti\t\t\t\t\t\t\t\t<\/div>\n\t\t\t\t\t\t\t\t\t\t\t\t<\/div>\n\t\t\t\t\t\t\t\t\t<\/a>\n\t\t\t\t\t\t\t<a class=\"e-gallery-item elementor-gallery-item elementor-animated-content\" data-e-gallery-tags=\"11\" href=\"https:\/\/portaleducacao.guarulhos.sp.gov.br\/wp_site\/portalbienal\/wp-content\/uploads\/sites\/22\/2023\/07\/publicoBienal-9.jpg\" data-elementor-open-lightbox=\"yes\" data-elementor-lightbox-slideshow=\"all-c91808a\" data-elementor-lightbox-title=\"Publico Bienal\" data-e-action-hash=\"#elementor-action%3Aaction%3Dlightbox%26settings%3DeyJpZCI6NzUyMiwidXJsIjoiaHR0cHM6XC9cL3BvcnRhbGVkdWNhY2FvLmd1YXJ1bGhvcy5zcC5nb3YuYnJcL3dwX3NpdGVcL3BvcnRhbGJpZW5hbFwvd3AtY29udGVudFwvdXBsb2Fkc1wvc2l0ZXNcLzIyXC8yMDIzXC8wN1wvcHVibGljb0JpZW5hbC05LmpwZyIsInNsaWRlc2hvdyI6ImFsbC1jOTE4MDhhIn0%3D\">\n\t\t\t\t\t<div class=\"e-gallery-image elementor-gallery-item__image\" data-thumbnail=\"https:\/\/portaleducacao.guarulhos.sp.gov.br\/wp_site\/portalbienal\/wp-content\/uploads\/sites\/22\/2023\/07\/publicoBienal-9-300x200.jpg\" data-width=\"300\" data-height=\"200\" alt=\"\" ><\/div>\n\t\t\t\t\t\t\t\t\t\t\t<div class=\"elementor-gallery-item__overlay\"><\/div>\n\t\t\t\t\t\t\t\t\t\t\t\t\t\t\t<div class=\"elementor-gallery-item__content\">\n\t\t\t\t\t\t\t\t\t\t\t\t\t\t<div class=\"elementor-gallery-item__title\">\n\t\t\t\t\t\t\t\t\t\t\t\t\t\t\t\t\t\tPublico Bienal\t\t\t\t\t\t\t\t<\/div>\n\t\t\t\t\t\t\t\t\t\t\t\t<\/div>\n\t\t\t\t\t\t\t\t\t<\/a>\n\t\t\t\t\t\t\t<a class=\"e-gallery-item elementor-gallery-item elementor-animated-content\" data-e-gallery-tags=\"9\" href=\"https:\/\/portaleducacao.guarulhos.sp.gov.br\/wp_site\/portalbienal\/wp-content\/uploads\/sites\/22\/2023\/07\/talitaReboucas-10.jpg\" data-elementor-open-lightbox=\"yes\" data-elementor-lightbox-slideshow=\"all-c91808a\" data-elementor-lightbox-title=\"Talita Rebou\u00e7as\" data-e-action-hash=\"#elementor-action%3Aaction%3Dlightbox%26settings%3DeyJpZCI6NzQ5NiwidXJsIjoiaHR0cHM6XC9cL3BvcnRhbGVkdWNhY2FvLmd1YXJ1bGhvcy5zcC5nb3YuYnJcL3dwX3NpdGVcL3BvcnRhbGJpZW5hbFwvd3AtY29udGVudFwvdXBsb2Fkc1wvc2l0ZXNcLzIyXC8yMDIzXC8wN1wvdGFsaXRhUmVib3VjYXMtMTAuanBnIiwic2xpZGVzaG93IjoiYWxsLWM5MTgwOGEifQ%3D%3D\">\n\t\t\t\t\t<div class=\"e-gallery-image elementor-gallery-item__image\" data-thumbnail=\"https:\/\/portaleducacao.guarulhos.sp.gov.br\/wp_site\/portalbienal\/wp-content\/uploads\/sites\/22\/2023\/07\/talitaReboucas-10-199x300.jpg\" data-width=\"199\" data-height=\"300\" alt=\"\" ><\/div>\n\t\t\t\t\t\t\t\t\t\t\t<div class=\"elementor-gallery-item__overlay\"><\/div>\n\t\t\t\t\t\t\t\t\t\t\t\t\t\t\t<div class=\"elementor-gallery-item__content\">\n\t\t\t\t\t\t\t\t\t\t\t\t\t\t<div class=\"elementor-gallery-item__title\">\n\t\t\t\t\t\t\t\t\t\t\t\t\t\t\t\t\t\tTalita Rebou\u00e7as\t\t\t\t\t\t\t\t<\/div>\n\t\t\t\t\t\t\t\t\t\t\t\t<\/div>\n\t\t\t\t\t\t\t\t\t<\/a>\n\t\t\t\t\t\t\t<a class=\"e-gallery-item elementor-gallery-item elementor-animated-content\" data-e-gallery-tags=\"5\" href=\"https:\/\/portaleducacao.guarulhos.sp.gov.br\/wp_site\/portalbienal\/wp-content\/uploads\/sites\/22\/2023\/07\/pauloFocchi-11-scaled.jpg\" data-elementor-open-lightbox=\"yes\" data-elementor-lightbox-slideshow=\"all-c91808a\" data-elementor-lightbox-title=\"Paulo Fochi\" data-e-action-hash=\"#elementor-action%3Aaction%3Dlightbox%26settings%3DeyJpZCI6NzQ3MCwidXJsIjoiaHR0cHM6XC9cL3BvcnRhbGVkdWNhY2FvLmd1YXJ1bGhvcy5zcC5nb3YuYnJcL3dwX3NpdGVcL3BvcnRhbGJpZW5hbFwvd3AtY29udGVudFwvdXBsb2Fkc1wvc2l0ZXNcLzIyXC8yMDIzXC8wN1wvcGF1bG9Gb2NjaGktMTEtc2NhbGVkLmpwZyIsInNsaWRlc2hvdyI6ImFsbC1jOTE4MDhhIn0%3D\">\n\t\t\t\t\t<div class=\"e-gallery-image elementor-gallery-item__image\" data-thumbnail=\"https:\/\/portaleducacao.guarulhos.sp.gov.br\/wp_site\/portalbienal\/wp-content\/uploads\/sites\/22\/2023\/07\/pauloFocchi-11-300x200.jpg\" data-width=\"300\" data-height=\"200\" alt=\"\" ><\/div>\n\t\t\t\t\t\t\t\t\t\t\t<div class=\"elementor-gallery-item__overlay\"><\/div>\n\t\t\t\t\t\t\t\t\t\t\t\t\t\t\t<div class=\"elementor-gallery-item__content\">\n\t\t\t\t\t\t\t\t\t\t\t\t\t\t<div class=\"elementor-gallery-item__title\">\n\t\t\t\t\t\t\t\t\t\t\t\t\t\t\t\t\t\tPaulo Fochi\t\t\t\t\t\t\t\t<\/div>\n\t\t\t\t\t\t\t\t\t\t\t\t<\/div>\n\t\t\t\t\t\t\t\t\t<\/a>\n\t\t\t\t\t\t\t<a class=\"e-gallery-item elementor-gallery-item elementor-animated-content\" data-e-gallery-tags=\"6\" href=\"https:\/\/portaleducacao.guarulhos.sp.gov.br\/wp_site\/portalbienal\/wp-content\/uploads\/sites\/22\/2023\/07\/rodrgoFranca-9-scaled.jpg\" data-elementor-open-lightbox=\"yes\" data-elementor-lightbox-slideshow=\"all-c91808a\" data-elementor-lightbox-title=\"rodrgoFranca (9)\" data-e-action-hash=\"#elementor-action%3Aaction%3Dlightbox%26settings%3DeyJpZCI6NzQ3NCwidXJsIjoiaHR0cHM6XC9cL3BvcnRhbGVkdWNhY2FvLmd1YXJ1bGhvcy5zcC5nb3YuYnJcL3dwX3NpdGVcL3BvcnRhbGJpZW5hbFwvd3AtY29udGVudFwvdXBsb2Fkc1wvc2l0ZXNcLzIyXC8yMDIzXC8wN1wvcm9kcmdvRnJhbmNhLTktc2NhbGVkLmpwZyIsInNsaWRlc2hvdyI6ImFsbC1jOTE4MDhhIn0%3D\">\n\t\t\t\t\t<div class=\"e-gallery-image elementor-gallery-item__image\" data-thumbnail=\"https:\/\/portaleducacao.guarulhos.sp.gov.br\/wp_site\/portalbienal\/wp-content\/uploads\/sites\/22\/2023\/07\/rodrgoFranca-9-300x200.jpg\" data-width=\"300\" data-height=\"200\" alt=\"\" ><\/div>\n\t\t\t\t\t\t\t\t\t\t\t<div class=\"elementor-gallery-item__overlay\"><\/div>\n\t\t\t\t\t\t\t\t\t\t\t\t\t\t\t<div class=\"elementor-gallery-item__content\">\n\t\t\t\t\t\t\t\t\t\t\t\t\t\t<div class=\"elementor-gallery-item__title\">\n\t\t\t\t\t\t\t\t\t\t\t\t\t\t\t\t\t\trodrgoFranca (9)\t\t\t\t\t\t\t\t<\/div>\n\t\t\t\t\t\t\t\t\t\t\t\t<\/div>\n\t\t\t\t\t\t\t\t\t<\/a>\n\t\t\t\t\t\t\t<a class=\"e-gallery-item elementor-gallery-item elementor-animated-content\" data-e-gallery-tags=\"8\" href=\"https:\/\/portaleducacao.guarulhos.sp.gov.br\/wp_site\/portalbienal\/wp-content\/uploads\/sites\/22\/2023\/07\/showLuna-2-scaled.jpg\" data-elementor-open-lightbox=\"yes\" data-elementor-lightbox-slideshow=\"all-c91808a\" data-elementor-lightbox-title=\"Show da Luna\" data-e-action-hash=\"#elementor-action%3Aaction%3Dlightbox%26settings%3DeyJpZCI6NzQ4NSwidXJsIjoiaHR0cHM6XC9cL3BvcnRhbGVkdWNhY2FvLmd1YXJ1bGhvcy5zcC5nb3YuYnJcL3dwX3NpdGVcL3BvcnRhbGJpZW5hbFwvd3AtY29udGVudFwvdXBsb2Fkc1wvc2l0ZXNcLzIyXC8yMDIzXC8wN1wvc2hvd0x1bmEtMi1zY2FsZWQuanBnIiwic2xpZGVzaG93IjoiYWxsLWM5MTgwOGEifQ%3D%3D\">\n\t\t\t\t\t<div class=\"e-gallery-image elementor-gallery-item__image\" data-thumbnail=\"https:\/\/portaleducacao.guarulhos.sp.gov.br\/wp_site\/portalbienal\/wp-content\/uploads\/sites\/22\/2023\/07\/showLuna-2-300x200.jpg\" data-width=\"300\" data-height=\"200\" alt=\"\" ><\/div>\n\t\t\t\t\t\t\t\t\t\t\t<div class=\"elementor-gallery-item__overlay\"><\/div>\n\t\t\t\t\t\t\t\t\t\t\t\t\t\t\t<div class=\"elementor-gallery-item__content\">\n\t\t\t\t\t\t\t\t\t\t\t\t\t\t<div class=\"elementor-gallery-item__title\">\n\t\t\t\t\t\t\t\t\t\t\t\t\t\t\t\t\t\tShow da Luna\t\t\t\t\t\t\t\t<\/div>\n\t\t\t\t\t\t\t\t\t\t\t\t<\/div>\n\t\t\t\t\t\t\t\t\t<\/a>\n\t\t\t\t\t\t\t<a class=\"e-gallery-item elementor-gallery-item elementor-animated-content\" data-e-gallery-tags=\"11\" href=\"https:\/\/portaleducacao.guarulhos.sp.gov.br\/wp_site\/portalbienal\/wp-content\/uploads\/sites\/22\/2023\/07\/publicoBienal-13.jpg\" data-elementor-open-lightbox=\"yes\" data-elementor-lightbox-slideshow=\"all-c91808a\" data-elementor-lightbox-title=\"Publico Bienal\" data-e-action-hash=\"#elementor-action%3Aaction%3Dlightbox%26settings%3DeyJpZCI6NzUyNiwidXJsIjoiaHR0cHM6XC9cL3BvcnRhbGVkdWNhY2FvLmd1YXJ1bGhvcy5zcC5nb3YuYnJcL3dwX3NpdGVcL3BvcnRhbGJpZW5hbFwvd3AtY29udGVudFwvdXBsb2Fkc1wvc2l0ZXNcLzIyXC8yMDIzXC8wN1wvcHVibGljb0JpZW5hbC0xMy5qcGciLCJzbGlkZXNob3ciOiJhbGwtYzkxODA4YSJ9\">\n\t\t\t\t\t<div class=\"e-gallery-image elementor-gallery-item__image\" data-thumbnail=\"https:\/\/portaleducacao.guarulhos.sp.gov.br\/wp_site\/portalbienal\/wp-content\/uploads\/sites\/22\/2023\/07\/publicoBienal-13-300x200.jpg\" data-width=\"300\" data-height=\"200\" alt=\"\" ><\/div>\n\t\t\t\t\t\t\t\t\t\t\t<div class=\"elementor-gallery-item__overlay\"><\/div>\n\t\t\t\t\t\t\t\t\t\t\t\t\t\t\t<div class=\"elementor-gallery-item__content\">\n\t\t\t\t\t\t\t\t\t\t\t\t\t\t<div class=\"elementor-gallery-item__title\">\n\t\t\t\t\t\t\t\t\t\t\t\t\t\t\t\t\t\tPublico Bienal\t\t\t\t\t\t\t\t<\/div>\n\t\t\t\t\t\t\t\t\t\t\t\t<\/div>\n\t\t\t\t\t\t\t\t\t<\/a>\n\t\t\t\t\t\t\t<a class=\"e-gallery-item elementor-gallery-item elementor-animated-content\" data-e-gallery-tags=\"1\" href=\"https:\/\/portaleducacao.guarulhos.sp.gov.br\/wp_site\/portalbienal\/wp-content\/uploads\/sites\/22\/2023\/07\/chicoFeliti-1.jpg\" data-elementor-open-lightbox=\"yes\" data-elementor-lightbox-slideshow=\"all-c91808a\" data-elementor-lightbox-title=\"Chico Felitti\" data-e-action-hash=\"#elementor-action%3Aaction%3Dlightbox%26settings%3DeyJpZCI6NzQ0MCwidXJsIjoiaHR0cHM6XC9cL3BvcnRhbGVkdWNhY2FvLmd1YXJ1bGhvcy5zcC5nb3YuYnJcL3dwX3NpdGVcL3BvcnRhbGJpZW5hbFwvd3AtY29udGVudFwvdXBsb2Fkc1wvc2l0ZXNcLzIyXC8yMDIzXC8wN1wvY2hpY29GZWxpdGktMS5qcGciLCJzbGlkZXNob3ciOiJhbGwtYzkxODA4YSJ9\">\n\t\t\t\t\t<div class=\"e-gallery-image elementor-gallery-item__image\" data-thumbnail=\"https:\/\/portaleducacao.guarulhos.sp.gov.br\/wp_site\/portalbienal\/wp-content\/uploads\/sites\/22\/2023\/07\/chicoFeliti-1-300x200.jpg\" data-width=\"300\" data-height=\"200\" alt=\"\" ><\/div>\n\t\t\t\t\t\t\t\t\t\t\t<div class=\"elementor-gallery-item__overlay\"><\/div>\n\t\t\t\t\t\t\t\t\t\t\t\t\t\t\t<div class=\"elementor-gallery-item__content\">\n\t\t\t\t\t\t\t\t\t\t\t\t\t\t<div class=\"elementor-gallery-item__title\">\n\t\t\t\t\t\t\t\t\t\t\t\t\t\t\t\t\t\tChico Felitti\t\t\t\t\t\t\t\t<\/div>\n\t\t\t\t\t\t\t\t\t\t\t\t<\/div>\n\t\t\t\t\t\t\t\t\t<\/a>\n\t\t\t\t\t\t\t<a class=\"e-gallery-item elementor-gallery-item elementor-animated-content\" data-e-gallery-tags=\"2\" href=\"https:\/\/portaleducacao.guarulhos.sp.gov.br\/wp_site\/portalbienal\/wp-content\/uploads\/sites\/22\/2023\/07\/fernandaTakai-6.jpg\" data-elementor-open-lightbox=\"yes\" data-elementor-lightbox-slideshow=\"all-c91808a\" data-elementor-lightbox-title=\"Fernanda Takai\" data-e-action-hash=\"#elementor-action%3Aaction%3Dlightbox%26settings%3DeyJpZCI6NzQ1MCwidXJsIjoiaHR0cHM6XC9cL3BvcnRhbGVkdWNhY2FvLmd1YXJ1bGhvcy5zcC5nb3YuYnJcL3dwX3NpdGVcL3BvcnRhbGJpZW5hbFwvd3AtY29udGVudFwvdXBsb2Fkc1wvc2l0ZXNcLzIyXC8yMDIzXC8wN1wvZmVybmFuZGFUYWthaS02LmpwZyIsInNsaWRlc2hvdyI6ImFsbC1jOTE4MDhhIn0%3D\">\n\t\t\t\t\t<div class=\"e-gallery-image elementor-gallery-item__image\" data-thumbnail=\"https:\/\/portaleducacao.guarulhos.sp.gov.br\/wp_site\/portalbienal\/wp-content\/uploads\/sites\/22\/2023\/07\/fernandaTakai-6-300x200.jpg\" data-width=\"300\" data-height=\"200\" alt=\"\" ><\/div>\n\t\t\t\t\t\t\t\t\t\t\t<div class=\"elementor-gallery-item__overlay\"><\/div>\n\t\t\t\t\t\t\t\t\t\t\t\t\t\t\t<div class=\"elementor-gallery-item__content\">\n\t\t\t\t\t\t\t\t\t\t\t\t\t\t<div class=\"elementor-gallery-item__title\">\n\t\t\t\t\t\t\t\t\t\t\t\t\t\t\t\t\t\tFernanda Takai\t\t\t\t\t\t\t\t<\/div>\n\t\t\t\t\t\t\t\t\t\t\t\t<\/div>\n\t\t\t\t\t\t\t\t\t<\/a>\n\t\t\t\t\t\t\t<a class=\"e-gallery-item elementor-gallery-item elementor-animated-content\" data-e-gallery-tags=\"10\" href=\"https:\/\/portaleducacao.guarulhos.sp.gov.br\/wp_site\/portalbienal\/wp-content\/uploads\/sites\/22\/2023\/07\/wendelBezerra-2-1-scaled.jpg\" data-elementor-open-lightbox=\"yes\" data-elementor-lightbox-slideshow=\"all-c91808a\" data-elementor-lightbox-title=\"Wendel Bezerra\" data-e-action-hash=\"#elementor-action%3Aaction%3Dlightbox%26settings%3DeyJpZCI6NzUwNiwidXJsIjoiaHR0cHM6XC9cL3BvcnRhbGVkdWNhY2FvLmd1YXJ1bGhvcy5zcC5nb3YuYnJcL3dwX3NpdGVcL3BvcnRhbGJpZW5hbFwvd3AtY29udGVudFwvdXBsb2Fkc1wvc2l0ZXNcLzIyXC8yMDIzXC8wN1wvd2VuZGVsQmV6ZXJyYS0yLTEtc2NhbGVkLmpwZyIsInNsaWRlc2hvdyI6ImFsbC1jOTE4MDhhIn0%3D\">\n\t\t\t\t\t<div class=\"e-gallery-image elementor-gallery-item__image\" data-thumbnail=\"https:\/\/portaleducacao.guarulhos.sp.gov.br\/wp_site\/portalbienal\/wp-content\/uploads\/sites\/22\/2023\/07\/wendelBezerra-2-1-300x200.jpg\" data-width=\"300\" data-height=\"200\" alt=\"\" ><\/div>\n\t\t\t\t\t\t\t\t\t\t\t<div class=\"elementor-gallery-item__overlay\"><\/div>\n\t\t\t\t\t\t\t\t\t\t\t\t\t\t\t<div class=\"elementor-gallery-item__content\">\n\t\t\t\t\t\t\t\t\t\t\t\t\t\t<div class=\"elementor-gallery-item__title\">\n\t\t\t\t\t\t\t\t\t\t\t\t\t\t\t\t\t\tWendel Bezerra\t\t\t\t\t\t\t\t<\/div>\n\t\t\t\t\t\t\t\t\t\t\t\t<\/div>\n\t\t\t\t\t\t\t\t\t<\/a>\n\t\t\t\t\t\t\t<a class=\"e-gallery-item elementor-gallery-item elementor-animated-content\" data-e-gallery-tags=\"4\" href=\"https:\/\/portaleducacao.guarulhos.sp.gov.br\/wp_site\/portalbienal\/wp-content\/uploads\/sites\/22\/2023\/07\/marcoTulio-18-scaled.jpg\" data-elementor-open-lightbox=\"yes\" data-elementor-lightbox-slideshow=\"all-c91808a\" data-elementor-lightbox-title=\"Marco Tulio\" data-e-action-hash=\"#elementor-action%3Aaction%3Dlightbox%26settings%3DeyJpZCI6NzQ2MCwidXJsIjoiaHR0cHM6XC9cL3BvcnRhbGVkdWNhY2FvLmd1YXJ1bGhvcy5zcC5nb3YuYnJcL3dwX3NpdGVcL3BvcnRhbGJpZW5hbFwvd3AtY29udGVudFwvdXBsb2Fkc1wvc2l0ZXNcLzIyXC8yMDIzXC8wN1wvbWFyY29UdWxpby0xOC1zY2FsZWQuanBnIiwic2xpZGVzaG93IjoiYWxsLWM5MTgwOGEifQ%3D%3D\">\n\t\t\t\t\t<div class=\"e-gallery-image elementor-gallery-item__image\" data-thumbnail=\"https:\/\/portaleducacao.guarulhos.sp.gov.br\/wp_site\/portalbienal\/wp-content\/uploads\/sites\/22\/2023\/07\/marcoTulio-18-300x200.jpg\" data-width=\"300\" data-height=\"200\" alt=\"\" ><\/div>\n\t\t\t\t\t\t\t\t\t\t\t<div class=\"elementor-gallery-item__overlay\"><\/div>\n\t\t\t\t\t\t\t\t\t\t\t\t\t\t\t<div class=\"elementor-gallery-item__content\">\n\t\t\t\t\t\t\t\t\t\t\t\t\t\t<div class=\"elementor-gallery-item__title\">\n\t\t\t\t\t\t\t\t\t\t\t\t\t\t\t\t\t\tMarco Tulio\t\t\t\t\t\t\t\t<\/div>\n\t\t\t\t\t\t\t\t\t\t\t\t<\/div>\n\t\t\t\t\t\t\t\t\t<\/a>\n\t\t\t\t\t\t\t<a class=\"e-gallery-item elementor-gallery-item elementor-animated-content\" data-e-gallery-tags=\"8\" href=\"https:\/\/portaleducacao.guarulhos.sp.gov.br\/wp_site\/portalbienal\/wp-content\/uploads\/sites\/22\/2023\/07\/showLUna2-4.jpg\" data-elementor-open-lightbox=\"yes\" data-elementor-lightbox-slideshow=\"all-c91808a\" data-elementor-lightbox-title=\"Show da Luna\" data-e-action-hash=\"#elementor-action%3Aaction%3Dlightbox%26settings%3DeyJpZCI6NzQ5MCwidXJsIjoiaHR0cHM6XC9cL3BvcnRhbGVkdWNhY2FvLmd1YXJ1bGhvcy5zcC5nb3YuYnJcL3dwX3NpdGVcL3BvcnRhbGJpZW5hbFwvd3AtY29udGVudFwvdXBsb2Fkc1wvc2l0ZXNcLzIyXC8yMDIzXC8wN1wvc2hvd0xVbmEyLTQuanBnIiwic2xpZGVzaG93IjoiYWxsLWM5MTgwOGEifQ%3D%3D\">\n\t\t\t\t\t<div class=\"e-gallery-image elementor-gallery-item__image\" data-thumbnail=\"https:\/\/portaleducacao.guarulhos.sp.gov.br\/wp_site\/portalbienal\/wp-content\/uploads\/sites\/22\/2023\/07\/showLUna2-4-300x200.jpg\" data-width=\"300\" data-height=\"200\" alt=\"\" ><\/div>\n\t\t\t\t\t\t\t\t\t\t\t<div class=\"elementor-gallery-item__overlay\"><\/div>\n\t\t\t\t\t\t\t\t\t\t\t\t\t\t\t<div class=\"elementor-gallery-item__content\">\n\t\t\t\t\t\t\t\t\t\t\t\t\t\t<div class=\"elementor-gallery-item__title\">\n\t\t\t\t\t\t\t\t\t\t\t\t\t\t\t\t\t\tShow da Luna\t\t\t\t\t\t\t\t<\/div>\n\t\t\t\t\t\t\t\t\t\t\t\t<\/div>\n\t\t\t\t\t\t\t\t\t<\/a>\n\t\t\t\t\t\t\t<a class=\"e-gallery-item elementor-gallery-item elementor-animated-content\" data-e-gallery-tags=\"11\" href=\"https:\/\/portaleducacao.guarulhos.sp.gov.br\/wp_site\/portalbienal\/wp-content\/uploads\/sites\/22\/2023\/07\/publicoBienal-18.jpg\" data-elementor-open-lightbox=\"yes\" data-elementor-lightbox-slideshow=\"all-c91808a\" data-elementor-lightbox-title=\"Publico Bienal\" data-e-action-hash=\"#elementor-action%3Aaction%3Dlightbox%26settings%3DeyJpZCI6NzUzMSwidXJsIjoiaHR0cHM6XC9cL3BvcnRhbGVkdWNhY2FvLmd1YXJ1bGhvcy5zcC5nb3YuYnJcL3dwX3NpdGVcL3BvcnRhbGJpZW5hbFwvd3AtY29udGVudFwvdXBsb2Fkc1wvc2l0ZXNcLzIyXC8yMDIzXC8wN1wvcHVibGljb0JpZW5hbC0xOC5qcGciLCJzbGlkZXNob3ciOiJhbGwtYzkxODA4YSJ9\">\n\t\t\t\t\t<div class=\"e-gallery-image elementor-gallery-item__image\" data-thumbnail=\"https:\/\/portaleducacao.guarulhos.sp.gov.br\/wp_site\/portalbienal\/wp-content\/uploads\/sites\/22\/2023\/07\/publicoBienal-18-300x200.jpg\" data-width=\"300\" data-height=\"200\" alt=\"\" ><\/div>\n\t\t\t\t\t\t\t\t\t\t\t<div class=\"elementor-gallery-item__overlay\"><\/div>\n\t\t\t\t\t\t\t\t\t\t\t\t\t\t\t<div class=\"elementor-gallery-item__content\">\n\t\t\t\t\t\t\t\t\t\t\t\t\t\t<div class=\"elementor-gallery-item__title\">\n\t\t\t\t\t\t\t\t\t\t\t\t\t\t\t\t\t\tPublico Bienal\t\t\t\t\t\t\t\t<\/div>\n\t\t\t\t\t\t\t\t\t\t\t\t<\/div>\n\t\t\t\t\t\t\t\t\t<\/a>\n\t\t\t\t\t\t\t<a class=\"e-gallery-item elementor-gallery-item elementor-animated-content\" data-e-gallery-tags=\"1\" href=\"https:\/\/portaleducacao.guarulhos.sp.gov.br\/wp_site\/portalbienal\/wp-content\/uploads\/sites\/22\/2023\/07\/chicoFeliti2-4-scaled.jpg\" data-elementor-open-lightbox=\"yes\" data-elementor-lightbox-slideshow=\"all-c91808a\" data-elementor-lightbox-title=\"Chico Felitti\" data-e-action-hash=\"#elementor-action%3Aaction%3Dlightbox%26settings%3DeyJpZCI6NzQ0NSwidXJsIjoiaHR0cHM6XC9cL3BvcnRhbGVkdWNhY2FvLmd1YXJ1bGhvcy5zcC5nb3YuYnJcL3dwX3NpdGVcL3BvcnRhbGJpZW5hbFwvd3AtY29udGVudFwvdXBsb2Fkc1wvc2l0ZXNcLzIyXC8yMDIzXC8wN1wvY2hpY29GZWxpdGkyLTQtc2NhbGVkLmpwZyIsInNsaWRlc2hvdyI6ImFsbC1jOTE4MDhhIn0%3D\">\n\t\t\t\t\t<div class=\"e-gallery-image elementor-gallery-item__image\" data-thumbnail=\"https:\/\/portaleducacao.guarulhos.sp.gov.br\/wp_site\/portalbienal\/wp-content\/uploads\/sites\/22\/2023\/07\/chicoFeliti2-4-300x200.jpg\" data-width=\"300\" data-height=\"200\" alt=\"\" ><\/div>\n\t\t\t\t\t\t\t\t\t\t\t<div class=\"elementor-gallery-item__overlay\"><\/div>\n\t\t\t\t\t\t\t\t\t\t\t\t\t\t\t<div class=\"elementor-gallery-item__content\">\n\t\t\t\t\t\t\t\t\t\t\t\t\t\t<div class=\"elementor-gallery-item__title\">\n\t\t\t\t\t\t\t\t\t\t\t\t\t\t\t\t\t\tChico Felitti\t\t\t\t\t\t\t\t<\/div>\n\t\t\t\t\t\t\t\t\t\t\t\t<\/div>\n\t\t\t\t\t\t\t\t\t<\/a>\n\t\t\t\t\t\t\t<a class=\"e-gallery-item elementor-gallery-item elementor-animated-content\" data-e-gallery-tags=\"11\" href=\"https:\/\/portaleducacao.guarulhos.sp.gov.br\/wp_site\/portalbienal\/wp-content\/uploads\/sites\/22\/2023\/07\/publicoBienal-12.jpg\" data-elementor-open-lightbox=\"yes\" data-elementor-lightbox-slideshow=\"all-c91808a\" data-elementor-lightbox-title=\"Publico Bienal\" data-e-action-hash=\"#elementor-action%3Aaction%3Dlightbox%26settings%3DeyJpZCI6NzUyNSwidXJsIjoiaHR0cHM6XC9cL3BvcnRhbGVkdWNhY2FvLmd1YXJ1bGhvcy5zcC5nb3YuYnJcL3dwX3NpdGVcL3BvcnRhbGJpZW5hbFwvd3AtY29udGVudFwvdXBsb2Fkc1wvc2l0ZXNcLzIyXC8yMDIzXC8wN1wvcHVibGljb0JpZW5hbC0xMi5qcGciLCJzbGlkZXNob3ciOiJhbGwtYzkxODA4YSJ9\">\n\t\t\t\t\t<div class=\"e-gallery-image elementor-gallery-item__image\" data-thumbnail=\"https:\/\/portaleducacao.guarulhos.sp.gov.br\/wp_site\/portalbienal\/wp-content\/uploads\/sites\/22\/2023\/07\/publicoBienal-12-300x200.jpg\" data-width=\"300\" data-height=\"200\" alt=\"\" ><\/div>\n\t\t\t\t\t\t\t\t\t\t\t<div class=\"elementor-gallery-item__overlay\"><\/div>\n\t\t\t\t\t\t\t\t\t\t\t\t\t\t\t<div class=\"elementor-gallery-item__content\">\n\t\t\t\t\t\t\t\t\t\t\t\t\t\t<div class=\"elementor-gallery-item__title\">\n\t\t\t\t\t\t\t\t\t\t\t\t\t\t\t\t\t\tPublico Bienal\t\t\t\t\t\t\t\t<\/div>\n\t\t\t\t\t\t\t\t\t\t\t\t<\/div>\n\t\t\t\t\t\t\t\t\t<\/a>\n\t\t\t\t\t\t\t<a class=\"e-gallery-item elementor-gallery-item elementor-animated-content\" data-e-gallery-tags=\"6\" href=\"https:\/\/portaleducacao.guarulhos.sp.gov.br\/wp_site\/portalbienal\/wp-content\/uploads\/sites\/22\/2023\/07\/rodrgoFranca-2-scaled.jpeg\" data-elementor-open-lightbox=\"yes\" data-elementor-lightbox-slideshow=\"all-c91808a\" data-elementor-lightbox-title=\"rodrgoFranca (2)\" data-e-action-hash=\"#elementor-action%3Aaction%3Dlightbox%26settings%3DeyJpZCI6NzQ3MiwidXJsIjoiaHR0cHM6XC9cL3BvcnRhbGVkdWNhY2FvLmd1YXJ1bGhvcy5zcC5nb3YuYnJcL3dwX3NpdGVcL3BvcnRhbGJpZW5hbFwvd3AtY29udGVudFwvdXBsb2Fkc1wvc2l0ZXNcLzIyXC8yMDIzXC8wN1wvcm9kcmdvRnJhbmNhLTItc2NhbGVkLmpwZWciLCJzbGlkZXNob3ciOiJhbGwtYzkxODA4YSJ9\">\n\t\t\t\t\t<div class=\"e-gallery-image elementor-gallery-item__image\" data-thumbnail=\"https:\/\/portaleducacao.guarulhos.sp.gov.br\/wp_site\/portalbienal\/wp-content\/uploads\/sites\/22\/2023\/07\/rodrgoFranca-2-300x200.jpeg\" data-width=\"300\" data-height=\"200\" alt=\"\" ><\/div>\n\t\t\t\t\t\t\t\t\t\t\t<div class=\"elementor-gallery-item__overlay\"><\/div>\n\t\t\t\t\t\t\t\t\t\t\t\t\t\t\t<div class=\"elementor-gallery-item__content\">\n\t\t\t\t\t\t\t\t\t\t\t\t\t\t<div class=\"elementor-gallery-item__title\">\n\t\t\t\t\t\t\t\t\t\t\t\t\t\t\t\t\t\trodrgoFranca (2)\t\t\t\t\t\t\t\t<\/div>\n\t\t\t\t\t\t\t\t\t\t\t\t<\/div>\n\t\t\t\t\t\t\t\t\t<\/a>\n\t\t\t\t\t\t\t<a class=\"e-gallery-item elementor-gallery-item elementor-animated-content\" data-e-gallery-tags=\"0\" href=\"https:\/\/portaleducacao.guarulhos.sp.gov.br\/wp_site\/portalbienal\/wp-content\/uploads\/sites\/22\/2023\/07\/carpinejar-7-scaled.jpg\" data-elementor-open-lightbox=\"yes\" data-elementor-lightbox-slideshow=\"all-c91808a\" data-elementor-lightbox-title=\"Fabricio Carpinejar\" data-e-action-hash=\"#elementor-action%3Aaction%3Dlightbox%26settings%3DeyJpZCI6NzQzNSwidXJsIjoiaHR0cHM6XC9cL3BvcnRhbGVkdWNhY2FvLmd1YXJ1bGhvcy5zcC5nb3YuYnJcL3dwX3NpdGVcL3BvcnRhbGJpZW5hbFwvd3AtY29udGVudFwvdXBsb2Fkc1wvc2l0ZXNcLzIyXC8yMDIzXC8wN1wvY2FycGluZWphci03LXNjYWxlZC5qcGciLCJzbGlkZXNob3ciOiJhbGwtYzkxODA4YSJ9\">\n\t\t\t\t\t<div class=\"e-gallery-image elementor-gallery-item__image\" data-thumbnail=\"https:\/\/portaleducacao.guarulhos.sp.gov.br\/wp_site\/portalbienal\/wp-content\/uploads\/sites\/22\/2023\/07\/carpinejar-7-300x200.jpg\" data-width=\"300\" data-height=\"200\" alt=\"\" ><\/div>\n\t\t\t\t\t\t\t\t\t\t\t<div class=\"elementor-gallery-item__overlay\"><\/div>\n\t\t\t\t\t\t\t\t\t\t\t\t\t\t\t<div class=\"elementor-gallery-item__content\">\n\t\t\t\t\t\t\t\t\t\t\t\t\t\t<div class=\"elementor-gallery-item__title\">\n\t\t\t\t\t\t\t\t\t\t\t\t\t\t\t\t\t\tFabricio Carpinejar\t\t\t\t\t\t\t\t<\/div>\n\t\t\t\t\t\t\t\t\t\t\t\t<\/div>\n\t\t\t\t\t\t\t\t\t<\/a>\n\t\t\t\t\t\t\t<a class=\"e-gallery-item elementor-gallery-item elementor-animated-content\" data-e-gallery-tags=\"0\" href=\"https:\/\/portaleducacao.guarulhos.sp.gov.br\/wp_site\/portalbienal\/wp-content\/uploads\/sites\/22\/2023\/07\/carpinejar-1.jpg\" data-elementor-open-lightbox=\"yes\" data-elementor-lightbox-slideshow=\"all-c91808a\" data-elementor-lightbox-title=\"Fabricio Carpinejar\" data-e-action-hash=\"#elementor-action%3Aaction%3Dlightbox%26settings%3DeyJpZCI6NzQzMywidXJsIjoiaHR0cHM6XC9cL3BvcnRhbGVkdWNhY2FvLmd1YXJ1bGhvcy5zcC5nb3YuYnJcL3dwX3NpdGVcL3BvcnRhbGJpZW5hbFwvd3AtY29udGVudFwvdXBsb2Fkc1wvc2l0ZXNcLzIyXC8yMDIzXC8wN1wvY2FycGluZWphci0xLmpwZyIsInNsaWRlc2hvdyI6ImFsbC1jOTE4MDhhIn0%3D\">\n\t\t\t\t\t<div class=\"e-gallery-image elementor-gallery-item__image\" data-thumbnail=\"https:\/\/portaleducacao.guarulhos.sp.gov.br\/wp_site\/portalbienal\/wp-content\/uploads\/sites\/22\/2023\/07\/carpinejar-1-200x300.jpg\" data-width=\"200\" data-height=\"300\" alt=\"\" ><\/div>\n\t\t\t\t\t\t\t\t\t\t\t<div class=\"elementor-gallery-item__overlay\"><\/div>\n\t\t\t\t\t\t\t\t\t\t\t\t\t\t\t<div class=\"elementor-gallery-item__content\">\n\t\t\t\t\t\t\t\t\t\t\t\t\t\t<div class=\"elementor-gallery-item__title\">\n\t\t\t\t\t\t\t\t\t\t\t\t\t\t\t\t\t\tFabricio Carpinejar\t\t\t\t\t\t\t\t<\/div>\n\t\t\t\t\t\t\t\t\t\t\t\t<\/div>\n\t\t\t\t\t\t\t\t\t<\/a>\n\t\t\t\t\t\t\t<a class=\"e-gallery-item elementor-gallery-item elementor-animated-content\" data-e-gallery-tags=\"8\" href=\"https:\/\/portaleducacao.guarulhos.sp.gov.br\/wp_site\/portalbienal\/wp-content\/uploads\/sites\/22\/2023\/07\/showLuna-19-scaled.jpg\" data-elementor-open-lightbox=\"yes\" data-elementor-lightbox-slideshow=\"all-c91808a\" data-elementor-lightbox-title=\"Show da Luna\" data-e-action-hash=\"#elementor-action%3Aaction%3Dlightbox%26settings%3DeyJpZCI6NzQ4OCwidXJsIjoiaHR0cHM6XC9cL3BvcnRhbGVkdWNhY2FvLmd1YXJ1bGhvcy5zcC5nb3YuYnJcL3dwX3NpdGVcL3BvcnRhbGJpZW5hbFwvd3AtY29udGVudFwvdXBsb2Fkc1wvc2l0ZXNcLzIyXC8yMDIzXC8wN1wvc2hvd0x1bmEtMTktc2NhbGVkLmpwZyIsInNsaWRlc2hvdyI6ImFsbC1jOTE4MDhhIn0%3D\">\n\t\t\t\t\t<div class=\"e-gallery-image elementor-gallery-item__image\" data-thumbnail=\"https:\/\/portaleducacao.guarulhos.sp.gov.br\/wp_site\/portalbienal\/wp-content\/uploads\/sites\/22\/2023\/07\/showLuna-19-300x200.jpg\" data-width=\"300\" data-height=\"200\" alt=\"\" ><\/div>\n\t\t\t\t\t\t\t\t\t\t\t<div class=\"elementor-gallery-item__overlay\"><\/div>\n\t\t\t\t\t\t\t\t\t\t\t\t\t\t\t<div class=\"elementor-gallery-item__content\">\n\t\t\t\t\t\t\t\t\t\t\t\t\t\t<div class=\"elementor-gallery-item__title\">\n\t\t\t\t\t\t\t\t\t\t\t\t\t\t\t\t\t\tShow da Luna\t\t\t\t\t\t\t\t<\/div>\n\t\t\t\t\t\t\t\t\t\t\t\t<\/div>\n\t\t\t\t\t\t\t\t\t<\/a>\n\t\t\t\t\t\t\t<a class=\"e-gallery-item elementor-gallery-item elementor-animated-content\" data-e-gallery-tags=\"11\" href=\"https:\/\/portaleducacao.guarulhos.sp.gov.br\/wp_site\/portalbienal\/wp-content\/uploads\/sites\/22\/2023\/07\/publicoBienal-3.jpg\" data-elementor-open-lightbox=\"yes\" data-elementor-lightbox-slideshow=\"all-c91808a\" data-elementor-lightbox-title=\"Publico Bienal\" data-e-action-hash=\"#elementor-action%3Aaction%3Dlightbox%26settings%3DeyJpZCI6NzUxNiwidXJsIjoiaHR0cHM6XC9cL3BvcnRhbGVkdWNhY2FvLmd1YXJ1bGhvcy5zcC5nb3YuYnJcL3dwX3NpdGVcL3BvcnRhbGJpZW5hbFwvd3AtY29udGVudFwvdXBsb2Fkc1wvc2l0ZXNcLzIyXC8yMDIzXC8wN1wvcHVibGljb0JpZW5hbC0zLmpwZyIsInNsaWRlc2hvdyI6ImFsbC1jOTE4MDhhIn0%3D\">\n\t\t\t\t\t<div class=\"e-gallery-image elementor-gallery-item__image\" data-thumbnail=\"https:\/\/portaleducacao.guarulhos.sp.gov.br\/wp_site\/portalbienal\/wp-content\/uploads\/sites\/22\/2023\/07\/publicoBienal-3-300x200.jpg\" data-width=\"300\" data-height=\"200\" alt=\"\" ><\/div>\n\t\t\t\t\t\t\t\t\t\t\t<div class=\"elementor-gallery-item__overlay\"><\/div>\n\t\t\t\t\t\t\t\t\t\t\t\t\t\t\t<div class=\"elementor-gallery-item__content\">\n\t\t\t\t\t\t\t\t\t\t\t\t\t\t<div class=\"elementor-gallery-item__title\">\n\t\t\t\t\t\t\t\t\t\t\t\t\t\t\t\t\t\tPublico Bienal\t\t\t\t\t\t\t\t<\/div>\n\t\t\t\t\t\t\t\t\t\t\t\t<\/div>\n\t\t\t\t\t\t\t\t\t<\/a>\n\t\t\t\t\t\t\t<a class=\"e-gallery-item elementor-gallery-item elementor-animated-content\" data-e-gallery-tags=\"9\" href=\"https:\/\/portaleducacao.guarulhos.sp.gov.br\/wp_site\/portalbienal\/wp-content\/uploads\/sites\/22\/2023\/07\/talitaReboucas-3.jpg\" data-elementor-open-lightbox=\"yes\" data-elementor-lightbox-slideshow=\"all-c91808a\" data-elementor-lightbox-title=\"Talita Rebou\u00e7as\" data-e-action-hash=\"#elementor-action%3Aaction%3Dlightbox%26settings%3DeyJpZCI6NzQ5MiwidXJsIjoiaHR0cHM6XC9cL3BvcnRhbGVkdWNhY2FvLmd1YXJ1bGhvcy5zcC5nb3YuYnJcL3dwX3NpdGVcL3BvcnRhbGJpZW5hbFwvd3AtY29udGVudFwvdXBsb2Fkc1wvc2l0ZXNcLzIyXC8yMDIzXC8wN1wvdGFsaXRhUmVib3VjYXMtMy5qcGciLCJzbGlkZXNob3ciOiJhbGwtYzkxODA4YSJ9\">\n\t\t\t\t\t<div class=\"e-gallery-image elementor-gallery-item__image\" data-thumbnail=\"https:\/\/portaleducacao.guarulhos.sp.gov.br\/wp_site\/portalbienal\/wp-content\/uploads\/sites\/22\/2023\/07\/talitaReboucas-3-300x199.jpg\" data-width=\"300\" data-height=\"199\" alt=\"\" ><\/div>\n\t\t\t\t\t\t\t\t\t\t\t<div class=\"elementor-gallery-item__overlay\"><\/div>\n\t\t\t\t\t\t\t\t\t\t\t\t\t\t\t<div class=\"elementor-gallery-item__content\">\n\t\t\t\t\t\t\t\t\t\t\t\t\t\t<div class=\"elementor-gallery-item__title\">\n\t\t\t\t\t\t\t\t\t\t\t\t\t\t\t\t\t\tTalita Rebou\u00e7as\t\t\t\t\t\t\t\t<\/div>\n\t\t\t\t\t\t\t\t\t\t\t\t<\/div>\n\t\t\t\t\t\t\t\t\t<\/a>\n\t\t\t\t\t\t\t<a class=\"e-gallery-item elementor-gallery-item elementor-animated-content\" data-e-gallery-tags=\"9\" href=\"https:\/\/portaleducacao.guarulhos.sp.gov.br\/wp_site\/portalbienal\/wp-content\/uploads\/sites\/22\/2023\/07\/talitaReboucas-11.jpg\" data-elementor-open-lightbox=\"yes\" data-elementor-lightbox-slideshow=\"all-c91808a\" data-elementor-lightbox-title=\"Talita Rebou\u00e7as\" data-e-action-hash=\"#elementor-action%3Aaction%3Dlightbox%26settings%3DeyJpZCI6NzQ5NywidXJsIjoiaHR0cHM6XC9cL3BvcnRhbGVkdWNhY2FvLmd1YXJ1bGhvcy5zcC5nb3YuYnJcL3dwX3NpdGVcL3BvcnRhbGJpZW5hbFwvd3AtY29udGVudFwvdXBsb2Fkc1wvc2l0ZXNcLzIyXC8yMDIzXC8wN1wvdGFsaXRhUmVib3VjYXMtMTEuanBnIiwic2xpZGVzaG93IjoiYWxsLWM5MTgwOGEifQ%3D%3D\">\n\t\t\t\t\t<div class=\"e-gallery-image elementor-gallery-item__image\" data-thumbnail=\"https:\/\/portaleducacao.guarulhos.sp.gov.br\/wp_site\/portalbienal\/wp-content\/uploads\/sites\/22\/2023\/07\/talitaReboucas-11-300x199.jpg\" data-width=\"300\" data-height=\"199\" alt=\"\" ><\/div>\n\t\t\t\t\t\t\t\t\t\t\t<div class=\"elementor-gallery-item__overlay\"><\/div>\n\t\t\t\t\t\t\t\t\t\t\t\t\t\t\t<div class=\"elementor-gallery-item__content\">\n\t\t\t\t\t\t\t\t\t\t\t\t\t\t<div class=\"elementor-gallery-item__title\">\n\t\t\t\t\t\t\t\t\t\t\t\t\t\t\t\t\t\tTalita Rebou\u00e7as\t\t\t\t\t\t\t\t<\/div>\n\t\t\t\t\t\t\t\t\t\t\t\t<\/div>\n\t\t\t\t\t\t\t\t\t<\/a>\n\t\t\t\t\t\t\t<a class=\"e-gallery-item elementor-gallery-item elementor-animated-content\" data-e-gallery-tags=\"9\" href=\"https:\/\/portaleducacao.guarulhos.sp.gov.br\/wp_site\/portalbienal\/wp-content\/uploads\/sites\/22\/2023\/07\/talitaReboucas-9.jpg\" data-elementor-open-lightbox=\"yes\" data-elementor-lightbox-slideshow=\"all-c91808a\" data-elementor-lightbox-title=\"Talita Rebou\u00e7as\" data-e-action-hash=\"#elementor-action%3Aaction%3Dlightbox%26settings%3DeyJpZCI6NzQ5NSwidXJsIjoiaHR0cHM6XC9cL3BvcnRhbGVkdWNhY2FvLmd1YXJ1bGhvcy5zcC5nb3YuYnJcL3dwX3NpdGVcL3BvcnRhbGJpZW5hbFwvd3AtY29udGVudFwvdXBsb2Fkc1wvc2l0ZXNcLzIyXC8yMDIzXC8wN1wvdGFsaXRhUmVib3VjYXMtOS5qcGciLCJzbGlkZXNob3ciOiJhbGwtYzkxODA4YSJ9\">\n\t\t\t\t\t<div class=\"e-gallery-image elementor-gallery-item__image\" data-thumbnail=\"https:\/\/portaleducacao.guarulhos.sp.gov.br\/wp_site\/portalbienal\/wp-content\/uploads\/sites\/22\/2023\/07\/talitaReboucas-9-300x199.jpg\" data-width=\"300\" data-height=\"199\" alt=\"\" ><\/div>\n\t\t\t\t\t\t\t\t\t\t\t<div class=\"elementor-gallery-item__overlay\"><\/div>\n\t\t\t\t\t\t\t\t\t\t\t\t\t\t\t<div class=\"elementor-gallery-item__content\">\n\t\t\t\t\t\t\t\t\t\t\t\t\t\t<div class=\"elementor-gallery-item__title\">\n\t\t\t\t\t\t\t\t\t\t\t\t\t\t\t\t\t\tTalita Rebou\u00e7as\t\t\t\t\t\t\t\t<\/div>\n\t\t\t\t\t\t\t\t\t\t\t\t<\/div>\n\t\t\t\t\t\t\t\t\t<\/a>\n\t\t\t\t\t\t\t<a class=\"e-gallery-item elementor-gallery-item elementor-animated-content\" data-e-gallery-tags=\"11\" href=\"https:\/\/portaleducacao.guarulhos.sp.gov.br\/wp_site\/portalbienal\/wp-content\/uploads\/sites\/22\/2023\/07\/publicoBienal-7.jpg\" data-elementor-open-lightbox=\"yes\" data-elementor-lightbox-slideshow=\"all-c91808a\" data-elementor-lightbox-title=\"Publico Bienal\" data-e-action-hash=\"#elementor-action%3Aaction%3Dlightbox%26settings%3DeyJpZCI6NzUyMCwidXJsIjoiaHR0cHM6XC9cL3BvcnRhbGVkdWNhY2FvLmd1YXJ1bGhvcy5zcC5nb3YuYnJcL3dwX3NpdGVcL3BvcnRhbGJpZW5hbFwvd3AtY29udGVudFwvdXBsb2Fkc1wvc2l0ZXNcLzIyXC8yMDIzXC8wN1wvcHVibGljb0JpZW5hbC03LmpwZyIsInNsaWRlc2hvdyI6ImFsbC1jOTE4MDhhIn0%3D\">\n\t\t\t\t\t<div class=\"e-gallery-image elementor-gallery-item__image\" data-thumbnail=\"https:\/\/portaleducacao.guarulhos.sp.gov.br\/wp_site\/portalbienal\/wp-content\/uploads\/sites\/22\/2023\/07\/publicoBienal-7-300x200.jpg\" data-width=\"300\" data-height=\"200\" alt=\"\" ><\/div>\n\t\t\t\t\t\t\t\t\t\t\t<div class=\"elementor-gallery-item__overlay\"><\/div>\n\t\t\t\t\t\t\t\t\t\t\t\t\t\t\t<div class=\"elementor-gallery-item__content\">\n\t\t\t\t\t\t\t\t\t\t\t\t\t\t<div class=\"elementor-gallery-item__title\">\n\t\t\t\t\t\t\t\t\t\t\t\t\t\t\t\t\t\tPublico Bienal\t\t\t\t\t\t\t\t<\/div>\n\t\t\t\t\t\t\t\t\t\t\t\t<\/div>\n\t\t\t\t\t\t\t\t\t<\/a>\n\t\t\t\t\t\t\t<a class=\"e-gallery-item elementor-gallery-item elementor-animated-content\" data-e-gallery-tags=\"11\" href=\"https:\/\/portaleducacao.guarulhos.sp.gov.br\/wp_site\/portalbienal\/wp-content\/uploads\/sites\/22\/2023\/07\/publicoBienal-8.jpg\" data-elementor-open-lightbox=\"yes\" data-elementor-lightbox-slideshow=\"all-c91808a\" data-elementor-lightbox-title=\"Publico Bienal\" data-e-action-hash=\"#elementor-action%3Aaction%3Dlightbox%26settings%3DeyJpZCI6NzUyMSwidXJsIjoiaHR0cHM6XC9cL3BvcnRhbGVkdWNhY2FvLmd1YXJ1bGhvcy5zcC5nb3YuYnJcL3dwX3NpdGVcL3BvcnRhbGJpZW5hbFwvd3AtY29udGVudFwvdXBsb2Fkc1wvc2l0ZXNcLzIyXC8yMDIzXC8wN1wvcHVibGljb0JpZW5hbC04LmpwZyIsInNsaWRlc2hvdyI6ImFsbC1jOTE4MDhhIn0%3D\">\n\t\t\t\t\t<div class=\"e-gallery-image elementor-gallery-item__image\" data-thumbnail=\"https:\/\/portaleducacao.guarulhos.sp.gov.br\/wp_site\/portalbienal\/wp-content\/uploads\/sites\/22\/2023\/07\/publicoBienal-8-300x200.jpg\" data-width=\"300\" data-height=\"200\" alt=\"\" ><\/div>\n\t\t\t\t\t\t\t\t\t\t\t<div class=\"elementor-gallery-item__overlay\"><\/div>\n\t\t\t\t\t\t\t\t\t\t\t\t\t\t\t<div class=\"elementor-gallery-item__content\">\n\t\t\t\t\t\t\t\t\t\t\t\t\t\t<div class=\"elementor-gallery-item__title\">\n\t\t\t\t\t\t\t\t\t\t\t\t\t\t\t\t\t\tPublico Bienal\t\t\t\t\t\t\t\t<\/div>\n\t\t\t\t\t\t\t\t\t\t\t\t<\/div>\n\t\t\t\t\t\t\t\t\t<\/a>\n\t\t\t\t\t\t\t<a class=\"e-gallery-item elementor-gallery-item elementor-animated-content\" data-e-gallery-tags=\"7\" href=\"https:\/\/portaleducacao.guarulhos.sp.gov.br\/wp_site\/portalbienal\/wp-content\/uploads\/sites\/22\/2023\/07\/sergioVaz-33-scaled.jpg\" data-elementor-open-lightbox=\"yes\" data-elementor-lightbox-slideshow=\"all-c91808a\" data-elementor-lightbox-title=\"Sergio Vaz\" data-e-action-hash=\"#elementor-action%3Aaction%3Dlightbox%26settings%3DeyJpZCI6NzQ4MywidXJsIjoiaHR0cHM6XC9cL3BvcnRhbGVkdWNhY2FvLmd1YXJ1bGhvcy5zcC5nb3YuYnJcL3dwX3NpdGVcL3BvcnRhbGJpZW5hbFwvd3AtY29udGVudFwvdXBsb2Fkc1wvc2l0ZXNcLzIyXC8yMDIzXC8wN1wvc2VyZ2lvVmF6LTMzLXNjYWxlZC5qcGciLCJzbGlkZXNob3ciOiJhbGwtYzkxODA4YSJ9\">\n\t\t\t\t\t<div class=\"e-gallery-image elementor-gallery-item__image\" data-thumbnail=\"https:\/\/portaleducacao.guarulhos.sp.gov.br\/wp_site\/portalbienal\/wp-content\/uploads\/sites\/22\/2023\/07\/sergioVaz-33-300x200.jpg\" data-width=\"300\" data-height=\"200\" alt=\"\" ><\/div>\n\t\t\t\t\t\t\t\t\t\t\t<div class=\"elementor-gallery-item__overlay\"><\/div>\n\t\t\t\t\t\t\t\t\t\t\t\t\t\t\t<div class=\"elementor-gallery-item__content\">\n\t\t\t\t\t\t\t\t\t\t\t\t\t\t<div class=\"elementor-gallery-item__title\">\n\t\t\t\t\t\t\t\t\t\t\t\t\t\t\t\t\t\tSergio Vaz\t\t\t\t\t\t\t\t<\/div>\n\t\t\t\t\t\t\t\t\t\t\t\t<\/div>\n\t\t\t\t\t\t\t\t\t<\/a>\n\t\t\t\t\t\t\t<a class=\"e-gallery-item elementor-gallery-item elementor-animated-content\" data-e-gallery-tags=\"4\" href=\"https:\/\/portaleducacao.guarulhos.sp.gov.br\/wp_site\/portalbienal\/wp-content\/uploads\/sites\/22\/2023\/07\/marcoTulio-15.jpg\" data-elementor-open-lightbox=\"yes\" data-elementor-lightbox-slideshow=\"all-c91808a\" data-elementor-lightbox-title=\"Marco Tulio\" data-e-action-hash=\"#elementor-action%3Aaction%3Dlightbox%26settings%3DeyJpZCI6NzQ1OSwidXJsIjoiaHR0cHM6XC9cL3BvcnRhbGVkdWNhY2FvLmd1YXJ1bGhvcy5zcC5nb3YuYnJcL3dwX3NpdGVcL3BvcnRhbGJpZW5hbFwvd3AtY29udGVudFwvdXBsb2Fkc1wvc2l0ZXNcLzIyXC8yMDIzXC8wN1wvbWFyY29UdWxpby0xNS5qcGciLCJzbGlkZXNob3ciOiJhbGwtYzkxODA4YSJ9\">\n\t\t\t\t\t<div class=\"e-gallery-image elementor-gallery-item__image\" data-thumbnail=\"https:\/\/portaleducacao.guarulhos.sp.gov.br\/wp_site\/portalbienal\/wp-content\/uploads\/sites\/22\/2023\/07\/marcoTulio-15-300x200.jpg\" data-width=\"300\" data-height=\"200\" alt=\"\" ><\/div>\n\t\t\t\t\t\t\t\t\t\t\t<div class=\"elementor-gallery-item__overlay\"><\/div>\n\t\t\t\t\t\t\t\t\t\t\t\t\t\t\t<div class=\"elementor-gallery-item__content\">\n\t\t\t\t\t\t\t\t\t\t\t\t\t\t<div class=\"elementor-gallery-item__title\">\n\t\t\t\t\t\t\t\t\t\t\t\t\t\t\t\t\t\tMarco Tulio\t\t\t\t\t\t\t\t<\/div>\n\t\t\t\t\t\t\t\t\t\t\t\t<\/div>\n\t\t\t\t\t\t\t\t\t<\/a>\n\t\t\t\t\t\t\t<a class=\"e-gallery-item elementor-gallery-item elementor-animated-content\" data-e-gallery-tags=\"1\" href=\"https:\/\/portaleducacao.guarulhos.sp.gov.br\/wp_site\/portalbienal\/wp-content\/uploads\/sites\/22\/2023\/07\/chicoFeliti-7.jpg\" data-elementor-open-lightbox=\"yes\" data-elementor-lightbox-slideshow=\"all-c91808a\" data-elementor-lightbox-title=\"Chico Felitti\" data-e-action-hash=\"#elementor-action%3Aaction%3Dlightbox%26settings%3DeyJpZCI6NzQ0NCwidXJsIjoiaHR0cHM6XC9cL3BvcnRhbGVkdWNhY2FvLmd1YXJ1bGhvcy5zcC5nb3YuYnJcL3dwX3NpdGVcL3BvcnRhbGJpZW5hbFwvd3AtY29udGVudFwvdXBsb2Fkc1wvc2l0ZXNcLzIyXC8yMDIzXC8wN1wvY2hpY29GZWxpdGktNy5qcGciLCJzbGlkZXNob3ciOiJhbGwtYzkxODA4YSJ9\">\n\t\t\t\t\t<div class=\"e-gallery-image elementor-gallery-item__image\" data-thumbnail=\"https:\/\/portaleducacao.guarulhos.sp.gov.br\/wp_site\/portalbienal\/wp-content\/uploads\/sites\/22\/2023\/07\/chicoFeliti-7-200x300.jpg\" data-width=\"200\" data-height=\"300\" alt=\"\" ><\/div>\n\t\t\t\t\t\t\t\t\t\t\t<div class=\"elementor-gallery-item__overlay\"><\/div>\n\t\t\t\t\t\t\t\t\t\t\t\t\t\t\t<div class=\"elementor-gallery-item__content\">\n\t\t\t\t\t\t\t\t\t\t\t\t\t\t<div class=\"elementor-gallery-item__title\">\n\t\t\t\t\t\t\t\t\t\t\t\t\t\t\t\t\t\tChico Felitti\t\t\t\t\t\t\t\t<\/div>\n\t\t\t\t\t\t\t\t\t\t\t\t<\/div>\n\t\t\t\t\t\t\t\t\t<\/a>\n\t\t\t\t\t\t\t<a class=\"e-gallery-item elementor-gallery-item elementor-animated-content\" data-e-gallery-tags=\"5\" href=\"https:\/\/portaleducacao.guarulhos.sp.gov.br\/wp_site\/portalbienal\/wp-content\/uploads\/sites\/22\/2023\/07\/pauloFocchi-7-scaled.jpg\" data-elementor-open-lightbox=\"yes\" data-elementor-lightbox-slideshow=\"all-c91808a\" data-elementor-lightbox-title=\"Paulo Fochi\" data-e-action-hash=\"#elementor-action%3Aaction%3Dlightbox%26settings%3DeyJpZCI6NzQ2OCwidXJsIjoiaHR0cHM6XC9cL3BvcnRhbGVkdWNhY2FvLmd1YXJ1bGhvcy5zcC5nb3YuYnJcL3dwX3NpdGVcL3BvcnRhbGJpZW5hbFwvd3AtY29udGVudFwvdXBsb2Fkc1wvc2l0ZXNcLzIyXC8yMDIzXC8wN1wvcGF1bG9Gb2NjaGktNy1zY2FsZWQuanBnIiwic2xpZGVzaG93IjoiYWxsLWM5MTgwOGEifQ%3D%3D\">\n\t\t\t\t\t<div class=\"e-gallery-image elementor-gallery-item__image\" data-thumbnail=\"https:\/\/portaleducacao.guarulhos.sp.gov.br\/wp_site\/portalbienal\/wp-content\/uploads\/sites\/22\/2023\/07\/pauloFocchi-7-300x200.jpg\" data-width=\"300\" data-height=\"200\" alt=\"\" ><\/div>\n\t\t\t\t\t\t\t\t\t\t\t<div class=\"elementor-gallery-item__overlay\"><\/div>\n\t\t\t\t\t\t\t\t\t\t\t\t\t\t\t<div class=\"elementor-gallery-item__content\">\n\t\t\t\t\t\t\t\t\t\t\t\t\t\t<div class=\"elementor-gallery-item__title\">\n\t\t\t\t\t\t\t\t\t\t\t\t\t\t\t\t\t\tPaulo Fochi\t\t\t\t\t\t\t\t<\/div>\n\t\t\t\t\t\t\t\t\t\t\t\t<\/div>\n\t\t\t\t\t\t\t\t\t<\/a>\n\t\t\t\t\t\t\t<a class=\"e-gallery-item elementor-gallery-item elementor-animated-content\" data-e-gallery-tags=\"2\" href=\"https:\/\/portaleducacao.guarulhos.sp.gov.br\/wp_site\/portalbienal\/wp-content\/uploads\/sites\/22\/2023\/07\/fernandaTakai-7.jpg\" data-elementor-open-lightbox=\"yes\" data-elementor-lightbox-slideshow=\"all-c91808a\" data-elementor-lightbox-title=\"Fernanda Takai\" data-e-action-hash=\"#elementor-action%3Aaction%3Dlightbox%26settings%3DeyJpZCI6NzQ1MSwidXJsIjoiaHR0cHM6XC9cL3BvcnRhbGVkdWNhY2FvLmd1YXJ1bGhvcy5zcC5nb3YuYnJcL3dwX3NpdGVcL3BvcnRhbGJpZW5hbFwvd3AtY29udGVudFwvdXBsb2Fkc1wvc2l0ZXNcLzIyXC8yMDIzXC8wN1wvZmVybmFuZGFUYWthaS03LmpwZyIsInNsaWRlc2hvdyI6ImFsbC1jOTE4MDhhIn0%3D\">\n\t\t\t\t\t<div class=\"e-gallery-image elementor-gallery-item__image\" data-thumbnail=\"https:\/\/portaleducacao.guarulhos.sp.gov.br\/wp_site\/portalbienal\/wp-content\/uploads\/sites\/22\/2023\/07\/fernandaTakai-7-300x200.jpg\" data-width=\"300\" data-height=\"200\" alt=\"\" ><\/div>\n\t\t\t\t\t\t\t\t\t\t\t<div class=\"elementor-gallery-item__overlay\"><\/div>\n\t\t\t\t\t\t\t\t\t\t\t\t\t\t\t<div class=\"elementor-gallery-item__content\">\n\t\t\t\t\t\t\t\t\t\t\t\t\t\t<div class=\"elementor-gallery-item__title\">\n\t\t\t\t\t\t\t\t\t\t\t\t\t\t\t\t\t\tFernanda Takai\t\t\t\t\t\t\t\t<\/div>\n\t\t\t\t\t\t\t\t\t\t\t\t<\/div>\n\t\t\t\t\t\t\t\t\t<\/a>\n\t\t\t\t\t\t\t<a class=\"e-gallery-item elementor-gallery-item elementor-animated-content\" data-e-gallery-tags=\"7\" href=\"https:\/\/portaleducacao.guarulhos.sp.gov.br\/wp_site\/portalbienal\/wp-content\/uploads\/sites\/22\/2023\/07\/sergioVaz-29-scaled.jpg\" data-elementor-open-lightbox=\"yes\" data-elementor-lightbox-slideshow=\"all-c91808a\" data-elementor-lightbox-title=\"Sergio Vaz\" data-e-action-hash=\"#elementor-action%3Aaction%3Dlightbox%26settings%3DeyJpZCI6NzQ4MSwidXJsIjoiaHR0cHM6XC9cL3BvcnRhbGVkdWNhY2FvLmd1YXJ1bGhvcy5zcC5nb3YuYnJcL3dwX3NpdGVcL3BvcnRhbGJpZW5hbFwvd3AtY29udGVudFwvdXBsb2Fkc1wvc2l0ZXNcLzIyXC8yMDIzXC8wN1wvc2VyZ2lvVmF6LTI5LXNjYWxlZC5qcGciLCJzbGlkZXNob3ciOiJhbGwtYzkxODA4YSJ9\">\n\t\t\t\t\t<div class=\"e-gallery-image elementor-gallery-item__image\" data-thumbnail=\"https:\/\/portaleducacao.guarulhos.sp.gov.br\/wp_site\/portalbienal\/wp-content\/uploads\/sites\/22\/2023\/07\/sergioVaz-29-300x200.jpg\" data-width=\"300\" data-height=\"200\" alt=\"\" ><\/div>\n\t\t\t\t\t\t\t\t\t\t\t<div class=\"elementor-gallery-item__overlay\"><\/div>\n\t\t\t\t\t\t\t\t\t\t\t\t\t\t\t<div class=\"elementor-gallery-item__content\">\n\t\t\t\t\t\t\t\t\t\t\t\t\t\t<div class=\"elementor-gallery-item__title\">\n\t\t\t\t\t\t\t\t\t\t\t\t\t\t\t\t\t\tSergio Vaz\t\t\t\t\t\t\t\t<\/div>\n\t\t\t\t\t\t\t\t\t\t\t\t<\/div>\n\t\t\t\t\t\t\t\t\t<\/a>\n\t\t\t\t\t\t\t<a class=\"e-gallery-item elementor-gallery-item elementor-animated-content\" data-e-gallery-tags=\"0\" href=\"https:\/\/portaleducacao.guarulhos.sp.gov.br\/wp_site\/portalbienal\/wp-content\/uploads\/sites\/22\/2023\/07\/carpinejar-6-scaled.jpg\" data-elementor-open-lightbox=\"yes\" data-elementor-lightbox-slideshow=\"all-c91808a\" data-elementor-lightbox-title=\"Fabricio Carpinejar\" data-e-action-hash=\"#elementor-action%3Aaction%3Dlightbox%26settings%3DeyJpZCI6NzQzNCwidXJsIjoiaHR0cHM6XC9cL3BvcnRhbGVkdWNhY2FvLmd1YXJ1bGhvcy5zcC5nb3YuYnJcL3dwX3NpdGVcL3BvcnRhbGJpZW5hbFwvd3AtY29udGVudFwvdXBsb2Fkc1wvc2l0ZXNcLzIyXC8yMDIzXC8wN1wvY2FycGluZWphci02LXNjYWxlZC5qcGciLCJzbGlkZXNob3ciOiJhbGwtYzkxODA4YSJ9\">\n\t\t\t\t\t<div class=\"e-gallery-image elementor-gallery-item__image\" data-thumbnail=\"https:\/\/portaleducacao.guarulhos.sp.gov.br\/wp_site\/portalbienal\/wp-content\/uploads\/sites\/22\/2023\/07\/carpinejar-6-300x200.jpg\" data-width=\"300\" data-height=\"200\" alt=\"\" ><\/div>\n\t\t\t\t\t\t\t\t\t\t\t<div class=\"elementor-gallery-item__overlay\"><\/div>\n\t\t\t\t\t\t\t\t\t\t\t\t\t\t\t<div class=\"elementor-gallery-item__content\">\n\t\t\t\t\t\t\t\t\t\t\t\t\t\t<div class=\"elementor-gallery-item__title\">\n\t\t\t\t\t\t\t\t\t\t\t\t\t\t\t\t\t\tFabricio Carpinejar\t\t\t\t\t\t\t\t<\/div>\n\t\t\t\t\t\t\t\t\t\t\t\t<\/div>\n\t\t\t\t\t\t\t\t\t<\/a>\n\t\t\t\t\t\t\t<a class=\"e-gallery-item elementor-gallery-item elementor-animated-content\" data-e-gallery-tags=\"11\" href=\"https:\/\/portaleducacao.guarulhos.sp.gov.br\/wp_site\/portalbienal\/wp-content\/uploads\/sites\/22\/2023\/07\/publicoBienal-17.jpg\" data-elementor-open-lightbox=\"yes\" data-elementor-lightbox-slideshow=\"all-c91808a\" data-elementor-lightbox-title=\"Publico Bienal\" data-e-action-hash=\"#elementor-action%3Aaction%3Dlightbox%26settings%3DeyJpZCI6NzUzMCwidXJsIjoiaHR0cHM6XC9cL3BvcnRhbGVkdWNhY2FvLmd1YXJ1bGhvcy5zcC5nb3YuYnJcL3dwX3NpdGVcL3BvcnRhbGJpZW5hbFwvd3AtY29udGVudFwvdXBsb2Fkc1wvc2l0ZXNcLzIyXC8yMDIzXC8wN1wvcHVibGljb0JpZW5hbC0xNy5qcGciLCJzbGlkZXNob3ciOiJhbGwtYzkxODA4YSJ9\">\n\t\t\t\t\t<div class=\"e-gallery-image elementor-gallery-item__image\" data-thumbnail=\"https:\/\/portaleducacao.guarulhos.sp.gov.br\/wp_site\/portalbienal\/wp-content\/uploads\/sites\/22\/2023\/07\/publicoBienal-17-300x200.jpg\" data-width=\"300\" data-height=\"200\" alt=\"\" ><\/div>\n\t\t\t\t\t\t\t\t\t\t\t<div class=\"elementor-gallery-item__overlay\"><\/div>\n\t\t\t\t\t\t\t\t\t\t\t\t\t\t\t<div class=\"elementor-gallery-item__content\">\n\t\t\t\t\t\t\t\t\t\t\t\t\t\t<div class=\"elementor-gallery-item__title\">\n\t\t\t\t\t\t\t\t\t\t\t\t\t\t\t\t\t\tPublico Bienal\t\t\t\t\t\t\t\t<\/div>\n\t\t\t\t\t\t\t\t\t\t\t\t<\/div>\n\t\t\t\t\t\t\t\t\t<\/a>\n\t\t\t\t\t\t\t<a class=\"e-gallery-item elementor-gallery-item elementor-animated-content\" data-e-gallery-tags=\"11\" href=\"https:\/\/portaleducacao.guarulhos.sp.gov.br\/wp_site\/portalbienal\/wp-content\/uploads\/sites\/22\/2023\/07\/publicoBienal-19.jpg\" data-elementor-open-lightbox=\"yes\" data-elementor-lightbox-slideshow=\"all-c91808a\" data-elementor-lightbox-title=\"Publico Bienal\" data-e-action-hash=\"#elementor-action%3Aaction%3Dlightbox%26settings%3DeyJpZCI6NzUzMiwidXJsIjoiaHR0cHM6XC9cL3BvcnRhbGVkdWNhY2FvLmd1YXJ1bGhvcy5zcC5nb3YuYnJcL3dwX3NpdGVcL3BvcnRhbGJpZW5hbFwvd3AtY29udGVudFwvdXBsb2Fkc1wvc2l0ZXNcLzIyXC8yMDIzXC8wN1wvcHVibGljb0JpZW5hbC0xOS5qcGciLCJzbGlkZXNob3ciOiJhbGwtYzkxODA4YSJ9\">\n\t\t\t\t\t<div class=\"e-gallery-image elementor-gallery-item__image\" data-thumbnail=\"https:\/\/portaleducacao.guarulhos.sp.gov.br\/wp_site\/portalbienal\/wp-content\/uploads\/sites\/22\/2023\/07\/publicoBienal-19-300x200.jpg\" data-width=\"300\" data-height=\"200\" alt=\"\" ><\/div>\n\t\t\t\t\t\t\t\t\t\t\t<div class=\"elementor-gallery-item__overlay\"><\/div>\n\t\t\t\t\t\t\t\t\t\t\t\t\t\t\t<div class=\"elementor-gallery-item__content\">\n\t\t\t\t\t\t\t\t\t\t\t\t\t\t<div class=\"elementor-gallery-item__title\">\n\t\t\t\t\t\t\t\t\t\t\t\t\t\t\t\t\t\tPublico Bienal\t\t\t\t\t\t\t\t<\/div>\n\t\t\t\t\t\t\t\t\t\t\t\t<\/div>\n\t\t\t\t\t\t\t\t\t<\/a>\n\t\t\t\t\t\t\t<a class=\"e-gallery-item elementor-gallery-item elementor-animated-content\" data-e-gallery-tags=\"11\" href=\"https:\/\/portaleducacao.guarulhos.sp.gov.br\/wp_site\/portalbienal\/wp-content\/uploads\/sites\/22\/2023\/07\/publicoBienal-6.jpg\" data-elementor-open-lightbox=\"yes\" data-elementor-lightbox-slideshow=\"all-c91808a\" data-elementor-lightbox-title=\"Publico Bienal\" data-e-action-hash=\"#elementor-action%3Aaction%3Dlightbox%26settings%3DeyJpZCI6NzUxOSwidXJsIjoiaHR0cHM6XC9cL3BvcnRhbGVkdWNhY2FvLmd1YXJ1bGhvcy5zcC5nb3YuYnJcL3dwX3NpdGVcL3BvcnRhbGJpZW5hbFwvd3AtY29udGVudFwvdXBsb2Fkc1wvc2l0ZXNcLzIyXC8yMDIzXC8wN1wvcHVibGljb0JpZW5hbC02LmpwZyIsInNsaWRlc2hvdyI6ImFsbC1jOTE4MDhhIn0%3D\">\n\t\t\t\t\t<div class=\"e-gallery-image elementor-gallery-item__image\" data-thumbnail=\"https:\/\/portaleducacao.guarulhos.sp.gov.br\/wp_site\/portalbienal\/wp-content\/uploads\/sites\/22\/2023\/07\/publicoBienal-6-300x200.jpg\" data-width=\"300\" data-height=\"200\" alt=\"\" ><\/div>\n\t\t\t\t\t\t\t\t\t\t\t<div class=\"elementor-gallery-item__overlay\"><\/div>\n\t\t\t\t\t\t\t\t\t\t\t\t\t\t\t<div class=\"elementor-gallery-item__content\">\n\t\t\t\t\t\t\t\t\t\t\t\t\t\t<div class=\"elementor-gallery-item__title\">\n\t\t\t\t\t\t\t\t\t\t\t\t\t\t\t\t\t\tPublico Bienal\t\t\t\t\t\t\t\t<\/div>\n\t\t\t\t\t\t\t\t\t\t\t\t<\/div>\n\t\t\t\t\t\t\t\t\t<\/a>\n\t\t\t\t\t\t\t<a class=\"e-gallery-item elementor-gallery-item elementor-animated-content\" data-e-gallery-tags=\"3\" href=\"https:\/\/portaleducacao.guarulhos.sp.gov.br\/wp_site\/portalbienal\/wp-content\/uploads\/sites\/22\/2023\/07\/ilanBrenman-3-scaled.jpg\" data-elementor-open-lightbox=\"yes\" data-elementor-lightbox-slideshow=\"all-c91808a\" data-elementor-lightbox-title=\"Ilan Brenman\" data-e-action-hash=\"#elementor-action%3Aaction%3Dlightbox%26settings%3DeyJpZCI6NzQ1OCwidXJsIjoiaHR0cHM6XC9cL3BvcnRhbGVkdWNhY2FvLmd1YXJ1bGhvcy5zcC5nb3YuYnJcL3dwX3NpdGVcL3BvcnRhbGJpZW5hbFwvd3AtY29udGVudFwvdXBsb2Fkc1wvc2l0ZXNcLzIyXC8yMDIzXC8wN1wvaWxhbkJyZW5tYW4tMy1zY2FsZWQuanBnIiwic2xpZGVzaG93IjoiYWxsLWM5MTgwOGEifQ%3D%3D\">\n\t\t\t\t\t<div class=\"e-gallery-image elementor-gallery-item__image\" data-thumbnail=\"https:\/\/portaleducacao.guarulhos.sp.gov.br\/wp_site\/portalbienal\/wp-content\/uploads\/sites\/22\/2023\/07\/ilanBrenman-3-300x200.jpg\" data-width=\"300\" data-height=\"200\" alt=\"\" ><\/div>\n\t\t\t\t\t\t\t\t\t\t\t<div class=\"elementor-gallery-item__overlay\"><\/div>\n\t\t\t\t\t\t\t\t\t\t\t\t\t\t\t<div class=\"elementor-gallery-item__content\">\n\t\t\t\t\t\t\t\t\t\t\t\t\t\t<div class=\"elementor-gallery-item__title\">\n\t\t\t\t\t\t\t\t\t\t\t\t\t\t\t\t\t\tIlan Brenman\t\t\t\t\t\t\t\t<\/div>\n\t\t\t\t\t\t\t\t\t\t\t\t<\/div>\n\t\t\t\t\t\t\t\t\t<\/a>\n\t\t\t\t\t\t\t<a class=\"e-gallery-item elementor-gallery-item elementor-animated-content\" data-e-gallery-tags=\"10\" href=\"https:\/\/portaleducacao.guarulhos.sp.gov.br\/wp_site\/portalbienal\/wp-content\/uploads\/sites\/22\/2023\/07\/wendelBezerra-18-1-scaled.jpg\" data-elementor-open-lightbox=\"yes\" data-elementor-lightbox-slideshow=\"all-c91808a\" data-elementor-lightbox-title=\"Wendel Bezerra\" data-e-action-hash=\"#elementor-action%3Aaction%3Dlightbox%26settings%3DeyJpZCI6NzUxMywidXJsIjoiaHR0cHM6XC9cL3BvcnRhbGVkdWNhY2FvLmd1YXJ1bGhvcy5zcC5nb3YuYnJcL3dwX3NpdGVcL3BvcnRhbGJpZW5hbFwvd3AtY29udGVudFwvdXBsb2Fkc1wvc2l0ZXNcLzIyXC8yMDIzXC8wN1wvd2VuZGVsQmV6ZXJyYS0xOC0xLXNjYWxlZC5qcGciLCJzbGlkZXNob3ciOiJhbGwtYzkxODA4YSJ9\">\n\t\t\t\t\t<div class=\"e-gallery-image elementor-gallery-item__image\" data-thumbnail=\"https:\/\/portaleducacao.guarulhos.sp.gov.br\/wp_site\/portalbienal\/wp-content\/uploads\/sites\/22\/2023\/07\/wendelBezerra-18-1-300x200.jpg\" data-width=\"300\" data-height=\"200\" alt=\"\" ><\/div>\n\t\t\t\t\t\t\t\t\t\t\t<div class=\"elementor-gallery-item__overlay\"><\/div>\n\t\t\t\t\t\t\t\t\t\t\t\t\t\t\t<div class=\"elementor-gallery-item__content\">\n\t\t\t\t\t\t\t\t\t\t\t\t\t\t<div class=\"elementor-gallery-item__title\">\n\t\t\t\t\t\t\t\t\t\t\t\t\t\t\t\t\t\tWendel Bezerra\t\t\t\t\t\t\t\t<\/div>\n\t\t\t\t\t\t\t\t\t\t\t\t<\/div>\n\t\t\t\t\t\t\t\t\t<\/a>\n\t\t\t\t\t\t\t<a class=\"e-gallery-item elementor-gallery-item elementor-animated-content\" data-e-gallery-tags=\"11\" href=\"https:\/\/portaleducacao.guarulhos.sp.gov.br\/wp_site\/portalbienal\/wp-content\/uploads\/sites\/22\/2023\/07\/publicoBienal-15.jpg\" data-elementor-open-lightbox=\"yes\" data-elementor-lightbox-slideshow=\"all-c91808a\" data-elementor-lightbox-title=\"Publico Bienal\" data-e-action-hash=\"#elementor-action%3Aaction%3Dlightbox%26settings%3DeyJpZCI6NzUyOCwidXJsIjoiaHR0cHM6XC9cL3BvcnRhbGVkdWNhY2FvLmd1YXJ1bGhvcy5zcC5nb3YuYnJcL3dwX3NpdGVcL3BvcnRhbGJpZW5hbFwvd3AtY29udGVudFwvdXBsb2Fkc1wvc2l0ZXNcLzIyXC8yMDIzXC8wN1wvcHVibGljb0JpZW5hbC0xNS5qcGciLCJzbGlkZXNob3ciOiJhbGwtYzkxODA4YSJ9\">\n\t\t\t\t\t<div class=\"e-gallery-image elementor-gallery-item__image\" data-thumbnail=\"https:\/\/portaleducacao.guarulhos.sp.gov.br\/wp_site\/portalbienal\/wp-content\/uploads\/sites\/22\/2023\/07\/publicoBienal-15-300x200.jpg\" data-width=\"300\" data-height=\"200\" alt=\"\" ><\/div>\n\t\t\t\t\t\t\t\t\t\t\t<div class=\"elementor-gallery-item__overlay\"><\/div>\n\t\t\t\t\t\t\t\t\t\t\t\t\t\t\t<div class=\"elementor-gallery-item__content\">\n\t\t\t\t\t\t\t\t\t\t\t\t\t\t<div class=\"elementor-gallery-item__title\">\n\t\t\t\t\t\t\t\t\t\t\t\t\t\t\t\t\t\tPublico Bienal\t\t\t\t\t\t\t\t<\/div>\n\t\t\t\t\t\t\t\t\t\t\t\t<\/div>\n\t\t\t\t\t\t\t\t\t<\/a>\n\t\t\t\t\t\t\t<a class=\"e-gallery-item elementor-gallery-item elementor-animated-content\" data-e-gallery-tags=\"10\" href=\"https:\/\/portaleducacao.guarulhos.sp.gov.br\/wp_site\/portalbienal\/wp-content\/uploads\/sites\/22\/2023\/07\/wendelBezerra-5-1-scaled.jpg\" data-elementor-open-lightbox=\"yes\" data-elementor-lightbox-slideshow=\"all-c91808a\" data-elementor-lightbox-title=\"Wendel Bezerra\" data-e-action-hash=\"#elementor-action%3Aaction%3Dlightbox%26settings%3DeyJpZCI6NzUwNywidXJsIjoiaHR0cHM6XC9cL3BvcnRhbGVkdWNhY2FvLmd1YXJ1bGhvcy5zcC5nb3YuYnJcL3dwX3NpdGVcL3BvcnRhbGJpZW5hbFwvd3AtY29udGVudFwvdXBsb2Fkc1wvc2l0ZXNcLzIyXC8yMDIzXC8wN1wvd2VuZGVsQmV6ZXJyYS01LTEtc2NhbGVkLmpwZyIsInNsaWRlc2hvdyI6ImFsbC1jOTE4MDhhIn0%3D\">\n\t\t\t\t\t<div class=\"e-gallery-image elementor-gallery-item__image\" data-thumbnail=\"https:\/\/portaleducacao.guarulhos.sp.gov.br\/wp_site\/portalbienal\/wp-content\/uploads\/sites\/22\/2023\/07\/wendelBezerra-5-1-300x200.jpg\" data-width=\"300\" data-height=\"200\" alt=\"\" ><\/div>\n\t\t\t\t\t\t\t\t\t\t\t<div class=\"elementor-gallery-item__overlay\"><\/div>\n\t\t\t\t\t\t\t\t\t\t\t\t\t\t\t<div class=\"elementor-gallery-item__content\">\n\t\t\t\t\t\t\t\t\t\t\t\t\t\t<div class=\"elementor-gallery-item__title\">\n\t\t\t\t\t\t\t\t\t\t\t\t\t\t\t\t\t\tWendel Bezerra\t\t\t\t\t\t\t\t<\/div>\n\t\t\t\t\t\t\t\t\t\t\t\t<\/div>\n\t\t\t\t\t\t\t\t\t<\/a>\n\t\t\t\t\t\t\t<a class=\"e-gallery-item elementor-gallery-item elementor-animated-content\" data-e-gallery-tags=\"11\" href=\"https:\/\/portaleducacao.guarulhos.sp.gov.br\/wp_site\/portalbienal\/wp-content\/uploads\/sites\/22\/2023\/07\/publicoBienal-4.jpg\" data-elementor-open-lightbox=\"yes\" data-elementor-lightbox-slideshow=\"all-c91808a\" data-elementor-lightbox-title=\"Publico Bienal\" data-e-action-hash=\"#elementor-action%3Aaction%3Dlightbox%26settings%3DeyJpZCI6NzUxNywidXJsIjoiaHR0cHM6XC9cL3BvcnRhbGVkdWNhY2FvLmd1YXJ1bGhvcy5zcC5nb3YuYnJcL3dwX3NpdGVcL3BvcnRhbGJpZW5hbFwvd3AtY29udGVudFwvdXBsb2Fkc1wvc2l0ZXNcLzIyXC8yMDIzXC8wN1wvcHVibGljb0JpZW5hbC00LmpwZyIsInNsaWRlc2hvdyI6ImFsbC1jOTE4MDhhIn0%3D\">\n\t\t\t\t\t<div class=\"e-gallery-image elementor-gallery-item__image\" data-thumbnail=\"https:\/\/portaleducacao.guarulhos.sp.gov.br\/wp_site\/portalbienal\/wp-content\/uploads\/sites\/22\/2023\/07\/publicoBienal-4-300x200.jpg\" data-width=\"300\" data-height=\"200\" alt=\"\" ><\/div>\n\t\t\t\t\t\t\t\t\t\t\t<div class=\"elementor-gallery-item__overlay\"><\/div>\n\t\t\t\t\t\t\t\t\t\t\t\t\t\t\t<div class=\"elementor-gallery-item__content\">\n\t\t\t\t\t\t\t\t\t\t\t\t\t\t<div class=\"elementor-gallery-item__title\">\n\t\t\t\t\t\t\t\t\t\t\t\t\t\t\t\t\t\tPublico Bienal\t\t\t\t\t\t\t\t<\/div>\n\t\t\t\t\t\t\t\t\t\t\t\t<\/div>\n\t\t\t\t\t\t\t\t\t<\/a>\n\t\t\t\t\t\t\t<a class=\"e-gallery-item elementor-gallery-item elementor-animated-content\" data-e-gallery-tags=\"11\" href=\"https:\/\/portaleducacao.guarulhos.sp.gov.br\/wp_site\/portalbienal\/wp-content\/uploads\/sites\/22\/2023\/07\/publicoBienal-22.jpg\" data-elementor-open-lightbox=\"yes\" data-elementor-lightbox-slideshow=\"all-c91808a\" data-elementor-lightbox-title=\"Publico Bienal\" data-e-action-hash=\"#elementor-action%3Aaction%3Dlightbox%26settings%3DeyJpZCI6NzUzNSwidXJsIjoiaHR0cHM6XC9cL3BvcnRhbGVkdWNhY2FvLmd1YXJ1bGhvcy5zcC5nb3YuYnJcL3dwX3NpdGVcL3BvcnRhbGJpZW5hbFwvd3AtY29udGVudFwvdXBsb2Fkc1wvc2l0ZXNcLzIyXC8yMDIzXC8wN1wvcHVibGljb0JpZW5hbC0yMi5qcGciLCJzbGlkZXNob3ciOiJhbGwtYzkxODA4YSJ9\">\n\t\t\t\t\t<div class=\"e-gallery-image elementor-gallery-item__image\" data-thumbnail=\"https:\/\/portaleducacao.guarulhos.sp.gov.br\/wp_site\/portalbienal\/wp-content\/uploads\/sites\/22\/2023\/07\/publicoBienal-22-300x200.jpg\" data-width=\"300\" data-height=\"200\" alt=\"\" ><\/div>\n\t\t\t\t\t\t\t\t\t\t\t<div class=\"elementor-gallery-item__overlay\"><\/div>\n\t\t\t\t\t\t\t\t\t\t\t\t\t\t\t<div class=\"elementor-gallery-item__content\">\n\t\t\t\t\t\t\t\t\t\t\t\t\t\t<div class=\"elementor-gallery-item__title\">\n\t\t\t\t\t\t\t\t\t\t\t\t\t\t\t\t\t\tPublico Bienal\t\t\t\t\t\t\t\t<\/div>\n\t\t\t\t\t\t\t\t\t\t\t\t<\/div>\n\t\t\t\t\t\t\t\t\t<\/a>\n\t\t\t\t\t\t\t<a class=\"e-gallery-item elementor-gallery-item elementor-animated-content\" data-e-gallery-tags=\"9\" href=\"https:\/\/portaleducacao.guarulhos.sp.gov.br\/wp_site\/portalbienal\/wp-content\/uploads\/sites\/22\/2023\/07\/talitaReboucas-4.jpg\" data-elementor-open-lightbox=\"yes\" data-elementor-lightbox-slideshow=\"all-c91808a\" data-elementor-lightbox-title=\"Talita Rebou\u00e7as\" data-e-action-hash=\"#elementor-action%3Aaction%3Dlightbox%26settings%3DeyJpZCI6NzQ5MywidXJsIjoiaHR0cHM6XC9cL3BvcnRhbGVkdWNhY2FvLmd1YXJ1bGhvcy5zcC5nb3YuYnJcL3dwX3NpdGVcL3BvcnRhbGJpZW5hbFwvd3AtY29udGVudFwvdXBsb2Fkc1wvc2l0ZXNcLzIyXC8yMDIzXC8wN1wvdGFsaXRhUmVib3VjYXMtNC5qcGciLCJzbGlkZXNob3ciOiJhbGwtYzkxODA4YSJ9\">\n\t\t\t\t\t<div class=\"e-gallery-image elementor-gallery-item__image\" data-thumbnail=\"https:\/\/portaleducacao.guarulhos.sp.gov.br\/wp_site\/portalbienal\/wp-content\/uploads\/sites\/22\/2023\/07\/talitaReboucas-4-300x200.jpg\" data-width=\"300\" data-height=\"200\" alt=\"\" ><\/div>\n\t\t\t\t\t\t\t\t\t\t\t<div class=\"elementor-gallery-item__overlay\"><\/div>\n\t\t\t\t\t\t\t\t\t\t\t\t\t\t\t<div class=\"elementor-gallery-item__content\">\n\t\t\t\t\t\t\t\t\t\t\t\t\t\t<div class=\"elementor-gallery-item__title\">\n\t\t\t\t\t\t\t\t\t\t\t\t\t\t\t\t\t\tTalita Rebou\u00e7as\t\t\t\t\t\t\t\t<\/div>\n\t\t\t\t\t\t\t\t\t\t\t\t<\/div>\n\t\t\t\t\t\t\t\t\t<\/a>\n\t\t\t\t\t\t\t<a class=\"e-gallery-item elementor-gallery-item elementor-animated-content\" data-e-gallery-tags=\"9\" href=\"https:\/\/portaleducacao.guarulhos.sp.gov.br\/wp_site\/portalbienal\/wp-content\/uploads\/sites\/22\/2023\/07\/talitaReboucas-7.jpg\" data-elementor-open-lightbox=\"yes\" data-elementor-lightbox-slideshow=\"all-c91808a\" data-elementor-lightbox-title=\"Talita Rebou\u00e7as\" data-e-action-hash=\"#elementor-action%3Aaction%3Dlightbox%26settings%3DeyJpZCI6NzQ5NCwidXJsIjoiaHR0cHM6XC9cL3BvcnRhbGVkdWNhY2FvLmd1YXJ1bGhvcy5zcC5nb3YuYnJcL3dwX3NpdGVcL3BvcnRhbGJpZW5hbFwvd3AtY29udGVudFwvdXBsb2Fkc1wvc2l0ZXNcLzIyXC8yMDIzXC8wN1wvdGFsaXRhUmVib3VjYXMtNy5qcGciLCJzbGlkZXNob3ciOiJhbGwtYzkxODA4YSJ9\">\n\t\t\t\t\t<div class=\"e-gallery-image elementor-gallery-item__image\" data-thumbnail=\"https:\/\/portaleducacao.guarulhos.sp.gov.br\/wp_site\/portalbienal\/wp-content\/uploads\/sites\/22\/2023\/07\/talitaReboucas-7-300x199.jpg\" data-width=\"300\" data-height=\"199\" alt=\"\" ><\/div>\n\t\t\t\t\t\t\t\t\t\t\t<div class=\"elementor-gallery-item__overlay\"><\/div>\n\t\t\t\t\t\t\t\t\t\t\t\t\t\t\t<div class=\"elementor-gallery-item__content\">\n\t\t\t\t\t\t\t\t\t\t\t\t\t\t<div class=\"elementor-gallery-item__title\">\n\t\t\t\t\t\t\t\t\t\t\t\t\t\t\t\t\t\tTalita Rebou\u00e7as\t\t\t\t\t\t\t\t<\/div>\n\t\t\t\t\t\t\t\t\t\t\t\t<\/div>\n\t\t\t\t\t\t\t\t\t<\/a>\n\t\t\t\t\t\t\t<a class=\"e-gallery-item elementor-gallery-item elementor-animated-content\" data-e-gallery-tags=\"6\" href=\"https:\/\/portaleducacao.guarulhos.sp.gov.br\/wp_site\/portalbienal\/wp-content\/uploads\/sites\/22\/2023\/07\/rodrigoFranca2-2.jpg\" data-elementor-open-lightbox=\"yes\" data-elementor-lightbox-slideshow=\"all-c91808a\" data-elementor-lightbox-title=\"Rodrigo Franca\" data-e-action-hash=\"#elementor-action%3Aaction%3Dlightbox%26settings%3DeyJpZCI6NzQ3NSwidXJsIjoiaHR0cHM6XC9cL3BvcnRhbGVkdWNhY2FvLmd1YXJ1bGhvcy5zcC5nb3YuYnJcL3dwX3NpdGVcL3BvcnRhbGJpZW5hbFwvd3AtY29udGVudFwvdXBsb2Fkc1wvc2l0ZXNcLzIyXC8yMDIzXC8wN1wvcm9kcmlnb0ZyYW5jYTItMi5qcGciLCJzbGlkZXNob3ciOiJhbGwtYzkxODA4YSJ9\">\n\t\t\t\t\t<div class=\"e-gallery-image elementor-gallery-item__image\" data-thumbnail=\"https:\/\/portaleducacao.guarulhos.sp.gov.br\/wp_site\/portalbienal\/wp-content\/uploads\/sites\/22\/2023\/07\/rodrigoFranca2-2-300x199.jpg\" data-width=\"300\" data-height=\"199\" alt=\"\" ><\/div>\n\t\t\t\t\t\t\t\t\t\t\t<div class=\"elementor-gallery-item__overlay\"><\/div>\n\t\t\t\t\t\t\t\t\t\t\t\t\t\t\t<div class=\"elementor-gallery-item__content\">\n\t\t\t\t\t\t\t\t\t\t\t\t\t\t<div class=\"elementor-gallery-item__title\">\n\t\t\t\t\t\t\t\t\t\t\t\t\t\t\t\t\t\tRodrigo Franca\t\t\t\t\t\t\t\t<\/div>\n\t\t\t\t\t\t\t\t\t\t\t\t<\/div>\n\t\t\t\t\t\t\t\t\t<\/a>\n\t\t\t\t\t\t\t<a class=\"e-gallery-item elementor-gallery-item elementor-animated-content\" data-e-gallery-tags=\"3\" href=\"https:\/\/portaleducacao.guarulhos.sp.gov.br\/wp_site\/portalbienal\/wp-content\/uploads\/sites\/22\/2023\/07\/ilanBrenman-2-scaled.jpg\" data-elementor-open-lightbox=\"yes\" data-elementor-lightbox-slideshow=\"all-c91808a\" data-elementor-lightbox-title=\"Ilan Brenman\" data-e-action-hash=\"#elementor-action%3Aaction%3Dlightbox%26settings%3DeyJpZCI6NzQ1NywidXJsIjoiaHR0cHM6XC9cL3BvcnRhbGVkdWNhY2FvLmd1YXJ1bGhvcy5zcC5nb3YuYnJcL3dwX3NpdGVcL3BvcnRhbGJpZW5hbFwvd3AtY29udGVudFwvdXBsb2Fkc1wvc2l0ZXNcLzIyXC8yMDIzXC8wN1wvaWxhbkJyZW5tYW4tMi1zY2FsZWQuanBnIiwic2xpZGVzaG93IjoiYWxsLWM5MTgwOGEifQ%3D%3D\">\n\t\t\t\t\t<div class=\"e-gallery-image elementor-gallery-item__image\" data-thumbnail=\"https:\/\/portaleducacao.guarulhos.sp.gov.br\/wp_site\/portalbienal\/wp-content\/uploads\/sites\/22\/2023\/07\/ilanBrenman-2-300x200.jpg\" data-width=\"300\" data-height=\"200\" alt=\"\" ><\/div>\n\t\t\t\t\t\t\t\t\t\t\t<div class=\"elementor-gallery-item__overlay\"><\/div>\n\t\t\t\t\t\t\t\t\t\t\t\t\t\t\t<div class=\"elementor-gallery-item__content\">\n\t\t\t\t\t\t\t\t\t\t\t\t\t\t<div class=\"elementor-gallery-item__title\">\n\t\t\t\t\t\t\t\t\t\t\t\t\t\t\t\t\t\tIlan Brenman\t\t\t\t\t\t\t\t<\/div>\n\t\t\t\t\t\t\t\t\t\t\t\t<\/div>\n\t\t\t\t\t\t\t\t\t<\/a>\n\t\t\t\t\t\t\t<a class=\"e-gallery-item elementor-gallery-item elementor-animated-content\" data-e-gallery-tags=\"1\" href=\"https:\/\/portaleducacao.guarulhos.sp.gov.br\/wp_site\/portalbienal\/wp-content\/uploads\/sites\/22\/2023\/07\/chicoFeliti2-6-scaled.jpg\" data-elementor-open-lightbox=\"yes\" data-elementor-lightbox-slideshow=\"all-c91808a\" data-elementor-lightbox-title=\"Chico Felitti\" data-e-action-hash=\"#elementor-action%3Aaction%3Dlightbox%26settings%3DeyJpZCI6NzQ0NiwidXJsIjoiaHR0cHM6XC9cL3BvcnRhbGVkdWNhY2FvLmd1YXJ1bGhvcy5zcC5nb3YuYnJcL3dwX3NpdGVcL3BvcnRhbGJpZW5hbFwvd3AtY29udGVudFwvdXBsb2Fkc1wvc2l0ZXNcLzIyXC8yMDIzXC8wN1wvY2hpY29GZWxpdGkyLTYtc2NhbGVkLmpwZyIsInNsaWRlc2hvdyI6ImFsbC1jOTE4MDhhIn0%3D\">\n\t\t\t\t\t<div class=\"e-gallery-image elementor-gallery-item__image\" data-thumbnail=\"https:\/\/portaleducacao.guarulhos.sp.gov.br\/wp_site\/portalbienal\/wp-content\/uploads\/sites\/22\/2023\/07\/chicoFeliti2-6-300x200.jpg\" data-width=\"300\" data-height=\"200\" alt=\"\" ><\/div>\n\t\t\t\t\t\t\t\t\t\t\t<div class=\"elementor-gallery-item__overlay\"><\/div>\n\t\t\t\t\t\t\t\t\t\t\t\t\t\t\t<div class=\"elementor-gallery-item__content\">\n\t\t\t\t\t\t\t\t\t\t\t\t\t\t<div class=\"elementor-gallery-item__title\">\n\t\t\t\t\t\t\t\t\t\t\t\t\t\t\t\t\t\tChico Felitti\t\t\t\t\t\t\t\t<\/div>\n\t\t\t\t\t\t\t\t\t\t\t\t<\/div>\n\t\t\t\t\t\t\t\t\t<\/a>\n\t\t\t\t\t\t\t<a class=\"e-gallery-item elementor-gallery-item elementor-animated-content\" data-e-gallery-tags=\"4\" href=\"https:\/\/portaleducacao.guarulhos.sp.gov.br\/wp_site\/portalbienal\/wp-content\/uploads\/sites\/22\/2023\/07\/marcoTulio-19-scaled.jpg\" data-elementor-open-lightbox=\"yes\" data-elementor-lightbox-slideshow=\"all-c91808a\" data-elementor-lightbox-title=\"Marco Tulio\" data-e-action-hash=\"#elementor-action%3Aaction%3Dlightbox%26settings%3DeyJpZCI6NzQ2MSwidXJsIjoiaHR0cHM6XC9cL3BvcnRhbGVkdWNhY2FvLmd1YXJ1bGhvcy5zcC5nb3YuYnJcL3dwX3NpdGVcL3BvcnRhbGJpZW5hbFwvd3AtY29udGVudFwvdXBsb2Fkc1wvc2l0ZXNcLzIyXC8yMDIzXC8wN1wvbWFyY29UdWxpby0xOS1zY2FsZWQuanBnIiwic2xpZGVzaG93IjoiYWxsLWM5MTgwOGEifQ%3D%3D\">\n\t\t\t\t\t<div class=\"e-gallery-image elementor-gallery-item__image\" data-thumbnail=\"https:\/\/portaleducacao.guarulhos.sp.gov.br\/wp_site\/portalbienal\/wp-content\/uploads\/sites\/22\/2023\/07\/marcoTulio-19-300x200.jpg\" data-width=\"300\" data-height=\"200\" alt=\"\" ><\/div>\n\t\t\t\t\t\t\t\t\t\t\t<div class=\"elementor-gallery-item__overlay\"><\/div>\n\t\t\t\t\t\t\t\t\t\t\t\t\t\t\t<div class=\"elementor-gallery-item__content\">\n\t\t\t\t\t\t\t\t\t\t\t\t\t\t<div class=\"elementor-gallery-item__title\">\n\t\t\t\t\t\t\t\t\t\t\t\t\t\t\t\t\t\tMarco Tulio\t\t\t\t\t\t\t\t<\/div>\n\t\t\t\t\t\t\t\t\t\t\t\t<\/div>\n\t\t\t\t\t\t\t\t\t<\/a>\n\t\t\t\t\t\t\t<a class=\"e-gallery-item elementor-gallery-item elementor-animated-content\" data-e-gallery-tags=\"8\" href=\"https:\/\/portaleducacao.guarulhos.sp.gov.br\/wp_site\/portalbienal\/wp-content\/uploads\/sites\/22\/2023\/07\/showLuna-13-scaled.jpg\" data-elementor-open-lightbox=\"yes\" data-elementor-lightbox-slideshow=\"all-c91808a\" data-elementor-lightbox-title=\"Show da Luna\" data-e-action-hash=\"#elementor-action%3Aaction%3Dlightbox%26settings%3DeyJpZCI6NzQ4NywidXJsIjoiaHR0cHM6XC9cL3BvcnRhbGVkdWNhY2FvLmd1YXJ1bGhvcy5zcC5nb3YuYnJcL3dwX3NpdGVcL3BvcnRhbGJpZW5hbFwvd3AtY29udGVudFwvdXBsb2Fkc1wvc2l0ZXNcLzIyXC8yMDIzXC8wN1wvc2hvd0x1bmEtMTMtc2NhbGVkLmpwZyIsInNsaWRlc2hvdyI6ImFsbC1jOTE4MDhhIn0%3D\">\n\t\t\t\t\t<div class=\"e-gallery-image elementor-gallery-item__image\" data-thumbnail=\"https:\/\/portaleducacao.guarulhos.sp.gov.br\/wp_site\/portalbienal\/wp-content\/uploads\/sites\/22\/2023\/07\/showLuna-13-300x200.jpg\" data-width=\"300\" data-height=\"200\" alt=\"\" ><\/div>\n\t\t\t\t\t\t\t\t\t\t\t<div class=\"elementor-gallery-item__overlay\"><\/div>\n\t\t\t\t\t\t\t\t\t\t\t\t\t\t\t<div class=\"elementor-gallery-item__content\">\n\t\t\t\t\t\t\t\t\t\t\t\t\t\t<div class=\"elementor-gallery-item__title\">\n\t\t\t\t\t\t\t\t\t\t\t\t\t\t\t\t\t\tShow da Luna\t\t\t\t\t\t\t\t<\/div>\n\t\t\t\t\t\t\t\t\t\t\t\t<\/div>\n\t\t\t\t\t\t\t\t\t<\/a>\n\t\t\t\t\t\t\t<a class=\"e-gallery-item elementor-gallery-item elementor-animated-content\" data-e-gallery-tags=\"8\" href=\"https:\/\/portaleducacao.guarulhos.sp.gov.br\/wp_site\/portalbienal\/wp-content\/uploads\/sites\/22\/2023\/07\/showLuna-1-scaled.jpg\" data-elementor-open-lightbox=\"yes\" data-elementor-lightbox-slideshow=\"all-c91808a\" data-elementor-lightbox-title=\"Show da Luna\" data-e-action-hash=\"#elementor-action%3Aaction%3Dlightbox%26settings%3DeyJpZCI6NzQ4NCwidXJsIjoiaHR0cHM6XC9cL3BvcnRhbGVkdWNhY2FvLmd1YXJ1bGhvcy5zcC5nb3YuYnJcL3dwX3NpdGVcL3BvcnRhbGJpZW5hbFwvd3AtY29udGVudFwvdXBsb2Fkc1wvc2l0ZXNcLzIyXC8yMDIzXC8wN1wvc2hvd0x1bmEtMS1zY2FsZWQuanBnIiwic2xpZGVzaG93IjoiYWxsLWM5MTgwOGEifQ%3D%3D\">\n\t\t\t\t\t<div class=\"e-gallery-image elementor-gallery-item__image\" data-thumbnail=\"https:\/\/portaleducacao.guarulhos.sp.gov.br\/wp_site\/portalbienal\/wp-content\/uploads\/sites\/22\/2023\/07\/showLuna-1-300x200.jpg\" data-width=\"300\" data-height=\"200\" alt=\"\" ><\/div>\n\t\t\t\t\t\t\t\t\t\t\t<div class=\"elementor-gallery-item__overlay\"><\/div>\n\t\t\t\t\t\t\t\t\t\t\t\t\t\t\t<div class=\"elementor-gallery-item__content\">\n\t\t\t\t\t\t\t\t\t\t\t\t\t\t<div class=\"elementor-gallery-item__title\">\n\t\t\t\t\t\t\t\t\t\t\t\t\t\t\t\t\t\tShow da Luna\t\t\t\t\t\t\t\t<\/div>\n\t\t\t\t\t\t\t\t\t\t\t\t<\/div>\n\t\t\t\t\t\t\t\t\t<\/a>\n\t\t\t\t\t\t\t<a class=\"e-gallery-item elementor-gallery-item elementor-animated-content\" data-e-gallery-tags=\"0\" href=\"https:\/\/portaleducacao.guarulhos.sp.gov.br\/wp_site\/portalbienal\/wp-content\/uploads\/sites\/22\/2023\/07\/carpinejar-8-scaled.jpg\" data-elementor-open-lightbox=\"yes\" data-elementor-lightbox-slideshow=\"all-c91808a\" data-elementor-lightbox-title=\"Fabricio Carpinejar\" data-e-action-hash=\"#elementor-action%3Aaction%3Dlightbox%26settings%3DeyJpZCI6NzQzNiwidXJsIjoiaHR0cHM6XC9cL3BvcnRhbGVkdWNhY2FvLmd1YXJ1bGhvcy5zcC5nb3YuYnJcL3dwX3NpdGVcL3BvcnRhbGJpZW5hbFwvd3AtY29udGVudFwvdXBsb2Fkc1wvc2l0ZXNcLzIyXC8yMDIzXC8wN1wvY2FycGluZWphci04LXNjYWxlZC5qcGciLCJzbGlkZXNob3ciOiJhbGwtYzkxODA4YSJ9\">\n\t\t\t\t\t<div class=\"e-gallery-image elementor-gallery-item__image\" data-thumbnail=\"https:\/\/portaleducacao.guarulhos.sp.gov.br\/wp_site\/portalbienal\/wp-content\/uploads\/sites\/22\/2023\/07\/carpinejar-8-300x200.jpg\" data-width=\"300\" data-height=\"200\" alt=\"\" ><\/div>\n\t\t\t\t\t\t\t\t\t\t\t<div class=\"elementor-gallery-item__overlay\"><\/div>\n\t\t\t\t\t\t\t\t\t\t\t\t\t\t\t<div class=\"elementor-gallery-item__content\">\n\t\t\t\t\t\t\t\t\t\t\t\t\t\t<div class=\"elementor-gallery-item__title\">\n\t\t\t\t\t\t\t\t\t\t\t\t\t\t\t\t\t\tFabricio Carpinejar\t\t\t\t\t\t\t\t<\/div>\n\t\t\t\t\t\t\t\t\t\t\t\t<\/div>\n\t\t\t\t\t\t\t\t\t<\/a>\n\t\t\t\t\t\t\t<a class=\"e-gallery-item elementor-gallery-item elementor-animated-content\" data-e-gallery-tags=\"7\" href=\"https:\/\/portaleducacao.guarulhos.sp.gov.br\/wp_site\/portalbienal\/wp-content\/uploads\/sites\/22\/2023\/07\/sergioVaz-24-scaled.jpg\" data-elementor-open-lightbox=\"yes\" data-elementor-lightbox-slideshow=\"all-c91808a\" data-elementor-lightbox-title=\"Sergio Vaz\" data-e-action-hash=\"#elementor-action%3Aaction%3Dlightbox%26settings%3DeyJpZCI6NzQ4MCwidXJsIjoiaHR0cHM6XC9cL3BvcnRhbGVkdWNhY2FvLmd1YXJ1bGhvcy5zcC5nb3YuYnJcL3dwX3NpdGVcL3BvcnRhbGJpZW5hbFwvd3AtY29udGVudFwvdXBsb2Fkc1wvc2l0ZXNcLzIyXC8yMDIzXC8wN1wvc2VyZ2lvVmF6LTI0LXNjYWxlZC5qcGciLCJzbGlkZXNob3ciOiJhbGwtYzkxODA4YSJ9\">\n\t\t\t\t\t<div class=\"e-gallery-image elementor-gallery-item__image\" data-thumbnail=\"https:\/\/portaleducacao.guarulhos.sp.gov.br\/wp_site\/portalbienal\/wp-content\/uploads\/sites\/22\/2023\/07\/sergioVaz-24-300x200.jpg\" data-width=\"300\" data-height=\"200\" alt=\"\" ><\/div>\n\t\t\t\t\t\t\t\t\t\t\t<div class=\"elementor-gallery-item__overlay\"><\/div>\n\t\t\t\t\t\t\t\t\t\t\t\t\t\t\t<div class=\"elementor-gallery-item__content\">\n\t\t\t\t\t\t\t\t\t\t\t\t\t\t<div class=\"elementor-gallery-item__title\">\n\t\t\t\t\t\t\t\t\t\t\t\t\t\t\t\t\t\tSergio Vaz\t\t\t\t\t\t\t\t<\/div>\n\t\t\t\t\t\t\t\t\t\t\t\t<\/div>\n\t\t\t\t\t\t\t\t\t<\/a>\n\t\t\t\t\t\t\t<a class=\"e-gallery-item elementor-gallery-item elementor-animated-content\" data-e-gallery-tags=\"8\" href=\"https:\/\/portaleducacao.guarulhos.sp.gov.br\/wp_site\/portalbienal\/wp-content\/uploads\/sites\/22\/2023\/07\/showLuna-10-scaled.jpg\" data-elementor-open-lightbox=\"yes\" data-elementor-lightbox-slideshow=\"all-c91808a\" data-elementor-lightbox-title=\"Show da Luna\" data-e-action-hash=\"#elementor-action%3Aaction%3Dlightbox%26settings%3DeyJpZCI6NzQ4NiwidXJsIjoiaHR0cHM6XC9cL3BvcnRhbGVkdWNhY2FvLmd1YXJ1bGhvcy5zcC5nb3YuYnJcL3dwX3NpdGVcL3BvcnRhbGJpZW5hbFwvd3AtY29udGVudFwvdXBsb2Fkc1wvc2l0ZXNcLzIyXC8yMDIzXC8wN1wvc2hvd0x1bmEtMTAtc2NhbGVkLmpwZyIsInNsaWRlc2hvdyI6ImFsbC1jOTE4MDhhIn0%3D\">\n\t\t\t\t\t<div class=\"e-gallery-image elementor-gallery-item__image\" data-thumbnail=\"https:\/\/portaleducacao.guarulhos.sp.gov.br\/wp_site\/portalbienal\/wp-content\/uploads\/sites\/22\/2023\/07\/showLuna-10-300x200.jpg\" data-width=\"300\" data-height=\"200\" alt=\"\" ><\/div>\n\t\t\t\t\t\t\t\t\t\t\t<div class=\"elementor-gallery-item__overlay\"><\/div>\n\t\t\t\t\t\t\t\t\t\t\t\t\t\t\t<div class=\"elementor-gallery-item__content\">\n\t\t\t\t\t\t\t\t\t\t\t\t\t\t<div class=\"elementor-gallery-item__title\">\n\t\t\t\t\t\t\t\t\t\t\t\t\t\t\t\t\t\tShow da Luna\t\t\t\t\t\t\t\t<\/div>\n\t\t\t\t\t\t\t\t\t\t\t\t<\/div>\n\t\t\t\t\t\t\t\t\t<\/a>\n\t\t\t\t\t\t\t<a class=\"e-gallery-item elementor-gallery-item elementor-animated-content\" data-e-gallery-tags=\"11\" href=\"https:\/\/portaleducacao.guarulhos.sp.gov.br\/wp_site\/portalbienal\/wp-content\/uploads\/sites\/22\/2023\/07\/publicoBienal-23.jpg\" data-elementor-open-lightbox=\"yes\" data-elementor-lightbox-slideshow=\"all-c91808a\" data-elementor-lightbox-title=\"Publico Bienal\" data-e-action-hash=\"#elementor-action%3Aaction%3Dlightbox%26settings%3DeyJpZCI6NzUzNiwidXJsIjoiaHR0cHM6XC9cL3BvcnRhbGVkdWNhY2FvLmd1YXJ1bGhvcy5zcC5nb3YuYnJcL3dwX3NpdGVcL3BvcnRhbGJpZW5hbFwvd3AtY29udGVudFwvdXBsb2Fkc1wvc2l0ZXNcLzIyXC8yMDIzXC8wN1wvcHVibGljb0JpZW5hbC0yMy5qcGciLCJzbGlkZXNob3ciOiJhbGwtYzkxODA4YSJ9\">\n\t\t\t\t\t<div class=\"e-gallery-image elementor-gallery-item__image\" data-thumbnail=\"https:\/\/portaleducacao.guarulhos.sp.gov.br\/wp_site\/portalbienal\/wp-content\/uploads\/sites\/22\/2023\/07\/publicoBienal-23-300x200.jpg\" data-width=\"300\" data-height=\"200\" alt=\"\" ><\/div>\n\t\t\t\t\t\t\t\t\t\t\t<div class=\"elementor-gallery-item__overlay\"><\/div>\n\t\t\t\t\t\t\t\t\t\t\t\t\t\t\t<div class=\"elementor-gallery-item__content\">\n\t\t\t\t\t\t\t\t\t\t\t\t\t\t<div class=\"elementor-gallery-item__title\">\n\t\t\t\t\t\t\t\t\t\t\t\t\t\t\t\t\t\tPublico Bienal\t\t\t\t\t\t\t\t<\/div>\n\t\t\t\t\t\t\t\t\t\t\t\t<\/div>\n\t\t\t\t\t\t\t\t\t<\/a>\n\t\t\t\t\t\t\t<a class=\"e-gallery-item elementor-gallery-item elementor-animated-content\" data-e-gallery-tags=\"8\" href=\"https:\/\/portaleducacao.guarulhos.sp.gov.br\/wp_site\/portalbienal\/wp-content\/uploads\/sites\/22\/2023\/07\/showLUna2-1.jpg\" data-elementor-open-lightbox=\"yes\" data-elementor-lightbox-slideshow=\"all-c91808a\" data-elementor-lightbox-title=\"Show da Luna\" data-e-action-hash=\"#elementor-action%3Aaction%3Dlightbox%26settings%3DeyJpZCI6NzQ4OSwidXJsIjoiaHR0cHM6XC9cL3BvcnRhbGVkdWNhY2FvLmd1YXJ1bGhvcy5zcC5nb3YuYnJcL3dwX3NpdGVcL3BvcnRhbGJpZW5hbFwvd3AtY29udGVudFwvdXBsb2Fkc1wvc2l0ZXNcLzIyXC8yMDIzXC8wN1wvc2hvd0xVbmEyLTEuanBnIiwic2xpZGVzaG93IjoiYWxsLWM5MTgwOGEifQ%3D%3D\">\n\t\t\t\t\t<div class=\"e-gallery-image elementor-gallery-item__image\" data-thumbnail=\"https:\/\/portaleducacao.guarulhos.sp.gov.br\/wp_site\/portalbienal\/wp-content\/uploads\/sites\/22\/2023\/07\/showLUna2-1-300x200.jpg\" data-width=\"300\" data-height=\"200\" alt=\"\" ><\/div>\n\t\t\t\t\t\t\t\t\t\t\t<div class=\"elementor-gallery-item__overlay\"><\/div>\n\t\t\t\t\t\t\t\t\t\t\t\t\t\t\t<div class=\"elementor-gallery-item__content\">\n\t\t\t\t\t\t\t\t\t\t\t\t\t\t<div class=\"elementor-gallery-item__title\">\n\t\t\t\t\t\t\t\t\t\t\t\t\t\t\t\t\t\tShow da Luna\t\t\t\t\t\t\t\t<\/div>\n\t\t\t\t\t\t\t\t\t\t\t\t<\/div>\n\t\t\t\t\t\t\t\t\t<\/a>\n\t\t\t\t\t\t\t<a class=\"e-gallery-item elementor-gallery-item elementor-animated-content\" data-e-gallery-tags=\"9\" href=\"https:\/\/portaleducacao.guarulhos.sp.gov.br\/wp_site\/portalbienal\/wp-content\/uploads\/sites\/22\/2023\/07\/talitaReboucas-1.jpg\" data-elementor-open-lightbox=\"yes\" data-elementor-lightbox-slideshow=\"all-c91808a\" data-elementor-lightbox-title=\"Talita Rebou\u00e7as\" data-e-action-hash=\"#elementor-action%3Aaction%3Dlightbox%26settings%3DeyJpZCI6NzQ5MSwidXJsIjoiaHR0cHM6XC9cL3BvcnRhbGVkdWNhY2FvLmd1YXJ1bGhvcy5zcC5nb3YuYnJcL3dwX3NpdGVcL3BvcnRhbGJpZW5hbFwvd3AtY29udGVudFwvdXBsb2Fkc1wvc2l0ZXNcLzIyXC8yMDIzXC8wN1wvdGFsaXRhUmVib3VjYXMtMS5qcGciLCJzbGlkZXNob3ciOiJhbGwtYzkxODA4YSJ9\">\n\t\t\t\t\t<div class=\"e-gallery-image elementor-gallery-item__image\" data-thumbnail=\"https:\/\/portaleducacao.guarulhos.sp.gov.br\/wp_site\/portalbienal\/wp-content\/uploads\/sites\/22\/2023\/07\/talitaReboucas-1-300x199.jpg\" data-width=\"300\" data-height=\"199\" alt=\"\" ><\/div>\n\t\t\t\t\t\t\t\t\t\t\t<div class=\"elementor-gallery-item__overlay\"><\/div>\n\t\t\t\t\t\t\t\t\t\t\t\t\t\t\t<div class=\"elementor-gallery-item__content\">\n\t\t\t\t\t\t\t\t\t\t\t\t\t\t<div class=\"elementor-gallery-item__title\">\n\t\t\t\t\t\t\t\t\t\t\t\t\t\t\t\t\t\tTalita Rebou\u00e7as\t\t\t\t\t\t\t\t<\/div>\n\t\t\t\t\t\t\t\t\t\t\t\t<\/div>\n\t\t\t\t\t\t\t\t\t<\/a>\n\t\t\t\t\t\t\t<a class=\"e-gallery-item elementor-gallery-item elementor-animated-content\" data-e-gallery-tags=\"6\" href=\"https:\/\/portaleducacao.guarulhos.sp.gov.br\/wp_site\/portalbienal\/wp-content\/uploads\/sites\/22\/2023\/07\/rodrigoFranca3-1-scaled.jpg\" data-elementor-open-lightbox=\"yes\" data-elementor-lightbox-slideshow=\"all-c91808a\" data-elementor-lightbox-title=\"Rodrigo Franca\" data-e-action-hash=\"#elementor-action%3Aaction%3Dlightbox%26settings%3DeyJpZCI6NzQ3NiwidXJsIjoiaHR0cHM6XC9cL3BvcnRhbGVkdWNhY2FvLmd1YXJ1bGhvcy5zcC5nb3YuYnJcL3dwX3NpdGVcL3BvcnRhbGJpZW5hbFwvd3AtY29udGVudFwvdXBsb2Fkc1wvc2l0ZXNcLzIyXC8yMDIzXC8wN1wvcm9kcmlnb0ZyYW5jYTMtMS1zY2FsZWQuanBnIiwic2xpZGVzaG93IjoiYWxsLWM5MTgwOGEifQ%3D%3D\">\n\t\t\t\t\t<div class=\"e-gallery-image elementor-gallery-item__image\" data-thumbnail=\"https:\/\/portaleducacao.guarulhos.sp.gov.br\/wp_site\/portalbienal\/wp-content\/uploads\/sites\/22\/2023\/07\/rodrigoFranca3-1-300x200.jpg\" data-width=\"300\" data-height=\"200\" alt=\"\" ><\/div>\n\t\t\t\t\t\t\t\t\t\t\t<div class=\"elementor-gallery-item__overlay\"><\/div>\n\t\t\t\t\t\t\t\t\t\t\t\t\t\t\t<div class=\"elementor-gallery-item__content\">\n\t\t\t\t\t\t\t\t\t\t\t\t\t\t<div class=\"elementor-gallery-item__title\">\n\t\t\t\t\t\t\t\t\t\t\t\t\t\t\t\t\t\tRodrigo Franca\t\t\t\t\t\t\t\t<\/div>\n\t\t\t\t\t\t\t\t\t\t\t\t<\/div>\n\t\t\t\t\t\t\t\t\t<\/a>\n\t\t\t\t\t\t\t<a class=\"e-gallery-item elementor-gallery-item elementor-animated-content\" data-e-gallery-tags=\"4\" href=\"https:\/\/portaleducacao.guarulhos.sp.gov.br\/wp_site\/portalbienal\/wp-content\/uploads\/sites\/22\/2023\/07\/marcoTulio-24-scaled.jpg\" data-elementor-open-lightbox=\"yes\" data-elementor-lightbox-slideshow=\"all-c91808a\" data-elementor-lightbox-title=\"Marco Tulio\" data-e-action-hash=\"#elementor-action%3Aaction%3Dlightbox%26settings%3DeyJpZCI6NzQ2NCwidXJsIjoiaHR0cHM6XC9cL3BvcnRhbGVkdWNhY2FvLmd1YXJ1bGhvcy5zcC5nb3YuYnJcL3dwX3NpdGVcL3BvcnRhbGJpZW5hbFwvd3AtY29udGVudFwvdXBsb2Fkc1wvc2l0ZXNcLzIyXC8yMDIzXC8wN1wvbWFyY29UdWxpby0yNC1zY2FsZWQuanBnIiwic2xpZGVzaG93IjoiYWxsLWM5MTgwOGEifQ%3D%3D\">\n\t\t\t\t\t<div class=\"e-gallery-image elementor-gallery-item__image\" data-thumbnail=\"https:\/\/portaleducacao.guarulhos.sp.gov.br\/wp_site\/portalbienal\/wp-content\/uploads\/sites\/22\/2023\/07\/marcoTulio-24-300x200.jpg\" data-width=\"300\" data-height=\"200\" alt=\"\" ><\/div>\n\t\t\t\t\t\t\t\t\t\t\t<div class=\"elementor-gallery-item__overlay\"><\/div>\n\t\t\t\t\t\t\t\t\t\t\t\t\t\t\t<div class=\"elementor-gallery-item__content\">\n\t\t\t\t\t\t\t\t\t\t\t\t\t\t<div class=\"elementor-gallery-item__title\">\n\t\t\t\t\t\t\t\t\t\t\t\t\t\t\t\t\t\tMarco Tulio\t\t\t\t\t\t\t\t<\/div>\n\t\t\t\t\t\t\t\t\t\t\t\t<\/div>\n\t\t\t\t\t\t\t\t\t<\/a>\n\t\t\t\t\t\t\t<a class=\"e-gallery-item elementor-gallery-item elementor-animated-content\" data-e-gallery-tags=\"10\" href=\"https:\/\/portaleducacao.guarulhos.sp.gov.br\/wp_site\/portalbienal\/wp-content\/uploads\/sites\/22\/2023\/07\/wendelBezerra-15-1-scaled.jpg\" data-elementor-open-lightbox=\"yes\" data-elementor-lightbox-slideshow=\"all-c91808a\" data-elementor-lightbox-title=\"Wendel Bezerra\" data-e-action-hash=\"#elementor-action%3Aaction%3Dlightbox%26settings%3DeyJpZCI6NzUxMiwidXJsIjoiaHR0cHM6XC9cL3BvcnRhbGVkdWNhY2FvLmd1YXJ1bGhvcy5zcC5nb3YuYnJcL3dwX3NpdGVcL3BvcnRhbGJpZW5hbFwvd3AtY29udGVudFwvdXBsb2Fkc1wvc2l0ZXNcLzIyXC8yMDIzXC8wN1wvd2VuZGVsQmV6ZXJyYS0xNS0xLXNjYWxlZC5qcGciLCJzbGlkZXNob3ciOiJhbGwtYzkxODA4YSJ9\">\n\t\t\t\t\t<div class=\"e-gallery-image elementor-gallery-item__image\" data-thumbnail=\"https:\/\/portaleducacao.guarulhos.sp.gov.br\/wp_site\/portalbienal\/wp-content\/uploads\/sites\/22\/2023\/07\/wendelBezerra-15-1-300x200.jpg\" data-width=\"300\" data-height=\"200\" alt=\"\" ><\/div>\n\t\t\t\t\t\t\t\t\t\t\t<div class=\"elementor-gallery-item__overlay\"><\/div>\n\t\t\t\t\t\t\t\t\t\t\t\t\t\t\t<div class=\"elementor-gallery-item__content\">\n\t\t\t\t\t\t\t\t\t\t\t\t\t\t<div class=\"elementor-gallery-item__title\">\n\t\t\t\t\t\t\t\t\t\t\t\t\t\t\t\t\t\tWendel Bezerra\t\t\t\t\t\t\t\t<\/div>\n\t\t\t\t\t\t\t\t\t\t\t\t<\/div>\n\t\t\t\t\t\t\t\t\t<\/a>\n\t\t\t\t\t\t\t<a class=\"e-gallery-item elementor-gallery-item elementor-animated-content\" data-e-gallery-tags=\"11\" href=\"https:\/\/portaleducacao.guarulhos.sp.gov.br\/wp_site\/portalbienal\/wp-content\/uploads\/sites\/22\/2023\/07\/publicoBienal-16.jpg\" data-elementor-open-lightbox=\"yes\" data-elementor-lightbox-slideshow=\"all-c91808a\" data-elementor-lightbox-title=\"Publico Bienal\" data-e-action-hash=\"#elementor-action%3Aaction%3Dlightbox%26settings%3DeyJpZCI6NzUyOSwidXJsIjoiaHR0cHM6XC9cL3BvcnRhbGVkdWNhY2FvLmd1YXJ1bGhvcy5zcC5nb3YuYnJcL3dwX3NpdGVcL3BvcnRhbGJpZW5hbFwvd3AtY29udGVudFwvdXBsb2Fkc1wvc2l0ZXNcLzIyXC8yMDIzXC8wN1wvcHVibGljb0JpZW5hbC0xNi5qcGciLCJzbGlkZXNob3ciOiJhbGwtYzkxODA4YSJ9\">\n\t\t\t\t\t<div class=\"e-gallery-image elementor-gallery-item__image\" data-thumbnail=\"https:\/\/portaleducacao.guarulhos.sp.gov.br\/wp_site\/portalbienal\/wp-content\/uploads\/sites\/22\/2023\/07\/publicoBienal-16-300x200.jpg\" data-width=\"300\" data-height=\"200\" alt=\"\" ><\/div>\n\t\t\t\t\t\t\t\t\t\t\t<div class=\"elementor-gallery-item__overlay\"><\/div>\n\t\t\t\t\t\t\t\t\t\t\t\t\t\t\t<div class=\"elementor-gallery-item__content\">\n\t\t\t\t\t\t\t\t\t\t\t\t\t\t<div class=\"elementor-gallery-item__title\">\n\t\t\t\t\t\t\t\t\t\t\t\t\t\t\t\t\t\tPublico Bienal\t\t\t\t\t\t\t\t<\/div>\n\t\t\t\t\t\t\t\t\t\t\t\t<\/div>\n\t\t\t\t\t\t\t\t\t<\/a>\n\t\t\t\t\t\t\t<a class=\"e-gallery-item elementor-gallery-item elementor-animated-content\" data-e-gallery-tags=\"11\" href=\"https:\/\/portaleducacao.guarulhos.sp.gov.br\/wp_site\/portalbienal\/wp-content\/uploads\/sites\/22\/2023\/07\/publicoBienal-20.jpg\" data-elementor-open-lightbox=\"yes\" data-elementor-lightbox-slideshow=\"all-c91808a\" data-elementor-lightbox-title=\"Publico Bienal\" data-e-action-hash=\"#elementor-action%3Aaction%3Dlightbox%26settings%3DeyJpZCI6NzUzMywidXJsIjoiaHR0cHM6XC9cL3BvcnRhbGVkdWNhY2FvLmd1YXJ1bGhvcy5zcC5nb3YuYnJcL3dwX3NpdGVcL3BvcnRhbGJpZW5hbFwvd3AtY29udGVudFwvdXBsb2Fkc1wvc2l0ZXNcLzIyXC8yMDIzXC8wN1wvcHVibGljb0JpZW5hbC0yMC5qcGciLCJzbGlkZXNob3ciOiJhbGwtYzkxODA4YSJ9\">\n\t\t\t\t\t<div class=\"e-gallery-image elementor-gallery-item__image\" data-thumbnail=\"https:\/\/portaleducacao.guarulhos.sp.gov.br\/wp_site\/portalbienal\/wp-content\/uploads\/sites\/22\/2023\/07\/publicoBienal-20-300x200.jpg\" data-width=\"300\" data-height=\"200\" alt=\"\" ><\/div>\n\t\t\t\t\t\t\t\t\t\t\t<div class=\"elementor-gallery-item__overlay\"><\/div>\n\t\t\t\t\t\t\t\t\t\t\t\t\t\t\t<div class=\"elementor-gallery-item__content\">\n\t\t\t\t\t\t\t\t\t\t\t\t\t\t<div class=\"elementor-gallery-item__title\">\n\t\t\t\t\t\t\t\t\t\t\t\t\t\t\t\t\t\tPublico Bienal\t\t\t\t\t\t\t\t<\/div>\n\t\t\t\t\t\t\t\t\t\t\t\t<\/div>\n\t\t\t\t\t\t\t\t\t<\/a>\n\t\t\t\t\t\t\t<a class=\"e-gallery-item elementor-gallery-item elementor-animated-content\" data-e-gallery-tags=\"2\" href=\"https:\/\/portaleducacao.guarulhos.sp.gov.br\/wp_site\/portalbienal\/wp-content\/uploads\/sites\/22\/2023\/07\/fernandaTakai-9.jpg\" data-elementor-open-lightbox=\"yes\" data-elementor-lightbox-slideshow=\"all-c91808a\" data-elementor-lightbox-title=\"Fernanda Takai\" data-e-action-hash=\"#elementor-action%3Aaction%3Dlightbox%26settings%3DeyJpZCI6NzQ1MiwidXJsIjoiaHR0cHM6XC9cL3BvcnRhbGVkdWNhY2FvLmd1YXJ1bGhvcy5zcC5nb3YuYnJcL3dwX3NpdGVcL3BvcnRhbGJpZW5hbFwvd3AtY29udGVudFwvdXBsb2Fkc1wvc2l0ZXNcLzIyXC8yMDIzXC8wN1wvZmVybmFuZGFUYWthaS05LmpwZyIsInNsaWRlc2hvdyI6ImFsbC1jOTE4MDhhIn0%3D\">\n\t\t\t\t\t<div class=\"e-gallery-image elementor-gallery-item__image\" data-thumbnail=\"https:\/\/portaleducacao.guarulhos.sp.gov.br\/wp_site\/portalbienal\/wp-content\/uploads\/sites\/22\/2023\/07\/fernandaTakai-9-300x200.jpg\" data-width=\"300\" data-height=\"200\" alt=\"\" ><\/div>\n\t\t\t\t\t\t\t\t\t\t\t<div class=\"elementor-gallery-item__overlay\"><\/div>\n\t\t\t\t\t\t\t\t\t\t\t\t\t\t\t<div class=\"elementor-gallery-item__content\">\n\t\t\t\t\t\t\t\t\t\t\t\t\t\t<div class=\"elementor-gallery-item__title\">\n\t\t\t\t\t\t\t\t\t\t\t\t\t\t\t\t\t\tFernanda Takai\t\t\t\t\t\t\t\t<\/div>\n\t\t\t\t\t\t\t\t\t\t\t\t<\/div>\n\t\t\t\t\t\t\t\t\t<\/a>\n\t\t\t\t\t\t\t<a class=\"e-gallery-item elementor-gallery-item elementor-animated-content\" data-e-gallery-tags=\"10\" href=\"https:\/\/portaleducacao.guarulhos.sp.gov.br\/wp_site\/portalbienal\/wp-content\/uploads\/sites\/22\/2023\/07\/wendelBezerra-14-1-scaled.jpg\" data-elementor-open-lightbox=\"yes\" data-elementor-lightbox-slideshow=\"all-c91808a\" data-elementor-lightbox-title=\"Wendel Bezerra\" data-e-action-hash=\"#elementor-action%3Aaction%3Dlightbox%26settings%3DeyJpZCI6NzUxMSwidXJsIjoiaHR0cHM6XC9cL3BvcnRhbGVkdWNhY2FvLmd1YXJ1bGhvcy5zcC5nb3YuYnJcL3dwX3NpdGVcL3BvcnRhbGJpZW5hbFwvd3AtY29udGVudFwvdXBsb2Fkc1wvc2l0ZXNcLzIyXC8yMDIzXC8wN1wvd2VuZGVsQmV6ZXJyYS0xNC0xLXNjYWxlZC5qcGciLCJzbGlkZXNob3ciOiJhbGwtYzkxODA4YSJ9\">\n\t\t\t\t\t<div class=\"e-gallery-image elementor-gallery-item__image\" data-thumbnail=\"https:\/\/portaleducacao.guarulhos.sp.gov.br\/wp_site\/portalbienal\/wp-content\/uploads\/sites\/22\/2023\/07\/wendelBezerra-14-1-300x200.jpg\" data-width=\"300\" data-height=\"200\" alt=\"\" ><\/div>\n\t\t\t\t\t\t\t\t\t\t\t<div class=\"elementor-gallery-item__overlay\"><\/div>\n\t\t\t\t\t\t\t\t\t\t\t\t\t\t\t<div class=\"elementor-gallery-item__content\">\n\t\t\t\t\t\t\t\t\t\t\t\t\t\t<div class=\"elementor-gallery-item__title\">\n\t\t\t\t\t\t\t\t\t\t\t\t\t\t\t\t\t\tWendel Bezerra\t\t\t\t\t\t\t\t<\/div>\n\t\t\t\t\t\t\t\t\t\t\t\t<\/div>\n\t\t\t\t\t\t\t\t\t<\/a>\n\t\t\t\t\t\t\t<a class=\"e-gallery-item elementor-gallery-item elementor-animated-content\" data-e-gallery-tags=\"5\" href=\"https:\/\/portaleducacao.guarulhos.sp.gov.br\/wp_site\/portalbienal\/wp-content\/uploads\/sites\/22\/2023\/07\/pauloFocchi-2-scaled.jpg\" data-elementor-open-lightbox=\"yes\" data-elementor-lightbox-slideshow=\"all-c91808a\" data-elementor-lightbox-title=\"Paulo Fochi\" data-e-action-hash=\"#elementor-action%3Aaction%3Dlightbox%26settings%3DeyJpZCI6NzQ2NiwidXJsIjoiaHR0cHM6XC9cL3BvcnRhbGVkdWNhY2FvLmd1YXJ1bGhvcy5zcC5nb3YuYnJcL3dwX3NpdGVcL3BvcnRhbGJpZW5hbFwvd3AtY29udGVudFwvdXBsb2Fkc1wvc2l0ZXNcLzIyXC8yMDIzXC8wN1wvcGF1bG9Gb2NjaGktMi1zY2FsZWQuanBnIiwic2xpZGVzaG93IjoiYWxsLWM5MTgwOGEifQ%3D%3D\">\n\t\t\t\t\t<div class=\"e-gallery-image elementor-gallery-item__image\" data-thumbnail=\"https:\/\/portaleducacao.guarulhos.sp.gov.br\/wp_site\/portalbienal\/wp-content\/uploads\/sites\/22\/2023\/07\/pauloFocchi-2-300x200.jpg\" data-width=\"300\" data-height=\"200\" alt=\"\" ><\/div>\n\t\t\t\t\t\t\t\t\t\t\t<div class=\"elementor-gallery-item__overlay\"><\/div>\n\t\t\t\t\t\t\t\t\t\t\t\t\t\t\t<div class=\"elementor-gallery-item__content\">\n\t\t\t\t\t\t\t\t\t\t\t\t\t\t<div class=\"elementor-gallery-item__title\">\n\t\t\t\t\t\t\t\t\t\t\t\t\t\t\t\t\t\tPaulo Fochi\t\t\t\t\t\t\t\t<\/div>\n\t\t\t\t\t\t\t\t\t\t\t\t<\/div>\n\t\t\t\t\t\t\t\t\t<\/a>\n\t\t\t\t\t\t\t<a class=\"e-gallery-item elementor-gallery-item elementor-animated-content\" data-e-gallery-tags=\"4\" href=\"https:\/\/portaleducacao.guarulhos.sp.gov.br\/wp_site\/portalbienal\/wp-content\/uploads\/sites\/22\/2023\/07\/marcoTulio-21-scaled.jpg\" data-elementor-open-lightbox=\"yes\" data-elementor-lightbox-slideshow=\"all-c91808a\" data-elementor-lightbox-title=\"Marco Tulio\" data-e-action-hash=\"#elementor-action%3Aaction%3Dlightbox%26settings%3DeyJpZCI6NzQ2MiwidXJsIjoiaHR0cHM6XC9cL3BvcnRhbGVkdWNhY2FvLmd1YXJ1bGhvcy5zcC5nb3YuYnJcL3dwX3NpdGVcL3BvcnRhbGJpZW5hbFwvd3AtY29udGVudFwvdXBsb2Fkc1wvc2l0ZXNcLzIyXC8yMDIzXC8wN1wvbWFyY29UdWxpby0yMS1zY2FsZWQuanBnIiwic2xpZGVzaG93IjoiYWxsLWM5MTgwOGEifQ%3D%3D\">\n\t\t\t\t\t<div class=\"e-gallery-image elementor-gallery-item__image\" data-thumbnail=\"https:\/\/portaleducacao.guarulhos.sp.gov.br\/wp_site\/portalbienal\/wp-content\/uploads\/sites\/22\/2023\/07\/marcoTulio-21-300x200.jpg\" data-width=\"300\" data-height=\"200\" alt=\"\" ><\/div>\n\t\t\t\t\t\t\t\t\t\t\t<div class=\"elementor-gallery-item__overlay\"><\/div>\n\t\t\t\t\t\t\t\t\t\t\t\t\t\t\t<div class=\"elementor-gallery-item__content\">\n\t\t\t\t\t\t\t\t\t\t\t\t\t\t<div class=\"elementor-gallery-item__title\">\n\t\t\t\t\t\t\t\t\t\t\t\t\t\t\t\t\t\tMarco Tulio\t\t\t\t\t\t\t\t<\/div>\n\t\t\t\t\t\t\t\t\t\t\t\t<\/div>\n\t\t\t\t\t\t\t\t\t<\/a>\n\t\t\t\t\t\t\t<a class=\"e-gallery-item elementor-gallery-item elementor-animated-content\" data-e-gallery-tags=\"1\" href=\"https:\/\/portaleducacao.guarulhos.sp.gov.br\/wp_site\/portalbienal\/wp-content\/uploads\/sites\/22\/2023\/07\/chicoFeliti-3.jpg\" data-elementor-open-lightbox=\"yes\" data-elementor-lightbox-slideshow=\"all-c91808a\" data-elementor-lightbox-title=\"Chico Felitti\" data-e-action-hash=\"#elementor-action%3Aaction%3Dlightbox%26settings%3DeyJpZCI6NzQ0MiwidXJsIjoiaHR0cHM6XC9cL3BvcnRhbGVkdWNhY2FvLmd1YXJ1bGhvcy5zcC5nb3YuYnJcL3dwX3NpdGVcL3BvcnRhbGJpZW5hbFwvd3AtY29udGVudFwvdXBsb2Fkc1wvc2l0ZXNcLzIyXC8yMDIzXC8wN1wvY2hpY29GZWxpdGktMy5qcGciLCJzbGlkZXNob3ciOiJhbGwtYzkxODA4YSJ9\">\n\t\t\t\t\t<div class=\"e-gallery-image elementor-gallery-item__image\" data-thumbnail=\"https:\/\/portaleducacao.guarulhos.sp.gov.br\/wp_site\/portalbienal\/wp-content\/uploads\/sites\/22\/2023\/07\/chicoFeliti-3-300x200.jpg\" data-width=\"300\" data-height=\"200\" alt=\"\" ><\/div>\n\t\t\t\t\t\t\t\t\t\t\t<div class=\"elementor-gallery-item__overlay\"><\/div>\n\t\t\t\t\t\t\t\t\t\t\t\t\t\t\t<div class=\"elementor-gallery-item__content\">\n\t\t\t\t\t\t\t\t\t\t\t\t\t\t<div class=\"elementor-gallery-item__title\">\n\t\t\t\t\t\t\t\t\t\t\t\t\t\t\t\t\t\tChico Felitti\t\t\t\t\t\t\t\t<\/div>\n\t\t\t\t\t\t\t\t\t\t\t\t<\/div>\n\t\t\t\t\t\t\t\t\t<\/a>\n\t\t\t\t\t\t\t<a class=\"e-gallery-item elementor-gallery-item elementor-animated-content\" data-e-gallery-tags=\"6\" href=\"https:\/\/portaleducacao.guarulhos.sp.gov.br\/wp_site\/portalbienal\/wp-content\/uploads\/sites\/22\/2023\/07\/rodrgoFranca-4-scaled.jpg\" data-elementor-open-lightbox=\"yes\" data-elementor-lightbox-slideshow=\"all-c91808a\" data-elementor-lightbox-title=\"rodrgoFranca (4)\" data-e-action-hash=\"#elementor-action%3Aaction%3Dlightbox%26settings%3DeyJpZCI6NzQ3MywidXJsIjoiaHR0cHM6XC9cL3BvcnRhbGVkdWNhY2FvLmd1YXJ1bGhvcy5zcC5nb3YuYnJcL3dwX3NpdGVcL3BvcnRhbGJpZW5hbFwvd3AtY29udGVudFwvdXBsb2Fkc1wvc2l0ZXNcLzIyXC8yMDIzXC8wN1wvcm9kcmdvRnJhbmNhLTQtc2NhbGVkLmpwZyIsInNsaWRlc2hvdyI6ImFsbC1jOTE4MDhhIn0%3D\">\n\t\t\t\t\t<div class=\"e-gallery-image elementor-gallery-item__image\" data-thumbnail=\"https:\/\/portaleducacao.guarulhos.sp.gov.br\/wp_site\/portalbienal\/wp-content\/uploads\/sites\/22\/2023\/07\/rodrgoFranca-4-300x200.jpg\" data-width=\"300\" data-height=\"200\" alt=\"\" ><\/div>\n\t\t\t\t\t\t\t\t\t\t\t<div class=\"elementor-gallery-item__overlay\"><\/div>\n\t\t\t\t\t\t\t\t\t\t\t\t\t\t\t<div class=\"elementor-gallery-item__content\">\n\t\t\t\t\t\t\t\t\t\t\t\t\t\t<div class=\"elementor-gallery-item__title\">\n\t\t\t\t\t\t\t\t\t\t\t\t\t\t\t\t\t\trodrgoFranca (4)\t\t\t\t\t\t\t\t<\/div>\n\t\t\t\t\t\t\t\t\t\t\t\t<\/div>\n\t\t\t\t\t\t\t\t\t<\/a>\n\t\t\t\t\t\t\t<a class=\"e-gallery-item elementor-gallery-item elementor-animated-content\" data-e-gallery-tags=\"11\" href=\"https:\/\/portaleducacao.guarulhos.sp.gov.br\/wp_site\/portalbienal\/wp-content\/uploads\/sites\/22\/2023\/07\/publicoBienal-11.jpg\" data-elementor-open-lightbox=\"yes\" data-elementor-lightbox-slideshow=\"all-c91808a\" data-elementor-lightbox-title=\"Publico Bienal\" data-e-action-hash=\"#elementor-action%3Aaction%3Dlightbox%26settings%3DeyJpZCI6NzUyNCwidXJsIjoiaHR0cHM6XC9cL3BvcnRhbGVkdWNhY2FvLmd1YXJ1bGhvcy5zcC5nb3YuYnJcL3dwX3NpdGVcL3BvcnRhbGJpZW5hbFwvd3AtY29udGVudFwvdXBsb2Fkc1wvc2l0ZXNcLzIyXC8yMDIzXC8wN1wvcHVibGljb0JpZW5hbC0xMS5qcGciLCJzbGlkZXNob3ciOiJhbGwtYzkxODA4YSJ9\">\n\t\t\t\t\t<div class=\"e-gallery-image elementor-gallery-item__image\" data-thumbnail=\"https:\/\/portaleducacao.guarulhos.sp.gov.br\/wp_site\/portalbienal\/wp-content\/uploads\/sites\/22\/2023\/07\/publicoBienal-11-300x200.jpg\" data-width=\"300\" data-height=\"200\" alt=\"\" ><\/div>\n\t\t\t\t\t\t\t\t\t\t\t<div class=\"elementor-gallery-item__overlay\"><\/div>\n\t\t\t\t\t\t\t\t\t\t\t\t\t\t\t<div class=\"elementor-gallery-item__content\">\n\t\t\t\t\t\t\t\t\t\t\t\t\t\t<div class=\"elementor-gallery-item__title\">\n\t\t\t\t\t\t\t\t\t\t\t\t\t\t\t\t\t\tPublico Bienal\t\t\t\t\t\t\t\t<\/div>\n\t\t\t\t\t\t\t\t\t\t\t\t<\/div>\n\t\t\t\t\t\t\t\t\t<\/a>\n\t\t\t\t\t<\/div>\n\t\t\t<\/div>\n\t\t\t\t<\/div>\n\t\t\t\t<\/div>\n\t\t<div class=\"elementor-element elementor-element-1fd01a0 e-con-full e-con\" data-id=\"1fd01a0\" data-element_type=\"container\" data-settings=\"{&quot;content_width&quot;:&quot;full&quot;,&quot;background_background&quot;:&quot;classic&quot;}\">\n\t\t\t\t<div class=\"elementor-element elementor-element-8f0a02b elementor-widget elementor-widget-heading\" data-id=\"8f0a02b\" data-element_type=\"widget\" data-widget_type=\"heading.default\">\n\t\t\t\t<div class=\"elementor-widget-container\">\n\t\t\t<h1 class=\"elementor-heading-title elementor-size-default\">Not\u00edcias da Bienal de 2022<\/h1>\t\t<\/div>\n\t\t\t\t<\/div>\n\t\t\t\t<\/div>\n\t\t<div class=\"elementor-element elementor-element-03dec24 e-con-full e-con\" data-id=\"03dec24\" data-element_type=\"container\" data-settings=\"{&quot;content_width&quot;:&quot;full&quot;,&quot;background_background&quot;:&quot;classic&quot;}\">\n\t\t\t\t<div class=\"elementor-element elementor-element-e491983 elementor-grid-eael-col-5 elementor-grid-tablet-eael-col-2 elementor-grid-mobile-eael-col-1 elementor-widget elementor-widget-eael-post-grid\" data-id=\"e491983\" data-element_type=\"widget\" data-settings=\"{&quot;eael_post_grid_columns&quot;:&quot;eael-col-5&quot;,&quot;eael_post_grid_columns_tablet&quot;:&quot;eael-col-2&quot;,&quot;eael_post_grid_columns_mobile&quot;:&quot;eael-col-1&quot;}\" data-widget_type=\"eael-post-grid.default\">\n\t\t\t\t<div class=\"elementor-widget-container\">\n\t\t\t<div id=\"eael-post-grid-e491983\" class=\"eael-post-grid-container\">\n            <div class=\"eael-post-grid eael-post-appender eael-post-appender-e491983 eael-post-grid-style-default\" data-layout-mode=\"masonry\"><article class=\"eael-grid-post eael-post-grid-column\" data-id=\"3074\">\n        <div class=\"eael-grid-post-holder\">\n            <div class=\"eael-grid-post-holder-inner\"><div class=\"eael-entry-media\"><div class=\"eael-entry-overlay fade-in\"><i class=\"fas fa-magic\" aria-hidden=\"true\"><\/i><a href=\"https:\/\/portaleducacao.guarulhos.sp.gov.br\/wp_site\/portalbienal\/2022\/08\/30\/bienal-do-livro-destina-mais-de-3-toneladas-de-residuos-a-cooperativas-do-municipio\/\"><\/a><\/div><div class=\"eael-entry-thumbnail eael-image-ratio\">\n                <img width=\"780\" height=\"520\" src=\"https:\/\/portaleducacao.guarulhos.sp.gov.br\/wp_site\/portalbienal\/wp-content\/uploads\/sites\/22\/2022\/08\/Bienal.jpg\" class=\"attachment-1536x1536 size-1536x1536 wp-image-3075\" alt=\"\" loading=\"lazy\" srcset=\"https:\/\/portaleducacao.guarulhos.sp.gov.br\/wp_site\/portalbienal\/wp-content\/uploads\/sites\/22\/2022\/08\/Bienal.jpg 780w, https:\/\/portaleducacao.guarulhos.sp.gov.br\/wp_site\/portalbienal\/wp-content\/uploads\/sites\/22\/2022\/08\/Bienal-300x200.jpg 300w, https:\/\/portaleducacao.guarulhos.sp.gov.br\/wp_site\/portalbienal\/wp-content\/uploads\/sites\/22\/2022\/08\/Bienal-768x512.jpg 768w\" sizes=\"(max-width: 780px) 100vw, 780px\" \/>\n            <\/div>\n        <\/div><div class=\"eael-entry-wrapper\"><header class=\"eael-entry-header\"><h6 class=\"eael-entry-title\"><a\n                        class=\"eael-grid-post-link\"\n                        href=\"https:\/\/portaleducacao.guarulhos.sp.gov.br\/wp_site\/portalbienal\/2022\/08\/30\/bienal-do-livro-destina-mais-de-3-toneladas-de-residuos-a-cooperativas-do-municipio\/\"\n                        title=\"Bienal do Livro destina mais de 3 toneladas de res\u00edduos a cooperativas do munic\u00edpio\">Bienal do Livro destina mais de 3 toneladas de res\u00edduos a cooperativas do munic\u00edpio<\/a><\/h6><\/header><div class=\"eael-entry-meta\"><\/div><\/div><\/div>\n        <\/div>\n    <\/article><article class=\"eael-grid-post eael-post-grid-column\" data-id=\"1384\">\n        <div class=\"eael-grid-post-holder\">\n            <div class=\"eael-grid-post-holder-inner\"><div class=\"eael-entry-media\"><div class=\"eael-entry-overlay fade-in\"><i class=\"fas fa-magic\" aria-hidden=\"true\"><\/i><a href=\"https:\/\/portaleducacao.guarulhos.sp.gov.br\/wp_site\/portalbienal\/2022\/07\/05\/bienal-de-guarulhos-abre-credenciamento-para-autores-guarulhenses\/\"><\/a><\/div><div class=\"eael-entry-thumbnail eael-image-ratio\">\n                <img width=\"739\" height=\"491\" src=\"https:\/\/portaleducacao.guarulhos.sp.gov.br\/wp_site\/portalbienal\/wp-content\/uploads\/sites\/22\/2022\/07\/credenciamento-1.jpg\" class=\"attachment-1536x1536 size-1536x1536 wp-image-1422\" alt=\"\" loading=\"lazy\" srcset=\"https:\/\/portaleducacao.guarulhos.sp.gov.br\/wp_site\/portalbienal\/wp-content\/uploads\/sites\/22\/2022\/07\/credenciamento-1.jpg 739w, https:\/\/portaleducacao.guarulhos.sp.gov.br\/wp_site\/portalbienal\/wp-content\/uploads\/sites\/22\/2022\/07\/credenciamento-1-300x199.jpg 300w\" sizes=\"(max-width: 739px) 100vw, 739px\" \/>\n            <\/div>\n        <\/div><div class=\"eael-entry-wrapper\"><header class=\"eael-entry-header\"><h6 class=\"eael-entry-title\"><a\n                        class=\"eael-grid-post-link\"\n                        href=\"https:\/\/portaleducacao.guarulhos.sp.gov.br\/wp_site\/portalbienal\/2022\/07\/05\/bienal-de-guarulhos-abre-credenciamento-para-autores-guarulhenses\/\"\n                        title=\"Bienal de Guarulhos abre credenciamento para autores guarulhenses\">Bienal de Guarulhos abre credenciamento para autores guarulhenses<\/a><\/h6><\/header><div class=\"eael-entry-meta\"><\/div><\/div><\/div>\n        <\/div>\n    <\/article><article class=\"eael-grid-post eael-post-grid-column\" data-id=\"2670\">\n        <div class=\"eael-grid-post-holder\">\n            <div class=\"eael-grid-post-holder-inner\"><div class=\"eael-entry-media\"><div class=\"eael-entry-overlay fade-in\"><i class=\"fas fa-magic\" aria-hidden=\"true\"><\/i><a href=\"https:\/\/portaleducacao.guarulhos.sp.gov.br\/wp_site\/portalbienal\/2022\/08\/05\/espetaculo-da-orquestra-jovem-e-homenagem-a-biblioteca-monteiro-lobato-marcam-abertura-da-2a-bienal-do-livro-de-guarulhos%ef%bf%bc\/\"><\/a><\/div><div class=\"eael-entry-thumbnail eael-image-ratio\">\n                <img width=\"1280\" height=\"850\" src=\"https:\/\/portaleducacao.guarulhos.sp.gov.br\/wp_site\/portalbienal\/wp-content\/uploads\/sites\/22\/2022\/08\/WhatsApp-Image-2022-08-05-at-21.57.54.jpeg\" class=\"attachment-1536x1536 size-1536x1536 wp-image-2674\" alt=\"\" loading=\"lazy\" srcset=\"https:\/\/portaleducacao.guarulhos.sp.gov.br\/wp_site\/portalbienal\/wp-content\/uploads\/sites\/22\/2022\/08\/WhatsApp-Image-2022-08-05-at-21.57.54.jpeg 1280w, https:\/\/portaleducacao.guarulhos.sp.gov.br\/wp_site\/portalbienal\/wp-content\/uploads\/sites\/22\/2022\/08\/WhatsApp-Image-2022-08-05-at-21.57.54-300x199.jpeg 300w, https:\/\/portaleducacao.guarulhos.sp.gov.br\/wp_site\/portalbienal\/wp-content\/uploads\/sites\/22\/2022\/08\/WhatsApp-Image-2022-08-05-at-21.57.54-1024x680.jpeg 1024w, https:\/\/portaleducacao.guarulhos.sp.gov.br\/wp_site\/portalbienal\/wp-content\/uploads\/sites\/22\/2022\/08\/WhatsApp-Image-2022-08-05-at-21.57.54-768x510.jpeg 768w\" sizes=\"(max-width: 1280px) 100vw, 1280px\" \/>\n            <\/div>\n        <\/div><div class=\"eael-entry-wrapper\"><header class=\"eael-entry-header\"><h6 class=\"eael-entry-title\"><a\n                        class=\"eael-grid-post-link\"\n                        href=\"https:\/\/portaleducacao.guarulhos.sp.gov.br\/wp_site\/portalbienal\/2022\/08\/05\/espetaculo-da-orquestra-jovem-e-homenagem-a-biblioteca-monteiro-lobato-marcam-abertura-da-2a-bienal-do-livro-de-guarulhos%ef%bf%bc\/\"\n                        title=\"Espet\u00e1culo da Orquestra Jovem e homenagem \u00e0 Biblioteca Monteiro Lobato marcam abertura da 2\u00aa Bienal do Livro de Guarulhos\ufffc\">Espet\u00e1culo da Orquestra Jovem e homenagem \u00e0 Biblioteca Monteiro Lobato marcam abertura da 2\u00aa Bienal do Livro de Guarulhos\ufffc<\/a><\/h6><\/header><div class=\"eael-entry-meta\"><\/div><\/div><\/div>\n        <\/div>\n    <\/article><article class=\"eael-grid-post eael-post-grid-column\" data-id=\"1636\">\n        <div class=\"eael-grid-post-holder\">\n            <div class=\"eael-grid-post-holder-inner\"><div class=\"eael-entry-media\"><div class=\"eael-entry-overlay fade-in\"><i class=\"fas fa-magic\" aria-hidden=\"true\"><\/i><a href=\"https:\/\/portaleducacao.guarulhos.sp.gov.br\/wp_site\/portalbienal\/2022\/07\/21\/2a-bienal-do-livro-de-guarulhos-tera-mais-de-50-estandes-de-editoras-distribuidoras-de-livros-e-livrarias\/\"><\/a><\/div><div class=\"eael-entry-thumbnail eael-image-ratio\">\n                <img width=\"1280\" height=\"850\" src=\"https:\/\/portaleducacao.guarulhos.sp.gov.br\/wp_site\/portalbienal\/wp-content\/uploads\/sites\/22\/2022\/07\/Estandes-Bienal-1.jpeg\" class=\"attachment-1536x1536 size-1536x1536 wp-image-1637\" alt=\"\" loading=\"lazy\" srcset=\"https:\/\/portaleducacao.guarulhos.sp.gov.br\/wp_site\/portalbienal\/wp-content\/uploads\/sites\/22\/2022\/07\/Estandes-Bienal-1.jpeg 1280w, https:\/\/portaleducacao.guarulhos.sp.gov.br\/wp_site\/portalbienal\/wp-content\/uploads\/sites\/22\/2022\/07\/Estandes-Bienal-1-300x199.jpeg 300w, https:\/\/portaleducacao.guarulhos.sp.gov.br\/wp_site\/portalbienal\/wp-content\/uploads\/sites\/22\/2022\/07\/Estandes-Bienal-1-1024x680.jpeg 1024w, https:\/\/portaleducacao.guarulhos.sp.gov.br\/wp_site\/portalbienal\/wp-content\/uploads\/sites\/22\/2022\/07\/Estandes-Bienal-1-768x510.jpeg 768w\" sizes=\"(max-width: 1280px) 100vw, 1280px\" \/>\n            <\/div>\n        <\/div><div class=\"eael-entry-wrapper\"><header class=\"eael-entry-header\"><h6 class=\"eael-entry-title\"><a\n                        class=\"eael-grid-post-link\"\n                        href=\"https:\/\/portaleducacao.guarulhos.sp.gov.br\/wp_site\/portalbienal\/2022\/07\/21\/2a-bienal-do-livro-de-guarulhos-tera-mais-de-50-estandes-de-editoras-distribuidoras-de-livros-e-livrarias\/\"\n                        title=\"2\u00aa Bienal do Livro de Guarulhos ter\u00e1 mais de 50 estandes de editoras, distribuidoras de livros e livrarias\">2\u00aa Bienal do Livro de Guarulhos ter\u00e1 mais de 50 estandes de editoras, distribuidoras de livros e livrarias<\/a><\/h6><\/header><div class=\"eael-entry-meta\"><\/div><\/div><\/div>\n        <\/div>\n    <\/article><article class=\"eael-grid-post eael-post-grid-column\" data-id=\"1886\">\n        <div class=\"eael-grid-post-holder\">\n            <div class=\"eael-grid-post-holder-inner\"><div class=\"eael-entry-media\"><div class=\"eael-entry-overlay fade-in\"><i class=\"fas fa-magic\" aria-hidden=\"true\"><\/i><a href=\"https:\/\/portaleducacao.guarulhos.sp.gov.br\/wp_site\/portalbienal\/2022\/07\/26\/veiculos-de-imprensa-ja-podem-se-cadastrar-para-a-cobertura-da-2a-bienal-do-livro-de-guarulhos\/\"><\/a><\/div><div class=\"eael-entry-thumbnail eael-image-ratio\">\n                <img width=\"750\" height=\"500\" src=\"https:\/\/portaleducacao.guarulhos.sp.gov.br\/wp_site\/portalbienal\/wp-content\/uploads\/sites\/22\/2022\/07\/credenciamento.jpeg\" class=\"attachment-1536x1536 size-1536x1536 wp-image-1887\" alt=\"\" loading=\"lazy\" srcset=\"https:\/\/portaleducacao.guarulhos.sp.gov.br\/wp_site\/portalbienal\/wp-content\/uploads\/sites\/22\/2022\/07\/credenciamento.jpeg 750w, https:\/\/portaleducacao.guarulhos.sp.gov.br\/wp_site\/portalbienal\/wp-content\/uploads\/sites\/22\/2022\/07\/credenciamento-300x200.jpeg 300w\" sizes=\"(max-width: 750px) 100vw, 750px\" \/>\n            <\/div>\n        <\/div><div class=\"eael-entry-wrapper\"><header class=\"eael-entry-header\"><h6 class=\"eael-entry-title\"><a\n                        class=\"eael-grid-post-link\"\n                        href=\"https:\/\/portaleducacao.guarulhos.sp.gov.br\/wp_site\/portalbienal\/2022\/07\/26\/veiculos-de-imprensa-ja-podem-se-cadastrar-para-a-cobertura-da-2a-bienal-do-livro-de-guarulhos\/\"\n                        title=\"Ve\u00edculos de imprensa j\u00e1 podem se cadastrar para a cobertura da 2\u00aa Bienal do Livro de Guarulhos\">Ve\u00edculos de imprensa j\u00e1 podem se cadastrar para a cobertura da 2\u00aa Bienal do Livro de Guarulhos<\/a><\/h6><\/header><div class=\"eael-entry-meta\"><\/div><\/div><\/div>\n        <\/div>\n    <\/article><article class=\"eael-grid-post eael-post-grid-column\" data-id=\"1390\">\n        <div class=\"eael-grid-post-holder\">\n            <div class=\"eael-grid-post-holder-inner\"><div class=\"eael-entry-media\"><div class=\"eael-entry-overlay fade-in\"><i class=\"fas fa-magic\" aria-hidden=\"true\"><\/i><a href=\"https:\/\/portaleducacao.guarulhos.sp.gov.br\/wp_site\/portalbienal\/2022\/04\/26\/bienal-do-livro-convida-leitores-a-participar-de-pesquisa-sobre-habitos-de-leitura\/\"><\/a><\/div><div class=\"eael-entry-thumbnail eael-image-ratio\">\n                <img width=\"750\" height=\"500\" src=\"https:\/\/portaleducacao.guarulhos.sp.gov.br\/wp_site\/portalbienal\/wp-content\/uploads\/sites\/22\/2022\/04\/leitura.jpeg\" class=\"attachment-1536x1536 size-1536x1536 wp-image-1426\" alt=\"\" loading=\"lazy\" srcset=\"https:\/\/portaleducacao.guarulhos.sp.gov.br\/wp_site\/portalbienal\/wp-content\/uploads\/sites\/22\/2022\/04\/leitura.jpeg 750w, https:\/\/portaleducacao.guarulhos.sp.gov.br\/wp_site\/portalbienal\/wp-content\/uploads\/sites\/22\/2022\/04\/leitura-300x200.jpeg 300w\" sizes=\"(max-width: 750px) 100vw, 750px\" \/>\n            <\/div>\n        <\/div><div class=\"eael-entry-wrapper\"><header class=\"eael-entry-header\"><h6 class=\"eael-entry-title\"><a\n                        class=\"eael-grid-post-link\"\n                        href=\"https:\/\/portaleducacao.guarulhos.sp.gov.br\/wp_site\/portalbienal\/2022\/04\/26\/bienal-do-livro-convida-leitores-a-participar-de-pesquisa-sobre-habitos-de-leitura\/\"\n                        title=\"Bienal do Livro convida leitores a participar de pesquisa sobre h\u00e1bitos de leitura\">Bienal do Livro convida leitores a participar de pesquisa sobre h\u00e1bitos de leitura<\/a><\/h6><\/header><div class=\"eael-entry-meta\"><\/div><\/div><\/div>\n        <\/div>\n    <\/article><article class=\"eael-grid-post eael-post-grid-column\" data-id=\"2422\">\n        <div class=\"eael-grid-post-holder\">\n            <div class=\"eael-grid-post-holder-inner\"><div class=\"eael-entry-media\"><div class=\"eael-entry-overlay fade-in\"><i class=\"fas fa-magic\" aria-hidden=\"true\"><\/i><a href=\"https:\/\/portaleducacao.guarulhos.sp.gov.br\/wp_site\/portalbienal\/2022\/08\/01\/prefeitura-amplia-o-beneficio-do-credilivro-a-todos-os-profissionais-da-educacao\/\"><\/a><\/div><div class=\"eael-entry-thumbnail eael-image-ratio\">\n                <img width=\"750\" height=\"520\" src=\"https:\/\/portaleducacao.guarulhos.sp.gov.br\/wp_site\/portalbienal\/wp-content\/uploads\/sites\/22\/2022\/08\/Credlivro_.jpg\" class=\"attachment-1536x1536 size-1536x1536 wp-image-2423\" alt=\"\" loading=\"lazy\" srcset=\"https:\/\/portaleducacao.guarulhos.sp.gov.br\/wp_site\/portalbienal\/wp-content\/uploads\/sites\/22\/2022\/08\/Credlivro_.jpg 750w, https:\/\/portaleducacao.guarulhos.sp.gov.br\/wp_site\/portalbienal\/wp-content\/uploads\/sites\/22\/2022\/08\/Credlivro_-300x208.jpg 300w\" sizes=\"(max-width: 750px) 100vw, 750px\" \/>\n            <\/div>\n        <\/div><div class=\"eael-entry-wrapper\"><header class=\"eael-entry-header\"><h6 class=\"eael-entry-title\"><a\n                        class=\"eael-grid-post-link\"\n                        href=\"https:\/\/portaleducacao.guarulhos.sp.gov.br\/wp_site\/portalbienal\/2022\/08\/01\/prefeitura-amplia-o-beneficio-do-credilivro-a-todos-os-profissionais-da-educacao\/\"\n                        title=\"Prefeitura amplia o benef\u00edcio do CrediLivro a todos os profissionais da Educa\u00e7\u00e3o\">Prefeitura amplia o benef\u00edcio do CrediLivro a todos os profissionais da Educa\u00e7\u00e3o<\/a><\/h6><\/header><div class=\"eael-entry-meta\"><\/div><\/div><\/div>\n        <\/div>\n    <\/article><article class=\"eael-grid-post eael-post-grid-column\" data-id=\"2584\">\n        <div class=\"eael-grid-post-holder\">\n            <div class=\"eael-grid-post-holder-inner\"><div class=\"eael-entry-media\"><div class=\"eael-entry-overlay fade-in\"><i class=\"fas fa-magic\" aria-hidden=\"true\"><\/i><a href=\"https:\/\/portaleducacao.guarulhos.sp.gov.br\/wp_site\/portalbienal\/2022\/08\/04\/conexao-bienal-podcast\/\"><\/a><\/div><div class=\"eael-entry-thumbnail eael-image-ratio\">\n                <img width=\"750\" height=\"500\" src=\"https:\/\/portaleducacao.guarulhos.sp.gov.br\/wp_site\/portalbienal\/wp-content\/uploads\/sites\/22\/2022\/08\/conexao_novo.jpg\" class=\"attachment-1536x1536 size-1536x1536 wp-image-2596\" alt=\"\" loading=\"lazy\" srcset=\"https:\/\/portaleducacao.guarulhos.sp.gov.br\/wp_site\/portalbienal\/wp-content\/uploads\/sites\/22\/2022\/08\/conexao_novo.jpg 750w, https:\/\/portaleducacao.guarulhos.sp.gov.br\/wp_site\/portalbienal\/wp-content\/uploads\/sites\/22\/2022\/08\/conexao_novo-300x200.jpg 300w\" sizes=\"(max-width: 750px) 100vw, 750px\" \/>\n            <\/div>\n        <\/div><div class=\"eael-entry-wrapper\"><header class=\"eael-entry-header\"><h6 class=\"eael-entry-title\"><a\n                        class=\"eael-grid-post-link\"\n                        href=\"https:\/\/portaleducacao.guarulhos.sp.gov.br\/wp_site\/portalbienal\/2022\/08\/04\/conexao-bienal-podcast\/\"\n                        title=\"Conex\u00e3o Bienal Podcast\">Conex\u00e3o Bienal Podcast<\/a><\/h6><\/header><div class=\"eael-entry-meta\"><\/div><\/div><\/div>\n        <\/div>\n    <\/article><article class=\"eael-grid-post eael-post-grid-column\" data-id=\"2146\">\n        <div class=\"eael-grid-post-holder\">\n            <div class=\"eael-grid-post-holder-inner\"><div class=\"eael-entry-media\"><div class=\"eael-entry-overlay fade-in\"><i class=\"fas fa-magic\" aria-hidden=\"true\"><\/i><a href=\"https:\/\/portaleducacao.guarulhos.sp.gov.br\/wp_site\/portalbienal\/2022\/07\/29\/2a-bienal-do-livro-de-guarulhos-abre-inscricoes-gratuitas-para-palestras-com-autores-nesta-sexta-feira\/\"><\/a><\/div><div class=\"eael-entry-thumbnail eael-image-ratio\">\n                <img width=\"1536\" height=\"1022\" src=\"https:\/\/portaleducacao.guarulhos.sp.gov.br\/wp_site\/portalbienal\/wp-content\/uploads\/sites\/22\/2022\/07\/bienal-publico-1536x1022.jpg\" class=\"attachment-1536x1536 size-1536x1536 wp-image-2147\" alt=\"\" loading=\"lazy\" srcset=\"https:\/\/portaleducacao.guarulhos.sp.gov.br\/wp_site\/portalbienal\/wp-content\/uploads\/sites\/22\/2022\/07\/bienal-publico-1536x1022.jpg 1536w, https:\/\/portaleducacao.guarulhos.sp.gov.br\/wp_site\/portalbienal\/wp-content\/uploads\/sites\/22\/2022\/07\/bienal-publico-300x200.jpg 300w, https:\/\/portaleducacao.guarulhos.sp.gov.br\/wp_site\/portalbienal\/wp-content\/uploads\/sites\/22\/2022\/07\/bienal-publico-1024x682.jpg 1024w, https:\/\/portaleducacao.guarulhos.sp.gov.br\/wp_site\/portalbienal\/wp-content\/uploads\/sites\/22\/2022\/07\/bienal-publico-768x511.jpg 768w, https:\/\/portaleducacao.guarulhos.sp.gov.br\/wp_site\/portalbienal\/wp-content\/uploads\/sites\/22\/2022\/07\/bienal-publico-2048x1363.jpg 2048w\" sizes=\"(max-width: 1536px) 100vw, 1536px\" \/>\n            <\/div>\n        <\/div><div class=\"eael-entry-wrapper\"><header class=\"eael-entry-header\"><h6 class=\"eael-entry-title\"><a\n                        class=\"eael-grid-post-link\"\n                        href=\"https:\/\/portaleducacao.guarulhos.sp.gov.br\/wp_site\/portalbienal\/2022\/07\/29\/2a-bienal-do-livro-de-guarulhos-abre-inscricoes-gratuitas-para-palestras-com-autores-nesta-sexta-feira\/\"\n                        title=\"2\u00aa Bienal do Livro de Guarulhos abre inscri\u00e7\u00f5es gratuitas para palestras com autores nesta sexta-feira\">2\u00aa Bienal do Livro de Guarulhos abre inscri\u00e7\u00f5es gratuitas para palestras com autores nesta sexta-feira<\/a><\/h6><\/header><div class=\"eael-entry-meta\"><\/div><\/div><\/div>\n        <\/div>\n    <\/article><article class=\"eael-grid-post eael-post-grid-column\" data-id=\"2038\">\n        <div class=\"eael-grid-post-holder\">\n            <div class=\"eael-grid-post-holder-inner\"><div class=\"eael-entry-media\"><div class=\"eael-entry-overlay fade-in\"><i class=\"fas fa-magic\" aria-hidden=\"true\"><\/i><a href=\"https:\/\/portaleducacao.guarulhos.sp.gov.br\/wp_site\/portalbienal\/2022\/07\/28\/fabricio-carpinejar-e-chico-felitti-estao-confirmados-na-bienal-de-guarulhos-inscricoes-comecam-nesta-sexta\/\"><\/a><\/div><div class=\"eael-entry-thumbnail eael-image-ratio\">\n                <img width=\"780\" height=\"520\" src=\"https:\/\/portaleducacao.guarulhos.sp.gov.br\/wp_site\/portalbienal\/wp-content\/uploads\/sites\/22\/2022\/07\/Fabricio-Carpinejar-Credito-Diego-Lopes-1.jpg\" class=\"attachment-1536x1536 size-1536x1536 wp-image-2039\" alt=\"\" loading=\"lazy\" srcset=\"https:\/\/portaleducacao.guarulhos.sp.gov.br\/wp_site\/portalbienal\/wp-content\/uploads\/sites\/22\/2022\/07\/Fabricio-Carpinejar-Credito-Diego-Lopes-1.jpg 780w, https:\/\/portaleducacao.guarulhos.sp.gov.br\/wp_site\/portalbienal\/wp-content\/uploads\/sites\/22\/2022\/07\/Fabricio-Carpinejar-Credito-Diego-Lopes-1-300x200.jpg 300w, https:\/\/portaleducacao.guarulhos.sp.gov.br\/wp_site\/portalbienal\/wp-content\/uploads\/sites\/22\/2022\/07\/Fabricio-Carpinejar-Credito-Diego-Lopes-1-768x512.jpg 768w\" sizes=\"(max-width: 780px) 100vw, 780px\" \/>\n            <\/div>\n        <\/div><div class=\"eael-entry-wrapper\"><header class=\"eael-entry-header\"><h6 class=\"eael-entry-title\"><a\n                        class=\"eael-grid-post-link\"\n                        href=\"https:\/\/portaleducacao.guarulhos.sp.gov.br\/wp_site\/portalbienal\/2022\/07\/28\/fabricio-carpinejar-e-chico-felitti-estao-confirmados-na-bienal-de-guarulhos-inscricoes-comecam-nesta-sexta\/\"\n                        title=\"Fabr\u00edcio Carpinejar e Chico Felitti est\u00e3o confirmados na Bienal de Guarulhos; inscri\u00e7\u00f5es come\u00e7am nesta sexta\">Fabr\u00edcio Carpinejar e Chico Felitti est\u00e3o confirmados na Bienal de Guarulhos; inscri\u00e7\u00f5es come\u00e7am nesta sexta<\/a><\/h6><\/header><div class=\"eael-entry-meta\"><\/div><\/div><\/div>\n        <\/div>\n    <\/article><article class=\"eael-grid-post eael-post-grid-column\" data-id=\"962\">\n        <div class=\"eael-grid-post-holder\">\n            <div class=\"eael-grid-post-holder-inner\"><div class=\"eael-entry-media\"><div class=\"eael-entry-overlay fade-in\"><i class=\"fas fa-magic\" aria-hidden=\"true\"><\/i><a href=\"https:\/\/portaleducacao.guarulhos.sp.gov.br\/wp_site\/portalbienal\/2022\/07\/13\/thalita-reboucas-manual-do-mundo-e-barbatuques-sao-atracoes-ja-confirmadas-na-2a-bienal-do-livro-de-guarulhos\/\"><\/a><\/div><div class=\"eael-entry-thumbnail eael-image-ratio\">\n                <img width=\"750\" height=\"520\" src=\"https:\/\/portaleducacao.guarulhos.sp.gov.br\/wp_site\/portalbienal\/wp-content\/uploads\/sites\/22\/2022\/07\/Thalita-Reboucas-1.jpeg\" class=\"attachment-1536x1536 size-1536x1536 wp-image-963\" alt=\"\" loading=\"lazy\" srcset=\"https:\/\/portaleducacao.guarulhos.sp.gov.br\/wp_site\/portalbienal\/wp-content\/uploads\/sites\/22\/2022\/07\/Thalita-Reboucas-1.jpeg 750w, https:\/\/portaleducacao.guarulhos.sp.gov.br\/wp_site\/portalbienal\/wp-content\/uploads\/sites\/22\/2022\/07\/Thalita-Reboucas-1-300x208.jpeg 300w\" sizes=\"(max-width: 750px) 100vw, 750px\" \/>\n            <\/div>\n        <\/div><div class=\"eael-entry-wrapper\"><header class=\"eael-entry-header\"><h6 class=\"eael-entry-title\"><a\n                        class=\"eael-grid-post-link\"\n                        href=\"https:\/\/portaleducacao.guarulhos.sp.gov.br\/wp_site\/portalbienal\/2022\/07\/13\/thalita-reboucas-manual-do-mundo-e-barbatuques-sao-atracoes-ja-confirmadas-na-2a-bienal-do-livro-de-guarulhos\/\"\n                        title=\"Thalita Rebou\u00e7as, Manual do Mundo e Barbatuques s\u00e3o atra\u00e7\u00f5es j\u00e1 confirmadas na 2\u00aa Bienal do Livro de Guarulhos\">Thalita Rebou\u00e7as, Manual do Mundo e Barbatuques s\u00e3o atra\u00e7\u00f5es j\u00e1 confirmadas na 2\u00aa Bienal do Livro de Guarulhos<\/a><\/h6><\/header><div class=\"eael-entry-meta\"><\/div><\/div><\/div>\n        <\/div>\n    <\/article><article class=\"eael-grid-post eael-post-grid-column\" data-id=\"1648\">\n        <div class=\"eael-grid-post-holder\">\n            <div class=\"eael-grid-post-holder-inner\"><div class=\"eael-entry-media\"><div class=\"eael-entry-overlay fade-in\"><i class=\"fas fa-magic\" aria-hidden=\"true\"><\/i><a href=\"https:\/\/portaleducacao.guarulhos.sp.gov.br\/wp_site\/portalbienal\/2022\/07\/21\/homenagem-a-biblioteca-mais-antiga-da-cidade-integra-a-programacao-da-2a-bienal-do-livro-de-guarulhos\/\"><\/a><\/div><div class=\"eael-entry-thumbnail eael-image-ratio\">\n                <img width=\"1275\" height=\"898\" src=\"https:\/\/portaleducacao.guarulhos.sp.gov.br\/wp_site\/portalbienal\/wp-content\/uploads\/sites\/22\/2022\/07\/Aurea-Mansur-funcionaria-administrativa-da-bibliotecaria-Foto-acervo-Arquivo-Historico.jpeg\" class=\"attachment-1536x1536 size-1536x1536 wp-image-1649\" alt=\"\" loading=\"lazy\" srcset=\"https:\/\/portaleducacao.guarulhos.sp.gov.br\/wp_site\/portalbienal\/wp-content\/uploads\/sites\/22\/2022\/07\/Aurea-Mansur-funcionaria-administrativa-da-bibliotecaria-Foto-acervo-Arquivo-Historico.jpeg 1275w, https:\/\/portaleducacao.guarulhos.sp.gov.br\/wp_site\/portalbienal\/wp-content\/uploads\/sites\/22\/2022\/07\/Aurea-Mansur-funcionaria-administrativa-da-bibliotecaria-Foto-acervo-Arquivo-Historico-300x211.jpeg 300w, https:\/\/portaleducacao.guarulhos.sp.gov.br\/wp_site\/portalbienal\/wp-content\/uploads\/sites\/22\/2022\/07\/Aurea-Mansur-funcionaria-administrativa-da-bibliotecaria-Foto-acervo-Arquivo-Historico-1024x721.jpeg 1024w, https:\/\/portaleducacao.guarulhos.sp.gov.br\/wp_site\/portalbienal\/wp-content\/uploads\/sites\/22\/2022\/07\/Aurea-Mansur-funcionaria-administrativa-da-bibliotecaria-Foto-acervo-Arquivo-Historico-768x541.jpeg 768w\" sizes=\"(max-width: 1275px) 100vw, 1275px\" \/>\n            <\/div>\n        <\/div><div class=\"eael-entry-wrapper\"><header class=\"eael-entry-header\"><h6 class=\"eael-entry-title\"><a\n                        class=\"eael-grid-post-link\"\n                        href=\"https:\/\/portaleducacao.guarulhos.sp.gov.br\/wp_site\/portalbienal\/2022\/07\/21\/homenagem-a-biblioteca-mais-antiga-da-cidade-integra-a-programacao-da-2a-bienal-do-livro-de-guarulhos\/\"\n                        title=\"Homenagem \u00e0 biblioteca mais antiga da cidade integra a programa\u00e7\u00e3o da 2\u00aa Bienal do Livro de Guarulhos\">Homenagem \u00e0 biblioteca mais antiga da cidade integra a programa\u00e7\u00e3o da 2\u00aa Bienal do Livro de Guarulhos<\/a><\/h6><\/header><div class=\"eael-entry-meta\"><\/div><\/div><\/div>\n        <\/div>\n    <\/article><article class=\"eael-grid-post eael-post-grid-column\" data-id=\"3035\">\n        <div class=\"eael-grid-post-holder\">\n            <div class=\"eael-grid-post-holder-inner\"><div class=\"eael-entry-media\"><div class=\"eael-entry-overlay fade-in\"><i class=\"fas fa-magic\" aria-hidden=\"true\"><\/i><a href=\"https:\/\/portaleducacao.guarulhos.sp.gov.br\/wp_site\/portalbienal\/2022\/08\/13\/bienal-do-livro-de-guarulhos-a-criminologa-ilana-casoy-e-o-dublador-wendel-bezerra-lotam-auditorio-no-penultimo-dia-do-evento\/\"><\/a><\/div><div class=\"eael-entry-thumbnail eael-image-ratio\">\n                <img width=\"1080\" height=\"720\" src=\"https:\/\/portaleducacao.guarulhos.sp.gov.br\/wp_site\/portalbienal\/wp-content\/uploads\/sites\/22\/2022\/08\/WhatsApp-Image-2022-08-13-at-20.45.50.jpeg\" class=\"attachment-1536x1536 size-1536x1536 wp-image-3036\" alt=\"\" loading=\"lazy\" srcset=\"https:\/\/portaleducacao.guarulhos.sp.gov.br\/wp_site\/portalbienal\/wp-content\/uploads\/sites\/22\/2022\/08\/WhatsApp-Image-2022-08-13-at-20.45.50.jpeg 1080w, https:\/\/portaleducacao.guarulhos.sp.gov.br\/wp_site\/portalbienal\/wp-content\/uploads\/sites\/22\/2022\/08\/WhatsApp-Image-2022-08-13-at-20.45.50-300x200.jpeg 300w, https:\/\/portaleducacao.guarulhos.sp.gov.br\/wp_site\/portalbienal\/wp-content\/uploads\/sites\/22\/2022\/08\/WhatsApp-Image-2022-08-13-at-20.45.50-1024x683.jpeg 1024w, https:\/\/portaleducacao.guarulhos.sp.gov.br\/wp_site\/portalbienal\/wp-content\/uploads\/sites\/22\/2022\/08\/WhatsApp-Image-2022-08-13-at-20.45.50-768x512.jpeg 768w\" sizes=\"(max-width: 1080px) 100vw, 1080px\" \/>\n            <\/div>\n        <\/div><div class=\"eael-entry-wrapper\"><header class=\"eael-entry-header\"><h6 class=\"eael-entry-title\"><a\n                        class=\"eael-grid-post-link\"\n                        href=\"https:\/\/portaleducacao.guarulhos.sp.gov.br\/wp_site\/portalbienal\/2022\/08\/13\/bienal-do-livro-de-guarulhos-a-criminologa-ilana-casoy-e-o-dublador-wendel-bezerra-lotam-auditorio-no-penultimo-dia-do-evento\/\"\n                        title=\"Bienal do Livro de Guarulhos: a crimin\u00f3loga Ilana Casoy e o dublador Wendel Bezerra lotam audit\u00f3rio no pen\u00faltimo dia do evento\">Bienal do Livro de Guarulhos: a crimin\u00f3loga Ilana Casoy e o dublador Wendel Bezerra lotam audit\u00f3rio no pen\u00faltimo dia do evento<\/a><\/h6><\/header><div class=\"eael-entry-meta\"><\/div><\/div><\/div>\n        <\/div>\n    <\/article><article class=\"eael-grid-post eael-post-grid-column\" data-id=\"2774\">\n        <div class=\"eael-grid-post-holder\">\n            <div class=\"eael-grid-post-holder-inner\"><div class=\"eael-entry-media\"><div class=\"eael-entry-overlay fade-in\"><i class=\"fas fa-magic\" aria-hidden=\"true\"><\/i><a href=\"https:\/\/portaleducacao.guarulhos.sp.gov.br\/wp_site\/portalbienal\/2022\/08\/08\/bienal-do-livro-de-guarulhos-movimenta-mais-de-45-mil-visitantes-no-primeiro-final-de-semana\/\"><\/a><\/div><div class=\"eael-entry-thumbnail eael-image-ratio\">\n                <img width=\"1536\" height=\"1024\" src=\"https:\/\/portaleducacao.guarulhos.sp.gov.br\/wp_site\/portalbienal\/wp-content\/uploads\/sites\/22\/2022\/08\/Final-de-semana-Camila-Rhodes-6-1536x1024.jpg\" class=\"attachment-1536x1536 size-1536x1536 wp-image-2776\" alt=\"\" loading=\"lazy\" srcset=\"https:\/\/portaleducacao.guarulhos.sp.gov.br\/wp_site\/portalbienal\/wp-content\/uploads\/sites\/22\/2022\/08\/Final-de-semana-Camila-Rhodes-6-1536x1024.jpg 1536w, https:\/\/portaleducacao.guarulhos.sp.gov.br\/wp_site\/portalbienal\/wp-content\/uploads\/sites\/22\/2022\/08\/Final-de-semana-Camila-Rhodes-6-300x200.jpg 300w, https:\/\/portaleducacao.guarulhos.sp.gov.br\/wp_site\/portalbienal\/wp-content\/uploads\/sites\/22\/2022\/08\/Final-de-semana-Camila-Rhodes-6-1024x683.jpg 1024w, https:\/\/portaleducacao.guarulhos.sp.gov.br\/wp_site\/portalbienal\/wp-content\/uploads\/sites\/22\/2022\/08\/Final-de-semana-Camila-Rhodes-6-768x512.jpg 768w, https:\/\/portaleducacao.guarulhos.sp.gov.br\/wp_site\/portalbienal\/wp-content\/uploads\/sites\/22\/2022\/08\/Final-de-semana-Camila-Rhodes-6-2048x1365.jpg 2048w\" sizes=\"(max-width: 1536px) 100vw, 1536px\" \/>\n            <\/div>\n        <\/div><div class=\"eael-entry-wrapper\"><header class=\"eael-entry-header\"><h6 class=\"eael-entry-title\"><a\n                        class=\"eael-grid-post-link\"\n                        href=\"https:\/\/portaleducacao.guarulhos.sp.gov.br\/wp_site\/portalbienal\/2022\/08\/08\/bienal-do-livro-de-guarulhos-movimenta-mais-de-45-mil-visitantes-no-primeiro-final-de-semana\/\"\n                        title=\"Bienal do livro de Guarulhos movimenta mais de 45 mil visitantes no primeiro final de semana\">Bienal do livro de Guarulhos movimenta mais de 45 mil visitantes no primeiro final de semana<\/a><\/h6><\/header><div class=\"eael-entry-meta\"><\/div><\/div><\/div>\n        <\/div>\n    <\/article><article class=\"eael-grid-post eael-post-grid-column\" data-id=\"2419\">\n        <div class=\"eael-grid-post-holder\">\n            <div class=\"eael-grid-post-holder-inner\"><div class=\"eael-entry-media\"><div class=\"eael-entry-overlay fade-in\"><i class=\"fas fa-magic\" aria-hidden=\"true\"><\/i><a href=\"https:\/\/portaleducacao.guarulhos.sp.gov.br\/wp_site\/portalbienal\/2022\/08\/01\/palestras-da-bienal-do-livro-de-guarulhos-tem-ingressos-online-disponiveis\/\"><\/a><\/div><div class=\"eael-entry-thumbnail eael-image-ratio\">\n                <img width=\"1536\" height=\"1152\" src=\"https:\/\/portaleducacao.guarulhos.sp.gov.br\/wp_site\/portalbienal\/wp-content\/uploads\/sites\/22\/2022\/08\/Fernanda-Takai-por-Weber-Padua-1-1536x1152.jpg\" class=\"attachment-1536x1536 size-1536x1536 wp-image-2420\" alt=\"\" loading=\"lazy\" srcset=\"https:\/\/portaleducacao.guarulhos.sp.gov.br\/wp_site\/portalbienal\/wp-content\/uploads\/sites\/22\/2022\/08\/Fernanda-Takai-por-Weber-Padua-1-1536x1152.jpg 1536w, https:\/\/portaleducacao.guarulhos.sp.gov.br\/wp_site\/portalbienal\/wp-content\/uploads\/sites\/22\/2022\/08\/Fernanda-Takai-por-Weber-Padua-1-300x225.jpg 300w, https:\/\/portaleducacao.guarulhos.sp.gov.br\/wp_site\/portalbienal\/wp-content\/uploads\/sites\/22\/2022\/08\/Fernanda-Takai-por-Weber-Padua-1-1024x768.jpg 1024w, https:\/\/portaleducacao.guarulhos.sp.gov.br\/wp_site\/portalbienal\/wp-content\/uploads\/sites\/22\/2022\/08\/Fernanda-Takai-por-Weber-Padua-1-768x576.jpg 768w, https:\/\/portaleducacao.guarulhos.sp.gov.br\/wp_site\/portalbienal\/wp-content\/uploads\/sites\/22\/2022\/08\/Fernanda-Takai-por-Weber-Padua-1-2048x1536.jpg 2048w\" sizes=\"(max-width: 1536px) 100vw, 1536px\" \/>\n            <\/div>\n        <\/div><div class=\"eael-entry-wrapper\"><header class=\"eael-entry-header\"><h6 class=\"eael-entry-title\"><a\n                        class=\"eael-grid-post-link\"\n                        href=\"https:\/\/portaleducacao.guarulhos.sp.gov.br\/wp_site\/portalbienal\/2022\/08\/01\/palestras-da-bienal-do-livro-de-guarulhos-tem-ingressos-online-disponiveis\/\"\n                        title=\"Palestras da Bienal do Livro de Guarulhos t\u00eam ingressos online dispon\u00edveis\">Palestras da Bienal do Livro de Guarulhos t\u00eam ingressos online dispon\u00edveis<\/a><\/h6><\/header><div class=\"eael-entry-meta\"><\/div><\/div><\/div>\n        <\/div>\n    <\/article><article class=\"eael-grid-post eael-post-grid-column\" data-id=\"1882\">\n        <div class=\"eael-grid-post-holder\">\n            <div class=\"eael-grid-post-holder-inner\"><div class=\"eael-entry-media\"><div class=\"eael-entry-overlay fade-in\"><i class=\"fas fa-magic\" aria-hidden=\"true\"><\/i><a href=\"https:\/\/portaleducacao.guarulhos.sp.gov.br\/wp_site\/portalbienal\/2022\/07\/26\/bienal-do-livro-de-guarulhos-traz-ilana-casoy-oscar-schmidt-wendel-bezerra-e-authentic-games\/\"><\/a><\/div><div class=\"eael-entry-thumbnail eael-image-ratio\">\n                <img width=\"750\" height=\"520\" src=\"https:\/\/portaleducacao.guarulhos.sp.gov.br\/wp_site\/portalbienal\/wp-content\/uploads\/sites\/22\/2022\/07\/Bienal.divulgacao.jpeg\" class=\"attachment-1536x1536 size-1536x1536 wp-image-1884\" alt=\"\" loading=\"lazy\" srcset=\"https:\/\/portaleducacao.guarulhos.sp.gov.br\/wp_site\/portalbienal\/wp-content\/uploads\/sites\/22\/2022\/07\/Bienal.divulgacao.jpeg 750w, https:\/\/portaleducacao.guarulhos.sp.gov.br\/wp_site\/portalbienal\/wp-content\/uploads\/sites\/22\/2022\/07\/Bienal.divulgacao-300x208.jpeg 300w\" sizes=\"(max-width: 750px) 100vw, 750px\" \/>\n            <\/div>\n        <\/div><div class=\"eael-entry-wrapper\"><header class=\"eael-entry-header\"><h6 class=\"eael-entry-title\"><a\n                        class=\"eael-grid-post-link\"\n                        href=\"https:\/\/portaleducacao.guarulhos.sp.gov.br\/wp_site\/portalbienal\/2022\/07\/26\/bienal-do-livro-de-guarulhos-traz-ilana-casoy-oscar-schmidt-wendel-bezerra-e-authentic-games\/\"\n                        title=\"Bienal do Livro de Guarulhos traz Ilana Casoy, Oscar Schmidt, Wendel Bezerra e Authentic Games\">Bienal do Livro de Guarulhos traz Ilana Casoy, Oscar Schmidt, Wendel Bezerra e Authentic Games<\/a><\/h6><\/header><div class=\"eael-entry-meta\"><\/div><\/div><\/div>\n        <\/div>\n    <\/article><article class=\"eael-grid-post eael-post-grid-column\" data-id=\"2047\">\n        <div class=\"eael-grid-post-holder\">\n            <div class=\"eael-grid-post-holder-inner\"><div class=\"eael-entry-media\"><div class=\"eael-entry-overlay fade-in\"><i class=\"fas fa-magic\" aria-hidden=\"true\"><\/i><a href=\"https:\/\/portaleducacao.guarulhos.sp.gov.br\/wp_site\/portalbienal\/2022\/07\/28\/ceus-oferecem-transporte-gratuito-para-a-bienal-do-livro-de-guarulhos\/\"><\/a><\/div><div class=\"eael-entry-thumbnail eael-image-ratio\">\n                <img width=\"1536\" height=\"864\" src=\"https:\/\/portaleducacao.guarulhos.sp.gov.br\/wp_site\/portalbienal\/wp-content\/uploads\/sites\/22\/2022\/07\/Dutra-Foto-Diego-Secco-1536x864.jpg\" class=\"attachment-1536x1536 size-1536x1536 wp-image-2048\" alt=\"\" loading=\"lazy\" srcset=\"https:\/\/portaleducacao.guarulhos.sp.gov.br\/wp_site\/portalbienal\/wp-content\/uploads\/sites\/22\/2022\/07\/Dutra-Foto-Diego-Secco-1536x864.jpg 1536w, https:\/\/portaleducacao.guarulhos.sp.gov.br\/wp_site\/portalbienal\/wp-content\/uploads\/sites\/22\/2022\/07\/Dutra-Foto-Diego-Secco-300x169.jpg 300w, https:\/\/portaleducacao.guarulhos.sp.gov.br\/wp_site\/portalbienal\/wp-content\/uploads\/sites\/22\/2022\/07\/Dutra-Foto-Diego-Secco-1024x576.jpg 1024w, https:\/\/portaleducacao.guarulhos.sp.gov.br\/wp_site\/portalbienal\/wp-content\/uploads\/sites\/22\/2022\/07\/Dutra-Foto-Diego-Secco-768x432.jpg 768w, https:\/\/portaleducacao.guarulhos.sp.gov.br\/wp_site\/portalbienal\/wp-content\/uploads\/sites\/22\/2022\/07\/Dutra-Foto-Diego-Secco-2048x1152.jpg 2048w\" sizes=\"(max-width: 1536px) 100vw, 1536px\" \/>\n            <\/div>\n        <\/div><div class=\"eael-entry-wrapper\"><header class=\"eael-entry-header\"><h6 class=\"eael-entry-title\"><a\n                        class=\"eael-grid-post-link\"\n                        href=\"https:\/\/portaleducacao.guarulhos.sp.gov.br\/wp_site\/portalbienal\/2022\/07\/28\/ceus-oferecem-transporte-gratuito-para-a-bienal-do-livro-de-guarulhos\/\"\n                        title=\"CEUs oferecem transporte gratuito para a Bienal do Livro de Guarulhos\">CEUs oferecem transporte gratuito para a Bienal do Livro de Guarulhos<\/a><\/h6><\/header><div class=\"eael-entry-meta\"><\/div><\/div><\/div>\n        <\/div>\n    <\/article><article class=\"eael-grid-post eael-post-grid-column\" data-id=\"1270\">\n        <div class=\"eael-grid-post-holder\">\n            <div class=\"eael-grid-post-holder-inner\"><div class=\"eael-entry-media\"><div class=\"eael-entry-overlay fade-in\"><i class=\"fas fa-magic\" aria-hidden=\"true\"><\/i><a href=\"https:\/\/portaleducacao.guarulhos.sp.gov.br\/wp_site\/portalbienal\/2022\/07\/16\/programacao-especial-para-o-publico-infantil-e-destaque-da-2a-bienal-do-livro-de-guarulhos\/\"><\/a><\/div><div class=\"eael-entry-thumbnail eael-image-ratio\">\n                <img width=\"750\" height=\"545\" src=\"https:\/\/portaleducacao.guarulhos.sp.gov.br\/wp_site\/portalbienal\/wp-content\/uploads\/sites\/22\/2022\/07\/Barbatuquices1-\u00a9KelsonSpalato.jpg\" class=\"attachment-1536x1536 size-1536x1536 wp-image-889\" alt=\"\" loading=\"lazy\" srcset=\"https:\/\/portaleducacao.guarulhos.sp.gov.br\/wp_site\/portalbienal\/wp-content\/uploads\/sites\/22\/2022\/07\/Barbatuquices1-\u00a9KelsonSpalato.jpg 750w, https:\/\/portaleducacao.guarulhos.sp.gov.br\/wp_site\/portalbienal\/wp-content\/uploads\/sites\/22\/2022\/07\/Barbatuquices1-\u00a9KelsonSpalato-300x218.jpg 300w\" sizes=\"(max-width: 750px) 100vw, 750px\" \/>\n            <\/div>\n        <\/div><div class=\"eael-entry-wrapper\"><header class=\"eael-entry-header\"><h6 class=\"eael-entry-title\"><a\n                        class=\"eael-grid-post-link\"\n                        href=\"https:\/\/portaleducacao.guarulhos.sp.gov.br\/wp_site\/portalbienal\/2022\/07\/16\/programacao-especial-para-o-publico-infantil-e-destaque-da-2a-bienal-do-livro-de-guarulhos\/\"\n                        title=\"Programa\u00e7\u00e3o especial para o p\u00fablico infantil \u00e9 destaque da 2\u00aa Bienal do Livro de Guarulhos\">Programa\u00e7\u00e3o especial para o p\u00fablico infantil \u00e9 destaque da 2\u00aa Bienal do Livro de Guarulhos<\/a><\/h6><\/header><div class=\"eael-entry-meta\"><\/div><\/div><\/div>\n        <\/div>\n    <\/article><article class=\"eael-grid-post eael-post-grid-column\" data-id=\"1387\">\n        <div class=\"eael-grid-post-holder\">\n            <div class=\"eael-grid-post-holder-inner\"><div class=\"eael-entry-media\"><div class=\"eael-entry-overlay fade-in\"><i class=\"fas fa-magic\" aria-hidden=\"true\"><\/i><a href=\"https:\/\/portaleducacao.guarulhos.sp.gov.br\/wp_site\/portalbienal\/2022\/05\/16\/prefeitura-abre-chamamento-de-editoras-para-a-bienal-do-livro-de-guarulhos\/\"><\/a><\/div><div class=\"eael-entry-thumbnail eael-image-ratio\">\n                <img width=\"1123\" height=\"749\" src=\"https:\/\/portaleducacao.guarulhos.sp.gov.br\/wp_site\/portalbienal\/wp-content\/uploads\/sites\/22\/2022\/05\/chamamento.jpg\" class=\"attachment-1536x1536 size-1536x1536 wp-image-1424\" alt=\"\" loading=\"lazy\" srcset=\"https:\/\/portaleducacao.guarulhos.sp.gov.br\/wp_site\/portalbienal\/wp-content\/uploads\/sites\/22\/2022\/05\/chamamento.jpg 1123w, https:\/\/portaleducacao.guarulhos.sp.gov.br\/wp_site\/portalbienal\/wp-content\/uploads\/sites\/22\/2022\/05\/chamamento-300x200.jpg 300w, https:\/\/portaleducacao.guarulhos.sp.gov.br\/wp_site\/portalbienal\/wp-content\/uploads\/sites\/22\/2022\/05\/chamamento-1024x683.jpg 1024w, https:\/\/portaleducacao.guarulhos.sp.gov.br\/wp_site\/portalbienal\/wp-content\/uploads\/sites\/22\/2022\/05\/chamamento-768x512.jpg 768w\" sizes=\"(max-width: 1123px) 100vw, 1123px\" \/>\n            <\/div>\n        <\/div><div class=\"eael-entry-wrapper\"><header class=\"eael-entry-header\"><h6 class=\"eael-entry-title\"><a\n                        class=\"eael-grid-post-link\"\n                        href=\"https:\/\/portaleducacao.guarulhos.sp.gov.br\/wp_site\/portalbienal\/2022\/05\/16\/prefeitura-abre-chamamento-de-editoras-para-a-bienal-do-livro-de-guarulhos\/\"\n                        title=\"Prefeitura abre chamamento de editoras para a Bienal do Livro de Guarulhos\">Prefeitura abre chamamento de editoras para a Bienal do Livro de Guarulhos<\/a><\/h6><\/header><div class=\"eael-entry-meta\"><\/div><\/div><\/div>\n        <\/div>\n    <\/article><article class=\"eael-grid-post eael-post-grid-column\" data-id=\"3023\">\n        <div class=\"eael-grid-post-holder\">\n            <div class=\"eael-grid-post-holder-inner\"><div class=\"eael-entry-media\"><div class=\"eael-entry-overlay fade-in\"><i class=\"fas fa-magic\" aria-hidden=\"true\"><\/i><a href=\"https:\/\/portaleducacao.guarulhos.sp.gov.br\/wp_site\/portalbienal\/2022\/08\/13\/bienal-do-livro-de-guarulhos-segue-ate-domingo-com-programacao-gratuita-no-internacional-eventos\/\"><\/a><\/div><div class=\"eael-entry-thumbnail eael-image-ratio\">\n                <img width=\"1024\" height=\"523\" src=\"https:\/\/portaleducacao.guarulhos.sp.gov.br\/wp_site\/portalbienal\/wp-content\/uploads\/sites\/22\/2022\/08\/bienal-livro10-lucas-dantas-1.jpeg\" class=\"attachment-1536x1536 size-1536x1536 wp-image-3029\" alt=\"\" loading=\"lazy\" srcset=\"https:\/\/portaleducacao.guarulhos.sp.gov.br\/wp_site\/portalbienal\/wp-content\/uploads\/sites\/22\/2022\/08\/bienal-livro10-lucas-dantas-1.jpeg 1024w, https:\/\/portaleducacao.guarulhos.sp.gov.br\/wp_site\/portalbienal\/wp-content\/uploads\/sites\/22\/2022\/08\/bienal-livro10-lucas-dantas-1-300x153.jpeg 300w, https:\/\/portaleducacao.guarulhos.sp.gov.br\/wp_site\/portalbienal\/wp-content\/uploads\/sites\/22\/2022\/08\/bienal-livro10-lucas-dantas-1-768x392.jpeg 768w\" sizes=\"(max-width: 1024px) 100vw, 1024px\" \/>\n            <\/div>\n        <\/div><div class=\"eael-entry-wrapper\"><header class=\"eael-entry-header\"><h6 class=\"eael-entry-title\"><a\n                        class=\"eael-grid-post-link\"\n                        href=\"https:\/\/portaleducacao.guarulhos.sp.gov.br\/wp_site\/portalbienal\/2022\/08\/13\/bienal-do-livro-de-guarulhos-segue-ate-domingo-com-programacao-gratuita-no-internacional-eventos\/\"\n                        title=\"Bienal do Livro de Guarulhos segue at\u00e9 domingo\u00a0com programa\u00e7\u00e3o gratuita no Internacional Eventos\">Bienal do Livro de Guarulhos segue at\u00e9 domingo\u00a0com programa\u00e7\u00e3o gratuita no Internacional Eventos<\/a><\/h6><\/header><div class=\"eael-entry-meta\"><\/div><\/div><\/div>\n        <\/div>\n    <\/article><article class=\"eael-grid-post eael-post-grid-column\" data-id=\"1915\">\n        <div class=\"eael-grid-post-holder\">\n            <div class=\"eael-grid-post-holder-inner\"><div class=\"eael-entry-media\"><div class=\"eael-entry-overlay fade-in\"><i class=\"fas fa-magic\" aria-hidden=\"true\"><\/i><a href=\"https:\/\/portaleducacao.guarulhos.sp.gov.br\/wp_site\/portalbienal\/2022\/07\/27\/bienal-do-livro-de-guarulhos-tem-recorde-de-inscricoes-de-autores-independentes-da-cidade\/\"><\/a><\/div><div class=\"eael-entry-thumbnail eael-image-ratio\">\n                <img width=\"780\" height=\"520\" src=\"https:\/\/portaleducacao.guarulhos.sp.gov.br\/wp_site\/portalbienal\/wp-content\/uploads\/sites\/22\/2022\/07\/Autores-independentes-Foto-Eduardo-Calabria.jpg\" class=\"attachment-1536x1536 size-1536x1536 wp-image-1916\" alt=\"\" loading=\"lazy\" srcset=\"https:\/\/portaleducacao.guarulhos.sp.gov.br\/wp_site\/portalbienal\/wp-content\/uploads\/sites\/22\/2022\/07\/Autores-independentes-Foto-Eduardo-Calabria.jpg 780w, https:\/\/portaleducacao.guarulhos.sp.gov.br\/wp_site\/portalbienal\/wp-content\/uploads\/sites\/22\/2022\/07\/Autores-independentes-Foto-Eduardo-Calabria-300x200.jpg 300w, https:\/\/portaleducacao.guarulhos.sp.gov.br\/wp_site\/portalbienal\/wp-content\/uploads\/sites\/22\/2022\/07\/Autores-independentes-Foto-Eduardo-Calabria-768x512.jpg 768w\" sizes=\"(max-width: 780px) 100vw, 780px\" \/>\n            <\/div>\n        <\/div><div class=\"eael-entry-wrapper\"><header class=\"eael-entry-header\"><h6 class=\"eael-entry-title\"><a\n                        class=\"eael-grid-post-link\"\n                        href=\"https:\/\/portaleducacao.guarulhos.sp.gov.br\/wp_site\/portalbienal\/2022\/07\/27\/bienal-do-livro-de-guarulhos-tem-recorde-de-inscricoes-de-autores-independentes-da-cidade\/\"\n                        title=\"Bienal do Livro de Guarulhos tem recorde de inscri\u00e7\u00f5es de autores independentes da cidade\">Bienal do Livro de Guarulhos tem recorde de inscri\u00e7\u00f5es de autores independentes da cidade<\/a><\/h6><\/header><div class=\"eael-entry-meta\"><\/div><\/div><\/div>\n        <\/div>\n    <\/article><article class=\"eael-grid-post eael-post-grid-column\" data-id=\"2064\">\n        <div class=\"eael-grid-post-holder\">\n            <div class=\"eael-grid-post-holder-inner\"><div class=\"eael-entry-media\"><div class=\"eael-entry-overlay fade-in\"><i class=\"fas fa-magic\" aria-hidden=\"true\"><\/i><a href=\"https:\/\/portaleducacao.guarulhos.sp.gov.br\/wp_site\/portalbienal\/2022\/07\/28\/programacao\/\"><\/a><\/div><div class=\"eael-entry-thumbnail eael-image-ratio\">\n                <img width=\"1280\" height=\"853\" src=\"https:\/\/portaleducacao.guarulhos.sp.gov.br\/wp_site\/portalbienal\/wp-content\/uploads\/sites\/22\/2022\/07\/WhatsApp-Image-2022-07-28-at-21.26.49.jpeg\" class=\"attachment-1536x1536 size-1536x1536 wp-image-2099\" alt=\"\" loading=\"lazy\" srcset=\"https:\/\/portaleducacao.guarulhos.sp.gov.br\/wp_site\/portalbienal\/wp-content\/uploads\/sites\/22\/2022\/07\/WhatsApp-Image-2022-07-28-at-21.26.49.jpeg 1280w, https:\/\/portaleducacao.guarulhos.sp.gov.br\/wp_site\/portalbienal\/wp-content\/uploads\/sites\/22\/2022\/07\/WhatsApp-Image-2022-07-28-at-21.26.49-300x200.jpeg 300w, https:\/\/portaleducacao.guarulhos.sp.gov.br\/wp_site\/portalbienal\/wp-content\/uploads\/sites\/22\/2022\/07\/WhatsApp-Image-2022-07-28-at-21.26.49-1024x682.jpeg 1024w, https:\/\/portaleducacao.guarulhos.sp.gov.br\/wp_site\/portalbienal\/wp-content\/uploads\/sites\/22\/2022\/07\/WhatsApp-Image-2022-07-28-at-21.26.49-768x512.jpeg 768w\" sizes=\"(max-width: 1280px) 100vw, 1280px\" \/>\n            <\/div>\n        <\/div><div class=\"eael-entry-wrapper\"><header class=\"eael-entry-header\"><h6 class=\"eael-entry-title\"><a\n                        class=\"eael-grid-post-link\"\n                        href=\"https:\/\/portaleducacao.guarulhos.sp.gov.br\/wp_site\/portalbienal\/2022\/07\/28\/programacao\/\"\n                        title=\"Programa\u00e7\u00e3o Geral da Bienal do Livro de Guarulhos 2022\">Programa\u00e7\u00e3o Geral da Bienal do Livro de Guarulhos 2022<\/a><\/h6><\/header><div class=\"eael-entry-meta\"><\/div><\/div><\/div>\n        <\/div>\n    <\/article><article class=\"eael-grid-post eael-post-grid-column\" data-id=\"470\">\n        <div class=\"eael-grid-post-holder\">\n            <div class=\"eael-grid-post-holder-inner\"><div class=\"eael-entry-media\"><div class=\"eael-entry-overlay fade-in\"><i class=\"fas fa-magic\" aria-hidden=\"true\"><\/i><a href=\"https:\/\/portaleducacao.guarulhos.sp.gov.br\/wp_site\/portalbienal\/2022\/07\/08\/escolas-municipais-tem-ate-26-7-para-inscrever-turmas-visitantes-na-2a-bienal-do-livro-de-guarulhos\/\"><\/a><\/div><div class=\"eael-entry-thumbnail eael-image-ratio\">\n                <img width=\"1536\" height=\"1024\" src=\"https:\/\/portaleducacao.guarulhos.sp.gov.br\/wp_site\/portalbienal\/wp-content\/uploads\/sites\/22\/2022\/07\/IMG_9854-Eduardo-Calabria-1536x1024.jpg\" class=\"attachment-1536x1536 size-1536x1536 wp-image-472\" alt=\"\" loading=\"lazy\" srcset=\"https:\/\/portaleducacao.guarulhos.sp.gov.br\/wp_site\/portalbienal\/wp-content\/uploads\/sites\/22\/2022\/07\/IMG_9854-Eduardo-Calabria-1536x1024.jpg 1536w, https:\/\/portaleducacao.guarulhos.sp.gov.br\/wp_site\/portalbienal\/wp-content\/uploads\/sites\/22\/2022\/07\/IMG_9854-Eduardo-Calabria-300x200.jpg 300w, https:\/\/portaleducacao.guarulhos.sp.gov.br\/wp_site\/portalbienal\/wp-content\/uploads\/sites\/22\/2022\/07\/IMG_9854-Eduardo-Calabria-1024x683.jpg 1024w, https:\/\/portaleducacao.guarulhos.sp.gov.br\/wp_site\/portalbienal\/wp-content\/uploads\/sites\/22\/2022\/07\/IMG_9854-Eduardo-Calabria-768x512.jpg 768w, https:\/\/portaleducacao.guarulhos.sp.gov.br\/wp_site\/portalbienal\/wp-content\/uploads\/sites\/22\/2022\/07\/IMG_9854-Eduardo-Calabria.jpg 1980w\" sizes=\"(max-width: 1536px) 100vw, 1536px\" \/>\n            <\/div>\n        <\/div><div class=\"eael-entry-wrapper\"><header class=\"eael-entry-header\"><h6 class=\"eael-entry-title\"><a\n                        class=\"eael-grid-post-link\"\n                        href=\"https:\/\/portaleducacao.guarulhos.sp.gov.br\/wp_site\/portalbienal\/2022\/07\/08\/escolas-municipais-tem-ate-26-7-para-inscrever-turmas-visitantes-na-2a-bienal-do-livro-de-guarulhos\/\"\n                        title=\"Escolas municipais t\u00eam at\u00e9 26\/7 para inscrever turmas visitantes na 2\u00aa Bienal do Livro de Guarulhos\">Escolas municipais t\u00eam at\u00e9 26\/7 para inscrever turmas visitantes na 2\u00aa Bienal do Livro de Guarulhos<\/a><\/h6><\/header><div class=\"eael-entry-meta\"><\/div><\/div><\/div>\n        <\/div>\n    <\/article><article class=\"eael-grid-post eael-post-grid-column\" data-id=\"2805\">\n        <div class=\"eael-grid-post-holder\">\n            <div class=\"eael-grid-post-holder-inner\"><div class=\"eael-entry-media\"><div class=\"eael-entry-overlay fade-in\"><i class=\"fas fa-magic\" aria-hidden=\"true\"><\/i><a href=\"https:\/\/portaleducacao.guarulhos.sp.gov.br\/wp_site\/portalbienal\/2022\/08\/08\/autores-guarulhenses\/\"><\/a><\/div><div class=\"eael-entry-thumbnail eael-image-ratio\">\n                <img width=\"1536\" height=\"1024\" src=\"https:\/\/portaleducacao.guarulhos.sp.gov.br\/wp_site\/portalbienal\/wp-content\/uploads\/sites\/22\/2022\/08\/IMG-20220808-WA0103-2-1536x1024.jpg\" class=\"attachment-1536x1536 size-1536x1536 wp-image-2810\" alt=\"\" loading=\"lazy\" srcset=\"https:\/\/portaleducacao.guarulhos.sp.gov.br\/wp_site\/portalbienal\/wp-content\/uploads\/sites\/22\/2022\/08\/IMG-20220808-WA0103-2-1536x1024.jpg 1536w, https:\/\/portaleducacao.guarulhos.sp.gov.br\/wp_site\/portalbienal\/wp-content\/uploads\/sites\/22\/2022\/08\/IMG-20220808-WA0103-2-300x200.jpg 300w, https:\/\/portaleducacao.guarulhos.sp.gov.br\/wp_site\/portalbienal\/wp-content\/uploads\/sites\/22\/2022\/08\/IMG-20220808-WA0103-2-1024x683.jpg 1024w, https:\/\/portaleducacao.guarulhos.sp.gov.br\/wp_site\/portalbienal\/wp-content\/uploads\/sites\/22\/2022\/08\/IMG-20220808-WA0103-2-768x512.jpg 768w, https:\/\/portaleducacao.guarulhos.sp.gov.br\/wp_site\/portalbienal\/wp-content\/uploads\/sites\/22\/2022\/08\/IMG-20220808-WA0103-2.jpg 1563w\" sizes=\"(max-width: 1536px) 100vw, 1536px\" \/>\n            <\/div>\n        <\/div><div class=\"eael-entry-wrapper\"><header class=\"eael-entry-header\"><h6 class=\"eael-entry-title\"><a\n                        class=\"eael-grid-post-link\"\n                        href=\"https:\/\/portaleducacao.guarulhos.sp.gov.br\/wp_site\/portalbienal\/2022\/08\/08\/autores-guarulhenses\/\"\n                        title=\"Autores Guarulhenses\">Autores Guarulhenses<\/a><\/h6><\/header><div class=\"eael-entry-meta\"><\/div><\/div><\/div>\n        <\/div>\n    <\/article><article class=\"eael-grid-post eael-post-grid-column\" data-id=\"3054\">\n        <div class=\"eael-grid-post-holder\">\n            <div class=\"eael-grid-post-holder-inner\"><div class=\"eael-entry-media\"><div class=\"eael-entry-overlay fade-in\"><i class=\"fas fa-magic\" aria-hidden=\"true\"><\/i><a href=\"https:\/\/portaleducacao.guarulhos.sp.gov.br\/wp_site\/portalbienal\/2022\/08\/16\/bienal-do-livro-de-guarulhos-recebeu-150-mil-pessoas-em-dez-dias\/\"><\/a><\/div><div class=\"eael-entry-thumbnail eael-image-ratio\">\n                <img width=\"1536\" height=\"1024\" src=\"https:\/\/portaleducacao.guarulhos.sp.gov.br\/wp_site\/portalbienal\/wp-content\/uploads\/sites\/22\/2022\/08\/37b7a2e2-4c7c-424b-8d07-7666e5ba2232-1536x1024.jpg\" class=\"attachment-1536x1536 size-1536x1536 wp-image-3055\" alt=\"\" loading=\"lazy\" srcset=\"https:\/\/portaleducacao.guarulhos.sp.gov.br\/wp_site\/portalbienal\/wp-content\/uploads\/sites\/22\/2022\/08\/37b7a2e2-4c7c-424b-8d07-7666e5ba2232-1536x1024.jpg 1536w, https:\/\/portaleducacao.guarulhos.sp.gov.br\/wp_site\/portalbienal\/wp-content\/uploads\/sites\/22\/2022\/08\/37b7a2e2-4c7c-424b-8d07-7666e5ba2232-300x200.jpg 300w, https:\/\/portaleducacao.guarulhos.sp.gov.br\/wp_site\/portalbienal\/wp-content\/uploads\/sites\/22\/2022\/08\/37b7a2e2-4c7c-424b-8d07-7666e5ba2232-1024x683.jpg 1024w, https:\/\/portaleducacao.guarulhos.sp.gov.br\/wp_site\/portalbienal\/wp-content\/uploads\/sites\/22\/2022\/08\/37b7a2e2-4c7c-424b-8d07-7666e5ba2232-768x512.jpg 768w, https:\/\/portaleducacao.guarulhos.sp.gov.br\/wp_site\/portalbienal\/wp-content\/uploads\/sites\/22\/2022\/08\/37b7a2e2-4c7c-424b-8d07-7666e5ba2232-2048x1365.jpg 2048w\" sizes=\"(max-width: 1536px) 100vw, 1536px\" \/>\n            <\/div>\n        <\/div><div class=\"eael-entry-wrapper\"><header class=\"eael-entry-header\"><h6 class=\"eael-entry-title\"><a\n                        class=\"eael-grid-post-link\"\n                        href=\"https:\/\/portaleducacao.guarulhos.sp.gov.br\/wp_site\/portalbienal\/2022\/08\/16\/bienal-do-livro-de-guarulhos-recebeu-150-mil-pessoas-em-dez-dias\/\"\n                        title=\"Bienal do Livro de Guarulhos recebeu 150 mil pessoas em dez dias\">Bienal do Livro de Guarulhos recebeu 150 mil pessoas em dez dias<\/a><\/h6><\/header><div class=\"eael-entry-meta\"><\/div><\/div><\/div>\n        <\/div>\n    <\/article><article class=\"eael-grid-post eael-post-grid-column\" data-id=\"2650\">\n        <div class=\"eael-grid-post-holder\">\n            <div class=\"eael-grid-post-holder-inner\"><div class=\"eael-entry-media\"><div class=\"eael-entry-overlay fade-in\"><i class=\"fas fa-magic\" aria-hidden=\"true\"><\/i><a href=\"https:\/\/portaleducacao.guarulhos.sp.gov.br\/wp_site\/portalbienal\/2022\/08\/05\/alunos-da-rede-municipal-recebem-o-credilivro-para-a-compra-de-obras-durante-a-bienal-de-guarulhos\/\"><\/a><\/div><div class=\"eael-entry-thumbnail eael-image-ratio\">\n                <img width=\"1280\" height=\"853\" src=\"https:\/\/portaleducacao.guarulhos.sp.gov.br\/wp_site\/portalbienal\/wp-content\/uploads\/sites\/22\/2022\/08\/WhatsApp-Image-2022-08-05-at-15.18.03.jpeg\" class=\"attachment-1536x1536 size-1536x1536 wp-image-2651\" alt=\"\" loading=\"lazy\" srcset=\"https:\/\/portaleducacao.guarulhos.sp.gov.br\/wp_site\/portalbienal\/wp-content\/uploads\/sites\/22\/2022\/08\/WhatsApp-Image-2022-08-05-at-15.18.03.jpeg 1280w, https:\/\/portaleducacao.guarulhos.sp.gov.br\/wp_site\/portalbienal\/wp-content\/uploads\/sites\/22\/2022\/08\/WhatsApp-Image-2022-08-05-at-15.18.03-300x200.jpeg 300w, https:\/\/portaleducacao.guarulhos.sp.gov.br\/wp_site\/portalbienal\/wp-content\/uploads\/sites\/22\/2022\/08\/WhatsApp-Image-2022-08-05-at-15.18.03-1024x682.jpeg 1024w, https:\/\/portaleducacao.guarulhos.sp.gov.br\/wp_site\/portalbienal\/wp-content\/uploads\/sites\/22\/2022\/08\/WhatsApp-Image-2022-08-05-at-15.18.03-768x512.jpeg 768w\" sizes=\"(max-width: 1280px) 100vw, 1280px\" \/>\n            <\/div>\n        <\/div><div class=\"eael-entry-wrapper\"><header class=\"eael-entry-header\"><h6 class=\"eael-entry-title\"><a\n                        class=\"eael-grid-post-link\"\n                        href=\"https:\/\/portaleducacao.guarulhos.sp.gov.br\/wp_site\/portalbienal\/2022\/08\/05\/alunos-da-rede-municipal-recebem-o-credilivro-para-a-compra-de-obras-durante-a-bienal-de-guarulhos\/\"\n                        title=\"Alunos da rede municipal recebem o CrediLivro para a compra de obras durante a Bienal de Guarulhos\">Alunos da rede municipal recebem o CrediLivro para a compra de obras durante a Bienal de Guarulhos<\/a><\/h6><\/header><div class=\"eael-entry-meta\"><\/div><\/div><\/div>\n        <\/div>\n    <\/article><article class=\"eael-grid-post eael-post-grid-column\" data-id=\"2883\">\n        <div class=\"eael-grid-post-holder\">\n            <div class=\"eael-grid-post-holder-inner\"><div class=\"eael-entry-media\"><div class=\"eael-entry-overlay fade-in\"><i class=\"fas fa-magic\" aria-hidden=\"true\"><\/i><a href=\"https:\/\/portaleducacao.guarulhos.sp.gov.br\/wp_site\/portalbienal\/2022\/08\/09\/bienal-disponibiliza-lista-de-espera-para-bate-papo-com-autores\/\"><\/a><\/div><div class=\"eael-entry-thumbnail eael-image-ratio\">\n                <img width=\"1536\" height=\"1024\" src=\"https:\/\/portaleducacao.guarulhos.sp.gov.br\/wp_site\/portalbienal\/wp-content\/uploads\/sites\/22\/2022\/08\/WhatsApp-Image-2022-08-09-at-14.53.34-1536x1024.jpeg\" class=\"attachment-1536x1536 size-1536x1536 wp-image-2885\" alt=\"\" loading=\"lazy\" srcset=\"https:\/\/portaleducacao.guarulhos.sp.gov.br\/wp_site\/portalbienal\/wp-content\/uploads\/sites\/22\/2022\/08\/WhatsApp-Image-2022-08-09-at-14.53.34-1536x1024.jpeg 1536w, https:\/\/portaleducacao.guarulhos.sp.gov.br\/wp_site\/portalbienal\/wp-content\/uploads\/sites\/22\/2022\/08\/WhatsApp-Image-2022-08-09-at-14.53.34-300x200.jpeg 300w, https:\/\/portaleducacao.guarulhos.sp.gov.br\/wp_site\/portalbienal\/wp-content\/uploads\/sites\/22\/2022\/08\/WhatsApp-Image-2022-08-09-at-14.53.34-1024x683.jpeg 1024w, https:\/\/portaleducacao.guarulhos.sp.gov.br\/wp_site\/portalbienal\/wp-content\/uploads\/sites\/22\/2022\/08\/WhatsApp-Image-2022-08-09-at-14.53.34-768x512.jpeg 768w, https:\/\/portaleducacao.guarulhos.sp.gov.br\/wp_site\/portalbienal\/wp-content\/uploads\/sites\/22\/2022\/08\/WhatsApp-Image-2022-08-09-at-14.53.34.jpeg 1563w\" sizes=\"(max-width: 1536px) 100vw, 1536px\" \/>\n            <\/div>\n        <\/div><div class=\"eael-entry-wrapper\"><header class=\"eael-entry-header\"><h6 class=\"eael-entry-title\"><a\n                        class=\"eael-grid-post-link\"\n                        href=\"https:\/\/portaleducacao.guarulhos.sp.gov.br\/wp_site\/portalbienal\/2022\/08\/09\/bienal-disponibiliza-lista-de-espera-para-bate-papo-com-autores\/\"\n                        title=\"Bienal disponibiliza lista de espera para bate-papo com autores\">Bienal disponibiliza lista de espera para bate-papo com autores<\/a><\/h6><\/header><div class=\"eael-entry-meta\"><\/div><\/div><\/div>\n        <\/div>\n    <\/article><article class=\"eael-grid-post eael-post-grid-column\" data-id=\"2979\">\n        <div class=\"eael-grid-post-holder\">\n            <div class=\"eael-grid-post-holder-inner\"><div class=\"eael-entry-media\"><div class=\"eael-entry-overlay fade-in\"><i class=\"fas fa-magic\" aria-hidden=\"true\"><\/i><a href=\"https:\/\/portaleducacao.guarulhos.sp.gov.br\/wp_site\/portalbienal\/2022\/08\/11\/bienal-do-livro-de-guarulhos-promove-bate-papo-sobre-infancia-com-paulo-fochi\/\"><\/a><\/div><div class=\"eael-entry-thumbnail eael-image-ratio\">\n                <img width=\"1280\" height=\"853\" src=\"https:\/\/portaleducacao.guarulhos.sp.gov.br\/wp_site\/portalbienal\/wp-content\/uploads\/sites\/22\/2022\/08\/Paulo-Fochi-1.jpeg\" class=\"attachment-1536x1536 size-1536x1536 wp-image-2980\" alt=\"\" loading=\"lazy\" srcset=\"https:\/\/portaleducacao.guarulhos.sp.gov.br\/wp_site\/portalbienal\/wp-content\/uploads\/sites\/22\/2022\/08\/Paulo-Fochi-1.jpeg 1280w, https:\/\/portaleducacao.guarulhos.sp.gov.br\/wp_site\/portalbienal\/wp-content\/uploads\/sites\/22\/2022\/08\/Paulo-Fochi-1-300x200.jpeg 300w, https:\/\/portaleducacao.guarulhos.sp.gov.br\/wp_site\/portalbienal\/wp-content\/uploads\/sites\/22\/2022\/08\/Paulo-Fochi-1-1024x682.jpeg 1024w, https:\/\/portaleducacao.guarulhos.sp.gov.br\/wp_site\/portalbienal\/wp-content\/uploads\/sites\/22\/2022\/08\/Paulo-Fochi-1-768x512.jpeg 768w\" sizes=\"(max-width: 1280px) 100vw, 1280px\" \/>\n            <\/div>\n        <\/div><div class=\"eael-entry-wrapper\"><header class=\"eael-entry-header\"><h6 class=\"eael-entry-title\"><a\n                        class=\"eael-grid-post-link\"\n                        href=\"https:\/\/portaleducacao.guarulhos.sp.gov.br\/wp_site\/portalbienal\/2022\/08\/11\/bienal-do-livro-de-guarulhos-promove-bate-papo-sobre-infancia-com-paulo-fochi\/\"\n                        title=\"Bienal do Livro de Guarulhos promove bate-papo sobre inf\u00e2ncia com Paulo Fochi\">Bienal do Livro de Guarulhos promove bate-papo sobre inf\u00e2ncia com Paulo Fochi<\/a><\/h6><\/header><div class=\"eael-entry-meta\"><\/div><\/div><\/div>\n        <\/div>\n    <\/article><article class=\"eael-grid-post eael-post-grid-column\" data-id=\"2912\">\n        <div class=\"eael-grid-post-holder\">\n            <div class=\"eael-grid-post-holder-inner\"><div class=\"eael-entry-media\"><div class=\"eael-entry-overlay fade-in\"><i class=\"fas fa-magic\" aria-hidden=\"true\"><\/i><a href=\"https:\/\/portaleducacao.guarulhos.sp.gov.br\/wp_site\/portalbienal\/2022\/08\/09\/manual-do-mundo-atrai-curiosos-e-fas-para-2a-bienal-do-livro-de-guarulhos\/\"><\/a><\/div><div class=\"eael-entry-thumbnail eael-image-ratio\">\n                <img width=\"1344\" height=\"896\" src=\"https:\/\/portaleducacao.guarulhos.sp.gov.br\/wp_site\/portalbienal\/wp-content\/uploads\/sites\/22\/2022\/08\/Manual-do-Mundo-Gezer-Amorim-2.jpg\" class=\"attachment-1536x1536 size-1536x1536 wp-image-2913\" alt=\"\" loading=\"lazy\" srcset=\"https:\/\/portaleducacao.guarulhos.sp.gov.br\/wp_site\/portalbienal\/wp-content\/uploads\/sites\/22\/2022\/08\/Manual-do-Mundo-Gezer-Amorim-2.jpg 1344w, https:\/\/portaleducacao.guarulhos.sp.gov.br\/wp_site\/portalbienal\/wp-content\/uploads\/sites\/22\/2022\/08\/Manual-do-Mundo-Gezer-Amorim-2-300x200.jpg 300w, https:\/\/portaleducacao.guarulhos.sp.gov.br\/wp_site\/portalbienal\/wp-content\/uploads\/sites\/22\/2022\/08\/Manual-do-Mundo-Gezer-Amorim-2-1024x683.jpg 1024w, https:\/\/portaleducacao.guarulhos.sp.gov.br\/wp_site\/portalbienal\/wp-content\/uploads\/sites\/22\/2022\/08\/Manual-do-Mundo-Gezer-Amorim-2-768x512.jpg 768w\" sizes=\"(max-width: 1344px) 100vw, 1344px\" \/>\n            <\/div>\n        <\/div><div class=\"eael-entry-wrapper\"><header class=\"eael-entry-header\"><h6 class=\"eael-entry-title\"><a\n                        class=\"eael-grid-post-link\"\n                        href=\"https:\/\/portaleducacao.guarulhos.sp.gov.br\/wp_site\/portalbienal\/2022\/08\/09\/manual-do-mundo-atrai-curiosos-e-fas-para-2a-bienal-do-livro-de-guarulhos\/\"\n                        title=\"Manual do Mundo atrai curiosos e f\u00e3s para 2\u00aa Bienal do Livro de Guarulhos\">Manual do Mundo atrai curiosos e f\u00e3s para 2\u00aa Bienal do Livro de Guarulhos<\/a><\/h6><\/header><div class=\"eael-entry-meta\"><\/div><\/div><\/div>\n        <\/div>\n    <\/article><\/div>\n            <div class=\"clearfix\"><\/div>\n        <\/div>\t\t<\/div>\n\t\t\t\t<\/div>\n\t\t\t\t<\/div>\n\t\t\t\t<section class=\"elementor-section elementor-top-section elementor-element elementor-element-1e779d9 elementor-section-height-min-height elementor-section-boxed elementor-section-height-default elementor-section-items-middle\" data-id=\"1e779d9\" data-element_type=\"section\" data-settings=\"{&quot;background_background&quot;:&quot;classic&quot;}\">\n\t\t\t\t\t\t<div class=\"elementor-container elementor-column-gap-default\">\n\t\t\t\t\t<div class=\"elementor-column elementor-col-100 elementor-top-column elementor-element elementor-element-306bf72\" data-id=\"306bf72\" data-element_type=\"column\">\n\t\t\t<div class=\"elementor-widget-wrap elementor-element-populated\">\n\t\t\t\t\t\t\t\t<div class=\"elementor-element elementor-element-c61ccff elementor-widget elementor-widget-heading\" data-id=\"c61ccff\" data-element_type=\"widget\" data-widget_type=\"heading.default\">\n\t\t\t\t<div class=\"elementor-widget-container\">\n\t\t\t<h2 class=\"elementor-heading-title elementor-size-default\">Olha s\u00f3 o que voc\u00ea vai encontrar por l\u00e1!<\/h2>\t\t<\/div>\n\t\t\t\t<\/div>\n\t\t\t\t<section class=\"elementor-section elementor-inner-section elementor-element elementor-element-69f5d85 elementor-section-boxed elementor-section-height-default elementor-section-height-default\" data-id=\"69f5d85\" data-element_type=\"section\">\n\t\t\t\t\t\t<div class=\"elementor-container elementor-column-gap-default\">\n\t\t\t\t\t<div class=\"elementor-column elementor-col-33 elementor-inner-column elementor-element elementor-element-73478d8\" data-id=\"73478d8\" data-element_type=\"column\">\n\t\t\t<div class=\"elementor-widget-wrap elementor-element-populated\">\n\t\t\t\t\t\t\t\t<div class=\"elementor-element elementor-element-6e5c7ff elementor-view-default elementor-widget elementor-widget-icon\" data-id=\"6e5c7ff\" data-element_type=\"widget\" data-widget_type=\"icon.default\">\n\t\t\t\t<div class=\"elementor-widget-container\">\n\t\t\t\t\t<div class=\"elementor-icon-wrapper\">\n\t\t\t<div class=\"elementor-icon\">\n\t\t\t<i aria-hidden=\"true\" class=\"fas fa-chalkboard-teacher\"><\/i>\t\t\t<\/div>\n\t\t<\/div>\n\t\t\t\t<\/div>\n\t\t\t\t<\/div>\n\t\t\t\t<div class=\"elementor-element elementor-element-b901675 elementor-widget elementor-widget-heading\" data-id=\"b901675\" data-element_type=\"widget\" data-widget_type=\"heading.default\">\n\t\t\t\t<div class=\"elementor-widget-container\">\n\t\t\t<h2 class=\"elementor-heading-title elementor-size-default\">Programa\u00e7\u00e3o<\/h2>\t\t<\/div>\n\t\t\t\t<\/div>\n\t\t\t\t<div class=\"elementor-element elementor-element-032a3fb elementor-widget elementor-widget-text-editor\" data-id=\"032a3fb\" data-element_type=\"widget\" data-widget_type=\"text-editor.default\">\n\t\t\t\t<div class=\"elementor-widget-container\">\n\t\t\t\t\t\t\tEncontros com autores da nossa cidade e de v\u00e1rios cantos do Brasil\t\t\t\t\t\t<\/div>\n\t\t\t\t<\/div>\n\t\t\t\t\t<\/div>\n\t\t<\/div>\n\t\t\t\t<div class=\"elementor-column elementor-col-33 elementor-inner-column elementor-element elementor-element-69b9fcb\" data-id=\"69b9fcb\" data-element_type=\"column\">\n\t\t\t<div class=\"elementor-widget-wrap elementor-element-populated\">\n\t\t\t\t\t\t\t\t<div class=\"elementor-element elementor-element-3e9451a elementor-view-default elementor-widget elementor-widget-icon\" data-id=\"3e9451a\" data-element_type=\"widget\" data-widget_type=\"icon.default\">\n\t\t\t\t<div class=\"elementor-widget-container\">\n\t\t\t\t\t<div class=\"elementor-icon-wrapper\">\n\t\t\t<div class=\"elementor-icon\">\n\t\t\t<i aria-hidden=\"true\" class=\"fas fa-book-reader\"><\/i>\t\t\t<\/div>\n\t\t<\/div>\n\t\t\t\t<\/div>\n\t\t\t\t<\/div>\n\t\t\t\t<div class=\"elementor-element elementor-element-87b4ebb elementor-widget elementor-widget-heading\" data-id=\"87b4ebb\" data-element_type=\"widget\" data-widget_type=\"heading.default\">\n\t\t\t\t<div class=\"elementor-widget-container\">\n\t\t\t<h2 class=\"elementor-heading-title elementor-size-default\">Expositores<\/h2>\t\t<\/div>\n\t\t\t\t<\/div>\n\t\t\t\t<div class=\"elementor-element elementor-element-d52c79c elementor-widget elementor-widget-text-editor\" data-id=\"d52c79c\" data-element_type=\"widget\" data-widget_type=\"text-editor.default\">\n\t\t\t\t<div class=\"elementor-widget-container\">\n\t\t\t\t\t\t\t<p>Cerca de 40 estandes entre editoras e livrarias<\/p>\t\t\t\t\t\t<\/div>\n\t\t\t\t<\/div>\n\t\t\t\t\t<\/div>\n\t\t<\/div>\n\t\t\t\t<div class=\"elementor-column elementor-col-33 elementor-inner-column elementor-element elementor-element-6342740\" data-id=\"6342740\" data-element_type=\"column\">\n\t\t\t<div class=\"elementor-widget-wrap elementor-element-populated\">\n\t\t\t\t\t\t\t\t<div class=\"elementor-element elementor-element-836d193 elementor-view-default elementor-widget elementor-widget-icon\" data-id=\"836d193\" data-element_type=\"widget\" data-widget_type=\"icon.default\">\n\t\t\t\t<div class=\"elementor-widget-container\">\n\t\t\t\t\t<div class=\"elementor-icon-wrapper\">\n\t\t\t<div class=\"elementor-icon\">\n\t\t\t<i aria-hidden=\"true\" class=\"fas fa-mobile-alt\"><\/i>\t\t\t<\/div>\n\t\t<\/div>\n\t\t\t\t<\/div>\n\t\t\t\t<\/div>\n\t\t\t\t<div class=\"elementor-element elementor-element-a9a2c29 elementor-widget elementor-widget-heading\" data-id=\"a9a2c29\" data-element_type=\"widget\" data-widget_type=\"heading.default\">\n\t\t\t\t<div class=\"elementor-widget-container\">\n\t\t\t<h2 class=\"elementor-heading-title elementor-size-default\">Interatividade\u200b<\/h2>\t\t<\/div>\n\t\t\t\t<\/div>\n\t\t\t\t<div class=\"elementor-element elementor-element-4387b6d elementor-widget elementor-widget-text-editor\" data-id=\"4387b6d\" data-element_type=\"widget\" data-widget_type=\"text-editor.default\">\n\t\t\t\t<div class=\"elementor-widget-container\">\n\t\t\t\t\t\t\t<p>Atra\u00e7\u00f5es interativas com tecnologia de ponta!<\/p>\t\t\t\t\t\t<\/div>\n\t\t\t\t<\/div>\n\t\t\t\t\t<\/div>\n\t\t<\/div>\n\t\t\t\t\t\t\t<\/div>\n\t\t<\/section>\n\t\t\t\t<section class=\"elementor-section elementor-inner-section elementor-element elementor-element-885e4aa elementor-section-boxed elementor-section-height-default elementor-section-height-default\" data-id=\"885e4aa\" data-element_type=\"section\">\n\t\t\t\t\t\t<div class=\"elementor-container elementor-column-gap-default\">\n\t\t\t\t\t<div class=\"elementor-column elementor-col-33 elementor-inner-column elementor-element elementor-element-02cf111\" data-id=\"02cf111\" data-element_type=\"column\">\n\t\t\t<div class=\"elementor-widget-wrap elementor-element-populated\">\n\t\t\t\t\t\t\t\t<div class=\"elementor-element elementor-element-b448b29 elementor-view-default elementor-widget elementor-widget-icon\" data-id=\"b448b29\" data-element_type=\"widget\" data-widget_type=\"icon.default\">\n\t\t\t\t<div class=\"elementor-widget-container\">\n\t\t\t\t\t<div class=\"elementor-icon-wrapper\">\n\t\t\t<div class=\"elementor-icon\">\n\t\t\t<i aria-hidden=\"true\" class=\"fas fa-laptop-house\"><\/i>\t\t\t<\/div>\n\t\t<\/div>\n\t\t\t\t<\/div>\n\t\t\t\t<\/div>\n\t\t\t\t<div class=\"elementor-element elementor-element-fda7a73 elementor-widget elementor-widget-heading\" data-id=\"fda7a73\" data-element_type=\"widget\" data-widget_type=\"heading.default\">\n\t\t\t\t<div class=\"elementor-widget-container\">\n\t\t\t<h2 class=\"elementor-heading-title elementor-size-default\">Lounge<\/h2>\t\t<\/div>\n\t\t\t\t<\/div>\n\t\t\t\t<div class=\"elementor-element elementor-element-d1620b3 elementor-widget elementor-widget-text-editor\" data-id=\"d1620b3\" data-element_type=\"widget\" data-widget_type=\"text-editor.default\">\n\t\t\t\t<div class=\"elementor-widget-container\">\n\t\t\t\t\t\t\t<p>Lugar para curtir e descansar<\/p>\t\t\t\t\t\t<\/div>\n\t\t\t\t<\/div>\n\t\t\t\t\t<\/div>\n\t\t<\/div>\n\t\t\t\t<div class=\"elementor-column elementor-col-33 elementor-inner-column elementor-element elementor-element-2003e01\" data-id=\"2003e01\" data-element_type=\"column\">\n\t\t\t<div class=\"elementor-widget-wrap elementor-element-populated\">\n\t\t\t\t\t\t\t\t<div class=\"elementor-element elementor-element-2570b40 elementor-view-default elementor-widget elementor-widget-icon\" data-id=\"2570b40\" data-element_type=\"widget\" data-widget_type=\"icon.default\">\n\t\t\t\t<div class=\"elementor-widget-container\">\n\t\t\t\t\t<div class=\"elementor-icon-wrapper\">\n\t\t\t<div class=\"elementor-icon\">\n\t\t\t<i aria-hidden=\"true\" class=\"fas fa-microphone-alt\"><\/i>\t\t\t<\/div>\n\t\t<\/div>\n\t\t\t\t<\/div>\n\t\t\t\t<\/div>\n\t\t\t\t<div class=\"elementor-element elementor-element-bd88ea2 elementor-widget elementor-widget-heading\" data-id=\"bd88ea2\" data-element_type=\"widget\" data-widget_type=\"heading.default\">\n\t\t\t\t<div class=\"elementor-widget-container\">\n\t\t\t<h2 class=\"elementor-heading-title elementor-size-default\">Conex\u00e3o Bienal<\/h2>\t\t<\/div>\n\t\t\t\t<\/div>\n\t\t\t\t<div class=\"elementor-element elementor-element-5ea4ffe elementor-widget elementor-widget-text-editor\" data-id=\"5ea4ffe\" data-element_type=\"widget\" data-widget_type=\"text-editor.default\">\n\t\t\t\t<div class=\"elementor-widget-container\">\n\t\t\t\t\t\t\t<p>Podcasts com transmiss\u00e3o<br \/>\u00a0ao vivo!<\/p>\t\t\t\t\t\t<\/div>\n\t\t\t\t<\/div>\n\t\t\t\t\t<\/div>\n\t\t<\/div>\n\t\t\t\t<div class=\"elementor-column elementor-col-33 elementor-inner-column elementor-element elementor-element-9f07284\" data-id=\"9f07284\" data-element_type=\"column\">\n\t\t\t<div class=\"elementor-widget-wrap elementor-element-populated\">\n\t\t\t\t\t\t\t\t<div class=\"elementor-element elementor-element-51383f9 elementor-view-default elementor-widget elementor-widget-icon\" data-id=\"51383f9\" data-element_type=\"widget\" data-widget_type=\"icon.default\">\n\t\t\t\t<div class=\"elementor-widget-container\">\n\t\t\t\t\t<div class=\"elementor-icon-wrapper\">\n\t\t\t<div class=\"elementor-icon\">\n\t\t\t<i aria-hidden=\"true\" class=\"fas fa-wifi\"><\/i>\t\t\t<\/div>\n\t\t<\/div>\n\t\t\t\t<\/div>\n\t\t\t\t<\/div>\n\t\t\t\t<div class=\"elementor-element elementor-element-de7e4a2 elementor-widget elementor-widget-heading\" data-id=\"de7e4a2\" data-element_type=\"widget\" data-widget_type=\"heading.default\">\n\t\t\t\t<div class=\"elementor-widget-container\">\n\t\t\t<h2 class=\"elementor-heading-title elementor-size-default\">Wi-Fi<\/h2>\t\t<\/div>\n\t\t\t\t<\/div>\n\t\t\t\t<div class=\"elementor-element elementor-element-a9476c4 elementor-widget elementor-widget-text-editor\" data-id=\"a9476c4\" data-element_type=\"widget\" data-widget_type=\"text-editor.default\">\n\t\t\t\t<div class=\"elementor-widget-container\">\n\t\t\t\t\t\t\t<p>Conex\u00e3o gratuita para todos os visitantes<\/p>\t\t\t\t\t\t<\/div>\n\t\t\t\t<\/div>\n\t\t\t\t\t<\/div>\n\t\t<\/div>\n\t\t\t\t\t\t\t<\/div>\n\t\t<\/section>\n\t\t\t\t<section class=\"elementor-section elementor-inner-section elementor-element elementor-element-a9cfae7 elementor-section-boxed elementor-section-height-default elementor-section-height-default\" data-id=\"a9cfae7\" data-element_type=\"section\">\n\t\t\t\t\t\t<div class=\"elementor-container elementor-column-gap-default\">\n\t\t\t\t\t<div class=\"elementor-column elementor-col-33 elementor-inner-column elementor-element elementor-element-b13ee83\" data-id=\"b13ee83\" data-element_type=\"column\">\n\t\t\t<div class=\"elementor-widget-wrap elementor-element-populated\">\n\t\t\t\t\t\t\t\t<div class=\"elementor-element elementor-element-92365bf elementor-view-default elementor-widget elementor-widget-icon\" data-id=\"92365bf\" data-element_type=\"widget\" data-widget_type=\"icon.default\">\n\t\t\t\t<div class=\"elementor-widget-container\">\n\t\t\t\t\t<div class=\"elementor-icon-wrapper\">\n\t\t\t<div class=\"elementor-icon\">\n\t\t\t<svg xmlns=\"http:\/\/www.w3.org\/2000\/svg\" id=\"Camada_2\" viewBox=\"0 0 231.32 168.55\"><defs><style>.cls-1{fill:<a href=\"https:\/\/portaleducacao.guarulhos.sp.gov.br\/wp_site\/portalbienal\/tag\/fff\/\">#fff<\/a>;}<\/style><\/defs><g id=\"Camada_1-2\"><path class=\"cls-1\" d=\"M226.87,113.01v-3.87c0-4.61-3.74-8.35-8.35-8.35l-8.63-.38v-2.25c1.12-.55,1.89-1.68,1.89-3.01v-3.71c0-1.15-.58-2.17-1.46-2.77l-4.06,9.04c.59,.5,1.34,.81,2.16,.81,.03,0,.05,0,.08,0v1.85l-13.98-.61-16.7-65.74c-1.28-4.77-7.22-8.35-11.83-8.35H18.86c-4.61,0-8.35,3.74-8.35,8.35v9.46L0,61.53v3.22H10.51v75.69c0,4.61,3.74,8.35,8.35,8.35h15.93s0-.05,0-.07c0-12.47,10.14-22.61,22.61-22.61s22.61,10.14,22.61,22.61c0,.02,0,.05,0,.07h81.4s0-.05,0-.07c0-12.47,10.14-22.61,22.61-22.61s22.61,10.14,22.61,22.61c0,.02,0,.05,0,.07h11.9c4.61,0,8.35-3.74,8.35-8.35v-1.93c2.56-.61,4.46-3.7,4.46-7.53v-10.44c0-3.84-1.9-6.92-4.46-7.53ZM19.44,64.75H10.65v-3.22l12.14-23.89h8.78l-10.27,23.89v3.22h-1.86Zm115.53,25.18c0,4.22-3.43,7.65-7.65,7.65H36.13c-4.22,0-7.65-3.43-7.65-7.65v-25.18h3.48v-3.22l8.4-23.89h8.78l-6.54,23.89v3.22h10.65v-3.22l4.67-23.89h8.78l-2.8,23.89v3.22h10.65v-3.22l.93-23.89h8.78l.93,23.89v3.22h10.65v-3.22l-2.8-23.89h8.78l4.67,23.89v3.22h10.65v-3.22l-6.54-23.89h8.78l8.4,23.89v3.22h7.16v25.18Zm10.79-25.18h-7.29v-3.22l-10.27-23.89h8.79l12.14,23.89v3.22h-3.36Zm29.56,33.53h-16.7c-4.61,0-8.35-3.74-8.35-8.35v-25.18h9.49v-3.22l-9.49-16.18v-4.11c0-4.61,3.74-8.35,8.35-8.35h5.57c4.61,0,7.14,4.03,8.35,8.35l11.13,48.7c0,2.34-.97,4.46-2.52,5.98-2.52-3.34-5.08-6.8-4.96-6.91,2.48-2.25,4.06-4.31,3.62-4.83-.5-.59-3.42,1.04-6.53,3.65-3.11,2.61-5.23,5.2-4.73,5.8,.45,.54,2.9-.76,5.67-2.95,.08-.07,2.95,3.1,5.74,6.21-1.32,.88-2.91,1.4-4.62,1.4Z\"><\/path><path class=\"cls-1\" d=\"M57.4,128.89c-10.95,0-19.83,8.88-19.83,19.83,0,.02,0,.05,0,.07,.04,10.92,8.9,19.76,19.83,19.76s19.79-8.84,19.83-19.76c0-.02,0-.05,0-.07,0-10.95-8.88-19.83-19.83-19.83Zm0,30.26c-5.75,0-10.44-4.68-10.44-10.44s4.68-10.44,10.44-10.44,10.43,4.68,10.43,10.44-4.68,10.44-10.43,10.44Z\"><\/path><path class=\"cls-1\" d=\"M184.01,128.89c-10.95,0-19.83,8.88-19.83,19.83,0,.02,0,.05,0,.07,.04,10.92,8.9,19.76,19.83,19.76s19.79-8.84,19.83-19.76c0-.02,0-.05,0-.07,0-10.95-8.88-19.83-19.83-19.83Zm0,30.26c-5.75,0-10.44-4.68-10.44-10.44s4.68-10.44,10.44-10.44,10.43,4.68,10.43,10.44-4.68,10.44-10.43,10.44Z\"><\/path><path class=\"cls-1\" d=\"M184.01,141.07c-4.23,0-7.65,3.43-7.65,7.65s3.43,7.65,7.65,7.65,7.65-3.43,7.65-7.65-3.43-7.65-7.65-7.65Z\"><\/path><path class=\"cls-1\" d=\"M57.4,141.07c-4.23,0-7.65,3.43-7.65,7.65s3.43,7.65,7.65,7.65,7.65-3.43,7.65-7.65-3.43-7.65-7.65-7.65Z\"><\/path><path class=\"cls-1\" d=\"M36.13,94.51c-2.52,0-4.58-2.05-4.58-4.58v-3.84h100.34v3.84c0,2.52-2.05,4.58-4.58,4.58H36.13Z\"><\/path><path class=\"cls-1\" d=\"M22.94,127.29h-3.65c-.88,0-1.6,.72-1.6,1.6s.72,1.6,1.6,1.6h3.65c.88,0,1.6-.72,1.6-1.6s-.72-1.6-1.6-1.6Z\"><\/path><path class=\"cls-1\" d=\"M218.14,127.29h-3.65c-.88,0-1.6,.72-1.6,1.6s.72,1.6,1.6,1.6h3.65c.88,0,1.6-.72,1.6-1.6s-.72-1.6-1.6-1.6Z\"><\/path><path class=\"cls-1\" d=\"M191.47,25.66h-27.28l10.19,8.14h9.66c1.61,0,3.16-.57,4.39-1.6l4.16-3.5c1.23-1.03,.5-3.04-1.11-3.04Z\"><\/path><g><path class=\"cls-1\" d=\"M177.85,11.83V.56c0-.5-.62-.75-.95-.38-1.98,2.18-7.38,6.7-19.21,8.55v6.2c11.84,1.85,17.23,6.37,19.21,8.55,.34,.37,.95,.12,.95-.38V11.83Z\"><\/path><path class=\"cls-1\" d=\"M175.32,8.99h3.14c1.06,0,1.91,.86,1.91,1.91v1.86c0,1.06-.86,1.91-1.91,1.91h-3.14v-5.69h0Z\"><\/path><path class=\"cls-1\" d=\"M158.34,7.59h-5.35c-.31,0-.56,.3-.56,.66v7.16c0,.37,.25,.66,.56,.66h5.35c.31,0,.56-.3,.56-.66v-7.16c0-.37-.25-.66-.56-.66Z\"><\/path><rect class=\"cls-1\" x=\"154.09\" y=\"15.79\" width=\"3.08\" height=\"11.39\"><\/rect><\/g><g><path class=\"cls-1\" d=\"M23.96,130.49h-2.93c-.71,0-1.28,.58-1.28,1.28s.58,1.28,1.28,1.28h2.93c.71,0,1.28-.58,1.28-1.28s-.58-1.28-1.28-1.28Z\"><\/path><path class=\"cls-1\" d=\"M214.92,130.49h-2.93c-.71,0-1.28,.58-1.28,1.28s.58,1.28,1.28,1.28h2.93c.71,0,1.28-.58,1.28-1.28s-.58-1.28-1.28-1.28Z\"><\/path><\/g><\/g><\/svg>\t\t\t<\/div>\n\t\t<\/div>\n\t\t\t\t<\/div>\n\t\t\t\t<\/div>\n\t\t\t\t<div class=\"elementor-element elementor-element-c3cfe9b elementor-widget elementor-widget-heading\" data-id=\"c3cfe9b\" data-element_type=\"widget\" data-widget_type=\"heading.default\">\n\t\t\t\t<div class=\"elementor-widget-container\">\n\t\t\t<h2 class=\"elementor-heading-title elementor-size-default\">Food Truck<\/h2>\t\t<\/div>\n\t\t\t\t<\/div>\n\t\t\t\t<div class=\"elementor-element elementor-element-6deadc0 elementor-widget elementor-widget-text-editor\" data-id=\"6deadc0\" data-element_type=\"widget\" data-widget_type=\"text-editor.default\">\n\t\t\t\t<div class=\"elementor-widget-container\">\n\t\t\t\t\t\t\t<p>Gastronomia de qualidade para todos os gostos<\/p>\t\t\t\t\t\t<\/div>\n\t\t\t\t<\/div>\n\t\t\t\t\t<\/div>\n\t\t<\/div>\n\t\t\t\t<div class=\"elementor-column elementor-col-33 elementor-inner-column elementor-element elementor-element-ebcd7d8\" data-id=\"ebcd7d8\" data-element_type=\"column\">\n\t\t\t<div class=\"elementor-widget-wrap elementor-element-populated\">\n\t\t\t\t\t\t\t\t<div class=\"elementor-element elementor-element-a392781 elementor-view-default elementor-widget elementor-widget-icon\" data-id=\"a392781\" data-element_type=\"widget\" data-widget_type=\"icon.default\">\n\t\t\t\t<div class=\"elementor-widget-container\">\n\t\t\t\t\t<div class=\"elementor-icon-wrapper\">\n\t\t\t<div class=\"elementor-icon\">\n\t\t\t<i aria-hidden=\"true\" class=\"fas fa-child\"><\/i>\t\t\t<\/div>\n\t\t<\/div>\n\t\t\t\t<\/div>\n\t\t\t\t<\/div>\n\t\t\t\t<div class=\"elementor-element elementor-element-528c643 elementor-widget elementor-widget-heading\" data-id=\"528c643\" data-element_type=\"widget\" data-widget_type=\"heading.default\">\n\t\t\t\t<div class=\"elementor-widget-container\">\n\t\t\t<h2 class=\"elementor-heading-title elementor-size-default\">Visita\u00e7\u00e3o Escolar <\/h2>\t\t<\/div>\n\t\t\t\t<\/div>\n\t\t\t\t<div class=\"elementor-element elementor-element-4d0df97 elementor-widget elementor-widget-text-editor\" data-id=\"4d0df97\" data-element_type=\"widget\" data-widget_type=\"text-editor.default\">\n\t\t\t\t<div class=\"elementor-widget-container\">\n\t\t\t\t\t\t\t<p>Programa\u00e7\u00e3o destinada<br \/>\u00e0s escolas das redes municipal, estadual e particular de Guarulhos<\/p>\t\t\t\t\t\t<\/div>\n\t\t\t\t<\/div>\n\t\t\t\t\t<\/div>\n\t\t<\/div>\n\t\t\t\t<div class=\"elementor-column elementor-col-33 elementor-inner-column elementor-element elementor-element-bf8453d\" data-id=\"bf8453d\" data-element_type=\"column\">\n\t\t\t<div class=\"elementor-widget-wrap elementor-element-populated\">\n\t\t\t\t\t\t\t\t<div class=\"elementor-element elementor-element-b3f6690 elementor-view-default elementor-widget elementor-widget-icon\" data-id=\"b3f6690\" data-element_type=\"widget\" data-widget_type=\"icon.default\">\n\t\t\t\t<div class=\"elementor-widget-container\">\n\t\t\t\t\t<div class=\"elementor-icon-wrapper\">\n\t\t\t<div class=\"elementor-icon\">\n\t\t\t<i aria-hidden=\"true\" class=\"fas fa-car\"><\/i>\t\t\t<\/div>\n\t\t<\/div>\n\t\t\t\t<\/div>\n\t\t\t\t<\/div>\n\t\t\t\t<div class=\"elementor-element elementor-element-b8f4b36 elementor-widget elementor-widget-heading\" data-id=\"b8f4b36\" data-element_type=\"widget\" data-widget_type=\"heading.default\">\n\t\t\t\t<div class=\"elementor-widget-container\">\n\t\t\t<h2 class=\"elementor-heading-title elementor-size-default\">Estacionamento<\/h2>\t\t<\/div>\n\t\t\t\t<\/div>\n\t\t\t\t<div class=\"elementor-element elementor-element-13e75e3 elementor-widget elementor-widget-text-editor\" data-id=\"13e75e3\" data-element_type=\"widget\" data-widget_type=\"text-editor.default\">\n\t\t\t\t<div class=\"elementor-widget-container\">\n\t\t\t\t\t\t\t<p>Estacionamento Gratuito<br \/>(sujeito \u00e0 disponibilidade)<\/p>\t\t\t\t\t\t<\/div>\n\t\t\t\t<\/div>\n\t\t\t\t\t<\/div>\n\t\t<\/div>\n\t\t\t\t\t\t\t<\/div>\n\t\t<\/section>\n\t\t\t\t\t<\/div>\n\t\t<\/div>\n\t\t\t\t\t\t\t<\/div>\n\t\t<\/section>\n\t\t\t\t<section class=\"elementor-section elementor-top-section elementor-element elementor-element-6535ab5 elementor-section-height-min-height elementor-section-items-top elementor-section-boxed elementor-section-height-default\" data-id=\"6535ab5\" data-element_type=\"section\" id=\"localizacao\" data-settings=\"{&quot;background_background&quot;:&quot;classic&quot;}\">\n\t\t\t\t\t\t\t<div class=\"elementor-background-overlay\"><\/div>\n\t\t\t\t\t\t\t<div class=\"elementor-container elementor-column-gap-no\">\n\t\t\t\t\t<div class=\"elementor-column elementor-col-50 elementor-top-column elementor-element elementor-element-ff8d874\" data-id=\"ff8d874\" data-element_type=\"column\">\n\t\t\t<div class=\"elementor-widget-wrap elementor-element-populated\">\n\t\t\t\t\t\t\t\t<section class=\"elementor-section elementor-inner-section elementor-element elementor-element-308de5a elementor-section-boxed elementor-section-height-default elementor-section-height-default\" data-id=\"308de5a\" data-element_type=\"section\">\n\t\t\t\t\t\t<div class=\"elementor-container elementor-column-gap-default\">\n\t\t\t\t\t<div class=\"elementor-column elementor-col-50 elementor-inner-column elementor-element elementor-element-53c6f58\" data-id=\"53c6f58\" data-element_type=\"column\">\n\t\t\t<div class=\"elementor-widget-wrap elementor-element-populated\">\n\t\t\t\t\t\t\t\t<div class=\"elementor-element elementor-element-910c27f elementor-widget elementor-widget-heading\" data-id=\"910c27f\" data-element_type=\"widget\" data-widget_type=\"heading.default\">\n\t\t\t\t<div class=\"elementor-widget-container\">\n\t\t\t<h2 class=\"elementor-heading-title elementor-size-default\">De 05<br>a <i>14<\/i>\/08<\/h2>\t\t<\/div>\n\t\t\t\t<\/div>\n\t\t\t\t\t<\/div>\n\t\t<\/div>\n\t\t\t\t<div class=\"elementor-column elementor-col-50 elementor-inner-column elementor-element elementor-element-7a41303\" data-id=\"7a41303\" data-element_type=\"column\">\n\t\t\t<div class=\"elementor-widget-wrap\">\n\t\t\t\t\t\t\t\t\t<\/div>\n\t\t<\/div>\n\t\t\t\t\t\t\t<\/div>\n\t\t<\/section>\n\t\t\t\t<section class=\"elementor-section elementor-inner-section elementor-element elementor-element-c3529ae elementor-section-boxed elementor-section-height-default elementor-section-height-default\" data-id=\"c3529ae\" data-element_type=\"section\">\n\t\t\t\t\t\t<div class=\"elementor-container elementor-column-gap-default\">\n\t\t\t\t\t<div class=\"elementor-column elementor-col-50 elementor-inner-column elementor-element elementor-element-1a75cab\" data-id=\"1a75cab\" data-element_type=\"column\">\n\t\t\t<div class=\"elementor-widget-wrap elementor-element-populated\">\n\t\t\t\t\t\t\t\t<div class=\"elementor-element elementor-element-fdefbc5 elementor-view-default elementor-widget elementor-widget-icon\" data-id=\"fdefbc5\" data-element_type=\"widget\" data-widget_type=\"icon.default\">\n\t\t\t\t<div class=\"elementor-widget-container\">\n\t\t\t\t\t<div class=\"elementor-icon-wrapper\">\n\t\t\t<div class=\"elementor-icon\">\n\t\t\t<i aria-hidden=\"true\" class=\"far fa-calendar-alt\"><\/i>\t\t\t<\/div>\n\t\t<\/div>\n\t\t\t\t<\/div>\n\t\t\t\t<\/div>\n\t\t\t\t\t<\/div>\n\t\t<\/div>\n\t\t\t\t<div class=\"elementor-column elementor-col-50 elementor-inner-column elementor-element elementor-element-7fdf6f4\" data-id=\"7fdf6f4\" data-element_type=\"column\">\n\t\t\t<div class=\"elementor-widget-wrap elementor-element-populated\">\n\t\t\t\t\t\t\t\t<div class=\"elementor-element elementor-element-9dfdc99 elementor-widget elementor-widget-heading\" data-id=\"9dfdc99\" data-element_type=\"widget\" data-widget_type=\"heading.default\">\n\t\t\t\t<div class=\"elementor-widget-container\">\n\t\t\t<h2 class=\"elementor-heading-title elementor-size-default\">10 dias de evento gratuito<\/h2>\t\t<\/div>\n\t\t\t\t<\/div>\n\t\t\t\t\t<\/div>\n\t\t<\/div>\n\t\t\t\t\t\t\t<\/div>\n\t\t<\/section>\n\t\t\t\t<section class=\"elementor-section elementor-inner-section elementor-element elementor-element-d5f0013 elementor-section-boxed elementor-section-height-default elementor-section-height-default\" data-id=\"d5f0013\" data-element_type=\"section\">\n\t\t\t\t\t\t<div class=\"elementor-container elementor-column-gap-default\">\n\t\t\t\t\t<div class=\"elementor-column elementor-col-50 elementor-inner-column elementor-element elementor-element-961e193\" data-id=\"961e193\" data-element_type=\"column\">\n\t\t\t<div class=\"elementor-widget-wrap elementor-element-populated\">\n\t\t\t\t\t\t\t\t<div class=\"elementor-element elementor-element-046b3c8 elementor-view-default elementor-widget elementor-widget-icon\" data-id=\"046b3c8\" data-element_type=\"widget\" data-widget_type=\"icon.default\">\n\t\t\t\t<div class=\"elementor-widget-container\">\n\t\t\t\t\t<div class=\"elementor-icon-wrapper\">\n\t\t\t<div class=\"elementor-icon\">\n\t\t\t<i aria-hidden=\"true\" class=\"far fa-clock\"><\/i>\t\t\t<\/div>\n\t\t<\/div>\n\t\t\t\t<\/div>\n\t\t\t\t<\/div>\n\t\t\t\t\t<\/div>\n\t\t<\/div>\n\t\t\t\t<div class=\"elementor-column elementor-col-50 elementor-inner-column elementor-element elementor-element-b0d9ce4\" data-id=\"b0d9ce4\" data-element_type=\"column\">\n\t\t\t<div class=\"elementor-widget-wrap elementor-element-populated\">\n\t\t\t\t\t\t\t\t<div class=\"elementor-element elementor-element-24c0992 elementor-widget elementor-widget-heading\" data-id=\"24c0992\" data-element_type=\"widget\" data-widget_type=\"heading.default\">\n\t\t\t\t<div class=\"elementor-widget-container\">\n\t\t\t<h2 class=\"elementor-heading-title elementor-size-default\">Mais de 150 horas de programa\u00e7\u00e3o \u200b<\/h2>\t\t<\/div>\n\t\t\t\t<\/div>\n\t\t\t\t\t<\/div>\n\t\t<\/div>\n\t\t\t\t\t\t\t<\/div>\n\t\t<\/section>\n\t\t\t\t<section class=\"elementor-section elementor-inner-section elementor-element elementor-element-9b46784 elementor-section-boxed elementor-section-height-default elementor-section-height-default\" data-id=\"9b46784\" data-element_type=\"section\">\n\t\t\t\t\t\t<div class=\"elementor-container elementor-column-gap-default\">\n\t\t\t\t\t<div class=\"elementor-column elementor-col-50 elementor-inner-column elementor-element elementor-element-d8ae8a5\" data-id=\"d8ae8a5\" data-element_type=\"column\">\n\t\t\t<div class=\"elementor-widget-wrap elementor-element-populated\">\n\t\t\t\t\t\t\t\t<div class=\"elementor-element elementor-element-32573ee elementor-view-default elementor-widget elementor-widget-icon\" data-id=\"32573ee\" data-element_type=\"widget\" data-widget_type=\"icon.default\">\n\t\t\t\t<div class=\"elementor-widget-container\">\n\t\t\t\t\t<div class=\"elementor-icon-wrapper\">\n\t\t\t<div class=\"elementor-icon\">\n\t\t\t<i aria-hidden=\"true\" class=\"fas fa-map-marker-alt\"><\/i>\t\t\t<\/div>\n\t\t<\/div>\n\t\t\t\t<\/div>\n\t\t\t\t<\/div>\n\t\t\t\t\t<\/div>\n\t\t<\/div>\n\t\t\t\t<div class=\"elementor-column elementor-col-50 elementor-inner-column elementor-element elementor-element-b23ebcb\" data-id=\"b23ebcb\" data-element_type=\"column\">\n\t\t\t<div class=\"elementor-widget-wrap elementor-element-populated\">\n\t\t\t\t\t\t\t\t<div class=\"elementor-element elementor-element-1fbfd73 elementor-widget elementor-widget-heading\" data-id=\"1fbfd73\" data-element_type=\"widget\" data-widget_type=\"heading.default\">\n\t\t\t\t<div class=\"elementor-widget-container\">\n\t\t\t<h2 class=\"elementor-heading-title elementor-size-default\">Internacional Eventos<\/h2>\t\t<\/div>\n\t\t\t\t<\/div>\n\t\t\t\t<div class=\"elementor-element elementor-element-14b3c8b elementor-widget elementor-widget-heading\" data-id=\"14b3c8b\" data-element_type=\"widget\" data-widget_type=\"heading.default\">\n\t\t\t\t<div class=\"elementor-widget-container\">\n\t\t\t<h2 class=\"elementor-heading-title elementor-size-default\">Av. Jo\u00e3o Cavalari, 133 - Vila Herminia<\/h2>\t\t<\/div>\n\t\t\t\t<\/div>\n\t\t\t\t\t<\/div>\n\t\t<\/div>\n\t\t\t\t\t\t\t<\/div>\n\t\t<\/section>\n\t\t\t\t<section class=\"elementor-section elementor-inner-section elementor-element elementor-element-f9632bc elementor-section-boxed elementor-section-height-default elementor-section-height-default\" data-id=\"f9632bc\" data-element_type=\"section\">\n\t\t\t\t\t\t<div class=\"elementor-container elementor-column-gap-default\">\n\t\t\t\t\t<div class=\"elementor-column elementor-col-50 elementor-inner-column elementor-element elementor-element-0533f29\" data-id=\"0533f29\" data-element_type=\"column\">\n\t\t\t<div class=\"elementor-widget-wrap elementor-element-populated\">\n\t\t\t\t\t\t\t\t<div class=\"elementor-element elementor-element-97caecb elementor-view-default elementor-widget elementor-widget-icon\" data-id=\"97caecb\" data-element_type=\"widget\" data-widget_type=\"icon.default\">\n\t\t\t\t<div class=\"elementor-widget-container\">\n\t\t\t\t\t<div class=\"elementor-icon-wrapper\">\n\t\t\t<a class=\"elementor-icon\" href=\"https:\/\/www.waze.com\/live-map\/directions?z=10&#038;to=ll.-23.49278789%2C-46.55001774&#038;navigate=yes\" target=\"_blank\">\n\t\t\t<i aria-hidden=\"true\" class=\"fab fa-waze\"><\/i>\t\t\t<\/a>\n\t\t<\/div>\n\t\t\t\t<\/div>\n\t\t\t\t<\/div>\n\t\t\t\t\t<\/div>\n\t\t<\/div>\n\t\t\t\t<div class=\"elementor-column elementor-col-50 elementor-inner-column elementor-element elementor-element-9fd1f0c\" data-id=\"9fd1f0c\" data-element_type=\"column\">\n\t\t\t<div class=\"elementor-widget-wrap elementor-element-populated\">\n\t\t\t\t\t\t\t\t<div class=\"elementor-element elementor-element-700bd64 elementor-view-default elementor-widget elementor-widget-icon\" data-id=\"700bd64\" data-element_type=\"widget\" data-widget_type=\"icon.default\">\n\t\t\t\t<div class=\"elementor-widget-container\">\n\t\t\t\t\t<div class=\"elementor-icon-wrapper\">\n\t\t\t<a class=\"elementor-icon\" href=\"https:\/\/www.google.com.br\/maps\/place\/Av.+Jo%C3%A3o+Cavalari,+133+-+Pte.+Grande,+Guarulhos+-+SP,+07030-020\/@-23.4929798,-46.5522279,17z\/data=!4m13!1m7!3m6!1s0x94ce5f9c7f5fd201:0x5e1210646b0c68ea!2sAv.+Jo%C3%A3o+Cavalari,+133+-+Pte.+Grande,+Guarulhos+-+SP,+07030-020!3b1!8m2!3d-23.4929847!4d-46.5500392!3m4!1s0x94ce5f9c7f5fd201:0x5e1210646b0c68ea!8m2!3d-23.4929847!4d-46.5500392\" target=\"_blank\">\n\t\t\t<i aria-hidden=\"true\" class=\"fas fa-map-marked-alt\"><\/i>\t\t\t<\/a>\n\t\t<\/div>\n\t\t\t\t<\/div>\n\t\t\t\t<\/div>\n\t\t\t\t\t<\/div>\n\t\t<\/div>\n\t\t\t\t\t\t\t<\/div>\n\t\t<\/section>\n\t\t\t\t\t<\/div>\n\t\t<\/div>\n\t\t\t\t<div class=\"elementor-column elementor-col-50 elementor-top-column elementor-element elementor-element-82b246e\" data-id=\"82b246e\" data-element_type=\"column\">\n\t\t\t<div class=\"elementor-widget-wrap elementor-element-populated\">\n\t\t\t\t\t\t\t\t<div class=\"elementor-element elementor-element-1c995da elementor-widget elementor-widget-google_maps\" data-id=\"1c995da\" data-element_type=\"widget\" data-widget_type=\"google_maps.default\">\n\t\t\t\t<div class=\"elementor-widget-container\">\n\t\t\t<style>\/*! elementor - v3.12.1 - 02-04-2023 *\/\n.elementor-widget-google_maps .elementor-widget-container{overflow:hidden}.elementor-widget-google_maps .elementor-custom-embed{line-height:0}.elementor-widget-google_maps iframe{height:300px}<\/style>\t\t<div class=\"elementor-custom-embed\">\n\t\t\t<iframe loading=\"lazy\"\n\t\t\t\t\tsrc=\"https:\/\/maps.google.com\/maps?q=Avenida%20Jo%C3%A3o%20Cavalari%2C%20133&#038;t=m&#038;z=13&#038;output=embed&#038;iwloc=near\"\n\t\t\t\t\ttitle=\"Avenida Jo\u00e3o Cavalari, 133\"\n\t\t\t\t\taria-label=\"Avenida Jo\u00e3o Cavalari, 133\"\n\t\t\t><\/iframe>\n\t\t<\/div>\n\t\t\t\t<\/div>\n\t\t\t\t<\/div>\n\t\t\t\t\t<\/div>\n\t\t<\/div>\n\t\t\t\t\t\t\t<\/div>\n\t\t<\/section>\n\t\t\t\t\t\t\t<\/div>\n\t\t","protected":false},"excerpt":{"rendered":"<p>BIENAL DO LIVRO DE GUARULHOS \u201cP\u00c1GINAS QUE CONECTAM&#8221; Anterior Pr\u00f3ximo De 5 a 14 de agosto, no Internacional Eventos (antiga Phillips), a Prefeitura Municipal de Guarulhos realizar\u00e1 a segunda edi\u00e7\u00e3o &hellip;<\/p>\n<p class=\"read-more\"> <a class=\"\" href=\"https:\/\/portaleducacao.guarulhos.sp.gov.br\/wp_site\/portalbienal\/2022\/08\/09\/manual-do-mundo-atrai-curiosos-e-fas-para-2a-bienal-do-livro-de-guarulhos\/\"> <span class=\"screen-reader-text\">Manual do Mundo atrai curiosos e f\u00e3s para 2\u00aa Bienal do Livro de Guarulhos<\/span> Leia mais &raquo;<\/a><\/p>\n","protected":false},"author":1,"featured_media":0,"parent":0,"menu_order":0,"comment_status":"closed","ping_status":"closed","template":"","meta":{"_monsterinsights_skip_tracking":false,"_monsterinsights_sitenote_active":false,"_monsterinsights_sitenote_note":"","_monsterinsights_sitenote_category":0,"site-sidebar-layout":"no-sidebar","site-content-layout":"page-builder","ast-global-header-display":"","ast-main-header-display":"","ast-hfb-above-header-display":"","ast-hfb-below-header-display":"","ast-hfb-mobile-header-display":"","site-post-title":"disabled","ast-breadcrumbs-content":"","ast-featured-img":"disabled","footer-sml-layout":"","theme-transparent-header-meta":"","adv-header-id-meta":"","stick-header-meta":"","header-above-stick-meta":"","header-main-stick-meta":"","header-below-stick-meta":"","_expiration-date-status":"","_expiration-date":1729767896,"_expiration-date-type":"draft","_expiration-date-categories":[],"_expiration-date-options":[]},"categories":[51],"tags":[8],"yoast_head":"<!-- This site is optimized with the Yoast SEO plugin v19.7.1 - https:\/\/yoast.com\/wordpress\/plugins\/seo\/ -->\r\n<title>bienal_2022 - Bienal do Livro de Guarulhos - 2024<\/title>\r\n<meta name=\"robots\" content=\"index, follow, max-snippet:-1, max-image-preview:large, max-video-preview:-1\" \/>\r\n<link rel=\"canonical\" href=\"https:\/\/portaleducacao.guarulhos.sp.gov.br\/wp_site\/portalbienal\/bienal_2022\/\" \/>\r\n<meta property=\"og:locale\" content=\"pt_BR\" \/>\r\n<meta property=\"og:type\" content=\"article\" \/>\r\n<meta property=\"og:title\" content=\"bienal_2022 - Bienal do Livro de Guarulhos - 2024\" \/>\r\n<meta property=\"og:description\" content=\"BIENAL DO LIVRO DE GUARULHOS \u201cP\u00c1GINAS QUE CONECTAM&#8221; Anterior Pr\u00f3ximo De 5 a 14 de agosto, no Internacional Eventos (antiga Phillips), a Prefeitura Municipal de Guarulhos realizar\u00e1 a segunda edi\u00e7\u00e3o &hellip; Manual do Mundo atrai curiosos e f\u00e3s para 2\u00aa Bienal do Livro de Guarulhos Leia mais &raquo;\" \/>\r\n<meta property=\"og:url\" content=\"https:\/\/portaleducacao.guarulhos.sp.gov.br\/wp_site\/portalbienal\/bienal_2022\/\" \/>\r\n<meta property=\"og:site_name\" content=\"Bienal do Livro de Guarulhos - 2024\" \/>\r\n<meta property=\"article:modified_time\" content=\"2024-10-17T11:11:11+00:00\" \/>\r\n<meta property=\"og:image\" content=\"http:\/\/portaleducacao.guarulhos.sp.gov.br\/wp_site\/portalbienal\/wp-content\/uploads\/sites\/22\/2024\/03\/ingressos_novos_lotes-1024x1024.jpg\" \/>\r\n<meta name=\"twitter:card\" content=\"summary_large_image\" \/>\r\n<meta name=\"twitter:label1\" content=\"Est. tempo de leitura\" \/>\n\t<meta name=\"twitter:data1\" content=\"15 minutos\" \/>\r\n<script type=\"application\/ld+json\" class=\"yoast-schema-graph\">{\"@context\":\"https:\/\/schema.org\",\"@graph\":[{\"@type\":\"WebPage\",\"@id\":\"https:\/\/portaleducacao.guarulhos.sp.gov.br\/wp_site\/portalbienal\/bienal_2022\/\",\"url\":\"https:\/\/portaleducacao.guarulhos.sp.gov.br\/wp_site\/portalbienal\/bienal_2022\/\",\"name\":\"bienal_2022 - Bienal do Livro de Guarulhos - 2024\",\"isPartOf\":{\"@id\":\"https:\/\/portaleducacao.guarulhos.sp.gov.br\/wp_site\/portalbienal\/#website\"},\"datePublished\":\"2024-10-16T12:33:41+00:00\",\"dateModified\":\"2024-10-17T11:11:11+00:00\",\"breadcrumb\":{\"@id\":\"https:\/\/portaleducacao.guarulhos.sp.gov.br\/wp_site\/portalbienal\/bienal_2022\/#breadcrumb\"},\"inLanguage\":\"pt-BR\",\"potentialAction\":[{\"@type\":\"ReadAction\",\"target\":[\"https:\/\/portaleducacao.guarulhos.sp.gov.br\/wp_site\/portalbienal\/bienal_2022\/\"]}]},{\"@type\":\"BreadcrumbList\",\"@id\":\"https:\/\/portaleducacao.guarulhos.sp.gov.br\/wp_site\/portalbienal\/bienal_2022\/#breadcrumb\",\"itemListElement\":[{\"@type\":\"ListItem\",\"position\":1,\"name\":\"In\u00edcio\",\"item\":\"https:\/\/portaleducacao.guarulhos.sp.gov.br\/wp_site\/portalbienal\/\"},{\"@type\":\"ListItem\",\"position\":2,\"name\":\"bienal_2022\"}]},{\"@type\":\"WebSite\",\"@id\":\"https:\/\/portaleducacao.guarulhos.sp.gov.br\/wp_site\/portalbienal\/#website\",\"url\":\"https:\/\/portaleducacao.guarulhos.sp.gov.br\/wp_site\/portalbienal\/\",\"name\":\"Bienal do Livro de Guarulhos - 2024\",\"description\":\"Secretaria de Educa\u00e7\u00e3o - Prefeitura de Guarulhos\",\"publisher\":{\"@id\":\"https:\/\/portaleducacao.guarulhos.sp.gov.br\/wp_site\/portalbienal\/#organization\"},\"potentialAction\":[{\"@type\":\"SearchAction\",\"target\":{\"@type\":\"EntryPoint\",\"urlTemplate\":\"https:\/\/portaleducacao.guarulhos.sp.gov.br\/wp_site\/portalbienal\/?s={search_term_string}\"},\"query-input\":\"required name=search_term_string\"}],\"inLanguage\":\"pt-BR\"},{\"@type\":\"Organization\",\"@id\":\"https:\/\/portaleducacao.guarulhos.sp.gov.br\/wp_site\/portalbienal\/#organization\",\"name\":\"Bienal do Livro de Guarulhos - 2024\",\"url\":\"https:\/\/portaleducacao.guarulhos.sp.gov.br\/wp_site\/portalbienal\/\",\"sameAs\":[],\"logo\":{\"@type\":\"ImageObject\",\"inLanguage\":\"pt-BR\",\"@id\":\"https:\/\/portaleducacao.guarulhos.sp.gov.br\/wp_site\/portalbienal\/#\/schema\/logo\/image\/\",\"url\":\"https:\/\/portaleducacao.guarulhos.sp.gov.br\/wp_site\/portalbienal\/wp-content\/uploads\/sites\/22\/2022\/07\/logo_site.jpg\",\"contentUrl\":\"https:\/\/portaleducacao.guarulhos.sp.gov.br\/wp_site\/portalbienal\/wp-content\/uploads\/sites\/22\/2022\/07\/logo_site.jpg\",\"width\":350,\"height\":100,\"caption\":\"Bienal do Livro de Guarulhos - 2024\"},\"image\":{\"@id\":\"https:\/\/portaleducacao.guarulhos.sp.gov.br\/wp_site\/portalbienal\/#\/schema\/logo\/image\/\"}}]}<\/script>\r\n<!-- \/ Yoast SEO plugin. -->","yoast_head_json":{"title":"bienal_2022 - Bienal do Livro de Guarulhos - 2024","robots":{"index":"index","follow":"follow","max-snippet":"max-snippet:-1","max-image-preview":"max-image-preview:large","max-video-preview":"max-video-preview:-1"},"canonical":"https:\/\/portaleducacao.guarulhos.sp.gov.br\/wp_site\/portalbienal\/bienal_2022\/","og_locale":"pt_BR","og_type":"article","og_title":"bienal_2022 - Bienal do Livro de Guarulhos - 2024","og_description":"BIENAL DO LIVRO DE GUARULHOS \u201cP\u00c1GINAS QUE CONECTAM&#8221; Anterior Pr\u00f3ximo De 5 a 14 de agosto, no Internacional Eventos (antiga Phillips), a Prefeitura Municipal de Guarulhos realizar\u00e1 a segunda edi\u00e7\u00e3o &hellip; Manual do Mundo atrai curiosos e f\u00e3s para 2\u00aa Bienal do Livro de Guarulhos Leia mais &raquo;","og_url":"https:\/\/portaleducacao.guarulhos.sp.gov.br\/wp_site\/portalbienal\/bienal_2022\/","og_site_name":"Bienal do Livro de Guarulhos - 2024","article_modified_time":"2024-10-17T11:11:11+00:00","og_image":[{"url":"http:\/\/portaleducacao.guarulhos.sp.gov.br\/wp_site\/portalbienal\/wp-content\/uploads\/sites\/22\/2024\/03\/ingressos_novos_lotes-1024x1024.jpg"}],"twitter_card":"summary_large_image","twitter_misc":{"Est. tempo de leitura":"15 minutos"},"schema":{"@context":"https:\/\/schema.org","@graph":[{"@type":"WebPage","@id":"https:\/\/portaleducacao.guarulhos.sp.gov.br\/wp_site\/portalbienal\/bienal_2022\/","url":"https:\/\/portaleducacao.guarulhos.sp.gov.br\/wp_site\/portalbienal\/bienal_2022\/","name":"bienal_2022 - Bienal do Livro de Guarulhos - 2024","isPartOf":{"@id":"https:\/\/portaleducacao.guarulhos.sp.gov.br\/wp_site\/portalbienal\/#website"},"datePublished":"2024-10-16T12:33:41+00:00","dateModified":"2024-10-17T11:11:11+00:00","breadcrumb":{"@id":"https:\/\/portaleducacao.guarulhos.sp.gov.br\/wp_site\/portalbienal\/bienal_2022\/#breadcrumb"},"inLanguage":"pt-BR","potentialAction":[{"@type":"ReadAction","target":["https:\/\/portaleducacao.guarulhos.sp.gov.br\/wp_site\/portalbienal\/bienal_2022\/"]}]},{"@type":"BreadcrumbList","@id":"https:\/\/portaleducacao.guarulhos.sp.gov.br\/wp_site\/portalbienal\/bienal_2022\/#breadcrumb","itemListElement":[{"@type":"ListItem","position":1,"name":"In\u00edcio","item":"https:\/\/portaleducacao.guarulhos.sp.gov.br\/wp_site\/portalbienal\/"},{"@type":"ListItem","position":2,"name":"bienal_2022"}]},{"@type":"WebSite","@id":"https:\/\/portaleducacao.guarulhos.sp.gov.br\/wp_site\/portalbienal\/#website","url":"https:\/\/portaleducacao.guarulhos.sp.gov.br\/wp_site\/portalbienal\/","name":"Bienal do Livro de Guarulhos - 2024","description":"Secretaria de Educa\u00e7\u00e3o - Prefeitura de Guarulhos","publisher":{"@id":"https:\/\/portaleducacao.guarulhos.sp.gov.br\/wp_site\/portalbienal\/#organization"},"potentialAction":[{"@type":"SearchAction","target":{"@type":"EntryPoint","urlTemplate":"https:\/\/portaleducacao.guarulhos.sp.gov.br\/wp_site\/portalbienal\/?s={search_term_string}"},"query-input":"required name=search_term_string"}],"inLanguage":"pt-BR"},{"@type":"Organization","@id":"https:\/\/portaleducacao.guarulhos.sp.gov.br\/wp_site\/portalbienal\/#organization","name":"Bienal do Livro de Guarulhos - 2024","url":"https:\/\/portaleducacao.guarulhos.sp.gov.br\/wp_site\/portalbienal\/","sameAs":[],"logo":{"@type":"ImageObject","inLanguage":"pt-BR","@id":"https:\/\/portaleducacao.guarulhos.sp.gov.br\/wp_site\/portalbienal\/#\/schema\/logo\/image\/","url":"https:\/\/portaleducacao.guarulhos.sp.gov.br\/wp_site\/portalbienal\/wp-content\/uploads\/sites\/22\/2022\/07\/logo_site.jpg","contentUrl":"https:\/\/portaleducacao.guarulhos.sp.gov.br\/wp_site\/portalbienal\/wp-content\/uploads\/sites\/22\/2022\/07\/logo_site.jpg","width":350,"height":100,"caption":"Bienal do Livro de Guarulhos - 2024"},"image":{"@id":"https:\/\/portaleducacao.guarulhos.sp.gov.br\/wp_site\/portalbienal\/#\/schema\/logo\/image\/"}}]}},"_links":{"self":[{"href":"https:\/\/portaleducacao.guarulhos.sp.gov.br\/wp_site\/portalbienal\/wp-json\/wp\/v2\/pages\/9912"}],"collection":[{"href":"https:\/\/portaleducacao.guarulhos.sp.gov.br\/wp_site\/portalbienal\/wp-json\/wp\/v2\/pages"}],"about":[{"href":"https:\/\/portaleducacao.guarulhos.sp.gov.br\/wp_site\/portalbienal\/wp-json\/wp\/v2\/types\/page"}],"author":[{"embeddable":true,"href":"https:\/\/portaleducacao.guarulhos.sp.gov.br\/wp_site\/portalbienal\/wp-json\/wp\/v2\/users\/1"}],"replies":[{"embeddable":true,"href":"https:\/\/portaleducacao.guarulhos.sp.gov.br\/wp_site\/portalbienal\/wp-json\/wp\/v2\/comments?post=9912"}],"version-history":[{"count":22,"href":"https:\/\/portaleducacao.guarulhos.sp.gov.br\/wp_site\/portalbienal\/wp-json\/wp\/v2\/pages\/9912\/revisions"}],"predecessor-version":[{"id":9994,"href":"https:\/\/portaleducacao.guarulhos.sp.gov.br\/wp_site\/portalbienal\/wp-json\/wp\/v2\/pages\/9912\/revisions\/9994"}],"wp:attachment":[{"href":"https:\/\/portaleducacao.guarulhos.sp.gov.br\/wp_site\/portalbienal\/wp-json\/wp\/v2\/media?parent=9912"}],"wp:term":[{"taxonomy":"category","embeddable":true,"href":"https:\/\/portaleducacao.guarulhos.sp.gov.br\/wp_site\/portalbienal\/wp-json\/wp\/v2\/categories?post=9912"},{"taxonomy":"post_tag","embeddable":true,"href":"https:\/\/portaleducacao.guarulhos.sp.gov.br\/wp_site\/portalbienal\/wp-json\/wp\/v2\/tags?post=9912"}],"curies":[{"name":"wp","href":"https:\/\/api.w.org\/{rel}","templated":true}]}}