{"id":16,"date":"2025-05-09T08:56:03","date_gmt":"2025-05-09T11:56:03","guid":{"rendered":"https:\/\/portaleducacao.guarulhos.sp.gov.br\/wp_site\/semanadobrincar2025\/?page_id=16"},"modified":"2025-06-23T13:26:00","modified_gmt":"2025-06-23T16:26:00","slug":"home-semana-do-brincar","status":"publish","type":"page","link":"https:\/\/portaleducacao.guarulhos.sp.gov.br\/wp_site\/semanadobrincar2025\/","title":{"rendered":"Semana do brincar"},"content":{"rendered":"\t\t<div data-elementor-type=\"wp-page\" data-elementor-id=\"16\" class=\"elementor elementor-16\">\n\t\t\t\t\t\t\t\t\t<section class=\"elementor-section elementor-top-section elementor-element elementor-element-b872b62 elementor-section-boxed elementor-section-height-default elementor-section-height-default\" data-id=\"b872b62\" data-element_type=\"section\" data-settings=\"{&quot;background_background&quot;:&quot;classic&quot;}\">\n\t\t\t\t\t\t<div class=\"elementor-container elementor-column-gap-default\">\n\t\t\t\t\t<div class=\"elementor-column elementor-col-100 elementor-top-column elementor-element elementor-element-2857446\" data-id=\"2857446\" data-element_type=\"column\">\n\t\t\t<div class=\"elementor-widget-wrap elementor-element-populated\">\n\t\t\t\t\t\t\t\t<div class=\"elementor-element elementor-element-5c90802 elementor-hidden-mobile elementor-widget elementor-widget-spacer\" data-id=\"5c90802\" data-element_type=\"widget\" data-widget_type=\"spacer.default\">\n\t\t\t\t<div class=\"elementor-widget-container\">\n\t\t\t<style>\/*! elementor - v3.12.1 - 02-04-2023 *\/\n.elementor-column .elementor-spacer-inner{height:var(--spacer-size)}.e-con{--container-widget-width:100%}.e-con-inner>.elementor-widget-spacer,.e-con>.elementor-widget-spacer{width:var(--container-widget-width,var(--spacer-size));--align-self:var(--container-widget-align-self,initial);--flex-shrink:0}.e-con-inner>.elementor-widget-spacer>.elementor-widget-container,.e-con-inner>.elementor-widget-spacer>.elementor-widget-container>.elementor-spacer,.e-con>.elementor-widget-spacer>.elementor-widget-container,.e-con>.elementor-widget-spacer>.elementor-widget-container>.elementor-spacer{height:100%}.e-con-inner>.elementor-widget-spacer>.elementor-widget-container>.elementor-spacer>.elementor-spacer-inner,.e-con>.elementor-widget-spacer>.elementor-widget-container>.elementor-spacer>.elementor-spacer-inner{height:var(--container-widget-height,var(--spacer-size))}<\/style>\t\t<div class=\"elementor-spacer\">\n\t\t\t<div class=\"elementor-spacer-inner\"><\/div>\n\t\t<\/div>\n\t\t\t\t<\/div>\n\t\t\t\t<\/div>\n\t\t\t\t\t<\/div>\n\t\t<\/div>\n\t\t\t\t\t\t\t<\/div>\n\t\t<\/section>\n\t\t\t\t<section class=\"elementor-section elementor-top-section elementor-element elementor-element-0dbc8fa elementor-section-boxed elementor-section-height-default elementor-section-height-default\" data-id=\"0dbc8fa\" data-element_type=\"section\" data-settings=\"{&quot;background_background&quot;:&quot;classic&quot;}\">\n\t\t\t\t\t\t<div class=\"elementor-container elementor-column-gap-default\">\n\t\t\t\t\t<div class=\"elementor-column elementor-col-50 elementor-top-column elementor-element elementor-element-d5dca95\" data-id=\"d5dca95\" data-element_type=\"column\">\n\t\t\t<div class=\"elementor-widget-wrap elementor-element-populated\">\n\t\t\t\t\t\t\t\t<div class=\"elementor-element elementor-element-a2ecdfd elementor-widget__width-initial elementor-widget-tablet__width-initial elementor-widget elementor-widget-image\" data-id=\"a2ecdfd\" data-element_type=\"widget\" data-widget_type=\"image.default\">\n\t\t\t\t<div class=\"elementor-widget-container\">\n\t\t\t<style>\/*! elementor - v3.12.1 - 02-04-2023 *\/\n.elementor-widget-image{text-align:center}.elementor-widget-image a{display:inline-block}.elementor-widget-image a img[src$=\".svg\"]{width:48px}.elementor-widget-image img{vertical-align:middle;display:inline-block}<\/style>\t\t\t\t\t\t\t\t\t\t\t\t<img width=\"2154\" height=\"2387\" src=\"https:\/\/portaleducacao.guarulhos.sp.gov.br\/wp_site\/semanadobrincar2025\/wp-content\/uploads\/sites\/40\/2025\/05\/ft-apresentacao_ft-apresentacao-teste.png\" class=\"attachment-full size-full wp-image-87\" alt=\"\" loading=\"lazy\" srcset=\"https:\/\/portaleducacao.guarulhos.sp.gov.br\/wp_site\/semanadobrincar2025\/wp-content\/uploads\/sites\/40\/2025\/05\/ft-apresentacao_ft-apresentacao-teste.png 2154w, https:\/\/portaleducacao.guarulhos.sp.gov.br\/wp_site\/semanadobrincar2025\/wp-content\/uploads\/sites\/40\/2025\/05\/ft-apresentacao_ft-apresentacao-teste-271x300.png 271w, https:\/\/portaleducacao.guarulhos.sp.gov.br\/wp_site\/semanadobrincar2025\/wp-content\/uploads\/sites\/40\/2025\/05\/ft-apresentacao_ft-apresentacao-teste-924x1024.png 924w, https:\/\/portaleducacao.guarulhos.sp.gov.br\/wp_site\/semanadobrincar2025\/wp-content\/uploads\/sites\/40\/2025\/05\/ft-apresentacao_ft-apresentacao-teste-768x851.png 768w, https:\/\/portaleducacao.guarulhos.sp.gov.br\/wp_site\/semanadobrincar2025\/wp-content\/uploads\/sites\/40\/2025\/05\/ft-apresentacao_ft-apresentacao-teste-1386x1536.png 1386w, https:\/\/portaleducacao.guarulhos.sp.gov.br\/wp_site\/semanadobrincar2025\/wp-content\/uploads\/sites\/40\/2025\/05\/ft-apresentacao_ft-apresentacao-teste-1848x2048.png 1848w\" sizes=\"(max-width: 2154px) 100vw, 2154px\" \/>\t\t\t\t\t\t\t\t\t\t\t\t\t\t\t<\/div>\n\t\t\t\t<\/div>\n\t\t\t\t\t<\/div>\n\t\t<\/div>\n\t\t\t\t<div class=\"elementor-column elementor-col-50 elementor-top-column elementor-element elementor-element-dcae4ff\" data-id=\"dcae4ff\" data-element_type=\"column\">\n\t\t\t<div class=\"elementor-widget-wrap elementor-element-populated\">\n\t\t\t\t\t\t\t\t<div class=\"elementor-element elementor-element-21a3116 elementor-hidden-desktop elementor-hidden-tablet elementor-widget elementor-widget-spacer\" data-id=\"21a3116\" data-element_type=\"widget\" data-widget_type=\"spacer.default\">\n\t\t\t\t<div class=\"elementor-widget-container\">\n\t\t\t\t\t<div class=\"elementor-spacer\">\n\t\t\t<div class=\"elementor-spacer-inner\"><\/div>\n\t\t<\/div>\n\t\t\t\t<\/div>\n\t\t\t\t<\/div>\n\t\t\t\t<div class=\"elementor-element elementor-element-6cb4049 elementor-widget__width-initial elementor-hidden-mobile elementor-widget elementor-widget-spacer\" data-id=\"6cb4049\" data-element_type=\"widget\" data-widget_type=\"spacer.default\">\n\t\t\t\t<div class=\"elementor-widget-container\">\n\t\t\t\t\t<div class=\"elementor-spacer\">\n\t\t\t<div class=\"elementor-spacer-inner\"><\/div>\n\t\t<\/div>\n\t\t\t\t<\/div>\n\t\t\t\t<\/div>\n\t\t\t\t<div class=\"elementor-element elementor-element-064392e elementor-widget__width-initial elementor-hidden-mobile elementor-widget elementor-widget-text-editor\" data-id=\"064392e\" data-element_type=\"widget\" data-widget_type=\"text-editor.default\">\n\t\t\t\t<div class=\"elementor-widget-container\">\n\t\t\t<style>\/*! elementor - v3.12.1 - 02-04-2023 *\/\n.elementor-widget-text-editor.elementor-drop-cap-view-stacked .elementor-drop-cap{background-color:#69727d;color:#fff}.elementor-widget-text-editor.elementor-drop-cap-view-framed .elementor-drop-cap{color:#69727d;border:3px solid;background-color:transparent}.elementor-widget-text-editor:not(.elementor-drop-cap-view-default) .elementor-drop-cap{margin-top:8px}.elementor-widget-text-editor:not(.elementor-drop-cap-view-default) .elementor-drop-cap-letter{width:1em;height:1em}.elementor-widget-text-editor .elementor-drop-cap{float:left;text-align:center;line-height:1;font-size:50px}.elementor-widget-text-editor .elementor-drop-cap-letter{display:inline-block}<\/style>\t\t\t\t<p><strong>\u201cA crian\u00e7a tem olhos atentos e limpos para o espet\u00e1culo do mundo\u201d<\/strong><\/p>\t\t\t\t\t\t<\/div>\n\t\t\t\t<\/div>\n\t\t\t\t<div class=\"elementor-element elementor-element-76fe642 elementor-hidden-mobile elementor-widget elementor-widget-text-editor\" data-id=\"76fe642\" data-element_type=\"widget\" data-widget_type=\"text-editor.default\">\n\t\t\t\t<div class=\"elementor-widget-container\">\n\t\t\t\t\t\t\t<p><em><strong>Otto Lara Rezende<\/strong><\/em><\/p>\t\t\t\t\t\t<\/div>\n\t\t\t\t<\/div>\n\t\t\t\t<div class=\"elementor-element elementor-element-fc423d3 elementor-widget__width-initial elementor-hidden-desktop elementor-hidden-tablet elementor-widget elementor-widget-text-editor\" data-id=\"fc423d3\" data-element_type=\"widget\" data-widget_type=\"text-editor.default\">\n\t\t\t\t<div class=\"elementor-widget-container\">\n\t\t\t\t\t\t\t<p><strong>\u201cA crian\u00e7a tem olhos atentos e limpos para o espet\u00e1culo do mundo\u201d<\/strong><\/p>\t\t\t\t\t\t<\/div>\n\t\t\t\t<\/div>\n\t\t\t\t<div class=\"elementor-element elementor-element-a007d38 elementor-hidden-desktop elementor-hidden-tablet elementor-widget elementor-widget-text-editor\" data-id=\"a007d38\" data-element_type=\"widget\" data-widget_type=\"text-editor.default\">\n\t\t\t\t<div class=\"elementor-widget-container\">\n\t\t\t\t\t\t\t<p><em><strong>Otto Lara Rezende<\/strong><\/em><\/p>\t\t\t\t\t\t<\/div>\n\t\t\t\t<\/div>\n\t\t\t\t\t<\/div>\n\t\t<\/div>\n\t\t\t\t\t\t\t<\/div>\n\t\t<\/section>\n\t\t\t\t<section class=\"elementor-section elementor-top-section elementor-element elementor-element-97613c8 elementor-section-boxed elementor-section-height-default elementor-section-height-default\" data-id=\"97613c8\" data-element_type=\"section\">\n\t\t\t\t\t\t<div class=\"elementor-container elementor-column-gap-default\">\n\t\t\t\t\t<div class=\"elementor-column elementor-col-100 elementor-top-column elementor-element elementor-element-b9d81a5\" data-id=\"b9d81a5\" data-element_type=\"column\">\n\t\t\t<div class=\"elementor-widget-wrap elementor-element-populated\">\n\t\t\t\t\t\t\t\t<div class=\"elementor-element elementor-element-b4008c7 elementor-widget elementor-widget-spacer\" data-id=\"b4008c7\" data-element_type=\"widget\" data-widget_type=\"spacer.default\">\n\t\t\t\t<div class=\"elementor-widget-container\">\n\t\t\t\t\t<div class=\"elementor-spacer\">\n\t\t\t<div class=\"elementor-spacer-inner\"><\/div>\n\t\t<\/div>\n\t\t\t\t<\/div>\n\t\t\t\t<\/div>\n\t\t\t\t\t<\/div>\n\t\t<\/div>\n\t\t\t\t\t\t\t<\/div>\n\t\t<\/section>\n\t\t\t\t<section class=\"elementor-section elementor-top-section elementor-element elementor-element-5709826 elementor-hidden-tablet elementor-hidden-mobile elementor-section-boxed elementor-section-height-default elementor-section-height-default\" data-id=\"5709826\" data-element_type=\"section\" data-settings=\"{&quot;background_background&quot;:&quot;classic&quot;}\">\n\t\t\t\t\t\t<div class=\"elementor-container elementor-column-gap-default\">\n\t\t\t\t\t<div class=\"elementor-column elementor-col-100 elementor-top-column elementor-element elementor-element-da0f277\" data-id=\"da0f277\" data-element_type=\"column\">\n\t\t\t<div class=\"elementor-widget-wrap elementor-element-populated\">\n\t\t\t\t\t\t\t\t<section class=\"elementor-section elementor-inner-section elementor-element elementor-element-6578027 elementor-hidden-mobile elementor-section-boxed elementor-section-height-default elementor-section-height-default\" data-id=\"6578027\" data-element_type=\"section\" data-settings=\"{&quot;background_background&quot;:&quot;classic&quot;}\">\n\t\t\t\t\t\t<div class=\"elementor-container elementor-column-gap-custom\">\n\t\t\t\t\t<div class=\"elementor-column elementor-col-66 elementor-inner-column elementor-element elementor-element-4c8ed6e\" data-id=\"4c8ed6e\" data-element_type=\"column\" data-settings=\"{&quot;background_background&quot;:&quot;classic&quot;}\">\n\t\t\t<div class=\"elementor-widget-wrap elementor-element-populated\">\n\t\t\t\t\t\t\t\t<div class=\"elementor-element elementor-element-c660d9d elementor-widget__width-initial elementor-hidden-mobile elementor-widget elementor-widget-text-editor\" data-id=\"c660d9d\" data-element_type=\"widget\" data-widget_type=\"text-editor.default\">\n\t\t\t\t<div class=\"elementor-widget-container\">\n\t\t\t\t\t\t\t<p>\u00c9 com grande alegria que anunciamos a Semana Mundial do Brincar de 2025, que acontecer\u00e1 entre os dias 24 de maio e 01 de junho de 2025. Neste ano, a Alian\u00e7a pela Inf\u00e2ncia apresenta como tema \u201cProteger o Encantamento das Inf\u00e2ncias\u201d, que nos convida a reencantar o nosso olhar para inf\u00e2ncia, respeitando aos tempos e ritmos de cada crian\u00e7a.<\/p>\n<p>Proteger o encantamento das inf\u00e2ncias \u00e9 um compromisso de todas e todos. Promovendo ambientes seguros e encantadores, cultivando as melhores condi\u00e7\u00f5es para que a inf\u00e2ncia flores\u00e7a.<\/p>\n<p>E com respeito e valoriza\u00e7\u00e3o dos tempos e espa\u00e7os para o brincar livre reconhecendo a inf\u00e2ncia como um tempo de experi\u00eancias \u00fanicas.<\/p>\n<p>Nesse sentido, convidamos a todas e todos para revisitar sua inf\u00e2ncia: Que mem\u00f3rias voc\u00ea tem? Lugares que foram cen\u00e1rio para brincadeiras,&nbsp;<span style=\"font-style: inherit; font-weight: inherit;\">intera\u00e7\u00f5es, descobertas, amizades&#8230; Como foi essa experi\u00eancia?<\/span><\/p>\n<p>Vamos juntos potencializar o brincar!?<\/p>\t\t\t\t\t\t<\/div>\n\t\t\t\t<\/div>\n\t\t\t\t\t<\/div>\n\t\t<\/div>\n\t\t\t\t<div class=\"elementor-column elementor-col-33 elementor-inner-column elementor-element elementor-element-906ddee\" data-id=\"906ddee\" data-element_type=\"column\" data-settings=\"{&quot;background_background&quot;:&quot;classic&quot;}\">\n\t\t\t<div class=\"elementor-widget-wrap elementor-element-populated\">\n\t\t\t\t\t\t\t\t<div class=\"elementor-element elementor-element-d9b495a elementor-widget__width-initial elementor-hidden-mobile elementor-widget elementor-widget-image\" data-id=\"d9b495a\" data-element_type=\"widget\" data-widget_type=\"image.default\">\n\t\t\t\t<div class=\"elementor-widget-container\">\n\t\t\t\t\t\t\t\t\t\t\t\t\t\t\t<img width=\"1198\" height=\"1795\" src=\"https:\/\/portaleducacao.guarulhos.sp.gov.br\/wp_site\/semanadobrincar2025\/wp-content\/uploads\/sites\/40\/2025\/05\/elementos-page_foto-.png\" class=\"attachment-full size-full wp-image-207\" alt=\"\" loading=\"lazy\" srcset=\"https:\/\/portaleducacao.guarulhos.sp.gov.br\/wp_site\/semanadobrincar2025\/wp-content\/uploads\/sites\/40\/2025\/05\/elementos-page_foto-.png 1198w, https:\/\/portaleducacao.guarulhos.sp.gov.br\/wp_site\/semanadobrincar2025\/wp-content\/uploads\/sites\/40\/2025\/05\/elementos-page_foto--200x300.png 200w, https:\/\/portaleducacao.guarulhos.sp.gov.br\/wp_site\/semanadobrincar2025\/wp-content\/uploads\/sites\/40\/2025\/05\/elementos-page_foto--683x1024.png 683w, https:\/\/portaleducacao.guarulhos.sp.gov.br\/wp_site\/semanadobrincar2025\/wp-content\/uploads\/sites\/40\/2025\/05\/elementos-page_foto--768x1151.png 768w, https:\/\/portaleducacao.guarulhos.sp.gov.br\/wp_site\/semanadobrincar2025\/wp-content\/uploads\/sites\/40\/2025\/05\/elementos-page_foto--1025x1536.png 1025w\" sizes=\"(max-width: 1198px) 100vw, 1198px\" \/>\t\t\t\t\t\t\t\t\t\t\t\t\t\t\t<\/div>\n\t\t\t\t<\/div>\n\t\t\t\t\t<\/div>\n\t\t<\/div>\n\t\t\t\t\t\t\t<\/div>\n\t\t<\/section>\n\t\t\t\t\t<\/div>\n\t\t<\/div>\n\t\t\t\t\t\t\t<\/div>\n\t\t<\/section>\n\t\t\t\t<section class=\"elementor-section elementor-top-section elementor-element elementor-element-6c3b4c1 elementor-section-boxed elementor-section-height-default elementor-section-height-default\" data-id=\"6c3b4c1\" data-element_type=\"section\">\n\t\t\t\t\t\t<div class=\"elementor-container elementor-column-gap-default\">\n\t\t\t\t\t<div class=\"elementor-column elementor-col-100 elementor-top-column elementor-element elementor-element-04df104\" data-id=\"04df104\" data-element_type=\"column\" data-settings=\"{&quot;background_background&quot;:&quot;classic&quot;}\">\n\t\t\t<div class=\"elementor-widget-wrap\">\n\t\t\t\t\t\t\t\t\t<\/div>\n\t\t<\/div>\n\t\t\t\t\t\t\t<\/div>\n\t\t<\/section>\n\t\t\t\t<section class=\"elementor-section elementor-top-section elementor-element elementor-element-87deea1 elementor-section-full_width elementor-hidden-desktop elementor-hidden-tablet elementor-section-height-default elementor-section-height-default\" data-id=\"87deea1\" data-element_type=\"section\">\n\t\t\t\t\t\t<div class=\"elementor-container elementor-column-gap-default\">\n\t\t\t\t\t<div class=\"elementor-column elementor-col-16 elementor-top-column elementor-element elementor-element-de68655\" data-id=\"de68655\" data-element_type=\"column\" data-settings=\"{&quot;background_background&quot;:&quot;classic&quot;}\">\n\t\t\t<div class=\"elementor-widget-wrap elementor-element-populated\">\n\t\t\t\t\t\t\t\t<div class=\"elementor-element elementor-element-c858cf2 elementor-widget-mobile__width-initial elementor-widget elementor-widget-image\" data-id=\"c858cf2\" data-element_type=\"widget\" data-widget_type=\"image.default\">\n\t\t\t\t<div class=\"elementor-widget-container\">\n\t\t\t\t\t\t\t\t\t\t\t\t\t\t\t<img width=\"768\" height=\"1151\" src=\"https:\/\/portaleducacao.guarulhos.sp.gov.br\/wp_site\/semanadobrincar2025\/wp-content\/uploads\/sites\/40\/2025\/05\/elementos-page_foto--768x1151.png\" class=\"attachment-medium_large size-medium_large wp-image-207\" alt=\"\" loading=\"lazy\" srcset=\"https:\/\/portaleducacao.guarulhos.sp.gov.br\/wp_site\/semanadobrincar2025\/wp-content\/uploads\/sites\/40\/2025\/05\/elementos-page_foto--768x1151.png 768w, https:\/\/portaleducacao.guarulhos.sp.gov.br\/wp_site\/semanadobrincar2025\/wp-content\/uploads\/sites\/40\/2025\/05\/elementos-page_foto--200x300.png 200w, https:\/\/portaleducacao.guarulhos.sp.gov.br\/wp_site\/semanadobrincar2025\/wp-content\/uploads\/sites\/40\/2025\/05\/elementos-page_foto--683x1024.png 683w, https:\/\/portaleducacao.guarulhos.sp.gov.br\/wp_site\/semanadobrincar2025\/wp-content\/uploads\/sites\/40\/2025\/05\/elementos-page_foto--1025x1536.png 1025w, https:\/\/portaleducacao.guarulhos.sp.gov.br\/wp_site\/semanadobrincar2025\/wp-content\/uploads\/sites\/40\/2025\/05\/elementos-page_foto-.png 1198w\" sizes=\"(max-width: 768px) 100vw, 768px\" \/>\t\t\t\t\t\t\t\t\t\t\t\t\t\t\t<\/div>\n\t\t\t\t<\/div>\n\t\t\t\t\t<\/div>\n\t\t<\/div>\n\t\t\t\t<div class=\"elementor-column elementor-col-66 elementor-top-column elementor-element elementor-element-df326aa\" data-id=\"df326aa\" data-element_type=\"column\" data-settings=\"{&quot;background_background&quot;:&quot;classic&quot;}\">\n\t\t\t<div class=\"elementor-widget-wrap elementor-element-populated\">\n\t\t\t\t\t\t\t\t<div class=\"elementor-element elementor-element-58a2a6c elementor-widget__width-initial elementor-hidden-desktop elementor-hidden-tablet elementor-widget elementor-widget-text-editor\" data-id=\"58a2a6c\" data-element_type=\"widget\" data-widget_type=\"text-editor.default\">\n\t\t\t\t<div class=\"elementor-widget-container\">\n\t\t\t\t\t\t\t<p>\u00c9 com grande alegria que anunciamos a Semana Mundial do Brincar de 2025, que acontecer\u00e1 entre os dias 24 de maio e 01 de junho de 2025. Neste ano, a Alian\u00e7a pela Inf\u00e2ncia apresenta como tema \u201cProteger o Encantamento das Inf\u00e2ncias\u201d, que nos convida a reencantar o nosso olhar para inf\u00e2ncia, respeitando aos tempos e ritmos de cada crian\u00e7a.<\/p>\n<p>Proteger o encantamento das inf\u00e2ncias \u00e9 um compromisso de todas e todos. Promovendo ambientes seguros e encantadores, cultivando as melhores condi\u00e7\u00f5es para que a inf\u00e2ncia flores\u00e7a.<\/p>\n<p>E com respeito e valoriza\u00e7\u00e3o dos tempos e espa\u00e7os para o brincar livre reconhecendo a inf\u00e2ncia como um tempo de experiencias \u00fanicas.<\/p>\n<p>Nesse sentido, convidamos a todas e todos para revisitar sua inf\u00e2ncia: Que mem\u00f3rias voc\u00ea tem? Lugares que foram cen\u00e1rio para brincadeiras,<\/p>\n<p>intera\u00e7\u00f5es, descobertas, amizades&#8230; Como foi essa experi\u00eancia?<\/p>\n<p>Vamos juntos potencializar o brincar!?<\/p>\t\t\t\t\t\t<\/div>\n\t\t\t\t<\/div>\n\t\t\t\t\t<\/div>\n\t\t<\/div>\n\t\t\t\t<div class=\"elementor-column elementor-col-16 elementor-top-column elementor-element elementor-element-68c454f\" data-id=\"68c454f\" data-element_type=\"column\">\n\t\t\t<div class=\"elementor-widget-wrap\">\n\t\t\t\t\t\t\t\t\t<\/div>\n\t\t<\/div>\n\t\t\t\t\t\t\t<\/div>\n\t\t<\/section>\n\t\t\t\t<section class=\"elementor-section elementor-top-section elementor-element elementor-element-7761712 elementor-section-boxed elementor-section-height-default elementor-section-height-default\" data-id=\"7761712\" data-element_type=\"section\">\n\t\t\t\t\t\t<div class=\"elementor-container elementor-column-gap-default\">\n\t\t\t\t\t<div class=\"elementor-column elementor-col-100 elementor-top-column elementor-element elementor-element-e50f9e4\" data-id=\"e50f9e4\" data-element_type=\"column\">\n\t\t\t<div class=\"elementor-widget-wrap elementor-element-populated\">\n\t\t\t\t\t\t\t\t<div class=\"elementor-element elementor-element-d52efa2 elementor-hidden-mobile elementor-widget elementor-widget-spacer\" data-id=\"d52efa2\" data-element_type=\"widget\" data-widget_type=\"spacer.default\">\n\t\t\t\t<div class=\"elementor-widget-container\">\n\t\t\t\t\t<div class=\"elementor-spacer\">\n\t\t\t<div class=\"elementor-spacer-inner\"><\/div>\n\t\t<\/div>\n\t\t\t\t<\/div>\n\t\t\t\t<\/div>\n\t\t\t\t<div class=\"elementor-element elementor-element-0e89884 elementor-headline--style-rotate elementor-widget elementor-widget-animated-headline\" data-id=\"0e89884\" data-element_type=\"widget\" data-settings=\"{&quot;headline_style&quot;:&quot;rotate&quot;,&quot;animation_type&quot;:&quot;typing&quot;,&quot;rotate_iteration_delay&quot;:2500}\" data-widget_type=\"animated-headline.default\">\n\t\t\t\t<div class=\"elementor-widget-container\">\n\t\t\t<link rel=\"stylesheet\" href=\"https:\/\/portaleducacao.guarulhos.sp.gov.br\/wp_site\/semanadobrincar2025\/wp-content\/plugins\/elementor-pro\/assets\/css\/widget-animated-headline.min.css\">\t\t<h5 class=\"elementor-headline elementor-headline-animation-type-typing elementor-headline-letters\">\n\t\t\t\t\t<span class=\"elementor-headline-plain-text elementor-headline-text-wrapper\">Durante a semana socialize nas redes sociais como est\u00e3o acontecendo as atividades l\u00fadicas, usando a hashtag <\/span>\n\t\t\t\t<span class=\"elementor-headline-dynamic-wrapper elementor-headline-text-wrapper\">\n\t\t\t\t<\/span>\n\t\t\t\t<\/h5>\n\t\t\t\t<\/div>\n\t\t\t\t<\/div>\n\t\t\t\t<div class=\"elementor-element elementor-element-de92b2e elementor-hidden-mobile elementor-headline--style-highlight elementor-widget elementor-widget-animated-headline\" data-id=\"de92b2e\" data-element_type=\"widget\" data-settings=\"{&quot;marker&quot;:&quot;double_underline&quot;,&quot;highlighted_text&quot;:&quot;# brincarGru2025&quot;,&quot;highlight_animation_duration&quot;:1225,&quot;headline_style&quot;:&quot;highlight&quot;}\" data-widget_type=\"animated-headline.default\">\n\t\t\t\t<div class=\"elementor-widget-container\">\n\t\t\t\t\t<h5 class=\"elementor-headline\">\n\t\t\t\t<span class=\"elementor-headline-dynamic-wrapper elementor-headline-text-wrapper\">\n\t\t\t\t\t<span class=\"elementor-headline-dynamic-text elementor-headline-text-active\"># brincarGru2025<\/span>\n\t\t\t\t<\/span>\n\t\t\t\t<\/h5>\n\t\t\t\t<\/div>\n\t\t\t\t<\/div>\n\t\t\t\t<div class=\"elementor-element elementor-element-40a3c07 elementor-hidden-desktop elementor-hidden-tablet elementor-headline--style-highlight elementor-widget elementor-widget-animated-headline\" data-id=\"40a3c07\" data-element_type=\"widget\" data-settings=\"{&quot;marker&quot;:&quot;double_underline&quot;,&quot;highlighted_text&quot;:&quot;# brincarGru2025&quot;,&quot;highlight_animation_duration&quot;:1225,&quot;headline_style&quot;:&quot;highlight&quot;}\" data-widget_type=\"animated-headline.default\">\n\t\t\t\t<div class=\"elementor-widget-container\">\n\t\t\t\t\t<h5 class=\"elementor-headline\">\n\t\t\t\t<span class=\"elementor-headline-dynamic-wrapper elementor-headline-text-wrapper\">\n\t\t\t\t\t<span class=\"elementor-headline-dynamic-text elementor-headline-text-active\"># brincarGru2025<\/span>\n\t\t\t\t<\/span>\n\t\t\t\t<\/h5>\n\t\t\t\t<\/div>\n\t\t\t\t<\/div>\n\t\t\t\t<div class=\"elementor-element elementor-element-0411db3 elementor-widget elementor-widget-spacer\" data-id=\"0411db3\" data-element_type=\"widget\" data-widget_type=\"spacer.default\">\n\t\t\t\t<div class=\"elementor-widget-container\">\n\t\t\t\t\t<div class=\"elementor-spacer\">\n\t\t\t<div class=\"elementor-spacer-inner\"><\/div>\n\t\t<\/div>\n\t\t\t\t<\/div>\n\t\t\t\t<\/div>\n\t\t\t\t\t<\/div>\n\t\t<\/div>\n\t\t\t\t\t\t\t<\/div>\n\t\t<\/section>\n\t\t\t\t<section class=\"elementor-section elementor-top-section elementor-element elementor-element-481f0ea elementor-section-boxed elementor-section-height-default elementor-section-height-default\" data-id=\"481f0ea\" data-element_type=\"section\" data-settings=\"{&quot;background_background&quot;:&quot;classic&quot;}\">\n\t\t\t\t\t\t<div class=\"elementor-container elementor-column-gap-default\">\n\t\t\t\t\t<div class=\"elementor-column elementor-col-16 elementor-top-column elementor-element elementor-element-1a2ff30\" data-id=\"1a2ff30\" data-element_type=\"column\">\n\t\t\t<div class=\"elementor-widget-wrap elementor-element-populated\">\n\t\t\t\t\t\t\t\t<div class=\"elementor-element elementor-element-c5fd170 elementor-widget__width-initial elementor-widget elementor-widget-image\" data-id=\"c5fd170\" data-element_type=\"widget\" data-widget_type=\"image.default\">\n\t\t\t\t<div class=\"elementor-widget-container\">\n\t\t\t\t\t\t\t\t\t\t\t\t\t\t\t<img width=\"1024\" height=\"462\" src=\"https:\/\/portaleducacao.guarulhos.sp.gov.br\/wp_site\/semanadobrincar2025\/wp-content\/uploads\/sites\/40\/2025\/05\/teste-noticias-2-1024x462.png\" class=\"attachment-large size-large wp-image-497\" alt=\"\" loading=\"lazy\" srcset=\"https:\/\/portaleducacao.guarulhos.sp.gov.br\/wp_site\/semanadobrincar2025\/wp-content\/uploads\/sites\/40\/2025\/05\/teste-noticias-2-1024x462.png 1024w, https:\/\/portaleducacao.guarulhos.sp.gov.br\/wp_site\/semanadobrincar2025\/wp-content\/uploads\/sites\/40\/2025\/05\/teste-noticias-2-300x135.png 300w, https:\/\/portaleducacao.guarulhos.sp.gov.br\/wp_site\/semanadobrincar2025\/wp-content\/uploads\/sites\/40\/2025\/05\/teste-noticias-2-768x346.png 768w, https:\/\/portaleducacao.guarulhos.sp.gov.br\/wp_site\/semanadobrincar2025\/wp-content\/uploads\/sites\/40\/2025\/05\/teste-noticias-2-1536x692.png 1536w, https:\/\/portaleducacao.guarulhos.sp.gov.br\/wp_site\/semanadobrincar2025\/wp-content\/uploads\/sites\/40\/2025\/05\/teste-noticias-2.png 1673w\" sizes=\"(max-width: 1024px) 100vw, 1024px\" \/>\t\t\t\t\t\t\t\t\t\t\t\t\t\t\t<\/div>\n\t\t\t\t<\/div>\n\t\t\t\t\t<\/div>\n\t\t<\/div>\n\t\t\t\t<div class=\"elementor-column elementor-col-66 elementor-top-column elementor-element elementor-element-cc1b028\" data-id=\"cc1b028\" data-element_type=\"column\">\n\t\t\t<div class=\"elementor-widget-wrap\">\n\t\t\t\t\t\t\t\t\t<\/div>\n\t\t<\/div>\n\t\t\t\t<div class=\"elementor-column elementor-col-16 elementor-top-column elementor-element elementor-element-f17a8e9\" data-id=\"f17a8e9\" data-element_type=\"column\">\n\t\t\t<div class=\"elementor-widget-wrap\">\n\t\t\t\t\t\t\t\t\t<\/div>\n\t\t<\/div>\n\t\t\t\t\t\t\t<\/div>\n\t\t<\/section>\n\t\t\t\t<section class=\"elementor-section elementor-top-section elementor-element elementor-element-cb76228 elementor-section-boxed elementor-section-height-default elementor-section-height-default\" data-id=\"cb76228\" data-element_type=\"section\">\n\t\t\t\t\t\t<div class=\"elementor-container elementor-column-gap-default\">\n\t\t\t\t\t<div class=\"elementor-column elementor-col-100 elementor-top-column elementor-element elementor-element-ef7283c\" data-id=\"ef7283c\" data-element_type=\"column\">\n\t\t\t<div class=\"elementor-widget-wrap elementor-element-populated\">\n\t\t\t\t\t\t\t\t<div class=\"elementor-element elementor-element-4ad77bd elementor-widget elementor-widget-spacer\" data-id=\"4ad77bd\" data-element_type=\"widget\" data-widget_type=\"spacer.default\">\n\t\t\t\t<div class=\"elementor-widget-container\">\n\t\t\t\t\t<div class=\"elementor-spacer\">\n\t\t\t<div class=\"elementor-spacer-inner\"><\/div>\n\t\t<\/div>\n\t\t\t\t<\/div>\n\t\t\t\t<\/div>\n\t\t\t\t\t<\/div>\n\t\t<\/div>\n\t\t\t\t\t\t\t<\/div>\n\t\t<\/section>\n\t\t\t\t<section class=\"elementor-section elementor-top-section elementor-element elementor-element-e57cac7 auto-rotate-post elementor-section-boxed elementor-section-height-default elementor-section-height-default\" data-id=\"e57cac7\" data-element_type=\"section\" id=\"auto-rotate-post\">\n\t\t\t\t\t\t<div class=\"elementor-container elementor-column-gap-custom\">\n\t\t\t\t\t<div class=\"elementor-column elementor-col-100 elementor-top-column elementor-element elementor-element-c85b8c9\" data-id=\"c85b8c9\" data-element_type=\"column\">\n\t\t\t<div class=\"elementor-widget-wrap elementor-element-populated\">\n\t\t\t\t\t\t\t\t<div class=\"elementor-element elementor-element-9d91a96 elementor-widget__width-initial auto-rotate-post elementor-grid-3 elementor-grid-tablet-2 elementor-grid-mobile-1 elementor-posts--thumbnail-top elementor-card-shadow-yes elementor-posts__hover-gradient elementor-widget elementor-widget-posts\" data-id=\"9d91a96\" data-element_type=\"widget\" id=\"auto-rotate-post\" data-settings=\"{&quot;cards_masonry&quot;:&quot;yes&quot;,&quot;cards_row_gap&quot;:{&quot;unit&quot;:&quot;px&quot;,&quot;size&quot;:38,&quot;sizes&quot;:[]},&quot;cards_columns&quot;:&quot;3&quot;,&quot;cards_columns_tablet&quot;:&quot;2&quot;,&quot;cards_columns_mobile&quot;:&quot;1&quot;,&quot;cards_row_gap_tablet&quot;:{&quot;unit&quot;:&quot;px&quot;,&quot;size&quot;:&quot;&quot;,&quot;sizes&quot;:[]},&quot;cards_row_gap_mobile&quot;:{&quot;unit&quot;:&quot;px&quot;,&quot;size&quot;:&quot;&quot;,&quot;sizes&quot;:[]}}\" data-widget_type=\"posts.cards\">\n\t\t\t\t<div class=\"elementor-widget-container\">\n\t\t\t<link rel=\"stylesheet\" href=\"https:\/\/portaleducacao.guarulhos.sp.gov.br\/wp_site\/semanadobrincar2025\/wp-content\/plugins\/elementor-pro\/assets\/css\/widget-posts.min.css\">\t\t<div class=\"elementor-posts-container elementor-posts elementor-posts--skin-cards elementor-grid\">\n\t\t\t\t<article class=\"elementor-post elementor-grid-item post-1238 post type-post status-publish format-standard has-post-thumbnail hentry category-noticias\">\n\t\t\t<div class=\"elementor-post__card\">\n\t\t\t\t<a class=\"elementor-post__thumbnail__link\" href=\"https:\/\/portaleducacao.guarulhos.sp.gov.br\/wp_site\/semanadobrincar2025\/2025\/06\/05\/alunos-da-epg-walter-efigenio-convidam-adultos-para-brincar-e-celebram-a-alegria\/\" ><div class=\"elementor-post__thumbnail\"><img width=\"1600\" height=\"1200\" src=\"https:\/\/portaleducacao.guarulhos.sp.gov.br\/wp_site\/semanadobrincar2025\/wp-content\/uploads\/sites\/40\/2025\/06\/fcab05f3-4f38-495d-95f4-18252618b133-1.jpeg\" class=\"attachment-full size-full wp-image-1242\" alt=\"\" loading=\"lazy\" srcset=\"https:\/\/portaleducacao.guarulhos.sp.gov.br\/wp_site\/semanadobrincar2025\/wp-content\/uploads\/sites\/40\/2025\/06\/fcab05f3-4f38-495d-95f4-18252618b133-1.jpeg 1600w, https:\/\/portaleducacao.guarulhos.sp.gov.br\/wp_site\/semanadobrincar2025\/wp-content\/uploads\/sites\/40\/2025\/06\/fcab05f3-4f38-495d-95f4-18252618b133-1-300x225.jpeg 300w, https:\/\/portaleducacao.guarulhos.sp.gov.br\/wp_site\/semanadobrincar2025\/wp-content\/uploads\/sites\/40\/2025\/06\/fcab05f3-4f38-495d-95f4-18252618b133-1-1024x768.jpeg 1024w, https:\/\/portaleducacao.guarulhos.sp.gov.br\/wp_site\/semanadobrincar2025\/wp-content\/uploads\/sites\/40\/2025\/06\/fcab05f3-4f38-495d-95f4-18252618b133-1-768x576.jpeg 768w, https:\/\/portaleducacao.guarulhos.sp.gov.br\/wp_site\/semanadobrincar2025\/wp-content\/uploads\/sites\/40\/2025\/06\/fcab05f3-4f38-495d-95f4-18252618b133-1-1536x1152.jpeg 1536w\" sizes=\"(max-width: 1600px) 100vw, 1600px\" \/><\/div><\/a>\n\t\t\t\t<div class=\"elementor-post__text\">\n\t\t\t\t<h3 class=\"elementor-post__title\">\n\t\t\t<a href=\"https:\/\/portaleducacao.guarulhos.sp.gov.br\/wp_site\/semanadobrincar2025\/2025\/06\/05\/alunos-da-epg-walter-efigenio-convidam-adultos-para-brincar-e-celebram-a-alegria\/\" >\n\t\t\t\tAlunos da EPG Walter Efig\u00eanio convidam adultos para brincar e celebram a alegria\t\t\t<\/a>\n\t\t<\/h3>\n\t\t\n\t\t<a class=\"elementor-post__read-more\" href=\"https:\/\/portaleducacao.guarulhos.sp.gov.br\/wp_site\/semanadobrincar2025\/2025\/06\/05\/alunos-da-epg-walter-efigenio-convidam-adultos-para-brincar-e-celebram-a-alegria\/\" aria-label=\"Read more about Alunos da EPG Walter Efig\u00eanio convidam adultos para brincar e celebram a alegria\" >\n\t\t\tsaiba mais\t\t<\/a>\n\n\t\t\t\t<\/div>\n\t\t\t\t\t<\/div>\n\t\t<\/article>\n\t\t\t\t<article class=\"elementor-post elementor-grid-item post-1235 post type-post status-publish format-standard has-post-thumbnail hentry category-noticias\">\n\t\t\t<div class=\"elementor-post__card\">\n\t\t\t\t<a class=\"elementor-post__thumbnail__link\" href=\"https:\/\/portaleducacao.guarulhos.sp.gov.br\/wp_site\/semanadobrincar2025\/2025\/06\/05\/semana-mundial-do-brincar-mobiliza-mais-de-115-mil-estudantes-com-alegria-e-integracao\/\" ><div class=\"elementor-post__thumbnail\"><img width=\"1600\" height=\"1066\" src=\"https:\/\/portaleducacao.guarulhos.sp.gov.br\/wp_site\/semanadobrincar2025\/wp-content\/uploads\/sites\/40\/2025\/06\/caaa7e1b-1c15-4d6a-949d-a50491f2087d.jpeg\" class=\"attachment-full size-full wp-image-1236\" alt=\"\" loading=\"lazy\" srcset=\"https:\/\/portaleducacao.guarulhos.sp.gov.br\/wp_site\/semanadobrincar2025\/wp-content\/uploads\/sites\/40\/2025\/06\/caaa7e1b-1c15-4d6a-949d-a50491f2087d.jpeg 1600w, https:\/\/portaleducacao.guarulhos.sp.gov.br\/wp_site\/semanadobrincar2025\/wp-content\/uploads\/sites\/40\/2025\/06\/caaa7e1b-1c15-4d6a-949d-a50491f2087d-300x200.jpeg 300w, https:\/\/portaleducacao.guarulhos.sp.gov.br\/wp_site\/semanadobrincar2025\/wp-content\/uploads\/sites\/40\/2025\/06\/caaa7e1b-1c15-4d6a-949d-a50491f2087d-1024x682.jpeg 1024w, https:\/\/portaleducacao.guarulhos.sp.gov.br\/wp_site\/semanadobrincar2025\/wp-content\/uploads\/sites\/40\/2025\/06\/caaa7e1b-1c15-4d6a-949d-a50491f2087d-768x512.jpeg 768w, https:\/\/portaleducacao.guarulhos.sp.gov.br\/wp_site\/semanadobrincar2025\/wp-content\/uploads\/sites\/40\/2025\/06\/caaa7e1b-1c15-4d6a-949d-a50491f2087d-1536x1023.jpeg 1536w\" sizes=\"(max-width: 1600px) 100vw, 1600px\" \/><\/div><\/a>\n\t\t\t\t<div class=\"elementor-post__text\">\n\t\t\t\t<h3 class=\"elementor-post__title\">\n\t\t\t<a href=\"https:\/\/portaleducacao.guarulhos.sp.gov.br\/wp_site\/semanadobrincar2025\/2025\/06\/05\/semana-mundial-do-brincar-mobiliza-mais-de-115-mil-estudantes-com-alegria-e-integracao\/\" >\n\t\t\t\tSemana Mundial do Brincar mobiliza mais de 115 mil estudantes com alegria e integra\u00e7\u00e3o\t\t\t<\/a>\n\t\t<\/h3>\n\t\t\n\t\t<a class=\"elementor-post__read-more\" href=\"https:\/\/portaleducacao.guarulhos.sp.gov.br\/wp_site\/semanadobrincar2025\/2025\/06\/05\/semana-mundial-do-brincar-mobiliza-mais-de-115-mil-estudantes-com-alegria-e-integracao\/\" aria-label=\"Read more about Semana Mundial do Brincar mobiliza mais de 115 mil estudantes com alegria e integra\u00e7\u00e3o\" >\n\t\t\tsaiba mais\t\t<\/a>\n\n\t\t\t\t<\/div>\n\t\t\t\t\t<\/div>\n\t\t<\/article>\n\t\t\t\t<article class=\"elementor-post elementor-grid-item post-1128 post type-post status-publish format-standard has-post-thumbnail hentry category-noticias\">\n\t\t\t<div class=\"elementor-post__card\">\n\t\t\t\t<a class=\"elementor-post__thumbnail__link\" href=\"https:\/\/portaleducacao.guarulhos.sp.gov.br\/wp_site\/semanadobrincar2025\/2025\/05\/30\/acao-formativa-aborda-a-importancia-do-brincar-e-da-musicalizacao-na-infancia\/\" ><div class=\"elementor-post__thumbnail\"><img width=\"1120\" height=\"720\" src=\"https:\/\/portaleducacao.guarulhos.sp.gov.br\/wp_site\/semanadobrincar2025\/wp-content\/uploads\/sites\/40\/2025\/05\/55ea5b80-c650-4456-83f8-d682d80263f5-e1748863540116.jpeg\" class=\"attachment-full size-full wp-image-1131\" alt=\"\" loading=\"lazy\" srcset=\"https:\/\/portaleducacao.guarulhos.sp.gov.br\/wp_site\/semanadobrincar2025\/wp-content\/uploads\/sites\/40\/2025\/05\/55ea5b80-c650-4456-83f8-d682d80263f5-e1748863540116.jpeg 1120w, https:\/\/portaleducacao.guarulhos.sp.gov.br\/wp_site\/semanadobrincar2025\/wp-content\/uploads\/sites\/40\/2025\/05\/55ea5b80-c650-4456-83f8-d682d80263f5-e1748863540116-300x193.jpeg 300w, https:\/\/portaleducacao.guarulhos.sp.gov.br\/wp_site\/semanadobrincar2025\/wp-content\/uploads\/sites\/40\/2025\/05\/55ea5b80-c650-4456-83f8-d682d80263f5-e1748863540116-1024x658.jpeg 1024w, https:\/\/portaleducacao.guarulhos.sp.gov.br\/wp_site\/semanadobrincar2025\/wp-content\/uploads\/sites\/40\/2025\/05\/55ea5b80-c650-4456-83f8-d682d80263f5-e1748863540116-768x494.jpeg 768w\" sizes=\"(max-width: 1120px) 100vw, 1120px\" \/><\/div><\/a>\n\t\t\t\t<div class=\"elementor-post__text\">\n\t\t\t\t<h3 class=\"elementor-post__title\">\n\t\t\t<a href=\"https:\/\/portaleducacao.guarulhos.sp.gov.br\/wp_site\/semanadobrincar2025\/2025\/05\/30\/acao-formativa-aborda-a-importancia-do-brincar-e-da-musicalizacao-na-infancia\/\" >\n\t\t\t\tA\u00e7\u00e3o formativa aborda a import\u00e2ncia do brincar e da musicaliza\u00e7\u00e3o na inf\u00e2ncia\t\t\t<\/a>\n\t\t<\/h3>\n\t\t\n\t\t<a class=\"elementor-post__read-more\" href=\"https:\/\/portaleducacao.guarulhos.sp.gov.br\/wp_site\/semanadobrincar2025\/2025\/05\/30\/acao-formativa-aborda-a-importancia-do-brincar-e-da-musicalizacao-na-infancia\/\" aria-label=\"Read more about A\u00e7\u00e3o formativa aborda a import\u00e2ncia do brincar e da musicaliza\u00e7\u00e3o na inf\u00e2ncia\" >\n\t\t\tsaiba mais\t\t<\/a>\n\n\t\t\t\t<\/div>\n\t\t\t\t\t<\/div>\n\t\t<\/article>\n\t\t\t\t<\/div>\n\t\t\n\t\t\t\t<\/div>\n\t\t\t\t<\/div>\n\t\t\t\t<div class=\"elementor-element elementor-element-b0a15be elementor-widget elementor-widget-spacer\" data-id=\"b0a15be\" data-element_type=\"widget\" data-widget_type=\"spacer.default\">\n\t\t\t\t<div class=\"elementor-widget-container\">\n\t\t\t\t\t<div class=\"elementor-spacer\">\n\t\t\t<div class=\"elementor-spacer-inner\"><\/div>\n\t\t<\/div>\n\t\t\t\t<\/div>\n\t\t\t\t<\/div>\n\t\t\t\t<div class=\"elementor-element elementor-element-2482c56 elementor-align-center elementor-widget elementor-widget-button\" data-id=\"2482c56\" data-element_type=\"widget\" data-widget_type=\"button.default\">\n\t\t\t\t<div class=\"elementor-widget-container\">\n\t\t\t\t\t<div class=\"elementor-button-wrapper\">\n\t\t\t<a href=\"https:\/\/portaleducacao.guarulhos.sp.gov.br\/wp_site\/semanadobrincar2025\/noticias\/\" class=\"elementor-button-link elementor-button elementor-size-sm\" role=\"button\">\n\t\t\t\t\t\t<span class=\"elementor-button-content-wrapper\">\n\t\t\t\t\t\t<span class=\"elementor-button-text\">Clique aqui para ver outras not\u00edcias<\/span>\n\t\t<\/span>\n\t\t\t\t\t<\/a>\n\t\t<\/div>\n\t\t\t\t<\/div>\n\t\t\t\t<\/div>\n\t\t\t\t\t<\/div>\n\t\t<\/div>\n\t\t\t\t\t\t\t<\/div>\n\t\t<\/section>\n\t\t\t\t<section class=\"elementor-section elementor-top-section elementor-element elementor-element-e43b624 elementor-section-boxed elementor-section-height-default elementor-section-height-default\" data-id=\"e43b624\" data-element_type=\"section\">\n\t\t\t\t\t\t<div class=\"elementor-container elementor-column-gap-default\">\n\t\t\t\t\t<div class=\"elementor-column elementor-col-100 elementor-top-column elementor-element elementor-element-c29c1e9\" data-id=\"c29c1e9\" data-element_type=\"column\">\n\t\t\t<div class=\"elementor-widget-wrap elementor-element-populated\">\n\t\t\t\t\t\t\t\t<div class=\"elementor-element elementor-element-df05951 elementor-widget elementor-widget-spacer\" data-id=\"df05951\" data-element_type=\"widget\" data-widget_type=\"spacer.default\">\n\t\t\t\t<div class=\"elementor-widget-container\">\n\t\t\t\t\t<div class=\"elementor-spacer\">\n\t\t\t<div class=\"elementor-spacer-inner\"><\/div>\n\t\t<\/div>\n\t\t\t\t<\/div>\n\t\t\t\t<\/div>\n\t\t\t\t\t<\/div>\n\t\t<\/div>\n\t\t\t\t\t\t\t<\/div>\n\t\t<\/section>\n\t\t\t\t<section class=\"elementor-section elementor-top-section elementor-element elementor-element-90ccbd4 elementor-section-boxed elementor-section-height-default elementor-section-height-default\" data-id=\"90ccbd4\" data-element_type=\"section\">\n\t\t\t\t\t\t<div class=\"elementor-container elementor-column-gap-default\">\n\t\t\t\t\t<div class=\"elementor-column elementor-col-33 elementor-top-column elementor-element elementor-element-3ec7bae\" data-id=\"3ec7bae\" data-element_type=\"column\">\n\t\t\t<div class=\"elementor-widget-wrap elementor-element-populated\">\n\t\t\t\t\t\t\t\t<div class=\"elementor-element elementor-element-b8829bb elementor-widget elementor-widget-image\" data-id=\"b8829bb\" data-element_type=\"widget\" data-widget_type=\"image.default\">\n\t\t\t\t<div class=\"elementor-widget-container\">\n\t\t\t\t\t\t\t\t\t\t\t\t\t\t\t<img width=\"1024\" height=\"461\" src=\"https:\/\/portaleducacao.guarulhos.sp.gov.br\/wp_site\/semanadobrincar2025\/wp-content\/uploads\/sites\/40\/2025\/05\/Ativo-7-1-1024x461.png\" class=\"attachment-large size-large wp-image-849\" alt=\"\" loading=\"lazy\" srcset=\"https:\/\/portaleducacao.guarulhos.sp.gov.br\/wp_site\/semanadobrincar2025\/wp-content\/uploads\/sites\/40\/2025\/05\/Ativo-7-1-1024x461.png 1024w, https:\/\/portaleducacao.guarulhos.sp.gov.br\/wp_site\/semanadobrincar2025\/wp-content\/uploads\/sites\/40\/2025\/05\/Ativo-7-1-300x135.png 300w, https:\/\/portaleducacao.guarulhos.sp.gov.br\/wp_site\/semanadobrincar2025\/wp-content\/uploads\/sites\/40\/2025\/05\/Ativo-7-1-768x346.png 768w, https:\/\/portaleducacao.guarulhos.sp.gov.br\/wp_site\/semanadobrincar2025\/wp-content\/uploads\/sites\/40\/2025\/05\/Ativo-7-1-1536x691.png 1536w, https:\/\/portaleducacao.guarulhos.sp.gov.br\/wp_site\/semanadobrincar2025\/wp-content\/uploads\/sites\/40\/2025\/05\/Ativo-7-1.png 1673w\" sizes=\"(max-width: 1024px) 100vw, 1024px\" \/>\t\t\t\t\t\t\t\t\t\t\t\t\t\t\t<\/div>\n\t\t\t\t<\/div>\n\t\t\t\t\t<\/div>\n\t\t<\/div>\n\t\t\t\t<div class=\"elementor-column elementor-col-33 elementor-top-column elementor-element elementor-element-e4197f2\" data-id=\"e4197f2\" data-element_type=\"column\">\n\t\t\t<div class=\"elementor-widget-wrap\">\n\t\t\t\t\t\t\t\t\t<\/div>\n\t\t<\/div>\n\t\t\t\t<div class=\"elementor-column elementor-col-33 elementor-top-column elementor-element elementor-element-a81cef4\" data-id=\"a81cef4\" data-element_type=\"column\">\n\t\t\t<div class=\"elementor-widget-wrap\">\n\t\t\t\t\t\t\t\t\t<\/div>\n\t\t<\/div>\n\t\t\t\t\t\t\t<\/div>\n\t\t<\/section>\n\t\t\t\t<section class=\"elementor-section elementor-top-section elementor-element elementor-element-4644df3 elementor-section-boxed elementor-section-height-default elementor-section-height-default\" data-id=\"4644df3\" data-element_type=\"section\">\n\t\t\t\t\t\t<div class=\"elementor-container elementor-column-gap-default\">\n\t\t\t\t\t<div class=\"elementor-column elementor-col-100 elementor-top-column elementor-element elementor-element-eb959b7\" data-id=\"eb959b7\" data-element_type=\"column\">\n\t\t\t<div class=\"elementor-widget-wrap elementor-element-populated\">\n\t\t\t\t\t\t\t\t<div class=\"elementor-element elementor-element-c0cf946 elementor-widget elementor-widget-spacer\" data-id=\"c0cf946\" data-element_type=\"widget\" data-widget_type=\"spacer.default\">\n\t\t\t\t<div class=\"elementor-widget-container\">\n\t\t\t\t\t<div class=\"elementor-spacer\">\n\t\t\t<div class=\"elementor-spacer-inner\"><\/div>\n\t\t<\/div>\n\t\t\t\t<\/div>\n\t\t\t\t<\/div>\n\t\t\t\t\t<\/div>\n\t\t<\/div>\n\t\t\t\t\t\t\t<\/div>\n\t\t<\/section>\n\t\t\t\t<section class=\"elementor-section elementor-top-section elementor-element elementor-element-79573db elementor-section-boxed elementor-section-height-default elementor-section-height-default\" data-id=\"79573db\" data-element_type=\"section\">\n\t\t\t\t\t\t<div class=\"elementor-container elementor-column-gap-default\">\n\t\t\t\t\t<div class=\"elementor-column elementor-col-100 elementor-top-column elementor-element elementor-element-ed2249b\" data-id=\"ed2249b\" data-element_type=\"column\">\n\t\t\t<div class=\"elementor-widget-wrap elementor-element-populated\">\n\t\t\t\t\t\t\t\t<div class=\"elementor-element elementor-element-c04e26e elementor-widget elementor-widget-gallery\" data-id=\"c04e26e\" data-element_type=\"widget\" data-settings=\"{&quot;gallery_layout&quot;:&quot;justified&quot;,&quot;overlay_title&quot;:&quot;title&quot;,&quot;background_overlay_hover_animation&quot;:&quot;enter-zoom-out&quot;,&quot;ideal_row_height&quot;:{&quot;unit&quot;:&quot;px&quot;,&quot;size&quot;:234,&quot;sizes&quot;:[]},&quot;lazyload&quot;:&quot;yes&quot;,&quot;ideal_row_height_tablet&quot;:{&quot;unit&quot;:&quot;px&quot;,&quot;size&quot;:150,&quot;sizes&quot;:[]},&quot;ideal_row_height_mobile&quot;:{&quot;unit&quot;:&quot;px&quot;,&quot;size&quot;:150,&quot;sizes&quot;:[]},&quot;gap&quot;:{&quot;unit&quot;:&quot;px&quot;,&quot;size&quot;:10,&quot;sizes&quot;:[]},&quot;gap_tablet&quot;:{&quot;unit&quot;:&quot;px&quot;,&quot;size&quot;:10,&quot;sizes&quot;:[]},&quot;gap_mobile&quot;:{&quot;unit&quot;:&quot;px&quot;,&quot;size&quot;:10,&quot;sizes&quot;:[]},&quot;link_to&quot;:&quot;file&quot;,&quot;show_all_galleries&quot;:&quot;yes&quot;,&quot;overlay_background&quot;:&quot;yes&quot;,&quot;content_hover_animation&quot;:&quot;fade-in&quot;}\" data-widget_type=\"gallery.default\">\n\t\t\t\t<div class=\"elementor-widget-container\">\n\t\t\t<link rel=\"stylesheet\" href=\"https:\/\/portaleducacao.guarulhos.sp.gov.br\/wp_site\/semanadobrincar2025\/wp-content\/plugins\/elementor-pro\/assets\/css\/widget-nav-menu.min.css\"><style>\/*! elementor-pro - v3.11.1 - 15-02-2023 *\/\n.elementor-gallery__container{min-height:1px}.elementor-gallery-item{position:relative;overflow:hidden;display:block;text-decoration:none;border:solid var(--image-border-width) var(--image-border-color);border-radius:var(--image-border-radius)}.elementor-gallery-item__content,.elementor-gallery-item__overlay{height:100%;width:100%;position:absolute;top:0;left:0}.elementor-gallery-item__overlay{mix-blend-mode:var(--overlay-mix-blend-mode);transition-duration:var(--overlay-transition-duration);transition-property:mix-blend-mode,transform,opacity,background-color}.elementor-gallery-item__image.e-gallery-image{transition-duration:var(--image-transition-duration);transition-property:filter,transform}.elementor-gallery-item__content{display:flex;flex-direction:column;justify-content:var(--content-justify-content,center);align-items:center;text-align:var(--content-text-align);padding:var(--content-padding)}.elementor-gallery-item__content>div{transition-duration:var(--content-transition-duration)}.elementor-gallery-item__content.elementor-gallery--sequenced-animation>div:nth-child(2){transition-delay:calc(var(--content-transition-delay) \/ 3)}.elementor-gallery-item__content.elementor-gallery--sequenced-animation>div:nth-child(3){transition-delay:calc(var(--content-transition-delay) \/ 3 * 2)}.elementor-gallery-item__content.elementor-gallery--sequenced-animation>div:nth-child(4){transition-delay:calc(var(--content-transition-delay) \/ 3 * 3)}.elementor-gallery-item__description{color:var(--description-text-color,#fff);width:100%}.elementor-gallery-item__title{color:var(--title-text-color,#fff);font-weight:700;width:100%}.elementor-gallery__titles-container{display:flex;flex-wrap:wrap;justify-content:var(--titles-container-justify-content,center);margin-bottom:20px}.elementor-gallery__titles-container:not(.e--pointer-framed) .elementor-item:after,.elementor-gallery__titles-container:not(.e--pointer-framed) .elementor-item:before{background-color:var(--galleries-pointer-bg-color-hover)}.elementor-gallery__titles-container:not(.e--pointer-framed) .elementor-item.elementor-item-active:after,.elementor-gallery__titles-container:not(.e--pointer-framed) .elementor-item.elementor-item-active:before{background-color:var(--galleries-pointer-bg-color-active)}.elementor-gallery__titles-container.e--pointer-framed .elementor-item:before{border-color:var(--galleries-pointer-bg-color-hover);border-width:var(--galleries-pointer-border-width)}.elementor-gallery__titles-container.e--pointer-framed .elementor-item:after{border-color:var(--galleries-pointer-bg-color-hover)}.elementor-gallery__titles-container.e--pointer-framed .elementor-item.elementor-item-active:after,.elementor-gallery__titles-container.e--pointer-framed .elementor-item.elementor-item-active:before{border-color:var(--galleries-pointer-bg-color-active)}.elementor-gallery__titles-container.e--pointer-framed.e--animation-draw .elementor-item:before{border-left-width:var(--galleries-pointer-border-width);border-bottom-width:var(--galleries-pointer-border-width);border-right-width:0;border-top-width:0}.elementor-gallery__titles-container.e--pointer-framed.e--animation-draw .elementor-item:after{border-left-width:0;border-bottom-width:0;border-right-width:var(--galleries-pointer-border-width);border-top-width:var(--galleries-pointer-border-width)}.elementor-gallery__titles-container.e--pointer-framed.e--animation-corners .elementor-item:before{border-left-width:var(--galleries-pointer-border-width);border-bottom-width:0;border-right-width:0;border-top-width:var(--galleries-pointer-border-width)}.elementor-gallery__titles-container.e--pointer-framed.e--animation-corners .elementor-item:after{border-left-width:0;border-bottom-width:var(--galleries-pointer-border-width);border-right-width:var(--galleries-pointer-border-width);border-top-width:0}.elementor-gallery__titles-container .e--pointer-double-line .elementor-item:after,.elementor-gallery__titles-container .e--pointer-double-line .elementor-item:before,.elementor-gallery__titles-container .e--pointer-overline .elementor-item:before,.elementor-gallery__titles-container .e--pointer-underline .elementor-item:after{height:var(--galleries-pointer-border-width)}.elementor-gallery-title{--space-between:10px;cursor:pointer;color:#6d7882;font-weight:500;position:relative;padding:7px 14px;transition:all .3s}.elementor-gallery-title--active{color:#495157}.elementor-gallery-title:not(:last-child){margin-right:var(--space-between)}.elementor-gallery-item__title+.elementor-gallery-item__description{margin-top:var(--description-margin-top)}.e-gallery-item.elementor-gallery-item{transition-property:all}.e-gallery-item.elementor-animated-content .elementor-animated-item--enter-from-bottom,.e-gallery-item.elementor-animated-content .elementor-animated-item--enter-from-left,.e-gallery-item.elementor-animated-content .elementor-animated-item--enter-from-right,.e-gallery-item.elementor-animated-content .elementor-animated-item--enter-from-top,.e-gallery-item:hover .elementor-gallery__item-overlay-bg,.e-gallery-item:hover .elementor-gallery__item-overlay-content,.e-gallery-item:hover .elementor-gallery__item-overlay-content__description,.e-gallery-item:hover .elementor-gallery__item-overlay-content__title{opacity:1}a.elementor-item.elementor-gallery-title{color:var(--galleries-title-color-normal)}a.elementor-item.elementor-gallery-title.elementor-item-active,a.elementor-item.elementor-gallery-title.highlighted,a.elementor-item.elementor-gallery-title:focus,a.elementor-item.elementor-gallery-title:hover{color:var(--galleries-title-color-hover)}a.elementor-item.elementor-gallery-title.elementor-item-active{color:var(--gallery-title-color-active)}.e-con-inner>.elementor-widget-gallery,.e-con>.elementor-widget-gallery{width:var(--container-widget-width);--flex-grow:var(--container-widget-flex-grow)}<\/style>\t\t\t<div class=\"elementor-gallery__titles-container e--pointer-underline e--animation-fade\">\n\t\t\t\t\t\t\t\t\t<a data-gallery-index=\"all\" class=\"elementor-item elementor-gallery-title\">\n\t\t\t\t\t\tTodas as Imagens\t\t\t\t\t<\/a>\n\t\t\t\t\n\t\t\t\t\t\t\t\t\t<a data-gallery-index=\"0\" class=\"elementor-item elementor-gallery-title\">\n\t\t\t\t\t\tCEUs e Espa\u00e7os Educacionais\t\t\t\t\t<\/a>\n\t\t\t\t\t\t\t\t\t\t<a data-gallery-index=\"1\" class=\"elementor-item elementor-gallery-title\">\n\t\t\t\t\t\tEscolas da Rede Pr\u00f3pria\t\t\t\t\t<\/a>\n\t\t\t\t\t\t\t\t\t\t<a data-gallery-index=\"2\" class=\"elementor-item elementor-gallery-title\">\n\t\t\t\t\t\tEscolas Parceiras\t\t\t\t\t<\/a>\n\t\t\t\t\t\t\t\t\t\t<a data-gallery-index=\"3\" class=\"elementor-item elementor-gallery-title\">\n\t\t\t\t\t\tSecretaria de Educa\u00e7\u00e3o\t\t\t\t\t<\/a>\n\t\t\t\t\t\t\t\t\t\t<a data-gallery-index=\"4\" class=\"elementor-item elementor-gallery-title\">\n\t\t\t\t\t\tA\u00e7\u00f5es\t\t\t\t\t<\/a>\n\t\t\t\t\t\t\t\t<\/div>\n\t\t\t\t\t<div class=\"elementor-gallery__container\">\n\t\t\t\t\t\t\t<a class=\"e-gallery-item elementor-gallery-item elementor-animated-content\" data-e-gallery-tags=\"0\" href=\"https:\/\/portaleducacao.guarulhos.sp.gov.br\/wp_site\/semanadobrincar2025\/wp-content\/uploads\/sites\/40\/2025\/05\/WhatsApp-Image-2025-05-29-at-09.11.20.jpeg\" data-elementor-open-lightbox=\"yes\" data-elementor-lightbox-slideshow=\"all-c04e26e\" data-elementor-lightbox-title=\"Abertura Semana do Brincar - Adamastor\" data-e-action-hash=\"#elementor-action%3Aaction%3Dlightbox%26settings%3DeyJpZCI6OTQ1LCJ1cmwiOiJodHRwczpcL1wvcG9ydGFsZWR1Y2FjYW8uZ3VhcnVsaG9zLnNwLmdvdi5iclwvd3Bfc2l0ZVwvc2VtYW5hZG9icmluY2FyMjAyNVwvd3AtY29udGVudFwvdXBsb2Fkc1wvc2l0ZXNcLzQwXC8yMDI1XC8wNVwvV2hhdHNBcHAtSW1hZ2UtMjAyNS0wNS0yOS1hdC0wOS4xMS4yMC5qcGVnIiwic2xpZGVzaG93IjoiYWxsLWMwNGUyNmUifQ%3D%3D\">\n\t\t\t\t\t<div class=\"e-gallery-image elementor-gallery-item__image\" data-thumbnail=\"https:\/\/portaleducacao.guarulhos.sp.gov.br\/wp_site\/semanadobrincar2025\/wp-content\/uploads\/sites\/40\/2025\/05\/WhatsApp-Image-2025-05-29-at-09.11.20.jpeg\" data-width=\"1600\" data-height=\"1066\" alt=\"\" ><\/div>\n\t\t\t\t\t\t\t\t\t\t\t<div class=\"elementor-gallery-item__overlay\"><\/div>\n\t\t\t\t\t\t\t\t\t\t\t\t\t\t\t<div class=\"elementor-gallery-item__content\">\n\t\t\t\t\t\t\t\t\t\t\t\t\t\t<div class=\"elementor-gallery-item__title\">\n\t\t\t\t\t\t\t\t\t\t\t\t\t\t\t\t\t\tAbertura Semana do Brincar - Adamastor\t\t\t\t\t\t\t\t<\/div>\n\t\t\t\t\t\t\t\t\t\t\t\t<\/div>\n\t\t\t\t\t\t\t\t\t<\/a>\n\t\t\t\t\t\t\t<a class=\"e-gallery-item elementor-gallery-item elementor-animated-content\" data-e-gallery-tags=\"0\" href=\"https:\/\/portaleducacao.guarulhos.sp.gov.br\/wp_site\/semanadobrincar2025\/wp-content\/uploads\/sites\/40\/2025\/05\/WhatsApp-Image-2025-05-29-at-09.11.20-1.jpeg\" data-elementor-open-lightbox=\"yes\" data-elementor-lightbox-slideshow=\"all-c04e26e\" data-elementor-lightbox-title=\"Abertura Semana do Brincar - Adamastor\" data-e-action-hash=\"#elementor-action%3Aaction%3Dlightbox%26settings%3DeyJpZCI6OTQ0LCJ1cmwiOiJodHRwczpcL1wvcG9ydGFsZWR1Y2FjYW8uZ3VhcnVsaG9zLnNwLmdvdi5iclwvd3Bfc2l0ZVwvc2VtYW5hZG9icmluY2FyMjAyNVwvd3AtY29udGVudFwvdXBsb2Fkc1wvc2l0ZXNcLzQwXC8yMDI1XC8wNVwvV2hhdHNBcHAtSW1hZ2UtMjAyNS0wNS0yOS1hdC0wOS4xMS4yMC0xLmpwZWciLCJzbGlkZXNob3ciOiJhbGwtYzA0ZTI2ZSJ9\">\n\t\t\t\t\t<div class=\"e-gallery-image elementor-gallery-item__image\" data-thumbnail=\"https:\/\/portaleducacao.guarulhos.sp.gov.br\/wp_site\/semanadobrincar2025\/wp-content\/uploads\/sites\/40\/2025\/05\/WhatsApp-Image-2025-05-29-at-09.11.20-1.jpeg\" data-width=\"1600\" data-height=\"1066\" alt=\"\" ><\/div>\n\t\t\t\t\t\t\t\t\t\t\t<div class=\"elementor-gallery-item__overlay\"><\/div>\n\t\t\t\t\t\t\t\t\t\t\t\t\t\t\t<div class=\"elementor-gallery-item__content\">\n\t\t\t\t\t\t\t\t\t\t\t\t\t\t<div class=\"elementor-gallery-item__title\">\n\t\t\t\t\t\t\t\t\t\t\t\t\t\t\t\t\t\tAbertura Semana do Brincar - Adamastor\t\t\t\t\t\t\t\t<\/div>\n\t\t\t\t\t\t\t\t\t\t\t\t<\/div>\n\t\t\t\t\t\t\t\t\t<\/a>\n\t\t\t\t\t\t\t<a class=\"e-gallery-item elementor-gallery-item elementor-animated-content\" data-e-gallery-tags=\"0\" href=\"https:\/\/portaleducacao.guarulhos.sp.gov.br\/wp_site\/semanadobrincar2025\/wp-content\/uploads\/sites\/40\/2025\/05\/WhatsApp-Image-2025-05-29-at-09.11.20-2.jpeg\" data-elementor-open-lightbox=\"yes\" data-elementor-lightbox-slideshow=\"all-c04e26e\" data-elementor-lightbox-title=\"Abertura Semana do Brincar - Adamastor\" data-e-action-hash=\"#elementor-action%3Aaction%3Dlightbox%26settings%3DeyJpZCI6OTQzLCJ1cmwiOiJodHRwczpcL1wvcG9ydGFsZWR1Y2FjYW8uZ3VhcnVsaG9zLnNwLmdvdi5iclwvd3Bfc2l0ZVwvc2VtYW5hZG9icmluY2FyMjAyNVwvd3AtY29udGVudFwvdXBsb2Fkc1wvc2l0ZXNcLzQwXC8yMDI1XC8wNVwvV2hhdHNBcHAtSW1hZ2UtMjAyNS0wNS0yOS1hdC0wOS4xMS4yMC0yLmpwZWciLCJzbGlkZXNob3ciOiJhbGwtYzA0ZTI2ZSJ9\">\n\t\t\t\t\t<div class=\"e-gallery-image elementor-gallery-item__image\" data-thumbnail=\"https:\/\/portaleducacao.guarulhos.sp.gov.br\/wp_site\/semanadobrincar2025\/wp-content\/uploads\/sites\/40\/2025\/05\/WhatsApp-Image-2025-05-29-at-09.11.20-2.jpeg\" data-width=\"1600\" data-height=\"1066\" alt=\"\" ><\/div>\n\t\t\t\t\t\t\t\t\t\t\t<div class=\"elementor-gallery-item__overlay\"><\/div>\n\t\t\t\t\t\t\t\t\t\t\t\t\t\t\t<div class=\"elementor-gallery-item__content\">\n\t\t\t\t\t\t\t\t\t\t\t\t\t\t<div class=\"elementor-gallery-item__title\">\n\t\t\t\t\t\t\t\t\t\t\t\t\t\t\t\t\t\tAbertura Semana do Brincar - Adamastor\t\t\t\t\t\t\t\t<\/div>\n\t\t\t\t\t\t\t\t\t\t\t\t<\/div>\n\t\t\t\t\t\t\t\t\t<\/a>\n\t\t\t\t\t\t\t<a class=\"e-gallery-item elementor-gallery-item elementor-animated-content\" data-e-gallery-tags=\"0\" href=\"https:\/\/portaleducacao.guarulhos.sp.gov.br\/wp_site\/semanadobrincar2025\/wp-content\/uploads\/sites\/40\/2025\/05\/WhatsApp-Image-2025-05-29-at-09.11.21.jpeg\" data-elementor-open-lightbox=\"yes\" data-elementor-lightbox-slideshow=\"all-c04e26e\" data-elementor-lightbox-title=\"Abertura Semana do Brincar - Adamastor\" data-e-action-hash=\"#elementor-action%3Aaction%3Dlightbox%26settings%3DeyJpZCI6OTQyLCJ1cmwiOiJodHRwczpcL1wvcG9ydGFsZWR1Y2FjYW8uZ3VhcnVsaG9zLnNwLmdvdi5iclwvd3Bfc2l0ZVwvc2VtYW5hZG9icmluY2FyMjAyNVwvd3AtY29udGVudFwvdXBsb2Fkc1wvc2l0ZXNcLzQwXC8yMDI1XC8wNVwvV2hhdHNBcHAtSW1hZ2UtMjAyNS0wNS0yOS1hdC0wOS4xMS4yMS5qcGVnIiwic2xpZGVzaG93IjoiYWxsLWMwNGUyNmUifQ%3D%3D\">\n\t\t\t\t\t<div class=\"e-gallery-image elementor-gallery-item__image\" data-thumbnail=\"https:\/\/portaleducacao.guarulhos.sp.gov.br\/wp_site\/semanadobrincar2025\/wp-content\/uploads\/sites\/40\/2025\/05\/WhatsApp-Image-2025-05-29-at-09.11.21.jpeg\" data-width=\"1600\" data-height=\"1066\" alt=\"\" ><\/div>\n\t\t\t\t\t\t\t\t\t\t\t<div class=\"elementor-gallery-item__overlay\"><\/div>\n\t\t\t\t\t\t\t\t\t\t\t\t\t\t\t<div class=\"elementor-gallery-item__content\">\n\t\t\t\t\t\t\t\t\t\t\t\t\t\t<div class=\"elementor-gallery-item__title\">\n\t\t\t\t\t\t\t\t\t\t\t\t\t\t\t\t\t\tAbertura Semana do Brincar - Adamastor\t\t\t\t\t\t\t\t<\/div>\n\t\t\t\t\t\t\t\t\t\t\t\t<\/div>\n\t\t\t\t\t\t\t\t\t<\/a>\n\t\t\t\t\t\t\t<a class=\"e-gallery-item elementor-gallery-item elementor-animated-content\" data-e-gallery-tags=\"0\" href=\"https:\/\/portaleducacao.guarulhos.sp.gov.br\/wp_site\/semanadobrincar2025\/wp-content\/uploads\/sites\/40\/2025\/05\/WhatsApp-Image-2025-05-29-at-09.11.21-1.jpeg\" data-elementor-open-lightbox=\"yes\" data-elementor-lightbox-slideshow=\"all-c04e26e\" data-elementor-lightbox-title=\"Abertura Semana do Brincar - Adamastor\" data-e-action-hash=\"#elementor-action%3Aaction%3Dlightbox%26settings%3DeyJpZCI6OTQxLCJ1cmwiOiJodHRwczpcL1wvcG9ydGFsZWR1Y2FjYW8uZ3VhcnVsaG9zLnNwLmdvdi5iclwvd3Bfc2l0ZVwvc2VtYW5hZG9icmluY2FyMjAyNVwvd3AtY29udGVudFwvdXBsb2Fkc1wvc2l0ZXNcLzQwXC8yMDI1XC8wNVwvV2hhdHNBcHAtSW1hZ2UtMjAyNS0wNS0yOS1hdC0wOS4xMS4yMS0xLmpwZWciLCJzbGlkZXNob3ciOiJhbGwtYzA0ZTI2ZSJ9\">\n\t\t\t\t\t<div class=\"e-gallery-image elementor-gallery-item__image\" data-thumbnail=\"https:\/\/portaleducacao.guarulhos.sp.gov.br\/wp_site\/semanadobrincar2025\/wp-content\/uploads\/sites\/40\/2025\/05\/WhatsApp-Image-2025-05-29-at-09.11.21-1.jpeg\" data-width=\"1600\" data-height=\"1066\" alt=\"\" ><\/div>\n\t\t\t\t\t\t\t\t\t\t\t<div class=\"elementor-gallery-item__overlay\"><\/div>\n\t\t\t\t\t\t\t\t\t\t\t\t\t\t\t<div class=\"elementor-gallery-item__content\">\n\t\t\t\t\t\t\t\t\t\t\t\t\t\t<div class=\"elementor-gallery-item__title\">\n\t\t\t\t\t\t\t\t\t\t\t\t\t\t\t\t\t\tAbertura Semana do Brincar - Adamastor\t\t\t\t\t\t\t\t<\/div>\n\t\t\t\t\t\t\t\t\t\t\t\t<\/div>\n\t\t\t\t\t\t\t\t\t<\/a>\n\t\t\t\t\t\t\t<a class=\"e-gallery-item elementor-gallery-item elementor-animated-content\" data-e-gallery-tags=\"0\" href=\"https:\/\/portaleducacao.guarulhos.sp.gov.br\/wp_site\/semanadobrincar2025\/wp-content\/uploads\/sites\/40\/2025\/05\/Movimento-de-acolhimento-com-a-Rue-La-Companhia-Adamastor3.jpeg\" data-elementor-open-lightbox=\"yes\" data-elementor-lightbox-slideshow=\"all-c04e26e\" data-elementor-lightbox-title=\"Movimento de acolhimento com a Ru\u00e9 La Companhia - Adamastor\" data-e-action-hash=\"#elementor-action%3Aaction%3Dlightbox%26settings%3DeyJpZCI6OTM5LCJ1cmwiOiJodHRwczpcL1wvcG9ydGFsZWR1Y2FjYW8uZ3VhcnVsaG9zLnNwLmdvdi5iclwvd3Bfc2l0ZVwvc2VtYW5hZG9icmluY2FyMjAyNVwvd3AtY29udGVudFwvdXBsb2Fkc1wvc2l0ZXNcLzQwXC8yMDI1XC8wNVwvTW92aW1lbnRvLWRlLWFjb2xoaW1lbnRvLWNvbS1hLVJ1ZS1MYS1Db21wYW5oaWEtQWRhbWFzdG9yMy5qcGVnIiwic2xpZGVzaG93IjoiYWxsLWMwNGUyNmUifQ%3D%3D\">\n\t\t\t\t\t<div class=\"e-gallery-image elementor-gallery-item__image\" data-thumbnail=\"https:\/\/portaleducacao.guarulhos.sp.gov.br\/wp_site\/semanadobrincar2025\/wp-content\/uploads\/sites\/40\/2025\/05\/Movimento-de-acolhimento-com-a-Rue-La-Companhia-Adamastor3.jpeg\" data-width=\"576\" data-height=\"1280\" alt=\"\" ><\/div>\n\t\t\t\t\t\t\t\t\t\t\t<div class=\"elementor-gallery-item__overlay\"><\/div>\n\t\t\t\t\t\t\t\t\t\t\t\t\t\t\t<div class=\"elementor-gallery-item__content\">\n\t\t\t\t\t\t\t\t\t\t\t\t\t\t<div class=\"elementor-gallery-item__title\">\n\t\t\t\t\t\t\t\t\t\t\t\t\t\t\t\t\t\tMovimento de acolhimento com a Ru\u00e9 La Companhia - Adamastor\t\t\t\t\t\t\t\t<\/div>\n\t\t\t\t\t\t\t\t\t\t\t\t<\/div>\n\t\t\t\t\t\t\t\t\t<\/a>\n\t\t\t\t\t\t\t<a class=\"e-gallery-item elementor-gallery-item elementor-animated-content\" data-e-gallery-tags=\"0\" href=\"https:\/\/portaleducacao.guarulhos.sp.gov.br\/wp_site\/semanadobrincar2025\/wp-content\/uploads\/sites\/40\/2025\/05\/WhatsApp-Image-2025-05-29-at-09.11.21-2.jpeg\" data-elementor-open-lightbox=\"yes\" data-elementor-lightbox-slideshow=\"all-c04e26e\" data-elementor-lightbox-title=\"Abertura Semana do Brincar\" data-e-action-hash=\"#elementor-action%3Aaction%3Dlightbox%26settings%3DeyJpZCI6OTQwLCJ1cmwiOiJodHRwczpcL1wvcG9ydGFsZWR1Y2FjYW8uZ3VhcnVsaG9zLnNwLmdvdi5iclwvd3Bfc2l0ZVwvc2VtYW5hZG9icmluY2FyMjAyNVwvd3AtY29udGVudFwvdXBsb2Fkc1wvc2l0ZXNcLzQwXC8yMDI1XC8wNVwvV2hhdHNBcHAtSW1hZ2UtMjAyNS0wNS0yOS1hdC0wOS4xMS4yMS0yLmpwZWciLCJzbGlkZXNob3ciOiJhbGwtYzA0ZTI2ZSJ9\">\n\t\t\t\t\t<div class=\"e-gallery-image elementor-gallery-item__image\" data-thumbnail=\"https:\/\/portaleducacao.guarulhos.sp.gov.br\/wp_site\/semanadobrincar2025\/wp-content\/uploads\/sites\/40\/2025\/05\/WhatsApp-Image-2025-05-29-at-09.11.21-2.jpeg\" data-width=\"1600\" data-height=\"1066\" alt=\"\" ><\/div>\n\t\t\t\t\t\t\t\t\t\t\t<div class=\"elementor-gallery-item__overlay\"><\/div>\n\t\t\t\t\t\t\t\t\t\t\t\t\t\t\t<div class=\"elementor-gallery-item__content\">\n\t\t\t\t\t\t\t\t\t\t\t\t\t\t<div class=\"elementor-gallery-item__title\">\n\t\t\t\t\t\t\t\t\t\t\t\t\t\t\t\t\t\tAbertura Semana do Brincar\t\t\t\t\t\t\t\t<\/div>\n\t\t\t\t\t\t\t\t\t\t\t\t<\/div>\n\t\t\t\t\t\t\t\t\t<\/a>\n\t\t\t\t\t\t\t<a class=\"e-gallery-item elementor-gallery-item elementor-animated-content\" data-e-gallery-tags=\"0\" href=\"https:\/\/portaleducacao.guarulhos.sp.gov.br\/wp_site\/semanadobrincar2025\/wp-content\/uploads\/sites\/40\/2025\/05\/Movimento-de-acolhimento-com-a-Rue-La-Companhia-Adamastor2.jpeg\" data-elementor-open-lightbox=\"yes\" data-elementor-lightbox-slideshow=\"all-c04e26e\" data-elementor-lightbox-title=\"Movimento de acolhimento com a Ru\u00e9 La Companhia - Adamastor\" data-e-action-hash=\"#elementor-action%3Aaction%3Dlightbox%26settings%3DeyJpZCI6OTM4LCJ1cmwiOiJodHRwczpcL1wvcG9ydGFsZWR1Y2FjYW8uZ3VhcnVsaG9zLnNwLmdvdi5iclwvd3Bfc2l0ZVwvc2VtYW5hZG9icmluY2FyMjAyNVwvd3AtY29udGVudFwvdXBsb2Fkc1wvc2l0ZXNcLzQwXC8yMDI1XC8wNVwvTW92aW1lbnRvLWRlLWFjb2xoaW1lbnRvLWNvbS1hLVJ1ZS1MYS1Db21wYW5oaWEtQWRhbWFzdG9yMi5qcGVnIiwic2xpZGVzaG93IjoiYWxsLWMwNGUyNmUifQ%3D%3D\">\n\t\t\t\t\t<div class=\"e-gallery-image elementor-gallery-item__image\" data-thumbnail=\"https:\/\/portaleducacao.guarulhos.sp.gov.br\/wp_site\/semanadobrincar2025\/wp-content\/uploads\/sites\/40\/2025\/05\/Movimento-de-acolhimento-com-a-Rue-La-Companhia-Adamastor2.jpeg\" data-width=\"1280\" data-height=\"960\" alt=\"\" ><\/div>\n\t\t\t\t\t\t\t\t\t\t\t<div class=\"elementor-gallery-item__overlay\"><\/div>\n\t\t\t\t\t\t\t\t\t\t\t\t\t\t\t<div class=\"elementor-gallery-item__content\">\n\t\t\t\t\t\t\t\t\t\t\t\t\t\t<div class=\"elementor-gallery-item__title\">\n\t\t\t\t\t\t\t\t\t\t\t\t\t\t\t\t\t\tMovimento de acolhimento com a Ru\u00e9 La Companhia - Adamastor\t\t\t\t\t\t\t\t<\/div>\n\t\t\t\t\t\t\t\t\t\t\t\t<\/div>\n\t\t\t\t\t\t\t\t\t<\/a>\n\t\t\t\t\t\t\t<a class=\"e-gallery-item elementor-gallery-item elementor-animated-content\" data-e-gallery-tags=\"0\" href=\"https:\/\/portaleducacao.guarulhos.sp.gov.br\/wp_site\/semanadobrincar2025\/wp-content\/uploads\/sites\/40\/2025\/05\/Movimento-de-acolhimento-com-a-Rue-La-Companhia-Adamastor1.jpeg\" data-elementor-open-lightbox=\"yes\" data-elementor-lightbox-slideshow=\"all-c04e26e\" data-elementor-lightbox-title=\"Movimento de acolhimento com a Ru\u00e9 La Companhia - Adamastor\" data-e-action-hash=\"#elementor-action%3Aaction%3Dlightbox%26settings%3DeyJpZCI6OTM3LCJ1cmwiOiJodHRwczpcL1wvcG9ydGFsZWR1Y2FjYW8uZ3VhcnVsaG9zLnNwLmdvdi5iclwvd3Bfc2l0ZVwvc2VtYW5hZG9icmluY2FyMjAyNVwvd3AtY29udGVudFwvdXBsb2Fkc1wvc2l0ZXNcLzQwXC8yMDI1XC8wNVwvTW92aW1lbnRvLWRlLWFjb2xoaW1lbnRvLWNvbS1hLVJ1ZS1MYS1Db21wYW5oaWEtQWRhbWFzdG9yMS5qcGVnIiwic2xpZGVzaG93IjoiYWxsLWMwNGUyNmUifQ%3D%3D\">\n\t\t\t\t\t<div class=\"e-gallery-image elementor-gallery-item__image\" data-thumbnail=\"https:\/\/portaleducacao.guarulhos.sp.gov.br\/wp_site\/semanadobrincar2025\/wp-content\/uploads\/sites\/40\/2025\/05\/Movimento-de-acolhimento-com-a-Rue-La-Companhia-Adamastor1.jpeg\" data-width=\"1280\" data-height=\"576\" alt=\"\" ><\/div>\n\t\t\t\t\t\t\t\t\t\t\t<div class=\"elementor-gallery-item__overlay\"><\/div>\n\t\t\t\t\t\t\t\t\t\t\t\t\t\t\t<div class=\"elementor-gallery-item__content\">\n\t\t\t\t\t\t\t\t\t\t\t\t\t\t<div class=\"elementor-gallery-item__title\">\n\t\t\t\t\t\t\t\t\t\t\t\t\t\t\t\t\t\tMovimento de acolhimento com a Ru\u00e9 La Companhia - Adamastor\t\t\t\t\t\t\t\t<\/div>\n\t\t\t\t\t\t\t\t\t\t\t\t<\/div>\n\t\t\t\t\t\t\t\t\t<\/a>\n\t\t\t\t\t\t\t<a class=\"e-gallery-item elementor-gallery-item elementor-animated-content\" data-e-gallery-tags=\"0\" href=\"https:\/\/portaleducacao.guarulhos.sp.gov.br\/wp_site\/semanadobrincar2025\/wp-content\/uploads\/sites\/40\/2025\/05\/WhatsApp-Image-2025-05-26-at-11.22.57.jpeg\" data-elementor-open-lightbox=\"yes\" data-elementor-lightbox-slideshow=\"all-c04e26e\" data-elementor-lightbox-title=\"Abertura da Semana Mundial do Brincar - Prof\u00aa Dra. Maria Regina Passos\" data-e-action-hash=\"#elementor-action%3Aaction%3Dlightbox%26settings%3DeyJpZCI6MTAxNSwidXJsIjoiaHR0cHM6XC9cL3BvcnRhbGVkdWNhY2FvLmd1YXJ1bGhvcy5zcC5nb3YuYnJcL3dwX3NpdGVcL3NlbWFuYWRvYnJpbmNhcjIwMjVcL3dwLWNvbnRlbnRcL3VwbG9hZHNcL3NpdGVzXC80MFwvMjAyNVwvMDVcL1doYXRzQXBwLUltYWdlLTIwMjUtMDUtMjYtYXQtMTEuMjIuNTcuanBlZyIsInNsaWRlc2hvdyI6ImFsbC1jMDRlMjZlIn0%3D\">\n\t\t\t\t\t<div class=\"e-gallery-image elementor-gallery-item__image\" data-thumbnail=\"https:\/\/portaleducacao.guarulhos.sp.gov.br\/wp_site\/semanadobrincar2025\/wp-content\/uploads\/sites\/40\/2025\/05\/WhatsApp-Image-2025-05-26-at-11.22.57.jpeg\" data-width=\"1600\" data-height=\"720\" alt=\"\" ><\/div>\n\t\t\t\t\t\t\t\t\t\t\t<div class=\"elementor-gallery-item__overlay\"><\/div>\n\t\t\t\t\t\t\t\t\t\t\t\t\t\t\t<div class=\"elementor-gallery-item__content\">\n\t\t\t\t\t\t\t\t\t\t\t\t\t\t<div class=\"elementor-gallery-item__title\">\n\t\t\t\t\t\t\t\t\t\t\t\t\t\t\t\t\t\tAbertura da Semana Mundial do Brincar - Prof\u00aa Dra. Maria Regina Passos\t\t\t\t\t\t\t\t<\/div>\n\t\t\t\t\t\t\t\t\t\t\t\t<\/div>\n\t\t\t\t\t\t\t\t\t<\/a>\n\t\t\t\t\t\t\t<a class=\"e-gallery-item elementor-gallery-item elementor-animated-content\" data-e-gallery-tags=\"0\" href=\"https:\/\/portaleducacao.guarulhos.sp.gov.br\/wp_site\/semanadobrincar2025\/wp-content\/uploads\/sites\/40\/2025\/05\/WhatsApp-Image-2025-05-26-at-11.24.44-2.jpeg\" data-elementor-open-lightbox=\"yes\" data-elementor-lightbox-slideshow=\"all-c04e26e\" data-elementor-lightbox-title=\"Abertura da Semana Mundial do Brincar - Prof\u00aa Dra. Maria Regina Passos\" data-e-action-hash=\"#elementor-action%3Aaction%3Dlightbox%26settings%3DeyJpZCI6MTAxNiwidXJsIjoiaHR0cHM6XC9cL3BvcnRhbGVkdWNhY2FvLmd1YXJ1bGhvcy5zcC5nb3YuYnJcL3dwX3NpdGVcL3NlbWFuYWRvYnJpbmNhcjIwMjVcL3dwLWNvbnRlbnRcL3VwbG9hZHNcL3NpdGVzXC80MFwvMjAyNVwvMDVcL1doYXRzQXBwLUltYWdlLTIwMjUtMDUtMjYtYXQtMTEuMjQuNDQtMi5qcGVnIiwic2xpZGVzaG93IjoiYWxsLWMwNGUyNmUifQ%3D%3D\">\n\t\t\t\t\t<div class=\"e-gallery-image elementor-gallery-item__image\" data-thumbnail=\"https:\/\/portaleducacao.guarulhos.sp.gov.br\/wp_site\/semanadobrincar2025\/wp-content\/uploads\/sites\/40\/2025\/05\/WhatsApp-Image-2025-05-26-at-11.24.44-2.jpeg\" data-width=\"1004\" data-height=\"524\" alt=\"\" ><\/div>\n\t\t\t\t\t\t\t\t\t\t\t<div class=\"elementor-gallery-item__overlay\"><\/div>\n\t\t\t\t\t\t\t\t\t\t\t\t\t\t\t<div class=\"elementor-gallery-item__content\">\n\t\t\t\t\t\t\t\t\t\t\t\t\t\t<div class=\"elementor-gallery-item__title\">\n\t\t\t\t\t\t\t\t\t\t\t\t\t\t\t\t\t\tAbertura da Semana Mundial do Brincar - Prof\u00aa Dra. Maria Regina Passos\t\t\t\t\t\t\t\t<\/div>\n\t\t\t\t\t\t\t\t\t\t\t\t<\/div>\n\t\t\t\t\t\t\t\t\t<\/a>\n\t\t\t\t\t\t\t<a class=\"e-gallery-item elementor-gallery-item elementor-animated-content\" data-e-gallery-tags=\"0\" href=\"https:\/\/portaleducacao.guarulhos.sp.gov.br\/wp_site\/semanadobrincar2025\/wp-content\/uploads\/sites\/40\/2025\/05\/WhatsApp-Image-2025-05-26-at-13.27.31.jpeg\" data-elementor-open-lightbox=\"yes\" data-elementor-lightbox-slideshow=\"all-c04e26e\" data-elementor-lightbox-title=\"Abertura da Semana Mundial do Brincar - Prof\u00aa Dra. Maria Regina Passos\" data-e-action-hash=\"#elementor-action%3Aaction%3Dlightbox%26settings%3DeyJpZCI6MTAxNywidXJsIjoiaHR0cHM6XC9cL3BvcnRhbGVkdWNhY2FvLmd1YXJ1bGhvcy5zcC5nb3YuYnJcL3dwX3NpdGVcL3NlbWFuYWRvYnJpbmNhcjIwMjVcL3dwLWNvbnRlbnRcL3VwbG9hZHNcL3NpdGVzXC80MFwvMjAyNVwvMDVcL1doYXRzQXBwLUltYWdlLTIwMjUtMDUtMjYtYXQtMTMuMjcuMzEuanBlZyIsInNsaWRlc2hvdyI6ImFsbC1jMDRlMjZlIn0%3D\">\n\t\t\t\t\t<div class=\"e-gallery-image elementor-gallery-item__image\" data-thumbnail=\"https:\/\/portaleducacao.guarulhos.sp.gov.br\/wp_site\/semanadobrincar2025\/wp-content\/uploads\/sites\/40\/2025\/05\/WhatsApp-Image-2025-05-26-at-13.27.31.jpeg\" data-width=\"1280\" data-height=\"626\" alt=\"\" ><\/div>\n\t\t\t\t\t\t\t\t\t\t\t<div class=\"elementor-gallery-item__overlay\"><\/div>\n\t\t\t\t\t\t\t\t\t\t\t\t\t\t\t<div class=\"elementor-gallery-item__content\">\n\t\t\t\t\t\t\t\t\t\t\t\t\t\t<div class=\"elementor-gallery-item__title\">\n\t\t\t\t\t\t\t\t\t\t\t\t\t\t\t\t\t\tAbertura da Semana Mundial do Brincar - Prof\u00aa Dra. Maria Regina Passos\t\t\t\t\t\t\t\t<\/div>\n\t\t\t\t\t\t\t\t\t\t\t\t<\/div>\n\t\t\t\t\t\t\t\t\t<\/a>\n\t\t\t\t\t\t\t<a class=\"e-gallery-item elementor-gallery-item elementor-animated-content\" data-e-gallery-tags=\"0\" href=\"https:\/\/portaleducacao.guarulhos.sp.gov.br\/wp_site\/semanadobrincar2025\/wp-content\/uploads\/sites\/40\/2025\/05\/WhatsApp-Image-2025-05-29-at-14.59.35-1.jpeg\" data-elementor-open-lightbox=\"yes\" data-elementor-lightbox-slideshow=\"all-c04e26e\" data-elementor-lightbox-title=\"Abertura da Semana Mundial do Brincar - Prof\u00aa Dra. Maria Regina Passos\" data-e-action-hash=\"#elementor-action%3Aaction%3Dlightbox%26settings%3DeyJpZCI6MTAxOCwidXJsIjoiaHR0cHM6XC9cL3BvcnRhbGVkdWNhY2FvLmd1YXJ1bGhvcy5zcC5nb3YuYnJcL3dwX3NpdGVcL3NlbWFuYWRvYnJpbmNhcjIwMjVcL3dwLWNvbnRlbnRcL3VwbG9hZHNcL3NpdGVzXC80MFwvMjAyNVwvMDVcL1doYXRzQXBwLUltYWdlLTIwMjUtMDUtMjktYXQtMTQuNTkuMzUtMS5qcGVnIiwic2xpZGVzaG93IjoiYWxsLWMwNGUyNmUifQ%3D%3D\">\n\t\t\t\t\t<div class=\"e-gallery-image elementor-gallery-item__image\" data-thumbnail=\"https:\/\/portaleducacao.guarulhos.sp.gov.br\/wp_site\/semanadobrincar2025\/wp-content\/uploads\/sites\/40\/2025\/05\/WhatsApp-Image-2025-05-29-at-14.59.35-1.jpeg\" data-width=\"1520\" data-height=\"1486\" alt=\"\" ><\/div>\n\t\t\t\t\t\t\t\t\t\t\t<div class=\"elementor-gallery-item__overlay\"><\/div>\n\t\t\t\t\t\t\t\t\t\t\t\t\t\t\t<div class=\"elementor-gallery-item__content\">\n\t\t\t\t\t\t\t\t\t\t\t\t\t\t<div class=\"elementor-gallery-item__title\">\n\t\t\t\t\t\t\t\t\t\t\t\t\t\t\t\t\t\tAbertura da Semana Mundial do Brincar - Prof\u00aa Dra. Maria Regina Passos\t\t\t\t\t\t\t\t<\/div>\n\t\t\t\t\t\t\t\t\t\t\t\t<\/div>\n\t\t\t\t\t\t\t\t\t<\/a>\n\t\t\t\t\t\t\t<a class=\"e-gallery-item elementor-gallery-item elementor-animated-content\" data-e-gallery-tags=\"0\" href=\"https:\/\/portaleducacao.guarulhos.sp.gov.br\/wp_site\/semanadobrincar2025\/wp-content\/uploads\/sites\/40\/2025\/05\/WhatsApp-Image-2025-05-29-at-14.59.35-2.jpeg\" data-elementor-open-lightbox=\"yes\" data-elementor-lightbox-slideshow=\"all-c04e26e\" data-elementor-lightbox-title=\"Abertura da Semana Mundial do Brincar - Prof\u00aa Dra. Maria Regina Passos\" data-e-action-hash=\"#elementor-action%3Aaction%3Dlightbox%26settings%3DeyJpZCI6MTAxOSwidXJsIjoiaHR0cHM6XC9cL3BvcnRhbGVkdWNhY2FvLmd1YXJ1bGhvcy5zcC5nb3YuYnJcL3dwX3NpdGVcL3NlbWFuYWRvYnJpbmNhcjIwMjVcL3dwLWNvbnRlbnRcL3VwbG9hZHNcL3NpdGVzXC80MFwvMjAyNVwvMDVcL1doYXRzQXBwLUltYWdlLTIwMjUtMDUtMjktYXQtMTQuNTkuMzUtMi5qcGVnIiwic2xpZGVzaG93IjoiYWxsLWMwNGUyNmUifQ%3D%3D\">\n\t\t\t\t\t<div class=\"e-gallery-image elementor-gallery-item__image\" data-thumbnail=\"https:\/\/portaleducacao.guarulhos.sp.gov.br\/wp_site\/semanadobrincar2025\/wp-content\/uploads\/sites\/40\/2025\/05\/WhatsApp-Image-2025-05-29-at-14.59.35-2.jpeg\" data-width=\"625\" data-height=\"750\" alt=\"\" ><\/div>\n\t\t\t\t\t\t\t\t\t\t\t<div class=\"elementor-gallery-item__overlay\"><\/div>\n\t\t\t\t\t\t\t\t\t\t\t\t\t\t\t<div class=\"elementor-gallery-item__content\">\n\t\t\t\t\t\t\t\t\t\t\t\t\t\t<div class=\"elementor-gallery-item__title\">\n\t\t\t\t\t\t\t\t\t\t\t\t\t\t\t\t\t\tAbertura da Semana Mundial do Brincar - Prof\u00aa Dra. Maria Regina Passos\t\t\t\t\t\t\t\t<\/div>\n\t\t\t\t\t\t\t\t\t\t\t\t<\/div>\n\t\t\t\t\t\t\t\t\t<\/a>\n\t\t\t\t\t\t\t<a class=\"e-gallery-item elementor-gallery-item elementor-animated-content\" data-e-gallery-tags=\"0\" href=\"https:\/\/portaleducacao.guarulhos.sp.gov.br\/wp_site\/semanadobrincar2025\/wp-content\/uploads\/sites\/40\/2025\/05\/WhatsApp-Image-2025-05-29-at-14.59.35.jpeg\" data-elementor-open-lightbox=\"yes\" data-elementor-lightbox-slideshow=\"all-c04e26e\" data-elementor-lightbox-title=\"Abertura da Semana Mundial do Brincar - Prof\u00aa Dra. Maria Regina Passos\" data-e-action-hash=\"#elementor-action%3Aaction%3Dlightbox%26settings%3DeyJpZCI6MTAyMCwidXJsIjoiaHR0cHM6XC9cL3BvcnRhbGVkdWNhY2FvLmd1YXJ1bGhvcy5zcC5nb3YuYnJcL3dwX3NpdGVcL3NlbWFuYWRvYnJpbmNhcjIwMjVcL3dwLWNvbnRlbnRcL3VwbG9hZHNcL3NpdGVzXC80MFwvMjAyNVwvMDVcL1doYXRzQXBwLUltYWdlLTIwMjUtMDUtMjktYXQtMTQuNTkuMzUuanBlZyIsInNsaWRlc2hvdyI6ImFsbC1jMDRlMjZlIn0%3D\">\n\t\t\t\t\t<div class=\"e-gallery-image elementor-gallery-item__image\" data-thumbnail=\"https:\/\/portaleducacao.guarulhos.sp.gov.br\/wp_site\/semanadobrincar2025\/wp-content\/uploads\/sites\/40\/2025\/05\/WhatsApp-Image-2025-05-29-at-14.59.35.jpeg\" data-width=\"737\" data-height=\"887\" alt=\"\" ><\/div>\n\t\t\t\t\t\t\t\t\t\t\t<div class=\"elementor-gallery-item__overlay\"><\/div>\n\t\t\t\t\t\t\t\t\t\t\t\t\t\t\t<div class=\"elementor-gallery-item__content\">\n\t\t\t\t\t\t\t\t\t\t\t\t\t\t<div class=\"elementor-gallery-item__title\">\n\t\t\t\t\t\t\t\t\t\t\t\t\t\t\t\t\t\tAbertura da Semana Mundial do Brincar - Prof\u00aa Dra. Maria Regina Passos\t\t\t\t\t\t\t\t<\/div>\n\t\t\t\t\t\t\t\t\t\t\t\t<\/div>\n\t\t\t\t\t\t\t\t\t<\/a>\n\t\t\t\t\t\t\t<a class=\"e-gallery-item elementor-gallery-item elementor-animated-content\" data-e-gallery-tags=\"0\" href=\"https:\/\/portaleducacao.guarulhos.sp.gov.br\/wp_site\/semanadobrincar2025\/wp-content\/uploads\/sites\/40\/2025\/05\/WhatsApp-Image-2025-05-29-at-15.27.29-2.jpeg\" data-elementor-open-lightbox=\"yes\" data-elementor-lightbox-slideshow=\"all-c04e26e\" data-elementor-lightbox-title=\"Banda dos alunos do CEMEAR - Encontro formativo com os Coordenadores Pedag\u00f3gicos - CEU Bonsucesso\" data-e-action-hash=\"#elementor-action%3Aaction%3Dlightbox%26settings%3DeyJpZCI6MTAyNCwidXJsIjoiaHR0cHM6XC9cL3BvcnRhbGVkdWNhY2FvLmd1YXJ1bGhvcy5zcC5nb3YuYnJcL3dwX3NpdGVcL3NlbWFuYWRvYnJpbmNhcjIwMjVcL3dwLWNvbnRlbnRcL3VwbG9hZHNcL3NpdGVzXC80MFwvMjAyNVwvMDVcL1doYXRzQXBwLUltYWdlLTIwMjUtMDUtMjktYXQtMTUuMjcuMjktMi5qcGVnIiwic2xpZGVzaG93IjoiYWxsLWMwNGUyNmUifQ%3D%3D\">\n\t\t\t\t\t<div class=\"e-gallery-image elementor-gallery-item__image\" data-thumbnail=\"https:\/\/portaleducacao.guarulhos.sp.gov.br\/wp_site\/semanadobrincar2025\/wp-content\/uploads\/sites\/40\/2025\/05\/WhatsApp-Image-2025-05-29-at-15.27.29-2.jpeg\" data-width=\"1600\" data-height=\"737\" alt=\"\" ><\/div>\n\t\t\t\t\t\t\t\t\t\t\t<div class=\"elementor-gallery-item__overlay\"><\/div>\n\t\t\t\t\t\t\t\t\t\t\t\t\t\t\t<div class=\"elementor-gallery-item__content\">\n\t\t\t\t\t\t\t\t\t\t\t\t\t\t<div class=\"elementor-gallery-item__title\">\n\t\t\t\t\t\t\t\t\t\t\t\t\t\t\t\t\t\tBanda dos alunos do CEMEAR - Encontro formativo com os Coordenadores Pedag\u00f3gicos - CEU Bonsucesso\t\t\t\t\t\t\t\t<\/div>\n\t\t\t\t\t\t\t\t\t\t\t\t<\/div>\n\t\t\t\t\t\t\t\t\t<\/a>\n\t\t\t\t\t\t\t<a class=\"e-gallery-item elementor-gallery-item elementor-animated-content\" data-e-gallery-tags=\"0\" href=\"https:\/\/portaleducacao.guarulhos.sp.gov.br\/wp_site\/semanadobrincar2025\/wp-content\/uploads\/sites\/40\/2025\/05\/WhatsApp-Image-2025-05-29-at-15.27.29.jpeg\" data-elementor-open-lightbox=\"yes\" data-elementor-lightbox-slideshow=\"all-c04e26e\" data-elementor-lightbox-title=\"Banda dos alunos do CEMEAR - Encontro formativo com os Coordenadores Pedag\u00f3gicos - CEU Bonsucesso\" data-e-action-hash=\"#elementor-action%3Aaction%3Dlightbox%26settings%3DeyJpZCI6MTAyNSwidXJsIjoiaHR0cHM6XC9cL3BvcnRhbGVkdWNhY2FvLmd1YXJ1bGhvcy5zcC5nb3YuYnJcL3dwX3NpdGVcL3NlbWFuYWRvYnJpbmNhcjIwMjVcL3dwLWNvbnRlbnRcL3VwbG9hZHNcL3NpdGVzXC80MFwvMjAyNVwvMDVcL1doYXRzQXBwLUltYWdlLTIwMjUtMDUtMjktYXQtMTUuMjcuMjkuanBlZyIsInNsaWRlc2hvdyI6ImFsbC1jMDRlMjZlIn0%3D\">\n\t\t\t\t\t<div class=\"e-gallery-image elementor-gallery-item__image\" data-thumbnail=\"https:\/\/portaleducacao.guarulhos.sp.gov.br\/wp_site\/semanadobrincar2025\/wp-content\/uploads\/sites\/40\/2025\/05\/WhatsApp-Image-2025-05-29-at-15.27.29.jpeg\" data-width=\"735\" data-height=\"876\" alt=\"\" ><\/div>\n\t\t\t\t\t\t\t\t\t\t\t<div class=\"elementor-gallery-item__overlay\"><\/div>\n\t\t\t\t\t\t\t\t\t\t\t\t\t\t\t<div class=\"elementor-gallery-item__content\">\n\t\t\t\t\t\t\t\t\t\t\t\t\t\t<div class=\"elementor-gallery-item__title\">\n\t\t\t\t\t\t\t\t\t\t\t\t\t\t\t\t\t\tBanda dos alunos do CEMEAR - Encontro formativo com os Coordenadores Pedag\u00f3gicos - CEU Bonsucesso\t\t\t\t\t\t\t\t<\/div>\n\t\t\t\t\t\t\t\t\t\t\t\t<\/div>\n\t\t\t\t\t\t\t\t\t<\/a>\n\t\t\t\t\t\t\t<a class=\"e-gallery-item elementor-gallery-item elementor-animated-content\" data-e-gallery-tags=\"0\" href=\"https:\/\/portaleducacao.guarulhos.sp.gov.br\/wp_site\/semanadobrincar2025\/wp-content\/uploads\/sites\/40\/2025\/05\/WhatsApp-Image-2025-05-27-at-14.58.13.jpeg\" data-elementor-open-lightbox=\"yes\" data-elementor-lightbox-slideshow=\"all-c04e26e\" data-elementor-lightbox-title=\"Brincadeiras com os Professores Roberto e Daniela - Parque J\u00falio Fracalanza\" data-e-action-hash=\"#elementor-action%3Aaction%3Dlightbox%26settings%3DeyJpZCI6MTAyNiwidXJsIjoiaHR0cHM6XC9cL3BvcnRhbGVkdWNhY2FvLmd1YXJ1bGhvcy5zcC5nb3YuYnJcL3dwX3NpdGVcL3NlbWFuYWRvYnJpbmNhcjIwMjVcL3dwLWNvbnRlbnRcL3VwbG9hZHNcL3NpdGVzXC80MFwvMjAyNVwvMDVcL1doYXRzQXBwLUltYWdlLTIwMjUtMDUtMjctYXQtMTQuNTguMTMuanBlZyIsInNsaWRlc2hvdyI6ImFsbC1jMDRlMjZlIn0%3D\">\n\t\t\t\t\t<div class=\"e-gallery-image elementor-gallery-item__image\" data-thumbnail=\"https:\/\/portaleducacao.guarulhos.sp.gov.br\/wp_site\/semanadobrincar2025\/wp-content\/uploads\/sites\/40\/2025\/05\/WhatsApp-Image-2025-05-27-at-14.58.13.jpeg\" data-width=\"1200\" data-height=\"1600\" alt=\"\" ><\/div>\n\t\t\t\t\t\t\t\t\t\t\t<div class=\"elementor-gallery-item__overlay\"><\/div>\n\t\t\t\t\t\t\t\t\t\t\t\t\t\t\t<div class=\"elementor-gallery-item__content\">\n\t\t\t\t\t\t\t\t\t\t\t\t\t\t<div class=\"elementor-gallery-item__title\">\n\t\t\t\t\t\t\t\t\t\t\t\t\t\t\t\t\t\tBrincadeiras com os Professores Roberto e Daniela - Parque J\u00falio Fracalanza\t\t\t\t\t\t\t\t<\/div>\n\t\t\t\t\t\t\t\t\t\t\t\t<\/div>\n\t\t\t\t\t\t\t\t\t<\/a>\n\t\t\t\t\t\t\t<a class=\"e-gallery-item elementor-gallery-item elementor-animated-content\" data-e-gallery-tags=\"0\" href=\"https:\/\/portaleducacao.guarulhos.sp.gov.br\/wp_site\/semanadobrincar2025\/wp-content\/uploads\/sites\/40\/2025\/05\/WhatsApp-Image-2025-05-27-at-14.58.15.jpeg\" data-elementor-open-lightbox=\"yes\" data-elementor-lightbox-slideshow=\"all-c04e26e\" data-elementor-lightbox-title=\"Brincadeiras com os Professores Roberto e Daniela - Parque J\u00falio Fracalanza\" data-e-action-hash=\"#elementor-action%3Aaction%3Dlightbox%26settings%3DeyJpZCI6MTAyNywidXJsIjoiaHR0cHM6XC9cL3BvcnRhbGVkdWNhY2FvLmd1YXJ1bGhvcy5zcC5nb3YuYnJcL3dwX3NpdGVcL3NlbWFuYWRvYnJpbmNhcjIwMjVcL3dwLWNvbnRlbnRcL3VwbG9hZHNcL3NpdGVzXC80MFwvMjAyNVwvMDVcL1doYXRzQXBwLUltYWdlLTIwMjUtMDUtMjctYXQtMTQuNTguMTUuanBlZyIsInNsaWRlc2hvdyI6ImFsbC1jMDRlMjZlIn0%3D\">\n\t\t\t\t\t<div class=\"e-gallery-image elementor-gallery-item__image\" data-thumbnail=\"https:\/\/portaleducacao.guarulhos.sp.gov.br\/wp_site\/semanadobrincar2025\/wp-content\/uploads\/sites\/40\/2025\/05\/WhatsApp-Image-2025-05-27-at-14.58.15.jpeg\" data-width=\"1200\" data-height=\"1600\" alt=\"\" ><\/div>\n\t\t\t\t\t\t\t\t\t\t\t<div class=\"elementor-gallery-item__overlay\"><\/div>\n\t\t\t\t\t\t\t\t\t\t\t\t\t\t\t<div class=\"elementor-gallery-item__content\">\n\t\t\t\t\t\t\t\t\t\t\t\t\t\t<div class=\"elementor-gallery-item__title\">\n\t\t\t\t\t\t\t\t\t\t\t\t\t\t\t\t\t\tBrincadeiras com os Professores Roberto e Daniela - Parque J\u00falio Fracalanza\t\t\t\t\t\t\t\t<\/div>\n\t\t\t\t\t\t\t\t\t\t\t\t<\/div>\n\t\t\t\t\t\t\t\t\t<\/a>\n\t\t\t\t\t\t\t<a class=\"e-gallery-item elementor-gallery-item elementor-animated-content\" data-e-gallery-tags=\"0\" href=\"https:\/\/portaleducacao.guarulhos.sp.gov.br\/wp_site\/semanadobrincar2025\/wp-content\/uploads\/sites\/40\/2025\/05\/WhatsApp-Image-2025-05-27-at-15.27.30.jpeg\" data-elementor-open-lightbox=\"yes\" data-elementor-lightbox-slideshow=\"all-c04e26e\" data-elementor-lightbox-title=\"Brincadeiras com os Professores Roberto e Daniela - Parque J\u00falio Fracalanza\" data-e-action-hash=\"#elementor-action%3Aaction%3Dlightbox%26settings%3DeyJpZCI6MTAyOCwidXJsIjoiaHR0cHM6XC9cL3BvcnRhbGVkdWNhY2FvLmd1YXJ1bGhvcy5zcC5nb3YuYnJcL3dwX3NpdGVcL3NlbWFuYWRvYnJpbmNhcjIwMjVcL3dwLWNvbnRlbnRcL3VwbG9hZHNcL3NpdGVzXC80MFwvMjAyNVwvMDVcL1doYXRzQXBwLUltYWdlLTIwMjUtMDUtMjctYXQtMTUuMjcuMzAuanBlZyIsInNsaWRlc2hvdyI6ImFsbC1jMDRlMjZlIn0%3D\">\n\t\t\t\t\t<div class=\"e-gallery-image elementor-gallery-item__image\" data-thumbnail=\"https:\/\/portaleducacao.guarulhos.sp.gov.br\/wp_site\/semanadobrincar2025\/wp-content\/uploads\/sites\/40\/2025\/05\/WhatsApp-Image-2025-05-27-at-15.27.30.jpeg\" data-width=\"1200\" data-height=\"1600\" alt=\"\" ><\/div>\n\t\t\t\t\t\t\t\t\t\t\t<div class=\"elementor-gallery-item__overlay\"><\/div>\n\t\t\t\t\t\t\t\t\t\t\t\t\t\t\t<div class=\"elementor-gallery-item__content\">\n\t\t\t\t\t\t\t\t\t\t\t\t\t\t<div class=\"elementor-gallery-item__title\">\n\t\t\t\t\t\t\t\t\t\t\t\t\t\t\t\t\t\tBrincadeiras com os Professores Roberto e Daniela - Parque J\u00falio Fracalanza\t\t\t\t\t\t\t\t<\/div>\n\t\t\t\t\t\t\t\t\t\t\t\t<\/div>\n\t\t\t\t\t\t\t\t\t<\/a>\n\t\t\t\t\t\t\t<a class=\"e-gallery-item elementor-gallery-item elementor-animated-content\" data-e-gallery-tags=\"0\" href=\"https:\/\/portaleducacao.guarulhos.sp.gov.br\/wp_site\/semanadobrincar2025\/wp-content\/uploads\/sites\/40\/2025\/05\/WhatsApp-Image-2025-05-27-at-15.27.31.jpeg\" data-elementor-open-lightbox=\"yes\" data-elementor-lightbox-slideshow=\"all-c04e26e\" data-elementor-lightbox-title=\"Brincadeiras com os Professores Roberto e Daniela - Parque J\u00falio Fracalanza\" data-e-action-hash=\"#elementor-action%3Aaction%3Dlightbox%26settings%3DeyJpZCI6MTAyOSwidXJsIjoiaHR0cHM6XC9cL3BvcnRhbGVkdWNhY2FvLmd1YXJ1bGhvcy5zcC5nb3YuYnJcL3dwX3NpdGVcL3NlbWFuYWRvYnJpbmNhcjIwMjVcL3dwLWNvbnRlbnRcL3VwbG9hZHNcL3NpdGVzXC80MFwvMjAyNVwvMDVcL1doYXRzQXBwLUltYWdlLTIwMjUtMDUtMjctYXQtMTUuMjcuMzEuanBlZyIsInNsaWRlc2hvdyI6ImFsbC1jMDRlMjZlIn0%3D\">\n\t\t\t\t\t<div class=\"e-gallery-image elementor-gallery-item__image\" data-thumbnail=\"https:\/\/portaleducacao.guarulhos.sp.gov.br\/wp_site\/semanadobrincar2025\/wp-content\/uploads\/sites\/40\/2025\/05\/WhatsApp-Image-2025-05-27-at-15.27.31.jpeg\" data-width=\"900\" data-height=\"1600\" alt=\"\" ><\/div>\n\t\t\t\t\t\t\t\t\t\t\t<div class=\"elementor-gallery-item__overlay\"><\/div>\n\t\t\t\t\t\t\t\t\t\t\t\t\t\t\t<div class=\"elementor-gallery-item__content\">\n\t\t\t\t\t\t\t\t\t\t\t\t\t\t<div class=\"elementor-gallery-item__title\">\n\t\t\t\t\t\t\t\t\t\t\t\t\t\t\t\t\t\tBrincadeiras com os Professores Roberto e Daniela - Parque J\u00falio Fracalanza\t\t\t\t\t\t\t\t<\/div>\n\t\t\t\t\t\t\t\t\t\t\t\t<\/div>\n\t\t\t\t\t\t\t\t\t<\/a>\n\t\t\t\t\t\t\t<a class=\"e-gallery-item elementor-gallery-item elementor-animated-content\" data-e-gallery-tags=\"0\" href=\"https:\/\/portaleducacao.guarulhos.sp.gov.br\/wp_site\/semanadobrincar2025\/wp-content\/uploads\/sites\/40\/2025\/05\/WhatsApp-Image-2025-05-29-at-15.32.23-1.jpeg\" data-elementor-open-lightbox=\"yes\" data-elementor-lightbox-slideshow=\"all-c04e26e\" data-elementor-lightbox-title=\"Mesa com Profissionais da Educa\u00e7\u00e3o da Rede Municipal - Encontro formativo com os Coordenadores Pedag\u00f3gicos - CEU Bonsucesso\" data-e-action-hash=\"#elementor-action%3Aaction%3Dlightbox%26settings%3DeyJpZCI6MTAzNywidXJsIjoiaHR0cHM6XC9cL3BvcnRhbGVkdWNhY2FvLmd1YXJ1bGhvcy5zcC5nb3YuYnJcL3dwX3NpdGVcL3NlbWFuYWRvYnJpbmNhcjIwMjVcL3dwLWNvbnRlbnRcL3VwbG9hZHNcL3NpdGVzXC80MFwvMjAyNVwvMDVcL1doYXRzQXBwLUltYWdlLTIwMjUtMDUtMjktYXQtMTUuMzIuMjMtMS5qcGVnIiwic2xpZGVzaG93IjoiYWxsLWMwNGUyNmUifQ%3D%3D\">\n\t\t\t\t\t<div class=\"e-gallery-image elementor-gallery-item__image\" data-thumbnail=\"https:\/\/portaleducacao.guarulhos.sp.gov.br\/wp_site\/semanadobrincar2025\/wp-content\/uploads\/sites\/40\/2025\/05\/WhatsApp-Image-2025-05-29-at-15.32.23-1.jpeg\" data-width=\"1600\" data-height=\"737\" alt=\"\" ><\/div>\n\t\t\t\t\t\t\t\t\t\t\t<div class=\"elementor-gallery-item__overlay\"><\/div>\n\t\t\t\t\t\t\t\t\t\t\t\t\t\t\t<div class=\"elementor-gallery-item__content\">\n\t\t\t\t\t\t\t\t\t\t\t\t\t\t<div class=\"elementor-gallery-item__title\">\n\t\t\t\t\t\t\t\t\t\t\t\t\t\t\t\t\t\tMesa com Profissionais da Educa\u00e7\u00e3o da Rede Municipal - Encontro formativo com os Coordenadores Pedag\u00f3gicos - CEU Bonsucesso\t\t\t\t\t\t\t\t<\/div>\n\t\t\t\t\t\t\t\t\t\t\t\t<\/div>\n\t\t\t\t\t\t\t\t\t<\/a>\n\t\t\t\t\t\t\t<a class=\"e-gallery-item elementor-gallery-item elementor-animated-content\" data-e-gallery-tags=\"0\" href=\"https:\/\/portaleducacao.guarulhos.sp.gov.br\/wp_site\/semanadobrincar2025\/wp-content\/uploads\/sites\/40\/2025\/05\/WhatsApp-Image-2025-05-29-at-15.32.24.jpeg\" data-elementor-open-lightbox=\"yes\" data-elementor-lightbox-slideshow=\"all-c04e26e\" data-elementor-lightbox-title=\"Mesa com Profissionais da Educa\u00e7\u00e3o da Rede Municipal - Encontro formativo com os Coordenadores Pedag\u00f3gicos - CEU Bonsucesso\" data-e-action-hash=\"#elementor-action%3Aaction%3Dlightbox%26settings%3DeyJpZCI6MTAzOCwidXJsIjoiaHR0cHM6XC9cL3BvcnRhbGVkdWNhY2FvLmd1YXJ1bGhvcy5zcC5nb3YuYnJcL3dwX3NpdGVcL3NlbWFuYWRvYnJpbmNhcjIwMjVcL3dwLWNvbnRlbnRcL3VwbG9hZHNcL3NpdGVzXC80MFwvMjAyNVwvMDVcL1doYXRzQXBwLUltYWdlLTIwMjUtMDUtMjktYXQtMTUuMzIuMjQuanBlZyIsInNsaWRlc2hvdyI6ImFsbC1jMDRlMjZlIn0%3D\">\n\t\t\t\t\t<div class=\"e-gallery-image elementor-gallery-item__image\" data-thumbnail=\"https:\/\/portaleducacao.guarulhos.sp.gov.br\/wp_site\/semanadobrincar2025\/wp-content\/uploads\/sites\/40\/2025\/05\/WhatsApp-Image-2025-05-29-at-15.32.24.jpeg\" data-width=\"737\" data-height=\"517\" alt=\"\" ><\/div>\n\t\t\t\t\t\t\t\t\t\t\t<div class=\"elementor-gallery-item__overlay\"><\/div>\n\t\t\t\t\t\t\t\t\t\t\t\t\t\t\t<div class=\"elementor-gallery-item__content\">\n\t\t\t\t\t\t\t\t\t\t\t\t\t\t<div class=\"elementor-gallery-item__title\">\n\t\t\t\t\t\t\t\t\t\t\t\t\t\t\t\t\t\tMesa com Profissionais da Educa\u00e7\u00e3o da Rede Municipal - Encontro formativo com os Coordenadores Pedag\u00f3gicos - CEU Bonsucesso\t\t\t\t\t\t\t\t<\/div>\n\t\t\t\t\t\t\t\t\t\t\t\t<\/div>\n\t\t\t\t\t\t\t\t\t<\/a>\n\t\t\t\t\t\t\t<a class=\"e-gallery-item elementor-gallery-item elementor-animated-content\" data-e-gallery-tags=\"0\" href=\"https:\/\/portaleducacao.guarulhos.sp.gov.br\/wp_site\/semanadobrincar2025\/wp-content\/uploads\/sites\/40\/2025\/05\/WhatsApp-Image-2025-05-29-at-15.42.31-1.jpeg\" data-elementor-open-lightbox=\"yes\" data-elementor-lightbox-slideshow=\"all-c04e26e\" data-elementor-lightbox-title=\"Oficina brincante de musicaliza\u00e7\u00e3o com a Professora Ludmila Martins - Encontro formativo com os Coordenadores Pedag\u00f3gicos - CEU Bonsucesso\" data-e-action-hash=\"#elementor-action%3Aaction%3Dlightbox%26settings%3DeyJpZCI6MTAzOSwidXJsIjoiaHR0cHM6XC9cL3BvcnRhbGVkdWNhY2FvLmd1YXJ1bGhvcy5zcC5nb3YuYnJcL3dwX3NpdGVcL3NlbWFuYWRvYnJpbmNhcjIwMjVcL3dwLWNvbnRlbnRcL3VwbG9hZHNcL3NpdGVzXC80MFwvMjAyNVwvMDVcL1doYXRzQXBwLUltYWdlLTIwMjUtMDUtMjktYXQtMTUuNDIuMzEtMS5qcGVnIiwic2xpZGVzaG93IjoiYWxsLWMwNGUyNmUifQ%3D%3D\">\n\t\t\t\t\t<div class=\"e-gallery-image elementor-gallery-item__image\" data-thumbnail=\"https:\/\/portaleducacao.guarulhos.sp.gov.br\/wp_site\/semanadobrincar2025\/wp-content\/uploads\/sites\/40\/2025\/05\/WhatsApp-Image-2025-05-29-at-15.42.31-1.jpeg\" data-width=\"1388\" data-height=\"922\" alt=\"\" ><\/div>\n\t\t\t\t\t\t\t\t\t\t\t<div class=\"elementor-gallery-item__overlay\"><\/div>\n\t\t\t\t\t\t\t\t\t\t\t\t\t\t\t<div class=\"elementor-gallery-item__content\">\n\t\t\t\t\t\t\t\t\t\t\t\t\t\t<div class=\"elementor-gallery-item__title\">\n\t\t\t\t\t\t\t\t\t\t\t\t\t\t\t\t\t\tOficina brincante de musicaliza\u00e7\u00e3o com a Professora Ludmila Martins - Encontro formativo com os Coordenadores Pedag\u00f3gicos - CEU Bonsucesso\t\t\t\t\t\t\t\t<\/div>\n\t\t\t\t\t\t\t\t\t\t\t\t<\/div>\n\t\t\t\t\t\t\t\t\t<\/a>\n\t\t\t\t\t\t\t<a class=\"e-gallery-item elementor-gallery-item elementor-animated-content\" data-e-gallery-tags=\"0\" href=\"https:\/\/portaleducacao.guarulhos.sp.gov.br\/wp_site\/semanadobrincar2025\/wp-content\/uploads\/sites\/40\/2025\/05\/WhatsApp-Image-2025-05-29-at-15.42.31.jpeg\" data-elementor-open-lightbox=\"yes\" data-elementor-lightbox-slideshow=\"all-c04e26e\" data-elementor-lightbox-title=\"Oficina brincante de musicaliza\u00e7\u00e3o com a Professora Ludmila Martins - Encontro formativo com os Coordenadores Pedag\u00f3gicos - CEU Bonsucesso\" data-e-action-hash=\"#elementor-action%3Aaction%3Dlightbox%26settings%3DeyJpZCI6MTA0MCwidXJsIjoiaHR0cHM6XC9cL3BvcnRhbGVkdWNhY2FvLmd1YXJ1bGhvcy5zcC5nb3YuYnJcL3dwX3NpdGVcL3NlbWFuYWRvYnJpbmNhcjIwMjVcL3dwLWNvbnRlbnRcL3VwbG9hZHNcL3NpdGVzXC80MFwvMjAyNVwvMDVcL1doYXRzQXBwLUltYWdlLTIwMjUtMDUtMjktYXQtMTUuNDIuMzEuanBlZyIsInNsaWRlc2hvdyI6ImFsbC1jMDRlMjZlIn0%3D\">\n\t\t\t\t\t<div class=\"e-gallery-image elementor-gallery-item__image\" data-thumbnail=\"https:\/\/portaleducacao.guarulhos.sp.gov.br\/wp_site\/semanadobrincar2025\/wp-content\/uploads\/sites\/40\/2025\/05\/WhatsApp-Image-2025-05-29-at-15.42.31.jpeg\" data-width=\"1600\" data-height=\"737\" alt=\"\" ><\/div>\n\t\t\t\t\t\t\t\t\t\t\t<div class=\"elementor-gallery-item__overlay\"><\/div>\n\t\t\t\t\t\t\t\t\t\t\t\t\t\t\t<div class=\"elementor-gallery-item__content\">\n\t\t\t\t\t\t\t\t\t\t\t\t\t\t<div class=\"elementor-gallery-item__title\">\n\t\t\t\t\t\t\t\t\t\t\t\t\t\t\t\t\t\tOficina brincante de musicaliza\u00e7\u00e3o com a Professora Ludmila Martins - Encontro formativo com os Coordenadores Pedag\u00f3gicos - CEU Bonsucesso\t\t\t\t\t\t\t\t<\/div>\n\t\t\t\t\t\t\t\t\t\t\t\t<\/div>\n\t\t\t\t\t\t\t\t\t<\/a>\n\t\t\t\t\t\t\t<a class=\"e-gallery-item elementor-gallery-item elementor-animated-content\" data-e-gallery-tags=\"0\" href=\"https:\/\/portaleducacao.guarulhos.sp.gov.br\/wp_site\/semanadobrincar2025\/wp-content\/uploads\/sites\/40\/2025\/05\/Ceu-3.png\" data-elementor-open-lightbox=\"yes\" data-elementor-lightbox-slideshow=\"all-c04e26e\" data-elementor-lightbox-title=\"Palestrantes  Prof Dra Sandra  Campos e o Psic\u00f3logo Odanel Ferrari Serrano Tema A crian\u00e7a, a diferen\u00e7a e o brincar  as inf\u00e2ncias que vivemos nas escolas\" data-e-action-hash=\"#elementor-action%3Aaction%3Dlightbox%26settings%3DeyJpZCI6MTA0MywidXJsIjoiaHR0cHM6XC9cL3BvcnRhbGVkdWNhY2FvLmd1YXJ1bGhvcy5zcC5nb3YuYnJcL3dwX3NpdGVcL3NlbWFuYWRvYnJpbmNhcjIwMjVcL3dwLWNvbnRlbnRcL3VwbG9hZHNcL3NpdGVzXC80MFwvMjAyNVwvMDVcL0NldS0zLnBuZyIsInNsaWRlc2hvdyI6ImFsbC1jMDRlMjZlIn0%3D\">\n\t\t\t\t\t<div class=\"e-gallery-image elementor-gallery-item__image\" data-thumbnail=\"https:\/\/portaleducacao.guarulhos.sp.gov.br\/wp_site\/semanadobrincar2025\/wp-content\/uploads\/sites\/40\/2025\/05\/Ceu-3.png\" data-width=\"1600\" data-height=\"720\" alt=\"\" ><\/div>\n\t\t\t\t\t\t\t\t\t\t\t<div class=\"elementor-gallery-item__overlay\"><\/div>\n\t\t\t\t\t\t\t\t\t\t\t\t\t\t\t<div class=\"elementor-gallery-item__content\">\n\t\t\t\t\t\t\t\t\t\t\t\t\t\t<div class=\"elementor-gallery-item__title\">\n\t\t\t\t\t\t\t\t\t\t\t\t\t\t\t\t\t\tPalestrantes  Prof Dra Sandra  Campos e o Psic\u00f3logo Odanel Ferrari Serrano Tema A crian\u00e7a, a diferen\u00e7a e o brincar  as inf\u00e2ncias que vivemos nas escolas\t\t\t\t\t\t\t\t<\/div>\n\t\t\t\t\t\t\t\t\t\t\t\t<\/div>\n\t\t\t\t\t\t\t\t\t<\/a>\n\t\t\t\t\t\t\t<a class=\"e-gallery-item elementor-gallery-item elementor-animated-content\" data-e-gallery-tags=\"0\" href=\"https:\/\/portaleducacao.guarulhos.sp.gov.br\/wp_site\/semanadobrincar2025\/wp-content\/uploads\/sites\/40\/2025\/05\/ceu-5.png\" data-elementor-open-lightbox=\"yes\" data-elementor-lightbox-slideshow=\"all-c04e26e\" data-elementor-lightbox-title=\"Palestrantes  Prof Dra Sandra  Campos e o Psic\u00f3logo Odanel Ferrari Serrano Tema A crian\u00e7a, a diferen\u00e7a e o brincar  as inf\u00e2ncias que vivemos nas escolas\" data-e-action-hash=\"#elementor-action%3Aaction%3Dlightbox%26settings%3DeyJpZCI6MTA0NSwidXJsIjoiaHR0cHM6XC9cL3BvcnRhbGVkdWNhY2FvLmd1YXJ1bGhvcy5zcC5nb3YuYnJcL3dwX3NpdGVcL3NlbWFuYWRvYnJpbmNhcjIwMjVcL3dwLWNvbnRlbnRcL3VwbG9hZHNcL3NpdGVzXC80MFwvMjAyNVwvMDVcL2NldS01LnBuZyIsInNsaWRlc2hvdyI6ImFsbC1jMDRlMjZlIn0%3D\">\n\t\t\t\t\t<div class=\"e-gallery-image elementor-gallery-item__image\" data-thumbnail=\"https:\/\/portaleducacao.guarulhos.sp.gov.br\/wp_site\/semanadobrincar2025\/wp-content\/uploads\/sites\/40\/2025\/05\/ceu-5.png\" data-width=\"960\" data-height=\"1280\" alt=\"\" ><\/div>\n\t\t\t\t\t\t\t\t\t\t\t<div class=\"elementor-gallery-item__overlay\"><\/div>\n\t\t\t\t\t\t\t\t\t\t\t\t\t\t\t<div class=\"elementor-gallery-item__content\">\n\t\t\t\t\t\t\t\t\t\t\t\t\t\t<div class=\"elementor-gallery-item__title\">\n\t\t\t\t\t\t\t\t\t\t\t\t\t\t\t\t\t\tPalestrantes  Prof Dra Sandra  Campos e o Psic\u00f3logo Odanel Ferrari Serrano Tema A crian\u00e7a, a diferen\u00e7a e o brincar  as inf\u00e2ncias que vivemos nas escolas\t\t\t\t\t\t\t\t<\/div>\n\t\t\t\t\t\t\t\t\t\t\t\t<\/div>\n\t\t\t\t\t\t\t\t\t<\/a>\n\t\t\t\t\t\t\t<a class=\"e-gallery-item elementor-gallery-item elementor-animated-content\" data-e-gallery-tags=\"0\" href=\"https:\/\/portaleducacao.guarulhos.sp.gov.br\/wp_site\/semanadobrincar2025\/wp-content\/uploads\/sites\/40\/2025\/05\/Ceu-Ponte-A.png\" data-elementor-open-lightbox=\"yes\" data-elementor-lightbox-slideshow=\"all-c04e26e\" data-elementor-lightbox-title=\"Palestrantes  Prof Dra Sandra  Campos e o Psic\u00f3logo Odanel Ferrari Serrano Tema A crian\u00e7a, a diferen\u00e7a e o brincar  as inf\u00e2ncias que vivemos nas escolas\" data-e-action-hash=\"#elementor-action%3Aaction%3Dlightbox%26settings%3DeyJpZCI6MTA0NywidXJsIjoiaHR0cHM6XC9cL3BvcnRhbGVkdWNhY2FvLmd1YXJ1bGhvcy5zcC5nb3YuYnJcL3dwX3NpdGVcL3NlbWFuYWRvYnJpbmNhcjIwMjVcL3dwLWNvbnRlbnRcL3VwbG9hZHNcL3NpdGVzXC80MFwvMjAyNVwvMDVcL0NldS1Qb250ZS1BLnBuZyIsInNsaWRlc2hvdyI6ImFsbC1jMDRlMjZlIn0%3D\">\n\t\t\t\t\t<div class=\"e-gallery-image elementor-gallery-item__image\" data-thumbnail=\"https:\/\/portaleducacao.guarulhos.sp.gov.br\/wp_site\/semanadobrincar2025\/wp-content\/uploads\/sites\/40\/2025\/05\/Ceu-Ponte-A.png\" data-width=\"1280\" data-height=\"576\" alt=\"\" ><\/div>\n\t\t\t\t\t\t\t\t\t\t\t<div class=\"elementor-gallery-item__overlay\"><\/div>\n\t\t\t\t\t\t\t\t\t\t\t\t\t\t\t<div class=\"elementor-gallery-item__content\">\n\t\t\t\t\t\t\t\t\t\t\t\t\t\t<div class=\"elementor-gallery-item__title\">\n\t\t\t\t\t\t\t\t\t\t\t\t\t\t\t\t\t\tPalestrantes  Prof Dra Sandra  Campos e o Psic\u00f3logo Odanel Ferrari Serrano Tema A crian\u00e7a, a diferen\u00e7a e o brincar  as inf\u00e2ncias que vivemos nas escolas\t\t\t\t\t\t\t\t<\/div>\n\t\t\t\t\t\t\t\t\t\t\t\t<\/div>\n\t\t\t\t\t\t\t\t\t<\/a>\n\t\t\t\t\t\t\t<a class=\"e-gallery-item elementor-gallery-item elementor-animated-content\" data-e-gallery-tags=\"0\" href=\"https:\/\/portaleducacao.guarulhos.sp.gov.br\/wp_site\/semanadobrincar2025\/wp-content\/uploads\/sites\/40\/2025\/05\/ceu-6.png\" data-elementor-open-lightbox=\"yes\" data-elementor-lightbox-slideshow=\"all-c04e26e\" data-elementor-lightbox-title=\"Palestrantes  Prof Dra Sandra  Campos e o Psic\u00f3logo Odanel Ferrari Serrano Tema A crian\u00e7a, a diferen\u00e7a e o brincar  as inf\u00e2ncias que vivemos nas escolas\" data-e-action-hash=\"#elementor-action%3Aaction%3Dlightbox%26settings%3DeyJpZCI6MTA0NiwidXJsIjoiaHR0cHM6XC9cL3BvcnRhbGVkdWNhY2FvLmd1YXJ1bGhvcy5zcC5nb3YuYnJcL3dwX3NpdGVcL3NlbWFuYWRvYnJpbmNhcjIwMjVcL3dwLWNvbnRlbnRcL3VwbG9hZHNcL3NpdGVzXC80MFwvMjAyNVwvMDVcL2NldS02LnBuZyIsInNsaWRlc2hvdyI6ImFsbC1jMDRlMjZlIn0%3D\">\n\t\t\t\t\t<div class=\"e-gallery-image elementor-gallery-item__image\" data-thumbnail=\"https:\/\/portaleducacao.guarulhos.sp.gov.br\/wp_site\/semanadobrincar2025\/wp-content\/uploads\/sites\/40\/2025\/05\/ceu-6.png\" data-width=\"1280\" data-height=\"691\" alt=\"\" ><\/div>\n\t\t\t\t\t\t\t\t\t\t\t<div class=\"elementor-gallery-item__overlay\"><\/div>\n\t\t\t\t\t\t\t\t\t\t\t\t\t\t\t<div class=\"elementor-gallery-item__content\">\n\t\t\t\t\t\t\t\t\t\t\t\t\t\t<div class=\"elementor-gallery-item__title\">\n\t\t\t\t\t\t\t\t\t\t\t\t\t\t\t\t\t\tPalestrantes  Prof Dra Sandra  Campos e o Psic\u00f3logo Odanel Ferrari Serrano Tema A crian\u00e7a, a diferen\u00e7a e o brincar  as inf\u00e2ncias que vivemos nas escolas\t\t\t\t\t\t\t\t<\/div>\n\t\t\t\t\t\t\t\t\t\t\t\t<\/div>\n\t\t\t\t\t\t\t\t\t<\/a>\n\t\t\t\t\t\t\t<a class=\"e-gallery-item elementor-gallery-item elementor-animated-content\" data-e-gallery-tags=\"0\" href=\"https:\/\/portaleducacao.guarulhos.sp.gov.br\/wp_site\/semanadobrincar2025\/wp-content\/uploads\/sites\/40\/2025\/05\/WhatsApp-Image-2025-05-27-at-16.04.23.jpeg\" data-elementor-open-lightbox=\"yes\" data-elementor-lightbox-slideshow=\"all-c04e26e\" data-elementor-lightbox-title=\"Resgate de brincadeiras com os educandos da EPG Chico Mendes - Parque Chico Mendes\" data-e-action-hash=\"#elementor-action%3Aaction%3Dlightbox%26settings%3DeyJpZCI6MTA0OCwidXJsIjoiaHR0cHM6XC9cL3BvcnRhbGVkdWNhY2FvLmd1YXJ1bGhvcy5zcC5nb3YuYnJcL3dwX3NpdGVcL3NlbWFuYWRvYnJpbmNhcjIwMjVcL3dwLWNvbnRlbnRcL3VwbG9hZHNcL3NpdGVzXC80MFwvMjAyNVwvMDVcL1doYXRzQXBwLUltYWdlLTIwMjUtMDUtMjctYXQtMTYuMDQuMjMuanBlZyIsInNsaWRlc2hvdyI6ImFsbC1jMDRlMjZlIn0%3D\">\n\t\t\t\t\t<div class=\"e-gallery-image elementor-gallery-item__image\" data-thumbnail=\"https:\/\/portaleducacao.guarulhos.sp.gov.br\/wp_site\/semanadobrincar2025\/wp-content\/uploads\/sites\/40\/2025\/05\/WhatsApp-Image-2025-05-27-at-16.04.23.jpeg\" data-width=\"1280\" data-height=\"720\" alt=\"\" ><\/div>\n\t\t\t\t\t\t\t\t\t\t\t<div class=\"elementor-gallery-item__overlay\"><\/div>\n\t\t\t\t\t\t\t\t\t\t\t\t\t\t\t<div class=\"elementor-gallery-item__content\">\n\t\t\t\t\t\t\t\t\t\t\t\t\t\t<div class=\"elementor-gallery-item__title\">\n\t\t\t\t\t\t\t\t\t\t\t\t\t\t\t\t\t\tResgate de brincadeiras com os educandos da EPG Chico Mendes - Parque Chico Mendes\t\t\t\t\t\t\t\t<\/div>\n\t\t\t\t\t\t\t\t\t\t\t\t<\/div>\n\t\t\t\t\t\t\t\t\t<\/a>\n\t\t\t\t\t\t\t<a class=\"e-gallery-item elementor-gallery-item elementor-animated-content\" data-e-gallery-tags=\"0\" href=\"https:\/\/portaleducacao.guarulhos.sp.gov.br\/wp_site\/semanadobrincar2025\/wp-content\/uploads\/sites\/40\/2025\/05\/WhatsApp-Image-2025-05-27-at-16.09.04-1.jpeg\" data-elementor-open-lightbox=\"yes\" data-elementor-lightbox-slideshow=\"all-c04e26e\" data-elementor-lightbox-title=\"Resgate de brincadeiras com os educandos da EPG Chico Mendes - Parque Chico Mendes\" data-e-action-hash=\"#elementor-action%3Aaction%3Dlightbox%26settings%3DeyJpZCI6MTA0OSwidXJsIjoiaHR0cHM6XC9cL3BvcnRhbGVkdWNhY2FvLmd1YXJ1bGhvcy5zcC5nb3YuYnJcL3dwX3NpdGVcL3NlbWFuYWRvYnJpbmNhcjIwMjVcL3dwLWNvbnRlbnRcL3VwbG9hZHNcL3NpdGVzXC80MFwvMjAyNVwvMDVcL1doYXRzQXBwLUltYWdlLTIwMjUtMDUtMjctYXQtMTYuMDkuMDQtMS5qcGVnIiwic2xpZGVzaG93IjoiYWxsLWMwNGUyNmUifQ%3D%3D\">\n\t\t\t\t\t<div class=\"e-gallery-image elementor-gallery-item__image\" data-thumbnail=\"https:\/\/portaleducacao.guarulhos.sp.gov.br\/wp_site\/semanadobrincar2025\/wp-content\/uploads\/sites\/40\/2025\/05\/WhatsApp-Image-2025-05-27-at-16.09.04-1.jpeg\" data-width=\"1280\" data-height=\"960\" alt=\"\" ><\/div>\n\t\t\t\t\t\t\t\t\t\t\t<div class=\"elementor-gallery-item__overlay\"><\/div>\n\t\t\t\t\t\t\t\t\t\t\t\t\t\t\t<div class=\"elementor-gallery-item__content\">\n\t\t\t\t\t\t\t\t\t\t\t\t\t\t<div class=\"elementor-gallery-item__title\">\n\t\t\t\t\t\t\t\t\t\t\t\t\t\t\t\t\t\tResgate de brincadeiras com os educandos da EPG Chico Mendes - Parque Chico Mendes\t\t\t\t\t\t\t\t<\/div>\n\t\t\t\t\t\t\t\t\t\t\t\t<\/div>\n\t\t\t\t\t\t\t\t\t<\/a>\n\t\t\t\t\t\t\t<a class=\"e-gallery-item elementor-gallery-item elementor-animated-content\" data-e-gallery-tags=\"0\" href=\"https:\/\/portaleducacao.guarulhos.sp.gov.br\/wp_site\/semanadobrincar2025\/wp-content\/uploads\/sites\/40\/2025\/05\/WhatsApp-Image-2025-05-27-at-16.09.04.jpeg\" data-elementor-open-lightbox=\"yes\" data-elementor-lightbox-slideshow=\"all-c04e26e\" data-elementor-lightbox-title=\"Resgate de brincadeiras com os educandos da EPG Chico Mendes - Parque Chico Mendes\" data-e-action-hash=\"#elementor-action%3Aaction%3Dlightbox%26settings%3DeyJpZCI6MTA1MCwidXJsIjoiaHR0cHM6XC9cL3BvcnRhbGVkdWNhY2FvLmd1YXJ1bGhvcy5zcC5nb3YuYnJcL3dwX3NpdGVcL3NlbWFuYWRvYnJpbmNhcjIwMjVcL3dwLWNvbnRlbnRcL3VwbG9hZHNcL3NpdGVzXC80MFwvMjAyNVwvMDVcL1doYXRzQXBwLUltYWdlLTIwMjUtMDUtMjctYXQtMTYuMDkuMDQuanBlZyIsInNsaWRlc2hvdyI6ImFsbC1jMDRlMjZlIn0%3D\">\n\t\t\t\t\t<div class=\"e-gallery-image elementor-gallery-item__image\" data-thumbnail=\"https:\/\/portaleducacao.guarulhos.sp.gov.br\/wp_site\/semanadobrincar2025\/wp-content\/uploads\/sites\/40\/2025\/05\/WhatsApp-Image-2025-05-27-at-16.09.04.jpeg\" data-width=\"1280\" data-height=\"960\" alt=\"\" ><\/div>\n\t\t\t\t\t\t\t\t\t\t\t<div class=\"elementor-gallery-item__overlay\"><\/div>\n\t\t\t\t\t\t\t\t\t\t\t\t\t\t\t<div class=\"elementor-gallery-item__content\">\n\t\t\t\t\t\t\t\t\t\t\t\t\t\t<div class=\"elementor-gallery-item__title\">\n\t\t\t\t\t\t\t\t\t\t\t\t\t\t\t\t\t\tResgate de brincadeiras com os educandos da EPG Chico Mendes - Parque Chico Mendes\t\t\t\t\t\t\t\t<\/div>\n\t\t\t\t\t\t\t\t\t\t\t\t<\/div>\n\t\t\t\t\t\t\t\t\t<\/a>\n\t\t\t\t\t\t\t<a class=\"e-gallery-item elementor-gallery-item elementor-animated-content\" data-e-gallery-tags=\"0\" href=\"https:\/\/portaleducacao.guarulhos.sp.gov.br\/wp_site\/semanadobrincar2025\/wp-content\/uploads\/sites\/40\/2025\/05\/WhatsApp-Image-2025-05-27-at-16.09.11.jpeg\" data-elementor-open-lightbox=\"yes\" data-elementor-lightbox-slideshow=\"all-c04e26e\" data-elementor-lightbox-title=\"Resgate de brincadeiras com os educandos da EPG Chico Mendes - Parque Chico Mendes\" data-e-action-hash=\"#elementor-action%3Aaction%3Dlightbox%26settings%3DeyJpZCI6MTA1MSwidXJsIjoiaHR0cHM6XC9cL3BvcnRhbGVkdWNhY2FvLmd1YXJ1bGhvcy5zcC5nb3YuYnJcL3dwX3NpdGVcL3NlbWFuYWRvYnJpbmNhcjIwMjVcL3dwLWNvbnRlbnRcL3VwbG9hZHNcL3NpdGVzXC80MFwvMjAyNVwvMDVcL1doYXRzQXBwLUltYWdlLTIwMjUtMDUtMjctYXQtMTYuMDkuMTEuanBlZyIsInNsaWRlc2hvdyI6ImFsbC1jMDRlMjZlIn0%3D\">\n\t\t\t\t\t<div class=\"e-gallery-image elementor-gallery-item__image\" data-thumbnail=\"https:\/\/portaleducacao.guarulhos.sp.gov.br\/wp_site\/semanadobrincar2025\/wp-content\/uploads\/sites\/40\/2025\/05\/WhatsApp-Image-2025-05-27-at-16.09.11.jpeg\" data-width=\"1280\" data-height=\"720\" alt=\"\" ><\/div>\n\t\t\t\t\t\t\t\t\t\t\t<div class=\"elementor-gallery-item__overlay\"><\/div>\n\t\t\t\t\t\t\t\t\t\t\t\t\t\t\t<div class=\"elementor-gallery-item__content\">\n\t\t\t\t\t\t\t\t\t\t\t\t\t\t<div class=\"elementor-gallery-item__title\">\n\t\t\t\t\t\t\t\t\t\t\t\t\t\t\t\t\t\tResgate de brincadeiras com os educandos da EPG Chico Mendes - Parque Chico Mendes\t\t\t\t\t\t\t\t<\/div>\n\t\t\t\t\t\t\t\t\t\t\t\t<\/div>\n\t\t\t\t\t\t\t\t\t<\/a>\n\t\t\t\t\t\t\t<a class=\"e-gallery-item elementor-gallery-item elementor-animated-content\" data-e-gallery-tags=\"0\" href=\"https:\/\/portaleducacao.guarulhos.sp.gov.br\/wp_site\/semanadobrincar2025\/wp-content\/uploads\/sites\/40\/2025\/05\/WhatsApp-Image-2025-05-27-at-16.09.12.jpeg\" data-elementor-open-lightbox=\"yes\" data-elementor-lightbox-slideshow=\"all-c04e26e\" data-elementor-lightbox-title=\"Resgate de brincadeiras com os educandos da EPG Chico Mendes - Parque Chico Mendes\" data-e-action-hash=\"#elementor-action%3Aaction%3Dlightbox%26settings%3DeyJpZCI6MTA1MiwidXJsIjoiaHR0cHM6XC9cL3BvcnRhbGVkdWNhY2FvLmd1YXJ1bGhvcy5zcC5nb3YuYnJcL3dwX3NpdGVcL3NlbWFuYWRvYnJpbmNhcjIwMjVcL3dwLWNvbnRlbnRcL3VwbG9hZHNcL3NpdGVzXC80MFwvMjAyNVwvMDVcL1doYXRzQXBwLUltYWdlLTIwMjUtMDUtMjctYXQtMTYuMDkuMTIuanBlZyIsInNsaWRlc2hvdyI6ImFsbC1jMDRlMjZlIn0%3D\">\n\t\t\t\t\t<div class=\"e-gallery-image elementor-gallery-item__image\" data-thumbnail=\"https:\/\/portaleducacao.guarulhos.sp.gov.br\/wp_site\/semanadobrincar2025\/wp-content\/uploads\/sites\/40\/2025\/05\/WhatsApp-Image-2025-05-27-at-16.09.12.jpeg\" data-width=\"1280\" data-height=\"720\" alt=\"\" ><\/div>\n\t\t\t\t\t\t\t\t\t\t\t<div class=\"elementor-gallery-item__overlay\"><\/div>\n\t\t\t\t\t\t\t\t\t\t\t\t\t\t\t<div class=\"elementor-gallery-item__content\">\n\t\t\t\t\t\t\t\t\t\t\t\t\t\t<div class=\"elementor-gallery-item__title\">\n\t\t\t\t\t\t\t\t\t\t\t\t\t\t\t\t\t\tResgate de brincadeiras com os educandos da EPG Chico Mendes - Parque Chico Mendes\t\t\t\t\t\t\t\t<\/div>\n\t\t\t\t\t\t\t\t\t\t\t\t<\/div>\n\t\t\t\t\t\t\t\t\t<\/a>\n\t\t\t\t\t\t\t<a class=\"e-gallery-item elementor-gallery-item elementor-animated-content\" data-e-gallery-tags=\"0\" href=\"https:\/\/portaleducacao.guarulhos.sp.gov.br\/wp_site\/semanadobrincar2025\/wp-content\/uploads\/sites\/40\/2025\/05\/WhatsApp-Image-2025-05-30-at-11.40.45.jpeg\" data-elementor-open-lightbox=\"yes\" data-elementor-lightbox-slideshow=\"all-c04e26e\" data-elementor-lightbox-title=\"Palestrantes  Prof Dra Sandra  Campos e o Psic\u00f3logo Odanel Ferrari Serrano Tema A crian\u00e7a, a diferen\u00e7a e o brincar  as inf\u00e2ncias que vivemos nas escolas\" data-e-action-hash=\"#elementor-action%3Aaction%3Dlightbox%26settings%3DeyJpZCI6MTEzMywidXJsIjoiaHR0cHM6XC9cL3BvcnRhbGVkdWNhY2FvLmd1YXJ1bGhvcy5zcC5nb3YuYnJcL3dwX3NpdGVcL3NlbWFuYWRvYnJpbmNhcjIwMjVcL3dwLWNvbnRlbnRcL3VwbG9hZHNcL3NpdGVzXC80MFwvMjAyNVwvMDVcL1doYXRzQXBwLUltYWdlLTIwMjUtMDUtMzAtYXQtMTEuNDAuNDUuanBlZyIsInNsaWRlc2hvdyI6ImFsbC1jMDRlMjZlIn0%3D\">\n\t\t\t\t\t<div class=\"e-gallery-image elementor-gallery-item__image\" data-thumbnail=\"https:\/\/portaleducacao.guarulhos.sp.gov.br\/wp_site\/semanadobrincar2025\/wp-content\/uploads\/sites\/40\/2025\/05\/WhatsApp-Image-2025-05-30-at-11.40.45.jpeg\" data-width=\"1600\" data-height=\"1066\" alt=\"\" ><\/div>\n\t\t\t\t\t\t\t\t\t\t\t<div class=\"elementor-gallery-item__overlay\"><\/div>\n\t\t\t\t\t\t\t\t\t\t\t\t\t\t\t<div class=\"elementor-gallery-item__content\">\n\t\t\t\t\t\t\t\t\t\t\t\t\t\t<div class=\"elementor-gallery-item__title\">\n\t\t\t\t\t\t\t\t\t\t\t\t\t\t\t\t\t\tPalestrantes  Prof Dra Sandra  Campos e o Psic\u00f3logo Odanel Ferrari Serrano Tema A crian\u00e7a, a diferen\u00e7a e o brincar  as inf\u00e2ncias que vivemos nas escolas\t\t\t\t\t\t\t\t<\/div>\n\t\t\t\t\t\t\t\t\t\t\t\t<\/div>\n\t\t\t\t\t\t\t\t\t<\/a>\n\t\t\t\t\t\t\t<a class=\"e-gallery-item elementor-gallery-item elementor-animated-content\" data-e-gallery-tags=\"0\" href=\"https:\/\/portaleducacao.guarulhos.sp.gov.br\/wp_site\/semanadobrincar2025\/wp-content\/uploads\/sites\/40\/2025\/05\/WhatsApp-Image-2025-05-30-at-11.40.44-5.jpeg\" data-elementor-open-lightbox=\"yes\" data-elementor-lightbox-slideshow=\"all-c04e26e\" data-elementor-lightbox-title=\"Palestrantes  Prof Dra Sandra  Campos e o Psic\u00f3logo Odanel Ferrari Serrano Tema A crian\u00e7a, a diferen\u00e7a e o brincar  as inf\u00e2ncias que vivemos nas escolas\" data-e-action-hash=\"#elementor-action%3Aaction%3Dlightbox%26settings%3DeyJpZCI6MTEzNCwidXJsIjoiaHR0cHM6XC9cL3BvcnRhbGVkdWNhY2FvLmd1YXJ1bGhvcy5zcC5nb3YuYnJcL3dwX3NpdGVcL3NlbWFuYWRvYnJpbmNhcjIwMjVcL3dwLWNvbnRlbnRcL3VwbG9hZHNcL3NpdGVzXC80MFwvMjAyNVwvMDVcL1doYXRzQXBwLUltYWdlLTIwMjUtMDUtMzAtYXQtMTEuNDAuNDQtNS5qcGVnIiwic2xpZGVzaG93IjoiYWxsLWMwNGUyNmUifQ%3D%3D\">\n\t\t\t\t\t<div class=\"e-gallery-image elementor-gallery-item__image\" data-thumbnail=\"https:\/\/portaleducacao.guarulhos.sp.gov.br\/wp_site\/semanadobrincar2025\/wp-content\/uploads\/sites\/40\/2025\/05\/WhatsApp-Image-2025-05-30-at-11.40.44-5.jpeg\" data-width=\"1600\" data-height=\"1066\" alt=\"\" ><\/div>\n\t\t\t\t\t\t\t\t\t\t\t<div class=\"elementor-gallery-item__overlay\"><\/div>\n\t\t\t\t\t\t\t\t\t\t\t\t\t\t\t<div class=\"elementor-gallery-item__content\">\n\t\t\t\t\t\t\t\t\t\t\t\t\t\t<div class=\"elementor-gallery-item__title\">\n\t\t\t\t\t\t\t\t\t\t\t\t\t\t\t\t\t\tPalestrantes  Prof Dra Sandra  Campos e o Psic\u00f3logo Odanel Ferrari Serrano Tema A crian\u00e7a, a diferen\u00e7a e o brincar  as inf\u00e2ncias que vivemos nas escolas\t\t\t\t\t\t\t\t<\/div>\n\t\t\t\t\t\t\t\t\t\t\t\t<\/div>\n\t\t\t\t\t\t\t\t\t<\/a>\n\t\t\t\t\t\t\t<a class=\"e-gallery-item elementor-gallery-item elementor-animated-content\" data-e-gallery-tags=\"0\" href=\"https:\/\/portaleducacao.guarulhos.sp.gov.br\/wp_site\/semanadobrincar2025\/wp-content\/uploads\/sites\/40\/2025\/05\/WhatsApp-Image-2025-05-30-at-11.40.44-4.jpeg\" data-elementor-open-lightbox=\"yes\" data-elementor-lightbox-slideshow=\"all-c04e26e\" data-elementor-lightbox-title=\"Palestrantes  Prof Dra Sandra  Campos e o Psic\u00f3logo Odanel Ferrari Serrano Tema A crian\u00e7a, a diferen\u00e7a e o brincar  as inf\u00e2ncias que vivemos nas escolas\" data-e-action-hash=\"#elementor-action%3Aaction%3Dlightbox%26settings%3DeyJpZCI6MTEzNSwidXJsIjoiaHR0cHM6XC9cL3BvcnRhbGVkdWNhY2FvLmd1YXJ1bGhvcy5zcC5nb3YuYnJcL3dwX3NpdGVcL3NlbWFuYWRvYnJpbmNhcjIwMjVcL3dwLWNvbnRlbnRcL3VwbG9hZHNcL3NpdGVzXC80MFwvMjAyNVwvMDVcL1doYXRzQXBwLUltYWdlLTIwMjUtMDUtMzAtYXQtMTEuNDAuNDQtNC5qcGVnIiwic2xpZGVzaG93IjoiYWxsLWMwNGUyNmUifQ%3D%3D\">\n\t\t\t\t\t<div class=\"e-gallery-image elementor-gallery-item__image\" data-thumbnail=\"https:\/\/portaleducacao.guarulhos.sp.gov.br\/wp_site\/semanadobrincar2025\/wp-content\/uploads\/sites\/40\/2025\/05\/WhatsApp-Image-2025-05-30-at-11.40.44-4.jpeg\" data-width=\"1600\" data-height=\"1066\" alt=\"\" ><\/div>\n\t\t\t\t\t\t\t\t\t\t\t<div class=\"elementor-gallery-item__overlay\"><\/div>\n\t\t\t\t\t\t\t\t\t\t\t\t\t\t\t<div class=\"elementor-gallery-item__content\">\n\t\t\t\t\t\t\t\t\t\t\t\t\t\t<div class=\"elementor-gallery-item__title\">\n\t\t\t\t\t\t\t\t\t\t\t\t\t\t\t\t\t\tPalestrantes  Prof Dra Sandra  Campos e o Psic\u00f3logo Odanel Ferrari Serrano Tema A crian\u00e7a, a diferen\u00e7a e o brincar  as inf\u00e2ncias que vivemos nas escolas\t\t\t\t\t\t\t\t<\/div>\n\t\t\t\t\t\t\t\t\t\t\t\t<\/div>\n\t\t\t\t\t\t\t\t\t<\/a>\n\t\t\t\t\t\t\t<a class=\"e-gallery-item elementor-gallery-item elementor-animated-content\" data-e-gallery-tags=\"0\" href=\"https:\/\/portaleducacao.guarulhos.sp.gov.br\/wp_site\/semanadobrincar2025\/wp-content\/uploads\/sites\/40\/2025\/05\/WhatsApp-Image-2025-05-30-at-11.40.44-3.jpeg\" data-elementor-open-lightbox=\"yes\" data-elementor-lightbox-slideshow=\"all-c04e26e\" data-elementor-lightbox-title=\"Palestrantes  Prof Dra Sandra  Campos e o Psic\u00f3logo Odanel Ferrari Serrano Tema A crian\u00e7a, a diferen\u00e7a e o brincar  as inf\u00e2ncias que vivemos nas escolas\" data-e-action-hash=\"#elementor-action%3Aaction%3Dlightbox%26settings%3DeyJpZCI6MTEzNiwidXJsIjoiaHR0cHM6XC9cL3BvcnRhbGVkdWNhY2FvLmd1YXJ1bGhvcy5zcC5nb3YuYnJcL3dwX3NpdGVcL3NlbWFuYWRvYnJpbmNhcjIwMjVcL3dwLWNvbnRlbnRcL3VwbG9hZHNcL3NpdGVzXC80MFwvMjAyNVwvMDVcL1doYXRzQXBwLUltYWdlLTIwMjUtMDUtMzAtYXQtMTEuNDAuNDQtMy5qcGVnIiwic2xpZGVzaG93IjoiYWxsLWMwNGUyNmUifQ%3D%3D\">\n\t\t\t\t\t<div class=\"e-gallery-image elementor-gallery-item__image\" data-thumbnail=\"https:\/\/portaleducacao.guarulhos.sp.gov.br\/wp_site\/semanadobrincar2025\/wp-content\/uploads\/sites\/40\/2025\/05\/WhatsApp-Image-2025-05-30-at-11.40.44-3.jpeg\" data-width=\"1600\" data-height=\"1066\" alt=\"\" ><\/div>\n\t\t\t\t\t\t\t\t\t\t\t<div class=\"elementor-gallery-item__overlay\"><\/div>\n\t\t\t\t\t\t\t\t\t\t\t\t\t\t\t<div class=\"elementor-gallery-item__content\">\n\t\t\t\t\t\t\t\t\t\t\t\t\t\t<div class=\"elementor-gallery-item__title\">\n\t\t\t\t\t\t\t\t\t\t\t\t\t\t\t\t\t\tPalestrantes  Prof Dra Sandra  Campos e o Psic\u00f3logo Odanel Ferrari Serrano Tema A crian\u00e7a, a diferen\u00e7a e o brincar  as inf\u00e2ncias que vivemos nas escolas\t\t\t\t\t\t\t\t<\/div>\n\t\t\t\t\t\t\t\t\t\t\t\t<\/div>\n\t\t\t\t\t\t\t\t\t<\/a>\n\t\t\t\t\t\t\t<a class=\"e-gallery-item elementor-gallery-item elementor-animated-content\" data-e-gallery-tags=\"0\" href=\"https:\/\/portaleducacao.guarulhos.sp.gov.br\/wp_site\/semanadobrincar2025\/wp-content\/uploads\/sites\/40\/2025\/05\/WhatsApp-Image-2025-05-30-at-11.40.44-2.jpeg\" data-elementor-open-lightbox=\"yes\" data-elementor-lightbox-slideshow=\"all-c04e26e\" data-elementor-lightbox-title=\"Palestrantes  Prof Dra Sandra  Campos e o Psic\u00f3logo Odanel Ferrari Serrano Tema A crian\u00e7a, a diferen\u00e7a e o brincar  as inf\u00e2ncias que vivemos nas escolas\" data-e-action-hash=\"#elementor-action%3Aaction%3Dlightbox%26settings%3DeyJpZCI6MTEzNywidXJsIjoiaHR0cHM6XC9cL3BvcnRhbGVkdWNhY2FvLmd1YXJ1bGhvcy5zcC5nb3YuYnJcL3dwX3NpdGVcL3NlbWFuYWRvYnJpbmNhcjIwMjVcL3dwLWNvbnRlbnRcL3VwbG9hZHNcL3NpdGVzXC80MFwvMjAyNVwvMDVcL1doYXRzQXBwLUltYWdlLTIwMjUtMDUtMzAtYXQtMTEuNDAuNDQtMi5qcGVnIiwic2xpZGVzaG93IjoiYWxsLWMwNGUyNmUifQ%3D%3D\">\n\t\t\t\t\t<div class=\"e-gallery-image elementor-gallery-item__image\" data-thumbnail=\"https:\/\/portaleducacao.guarulhos.sp.gov.br\/wp_site\/semanadobrincar2025\/wp-content\/uploads\/sites\/40\/2025\/05\/WhatsApp-Image-2025-05-30-at-11.40.44-2.jpeg\" data-width=\"1600\" data-height=\"1066\" alt=\"\" ><\/div>\n\t\t\t\t\t\t\t\t\t\t\t<div class=\"elementor-gallery-item__overlay\"><\/div>\n\t\t\t\t\t\t\t\t\t\t\t\t\t\t\t<div class=\"elementor-gallery-item__content\">\n\t\t\t\t\t\t\t\t\t\t\t\t\t\t<div class=\"elementor-gallery-item__title\">\n\t\t\t\t\t\t\t\t\t\t\t\t\t\t\t\t\t\tPalestrantes  Prof Dra Sandra  Campos e o Psic\u00f3logo Odanel Ferrari Serrano Tema A crian\u00e7a, a diferen\u00e7a e o brincar  as inf\u00e2ncias que vivemos nas escolas\t\t\t\t\t\t\t\t<\/div>\n\t\t\t\t\t\t\t\t\t\t\t\t<\/div>\n\t\t\t\t\t\t\t\t\t<\/a>\n\t\t\t\t\t\t\t<a class=\"e-gallery-item elementor-gallery-item elementor-animated-content\" data-e-gallery-tags=\"0\" href=\"https:\/\/portaleducacao.guarulhos.sp.gov.br\/wp_site\/semanadobrincar2025\/wp-content\/uploads\/sites\/40\/2025\/05\/WhatsApp-Image-2025-05-30-at-11.40.44-1.jpeg\" data-elementor-open-lightbox=\"yes\" data-elementor-lightbox-slideshow=\"all-c04e26e\" data-elementor-lightbox-title=\"Palestrantes  Prof Dra Sandra  Campos e o Psic\u00f3logo Odanel Ferrari Serrano Tema A crian\u00e7a, a diferen\u00e7a e o brincar  as inf\u00e2ncias que vivemos nas escolas\" data-e-action-hash=\"#elementor-action%3Aaction%3Dlightbox%26settings%3DeyJpZCI6MTEzOCwidXJsIjoiaHR0cHM6XC9cL3BvcnRhbGVkdWNhY2FvLmd1YXJ1bGhvcy5zcC5nb3YuYnJcL3dwX3NpdGVcL3NlbWFuYWRvYnJpbmNhcjIwMjVcL3dwLWNvbnRlbnRcL3VwbG9hZHNcL3NpdGVzXC80MFwvMjAyNVwvMDVcL1doYXRzQXBwLUltYWdlLTIwMjUtMDUtMzAtYXQtMTEuNDAuNDQtMS5qcGVnIiwic2xpZGVzaG93IjoiYWxsLWMwNGUyNmUifQ%3D%3D\">\n\t\t\t\t\t<div class=\"e-gallery-image elementor-gallery-item__image\" data-thumbnail=\"https:\/\/portaleducacao.guarulhos.sp.gov.br\/wp_site\/semanadobrincar2025\/wp-content\/uploads\/sites\/40\/2025\/05\/WhatsApp-Image-2025-05-30-at-11.40.44-1.jpeg\" data-width=\"1600\" data-height=\"1066\" alt=\"\" ><\/div>\n\t\t\t\t\t\t\t\t\t\t\t<div class=\"elementor-gallery-item__overlay\"><\/div>\n\t\t\t\t\t\t\t\t\t\t\t\t\t\t\t<div class=\"elementor-gallery-item__content\">\n\t\t\t\t\t\t\t\t\t\t\t\t\t\t<div class=\"elementor-gallery-item__title\">\n\t\t\t\t\t\t\t\t\t\t\t\t\t\t\t\t\t\tPalestrantes  Prof Dra Sandra  Campos e o Psic\u00f3logo Odanel Ferrari Serrano Tema A crian\u00e7a, a diferen\u00e7a e o brincar  as inf\u00e2ncias que vivemos nas escolas\t\t\t\t\t\t\t\t<\/div>\n\t\t\t\t\t\t\t\t\t\t\t\t<\/div>\n\t\t\t\t\t\t\t\t\t<\/a>\n\t\t\t\t\t\t\t<a class=\"e-gallery-item elementor-gallery-item elementor-animated-content\" data-e-gallery-tags=\"0\" href=\"https:\/\/portaleducacao.guarulhos.sp.gov.br\/wp_site\/semanadobrincar2025\/wp-content\/uploads\/sites\/40\/2025\/05\/WhatsApp-Image-2025-05-30-at-11.40.44.jpeg\" data-elementor-open-lightbox=\"yes\" data-elementor-lightbox-slideshow=\"all-c04e26e\" data-elementor-lightbox-title=\"Palestrantes  Prof Dra Sandra  Campos e o Psic\u00f3logo Odanel Ferrari Serrano Tema A crian\u00e7a, a diferen\u00e7a e o brincar  as inf\u00e2ncias que vivemos nas escolas\" data-e-action-hash=\"#elementor-action%3Aaction%3Dlightbox%26settings%3DeyJpZCI6MTEzOSwidXJsIjoiaHR0cHM6XC9cL3BvcnRhbGVkdWNhY2FvLmd1YXJ1bGhvcy5zcC5nb3YuYnJcL3dwX3NpdGVcL3NlbWFuYWRvYnJpbmNhcjIwMjVcL3dwLWNvbnRlbnRcL3VwbG9hZHNcL3NpdGVzXC80MFwvMjAyNVwvMDVcL1doYXRzQXBwLUltYWdlLTIwMjUtMDUtMzAtYXQtMTEuNDAuNDQuanBlZyIsInNsaWRlc2hvdyI6ImFsbC1jMDRlMjZlIn0%3D\">\n\t\t\t\t\t<div class=\"e-gallery-image elementor-gallery-item__image\" data-thumbnail=\"https:\/\/portaleducacao.guarulhos.sp.gov.br\/wp_site\/semanadobrincar2025\/wp-content\/uploads\/sites\/40\/2025\/05\/WhatsApp-Image-2025-05-30-at-11.40.44.jpeg\" data-width=\"1600\" data-height=\"1066\" alt=\"\" ><\/div>\n\t\t\t\t\t\t\t\t\t\t\t<div class=\"elementor-gallery-item__overlay\"><\/div>\n\t\t\t\t\t\t\t\t\t\t\t\t\t\t\t<div class=\"elementor-gallery-item__content\">\n\t\t\t\t\t\t\t\t\t\t\t\t\t\t<div class=\"elementor-gallery-item__title\">\n\t\t\t\t\t\t\t\t\t\t\t\t\t\t\t\t\t\tPalestrantes  Prof Dra Sandra  Campos e o Psic\u00f3logo Odanel Ferrari Serrano Tema A crian\u00e7a, a diferen\u00e7a e o brincar  as inf\u00e2ncias que vivemos nas escolas\t\t\t\t\t\t\t\t<\/div>\n\t\t\t\t\t\t\t\t\t\t\t\t<\/div>\n\t\t\t\t\t\t\t\t\t<\/a>\n\t\t\t\t\t\t\t<a class=\"e-gallery-item elementor-gallery-item elementor-animated-content\" data-e-gallery-tags=\"0\" href=\"https:\/\/portaleducacao.guarulhos.sp.gov.br\/wp_site\/semanadobrincar2025\/wp-content\/uploads\/sites\/40\/2025\/05\/WhatsApp-Image-2025-05-30-at-11.39.10-2.jpeg\" data-elementor-open-lightbox=\"yes\" data-elementor-lightbox-slideshow=\"all-c04e26e\" data-elementor-lightbox-title=\"Palestrantes  Prof Dra Sandra  Campos e o Psic\u00f3logo Odanel Ferrari Serrano Tema A crian\u00e7a, a diferen\u00e7a e o brincar  as inf\u00e2ncias que vivemos nas escolas\" data-e-action-hash=\"#elementor-action%3Aaction%3Dlightbox%26settings%3DeyJpZCI6MTE0MCwidXJsIjoiaHR0cHM6XC9cL3BvcnRhbGVkdWNhY2FvLmd1YXJ1bGhvcy5zcC5nb3YuYnJcL3dwX3NpdGVcL3NlbWFuYWRvYnJpbmNhcjIwMjVcL3dwLWNvbnRlbnRcL3VwbG9hZHNcL3NpdGVzXC80MFwvMjAyNVwvMDVcL1doYXRzQXBwLUltYWdlLTIwMjUtMDUtMzAtYXQtMTEuMzkuMTAtMi5qcGVnIiwic2xpZGVzaG93IjoiYWxsLWMwNGUyNmUifQ%3D%3D\">\n\t\t\t\t\t<div class=\"e-gallery-image elementor-gallery-item__image\" data-thumbnail=\"https:\/\/portaleducacao.guarulhos.sp.gov.br\/wp_site\/semanadobrincar2025\/wp-content\/uploads\/sites\/40\/2025\/05\/WhatsApp-Image-2025-05-30-at-11.39.10-2.jpeg\" data-width=\"1600\" data-height=\"1066\" alt=\"\" ><\/div>\n\t\t\t\t\t\t\t\t\t\t\t<div class=\"elementor-gallery-item__overlay\"><\/div>\n\t\t\t\t\t\t\t\t\t\t\t\t\t\t\t<div class=\"elementor-gallery-item__content\">\n\t\t\t\t\t\t\t\t\t\t\t\t\t\t<div class=\"elementor-gallery-item__title\">\n\t\t\t\t\t\t\t\t\t\t\t\t\t\t\t\t\t\tPalestrantes  Prof Dra Sandra  Campos e o Psic\u00f3logo Odanel Ferrari Serrano Tema A crian\u00e7a, a diferen\u00e7a e o brincar  as inf\u00e2ncias que vivemos nas escolas\t\t\t\t\t\t\t\t<\/div>\n\t\t\t\t\t\t\t\t\t\t\t\t<\/div>\n\t\t\t\t\t\t\t\t\t<\/a>\n\t\t\t\t\t\t\t<a class=\"e-gallery-item elementor-gallery-item elementor-animated-content\" data-e-gallery-tags=\"0\" href=\"https:\/\/portaleducacao.guarulhos.sp.gov.br\/wp_site\/semanadobrincar2025\/wp-content\/uploads\/sites\/40\/2025\/05\/WhatsApp-Image-2025-05-30-at-11.39.10-1.jpeg\" data-elementor-open-lightbox=\"yes\" data-elementor-lightbox-slideshow=\"all-c04e26e\" data-elementor-lightbox-title=\"Palestrantes  Prof Dra Sandra  Campos e o Psic\u00f3logo Odanel Ferrari Serrano Tema A crian\u00e7a, a diferen\u00e7a e o brincar  as inf\u00e2ncias que vivemos nas escolas\" data-e-action-hash=\"#elementor-action%3Aaction%3Dlightbox%26settings%3DeyJpZCI6MTE0MSwidXJsIjoiaHR0cHM6XC9cL3BvcnRhbGVkdWNhY2FvLmd1YXJ1bGhvcy5zcC5nb3YuYnJcL3dwX3NpdGVcL3NlbWFuYWRvYnJpbmNhcjIwMjVcL3dwLWNvbnRlbnRcL3VwbG9hZHNcL3NpdGVzXC80MFwvMjAyNVwvMDVcL1doYXRzQXBwLUltYWdlLTIwMjUtMDUtMzAtYXQtMTEuMzkuMTAtMS5qcGVnIiwic2xpZGVzaG93IjoiYWxsLWMwNGUyNmUifQ%3D%3D\">\n\t\t\t\t\t<div class=\"e-gallery-image elementor-gallery-item__image\" data-thumbnail=\"https:\/\/portaleducacao.guarulhos.sp.gov.br\/wp_site\/semanadobrincar2025\/wp-content\/uploads\/sites\/40\/2025\/05\/WhatsApp-Image-2025-05-30-at-11.39.10-1.jpeg\" data-width=\"1600\" data-height=\"1066\" alt=\"\" ><\/div>\n\t\t\t\t\t\t\t\t\t\t\t<div class=\"elementor-gallery-item__overlay\"><\/div>\n\t\t\t\t\t\t\t\t\t\t\t\t\t\t\t<div class=\"elementor-gallery-item__content\">\n\t\t\t\t\t\t\t\t\t\t\t\t\t\t<div class=\"elementor-gallery-item__title\">\n\t\t\t\t\t\t\t\t\t\t\t\t\t\t\t\t\t\tPalestrantes  Prof Dra Sandra  Campos e o Psic\u00f3logo Odanel Ferrari Serrano Tema A crian\u00e7a, a diferen\u00e7a e o brincar  as inf\u00e2ncias que vivemos nas escolas\t\t\t\t\t\t\t\t<\/div>\n\t\t\t\t\t\t\t\t\t\t\t\t<\/div>\n\t\t\t\t\t\t\t\t\t<\/a>\n\t\t\t\t\t\t\t<a class=\"e-gallery-item elementor-gallery-item elementor-animated-content\" data-e-gallery-tags=\"0\" href=\"https:\/\/portaleducacao.guarulhos.sp.gov.br\/wp_site\/semanadobrincar2025\/wp-content\/uploads\/sites\/40\/2025\/05\/WhatsApp-Image-2025-05-30-at-11.39.10.jpeg\" data-elementor-open-lightbox=\"yes\" data-elementor-lightbox-slideshow=\"all-c04e26e\" data-elementor-lightbox-title=\"Palestrantes  Prof Dra Sandra  Campos e o Psic\u00f3logo Odanel Ferrari Serrano Tema A crian\u00e7a, a diferen\u00e7a e o brincar  as inf\u00e2ncias que vivemos nas escolas\" data-e-action-hash=\"#elementor-action%3Aaction%3Dlightbox%26settings%3DeyJpZCI6MTE0MiwidXJsIjoiaHR0cHM6XC9cL3BvcnRhbGVkdWNhY2FvLmd1YXJ1bGhvcy5zcC5nb3YuYnJcL3dwX3NpdGVcL3NlbWFuYWRvYnJpbmNhcjIwMjVcL3dwLWNvbnRlbnRcL3VwbG9hZHNcL3NpdGVzXC80MFwvMjAyNVwvMDVcL1doYXRzQXBwLUltYWdlLTIwMjUtMDUtMzAtYXQtMTEuMzkuMTAuanBlZyIsInNsaWRlc2hvdyI6ImFsbC1jMDRlMjZlIn0%3D\">\n\t\t\t\t\t<div class=\"e-gallery-image elementor-gallery-item__image\" data-thumbnail=\"https:\/\/portaleducacao.guarulhos.sp.gov.br\/wp_site\/semanadobrincar2025\/wp-content\/uploads\/sites\/40\/2025\/05\/WhatsApp-Image-2025-05-30-at-11.39.10.jpeg\" data-width=\"1600\" data-height=\"1066\" alt=\"\" ><\/div>\n\t\t\t\t\t\t\t\t\t\t\t<div class=\"elementor-gallery-item__overlay\"><\/div>\n\t\t\t\t\t\t\t\t\t\t\t\t\t\t\t<div class=\"elementor-gallery-item__content\">\n\t\t\t\t\t\t\t\t\t\t\t\t\t\t<div class=\"elementor-gallery-item__title\">\n\t\t\t\t\t\t\t\t\t\t\t\t\t\t\t\t\t\tPalestrantes  Prof Dra Sandra  Campos e o Psic\u00f3logo Odanel Ferrari Serrano Tema A crian\u00e7a, a diferen\u00e7a e o brincar  as inf\u00e2ncias que vivemos nas escolas\t\t\t\t\t\t\t\t<\/div>\n\t\t\t\t\t\t\t\t\t\t\t\t<\/div>\n\t\t\t\t\t\t\t\t\t<\/a>\n\t\t\t\t\t\t\t<a class=\"e-gallery-item elementor-gallery-item elementor-animated-content\" data-e-gallery-tags=\"0\" href=\"https:\/\/portaleducacao.guarulhos.sp.gov.br\/wp_site\/semanadobrincar2025\/wp-content\/uploads\/sites\/40\/2025\/05\/WhatsApp-Image-2025-05-30-at-12.01.07-2.jpeg\" data-elementor-open-lightbox=\"yes\" data-elementor-lightbox-slideshow=\"all-c04e26e\" data-elementor-lightbox-title=\"Oficina brincante de musicaliza\u00e7\u00e3o com a Professora Ludmila Martins - Encontro formativo com os Coordenadores Pedag\u00f3gicos - CEU Bonsucesso\" data-e-action-hash=\"#elementor-action%3Aaction%3Dlightbox%26settings%3DeyJpZCI6MTE0MywidXJsIjoiaHR0cHM6XC9cL3BvcnRhbGVkdWNhY2FvLmd1YXJ1bGhvcy5zcC5nb3YuYnJcL3dwX3NpdGVcL3NlbWFuYWRvYnJpbmNhcjIwMjVcL3dwLWNvbnRlbnRcL3VwbG9hZHNcL3NpdGVzXC80MFwvMjAyNVwvMDVcL1doYXRzQXBwLUltYWdlLTIwMjUtMDUtMzAtYXQtMTIuMDEuMDctMi5qcGVnIiwic2xpZGVzaG93IjoiYWxsLWMwNGUyNmUifQ%3D%3D\">\n\t\t\t\t\t<div class=\"e-gallery-image elementor-gallery-item__image\" data-thumbnail=\"https:\/\/portaleducacao.guarulhos.sp.gov.br\/wp_site\/semanadobrincar2025\/wp-content\/uploads\/sites\/40\/2025\/05\/WhatsApp-Image-2025-05-30-at-12.01.07-2.jpeg\" data-width=\"719\" data-height=\"1391\" alt=\"\" ><\/div>\n\t\t\t\t\t\t\t\t\t\t\t<div class=\"elementor-gallery-item__overlay\"><\/div>\n\t\t\t\t\t\t\t\t\t\t\t\t\t\t\t<div class=\"elementor-gallery-item__content\">\n\t\t\t\t\t\t\t\t\t\t\t\t\t\t<div class=\"elementor-gallery-item__title\">\n\t\t\t\t\t\t\t\t\t\t\t\t\t\t\t\t\t\tOficina brincante de musicaliza\u00e7\u00e3o com a Professora Ludmila Martins - Encontro formativo com os Coordenadores Pedag\u00f3gicos - CEU Bonsucesso\t\t\t\t\t\t\t\t<\/div>\n\t\t\t\t\t\t\t\t\t\t\t\t<\/div>\n\t\t\t\t\t\t\t\t\t<\/a>\n\t\t\t\t\t\t\t<a class=\"e-gallery-item elementor-gallery-item elementor-animated-content\" data-e-gallery-tags=\"0\" href=\"https:\/\/portaleducacao.guarulhos.sp.gov.br\/wp_site\/semanadobrincar2025\/wp-content\/uploads\/sites\/40\/2025\/05\/WhatsApp-Image-2025-05-30-at-12.01.07-1.jpeg\" data-elementor-open-lightbox=\"yes\" data-elementor-lightbox-slideshow=\"all-c04e26e\" data-elementor-lightbox-title=\"Oficina brincante de musicaliza\u00e7\u00e3o com a Professora Ludmila Martins - Encontro formativo com os Coordenadores Pedag\u00f3gicos - CEU Bonsucesso\" data-e-action-hash=\"#elementor-action%3Aaction%3Dlightbox%26settings%3DeyJpZCI6MTE0NCwidXJsIjoiaHR0cHM6XC9cL3BvcnRhbGVkdWNhY2FvLmd1YXJ1bGhvcy5zcC5nb3YuYnJcL3dwX3NpdGVcL3NlbWFuYWRvYnJpbmNhcjIwMjVcL3dwLWNvbnRlbnRcL3VwbG9hZHNcL3NpdGVzXC80MFwvMjAyNVwvMDVcL1doYXRzQXBwLUltYWdlLTIwMjUtMDUtMzAtYXQtMTIuMDEuMDctMS5qcGVnIiwic2xpZGVzaG93IjoiYWxsLWMwNGUyNmUifQ%3D%3D\">\n\t\t\t\t\t<div class=\"e-gallery-image elementor-gallery-item__image\" data-thumbnail=\"https:\/\/portaleducacao.guarulhos.sp.gov.br\/wp_site\/semanadobrincar2025\/wp-content\/uploads\/sites\/40\/2025\/05\/WhatsApp-Image-2025-05-30-at-12.01.07-1.jpeg\" data-width=\"1600\" data-height=\"719\" alt=\"\" ><\/div>\n\t\t\t\t\t\t\t\t\t\t\t<div class=\"elementor-gallery-item__overlay\"><\/div>\n\t\t\t\t\t\t\t\t\t\t\t\t\t\t\t<div class=\"elementor-gallery-item__content\">\n\t\t\t\t\t\t\t\t\t\t\t\t\t\t<div class=\"elementor-gallery-item__title\">\n\t\t\t\t\t\t\t\t\t\t\t\t\t\t\t\t\t\tOficina brincante de musicaliza\u00e7\u00e3o com a Professora Ludmila Martins - Encontro formativo com os Coordenadores Pedag\u00f3gicos - CEU Bonsucesso\t\t\t\t\t\t\t\t<\/div>\n\t\t\t\t\t\t\t\t\t\t\t\t<\/div>\n\t\t\t\t\t\t\t\t\t<\/a>\n\t\t\t\t\t\t\t<a class=\"e-gallery-item elementor-gallery-item elementor-animated-content\" data-e-gallery-tags=\"0\" href=\"https:\/\/portaleducacao.guarulhos.sp.gov.br\/wp_site\/semanadobrincar2025\/wp-content\/uploads\/sites\/40\/2025\/05\/WhatsApp-Image-2025-05-30-at-12.01.07.jpeg\" data-elementor-open-lightbox=\"yes\" data-elementor-lightbox-slideshow=\"all-c04e26e\" data-elementor-lightbox-title=\"Oficina brincante de musicaliza\u00e7\u00e3o com a Professora Ludmila Martins - Encontro formativo com os Coordenadores Pedag\u00f3gicos - CEU Bonsucesso\" data-e-action-hash=\"#elementor-action%3Aaction%3Dlightbox%26settings%3DeyJpZCI6MTE0NSwidXJsIjoiaHR0cHM6XC9cL3BvcnRhbGVkdWNhY2FvLmd1YXJ1bGhvcy5zcC5nb3YuYnJcL3dwX3NpdGVcL3NlbWFuYWRvYnJpbmNhcjIwMjVcL3dwLWNvbnRlbnRcL3VwbG9hZHNcL3NpdGVzXC80MFwvMjAyNVwvMDVcL1doYXRzQXBwLUltYWdlLTIwMjUtMDUtMzAtYXQtMTIuMDEuMDcuanBlZyIsInNsaWRlc2hvdyI6ImFsbC1jMDRlMjZlIn0%3D\">\n\t\t\t\t\t<div class=\"e-gallery-image elementor-gallery-item__image\" data-thumbnail=\"https:\/\/portaleducacao.guarulhos.sp.gov.br\/wp_site\/semanadobrincar2025\/wp-content\/uploads\/sites\/40\/2025\/05\/WhatsApp-Image-2025-05-30-at-12.01.07.jpeg\" data-width=\"704\" data-height=\"1002\" alt=\"\" ><\/div>\n\t\t\t\t\t\t\t\t\t\t\t<div class=\"elementor-gallery-item__overlay\"><\/div>\n\t\t\t\t\t\t\t\t\t\t\t\t\t\t\t<div class=\"elementor-gallery-item__content\">\n\t\t\t\t\t\t\t\t\t\t\t\t\t\t<div class=\"elementor-gallery-item__title\">\n\t\t\t\t\t\t\t\t\t\t\t\t\t\t\t\t\t\tOficina brincante de musicaliza\u00e7\u00e3o com a Professora Ludmila Martins - Encontro formativo com os Coordenadores Pedag\u00f3gicos - CEU Bonsucesso\t\t\t\t\t\t\t\t<\/div>\n\t\t\t\t\t\t\t\t\t\t\t\t<\/div>\n\t\t\t\t\t\t\t\t\t<\/a>\n\t\t\t\t\t\t\t<a class=\"e-gallery-item elementor-gallery-item elementor-animated-content\" data-e-gallery-tags=\"0\" href=\"https:\/\/portaleducacao.guarulhos.sp.gov.br\/wp_site\/semanadobrincar2025\/wp-content\/uploads\/sites\/40\/2025\/06\/Brincar-1.png\" data-elementor-open-lightbox=\"yes\" data-elementor-lightbox-slideshow=\"all-c04e26e\" data-elementor-lightbox-title=\"Brincando e teatralizando, com F\u00e1bio Viana\" data-e-action-hash=\"#elementor-action%3Aaction%3Dlightbox%26settings%3DeyJpZCI6MTE4NSwidXJsIjoiaHR0cHM6XC9cL3BvcnRhbGVkdWNhY2FvLmd1YXJ1bGhvcy5zcC5nb3YuYnJcL3dwX3NpdGVcL3NlbWFuYWRvYnJpbmNhcjIwMjVcL3dwLWNvbnRlbnRcL3VwbG9hZHNcL3NpdGVzXC80MFwvMjAyNVwvMDZcL0JyaW5jYXItMS5wbmciLCJzbGlkZXNob3ciOiJhbGwtYzA0ZTI2ZSJ9\">\n\t\t\t\t\t<div class=\"e-gallery-image elementor-gallery-item__image\" data-thumbnail=\"https:\/\/portaleducacao.guarulhos.sp.gov.br\/wp_site\/semanadobrincar2025\/wp-content\/uploads\/sites\/40\/2025\/06\/Brincar-1.png\" data-width=\"1280\" data-height=\"963\" alt=\"\" ><\/div>\n\t\t\t\t\t\t\t\t\t\t\t<div class=\"elementor-gallery-item__overlay\"><\/div>\n\t\t\t\t\t\t\t\t\t\t\t\t\t\t\t<div class=\"elementor-gallery-item__content\">\n\t\t\t\t\t\t\t\t\t\t\t\t\t\t<div class=\"elementor-gallery-item__title\">\n\t\t\t\t\t\t\t\t\t\t\t\t\t\t\t\t\t\tBrincando e teatralizando, com F\u00e1bio Viana\t\t\t\t\t\t\t\t<\/div>\n\t\t\t\t\t\t\t\t\t\t\t\t<\/div>\n\t\t\t\t\t\t\t\t\t<\/a>\n\t\t\t\t\t\t\t<a class=\"e-gallery-item elementor-gallery-item elementor-animated-content\" data-e-gallery-tags=\"0\" href=\"https:\/\/portaleducacao.guarulhos.sp.gov.br\/wp_site\/semanadobrincar2025\/wp-content\/uploads\/sites\/40\/2025\/06\/WhatsApp-Image-2025-05-30-at-14.50.41.jpeg\" data-elementor-open-lightbox=\"yes\" data-elementor-lightbox-slideshow=\"all-c04e26e\" data-elementor-lightbox-title=\"Brincando e teatralizando, com F\u00e1bio Viana\" data-e-action-hash=\"#elementor-action%3Aaction%3Dlightbox%26settings%3DeyJpZCI6MTE5OCwidXJsIjoiaHR0cHM6XC9cL3BvcnRhbGVkdWNhY2FvLmd1YXJ1bGhvcy5zcC5nb3YuYnJcL3dwX3NpdGVcL3NlbWFuYWRvYnJpbmNhcjIwMjVcL3dwLWNvbnRlbnRcL3VwbG9hZHNcL3NpdGVzXC80MFwvMjAyNVwvMDZcL1doYXRzQXBwLUltYWdlLTIwMjUtMDUtMzAtYXQtMTQuNTAuNDEuanBlZyIsInNsaWRlc2hvdyI6ImFsbC1jMDRlMjZlIn0%3D\">\n\t\t\t\t\t<div class=\"e-gallery-image elementor-gallery-item__image\" data-thumbnail=\"https:\/\/portaleducacao.guarulhos.sp.gov.br\/wp_site\/semanadobrincar2025\/wp-content\/uploads\/sites\/40\/2025\/06\/WhatsApp-Image-2025-05-30-at-14.50.41.jpeg\" data-width=\"1200\" data-height=\"1600\" alt=\"\" ><\/div>\n\t\t\t\t\t\t\t\t\t\t\t<div class=\"elementor-gallery-item__overlay\"><\/div>\n\t\t\t\t\t\t\t\t\t\t\t\t\t\t\t<div class=\"elementor-gallery-item__content\">\n\t\t\t\t\t\t\t\t\t\t\t\t\t\t<div class=\"elementor-gallery-item__title\">\n\t\t\t\t\t\t\t\t\t\t\t\t\t\t\t\t\t\tBrincando e teatralizando, com F\u00e1bio Viana\t\t\t\t\t\t\t\t<\/div>\n\t\t\t\t\t\t\t\t\t\t\t\t<\/div>\n\t\t\t\t\t\t\t\t\t<\/a>\n\t\t\t\t\t\t\t<a class=\"e-gallery-item elementor-gallery-item elementor-animated-content\" data-e-gallery-tags=\"0\" href=\"https:\/\/portaleducacao.guarulhos.sp.gov.br\/wp_site\/semanadobrincar2025\/wp-content\/uploads\/sites\/40\/2025\/06\/WhatsApp-Image-2025-05-30-at-14.41.11.jpeg\" data-elementor-open-lightbox=\"yes\" data-elementor-lightbox-slideshow=\"all-c04e26e\" data-elementor-lightbox-title=\"Brincando e teatralizando, com F\u00e1bio Viana\" data-e-action-hash=\"#elementor-action%3Aaction%3Dlightbox%26settings%3DeyJpZCI6MTE5NywidXJsIjoiaHR0cHM6XC9cL3BvcnRhbGVkdWNhY2FvLmd1YXJ1bGhvcy5zcC5nb3YuYnJcL3dwX3NpdGVcL3NlbWFuYWRvYnJpbmNhcjIwMjVcL3dwLWNvbnRlbnRcL3VwbG9hZHNcL3NpdGVzXC80MFwvMjAyNVwvMDZcL1doYXRzQXBwLUltYWdlLTIwMjUtMDUtMzAtYXQtMTQuNDEuMTEuanBlZyIsInNsaWRlc2hvdyI6ImFsbC1jMDRlMjZlIn0%3D\">\n\t\t\t\t\t<div class=\"e-gallery-image elementor-gallery-item__image\" data-thumbnail=\"https:\/\/portaleducacao.guarulhos.sp.gov.br\/wp_site\/semanadobrincar2025\/wp-content\/uploads\/sites\/40\/2025\/06\/WhatsApp-Image-2025-05-30-at-14.41.11.jpeg\" data-width=\"1200\" data-height=\"1600\" alt=\"\" ><\/div>\n\t\t\t\t\t\t\t\t\t\t\t<div class=\"elementor-gallery-item__overlay\"><\/div>\n\t\t\t\t\t\t\t\t\t\t\t\t\t\t\t<div class=\"elementor-gallery-item__content\">\n\t\t\t\t\t\t\t\t\t\t\t\t\t\t<div class=\"elementor-gallery-item__title\">\n\t\t\t\t\t\t\t\t\t\t\t\t\t\t\t\t\t\tBrincando e teatralizando, com F\u00e1bio Viana\t\t\t\t\t\t\t\t<\/div>\n\t\t\t\t\t\t\t\t\t\t\t\t<\/div>\n\t\t\t\t\t\t\t\t\t<\/a>\n\t\t\t\t\t\t\t<a class=\"e-gallery-item elementor-gallery-item elementor-animated-content\" data-e-gallery-tags=\"0\" href=\"https:\/\/portaleducacao.guarulhos.sp.gov.br\/wp_site\/semanadobrincar2025\/wp-content\/uploads\/sites\/40\/2025\/06\/WhatsApp-Image-2025-05-30-at-14.32.25.jpeg\" data-elementor-open-lightbox=\"yes\" data-elementor-lightbox-slideshow=\"all-c04e26e\" data-elementor-lightbox-title=\"Brincando e teatralizando, com F\u00e1bio Viana\" data-e-action-hash=\"#elementor-action%3Aaction%3Dlightbox%26settings%3DeyJpZCI6MTE5NiwidXJsIjoiaHR0cHM6XC9cL3BvcnRhbGVkdWNhY2FvLmd1YXJ1bGhvcy5zcC5nb3YuYnJcL3dwX3NpdGVcL3NlbWFuYWRvYnJpbmNhcjIwMjVcL3dwLWNvbnRlbnRcL3VwbG9hZHNcL3NpdGVzXC80MFwvMjAyNVwvMDZcL1doYXRzQXBwLUltYWdlLTIwMjUtMDUtMzAtYXQtMTQuMzIuMjUuanBlZyIsInNsaWRlc2hvdyI6ImFsbC1jMDRlMjZlIn0%3D\">\n\t\t\t\t\t<div class=\"e-gallery-image elementor-gallery-item__image\" data-thumbnail=\"https:\/\/portaleducacao.guarulhos.sp.gov.br\/wp_site\/semanadobrincar2025\/wp-content\/uploads\/sites\/40\/2025\/06\/WhatsApp-Image-2025-05-30-at-14.32.25.jpeg\" data-width=\"1600\" data-height=\"1200\" alt=\"\" ><\/div>\n\t\t\t\t\t\t\t\t\t\t\t<div class=\"elementor-gallery-item__overlay\"><\/div>\n\t\t\t\t\t\t\t\t\t\t\t\t\t\t\t<div class=\"elementor-gallery-item__content\">\n\t\t\t\t\t\t\t\t\t\t\t\t\t\t<div class=\"elementor-gallery-item__title\">\n\t\t\t\t\t\t\t\t\t\t\t\t\t\t\t\t\t\tBrincando e teatralizando, com F\u00e1bio Viana\t\t\t\t\t\t\t\t<\/div>\n\t\t\t\t\t\t\t\t\t\t\t\t<\/div>\n\t\t\t\t\t\t\t\t\t<\/a>\n\t\t\t\t\t\t\t<a class=\"e-gallery-item elementor-gallery-item elementor-animated-content\" data-e-gallery-tags=\"0\" href=\"https:\/\/portaleducacao.guarulhos.sp.gov.br\/wp_site\/semanadobrincar2025\/wp-content\/uploads\/sites\/40\/2025\/06\/WhatsApp-Image-2025-05-30-at-14.32.24.jpeg\" data-elementor-open-lightbox=\"yes\" data-elementor-lightbox-slideshow=\"all-c04e26e\" data-elementor-lightbox-title=\"Brincando e teatralizando, com F\u00e1bio Viana\" data-e-action-hash=\"#elementor-action%3Aaction%3Dlightbox%26settings%3DeyJpZCI6MTE5NSwidXJsIjoiaHR0cHM6XC9cL3BvcnRhbGVkdWNhY2FvLmd1YXJ1bGhvcy5zcC5nb3YuYnJcL3dwX3NpdGVcL3NlbWFuYWRvYnJpbmNhcjIwMjVcL3dwLWNvbnRlbnRcL3VwbG9hZHNcL3NpdGVzXC80MFwvMjAyNVwvMDZcL1doYXRzQXBwLUltYWdlLTIwMjUtMDUtMzAtYXQtMTQuMzIuMjQuanBlZyIsInNsaWRlc2hvdyI6ImFsbC1jMDRlMjZlIn0%3D\">\n\t\t\t\t\t<div class=\"e-gallery-image elementor-gallery-item__image\" data-thumbnail=\"https:\/\/portaleducacao.guarulhos.sp.gov.br\/wp_site\/semanadobrincar2025\/wp-content\/uploads\/sites\/40\/2025\/06\/WhatsApp-Image-2025-05-30-at-14.32.24.jpeg\" data-width=\"1200\" data-height=\"1600\" alt=\"\" ><\/div>\n\t\t\t\t\t\t\t\t\t\t\t<div class=\"elementor-gallery-item__overlay\"><\/div>\n\t\t\t\t\t\t\t\t\t\t\t\t\t\t\t<div class=\"elementor-gallery-item__content\">\n\t\t\t\t\t\t\t\t\t\t\t\t\t\t<div class=\"elementor-gallery-item__title\">\n\t\t\t\t\t\t\t\t\t\t\t\t\t\t\t\t\t\tBrincando e teatralizando, com F\u00e1bio Viana\t\t\t\t\t\t\t\t<\/div>\n\t\t\t\t\t\t\t\t\t\t\t\t<\/div>\n\t\t\t\t\t\t\t\t\t<\/a>\n\t\t\t\t\t\t\t<a class=\"e-gallery-item elementor-gallery-item elementor-animated-content\" data-e-gallery-tags=\"0\" href=\"https:\/\/portaleducacao.guarulhos.sp.gov.br\/wp_site\/semanadobrincar2025\/wp-content\/uploads\/sites\/40\/2025\/06\/WhatsApp-Image-2025-05-30-at-14.32.24-2.jpeg\" data-elementor-open-lightbox=\"yes\" data-elementor-lightbox-slideshow=\"all-c04e26e\" data-elementor-lightbox-title=\"Brincando e teatralizando, com F\u00e1bio Viana\" data-e-action-hash=\"#elementor-action%3Aaction%3Dlightbox%26settings%3DeyJpZCI6MTE5NCwidXJsIjoiaHR0cHM6XC9cL3BvcnRhbGVkdWNhY2FvLmd1YXJ1bGhvcy5zcC5nb3YuYnJcL3dwX3NpdGVcL3NlbWFuYWRvYnJpbmNhcjIwMjVcL3dwLWNvbnRlbnRcL3VwbG9hZHNcL3NpdGVzXC80MFwvMjAyNVwvMDZcL1doYXRzQXBwLUltYWdlLTIwMjUtMDUtMzAtYXQtMTQuMzIuMjQtMi5qcGVnIiwic2xpZGVzaG93IjoiYWxsLWMwNGUyNmUifQ%3D%3D\">\n\t\t\t\t\t<div class=\"e-gallery-image elementor-gallery-item__image\" data-thumbnail=\"https:\/\/portaleducacao.guarulhos.sp.gov.br\/wp_site\/semanadobrincar2025\/wp-content\/uploads\/sites\/40\/2025\/06\/WhatsApp-Image-2025-05-30-at-14.32.24-2.jpeg\" data-width=\"1600\" data-height=\"1200\" alt=\"\" ><\/div>\n\t\t\t\t\t\t\t\t\t\t\t<div class=\"elementor-gallery-item__overlay\"><\/div>\n\t\t\t\t\t\t\t\t\t\t\t\t\t\t\t<div class=\"elementor-gallery-item__content\">\n\t\t\t\t\t\t\t\t\t\t\t\t\t\t<div class=\"elementor-gallery-item__title\">\n\t\t\t\t\t\t\t\t\t\t\t\t\t\t\t\t\t\tBrincando e teatralizando, com F\u00e1bio Viana\t\t\t\t\t\t\t\t<\/div>\n\t\t\t\t\t\t\t\t\t\t\t\t<\/div>\n\t\t\t\t\t\t\t\t\t<\/a>\n\t\t\t\t\t\t\t<a class=\"e-gallery-item elementor-gallery-item elementor-animated-content\" data-e-gallery-tags=\"0\" href=\"https:\/\/portaleducacao.guarulhos.sp.gov.br\/wp_site\/semanadobrincar2025\/wp-content\/uploads\/sites\/40\/2025\/06\/WhatsApp-Image-2025-05-30-at-14.32.24-1.jpeg\" data-elementor-open-lightbox=\"yes\" data-elementor-lightbox-slideshow=\"all-c04e26e\" data-elementor-lightbox-title=\"Brincando e teatralizando, com F\u00e1bio Viana\" data-e-action-hash=\"#elementor-action%3Aaction%3Dlightbox%26settings%3DeyJpZCI6MTE5MywidXJsIjoiaHR0cHM6XC9cL3BvcnRhbGVkdWNhY2FvLmd1YXJ1bGhvcy5zcC5nb3YuYnJcL3dwX3NpdGVcL3NlbWFuYWRvYnJpbmNhcjIwMjVcL3dwLWNvbnRlbnRcL3VwbG9hZHNcL3NpdGVzXC80MFwvMjAyNVwvMDZcL1doYXRzQXBwLUltYWdlLTIwMjUtMDUtMzAtYXQtMTQuMzIuMjQtMS5qcGVnIiwic2xpZGVzaG93IjoiYWxsLWMwNGUyNmUifQ%3D%3D\">\n\t\t\t\t\t<div class=\"e-gallery-image elementor-gallery-item__image\" data-thumbnail=\"https:\/\/portaleducacao.guarulhos.sp.gov.br\/wp_site\/semanadobrincar2025\/wp-content\/uploads\/sites\/40\/2025\/06\/WhatsApp-Image-2025-05-30-at-14.32.24-1.jpeg\" data-width=\"1200\" data-height=\"1600\" alt=\"\" ><\/div>\n\t\t\t\t\t\t\t\t\t\t\t<div class=\"elementor-gallery-item__overlay\"><\/div>\n\t\t\t\t\t\t\t\t\t\t\t\t\t\t\t<div class=\"elementor-gallery-item__content\">\n\t\t\t\t\t\t\t\t\t\t\t\t\t\t<div class=\"elementor-gallery-item__title\">\n\t\t\t\t\t\t\t\t\t\t\t\t\t\t\t\t\t\tBrincando e teatralizando, com F\u00e1bio Viana\t\t\t\t\t\t\t\t<\/div>\n\t\t\t\t\t\t\t\t\t\t\t\t<\/div>\n\t\t\t\t\t\t\t\t\t<\/a>\n\t\t\t\t\t\t\t<a class=\"e-gallery-item elementor-gallery-item elementor-animated-content\" data-e-gallery-tags=\"0\" href=\"https:\/\/portaleducacao.guarulhos.sp.gov.br\/wp_site\/semanadobrincar2025\/wp-content\/uploads\/sites\/40\/2025\/06\/WhatsApp-Image-2025-05-30-at-14.32.23.jpeg\" data-elementor-open-lightbox=\"yes\" data-elementor-lightbox-slideshow=\"all-c04e26e\" data-elementor-lightbox-title=\"Brincando e teatralizando, com F\u00e1bio Viana\" data-e-action-hash=\"#elementor-action%3Aaction%3Dlightbox%26settings%3DeyJpZCI6MTE5MiwidXJsIjoiaHR0cHM6XC9cL3BvcnRhbGVkdWNhY2FvLmd1YXJ1bGhvcy5zcC5nb3YuYnJcL3dwX3NpdGVcL3NlbWFuYWRvYnJpbmNhcjIwMjVcL3dwLWNvbnRlbnRcL3VwbG9hZHNcL3NpdGVzXC80MFwvMjAyNVwvMDZcL1doYXRzQXBwLUltYWdlLTIwMjUtMDUtMzAtYXQtMTQuMzIuMjMuanBlZyIsInNsaWRlc2hvdyI6ImFsbC1jMDRlMjZlIn0%3D\">\n\t\t\t\t\t<div class=\"e-gallery-image elementor-gallery-item__image\" data-thumbnail=\"https:\/\/portaleducacao.guarulhos.sp.gov.br\/wp_site\/semanadobrincar2025\/wp-content\/uploads\/sites\/40\/2025\/06\/WhatsApp-Image-2025-05-30-at-14.32.23.jpeg\" data-width=\"1600\" data-height=\"1200\" alt=\"\" ><\/div>\n\t\t\t\t\t\t\t\t\t\t\t<div class=\"elementor-gallery-item__overlay\"><\/div>\n\t\t\t\t\t\t\t\t\t\t\t\t\t\t\t<div class=\"elementor-gallery-item__content\">\n\t\t\t\t\t\t\t\t\t\t\t\t\t\t<div class=\"elementor-gallery-item__title\">\n\t\t\t\t\t\t\t\t\t\t\t\t\t\t\t\t\t\tBrincando e teatralizando, com F\u00e1bio Viana\t\t\t\t\t\t\t\t<\/div>\n\t\t\t\t\t\t\t\t\t\t\t\t<\/div>\n\t\t\t\t\t\t\t\t\t<\/a>\n\t\t\t\t\t\t\t<a class=\"e-gallery-item elementor-gallery-item elementor-animated-content\" data-e-gallery-tags=\"0\" href=\"https:\/\/portaleducacao.guarulhos.sp.gov.br\/wp_site\/semanadobrincar2025\/wp-content\/uploads\/sites\/40\/2025\/06\/Brincar-11.png\" data-elementor-open-lightbox=\"yes\" data-elementor-lightbox-slideshow=\"all-c04e26e\" data-elementor-lightbox-title=\"Brincando e teatralizando, com F\u00e1bio Viana\" data-e-action-hash=\"#elementor-action%3Aaction%3Dlightbox%26settings%3DeyJpZCI6MTE5MSwidXJsIjoiaHR0cHM6XC9cL3BvcnRhbGVkdWNhY2FvLmd1YXJ1bGhvcy5zcC5nb3YuYnJcL3dwX3NpdGVcL3NlbWFuYWRvYnJpbmNhcjIwMjVcL3dwLWNvbnRlbnRcL3VwbG9hZHNcL3NpdGVzXC80MFwvMjAyNVwvMDZcL0JyaW5jYXItMTEucG5nIiwic2xpZGVzaG93IjoiYWxsLWMwNGUyNmUifQ%3D%3D\">\n\t\t\t\t\t<div class=\"e-gallery-image elementor-gallery-item__image\" data-thumbnail=\"https:\/\/portaleducacao.guarulhos.sp.gov.br\/wp_site\/semanadobrincar2025\/wp-content\/uploads\/sites\/40\/2025\/06\/Brincar-11.png\" data-width=\"1600\" data-height=\"1200\" alt=\"\" ><\/div>\n\t\t\t\t\t\t\t\t\t\t\t<div class=\"elementor-gallery-item__overlay\"><\/div>\n\t\t\t\t\t\t\t\t\t\t\t\t\t\t\t<div class=\"elementor-gallery-item__content\">\n\t\t\t\t\t\t\t\t\t\t\t\t\t\t<div class=\"elementor-gallery-item__title\">\n\t\t\t\t\t\t\t\t\t\t\t\t\t\t\t\t\t\tBrincando e teatralizando, com F\u00e1bio Viana\t\t\t\t\t\t\t\t<\/div>\n\t\t\t\t\t\t\t\t\t\t\t\t<\/div>\n\t\t\t\t\t\t\t\t\t<\/a>\n\t\t\t\t\t\t\t<a class=\"e-gallery-item elementor-gallery-item elementor-animated-content\" data-e-gallery-tags=\"0\" href=\"https:\/\/portaleducacao.guarulhos.sp.gov.br\/wp_site\/semanadobrincar2025\/wp-content\/uploads\/sites\/40\/2025\/06\/Brincar-10.png\" data-elementor-open-lightbox=\"yes\" data-elementor-lightbox-slideshow=\"all-c04e26e\" data-elementor-lightbox-title=\"Brincando e teatralizando, com F\u00e1bio Viana\" data-e-action-hash=\"#elementor-action%3Aaction%3Dlightbox%26settings%3DeyJpZCI6MTE5MCwidXJsIjoiaHR0cHM6XC9cL3BvcnRhbGVkdWNhY2FvLmd1YXJ1bGhvcy5zcC5nb3YuYnJcL3dwX3NpdGVcL3NlbWFuYWRvYnJpbmNhcjIwMjVcL3dwLWNvbnRlbnRcL3VwbG9hZHNcL3NpdGVzXC80MFwvMjAyNVwvMDZcL0JyaW5jYXItMTAucG5nIiwic2xpZGVzaG93IjoiYWxsLWMwNGUyNmUifQ%3D%3D\">\n\t\t\t\t\t<div class=\"e-gallery-image elementor-gallery-item__image\" data-thumbnail=\"https:\/\/portaleducacao.guarulhos.sp.gov.br\/wp_site\/semanadobrincar2025\/wp-content\/uploads\/sites\/40\/2025\/06\/Brincar-10.png\" data-width=\"1600\" data-height=\"1200\" alt=\"\" ><\/div>\n\t\t\t\t\t\t\t\t\t\t\t<div class=\"elementor-gallery-item__overlay\"><\/div>\n\t\t\t\t\t\t\t\t\t\t\t\t\t\t\t<div class=\"elementor-gallery-item__content\">\n\t\t\t\t\t\t\t\t\t\t\t\t\t\t<div class=\"elementor-gallery-item__title\">\n\t\t\t\t\t\t\t\t\t\t\t\t\t\t\t\t\t\tBrincando e teatralizando, com F\u00e1bio Viana\t\t\t\t\t\t\t\t<\/div>\n\t\t\t\t\t\t\t\t\t\t\t\t<\/div>\n\t\t\t\t\t\t\t\t\t<\/a>\n\t\t\t\t\t\t\t<a class=\"e-gallery-item elementor-gallery-item elementor-animated-content\" data-e-gallery-tags=\"0\" href=\"https:\/\/portaleducacao.guarulhos.sp.gov.br\/wp_site\/semanadobrincar2025\/wp-content\/uploads\/sites\/40\/2025\/06\/Brincar-2.png\" data-elementor-open-lightbox=\"yes\" data-elementor-lightbox-slideshow=\"all-c04e26e\" data-elementor-lightbox-title=\"Brincando e teatralizando, com F\u00e1bio Viana\" data-e-action-hash=\"#elementor-action%3Aaction%3Dlightbox%26settings%3DeyJpZCI6MTE4NiwidXJsIjoiaHR0cHM6XC9cL3BvcnRhbGVkdWNhY2FvLmd1YXJ1bGhvcy5zcC5nb3YuYnJcL3dwX3NpdGVcL3NlbWFuYWRvYnJpbmNhcjIwMjVcL3dwLWNvbnRlbnRcL3VwbG9hZHNcL3NpdGVzXC80MFwvMjAyNVwvMDZcL0JyaW5jYXItMi5wbmciLCJzbGlkZXNob3ciOiJhbGwtYzA0ZTI2ZSJ9\">\n\t\t\t\t\t<div class=\"e-gallery-image elementor-gallery-item__image\" data-thumbnail=\"https:\/\/portaleducacao.guarulhos.sp.gov.br\/wp_site\/semanadobrincar2025\/wp-content\/uploads\/sites\/40\/2025\/06\/Brincar-2.png\" data-width=\"963\" data-height=\"1280\" alt=\"\" ><\/div>\n\t\t\t\t\t\t\t\t\t\t\t<div class=\"elementor-gallery-item__overlay\"><\/div>\n\t\t\t\t\t\t\t\t\t\t\t\t\t\t\t<div class=\"elementor-gallery-item__content\">\n\t\t\t\t\t\t\t\t\t\t\t\t\t\t<div class=\"elementor-gallery-item__title\">\n\t\t\t\t\t\t\t\t\t\t\t\t\t\t\t\t\t\tBrincando e teatralizando, com F\u00e1bio Viana\t\t\t\t\t\t\t\t<\/div>\n\t\t\t\t\t\t\t\t\t\t\t\t<\/div>\n\t\t\t\t\t\t\t\t\t<\/a>\n\t\t\t\t\t\t\t<a class=\"e-gallery-item elementor-gallery-item elementor-animated-content\" data-e-gallery-tags=\"0\" href=\"https:\/\/portaleducacao.guarulhos.sp.gov.br\/wp_site\/semanadobrincar2025\/wp-content\/uploads\/sites\/40\/2025\/06\/Brincar-5.png\" data-elementor-open-lightbox=\"yes\" data-elementor-lightbox-slideshow=\"all-c04e26e\" data-elementor-lightbox-title=\"Brincando e teatralizando, com F\u00e1bio Viana\" data-e-action-hash=\"#elementor-action%3Aaction%3Dlightbox%26settings%3DeyJpZCI6MTE4NywidXJsIjoiaHR0cHM6XC9cL3BvcnRhbGVkdWNhY2FvLmd1YXJ1bGhvcy5zcC5nb3YuYnJcL3dwX3NpdGVcL3NlbWFuYWRvYnJpbmNhcjIwMjVcL3dwLWNvbnRlbnRcL3VwbG9hZHNcL3NpdGVzXC80MFwvMjAyNVwvMDZcL0JyaW5jYXItNS5wbmciLCJzbGlkZXNob3ciOiJhbGwtYzA0ZTI2ZSJ9\">\n\t\t\t\t\t<div class=\"e-gallery-image elementor-gallery-item__image\" data-thumbnail=\"https:\/\/portaleducacao.guarulhos.sp.gov.br\/wp_site\/semanadobrincar2025\/wp-content\/uploads\/sites\/40\/2025\/06\/Brincar-5.png\" data-width=\"1280\" data-height=\"963\" alt=\"\" ><\/div>\n\t\t\t\t\t\t\t\t\t\t\t<div class=\"elementor-gallery-item__overlay\"><\/div>\n\t\t\t\t\t\t\t\t\t\t\t\t\t\t\t<div class=\"elementor-gallery-item__content\">\n\t\t\t\t\t\t\t\t\t\t\t\t\t\t<div class=\"elementor-gallery-item__title\">\n\t\t\t\t\t\t\t\t\t\t\t\t\t\t\t\t\t\tBrincando e teatralizando, com F\u00e1bio Viana\t\t\t\t\t\t\t\t<\/div>\n\t\t\t\t\t\t\t\t\t\t\t\t<\/div>\n\t\t\t\t\t\t\t\t\t<\/a>\n\t\t\t\t\t\t\t<a class=\"e-gallery-item elementor-gallery-item elementor-animated-content\" data-e-gallery-tags=\"0\" href=\"https:\/\/portaleducacao.guarulhos.sp.gov.br\/wp_site\/semanadobrincar2025\/wp-content\/uploads\/sites\/40\/2025\/06\/Brincar-6.png\" data-elementor-open-lightbox=\"yes\" data-elementor-lightbox-slideshow=\"all-c04e26e\" data-elementor-lightbox-title=\"Brincando e teatralizando, com F\u00e1bio Viana\" data-e-action-hash=\"#elementor-action%3Aaction%3Dlightbox%26settings%3DeyJpZCI6MTE4OCwidXJsIjoiaHR0cHM6XC9cL3BvcnRhbGVkdWNhY2FvLmd1YXJ1bGhvcy5zcC5nb3YuYnJcL3dwX3NpdGVcL3NlbWFuYWRvYnJpbmNhcjIwMjVcL3dwLWNvbnRlbnRcL3VwbG9hZHNcL3NpdGVzXC80MFwvMjAyNVwvMDZcL0JyaW5jYXItNi5wbmciLCJzbGlkZXNob3ciOiJhbGwtYzA0ZTI2ZSJ9\">\n\t\t\t\t\t<div class=\"e-gallery-image elementor-gallery-item__image\" data-thumbnail=\"https:\/\/portaleducacao.guarulhos.sp.gov.br\/wp_site\/semanadobrincar2025\/wp-content\/uploads\/sites\/40\/2025\/06\/Brincar-6.png\" data-width=\"1280\" data-height=\"963\" alt=\"\" ><\/div>\n\t\t\t\t\t\t\t\t\t\t\t<div class=\"elementor-gallery-item__overlay\"><\/div>\n\t\t\t\t\t\t\t\t\t\t\t\t\t\t\t<div class=\"elementor-gallery-item__content\">\n\t\t\t\t\t\t\t\t\t\t\t\t\t\t<div class=\"elementor-gallery-item__title\">\n\t\t\t\t\t\t\t\t\t\t\t\t\t\t\t\t\t\tBrincando e teatralizando, com F\u00e1bio Viana\t\t\t\t\t\t\t\t<\/div>\n\t\t\t\t\t\t\t\t\t\t\t\t<\/div>\n\t\t\t\t\t\t\t\t\t<\/a>\n\t\t\t\t\t\t\t<a class=\"e-gallery-item elementor-gallery-item elementor-animated-content\" data-e-gallery-tags=\"0\" href=\"https:\/\/portaleducacao.guarulhos.sp.gov.br\/wp_site\/semanadobrincar2025\/wp-content\/uploads\/sites\/40\/2025\/06\/Brincar-9.png\" data-elementor-open-lightbox=\"yes\" data-elementor-lightbox-slideshow=\"all-c04e26e\" data-elementor-lightbox-title=\"Brincando e teatralizando, com F\u00e1bio Viana\" data-e-action-hash=\"#elementor-action%3Aaction%3Dlightbox%26settings%3DeyJpZCI6MTE4OSwidXJsIjoiaHR0cHM6XC9cL3BvcnRhbGVkdWNhY2FvLmd1YXJ1bGhvcy5zcC5nb3YuYnJcL3dwX3NpdGVcL3NlbWFuYWRvYnJpbmNhcjIwMjVcL3dwLWNvbnRlbnRcL3VwbG9hZHNcL3NpdGVzXC80MFwvMjAyNVwvMDZcL0JyaW5jYXItOS5wbmciLCJzbGlkZXNob3ciOiJhbGwtYzA0ZTI2ZSJ9\">\n\t\t\t\t\t<div class=\"e-gallery-image elementor-gallery-item__image\" data-thumbnail=\"https:\/\/portaleducacao.guarulhos.sp.gov.br\/wp_site\/semanadobrincar2025\/wp-content\/uploads\/sites\/40\/2025\/06\/Brincar-9.png\" data-width=\"1600\" data-height=\"1200\" alt=\"\" ><\/div>\n\t\t\t\t\t\t\t\t\t\t\t<div class=\"elementor-gallery-item__overlay\"><\/div>\n\t\t\t\t\t\t\t\t\t\t\t\t\t\t\t<div class=\"elementor-gallery-item__content\">\n\t\t\t\t\t\t\t\t\t\t\t\t\t\t<div class=\"elementor-gallery-item__title\">\n\t\t\t\t\t\t\t\t\t\t\t\t\t\t\t\t\t\tBrincando e teatralizando, com F\u00e1bio Viana\t\t\t\t\t\t\t\t<\/div>\n\t\t\t\t\t\t\t\t\t\t\t\t<\/div>\n\t\t\t\t\t\t\t\t\t<\/a>\n\t\t\t\t\t\t\t<a class=\"e-gallery-item elementor-gallery-item elementor-animated-content\" data-e-gallery-tags=\"1\" href=\"https:\/\/portaleducacao.guarulhos.sp.gov.br\/wp_site\/semanadobrincar2025\/wp-content\/uploads\/sites\/40\/2025\/05\/WhatsApp-Image-2025-05-27-at-09.06.40-scaled.jpeg\" data-elementor-open-lightbox=\"yes\" data-elementor-lightbox-slideshow=\"all-c04e26e\" data-elementor-lightbox-title=\"Dan\u00e7a de sal\u00e3o com cadeirantes e n\u00e3o cadeirantes - Bailarino Isaias Jos\u00e9 dos Santos - EPG da Em\u00edlia\" data-e-action-hash=\"#elementor-action%3Aaction%3Dlightbox%26settings%3DeyJpZCI6ODUxLCJ1cmwiOiJodHRwczpcL1wvcG9ydGFsZWR1Y2FjYW8uZ3VhcnVsaG9zLnNwLmdvdi5iclwvd3Bfc2l0ZVwvc2VtYW5hZG9icmluY2FyMjAyNVwvd3AtY29udGVudFwvdXBsb2Fkc1wvc2l0ZXNcLzQwXC8yMDI1XC8wNVwvV2hhdHNBcHAtSW1hZ2UtMjAyNS0wNS0yNy1hdC0wOS4wNi40MC1zY2FsZWQuanBlZyIsInNsaWRlc2hvdyI6ImFsbC1jMDRlMjZlIn0%3D\">\n\t\t\t\t\t<div class=\"e-gallery-image elementor-gallery-item__image\" data-thumbnail=\"https:\/\/portaleducacao.guarulhos.sp.gov.br\/wp_site\/semanadobrincar2025\/wp-content\/uploads\/sites\/40\/2025\/05\/WhatsApp-Image-2025-05-27-at-09.06.40-scaled.jpeg\" data-width=\"1196\" data-height=\"2560\" alt=\"\" ><\/div>\n\t\t\t\t\t\t\t\t\t\t\t<div class=\"elementor-gallery-item__overlay\"><\/div>\n\t\t\t\t\t\t\t\t\t\t\t\t\t\t\t<div class=\"elementor-gallery-item__content\">\n\t\t\t\t\t\t\t\t\t\t\t\t\t\t<div class=\"elementor-gallery-item__title\">\n\t\t\t\t\t\t\t\t\t\t\t\t\t\t\t\t\t\tDan\u00e7a de sal\u00e3o com cadeirantes e n\u00e3o cadeirantes - Bailarino Isaias Jos\u00e9 dos Santos - EPG da Em\u00edlia\t\t\t\t\t\t\t\t<\/div>\n\t\t\t\t\t\t\t\t\t\t\t\t<\/div>\n\t\t\t\t\t\t\t\t\t<\/a>\n\t\t\t\t\t\t\t<a class=\"e-gallery-item elementor-gallery-item elementor-animated-content\" data-e-gallery-tags=\"1\" href=\"https:\/\/portaleducacao.guarulhos.sp.gov.br\/wp_site\/semanadobrincar2025\/wp-content\/uploads\/sites\/40\/2025\/05\/WhatsApp-Image-2025-05-27-at-16.36.50-scaled.jpeg\" data-elementor-open-lightbox=\"yes\" data-elementor-lightbox-slideshow=\"all-c04e26e\" data-elementor-lightbox-title=\"Dan\u00e7a de sal\u00e3o com cadeirantes e n\u00e3o cadeirantes - Bailarino Isaias Jos\u00e9 dos Santos - EPG da Em\u00edlia\" data-e-action-hash=\"#elementor-action%3Aaction%3Dlightbox%26settings%3DeyJpZCI6ODUyLCJ1cmwiOiJodHRwczpcL1wvcG9ydGFsZWR1Y2FjYW8uZ3VhcnVsaG9zLnNwLmdvdi5iclwvd3Bfc2l0ZVwvc2VtYW5hZG9icmluY2FyMjAyNVwvd3AtY29udGVudFwvdXBsb2Fkc1wvc2l0ZXNcLzQwXC8yMDI1XC8wNVwvV2hhdHNBcHAtSW1hZ2UtMjAyNS0wNS0yNy1hdC0xNi4zNi41MC1zY2FsZWQuanBlZyIsInNsaWRlc2hvdyI6ImFsbC1jMDRlMjZlIn0%3D\">\n\t\t\t\t\t<div class=\"e-gallery-image elementor-gallery-item__image\" data-thumbnail=\"https:\/\/portaleducacao.guarulhos.sp.gov.br\/wp_site\/semanadobrincar2025\/wp-content\/uploads\/sites\/40\/2025\/05\/WhatsApp-Image-2025-05-27-at-16.36.50-scaled.jpeg\" data-width=\"2560\" data-height=\"1196\" alt=\"\" ><\/div>\n\t\t\t\t\t\t\t\t\t\t\t<div class=\"elementor-gallery-item__overlay\"><\/div>\n\t\t\t\t\t\t\t\t\t\t\t\t\t\t\t<div class=\"elementor-gallery-item__content\">\n\t\t\t\t\t\t\t\t\t\t\t\t\t\t<div class=\"elementor-gallery-item__title\">\n\t\t\t\t\t\t\t\t\t\t\t\t\t\t\t\t\t\tDan\u00e7a de sal\u00e3o com cadeirantes e n\u00e3o cadeirantes - Bailarino Isaias Jos\u00e9 dos Santos - EPG da Em\u00edlia\t\t\t\t\t\t\t\t<\/div>\n\t\t\t\t\t\t\t\t\t\t\t\t<\/div>\n\t\t\t\t\t\t\t\t\t<\/a>\n\t\t\t\t\t\t\t<a class=\"e-gallery-item elementor-gallery-item elementor-animated-content\" data-e-gallery-tags=\"1\" href=\"https:\/\/portaleducacao.guarulhos.sp.gov.br\/wp_site\/semanadobrincar2025\/wp-content\/uploads\/sites\/40\/2025\/05\/WhatsApp-Image-2025-05-27-at-16.38.01-scaled.jpeg\" data-elementor-open-lightbox=\"yes\" data-elementor-lightbox-slideshow=\"all-c04e26e\" data-elementor-lightbox-title=\"Dan\u00e7a de sal\u00e3o com cadeirantes e n\u00e3o cadeirantes - Bailarino Isaias Jos\u00e9 dos Santos - EPG da Em\u00edlia\" data-e-action-hash=\"#elementor-action%3Aaction%3Dlightbox%26settings%3DeyJpZCI6ODUzLCJ1cmwiOiJodHRwczpcL1wvcG9ydGFsZWR1Y2FjYW8uZ3VhcnVsaG9zLnNwLmdvdi5iclwvd3Bfc2l0ZVwvc2VtYW5hZG9icmluY2FyMjAyNVwvd3AtY29udGVudFwvdXBsb2Fkc1wvc2l0ZXNcLzQwXC8yMDI1XC8wNVwvV2hhdHNBcHAtSW1hZ2UtMjAyNS0wNS0yNy1hdC0xNi4zOC4wMS1zY2FsZWQuanBlZyIsInNsaWRlc2hvdyI6ImFsbC1jMDRlMjZlIn0%3D\">\n\t\t\t\t\t<div class=\"e-gallery-image elementor-gallery-item__image\" data-thumbnail=\"https:\/\/portaleducacao.guarulhos.sp.gov.br\/wp_site\/semanadobrincar2025\/wp-content\/uploads\/sites\/40\/2025\/05\/WhatsApp-Image-2025-05-27-at-16.38.01-scaled.jpeg\" data-width=\"2560\" data-height=\"1196\" alt=\"\" ><\/div>\n\t\t\t\t\t\t\t\t\t\t\t<div class=\"elementor-gallery-item__overlay\"><\/div>\n\t\t\t\t\t\t\t\t\t\t\t\t\t\t\t<div class=\"elementor-gallery-item__content\">\n\t\t\t\t\t\t\t\t\t\t\t\t\t\t<div class=\"elementor-gallery-item__title\">\n\t\t\t\t\t\t\t\t\t\t\t\t\t\t\t\t\t\tDan\u00e7a de sal\u00e3o com cadeirantes e n\u00e3o cadeirantes - Bailarino Isaias Jos\u00e9 dos Santos - EPG da Em\u00edlia\t\t\t\t\t\t\t\t<\/div>\n\t\t\t\t\t\t\t\t\t\t\t\t<\/div>\n\t\t\t\t\t\t\t\t\t<\/a>\n\t\t\t\t\t\t\t<a class=\"e-gallery-item elementor-gallery-item elementor-animated-content\" data-e-gallery-tags=\"1\" href=\"https:\/\/portaleducacao.guarulhos.sp.gov.br\/wp_site\/semanadobrincar2025\/wp-content\/uploads\/sites\/40\/2025\/05\/WhatsApp-Image-2025-05-27-at-16.38.55-scaled.jpeg\" data-elementor-open-lightbox=\"yes\" data-elementor-lightbox-slideshow=\"all-c04e26e\" data-elementor-lightbox-title=\"Dan\u00e7a de sal\u00e3o com cadeirantes e n\u00e3o cadeirantes - Bailarino Isaias Jos\u00e9 dos Santos - EPG da Em\u00edlia\" data-e-action-hash=\"#elementor-action%3Aaction%3Dlightbox%26settings%3DeyJpZCI6ODU0LCJ1cmwiOiJodHRwczpcL1wvcG9ydGFsZWR1Y2FjYW8uZ3VhcnVsaG9zLnNwLmdvdi5iclwvd3Bfc2l0ZVwvc2VtYW5hZG9icmluY2FyMjAyNVwvd3AtY29udGVudFwvdXBsb2Fkc1wvc2l0ZXNcLzQwXC8yMDI1XC8wNVwvV2hhdHNBcHAtSW1hZ2UtMjAyNS0wNS0yNy1hdC0xNi4zOC41NS1zY2FsZWQuanBlZyIsInNsaWRlc2hvdyI6ImFsbC1jMDRlMjZlIn0%3D\">\n\t\t\t\t\t<div class=\"e-gallery-image elementor-gallery-item__image\" data-thumbnail=\"https:\/\/portaleducacao.guarulhos.sp.gov.br\/wp_site\/semanadobrincar2025\/wp-content\/uploads\/sites\/40\/2025\/05\/WhatsApp-Image-2025-05-27-at-16.38.55-scaled.jpeg\" data-width=\"2560\" data-height=\"1196\" alt=\"\" ><\/div>\n\t\t\t\t\t\t\t\t\t\t\t<div class=\"elementor-gallery-item__overlay\"><\/div>\n\t\t\t\t\t\t\t\t\t\t\t\t\t\t\t<div class=\"elementor-gallery-item__content\">\n\t\t\t\t\t\t\t\t\t\t\t\t\t\t<div class=\"elementor-gallery-item__title\">\n\t\t\t\t\t\t\t\t\t\t\t\t\t\t\t\t\t\tDan\u00e7a de sal\u00e3o com cadeirantes e n\u00e3o cadeirantes - Bailarino Isaias Jos\u00e9 dos Santos - EPG da Em\u00edlia\t\t\t\t\t\t\t\t<\/div>\n\t\t\t\t\t\t\t\t\t\t\t\t<\/div>\n\t\t\t\t\t\t\t\t\t<\/a>\n\t\t\t\t\t\t\t<a class=\"e-gallery-item elementor-gallery-item elementor-animated-content\" data-e-gallery-tags=\"1\" href=\"https:\/\/portaleducacao.guarulhos.sp.gov.br\/wp_site\/semanadobrincar2025\/wp-content\/uploads\/sites\/40\/2025\/05\/WhatsApp-Image-2025-05-27-at-16.38.56-scaled.jpeg\" data-elementor-open-lightbox=\"yes\" data-elementor-lightbox-slideshow=\"all-c04e26e\" data-elementor-lightbox-title=\"Dan\u00e7a de sal\u00e3o com cadeirantes e n\u00e3o cadeirantes - Bailarino Isaias Jos\u00e9 dos Santos - EPG da Em\u00edlia\" data-e-action-hash=\"#elementor-action%3Aaction%3Dlightbox%26settings%3DeyJpZCI6ODU1LCJ1cmwiOiJodHRwczpcL1wvcG9ydGFsZWR1Y2FjYW8uZ3VhcnVsaG9zLnNwLmdvdi5iclwvd3Bfc2l0ZVwvc2VtYW5hZG9icmluY2FyMjAyNVwvd3AtY29udGVudFwvdXBsb2Fkc1wvc2l0ZXNcLzQwXC8yMDI1XC8wNVwvV2hhdHNBcHAtSW1hZ2UtMjAyNS0wNS0yNy1hdC0xNi4zOC41Ni1zY2FsZWQuanBlZyIsInNsaWRlc2hvdyI6ImFsbC1jMDRlMjZlIn0%3D\">\n\t\t\t\t\t<div class=\"e-gallery-image elementor-gallery-item__image\" data-thumbnail=\"https:\/\/portaleducacao.guarulhos.sp.gov.br\/wp_site\/semanadobrincar2025\/wp-content\/uploads\/sites\/40\/2025\/05\/WhatsApp-Image-2025-05-27-at-16.38.56-scaled.jpeg\" data-width=\"2560\" data-height=\"1196\" alt=\"Dan\u00e7a de sal\u00e3o com cadeirantes e n\u00e3o cadeirantes - Bailarino Isaias Jos\u00e9 dos Santos - EPG da Em\u00edlia\" ><\/div>\n\t\t\t\t\t\t\t\t\t\t\t<div class=\"elementor-gallery-item__overlay\"><\/div>\n\t\t\t\t\t\t\t\t\t\t\t\t\t\t\t<div class=\"elementor-gallery-item__content\">\n\t\t\t\t\t\t\t\t\t\t\t\t\t\t<div class=\"elementor-gallery-item__title\">\n\t\t\t\t\t\t\t\t\t\t\t\t\t\t\t\t\t\tDan\u00e7a de sal\u00e3o com cadeirantes e n\u00e3o cadeirantes - Bailarino Isaias Jos\u00e9 dos Santos - EPG da Em\u00edlia\t\t\t\t\t\t\t\t<\/div>\n\t\t\t\t\t\t\t\t\t\t\t\t<\/div>\n\t\t\t\t\t\t\t\t\t<\/a>\n\t\t\t\t\t\t\t<a class=\"e-gallery-item elementor-gallery-item elementor-animated-content\" data-e-gallery-tags=\"1\" href=\"https:\/\/portaleducacao.guarulhos.sp.gov.br\/wp_site\/semanadobrincar2025\/wp-content\/uploads\/sites\/40\/2025\/05\/WhatsApp-Image-2025-05-27-at-16.38.57-scaled.jpeg\" data-elementor-open-lightbox=\"yes\" data-elementor-lightbox-slideshow=\"all-c04e26e\" data-elementor-lightbox-title=\"Dan\u00e7a de sal\u00e3o com cadeirantes e n\u00e3o cadeirantes - Bailarino Isaias Jos\u00e9 dos Santos - EPG da Em\u00edlia\" data-e-action-hash=\"#elementor-action%3Aaction%3Dlightbox%26settings%3DeyJpZCI6ODU2LCJ1cmwiOiJodHRwczpcL1wvcG9ydGFsZWR1Y2FjYW8uZ3VhcnVsaG9zLnNwLmdvdi5iclwvd3Bfc2l0ZVwvc2VtYW5hZG9icmluY2FyMjAyNVwvd3AtY29udGVudFwvdXBsb2Fkc1wvc2l0ZXNcLzQwXC8yMDI1XC8wNVwvV2hhdHNBcHAtSW1hZ2UtMjAyNS0wNS0yNy1hdC0xNi4zOC41Ny1zY2FsZWQuanBlZyIsInNsaWRlc2hvdyI6ImFsbC1jMDRlMjZlIn0%3D\">\n\t\t\t\t\t<div class=\"e-gallery-image elementor-gallery-item__image\" data-thumbnail=\"https:\/\/portaleducacao.guarulhos.sp.gov.br\/wp_site\/semanadobrincar2025\/wp-content\/uploads\/sites\/40\/2025\/05\/WhatsApp-Image-2025-05-27-at-16.38.57-scaled.jpeg\" data-width=\"1196\" data-height=\"2560\" alt=\"\" ><\/div>\n\t\t\t\t\t\t\t\t\t\t\t<div class=\"elementor-gallery-item__overlay\"><\/div>\n\t\t\t\t\t\t\t\t\t\t\t\t\t\t\t<div class=\"elementor-gallery-item__content\">\n\t\t\t\t\t\t\t\t\t\t\t\t\t\t<div class=\"elementor-gallery-item__title\">\n\t\t\t\t\t\t\t\t\t\t\t\t\t\t\t\t\t\tDan\u00e7a de sal\u00e3o com cadeirantes e n\u00e3o cadeirantes - Bailarino Isaias Jos\u00e9 dos Santos - EPG da Em\u00edlia\t\t\t\t\t\t\t\t<\/div>\n\t\t\t\t\t\t\t\t\t\t\t\t<\/div>\n\t\t\t\t\t\t\t\t\t<\/a>\n\t\t\t\t\t\t\t<a class=\"e-gallery-item elementor-gallery-item elementor-animated-content\" data-e-gallery-tags=\"1\" href=\"https:\/\/portaleducacao.guarulhos.sp.gov.br\/wp_site\/semanadobrincar2025\/wp-content\/uploads\/sites\/40\/2025\/05\/WhatsApp-Image-2025-05-27-at-16.42.09-scaled.jpeg\" data-elementor-open-lightbox=\"yes\" data-elementor-lightbox-slideshow=\"all-c04e26e\" data-elementor-lightbox-title=\"Dan\u00e7a de sal\u00e3o com cadeirantes e n\u00e3o cadeirantes - Bailarino Isaias Jos\u00e9 dos Santos - EPG da Em\u00edlia\" data-e-action-hash=\"#elementor-action%3Aaction%3Dlightbox%26settings%3DeyJpZCI6ODU3LCJ1cmwiOiJodHRwczpcL1wvcG9ydGFsZWR1Y2FjYW8uZ3VhcnVsaG9zLnNwLmdvdi5iclwvd3Bfc2l0ZVwvc2VtYW5hZG9icmluY2FyMjAyNVwvd3AtY29udGVudFwvdXBsb2Fkc1wvc2l0ZXNcLzQwXC8yMDI1XC8wNVwvV2hhdHNBcHAtSW1hZ2UtMjAyNS0wNS0yNy1hdC0xNi40Mi4wOS1zY2FsZWQuanBlZyIsInNsaWRlc2hvdyI6ImFsbC1jMDRlMjZlIn0%3D\">\n\t\t\t\t\t<div class=\"e-gallery-image elementor-gallery-item__image\" data-thumbnail=\"https:\/\/portaleducacao.guarulhos.sp.gov.br\/wp_site\/semanadobrincar2025\/wp-content\/uploads\/sites\/40\/2025\/05\/WhatsApp-Image-2025-05-27-at-16.42.09-scaled.jpeg\" data-width=\"2560\" data-height=\"1196\" alt=\"\" ><\/div>\n\t\t\t\t\t\t\t\t\t\t\t<div class=\"elementor-gallery-item__overlay\"><\/div>\n\t\t\t\t\t\t\t\t\t\t\t\t\t\t\t<div class=\"elementor-gallery-item__content\">\n\t\t\t\t\t\t\t\t\t\t\t\t\t\t<div class=\"elementor-gallery-item__title\">\n\t\t\t\t\t\t\t\t\t\t\t\t\t\t\t\t\t\tDan\u00e7a de sal\u00e3o com cadeirantes e n\u00e3o cadeirantes - Bailarino Isaias Jos\u00e9 dos Santos - EPG da Em\u00edlia\t\t\t\t\t\t\t\t<\/div>\n\t\t\t\t\t\t\t\t\t\t\t\t<\/div>\n\t\t\t\t\t\t\t\t\t<\/a>\n\t\t\t\t\t\t\t<a class=\"e-gallery-item elementor-gallery-item elementor-animated-content\" data-e-gallery-tags=\"1\" href=\"https:\/\/portaleducacao.guarulhos.sp.gov.br\/wp_site\/semanadobrincar2025\/wp-content\/uploads\/sites\/40\/2025\/05\/WhatsApp-Image-2025-05-27-at-16.42.10-scaled.jpeg\" data-elementor-open-lightbox=\"yes\" data-elementor-lightbox-slideshow=\"all-c04e26e\" data-elementor-lightbox-title=\"Dan\u00e7a de sal\u00e3o com cadeirantes e n\u00e3o cadeirantes - Bailarino Isaias Jos\u00e9 dos Santos - EPG da Em\u00edlia\" data-e-action-hash=\"#elementor-action%3Aaction%3Dlightbox%26settings%3DeyJpZCI6ODU4LCJ1cmwiOiJodHRwczpcL1wvcG9ydGFsZWR1Y2FjYW8uZ3VhcnVsaG9zLnNwLmdvdi5iclwvd3Bfc2l0ZVwvc2VtYW5hZG9icmluY2FyMjAyNVwvd3AtY29udGVudFwvdXBsb2Fkc1wvc2l0ZXNcLzQwXC8yMDI1XC8wNVwvV2hhdHNBcHAtSW1hZ2UtMjAyNS0wNS0yNy1hdC0xNi40Mi4xMC1zY2FsZWQuanBlZyIsInNsaWRlc2hvdyI6ImFsbC1jMDRlMjZlIn0%3D\">\n\t\t\t\t\t<div class=\"e-gallery-image elementor-gallery-item__image\" data-thumbnail=\"https:\/\/portaleducacao.guarulhos.sp.gov.br\/wp_site\/semanadobrincar2025\/wp-content\/uploads\/sites\/40\/2025\/05\/WhatsApp-Image-2025-05-27-at-16.42.10-scaled.jpeg\" data-width=\"2560\" data-height=\"1196\" alt=\"\" ><\/div>\n\t\t\t\t\t\t\t\t\t\t\t<div class=\"elementor-gallery-item__overlay\"><\/div>\n\t\t\t\t\t\t\t\t\t\t\t\t\t\t\t<div class=\"elementor-gallery-item__content\">\n\t\t\t\t\t\t\t\t\t\t\t\t\t\t<div class=\"elementor-gallery-item__title\">\n\t\t\t\t\t\t\t\t\t\t\t\t\t\t\t\t\t\tDan\u00e7a de sal\u00e3o com cadeirantes e n\u00e3o cadeirantes - Bailarino Isaias Jos\u00e9 dos Santos - EPG da Em\u00edlia\t\t\t\t\t\t\t\t<\/div>\n\t\t\t\t\t\t\t\t\t\t\t\t<\/div>\n\t\t\t\t\t\t\t\t\t<\/a>\n\t\t\t\t\t\t\t<a class=\"e-gallery-item elementor-gallery-item elementor-animated-content\" data-e-gallery-tags=\"1\" href=\"https:\/\/portaleducacao.guarulhos.sp.gov.br\/wp_site\/semanadobrincar2025\/wp-content\/uploads\/sites\/40\/2025\/05\/WhatsApp-Image-2025-05-27-at-12.20.00.jpeg\" data-elementor-open-lightbox=\"yes\" data-elementor-lightbox-slideshow=\"all-c04e26e\" data-elementor-lightbox-title=\"Conta\u00e7\u00e3o de hist\u00f3ria com o escritor Henrique Andr\u00e9 _ EPG Anita Malfatti\" data-e-action-hash=\"#elementor-action%3Aaction%3Dlightbox%26settings%3DeyJpZCI6MTAzMCwidXJsIjoiaHR0cHM6XC9cL3BvcnRhbGVkdWNhY2FvLmd1YXJ1bGhvcy5zcC5nb3YuYnJcL3dwX3NpdGVcL3NlbWFuYWRvYnJpbmNhcjIwMjVcL3dwLWNvbnRlbnRcL3VwbG9hZHNcL3NpdGVzXC80MFwvMjAyNVwvMDVcL1doYXRzQXBwLUltYWdlLTIwMjUtMDUtMjctYXQtMTIuMjAuMDAuanBlZyIsInNsaWRlc2hvdyI6ImFsbC1jMDRlMjZlIn0%3D\">\n\t\t\t\t\t<div class=\"e-gallery-image elementor-gallery-item__image\" data-thumbnail=\"https:\/\/portaleducacao.guarulhos.sp.gov.br\/wp_site\/semanadobrincar2025\/wp-content\/uploads\/sites\/40\/2025\/05\/WhatsApp-Image-2025-05-27-at-12.20.00.jpeg\" data-width=\"1200\" data-height=\"1600\" alt=\"\" ><\/div>\n\t\t\t\t\t\t\t\t\t\t\t<div class=\"elementor-gallery-item__overlay\"><\/div>\n\t\t\t\t\t\t\t\t\t\t\t\t\t\t\t<div class=\"elementor-gallery-item__content\">\n\t\t\t\t\t\t\t\t\t\t\t\t\t\t<div class=\"elementor-gallery-item__title\">\n\t\t\t\t\t\t\t\t\t\t\t\t\t\t\t\t\t\tConta\u00e7\u00e3o de hist\u00f3ria com o escritor Henrique Andr\u00e9 _ EPG Anita Malfatti\t\t\t\t\t\t\t\t<\/div>\n\t\t\t\t\t\t\t\t\t\t\t\t<\/div>\n\t\t\t\t\t\t\t\t\t<\/a>\n\t\t\t\t\t\t\t<a class=\"e-gallery-item elementor-gallery-item elementor-animated-content\" data-e-gallery-tags=\"1\" href=\"https:\/\/portaleducacao.guarulhos.sp.gov.br\/wp_site\/semanadobrincar2025\/wp-content\/uploads\/sites\/40\/2025\/05\/WhatsApp-Image-2025-05-27-at-12.20.26-1.jpeg\" data-elementor-open-lightbox=\"yes\" data-elementor-lightbox-slideshow=\"all-c04e26e\" data-elementor-lightbox-title=\"Conta\u00e7\u00e3o de hist\u00f3ria com o escritor Henrique Andr\u00e9 _ EPG Anita Malfatti\" data-e-action-hash=\"#elementor-action%3Aaction%3Dlightbox%26settings%3DeyJpZCI6MTAzMSwidXJsIjoiaHR0cHM6XC9cL3BvcnRhbGVkdWNhY2FvLmd1YXJ1bGhvcy5zcC5nb3YuYnJcL3dwX3NpdGVcL3NlbWFuYWRvYnJpbmNhcjIwMjVcL3dwLWNvbnRlbnRcL3VwbG9hZHNcL3NpdGVzXC80MFwvMjAyNVwvMDVcL1doYXRzQXBwLUltYWdlLTIwMjUtMDUtMjctYXQtMTIuMjAuMjYtMS5qcGVnIiwic2xpZGVzaG93IjoiYWxsLWMwNGUyNmUifQ%3D%3D\">\n\t\t\t\t\t<div class=\"e-gallery-image elementor-gallery-item__image\" data-thumbnail=\"https:\/\/portaleducacao.guarulhos.sp.gov.br\/wp_site\/semanadobrincar2025\/wp-content\/uploads\/sites\/40\/2025\/05\/WhatsApp-Image-2025-05-27-at-12.20.26-1.jpeg\" data-width=\"1599\" data-height=\"899\" alt=\"\" ><\/div>\n\t\t\t\t\t\t\t\t\t\t\t<div class=\"elementor-gallery-item__overlay\"><\/div>\n\t\t\t\t\t\t\t\t\t\t\t\t\t\t\t<div class=\"elementor-gallery-item__content\">\n\t\t\t\t\t\t\t\t\t\t\t\t\t\t<div class=\"elementor-gallery-item__title\">\n\t\t\t\t\t\t\t\t\t\t\t\t\t\t\t\t\t\tConta\u00e7\u00e3o de hist\u00f3ria com o escritor Henrique Andr\u00e9 _ EPG Anita Malfatti\t\t\t\t\t\t\t\t<\/div>\n\t\t\t\t\t\t\t\t\t\t\t\t<\/div>\n\t\t\t\t\t\t\t\t\t<\/a>\n\t\t\t\t\t\t\t<a class=\"e-gallery-item elementor-gallery-item elementor-animated-content\" data-e-gallery-tags=\"1\" href=\"https:\/\/portaleducacao.guarulhos.sp.gov.br\/wp_site\/semanadobrincar2025\/wp-content\/uploads\/sites\/40\/2025\/05\/WhatsApp-Image-2025-05-27-at-12.20.26.jpeg\" data-elementor-open-lightbox=\"yes\" data-elementor-lightbox-slideshow=\"all-c04e26e\" data-elementor-lightbox-title=\"Conta\u00e7\u00e3o de hist\u00f3ria com o escritor Henrique Andr\u00e9 _ EPG Anita Malfatti\" data-e-action-hash=\"#elementor-action%3Aaction%3Dlightbox%26settings%3DeyJpZCI6MTAzMiwidXJsIjoiaHR0cHM6XC9cL3BvcnRhbGVkdWNhY2FvLmd1YXJ1bGhvcy5zcC5nb3YuYnJcL3dwX3NpdGVcL3NlbWFuYWRvYnJpbmNhcjIwMjVcL3dwLWNvbnRlbnRcL3VwbG9hZHNcL3NpdGVzXC80MFwvMjAyNVwvMDVcL1doYXRzQXBwLUltYWdlLTIwMjUtMDUtMjctYXQtMTIuMjAuMjYuanBlZyIsInNsaWRlc2hvdyI6ImFsbC1jMDRlMjZlIn0%3D\">\n\t\t\t\t\t<div class=\"e-gallery-image elementor-gallery-item__image\" data-thumbnail=\"https:\/\/portaleducacao.guarulhos.sp.gov.br\/wp_site\/semanadobrincar2025\/wp-content\/uploads\/sites\/40\/2025\/05\/WhatsApp-Image-2025-05-27-at-12.20.26.jpeg\" data-width=\"1599\" data-height=\"899\" alt=\"\" ><\/div>\n\t\t\t\t\t\t\t\t\t\t\t<div class=\"elementor-gallery-item__overlay\"><\/div>\n\t\t\t\t\t\t\t\t\t\t\t\t\t\t\t<div class=\"elementor-gallery-item__content\">\n\t\t\t\t\t\t\t\t\t\t\t\t\t\t<div class=\"elementor-gallery-item__title\">\n\t\t\t\t\t\t\t\t\t\t\t\t\t\t\t\t\t\tConta\u00e7\u00e3o de hist\u00f3ria com o escritor Henrique Andr\u00e9 _ EPG Anita Malfatti\t\t\t\t\t\t\t\t<\/div>\n\t\t\t\t\t\t\t\t\t\t\t\t<\/div>\n\t\t\t\t\t\t\t\t\t<\/a>\n\t\t\t\t\t\t\t<a class=\"e-gallery-item elementor-gallery-item elementor-animated-content\" data-e-gallery-tags=\"1\" href=\"https:\/\/portaleducacao.guarulhos.sp.gov.br\/wp_site\/semanadobrincar2025\/wp-content\/uploads\/sites\/40\/2025\/05\/Danca-Circular-com-professora-Vilma-com-professores-e-educandos.png\" data-elementor-open-lightbox=\"yes\" data-elementor-lightbox-slideshow=\"all-c04e26e\" data-elementor-lightbox-title=\"Dan\u00e7a Circular com professora Vilma com professores e educandos\" data-e-action-hash=\"#elementor-action%3Aaction%3Dlightbox%26settings%3DeyJpZCI6MTAzMywidXJsIjoiaHR0cHM6XC9cL3BvcnRhbGVkdWNhY2FvLmd1YXJ1bGhvcy5zcC5nb3YuYnJcL3dwX3NpdGVcL3NlbWFuYWRvYnJpbmNhcjIwMjVcL3dwLWNvbnRlbnRcL3VwbG9hZHNcL3NpdGVzXC80MFwvMjAyNVwvMDVcL0RhbmNhLUNpcmN1bGFyLWNvbS1wcm9mZXNzb3JhLVZpbG1hLWNvbS1wcm9mZXNzb3Jlcy1lLWVkdWNhbmRvcy5wbmciLCJzbGlkZXNob3ciOiJhbGwtYzA0ZTI2ZSJ9\">\n\t\t\t\t\t<div class=\"e-gallery-image elementor-gallery-item__image\" data-thumbnail=\"https:\/\/portaleducacao.guarulhos.sp.gov.br\/wp_site\/semanadobrincar2025\/wp-content\/uploads\/sites\/40\/2025\/05\/Danca-Circular-com-professora-Vilma-com-professores-e-educandos.png\" data-width=\"1528\" data-height=\"1528\" alt=\"\" ><\/div>\n\t\t\t\t\t\t\t\t\t\t\t<div class=\"elementor-gallery-item__overlay\"><\/div>\n\t\t\t\t\t\t\t\t\t\t\t\t\t\t\t<div class=\"elementor-gallery-item__content\">\n\t\t\t\t\t\t\t\t\t\t\t\t\t\t<div class=\"elementor-gallery-item__title\">\n\t\t\t\t\t\t\t\t\t\t\t\t\t\t\t\t\t\tDan\u00e7a Circular com professora Vilma com professores e educandos\t\t\t\t\t\t\t\t<\/div>\n\t\t\t\t\t\t\t\t\t\t\t\t<\/div>\n\t\t\t\t\t\t\t\t\t<\/a>\n\t\t\t\t\t\t\t<a class=\"e-gallery-item elementor-gallery-item elementor-animated-content\" data-e-gallery-tags=\"1\" href=\"https:\/\/portaleducacao.guarulhos.sp.gov.br\/wp_site\/semanadobrincar2025\/wp-content\/uploads\/sites\/40\/2025\/05\/EPG1.png\" data-elementor-open-lightbox=\"yes\" data-elementor-lightbox-slideshow=\"all-c04e26e\" data-elementor-lightbox-title=\"Dan\u00e7a Circular com professora Vilma com professores e educandos\" data-e-action-hash=\"#elementor-action%3Aaction%3Dlightbox%26settings%3DeyJpZCI6MTAzNCwidXJsIjoiaHR0cHM6XC9cL3BvcnRhbGVkdWNhY2FvLmd1YXJ1bGhvcy5zcC5nb3YuYnJcL3dwX3NpdGVcL3NlbWFuYWRvYnJpbmNhcjIwMjVcL3dwLWNvbnRlbnRcL3VwbG9hZHNcL3NpdGVzXC80MFwvMjAyNVwvMDVcL0VQRzEucG5nIiwic2xpZGVzaG93IjoiYWxsLWMwNGUyNmUifQ%3D%3D\">\n\t\t\t\t\t<div class=\"e-gallery-image elementor-gallery-item__image\" data-thumbnail=\"https:\/\/portaleducacao.guarulhos.sp.gov.br\/wp_site\/semanadobrincar2025\/wp-content\/uploads\/sites\/40\/2025\/05\/EPG1.png\" data-width=\"1528\" data-height=\"1528\" alt=\"\" ><\/div>\n\t\t\t\t\t\t\t\t\t\t\t<div class=\"elementor-gallery-item__overlay\"><\/div>\n\t\t\t\t\t\t\t\t\t\t\t\t\t\t\t<div class=\"elementor-gallery-item__content\">\n\t\t\t\t\t\t\t\t\t\t\t\t\t\t<div class=\"elementor-gallery-item__title\">\n\t\t\t\t\t\t\t\t\t\t\t\t\t\t\t\t\t\tDan\u00e7a Circular com professora Vilma com professores e educandos\t\t\t\t\t\t\t\t<\/div>\n\t\t\t\t\t\t\t\t\t\t\t\t<\/div>\n\t\t\t\t\t\t\t\t\t<\/a>\n\t\t\t\t\t\t\t<a class=\"e-gallery-item elementor-gallery-item elementor-animated-content\" data-e-gallery-tags=\"1\" href=\"https:\/\/portaleducacao.guarulhos.sp.gov.br\/wp_site\/semanadobrincar2025\/wp-content\/uploads\/sites\/40\/2025\/05\/EPG2.png\" data-elementor-open-lightbox=\"yes\" data-elementor-lightbox-slideshow=\"all-c04e26e\" data-elementor-lightbox-title=\"Dan\u00e7a Circular com professora Vilma com professores e educandos\" data-e-action-hash=\"#elementor-action%3Aaction%3Dlightbox%26settings%3DeyJpZCI6MTAzNSwidXJsIjoiaHR0cHM6XC9cL3BvcnRhbGVkdWNhY2FvLmd1YXJ1bGhvcy5zcC5nb3YuYnJcL3dwX3NpdGVcL3NlbWFuYWRvYnJpbmNhcjIwMjVcL3dwLWNvbnRlbnRcL3VwbG9hZHNcL3NpdGVzXC80MFwvMjAyNVwvMDVcL0VQRzIucG5nIiwic2xpZGVzaG93IjoiYWxsLWMwNGUyNmUifQ%3D%3D\">\n\t\t\t\t\t<div class=\"e-gallery-image elementor-gallery-item__image\" data-thumbnail=\"https:\/\/portaleducacao.guarulhos.sp.gov.br\/wp_site\/semanadobrincar2025\/wp-content\/uploads\/sites\/40\/2025\/05\/EPG2.png\" data-width=\"1528\" data-height=\"1528\" alt=\"\" ><\/div>\n\t\t\t\t\t\t\t\t\t\t\t<div class=\"elementor-gallery-item__overlay\"><\/div>\n\t\t\t\t\t\t\t\t\t\t\t\t\t\t\t<div class=\"elementor-gallery-item__content\">\n\t\t\t\t\t\t\t\t\t\t\t\t\t\t<div class=\"elementor-gallery-item__title\">\n\t\t\t\t\t\t\t\t\t\t\t\t\t\t\t\t\t\tDan\u00e7a Circular com professora Vilma com professores e educandos\t\t\t\t\t\t\t\t<\/div>\n\t\t\t\t\t\t\t\t\t\t\t\t<\/div>\n\t\t\t\t\t\t\t\t\t<\/a>\n\t\t\t\t\t\t\t<a class=\"e-gallery-item elementor-gallery-item elementor-animated-content\" data-e-gallery-tags=\"1\" href=\"https:\/\/portaleducacao.guarulhos.sp.gov.br\/wp_site\/semanadobrincar2025\/wp-content\/uploads\/sites\/40\/2025\/05\/WhatsApp-Image-2025-05-29-at-15.58.04.jpeg\" data-elementor-open-lightbox=\"yes\" data-elementor-lightbox-slideshow=\"all-c04e26e\" data-elementor-lightbox-title=\"Propostas brincantes nas escolas da EJA durante a live - A liberdade do brincar mem\u00f3rias afetivas, com o professor Rafaela Moreira\" data-e-action-hash=\"#elementor-action%3Aaction%3Dlightbox%26settings%3DeyJpZCI6MTA1MywidXJsIjoiaHR0cHM6XC9cL3BvcnRhbGVkdWNhY2FvLmd1YXJ1bGhvcy5zcC5nb3YuYnJcL3dwX3NpdGVcL3NlbWFuYWRvYnJpbmNhcjIwMjVcL3dwLWNvbnRlbnRcL3VwbG9hZHNcL3NpdGVzXC80MFwvMjAyNVwvMDVcL1doYXRzQXBwLUltYWdlLTIwMjUtMDUtMjktYXQtMTUuNTguMDQuanBlZyIsInNsaWRlc2hvdyI6ImFsbC1jMDRlMjZlIn0%3D\">\n\t\t\t\t\t<div class=\"e-gallery-image elementor-gallery-item__image\" data-thumbnail=\"https:\/\/portaleducacao.guarulhos.sp.gov.br\/wp_site\/semanadobrincar2025\/wp-content\/uploads\/sites\/40\/2025\/05\/WhatsApp-Image-2025-05-29-at-15.58.04.jpeg\" data-width=\"1599\" data-height=\"1599\" alt=\"\" ><\/div>\n\t\t\t\t\t\t\t\t\t\t\t<div class=\"elementor-gallery-item__overlay\"><\/div>\n\t\t\t\t\t\t\t\t\t\t\t\t\t\t\t<div class=\"elementor-gallery-item__content\">\n\t\t\t\t\t\t\t\t\t\t\t\t\t\t<div class=\"elementor-gallery-item__title\">\n\t\t\t\t\t\t\t\t\t\t\t\t\t\t\t\t\t\tPropostas brincantes nas escolas da EJA durante a live - A liberdade do brincar mem\u00f3rias afetivas, com o professor Rafaela Moreira\t\t\t\t\t\t\t\t<\/div>\n\t\t\t\t\t\t\t\t\t\t\t\t<\/div>\n\t\t\t\t\t\t\t\t\t<\/a>\n\t\t\t\t\t\t\t<a class=\"e-gallery-item elementor-gallery-item elementor-animated-content\" data-e-gallery-tags=\"1\" href=\"https:\/\/portaleducacao.guarulhos.sp.gov.br\/wp_site\/semanadobrincar2025\/wp-content\/uploads\/sites\/40\/2025\/05\/WhatsApp-Image-2025-05-29-at-15.59.09.jpeg\" data-elementor-open-lightbox=\"yes\" data-elementor-lightbox-slideshow=\"all-c04e26e\" data-elementor-lightbox-title=\"Propostas brincantes nas escolas da EJA durante a live - A liberdade do brincar mem\u00f3rias afetivas, com o professor Rafaela Moreira\" data-e-action-hash=\"#elementor-action%3Aaction%3Dlightbox%26settings%3DeyJpZCI6MTA1NCwidXJsIjoiaHR0cHM6XC9cL3BvcnRhbGVkdWNhY2FvLmd1YXJ1bGhvcy5zcC5nb3YuYnJcL3dwX3NpdGVcL3NlbWFuYWRvYnJpbmNhcjIwMjVcL3dwLWNvbnRlbnRcL3VwbG9hZHNcL3NpdGVzXC80MFwvMjAyNVwvMDVcL1doYXRzQXBwLUltYWdlLTIwMjUtMDUtMjktYXQtMTUuNTkuMDkuanBlZyIsInNsaWRlc2hvdyI6ImFsbC1jMDRlMjZlIn0%3D\">\n\t\t\t\t\t<div class=\"e-gallery-image elementor-gallery-item__image\" data-thumbnail=\"https:\/\/portaleducacao.guarulhos.sp.gov.br\/wp_site\/semanadobrincar2025\/wp-content\/uploads\/sites\/40\/2025\/05\/WhatsApp-Image-2025-05-29-at-15.59.09.jpeg\" data-width=\"1200\" data-height=\"1600\" alt=\"\" ><\/div>\n\t\t\t\t\t\t\t\t\t\t\t<div class=\"elementor-gallery-item__overlay\"><\/div>\n\t\t\t\t\t\t\t\t\t\t\t\t\t\t\t<div class=\"elementor-gallery-item__content\">\n\t\t\t\t\t\t\t\t\t\t\t\t\t\t<div class=\"elementor-gallery-item__title\">\n\t\t\t\t\t\t\t\t\t\t\t\t\t\t\t\t\t\tPropostas brincantes nas escolas da EJA durante a live - A liberdade do brincar mem\u00f3rias afetivas, com o professor Rafaela Moreira\t\t\t\t\t\t\t\t<\/div>\n\t\t\t\t\t\t\t\t\t\t\t\t<\/div>\n\t\t\t\t\t\t\t\t\t<\/a>\n\t\t\t\t\t\t\t<a class=\"e-gallery-item elementor-gallery-item elementor-animated-content\" data-e-gallery-tags=\"1\" href=\"https:\/\/portaleducacao.guarulhos.sp.gov.br\/wp_site\/semanadobrincar2025\/wp-content\/uploads\/sites\/40\/2025\/05\/WhatsApp-Image-2025-05-29-at-15.59.54.jpeg\" data-elementor-open-lightbox=\"yes\" data-elementor-lightbox-slideshow=\"all-c04e26e\" data-elementor-lightbox-title=\"Propostas brincantes nas escolas da EJA durante a live - A liberdade do brincar mem\u00f3rias afetivas, com o professor Rafaela Moreira\" data-e-action-hash=\"#elementor-action%3Aaction%3Dlightbox%26settings%3DeyJpZCI6MTA1NSwidXJsIjoiaHR0cHM6XC9cL3BvcnRhbGVkdWNhY2FvLmd1YXJ1bGhvcy5zcC5nb3YuYnJcL3dwX3NpdGVcL3NlbWFuYWRvYnJpbmNhcjIwMjVcL3dwLWNvbnRlbnRcL3VwbG9hZHNcL3NpdGVzXC80MFwvMjAyNVwvMDVcL1doYXRzQXBwLUltYWdlLTIwMjUtMDUtMjktYXQtMTUuNTkuNTQuanBlZyIsInNsaWRlc2hvdyI6ImFsbC1jMDRlMjZlIn0%3D\">\n\t\t\t\t\t<div class=\"e-gallery-image elementor-gallery-item__image\" data-thumbnail=\"https:\/\/portaleducacao.guarulhos.sp.gov.br\/wp_site\/semanadobrincar2025\/wp-content\/uploads\/sites\/40\/2025\/05\/WhatsApp-Image-2025-05-29-at-15.59.54.jpeg\" data-width=\"900\" data-height=\"1600\" alt=\"\" ><\/div>\n\t\t\t\t\t\t\t\t\t\t\t<div class=\"elementor-gallery-item__overlay\"><\/div>\n\t\t\t\t\t\t\t\t\t\t\t\t\t\t\t<div class=\"elementor-gallery-item__content\">\n\t\t\t\t\t\t\t\t\t\t\t\t\t\t<div class=\"elementor-gallery-item__title\">\n\t\t\t\t\t\t\t\t\t\t\t\t\t\t\t\t\t\tPropostas brincantes nas escolas da EJA durante a live - A liberdade do brincar mem\u00f3rias afetivas, com o professor Rafaela Moreira\t\t\t\t\t\t\t\t<\/div>\n\t\t\t\t\t\t\t\t\t\t\t\t<\/div>\n\t\t\t\t\t\t\t\t\t<\/a>\n\t\t\t\t\t\t\t<a class=\"e-gallery-item elementor-gallery-item elementor-animated-content\" data-e-gallery-tags=\"1\" href=\"https:\/\/portaleducacao.guarulhos.sp.gov.br\/wp_site\/semanadobrincar2025\/wp-content\/uploads\/sites\/40\/2025\/05\/WhatsApp-Image-2025-05-29-at-16.00.53.jpeg\" data-elementor-open-lightbox=\"yes\" data-elementor-lightbox-slideshow=\"all-c04e26e\" data-elementor-lightbox-title=\"Propostas brincantes nas escolas da EJA durante a live - A liberdade do brincar mem\u00f3rias afetivas, com o professor Rafaela Moreira\" data-e-action-hash=\"#elementor-action%3Aaction%3Dlightbox%26settings%3DeyJpZCI6MTA1NiwidXJsIjoiaHR0cHM6XC9cL3BvcnRhbGVkdWNhY2FvLmd1YXJ1bGhvcy5zcC5nb3YuYnJcL3dwX3NpdGVcL3NlbWFuYWRvYnJpbmNhcjIwMjVcL3dwLWNvbnRlbnRcL3VwbG9hZHNcL3NpdGVzXC80MFwvMjAyNVwvMDVcL1doYXRzQXBwLUltYWdlLTIwMjUtMDUtMjktYXQtMTYuMDAuNTMuanBlZyIsInNsaWRlc2hvdyI6ImFsbC1jMDRlMjZlIn0%3D\">\n\t\t\t\t\t<div class=\"e-gallery-image elementor-gallery-item__image\" data-thumbnail=\"https:\/\/portaleducacao.guarulhos.sp.gov.br\/wp_site\/semanadobrincar2025\/wp-content\/uploads\/sites\/40\/2025\/05\/WhatsApp-Image-2025-05-29-at-16.00.53.jpeg\" data-width=\"1200\" data-height=\"1600\" alt=\"\" ><\/div>\n\t\t\t\t\t\t\t\t\t\t\t<div class=\"elementor-gallery-item__overlay\"><\/div>\n\t\t\t\t\t\t\t\t\t\t\t\t\t\t\t<div class=\"elementor-gallery-item__content\">\n\t\t\t\t\t\t\t\t\t\t\t\t\t\t<div class=\"elementor-gallery-item__title\">\n\t\t\t\t\t\t\t\t\t\t\t\t\t\t\t\t\t\tPropostas brincantes nas escolas da EJA durante a live - A liberdade do brincar mem\u00f3rias afetivas, com o professor Rafaela Moreira\t\t\t\t\t\t\t\t<\/div>\n\t\t\t\t\t\t\t\t\t\t\t\t<\/div>\n\t\t\t\t\t\t\t\t\t<\/a>\n\t\t\t\t\t\t\t<a class=\"e-gallery-item elementor-gallery-item elementor-animated-content\" data-e-gallery-tags=\"1\" href=\"https:\/\/portaleducacao.guarulhos.sp.gov.br\/wp_site\/semanadobrincar2025\/wp-content\/uploads\/sites\/40\/2025\/05\/WhatsApp-Image-2025-05-29-at-16.03.23.jpeg\" data-elementor-open-lightbox=\"yes\" data-elementor-lightbox-slideshow=\"all-c04e26e\" data-elementor-lightbox-title=\"Propostas brincantes nas escolas da EJA durante a live - A liberdade do brincar mem\u00f3rias afetivas, com o professor Rafaela Moreira\" data-e-action-hash=\"#elementor-action%3Aaction%3Dlightbox%26settings%3DeyJpZCI6MTA1NywidXJsIjoiaHR0cHM6XC9cL3BvcnRhbGVkdWNhY2FvLmd1YXJ1bGhvcy5zcC5nb3YuYnJcL3dwX3NpdGVcL3NlbWFuYWRvYnJpbmNhcjIwMjVcL3dwLWNvbnRlbnRcL3VwbG9hZHNcL3NpdGVzXC80MFwvMjAyNVwvMDVcL1doYXRzQXBwLUltYWdlLTIwMjUtMDUtMjktYXQtMTYuMDMuMjMuanBlZyIsInNsaWRlc2hvdyI6ImFsbC1jMDRlMjZlIn0%3D\">\n\t\t\t\t\t<div class=\"e-gallery-image elementor-gallery-item__image\" data-thumbnail=\"https:\/\/portaleducacao.guarulhos.sp.gov.br\/wp_site\/semanadobrincar2025\/wp-content\/uploads\/sites\/40\/2025\/05\/WhatsApp-Image-2025-05-29-at-16.03.23.jpeg\" data-width=\"1200\" data-height=\"1600\" alt=\"\" ><\/div>\n\t\t\t\t\t\t\t\t\t\t\t<div class=\"elementor-gallery-item__overlay\"><\/div>\n\t\t\t\t\t\t\t\t\t\t\t\t\t\t\t<div class=\"elementor-gallery-item__content\">\n\t\t\t\t\t\t\t\t\t\t\t\t\t\t<div class=\"elementor-gallery-item__title\">\n\t\t\t\t\t\t\t\t\t\t\t\t\t\t\t\t\t\tPropostas brincantes nas escolas da EJA durante a live - A liberdade do brincar mem\u00f3rias afetivas, com o professor Rafaela Moreira\t\t\t\t\t\t\t\t<\/div>\n\t\t\t\t\t\t\t\t\t\t\t\t<\/div>\n\t\t\t\t\t\t\t\t\t<\/a>\n\t\t\t\t\t\t\t<a class=\"e-gallery-item elementor-gallery-item elementor-animated-content\" data-e-gallery-tags=\"1\" href=\"https:\/\/portaleducacao.guarulhos.sp.gov.br\/wp_site\/semanadobrincar2025\/wp-content\/uploads\/sites\/40\/2025\/06\/WhatsApp-Image-2025-06-02-at-12.01.12.jpeg\" data-elementor-open-lightbox=\"yes\" data-elementor-lightbox-slideshow=\"all-c04e26e\" data-elementor-lightbox-title=\"EPG Crispiniano Soares\" data-e-action-hash=\"#elementor-action%3Aaction%3Dlightbox%26settings%3DeyJpZCI6MTIxMiwidXJsIjoiaHR0cHM6XC9cL3BvcnRhbGVkdWNhY2FvLmd1YXJ1bGhvcy5zcC5nb3YuYnJcL3dwX3NpdGVcL3NlbWFuYWRvYnJpbmNhcjIwMjVcL3dwLWNvbnRlbnRcL3VwbG9hZHNcL3NpdGVzXC80MFwvMjAyNVwvMDZcL1doYXRzQXBwLUltYWdlLTIwMjUtMDYtMDItYXQtMTIuMDEuMTIuanBlZyIsInNsaWRlc2hvdyI6ImFsbC1jMDRlMjZlIn0%3D\">\n\t\t\t\t\t<div class=\"e-gallery-image elementor-gallery-item__image\" data-thumbnail=\"https:\/\/portaleducacao.guarulhos.sp.gov.br\/wp_site\/semanadobrincar2025\/wp-content\/uploads\/sites\/40\/2025\/06\/WhatsApp-Image-2025-06-02-at-12.01.12.jpeg\" data-width=\"1066\" data-height=\"1600\" alt=\"\" ><\/div>\n\t\t\t\t\t\t\t\t\t\t\t<div class=\"elementor-gallery-item__overlay\"><\/div>\n\t\t\t\t\t\t\t\t\t\t\t\t\t\t\t<div class=\"elementor-gallery-item__content\">\n\t\t\t\t\t\t\t\t\t\t\t\t\t\t<div class=\"elementor-gallery-item__title\">\n\t\t\t\t\t\t\t\t\t\t\t\t\t\t\t\t\t\tEPG Crispiniano Soares\t\t\t\t\t\t\t\t<\/div>\n\t\t\t\t\t\t\t\t\t\t\t\t<\/div>\n\t\t\t\t\t\t\t\t\t<\/a>\n\t\t\t\t\t\t\t<a class=\"e-gallery-item elementor-gallery-item elementor-animated-content\" data-e-gallery-tags=\"1\" href=\"https:\/\/portaleducacao.guarulhos.sp.gov.br\/wp_site\/semanadobrincar2025\/wp-content\/uploads\/sites\/40\/2025\/06\/WhatsApp-Image-2025-06-02-at-12.01.12-1.jpeg\" data-elementor-open-lightbox=\"yes\" data-elementor-lightbox-slideshow=\"all-c04e26e\" data-elementor-lightbox-title=\"EPG Crispiniano Soares\" data-e-action-hash=\"#elementor-action%3Aaction%3Dlightbox%26settings%3DeyJpZCI6MTIxMSwidXJsIjoiaHR0cHM6XC9cL3BvcnRhbGVkdWNhY2FvLmd1YXJ1bGhvcy5zcC5nb3YuYnJcL3dwX3NpdGVcL3NlbWFuYWRvYnJpbmNhcjIwMjVcL3dwLWNvbnRlbnRcL3VwbG9hZHNcL3NpdGVzXC80MFwvMjAyNVwvMDZcL1doYXRzQXBwLUltYWdlLTIwMjUtMDYtMDItYXQtMTIuMDEuMTItMS5qcGVnIiwic2xpZGVzaG93IjoiYWxsLWMwNGUyNmUifQ%3D%3D\">\n\t\t\t\t\t<div class=\"e-gallery-image elementor-gallery-item__image\" data-thumbnail=\"https:\/\/portaleducacao.guarulhos.sp.gov.br\/wp_site\/semanadobrincar2025\/wp-content\/uploads\/sites\/40\/2025\/06\/WhatsApp-Image-2025-06-02-at-12.01.12-1.jpeg\" data-width=\"1600\" data-height=\"1066\" alt=\"\" ><\/div>\n\t\t\t\t\t\t\t\t\t\t\t<div class=\"elementor-gallery-item__overlay\"><\/div>\n\t\t\t\t\t\t\t\t\t\t\t\t\t\t\t<div class=\"elementor-gallery-item__content\">\n\t\t\t\t\t\t\t\t\t\t\t\t\t\t<div class=\"elementor-gallery-item__title\">\n\t\t\t\t\t\t\t\t\t\t\t\t\t\t\t\t\t\tEPG Crispiniano Soares\t\t\t\t\t\t\t\t<\/div>\n\t\t\t\t\t\t\t\t\t\t\t\t<\/div>\n\t\t\t\t\t\t\t\t\t<\/a>\n\t\t\t\t\t\t\t<a class=\"e-gallery-item elementor-gallery-item elementor-animated-content\" data-e-gallery-tags=\"1\" href=\"https:\/\/portaleducacao.guarulhos.sp.gov.br\/wp_site\/semanadobrincar2025\/wp-content\/uploads\/sites\/40\/2025\/06\/WhatsApp-Image-2025-06-02-at-12.01.12-2.jpeg\" data-elementor-open-lightbox=\"yes\" data-elementor-lightbox-slideshow=\"all-c04e26e\" data-elementor-lightbox-title=\"EPG Crispiniano Soares\" data-e-action-hash=\"#elementor-action%3Aaction%3Dlightbox%26settings%3DeyJpZCI6MTIxMCwidXJsIjoiaHR0cHM6XC9cL3BvcnRhbGVkdWNhY2FvLmd1YXJ1bGhvcy5zcC5nb3YuYnJcL3dwX3NpdGVcL3NlbWFuYWRvYnJpbmNhcjIwMjVcL3dwLWNvbnRlbnRcL3VwbG9hZHNcL3NpdGVzXC80MFwvMjAyNVwvMDZcL1doYXRzQXBwLUltYWdlLTIwMjUtMDYtMDItYXQtMTIuMDEuMTItMi5qcGVnIiwic2xpZGVzaG93IjoiYWxsLWMwNGUyNmUifQ%3D%3D\">\n\t\t\t\t\t<div class=\"e-gallery-image elementor-gallery-item__image\" data-thumbnail=\"https:\/\/portaleducacao.guarulhos.sp.gov.br\/wp_site\/semanadobrincar2025\/wp-content\/uploads\/sites\/40\/2025\/06\/WhatsApp-Image-2025-06-02-at-12.01.12-2.jpeg\" data-width=\"1600\" data-height=\"1066\" alt=\"\" ><\/div>\n\t\t\t\t\t\t\t\t\t\t\t<div class=\"elementor-gallery-item__overlay\"><\/div>\n\t\t\t\t\t\t\t\t\t\t\t\t\t\t\t<div class=\"elementor-gallery-item__content\">\n\t\t\t\t\t\t\t\t\t\t\t\t\t\t<div class=\"elementor-gallery-item__title\">\n\t\t\t\t\t\t\t\t\t\t\t\t\t\t\t\t\t\tEPG Crispiniano Soares\t\t\t\t\t\t\t\t<\/div>\n\t\t\t\t\t\t\t\t\t\t\t\t<\/div>\n\t\t\t\t\t\t\t\t\t<\/a>\n\t\t\t\t\t\t\t<a class=\"e-gallery-item elementor-gallery-item elementor-animated-content\" data-e-gallery-tags=\"1\" href=\"https:\/\/portaleducacao.guarulhos.sp.gov.br\/wp_site\/semanadobrincar2025\/wp-content\/uploads\/sites\/40\/2025\/06\/WhatsApp-Image-2025-06-02-at-12.01.12-3.jpeg\" data-elementor-open-lightbox=\"yes\" data-elementor-lightbox-slideshow=\"all-c04e26e\" data-elementor-lightbox-title=\"EPG Crispiniano Soares\" data-e-action-hash=\"#elementor-action%3Aaction%3Dlightbox%26settings%3DeyJpZCI6MTIwOSwidXJsIjoiaHR0cHM6XC9cL3BvcnRhbGVkdWNhY2FvLmd1YXJ1bGhvcy5zcC5nb3YuYnJcL3dwX3NpdGVcL3NlbWFuYWRvYnJpbmNhcjIwMjVcL3dwLWNvbnRlbnRcL3VwbG9hZHNcL3NpdGVzXC80MFwvMjAyNVwvMDZcL1doYXRzQXBwLUltYWdlLTIwMjUtMDYtMDItYXQtMTIuMDEuMTItMy5qcGVnIiwic2xpZGVzaG93IjoiYWxsLWMwNGUyNmUifQ%3D%3D\">\n\t\t\t\t\t<div class=\"e-gallery-image elementor-gallery-item__image\" data-thumbnail=\"https:\/\/portaleducacao.guarulhos.sp.gov.br\/wp_site\/semanadobrincar2025\/wp-content\/uploads\/sites\/40\/2025\/06\/WhatsApp-Image-2025-06-02-at-12.01.12-3.jpeg\" data-width=\"1066\" data-height=\"1600\" alt=\"\" ><\/div>\n\t\t\t\t\t\t\t\t\t\t\t<div class=\"elementor-gallery-item__overlay\"><\/div>\n\t\t\t\t\t\t\t\t\t\t\t\t\t\t\t<div class=\"elementor-gallery-item__content\">\n\t\t\t\t\t\t\t\t\t\t\t\t\t\t<div class=\"elementor-gallery-item__title\">\n\t\t\t\t\t\t\t\t\t\t\t\t\t\t\t\t\t\tEPG Crispiniano Soares\t\t\t\t\t\t\t\t<\/div>\n\t\t\t\t\t\t\t\t\t\t\t\t<\/div>\n\t\t\t\t\t\t\t\t\t<\/a>\n\t\t\t\t\t\t\t<a class=\"e-gallery-item elementor-gallery-item elementor-animated-content\" data-e-gallery-tags=\"1\" href=\"https:\/\/portaleducacao.guarulhos.sp.gov.br\/wp_site\/semanadobrincar2025\/wp-content\/uploads\/sites\/40\/2025\/06\/WhatsApp-Image-2025-06-02-at-12.01.13.jpeg\" data-elementor-open-lightbox=\"yes\" data-elementor-lightbox-slideshow=\"all-c04e26e\" data-elementor-lightbox-title=\"EPG Crispiniano Soares\" data-e-action-hash=\"#elementor-action%3Aaction%3Dlightbox%26settings%3DeyJpZCI6MTIwNywidXJsIjoiaHR0cHM6XC9cL3BvcnRhbGVkdWNhY2FvLmd1YXJ1bGhvcy5zcC5nb3YuYnJcL3dwX3NpdGVcL3NlbWFuYWRvYnJpbmNhcjIwMjVcL3dwLWNvbnRlbnRcL3VwbG9hZHNcL3NpdGVzXC80MFwvMjAyNVwvMDZcL1doYXRzQXBwLUltYWdlLTIwMjUtMDYtMDItYXQtMTIuMDEuMTMuanBlZyIsInNsaWRlc2hvdyI6ImFsbC1jMDRlMjZlIn0%3D\">\n\t\t\t\t\t<div class=\"e-gallery-image elementor-gallery-item__image\" data-thumbnail=\"https:\/\/portaleducacao.guarulhos.sp.gov.br\/wp_site\/semanadobrincar2025\/wp-content\/uploads\/sites\/40\/2025\/06\/WhatsApp-Image-2025-06-02-at-12.01.13.jpeg\" data-width=\"1600\" data-height=\"1066\" alt=\"\" ><\/div>\n\t\t\t\t\t\t\t\t\t\t\t<div class=\"elementor-gallery-item__overlay\"><\/div>\n\t\t\t\t\t\t\t\t\t\t\t\t\t\t\t<div class=\"elementor-gallery-item__content\">\n\t\t\t\t\t\t\t\t\t\t\t\t\t\t<div class=\"elementor-gallery-item__title\">\n\t\t\t\t\t\t\t\t\t\t\t\t\t\t\t\t\t\tEPG Crispiniano Soares\t\t\t\t\t\t\t\t<\/div>\n\t\t\t\t\t\t\t\t\t\t\t\t<\/div>\n\t\t\t\t\t\t\t\t\t<\/a>\n\t\t\t\t\t\t\t<a class=\"e-gallery-item elementor-gallery-item elementor-animated-content\" data-e-gallery-tags=\"1\" href=\"https:\/\/portaleducacao.guarulhos.sp.gov.br\/wp_site\/semanadobrincar2025\/wp-content\/uploads\/sites\/40\/2025\/06\/WhatsApp-Image-2025-06-02-at-12.01.13-1.jpeg\" data-elementor-open-lightbox=\"yes\" data-elementor-lightbox-slideshow=\"all-c04e26e\" data-elementor-lightbox-title=\"EPG Crispiniano Soares\" data-e-action-hash=\"#elementor-action%3Aaction%3Dlightbox%26settings%3DeyJpZCI6MTIwNiwidXJsIjoiaHR0cHM6XC9cL3BvcnRhbGVkdWNhY2FvLmd1YXJ1bGhvcy5zcC5nb3YuYnJcL3dwX3NpdGVcL3NlbWFuYWRvYnJpbmNhcjIwMjVcL3dwLWNvbnRlbnRcL3VwbG9hZHNcL3NpdGVzXC80MFwvMjAyNVwvMDZcL1doYXRzQXBwLUltYWdlLTIwMjUtMDYtMDItYXQtMTIuMDEuMTMtMS5qcGVnIiwic2xpZGVzaG93IjoiYWxsLWMwNGUyNmUifQ%3D%3D\">\n\t\t\t\t\t<div class=\"e-gallery-image elementor-gallery-item__image\" data-thumbnail=\"https:\/\/portaleducacao.guarulhos.sp.gov.br\/wp_site\/semanadobrincar2025\/wp-content\/uploads\/sites\/40\/2025\/06\/WhatsApp-Image-2025-06-02-at-12.01.13-1.jpeg\" data-width=\"1066\" data-height=\"1600\" alt=\"\" ><\/div>\n\t\t\t\t\t\t\t\t\t\t\t<div class=\"elementor-gallery-item__overlay\"><\/div>\n\t\t\t\t\t\t\t\t\t\t\t\t\t\t\t<div class=\"elementor-gallery-item__content\">\n\t\t\t\t\t\t\t\t\t\t\t\t\t\t<div class=\"elementor-gallery-item__title\">\n\t\t\t\t\t\t\t\t\t\t\t\t\t\t\t\t\t\tEPG Crispiniano Soares\t\t\t\t\t\t\t\t<\/div>\n\t\t\t\t\t\t\t\t\t\t\t\t<\/div>\n\t\t\t\t\t\t\t\t\t<\/a>\n\t\t\t\t\t\t\t<a class=\"e-gallery-item elementor-gallery-item elementor-animated-content\" data-e-gallery-tags=\"1\" href=\"https:\/\/portaleducacao.guarulhos.sp.gov.br\/wp_site\/semanadobrincar2025\/wp-content\/uploads\/sites\/40\/2025\/06\/WhatsApp-Image-2025-06-05-at-12.16.48-3.jpeg\" data-elementor-open-lightbox=\"yes\" data-elementor-lightbox-slideshow=\"all-c04e26e\" data-elementor-lightbox-title=\"EPG Walter Efig\u00eanio\" data-e-action-hash=\"#elementor-action%3Aaction%3Dlightbox%26settings%3DeyJpZCI6MTI0NSwidXJsIjoiaHR0cHM6XC9cL3BvcnRhbGVkdWNhY2FvLmd1YXJ1bGhvcy5zcC5nb3YuYnJcL3dwX3NpdGVcL3NlbWFuYWRvYnJpbmNhcjIwMjVcL3dwLWNvbnRlbnRcL3VwbG9hZHNcL3NpdGVzXC80MFwvMjAyNVwvMDZcL1doYXRzQXBwLUltYWdlLTIwMjUtMDYtMDUtYXQtMTIuMTYuNDgtMy5qcGVnIiwic2xpZGVzaG93IjoiYWxsLWMwNGUyNmUifQ%3D%3D\">\n\t\t\t\t\t<div class=\"e-gallery-image elementor-gallery-item__image\" data-thumbnail=\"https:\/\/portaleducacao.guarulhos.sp.gov.br\/wp_site\/semanadobrincar2025\/wp-content\/uploads\/sites\/40\/2025\/06\/WhatsApp-Image-2025-06-05-at-12.16.48-3.jpeg\" data-width=\"1200\" data-height=\"1600\" alt=\"\" ><\/div>\n\t\t\t\t\t\t\t\t\t\t\t<div class=\"elementor-gallery-item__overlay\"><\/div>\n\t\t\t\t\t\t\t\t\t\t\t\t\t\t\t<div class=\"elementor-gallery-item__content\">\n\t\t\t\t\t\t\t\t\t\t\t\t\t\t<div class=\"elementor-gallery-item__title\">\n\t\t\t\t\t\t\t\t\t\t\t\t\t\t\t\t\t\tEPG Walter Efig\u00eanio\t\t\t\t\t\t\t\t<\/div>\n\t\t\t\t\t\t\t\t\t\t\t\t<\/div>\n\t\t\t\t\t\t\t\t\t<\/a>\n\t\t\t\t\t\t\t<a class=\"e-gallery-item elementor-gallery-item elementor-animated-content\" data-e-gallery-tags=\"1\" href=\"https:\/\/portaleducacao.guarulhos.sp.gov.br\/wp_site\/semanadobrincar2025\/wp-content\/uploads\/sites\/40\/2025\/06\/WhatsApp-Image-2025-06-05-at-12.16.48-2.jpeg\" data-elementor-open-lightbox=\"yes\" data-elementor-lightbox-slideshow=\"all-c04e26e\" data-elementor-lightbox-title=\"EPG Walter Efig\u00eanio\" data-e-action-hash=\"#elementor-action%3Aaction%3Dlightbox%26settings%3DeyJpZCI6MTI0NiwidXJsIjoiaHR0cHM6XC9cL3BvcnRhbGVkdWNhY2FvLmd1YXJ1bGhvcy5zcC5nb3YuYnJcL3dwX3NpdGVcL3NlbWFuYWRvYnJpbmNhcjIwMjVcL3dwLWNvbnRlbnRcL3VwbG9hZHNcL3NpdGVzXC80MFwvMjAyNVwvMDZcL1doYXRzQXBwLUltYWdlLTIwMjUtMDYtMDUtYXQtMTIuMTYuNDgtMi5qcGVnIiwic2xpZGVzaG93IjoiYWxsLWMwNGUyNmUifQ%3D%3D\">\n\t\t\t\t\t<div class=\"e-gallery-image elementor-gallery-item__image\" data-thumbnail=\"https:\/\/portaleducacao.guarulhos.sp.gov.br\/wp_site\/semanadobrincar2025\/wp-content\/uploads\/sites\/40\/2025\/06\/WhatsApp-Image-2025-06-05-at-12.16.48-2.jpeg\" data-width=\"1200\" data-height=\"1600\" alt=\"\" ><\/div>\n\t\t\t\t\t\t\t\t\t\t\t<div class=\"elementor-gallery-item__overlay\"><\/div>\n\t\t\t\t\t\t\t\t\t\t\t\t\t\t\t<div class=\"elementor-gallery-item__content\">\n\t\t\t\t\t\t\t\t\t\t\t\t\t\t<div class=\"elementor-gallery-item__title\">\n\t\t\t\t\t\t\t\t\t\t\t\t\t\t\t\t\t\tEPG Walter Efig\u00eanio\t\t\t\t\t\t\t\t<\/div>\n\t\t\t\t\t\t\t\t\t\t\t\t<\/div>\n\t\t\t\t\t\t\t\t\t<\/a>\n\t\t\t\t\t\t\t<a class=\"e-gallery-item elementor-gallery-item elementor-animated-content\" data-e-gallery-tags=\"1\" href=\"https:\/\/portaleducacao.guarulhos.sp.gov.br\/wp_site\/semanadobrincar2025\/wp-content\/uploads\/sites\/40\/2025\/06\/WhatsApp-Image-2025-06-05-at-12.16.48-1.jpeg\" data-elementor-open-lightbox=\"yes\" data-elementor-lightbox-slideshow=\"all-c04e26e\" data-elementor-lightbox-title=\"EPG Walter Efig\u00eanio\" data-e-action-hash=\"#elementor-action%3Aaction%3Dlightbox%26settings%3DeyJpZCI6MTI0NywidXJsIjoiaHR0cHM6XC9cL3BvcnRhbGVkdWNhY2FvLmd1YXJ1bGhvcy5zcC5nb3YuYnJcL3dwX3NpdGVcL3NlbWFuYWRvYnJpbmNhcjIwMjVcL3dwLWNvbnRlbnRcL3VwbG9hZHNcL3NpdGVzXC80MFwvMjAyNVwvMDZcL1doYXRzQXBwLUltYWdlLTIwMjUtMDYtMDUtYXQtMTIuMTYuNDgtMS5qcGVnIiwic2xpZGVzaG93IjoiYWxsLWMwNGUyNmUifQ%3D%3D\">\n\t\t\t\t\t<div class=\"e-gallery-image elementor-gallery-item__image\" data-thumbnail=\"https:\/\/portaleducacao.guarulhos.sp.gov.br\/wp_site\/semanadobrincar2025\/wp-content\/uploads\/sites\/40\/2025\/06\/WhatsApp-Image-2025-06-05-at-12.16.48-1.jpeg\" data-width=\"1200\" data-height=\"1600\" alt=\"\" ><\/div>\n\t\t\t\t\t\t\t\t\t\t\t<div class=\"elementor-gallery-item__overlay\"><\/div>\n\t\t\t\t\t\t\t\t\t\t\t\t\t\t\t<div class=\"elementor-gallery-item__content\">\n\t\t\t\t\t\t\t\t\t\t\t\t\t\t<div class=\"elementor-gallery-item__title\">\n\t\t\t\t\t\t\t\t\t\t\t\t\t\t\t\t\t\tEPG Walter Efig\u00eanio\t\t\t\t\t\t\t\t<\/div>\n\t\t\t\t\t\t\t\t\t\t\t\t<\/div>\n\t\t\t\t\t\t\t\t\t<\/a>\n\t\t\t\t\t\t\t<a class=\"e-gallery-item elementor-gallery-item elementor-animated-content\" data-e-gallery-tags=\"1\" href=\"https:\/\/portaleducacao.guarulhos.sp.gov.br\/wp_site\/semanadobrincar2025\/wp-content\/uploads\/sites\/40\/2025\/06\/WhatsApp-Image-2025-06-05-at-12.16.48.jpeg\" data-elementor-open-lightbox=\"yes\" data-elementor-lightbox-slideshow=\"all-c04e26e\" data-elementor-lightbox-title=\"EPG Walter Efig\u00eanio\" data-e-action-hash=\"#elementor-action%3Aaction%3Dlightbox%26settings%3DeyJpZCI6MTI0OCwidXJsIjoiaHR0cHM6XC9cL3BvcnRhbGVkdWNhY2FvLmd1YXJ1bGhvcy5zcC5nb3YuYnJcL3dwX3NpdGVcL3NlbWFuYWRvYnJpbmNhcjIwMjVcL3dwLWNvbnRlbnRcL3VwbG9hZHNcL3NpdGVzXC80MFwvMjAyNVwvMDZcL1doYXRzQXBwLUltYWdlLTIwMjUtMDYtMDUtYXQtMTIuMTYuNDguanBlZyIsInNsaWRlc2hvdyI6ImFsbC1jMDRlMjZlIn0%3D\">\n\t\t\t\t\t<div class=\"e-gallery-image elementor-gallery-item__image\" data-thumbnail=\"https:\/\/portaleducacao.guarulhos.sp.gov.br\/wp_site\/semanadobrincar2025\/wp-content\/uploads\/sites\/40\/2025\/06\/WhatsApp-Image-2025-06-05-at-12.16.48.jpeg\" data-width=\"1600\" data-height=\"1200\" alt=\"\" ><\/div>\n\t\t\t\t\t\t\t\t\t\t\t<div class=\"elementor-gallery-item__overlay\"><\/div>\n\t\t\t\t\t\t\t\t\t\t\t\t\t\t\t<div class=\"elementor-gallery-item__content\">\n\t\t\t\t\t\t\t\t\t\t\t\t\t\t<div class=\"elementor-gallery-item__title\">\n\t\t\t\t\t\t\t\t\t\t\t\t\t\t\t\t\t\tEPG Walter Efig\u00eanio\t\t\t\t\t\t\t\t<\/div>\n\t\t\t\t\t\t\t\t\t\t\t\t<\/div>\n\t\t\t\t\t\t\t\t\t<\/a>\n\t\t\t\t\t\t\t<a class=\"e-gallery-item elementor-gallery-item elementor-animated-content\" data-e-gallery-tags=\"1\" href=\"https:\/\/portaleducacao.guarulhos.sp.gov.br\/wp_site\/semanadobrincar2025\/wp-content\/uploads\/sites\/40\/2025\/06\/WhatsApp-Image-2025-06-02-at-16.05.04.jpeg\" data-elementor-open-lightbox=\"yes\" data-elementor-lightbox-slideshow=\"all-c04e26e\" data-elementor-lightbox-title=\"Encontro Formativo A liberdade do brincar no Universo dos jovens e adultos - Leonardo Geronazzo para os Coordenadores da Pedag\u00f3gicos da EJA\" data-e-action-hash=\"#elementor-action%3Aaction%3Dlightbox%26settings%3DeyJpZCI6MTI0OSwidXJsIjoiaHR0cHM6XC9cL3BvcnRhbGVkdWNhY2FvLmd1YXJ1bGhvcy5zcC5nb3YuYnJcL3dwX3NpdGVcL3NlbWFuYWRvYnJpbmNhcjIwMjVcL3dwLWNvbnRlbnRcL3VwbG9hZHNcL3NpdGVzXC80MFwvMjAyNVwvMDZcL1doYXRzQXBwLUltYWdlLTIwMjUtMDYtMDItYXQtMTYuMDUuMDQuanBlZyIsInNsaWRlc2hvdyI6ImFsbC1jMDRlMjZlIn0%3D\">\n\t\t\t\t\t<div class=\"e-gallery-image elementor-gallery-item__image\" data-thumbnail=\"https:\/\/portaleducacao.guarulhos.sp.gov.br\/wp_site\/semanadobrincar2025\/wp-content\/uploads\/sites\/40\/2025\/06\/WhatsApp-Image-2025-06-02-at-16.05.04.jpeg\" data-width=\"1600\" data-height=\"1200\" alt=\"\" ><\/div>\n\t\t\t\t\t\t\t\t\t\t\t<div class=\"elementor-gallery-item__overlay\"><\/div>\n\t\t\t\t\t\t\t\t\t\t\t\t\t\t\t<div class=\"elementor-gallery-item__content\">\n\t\t\t\t\t\t\t\t\t\t\t\t\t\t<div class=\"elementor-gallery-item__title\">\n\t\t\t\t\t\t\t\t\t\t\t\t\t\t\t\t\t\tEncontro Formativo A liberdade do brincar no Universo dos jovens e adultos - Leonardo Geronazzo para os Coordenadores da Pedag\u00f3gicos da EJA\t\t\t\t\t\t\t\t<\/div>\n\t\t\t\t\t\t\t\t\t\t\t\t<\/div>\n\t\t\t\t\t\t\t\t\t<\/a>\n\t\t\t\t\t\t\t<a class=\"e-gallery-item elementor-gallery-item elementor-animated-content\" data-e-gallery-tags=\"1\" href=\"https:\/\/portaleducacao.guarulhos.sp.gov.br\/wp_site\/semanadobrincar2025\/wp-content\/uploads\/sites\/40\/2025\/06\/EPG-Maria-Isabel-de-Assis.jpg\" data-elementor-open-lightbox=\"yes\" data-elementor-lightbox-slideshow=\"all-c04e26e\" data-elementor-lightbox-title=\"EPG Maria Isabel de Assis\" data-e-action-hash=\"#elementor-action%3Aaction%3Dlightbox%26settings%3DeyJpZCI6MTI4NCwidXJsIjoiaHR0cHM6XC9cL3BvcnRhbGVkdWNhY2FvLmd1YXJ1bGhvcy5zcC5nb3YuYnJcL3dwX3NpdGVcL3NlbWFuYWRvYnJpbmNhcjIwMjVcL3dwLWNvbnRlbnRcL3VwbG9hZHNcL3NpdGVzXC80MFwvMjAyNVwvMDZcL0VQRy1NYXJpYS1Jc2FiZWwtZGUtQXNzaXMuanBnIiwic2xpZGVzaG93IjoiYWxsLWMwNGUyNmUifQ%3D%3D\">\n\t\t\t\t\t<div class=\"e-gallery-image elementor-gallery-item__image\" data-thumbnail=\"https:\/\/portaleducacao.guarulhos.sp.gov.br\/wp_site\/semanadobrincar2025\/wp-content\/uploads\/sites\/40\/2025\/06\/EPG-Maria-Isabel-de-Assis.jpg\" data-width=\"505\" data-height=\"672\" alt=\"\" ><\/div>\n\t\t\t\t\t\t\t\t\t\t\t<div class=\"elementor-gallery-item__overlay\"><\/div>\n\t\t\t\t\t\t\t\t\t\t\t\t\t\t\t<div class=\"elementor-gallery-item__content\">\n\t\t\t\t\t\t\t\t\t\t\t\t\t\t<div class=\"elementor-gallery-item__title\">\n\t\t\t\t\t\t\t\t\t\t\t\t\t\t\t\t\t\tEPG Maria Isabel de Assis\t\t\t\t\t\t\t\t<\/div>\n\t\t\t\t\t\t\t\t\t\t\t\t<\/div>\n\t\t\t\t\t\t\t\t\t<\/a>\n\t\t\t\t\t\t\t<a class=\"e-gallery-item elementor-gallery-item elementor-animated-content\" data-e-gallery-tags=\"1\" href=\"https:\/\/portaleducacao.guarulhos.sp.gov.br\/wp_site\/semanadobrincar2025\/wp-content\/uploads\/sites\/40\/2025\/06\/EPG-Maria-Isabel-de-Assis-8.jpg\" data-elementor-open-lightbox=\"yes\" data-elementor-lightbox-slideshow=\"all-c04e26e\" data-elementor-lightbox-title=\"EPG Maria Isabel de Assis\" data-e-action-hash=\"#elementor-action%3Aaction%3Dlightbox%26settings%3DeyJpZCI6MTI4MywidXJsIjoiaHR0cHM6XC9cL3BvcnRhbGVkdWNhY2FvLmd1YXJ1bGhvcy5zcC5nb3YuYnJcL3dwX3NpdGVcL3NlbWFuYWRvYnJpbmNhcjIwMjVcL3dwLWNvbnRlbnRcL3VwbG9hZHNcL3NpdGVzXC80MFwvMjAyNVwvMDZcL0VQRy1NYXJpYS1Jc2FiZWwtZGUtQXNzaXMtOC5qcGciLCJzbGlkZXNob3ciOiJhbGwtYzA0ZTI2ZSJ9\">\n\t\t\t\t\t<div class=\"e-gallery-image elementor-gallery-item__image\" data-thumbnail=\"https:\/\/portaleducacao.guarulhos.sp.gov.br\/wp_site\/semanadobrincar2025\/wp-content\/uploads\/sites\/40\/2025\/06\/EPG-Maria-Isabel-de-Assis-8.jpg\" data-width=\"458\" data-height=\"814\" alt=\"\" ><\/div>\n\t\t\t\t\t\t\t\t\t\t\t<div class=\"elementor-gallery-item__overlay\"><\/div>\n\t\t\t\t\t\t\t\t\t\t\t\t\t\t\t<div class=\"elementor-gallery-item__content\">\n\t\t\t\t\t\t\t\t\t\t\t\t\t\t<div class=\"elementor-gallery-item__title\">\n\t\t\t\t\t\t\t\t\t\t\t\t\t\t\t\t\t\tEPG Maria Isabel de Assis\t\t\t\t\t\t\t\t<\/div>\n\t\t\t\t\t\t\t\t\t\t\t\t<\/div>\n\t\t\t\t\t\t\t\t\t<\/a>\n\t\t\t\t\t\t\t<a class=\"e-gallery-item elementor-gallery-item elementor-animated-content\" data-e-gallery-tags=\"1\" href=\"https:\/\/portaleducacao.guarulhos.sp.gov.br\/wp_site\/semanadobrincar2025\/wp-content\/uploads\/sites\/40\/2025\/06\/EPG-Maria-Isabel-de-Assis-7.jpg\" data-elementor-open-lightbox=\"yes\" data-elementor-lightbox-slideshow=\"all-c04e26e\" data-elementor-lightbox-title=\"EPG Maria Isabel de Assis\" data-e-action-hash=\"#elementor-action%3Aaction%3Dlightbox%26settings%3DeyJpZCI6MTI4MiwidXJsIjoiaHR0cHM6XC9cL3BvcnRhbGVkdWNhY2FvLmd1YXJ1bGhvcy5zcC5nb3YuYnJcL3dwX3NpdGVcL3NlbWFuYWRvYnJpbmNhcjIwMjVcL3dwLWNvbnRlbnRcL3VwbG9hZHNcL3NpdGVzXC80MFwvMjAyNVwvMDZcL0VQRy1NYXJpYS1Jc2FiZWwtZGUtQXNzaXMtNy5qcGciLCJzbGlkZXNob3ciOiJhbGwtYzA0ZTI2ZSJ9\">\n\t\t\t\t\t<div class=\"e-gallery-image elementor-gallery-item__image\" data-thumbnail=\"https:\/\/portaleducacao.guarulhos.sp.gov.br\/wp_site\/semanadobrincar2025\/wp-content\/uploads\/sites\/40\/2025\/06\/EPG-Maria-Isabel-de-Assis-7.jpg\" data-width=\"583\" data-height=\"777\" alt=\"\" ><\/div>\n\t\t\t\t\t\t\t\t\t\t\t<div class=\"elementor-gallery-item__overlay\"><\/div>\n\t\t\t\t\t\t\t\t\t\t\t\t\t\t\t<div class=\"elementor-gallery-item__content\">\n\t\t\t\t\t\t\t\t\t\t\t\t\t\t<div class=\"elementor-gallery-item__title\">\n\t\t\t\t\t\t\t\t\t\t\t\t\t\t\t\t\t\tEPG Maria Isabel de Assis\t\t\t\t\t\t\t\t<\/div>\n\t\t\t\t\t\t\t\t\t\t\t\t<\/div>\n\t\t\t\t\t\t\t\t\t<\/a>\n\t\t\t\t\t\t\t<a class=\"e-gallery-item elementor-gallery-item elementor-animated-content\" data-e-gallery-tags=\"1\" href=\"https:\/\/portaleducacao.guarulhos.sp.gov.br\/wp_site\/semanadobrincar2025\/wp-content\/uploads\/sites\/40\/2025\/06\/EPG-Maria-Isabel-de-Assis-6.jpg\" data-elementor-open-lightbox=\"yes\" data-elementor-lightbox-slideshow=\"all-c04e26e\" data-elementor-lightbox-title=\"EPG Maria Isabel de Assis\" data-e-action-hash=\"#elementor-action%3Aaction%3Dlightbox%26settings%3DeyJpZCI6MTI4MSwidXJsIjoiaHR0cHM6XC9cL3BvcnRhbGVkdWNhY2FvLmd1YXJ1bGhvcy5zcC5nb3YuYnJcL3dwX3NpdGVcL3NlbWFuYWRvYnJpbmNhcjIwMjVcL3dwLWNvbnRlbnRcL3VwbG9hZHNcL3NpdGVzXC80MFwvMjAyNVwvMDZcL0VQRy1NYXJpYS1Jc2FiZWwtZGUtQXNzaXMtNi5qcGciLCJzbGlkZXNob3ciOiJhbGwtYzA0ZTI2ZSJ9\">\n\t\t\t\t\t<div class=\"e-gallery-image elementor-gallery-item__image\" data-thumbnail=\"https:\/\/portaleducacao.guarulhos.sp.gov.br\/wp_site\/semanadobrincar2025\/wp-content\/uploads\/sites\/40\/2025\/06\/EPG-Maria-Isabel-de-Assis-6.jpg\" data-width=\"463\" data-height=\"917\" alt=\"\" ><\/div>\n\t\t\t\t\t\t\t\t\t\t\t<div class=\"elementor-gallery-item__overlay\"><\/div>\n\t\t\t\t\t\t\t\t\t\t\t\t\t\t\t<div class=\"elementor-gallery-item__content\">\n\t\t\t\t\t\t\t\t\t\t\t\t\t\t<div class=\"elementor-gallery-item__title\">\n\t\t\t\t\t\t\t\t\t\t\t\t\t\t\t\t\t\tEPG Maria Isabel de Assis\t\t\t\t\t\t\t\t<\/div>\n\t\t\t\t\t\t\t\t\t\t\t\t<\/div>\n\t\t\t\t\t\t\t\t\t<\/a>\n\t\t\t\t\t\t\t<a class=\"e-gallery-item elementor-gallery-item elementor-animated-content\" data-e-gallery-tags=\"1\" href=\"https:\/\/portaleducacao.guarulhos.sp.gov.br\/wp_site\/semanadobrincar2025\/wp-content\/uploads\/sites\/40\/2025\/06\/EPG-Maria-Isabel-de-Assis-5.jpg\" data-elementor-open-lightbox=\"yes\" data-elementor-lightbox-slideshow=\"all-c04e26e\" data-elementor-lightbox-title=\"EPG Maria Isabel de Assis\" data-e-action-hash=\"#elementor-action%3Aaction%3Dlightbox%26settings%3DeyJpZCI6MTI4MCwidXJsIjoiaHR0cHM6XC9cL3BvcnRhbGVkdWNhY2FvLmd1YXJ1bGhvcy5zcC5nb3YuYnJcL3dwX3NpdGVcL3NlbWFuYWRvYnJpbmNhcjIwMjVcL3dwLWNvbnRlbnRcL3VwbG9hZHNcL3NpdGVzXC80MFwvMjAyNVwvMDZcL0VQRy1NYXJpYS1Jc2FiZWwtZGUtQXNzaXMtNS5qcGciLCJzbGlkZXNob3ciOiJhbGwtYzA0ZTI2ZSJ9\">\n\t\t\t\t\t<div class=\"e-gallery-image elementor-gallery-item__image\" data-thumbnail=\"https:\/\/portaleducacao.guarulhos.sp.gov.br\/wp_site\/semanadobrincar2025\/wp-content\/uploads\/sites\/40\/2025\/06\/EPG-Maria-Isabel-de-Assis-5.jpg\" data-width=\"511\" data-height=\"682\" alt=\"\" ><\/div>\n\t\t\t\t\t\t\t\t\t\t\t<div class=\"elementor-gallery-item__overlay\"><\/div>\n\t\t\t\t\t\t\t\t\t\t\t\t\t\t\t<div class=\"elementor-gallery-item__content\">\n\t\t\t\t\t\t\t\t\t\t\t\t\t\t<div class=\"elementor-gallery-item__title\">\n\t\t\t\t\t\t\t\t\t\t\t\t\t\t\t\t\t\tEPG Maria Isabel de Assis\t\t\t\t\t\t\t\t<\/div>\n\t\t\t\t\t\t\t\t\t\t\t\t<\/div>\n\t\t\t\t\t\t\t\t\t<\/a>\n\t\t\t\t\t\t\t<a class=\"e-gallery-item elementor-gallery-item elementor-animated-content\" data-e-gallery-tags=\"1\" href=\"https:\/\/portaleducacao.guarulhos.sp.gov.br\/wp_site\/semanadobrincar2025\/wp-content\/uploads\/sites\/40\/2025\/06\/EPG-Maria-Isabel-de-Assis-4.jpg\" data-elementor-open-lightbox=\"yes\" data-elementor-lightbox-slideshow=\"all-c04e26e\" data-elementor-lightbox-title=\"EPG Maria Isabel de Assis\" data-e-action-hash=\"#elementor-action%3Aaction%3Dlightbox%26settings%3DeyJpZCI6MTI3OSwidXJsIjoiaHR0cHM6XC9cL3BvcnRhbGVkdWNhY2FvLmd1YXJ1bGhvcy5zcC5nb3YuYnJcL3dwX3NpdGVcL3NlbWFuYWRvYnJpbmNhcjIwMjVcL3dwLWNvbnRlbnRcL3VwbG9hZHNcL3NpdGVzXC80MFwvMjAyNVwvMDZcL0VQRy1NYXJpYS1Jc2FiZWwtZGUtQXNzaXMtNC5qcGciLCJzbGlkZXNob3ciOiJhbGwtYzA0ZTI2ZSJ9\">\n\t\t\t\t\t<div class=\"e-gallery-image elementor-gallery-item__image\" data-thumbnail=\"https:\/\/portaleducacao.guarulhos.sp.gov.br\/wp_site\/semanadobrincar2025\/wp-content\/uploads\/sites\/40\/2025\/06\/EPG-Maria-Isabel-de-Assis-4.jpg\" data-width=\"462\" data-height=\"1000\" alt=\"\" ><\/div>\n\t\t\t\t\t\t\t\t\t\t\t<div class=\"elementor-gallery-item__overlay\"><\/div>\n\t\t\t\t\t\t\t\t\t\t\t\t\t\t\t<div class=\"elementor-gallery-item__content\">\n\t\t\t\t\t\t\t\t\t\t\t\t\t\t<div class=\"elementor-gallery-item__title\">\n\t\t\t\t\t\t\t\t\t\t\t\t\t\t\t\t\t\tEPG Maria Isabel de Assis\t\t\t\t\t\t\t\t<\/div>\n\t\t\t\t\t\t\t\t\t\t\t\t<\/div>\n\t\t\t\t\t\t\t\t\t<\/a>\n\t\t\t\t\t\t\t<a class=\"e-gallery-item elementor-gallery-item elementor-animated-content\" data-e-gallery-tags=\"1\" href=\"https:\/\/portaleducacao.guarulhos.sp.gov.br\/wp_site\/semanadobrincar2025\/wp-content\/uploads\/sites\/40\/2025\/06\/EPG-Maria-Isabel-de-Assis-3.jpg\" data-elementor-open-lightbox=\"yes\" data-elementor-lightbox-slideshow=\"all-c04e26e\" data-elementor-lightbox-title=\"EPG Maria Isabel de Assis\" data-e-action-hash=\"#elementor-action%3Aaction%3Dlightbox%26settings%3DeyJpZCI6MTI3OCwidXJsIjoiaHR0cHM6XC9cL3BvcnRhbGVkdWNhY2FvLmd1YXJ1bGhvcy5zcC5nb3YuYnJcL3dwX3NpdGVcL3NlbWFuYWRvYnJpbmNhcjIwMjVcL3dwLWNvbnRlbnRcL3VwbG9hZHNcL3NpdGVzXC80MFwvMjAyNVwvMDZcL0VQRy1NYXJpYS1Jc2FiZWwtZGUtQXNzaXMtMy5qcGciLCJzbGlkZXNob3ciOiJhbGwtYzA0ZTI2ZSJ9\">\n\t\t\t\t\t<div class=\"e-gallery-image elementor-gallery-item__image\" data-thumbnail=\"https:\/\/portaleducacao.guarulhos.sp.gov.br\/wp_site\/semanadobrincar2025\/wp-content\/uploads\/sites\/40\/2025\/06\/EPG-Maria-Isabel-de-Assis-3.jpg\" data-width=\"463\" data-height=\"917\" alt=\"\" ><\/div>\n\t\t\t\t\t\t\t\t\t\t\t<div class=\"elementor-gallery-item__overlay\"><\/div>\n\t\t\t\t\t\t\t\t\t\t\t\t\t\t\t<div class=\"elementor-gallery-item__content\">\n\t\t\t\t\t\t\t\t\t\t\t\t\t\t<div class=\"elementor-gallery-item__title\">\n\t\t\t\t\t\t\t\t\t\t\t\t\t\t\t\t\t\tEPG Maria Isabel de Assis\t\t\t\t\t\t\t\t<\/div>\n\t\t\t\t\t\t\t\t\t\t\t\t<\/div>\n\t\t\t\t\t\t\t\t\t<\/a>\n\t\t\t\t\t\t\t<a class=\"e-gallery-item elementor-gallery-item elementor-animated-content\" data-e-gallery-tags=\"1\" href=\"https:\/\/portaleducacao.guarulhos.sp.gov.br\/wp_site\/semanadobrincar2025\/wp-content\/uploads\/sites\/40\/2025\/06\/EPG-Maria-Isabel-de-Assis-2.jpg\" data-elementor-open-lightbox=\"yes\" data-elementor-lightbox-slideshow=\"all-c04e26e\" data-elementor-lightbox-title=\"EPG Maria Isabel de Assis\" data-e-action-hash=\"#elementor-action%3Aaction%3Dlightbox%26settings%3DeyJpZCI6MTI3NywidXJsIjoiaHR0cHM6XC9cL3BvcnRhbGVkdWNhY2FvLmd1YXJ1bGhvcy5zcC5nb3YuYnJcL3dwX3NpdGVcL3NlbWFuYWRvYnJpbmNhcjIwMjVcL3dwLWNvbnRlbnRcL3VwbG9hZHNcL3NpdGVzXC80MFwvMjAyNVwvMDZcL0VQRy1NYXJpYS1Jc2FiZWwtZGUtQXNzaXMtMi5qcGciLCJzbGlkZXNob3ciOiJhbGwtYzA0ZTI2ZSJ9\">\n\t\t\t\t\t<div class=\"e-gallery-image elementor-gallery-item__image\" data-thumbnail=\"https:\/\/portaleducacao.guarulhos.sp.gov.br\/wp_site\/semanadobrincar2025\/wp-content\/uploads\/sites\/40\/2025\/06\/EPG-Maria-Isabel-de-Assis-2.jpg\" data-width=\"586\" data-height=\"1041\" alt=\"\" ><\/div>\n\t\t\t\t\t\t\t\t\t\t\t<div class=\"elementor-gallery-item__overlay\"><\/div>\n\t\t\t\t\t\t\t\t\t\t\t\t\t\t\t<div class=\"elementor-gallery-item__content\">\n\t\t\t\t\t\t\t\t\t\t\t\t\t\t<div class=\"elementor-gallery-item__title\">\n\t\t\t\t\t\t\t\t\t\t\t\t\t\t\t\t\t\tEPG Maria Isabel de Assis\t\t\t\t\t\t\t\t<\/div>\n\t\t\t\t\t\t\t\t\t\t\t\t<\/div>\n\t\t\t\t\t\t\t\t\t<\/a>\n\t\t\t\t\t\t\t<a class=\"e-gallery-item elementor-gallery-item elementor-animated-content\" data-e-gallery-tags=\"1\" href=\"https:\/\/portaleducacao.guarulhos.sp.gov.br\/wp_site\/semanadobrincar2025\/wp-content\/uploads\/sites\/40\/2025\/06\/EPG-Maria-Isabel-de-Assis-1.jpg\" data-elementor-open-lightbox=\"yes\" data-elementor-lightbox-slideshow=\"all-c04e26e\" data-elementor-lightbox-title=\"EPG Maria Isabel de Assis\" data-e-action-hash=\"#elementor-action%3Aaction%3Dlightbox%26settings%3DeyJpZCI6MTI3NiwidXJsIjoiaHR0cHM6XC9cL3BvcnRhbGVkdWNhY2FvLmd1YXJ1bGhvcy5zcC5nb3YuYnJcL3dwX3NpdGVcL3NlbWFuYWRvYnJpbmNhcjIwMjVcL3dwLWNvbnRlbnRcL3VwbG9hZHNcL3NpdGVzXC80MFwvMjAyNVwvMDZcL0VQRy1NYXJpYS1Jc2FiZWwtZGUtQXNzaXMtMS5qcGciLCJzbGlkZXNob3ciOiJhbGwtYzA0ZTI2ZSJ9\">\n\t\t\t\t\t<div class=\"e-gallery-image elementor-gallery-item__image\" data-thumbnail=\"https:\/\/portaleducacao.guarulhos.sp.gov.br\/wp_site\/semanadobrincar2025\/wp-content\/uploads\/sites\/40\/2025\/06\/EPG-Maria-Isabel-de-Assis-1.jpg\" data-width=\"536\" data-height=\"713\" alt=\"\" ><\/div>\n\t\t\t\t\t\t\t\t\t\t\t<div class=\"elementor-gallery-item__overlay\"><\/div>\n\t\t\t\t\t\t\t\t\t\t\t\t\t\t\t<div class=\"elementor-gallery-item__content\">\n\t\t\t\t\t\t\t\t\t\t\t\t\t\t<div class=\"elementor-gallery-item__title\">\n\t\t\t\t\t\t\t\t\t\t\t\t\t\t\t\t\t\tEPG Maria Isabel de Assis\t\t\t\t\t\t\t\t<\/div>\n\t\t\t\t\t\t\t\t\t\t\t\t<\/div>\n\t\t\t\t\t\t\t\t\t<\/a>\n\t\t\t\t\t\t\t<a class=\"e-gallery-item elementor-gallery-item elementor-animated-content\" data-e-gallery-tags=\"2\" href=\"https:\/\/portaleducacao.guarulhos.sp.gov.br\/wp_site\/semanadobrincar2025\/wp-content\/uploads\/sites\/40\/2025\/05\/brincar-1.png\" data-elementor-open-lightbox=\"yes\" data-elementor-lightbox-slideshow=\"all-c04e26e\" data-elementor-lightbox-title=\"Conta\u00e7\u00e3o de hist\u00f3ria com o escritor Henrique Andr\u00e9- Institui\u00e7\u00e3o Parceira Ong MIsael Cardoso\" data-e-action-hash=\"#elementor-action%3Aaction%3Dlightbox%26settings%3DeyJpZCI6ODcxLCJ1cmwiOiJodHRwczpcL1wvcG9ydGFsZWR1Y2FjYW8uZ3VhcnVsaG9zLnNwLmdvdi5iclwvd3Bfc2l0ZVwvc2VtYW5hZG9icmluY2FyMjAyNVwvd3AtY29udGVudFwvdXBsb2Fkc1wvc2l0ZXNcLzQwXC8yMDI1XC8wNVwvYnJpbmNhci0xLnBuZyIsInNsaWRlc2hvdyI6ImFsbC1jMDRlMjZlIn0%3D\">\n\t\t\t\t\t<div class=\"e-gallery-image elementor-gallery-item__image\" data-thumbnail=\"https:\/\/portaleducacao.guarulhos.sp.gov.br\/wp_site\/semanadobrincar2025\/wp-content\/uploads\/sites\/40\/2025\/05\/brincar-1.png\" data-width=\"1600\" data-height=\"1204\" alt=\"\" ><\/div>\n\t\t\t\t\t\t\t\t\t\t\t<div class=\"elementor-gallery-item__overlay\"><\/div>\n\t\t\t\t\t\t\t\t\t\t\t\t\t\t\t<div class=\"elementor-gallery-item__content\">\n\t\t\t\t\t\t\t\t\t\t\t\t\t\t<div class=\"elementor-gallery-item__title\">\n\t\t\t\t\t\t\t\t\t\t\t\t\t\t\t\t\t\tConta\u00e7\u00e3o de hist\u00f3ria com o escritor Henrique Andr\u00e9- Institui\u00e7\u00e3o Parceira Ong MIsael Cardoso\t\t\t\t\t\t\t\t<\/div>\n\t\t\t\t\t\t\t\t\t\t\t\t<\/div>\n\t\t\t\t\t\t\t\t\t<\/a>\n\t\t\t\t\t\t\t<a class=\"e-gallery-item elementor-gallery-item elementor-animated-content\" data-e-gallery-tags=\"2\" href=\"https:\/\/portaleducacao.guarulhos.sp.gov.br\/wp_site\/semanadobrincar2025\/wp-content\/uploads\/sites\/40\/2025\/05\/brincar-2.png\" data-elementor-open-lightbox=\"yes\" data-elementor-lightbox-slideshow=\"all-c04e26e\" data-elementor-lightbox-title=\"Conta\u00e7\u00e3o de hist\u00f3ria com o escritor Henrique Andr\u00e9- Institui\u00e7\u00e3o Parceira Ong MIsael Cardoso\" data-e-action-hash=\"#elementor-action%3Aaction%3Dlightbox%26settings%3DeyJpZCI6ODcyLCJ1cmwiOiJodHRwczpcL1wvcG9ydGFsZWR1Y2FjYW8uZ3VhcnVsaG9zLnNwLmdvdi5iclwvd3Bfc2l0ZVwvc2VtYW5hZG9icmluY2FyMjAyNVwvd3AtY29udGVudFwvdXBsb2Fkc1wvc2l0ZXNcLzQwXC8yMDI1XC8wNVwvYnJpbmNhci0yLnBuZyIsInNsaWRlc2hvdyI6ImFsbC1jMDRlMjZlIn0%3D\">\n\t\t\t\t\t<div class=\"e-gallery-image elementor-gallery-item__image\" data-thumbnail=\"https:\/\/portaleducacao.guarulhos.sp.gov.br\/wp_site\/semanadobrincar2025\/wp-content\/uploads\/sites\/40\/2025\/05\/brincar-2.png\" data-width=\"963\" data-height=\"1280\" alt=\"\" ><\/div>\n\t\t\t\t\t\t\t\t\t\t\t<div class=\"elementor-gallery-item__overlay\"><\/div>\n\t\t\t\t\t\t\t\t\t\t\t\t\t\t\t<div class=\"elementor-gallery-item__content\">\n\t\t\t\t\t\t\t\t\t\t\t\t\t\t<div class=\"elementor-gallery-item__title\">\n\t\t\t\t\t\t\t\t\t\t\t\t\t\t\t\t\t\tConta\u00e7\u00e3o de hist\u00f3ria com o escritor Henrique Andr\u00e9- Institui\u00e7\u00e3o Parceira Ong MIsael Cardoso\t\t\t\t\t\t\t\t<\/div>\n\t\t\t\t\t\t\t\t\t\t\t\t<\/div>\n\t\t\t\t\t\t\t\t\t<\/a>\n\t\t\t\t\t\t\t<a class=\"e-gallery-item elementor-gallery-item elementor-animated-content\" data-e-gallery-tags=\"2\" href=\"https:\/\/portaleducacao.guarulhos.sp.gov.br\/wp_site\/semanadobrincar2025\/wp-content\/uploads\/sites\/40\/2025\/05\/brincar-3.png\" data-elementor-open-lightbox=\"yes\" data-elementor-lightbox-slideshow=\"all-c04e26e\" data-elementor-lightbox-title=\"Conta\u00e7\u00e3o de hist\u00f3ria com o escritor Henrique Andr\u00e9- Institui\u00e7\u00e3o Parceira Ong MIsael Cardoso\" data-e-action-hash=\"#elementor-action%3Aaction%3Dlightbox%26settings%3DeyJpZCI6ODczLCJ1cmwiOiJodHRwczpcL1wvcG9ydGFsZWR1Y2FjYW8uZ3VhcnVsaG9zLnNwLmdvdi5iclwvd3Bfc2l0ZVwvc2VtYW5hZG9icmluY2FyMjAyNVwvd3AtY29udGVudFwvdXBsb2Fkc1wvc2l0ZXNcLzQwXC8yMDI1XC8wNVwvYnJpbmNhci0zLnBuZyIsInNsaWRlc2hvdyI6ImFsbC1jMDRlMjZlIn0%3D\">\n\t\t\t\t\t<div class=\"e-gallery-image elementor-gallery-item__image\" data-thumbnail=\"https:\/\/portaleducacao.guarulhos.sp.gov.br\/wp_site\/semanadobrincar2025\/wp-content\/uploads\/sites\/40\/2025\/05\/brincar-3.png\" data-width=\"1219\" data-height=\"1280\" alt=\"\" ><\/div>\n\t\t\t\t\t\t\t\t\t\t\t<div class=\"elementor-gallery-item__overlay\"><\/div>\n\t\t\t\t\t\t\t\t\t\t\t\t\t\t\t<div class=\"elementor-gallery-item__content\">\n\t\t\t\t\t\t\t\t\t\t\t\t\t\t<div class=\"elementor-gallery-item__title\">\n\t\t\t\t\t\t\t\t\t\t\t\t\t\t\t\t\t\tConta\u00e7\u00e3o de hist\u00f3ria com o escritor Henrique Andr\u00e9- Institui\u00e7\u00e3o Parceira Ong MIsael Cardoso\t\t\t\t\t\t\t\t<\/div>\n\t\t\t\t\t\t\t\t\t\t\t\t<\/div>\n\t\t\t\t\t\t\t\t\t<\/a>\n\t\t\t\t\t\t\t<a class=\"e-gallery-item elementor-gallery-item elementor-animated-content\" data-e-gallery-tags=\"2\" href=\"https:\/\/portaleducacao.guarulhos.sp.gov.br\/wp_site\/semanadobrincar2025\/wp-content\/uploads\/sites\/40\/2025\/05\/Brincar-4.png\" data-elementor-open-lightbox=\"yes\" data-elementor-lightbox-slideshow=\"all-c04e26e\" data-elementor-lightbox-title=\"Conta\u00e7\u00e3o de hist\u00f3ria com o escritor Henrique Andr\u00e9- Institui\u00e7\u00e3o Parceira Ong MIsael Cardoso\" data-e-action-hash=\"#elementor-action%3Aaction%3Dlightbox%26settings%3DeyJpZCI6ODc0LCJ1cmwiOiJodHRwczpcL1wvcG9ydGFsZWR1Y2FjYW8uZ3VhcnVsaG9zLnNwLmdvdi5iclwvd3Bfc2l0ZVwvc2VtYW5hZG9icmluY2FyMjAyNVwvd3AtY29udGVudFwvdXBsb2Fkc1wvc2l0ZXNcLzQwXC8yMDI1XC8wNVwvQnJpbmNhci00LnBuZyIsInNsaWRlc2hvdyI6ImFsbC1jMDRlMjZlIn0%3D\">\n\t\t\t\t\t<div class=\"e-gallery-image elementor-gallery-item__image\" data-thumbnail=\"https:\/\/portaleducacao.guarulhos.sp.gov.br\/wp_site\/semanadobrincar2025\/wp-content\/uploads\/sites\/40\/2025\/05\/Brincar-4.png\" data-width=\"1600\" data-height=\"1200\" alt=\"\" ><\/div>\n\t\t\t\t\t\t\t\t\t\t\t<div class=\"elementor-gallery-item__overlay\"><\/div>\n\t\t\t\t\t\t\t\t\t\t\t\t\t\t\t<div class=\"elementor-gallery-item__content\">\n\t\t\t\t\t\t\t\t\t\t\t\t\t\t<div class=\"elementor-gallery-item__title\">\n\t\t\t\t\t\t\t\t\t\t\t\t\t\t\t\t\t\tConta\u00e7\u00e3o de hist\u00f3ria com o escritor Henrique Andr\u00e9- Institui\u00e7\u00e3o Parceira Ong MIsael Cardoso\t\t\t\t\t\t\t\t<\/div>\n\t\t\t\t\t\t\t\t\t\t\t\t<\/div>\n\t\t\t\t\t\t\t\t\t<\/a>\n\t\t\t\t\t\t\t<a class=\"e-gallery-item elementor-gallery-item elementor-animated-content\" data-e-gallery-tags=\"2\" href=\"https:\/\/portaleducacao.guarulhos.sp.gov.br\/wp_site\/semanadobrincar2025\/wp-content\/uploads\/sites\/40\/2025\/05\/Brincar-5.png\" data-elementor-open-lightbox=\"yes\" data-elementor-lightbox-slideshow=\"all-c04e26e\" data-elementor-lightbox-title=\"Conta\u00e7\u00e3o de hist\u00f3ria com o escritor Henrique Andr\u00e9- Institui\u00e7\u00e3o Parceira Ong MIsael Cardoso\" data-e-action-hash=\"#elementor-action%3Aaction%3Dlightbox%26settings%3DeyJpZCI6ODc1LCJ1cmwiOiJodHRwczpcL1wvcG9ydGFsZWR1Y2FjYW8uZ3VhcnVsaG9zLnNwLmdvdi5iclwvd3Bfc2l0ZVwvc2VtYW5hZG9icmluY2FyMjAyNVwvd3AtY29udGVudFwvdXBsb2Fkc1wvc2l0ZXNcLzQwXC8yMDI1XC8wNVwvQnJpbmNhci01LnBuZyIsInNsaWRlc2hvdyI6ImFsbC1jMDRlMjZlIn0%3D\">\n\t\t\t\t\t<div class=\"e-gallery-image elementor-gallery-item__image\" data-thumbnail=\"https:\/\/portaleducacao.guarulhos.sp.gov.br\/wp_site\/semanadobrincar2025\/wp-content\/uploads\/sites\/40\/2025\/05\/Brincar-5.png\" data-width=\"1204\" data-height=\"1600\" alt=\"\" ><\/div>\n\t\t\t\t\t\t\t\t\t\t\t<div class=\"elementor-gallery-item__overlay\"><\/div>\n\t\t\t\t\t\t\t\t\t\t\t\t\t\t\t<div class=\"elementor-gallery-item__content\">\n\t\t\t\t\t\t\t\t\t\t\t\t\t\t<div class=\"elementor-gallery-item__title\">\n\t\t\t\t\t\t\t\t\t\t\t\t\t\t\t\t\t\tConta\u00e7\u00e3o de hist\u00f3ria com o escritor Henrique Andr\u00e9- Institui\u00e7\u00e3o Parceira Ong MIsael Cardoso\t\t\t\t\t\t\t\t<\/div>\n\t\t\t\t\t\t\t\t\t\t\t\t<\/div>\n\t\t\t\t\t\t\t\t\t<\/a>\n\t\t\t\t\t\t\t<a class=\"e-gallery-item elementor-gallery-item elementor-animated-content\" data-e-gallery-tags=\"2\" href=\"https:\/\/portaleducacao.guarulhos.sp.gov.br\/wp_site\/semanadobrincar2025\/wp-content\/uploads\/sites\/40\/2025\/05\/Brincar-6.png\" data-elementor-open-lightbox=\"yes\" data-elementor-lightbox-slideshow=\"all-c04e26e\" data-elementor-lightbox-title=\"Conta\u00e7\u00e3o de hist\u00f3ria com o escritor Henrique Andr\u00e9- Institui\u00e7\u00e3o Parceira Ong MIsael Cardoso\" data-e-action-hash=\"#elementor-action%3Aaction%3Dlightbox%26settings%3DeyJpZCI6ODc2LCJ1cmwiOiJodHRwczpcL1wvcG9ydGFsZWR1Y2FjYW8uZ3VhcnVsaG9zLnNwLmdvdi5iclwvd3Bfc2l0ZVwvc2VtYW5hZG9icmluY2FyMjAyNVwvd3AtY29udGVudFwvdXBsb2Fkc1wvc2l0ZXNcLzQwXC8yMDI1XC8wNVwvQnJpbmNhci02LnBuZyIsInNsaWRlc2hvdyI6ImFsbC1jMDRlMjZlIn0%3D\">\n\t\t\t\t\t<div class=\"e-gallery-image elementor-gallery-item__image\" data-thumbnail=\"https:\/\/portaleducacao.guarulhos.sp.gov.br\/wp_site\/semanadobrincar2025\/wp-content\/uploads\/sites\/40\/2025\/05\/Brincar-6.png\" data-width=\"1144\" data-height=\"1097\" alt=\"\" ><\/div>\n\t\t\t\t\t\t\t\t\t\t\t<div class=\"elementor-gallery-item__overlay\"><\/div>\n\t\t\t\t\t\t\t\t\t\t\t\t\t\t\t<div class=\"elementor-gallery-item__content\">\n\t\t\t\t\t\t\t\t\t\t\t\t\t\t<div class=\"elementor-gallery-item__title\">\n\t\t\t\t\t\t\t\t\t\t\t\t\t\t\t\t\t\tConta\u00e7\u00e3o de hist\u00f3ria com o escritor Henrique Andr\u00e9- Institui\u00e7\u00e3o Parceira Ong MIsael Cardoso\t\t\t\t\t\t\t\t<\/div>\n\t\t\t\t\t\t\t\t\t\t\t\t<\/div>\n\t\t\t\t\t\t\t\t\t<\/a>\n\t\t\t\t\t\t\t<a class=\"e-gallery-item elementor-gallery-item elementor-animated-content\" data-e-gallery-tags=\"2\" href=\"https:\/\/portaleducacao.guarulhos.sp.gov.br\/wp_site\/semanadobrincar2025\/wp-content\/uploads\/sites\/40\/2025\/05\/WhatsApp-Image-2025-05-29-at-09.13.04-10.jpeg\" data-elementor-open-lightbox=\"yes\" data-elementor-lightbox-slideshow=\"all-c04e26e\" data-elementor-lightbox-title=\"Conta\u00e7\u00e3o de Hist\u00f3rias com Henrique Andr\u00e9\" data-e-action-hash=\"#elementor-action%3Aaction%3Dlightbox%26settings%3DeyJpZCI6OTIzLCJ1cmwiOiJodHRwczpcL1wvcG9ydGFsZWR1Y2FjYW8uZ3VhcnVsaG9zLnNwLmdvdi5iclwvd3Bfc2l0ZVwvc2VtYW5hZG9icmluY2FyMjAyNVwvd3AtY29udGVudFwvdXBsb2Fkc1wvc2l0ZXNcLzQwXC8yMDI1XC8wNVwvV2hhdHNBcHAtSW1hZ2UtMjAyNS0wNS0yOS1hdC0wOS4xMy4wNC0xMC5qcGVnIiwic2xpZGVzaG93IjoiYWxsLWMwNGUyNmUifQ%3D%3D\">\n\t\t\t\t\t<div class=\"e-gallery-image elementor-gallery-item__image\" data-thumbnail=\"https:\/\/portaleducacao.guarulhos.sp.gov.br\/wp_site\/semanadobrincar2025\/wp-content\/uploads\/sites\/40\/2025\/05\/WhatsApp-Image-2025-05-29-at-09.13.04-10.jpeg\" data-width=\"1600\" data-height=\"1066\" alt=\"\" ><\/div>\n\t\t\t\t\t\t\t\t\t\t\t<div class=\"elementor-gallery-item__overlay\"><\/div>\n\t\t\t\t\t\t\t\t\t\t\t\t\t\t\t<div class=\"elementor-gallery-item__content\">\n\t\t\t\t\t\t\t\t\t\t\t\t\t\t<div class=\"elementor-gallery-item__title\">\n\t\t\t\t\t\t\t\t\t\t\t\t\t\t\t\t\t\tConta\u00e7\u00e3o de Hist\u00f3rias com Henrique Andr\u00e9\t\t\t\t\t\t\t\t<\/div>\n\t\t\t\t\t\t\t\t\t\t\t\t<\/div>\n\t\t\t\t\t\t\t\t\t<\/a>\n\t\t\t\t\t\t\t<a class=\"e-gallery-item elementor-gallery-item elementor-animated-content\" data-e-gallery-tags=\"2\" href=\"https:\/\/portaleducacao.guarulhos.sp.gov.br\/wp_site\/semanadobrincar2025\/wp-content\/uploads\/sites\/40\/2025\/05\/WhatsApp-Image-2025-05-29-at-09.13.04-9.jpeg\" data-elementor-open-lightbox=\"yes\" data-elementor-lightbox-slideshow=\"all-c04e26e\" data-elementor-lightbox-title=\"Conta\u00e7\u00e3o de Hist\u00f3rias com Henrique Andr\u00e9\" data-e-action-hash=\"#elementor-action%3Aaction%3Dlightbox%26settings%3DeyJpZCI6OTI0LCJ1cmwiOiJodHRwczpcL1wvcG9ydGFsZWR1Y2FjYW8uZ3VhcnVsaG9zLnNwLmdvdi5iclwvd3Bfc2l0ZVwvc2VtYW5hZG9icmluY2FyMjAyNVwvd3AtY29udGVudFwvdXBsb2Fkc1wvc2l0ZXNcLzQwXC8yMDI1XC8wNVwvV2hhdHNBcHAtSW1hZ2UtMjAyNS0wNS0yOS1hdC0wOS4xMy4wNC05LmpwZWciLCJzbGlkZXNob3ciOiJhbGwtYzA0ZTI2ZSJ9\">\n\t\t\t\t\t<div class=\"e-gallery-image elementor-gallery-item__image\" data-thumbnail=\"https:\/\/portaleducacao.guarulhos.sp.gov.br\/wp_site\/semanadobrincar2025\/wp-content\/uploads\/sites\/40\/2025\/05\/WhatsApp-Image-2025-05-29-at-09.13.04-9.jpeg\" data-width=\"1600\" data-height=\"1066\" alt=\"\" ><\/div>\n\t\t\t\t\t\t\t\t\t\t\t<div class=\"elementor-gallery-item__overlay\"><\/div>\n\t\t\t\t\t\t\t\t\t\t\t\t\t\t\t<div class=\"elementor-gallery-item__content\">\n\t\t\t\t\t\t\t\t\t\t\t\t\t\t<div class=\"elementor-gallery-item__title\">\n\t\t\t\t\t\t\t\t\t\t\t\t\t\t\t\t\t\tConta\u00e7\u00e3o de Hist\u00f3rias com Henrique Andr\u00e9\t\t\t\t\t\t\t\t<\/div>\n\t\t\t\t\t\t\t\t\t\t\t\t<\/div>\n\t\t\t\t\t\t\t\t\t<\/a>\n\t\t\t\t\t\t\t<a class=\"e-gallery-item elementor-gallery-item elementor-animated-content\" data-e-gallery-tags=\"2\" href=\"https:\/\/portaleducacao.guarulhos.sp.gov.br\/wp_site\/semanadobrincar2025\/wp-content\/uploads\/sites\/40\/2025\/05\/WhatsApp-Image-2025-05-29-at-09.13.04-8.jpeg\" data-elementor-open-lightbox=\"yes\" data-elementor-lightbox-slideshow=\"all-c04e26e\" data-elementor-lightbox-title=\"Conta\u00e7\u00e3o de Hist\u00f3rias com Henrique Andr\u00e9\" data-e-action-hash=\"#elementor-action%3Aaction%3Dlightbox%26settings%3DeyJpZCI6OTI1LCJ1cmwiOiJodHRwczpcL1wvcG9ydGFsZWR1Y2FjYW8uZ3VhcnVsaG9zLnNwLmdvdi5iclwvd3Bfc2l0ZVwvc2VtYW5hZG9icmluY2FyMjAyNVwvd3AtY29udGVudFwvdXBsb2Fkc1wvc2l0ZXNcLzQwXC8yMDI1XC8wNVwvV2hhdHNBcHAtSW1hZ2UtMjAyNS0wNS0yOS1hdC0wOS4xMy4wNC04LmpwZWciLCJzbGlkZXNob3ciOiJhbGwtYzA0ZTI2ZSJ9\">\n\t\t\t\t\t<div class=\"e-gallery-image elementor-gallery-item__image\" data-thumbnail=\"https:\/\/portaleducacao.guarulhos.sp.gov.br\/wp_site\/semanadobrincar2025\/wp-content\/uploads\/sites\/40\/2025\/05\/WhatsApp-Image-2025-05-29-at-09.13.04-8.jpeg\" data-width=\"1600\" data-height=\"1066\" alt=\"\" ><\/div>\n\t\t\t\t\t\t\t\t\t\t\t<div class=\"elementor-gallery-item__overlay\"><\/div>\n\t\t\t\t\t\t\t\t\t\t\t\t\t\t\t<div class=\"elementor-gallery-item__content\">\n\t\t\t\t\t\t\t\t\t\t\t\t\t\t<div class=\"elementor-gallery-item__title\">\n\t\t\t\t\t\t\t\t\t\t\t\t\t\t\t\t\t\tConta\u00e7\u00e3o de Hist\u00f3rias com Henrique Andr\u00e9\t\t\t\t\t\t\t\t<\/div>\n\t\t\t\t\t\t\t\t\t\t\t\t<\/div>\n\t\t\t\t\t\t\t\t\t<\/a>\n\t\t\t\t\t\t\t<a class=\"e-gallery-item elementor-gallery-item elementor-animated-content\" data-e-gallery-tags=\"2\" href=\"https:\/\/portaleducacao.guarulhos.sp.gov.br\/wp_site\/semanadobrincar2025\/wp-content\/uploads\/sites\/40\/2025\/05\/WhatsApp-Image-2025-05-29-at-09.13.04-7.jpeg\" data-elementor-open-lightbox=\"yes\" data-elementor-lightbox-slideshow=\"all-c04e26e\" data-elementor-lightbox-title=\"Conta\u00e7\u00e3o de Hist\u00f3rias com Henrique Andr\u00e9\" data-e-action-hash=\"#elementor-action%3Aaction%3Dlightbox%26settings%3DeyJpZCI6OTI2LCJ1cmwiOiJodHRwczpcL1wvcG9ydGFsZWR1Y2FjYW8uZ3VhcnVsaG9zLnNwLmdvdi5iclwvd3Bfc2l0ZVwvc2VtYW5hZG9icmluY2FyMjAyNVwvd3AtY29udGVudFwvdXBsb2Fkc1wvc2l0ZXNcLzQwXC8yMDI1XC8wNVwvV2hhdHNBcHAtSW1hZ2UtMjAyNS0wNS0yOS1hdC0wOS4xMy4wNC03LmpwZWciLCJzbGlkZXNob3ciOiJhbGwtYzA0ZTI2ZSJ9\">\n\t\t\t\t\t<div class=\"e-gallery-image elementor-gallery-item__image\" data-thumbnail=\"https:\/\/portaleducacao.guarulhos.sp.gov.br\/wp_site\/semanadobrincar2025\/wp-content\/uploads\/sites\/40\/2025\/05\/WhatsApp-Image-2025-05-29-at-09.13.04-7.jpeg\" data-width=\"1600\" data-height=\"1066\" alt=\"\" ><\/div>\n\t\t\t\t\t\t\t\t\t\t\t<div class=\"elementor-gallery-item__overlay\"><\/div>\n\t\t\t\t\t\t\t\t\t\t\t\t\t\t\t<div class=\"elementor-gallery-item__content\">\n\t\t\t\t\t\t\t\t\t\t\t\t\t\t<div class=\"elementor-gallery-item__title\">\n\t\t\t\t\t\t\t\t\t\t\t\t\t\t\t\t\t\tConta\u00e7\u00e3o de Hist\u00f3rias com Henrique Andr\u00e9\t\t\t\t\t\t\t\t<\/div>\n\t\t\t\t\t\t\t\t\t\t\t\t<\/div>\n\t\t\t\t\t\t\t\t\t<\/a>\n\t\t\t\t\t\t\t<a class=\"e-gallery-item elementor-gallery-item elementor-animated-content\" data-e-gallery-tags=\"2\" href=\"https:\/\/portaleducacao.guarulhos.sp.gov.br\/wp_site\/semanadobrincar2025\/wp-content\/uploads\/sites\/40\/2025\/05\/WhatsApp-Image-2025-05-29-at-09.13.04-6.jpeg\" data-elementor-open-lightbox=\"yes\" data-elementor-lightbox-slideshow=\"all-c04e26e\" data-elementor-lightbox-title=\"Conta\u00e7\u00e3o de Hist\u00f3rias com Henrique Andr\u00e9\" data-e-action-hash=\"#elementor-action%3Aaction%3Dlightbox%26settings%3DeyJpZCI6OTI3LCJ1cmwiOiJodHRwczpcL1wvcG9ydGFsZWR1Y2FjYW8uZ3VhcnVsaG9zLnNwLmdvdi5iclwvd3Bfc2l0ZVwvc2VtYW5hZG9icmluY2FyMjAyNVwvd3AtY29udGVudFwvdXBsb2Fkc1wvc2l0ZXNcLzQwXC8yMDI1XC8wNVwvV2hhdHNBcHAtSW1hZ2UtMjAyNS0wNS0yOS1hdC0wOS4xMy4wNC02LmpwZWciLCJzbGlkZXNob3ciOiJhbGwtYzA0ZTI2ZSJ9\">\n\t\t\t\t\t<div class=\"e-gallery-image elementor-gallery-item__image\" data-thumbnail=\"https:\/\/portaleducacao.guarulhos.sp.gov.br\/wp_site\/semanadobrincar2025\/wp-content\/uploads\/sites\/40\/2025\/05\/WhatsApp-Image-2025-05-29-at-09.13.04-6.jpeg\" data-width=\"1600\" data-height=\"1066\" alt=\"\" ><\/div>\n\t\t\t\t\t\t\t\t\t\t\t<div class=\"elementor-gallery-item__overlay\"><\/div>\n\t\t\t\t\t\t\t\t\t\t\t\t\t\t\t<div class=\"elementor-gallery-item__content\">\n\t\t\t\t\t\t\t\t\t\t\t\t\t\t<div class=\"elementor-gallery-item__title\">\n\t\t\t\t\t\t\t\t\t\t\t\t\t\t\t\t\t\tConta\u00e7\u00e3o de Hist\u00f3rias com Henrique Andr\u00e9\t\t\t\t\t\t\t\t<\/div>\n\t\t\t\t\t\t\t\t\t\t\t\t<\/div>\n\t\t\t\t\t\t\t\t\t<\/a>\n\t\t\t\t\t\t\t<a class=\"e-gallery-item elementor-gallery-item elementor-animated-content\" data-e-gallery-tags=\"2\" href=\"https:\/\/portaleducacao.guarulhos.sp.gov.br\/wp_site\/semanadobrincar2025\/wp-content\/uploads\/sites\/40\/2025\/05\/WhatsApp-Image-2025-05-29-at-09.13.04-5.jpeg\" data-elementor-open-lightbox=\"yes\" data-elementor-lightbox-slideshow=\"all-c04e26e\" data-elementor-lightbox-title=\"Conta\u00e7\u00e3o de Hist\u00f3rias com Henrique Andr\u00e9\" data-e-action-hash=\"#elementor-action%3Aaction%3Dlightbox%26settings%3DeyJpZCI6OTI4LCJ1cmwiOiJodHRwczpcL1wvcG9ydGFsZWR1Y2FjYW8uZ3VhcnVsaG9zLnNwLmdvdi5iclwvd3Bfc2l0ZVwvc2VtYW5hZG9icmluY2FyMjAyNVwvd3AtY29udGVudFwvdXBsb2Fkc1wvc2l0ZXNcLzQwXC8yMDI1XC8wNVwvV2hhdHNBcHAtSW1hZ2UtMjAyNS0wNS0yOS1hdC0wOS4xMy4wNC01LmpwZWciLCJzbGlkZXNob3ciOiJhbGwtYzA0ZTI2ZSJ9\">\n\t\t\t\t\t<div class=\"e-gallery-image elementor-gallery-item__image\" data-thumbnail=\"https:\/\/portaleducacao.guarulhos.sp.gov.br\/wp_site\/semanadobrincar2025\/wp-content\/uploads\/sites\/40\/2025\/05\/WhatsApp-Image-2025-05-29-at-09.13.04-5.jpeg\" data-width=\"1600\" data-height=\"1066\" alt=\"\" ><\/div>\n\t\t\t\t\t\t\t\t\t\t\t<div class=\"elementor-gallery-item__overlay\"><\/div>\n\t\t\t\t\t\t\t\t\t\t\t\t\t\t\t<div class=\"elementor-gallery-item__content\">\n\t\t\t\t\t\t\t\t\t\t\t\t\t\t<div class=\"elementor-gallery-item__title\">\n\t\t\t\t\t\t\t\t\t\t\t\t\t\t\t\t\t\tConta\u00e7\u00e3o de Hist\u00f3rias com Henrique Andr\u00e9\t\t\t\t\t\t\t\t<\/div>\n\t\t\t\t\t\t\t\t\t\t\t\t<\/div>\n\t\t\t\t\t\t\t\t\t<\/a>\n\t\t\t\t\t\t\t<a class=\"e-gallery-item elementor-gallery-item elementor-animated-content\" data-e-gallery-tags=\"2\" href=\"https:\/\/portaleducacao.guarulhos.sp.gov.br\/wp_site\/semanadobrincar2025\/wp-content\/uploads\/sites\/40\/2025\/05\/WhatsApp-Image-2025-05-29-at-09.13.04-4.jpeg\" data-elementor-open-lightbox=\"yes\" data-elementor-lightbox-slideshow=\"all-c04e26e\" data-elementor-lightbox-title=\"Conta\u00e7\u00e3o de Hist\u00f3rias com Henrique Andr\u00e9\" data-e-action-hash=\"#elementor-action%3Aaction%3Dlightbox%26settings%3DeyJpZCI6OTI5LCJ1cmwiOiJodHRwczpcL1wvcG9ydGFsZWR1Y2FjYW8uZ3VhcnVsaG9zLnNwLmdvdi5iclwvd3Bfc2l0ZVwvc2VtYW5hZG9icmluY2FyMjAyNVwvd3AtY29udGVudFwvdXBsb2Fkc1wvc2l0ZXNcLzQwXC8yMDI1XC8wNVwvV2hhdHNBcHAtSW1hZ2UtMjAyNS0wNS0yOS1hdC0wOS4xMy4wNC00LmpwZWciLCJzbGlkZXNob3ciOiJhbGwtYzA0ZTI2ZSJ9\">\n\t\t\t\t\t<div class=\"e-gallery-image elementor-gallery-item__image\" data-thumbnail=\"https:\/\/portaleducacao.guarulhos.sp.gov.br\/wp_site\/semanadobrincar2025\/wp-content\/uploads\/sites\/40\/2025\/05\/WhatsApp-Image-2025-05-29-at-09.13.04-4.jpeg\" data-width=\"1600\" data-height=\"1066\" alt=\"\" ><\/div>\n\t\t\t\t\t\t\t\t\t\t\t<div class=\"elementor-gallery-item__overlay\"><\/div>\n\t\t\t\t\t\t\t\t\t\t\t\t\t\t\t<div class=\"elementor-gallery-item__content\">\n\t\t\t\t\t\t\t\t\t\t\t\t\t\t<div class=\"elementor-gallery-item__title\">\n\t\t\t\t\t\t\t\t\t\t\t\t\t\t\t\t\t\tConta\u00e7\u00e3o de Hist\u00f3rias com Henrique Andr\u00e9\t\t\t\t\t\t\t\t<\/div>\n\t\t\t\t\t\t\t\t\t\t\t\t<\/div>\n\t\t\t\t\t\t\t\t\t<\/a>\n\t\t\t\t\t\t\t<a class=\"e-gallery-item elementor-gallery-item elementor-animated-content\" data-e-gallery-tags=\"2\" href=\"https:\/\/portaleducacao.guarulhos.sp.gov.br\/wp_site\/semanadobrincar2025\/wp-content\/uploads\/sites\/40\/2025\/05\/WhatsApp-Image-2025-05-29-at-09.13.04-3.jpeg\" data-elementor-open-lightbox=\"yes\" data-elementor-lightbox-slideshow=\"all-c04e26e\" data-elementor-lightbox-title=\"Conta\u00e7\u00e3o de Hist\u00f3rias com Henrique Andr\u00e9\" data-e-action-hash=\"#elementor-action%3Aaction%3Dlightbox%26settings%3DeyJpZCI6OTMwLCJ1cmwiOiJodHRwczpcL1wvcG9ydGFsZWR1Y2FjYW8uZ3VhcnVsaG9zLnNwLmdvdi5iclwvd3Bfc2l0ZVwvc2VtYW5hZG9icmluY2FyMjAyNVwvd3AtY29udGVudFwvdXBsb2Fkc1wvc2l0ZXNcLzQwXC8yMDI1XC8wNVwvV2hhdHNBcHAtSW1hZ2UtMjAyNS0wNS0yOS1hdC0wOS4xMy4wNC0zLmpwZWciLCJzbGlkZXNob3ciOiJhbGwtYzA0ZTI2ZSJ9\">\n\t\t\t\t\t<div class=\"e-gallery-image elementor-gallery-item__image\" data-thumbnail=\"https:\/\/portaleducacao.guarulhos.sp.gov.br\/wp_site\/semanadobrincar2025\/wp-content\/uploads\/sites\/40\/2025\/05\/WhatsApp-Image-2025-05-29-at-09.13.04-3.jpeg\" data-width=\"1600\" data-height=\"1066\" alt=\"\" ><\/div>\n\t\t\t\t\t\t\t\t\t\t\t<div class=\"elementor-gallery-item__overlay\"><\/div>\n\t\t\t\t\t\t\t\t\t\t\t\t\t\t\t<div class=\"elementor-gallery-item__content\">\n\t\t\t\t\t\t\t\t\t\t\t\t\t\t<div class=\"elementor-gallery-item__title\">\n\t\t\t\t\t\t\t\t\t\t\t\t\t\t\t\t\t\tConta\u00e7\u00e3o de Hist\u00f3rias com Henrique Andr\u00e9\t\t\t\t\t\t\t\t<\/div>\n\t\t\t\t\t\t\t\t\t\t\t\t<\/div>\n\t\t\t\t\t\t\t\t\t<\/a>\n\t\t\t\t\t\t\t<a class=\"e-gallery-item elementor-gallery-item elementor-animated-content\" data-e-gallery-tags=\"2\" href=\"https:\/\/portaleducacao.guarulhos.sp.gov.br\/wp_site\/semanadobrincar2025\/wp-content\/uploads\/sites\/40\/2025\/05\/WhatsApp-Image-2025-05-29-at-09.13.04-2.jpeg\" data-elementor-open-lightbox=\"yes\" data-elementor-lightbox-slideshow=\"all-c04e26e\" data-elementor-lightbox-title=\"Conta\u00e7\u00e3o de Hist\u00f3rias com Henrique Andr\u00e9\" data-e-action-hash=\"#elementor-action%3Aaction%3Dlightbox%26settings%3DeyJpZCI6OTMxLCJ1cmwiOiJodHRwczpcL1wvcG9ydGFsZWR1Y2FjYW8uZ3VhcnVsaG9zLnNwLmdvdi5iclwvd3Bfc2l0ZVwvc2VtYW5hZG9icmluY2FyMjAyNVwvd3AtY29udGVudFwvdXBsb2Fkc1wvc2l0ZXNcLzQwXC8yMDI1XC8wNVwvV2hhdHNBcHAtSW1hZ2UtMjAyNS0wNS0yOS1hdC0wOS4xMy4wNC0yLmpwZWciLCJzbGlkZXNob3ciOiJhbGwtYzA0ZTI2ZSJ9\">\n\t\t\t\t\t<div class=\"e-gallery-image elementor-gallery-item__image\" data-thumbnail=\"https:\/\/portaleducacao.guarulhos.sp.gov.br\/wp_site\/semanadobrincar2025\/wp-content\/uploads\/sites\/40\/2025\/05\/WhatsApp-Image-2025-05-29-at-09.13.04-2.jpeg\" data-width=\"1600\" data-height=\"1066\" alt=\"\" ><\/div>\n\t\t\t\t\t\t\t\t\t\t\t<div class=\"elementor-gallery-item__overlay\"><\/div>\n\t\t\t\t\t\t\t\t\t\t\t\t\t\t\t<div class=\"elementor-gallery-item__content\">\n\t\t\t\t\t\t\t\t\t\t\t\t\t\t<div class=\"elementor-gallery-item__title\">\n\t\t\t\t\t\t\t\t\t\t\t\t\t\t\t\t\t\tConta\u00e7\u00e3o de Hist\u00f3rias com Henrique Andr\u00e9\t\t\t\t\t\t\t\t<\/div>\n\t\t\t\t\t\t\t\t\t\t\t\t<\/div>\n\t\t\t\t\t\t\t\t\t<\/a>\n\t\t\t\t\t\t\t<a class=\"e-gallery-item elementor-gallery-item elementor-animated-content\" data-e-gallery-tags=\"2\" href=\"https:\/\/portaleducacao.guarulhos.sp.gov.br\/wp_site\/semanadobrincar2025\/wp-content\/uploads\/sites\/40\/2025\/05\/WhatsApp-Image-2025-05-29-at-09.13.04-1.jpeg\" data-elementor-open-lightbox=\"yes\" data-elementor-lightbox-slideshow=\"all-c04e26e\" data-elementor-lightbox-title=\"Conta\u00e7\u00e3o de Hist\u00f3rias com Henrique Andr\u00e9\" data-e-action-hash=\"#elementor-action%3Aaction%3Dlightbox%26settings%3DeyJpZCI6OTMyLCJ1cmwiOiJodHRwczpcL1wvcG9ydGFsZWR1Y2FjYW8uZ3VhcnVsaG9zLnNwLmdvdi5iclwvd3Bfc2l0ZVwvc2VtYW5hZG9icmluY2FyMjAyNVwvd3AtY29udGVudFwvdXBsb2Fkc1wvc2l0ZXNcLzQwXC8yMDI1XC8wNVwvV2hhdHNBcHAtSW1hZ2UtMjAyNS0wNS0yOS1hdC0wOS4xMy4wNC0xLmpwZWciLCJzbGlkZXNob3ciOiJhbGwtYzA0ZTI2ZSJ9\">\n\t\t\t\t\t<div class=\"e-gallery-image elementor-gallery-item__image\" data-thumbnail=\"https:\/\/portaleducacao.guarulhos.sp.gov.br\/wp_site\/semanadobrincar2025\/wp-content\/uploads\/sites\/40\/2025\/05\/WhatsApp-Image-2025-05-29-at-09.13.04-1.jpeg\" data-width=\"1600\" data-height=\"1066\" alt=\"\" ><\/div>\n\t\t\t\t\t\t\t\t\t\t\t<div class=\"elementor-gallery-item__overlay\"><\/div>\n\t\t\t\t\t\t\t\t\t\t\t\t\t\t\t<div class=\"elementor-gallery-item__content\">\n\t\t\t\t\t\t\t\t\t\t\t\t\t\t<div class=\"elementor-gallery-item__title\">\n\t\t\t\t\t\t\t\t\t\t\t\t\t\t\t\t\t\tConta\u00e7\u00e3o de Hist\u00f3rias com Henrique Andr\u00e9\t\t\t\t\t\t\t\t<\/div>\n\t\t\t\t\t\t\t\t\t\t\t\t<\/div>\n\t\t\t\t\t\t\t\t\t<\/a>\n\t\t\t\t\t\t\t<a class=\"e-gallery-item elementor-gallery-item elementor-animated-content\" data-e-gallery-tags=\"2\" href=\"https:\/\/portaleducacao.guarulhos.sp.gov.br\/wp_site\/semanadobrincar2025\/wp-content\/uploads\/sites\/40\/2025\/05\/WhatsApp-Image-2025-05-29-at-09.13.04.jpeg\" data-elementor-open-lightbox=\"yes\" data-elementor-lightbox-slideshow=\"all-c04e26e\" data-elementor-lightbox-title=\"Conta\u00e7\u00e3o de Hist\u00f3rias com Henrique Andr\u00e9\" data-e-action-hash=\"#elementor-action%3Aaction%3Dlightbox%26settings%3DeyJpZCI6OTMzLCJ1cmwiOiJodHRwczpcL1wvcG9ydGFsZWR1Y2FjYW8uZ3VhcnVsaG9zLnNwLmdvdi5iclwvd3Bfc2l0ZVwvc2VtYW5hZG9icmluY2FyMjAyNVwvd3AtY29udGVudFwvdXBsb2Fkc1wvc2l0ZXNcLzQwXC8yMDI1XC8wNVwvV2hhdHNBcHAtSW1hZ2UtMjAyNS0wNS0yOS1hdC0wOS4xMy4wNC5qcGVnIiwic2xpZGVzaG93IjoiYWxsLWMwNGUyNmUifQ%3D%3D\">\n\t\t\t\t\t<div class=\"e-gallery-image elementor-gallery-item__image\" data-thumbnail=\"https:\/\/portaleducacao.guarulhos.sp.gov.br\/wp_site\/semanadobrincar2025\/wp-content\/uploads\/sites\/40\/2025\/05\/WhatsApp-Image-2025-05-29-at-09.13.04.jpeg\" data-width=\"1600\" data-height=\"1066\" alt=\"\" ><\/div>\n\t\t\t\t\t\t\t\t\t\t\t<div class=\"elementor-gallery-item__overlay\"><\/div>\n\t\t\t\t\t\t\t\t\t\t\t\t\t\t\t<div class=\"elementor-gallery-item__content\">\n\t\t\t\t\t\t\t\t\t\t\t\t\t\t<div class=\"elementor-gallery-item__title\">\n\t\t\t\t\t\t\t\t\t\t\t\t\t\t\t\t\t\tConta\u00e7\u00e3o de Hist\u00f3rias com Henrique Andr\u00e9\t\t\t\t\t\t\t\t<\/div>\n\t\t\t\t\t\t\t\t\t\t\t\t<\/div>\n\t\t\t\t\t\t\t\t\t<\/a>\n\t\t\t\t\t\t\t<a class=\"e-gallery-item elementor-gallery-item elementor-animated-content\" data-e-gallery-tags=\"2\" href=\"https:\/\/portaleducacao.guarulhos.sp.gov.br\/wp_site\/semanadobrincar2025\/wp-content\/uploads\/sites\/40\/2025\/05\/WhatsApp-Image-2025-05-29-at-09.13.03-1.jpeg\" data-elementor-open-lightbox=\"yes\" data-elementor-lightbox-slideshow=\"all-c04e26e\" data-elementor-lightbox-title=\"Conta\u00e7\u00e3o de Hist\u00f3rias com Henrique Andr\u00e9\" data-e-action-hash=\"#elementor-action%3Aaction%3Dlightbox%26settings%3DeyJpZCI6OTM0LCJ1cmwiOiJodHRwczpcL1wvcG9ydGFsZWR1Y2FjYW8uZ3VhcnVsaG9zLnNwLmdvdi5iclwvd3Bfc2l0ZVwvc2VtYW5hZG9icmluY2FyMjAyNVwvd3AtY29udGVudFwvdXBsb2Fkc1wvc2l0ZXNcLzQwXC8yMDI1XC8wNVwvV2hhdHNBcHAtSW1hZ2UtMjAyNS0wNS0yOS1hdC0wOS4xMy4wMy0xLmpwZWciLCJzbGlkZXNob3ciOiJhbGwtYzA0ZTI2ZSJ9\">\n\t\t\t\t\t<div class=\"e-gallery-image elementor-gallery-item__image\" data-thumbnail=\"https:\/\/portaleducacao.guarulhos.sp.gov.br\/wp_site\/semanadobrincar2025\/wp-content\/uploads\/sites\/40\/2025\/05\/WhatsApp-Image-2025-05-29-at-09.13.03-1.jpeg\" data-width=\"1600\" data-height=\"1066\" alt=\"\" ><\/div>\n\t\t\t\t\t\t\t\t\t\t\t<div class=\"elementor-gallery-item__overlay\"><\/div>\n\t\t\t\t\t\t\t\t\t\t\t\t\t\t\t<div class=\"elementor-gallery-item__content\">\n\t\t\t\t\t\t\t\t\t\t\t\t\t\t<div class=\"elementor-gallery-item__title\">\n\t\t\t\t\t\t\t\t\t\t\t\t\t\t\t\t\t\tConta\u00e7\u00e3o de Hist\u00f3rias com Henrique Andr\u00e9\t\t\t\t\t\t\t\t<\/div>\n\t\t\t\t\t\t\t\t\t\t\t\t<\/div>\n\t\t\t\t\t\t\t\t\t<\/a>\n\t\t\t\t\t\t\t<a class=\"e-gallery-item elementor-gallery-item elementor-animated-content\" data-e-gallery-tags=\"2\" href=\"https:\/\/portaleducacao.guarulhos.sp.gov.br\/wp_site\/semanadobrincar2025\/wp-content\/uploads\/sites\/40\/2025\/05\/WhatsApp-Image-2025-05-29-at-09.13.03.jpeg\" data-elementor-open-lightbox=\"yes\" data-elementor-lightbox-slideshow=\"all-c04e26e\" data-elementor-lightbox-title=\"Conta\u00e7\u00e3o de Hist\u00f3rias com Henrique Andr\u00e9\" data-e-action-hash=\"#elementor-action%3Aaction%3Dlightbox%26settings%3DeyJpZCI6OTM1LCJ1cmwiOiJodHRwczpcL1wvcG9ydGFsZWR1Y2FjYW8uZ3VhcnVsaG9zLnNwLmdvdi5iclwvd3Bfc2l0ZVwvc2VtYW5hZG9icmluY2FyMjAyNVwvd3AtY29udGVudFwvdXBsb2Fkc1wvc2l0ZXNcLzQwXC8yMDI1XC8wNVwvV2hhdHNBcHAtSW1hZ2UtMjAyNS0wNS0yOS1hdC0wOS4xMy4wMy5qcGVnIiwic2xpZGVzaG93IjoiYWxsLWMwNGUyNmUifQ%3D%3D\">\n\t\t\t\t\t<div class=\"e-gallery-image elementor-gallery-item__image\" data-thumbnail=\"https:\/\/portaleducacao.guarulhos.sp.gov.br\/wp_site\/semanadobrincar2025\/wp-content\/uploads\/sites\/40\/2025\/05\/WhatsApp-Image-2025-05-29-at-09.13.03.jpeg\" data-width=\"1600\" data-height=\"1066\" alt=\"\" ><\/div>\n\t\t\t\t\t\t\t\t\t\t\t<div class=\"elementor-gallery-item__overlay\"><\/div>\n\t\t\t\t\t\t\t\t\t\t\t\t\t\t\t<div class=\"elementor-gallery-item__content\">\n\t\t\t\t\t\t\t\t\t\t\t\t\t\t<div class=\"elementor-gallery-item__title\">\n\t\t\t\t\t\t\t\t\t\t\t\t\t\t\t\t\t\tConta\u00e7\u00e3o de Hist\u00f3rias com Henrique Andr\u00e9\t\t\t\t\t\t\t\t<\/div>\n\t\t\t\t\t\t\t\t\t\t\t\t<\/div>\n\t\t\t\t\t\t\t\t\t<\/a>\n\t\t\t\t\t\t\t<a class=\"e-gallery-item elementor-gallery-item elementor-animated-content\" data-e-gallery-tags=\"3\" href=\"https:\/\/portaleducacao.guarulhos.sp.gov.br\/wp_site\/semanadobrincar2025\/wp-content\/uploads\/sites\/40\/2025\/05\/Abertura-da-Semana-Mundial-do-Brincar-Secretaria-da-Educacao1.jpeg\" data-elementor-open-lightbox=\"yes\" data-elementor-lightbox-slideshow=\"all-c04e26e\" data-elementor-lightbox-title=\"Abertura da Semana Mundial do Brincar - Secretaria da Educa\u00e7\u00e3o1\" data-e-action-hash=\"#elementor-action%3Aaction%3Dlightbox%26settings%3DeyJpZCI6OTQ2LCJ1cmwiOiJodHRwczpcL1wvcG9ydGFsZWR1Y2FjYW8uZ3VhcnVsaG9zLnNwLmdvdi5iclwvd3Bfc2l0ZVwvc2VtYW5hZG9icmluY2FyMjAyNVwvd3AtY29udGVudFwvdXBsb2Fkc1wvc2l0ZXNcLzQwXC8yMDI1XC8wNVwvQWJlcnR1cmEtZGEtU2VtYW5hLU11bmRpYWwtZG8tQnJpbmNhci1TZWNyZXRhcmlhLWRhLUVkdWNhY2FvMS5qcGVnIiwic2xpZGVzaG93IjoiYWxsLWMwNGUyNmUifQ%3D%3D\">\n\t\t\t\t\t<div class=\"e-gallery-image elementor-gallery-item__image\" data-thumbnail=\"https:\/\/portaleducacao.guarulhos.sp.gov.br\/wp_site\/semanadobrincar2025\/wp-content\/uploads\/sites\/40\/2025\/05\/Abertura-da-Semana-Mundial-do-Brincar-Secretaria-da-Educacao1.jpeg\" data-width=\"1245\" data-height=\"943\" alt=\"\" ><\/div>\n\t\t\t\t\t\t\t\t\t\t\t<div class=\"elementor-gallery-item__overlay\"><\/div>\n\t\t\t\t\t\t\t\t\t\t\t\t\t\t\t<div class=\"elementor-gallery-item__content\">\n\t\t\t\t\t\t\t\t\t\t\t\t\t\t<div class=\"elementor-gallery-item__title\">\n\t\t\t\t\t\t\t\t\t\t\t\t\t\t\t\t\t\tAbertura da Semana Mundial do Brincar - Secretaria da Educa\u00e7\u00e3o1\t\t\t\t\t\t\t\t<\/div>\n\t\t\t\t\t\t\t\t\t\t\t\t<\/div>\n\t\t\t\t\t\t\t\t\t<\/a>\n\t\t\t\t\t\t\t<a class=\"e-gallery-item elementor-gallery-item elementor-animated-content\" data-e-gallery-tags=\"3\" href=\"https:\/\/portaleducacao.guarulhos.sp.gov.br\/wp_site\/semanadobrincar2025\/wp-content\/uploads\/sites\/40\/2025\/05\/Abertura-da-Semana-Mundial-do-Brincar-Secretaria-da-Educacao2-1.jpeg\" data-elementor-open-lightbox=\"yes\" data-elementor-lightbox-slideshow=\"all-c04e26e\" data-elementor-lightbox-title=\"Abertura da Semana Mundial do Brincar - Secretaria da Educa\u00e7\u00e3o2\" data-e-action-hash=\"#elementor-action%3Aaction%3Dlightbox%26settings%3DeyJpZCI6OTQ5LCJ1cmwiOiJodHRwczpcL1wvcG9ydGFsZWR1Y2FjYW8uZ3VhcnVsaG9zLnNwLmdvdi5iclwvd3Bfc2l0ZVwvc2VtYW5hZG9icmluY2FyMjAyNVwvd3AtY29udGVudFwvdXBsb2Fkc1wvc2l0ZXNcLzQwXC8yMDI1XC8wNVwvQWJlcnR1cmEtZGEtU2VtYW5hLU11bmRpYWwtZG8tQnJpbmNhci1TZWNyZXRhcmlhLWRhLUVkdWNhY2FvMi0xLmpwZWciLCJzbGlkZXNob3ciOiJhbGwtYzA0ZTI2ZSJ9\">\n\t\t\t\t\t<div class=\"e-gallery-image elementor-gallery-item__image\" data-thumbnail=\"https:\/\/portaleducacao.guarulhos.sp.gov.br\/wp_site\/semanadobrincar2025\/wp-content\/uploads\/sites\/40\/2025\/05\/Abertura-da-Semana-Mundial-do-Brincar-Secretaria-da-Educacao2-1.jpeg\" data-width=\"590\" data-height=\"1280\" alt=\"\" ><\/div>\n\t\t\t\t\t\t\t\t\t\t\t<div class=\"elementor-gallery-item__overlay\"><\/div>\n\t\t\t\t\t\t\t\t\t\t\t\t\t\t\t<div class=\"elementor-gallery-item__content\">\n\t\t\t\t\t\t\t\t\t\t\t\t\t\t<div class=\"elementor-gallery-item__title\">\n\t\t\t\t\t\t\t\t\t\t\t\t\t\t\t\t\t\tAbertura da Semana Mundial do Brincar - Secretaria da Educa\u00e7\u00e3o2\t\t\t\t\t\t\t\t<\/div>\n\t\t\t\t\t\t\t\t\t\t\t\t<\/div>\n\t\t\t\t\t\t\t\t\t<\/a>\n\t\t\t\t\t\t\t<a class=\"e-gallery-item elementor-gallery-item elementor-animated-content\" data-e-gallery-tags=\"3\" href=\"https:\/\/portaleducacao.guarulhos.sp.gov.br\/wp_site\/semanadobrincar2025\/wp-content\/uploads\/sites\/40\/2025\/05\/Abertura-da-Semana-Mundial-do-Brincar-Secretaria-da-Educacao3-1.jpeg\" data-elementor-open-lightbox=\"yes\" data-elementor-lightbox-slideshow=\"all-c04e26e\" data-elementor-lightbox-title=\"Abertura da Semana Mundial do Brincar - Secretaria da Educa\u00e7\u00e3o3\" data-e-action-hash=\"#elementor-action%3Aaction%3Dlightbox%26settings%3DeyJpZCI6OTUwLCJ1cmwiOiJodHRwczpcL1wvcG9ydGFsZWR1Y2FjYW8uZ3VhcnVsaG9zLnNwLmdvdi5iclwvd3Bfc2l0ZVwvc2VtYW5hZG9icmluY2FyMjAyNVwvd3AtY29udGVudFwvdXBsb2Fkc1wvc2l0ZXNcLzQwXC8yMDI1XC8wNVwvQWJlcnR1cmEtZGEtU2VtYW5hLU11bmRpYWwtZG8tQnJpbmNhci1TZWNyZXRhcmlhLWRhLUVkdWNhY2FvMy0xLmpwZWciLCJzbGlkZXNob3ciOiJhbGwtYzA0ZTI2ZSJ9\">\n\t\t\t\t\t<div class=\"e-gallery-image elementor-gallery-item__image\" data-thumbnail=\"https:\/\/portaleducacao.guarulhos.sp.gov.br\/wp_site\/semanadobrincar2025\/wp-content\/uploads\/sites\/40\/2025\/05\/Abertura-da-Semana-Mundial-do-Brincar-Secretaria-da-Educacao3-1.jpeg\" data-width=\"1074\" data-height=\"1308\" alt=\"\" ><\/div>\n\t\t\t\t\t\t\t\t\t\t\t<div class=\"elementor-gallery-item__overlay\"><\/div>\n\t\t\t\t\t\t\t\t\t\t\t\t\t\t\t<div class=\"elementor-gallery-item__content\">\n\t\t\t\t\t\t\t\t\t\t\t\t\t\t<div class=\"elementor-gallery-item__title\">\n\t\t\t\t\t\t\t\t\t\t\t\t\t\t\t\t\t\tAbertura da Semana Mundial do Brincar - Secretaria da Educa\u00e7\u00e3o3\t\t\t\t\t\t\t\t<\/div>\n\t\t\t\t\t\t\t\t\t\t\t\t<\/div>\n\t\t\t\t\t\t\t\t\t<\/a>\n\t\t\t\t\t\t\t<a class=\"e-gallery-item elementor-gallery-item elementor-animated-content\" data-e-gallery-tags=\"3\" href=\"https:\/\/portaleducacao.guarulhos.sp.gov.br\/wp_site\/semanadobrincar2025\/wp-content\/uploads\/sites\/40\/2025\/05\/Captura-de-tela-2025-05-29-155835.jpg\" data-elementor-open-lightbox=\"yes\" data-elementor-lightbox-slideshow=\"all-c04e26e\" data-elementor-lightbox-title=\"Acolhimento com os Violeiros no encontro formativo de Coordenadores Pedag\u00f3gicos da EJA\" data-e-action-hash=\"#elementor-action%3Aaction%3Dlightbox%26settings%3DeyJpZCI6MTAyMSwidXJsIjoiaHR0cHM6XC9cL3BvcnRhbGVkdWNhY2FvLmd1YXJ1bGhvcy5zcC5nb3YuYnJcL3dwX3NpdGVcL3NlbWFuYWRvYnJpbmNhcjIwMjVcL3dwLWNvbnRlbnRcL3VwbG9hZHNcL3NpdGVzXC80MFwvMjAyNVwvMDVcL0NhcHR1cmEtZGUtdGVsYS0yMDI1LTA1LTI5LTE1NTgzNS5qcGciLCJzbGlkZXNob3ciOiJhbGwtYzA0ZTI2ZSJ9\">\n\t\t\t\t\t<div class=\"e-gallery-image elementor-gallery-item__image\" data-thumbnail=\"https:\/\/portaleducacao.guarulhos.sp.gov.br\/wp_site\/semanadobrincar2025\/wp-content\/uploads\/sites\/40\/2025\/05\/Captura-de-tela-2025-05-29-155835.jpg\" data-width=\"256\" data-height=\"238\" alt=\"\" ><\/div>\n\t\t\t\t\t\t\t\t\t\t\t<div class=\"elementor-gallery-item__overlay\"><\/div>\n\t\t\t\t\t\t\t\t\t\t\t\t\t\t\t<div class=\"elementor-gallery-item__content\">\n\t\t\t\t\t\t\t\t\t\t\t\t\t\t<div class=\"elementor-gallery-item__title\">\n\t\t\t\t\t\t\t\t\t\t\t\t\t\t\t\t\t\tAcolhimento com os Violeiros no encontro formativo de Coordenadores Pedag\u00f3gicos da EJA\t\t\t\t\t\t\t\t<\/div>\n\t\t\t\t\t\t\t\t\t\t\t\t<\/div>\n\t\t\t\t\t\t\t\t\t<\/a>\n\t\t\t\t\t\t\t<a class=\"e-gallery-item elementor-gallery-item elementor-animated-content\" data-e-gallery-tags=\"3\" href=\"https:\/\/portaleducacao.guarulhos.sp.gov.br\/wp_site\/semanadobrincar2025\/wp-content\/uploads\/sites\/40\/2025\/05\/WhatsApp-Image-2025-05-29-at-15.54.43.jpeg\" data-elementor-open-lightbox=\"yes\" data-elementor-lightbox-slideshow=\"all-c04e26e\" data-elementor-lightbox-title=\"Acolhimento com os Violeiros no encontro formativo de Coordenadores Pedag\u00f3gicos da EJA\" data-e-action-hash=\"#elementor-action%3Aaction%3Dlightbox%26settings%3DeyJpZCI6MTAyMiwidXJsIjoiaHR0cHM6XC9cL3BvcnRhbGVkdWNhY2FvLmd1YXJ1bGhvcy5zcC5nb3YuYnJcL3dwX3NpdGVcL3NlbWFuYWRvYnJpbmNhcjIwMjVcL3dwLWNvbnRlbnRcL3VwbG9hZHNcL3NpdGVzXC80MFwvMjAyNVwvMDVcL1doYXRzQXBwLUltYWdlLTIwMjUtMDUtMjktYXQtMTUuNTQuNDMuanBlZyIsInNsaWRlc2hvdyI6ImFsbC1jMDRlMjZlIn0%3D\">\n\t\t\t\t\t<div class=\"e-gallery-image elementor-gallery-item__image\" data-thumbnail=\"https:\/\/portaleducacao.guarulhos.sp.gov.br\/wp_site\/semanadobrincar2025\/wp-content\/uploads\/sites\/40\/2025\/05\/WhatsApp-Image-2025-05-29-at-15.54.43.jpeg\" data-width=\"1600\" data-height=\"581\" alt=\"\" ><\/div>\n\t\t\t\t\t\t\t\t\t\t\t<div class=\"elementor-gallery-item__overlay\"><\/div>\n\t\t\t\t\t\t\t\t\t\t\t\t\t\t\t<div class=\"elementor-gallery-item__content\">\n\t\t\t\t\t\t\t\t\t\t\t\t\t\t<div class=\"elementor-gallery-item__title\">\n\t\t\t\t\t\t\t\t\t\t\t\t\t\t\t\t\t\tAcolhimento com os Violeiros no encontro formativo de Coordenadores Pedag\u00f3gicos da EJA\t\t\t\t\t\t\t\t<\/div>\n\t\t\t\t\t\t\t\t\t\t\t\t<\/div>\n\t\t\t\t\t\t\t\t\t<\/a>\n\t\t\t\t\t\t\t<a class=\"e-gallery-item elementor-gallery-item elementor-animated-content\" data-e-gallery-tags=\"3\" href=\"https:\/\/portaleducacao.guarulhos.sp.gov.br\/wp_site\/semanadobrincar2025\/wp-content\/uploads\/sites\/40\/2025\/05\/WhatsApp-Image-2025-05-29-at-15.54.44.jpeg\" data-elementor-open-lightbox=\"yes\" data-elementor-lightbox-slideshow=\"all-c04e26e\" data-elementor-lightbox-title=\"Acolhimento com os Violeiros no encontro formativo de Coordenadores Pedag\u00f3gicos da EJA\" data-e-action-hash=\"#elementor-action%3Aaction%3Dlightbox%26settings%3DeyJpZCI6MTAyMywidXJsIjoiaHR0cHM6XC9cL3BvcnRhbGVkdWNhY2FvLmd1YXJ1bGhvcy5zcC5nb3YuYnJcL3dwX3NpdGVcL3NlbWFuYWRvYnJpbmNhcjIwMjVcL3dwLWNvbnRlbnRcL3VwbG9hZHNcL3NpdGVzXC80MFwvMjAyNVwvMDVcL1doYXRzQXBwLUltYWdlLTIwMjUtMDUtMjktYXQtMTUuNTQuNDQuanBlZyIsInNsaWRlc2hvdyI6ImFsbC1jMDRlMjZlIn0%3D\">\n\t\t\t\t\t<div class=\"e-gallery-image elementor-gallery-item__image\" data-thumbnail=\"https:\/\/portaleducacao.guarulhos.sp.gov.br\/wp_site\/semanadobrincar2025\/wp-content\/uploads\/sites\/40\/2025\/05\/WhatsApp-Image-2025-05-29-at-15.54.44.jpeg\" data-width=\"1600\" data-height=\"1200\" alt=\"\" ><\/div>\n\t\t\t\t\t\t\t\t\t\t\t<div class=\"elementor-gallery-item__overlay\"><\/div>\n\t\t\t\t\t\t\t\t\t\t\t\t\t\t\t<div class=\"elementor-gallery-item__content\">\n\t\t\t\t\t\t\t\t\t\t\t\t\t\t<div class=\"elementor-gallery-item__title\">\n\t\t\t\t\t\t\t\t\t\t\t\t\t\t\t\t\t\tAcolhimento com os Violeiros no encontro formativo de Coordenadores Pedag\u00f3gicos da EJA\t\t\t\t\t\t\t\t<\/div>\n\t\t\t\t\t\t\t\t\t\t\t\t<\/div>\n\t\t\t\t\t\t\t\t\t<\/a>\n\t\t\t\t\t\t\t<a class=\"e-gallery-item elementor-gallery-item elementor-animated-content\" data-e-gallery-tags=\"3\" href=\"https:\/\/portaleducacao.guarulhos.sp.gov.br\/wp_site\/semanadobrincar2025\/wp-content\/uploads\/sites\/40\/2025\/05\/Captura-de-tela-2025-05-29-160145.jpg\" data-elementor-open-lightbox=\"yes\" data-elementor-lightbox-slideshow=\"all-c04e26e\" data-elementor-lightbox-title=\"Encontro Formativo A liberdade do brincar no Universo dos jovens e adultos com Leonardo Geronazzo para os Coordenadores da Pedag\u00f3gicos da EJA\" data-e-action-hash=\"#elementor-action%3Aaction%3Dlightbox%26settings%3DeyJpZCI6MTAzNiwidXJsIjoiaHR0cHM6XC9cL3BvcnRhbGVkdWNhY2FvLmd1YXJ1bGhvcy5zcC5nb3YuYnJcL3dwX3NpdGVcL3NlbWFuYWRvYnJpbmNhcjIwMjVcL3dwLWNvbnRlbnRcL3VwbG9hZHNcL3NpdGVzXC80MFwvMjAyNVwvMDVcL0NhcHR1cmEtZGUtdGVsYS0yMDI1LTA1LTI5LTE2MDE0NS5qcGciLCJzbGlkZXNob3ciOiJhbGwtYzA0ZTI2ZSJ9\">\n\t\t\t\t\t<div class=\"e-gallery-image elementor-gallery-item__image\" data-thumbnail=\"https:\/\/portaleducacao.guarulhos.sp.gov.br\/wp_site\/semanadobrincar2025\/wp-content\/uploads\/sites\/40\/2025\/05\/Captura-de-tela-2025-05-29-160145.jpg\" data-width=\"803\" data-height=\"435\" alt=\"\" ><\/div>\n\t\t\t\t\t\t\t\t\t\t\t<div class=\"elementor-gallery-item__overlay\"><\/div>\n\t\t\t\t\t\t\t\t\t\t\t\t\t\t\t<div class=\"elementor-gallery-item__content\">\n\t\t\t\t\t\t\t\t\t\t\t\t\t\t<div class=\"elementor-gallery-item__title\">\n\t\t\t\t\t\t\t\t\t\t\t\t\t\t\t\t\t\tEncontro Formativo A liberdade do brincar no Universo dos jovens e adultos com Leonardo Geronazzo para os Coordenadores da Pedag\u00f3gicos da EJA\t\t\t\t\t\t\t\t<\/div>\n\t\t\t\t\t\t\t\t\t\t\t\t<\/div>\n\t\t\t\t\t\t\t\t\t<\/a>\n\t\t\t\t\t\t\t<a class=\"e-gallery-item elementor-gallery-item elementor-animated-content\" data-e-gallery-tags=\"4\" href=\"https:\/\/portaleducacao.guarulhos.sp.gov.br\/wp_site\/semanadobrincar2025\/wp-content\/uploads\/sites\/40\/2025\/05\/Instituto-JB12-Casa-de-Acolhimento-Cristolandia.jpeg\" data-elementor-open-lightbox=\"yes\" data-elementor-lightbox-slideshow=\"all-c04e26e\" data-elementor-lightbox-title=\"Instituto JB12 - Casa de Acolhimento Cristol\u00e2ndia\" data-e-action-hash=\"#elementor-action%3Aaction%3Dlightbox%26settings%3DeyJpZCI6OTUxLCJ1cmwiOiJodHRwczpcL1wvcG9ydGFsZWR1Y2FjYW8uZ3VhcnVsaG9zLnNwLmdvdi5iclwvd3Bfc2l0ZVwvc2VtYW5hZG9icmluY2FyMjAyNVwvd3AtY29udGVudFwvdXBsb2Fkc1wvc2l0ZXNcLzQwXC8yMDI1XC8wNVwvSW5zdGl0dXRvLUpCMTItQ2FzYS1kZS1BY29saGltZW50by1DcmlzdG9sYW5kaWEuanBlZyIsInNsaWRlc2hvdyI6ImFsbC1jMDRlMjZlIn0%3D\">\n\t\t\t\t\t<div class=\"e-gallery-image elementor-gallery-item__image\" data-thumbnail=\"https:\/\/portaleducacao.guarulhos.sp.gov.br\/wp_site\/semanadobrincar2025\/wp-content\/uploads\/sites\/40\/2025\/05\/Instituto-JB12-Casa-de-Acolhimento-Cristolandia.jpeg\" data-width=\"960\" data-height=\"1280\" alt=\"\" ><\/div>\n\t\t\t\t\t\t\t\t\t\t\t<div class=\"elementor-gallery-item__overlay\"><\/div>\n\t\t\t\t\t\t\t\t\t\t\t\t\t\t\t<div class=\"elementor-gallery-item__content\">\n\t\t\t\t\t\t\t\t\t\t\t\t\t\t<div class=\"elementor-gallery-item__title\">\n\t\t\t\t\t\t\t\t\t\t\t\t\t\t\t\t\t\tInstituto JB12 - Casa de Acolhimento Cristol\u00e2ndia\t\t\t\t\t\t\t\t<\/div>\n\t\t\t\t\t\t\t\t\t\t\t\t<\/div>\n\t\t\t\t\t\t\t\t\t<\/a>\n\t\t\t\t\t\t\t<a class=\"e-gallery-item elementor-gallery-item elementor-animated-content\" data-e-gallery-tags=\"4\" href=\"https:\/\/portaleducacao.guarulhos.sp.gov.br\/wp_site\/semanadobrincar2025\/wp-content\/uploads\/sites\/40\/2025\/05\/Instituto-JB12-Casa-de-Acolhimento-Cristolandia1.jpeg\" data-elementor-open-lightbox=\"yes\" data-elementor-lightbox-slideshow=\"all-c04e26e\" data-elementor-lightbox-title=\"Instituto JB12 - Casa de Acolhimento Cristol\u00e2ndia1\" data-e-action-hash=\"#elementor-action%3Aaction%3Dlightbox%26settings%3DeyJpZCI6OTUyLCJ1cmwiOiJodHRwczpcL1wvcG9ydGFsZWR1Y2FjYW8uZ3VhcnVsaG9zLnNwLmdvdi5iclwvd3Bfc2l0ZVwvc2VtYW5hZG9icmluY2FyMjAyNVwvd3AtY29udGVudFwvdXBsb2Fkc1wvc2l0ZXNcLzQwXC8yMDI1XC8wNVwvSW5zdGl0dXRvLUpCMTItQ2FzYS1kZS1BY29saGltZW50by1DcmlzdG9sYW5kaWExLmpwZWciLCJzbGlkZXNob3ciOiJhbGwtYzA0ZTI2ZSJ9\">\n\t\t\t\t\t<div class=\"e-gallery-image elementor-gallery-item__image\" data-thumbnail=\"https:\/\/portaleducacao.guarulhos.sp.gov.br\/wp_site\/semanadobrincar2025\/wp-content\/uploads\/sites\/40\/2025\/05\/Instituto-JB12-Casa-de-Acolhimento-Cristolandia1.jpeg\" data-width=\"960\" data-height=\"1280\" alt=\"\" ><\/div>\n\t\t\t\t\t\t\t\t\t\t\t<div class=\"elementor-gallery-item__overlay\"><\/div>\n\t\t\t\t\t\t\t\t\t\t\t\t\t\t\t<div class=\"elementor-gallery-item__content\">\n\t\t\t\t\t\t\t\t\t\t\t\t\t\t<div class=\"elementor-gallery-item__title\">\n\t\t\t\t\t\t\t\t\t\t\t\t\t\t\t\t\t\tInstituto JB12 - Casa de Acolhimento Cristol\u00e2ndia1\t\t\t\t\t\t\t\t<\/div>\n\t\t\t\t\t\t\t\t\t\t\t\t<\/div>\n\t\t\t\t\t\t\t\t\t<\/a>\n\t\t\t\t\t\t\t<a class=\"e-gallery-item elementor-gallery-item elementor-animated-content\" data-e-gallery-tags=\"4\" href=\"https:\/\/portaleducacao.guarulhos.sp.gov.br\/wp_site\/semanadobrincar2025\/wp-content\/uploads\/sites\/40\/2025\/05\/Grupo-Brincantes-Casa-de-Acolhida-aos-Idosos-Sao-Vicente-de-Paula.jpeg\" data-elementor-open-lightbox=\"yes\" data-elementor-lightbox-slideshow=\"all-c04e26e\" data-elementor-lightbox-title=\"Grupo Brincantes - Casa de Acolhida aos Idosos S\u00e3o Vicente de Paula\" data-e-action-hash=\"#elementor-action%3Aaction%3Dlightbox%26settings%3DeyJpZCI6OTUzLCJ1cmwiOiJodHRwczpcL1wvcG9ydGFsZWR1Y2FjYW8uZ3VhcnVsaG9zLnNwLmdvdi5iclwvd3Bfc2l0ZVwvc2VtYW5hZG9icmluY2FyMjAyNVwvd3AtY29udGVudFwvdXBsb2Fkc1wvc2l0ZXNcLzQwXC8yMDI1XC8wNVwvR3J1cG8tQnJpbmNhbnRlcy1DYXNhLWRlLUFjb2xoaWRhLWFvcy1JZG9zb3MtU2FvLVZpY2VudGUtZGUtUGF1bGEuanBlZyIsInNsaWRlc2hvdyI6ImFsbC1jMDRlMjZlIn0%3D\">\n\t\t\t\t\t<div class=\"e-gallery-image elementor-gallery-item__image\" data-thumbnail=\"https:\/\/portaleducacao.guarulhos.sp.gov.br\/wp_site\/semanadobrincar2025\/wp-content\/uploads\/sites\/40\/2025\/05\/Grupo-Brincantes-Casa-de-Acolhida-aos-Idosos-Sao-Vicente-de-Paula.jpeg\" data-width=\"1034\" data-height=\"1262\" alt=\"\" ><\/div>\n\t\t\t\t\t\t\t\t\t\t\t<div class=\"elementor-gallery-item__overlay\"><\/div>\n\t\t\t\t\t\t\t\t\t\t\t\t\t\t\t<div class=\"elementor-gallery-item__content\">\n\t\t\t\t\t\t\t\t\t\t\t\t\t\t<div class=\"elementor-gallery-item__title\">\n\t\t\t\t\t\t\t\t\t\t\t\t\t\t\t\t\t\tGrupo Brincantes - Casa de Acolhida aos Idosos S\u00e3o Vicente de Paula\t\t\t\t\t\t\t\t<\/div>\n\t\t\t\t\t\t\t\t\t\t\t\t<\/div>\n\t\t\t\t\t\t\t\t\t<\/a>\n\t\t\t\t\t\t\t<a class=\"e-gallery-item elementor-gallery-item elementor-animated-content\" data-e-gallery-tags=\"4\" href=\"https:\/\/portaleducacao.guarulhos.sp.gov.br\/wp_site\/semanadobrincar2025\/wp-content\/uploads\/sites\/40\/2025\/05\/Grupo-Brincantes-Casa-de-Acolhida-aos-Idosos-Sao-Vicente-de-Paula1.jpeg\" data-elementor-open-lightbox=\"yes\" data-elementor-lightbox-slideshow=\"all-c04e26e\" data-elementor-lightbox-title=\"Grupo Brincantes - Casa de Acolhida aos Idosos S\u00e3o Vicente de Paula1\" data-e-action-hash=\"#elementor-action%3Aaction%3Dlightbox%26settings%3DeyJpZCI6OTU0LCJ1cmwiOiJodHRwczpcL1wvcG9ydGFsZWR1Y2FjYW8uZ3VhcnVsaG9zLnNwLmdvdi5iclwvd3Bfc2l0ZVwvc2VtYW5hZG9icmluY2FyMjAyNVwvd3AtY29udGVudFwvdXBsb2Fkc1wvc2l0ZXNcLzQwXC8yMDI1XC8wNVwvR3J1cG8tQnJpbmNhbnRlcy1DYXNhLWRlLUFjb2xoaWRhLWFvcy1JZG9zb3MtU2FvLVZpY2VudGUtZGUtUGF1bGExLmpwZWciLCJzbGlkZXNob3ciOiJhbGwtYzA0ZTI2ZSJ9\">\n\t\t\t\t\t<div class=\"e-gallery-image elementor-gallery-item__image\" data-thumbnail=\"https:\/\/portaleducacao.guarulhos.sp.gov.br\/wp_site\/semanadobrincar2025\/wp-content\/uploads\/sites\/40\/2025\/05\/Grupo-Brincantes-Casa-de-Acolhida-aos-Idosos-Sao-Vicente-de-Paula1.jpeg\" data-width=\"1204\" data-height=\"1600\" alt=\"\" ><\/div>\n\t\t\t\t\t\t\t\t\t\t\t<div class=\"elementor-gallery-item__overlay\"><\/div>\n\t\t\t\t\t\t\t\t\t\t\t\t\t\t\t<div class=\"elementor-gallery-item__content\">\n\t\t\t\t\t\t\t\t\t\t\t\t\t\t<div class=\"elementor-gallery-item__title\">\n\t\t\t\t\t\t\t\t\t\t\t\t\t\t\t\t\t\tGrupo Brincantes - Casa de Acolhida aos Idosos S\u00e3o Vicente de Paula1\t\t\t\t\t\t\t\t<\/div>\n\t\t\t\t\t\t\t\t\t\t\t\t<\/div>\n\t\t\t\t\t\t\t\t\t<\/a>\n\t\t\t\t\t\t\t<a class=\"e-gallery-item elementor-gallery-item elementor-animated-content\" data-e-gallery-tags=\"4\" href=\"https:\/\/portaleducacao.guarulhos.sp.gov.br\/wp_site\/semanadobrincar2025\/wp-content\/uploads\/sites\/40\/2025\/05\/Grupo-Brincantes-Casa-de-Acolhida-aos-Idosos-Sao-Vicente-de-Paula2.jpeg\" data-elementor-open-lightbox=\"yes\" data-elementor-lightbox-slideshow=\"all-c04e26e\" data-elementor-lightbox-title=\"Grupo Brincantes - Casa de Acolhida aos Idosos S\u00e3o Vicente de Paula2\" data-e-action-hash=\"#elementor-action%3Aaction%3Dlightbox%26settings%3DeyJpZCI6OTU1LCJ1cmwiOiJodHRwczpcL1wvcG9ydGFsZWR1Y2FjYW8uZ3VhcnVsaG9zLnNwLmdvdi5iclwvd3Bfc2l0ZVwvc2VtYW5hZG9icmluY2FyMjAyNVwvd3AtY29udGVudFwvdXBsb2Fkc1wvc2l0ZXNcLzQwXC8yMDI1XC8wNVwvR3J1cG8tQnJpbmNhbnRlcy1DYXNhLWRlLUFjb2xoaWRhLWFvcy1JZG9zb3MtU2FvLVZpY2VudGUtZGUtUGF1bGEyLmpwZWciLCJzbGlkZXNob3ciOiJhbGwtYzA0ZTI2ZSJ9\">\n\t\t\t\t\t<div class=\"e-gallery-image elementor-gallery-item__image\" data-thumbnail=\"https:\/\/portaleducacao.guarulhos.sp.gov.br\/wp_site\/semanadobrincar2025\/wp-content\/uploads\/sites\/40\/2025\/05\/Grupo-Brincantes-Casa-de-Acolhida-aos-Idosos-Sao-Vicente-de-Paula2.jpeg\" data-width=\"1114\" data-height=\"1328\" alt=\"\" ><\/div>\n\t\t\t\t\t\t\t\t\t\t\t<div class=\"elementor-gallery-item__overlay\"><\/div>\n\t\t\t\t\t\t\t\t\t\t\t\t\t\t\t<div class=\"elementor-gallery-item__content\">\n\t\t\t\t\t\t\t\t\t\t\t\t\t\t<div class=\"elementor-gallery-item__title\">\n\t\t\t\t\t\t\t\t\t\t\t\t\t\t\t\t\t\tGrupo Brincantes - Casa de Acolhida aos Idosos S\u00e3o Vicente de Paula2\t\t\t\t\t\t\t\t<\/div>\n\t\t\t\t\t\t\t\t\t\t\t\t<\/div>\n\t\t\t\t\t\t\t\t\t<\/a>\n\t\t\t\t\t\t\t<a class=\"e-gallery-item elementor-gallery-item elementor-animated-content\" data-e-gallery-tags=\"4\" href=\"https:\/\/portaleducacao.guarulhos.sp.gov.br\/wp_site\/semanadobrincar2025\/wp-content\/uploads\/sites\/40\/2025\/06\/Foto-6.png\" data-elementor-open-lightbox=\"yes\" data-elementor-lightbox-slideshow=\"all-c04e26e\" data-elementor-lightbox-title=\"Dan\u00e7a Ax\u00e9 com professor Luciano-Centro de conviv\u00eancia do idoso\" data-e-action-hash=\"#elementor-action%3Aaction%3Dlightbox%26settings%3DeyJpZCI6MTE4MywidXJsIjoiaHR0cHM6XC9cL3BvcnRhbGVkdWNhY2FvLmd1YXJ1bGhvcy5zcC5nb3YuYnJcL3dwX3NpdGVcL3NlbWFuYWRvYnJpbmNhcjIwMjVcL3dwLWNvbnRlbnRcL3VwbG9hZHNcL3NpdGVzXC80MFwvMjAyNVwvMDZcL0ZvdG8tNi5wbmciLCJzbGlkZXNob3ciOiJhbGwtYzA0ZTI2ZSJ9\">\n\t\t\t\t\t<div class=\"e-gallery-image elementor-gallery-item__image\" data-thumbnail=\"https:\/\/portaleducacao.guarulhos.sp.gov.br\/wp_site\/semanadobrincar2025\/wp-content\/uploads\/sites\/40\/2025\/06\/Foto-6.png\" data-width=\"1200\" data-height=\"1600\" alt=\"\" ><\/div>\n\t\t\t\t\t\t\t\t\t\t\t<div class=\"elementor-gallery-item__overlay\"><\/div>\n\t\t\t\t\t\t\t\t\t\t\t\t\t\t\t<div class=\"elementor-gallery-item__content\">\n\t\t\t\t\t\t\t\t\t\t\t\t\t\t<div class=\"elementor-gallery-item__title\">\n\t\t\t\t\t\t\t\t\t\t\t\t\t\t\t\t\t\tDan\u00e7a Ax\u00e9 com professor Luciano-Centro de conviv\u00eancia do idoso\t\t\t\t\t\t\t\t<\/div>\n\t\t\t\t\t\t\t\t\t\t\t\t<\/div>\n\t\t\t\t\t\t\t\t\t<\/a>\n\t\t\t\t\t\t\t<a class=\"e-gallery-item elementor-gallery-item elementor-animated-content\" data-e-gallery-tags=\"4\" href=\"https:\/\/portaleducacao.guarulhos.sp.gov.br\/wp_site\/semanadobrincar2025\/wp-content\/uploads\/sites\/40\/2025\/06\/Foto-5.png\" data-elementor-open-lightbox=\"yes\" data-elementor-lightbox-slideshow=\"all-c04e26e\" data-elementor-lightbox-title=\"Dan\u00e7a Ax\u00e9 com professor Luciano-Centro de conviv\u00eancia do idoso\" data-e-action-hash=\"#elementor-action%3Aaction%3Dlightbox%26settings%3DeyJpZCI6MTE4MiwidXJsIjoiaHR0cHM6XC9cL3BvcnRhbGVkdWNhY2FvLmd1YXJ1bGhvcy5zcC5nb3YuYnJcL3dwX3NpdGVcL3NlbWFuYWRvYnJpbmNhcjIwMjVcL3dwLWNvbnRlbnRcL3VwbG9hZHNcL3NpdGVzXC80MFwvMjAyNVwvMDZcL0ZvdG8tNS5wbmciLCJzbGlkZXNob3ciOiJhbGwtYzA0ZTI2ZSJ9\">\n\t\t\t\t\t<div class=\"e-gallery-image elementor-gallery-item__image\" data-thumbnail=\"https:\/\/portaleducacao.guarulhos.sp.gov.br\/wp_site\/semanadobrincar2025\/wp-content\/uploads\/sites\/40\/2025\/06\/Foto-5.png\" data-width=\"1200\" data-height=\"1600\" alt=\"\" ><\/div>\n\t\t\t\t\t\t\t\t\t\t\t<div class=\"elementor-gallery-item__overlay\"><\/div>\n\t\t\t\t\t\t\t\t\t\t\t\t\t\t\t<div class=\"elementor-gallery-item__content\">\n\t\t\t\t\t\t\t\t\t\t\t\t\t\t<div class=\"elementor-gallery-item__title\">\n\t\t\t\t\t\t\t\t\t\t\t\t\t\t\t\t\t\tDan\u00e7a Ax\u00e9 com professor Luciano-Centro de conviv\u00eancia do idoso\t\t\t\t\t\t\t\t<\/div>\n\t\t\t\t\t\t\t\t\t\t\t\t<\/div>\n\t\t\t\t\t\t\t\t\t<\/a>\n\t\t\t\t\t\t\t<a class=\"e-gallery-item elementor-gallery-item elementor-animated-content\" data-e-gallery-tags=\"4\" href=\"https:\/\/portaleducacao.guarulhos.sp.gov.br\/wp_site\/semanadobrincar2025\/wp-content\/uploads\/sites\/40\/2025\/06\/Foto-4.png\" data-elementor-open-lightbox=\"yes\" data-elementor-lightbox-slideshow=\"all-c04e26e\" data-elementor-lightbox-title=\"Dan\u00e7a Ax\u00e9 com professor Luciano-Centro de conviv\u00eancia do idoso\" data-e-action-hash=\"#elementor-action%3Aaction%3Dlightbox%26settings%3DeyJpZCI6MTE4MSwidXJsIjoiaHR0cHM6XC9cL3BvcnRhbGVkdWNhY2FvLmd1YXJ1bGhvcy5zcC5nb3YuYnJcL3dwX3NpdGVcL3NlbWFuYWRvYnJpbmNhcjIwMjVcL3dwLWNvbnRlbnRcL3VwbG9hZHNcL3NpdGVzXC80MFwvMjAyNVwvMDZcL0ZvdG8tNC5wbmciLCJzbGlkZXNob3ciOiJhbGwtYzA0ZTI2ZSJ9\">\n\t\t\t\t\t<div class=\"e-gallery-image elementor-gallery-item__image\" data-thumbnail=\"https:\/\/portaleducacao.guarulhos.sp.gov.br\/wp_site\/semanadobrincar2025\/wp-content\/uploads\/sites\/40\/2025\/06\/Foto-4.png\" data-width=\"1528\" data-height=\"1528\" alt=\"\" ><\/div>\n\t\t\t\t\t\t\t\t\t\t\t<div class=\"elementor-gallery-item__overlay\"><\/div>\n\t\t\t\t\t\t\t\t\t\t\t\t\t\t\t<div class=\"elementor-gallery-item__content\">\n\t\t\t\t\t\t\t\t\t\t\t\t\t\t<div class=\"elementor-gallery-item__title\">\n\t\t\t\t\t\t\t\t\t\t\t\t\t\t\t\t\t\tDan\u00e7a Ax\u00e9 com professor Luciano-Centro de conviv\u00eancia do idoso\t\t\t\t\t\t\t\t<\/div>\n\t\t\t\t\t\t\t\t\t\t\t\t<\/div>\n\t\t\t\t\t\t\t\t\t<\/a>\n\t\t\t\t\t\t\t<a class=\"e-gallery-item elementor-gallery-item elementor-animated-content\" data-e-gallery-tags=\"4\" href=\"https:\/\/portaleducacao.guarulhos.sp.gov.br\/wp_site\/semanadobrincar2025\/wp-content\/uploads\/sites\/40\/2025\/06\/Foto-3.png\" data-elementor-open-lightbox=\"yes\" data-elementor-lightbox-slideshow=\"all-c04e26e\" data-elementor-lightbox-title=\"Dan\u00e7a Ax\u00e9 com professor Luciano-Centro de conviv\u00eancia do idoso\" data-e-action-hash=\"#elementor-action%3Aaction%3Dlightbox%26settings%3DeyJpZCI6MTE4MCwidXJsIjoiaHR0cHM6XC9cL3BvcnRhbGVkdWNhY2FvLmd1YXJ1bGhvcy5zcC5nb3YuYnJcL3dwX3NpdGVcL3NlbWFuYWRvYnJpbmNhcjIwMjVcL3dwLWNvbnRlbnRcL3VwbG9hZHNcL3NpdGVzXC80MFwvMjAyNVwvMDZcL0ZvdG8tMy5wbmciLCJzbGlkZXNob3ciOiJhbGwtYzA0ZTI2ZSJ9\">\n\t\t\t\t\t<div class=\"e-gallery-image elementor-gallery-item__image\" data-thumbnail=\"https:\/\/portaleducacao.guarulhos.sp.gov.br\/wp_site\/semanadobrincar2025\/wp-content\/uploads\/sites\/40\/2025\/06\/Foto-3.png\" data-width=\"1528\" data-height=\"1528\" alt=\"\" ><\/div>\n\t\t\t\t\t\t\t\t\t\t\t<div class=\"elementor-gallery-item__overlay\"><\/div>\n\t\t\t\t\t\t\t\t\t\t\t\t\t\t\t<div class=\"elementor-gallery-item__content\">\n\t\t\t\t\t\t\t\t\t\t\t\t\t\t<div class=\"elementor-gallery-item__title\">\n\t\t\t\t\t\t\t\t\t\t\t\t\t\t\t\t\t\tDan\u00e7a Ax\u00e9 com professor Luciano-Centro de conviv\u00eancia do idoso\t\t\t\t\t\t\t\t<\/div>\n\t\t\t\t\t\t\t\t\t\t\t\t<\/div>\n\t\t\t\t\t\t\t\t\t<\/a>\n\t\t\t\t\t\t\t<a class=\"e-gallery-item elementor-gallery-item elementor-animated-content\" data-e-gallery-tags=\"4\" href=\"https:\/\/portaleducacao.guarulhos.sp.gov.br\/wp_site\/semanadobrincar2025\/wp-content\/uploads\/sites\/40\/2025\/06\/Foto-2.png\" data-elementor-open-lightbox=\"yes\" data-elementor-lightbox-slideshow=\"all-c04e26e\" data-elementor-lightbox-title=\"Dan\u00e7a Ax\u00e9 com professor Luciano-Centro de conviv\u00eancia do idoso\" data-e-action-hash=\"#elementor-action%3Aaction%3Dlightbox%26settings%3DeyJpZCI6MTE3OSwidXJsIjoiaHR0cHM6XC9cL3BvcnRhbGVkdWNhY2FvLmd1YXJ1bGhvcy5zcC5nb3YuYnJcL3dwX3NpdGVcL3NlbWFuYWRvYnJpbmNhcjIwMjVcL3dwLWNvbnRlbnRcL3VwbG9hZHNcL3NpdGVzXC80MFwvMjAyNVwvMDZcL0ZvdG8tMi5wbmciLCJzbGlkZXNob3ciOiJhbGwtYzA0ZTI2ZSJ9\">\n\t\t\t\t\t<div class=\"e-gallery-image elementor-gallery-item__image\" data-thumbnail=\"https:\/\/portaleducacao.guarulhos.sp.gov.br\/wp_site\/semanadobrincar2025\/wp-content\/uploads\/sites\/40\/2025\/06\/Foto-2.png\" data-width=\"1200\" data-height=\"1600\" alt=\"\" ><\/div>\n\t\t\t\t\t\t\t\t\t\t\t<div class=\"elementor-gallery-item__overlay\"><\/div>\n\t\t\t\t\t\t\t\t\t\t\t\t\t\t\t<div class=\"elementor-gallery-item__content\">\n\t\t\t\t\t\t\t\t\t\t\t\t\t\t<div class=\"elementor-gallery-item__title\">\n\t\t\t\t\t\t\t\t\t\t\t\t\t\t\t\t\t\tDan\u00e7a Ax\u00e9 com professor Luciano-Centro de conviv\u00eancia do idoso\t\t\t\t\t\t\t\t<\/div>\n\t\t\t\t\t\t\t\t\t\t\t\t<\/div>\n\t\t\t\t\t\t\t\t\t<\/a>\n\t\t\t\t\t\t\t<a class=\"e-gallery-item elementor-gallery-item elementor-animated-content\" data-e-gallery-tags=\"4\" href=\"https:\/\/portaleducacao.guarulhos.sp.gov.br\/wp_site\/semanadobrincar2025\/wp-content\/uploads\/sites\/40\/2025\/06\/Foto-1.png\" data-elementor-open-lightbox=\"yes\" data-elementor-lightbox-slideshow=\"all-c04e26e\" data-elementor-lightbox-title=\"Dan\u00e7a Ax\u00e9 com professor Luciano-Centro de conviv\u00eancia do idoso\" data-e-action-hash=\"#elementor-action%3Aaction%3Dlightbox%26settings%3DeyJpZCI6MTE3OCwidXJsIjoiaHR0cHM6XC9cL3BvcnRhbGVkdWNhY2FvLmd1YXJ1bGhvcy5zcC5nb3YuYnJcL3dwX3NpdGVcL3NlbWFuYWRvYnJpbmNhcjIwMjVcL3dwLWNvbnRlbnRcL3VwbG9hZHNcL3NpdGVzXC80MFwvMjAyNVwvMDZcL0ZvdG8tMS5wbmciLCJzbGlkZXNob3ciOiJhbGwtYzA0ZTI2ZSJ9\">\n\t\t\t\t\t<div class=\"e-gallery-image elementor-gallery-item__image\" data-thumbnail=\"https:\/\/portaleducacao.guarulhos.sp.gov.br\/wp_site\/semanadobrincar2025\/wp-content\/uploads\/sites\/40\/2025\/06\/Foto-1.png\" data-width=\"1200\" data-height=\"1081\" alt=\"\" ><\/div>\n\t\t\t\t\t\t\t\t\t\t\t<div class=\"elementor-gallery-item__overlay\"><\/div>\n\t\t\t\t\t\t\t\t\t\t\t\t\t\t\t<div class=\"elementor-gallery-item__content\">\n\t\t\t\t\t\t\t\t\t\t\t\t\t\t<div class=\"elementor-gallery-item__title\">\n\t\t\t\t\t\t\t\t\t\t\t\t\t\t\t\t\t\tDan\u00e7a Ax\u00e9 com professor Luciano-Centro de conviv\u00eancia do idoso\t\t\t\t\t\t\t\t<\/div>\n\t\t\t\t\t\t\t\t\t\t\t\t<\/div>\n\t\t\t\t\t\t\t\t\t<\/a>\n\t\t\t\t\t<\/div>\n\t\t\t<\/div>\n\t\t\t\t<\/div>\n\t\t\t\t\t<\/div>\n\t\t<\/div>\n\t\t\t\t\t\t\t<\/div>\n\t\t<\/section>\n\t\t\t\t<section class=\"elementor-section elementor-top-section elementor-element elementor-element-dd4d792 elementor-section-boxed elementor-section-height-default elementor-section-height-default\" data-id=\"dd4d792\" data-element_type=\"section\">\n\t\t\t\t\t\t<div class=\"elementor-container elementor-column-gap-default\">\n\t\t\t\t\t<div class=\"elementor-column elementor-col-100 elementor-top-column elementor-element elementor-element-84a4573\" data-id=\"84a4573\" data-element_type=\"column\">\n\t\t\t<div class=\"elementor-widget-wrap elementor-element-populated\">\n\t\t\t\t\t\t\t\t<div class=\"elementor-element elementor-element-07839ad elementor-widget elementor-widget-spacer\" data-id=\"07839ad\" data-element_type=\"widget\" data-widget_type=\"spacer.default\">\n\t\t\t\t<div class=\"elementor-widget-container\">\n\t\t\t\t\t<div class=\"elementor-spacer\">\n\t\t\t<div class=\"elementor-spacer-inner\"><\/div>\n\t\t<\/div>\n\t\t\t\t<\/div>\n\t\t\t\t<\/div>\n\t\t\t\t\t<\/div>\n\t\t<\/div>\n\t\t\t\t\t\t\t<\/div>\n\t\t<\/section>\n\t\t\t\t<section class=\"elementor-section elementor-top-section elementor-element elementor-element-4f4716e elementor-section-boxed elementor-section-height-default elementor-section-height-default\" data-id=\"4f4716e\" data-element_type=\"section\">\n\t\t\t\t\t\t<div class=\"elementor-container elementor-column-gap-default\">\n\t\t\t\t\t<div class=\"elementor-column elementor-col-33 elementor-top-column elementor-element elementor-element-4d57117\" data-id=\"4d57117\" data-element_type=\"column\">\n\t\t\t<div class=\"elementor-widget-wrap elementor-element-populated\">\n\t\t\t\t\t\t\t\t<div class=\"elementor-element elementor-element-7a4a4e4 elementor-widget elementor-widget-image\" data-id=\"7a4a4e4\" data-element_type=\"widget\" data-widget_type=\"image.default\">\n\t\t\t\t<div class=\"elementor-widget-container\">\n\t\t\t\t\t\t\t\t\t\t\t\t\t\t\t<img width=\"1024\" height=\"461\" src=\"https:\/\/portaleducacao.guarulhos.sp.gov.br\/wp_site\/semanadobrincar2025\/wp-content\/uploads\/sites\/40\/2025\/05\/Ativo-5-1024x461.png\" class=\"attachment-large size-large wp-image-733\" alt=\"\" loading=\"lazy\" srcset=\"https:\/\/portaleducacao.guarulhos.sp.gov.br\/wp_site\/semanadobrincar2025\/wp-content\/uploads\/sites\/40\/2025\/05\/Ativo-5-1024x461.png 1024w, https:\/\/portaleducacao.guarulhos.sp.gov.br\/wp_site\/semanadobrincar2025\/wp-content\/uploads\/sites\/40\/2025\/05\/Ativo-5-300x135.png 300w, https:\/\/portaleducacao.guarulhos.sp.gov.br\/wp_site\/semanadobrincar2025\/wp-content\/uploads\/sites\/40\/2025\/05\/Ativo-5-768x346.png 768w, https:\/\/portaleducacao.guarulhos.sp.gov.br\/wp_site\/semanadobrincar2025\/wp-content\/uploads\/sites\/40\/2025\/05\/Ativo-5-1536x691.png 1536w, https:\/\/portaleducacao.guarulhos.sp.gov.br\/wp_site\/semanadobrincar2025\/wp-content\/uploads\/sites\/40\/2025\/05\/Ativo-5.png 1673w\" sizes=\"(max-width: 1024px) 100vw, 1024px\" \/>\t\t\t\t\t\t\t\t\t\t\t\t\t\t\t<\/div>\n\t\t\t\t<\/div>\n\t\t\t\t\t<\/div>\n\t\t<\/div>\n\t\t\t\t<div class=\"elementor-column elementor-col-33 elementor-top-column elementor-element elementor-element-cc42ff3\" data-id=\"cc42ff3\" data-element_type=\"column\">\n\t\t\t<div class=\"elementor-widget-wrap\">\n\t\t\t\t\t\t\t\t\t<\/div>\n\t\t<\/div>\n\t\t\t\t<div class=\"elementor-column elementor-col-33 elementor-top-column elementor-element elementor-element-babc945\" data-id=\"babc945\" data-element_type=\"column\">\n\t\t\t<div class=\"elementor-widget-wrap\">\n\t\t\t\t\t\t\t\t\t<\/div>\n\t\t<\/div>\n\t\t\t\t\t\t\t<\/div>\n\t\t<\/section>\n\t\t\t\t<section class=\"elementor-section elementor-top-section elementor-element elementor-element-a103e44 elementor-section-boxed elementor-section-height-default elementor-section-height-default\" data-id=\"a103e44\" data-element_type=\"section\">\n\t\t\t\t\t\t<div class=\"elementor-container elementor-column-gap-default\">\n\t\t\t\t\t<div class=\"elementor-column elementor-col-100 elementor-top-column elementor-element elementor-element-06b613b\" data-id=\"06b613b\" data-element_type=\"column\">\n\t\t\t<div class=\"elementor-widget-wrap elementor-element-populated\">\n\t\t\t\t\t\t\t\t<div class=\"elementor-element elementor-element-6674638 elementor-widget elementor-widget-spacer\" data-id=\"6674638\" data-element_type=\"widget\" data-widget_type=\"spacer.default\">\n\t\t\t\t<div class=\"elementor-widget-container\">\n\t\t\t\t\t<div class=\"elementor-spacer\">\n\t\t\t<div class=\"elementor-spacer-inner\"><\/div>\n\t\t<\/div>\n\t\t\t\t<\/div>\n\t\t\t\t<\/div>\n\t\t\t\t\t<\/div>\n\t\t<\/div>\n\t\t\t\t\t\t\t<\/div>\n\t\t<\/section>\n\t\t\t\t<section class=\"elementor-section elementor-top-section elementor-element elementor-element-4d83a37 elementor-hidden-mobile elementor-section-boxed elementor-section-height-default elementor-section-height-default\" data-id=\"4d83a37\" data-element_type=\"section\">\n\t\t\t\t\t\t<div class=\"elementor-container elementor-column-gap-default\">\n\t\t\t\t\t<div class=\"elementor-column elementor-col-100 elementor-top-column elementor-element elementor-element-4f4927e\" data-id=\"4f4927e\" data-element_type=\"column\">\n\t\t\t<div class=\"elementor-widget-wrap elementor-element-populated\">\n\t\t\t\t\t\t\t\t<div class=\"elementor-element elementor-element-04fa706 elementor-skin-coverflow elementor-arrows-yes elementor-pagination-type-bullets elementor-pagination-position-outside elementor-widget elementor-widget-media-carousel\" data-id=\"04fa706\" data-element_type=\"widget\" data-settings=\"{&quot;skin&quot;:&quot;coverflow&quot;,&quot;slides_per_view&quot;:&quot;3&quot;,&quot;slides_to_scroll&quot;:&quot;1&quot;,&quot;show_arrows&quot;:&quot;yes&quot;,&quot;pagination&quot;:&quot;bullets&quot;,&quot;speed&quot;:500,&quot;autoplay&quot;:&quot;yes&quot;,&quot;autoplay_speed&quot;:5000,&quot;loop&quot;:&quot;yes&quot;,&quot;pause_on_hover&quot;:&quot;yes&quot;,&quot;pause_on_interaction&quot;:&quot;yes&quot;,&quot;space_between&quot;:{&quot;unit&quot;:&quot;px&quot;,&quot;size&quot;:10,&quot;sizes&quot;:[]},&quot;space_between_tablet&quot;:{&quot;unit&quot;:&quot;px&quot;,&quot;size&quot;:10,&quot;sizes&quot;:[]},&quot;space_between_mobile&quot;:{&quot;unit&quot;:&quot;px&quot;,&quot;size&quot;:10,&quot;sizes&quot;:[]}}\" data-widget_type=\"media-carousel.default\">\n\t\t\t\t<div class=\"elementor-widget-container\">\n\t\t\t<link rel=\"stylesheet\" href=\"https:\/\/portaleducacao.guarulhos.sp.gov.br\/wp_site\/semanadobrincar2025\/wp-content\/plugins\/elementor-pro\/assets\/css\/widget-carousel.min.css\">\t\t<div class=\"elementor-swiper\">\n\t\t\t<div class=\"elementor-main-swiper swiper\">\n\t\t\t\t<div class=\"swiper-wrapper\">\n\t\t\t\t\t\t\t\t\t\t\t<div class=\"swiper-slide\">\n\t\t\t\t\t\t\t<a href=\"https:\/\/youtu.be\/4KoSmEBGSQ0?si=Ha8mIIZ1WBWMNgFC\">\t\t<div class=\"elementor-carousel-image\" style=\"background-image: url(&#039;https:\/\/portaleducacao.guarulhos.sp.gov.br\/wp_site\/semanadobrincar2025\/wp-content\/uploads\/sites\/40\/2025\/05\/WhatsApp-Image-2025-05-27-at-12.43.18.jpeg&#039;)\">\n\n\t\t\t\n\t\t\t\t\t<\/div>\n\t\t\t\t\t<div class=\"elementor-carousel-image-overlay e-overlay-animation-fade\">\n\t\t\t\tEduca\u00e7\u00e3o infantil \u2013 experi\u00eancias exitosas de educa\u00e7\u00e3o para refugiados e migrantes no Brasil\t\t\t<\/div>\n\t\t\t<\/a>\t\t\t\t\t\t<\/div>\n\t\t\t\t\t\t\t\t\t\t\t<div class=\"swiper-slide\">\n\t\t\t\t\t\t\t<a href=\"https:\/\/youtu.be\/3qHyXfdQr-E?si=Hx1-wsz9ohP3k2na\">\t\t<div class=\"elementor-carousel-image\" style=\"background-image: url(&#039;https:\/\/portaleducacao.guarulhos.sp.gov.br\/wp_site\/semanadobrincar2025\/wp-content\/uploads\/sites\/40\/2025\/05\/Captura-de-Tela-12.png&#039;)\">\n\n\t\t\t\n\t\t\t\t\t<\/div>\n\t\t\t\t\t<div class=\"elementor-carousel-image-overlay e-overlay-animation-fade\">\n\t\t\t\tCIRANDA DO BRINCAR - Alto do Toror\u00f3\t\t\t<\/div>\n\t\t\t<\/a>\t\t\t\t\t\t<\/div>\n\t\t\t\t\t\t\t\t\t\t\t<div class=\"swiper-slide\">\n\t\t\t\t\t\t\t<a href=\"https:\/\/youtu.be\/sSiXXt1jldM?si=XYrI-Nv0dXo1n6YD\">\t\t<div class=\"elementor-carousel-image\" style=\"background-image: url(&#039;https:\/\/portaleducacao.guarulhos.sp.gov.br\/wp_site\/semanadobrincar2025\/wp-content\/uploads\/sites\/40\/2025\/05\/WhatsApp-Image-2025-05-27-at-13.04.02.jpeg&#039;)\">\n\n\t\t\t\n\t\t\t\t\t<\/div>\n\t\t\t\t\t<div class=\"elementor-carousel-image-overlay e-overlay-animation-fade\">\n\t\t\t\tO Melhor Som do Mundo\t\t\t<\/div>\n\t\t\t<\/a>\t\t\t\t\t\t<\/div>\n\t\t\t\t\t\t\t\t\t\t\t<div class=\"swiper-slide\">\n\t\t\t\t\t\t\t<a href=\"https:\/\/youtu.be\/t0s1mGQxhAI?si=n5l-gMg4_31wRmHE\">\t\t<div class=\"elementor-carousel-image\" style=\"background-image: url(&#039;https:\/\/portaleducacao.guarulhos.sp.gov.br\/wp_site\/semanadobrincar2025\/wp-content\/uploads\/sites\/40\/2025\/05\/Captura-de-Tela-13.png&#039;)\">\n\n\t\t\t\n\t\t\t\t\t<\/div>\n\t\t\t\t\t<div class=\"elementor-carousel-image-overlay e-overlay-animation-fade\">\n\t\t\t\tO Fim do Recreio (Vin\u00edcius Mazzon e N\u00e9lio Spr\u00e9a, 2012)\t\t\t<\/div>\n\t\t\t<\/a>\t\t\t\t\t\t<\/div>\n\t\t\t\t\t\t\t\t\t\t\t<div class=\"swiper-slide\">\n\t\t\t\t\t\t\t<a href=\"https:\/\/youtu.be\/jBsRvI3nX_M?si=sAty1gm3KaTBbEor\">\t\t<div class=\"elementor-carousel-image\" style=\"background-image: url(&#039;https:\/\/portaleducacao.guarulhos.sp.gov.br\/wp_site\/semanadobrincar2025\/wp-content\/uploads\/sites\/40\/2025\/05\/WhatsApp-Image-2025-05-27-at-13.12.38.jpeg&#039;)\">\n\n\t\t\t\n\t\t\t\t\t<\/div>\n\t\t\t\t\t<div class=\"elementor-carousel-image-overlay e-overlay-animation-fade\">\n\t\t\t\tA import\u00e2ncia do brincar - 7 Experi\u00eancias Fundamentais\t\t\t<\/div>\n\t\t\t<\/a>\t\t\t\t\t\t<\/div>\n\t\t\t\t\t\t\t\t\t\t\t<div class=\"swiper-slide\">\n\t\t\t\t\t\t\t<a href=\"https:\/\/youtu.be\/S7SzabLDS0Q?si=lSwQN3kWfISd726g\">\t\t<div class=\"elementor-carousel-image\" style=\"background-image: url(&#039;https:\/\/portaleducacao.guarulhos.sp.gov.br\/wp_site\/semanadobrincar2025\/wp-content\/uploads\/sites\/40\/2025\/05\/WhatsApp-Image-2025-05-27-at-13.04.01.jpeg&#039;)\">\n\n\t\t\t\n\t\t\t\t\t<\/div>\n\t\t\t\t\t<div class=\"elementor-carousel-image-overlay e-overlay-animation-fade\">\n\t\t\t\tAs aventuras de um menino e sua caixa de papel\u00e3o\t\t\t<\/div>\n\t\t\t<\/a>\t\t\t\t\t\t<\/div>\n\t\t\t\t\t\t\t\t\t\t\t<div class=\"swiper-slide\">\n\t\t\t\t\t\t\t<a href=\"https:\/\/youtu.be\/OgDm99tQzOk?si=lcqHDbbNHBkK_e-K\">\t\t<div class=\"elementor-carousel-image\" style=\"background-image: url(&#039;https:\/\/portaleducacao.guarulhos.sp.gov.br\/wp_site\/semanadobrincar2025\/wp-content\/uploads\/sites\/40\/2025\/05\/WhatsApp-Image-2025-05-27-at-13.04.02-1.jpeg&#039;)\">\n\n\t\t\t\n\t\t\t\t\t<\/div>\n\t\t\t\t\t<div class=\"elementor-carousel-image-overlay e-overlay-animation-fade\">\n\t\t\t\tFilme Dif\u00edcil \u00c9 N\u00e3o Brincar\t\t\t<\/div>\n\t\t\t<\/a>\t\t\t\t\t\t<\/div>\n\t\t\t\t\t\t\t\t\t\t\t<div class=\"swiper-slide\">\n\t\t\t\t\t\t\t<a href=\"https:\/\/youtu.be\/20ZVFJjn2gc?si=jC5XtrMBw1JDdoZ8\">\t\t<div class=\"elementor-carousel-image\" style=\"background-image: url(&#039;https:\/\/portaleducacao.guarulhos.sp.gov.br\/wp_site\/semanadobrincar2025\/wp-content\/uploads\/sites\/40\/2025\/05\/WhatsApp-Image-2025-05-27-at-13.04.01-1.jpeg&#039;)\">\n\n\t\t\t\n\t\t\t\t\t<\/div>\n\t\t\t\t\t<div class=\"elementor-carousel-image-overlay e-overlay-animation-fade\">\n\t\t\t\tPatios Escolares Naturalizados\t\t\t<\/div>\n\t\t\t<\/a>\t\t\t\t\t\t<\/div>\n\t\t\t\t\t\t\t\t\t<\/div>\n\t\t\t\t\t\t\t\t\t\t\t\t\t\t\t<div class=\"swiper-pagination\"><\/div>\n\t\t\t\t\t\t\t\t\t\t\t\t\t\t\t\t<div class=\"elementor-swiper-button elementor-swiper-button-prev\">\n\t\t\t\t\t\t\t<i aria-hidden=\"true\" class=\"eicon-chevron-left\"><\/i>\t\t\t\t\t\t\t<span class=\"elementor-screen-only\">Previous<\/span>\n\t\t\t\t\t\t<\/div>\n\t\t\t\t\t\t<div class=\"elementor-swiper-button elementor-swiper-button-next\">\n\t\t\t\t\t\t\t<i aria-hidden=\"true\" class=\"eicon-chevron-right\"><\/i>\t\t\t\t\t\t\t<span class=\"elementor-screen-only\">Next<\/span>\n\t\t\t\t\t\t<\/div>\n\t\t\t\t\t\t\t\t\t\t\t\t<\/div>\n\t\t<\/div>\n\t\t\t\t<\/div>\n\t\t\t\t<\/div>\n\t\t\t\t\t<\/div>\n\t\t<\/div>\n\t\t\t\t\t\t\t<\/div>\n\t\t<\/section>\n\t\t\t\t<section class=\"elementor-section elementor-top-section elementor-element elementor-element-3a2adf3 elementor-hidden-desktop elementor-hidden-tablet elementor-section-boxed elementor-section-height-default elementor-section-height-default\" data-id=\"3a2adf3\" data-element_type=\"section\">\n\t\t\t\t\t\t<div class=\"elementor-container elementor-column-gap-default\">\n\t\t\t\t\t<div class=\"elementor-column elementor-col-100 elementor-top-column elementor-element elementor-element-21a90c4\" data-id=\"21a90c4\" data-element_type=\"column\">\n\t\t\t<div class=\"elementor-widget-wrap elementor-element-populated\">\n\t\t\t\t\t\t\t\t<div class=\"elementor-element elementor-element-e01b79f elementor-widget-mobile__width-initial elementor-skin-carousel elementor-arrows-yes elementor-pagination-type-bullets elementor-pagination-position-outside elementor-widget elementor-widget-media-carousel\" data-id=\"e01b79f\" data-element_type=\"widget\" data-settings=\"{&quot;slides_per_view&quot;:&quot;3&quot;,&quot;slides_to_scroll&quot;:&quot;1&quot;,&quot;space_between_mobile&quot;:{&quot;unit&quot;:&quot;px&quot;,&quot;size&quot;:17,&quot;sizes&quot;:[]},&quot;skin&quot;:&quot;carousel&quot;,&quot;effect&quot;:&quot;slide&quot;,&quot;show_arrows&quot;:&quot;yes&quot;,&quot;pagination&quot;:&quot;bullets&quot;,&quot;speed&quot;:500,&quot;autoplay&quot;:&quot;yes&quot;,&quot;autoplay_speed&quot;:5000,&quot;loop&quot;:&quot;yes&quot;,&quot;pause_on_hover&quot;:&quot;yes&quot;,&quot;pause_on_interaction&quot;:&quot;yes&quot;,&quot;space_between&quot;:{&quot;unit&quot;:&quot;px&quot;,&quot;size&quot;:10,&quot;sizes&quot;:[]},&quot;space_between_tablet&quot;:{&quot;unit&quot;:&quot;px&quot;,&quot;size&quot;:10,&quot;sizes&quot;:[]}}\" data-widget_type=\"media-carousel.default\">\n\t\t\t\t<div class=\"elementor-widget-container\">\n\t\t\t\t\t<div class=\"elementor-swiper\">\n\t\t\t<div class=\"elementor-main-swiper swiper\">\n\t\t\t\t<div class=\"swiper-wrapper\">\n\t\t\t\t\t\t\t\t\t\t\t<div class=\"swiper-slide\">\n\t\t\t\t\t\t\t<a href=\"https:\/\/youtu.be\/4KoSmEBGSQ0?si=Ha8mIIZ1WBWMNgFC\">\t\t<div class=\"elementor-carousel-image\" style=\"background-image: url(&#039;https:\/\/portaleducacao.guarulhos.sp.gov.br\/wp_site\/semanadobrincar2025\/wp-content\/uploads\/sites\/40\/2025\/05\/WhatsApp-Image-2025-05-27-at-12.43.18.jpeg&#039;)\">\n\n\t\t\t\n\t\t\t\t\t<\/div>\n\t\t\t\t\t<div class=\"elementor-carousel-image-overlay e-overlay-animation-fade\">\n\t\t\t\tEduca\u00e7\u00e3o infantil \u2013 experi\u00eancias exitosas de educa\u00e7\u00e3o para refugiados e migrantes no Brasil\t\t\t<\/div>\n\t\t\t<\/a>\t\t\t\t\t\t<\/div>\n\t\t\t\t\t\t\t\t\t\t\t<div class=\"swiper-slide\">\n\t\t\t\t\t\t\t<a href=\"https:\/\/youtu.be\/3qHyXfdQr-E?si=Hx1-wsz9ohP3k2na\">\t\t<div class=\"elementor-carousel-image\" style=\"background-image: url(&#039;https:\/\/portaleducacao.guarulhos.sp.gov.br\/wp_site\/semanadobrincar2025\/wp-content\/uploads\/sites\/40\/2025\/05\/Captura-de-Tela-12.png&#039;)\">\n\n\t\t\t\n\t\t\t\t\t<\/div>\n\t\t\t\t\t<div class=\"elementor-carousel-image-overlay e-overlay-animation-fade\">\n\t\t\t\tCIRANDA DO BRINCAR - Alto do Toror\u00f3\t\t\t<\/div>\n\t\t\t<\/a>\t\t\t\t\t\t<\/div>\n\t\t\t\t\t\t\t\t\t\t\t<div class=\"swiper-slide\">\n\t\t\t\t\t\t\t<a href=\"https:\/\/youtu.be\/sSiXXt1jldM?si=XYrI-Nv0dXo1n6YD\">\t\t<div class=\"elementor-carousel-image\" style=\"background-image: url(&#039;https:\/\/portaleducacao.guarulhos.sp.gov.br\/wp_site\/semanadobrincar2025\/wp-content\/uploads\/sites\/40\/2025\/05\/WhatsApp-Image-2025-05-27-at-13.04.02.jpeg&#039;)\">\n\n\t\t\t\n\t\t\t\t\t<\/div>\n\t\t\t\t\t<div class=\"elementor-carousel-image-overlay e-overlay-animation-fade\">\n\t\t\t\tO Melhor Som do Mundo\t\t\t<\/div>\n\t\t\t<\/a>\t\t\t\t\t\t<\/div>\n\t\t\t\t\t\t\t\t\t\t\t<div class=\"swiper-slide\">\n\t\t\t\t\t\t\t<a href=\"https:\/\/youtu.be\/t0s1mGQxhAI?si=n5l-gMg4_31wRmHE\">\t\t<div class=\"elementor-carousel-image\" style=\"background-image: url(&#039;https:\/\/portaleducacao.guarulhos.sp.gov.br\/wp_site\/semanadobrincar2025\/wp-content\/uploads\/sites\/40\/2025\/05\/Captura-de-Tela-13.png&#039;)\">\n\n\t\t\t\n\t\t\t\t\t<\/div>\n\t\t\t\t\t<div class=\"elementor-carousel-image-overlay e-overlay-animation-fade\">\n\t\t\t\tO Fim do Recreio (Vin\u00edcius Mazzon e N\u00e9lio Spr\u00e9a, 2012)\t\t\t<\/div>\n\t\t\t<\/a>\t\t\t\t\t\t<\/div>\n\t\t\t\t\t\t\t\t\t\t\t<div class=\"swiper-slide\">\n\t\t\t\t\t\t\t<a href=\"https:\/\/youtu.be\/jBsRvI3nX_M?si=sAty1gm3KaTBbEor\">\t\t<div class=\"elementor-carousel-image\" style=\"background-image: url(&#039;https:\/\/portaleducacao.guarulhos.sp.gov.br\/wp_site\/semanadobrincar2025\/wp-content\/uploads\/sites\/40\/2025\/05\/WhatsApp-Image-2025-05-27-at-13.12.38.jpeg&#039;)\">\n\n\t\t\t\n\t\t\t\t\t<\/div>\n\t\t\t\t\t<div class=\"elementor-carousel-image-overlay e-overlay-animation-fade\">\n\t\t\t\tA import\u00e2ncia do brincar - 7 Experi\u00eancias Fundamentais\t\t\t<\/div>\n\t\t\t<\/a>\t\t\t\t\t\t<\/div>\n\t\t\t\t\t\t\t\t\t\t\t<div class=\"swiper-slide\">\n\t\t\t\t\t\t\t<a href=\"https:\/\/youtu.be\/S7SzabLDS0Q?si=lSwQN3kWfISd726g\">\t\t<div class=\"elementor-carousel-image\" style=\"background-image: url(&#039;https:\/\/portaleducacao.guarulhos.sp.gov.br\/wp_site\/semanadobrincar2025\/wp-content\/uploads\/sites\/40\/2025\/05\/WhatsApp-Image-2025-05-27-at-13.04.01.jpeg&#039;)\">\n\n\t\t\t\n\t\t\t\t\t<\/div>\n\t\t\t\t\t<div class=\"elementor-carousel-image-overlay e-overlay-animation-fade\">\n\t\t\t\tAs aventuras de um menino e sua caixa de papel\u00e3o\t\t\t<\/div>\n\t\t\t<\/a>\t\t\t\t\t\t<\/div>\n\t\t\t\t\t\t\t\t\t\t\t<div class=\"swiper-slide\">\n\t\t\t\t\t\t\t<a href=\"https:\/\/youtu.be\/OgDm99tQzOk?si=lcqHDbbNHBkK_e-K\">\t\t<div class=\"elementor-carousel-image\" style=\"background-image: url(&#039;https:\/\/portaleducacao.guarulhos.sp.gov.br\/wp_site\/semanadobrincar2025\/wp-content\/uploads\/sites\/40\/2025\/05\/WhatsApp-Image-2025-05-27-at-13.04.02-1.jpeg&#039;)\">\n\n\t\t\t\n\t\t\t\t\t<\/div>\n\t\t\t\t\t<div class=\"elementor-carousel-image-overlay e-overlay-animation-fade\">\n\t\t\t\tFilme Dif\u00edcil \u00c9 N\u00e3o Brincar\t\t\t<\/div>\n\t\t\t<\/a>\t\t\t\t\t\t<\/div>\n\t\t\t\t\t\t\t\t\t\t\t<div class=\"swiper-slide\">\n\t\t\t\t\t\t\t<a href=\"https:\/\/youtu.be\/20ZVFJjn2gc?si=jC5XtrMBw1JDdoZ8\">\t\t<div class=\"elementor-carousel-image\" style=\"background-image: url(&#039;https:\/\/portaleducacao.guarulhos.sp.gov.br\/wp_site\/semanadobrincar2025\/wp-content\/uploads\/sites\/40\/2025\/05\/WhatsApp-Image-2025-05-27-at-13.04.01-1.jpeg&#039;)\">\n\n\t\t\t\n\t\t\t\t\t<\/div>\n\t\t\t\t\t<div class=\"elementor-carousel-image-overlay e-overlay-animation-fade\">\n\t\t\t\tPatios Escolares Naturalizados\t\t\t<\/div>\n\t\t\t<\/a>\t\t\t\t\t\t<\/div>\n\t\t\t\t\t\t\t\t\t<\/div>\n\t\t\t\t\t\t\t\t\t\t\t\t\t\t\t<div class=\"swiper-pagination\"><\/div>\n\t\t\t\t\t\t\t\t\t\t\t\t\t\t\t\t<div class=\"elementor-swiper-button elementor-swiper-button-prev\">\n\t\t\t\t\t\t\t<i aria-hidden=\"true\" class=\"eicon-chevron-left\"><\/i>\t\t\t\t\t\t\t<span class=\"elementor-screen-only\">Previous<\/span>\n\t\t\t\t\t\t<\/div>\n\t\t\t\t\t\t<div class=\"elementor-swiper-button elementor-swiper-button-next\">\n\t\t\t\t\t\t\t<i aria-hidden=\"true\" class=\"eicon-chevron-right\"><\/i>\t\t\t\t\t\t\t<span class=\"elementor-screen-only\">Next<\/span>\n\t\t\t\t\t\t<\/div>\n\t\t\t\t\t\t\t\t\t\t\t\t<\/div>\n\t\t<\/div>\n\t\t\t\t<\/div>\n\t\t\t\t<\/div>\n\t\t\t\t\t<\/div>\n\t\t<\/div>\n\t\t\t\t\t\t\t<\/div>\n\t\t<\/section>\n\t\t\t\t<section class=\"elementor-section elementor-top-section elementor-element elementor-element-115976c elementor-section-boxed elementor-section-height-default elementor-section-height-default\" data-id=\"115976c\" data-element_type=\"section\">\n\t\t\t\t\t\t<div class=\"elementor-container elementor-column-gap-default\">\n\t\t\t\t\t<div class=\"elementor-column elementor-col-100 elementor-top-column elementor-element elementor-element-343c2e8\" data-id=\"343c2e8\" data-element_type=\"column\">\n\t\t\t<div class=\"elementor-widget-wrap elementor-element-populated\">\n\t\t\t\t\t\t\t\t<div class=\"elementor-element elementor-element-a18fe6f elementor-widget elementor-widget-spacer\" data-id=\"a18fe6f\" data-element_type=\"widget\" data-widget_type=\"spacer.default\">\n\t\t\t\t<div class=\"elementor-widget-container\">\n\t\t\t\t\t<div class=\"elementor-spacer\">\n\t\t\t<div class=\"elementor-spacer-inner\"><\/div>\n\t\t<\/div>\n\t\t\t\t<\/div>\n\t\t\t\t<\/div>\n\t\t\t\t\t<\/div>\n\t\t<\/div>\n\t\t\t\t\t\t\t<\/div>\n\t\t<\/section>\n\t\t\t\t\t\t\t<\/div>\n\t\t","protected":false},"excerpt":{"rendered":"<p>\u201cA crian\u00e7a tem olhos atentos e limpos para o espet\u00e1culo do mundo\u201d Otto Lara Rezende \u201cA crian\u00e7a tem olhos atentos e limpos para o espet\u00e1culo do mundo\u201d Otto Lara Rezende \u00c9 com grande alegria que anunciamos a Semana Mundial<\/p>\n","protected":false},"author":32,"featured_media":0,"parent":0,"menu_order":0,"comment_status":"closed","ping_status":"closed","template":"","meta":{"_monsterinsights_skip_tracking":false,"_monsterinsights_sitenote_active":false,"_monsterinsights_sitenote_note":"","_monsterinsights_sitenote_category":0,"site-sidebar-layout":"no-sidebar","site-content-layout":"page-builder","ast-global-header-display":"","ast-main-header-display":"","ast-hfb-above-header-display":"","ast-hfb-below-header-display":"","ast-hfb-mobile-header-display":"","site-post-title":"disabled","ast-breadcrumbs-content":"","ast-featured-img":"disabled","footer-sml-layout":"","theme-transparent-header-meta":"","adv-header-id-meta":"","stick-header-meta":"","header-above-stick-meta":"","header-main-stick-meta":"","header-below-stick-meta":"","_expiration-date-status":"","_expiration-date":0,"_expiration-date-type":"","_expiration-date-categories":[],"_expiration-date-options":[]},"categories":[],"tags":[],"yoast_head":"<!-- This site is optimized with the Yoast SEO plugin v19.7.1 - https:\/\/yoast.com\/wordpress\/plugins\/seo\/ -->\r\n<title>Semana do brincar - semana do brincar<\/title>\r\n<meta name=\"robots\" content=\"index, follow, max-snippet:-1, max-image-preview:large, max-video-preview:-1\" \/>\r\n<link rel=\"canonical\" href=\"https:\/\/portaleducacao.guarulhos.sp.gov.br\/wp_site\/semanadobrincar2025\/\" \/>\r\n<meta property=\"og:locale\" content=\"pt_BR\" \/>\r\n<meta property=\"og:type\" content=\"article\" \/>\r\n<meta property=\"og:title\" content=\"Semana do brincar - semana do brincar\" \/>\r\n<meta property=\"og:description\" content=\"\u201cA crian\u00e7a tem olhos atentos e limpos para o espet\u00e1culo do mundo\u201d Otto Lara Rezende \u201cA crian\u00e7a tem olhos atentos e limpos para o espet\u00e1culo do mundo\u201d Otto Lara Rezende \u00c9 com grande alegria que anunciamos a Semana Mundial\" \/>\r\n<meta property=\"og:url\" content=\"https:\/\/portaleducacao.guarulhos.sp.gov.br\/wp_site\/semanadobrincar2025\/\" \/>\r\n<meta property=\"og:site_name\" content=\"semana do brincar\" \/>\r\n<meta property=\"article:modified_time\" content=\"2025-06-23T16:26:00+00:00\" \/>\r\n<meta property=\"og:image\" content=\"http:\/\/portaleducacao.guarulhos.sp.gov.br\/wp_site\/semanadobrincar2025\/wp-content\/uploads\/sites\/40\/2025\/05\/ft-apresentacao_ft-apresentacao-teste.png\" \/>\r\n<meta name=\"twitter:card\" content=\"summary_large_image\" \/>\r\n<meta name=\"twitter:label1\" content=\"Est. tempo de leitura\" \/>\n\t<meta name=\"twitter:data1\" content=\"14 minutos\" \/>\r\n<script type=\"application\/ld+json\" class=\"yoast-schema-graph\">{\"@context\":\"https:\/\/schema.org\",\"@graph\":[{\"@type\":\"WebPage\",\"@id\":\"https:\/\/portaleducacao.guarulhos.sp.gov.br\/wp_site\/semanadobrincar2025\/\",\"url\":\"https:\/\/portaleducacao.guarulhos.sp.gov.br\/wp_site\/semanadobrincar2025\/\",\"name\":\"Semana do brincar - semana do brincar\",\"isPartOf\":{\"@id\":\"https:\/\/portaleducacao.guarulhos.sp.gov.br\/wp_site\/semanadobrincar2025\/#website\"},\"datePublished\":\"2025-05-09T11:56:03+00:00\",\"dateModified\":\"2025-06-23T16:26:00+00:00\",\"breadcrumb\":{\"@id\":\"https:\/\/portaleducacao.guarulhos.sp.gov.br\/wp_site\/semanadobrincar2025\/#breadcrumb\"},\"inLanguage\":\"pt-BR\",\"potentialAction\":[{\"@type\":\"ReadAction\",\"target\":[\"https:\/\/portaleducacao.guarulhos.sp.gov.br\/wp_site\/semanadobrincar2025\/\"]}]},{\"@type\":\"BreadcrumbList\",\"@id\":\"https:\/\/portaleducacao.guarulhos.sp.gov.br\/wp_site\/semanadobrincar2025\/#breadcrumb\",\"itemListElement\":[{\"@type\":\"ListItem\",\"position\":1,\"name\":\"In\u00edcio\",\"item\":\"https:\/\/portaleducacao.guarulhos.sp.gov.br\/wp_site\/semanadobrincar2025\/\"},{\"@type\":\"ListItem\",\"position\":2,\"name\":\"Semana do brincar\"}]},{\"@type\":\"WebSite\",\"@id\":\"https:\/\/portaleducacao.guarulhos.sp.gov.br\/wp_site\/semanadobrincar2025\/#website\",\"url\":\"https:\/\/portaleducacao.guarulhos.sp.gov.br\/wp_site\/semanadobrincar2025\/\",\"name\":\"semana do brincar\",\"description\":\"S\u00f3 mais um site Portal SE Informe\",\"potentialAction\":[{\"@type\":\"SearchAction\",\"target\":{\"@type\":\"EntryPoint\",\"urlTemplate\":\"https:\/\/portaleducacao.guarulhos.sp.gov.br\/wp_site\/semanadobrincar2025\/?s={search_term_string}\"},\"query-input\":\"required name=search_term_string\"}],\"inLanguage\":\"pt-BR\"}]}<\/script>\r\n<!-- \/ Yoast SEO plugin. -->","yoast_head_json":{"title":"Semana do brincar - semana do brincar","robots":{"index":"index","follow":"follow","max-snippet":"max-snippet:-1","max-image-preview":"max-image-preview:large","max-video-preview":"max-video-preview:-1"},"canonical":"https:\/\/portaleducacao.guarulhos.sp.gov.br\/wp_site\/semanadobrincar2025\/","og_locale":"pt_BR","og_type":"article","og_title":"Semana do brincar - semana do brincar","og_description":"\u201cA crian\u00e7a tem olhos atentos e limpos para o espet\u00e1culo do mundo\u201d Otto Lara Rezende \u201cA crian\u00e7a tem olhos atentos e limpos para o espet\u00e1culo do mundo\u201d Otto Lara Rezende \u00c9 com grande alegria que anunciamos a Semana Mundial","og_url":"https:\/\/portaleducacao.guarulhos.sp.gov.br\/wp_site\/semanadobrincar2025\/","og_site_name":"semana do brincar","article_modified_time":"2025-06-23T16:26:00+00:00","og_image":[{"url":"http:\/\/portaleducacao.guarulhos.sp.gov.br\/wp_site\/semanadobrincar2025\/wp-content\/uploads\/sites\/40\/2025\/05\/ft-apresentacao_ft-apresentacao-teste.png"}],"twitter_card":"summary_large_image","twitter_misc":{"Est. tempo de leitura":"14 minutos"},"schema":{"@context":"https:\/\/schema.org","@graph":[{"@type":"WebPage","@id":"https:\/\/portaleducacao.guarulhos.sp.gov.br\/wp_site\/semanadobrincar2025\/","url":"https:\/\/portaleducacao.guarulhos.sp.gov.br\/wp_site\/semanadobrincar2025\/","name":"Semana do brincar - semana do brincar","isPartOf":{"@id":"https:\/\/portaleducacao.guarulhos.sp.gov.br\/wp_site\/semanadobrincar2025\/#website"},"datePublished":"2025-05-09T11:56:03+00:00","dateModified":"2025-06-23T16:26:00+00:00","breadcrumb":{"@id":"https:\/\/portaleducacao.guarulhos.sp.gov.br\/wp_site\/semanadobrincar2025\/#breadcrumb"},"inLanguage":"pt-BR","potentialAction":[{"@type":"ReadAction","target":["https:\/\/portaleducacao.guarulhos.sp.gov.br\/wp_site\/semanadobrincar2025\/"]}]},{"@type":"BreadcrumbList","@id":"https:\/\/portaleducacao.guarulhos.sp.gov.br\/wp_site\/semanadobrincar2025\/#breadcrumb","itemListElement":[{"@type":"ListItem","position":1,"name":"In\u00edcio","item":"https:\/\/portaleducacao.guarulhos.sp.gov.br\/wp_site\/semanadobrincar2025\/"},{"@type":"ListItem","position":2,"name":"Semana do brincar"}]},{"@type":"WebSite","@id":"https:\/\/portaleducacao.guarulhos.sp.gov.br\/wp_site\/semanadobrincar2025\/#website","url":"https:\/\/portaleducacao.guarulhos.sp.gov.br\/wp_site\/semanadobrincar2025\/","name":"semana do brincar","description":"S\u00f3 mais um site Portal SE Informe","potentialAction":[{"@type":"SearchAction","target":{"@type":"EntryPoint","urlTemplate":"https:\/\/portaleducacao.guarulhos.sp.gov.br\/wp_site\/semanadobrincar2025\/?s={search_term_string}"},"query-input":"required name=search_term_string"}],"inLanguage":"pt-BR"}]}},"_links":{"self":[{"href":"https:\/\/portaleducacao.guarulhos.sp.gov.br\/wp_site\/semanadobrincar2025\/wp-json\/wp\/v2\/pages\/16"}],"collection":[{"href":"https:\/\/portaleducacao.guarulhos.sp.gov.br\/wp_site\/semanadobrincar2025\/wp-json\/wp\/v2\/pages"}],"about":[{"href":"https:\/\/portaleducacao.guarulhos.sp.gov.br\/wp_site\/semanadobrincar2025\/wp-json\/wp\/v2\/types\/page"}],"author":[{"embeddable":true,"href":"https:\/\/portaleducacao.guarulhos.sp.gov.br\/wp_site\/semanadobrincar2025\/wp-json\/wp\/v2\/users\/32"}],"replies":[{"embeddable":true,"href":"https:\/\/portaleducacao.guarulhos.sp.gov.br\/wp_site\/semanadobrincar2025\/wp-json\/wp\/v2\/comments?post=16"}],"version-history":[{"count":214,"href":"https:\/\/portaleducacao.guarulhos.sp.gov.br\/wp_site\/semanadobrincar2025\/wp-json\/wp\/v2\/pages\/16\/revisions"}],"predecessor-version":[{"id":1291,"href":"https:\/\/portaleducacao.guarulhos.sp.gov.br\/wp_site\/semanadobrincar2025\/wp-json\/wp\/v2\/pages\/16\/revisions\/1291"}],"wp:attachment":[{"href":"https:\/\/portaleducacao.guarulhos.sp.gov.br\/wp_site\/semanadobrincar2025\/wp-json\/wp\/v2\/media?parent=16"}],"wp:term":[{"taxonomy":"category","embeddable":true,"href":"https:\/\/portaleducacao.guarulhos.sp.gov.br\/wp_site\/semanadobrincar2025\/wp-json\/wp\/v2\/categories?post=16"},{"taxonomy":"post_tag","embeddable":true,"href":"https:\/\/portaleducacao.guarulhos.sp.gov.br\/wp_site\/semanadobrincar2025\/wp-json\/wp\/v2\/tags?post=16"}],"curies":[{"name":"wp","href":"https:\/\/api.w.org\/{rel}","templated":true}]}}