{"id":197,"date":"2025-05-19T09:26:20","date_gmt":"2025-05-19T12:26:20","guid":{"rendered":"https:\/\/portaleducacao.guarulhos.sp.gov.br\/wp_site\/semanadobrincar2025\/?page_id=197"},"modified":"2025-05-27T11:59:33","modified_gmt":"2025-05-27T14:59:33","slug":"programacao-dia-26","status":"publish","type":"page","link":"https:\/\/portaleducacao.guarulhos.sp.gov.br\/wp_site\/semanadobrincar2025\/programacao-dia-26\/","title":{"rendered":"Destaques"},"content":{"rendered":"\t\t<div data-elementor-type=\"wp-page\" data-elementor-id=\"197\" class=\"elementor elementor-197\">\n\t\t\t\t\t\t\t\t\t<section class=\"elementor-section elementor-top-section elementor-element elementor-element-f4d95d0 elementor-section-boxed elementor-section-height-default elementor-section-height-default\" data-id=\"f4d95d0\" data-element_type=\"section\">\n\t\t\t\t\t\t<div class=\"elementor-container elementor-column-gap-default\">\n\t\t\t\t\t<div class=\"elementor-column elementor-col-100 elementor-top-column elementor-element elementor-element-80bf286\" data-id=\"80bf286\" data-element_type=\"column\">\n\t\t\t<div class=\"elementor-widget-wrap elementor-element-populated\">\n\t\t\t\t\t\t\t\t<div class=\"elementor-element elementor-element-5d44e7a elementor-widget elementor-widget-spacer\" data-id=\"5d44e7a\" data-element_type=\"widget\" data-widget_type=\"spacer.default\">\n\t\t\t\t<div class=\"elementor-widget-container\">\n\t\t\t<style>\/*! elementor - v3.12.1 - 02-04-2023 *\/\n.elementor-column .elementor-spacer-inner{height:var(--spacer-size)}.e-con{--container-widget-width:100%}.e-con-inner>.elementor-widget-spacer,.e-con>.elementor-widget-spacer{width:var(--container-widget-width,var(--spacer-size));--align-self:var(--container-widget-align-self,initial);--flex-shrink:0}.e-con-inner>.elementor-widget-spacer>.elementor-widget-container,.e-con-inner>.elementor-widget-spacer>.elementor-widget-container>.elementor-spacer,.e-con>.elementor-widget-spacer>.elementor-widget-container,.e-con>.elementor-widget-spacer>.elementor-widget-container>.elementor-spacer{height:100%}.e-con-inner>.elementor-widget-spacer>.elementor-widget-container>.elementor-spacer>.elementor-spacer-inner,.e-con>.elementor-widget-spacer>.elementor-widget-container>.elementor-spacer>.elementor-spacer-inner{height:var(--container-widget-height,var(--spacer-size))}<\/style>\t\t<div class=\"elementor-spacer\">\n\t\t\t<div class=\"elementor-spacer-inner\"><\/div>\n\t\t<\/div>\n\t\t\t\t<\/div>\n\t\t\t\t<\/div>\n\t\t\t\t\t<\/div>\n\t\t<\/div>\n\t\t\t\t\t\t\t<\/div>\n\t\t<\/section>\n\t\t\t\t<section class=\"elementor-section elementor-top-section elementor-element elementor-element-a80f3d4 elementor-section-boxed elementor-section-height-default elementor-section-height-default\" data-id=\"a80f3d4\" data-element_type=\"section\">\n\t\t\t\t\t\t<div class=\"elementor-container elementor-column-gap-default\">\n\t\t\t\t\t<div class=\"elementor-column elementor-col-25 elementor-top-column elementor-element elementor-element-06d64c0\" data-id=\"06d64c0\" data-element_type=\"column\">\n\t\t\t<div class=\"elementor-widget-wrap\">\n\t\t\t\t\t\t\t\t\t<\/div>\n\t\t<\/div>\n\t\t\t\t<div class=\"elementor-column elementor-col-50 elementor-top-column elementor-element elementor-element-1cf1b8e\" data-id=\"1cf1b8e\" data-element_type=\"column\">\n\t\t\t<div class=\"elementor-widget-wrap elementor-element-populated\">\n\t\t\t\t\t\t\t\t<div class=\"elementor-element elementor-element-c526243 elementor-widget__width-initial elementor-widget elementor-widget-image\" data-id=\"c526243\" data-element_type=\"widget\" data-widget_type=\"image.default\">\n\t\t\t\t<div class=\"elementor-widget-container\">\n\t\t\t<style>\/*! elementor - v3.12.1 - 02-04-2023 *\/\n.elementor-widget-image{text-align:center}.elementor-widget-image a{display:inline-block}.elementor-widget-image a img[src$=\".svg\"]{width:48px}.elementor-widget-image img{vertical-align:middle;display:inline-block}<\/style>\t\t\t\t\t\t\t\t\t\t\t\t<img width=\"1024\" height=\"461\" src=\"https:\/\/portaleducacao.guarulhos.sp.gov.br\/wp_site\/semanadobrincar2025\/wp-content\/uploads\/sites\/40\/2025\/05\/Ativo-4-1024x461.png\" class=\"attachment-large size-large wp-image-664\" alt=\"\" loading=\"lazy\" srcset=\"https:\/\/portaleducacao.guarulhos.sp.gov.br\/wp_site\/semanadobrincar2025\/wp-content\/uploads\/sites\/40\/2025\/05\/Ativo-4-1024x461.png 1024w, https:\/\/portaleducacao.guarulhos.sp.gov.br\/wp_site\/semanadobrincar2025\/wp-content\/uploads\/sites\/40\/2025\/05\/Ativo-4-300x135.png 300w, https:\/\/portaleducacao.guarulhos.sp.gov.br\/wp_site\/semanadobrincar2025\/wp-content\/uploads\/sites\/40\/2025\/05\/Ativo-4-768x346.png 768w, https:\/\/portaleducacao.guarulhos.sp.gov.br\/wp_site\/semanadobrincar2025\/wp-content\/uploads\/sites\/40\/2025\/05\/Ativo-4-1536x691.png 1536w, https:\/\/portaleducacao.guarulhos.sp.gov.br\/wp_site\/semanadobrincar2025\/wp-content\/uploads\/sites\/40\/2025\/05\/Ativo-4.png 1673w\" sizes=\"(max-width: 1024px) 100vw, 1024px\" \/>\t\t\t\t\t\t\t\t\t\t\t\t\t\t\t<\/div>\n\t\t\t\t<\/div>\n\t\t\t\t\t<\/div>\n\t\t<\/div>\n\t\t\t\t<div class=\"elementor-column elementor-col-25 elementor-top-column elementor-element elementor-element-16b86a0\" data-id=\"16b86a0\" data-element_type=\"column\">\n\t\t\t<div class=\"elementor-widget-wrap\">\n\t\t\t\t\t\t\t\t\t<\/div>\n\t\t<\/div>\n\t\t\t\t\t\t\t<\/div>\n\t\t<\/section>\n\t\t\t\t<section class=\"elementor-section elementor-top-section elementor-element elementor-element-604d174 elementor-section-boxed elementor-section-height-default elementor-section-height-default\" data-id=\"604d174\" data-element_type=\"section\">\n\t\t\t\t\t\t<div class=\"elementor-container elementor-column-gap-default\">\n\t\t\t\t\t<div class=\"elementor-column elementor-col-100 elementor-top-column elementor-element elementor-element-ddac94c\" data-id=\"ddac94c\" data-element_type=\"column\">\n\t\t\t<div class=\"elementor-widget-wrap elementor-element-populated\">\n\t\t\t\t\t\t\t\t<div class=\"elementor-element elementor-element-0b23241 elementor-widget elementor-widget-spacer\" data-id=\"0b23241\" data-element_type=\"widget\" data-widget_type=\"spacer.default\">\n\t\t\t\t<div class=\"elementor-widget-container\">\n\t\t\t\t\t<div class=\"elementor-spacer\">\n\t\t\t<div class=\"elementor-spacer-inner\"><\/div>\n\t\t<\/div>\n\t\t\t\t<\/div>\n\t\t\t\t<\/div>\n\t\t\t\t\t<\/div>\n\t\t<\/div>\n\t\t\t\t\t\t\t<\/div>\n\t\t<\/section>\n\t\t\t\t<section class=\"elementor-section elementor-top-section elementor-element elementor-element-d5aaa21 elementor-section-boxed elementor-section-height-default elementor-section-height-default\" data-id=\"d5aaa21\" data-element_type=\"section\">\n\t\t\t\t\t\t<div class=\"elementor-container elementor-column-gap-default\">\n\t\t\t\t\t<div class=\"elementor-column elementor-col-100 elementor-top-column elementor-element elementor-element-e4fc156\" data-id=\"e4fc156\" data-element_type=\"column\">\n\t\t\t<div class=\"elementor-widget-wrap elementor-element-populated\">\n\t\t\t\t\t\t\t\t<div class=\"elementor-element elementor-element-f711361 elementor-grid-4 elementor-grid-tablet-2 elementor-grid-mobile-1 elementor-posts--thumbnail-top elementor-card-shadow-yes elementor-posts__hover-gradient elementor-widget elementor-widget-posts\" data-id=\"f711361\" data-element_type=\"widget\" data-settings=\"{&quot;cards_columns&quot;:&quot;4&quot;,&quot;cards_row_gap&quot;:{&quot;unit&quot;:&quot;px&quot;,&quot;size&quot;:43,&quot;sizes&quot;:[]},&quot;cards_columns_tablet&quot;:&quot;2&quot;,&quot;cards_columns_mobile&quot;:&quot;1&quot;,&quot;cards_row_gap_tablet&quot;:{&quot;unit&quot;:&quot;px&quot;,&quot;size&quot;:&quot;&quot;,&quot;sizes&quot;:[]},&quot;cards_row_gap_mobile&quot;:{&quot;unit&quot;:&quot;px&quot;,&quot;size&quot;:&quot;&quot;,&quot;sizes&quot;:[]}}\" data-widget_type=\"posts.cards\">\n\t\t\t\t<div class=\"elementor-widget-container\">\n\t\t\t<link rel=\"stylesheet\" href=\"https:\/\/portaleducacao.guarulhos.sp.gov.br\/wp_site\/semanadobrincar2025\/wp-content\/plugins\/elementor-pro\/assets\/css\/widget-posts.min.css\">\t\t<div class=\"elementor-posts-container elementor-posts elementor-posts--skin-cards elementor-grid\">\n\t\t\t\t<article class=\"elementor-post elementor-grid-item post-611 post type-post status-publish format-standard has-post-thumbnail hentry category-destaques-progamacao category-progamacao\">\n\t\t\t<div class=\"elementor-post__card\">\n\t\t\t\t<a class=\"elementor-post__thumbnail__link\" href=\"https:\/\/portaleducacao.guarulhos.sp.gov.br\/wp_site\/semanadobrincar2025\/2025\/05\/23\/abertura-semana-mundial-do-brincar\/\" ><div class=\"elementor-post__thumbnail\"><img width=\"268\" height=\"300\" src=\"https:\/\/portaleducacao.guarulhos.sp.gov.br\/wp_site\/semanadobrincar2025\/wp-content\/uploads\/sites\/40\/2025\/05\/maria-regina-268x300.jpg\" class=\"attachment-medium size-medium wp-image-275\" alt=\"\" loading=\"lazy\" srcset=\"https:\/\/portaleducacao.guarulhos.sp.gov.br\/wp_site\/semanadobrincar2025\/wp-content\/uploads\/sites\/40\/2025\/05\/maria-regina-268x300.jpg 268w, https:\/\/portaleducacao.guarulhos.sp.gov.br\/wp_site\/semanadobrincar2025\/wp-content\/uploads\/sites\/40\/2025\/05\/maria-regina.jpg 635w\" sizes=\"(max-width: 268px) 100vw, 268px\" \/><\/div><\/a>\n\t\t\t\t<div class=\"elementor-post__text\">\n\t\t\t\t<h3 class=\"elementor-post__title\">\n\t\t\t<a href=\"https:\/\/portaleducacao.guarulhos.sp.gov.br\/wp_site\/semanadobrincar2025\/2025\/05\/23\/abertura-semana-mundial-do-brincar\/\" >\n\t\t\t\tAbertura da Semana Mundial do Brincar\t\t\t<\/a>\n\t\t<\/h3>\n\t\t\t\t<div class=\"elementor-post__excerpt\">\n\t\t\t<p>Data: 26\/05<\/p>\n<p>Hor\u00e1rio de in\u00edcio e t\u00e9rmino: 8h \u00e0s 12h<\/p>\n<p>Local: CME Adamastor &#8211; Av. Monteiro Lobato, 734<\/p>\n\t\t<\/div>\n\t\t\n\t\t<a class=\"elementor-post__read-more\" href=\"https:\/\/portaleducacao.guarulhos.sp.gov.br\/wp_site\/semanadobrincar2025\/2025\/05\/23\/abertura-semana-mundial-do-brincar\/\" aria-label=\"Read more about Abertura da Semana Mundial do Brincar\" >\n\t\t\tSaiba Mais\t\t<\/a>\n\n\t\t\t\t<\/div>\n\t\t\t\t\t<\/div>\n\t\t<\/article>\n\t\t\t\t<article class=\"elementor-post elementor-grid-item post-624 post type-post status-publish format-standard has-post-thumbnail hentry category-destaques-progamacao category-progamacao\">\n\t\t\t<div class=\"elementor-post__card\">\n\t\t\t\t<a class=\"elementor-post__thumbnail__link\" href=\"https:\/\/portaleducacao.guarulhos.sp.gov.br\/wp_site\/semanadobrincar2025\/2025\/05\/23\/live-com-solange-turgante\/\" ><div class=\"elementor-post__thumbnail\"><img width=\"293\" height=\"300\" src=\"https:\/\/portaleducacao.guarulhos.sp.gov.br\/wp_site\/semanadobrincar2025\/wp-content\/uploads\/sites\/40\/2025\/05\/solange-293x300.png\" class=\"attachment-medium size-medium wp-image-276\" alt=\"\" loading=\"lazy\" srcset=\"https:\/\/portaleducacao.guarulhos.sp.gov.br\/wp_site\/semanadobrincar2025\/wp-content\/uploads\/sites\/40\/2025\/05\/solange-293x300.png 293w, https:\/\/portaleducacao.guarulhos.sp.gov.br\/wp_site\/semanadobrincar2025\/wp-content\/uploads\/sites\/40\/2025\/05\/solange.png 372w\" sizes=\"(max-width: 293px) 100vw, 293px\" \/><\/div><\/a>\n\t\t\t\t<div class=\"elementor-post__text\">\n\t\t\t\t<h3 class=\"elementor-post__title\">\n\t\t\t<a href=\"https:\/\/portaleducacao.guarulhos.sp.gov.br\/wp_site\/semanadobrincar2025\/2025\/05\/23\/live-com-solange-turgante\/\" >\n\t\t\t\tLive com Solange Turgante\t\t\t<\/a>\n\t\t<\/h3>\n\t\t\t\t<div class=\"elementor-post__excerpt\">\n\t\t\t<p>Tema: o Brincar no Processo de alfabetiza\u00e7\u00e3o<\/p>\n<p>Data: 26\/05<\/p>\n<p>Hor\u00e1rio de in\u00edcio e t\u00e9rmino: 19h \u00e0s 21h<\/p>\n\t\t<\/div>\n\t\t\n\t\t<a class=\"elementor-post__read-more\" href=\"https:\/\/portaleducacao.guarulhos.sp.gov.br\/wp_site\/semanadobrincar2025\/2025\/05\/23\/live-com-solange-turgante\/\" aria-label=\"Read more about Live com Solange Turgante\" >\n\t\t\tSaiba Mais\t\t<\/a>\n\n\t\t\t\t<\/div>\n\t\t\t\t\t<\/div>\n\t\t<\/article>\n\t\t\t\t<article class=\"elementor-post elementor-grid-item post-719 post type-post status-publish format-standard has-post-thumbnail hentry category-destaques-progamacao category-progamacao\">\n\t\t\t<div class=\"elementor-post__card\">\n\t\t\t\t<a class=\"elementor-post__thumbnail__link\" href=\"https:\/\/portaleducacao.guarulhos.sp.gov.br\/wp_site\/semanadobrincar2025\/2025\/05\/23\/live-com-profa-dra-rosa-silvia-lopes-chaves\/\" ><div class=\"elementor-post__thumbnail\"><img width=\"300\" height=\"300\" src=\"https:\/\/portaleducacao.guarulhos.sp.gov.br\/wp_site\/semanadobrincar2025\/wp-content\/uploads\/sites\/40\/2025\/05\/silvia-300x300.png\" class=\"attachment-medium size-medium wp-image-324\" alt=\"\" loading=\"lazy\" srcset=\"https:\/\/portaleducacao.guarulhos.sp.gov.br\/wp_site\/semanadobrincar2025\/wp-content\/uploads\/sites\/40\/2025\/05\/silvia-300x300.png 300w, https:\/\/portaleducacao.guarulhos.sp.gov.br\/wp_site\/semanadobrincar2025\/wp-content\/uploads\/sites\/40\/2025\/05\/silvia-150x150.png 150w, https:\/\/portaleducacao.guarulhos.sp.gov.br\/wp_site\/semanadobrincar2025\/wp-content\/uploads\/sites\/40\/2025\/05\/silvia.png 640w\" sizes=\"(max-width: 300px) 100vw, 300px\" \/><\/div><\/a>\n\t\t\t\t<div class=\"elementor-post__text\">\n\t\t\t\t<h3 class=\"elementor-post__title\">\n\t\t\t<a href=\"https:\/\/portaleducacao.guarulhos.sp.gov.br\/wp_site\/semanadobrincar2025\/2025\/05\/23\/live-com-profa-dra-rosa-silvia-lopes-chaves\/\" >\n\t\t\t\tLive com Prof\u00aa Dr\u00aa Rosa Silvia Lopes Chaves\t\t\t<\/a>\n\t\t<\/h3>\n\t\t\t\t<div class=\"elementor-post__excerpt\">\n\t\t\t<p>Tema: &#8220;O brincar: di\u00e1logo e encantamentos com as culturas infantis&#8221;<\/p>\n<p>Data: 27\/05<\/p>\n<p>Hor\u00e1rio de in\u00edcio e t\u00e9rmino: 12h \u00e0s 13h<\/p>\n\t\t<\/div>\n\t\t\n\t\t<a class=\"elementor-post__read-more\" href=\"https:\/\/portaleducacao.guarulhos.sp.gov.br\/wp_site\/semanadobrincar2025\/2025\/05\/23\/live-com-profa-dra-rosa-silvia-lopes-chaves\/\" aria-label=\"Read more about Live com Prof\u00aa Dr\u00aa Rosa Silvia Lopes Chaves\" >\n\t\t\tSaiba Mais\t\t<\/a>\n\n\t\t\t\t<\/div>\n\t\t\t\t\t<\/div>\n\t\t<\/article>\n\t\t\t\t<article class=\"elementor-post elementor-grid-item post-630 post type-post status-publish format-standard has-post-thumbnail hentry category-destaques-progamacao category-progamacao\">\n\t\t\t<div class=\"elementor-post__card\">\n\t\t\t\t<a class=\"elementor-post__thumbnail__link\" href=\"https:\/\/portaleducacao.guarulhos.sp.gov.br\/wp_site\/semanadobrincar2025\/2025\/05\/23\/live-para-educandos-da-eja-com-rafael-moreira\/\" ><div class=\"elementor-post__thumbnail\"><img width=\"300\" height=\"300\" src=\"https:\/\/portaleducacao.guarulhos.sp.gov.br\/wp_site\/semanadobrincar2025\/wp-content\/uploads\/sites\/40\/2025\/05\/Rafael-300x300.jpg\" class=\"attachment-medium size-medium wp-image-325\" alt=\"\" loading=\"lazy\" srcset=\"https:\/\/portaleducacao.guarulhos.sp.gov.br\/wp_site\/semanadobrincar2025\/wp-content\/uploads\/sites\/40\/2025\/05\/Rafael-300x300.jpg 300w, https:\/\/portaleducacao.guarulhos.sp.gov.br\/wp_site\/semanadobrincar2025\/wp-content\/uploads\/sites\/40\/2025\/05\/Rafael-150x150.jpg 150w, https:\/\/portaleducacao.guarulhos.sp.gov.br\/wp_site\/semanadobrincar2025\/wp-content\/uploads\/sites\/40\/2025\/05\/Rafael.jpg 510w\" sizes=\"(max-width: 300px) 100vw, 300px\" \/><\/div><\/a>\n\t\t\t\t<div class=\"elementor-post__text\">\n\t\t\t\t<h3 class=\"elementor-post__title\">\n\t\t\t<a href=\"https:\/\/portaleducacao.guarulhos.sp.gov.br\/wp_site\/semanadobrincar2025\/2025\/05\/23\/live-para-educandos-da-eja-com-rafael-moreira\/\" >\n\t\t\t\tLive para educandos da EJA com Rafael Moreira\t\t\t<\/a>\n\t\t<\/h3>\n\t\t\t\t<div class=\"elementor-post__excerpt\">\n\t\t\t<p>Tema: A liberdade do Brincar: Mem\u00f3rias Afetivas<\/p>\n<p>Data: 27\/05<\/p>\n<p>Hor\u00e1rio de in\u00edcio e t\u00e9rmino: 20:30h \u00e0s 21:30h<\/p>\n\t\t<\/div>\n\t\t\n\t\t<a class=\"elementor-post__read-more\" href=\"https:\/\/portaleducacao.guarulhos.sp.gov.br\/wp_site\/semanadobrincar2025\/2025\/05\/23\/live-para-educandos-da-eja-com-rafael-moreira\/\" aria-label=\"Read more about Live para educandos da EJA com Rafael Moreira\" >\n\t\t\tSaiba Mais\t\t<\/a>\n\n\t\t\t\t<\/div>\n\t\t\t\t\t<\/div>\n\t\t<\/article>\n\t\t\t\t<article class=\"elementor-post elementor-grid-item post-632 post type-post status-publish format-standard has-post-thumbnail hentry category-destaques-progamacao category-progamacao\">\n\t\t\t<div class=\"elementor-post__card\">\n\t\t\t\t<a class=\"elementor-post__thumbnail__link\" href=\"https:\/\/portaleducacao.guarulhos.sp.gov.br\/wp_site\/semanadobrincar2025\/2025\/05\/23\/roda-de-conversa-sob-os-diferentes-olhares-diretor-coordenador-e-professor\/\" ><div class=\"elementor-post__thumbnail\"><img width=\"300\" height=\"230\" src=\"https:\/\/portaleducacao.guarulhos.sp.gov.br\/wp_site\/semanadobrincar2025\/wp-content\/uploads\/sites\/40\/2025\/05\/WhatsApp-Image-2025-05-23-at-14.41.34-300x230.jpeg\" class=\"attachment-medium size-medium wp-image-652\" alt=\"\" loading=\"lazy\" srcset=\"https:\/\/portaleducacao.guarulhos.sp.gov.br\/wp_site\/semanadobrincar2025\/wp-content\/uploads\/sites\/40\/2025\/05\/WhatsApp-Image-2025-05-23-at-14.41.34-300x230.jpeg 300w, https:\/\/portaleducacao.guarulhos.sp.gov.br\/wp_site\/semanadobrincar2025\/wp-content\/uploads\/sites\/40\/2025\/05\/WhatsApp-Image-2025-05-23-at-14.41.34-1024x784.jpeg 1024w, https:\/\/portaleducacao.guarulhos.sp.gov.br\/wp_site\/semanadobrincar2025\/wp-content\/uploads\/sites\/40\/2025\/05\/WhatsApp-Image-2025-05-23-at-14.41.34-768x588.jpeg 768w, https:\/\/portaleducacao.guarulhos.sp.gov.br\/wp_site\/semanadobrincar2025\/wp-content\/uploads\/sites\/40\/2025\/05\/WhatsApp-Image-2025-05-23-at-14.41.34-1536x1176.jpeg 1536w, https:\/\/portaleducacao.guarulhos.sp.gov.br\/wp_site\/semanadobrincar2025\/wp-content\/uploads\/sites\/40\/2025\/05\/WhatsApp-Image-2025-05-23-at-14.41.34.jpeg 1600w\" sizes=\"(max-width: 300px) 100vw, 300px\" \/><\/div><\/a>\n\t\t\t\t<div class=\"elementor-post__text\">\n\t\t\t\t<h3 class=\"elementor-post__title\">\n\t\t\t<a href=\"https:\/\/portaleducacao.guarulhos.sp.gov.br\/wp_site\/semanadobrincar2025\/2025\/05\/23\/roda-de-conversa-sob-os-diferentes-olhares-diretor-coordenador-e-professor\/\" >\n\t\t\t\tRoda de Conversa sob os diferentes olhares: diretor, coordenador e professor.\t\t\t<\/a>\n\t\t<\/h3>\n\t\t\t\t<div class=\"elementor-post__excerpt\">\n\t\t\t<p>Data: 28\/05<\/p>\n<p>Hor\u00e1rio: das 8h \u00e0s 12h<\/p>\n<p>Local: CEU Bonsucesso &#8211; Avenida Paschoal Thomeu, s\/n\u00ba<\/p>\n\t\t<\/div>\n\t\t\n\t\t<a class=\"elementor-post__read-more\" href=\"https:\/\/portaleducacao.guarulhos.sp.gov.br\/wp_site\/semanadobrincar2025\/2025\/05\/23\/roda-de-conversa-sob-os-diferentes-olhares-diretor-coordenador-e-professor\/\" aria-label=\"Read more about Roda de Conversa sob os diferentes olhares: diretor, coordenador e professor.\" >\n\t\t\tSaiba Mais\t\t<\/a>\n\n\t\t\t\t<\/div>\n\t\t\t\t\t<\/div>\n\t\t<\/article>\n\t\t\t\t<article class=\"elementor-post elementor-grid-item post-634 post type-post status-publish format-standard has-post-thumbnail hentry category-destaques-progamacao category-progamacao\">\n\t\t\t<div class=\"elementor-post__card\">\n\t\t\t\t<a class=\"elementor-post__thumbnail__link\" href=\"https:\/\/portaleducacao.guarulhos.sp.gov.br\/wp_site\/semanadobrincar2025\/2025\/05\/23\/palestra-proteger-o-encantamento-das-infancias-por-meio-da-ludicidade-e-musicalidade-com-a-prof-a-ludmyla-martins\/\" ><div class=\"elementor-post__thumbnail\"><img width=\"242\" height=\"300\" src=\"https:\/\/portaleducacao.guarulhos.sp.gov.br\/wp_site\/semanadobrincar2025\/wp-content\/uploads\/sites\/40\/2025\/05\/ludmyla-242x300.jpg\" class=\"attachment-medium size-medium wp-image-368\" alt=\"\" loading=\"lazy\" srcset=\"https:\/\/portaleducacao.guarulhos.sp.gov.br\/wp_site\/semanadobrincar2025\/wp-content\/uploads\/sites\/40\/2025\/05\/ludmyla-242x300.jpg 242w, https:\/\/portaleducacao.guarulhos.sp.gov.br\/wp_site\/semanadobrincar2025\/wp-content\/uploads\/sites\/40\/2025\/05\/ludmyla.jpg 606w\" sizes=\"(max-width: 242px) 100vw, 242px\" \/><\/div><\/a>\n\t\t\t\t<div class=\"elementor-post__text\">\n\t\t\t\t<h3 class=\"elementor-post__title\">\n\t\t\t<a href=\"https:\/\/portaleducacao.guarulhos.sp.gov.br\/wp_site\/semanadobrincar2025\/2025\/05\/23\/palestra-proteger-o-encantamento-das-infancias-por-meio-da-ludicidade-e-musicalidade-com-a-prof-a-ludmyla-martins\/\" >\n\t\t\t\tPalestra: Proteger o encantamento das inf\u00e2ncias por meio da Ludicidade e musicalidade, com a Prof.\u00aa Ludmyla Martins\t\t\t<\/a>\n\t\t<\/h3>\n\t\t\t\t<div class=\"elementor-post__excerpt\">\n\t\t\t<p>Data: 28\/05<\/p>\n<p>Hor\u00e1rio: das 8h \u00e1s 12h<\/p>\n<p>Local: CEU Bonsucesso &#8211; Avenida Paschoal Thomeu, s\/n\u00ba<\/p>\n\t\t<\/div>\n\t\t\n\t\t<a class=\"elementor-post__read-more\" href=\"https:\/\/portaleducacao.guarulhos.sp.gov.br\/wp_site\/semanadobrincar2025\/2025\/05\/23\/palestra-proteger-o-encantamento-das-infancias-por-meio-da-ludicidade-e-musicalidade-com-a-prof-a-ludmyla-martins\/\" aria-label=\"Read more about Palestra: Proteger o encantamento das inf\u00e2ncias por meio da Ludicidade e musicalidade, com a Prof.\u00aa Ludmyla Martins\" >\n\t\t\tSaiba Mais\t\t<\/a>\n\n\t\t\t\t<\/div>\n\t\t\t\t\t<\/div>\n\t\t<\/article>\n\t\t\t\t<article class=\"elementor-post elementor-grid-item post-637 post type-post status-publish format-standard has-post-thumbnail hentry category-destaques-progamacao category-progamacao\">\n\t\t\t<div class=\"elementor-post__card\">\n\t\t\t\t<a class=\"elementor-post__thumbnail__link\" href=\"https:\/\/portaleducacao.guarulhos.sp.gov.br\/wp_site\/semanadobrincar2025\/2025\/05\/23\/noite-para-coordenadores-da-eja-tema-a-liberdade-do-brincar-no-universo-de-jovens-e-adultos-com-leonardo-geronazzo\/\" ><div class=\"elementor-post__thumbnail\"><img width=\"225\" height=\"300\" src=\"https:\/\/portaleducacao.guarulhos.sp.gov.br\/wp_site\/semanadobrincar2025\/wp-content\/uploads\/sites\/40\/2025\/05\/WhatsApp-Image-2025-05-21-at-14.05.50-225x300.jpeg\" class=\"attachment-medium size-medium wp-image-488\" alt=\"\" loading=\"lazy\" srcset=\"https:\/\/portaleducacao.guarulhos.sp.gov.br\/wp_site\/semanadobrincar2025\/wp-content\/uploads\/sites\/40\/2025\/05\/WhatsApp-Image-2025-05-21-at-14.05.50-225x300.jpeg 225w, https:\/\/portaleducacao.guarulhos.sp.gov.br\/wp_site\/semanadobrincar2025\/wp-content\/uploads\/sites\/40\/2025\/05\/WhatsApp-Image-2025-05-21-at-14.05.50-768x1024.jpeg 768w, https:\/\/portaleducacao.guarulhos.sp.gov.br\/wp_site\/semanadobrincar2025\/wp-content\/uploads\/sites\/40\/2025\/05\/WhatsApp-Image-2025-05-21-at-14.05.50-1152x1536.jpeg 1152w, https:\/\/portaleducacao.guarulhos.sp.gov.br\/wp_site\/semanadobrincar2025\/wp-content\/uploads\/sites\/40\/2025\/05\/WhatsApp-Image-2025-05-21-at-14.05.50.jpeg 1200w\" sizes=\"(max-width: 225px) 100vw, 225px\" \/><\/div><\/a>\n\t\t\t\t<div class=\"elementor-post__text\">\n\t\t\t\t<h3 class=\"elementor-post__title\">\n\t\t\t<a href=\"https:\/\/portaleducacao.guarulhos.sp.gov.br\/wp_site\/semanadobrincar2025\/2025\/05\/23\/noite-para-coordenadores-da-eja-tema-a-liberdade-do-brincar-no-universo-de-jovens-e-adultos-com-leonardo-geronazzo\/\" >\n\t\t\t\tNoite para coordenadores da EJA  Tema : &#8221; A liberdade do brincar no universo de Jovens e Adultos&#8221; Com Leonardo Geronazzo\t\t\t<\/a>\n\t\t<\/h3>\n\t\t\t\t<div class=\"elementor-post__excerpt\">\n\t\t\t<p>Data: 28\/05<\/p>\n<p>Hor\u00e1rio: 19h \u00e0s 23h<\/p>\n<p>Local: no audit\u00f3rio da SE &#8211; 2 andar<\/p>\n\t\t<\/div>\n\t\t\n\t\t<a class=\"elementor-post__read-more\" href=\"https:\/\/portaleducacao.guarulhos.sp.gov.br\/wp_site\/semanadobrincar2025\/2025\/05\/23\/noite-para-coordenadores-da-eja-tema-a-liberdade-do-brincar-no-universo-de-jovens-e-adultos-com-leonardo-geronazzo\/\" aria-label=\"Read more about Noite para coordenadores da EJA  Tema : &#8221; A liberdade do brincar no universo de Jovens e Adultos&#8221; Com Leonardo Geronazzo\" >\n\t\t\tSaiba Mais\t\t<\/a>\n\n\t\t\t\t<\/div>\n\t\t\t\t\t<\/div>\n\t\t<\/article>\n\t\t\t\t<article class=\"elementor-post elementor-grid-item post-639 post type-post status-publish format-standard has-post-thumbnail hentry category-destaques-progamacao category-progamacao\">\n\t\t\t<div class=\"elementor-post__card\">\n\t\t\t\t<a class=\"elementor-post__thumbnail__link\" href=\"https:\/\/portaleducacao.guarulhos.sp.gov.br\/wp_site\/semanadobrincar2025\/2025\/05\/23\/palestra-o-papel-do-adulto-no-encantamento-da-crianca-com-o-psicologo-odonel-ferrari-serrano\/\" ><div class=\"elementor-post__thumbnail\"><img width=\"275\" height=\"300\" src=\"https:\/\/portaleducacao.guarulhos.sp.gov.br\/wp_site\/semanadobrincar2025\/wp-content\/uploads\/sites\/40\/2025\/05\/odonel-275x300.jpg\" class=\"attachment-medium size-medium wp-image-403\" alt=\"\" loading=\"lazy\" srcset=\"https:\/\/portaleducacao.guarulhos.sp.gov.br\/wp_site\/semanadobrincar2025\/wp-content\/uploads\/sites\/40\/2025\/05\/odonel-275x300.jpg 275w, https:\/\/portaleducacao.guarulhos.sp.gov.br\/wp_site\/semanadobrincar2025\/wp-content\/uploads\/sites\/40\/2025\/05\/odonel.jpg 507w\" sizes=\"(max-width: 275px) 100vw, 275px\" \/><\/div><\/a>\n\t\t\t\t<div class=\"elementor-post__text\">\n\t\t\t\t<h3 class=\"elementor-post__title\">\n\t\t\t<a href=\"https:\/\/portaleducacao.guarulhos.sp.gov.br\/wp_site\/semanadobrincar2025\/2025\/05\/23\/palestra-o-papel-do-adulto-no-encantamento-da-crianca-com-o-psicologo-odonel-ferrari-serrano\/\" >\n\t\t\t\tPalestra: O papel do adulto no encantamento da crian\u00e7a com o Psic\u00f3logo Odonel Ferrari Serrano\t\t\t<\/a>\n\t\t<\/h3>\n\t\t\t\t<div class=\"elementor-post__excerpt\">\n\t\t\t<p>Data: 29\/5<\/p>\n<p>hor\u00e1rio: 8h \u00e0s 12h<\/p>\n<p>Local: no CEU Ponte Alta<\/p>\n\t\t<\/div>\n\t\t\n\t\t<a class=\"elementor-post__read-more\" href=\"https:\/\/portaleducacao.guarulhos.sp.gov.br\/wp_site\/semanadobrincar2025\/2025\/05\/23\/palestra-o-papel-do-adulto-no-encantamento-da-crianca-com-o-psicologo-odonel-ferrari-serrano\/\" aria-label=\"Read more about Palestra: O papel do adulto no encantamento da crian\u00e7a com o Psic\u00f3logo Odonel Ferrari Serrano\" >\n\t\t\tSaiba Mais\t\t<\/a>\n\n\t\t\t\t<\/div>\n\t\t\t\t\t<\/div>\n\t\t<\/article>\n\t\t\t\t<article class=\"elementor-post elementor-grid-item post-641 post type-post status-publish format-standard has-post-thumbnail hentry category-destaques-progamacao category-progamacao category-sem-categoria\">\n\t\t\t<div class=\"elementor-post__card\">\n\t\t\t\t<a class=\"elementor-post__thumbnail__link\" href=\"https:\/\/portaleducacao.guarulhos.sp.gov.br\/wp_site\/semanadobrincar2025\/2025\/05\/23\/palestra-com-prof-dr-a-sandra-campos-tema-a-crianca-a-diferenca-e-o-brincar-as-infancias-que-vivemos-nas-escolas\/\" ><div class=\"elementor-post__thumbnail\"><img width=\"262\" height=\"300\" src=\"https:\/\/portaleducacao.guarulhos.sp.gov.br\/wp_site\/semanadobrincar2025\/wp-content\/uploads\/sites\/40\/2025\/05\/sandra-e1747755427642-262x300.png\" class=\"attachment-medium size-medium wp-image-404\" alt=\"\" loading=\"lazy\" srcset=\"https:\/\/portaleducacao.guarulhos.sp.gov.br\/wp_site\/semanadobrincar2025\/wp-content\/uploads\/sites\/40\/2025\/05\/sandra-e1747755427642-262x300.png 262w, https:\/\/portaleducacao.guarulhos.sp.gov.br\/wp_site\/semanadobrincar2025\/wp-content\/uploads\/sites\/40\/2025\/05\/sandra-e1747755427642.png 335w\" sizes=\"(max-width: 262px) 100vw, 262px\" \/><\/div><\/a>\n\t\t\t\t<div class=\"elementor-post__text\">\n\t\t\t\t<h3 class=\"elementor-post__title\">\n\t\t\t<a href=\"https:\/\/portaleducacao.guarulhos.sp.gov.br\/wp_site\/semanadobrincar2025\/2025\/05\/23\/palestra-com-prof-dr-a-sandra-campos-tema-a-crianca-a-diferenca-e-o-brincar-as-infancias-que-vivemos-nas-escolas\/\" >\n\t\t\t\tPalestra com Prof. Dr.\u00aa Sandra Campos. Tema: A crian\u00e7a, a diferen\u00e7a e o brincar: as inf\u00e2ncias que vivemos nas escolas.\t\t\t<\/a>\n\t\t<\/h3>\n\t\t\t\t<div class=\"elementor-post__excerpt\">\n\t\t\t<p>Data: 29\/05 <\/p>\n<p>Hor\u00e1rio: 8h \u00e0s 12h<\/p>\n<p>Local :  CEU Ponte Alta<\/p>\n\t\t<\/div>\n\t\t\n\t\t<a class=\"elementor-post__read-more\" href=\"https:\/\/portaleducacao.guarulhos.sp.gov.br\/wp_site\/semanadobrincar2025\/2025\/05\/23\/palestra-com-prof-dr-a-sandra-campos-tema-a-crianca-a-diferenca-e-o-brincar-as-infancias-que-vivemos-nas-escolas\/\" aria-label=\"Read more about Palestra com Prof. Dr.\u00aa Sandra Campos. Tema: A crian\u00e7a, a diferen\u00e7a e o brincar: as inf\u00e2ncias que vivemos nas escolas.\" >\n\t\t\tSaiba Mais\t\t<\/a>\n\n\t\t\t\t<\/div>\n\t\t\t\t\t<\/div>\n\t\t<\/article>\n\t\t\t\t<article class=\"elementor-post elementor-grid-item post-675 post type-post status-publish format-standard hentry category-destaques-progamacao category-progamacao\">\n\t\t\t<div class=\"elementor-post__card\">\n\t\t\t\t<div class=\"elementor-post__text\">\n\t\t\t\t<h3 class=\"elementor-post__title\">\n\t\t\t<a href=\"https:\/\/portaleducacao.guarulhos.sp.gov.br\/wp_site\/semanadobrincar2025\/2025\/05\/23\/danca-de-salao-com-cadeirantes-e-nao-cadeirantes-para-educandos-da-eja\/\" >\n\t\t\t\tDan\u00e7a de sal\u00e3o com cadeirantes e n\u00e3o cadeirantes para educandos da EJA\t\t\t<\/a>\n\t\t<\/h3>\n\t\t\t\t<div class=\"elementor-post__excerpt\">\n\t\t\t<p>Data: 26\/05<\/p>\n<p>Hor\u00e1rio: 19:30h \u00e0s 21h<\/p>\n<p> Local: EPG DA Em\u00edlia<\/p>\n\t\t<\/div>\n\t\t\n\t\t<a class=\"elementor-post__read-more\" href=\"https:\/\/portaleducacao.guarulhos.sp.gov.br\/wp_site\/semanadobrincar2025\/2025\/05\/23\/danca-de-salao-com-cadeirantes-e-nao-cadeirantes-para-educandos-da-eja\/\" aria-label=\"Read more about Dan\u00e7a de sal\u00e3o com cadeirantes e n\u00e3o cadeirantes para educandos da EJA\" >\n\t\t\tSaiba Mais\t\t<\/a>\n\n\t\t\t\t<\/div>\n\t\t\t\t\t<\/div>\n\t\t<\/article>\n\t\t\t\t<article class=\"elementor-post elementor-grid-item post-680 post type-post status-publish format-standard hentry category-destaques-progamacao category-progamacao\">\n\t\t\t<div class=\"elementor-post__card\">\n\t\t\t\t<div class=\"elementor-post__text\">\n\t\t\t\t<h3 class=\"elementor-post__title\">\n\t\t\t<a href=\"https:\/\/portaleducacao.guarulhos.sp.gov.br\/wp_site\/semanadobrincar2025\/2025\/05\/23\/contacao-de-historia-com-escritor-henrique-andre\/\" >\n\t\t\t\tConta\u00e7\u00e3o de hist\u00f3ria com escritor Henrique Andr\u00e9\t\t\t<\/a>\n\t\t<\/h3>\n\t\t\t\t<div class=\"elementor-post__excerpt\">\n\t\t\t<p>Data: 27\/05<\/p>\n<p>Hor\u00e1rios e Locais<\/p>\n<p>Manh\u00e3 (10:00 \u00e0s 12:00) &#8211; na EPG Anita Mafalti<\/p>\n<p>Tarde (14:00 \u00e0s 16:00)- Institui\u00e7\u00e3o Parceira Misael Cardoso (R: Garanhuns, 61)<\/p>\n\t\t<\/div>\n\t\t\n\t\t<a class=\"elementor-post__read-more\" href=\"https:\/\/portaleducacao.guarulhos.sp.gov.br\/wp_site\/semanadobrincar2025\/2025\/05\/23\/contacao-de-historia-com-escritor-henrique-andre\/\" aria-label=\"Read more about Conta\u00e7\u00e3o de hist\u00f3ria com escritor Henrique Andr\u00e9\" >\n\t\t\tSaiba Mais\t\t<\/a>\n\n\t\t\t\t<\/div>\n\t\t\t\t\t<\/div>\n\t\t<\/article>\n\t\t\t\t<article class=\"elementor-post elementor-grid-item post-682 post type-post status-publish format-standard hentry category-destaques-progamacao category-progamacao\">\n\t\t\t<div class=\"elementor-post__card\">\n\t\t\t\t<div class=\"elementor-post__text\">\n\t\t\t\t<h3 class=\"elementor-post__title\">\n\t\t\t<a href=\"https:\/\/portaleducacao.guarulhos.sp.gov.br\/wp_site\/semanadobrincar2025\/2025\/05\/23\/resgate-de-brincadeiras-no-parque-chico-mendes-com-as-criancas-da-epg-chico-mendes\/\" >\n\t\t\t\tResgate de brincadeiras no parque Chico Mendes com as crian\u00e7as da EPG Chico Mendes\t\t\t<\/a>\n\t\t<\/h3>\n\t\t\t\t<div class=\"elementor-post__excerpt\">\n\t\t\t<p>Com as crian\u00e7as da EPG Chico Mendes <\/p>\n<p>Hor\u00e1rio: 15:30 \u00e0s 15:50<\/p>\n\t\t<\/div>\n\t\t\n\t\t<a class=\"elementor-post__read-more\" href=\"https:\/\/portaleducacao.guarulhos.sp.gov.br\/wp_site\/semanadobrincar2025\/2025\/05\/23\/resgate-de-brincadeiras-no-parque-chico-mendes-com-as-criancas-da-epg-chico-mendes\/\" aria-label=\"Read more about Resgate de brincadeiras no parque Chico Mendes com as crian\u00e7as da EPG Chico Mendes\" >\n\t\t\tSaiba Mais\t\t<\/a>\n\n\t\t\t\t<\/div>\n\t\t\t\t\t<\/div>\n\t\t<\/article>\n\t\t\t\t<article class=\"elementor-post elementor-grid-item post-686 post type-post status-publish format-standard hentry category-destaques-progamacao category-progamacao\">\n\t\t\t<div class=\"elementor-post__card\">\n\t\t\t\t<div class=\"elementor-post__text\">\n\t\t\t\t<h3 class=\"elementor-post__title\">\n\t\t\t<a href=\"https:\/\/portaleducacao.guarulhos.sp.gov.br\/wp_site\/semanadobrincar2025\/2025\/05\/23\/brincadeiras-no-parque-julio-fracalanza\/\" >\n\t\t\t\tBrincadeiras no Parque J\u00falio Fracalanza\t\t\t<\/a>\n\t\t<\/h3>\n\t\t\t\t<div class=\"elementor-post__excerpt\">\n\t\t\t<p>Data: 27\/05<\/p>\n<p>Hor\u00e1rio: 14h \u00e0s 16h<\/p>\n\t\t<\/div>\n\t\t\n\t\t<a class=\"elementor-post__read-more\" href=\"https:\/\/portaleducacao.guarulhos.sp.gov.br\/wp_site\/semanadobrincar2025\/2025\/05\/23\/brincadeiras-no-parque-julio-fracalanza\/\" aria-label=\"Read more about Brincadeiras no Parque J\u00falio Fracalanza\" >\n\t\t\tSaiba Mais\t\t<\/a>\n\n\t\t\t\t<\/div>\n\t\t\t\t\t<\/div>\n\t\t<\/article>\n\t\t\t\t<article class=\"elementor-post elementor-grid-item post-688 post type-post status-publish format-standard hentry category-destaques-progamacao category-progamacao\">\n\t\t\t<div class=\"elementor-post__card\">\n\t\t\t\t<div class=\"elementor-post__text\">\n\t\t\t\t<h3 class=\"elementor-post__title\">\n\t\t\t<a href=\"https:\/\/portaleducacao.guarulhos.sp.gov.br\/wp_site\/semanadobrincar2025\/2025\/05\/23\/danca-circular-com-professora-vilma\/\" >\n\t\t\t\tDan\u00e7a Circular com professora Vilma\t\t\t<\/a>\n\t\t<\/h3>\n\t\t\t\t<div class=\"elementor-post__excerpt\">\n\t\t\t<p>Com educandos e professores<\/p>\n<p>Data: 29\/05<\/p>\n<p>Hor\u00e1rios: 9h e 15h<\/p>\n\t\t<\/div>\n\t\t\n\t\t<a class=\"elementor-post__read-more\" href=\"https:\/\/portaleducacao.guarulhos.sp.gov.br\/wp_site\/semanadobrincar2025\/2025\/05\/23\/danca-circular-com-professora-vilma\/\" aria-label=\"Read more about Dan\u00e7a Circular com professora Vilma\" >\n\t\t\tSaiba Mais\t\t<\/a>\n\n\t\t\t\t<\/div>\n\t\t\t\t\t<\/div>\n\t\t<\/article>\n\t\t\t\t<article class=\"elementor-post elementor-grid-item post-690 post type-post status-publish format-standard hentry category-destaques-progamacao category-progamacao\">\n\t\t\t<div class=\"elementor-post__card\">\n\t\t\t\t<div class=\"elementor-post__text\">\n\t\t\t\t<h3 class=\"elementor-post__title\">\n\t\t\t<a href=\"https:\/\/portaleducacao.guarulhos.sp.gov.br\/wp_site\/semanadobrincar2025\/2025\/05\/23\/danca-axe-com-professor-luciano\/\" >\n\t\t\t\tDan\u00e7a Ax\u00e9 com professor Luciano\t\t\t<\/a>\n\t\t<\/h3>\n\t\t\t\t<div class=\"elementor-post__excerpt\">\n\t\t\t<p>Data: 30\/05<\/p>\n<p>Hor\u00e1rio: 10h<\/p>\n<p>Local: Centro de Conviv\u00eancia do Idoso \u2013 Av. Leopoldo Cunha, 85 &#8211; Gopouva<\/p>\n\t\t<\/div>\n\t\t\n\t\t<a class=\"elementor-post__read-more\" href=\"https:\/\/portaleducacao.guarulhos.sp.gov.br\/wp_site\/semanadobrincar2025\/2025\/05\/23\/danca-axe-com-professor-luciano\/\" aria-label=\"Read more about Dan\u00e7a Ax\u00e9 com professor Luciano\" >\n\t\t\tSaiba Mais\t\t<\/a>\n\n\t\t\t\t<\/div>\n\t\t\t\t\t<\/div>\n\t\t<\/article>\n\t\t\t\t<article class=\"elementor-post elementor-grid-item post-692 post type-post status-publish format-standard hentry category-destaques-progamacao category-progamacao\">\n\t\t\t<div class=\"elementor-post__card\">\n\t\t\t\t<div class=\"elementor-post__text\">\n\t\t\t\t<h3 class=\"elementor-post__title\">\n\t\t\t<a href=\"https:\/\/portaleducacao.guarulhos.sp.gov.br\/wp_site\/semanadobrincar2025\/2025\/05\/23\/samba-para-os-idosos\/\" >\n\t\t\t\tSamba para os Idosos\t\t\t<\/a>\n\t\t<\/h3>\n\t\t\t\t<div class=\"elementor-post__excerpt\">\n\t\t\t<p>Hor\u00e1rio: 14h<\/p>\n<p>Local: Centro de Referencia do Idoso &#8211; Av. Salgado Filho &#8211; Jardim Santa Mena, Guarulhos<\/p>\n\t\t<\/div>\n\t\t\n\t\t<a class=\"elementor-post__read-more\" href=\"https:\/\/portaleducacao.guarulhos.sp.gov.br\/wp_site\/semanadobrincar2025\/2025\/05\/23\/samba-para-os-idosos\/\" aria-label=\"Read more about Samba para os Idosos\" >\n\t\t\tSaiba Mais\t\t<\/a>\n\n\t\t\t\t<\/div>\n\t\t\t\t\t<\/div>\n\t\t<\/article>\n\t\t\t\t<article class=\"elementor-post elementor-grid-item post-714 post type-post status-publish format-standard hentry category-destaques-progamacao category-progamacao\">\n\t\t\t<div class=\"elementor-post__card\">\n\t\t\t\t<div class=\"elementor-post__text\">\n\t\t\t\t<h3 class=\"elementor-post__title\">\n\t\t\t<a href=\"https:\/\/portaleducacao.guarulhos.sp.gov.br\/wp_site\/semanadobrincar2025\/2025\/05\/26\/fechamento-se\/\" >\n\t\t\t\tFechamento SE\t\t\t<\/a>\n\t\t<\/h3>\n\t\t\t\t<div class=\"elementor-post__excerpt\">\n\t\t\t<p>Com a Professora Carla do Cemear<\/p>\n<p>Data: 30\/5<\/p>\n<p>Hor\u00e1rio: 14h<\/p>\n\t\t<\/div>\n\t\t\n\t\t<a class=\"elementor-post__read-more\" href=\"https:\/\/portaleducacao.guarulhos.sp.gov.br\/wp_site\/semanadobrincar2025\/2025\/05\/26\/fechamento-se\/\" aria-label=\"Read more about Fechamento SE\" >\n\t\t\tSaiba Mais\t\t<\/a>\n\n\t\t\t\t<\/div>\n\t\t\t\t\t<\/div>\n\t\t<\/article>\n\t\t\t\t<article class=\"elementor-post elementor-grid-item post-1007 post type-post status-publish format-standard has-post-thumbnail hentry category-destaques-progamacao category-progamacao\">\n\t\t\t<div class=\"elementor-post__card\">\n\t\t\t\t<a class=\"elementor-post__thumbnail__link\" href=\"https:\/\/portaleducacao.guarulhos.sp.gov.br\/wp_site\/semanadobrincar2025\/2025\/05\/29\/encerramento-da-semana-brincando-e-teatralizando-com-o-professor-fabio-viana\/\" ><div class=\"elementor-post__thumbnail\"><img width=\"300\" height=\"300\" src=\"https:\/\/portaleducacao.guarulhos.sp.gov.br\/wp_site\/semanadobrincar2025\/wp-content\/uploads\/sites\/40\/2025\/05\/WhatsApp-Image-2025-05-29-at-12.11.37-edited-300x300.jpeg\" class=\"attachment-medium size-medium wp-image-1009\" alt=\"\" loading=\"lazy\" srcset=\"https:\/\/portaleducacao.guarulhos.sp.gov.br\/wp_site\/semanadobrincar2025\/wp-content\/uploads\/sites\/40\/2025\/05\/WhatsApp-Image-2025-05-29-at-12.11.37-edited-300x300.jpeg 300w, https:\/\/portaleducacao.guarulhos.sp.gov.br\/wp_site\/semanadobrincar2025\/wp-content\/uploads\/sites\/40\/2025\/05\/WhatsApp-Image-2025-05-29-at-12.11.37-edited-150x150.jpeg 150w, https:\/\/portaleducacao.guarulhos.sp.gov.br\/wp_site\/semanadobrincar2025\/wp-content\/uploads\/sites\/40\/2025\/05\/WhatsApp-Image-2025-05-29-at-12.11.37-edited.jpeg 740w\" sizes=\"(max-width: 300px) 100vw, 300px\" \/><\/div><\/a>\n\t\t\t\t<div class=\"elementor-post__text\">\n\t\t\t\t<h3 class=\"elementor-post__title\">\n\t\t\t<a href=\"https:\/\/portaleducacao.guarulhos.sp.gov.br\/wp_site\/semanadobrincar2025\/2025\/05\/29\/encerramento-da-semana-brincando-e-teatralizando-com-o-professor-fabio-viana\/\" >\n\t\t\t\tEncerramento da Semana : Brincando e teatralizando, com o professor F\u00e1bio Viana\t\t\t<\/a>\n\t\t<\/h3>\n\t\t\t\t<div class=\"elementor-post__excerpt\">\n\t\t\t<p>Data: 30\/5<\/p>\n<p>Hor\u00e1rio: \u00e0s 14h<\/p>\n<p>Local: Cemear Rua Ab\u00edlio Ramos, 122 &#8211; Macedo<\/p>\n\t\t<\/div>\n\t\t\n\t\t<a class=\"elementor-post__read-more\" href=\"https:\/\/portaleducacao.guarulhos.sp.gov.br\/wp_site\/semanadobrincar2025\/2025\/05\/29\/encerramento-da-semana-brincando-e-teatralizando-com-o-professor-fabio-viana\/\" aria-label=\"Read more about Encerramento da Semana : Brincando e teatralizando, com o professor F\u00e1bio Viana\" >\n\t\t\tSaiba Mais\t\t<\/a>\n\n\t\t\t\t<\/div>\n\t\t\t\t\t<\/div>\n\t\t<\/article>\n\t\t\t\t<\/div>\n\t\t\n\t\t\t\t<\/div>\n\t\t\t\t<\/div>\n\t\t\t\t\t<\/div>\n\t\t<\/div>\n\t\t\t\t\t\t\t<\/div>\n\t\t<\/section>\n\t\t\t\t<section class=\"elementor-section elementor-top-section elementor-element elementor-element-a839554 elementor-section-boxed elementor-section-height-default elementor-section-height-default\" data-id=\"a839554\" data-element_type=\"section\">\n\t\t\t\t\t\t<div class=\"elementor-container elementor-column-gap-default\">\n\t\t\t\t\t<div class=\"elementor-column elementor-col-100 elementor-top-column elementor-element elementor-element-6bb4d80\" data-id=\"6bb4d80\" data-element_type=\"column\">\n\t\t\t<div class=\"elementor-widget-wrap elementor-element-populated\">\n\t\t\t\t\t\t\t\t<div class=\"elementor-element elementor-element-ff1bf68 elementor-widget elementor-widget-spacer\" data-id=\"ff1bf68\" data-element_type=\"widget\" data-widget_type=\"spacer.default\">\n\t\t\t\t<div class=\"elementor-widget-container\">\n\t\t\t\t\t<div class=\"elementor-spacer\">\n\t\t\t<div class=\"elementor-spacer-inner\"><\/div>\n\t\t<\/div>\n\t\t\t\t<\/div>\n\t\t\t\t<\/div>\n\t\t\t\t\t<\/div>\n\t\t<\/div>\n\t\t\t\t\t\t\t<\/div>\n\t\t<\/section>\n\t\t\t\t\t\t\t<\/div>\n\t\t","protected":false},"excerpt":{"rendered":"","protected":false},"author":32,"featured_media":0,"parent":0,"menu_order":0,"comment_status":"closed","ping_status":"closed","template":"","meta":{"_monsterinsights_skip_tracking":false,"_monsterinsights_sitenote_active":false,"_monsterinsights_sitenote_note":"","_monsterinsights_sitenote_category":0,"site-sidebar-layout":"no-sidebar","site-content-layout":"page-builder","ast-global-header-display":"","ast-main-header-display":"","ast-hfb-above-header-display":"","ast-hfb-below-header-display":"","ast-hfb-mobile-header-display":"","site-post-title":"disabled","ast-breadcrumbs-content":"","ast-featured-img":"disabled","footer-sml-layout":"","theme-transparent-header-meta":"","adv-header-id-meta":"","stick-header-meta":"","header-above-stick-meta":"","header-main-stick-meta":"","header-below-stick-meta":"","_expiration-date-status":"","_expiration-date":0,"_expiration-date-type":"","_expiration-date-categories":[],"_expiration-date-options":[]},"categories":[],"tags":[],"yoast_head":"<!-- This site is optimized with the Yoast SEO plugin v19.7.1 - https:\/\/yoast.com\/wordpress\/plugins\/seo\/ -->\r\n<title>Destaques - semana do brincar<\/title>\r\n<meta name=\"robots\" content=\"index, follow, max-snippet:-1, max-image-preview:large, max-video-preview:-1\" \/>\r\n<link rel=\"canonical\" href=\"https:\/\/portaleducacao.guarulhos.sp.gov.br\/wp_site\/semanadobrincar2025\/programacao-dia-26\/\" \/>\r\n<meta property=\"og:locale\" content=\"pt_BR\" \/>\r\n<meta property=\"og:type\" content=\"article\" \/>\r\n<meta property=\"og:title\" content=\"Destaques - semana do brincar\" \/>\r\n<meta property=\"og:url\" content=\"https:\/\/portaleducacao.guarulhos.sp.gov.br\/wp_site\/semanadobrincar2025\/programacao-dia-26\/\" \/>\r\n<meta property=\"og:site_name\" content=\"semana do brincar\" \/>\r\n<meta property=\"article:modified_time\" content=\"2025-05-27T14:59:33+00:00\" \/>\r\n<meta property=\"og:image\" content=\"http:\/\/portaleducacao.guarulhos.sp.gov.br\/wp_site\/semanadobrincar2025\/wp-content\/uploads\/sites\/40\/2025\/05\/Ativo-4-1024x461.png\" \/>\r\n<meta name=\"twitter:card\" content=\"summary_large_image\" \/>\r\n<meta name=\"twitter:label1\" content=\"Est. tempo de leitura\" \/>\n\t<meta name=\"twitter:data1\" content=\"5 minutos\" \/>\r\n<script type=\"application\/ld+json\" class=\"yoast-schema-graph\">{\"@context\":\"https:\/\/schema.org\",\"@graph\":[{\"@type\":\"WebPage\",\"@id\":\"https:\/\/portaleducacao.guarulhos.sp.gov.br\/wp_site\/semanadobrincar2025\/programacao-dia-26\/\",\"url\":\"https:\/\/portaleducacao.guarulhos.sp.gov.br\/wp_site\/semanadobrincar2025\/programacao-dia-26\/\",\"name\":\"Destaques - semana do brincar\",\"isPartOf\":{\"@id\":\"https:\/\/portaleducacao.guarulhos.sp.gov.br\/wp_site\/semanadobrincar2025\/#website\"},\"datePublished\":\"2025-05-19T12:26:20+00:00\",\"dateModified\":\"2025-05-27T14:59:33+00:00\",\"breadcrumb\":{\"@id\":\"https:\/\/portaleducacao.guarulhos.sp.gov.br\/wp_site\/semanadobrincar2025\/programacao-dia-26\/#breadcrumb\"},\"inLanguage\":\"pt-BR\",\"potentialAction\":[{\"@type\":\"ReadAction\",\"target\":[\"https:\/\/portaleducacao.guarulhos.sp.gov.br\/wp_site\/semanadobrincar2025\/programacao-dia-26\/\"]}]},{\"@type\":\"BreadcrumbList\",\"@id\":\"https:\/\/portaleducacao.guarulhos.sp.gov.br\/wp_site\/semanadobrincar2025\/programacao-dia-26\/#breadcrumb\",\"itemListElement\":[{\"@type\":\"ListItem\",\"position\":1,\"name\":\"In\u00edcio\",\"item\":\"https:\/\/portaleducacao.guarulhos.sp.gov.br\/wp_site\/semanadobrincar2025\/\"},{\"@type\":\"ListItem\",\"position\":2,\"name\":\"Destaques\"}]},{\"@type\":\"WebSite\",\"@id\":\"https:\/\/portaleducacao.guarulhos.sp.gov.br\/wp_site\/semanadobrincar2025\/#website\",\"url\":\"https:\/\/portaleducacao.guarulhos.sp.gov.br\/wp_site\/semanadobrincar2025\/\",\"name\":\"semana do brincar\",\"description\":\"S\u00f3 mais um site Portal SE Informe\",\"potentialAction\":[{\"@type\":\"SearchAction\",\"target\":{\"@type\":\"EntryPoint\",\"urlTemplate\":\"https:\/\/portaleducacao.guarulhos.sp.gov.br\/wp_site\/semanadobrincar2025\/?s={search_term_string}\"},\"query-input\":\"required name=search_term_string\"}],\"inLanguage\":\"pt-BR\"}]}<\/script>\r\n<!-- \/ Yoast SEO plugin. -->","yoast_head_json":{"title":"Destaques - semana do brincar","robots":{"index":"index","follow":"follow","max-snippet":"max-snippet:-1","max-image-preview":"max-image-preview:large","max-video-preview":"max-video-preview:-1"},"canonical":"https:\/\/portaleducacao.guarulhos.sp.gov.br\/wp_site\/semanadobrincar2025\/programacao-dia-26\/","og_locale":"pt_BR","og_type":"article","og_title":"Destaques - semana do brincar","og_url":"https:\/\/portaleducacao.guarulhos.sp.gov.br\/wp_site\/semanadobrincar2025\/programacao-dia-26\/","og_site_name":"semana do brincar","article_modified_time":"2025-05-27T14:59:33+00:00","og_image":[{"url":"http:\/\/portaleducacao.guarulhos.sp.gov.br\/wp_site\/semanadobrincar2025\/wp-content\/uploads\/sites\/40\/2025\/05\/Ativo-4-1024x461.png"}],"twitter_card":"summary_large_image","twitter_misc":{"Est. tempo de leitura":"5 minutos"},"schema":{"@context":"https:\/\/schema.org","@graph":[{"@type":"WebPage","@id":"https:\/\/portaleducacao.guarulhos.sp.gov.br\/wp_site\/semanadobrincar2025\/programacao-dia-26\/","url":"https:\/\/portaleducacao.guarulhos.sp.gov.br\/wp_site\/semanadobrincar2025\/programacao-dia-26\/","name":"Destaques - semana do brincar","isPartOf":{"@id":"https:\/\/portaleducacao.guarulhos.sp.gov.br\/wp_site\/semanadobrincar2025\/#website"},"datePublished":"2025-05-19T12:26:20+00:00","dateModified":"2025-05-27T14:59:33+00:00","breadcrumb":{"@id":"https:\/\/portaleducacao.guarulhos.sp.gov.br\/wp_site\/semanadobrincar2025\/programacao-dia-26\/#breadcrumb"},"inLanguage":"pt-BR","potentialAction":[{"@type":"ReadAction","target":["https:\/\/portaleducacao.guarulhos.sp.gov.br\/wp_site\/semanadobrincar2025\/programacao-dia-26\/"]}]},{"@type":"BreadcrumbList","@id":"https:\/\/portaleducacao.guarulhos.sp.gov.br\/wp_site\/semanadobrincar2025\/programacao-dia-26\/#breadcrumb","itemListElement":[{"@type":"ListItem","position":1,"name":"In\u00edcio","item":"https:\/\/portaleducacao.guarulhos.sp.gov.br\/wp_site\/semanadobrincar2025\/"},{"@type":"ListItem","position":2,"name":"Destaques"}]},{"@type":"WebSite","@id":"https:\/\/portaleducacao.guarulhos.sp.gov.br\/wp_site\/semanadobrincar2025\/#website","url":"https:\/\/portaleducacao.guarulhos.sp.gov.br\/wp_site\/semanadobrincar2025\/","name":"semana do brincar","description":"S\u00f3 mais um site Portal SE Informe","potentialAction":[{"@type":"SearchAction","target":{"@type":"EntryPoint","urlTemplate":"https:\/\/portaleducacao.guarulhos.sp.gov.br\/wp_site\/semanadobrincar2025\/?s={search_term_string}"},"query-input":"required name=search_term_string"}],"inLanguage":"pt-BR"}]}},"_links":{"self":[{"href":"https:\/\/portaleducacao.guarulhos.sp.gov.br\/wp_site\/semanadobrincar2025\/wp-json\/wp\/v2\/pages\/197"}],"collection":[{"href":"https:\/\/portaleducacao.guarulhos.sp.gov.br\/wp_site\/semanadobrincar2025\/wp-json\/wp\/v2\/pages"}],"about":[{"href":"https:\/\/portaleducacao.guarulhos.sp.gov.br\/wp_site\/semanadobrincar2025\/wp-json\/wp\/v2\/types\/page"}],"author":[{"embeddable":true,"href":"https:\/\/portaleducacao.guarulhos.sp.gov.br\/wp_site\/semanadobrincar2025\/wp-json\/wp\/v2\/users\/32"}],"replies":[{"embeddable":true,"href":"https:\/\/portaleducacao.guarulhos.sp.gov.br\/wp_site\/semanadobrincar2025\/wp-json\/wp\/v2\/comments?post=197"}],"version-history":[{"count":105,"href":"https:\/\/portaleducacao.guarulhos.sp.gov.br\/wp_site\/semanadobrincar2025\/wp-json\/wp\/v2\/pages\/197\/revisions"}],"predecessor-version":[{"id":731,"href":"https:\/\/portaleducacao.guarulhos.sp.gov.br\/wp_site\/semanadobrincar2025\/wp-json\/wp\/v2\/pages\/197\/revisions\/731"}],"wp:attachment":[{"href":"https:\/\/portaleducacao.guarulhos.sp.gov.br\/wp_site\/semanadobrincar2025\/wp-json\/wp\/v2\/media?parent=197"}],"wp:term":[{"taxonomy":"category","embeddable":true,"href":"https:\/\/portaleducacao.guarulhos.sp.gov.br\/wp_site\/semanadobrincar2025\/wp-json\/wp\/v2\/categories?post=197"},{"taxonomy":"post_tag","embeddable":true,"href":"https:\/\/portaleducacao.guarulhos.sp.gov.br\/wp_site\/semanadobrincar2025\/wp-json\/wp\/v2\/tags?post=197"}],"curies":[{"name":"wp","href":"https:\/\/api.w.org\/{rel}","templated":true}]}}