{"id":473,"date":"2025-05-21T14:14:22","date_gmt":"2025-05-21T17:14:22","guid":{"rendered":"https:\/\/portaleducacao.guarulhos.sp.gov.br\/wp_site\/semanadobrincar2025\/?page_id=473"},"modified":"2025-06-02T08:26:38","modified_gmt":"2025-06-02T11:26:38","slug":"noticias","status":"publish","type":"page","link":"https:\/\/portaleducacao.guarulhos.sp.gov.br\/wp_site\/semanadobrincar2025\/noticias\/","title":{"rendered":"Not\u00edcias"},"content":{"rendered":"\t\t<div data-elementor-type=\"wp-page\" data-elementor-id=\"473\" class=\"elementor elementor-473\">\n\t\t\t\t\t\t\t\t\t<section class=\"elementor-section elementor-top-section elementor-element elementor-element-957ee3e elementor-section-boxed elementor-section-height-default elementor-section-height-default\" data-id=\"957ee3e\" data-element_type=\"section\">\n\t\t\t\t\t\t<div class=\"elementor-container elementor-column-gap-default\">\n\t\t\t\t\t<div class=\"elementor-column elementor-col-100 elementor-top-column elementor-element elementor-element-02c176a\" data-id=\"02c176a\" data-element_type=\"column\">\n\t\t\t<div class=\"elementor-widget-wrap elementor-element-populated\">\n\t\t\t\t\t\t\t\t<div class=\"elementor-element elementor-element-d88e407 elementor-widget elementor-widget-spacer\" data-id=\"d88e407\" data-element_type=\"widget\" data-widget_type=\"spacer.default\">\n\t\t\t\t<div class=\"elementor-widget-container\">\n\t\t\t<style>\/*! elementor - v3.12.1 - 02-04-2023 *\/\n.elementor-column .elementor-spacer-inner{height:var(--spacer-size)}.e-con{--container-widget-width:100%}.e-con-inner>.elementor-widget-spacer,.e-con>.elementor-widget-spacer{width:var(--container-widget-width,var(--spacer-size));--align-self:var(--container-widget-align-self,initial);--flex-shrink:0}.e-con-inner>.elementor-widget-spacer>.elementor-widget-container,.e-con-inner>.elementor-widget-spacer>.elementor-widget-container>.elementor-spacer,.e-con>.elementor-widget-spacer>.elementor-widget-container,.e-con>.elementor-widget-spacer>.elementor-widget-container>.elementor-spacer{height:100%}.e-con-inner>.elementor-widget-spacer>.elementor-widget-container>.elementor-spacer>.elementor-spacer-inner,.e-con>.elementor-widget-spacer>.elementor-widget-container>.elementor-spacer>.elementor-spacer-inner{height:var(--container-widget-height,var(--spacer-size))}<\/style>\t\t<div class=\"elementor-spacer\">\n\t\t\t<div class=\"elementor-spacer-inner\"><\/div>\n\t\t<\/div>\n\t\t\t\t<\/div>\n\t\t\t\t<\/div>\n\t\t\t\t\t<\/div>\n\t\t<\/div>\n\t\t\t\t\t\t\t<\/div>\n\t\t<\/section>\n\t\t\t\t<section class=\"elementor-section elementor-top-section elementor-element elementor-element-c1e8609 elementor-section-boxed elementor-section-height-default elementor-section-height-default\" data-id=\"c1e8609\" data-element_type=\"section\">\n\t\t\t\t\t\t<div class=\"elementor-container elementor-column-gap-default\">\n\t\t\t\t\t<div class=\"elementor-column elementor-col-16 elementor-top-column elementor-element elementor-element-0f4ca8f\" data-id=\"0f4ca8f\" data-element_type=\"column\">\n\t\t\t<div class=\"elementor-widget-wrap elementor-element-populated\">\n\t\t\t\t\t\t\t\t<div class=\"elementor-element elementor-element-31790ce elementor-widget__width-initial elementor-widget elementor-widget-image\" data-id=\"31790ce\" data-element_type=\"widget\" data-widget_type=\"image.default\">\n\t\t\t\t<div class=\"elementor-widget-container\">\n\t\t\t<style>\/*! elementor - v3.12.1 - 02-04-2023 *\/\n.elementor-widget-image{text-align:center}.elementor-widget-image a{display:inline-block}.elementor-widget-image a img[src$=\".svg\"]{width:48px}.elementor-widget-image img{vertical-align:middle;display:inline-block}<\/style>\t\t\t\t\t\t\t\t\t\t\t\t<img width=\"1024\" height=\"462\" src=\"https:\/\/portaleducacao.guarulhos.sp.gov.br\/wp_site\/semanadobrincar2025\/wp-content\/uploads\/sites\/40\/2025\/05\/teste-noticias-2-1024x462.png\" class=\"attachment-large size-large wp-image-497\" alt=\"\" loading=\"lazy\" srcset=\"https:\/\/portaleducacao.guarulhos.sp.gov.br\/wp_site\/semanadobrincar2025\/wp-content\/uploads\/sites\/40\/2025\/05\/teste-noticias-2-1024x462.png 1024w, https:\/\/portaleducacao.guarulhos.sp.gov.br\/wp_site\/semanadobrincar2025\/wp-content\/uploads\/sites\/40\/2025\/05\/teste-noticias-2-300x135.png 300w, https:\/\/portaleducacao.guarulhos.sp.gov.br\/wp_site\/semanadobrincar2025\/wp-content\/uploads\/sites\/40\/2025\/05\/teste-noticias-2-768x346.png 768w, https:\/\/portaleducacao.guarulhos.sp.gov.br\/wp_site\/semanadobrincar2025\/wp-content\/uploads\/sites\/40\/2025\/05\/teste-noticias-2-1536x692.png 1536w, https:\/\/portaleducacao.guarulhos.sp.gov.br\/wp_site\/semanadobrincar2025\/wp-content\/uploads\/sites\/40\/2025\/05\/teste-noticias-2.png 1673w\" sizes=\"(max-width: 1024px) 100vw, 1024px\" \/>\t\t\t\t\t\t\t\t\t\t\t\t\t\t\t<\/div>\n\t\t\t\t<\/div>\n\t\t\t\t\t<\/div>\n\t\t<\/div>\n\t\t\t\t<div class=\"elementor-column elementor-col-66 elementor-top-column elementor-element elementor-element-9dbeacd\" data-id=\"9dbeacd\" data-element_type=\"column\">\n\t\t\t<div class=\"elementor-widget-wrap\">\n\t\t\t\t\t\t\t\t\t<\/div>\n\t\t<\/div>\n\t\t\t\t<div class=\"elementor-column elementor-col-16 elementor-top-column elementor-element elementor-element-f29b6fe\" data-id=\"f29b6fe\" data-element_type=\"column\">\n\t\t\t<div class=\"elementor-widget-wrap\">\n\t\t\t\t\t\t\t\t\t<\/div>\n\t\t<\/div>\n\t\t\t\t\t\t\t<\/div>\n\t\t<\/section>\n\t\t\t\t<section class=\"elementor-section elementor-top-section elementor-element elementor-element-bd2d92b elementor-section-boxed elementor-section-height-default elementor-section-height-default\" data-id=\"bd2d92b\" data-element_type=\"section\">\n\t\t\t\t\t\t<div class=\"elementor-container elementor-column-gap-default\">\n\t\t\t\t\t<div class=\"elementor-column elementor-col-100 elementor-top-column elementor-element elementor-element-84cb92f\" data-id=\"84cb92f\" data-element_type=\"column\">\n\t\t\t<div class=\"elementor-widget-wrap elementor-element-populated\">\n\t\t\t\t\t\t\t\t<div class=\"elementor-element elementor-element-9a5f89e elementor-widget elementor-widget-spacer\" data-id=\"9a5f89e\" data-element_type=\"widget\" data-widget_type=\"spacer.default\">\n\t\t\t\t<div class=\"elementor-widget-container\">\n\t\t\t\t\t<div class=\"elementor-spacer\">\n\t\t\t<div class=\"elementor-spacer-inner\"><\/div>\n\t\t<\/div>\n\t\t\t\t<\/div>\n\t\t\t\t<\/div>\n\t\t\t\t\t<\/div>\n\t\t<\/div>\n\t\t\t\t\t\t\t<\/div>\n\t\t<\/section>\n\t\t\t\t<section class=\"elementor-section elementor-top-section elementor-element elementor-element-fab2fac elementor-section-boxed elementor-section-height-default elementor-section-height-default\" data-id=\"fab2fac\" data-element_type=\"section\">\n\t\t\t\t\t\t<div class=\"elementor-container elementor-column-gap-default\">\n\t\t\t\t\t<div class=\"elementor-column elementor-col-100 elementor-top-column elementor-element elementor-element-adcbe9a\" data-id=\"adcbe9a\" data-element_type=\"column\">\n\t\t\t<div class=\"elementor-widget-wrap elementor-element-populated\">\n\t\t\t\t\t\t\t\t<div class=\"elementor-element elementor-element-be1a28d elementor-widget__width-initial elementor-grid-3 elementor-grid-tablet-2 elementor-grid-mobile-1 elementor-posts--thumbnail-top elementor-card-shadow-yes elementor-posts__hover-gradient elementor-widget elementor-widget-posts\" data-id=\"be1a28d\" data-element_type=\"widget\" data-settings=\"{&quot;cards_masonry&quot;:&quot;yes&quot;,&quot;cards_row_gap&quot;:{&quot;unit&quot;:&quot;px&quot;,&quot;size&quot;:64,&quot;sizes&quot;:[]},&quot;cards_columns&quot;:&quot;3&quot;,&quot;cards_columns_tablet&quot;:&quot;2&quot;,&quot;cards_columns_mobile&quot;:&quot;1&quot;,&quot;cards_row_gap_tablet&quot;:{&quot;unit&quot;:&quot;px&quot;,&quot;size&quot;:&quot;&quot;,&quot;sizes&quot;:[]},&quot;cards_row_gap_mobile&quot;:{&quot;unit&quot;:&quot;px&quot;,&quot;size&quot;:&quot;&quot;,&quot;sizes&quot;:[]}}\" data-widget_type=\"posts.cards\">\n\t\t\t\t<div class=\"elementor-widget-container\">\n\t\t\t<link rel=\"stylesheet\" href=\"https:\/\/portaleducacao.guarulhos.sp.gov.br\/wp_site\/semanadobrincar2025\/wp-content\/plugins\/elementor-pro\/assets\/css\/widget-posts.min.css\">\t\t<div class=\"elementor-posts-container elementor-posts elementor-posts--skin-cards elementor-grid\">\n\t\t\t\t<article class=\"elementor-post elementor-grid-item post-1238 post type-post status-publish format-standard has-post-thumbnail hentry category-noticias\">\n\t\t\t<div class=\"elementor-post__card\">\n\t\t\t\t<a class=\"elementor-post__thumbnail__link\" href=\"https:\/\/portaleducacao.guarulhos.sp.gov.br\/wp_site\/semanadobrincar2025\/2025\/06\/05\/alunos-da-epg-walter-efigenio-convidam-adultos-para-brincar-e-celebram-a-alegria\/\" ><div class=\"elementor-post__thumbnail\"><img width=\"1600\" height=\"1200\" src=\"https:\/\/portaleducacao.guarulhos.sp.gov.br\/wp_site\/semanadobrincar2025\/wp-content\/uploads\/sites\/40\/2025\/06\/fcab05f3-4f38-495d-95f4-18252618b133-1.jpeg\" class=\"attachment-full size-full wp-image-1242\" alt=\"\" loading=\"lazy\" srcset=\"https:\/\/portaleducacao.guarulhos.sp.gov.br\/wp_site\/semanadobrincar2025\/wp-content\/uploads\/sites\/40\/2025\/06\/fcab05f3-4f38-495d-95f4-18252618b133-1.jpeg 1600w, https:\/\/portaleducacao.guarulhos.sp.gov.br\/wp_site\/semanadobrincar2025\/wp-content\/uploads\/sites\/40\/2025\/06\/fcab05f3-4f38-495d-95f4-18252618b133-1-300x225.jpeg 300w, https:\/\/portaleducacao.guarulhos.sp.gov.br\/wp_site\/semanadobrincar2025\/wp-content\/uploads\/sites\/40\/2025\/06\/fcab05f3-4f38-495d-95f4-18252618b133-1-1024x768.jpeg 1024w, https:\/\/portaleducacao.guarulhos.sp.gov.br\/wp_site\/semanadobrincar2025\/wp-content\/uploads\/sites\/40\/2025\/06\/fcab05f3-4f38-495d-95f4-18252618b133-1-768x576.jpeg 768w, https:\/\/portaleducacao.guarulhos.sp.gov.br\/wp_site\/semanadobrincar2025\/wp-content\/uploads\/sites\/40\/2025\/06\/fcab05f3-4f38-495d-95f4-18252618b133-1-1536x1152.jpeg 1536w\" sizes=\"(max-width: 1600px) 100vw, 1600px\" \/><\/div><\/a>\n\t\t\t\t<div class=\"elementor-post__text\">\n\t\t\t\t<h3 class=\"elementor-post__title\">\n\t\t\t<a href=\"https:\/\/portaleducacao.guarulhos.sp.gov.br\/wp_site\/semanadobrincar2025\/2025\/06\/05\/alunos-da-epg-walter-efigenio-convidam-adultos-para-brincar-e-celebram-a-alegria\/\" >\n\t\t\t\tAlunos da EPG Walter Efig\u00eanio convidam adultos para brincar e celebram a alegria\t\t\t<\/a>\n\t\t<\/h3>\n\t\t\n\t\t<a class=\"elementor-post__read-more\" href=\"https:\/\/portaleducacao.guarulhos.sp.gov.br\/wp_site\/semanadobrincar2025\/2025\/06\/05\/alunos-da-epg-walter-efigenio-convidam-adultos-para-brincar-e-celebram-a-alegria\/\" aria-label=\"Read more about Alunos da EPG Walter Efig\u00eanio convidam adultos para brincar e celebram a alegria\" >\n\t\t\tsaiba mais\t\t<\/a>\n\n\t\t\t\t<\/div>\n\t\t\t\t\t<\/div>\n\t\t<\/article>\n\t\t\t\t<article class=\"elementor-post elementor-grid-item post-1235 post type-post status-publish format-standard has-post-thumbnail hentry category-noticias\">\n\t\t\t<div class=\"elementor-post__card\">\n\t\t\t\t<a class=\"elementor-post__thumbnail__link\" href=\"https:\/\/portaleducacao.guarulhos.sp.gov.br\/wp_site\/semanadobrincar2025\/2025\/06\/05\/semana-mundial-do-brincar-mobiliza-mais-de-115-mil-estudantes-com-alegria-e-integracao\/\" ><div class=\"elementor-post__thumbnail\"><img width=\"1600\" height=\"1066\" src=\"https:\/\/portaleducacao.guarulhos.sp.gov.br\/wp_site\/semanadobrincar2025\/wp-content\/uploads\/sites\/40\/2025\/06\/caaa7e1b-1c15-4d6a-949d-a50491f2087d.jpeg\" class=\"attachment-full size-full wp-image-1236\" alt=\"\" loading=\"lazy\" srcset=\"https:\/\/portaleducacao.guarulhos.sp.gov.br\/wp_site\/semanadobrincar2025\/wp-content\/uploads\/sites\/40\/2025\/06\/caaa7e1b-1c15-4d6a-949d-a50491f2087d.jpeg 1600w, https:\/\/portaleducacao.guarulhos.sp.gov.br\/wp_site\/semanadobrincar2025\/wp-content\/uploads\/sites\/40\/2025\/06\/caaa7e1b-1c15-4d6a-949d-a50491f2087d-300x200.jpeg 300w, https:\/\/portaleducacao.guarulhos.sp.gov.br\/wp_site\/semanadobrincar2025\/wp-content\/uploads\/sites\/40\/2025\/06\/caaa7e1b-1c15-4d6a-949d-a50491f2087d-1024x682.jpeg 1024w, https:\/\/portaleducacao.guarulhos.sp.gov.br\/wp_site\/semanadobrincar2025\/wp-content\/uploads\/sites\/40\/2025\/06\/caaa7e1b-1c15-4d6a-949d-a50491f2087d-768x512.jpeg 768w, https:\/\/portaleducacao.guarulhos.sp.gov.br\/wp_site\/semanadobrincar2025\/wp-content\/uploads\/sites\/40\/2025\/06\/caaa7e1b-1c15-4d6a-949d-a50491f2087d-1536x1023.jpeg 1536w\" sizes=\"(max-width: 1600px) 100vw, 1600px\" \/><\/div><\/a>\n\t\t\t\t<div class=\"elementor-post__text\">\n\t\t\t\t<h3 class=\"elementor-post__title\">\n\t\t\t<a href=\"https:\/\/portaleducacao.guarulhos.sp.gov.br\/wp_site\/semanadobrincar2025\/2025\/06\/05\/semana-mundial-do-brincar-mobiliza-mais-de-115-mil-estudantes-com-alegria-e-integracao\/\" >\n\t\t\t\tSemana Mundial do Brincar mobiliza mais de 115 mil estudantes com alegria e integra\u00e7\u00e3o\t\t\t<\/a>\n\t\t<\/h3>\n\t\t\n\t\t<a class=\"elementor-post__read-more\" href=\"https:\/\/portaleducacao.guarulhos.sp.gov.br\/wp_site\/semanadobrincar2025\/2025\/06\/05\/semana-mundial-do-brincar-mobiliza-mais-de-115-mil-estudantes-com-alegria-e-integracao\/\" aria-label=\"Read more about Semana Mundial do Brincar mobiliza mais de 115 mil estudantes com alegria e integra\u00e7\u00e3o\" >\n\t\t\tsaiba mais\t\t<\/a>\n\n\t\t\t\t<\/div>\n\t\t\t\t\t<\/div>\n\t\t<\/article>\n\t\t\t\t<article class=\"elementor-post elementor-grid-item post-1128 post type-post status-publish format-standard has-post-thumbnail hentry category-noticias\">\n\t\t\t<div class=\"elementor-post__card\">\n\t\t\t\t<a class=\"elementor-post__thumbnail__link\" href=\"https:\/\/portaleducacao.guarulhos.sp.gov.br\/wp_site\/semanadobrincar2025\/2025\/05\/30\/acao-formativa-aborda-a-importancia-do-brincar-e-da-musicalizacao-na-infancia\/\" ><div class=\"elementor-post__thumbnail\"><img width=\"1120\" height=\"720\" src=\"https:\/\/portaleducacao.guarulhos.sp.gov.br\/wp_site\/semanadobrincar2025\/wp-content\/uploads\/sites\/40\/2025\/05\/55ea5b80-c650-4456-83f8-d682d80263f5-e1748863540116.jpeg\" class=\"attachment-full size-full wp-image-1131\" alt=\"\" loading=\"lazy\" srcset=\"https:\/\/portaleducacao.guarulhos.sp.gov.br\/wp_site\/semanadobrincar2025\/wp-content\/uploads\/sites\/40\/2025\/05\/55ea5b80-c650-4456-83f8-d682d80263f5-e1748863540116.jpeg 1120w, https:\/\/portaleducacao.guarulhos.sp.gov.br\/wp_site\/semanadobrincar2025\/wp-content\/uploads\/sites\/40\/2025\/05\/55ea5b80-c650-4456-83f8-d682d80263f5-e1748863540116-300x193.jpeg 300w, https:\/\/portaleducacao.guarulhos.sp.gov.br\/wp_site\/semanadobrincar2025\/wp-content\/uploads\/sites\/40\/2025\/05\/55ea5b80-c650-4456-83f8-d682d80263f5-e1748863540116-1024x658.jpeg 1024w, https:\/\/portaleducacao.guarulhos.sp.gov.br\/wp_site\/semanadobrincar2025\/wp-content\/uploads\/sites\/40\/2025\/05\/55ea5b80-c650-4456-83f8-d682d80263f5-e1748863540116-768x494.jpeg 768w\" sizes=\"(max-width: 1120px) 100vw, 1120px\" \/><\/div><\/a>\n\t\t\t\t<div class=\"elementor-post__text\">\n\t\t\t\t<h3 class=\"elementor-post__title\">\n\t\t\t<a href=\"https:\/\/portaleducacao.guarulhos.sp.gov.br\/wp_site\/semanadobrincar2025\/2025\/05\/30\/acao-formativa-aborda-a-importancia-do-brincar-e-da-musicalizacao-na-infancia\/\" >\n\t\t\t\tA\u00e7\u00e3o formativa aborda a import\u00e2ncia do brincar e da musicaliza\u00e7\u00e3o na inf\u00e2ncia\t\t\t<\/a>\n\t\t<\/h3>\n\t\t\n\t\t<a class=\"elementor-post__read-more\" href=\"https:\/\/portaleducacao.guarulhos.sp.gov.br\/wp_site\/semanadobrincar2025\/2025\/05\/30\/acao-formativa-aborda-a-importancia-do-brincar-e-da-musicalizacao-na-infancia\/\" aria-label=\"Read more about A\u00e7\u00e3o formativa aborda a import\u00e2ncia do brincar e da musicaliza\u00e7\u00e3o na inf\u00e2ncia\" >\n\t\t\tsaiba mais\t\t<\/a>\n\n\t\t\t\t<\/div>\n\t\t\t\t\t<\/div>\n\t\t<\/article>\n\t\t\t\t<article class=\"elementor-post elementor-grid-item post-1072 post type-post status-publish format-standard has-post-thumbnail hentry category-noticias\">\n\t\t\t<div class=\"elementor-post__card\">\n\t\t\t\t<a class=\"elementor-post__thumbnail__link\" href=\"https:\/\/portaleducacao.guarulhos.sp.gov.br\/wp_site\/semanadobrincar2025\/2025\/05\/30\/relacao-entre-espaco-escolar-e-as-brincadeiras-e-tema-de-debate-na-semana-mundial-do-brincar\/\" ><div class=\"elementor-post__thumbnail\"><img width=\"1600\" height=\"1066\" src=\"https:\/\/portaleducacao.guarulhos.sp.gov.br\/wp_site\/semanadobrincar2025\/wp-content\/uploads\/sites\/40\/2025\/05\/bf985a7d-1551-4b5d-8585-384ca1b71d11.jpg\" class=\"attachment-full size-full wp-image-1074\" alt=\"\" loading=\"lazy\" srcset=\"https:\/\/portaleducacao.guarulhos.sp.gov.br\/wp_site\/semanadobrincar2025\/wp-content\/uploads\/sites\/40\/2025\/05\/bf985a7d-1551-4b5d-8585-384ca1b71d11.jpg 1600w, https:\/\/portaleducacao.guarulhos.sp.gov.br\/wp_site\/semanadobrincar2025\/wp-content\/uploads\/sites\/40\/2025\/05\/bf985a7d-1551-4b5d-8585-384ca1b71d11-300x200.jpg 300w, https:\/\/portaleducacao.guarulhos.sp.gov.br\/wp_site\/semanadobrincar2025\/wp-content\/uploads\/sites\/40\/2025\/05\/bf985a7d-1551-4b5d-8585-384ca1b71d11-1024x682.jpg 1024w, https:\/\/portaleducacao.guarulhos.sp.gov.br\/wp_site\/semanadobrincar2025\/wp-content\/uploads\/sites\/40\/2025\/05\/bf985a7d-1551-4b5d-8585-384ca1b71d11-768x512.jpg 768w, https:\/\/portaleducacao.guarulhos.sp.gov.br\/wp_site\/semanadobrincar2025\/wp-content\/uploads\/sites\/40\/2025\/05\/bf985a7d-1551-4b5d-8585-384ca1b71d11-1536x1023.jpg 1536w\" sizes=\"(max-width: 1600px) 100vw, 1600px\" \/><\/div><\/a>\n\t\t\t\t<div class=\"elementor-post__text\">\n\t\t\t\t<h3 class=\"elementor-post__title\">\n\t\t\t<a href=\"https:\/\/portaleducacao.guarulhos.sp.gov.br\/wp_site\/semanadobrincar2025\/2025\/05\/30\/relacao-entre-espaco-escolar-e-as-brincadeiras-e-tema-de-debate-na-semana-mundial-do-brincar\/\" >\n\t\t\t\tRela\u00e7\u00e3o entre espa\u00e7o escolar e as brincadeiras \u00e9 tema de debate na Semana Mundial do Brincar\t\t\t<\/a>\n\t\t<\/h3>\n\t\t\n\t\t<a class=\"elementor-post__read-more\" href=\"https:\/\/portaleducacao.guarulhos.sp.gov.br\/wp_site\/semanadobrincar2025\/2025\/05\/30\/relacao-entre-espaco-escolar-e-as-brincadeiras-e-tema-de-debate-na-semana-mundial-do-brincar\/\" aria-label=\"Read more about Rela\u00e7\u00e3o entre espa\u00e7o escolar e as brincadeiras \u00e9 tema de debate na Semana Mundial do Brincar\" >\n\t\t\tsaiba mais\t\t<\/a>\n\n\t\t\t\t<\/div>\n\t\t\t\t\t<\/div>\n\t\t<\/article>\n\t\t\t\t<article class=\"elementor-post elementor-grid-item post-968 post type-post status-publish format-standard has-post-thumbnail hentry category-noticias\">\n\t\t\t<div class=\"elementor-post__card\">\n\t\t\t\t<a class=\"elementor-post__thumbnail__link\" href=\"https:\/\/portaleducacao.guarulhos.sp.gov.br\/wp_site\/semanadobrincar2025\/2025\/05\/29\/escolas-da-prefeitura-recebem-o-escritor-henrique-andre-na-semana-do-brincar\/\" ><div class=\"elementor-post__thumbnail\"><img width=\"2560\" height=\"1706\" src=\"https:\/\/portaleducacao.guarulhos.sp.gov.br\/wp_site\/semanadobrincar2025\/wp-content\/uploads\/sites\/40\/2025\/05\/0f588c29-e8d8-4653-b401-f3a42cb8d482.jpeg\" class=\"attachment-full size-full wp-image-969\" alt=\"\" loading=\"lazy\" srcset=\"https:\/\/portaleducacao.guarulhos.sp.gov.br\/wp_site\/semanadobrincar2025\/wp-content\/uploads\/sites\/40\/2025\/05\/0f588c29-e8d8-4653-b401-f3a42cb8d482.jpeg 2560w, https:\/\/portaleducacao.guarulhos.sp.gov.br\/wp_site\/semanadobrincar2025\/wp-content\/uploads\/sites\/40\/2025\/05\/0f588c29-e8d8-4653-b401-f3a42cb8d482-300x200.jpeg 300w, https:\/\/portaleducacao.guarulhos.sp.gov.br\/wp_site\/semanadobrincar2025\/wp-content\/uploads\/sites\/40\/2025\/05\/0f588c29-e8d8-4653-b401-f3a42cb8d482-1024x682.jpeg 1024w, https:\/\/portaleducacao.guarulhos.sp.gov.br\/wp_site\/semanadobrincar2025\/wp-content\/uploads\/sites\/40\/2025\/05\/0f588c29-e8d8-4653-b401-f3a42cb8d482-768x512.jpeg 768w, https:\/\/portaleducacao.guarulhos.sp.gov.br\/wp_site\/semanadobrincar2025\/wp-content\/uploads\/sites\/40\/2025\/05\/0f588c29-e8d8-4653-b401-f3a42cb8d482-1536x1024.jpeg 1536w, https:\/\/portaleducacao.guarulhos.sp.gov.br\/wp_site\/semanadobrincar2025\/wp-content\/uploads\/sites\/40\/2025\/05\/0f588c29-e8d8-4653-b401-f3a42cb8d482-2048x1365.jpeg 2048w\" sizes=\"(max-width: 2560px) 100vw, 2560px\" \/><\/div><\/a>\n\t\t\t\t<div class=\"elementor-post__text\">\n\t\t\t\t<h3 class=\"elementor-post__title\">\n\t\t\t<a href=\"https:\/\/portaleducacao.guarulhos.sp.gov.br\/wp_site\/semanadobrincar2025\/2025\/05\/29\/escolas-da-prefeitura-recebem-o-escritor-henrique-andre-na-semana-do-brincar\/\" >\n\t\t\t\tEscolas da Prefeitura recebem o escritor Henrique Andr\u00e9 na Semana do Brincar\t\t\t<\/a>\n\t\t<\/h3>\n\t\t\n\t\t<a class=\"elementor-post__read-more\" href=\"https:\/\/portaleducacao.guarulhos.sp.gov.br\/wp_site\/semanadobrincar2025\/2025\/05\/29\/escolas-da-prefeitura-recebem-o-escritor-henrique-andre-na-semana-do-brincar\/\" aria-label=\"Read more about Escolas da Prefeitura recebem o escritor Henrique Andr\u00e9 na Semana do Brincar\" >\n\t\t\tsaiba mais\t\t<\/a>\n\n\t\t\t\t<\/div>\n\t\t\t\t\t<\/div>\n\t\t<\/article>\n\t\t\t\t<article class=\"elementor-post elementor-grid-item post-750 post type-post status-publish format-standard has-post-thumbnail hentry category-noticias\">\n\t\t\t<div class=\"elementor-post__card\">\n\t\t\t\t<a class=\"elementor-post__thumbnail__link\" href=\"https:\/\/portaleducacao.guarulhos.sp.gov.br\/wp_site\/semanadobrincar2025\/2025\/05\/27\/semana-mundial-do-brincar-e-aberta-em-guarulhos-com-evento-no-adamastor\/\" ><div class=\"elementor-post__thumbnail\"><img width=\"1600\" height=\"1066\" src=\"https:\/\/portaleducacao.guarulhos.sp.gov.br\/wp_site\/semanadobrincar2025\/wp-content\/uploads\/sites\/40\/2025\/05\/5900cb74-291b-4db9-ad33-78ec9cb8e068.jpeg\" class=\"attachment-full size-full wp-image-751\" alt=\"\" loading=\"lazy\" srcset=\"https:\/\/portaleducacao.guarulhos.sp.gov.br\/wp_site\/semanadobrincar2025\/wp-content\/uploads\/sites\/40\/2025\/05\/5900cb74-291b-4db9-ad33-78ec9cb8e068.jpeg 1600w, https:\/\/portaleducacao.guarulhos.sp.gov.br\/wp_site\/semanadobrincar2025\/wp-content\/uploads\/sites\/40\/2025\/05\/5900cb74-291b-4db9-ad33-78ec9cb8e068-300x200.jpeg 300w, https:\/\/portaleducacao.guarulhos.sp.gov.br\/wp_site\/semanadobrincar2025\/wp-content\/uploads\/sites\/40\/2025\/05\/5900cb74-291b-4db9-ad33-78ec9cb8e068-1024x682.jpeg 1024w, https:\/\/portaleducacao.guarulhos.sp.gov.br\/wp_site\/semanadobrincar2025\/wp-content\/uploads\/sites\/40\/2025\/05\/5900cb74-291b-4db9-ad33-78ec9cb8e068-768x512.jpeg 768w, https:\/\/portaleducacao.guarulhos.sp.gov.br\/wp_site\/semanadobrincar2025\/wp-content\/uploads\/sites\/40\/2025\/05\/5900cb74-291b-4db9-ad33-78ec9cb8e068-1536x1023.jpeg 1536w\" sizes=\"(max-width: 1600px) 100vw, 1600px\" \/><\/div><\/a>\n\t\t\t\t<div class=\"elementor-post__text\">\n\t\t\t\t<h3 class=\"elementor-post__title\">\n\t\t\t<a href=\"https:\/\/portaleducacao.guarulhos.sp.gov.br\/wp_site\/semanadobrincar2025\/2025\/05\/27\/semana-mundial-do-brincar-e-aberta-em-guarulhos-com-evento-no-adamastor\/\" >\n\t\t\t\tSemana Mundial do Brincar \u00e9 aberta em Guarulhos com evento no Adamastor\t\t\t<\/a>\n\t\t<\/h3>\n\t\t\n\t\t<a class=\"elementor-post__read-more\" href=\"https:\/\/portaleducacao.guarulhos.sp.gov.br\/wp_site\/semanadobrincar2025\/2025\/05\/27\/semana-mundial-do-brincar-e-aberta-em-guarulhos-com-evento-no-adamastor\/\" aria-label=\"Read more about Semana Mundial do Brincar \u00e9 aberta em Guarulhos com evento no Adamastor\" >\n\t\t\tsaiba mais\t\t<\/a>\n\n\t\t\t\t<\/div>\n\t\t\t\t\t<\/div>\n\t\t<\/article>\n\t\t\t\t<article class=\"elementor-post elementor-grid-item post-478 post type-post status-publish format-standard has-post-thumbnail hentry category-noticias tag-brincargru2025\">\n\t\t\t<div class=\"elementor-post__card\">\n\t\t\t\t<a class=\"elementor-post__thumbnail__link\" href=\"https:\/\/portaleducacao.guarulhos.sp.gov.br\/wp_site\/semanadobrincar2025\/2025\/05\/21\/guarulhos-participa-da-13a-semana-mundial-do-brincar-com-foco-no-encantamento-das-infancias\/\" ><div class=\"elementor-post__thumbnail\"><img width=\"600\" height=\"400\" src=\"https:\/\/portaleducacao.guarulhos.sp.gov.br\/wp_site\/semanadobrincar2025\/wp-content\/uploads\/sites\/40\/2025\/05\/noticia-1.jpeg\" class=\"attachment-full size-full wp-image-479\" alt=\"\" loading=\"lazy\" srcset=\"https:\/\/portaleducacao.guarulhos.sp.gov.br\/wp_site\/semanadobrincar2025\/wp-content\/uploads\/sites\/40\/2025\/05\/noticia-1.jpeg 600w, https:\/\/portaleducacao.guarulhos.sp.gov.br\/wp_site\/semanadobrincar2025\/wp-content\/uploads\/sites\/40\/2025\/05\/noticia-1-300x200.jpeg 300w\" sizes=\"(max-width: 600px) 100vw, 600px\" \/><\/div><\/a>\n\t\t\t\t<div class=\"elementor-post__text\">\n\t\t\t\t<h3 class=\"elementor-post__title\">\n\t\t\t<a href=\"https:\/\/portaleducacao.guarulhos.sp.gov.br\/wp_site\/semanadobrincar2025\/2025\/05\/21\/guarulhos-participa-da-13a-semana-mundial-do-brincar-com-foco-no-encantamento-das-infancias\/\" >\n\t\t\t\tGuarulhos participa da 13\u00aa Semana Mundial do Brincar com foco no encantamento das inf\u00e2ncias\t\t\t<\/a>\n\t\t<\/h3>\n\t\t\n\t\t<a class=\"elementor-post__read-more\" href=\"https:\/\/portaleducacao.guarulhos.sp.gov.br\/wp_site\/semanadobrincar2025\/2025\/05\/21\/guarulhos-participa-da-13a-semana-mundial-do-brincar-com-foco-no-encantamento-das-infancias\/\" aria-label=\"Read more about Guarulhos participa da 13\u00aa Semana Mundial do Brincar com foco no encantamento das inf\u00e2ncias\" >\n\t\t\tsaiba mais\t\t<\/a>\n\n\t\t\t\t<\/div>\n\t\t\t\t\t<\/div>\n\t\t<\/article>\n\t\t\t\t<\/div>\n\t\t\n\t\t\t\t<\/div>\n\t\t\t\t<\/div>\n\t\t\t\t\t<\/div>\n\t\t<\/div>\n\t\t\t\t\t\t\t<\/div>\n\t\t<\/section>\n\t\t\t\t<section class=\"elementor-section elementor-top-section elementor-element elementor-element-39d608c elementor-section-boxed elementor-section-height-default elementor-section-height-default\" data-id=\"39d608c\" data-element_type=\"section\">\n\t\t\t\t\t\t<div class=\"elementor-container elementor-column-gap-default\">\n\t\t\t\t\t<div class=\"elementor-column elementor-col-100 elementor-top-column elementor-element elementor-element-0d38047\" data-id=\"0d38047\" data-element_type=\"column\">\n\t\t\t<div class=\"elementor-widget-wrap elementor-element-populated\">\n\t\t\t\t\t\t\t\t<div class=\"elementor-element elementor-element-3446406 elementor-widget elementor-widget-spacer\" data-id=\"3446406\" data-element_type=\"widget\" data-widget_type=\"spacer.default\">\n\t\t\t\t<div class=\"elementor-widget-container\">\n\t\t\t\t\t<div class=\"elementor-spacer\">\n\t\t\t<div class=\"elementor-spacer-inner\"><\/div>\n\t\t<\/div>\n\t\t\t\t<\/div>\n\t\t\t\t<\/div>\n\t\t\t\t\t<\/div>\n\t\t<\/div>\n\t\t\t\t\t\t\t<\/div>\n\t\t<\/section>\n\t\t\t\t\t\t\t<\/div>\n\t\t","protected":false},"excerpt":{"rendered":"","protected":false},"author":32,"featured_media":0,"parent":0,"menu_order":0,"comment_status":"closed","ping_status":"closed","template":"","meta":{"_monsterinsights_skip_tracking":false,"_monsterinsights_sitenote_active":false,"_monsterinsights_sitenote_note":"","_monsterinsights_sitenote_category":0,"site-sidebar-layout":"no-sidebar","site-content-layout":"page-builder","ast-global-header-display":"","ast-main-header-display":"","ast-hfb-above-header-display":"","ast-hfb-below-header-display":"","ast-hfb-mobile-header-display":"","site-post-title":"disabled","ast-breadcrumbs-content":"","ast-featured-img":"disabled","footer-sml-layout":"","theme-transparent-header-meta":"","adv-header-id-meta":"","stick-header-meta":"","header-above-stick-meta":"","header-main-stick-meta":"","header-below-stick-meta":"","_expiration-date-status":"","_expiration-date":0,"_expiration-date-type":"","_expiration-date-categories":[],"_expiration-date-options":[]},"categories":[],"tags":[],"yoast_head":"<!-- This site is optimized with the Yoast SEO plugin v19.7.1 - https:\/\/yoast.com\/wordpress\/plugins\/seo\/ -->\r\n<title>Not\u00edcias - semana do brincar<\/title>\r\n<meta name=\"robots\" content=\"index, follow, max-snippet:-1, max-image-preview:large, max-video-preview:-1\" \/>\r\n<link rel=\"canonical\" href=\"https:\/\/portaleducacao.guarulhos.sp.gov.br\/wp_site\/semanadobrincar2025\/noticias\/\" \/>\r\n<meta property=\"og:locale\" content=\"pt_BR\" \/>\r\n<meta property=\"og:type\" content=\"article\" \/>\r\n<meta property=\"og:title\" content=\"Not\u00edcias - semana do brincar\" \/>\r\n<meta property=\"og:url\" content=\"https:\/\/portaleducacao.guarulhos.sp.gov.br\/wp_site\/semanadobrincar2025\/noticias\/\" \/>\r\n<meta property=\"og:site_name\" content=\"semana do brincar\" \/>\r\n<meta property=\"article:modified_time\" content=\"2025-06-02T11:26:38+00:00\" \/>\r\n<meta property=\"og:image\" content=\"http:\/\/portaleducacao.guarulhos.sp.gov.br\/wp_site\/semanadobrincar2025\/wp-content\/uploads\/sites\/40\/2025\/05\/teste-noticias-2-1024x462.png\" \/>\r\n<meta name=\"twitter:card\" content=\"summary_large_image\" \/>\r\n<meta name=\"twitter:label1\" content=\"Est. tempo de leitura\" \/>\n\t<meta name=\"twitter:data1\" content=\"2 minutos\" \/>\r\n<script type=\"application\/ld+json\" class=\"yoast-schema-graph\">{\"@context\":\"https:\/\/schema.org\",\"@graph\":[{\"@type\":\"WebPage\",\"@id\":\"https:\/\/portaleducacao.guarulhos.sp.gov.br\/wp_site\/semanadobrincar2025\/noticias\/\",\"url\":\"https:\/\/portaleducacao.guarulhos.sp.gov.br\/wp_site\/semanadobrincar2025\/noticias\/\",\"name\":\"Not\u00edcias - semana do brincar\",\"isPartOf\":{\"@id\":\"https:\/\/portaleducacao.guarulhos.sp.gov.br\/wp_site\/semanadobrincar2025\/#website\"},\"datePublished\":\"2025-05-21T17:14:22+00:00\",\"dateModified\":\"2025-06-02T11:26:38+00:00\",\"breadcrumb\":{\"@id\":\"https:\/\/portaleducacao.guarulhos.sp.gov.br\/wp_site\/semanadobrincar2025\/noticias\/#breadcrumb\"},\"inLanguage\":\"pt-BR\",\"potentialAction\":[{\"@type\":\"ReadAction\",\"target\":[\"https:\/\/portaleducacao.guarulhos.sp.gov.br\/wp_site\/semanadobrincar2025\/noticias\/\"]}]},{\"@type\":\"BreadcrumbList\",\"@id\":\"https:\/\/portaleducacao.guarulhos.sp.gov.br\/wp_site\/semanadobrincar2025\/noticias\/#breadcrumb\",\"itemListElement\":[{\"@type\":\"ListItem\",\"position\":1,\"name\":\"In\u00edcio\",\"item\":\"https:\/\/portaleducacao.guarulhos.sp.gov.br\/wp_site\/semanadobrincar2025\/\"},{\"@type\":\"ListItem\",\"position\":2,\"name\":\"Not\u00edcias\"}]},{\"@type\":\"WebSite\",\"@id\":\"https:\/\/portaleducacao.guarulhos.sp.gov.br\/wp_site\/semanadobrincar2025\/#website\",\"url\":\"https:\/\/portaleducacao.guarulhos.sp.gov.br\/wp_site\/semanadobrincar2025\/\",\"name\":\"semana do brincar\",\"description\":\"S\u00f3 mais um site Portal SE Informe\",\"potentialAction\":[{\"@type\":\"SearchAction\",\"target\":{\"@type\":\"EntryPoint\",\"urlTemplate\":\"https:\/\/portaleducacao.guarulhos.sp.gov.br\/wp_site\/semanadobrincar2025\/?s={search_term_string}\"},\"query-input\":\"required name=search_term_string\"}],\"inLanguage\":\"pt-BR\"}]}<\/script>\r\n<!-- \/ Yoast SEO plugin. -->","yoast_head_json":{"title":"Not\u00edcias - semana do brincar","robots":{"index":"index","follow":"follow","max-snippet":"max-snippet:-1","max-image-preview":"max-image-preview:large","max-video-preview":"max-video-preview:-1"},"canonical":"https:\/\/portaleducacao.guarulhos.sp.gov.br\/wp_site\/semanadobrincar2025\/noticias\/","og_locale":"pt_BR","og_type":"article","og_title":"Not\u00edcias - semana do brincar","og_url":"https:\/\/portaleducacao.guarulhos.sp.gov.br\/wp_site\/semanadobrincar2025\/noticias\/","og_site_name":"semana do brincar","article_modified_time":"2025-06-02T11:26:38+00:00","og_image":[{"url":"http:\/\/portaleducacao.guarulhos.sp.gov.br\/wp_site\/semanadobrincar2025\/wp-content\/uploads\/sites\/40\/2025\/05\/teste-noticias-2-1024x462.png"}],"twitter_card":"summary_large_image","twitter_misc":{"Est. tempo de leitura":"2 minutos"},"schema":{"@context":"https:\/\/schema.org","@graph":[{"@type":"WebPage","@id":"https:\/\/portaleducacao.guarulhos.sp.gov.br\/wp_site\/semanadobrincar2025\/noticias\/","url":"https:\/\/portaleducacao.guarulhos.sp.gov.br\/wp_site\/semanadobrincar2025\/noticias\/","name":"Not\u00edcias - semana do brincar","isPartOf":{"@id":"https:\/\/portaleducacao.guarulhos.sp.gov.br\/wp_site\/semanadobrincar2025\/#website"},"datePublished":"2025-05-21T17:14:22+00:00","dateModified":"2025-06-02T11:26:38+00:00","breadcrumb":{"@id":"https:\/\/portaleducacao.guarulhos.sp.gov.br\/wp_site\/semanadobrincar2025\/noticias\/#breadcrumb"},"inLanguage":"pt-BR","potentialAction":[{"@type":"ReadAction","target":["https:\/\/portaleducacao.guarulhos.sp.gov.br\/wp_site\/semanadobrincar2025\/noticias\/"]}]},{"@type":"BreadcrumbList","@id":"https:\/\/portaleducacao.guarulhos.sp.gov.br\/wp_site\/semanadobrincar2025\/noticias\/#breadcrumb","itemListElement":[{"@type":"ListItem","position":1,"name":"In\u00edcio","item":"https:\/\/portaleducacao.guarulhos.sp.gov.br\/wp_site\/semanadobrincar2025\/"},{"@type":"ListItem","position":2,"name":"Not\u00edcias"}]},{"@type":"WebSite","@id":"https:\/\/portaleducacao.guarulhos.sp.gov.br\/wp_site\/semanadobrincar2025\/#website","url":"https:\/\/portaleducacao.guarulhos.sp.gov.br\/wp_site\/semanadobrincar2025\/","name":"semana do brincar","description":"S\u00f3 mais um site Portal SE Informe","potentialAction":[{"@type":"SearchAction","target":{"@type":"EntryPoint","urlTemplate":"https:\/\/portaleducacao.guarulhos.sp.gov.br\/wp_site\/semanadobrincar2025\/?s={search_term_string}"},"query-input":"required name=search_term_string"}],"inLanguage":"pt-BR"}]}},"_links":{"self":[{"href":"https:\/\/portaleducacao.guarulhos.sp.gov.br\/wp_site\/semanadobrincar2025\/wp-json\/wp\/v2\/pages\/473"}],"collection":[{"href":"https:\/\/portaleducacao.guarulhos.sp.gov.br\/wp_site\/semanadobrincar2025\/wp-json\/wp\/v2\/pages"}],"about":[{"href":"https:\/\/portaleducacao.guarulhos.sp.gov.br\/wp_site\/semanadobrincar2025\/wp-json\/wp\/v2\/types\/page"}],"author":[{"embeddable":true,"href":"https:\/\/portaleducacao.guarulhos.sp.gov.br\/wp_site\/semanadobrincar2025\/wp-json\/wp\/v2\/users\/32"}],"replies":[{"embeddable":true,"href":"https:\/\/portaleducacao.guarulhos.sp.gov.br\/wp_site\/semanadobrincar2025\/wp-json\/wp\/v2\/comments?post=473"}],"version-history":[{"count":38,"href":"https:\/\/portaleducacao.guarulhos.sp.gov.br\/wp_site\/semanadobrincar2025\/wp-json\/wp\/v2\/pages\/473\/revisions"}],"predecessor-version":[{"id":1176,"href":"https:\/\/portaleducacao.guarulhos.sp.gov.br\/wp_site\/semanadobrincar2025\/wp-json\/wp\/v2\/pages\/473\/revisions\/1176"}],"wp:attachment":[{"href":"https:\/\/portaleducacao.guarulhos.sp.gov.br\/wp_site\/semanadobrincar2025\/wp-json\/wp\/v2\/media?parent=473"}],"wp:term":[{"taxonomy":"category","embeddable":true,"href":"https:\/\/portaleducacao.guarulhos.sp.gov.br\/wp_site\/semanadobrincar2025\/wp-json\/wp\/v2\/categories?post=473"},{"taxonomy":"post_tag","embeddable":true,"href":"https:\/\/portaleducacao.guarulhos.sp.gov.br\/wp_site\/semanadobrincar2025\/wp-json\/wp\/v2\/tags?post=473"}],"curies":[{"name":"wp","href":"https:\/\/api.w.org\/{rel}","templated":true}]}}